{"id":33440,"date":"2024-05-29T11:10:24","date_gmt":"2024-05-29T14:10:24","guid":{"rendered":"https:\/\/awf.world\/?page_id=33440"},"modified":"2024-05-29T22:57:44","modified_gmt":"2024-05-30T01:57:44","slug":"2021-2","status":"publish","type":"page","link":"https:\/\/awf.world\/fr\/2021-2\/","title":{"rendered":"2021"},"content":{"rendered":"<div id=\"pl-33440\"  class=\"panel-layout\" ><div id=\"pg-33440-0\"  class=\"panel-grid panel-no-style\" ><div id=\"pgc-33440-0-0\"  class=\"panel-grid-cell\" ><div id=\"panel-33440-0-0-0\" class=\"so-panel widget widget_sow-editor panel-first-child\" data-index=\"0\" ><div\n\t\t\t\n\t\t\tclass=\"so-widget-sow-editor so-widget-sow-editor-base\"\n\t\t\t\n\t\t>\n<div class=\"siteorigin-widget-tinymce textwidget\">\n\t<h1 style=\"text-align: center; font-size: 27px;\">Nouvelles 2021<\/h1>\n<p style=\"text-align: center;\"><strong><span style=\"font-size: 110%; font-weight: 600;\">Les Ann\u00e9es Pr\u00e9c\u00e9dentes:<\/span>&nbsp; &nbsp; &nbsp;<\/strong> &nbsp;&nbsp;<a href=\"http:\/\/awf.world\/fr\/2023-2\/\">2023<\/a>&nbsp; &nbsp; <a href=\"http:\/\/awf.world\/fr\/2022-2\/\">2022<\/a>&nbsp; &nbsp; <a href=\"http:\/\/awf.world\/fr\/2021-2\/\">2021<\/a>&nbsp; &nbsp; <a href=\"http:\/\/awf.world\/fr\/2020-2\/\">2020<\/a>&nbsp; &nbsp; <a href=\"http:\/\/awf.world\/fr\/2019-2\/\">2019<\/a>&nbsp; &nbsp; <a href=\"http:\/\/awf.world\/fr\/2018-2\/\">2018<\/a>&nbsp; &nbsp;&nbsp;<a href=\"http:\/\/awf.world\/fr\/2017-2\/\">2017<\/a>&nbsp; &nbsp;<a href=\"http:\/\/awf.world\/fr\/2016-2\/\">2016<\/a> &nbsp;&nbsp;<a href=\"http:\/\/awf.world\/fr\/2015-2\/\">2015<\/a>&nbsp; &nbsp; &nbsp;&nbsp;<a href=\"http:\/\/awf.world\/fr\/2014-2\/\">2014<\/a>&nbsp; &nbsp; &nbsp;&nbsp;<a href=\"http:\/\/awf.world\/fr\/2013-2\/\">2013<\/a>&nbsp; &nbsp; &nbsp;&nbsp;<a href=\"http:\/\/awf.world\/fr\/2012-2\/\">2012<\/a>&nbsp; &nbsp; &nbsp;&nbsp;<a href=\"http:\/\/awf.world\/fr\/2011-2\/\">2011<\/a>&nbsp; &nbsp; &nbsp;&nbsp;<a href=\"http:\/\/awf.world\/fr\/2010-2\/\">2010<\/a><\/p>\n<\/div>\n<\/div><\/div><div id=\"panel-33440-0-0-1\" class=\"so-panel widget widget_sow-editor panel-last-child\" data-index=\"1\" ><div\n\t\t\t\n\t\t\tclass=\"so-widget-sow-editor so-widget-sow-editor-base\"\n\t\t\t\n\t\t>\n<div class=\"siteorigin-widget-tinymce textwidget\">\n\t<div id=\"wpv-view-layout-23216-CATTR04f13a0d821ab62fab8d974643523081\" class=\"js-wpv-view-layout js-wpv-layout-responsive js-wpv-view-layout-23216-CATTR04f13a0d821ab62fab8d974643523081\" data-viewnumber=\"23216-CATTR04f13a0d821ab62fab8d974643523081\" data-pagination=\"{&quot;id&quot;:23216,&quot;query&quot;:&quot;normal&quot;,&quot;type&quot;:&quot;disabled&quot;,&quot;effect&quot;:&quot;fade&quot;,&quot;duration&quot;:500,&quot;speed&quot;:5,&quot;pause_on_hover&quot;:&quot;disabled&quot;,&quot;stop_rollover&quot;:&quot;false&quot;,&quot;cache_pages&quot;:&quot;enabled&quot;,&quot;preload_images&quot;:&quot;enabled&quot;,&quot;preload_pages&quot;:&quot;enabled&quot;,&quot;preload_reach&quot;:1,&quot;spinner&quot;:&quot;builtin&quot;,&quot;spinner_image&quot;:&quot;https:\/\/awf.world\/wp-content\/plugins\/wp-views\/embedded\/res\/img\/ajax-loader.gif&quot;,&quot;callback_next&quot;:&quot;&quot;,&quot;manage_history&quot;:&quot;enabled&quot;,&quot;has_controls_in_form&quot;:&quot;disabled&quot;,&quot;infinite_tolerance&quot;:&quot;0&quot;,&quot;max_pages&quot;:0,&quot;page&quot;:1,&quot;base_permalink&quot;:&quot;\/fr\/wp-json\/wp\/v2\/pages\/33440?wpv_view_count=23216-CATTR04f13a0d821ab62fab8d974643523081&amp;wpv_paged=WPV_PAGE_NUM&quot;,&quot;loop&quot;:{&quot;type&quot;:&quot;&quot;,&quot;name&quot;:&quot;&quot;,&quot;data&quot;:[],&quot;id&quot;:0}}\" data-permalink=\"\/fr\/wp-json\/wp\/v2\/pages\/33440?wpv_view_count=23216-CATTR04f13a0d821ab62fab8d974643523081\">\n<div class=\"cat-home\">\n<div class=\"cat-home-category\"><\/div>\n<div class=\"cat-home-img\"><a href=\"https:\/\/awf.world\/fr\/awf-video-view\/message-de-fin-dannee-2021-icte\/\"><img decoding=\"async\" class=\"attachment-255xauto size-255xauto\" src=\"https:\/\/awf.world\/wp-content\/uploads\/2021\/12\/ICTE2-wpv_255xauto.jpg\" width=\"255\" height=\"auto\" alt=\"\" \/><\/a><\/div>\n<div class=\"cat-home-title\"><a href=\"https:\/\/awf.world\/fr\/awf-video-view\/message-de-fin-dannee-2021-icte\/\">Message de fin d&rsquo;ann\u00e9e 2021 ICTE<\/a><\/div>\n<div class=\"cat-home-date\">d\u00e9cembre 16, 2021<\/div>\n<div class=\"cat-home-short-description\">  <\/div>\n<\/div>\n<div class=\"cat-home\">\n<div class=\"cat-home-category\"><\/div>\n<div class=\"cat-home-img\"><a href=\"https:\/\/awf.world\/fr\/awf-video-view\/message-de-fin-dannee-2021-president-de-luma\/\"><img decoding=\"async\" class=\"attachment-255xauto size-255xauto\" src=\"https:\/\/awf.world\/wp-content\/uploads\/2021\/12\/AWF_Jura-Yanagihara4b-wpv_255xauto.jpeg\" width=\"255\" height=\"auto\" alt=\"\" \/><\/a><\/div>\n<div class=\"cat-home-title\"><a href=\"https:\/\/awf.world\/fr\/awf-video-view\/message-de-fin-dannee-2021-president-de-luma\/\">Message de fin d&rsquo;ann\u00e9e 2021 Pr\u00e9sident de l&rsquo;UMA<\/a><\/div>\n<div class=\"cat-home-date\">d\u00e9cembre 15, 2021<\/div>\n<div class=\"cat-home-short-description\">  <\/div>\n<\/div>\n<div class=\"cat-home\">\n<div class=\"cat-home-category\"><\/div>\n<div class=\"cat-home-img\"><a href=\"https:\/\/awf.world\/fr\/awf-video-view\/message-de-fin-dannee-2021-region-luma-amerique-latine\/\"><img decoding=\"async\" class=\"attachment-255xauto size-255xauto\" src=\"https:\/\/awf.world\/wp-content\/uploads\/2021\/12\/CLA7-wpv_255xauto.jpg\" width=\"255\" height=\"auto\" alt=\"\" \/><\/a><\/div>\n<div class=\"cat-home-title\"><a href=\"https:\/\/awf.world\/fr\/awf-video-view\/message-de-fin-dannee-2021-region-luma-amerique-latine\/\">Message de fin d&rsquo;ann\u00e9e 2021 R\u00e9gion l&rsquo;UMA Am\u00e9rique latine<\/a><\/div>\n<div class=\"cat-home-date\">d\u00e9cembre 14, 2021<\/div>\n<div class=\"cat-home-short-description\">  <\/div>\n<\/div>\n<div class=\"cat-home\">\n<div class=\"cat-home-category\"><\/div>\n<div class=\"cat-home-img\"><a href=\"https:\/\/awf.world\/fr\/awf-video-view\/message-de-fin-dannee-2021-region-luma-afrique\/\"><img decoding=\"async\" class=\"attachment-255xauto size-255xauto\" src=\"https:\/\/awf.world\/wp-content\/uploads\/2021\/12\/Cote-dIvoire2-wpv_255xauto.jpg\" width=\"255\" height=\"auto\" alt=\"\" \/><\/a><\/div>\n<div class=\"cat-home-title\"><a href=\"https:\/\/awf.world\/fr\/awf-video-view\/message-de-fin-dannee-2021-region-luma-afrique\/\">Message de fin d&rsquo;ann\u00e9e 2021 R\u00e9gion l&rsquo;UMA Afrique<\/a><\/div>\n<div class=\"cat-home-date\">d\u00e9cembre 10, 2021<\/div>\n<div class=\"cat-home-short-description\">  <\/div>\n<\/div>\n<div class=\"cat-home\">\n<div class=\"cat-home-category\"><\/div>\n<div class=\"cat-home-img\"><a href=\"https:\/\/awf.world\/fr\/awf-video-view\/message-de-fin-dannee-2021-region-luma-apac\/\"><img decoding=\"async\" class=\"attachment-255xauto size-255xauto\" src=\"https:\/\/awf.world\/wp-content\/uploads\/2021\/12\/Baptism-of-Po-wpv_255xauto.jpg\" width=\"255\" height=\"auto\" alt=\"\" \/><\/a><\/div>\n<div class=\"cat-home-title\"><a href=\"https:\/\/awf.world\/fr\/awf-video-view\/message-de-fin-dannee-2021-region-luma-apac\/\">Message de fin d&rsquo;ann\u00e9e 2021 R\u00e9gion l&rsquo;UMA APAC<\/a><\/div>\n<div class=\"cat-home-date\">d\u00e9cembre 10, 2021<\/div>\n<div class=\"cat-home-short-description\">  <\/div>\n<\/div>\n<div class=\"cat-home\">\n<div class=\"cat-home-category\"><a href=\"https:\/\/awf.world\/fr\/category\/europe-middle-east\/\">EUROPE &amp; MIDDLE EAST<\/a>\/<a href=\"https:\/\/awf.world\/fr\/category\/news-fr\/\">NOUVELLES<\/a><\/div>\n<div class=\"cat-home-img\"><a href=\"https:\/\/awf.world\/fr\/awf-news\/lalliance-russe-renouveau-et-croissance\/\"><img decoding=\"async\" class=\"attachment-255xauto size-255xauto\" src=\"https:\/\/awf.world\/wp-content\/uploads\/2021\/11\/25th-Anniversary-Celebration-CMA-Russia_2019-055-wpv_255xauto.jpg\" width=\"255\" height=\"auto\" alt=\"\" \/><\/a><\/div>\n<div class=\"cat-home-title\"><a href=\"https:\/\/awf.world\/fr\/awf-news\/lalliance-russe-renouveau-et-croissance\/\">L\u2019Alliance Russe : Renouveau et Croissance<\/a><\/div>\n<div class=\"cat-home-date\">d\u00e9cembre 3, 2021<\/div>\n<div class=\"cat-home-short-description\">\n<p>Fond\u00e9e en 1994, l\u2019Alliance de Russie (ECMU) s\u2019est concentr\u00e9e d\u00e8s le d\u00e9but sur l\u2019implantation d\u2019\u00e9glises et le travail missionnaire. La CMA russe dirige de nombreux minist\u00e8res et souhaite continuer \u00e0 grandir et \u00e0 \u00e9tendre le royaume de Dieu. Ils nous demandent de prier pour leurs minist\u00e8res et travailleurs internationaux en ces temps difficiles.<\/p>\n<\/div>\n<\/div>\n<div class=\"cat-home\">\n<div class=\"cat-home-category\"><a href=\"https:\/\/awf.world\/fr\/category\/europe-middle-east\/\">EUROPE &amp; MIDDLE EAST<\/a>\/<a href=\"https:\/\/awf.world\/fr\/category\/news-fr\/\">NOUVELLES<\/a><\/div>\n<div class=\"cat-home-img\"><a href=\"https:\/\/awf.world\/fr\/awf-news\/connaissez-sergey-rybikov-le-nouveau-president-de-lalliance-de-russie\/\"><img decoding=\"async\" class=\"attachment-255xauto size-255xauto\" src=\"https:\/\/awf.world\/wp-content\/uploads\/2021\/11\/Sergey-Rybikov_President-Russia_2021-wpv_255xauto.jpg\" width=\"255\" height=\"auto\" alt=\"\" \/><\/a><\/div>\n<div class=\"cat-home-title\"><a href=\"https:\/\/awf.world\/fr\/awf-news\/connaissez-sergey-rybikov-le-nouveau-president-de-lalliance-de-russie\/\">Connaissez Sergey Rybikov, le Nouveau Pr\u00e9sident de l\u2019Alliance de Russie<\/a><\/div>\n<div class=\"cat-home-date\">novembre 25, 2021<\/div>\n<div class=\"cat-home-short-description\">\n<p>Le R\u00e9v\u00e9rend Sergey Rybikov sert le Seigneur depuis 26 ans. Aujourd\u2019hui, il guide l\u2019Alliance russe vers l\u2019avant. Il entend renforcer la culture de pri\u00e8re au sein de leurs \u00e9glises, former de nouveaux ministres et unifier la famille de l\u2019Alliance en Russie. Avec cela, il pr\u00e9voit de raviver les flammes du travail missionnaire dans l\u2019Alliance russe.<\/p>\n<\/div>\n<\/div>\n<div class=\"cat-home\">\n<div class=\"cat-home-category\"><a href=\"https:\/\/awf.world\/fr\/category\/news-fr\/\">NOUVELLES<\/a><\/div>\n<div class=\"cat-home-img\"><a href=\"https:\/\/awf.world\/fr\/awf-news\/diaspora-et-missions\/\"><img decoding=\"async\" class=\"attachment-255xauto size-255xauto\" src=\"https:\/\/awf.world\/wp-content\/uploads\/2021\/11\/Diaspora-Workshop2-wpv_255xauto.jpg\" width=\"255\" height=\"auto\" alt=\"\" \/><\/a><\/div>\n<div class=\"cat-home-title\"><a href=\"https:\/\/awf.world\/fr\/awf-news\/diaspora-et-missions\/\">Diaspora et Missions : La Famille de l\u2019Alliance en Mission !<\/a><\/div>\n<div class=\"cat-home-date\">novembre 17, 2021<\/div>\n<div class=\"cat-home-short-description\">\n<p>Tout au long de l\u2019histoire du monde, Dieu a dispers\u00e9 son peuple pour ses desseins, pour faire avancer son Royaume. L\u2019\u00e9glise, par sa nature m\u00eame, est une communaut\u00e9 de la diaspora. La migration de masse nous offre une fen\u00eatre d\u2019occasion pour nous engager et vivre pour \u00eatre l\u2019\u00e9glise qui est le digne instrument de la passion de Dieu pour racheter le monde. L\u2019atelier du minist\u00e8re de la diaspora \u00e9tait l\u2019un des principaux ateliers de la Quadriennale de l\u2019UMA en \u00c9quateur.<\/p>\n<\/div>\n<\/div>\n<div class=\"cat-home\">\n<div class=\"cat-home-category\"><a href=\"https:\/\/awf.world\/fr\/category\/news-fr\/\">NOUVELLES<\/a>\/<a href=\"https:\/\/awf.world\/fr\/category\/secours-developpement\/\">Secours \/ D\u00e9veloppement<\/a><\/div>\n<div class=\"cat-home-img\"><a href=\"https:\/\/awf.world\/fr\/awf-news\/leglise-comme-modele-en-matiere-de-secours-et-de-developpement\/\"><img decoding=\"async\" class=\"attachment-255xauto size-255xauto\" src=\"https:\/\/awf.world\/wp-content\/uploads\/2021\/11\/AWF_RD-Workshop_02-wpv_255xauto.jpeg\" width=\"255\" height=\"auto\" alt=\"\" \/><\/a><\/div>\n<div class=\"cat-home-title\"><a href=\"https:\/\/awf.world\/fr\/awf-news\/leglise-comme-modele-en-matiere-de-secours-et-de-developpement\/\">L\u2019\u00c9glise comme Mod\u00e8le en Mati\u00e8re de Secours et de D\u00e9veloppement<\/a><\/div>\n<div class=\"cat-home-date\">novembre 16, 2021<\/div>\n<div class=\"cat-home-short-description\">\n<p>Le travail de l\u2019UMA dans les Secours et le D\u00e9veloppement (R & D) pendant la pand\u00e9mie mondiale \u00e9tait louable. Au cours de la Convocation Quadriennale 2021, Robert Sanou, Joanne Beach, Mike Sohm et d\u2019autres ont discut\u00e9 de la mani\u00e8re d\u2019\u00e9tendre la port\u00e9e de l\u2019Alliance. Cet atelier a donn\u00e9 naissance \u00e0 de nouvelles id\u00e9es, suggestions et possibilit\u00e9s pour l\u2019avenir du minist\u00e8re de Secours et de D\u00e9veloppement de l\u2019UMA.<\/p>\n<\/div>\n<\/div>\n<div class=\"cat-home\">\n<div class=\"cat-home-category\"><a href=\"https:\/\/awf.world\/fr\/category\/news-fr\/\">NOUVELLES<\/a><\/div>\n<div class=\"cat-home-img\"><a href=\"https:\/\/awf.world\/fr\/awf-news\/fin-de-la-tache-qui-dois-je-envoyer-qui-ira-pour-nous\/\"><img decoding=\"async\" class=\"attachment-255xauto size-255xauto\" src=\"https:\/\/awf.world\/wp-content\/uploads\/2021\/11\/Professionals-Workshop3-wpv_255xauto.jpg\" width=\"255\" height=\"auto\" alt=\"\" \/><\/a><\/div>\n<div class=\"cat-home-title\"><a href=\"https:\/\/awf.world\/fr\/awf-news\/fin-de-la-tache-qui-dois-je-envoyer-qui-ira-pour-nous\/\">Fin de la T\u00e2che : \u00ab Qui dois-je envoyer ? Qui ira pour nous ? \u00bb<\/a><\/div>\n<div class=\"cat-home-date\">novembre 16, 2021<\/div>\n<div class=\"cat-home-short-description\">\n<p>Cela fait plus de deux mille ans que J\u00e9sus est revenu s\u2019asseoir \u00e0 la droite du P\u00e8re. Vous \u00eates-vous d\u00e9j\u00e0 demand\u00e9 pourquoi il n\u2019est pas revenu ? J\u00e9sus a dit dans Matthieu 24 : 14 : \u00ab Et cet \u00e9vangile du royaume sera pr\u00each\u00e9 dans le monde entier comme un t\u00e9moignage \u00e0 toutes les nations, et alors viendra la fin \u00bb. Malgr\u00e9 tous les progr\u00e8s de la technologie, des voyages et des ressources, la recherche montre que plus de 6 500 groupes de personnes, comprenant plus de deux milliards de personnes, n\u2019ont toujours pas acc\u00e8s \u00e0 J\u00e9sus. Cela soul\u00e8ve la question : voulons-nous vraiment que le roi J\u00e9sus revienne ? Si oui, que sommes-nous pr\u00eats \u00e0 faire ?<\/p>\n<\/div>\n<\/div>\n<div class=\"cat-home\">\n<div class=\"cat-home-category\"><a href=\"https:\/\/awf.world\/fr\/category\/ministeres-de-la-femme\/\">Minist\u00e8res de la femme<\/a>\/<a href=\"https:\/\/awf.world\/fr\/category\/news-fr\/\">NOUVELLES<\/a><\/div>\n<div class=\"cat-home-img\"><a href=\"https:\/\/awf.world\/fr\/awf-news\/lalliance-des-femmes-a-la-quadriennale-une-connexion-benie-entre-soeurs-en-christ\/\"><img decoding=\"async\" class=\"attachment-255xauto size-255xauto\" src=\"https:\/\/awf.world\/wp-content\/uploads\/2021\/11\/Women-Workshop-13-wpv_255xauto.jpg\" width=\"255\" height=\"auto\" alt=\"\" \/><\/a><\/div>\n<div class=\"cat-home-title\"><a href=\"https:\/\/awf.world\/fr\/awf-news\/lalliance-des-femmes-a-la-quadriennale-une-connexion-benie-entre-soeurs-en-christ\/\">L\u2019Alliance des Femmes \u00e0 la Quadriennale : Une Connexion B\u00e9nie entre S\u0153urs en Christ<\/a><\/div>\n<div class=\"cat-home-date\">novembre 12, 2021<\/div>\n<div class=\"cat-home-short-description\">\n<p>Apr\u00e8s plus d\u2019un an de pr\u00e9paration, le R\u00e9seau Mondial des Femmes de l\u2019Alliance de l\u2019UMA s\u2019est r\u00e9uni en personne lors de la Convocation Quadriennale \u00e0 Guayaquil, en \u00c9quateur. Des femmes du monde entier se sont connect\u00e9es et ont partag\u00e9 des moments b\u00e9nis de pri\u00e8re, d\u2019\u00e9tude biblique et d\u2019adoration. Remercions Dieu pour ce temps incroyable qu\u2019ils ont partag\u00e9 et les fruits de leurs rencontres. Qu\u2019il continue \u00e0 guider et \u00e0 b\u00e9nir nos s\u0153urs.<\/p>\n<\/div>\n<\/div>\n<div class=\"cat-home\">\n<div class=\"cat-home-category\"><a href=\"https:\/\/awf.world\/fr\/category\/news-fr\/\">NOUVELLES<\/a><\/div>\n<div class=\"cat-home-img\"><a href=\"https:\/\/awf.world\/fr\/awf-news\/entendre-le-coeur-de-notre-heritage\/\"><img decoding=\"async\" class=\"attachment-255xauto size-255xauto\" src=\"https:\/\/awf.world\/wp-content\/uploads\/2021\/11\/IMG_0083-wpv_255xauto.jpg\" width=\"255\" height=\"auto\" alt=\"\" \/><\/a><\/div>\n<div class=\"cat-home-title\"><a href=\"https:\/\/awf.world\/fr\/awf-news\/entendre-le-coeur-de-notre-heritage\/\">Entendre le C\u0153ur de notre H\u00e9ritage<\/a><\/div>\n<div class=\"cat-home-date\">novembre 11, 2021<\/div>\n<div class=\"cat-home-short-description\">\n<p>Les d\u00e9l\u00e9gu\u00e9s \u00e0 la conf\u00e9rence Quadriennale de l\u2019UMA \u00e0 Guayaquil, en \u00c9quateur, ont pu assister \u00e0 des ateliers sur des questions li\u00e9es au c\u0153ur de notre h\u00e9ritage. Pendant trois jours successifs, des sujets tels que la vie profonde, l\u2019histoire de la mission et l\u2019engagement du futur \u00e0 la lumi\u00e8re de notre pass\u00e9 ont \u00e9t\u00e9 discut\u00e9s avec enthousiasme.<\/p>\n<\/div>\n<\/div>\n<div class=\"cat-home\">\n<div class=\"cat-home-category\"><a href=\"https:\/\/awf.world\/fr\/category\/latin-america-fr\/\">AM\u00c9RIQUE LATINE<\/a>\/<a href=\"https:\/\/awf.world\/fr\/category\/news-fr\/\">NOUVELLES<\/a><\/div>\n<div class=\"cat-home-img\"><a href=\"https:\/\/awf.world\/fr\/awf-news\/principales-decisions-resultant-de-la-convocation-quadriennale-de-luma-2021\/\"><img decoding=\"async\" class=\"attachment-255xauto size-255xauto\" src=\"https:\/\/awf.world\/wp-content\/uploads\/2021\/11\/ExCom_Quadrennial_Ecuador_2021-10-3-wpv_255xauto.jpg\" width=\"255\" height=\"auto\" alt=\"\" \/><\/a><\/div>\n<div class=\"cat-home-title\"><a href=\"https:\/\/awf.world\/fr\/awf-news\/principales-decisions-resultant-de-la-convocation-quadriennale-de-luma-2021\/\">Principales D\u00e9cisions R\u00e9sultant de la Convocation Quadriennale de l\u2019UMA 2021<\/a><\/div>\n<div class=\"cat-home-date\">novembre 9, 2021<\/div>\n<div class=\"cat-home-short-description\">\n<p>Le N\u00e9pal et la Cor\u00e9e du Sud sont maintenant membres de l\u2019Union Mondiale de l\u2019Alliance et ont \u00e9t\u00e9 accueillis \u00e0 la Convocation Quadriennale de l\u2019UMA \u00e0 Guayaquil, en \u00c9quateur. La D\u00e9claration de Foi r\u00e9vis\u00e9e et le Manifeste de Guayaquil ont \u00e9t\u00e9 approuv\u00e9s dans une atmosph\u00e8re unificatrice lors des sessions d\u2019affaires. Les dirigeants de l\u2019UMA pour le prochain mandat ont \u00e9t\u00e9 \u00e9lus et toutes les propositions ont \u00e9t\u00e9 approuv\u00e9es telles que pr\u00e9sent\u00e9es.<\/p>\n<\/div>\n<\/div>\n<div class=\"cat-home\">\n<div class=\"cat-home-category\"><a href=\"https:\/\/awf.world\/fr\/category\/latin-america-fr\/\">AM\u00c9RIQUE LATINE<\/a>\/<a href=\"https:\/\/awf.world\/fr\/category\/editorial-fr\/\">EDITORIAL<\/a>\/<a href=\"https:\/\/awf.world\/fr\/category\/news-fr\/\">NOUVELLES<\/a><\/div>\n<div class=\"cat-home-img\"><a href=\"https:\/\/awf.world\/fr\/awf-news\/aller-plus-loin-en-christ-aller-au-dela-de-la-mission-et-aller-ensemble-en-tant-que-famille-de-dieu\/\"><img decoding=\"async\" class=\"attachment-255xauto size-255xauto\" src=\"https:\/\/awf.world\/wp-content\/uploads\/2021\/10\/IMG_8219-wpv_255xauto.jpg\" width=\"255\" height=\"auto\" alt=\"\" \/><\/a><\/div>\n<div class=\"cat-home-title\"><a href=\"https:\/\/awf.world\/fr\/awf-news\/aller-plus-loin-en-christ-aller-au-dela-de-la-mission-et-aller-ensemble-en-tant-que-famille-de-dieu\/\">Aller Plus Loin en Christ, Aller Au-del\u00e0 de la Mission et Aller Ensemble en tant que Famille de Dieu<\/a><\/div>\n<div class=\"cat-home-date\">octobre 29, 2021<\/div>\n<div class=\"cat-home-short-description\">\n<p>La premi\u00e8re Convocation Quadriennale de l\u2019UMA au milieu d\u2019une pand\u00e9mie mondiale a eu lieu \u00e0 Milagro, en \u00c9quateur. Environ 300 d\u00e9l\u00e9gu\u00e9s inscrits ont \u00e9t\u00e9 accueillis par plus de 200 volontaires de l\u2019\u00c9glise Centrale de l\u2019Alliance de Milagro et de la CMA \u00e9quatorien pour former une belle expression de la famille mondiale de l\u2019Alliance. Nous avons pu faire l\u2019exp\u00e9rience de la richesse d\u2019\u00eatre un, form\u00e9 par de nombreuses races, langues et couleurs, unis en J\u00e9sus-Christ, notre Sauveur, Sanctificateur, Gu\u00e9risseur et Roi \u00e0 Venir. L\u2019unit\u00e9 dans la diversit\u00e9. L\u2019unit\u00e9 de l\u2019Esprit vient de la sanctification. L\u2019unit\u00e9 qui mobilise la famille de l\u2019Alliance \u00e0 la mission de Dieu. Ce fut une exp\u00e9rience merveilleuse.<\/p>\n<\/div>\n<\/div>\n<div class=\"cat-home\">\n<div class=\"cat-home-category\"><a href=\"https:\/\/awf.world\/fr\/category\/news-fr\/\">NOUVELLES<\/a><\/div>\n<div class=\"cat-home-img\"><a href=\"https:\/\/awf.world\/fr\/awf-news\/manifeste-de-guayaquil\/\"><img decoding=\"async\" class=\"attachment-255xauto size-255xauto\" src=\"https:\/\/awf.world\/wp-content\/uploads\/2021\/10\/AWF-Guayaquil-Manifesto_2021_FR-1-wpv_255xauto.png\" width=\"255\" height=\"auto\" alt=\"\" \/><\/a><\/div>\n<div class=\"cat-home-title\"><a href=\"https:\/\/awf.world\/fr\/awf-news\/manifeste-de-guayaquil\/\">Manifeste de Guayaquil<\/a><\/div>\n<div class=\"cat-home-date\">octobre 28, 2021<\/div>\n<div class=\"cat-home-short-description\">\n<p>En tant que membres de l\u2019Union Mondiale de l\u2019Alliance, nous affirmons une fois de plus notre foi et notre engagement envers le Christ, la r\u00e9v\u00e9lation de Dieu (Jean 1 : 18), qui est lui-m\u00eame le Sauveur, le Sanctificateur, le Gu\u00e9risseur et le Roi qui vient (1 Cor 1: 30).<br \/>\nAyant \u00e9t\u00e9 mandat\u00e9s par le Seigneur J\u00e9sus-Christ lui-m\u00eame, qui a insuffl\u00e9 les mots \u00ab Allez \u00bb au plus profond de nos c\u0153urs, nous nous engageons au d\u00e9but de cette nouvelle d\u00e9cennie, \u00e0 \u00eatre une fois de plus un mouvement missionnaire mondial, en particulier en faveur des peuples les moins atteints de la terre.<\/p>\n<\/div>\n<\/div>\n<div class=\"cat-home\">\n<div class=\"cat-home-category\"><a href=\"https:\/\/awf.world\/fr\/category\/afrique\/\">AFRIQUE<\/a>\/<a href=\"https:\/\/awf.world\/fr\/category\/news-fr\/\">NOUVELLES<\/a>\/<a href=\"https:\/\/awf.world\/fr\/category\/secours-developpement\/\">Secours \/ D\u00e9veloppement<\/a><\/div>\n<div class=\"cat-home-img\"><a href=\"https:\/\/awf.world\/fr\/awf-news\/quenching-the-thirst-of-the-guineansetancher-la-soif-des-guineens\/\"><img decoding=\"async\" class=\"attachment-255xauto size-255xauto\" src=\"https:\/\/awf.world\/wp-content\/uploads\/2021\/10\/AWF-RD-Development_Guinea_Siguiri-Drinking-Water_Project-Photo-Report-06_2021-06-30-wpv_255xauto.jpg\" width=\"255\" height=\"auto\" alt=\"\" \/><\/a><\/div>\n<div class=\"cat-home-title\"><a href=\"https:\/\/awf.world\/fr\/awf-news\/quenching-the-thirst-of-the-guineansetancher-la-soif-des-guineens\/\">Quenching the Thirst of the Guineans\u00c9tancher la Soif des Guin\u00e9ens<\/a><\/div>\n<div class=\"cat-home-date\">octobre 6, 2021<\/div>\n<div class=\"cat-home-short-description\">\n<p>L\u2019Alliance en Guin\u00e9e \u00e9tanche la soif physique des communaut\u00e9s de la haute savane guin\u00e9enne, o\u00f9 les temp\u00e9ratures sont \u00e9lev\u00e9es et l\u2019eau manque. Que Dieu continue de les utiliser pour soulager la soif spirituelle des gens.<\/p>\n<\/div>\n<\/div>\n<div class=\"cat-home\">\n<div class=\"cat-home-category\"><\/div>\n<div class=\"cat-home-img\"><a href=\"https:\/\/awf.world\/fr\/awf-video-view\/munther-shahatit-vous-invite-a-la-quadriennale-de-luma-en-octobre-2021\/\"><img decoding=\"async\" class=\"attachment-255xauto size-255xauto\" src=\"https:\/\/awf.world\/wp-content\/uploads\/2021\/09\/Munther-Shahatit_EMERALD-wpv_255xauto.png\" width=\"255\" height=\"auto\" alt=\"\" \/><\/a><\/div>\n<div class=\"cat-home-title\"><a href=\"https:\/\/awf.world\/fr\/awf-video-view\/munther-shahatit-vous-invite-a-la-quadriennale-de-luma-en-octobre-2021\/\">Munther Shahatit vous invite \u00e0 la Quadriennale de l&rsquo;UMA en octobre 2021<\/a><\/div>\n<div class=\"cat-home-date\">septembre 23, 2021<\/div>\n<div class=\"cat-home-short-description\">  <\/div>\n<\/div>\n<div class=\"cat-home\">\n<div class=\"cat-home-category\"><\/div>\n<div class=\"cat-home-img\"><a href=\"https:\/\/awf.world\/fr\/awf-video-view\/celestin-koffi-vous-invite-a-la-quadriennale-de-luma-en-octobre-2021\/\"><img decoding=\"async\" class=\"attachment-255xauto size-255xauto\" src=\"https:\/\/awf.world\/wp-content\/uploads\/2021\/09\/Celestin-Koffi_Africa-wpv_255xauto.png\" width=\"255\" height=\"auto\" alt=\"\" \/><\/a><\/div>\n<div class=\"cat-home-title\"><a href=\"https:\/\/awf.world\/fr\/awf-video-view\/celestin-koffi-vous-invite-a-la-quadriennale-de-luma-en-octobre-2021\/\">Celestin Koffi vous invite \u00e0 la Quadriennale de l&rsquo;UMA en octobre 2021<\/a><\/div>\n<div class=\"cat-home-date\">septembre 17, 2021<\/div>\n<div class=\"cat-home-short-description\">  <\/div>\n<\/div>\n<div class=\"cat-home\">\n<div class=\"cat-home-category\"><\/div>\n<div class=\"cat-home-img\"><a href=\"https:\/\/awf.world\/fr\/awf-video-view\/terry-smith-vous-invite-a-la-quadriennale-de-luma-en-octobre-2021\/\"><img decoding=\"async\" class=\"attachment-255xauto size-255xauto\" src=\"https:\/\/awf.world\/wp-content\/uploads\/2021\/09\/Terry-Smith_USA-wpv_255xauto.png\" width=\"255\" height=\"auto\" alt=\"\" \/><\/a><\/div>\n<div class=\"cat-home-title\"><a href=\"https:\/\/awf.world\/fr\/awf-video-view\/terry-smith-vous-invite-a-la-quadriennale-de-luma-en-octobre-2021\/\">Terry Smith vous invite \u00e0 la Quadriennale de l&rsquo;UMA en octobre 2021<\/a><\/div>\n<div class=\"cat-home-date\">septembre 17, 2021<\/div>\n<div class=\"cat-home-short-description\">  <\/div>\n<\/div>\n<div class=\"cat-home\">\n<div class=\"cat-home-category\"><\/div>\n<div class=\"cat-home-img\"><a href=\"https:\/\/awf.world\/fr\/awf-video-view\/brem-frentz-vous-invite-a-la-quadriennale-de-luma-en-octobre-2021\/\"><img decoding=\"async\" class=\"attachment-255xauto size-255xauto\" src=\"https:\/\/awf.world\/wp-content\/uploads\/2021\/09\/Brem-Frentz_North-America-wpv_255xauto.png\" width=\"255\" height=\"auto\" alt=\"\" \/><\/a><\/div>\n<div class=\"cat-home-title\"><a href=\"https:\/\/awf.world\/fr\/awf-video-view\/brem-frentz-vous-invite-a-la-quadriennale-de-luma-en-octobre-2021\/\">Brem Frentz vous invite \u00e0 la Quadriennale de l&rsquo;UMA en octobre 2021<\/a><\/div>\n<div class=\"cat-home-date\">septembre 17, 2021<\/div>\n<div class=\"cat-home-short-description\">  <\/div>\n<\/div>\n<div class=\"cat-home\">\n<div class=\"cat-home-category\"><\/div>\n<div class=\"cat-home-img\"><a href=\"https:\/\/awf.world\/fr\/awf-video-view\/roland-lumawag-vous-invite-a-la-quadriennale-de-luma-en-octobre-2021\/\"><img decoding=\"async\" class=\"attachment-255xauto size-255xauto\" src=\"https:\/\/awf.world\/wp-content\/uploads\/2021\/09\/Roland-Lumawag-wpv_255xauto.png\" width=\"255\" height=\"auto\" alt=\"\" \/><\/a><\/div>\n<div class=\"cat-home-title\"><a href=\"https:\/\/awf.world\/fr\/awf-video-view\/roland-lumawag-vous-invite-a-la-quadriennale-de-luma-en-octobre-2021\/\">Roland Lumawag vous invite \u00e0 la Quadriennale de l&rsquo;UMA en octobre 2021<\/a><\/div>\n<div class=\"cat-home-date\">septembre 16, 2021<\/div>\n<div class=\"cat-home-short-description\">  <\/div>\n<\/div>\n<div class=\"cat-home\">\n<div class=\"cat-home-category\"><\/div>\n<div class=\"cat-home-img\"><a href=\"https:\/\/awf.world\/fr\/awf-video-view\/david-muthre-vous-invite-a-la-quadriennale-de-luma-en-octobre-2021\/\"><img decoding=\"async\" class=\"attachment-255xauto size-255xauto\" src=\"https:\/\/awf.world\/wp-content\/uploads\/2021\/09\/2021-09-09-9-wpv_255xauto.png\" width=\"255\" height=\"auto\" alt=\"\" \/><\/a><\/div>\n<div class=\"cat-home-title\"><a href=\"https:\/\/awf.world\/fr\/awf-video-view\/david-muthre-vous-invite-a-la-quadriennale-de-luma-en-octobre-2021\/\">David Muthre vous invite \u00e0 la Quadriennale de l&rsquo;UMA en octobre 2021<\/a><\/div>\n<div class=\"cat-home-date\">septembre 9, 2021<\/div>\n<div class=\"cat-home-short-description\">  <\/div>\n<\/div>\n<div class=\"cat-home\">\n<div class=\"cat-home-category\"><\/div>\n<div class=\"cat-home-img\"><a href=\"https:\/\/awf.world\/fr\/awf-video-view\/campagne-nous-sommes-alliance\/\"><img decoding=\"async\" class=\"attachment-255xauto size-255xauto\" src=\"https:\/\/awf.world\/wp-content\/uploads\/2021\/09\/We-Are-Alliance_Cover_FR-wpv_255xauto.jpg\" width=\"255\" height=\"auto\" alt=\"\" \/><\/a><\/div>\n<div class=\"cat-home-title\"><a href=\"https:\/\/awf.world\/fr\/awf-video-view\/campagne-nous-sommes-alliance\/\">Campagne Nous Sommes Alliance<\/a><\/div>\n<div class=\"cat-home-date\">septembre 9, 2021<\/div>\n<div class=\"cat-home-short-description\">  <\/div>\n<\/div>\n<div class=\"cat-home\">\n<div class=\"cat-home-category\"><a href=\"https:\/\/awf.world\/fr\/category\/asia-pacific\/\">ASIA &amp; PACIFIC<\/a>\/<a href=\"https:\/\/awf.world\/fr\/category\/news-fr\/\">NOUVELLES<\/a><\/div>\n<div class=\"cat-home-img\"><a href=\"https:\/\/awf.world\/fr\/awf-news\/hommage-au-dr-rodrigo-tano\/\"><img decoding=\"async\" class=\"attachment-255xauto size-255xauto\" src=\"https:\/\/awf.world\/wp-content\/uploads\/2021\/09\/Philippines_Rodrigo-Tano1_Square-wpv_255xauto.jpg\" width=\"255\" height=\"auto\" alt=\"\" \/><\/a><\/div>\n<div class=\"cat-home-title\"><a href=\"https:\/\/awf.world\/fr\/awf-news\/hommage-au-dr-rodrigo-tano\/\">Hommage au Dr Rodrigo Tano<\/a><\/div>\n<div class=\"cat-home-date\">septembre 8, 2021<\/div>\n<div class=\"cat-home-short-description\">\n<p>Le Dr Rodrigo Tano, ancien pr\u00e9sident de l\u2019Alliance des Philippines (CAMACOP), est parti chez notre P\u00e8re c\u00e9leste le 6 septembre 2021, \u00e0 l\u2019\u00e2ge de 89 ans. Prions pour que le Seigneur r\u00e9conforte et apporte paix et force \u00e0 la famille de Dr Tano.<\/p>\n<\/div>\n<\/div>\n<div class=\"cat-home\">\n<div class=\"cat-home-category\"><\/div>\n<div class=\"cat-home-img\"><a href=\"https:\/\/awf.world\/fr\/awf-video-view\/nous-sommes-alliance-miguel-et-yngrid-grassals\/\"><img decoding=\"async\" class=\"attachment-255xauto size-255xauto\" src=\"https:\/\/awf.world\/wp-content\/uploads\/2021\/09\/Miguel-Yngrid-Grassals-wpv_255xauto.jpg\" width=\"255\" height=\"auto\" alt=\"\" \/><\/a><\/div>\n<div class=\"cat-home-title\"><a href=\"https:\/\/awf.world\/fr\/awf-video-view\/nous-sommes-alliance-miguel-et-yngrid-grassals\/\">Nous Sommes Alliance : Miguel et Yngrid Grassals<\/a><\/div>\n<div class=\"cat-home-date\">septembre 7, 2021<\/div>\n<div class=\"cat-home-short-description\">  <\/div>\n<\/div>\n<div class=\"cat-home\">\n<div class=\"cat-home-category\"><a href=\"https:\/\/awf.world\/fr\/category\/asia-pacific\/\">ASIA &amp; PACIFIC<\/a>\/<a href=\"https:\/\/awf.world\/fr\/category\/news-fr\/\">NOUVELLES<\/a><\/div>\n<div class=\"cat-home-img\"><a href=\"https:\/\/awf.world\/fr\/awf-news\/benedictions-pendant-le-festival-de-louange-en-inde\/\"><img decoding=\"async\" class=\"attachment-255xauto size-255xauto\" src=\"https:\/\/awf.world\/wp-content\/uploads\/2021\/09\/NAFI-Conference-Online_2021-08-091-1-wpv_255xauto.jpg\" width=\"255\" height=\"auto\" alt=\"\" \/><\/a><\/div>\n<div class=\"cat-home-title\"><a href=\"https:\/\/awf.world\/fr\/awf-news\/benedictions-pendant-le-festival-de-louange-en-inde\/\">B\u00e9n\u00e9dictions pendant le Festival de Louange en Inde<\/a><\/div>\n<div class=\"cat-home-date\">septembre 6, 2021<\/div>\n<div class=\"cat-home-short-description\">\n<p>Malgr\u00e9 les difficult\u00e9s caus\u00e9es par la pand\u00e9mie de COVID-19, l\u2019Union Nationale de l\u2019Alliance de l\u2019Inde (NAFI) a pu tenir sa conf\u00e9rence virtuellement. Plus de 100 personnes y ont particip\u00e9, y compris des dirigeants d\u2019autres pays. Leur temps pass\u00e9 ensemble a \u00e9t\u00e9 une b\u00e9n\u00e9diction et ils ont vraiment compris le th\u00e8me \u00ab Festival de Louange \u00bb.<\/p>\n<\/div>\n<\/div>\n<div class=\"cat-home\">\n<div class=\"cat-home-category\"><\/div>\n<div class=\"cat-home-img\"><a href=\"https:\/\/awf.world\/fr\/awf-video-view\/bienvenue-en-equateur-convocation-quadriennale-2021\/\"><img decoding=\"async\" class=\"attachment-255xauto size-255xauto\" src=\"https:\/\/awf.world\/wp-content\/uploads\/2021\/09\/Ecuador_Quadrennial-wpv_255xauto.png\" width=\"255\" height=\"auto\" alt=\"\" \/><\/a><\/div>\n<div class=\"cat-home-title\"><a href=\"https:\/\/awf.world\/fr\/awf-video-view\/bienvenue-en-equateur-convocation-quadriennale-2021\/\">Bienvenue en \u00c9quateur ! Convocation Quadriennale de l&rsquo;UMA 2021<\/a><\/div>\n<div class=\"cat-home-date\">septembre 4, 2021<\/div>\n<div class=\"cat-home-short-description\">  <\/div>\n<\/div>\n<div class=\"cat-home\">\n<div class=\"cat-home-category\"><a href=\"https:\/\/awf.world\/fr\/category\/afrique\/\">AFRIQUE<\/a>\/<a href=\"https:\/\/awf.world\/fr\/category\/news-fr\/\">NOUVELLES<\/a><\/div>\n<div class=\"cat-home-img\"><a href=\"https:\/\/awf.world\/fr\/awf-news\/autonomiser-le-peuple-pour-partager-lamour-de-dieu-au-burkina-faso\/\"><img decoding=\"async\" class=\"attachment-255xauto size-255xauto\" src=\"https:\/\/awf.world\/wp-content\/uploads\/2021\/08\/AWF-RD-Development_Burkina-Faso_COVID-19_2021-07-093-1-wpv_255xauto.jpg\" width=\"255\" height=\"auto\" alt=\"\" \/><\/a><\/div>\n<div class=\"cat-home-title\"><a href=\"https:\/\/awf.world\/fr\/awf-news\/autonomiser-le-peuple-pour-partager-lamour-de-dieu-au-burkina-faso\/\">Autonomiser le Peuple pour Partager l\u2019Amour de Dieu au Burkina Faso<\/a><\/div>\n<div class=\"cat-home-date\">ao\u00fbt 16, 2021<\/div>\n<div class=\"cat-home-short-description\">\n<p>L\u2019Alliance du Burkina Faso a implant\u00e9 avec succ\u00e8s des projets pour prot\u00e9ger, former et autonomiser les personnes vivant dans les communaut\u00e9s vuln\u00e9rables qu\u2019elle sert. Sous la direction de Dieu, ils ont aid\u00e9 122 m\u00e9nages et 1 104 personnes. Prions pour que notre Seigneur continue d\u2019utiliser la vie de notre famille de l\u2019Alliance au Burkina Faso pour b\u00e9nir leurs compatriotes.<\/p>\n<\/div>\n<\/div>\n<div class=\"cat-home\">\n<div class=\"cat-home-category\"><\/div>\n<div class=\"cat-home-img\"><a href=\"https:\/\/awf.world\/fr\/awf-video-view\/nous-sommes-alliance-daniel-et-patricia-tivane\/\"><img decoding=\"async\" class=\"attachment-255xauto size-255xauto\" src=\"https:\/\/awf.world\/wp-content\/uploads\/2021\/09\/Daniel-Patricia-Tivane_Mocambique1-wpv_255xauto.jpeg\" width=\"255\" height=\"auto\" alt=\"\" \/><\/a><\/div>\n<div class=\"cat-home-title\"><a href=\"https:\/\/awf.world\/fr\/awf-video-view\/nous-sommes-alliance-daniel-et-patricia-tivane\/\">Nous Sommes Alliance : Daniel et Patricia Tivane<\/a><\/div>\n<div class=\"cat-home-date\">ao\u00fbt 9, 2021<\/div>\n<div class=\"cat-home-short-description\">  <\/div>\n<\/div>\n<div class=\"cat-home\">\n<div class=\"cat-home-category\"><\/div>\n<div class=\"cat-home-img\"><a href=\"https:\/\/awf.world\/fr\/awf-video-view\/jura-yanagihara-vous-invite-a-la-convocation-quadriennale-de-luma-en-octobre-2021\/\"><img decoding=\"async\" class=\"attachment-255xauto size-255xauto\" src=\"https:\/\/awf.world\/wp-content\/uploads\/2021\/09\/Jura-Yanagihara_Mailchimp-wpv_255xauto.png\" width=\"255\" height=\"auto\" alt=\"\" \/><\/a><\/div>\n<div class=\"cat-home-title\"><a href=\"https:\/\/awf.world\/fr\/awf-video-view\/jura-yanagihara-vous-invite-a-la-convocation-quadriennale-de-luma-en-octobre-2021\/\">Jura Yanagihara vous invite \u00e0 la Convocation Quadriennale de l\u2019UMA en octobre 2021<\/a><\/div>\n<div class=\"cat-home-date\">ao\u00fbt 6, 2021<\/div>\n<div class=\"cat-home-short-description\">  <\/div>\n<\/div>\n<div class=\"cat-home\">\n<div class=\"cat-home-category\"><a href=\"https:\/\/awf.world\/fr\/category\/asia-pacific\/\">ASIA &amp; PACIFIC<\/a>\/<a href=\"https:\/\/awf.world\/fr\/category\/news-fr\/\">NOUVELLES<\/a><\/div>\n<div class=\"cat-home-img\"><a href=\"https:\/\/awf.world\/fr\/awf-news\/projets-de-secours-et-de-developpement-en-mongolie-berger-des-bergers\/\"><img decoding=\"async\" class=\"attachment-255xauto size-255xauto\" src=\"https:\/\/awf.world\/wp-content\/uploads\/2021\/08\/AWF-RD-Development_Mongolia_Gobi-Drought-Shepherd-Relief-Project-Picture-03_2021-06-15-wpv_255xauto.jpg\" width=\"255\" height=\"auto\" alt=\"\" \/><\/a><\/div>\n<div class=\"cat-home-title\"><a href=\"https:\/\/awf.world\/fr\/awf-news\/projets-de-secours-et-de-developpement-en-mongolie-berger-des-bergers\/\">L\u2019Alliance Mongole Garde les Bergers dans le D\u00e9sert de Gobi<\/a><\/div>\n<div class=\"cat-home-date\">ao\u00fbt 5, 2021<\/div>\n<div class=\"cat-home-short-description\">\n<p>Les familles de bergers mongols du d\u00e9sert de Gobi ont fait face \u00e0 de nombreux d\u00e9fis au cours des deux derni\u00e8res ann\u00e9es. Ils ont connu une s\u00e9cheresse, un hiver rigoureux, la pand\u00e9mie et des catastrophes naturelles. Mais Dieu a guid\u00e9 l\u2019Alliance mongole \u00e0 travers tout cela. Ils ont pu aider 51 familles avec du son de bl\u00e9 et du fourrage pour leur b\u00e9tail. Que Dieu continue de les utiliser pour toucher la vie de leur peuple.<\/p>\n<\/div>\n<\/div>\n<div class=\"cat-home\">\n<div class=\"cat-home-category\"><a href=\"https:\/\/awf.world\/fr\/category\/afrique\/\">AFRIQUE<\/a>\/<a href=\"https:\/\/awf.world\/fr\/category\/news-fr\/\">NOUVELLES<\/a><\/div>\n<div class=\"cat-home-img\"><a href=\"https:\/\/awf.world\/fr\/awf-news\/connaissez-job-dao-le-nouveau-president-de-lalliance-de-burkina-faso\/\"><img decoding=\"async\" class=\"attachment-255xauto size-255xauto\" src=\"https:\/\/awf.world\/wp-content\/uploads\/2021\/08\/Job-Dao_President-Burkina-Faso_2021-08_Square-wpv_255xauto.jpg\" width=\"255\" height=\"auto\" alt=\"\" \/><\/a><\/div>\n<div class=\"cat-home-title\"><a href=\"https:\/\/awf.world\/fr\/awf-news\/connaissez-job-dao-le-nouveau-president-de-lalliance-de-burkina-faso\/\">Connaissez Job Dao, le Nouveau Pr\u00e9sident de l\u2019Alliance de Burkina Faso<\/a><\/div>\n<div class=\"cat-home-date\">ao\u00fbt 3, 2021<\/div>\n<div class=\"cat-home-short-description\">\n<p>Avec plus de 20 ans de minist\u00e8re, Job Dao est le nouveau pr\u00e9sident de la CMA du Burkina Faso. En plus de pr\u00e9parer la c\u00e9l\u00e9bration du centenaire de l\u2019\u00e9glise, il pr\u00e9voit de r\u00e9pandre l\u2019\u00e9vangile dans les villes non atteintes du Burkina Faso.<\/p>\n<\/div>\n<\/div>\n<div class=\"cat-home\">\n<div class=\"cat-home-category\"><a href=\"https:\/\/awf.world\/fr\/category\/latin-america-fr\/\">AM\u00c9RIQUE LATINE<\/a>\/<a href=\"https:\/\/awf.world\/fr\/category\/ministeres-de-la-femme\/\">Minist\u00e8res de la femme<\/a>\/<a href=\"https:\/\/awf.world\/fr\/category\/news-fr\/\">NOUVELLES<\/a><\/div>\n<div class=\"cat-home-img\"><a href=\"https:\/\/awf.world\/fr\/awf-news\/conference-des-femmes-latino-americaines-amada-5-assure-en-temps-de-crise\/\"><img decoding=\"async\" class=\"attachment-255xauto size-255xauto\" src=\"https:\/\/awf.world\/wp-content\/uploads\/2021\/07\/Women-Conference-AMADA_Argentina_Virtual_2021-06-264-wpv_255xauto.jpeg\" width=\"255\" height=\"auto\" alt=\"\" \/><\/a><\/div>\n<div class=\"cat-home-title\"><a href=\"https:\/\/awf.world\/fr\/awf-news\/conference-des-femmes-latino-americaines-amada-5-assure-en-temps-de-crise\/\">Conf\u00e9rence des Femmes Latino-am\u00e9ricaines AMADA 5 : Assur\u00e9 en Temps de Crise<\/a><\/div>\n<div class=\"cat-home-date\">juillet 21, 2021<\/div>\n<div class=\"cat-home-short-description\">\n<p>Avec plus de 3 500 femmes pr\u00e9sentes, la conf\u00e9rence virtuelle AMADA 5 tenue le 26 juin 2021 a apport\u00e9 un message d\u2019espoir, de r\u00e9confort et de force. L\u2019oratrice, D\u00e9bora Steffens Fanderwud, a utilis\u00e9 2 Corinthiens 4 : 7-10 pour parler de la situation de l\u2019\u00e9glise et du r\u00f4le des femmes pendant la pand\u00e9mie. Gr\u00e2ce \u00e0 notre Seigneur et Sauveur, l\u2019\u00e9v\u00e9nement a \u00e9t\u00e9 une b\u00e9n\u00e9diction et un succ\u00e8s. Que Dieu continue de guider et de b\u00e9nir ce beau minist\u00e8re des femmes dans la r\u00e9gion latino-am\u00e9ricaine.<\/p>\n<\/div>\n<\/div>\n<div class=\"cat-home\">\n<div class=\"cat-home-category\"><a href=\"https:\/\/awf.world\/fr\/category\/latin-america-fr\/\">AM\u00c9RIQUE LATINE<\/a>\/<a href=\"https:\/\/awf.world\/fr\/category\/ministeres-de-la-femme\/\">Minist\u00e8res de la femme<\/a>\/<a href=\"https:\/\/awf.world\/fr\/category\/news-fr\/\">NOUVELLES<\/a><\/div>\n<div class=\"cat-home-img\"><a href=\"https:\/\/awf.world\/fr\/awf-news\/lhistoire-damada-le-ministere-des-femmes-de-lalliance-latino-americaine\/\"><img decoding=\"async\" class=\"attachment-255xauto size-255xauto\" src=\"https:\/\/awf.world\/wp-content\/uploads\/2021\/07\/Women-Conference-AMADA_Argentina_Virtual_2021-06-269a-wpv_255xauto.jpg\" width=\"255\" height=\"auto\" alt=\"\" \/><\/a><\/div>\n<div class=\"cat-home-title\"><a href=\"https:\/\/awf.world\/fr\/awf-news\/lhistoire-damada-le-ministere-des-femmes-de-lalliance-latino-americaine\/\">L\u2019Histoire d\u2019AMADA, le Minist\u00e8re des Femmes de l\u2019Alliance Latino-am\u00e9ricaine<\/a><\/div>\n<div class=\"cat-home-date\">juillet 21, 2021<\/div>\n<div class=\"cat-home-short-description\">\n<p>N\u00e9e pour raviver l\u2019appel de Dieu pour les femmes de l\u2019Alliance en Am\u00e9rique latine, AMADA a fait ses premiers pas en 2009. Le minist\u00e8re AMADA relie les femmes de l\u2019Alliance \u00e0 travers l\u2019Am\u00e9rique latine. Priez que Dieu continue \u00e0 utiliser ce minist\u00e8re pour la croissance de son royaume.<\/p>\n<\/div>\n<\/div>\n<div class=\"cat-home\">\n<div class=\"cat-home-category\"><a href=\"https:\/\/awf.world\/fr\/category\/afrique\/\">AFRIQUE<\/a>\/<a href=\"https:\/\/awf.world\/fr\/category\/news-fr\/\">NOUVELLES<\/a><\/div>\n<div class=\"cat-home-img\"><a href=\"https:\/\/awf.world\/fr\/awf-news\/lalliance-au-mali-la-croissance-et-la-benediction-continues\/\"><img decoding=\"async\" class=\"attachment-255xauto size-255xauto\" src=\"https:\/\/awf.world\/wp-content\/uploads\/2021\/07\/Mali_JECEM3-wpv_255xauto.jpg\" width=\"255\" height=\"auto\" alt=\"\" \/><\/a><\/div>\n<div class=\"cat-home-title\"><a href=\"https:\/\/awf.world\/fr\/awf-news\/lalliance-au-mali-la-croissance-et-la-benediction-continues\/\">L\u2019Alliance au Mali : la Croissance et la B\u00e9n\u00e9diction Continues<\/a><\/div>\n<div class=\"cat-home-date\">juillet 15, 2021<\/div>\n<div class=\"cat-home-short-description\">\n<p>L\u2019\u00c9glise de l\u2019Alliance au Mali continue de grandir et de b\u00e9nir. Le minist\u00e8re a touch\u00e9 de nombreuses vies, et ils continuent \u00e0 tendre la main \u00e0 leurs communaut\u00e9s sous la direction de Dieu. Ils c\u00e9l\u00e9breront bient\u00f4t leur centenaire. Priez que le Seigneur continue d\u2019utiliser nos fr\u00e8res et s\u0153urs maliens pour faire briller sa lumi\u00e8re au Mali.<\/p>\n<\/div>\n<\/div>\n<div class=\"cat-home\">\n<div class=\"cat-home-category\"><a href=\"https:\/\/awf.world\/fr\/category\/news-fr\/\">NOUVELLES<\/a><\/div>\n<div class=\"cat-home-img\"><a href=\"https:\/\/awf.world\/fr\/awf-news\/les-inscriptions-sont-maintenant-ouvertes-pour-la-convocation-quadriennale-de-luma-2021\/\"><img decoding=\"async\" class=\"attachment-255xauto size-255xauto\" src=\"https:\/\/awf.world\/wp-content\/uploads\/2021\/07\/AWF_Quadrennial_Logo-New-2021_FR-wpv_255xauto.jpg\" width=\"255\" height=\"auto\" alt=\"\" \/><\/a><\/div>\n<div class=\"cat-home-title\"><a href=\"https:\/\/awf.world\/fr\/awf-news\/les-inscriptions-sont-maintenant-ouvertes-pour-la-convocation-quadriennale-de-luma-2021\/\">Les inscriptions sont maintenant ouvertes pour la Convocation Quadriennale de l\u2019UMA 2021<\/a><\/div>\n<div class=\"cat-home-date\">juillet 13, 2021<\/div>\n<div class=\"cat-home-short-description\">\n<p>Vous \u00eates invit\u00e9s \u00e0 vous inscrire \u00e0 la 12e Convocation Quadriennale de l\u2019UMA qui se tiendra \u00e0 l\u2019\u00c9glise de l\u2019Alliance Central de Milagro, une ville voisine de Guayaquil, en \u00c9quateur, du 19 au 24 octobre 2021.<\/p>\n<\/div>\n<\/div>\n<div class=\"cat-home\">\n<div class=\"cat-home-category\"><a href=\"https:\/\/awf.world\/fr\/category\/ministeres-de-la-femme\/\">Minist\u00e8res de la femme<\/a>\/<a href=\"https:\/\/awf.world\/fr\/category\/news-fr\/\">NOUVELLES<\/a><\/div>\n<div class=\"cat-home-img\"><a href=\"https:\/\/awf.world\/fr\/awf-news\/le-reseau-mondial-des-femmes-de-lalliance-de-luma-connecte-les-femmes-du-monde-entier-pour-etendre-le-royaume-de-dieu\/\"><img decoding=\"async\" class=\"attachment-255xauto size-255xauto\" src=\"https:\/\/awf.world\/wp-content\/uploads\/2021\/06\/Global-Alliance-Women-Network-Meeting_2021-06-0919-wpv_255xauto.jpg\" width=\"255\" height=\"auto\" alt=\"\" \/><\/a><\/div>\n<div class=\"cat-home-title\"><a href=\"https:\/\/awf.world\/fr\/awf-news\/le-reseau-mondial-des-femmes-de-lalliance-de-luma-connecte-les-femmes-du-monde-entier-pour-etendre-le-royaume-de-dieu\/\">Le R\u00e9seau Mondial des Femmes de l\u2019Alliance de l\u2019UMA Connecte les Femmes du Monde Entier pour \u00c9tendre le Royaume de Dieu<\/a><\/div>\n<div class=\"cat-home-date\">juin 23, 2021<\/div>\n<div class=\"cat-home-short-description\">\n<p>Soixante-quinze femmes de cinq r\u00e9gions de l\u2019UMA ont assist\u00e9 au rassemblement virtuel du R\u00e9seau Mondial des Femmes de l\u2019Alliance de l\u2019UMA le 9 juin 2021. Gr\u00e2ce \u00e0 notre P\u00e8re c\u00e9leste, ce fut un succ\u00e8s et une b\u00e9n\u00e9diction ! Priez pour que ce minist\u00e8re atteigne encore plus de femmes dans notre famille mondiale.<\/p>\n<\/div>\n<\/div>\n<div class=\"cat-home\">\n<div class=\"cat-home-category\"><a href=\"https:\/\/awf.world\/fr\/category\/latin-america-fr\/\">AM\u00c9RIQUE LATINE<\/a>\/<a href=\"https:\/\/awf.world\/fr\/category\/news-fr\/\">NOUVELLES<\/a><\/div>\n<div class=\"cat-home-img\"><a href=\"https:\/\/awf.world\/fr\/awf-news\/les-missions-latines-avancent-en-temps-de-pandemie\/\"><img decoding=\"async\" class=\"attachment-255xauto size-255xauto\" src=\"https:\/\/awf.world\/wp-content\/uploads\/2021\/06\/Iglesia-Local-Orando-wpv_255xauto.jpg\" width=\"255\" height=\"auto\" alt=\"\" \/><\/a><\/div>\n<div class=\"cat-home-title\"><a href=\"https:\/\/awf.world\/fr\/awf-news\/les-missions-latines-avancent-en-temps-de-pandemie\/\">Les Missions Latines Avancent en Temps de Pand\u00e9mie<\/a><\/div>\n<div class=\"cat-home-date\">juin 22, 2021<\/div>\n<div class=\"cat-home-short-description\">\n<p>La pand\u00e9mie a initialement pr\u00e9sent\u00e9 un d\u00e9fi mena\u00e7ant pour le mouvement missionnaire latino-am\u00e9ricain. Cependant, le Dieu de la mission a guid\u00e9 la CLA \u00e0 prendre des mesures. Malgr\u00e9 la fermeture des \u00e9glises, les missionnaires latins sont rest\u00e9s sur le terrain avec leurs minist\u00e8res virtuels et en personne apportant aide et espoir \u00e0 ceux qui en ont le plus besoin.<\/p>\n<\/div>\n<\/div>\n<div class=\"cat-home\">\n<div class=\"cat-home-category\"><a href=\"https:\/\/awf.world\/fr\/category\/afrique\/\">AFRIQUE<\/a>\/<a href=\"https:\/\/awf.world\/fr\/category\/news-fr\/\">NOUVELLES<\/a><\/div>\n<div class=\"cat-home-img\"><a href=\"https:\/\/awf.world\/fr\/awf-news\/un-nouveau-chapitre-de-leglise-de-lalliance-en-guinee\/\"><img decoding=\"async\" class=\"attachment-255xauto size-255xauto\" src=\"https:\/\/awf.world\/wp-content\/uploads\/2021\/06\/Guinea_Dorata-Alliance-Church-Rebuilding_2021-051-wpv_255xauto.jpg\" width=\"255\" height=\"auto\" alt=\"\" \/><\/a><\/div>\n<div class=\"cat-home-title\"><a href=\"https:\/\/awf.world\/fr\/awf-news\/un-nouveau-chapitre-de-leglise-de-lalliance-en-guinee\/\">Un Nouveau Chapitre de l\u2019\u00c9glise de l\u2019Alliance en Guin\u00e9e<\/a><\/div>\n<div class=\"cat-home-date\">juin 8, 2021<\/div>\n<div class=\"cat-home-short-description\">\n<p>Le 8 mai 2021, la CMA de Guin\u00e9e a officiellement commenc\u00e9 \u00e0 reconstruire l\u2019\u00c9glise Protestante \u00c9vang\u00e9lique de Dorata. Elle a \u00e9t\u00e9 incendi\u00e9e le 22 mars 2020, lors de conflits ethniques dans la r\u00e9gion. Prions pour que beaucoup plus de b\u00e9n\u00e9dictions pleuvent sur ce nouveau chapitre du minist\u00e8re de l\u2019Alliance guin\u00e9enne.<\/p>\n<\/div>\n<\/div>\n<div class=\"cat-home\">\n<div class=\"cat-home-category\"><a href=\"https:\/\/awf.world\/fr\/category\/afrique\/\">AFRIQUE<\/a>\/<a href=\"https:\/\/awf.world\/fr\/category\/news-fr\/\">NOUVELLES<\/a><\/div>\n<div class=\"cat-home-img\"><a href=\"https:\/\/awf.world\/fr\/awf-news\/connaissez-sadrac-diarra-le-nouveau-president-de-leglise-cma-du-mali\/\"><img decoding=\"async\" class=\"attachment-255xauto size-255xauto\" src=\"https:\/\/awf.world\/wp-content\/uploads\/2021\/06\/Sadrac-Diarra_President-Mali_20215x4-wpv_255xauto.jpeg\" width=\"255\" height=\"auto\" alt=\"\" \/><\/a><\/div>\n<div class=\"cat-home-title\"><a href=\"https:\/\/awf.world\/fr\/awf-news\/connaissez-sadrac-diarra-le-nouveau-president-de-leglise-cma-du-mali\/\">Connaissez Sadrac Diarra, le Nouveau Pr\u00e9sident de l\u2019\u00c9glise CMA du Mali<\/a><\/div>\n<div class=\"cat-home-date\">juin 4, 2021<\/div>\n<div class=\"cat-home-short-description\">\n<p>Avec plus de 30 ans d\u2019exp\u00e9rience dans le minist\u00e8re, Sadrac Diarra est le nouveau pr\u00e9sident de l\u2019\u00c9glise CMA du Mali. Sous la direction de Dieu, il pr\u00e9voit de renforcer les minist\u00e8res missionnaires et d\u2019\u00e9vang\u00e9lisation pour atteindre plus de groupes ethniques. Priez pour les besoins spirituels, physiques et mat\u00e9riels de la famille du pasteur Diarra et de l\u2019\u00e9glise.<\/p>\n<\/div>\n<\/div>\n<div class=\"cat-home\">\n<div class=\"cat-home-category\"><\/div>\n<div class=\"cat-home-img\"><a href=\"https:\/\/awf.world\/fr\/awf-video-view\/nous-sommes-alliance-david-shin\/\"><img decoding=\"async\" class=\"attachment-255xauto size-255xauto\" src=\"https:\/\/awf.world\/wp-content\/uploads\/2021\/05\/David-Shin-wpv_255xauto.png\" width=\"255\" height=\"auto\" alt=\"\" \/><\/a><\/div>\n<div class=\"cat-home-title\"><a href=\"https:\/\/awf.world\/fr\/awf-video-view\/nous-sommes-alliance-david-shin\/\">Nous Sommes Alliance: David Shin<\/a><\/div>\n<div class=\"cat-home-date\">mai 19, 2021<\/div>\n<div class=\"cat-home-short-description\">  <\/div>\n<\/div>\n<div class=\"cat-home\">\n<div class=\"cat-home-category\"><\/div>\n<div class=\"cat-home-img\"><a href=\"https:\/\/awf.world\/fr\/awf-video-view\/tu-nes-pas-seul\/\"><img decoding=\"async\" class=\"attachment-255xauto size-255xauto\" src=\"https:\/\/awf.world\/wp-content\/uploads\/2021\/05\/Beirut-Update2-wpv_255xauto.png\" width=\"255\" height=\"auto\" alt=\"\" \/><\/a><\/div>\n<div class=\"cat-home-title\"><a href=\"https:\/\/awf.world\/fr\/awf-video-view\/tu-nes-pas-seul\/\">Tu N\u2019es Pas Seul !<\/a><\/div>\n<div class=\"cat-home-date\">mai 19, 2021<\/div>\n<div class=\"cat-home-short-description\">  <\/div>\n<\/div>\n<div class=\"cat-home\">\n<div class=\"cat-home-category\"><\/div>\n<div class=\"cat-home-img\"><a href=\"https:\/\/awf.world\/fr\/awf-video-view\/nous-sommes-alliance-takako-lee\/\"><img decoding=\"async\" class=\"attachment-255xauto size-255xauto\" src=\"https:\/\/awf.world\/wp-content\/uploads\/2021\/05\/Takako-Lee-2-wpv_255xauto.jpeg\" width=\"255\" height=\"auto\" alt=\"\" \/><\/a><\/div>\n<div class=\"cat-home-title\"><a href=\"https:\/\/awf.world\/fr\/awf-video-view\/nous-sommes-alliance-takako-lee\/\">Nous Sommes Alliance : Takako Lee<\/a><\/div>\n<div class=\"cat-home-date\">mai 19, 2021<\/div>\n<div class=\"cat-home-short-description\">  <\/div>\n<\/div>\n<div class=\"cat-home\">\n<div class=\"cat-home-category\"><a href=\"https:\/\/awf.world\/fr\/category\/editorial-fr\/\">EDITORIAL<\/a>\/<a href=\"https:\/\/awf.world\/fr\/category\/news-fr\/\">NOUVELLES<\/a><\/div>\n<div class=\"cat-home-img\"><a href=\"https:\/\/awf.world\/fr\/awf-news\/la-convocation-quadriennale-de-luma-est-confirmee-du-19-au-24-octobre-2021-en-equateur\/\"><img decoding=\"async\" class=\"attachment-255xauto size-255xauto\" src=\"https:\/\/awf.world\/wp-content\/uploads\/2019\/11\/AWF_Quadrennial_Logo-New_FR-wpv_255xauto.jpg\" width=\"255\" height=\"auto\" alt=\"\" \/><\/a><\/div>\n<div class=\"cat-home-title\"><a href=\"https:\/\/awf.world\/fr\/awf-news\/la-convocation-quadriennale-de-luma-est-confirmee-du-19-au-24-octobre-2021-en-equateur\/\">La Convocation Quadriennale de l\u2019UMA est Confirm\u00e9e du 19 au 24 Octobre 2021 en \u00c9quateur<\/a><\/div>\n<div class=\"cat-home-date\">avril 29, 2021<\/div>\n<div class=\"cat-home-short-description\">\n<p>Le Comit\u00e9 Ex\u00e9cutif de l\u2019UMA a confirm\u00e9 la Convocation Quadriennale de l\u2019UMA du 19 au 24 octobre 2021 en \u00c9quateur. La r\u00e9union se tiendra \u00e0 l\u2019\u00c9glise Centrale de l\u2019Alliance Milagro, dans une ville adjacente \u00e0 Guayaquil. Merci de prier pour toutes les pr\u00e9parations n\u00e9cessaires pour un rassemblement rempli de l\u2019Esprit, dynamique et s\u00fbr, avec des participants du monde entier.<\/p>\n<\/div>\n<\/div>\n<div class=\"cat-home\">\n<div class=\"cat-home-category\"><a href=\"https:\/\/awf.world\/fr\/category\/news-fr\/\">NOUVELLES<\/a><\/div>\n<div class=\"cat-home-img\"><a href=\"https:\/\/awf.world\/fr\/awf-news\/appel-a-presentation-au-symposium-quadriennal-de-luma-sur-les-secours-et-le-developpement-r-d\/\"><img decoding=\"async\" class=\"attachment-255xauto size-255xauto\" src=\"https:\/\/awf.world\/wp-content\/uploads\/2020\/05\/Relief-and-Development1-wpv_255xauto.jpg\" width=\"255\" height=\"auto\" alt=\"\" \/><\/a><\/div>\n<div class=\"cat-home-title\"><a href=\"https:\/\/awf.world\/fr\/awf-news\/appel-a-presentation-au-symposium-quadriennal-de-luma-sur-les-secours-et-le-developpement-r-d\/\">Appel \u00e0 Pr\u00e9sentation au Symposium Quadriennal de l\u2019UMA sur les Secours et le D\u00e9veloppement (R &#038; D)<\/a><\/div>\n<div class=\"cat-home-date\">avril 28, 2021<\/div>\n<div class=\"cat-home-short-description\">\n<p>\u00cates-vous un sp\u00e9cialiste du secours et\/ou du d\u00e9veloppement ? L\u2019\u00c9quipe de Secours et de D\u00e9veloppement de l\u2019UMA recherche des pr\u00e9sentateurs pour le prochain Symposium Quadriennal de l\u2019UMA sur les Secours et le D\u00e9veloppement. Nous organiserons deux s\u00e9minaires ax\u00e9s respectivement sur les Secours et le D\u00e9veloppement. Si vous avez une expertise dans ces domaines, nous aimerons vous entendre.<\/p>\n<\/div>\n<\/div>\n<div class=\"cat-home\">\n<div class=\"cat-home-category\"><a href=\"https:\/\/awf.world\/fr\/category\/asia-pacific\/\">ASIA &amp; PACIFIC<\/a>\/<a href=\"https:\/\/awf.world\/fr\/category\/news-fr\/\">NOUVELLES<\/a><\/div>\n<div class=\"cat-home-img\"><a href=\"https:\/\/awf.world\/fr\/awf-news\/priez-pour-notre-famille-de-lalliance-en-inde-le-pays-fait-face-a-une-deuxieme-vague-devastatrice-de-covid-19\/\"><img decoding=\"async\" class=\"attachment-255xauto size-255xauto\" src=\"https:\/\/awf.world\/wp-content\/uploads\/2021\/04\/India-Covid_2021-044_Getty-Images-wpv_255xauto.jpg\" width=\"255\" height=\"auto\" alt=\"\" \/><\/a><\/div>\n<div class=\"cat-home-title\"><a href=\"https:\/\/awf.world\/fr\/awf-news\/priez-pour-notre-famille-de-lalliance-en-inde-le-pays-fait-face-a-une-deuxieme-vague-devastatrice-de-covid-19\/\">Priez pour Notre Famille de l\u2019Alliance en Inde. Le Pays fait Face \u00e0 une Deuxi\u00e8me Vague D\u00e9vastatrice de COVID-19<\/a><\/div>\n<div class=\"cat-home-date\">avril 27, 2021<\/div>\n<div class=\"cat-home-short-description\">\n<p>La deuxi\u00e8me vague de COVID-19 en Inde fait des ravages non seulement sur son syst\u00e8me de sant\u00e9 et son \u00e9conomie, mais aussi sur la vie des gens. Priez pour notre famille de l\u2019Alliance en Inde. Puisse l\u2019\u00c9glise apporter l\u2019esp\u00e9rance et faire briller la lumi\u00e8re du Christ au milieu des t\u00e9n\u00e8bres.<\/p>\n<\/div>\n<\/div>\n<div class=\"cat-home\">\n<div class=\"cat-home-category\"><a href=\"https:\/\/awf.world\/fr\/category\/news-fr\/\">NOUVELLES<\/a><\/div>\n<div class=\"cat-home-img\"><a href=\"https:\/\/awf.world\/fr\/awf-news\/mobiliser-la-famille-de-lalliance-mondiale-pour-aider-ceux-qui-en-ont-le-plus-besoin-pendant-la-pandemie\/\"><img decoding=\"async\" class=\"attachment-255xauto size-255xauto\" src=\"https:\/\/awf.world\/wp-content\/uploads\/2020\/10\/Global-Response-to-COVID-19_Cote-d\u2019Ivoire_Gabon_Mali3-wpv_255xauto.jpg\" width=\"255\" height=\"auto\" alt=\"\" \/><\/a><\/div>\n<div class=\"cat-home-title\"><a href=\"https:\/\/awf.world\/fr\/awf-news\/mobiliser-la-famille-de-lalliance-mondiale-pour-aider-ceux-qui-en-ont-le-plus-besoin-pendant-la-pandemie\/\">Mobiliser la Famille de l\u2019Alliance Mondiale pour Aider Ceux Qui en Ont le Plus Besoin Pendant la Pand\u00e9mie<\/a><\/div>\n<div class=\"cat-home-date\">avril 5, 2021<\/div>\n<div class=\"cat-home-short-description\">\n<p>En tant que famille de l\u2019Alliance, nous sommes reconnaissants au Seigneur pour votre participation \u00e0 la R\u00e9ponse Mondiale de l\u2019UMA au COVID-19. Nous avons pu aider plus de 170 000 fr\u00e8res et s\u0153urs parmi les \u00e9glises de l\u2019Alliance \u00e0 travers le monde.<\/p>\n<\/div>\n<\/div>\n<div class=\"cat-home\">\n<div class=\"cat-home-category\"><a href=\"https:\/\/awf.world\/fr\/category\/asia-pacific\/\">ASIA &amp; PACIFIC<\/a>\/<a href=\"https:\/\/awf.world\/fr\/category\/news-fr\/\">NOUVELLES<\/a><\/div>\n<div class=\"cat-home-img\"><a href=\"https:\/\/awf.world\/fr\/awf-news\/cent-vingt-pasteurs-et-dirigeants-de-la-region-asie-pacifique-de-luma-participent-au-seminaire-cma-distinctives-cette-semaine\/\"><img decoding=\"async\" class=\"attachment-255xauto size-255xauto\" src=\"https:\/\/awf.world\/wp-content\/uploads\/2021\/03\/APAC-Alliance-DNA-Webinar_2021-03-16to191-wpv_255xauto.png\" width=\"255\" height=\"auto\" alt=\"\" \/><\/a><\/div>\n<div class=\"cat-home-title\"><a href=\"https:\/\/awf.world\/fr\/awf-news\/cent-vingt-pasteurs-et-dirigeants-de-la-region-asie-pacifique-de-luma-participent-au-seminaire-cma-distinctives-cette-semaine\/\">Cent Vingt Pasteurs et Dirigeants de la R\u00e9gion Asie-Pacifique de l\u2019UMA Participent au S\u00e9minaire CMA Distinctives Cette Semaine<\/a><\/div>\n<div class=\"cat-home-date\">mars 17, 2021<\/div>\n<div class=\"cat-home-short-description\">\n<p>Pour renforcer l\u2019ADN de l\u2019Alliance dans toutes les \u00e9glises de la r\u00e9gion Asie-Pacifique de l\u2019UMA, la Commission Internationale sur l\u2019\u00c9ducation Th\u00e9ologique (ICTE) organise le webinaire CMA Distinctives du 16 au 19 mars 2021.<\/p>\n<\/div>\n<\/div>\n<div class=\"cat-home\">\n<div class=\"cat-home-category\"><a href=\"https:\/\/awf.world\/fr\/category\/asia-pacific\/\">ASIA &amp; PACIFIC<\/a>\/<a href=\"https:\/\/awf.world\/fr\/category\/news-fr\/\">NOUVELLES<\/a><\/div>\n<div class=\"cat-home-img\"><a href=\"https:\/\/awf.world\/fr\/awf-news\/des-progres-sont-realises-dans-les-efforts-dun-couple-vietnamien-pour-implanter-des-eglises-en-thailande\/\"><img decoding=\"async\" class=\"attachment-255xauto size-255xauto\" src=\"https:\/\/awf.world\/wp-content\/uploads\/2021\/03\/Vietnamese-Thai-Church-Ministry-5-wpv_255xauto.jpg\" width=\"255\" height=\"auto\" alt=\"\" \/><\/a><\/div>\n<div class=\"cat-home-title\"><a href=\"https:\/\/awf.world\/fr\/awf-news\/des-progres-sont-realises-dans-les-efforts-dun-couple-vietnamien-pour-implanter-des-eglises-en-thailande\/\">Des Progr\u00e8s sont R\u00e9alis\u00e9s dans les Efforts d\u2019un Couple Vietnamien pour Implanter des \u00c9glises en Tha\u00eflande<\/a><\/div>\n<div class=\"cat-home-date\">mars 15, 2021<\/div>\n<div class=\"cat-home-short-description\">\n<p>Une crise sanitaire mondiale ne fait pas le poids face \u00e0 la puissance de Dieu. La mission de faire conna\u00eetre son nom et de construire son \u00e9glise se poursuit au Vi\u00eatnam et en Tha\u00eflande.<\/p>\n<\/div>\n<\/div>\n<div class=\"cat-home\">\n<div class=\"cat-home-category\"><\/div>\n<div class=\"cat-home-img\"><a href=\"https:\/\/awf.world\/fr\/awf-video-view\/nous-sommes-alliance-amani-christine\/\"><img decoding=\"async\" class=\"attachment-255xauto size-255xauto\" src=\"https:\/\/awf.world\/wp-content\/uploads\/2021\/03\/Christine-Yao_C\u00f4te-dIvoire5-wpv_255xauto.jpg\" width=\"255\" height=\"auto\" alt=\"\" \/><\/a><\/div>\n<div class=\"cat-home-title\"><a href=\"https:\/\/awf.world\/fr\/awf-video-view\/nous-sommes-alliance-amani-christine\/\">Nous Sommes Alliance : Amani Christine<\/a><\/div>\n<div class=\"cat-home-date\">mars 9, 2021<\/div>\n<div class=\"cat-home-short-description\">  <\/div>\n<\/div>\n<div class=\"cat-home\">\n<div class=\"cat-home-category\"><\/div>\n<div class=\"cat-home-img\"><a href=\"https:\/\/awf.world\/fr\/awf-video-view\/nous-sommes-alliance-isabel-palma\/\"><img decoding=\"async\" class=\"attachment-255xauto size-255xauto\" src=\"https:\/\/awf.world\/wp-content\/uploads\/2021\/03\/Somos-Alianza_Isabel-Palma_09-wpv_255xauto.png\" width=\"255\" height=\"auto\" alt=\"\" \/><\/a><\/div>\n<div class=\"cat-home-title\"><a href=\"https:\/\/awf.world\/fr\/awf-video-view\/nous-sommes-alliance-isabel-palma\/\">Nous Sommes Alliance : Isabel Palma<\/a><\/div>\n<div class=\"cat-home-date\">mars 8, 2021<\/div>\n<div class=\"cat-home-short-description\">  <\/div>\n<\/div>\n<div class=\"cat-home\">\n<div class=\"cat-home-category\"><\/div>\n<div class=\"cat-home-img\"><a href=\"https:\/\/awf.world\/fr\/awf-video-view\/nous-sommes-alliance-ministere-de-la-diaspora-cma-afrique\/\"><img decoding=\"async\" class=\"attachment-255xauto size-255xauto\" src=\"https:\/\/awf.world\/wp-content\/uploads\/2021\/03\/Photo-1-Famille-KRA-wpv_255xauto.jpg\" width=\"255\" height=\"auto\" alt=\"\" \/><\/a><\/div>\n<div class=\"cat-home-title\"><a href=\"https:\/\/awf.world\/fr\/awf-video-view\/nous-sommes-alliance-ministere-de-la-diaspora-cma-afrique\/\">Nous Sommes Alliance : Minist\u00e8re de la Diaspora CMA Afrique<\/a><\/div>\n<div class=\"cat-home-date\">mars 8, 2021<\/div>\n<div class=\"cat-home-short-description\">  <\/div>\n<\/div>\n<div class=\"cat-home\">\n<div class=\"cat-home-category\"><\/div>\n<div class=\"cat-home-img\"><a href=\"https:\/\/awf.world\/fr\/awf-video-view\/nous-sommes-alliance-angel-barrientos\/\"><img decoding=\"async\" class=\"attachment-255xauto size-255xauto\" src=\"https:\/\/awf.world\/wp-content\/uploads\/2021\/03\/\u00c1ngel-Barrientos4-wpv_255xauto.png\" width=\"255\" height=\"auto\" alt=\"\" \/><\/a><\/div>\n<div class=\"cat-home-title\"><a href=\"https:\/\/awf.world\/fr\/awf-video-view\/nous-sommes-alliance-angel-barrientos\/\">Nous Sommes Alliance : \u00c1ngel Barrientos<\/a><\/div>\n<div class=\"cat-home-date\">mars 8, 2021<\/div>\n<div class=\"cat-home-short-description\">  <\/div>\n<\/div>\n<div class=\"cat-home\">\n<div class=\"cat-home-category\"><\/div>\n<div class=\"cat-home-img\"><a href=\"https:\/\/awf.world\/fr\/awf-video-view\/nous-sommes-alliance-joel-moriba\/\"><img decoding=\"async\" class=\"attachment-255xauto size-255xauto\" src=\"https:\/\/awf.world\/wp-content\/uploads\/2021\/03\/Joel-Moriba1-wpv_255xauto.jpg\" width=\"255\" height=\"auto\" alt=\"\" \/><\/a><\/div>\n<div class=\"cat-home-title\"><a href=\"https:\/\/awf.world\/fr\/awf-video-view\/nous-sommes-alliance-joel-moriba\/\">Nous Sommes Alliance : Joel Moriba<\/a><\/div>\n<div class=\"cat-home-date\">mars 8, 2021<\/div>\n<div class=\"cat-home-short-description\">  <\/div>\n<\/div>\n<div class=\"cat-home\">\n<div class=\"cat-home-category\"><a href=\"https:\/\/awf.world\/fr\/category\/afrique\/\">AFRIQUE<\/a>\/<a href=\"https:\/\/awf.world\/fr\/category\/news-fr\/\">NOUVELLES<\/a><\/div>\n<div class=\"cat-home-img\"><a href=\"https:\/\/awf.world\/fr\/awf-news\/leglise-de-lalliance-soudanaise-prospere-et-persevere\/\"><img decoding=\"async\" class=\"attachment-255xauto size-255xauto\" src=\"https:\/\/awf.world\/wp-content\/uploads\/2021\/03\/Momen_2021-wpv_255xauto.png\" width=\"255\" height=\"auto\" alt=\"\" \/><\/a><\/div>\n<div class=\"cat-home-title\"><a href=\"https:\/\/awf.world\/fr\/awf-news\/leglise-de-lalliance-soudanaise-prospere-et-persevere\/\">L\u2019\u00c9glise de l\u2019Alliance Soudanaise Prosp\u00e8re et Pers\u00e9v\u00e8re<\/a><\/div>\n<div class=\"cat-home-date\">mars 1, 2021<\/div>\n<div class=\"cat-home-short-description\">\n<p>Louez le Seigneur pour les tr\u00e8s bonnes nouvelles de l\u2019\u00e9glise de l\u2019Alliance soudanaise ! Malgr\u00e9 les d\u00e9fis auxquels ils sont confront\u00e9s, nos fr\u00e8res et s\u0153urs prosp\u00e8rent sous la b\u00e9n\u00e9diction de Dieu. Prions pour qu\u2019ils continuent \u00e0 avoir la force, la sagesse et la foi pour continuer \u00e0 grandir.<\/p>\n<\/div>\n<\/div>\n<div class=\"cat-home\">\n<div class=\"cat-home-category\"><\/div>\n<div class=\"cat-home-img\"><a href=\"https:\/\/awf.world\/fr\/awf-video-view\/nous-sommes-alliance-luis-ueda\/\"><img decoding=\"async\" class=\"attachment-255xauto size-255xauto\" src=\"https:\/\/awf.world\/wp-content\/uploads\/2021\/02\/Ora\u00e7\u00e3o_Jap\u00e3o-7-wpv_255xauto.png\" width=\"255\" height=\"auto\" alt=\"\" \/><\/a><\/div>\n<div class=\"cat-home-title\"><a href=\"https:\/\/awf.world\/fr\/awf-video-view\/nous-sommes-alliance-luis-ueda\/\">Nous Sommes Alliance : Luis Ueda<\/a><\/div>\n<div class=\"cat-home-date\">f\u00e9vrier 24, 2021<\/div>\n<div class=\"cat-home-short-description\">  <\/div>\n<\/div>\n<div class=\"cat-home\">\n<div class=\"cat-home-category\"><\/div>\n<div class=\"cat-home-img\"><a href=\"https:\/\/awf.world\/fr\/awf-video-view\/nous-sommes-alliance-merari-rodriguez\/\"><img decoding=\"async\" class=\"attachment-255xauto size-255xauto\" src=\"https:\/\/awf.world\/wp-content\/uploads\/2020\/05\/New-President-Guatemala_Merari-Rodriguez_2020-05-wpv_255xauto.jpg\" width=\"255\" height=\"auto\" alt=\"\" \/><\/a><\/div>\n<div class=\"cat-home-title\"><a href=\"https:\/\/awf.world\/fr\/awf-video-view\/nous-sommes-alliance-merari-rodriguez\/\">Nous Sommes Alliance : Merari Rodriguez<\/a><\/div>\n<div class=\"cat-home-date\">f\u00e9vrier 24, 2021<\/div>\n<div class=\"cat-home-short-description\">  <\/div>\n<\/div>\n<div class=\"cat-home\">\n<div class=\"cat-home-category\"><\/div>\n<div class=\"cat-home-img\"><a href=\"https:\/\/awf.world\/fr\/awf-video-view\/nous-sommes-alliance-stanley-john\/\"><img decoding=\"async\" class=\"attachment-255xauto size-255xauto\" src=\"https:\/\/awf.world\/wp-content\/uploads\/2021\/02\/Stanley-John_USA-wpv_255xauto.png\" width=\"255\" height=\"auto\" alt=\"\" \/><\/a><\/div>\n<div class=\"cat-home-title\"><a href=\"https:\/\/awf.world\/fr\/awf-video-view\/nous-sommes-alliance-stanley-john\/\">Nous Sommes Alliance : Stanley John<\/a><\/div>\n<div class=\"cat-home-date\">f\u00e9vrier 24, 2021<\/div>\n<div class=\"cat-home-short-description\">  <\/div>\n<\/div>\n<div class=\"cat-home\">\n<div class=\"cat-home-category\"><a href=\"https:\/\/awf.world\/fr\/category\/news-fr\/\">NOUVELLES<\/a><\/div>\n<div class=\"cat-home-img\"><a href=\"https:\/\/awf.world\/fr\/awf-news\/les-erudits-discutent-la-theologie-de-lalliance-dans-ses-differentes-expressions\/\"><img decoding=\"async\" class=\"attachment-255xauto size-255xauto\" src=\"https:\/\/awf.world\/wp-content\/uploads\/2021\/02\/ICTE-Meeting_Zoom-Videoconference_2020-07-27-wpv_255xauto.jpg\" width=\"255\" height=\"auto\" alt=\"\" \/><\/a><\/div>\n<div class=\"cat-home-title\"><a href=\"https:\/\/awf.world\/fr\/awf-news\/les-erudits-discutent-la-theologie-de-lalliance-dans-ses-differentes-expressions\/\">Les \u00c9rudits Discutent la Th\u00e9ologie de l\u2019Alliance dans ses Diff\u00e9rentes Expressions<\/a><\/div>\n<div class=\"cat-home-date\">f\u00e9vrier 15, 2021<\/div>\n<div class=\"cat-home-short-description\">\n<p>Le Comit\u00e9 International de l\u2019UMA sur l\u2019\u00c9ducation Th\u00e9ologique (ICTE) s\u2019est r\u00e9uni d\u00e9but f\u00e9vrier pour discuter de la prochaine Quadriennale de l\u2019UMA, finaliser la d\u00e9claration du Manifeste Quadriennal et r\u00e9pondre aux demandes de modification de la d\u00e9claration de foi de l\u2019UMA.<\/p>\n<\/div>\n<\/div>\n<div class=\"cat-home\">\n<div class=\"cat-home-category\"><a href=\"https:\/\/awf.world\/fr\/category\/europe-middle-east\/\">EUROPE &amp; MIDDLE EAST<\/a>\/<a href=\"https:\/\/awf.world\/fr\/category\/news-fr\/\">NOUVELLES<\/a>\/<a href=\"https:\/\/awf.world\/fr\/category\/projects-fr\/\">PROJECTS<\/a><\/div>\n<div class=\"cat-home-img\"><a href=\"https:\/\/awf.world\/fr\/awf-news\/la-syrie-cherche-une-lumiere-au-bout-du-tunnel\/\"><img decoding=\"async\" class=\"attachment-255xauto size-255xauto\" src=\"https:\/\/awf.world\/wp-content\/uploads\/2021\/02\/Syria_Kids-Meeting-wpv_255xauto.jpg\" width=\"255\" height=\"auto\" alt=\"\" \/><\/a><\/div>\n<div class=\"cat-home-title\"><a href=\"https:\/\/awf.world\/fr\/awf-news\/la-syrie-cherche-une-lumiere-au-bout-du-tunnel\/\">La Syrie Cherche une Lumi\u00e8re au Bout du Tunnel<\/a><\/div>\n<div class=\"cat-home-date\">f\u00e9vrier 12, 2021<\/div>\n<div class=\"cat-home-short-description\">\n<p>L\u2019\u00e9glise de l\u2019Alliance en Syrie a d\u00e9cid\u00e9 de d\u00e9marrer un projet dans le cadre de son minist\u00e8re pour r\u00e9pondre au besoin croissant de conseiller les gens. Prions pour la sagesse des dirigeants de l\u2019\u00c9glise, pour leur permettre de fortifier et d\u2019encourager les gens et de voir des possibilit\u00e9s au milieu de cette atmosph\u00e8re sombre.<\/p>\n<\/div>\n<\/div>\n<div class=\"cat-home\">\n<div class=\"cat-home-category\"><a href=\"https:\/\/awf.world\/fr\/category\/europe-middle-east\/\">EUROPE &amp; MIDDLE EAST<\/a>\/<a href=\"https:\/\/awf.world\/fr\/category\/news-fr\/\">NOUVELLES<\/a><\/div>\n<div class=\"cat-home-img\"><a href=\"https:\/\/awf.world\/fr\/awf-news\/les-defis-de-leglise-de-lalliance-grace-montagnard-en-finlande\/\"><img decoding=\"async\" class=\"attachment-255xauto size-255xauto\" src=\"https:\/\/awf.world\/wp-content\/uploads\/2021\/02\/Grace-Montagnard-Alliance-Church-in-Finland_Graduation_2019-08-185-wpv_255xauto.jpg\" width=\"255\" height=\"auto\" alt=\"\" \/><\/a><\/div>\n<div class=\"cat-home-title\"><a href=\"https:\/\/awf.world\/fr\/awf-news\/les-defis-de-leglise-de-lalliance-grace-montagnard-en-finlande\/\">Les D\u00e9fis de l\u2019\u00c9glise de l\u2019Alliance Grace Montagnard en Finlande<\/a><\/div>\n<div class=\"cat-home-date\">f\u00e9vrier 9, 2021<\/div>\n<div class=\"cat-home-short-description\">\n<p>Il y a quarante ans, le premier r\u00e9fugi\u00e9 vietnamien est arriv\u00e9 en Finlande et il y en a maintenant plus de dix mille. L\u2019\u00c9glise de l\u2019Alliance Grace Montagnard, dirig\u00e9e par le r\u00e9v\u00e9rend Y Lem Rahlan, a d\u00e9but\u00e9 en 2007 et sa vision est d\u2019atteindre les Montagnards qui appartiennent \u00e0 la tribu Jorai.<\/p>\n<\/div>\n<\/div>\n<div class=\"cat-home\">\n<div class=\"cat-home-category\"><a href=\"https:\/\/awf.world\/fr\/category\/asia-pacific\/\">ASIA &amp; PACIFIC<\/a>\/<a href=\"https:\/\/awf.world\/fr\/category\/news-fr\/\">NOUVELLES<\/a><\/div>\n<div class=\"cat-home-img\"><a href=\"https:\/\/awf.world\/fr\/awf-news\/gouttes-despoir-pour-les-enfants-de-dholka-inde\/\"><img decoding=\"async\" class=\"attachment-255xauto size-255xauto\" src=\"https:\/\/awf.world\/wp-content\/uploads\/2021\/02\/Alliance-Hostel-Dhoka_India7-wpv_255xauto.jpg\" width=\"255\" height=\"auto\" alt=\"\" \/><\/a><\/div>\n<div class=\"cat-home-title\"><a href=\"https:\/\/awf.world\/fr\/awf-news\/gouttes-despoir-pour-les-enfants-de-dholka-inde\/\">Gouttes d\u2019Espoir pour les Enfants de Dholka, Inde<\/a><\/div>\n<div class=\"cat-home-date\">f\u00e9vrier 5, 2021<\/div>\n<div class=\"cat-home-short-description\">\n<p>Dholka, une ville de l\u2019\u00c9tat indien de Gurajat, a \u00e9t\u00e9 affect\u00e9e non seulement par la mauvaise qualit\u00e9 des terres cultivables, mais aussi par le nombre \u00e9lev\u00e9 d\u2019enfants qui grandissent sans abri et dans l\u2019extr\u00eame pauvret\u00e9. L\u2019Auberge et \u00c9cole de l\u2019Alliance Dholka sert cette communaut\u00e9 depuis 117 ans.<\/p>\n<\/div>\n<\/div>\n<div class=\"cat-home\">\n<div class=\"cat-home-category\"><\/div>\n<div class=\"cat-home-img\"><a href=\"https:\/\/awf.world\/fr\/awf-video-view\/nous-sommes-alliance-esnilder-popo\/\"><img decoding=\"async\" class=\"attachment-255xauto size-255xauto\" src=\"https:\/\/awf.world\/wp-content\/uploads\/2021\/01\/New-President-Colombia_Esnilder-Popo_2020-03_Square-wpv_255xauto.jpg\" width=\"255\" height=\"auto\" alt=\"\" \/><\/a><\/div>\n<div class=\"cat-home-title\"><a href=\"https:\/\/awf.world\/fr\/awf-video-view\/nous-sommes-alliance-esnilder-popo\/\">Nous Sommes Alliance : Esnilder Popo<\/a><\/div>\n<div class=\"cat-home-date\">janvier 7, 2021<\/div>\n<div class=\"cat-home-short-description\">  <\/div>\n<\/div>\n<div class=\"cat-home\">\n<div class=\"cat-home-category\"><a href=\"https:\/\/awf.world\/fr\/category\/news-fr\/\">NOUVELLES<\/a><\/div>\n<div class=\"cat-home-img\"><a href=\"https:\/\/awf.world\/fr\/awf-news\/levangile-avance-au-milieu-de-la-pandemie\/\"><img decoding=\"async\" class=\"attachment-255xauto size-255xauto\" src=\"https:\/\/awf.world\/wp-content\/uploads\/2021\/01\/Cross-wpv_255xauto.jpg\" width=\"255\" height=\"auto\" alt=\"\" \/><\/a><\/div>\n<div class=\"cat-home-title\"><a href=\"https:\/\/awf.world\/fr\/awf-news\/levangile-avance-au-milieu-de-la-pandemie\/\">L\u2019\u00c9vangile Avance au Milieu de la Pand\u00e9mie<\/a><\/div>\n<div class=\"cat-home-date\">janvier 6, 2021<\/div>\n<div class=\"cat-home-short-description\">\n<p>Dieu utilise la pand\u00e9mie pour renforcer les liens de la famille mondiale de l\u2019Alliance. Vingt-trois \u00e9glises nationales de l\u2019Alliance travaillent ensemble pour aider les communaut\u00e9s vuln\u00e9rables touch\u00e9es par le COVID-19 \u00e0 travers des projets de d\u00e9veloppement \u00e0 long terme. Vingt-et-une \u00e9glise nationale de l\u2019Alliance s\u2019associent \u00e0 diff\u00e9rents projets missionnaires.<\/p>\n<\/div>\n<\/div>\n<div class=\"cat-home\">\n<div class=\"cat-home-category\"><\/div>\n<div class=\"cat-home-img\"><a href=\"https:\/\/awf.world\/fr\/awf-video-view\/nous-sommes-alliance-roger-marquez\/\"><img decoding=\"async\" class=\"attachment-255xauto size-255xauto\" src=\"https:\/\/awf.world\/wp-content\/uploads\/2021\/01\/Roger-M\u00e1rquez_Peru-wpv_255xauto.png\" width=\"255\" height=\"auto\" alt=\"\" \/><\/a><\/div>\n<div class=\"cat-home-title\"><a href=\"https:\/\/awf.world\/fr\/awf-video-view\/nous-sommes-alliance-roger-marquez\/\">Nous Sommes Alliance : Roger M\u00e1rquez<\/a><\/div>\n<div class=\"cat-home-date\">janvier 4, 2021<\/div>\n<div class=\"cat-home-short-description\">  <\/div>\n<\/div>\n<div class=\"cat-home\">\n<div class=\"cat-home-category\"><a href=\"https:\/\/awf.world\/fr\/category\/latin-america-fr\/\">AM\u00c9RIQUE LATINE<\/a>\/<a href=\"https:\/\/awf.world\/fr\/category\/news-fr\/\">NOUVELLES<\/a><\/div>\n<div class=\"cat-home-img\"><a href=\"https:\/\/awf.world\/fr\/awf-news\/le-travail-de-lalliance-chilienne-pour-evangeliser-le-peuple-mapuche\/\"><img decoding=\"async\" class=\"attachment-255xauto size-255xauto\" src=\"https:\/\/awf.world\/wp-content\/uploads\/2020\/12\/Chilean-Rural-Work1-wpv_255xauto.jpg\" width=\"255\" height=\"auto\" alt=\"\" \/><\/a><\/div>\n<div class=\"cat-home-title\"><a href=\"https:\/\/awf.world\/fr\/awf-news\/le-travail-de-lalliance-chilienne-pour-evangeliser-le-peuple-mapuche\/\">Le Travail de l\u2019Alliance Chilienne pour \u00c9vang\u00e9liser le Peuple Mapuche<\/a><\/div>\n<div class=\"cat-home-date\">janvier 4, 2021<\/div>\n<div class=\"cat-home-short-description\">\n<p>L\u2019Alliance Chr\u00e9tienne et Missionnaire du Chili progresse dans le travail rural et dans le renforcement de la foi des fr\u00e8res de la communaut\u00e9 mapuche, afin qu\u2019ils continuent eux-m\u00eames \u00e0 atteindre leur propre peuple avec l\u2019\u00e9vangile.<\/p>\n<\/div>\n<\/div>\n<\/div>\n<\/div>\n<\/div><\/div><\/div><\/div><\/div>","protected":false},"excerpt":{"rendered":"<p>Nouvelles 2021 Les Ann\u00e9es Pr\u00e9c\u00e9dentes:&nbsp; &nbsp; &nbsp; &nbsp;&nbsp;2023&nbsp; &nbsp; 2022&nbsp; &nbsp; 2021&nbsp; &nbsp; 2020&nbsp; &nbsp; 2019&nbsp; &nbsp; 2018&nbsp; &nbsp;&nbsp;2017&nbsp; &nbsp;2016 &nbsp;&nbsp;2015&nbsp; &nbsp; &nbsp;&nbsp;2014&nbsp; &nbsp; &nbsp;&nbsp;2013&nbsp;&hellip;<\/p>\n","protected":false},"author":15,"featured_media":0,"parent":0,"menu_order":0,"comment_status":"closed","ping_status":"closed","template":"","meta":{"inline_featured_image":false,"ngg_post_thumbnail":0,"_EventAllDay":false,"_EventTimezone":"","_EventStartDate":"","_EventEndDate":"","_EventStartDateUTC":"","_EventEndDateUTC":"","_EventShowMap":false,"_EventShowMapLink":false,"_EventURL":"","_EventCost":"","_EventCostDescription":"","_EventCurrencySymbol":"","_EventCurrencyCode":"","_EventCurrencyPosition":"","_EventDateTimeSeparator":"","_EventTimeRangeSeparator":"","_EventOrganizerID":[],"_EventVenueID":[],"_OrganizerEmail":"","_OrganizerPhone":"","_OrganizerWebsite":"","_VenueAddress":"","_VenueCity":"","_VenueCountry":"","_VenueProvince":"","_VenueState":"","_VenueZip":"","_VenuePhone":"","_VenueURL":"","_VenueStateProvince":"","_VenueLat":"","_VenueLng":"","_VenueShowMap":false,"_VenueShowMapLink":false,"footnotes":""},"class_list":["post-33440","page","type-page","status-publish","hentry"],"_links":{"self":[{"href":"https:\/\/awf.world\/fr\/wp-json\/wp\/v2\/pages\/33440","targetHints":{"allow":["GET"]}}],"collection":[{"href":"https:\/\/awf.world\/fr\/wp-json\/wp\/v2\/pages"}],"about":[{"href":"https:\/\/awf.world\/fr\/wp-json\/wp\/v2\/types\/page"}],"author":[{"embeddable":true,"href":"https:\/\/awf.world\/fr\/wp-json\/wp\/v2\/users\/15"}],"replies":[{"embeddable":true,"href":"https:\/\/awf.world\/fr\/wp-json\/wp\/v2\/comments?post=33440"}],"version-history":[{"count":0,"href":"https:\/\/awf.world\/fr\/wp-json\/wp\/v2\/pages\/33440\/revisions"}],"wp:attachment":[{"href":"https:\/\/awf.world\/fr\/wp-json\/wp\/v2\/media?parent=33440"}],"curies":[{"name":"wp","href":"https:\/\/api.w.org\/{rel}","templated":true}]}}