{"id":3072,"date":"2012-11-01T14:16:43","date_gmt":"2012-11-01T19:16:43","guid":{"rendered":"http:\/\/awf.world\/histoire\/"},"modified":"2022-02-01T14:19:20","modified_gmt":"2022-02-01T19:19:20","slug":"histoire","status":"publish","type":"page","link":"https:\/\/awf.world\/fr\/histoire\/","title":{"rendered":"Histoire"},"content":{"rendered":"<p>&nbsp;<\/p>\n<p><img loading=\"lazy\" decoding=\"async\" class=\"size-full wp-image-18137 alignright\" src=\"http:\/\/awf.world\/wp-content\/uploads\/2018\/03\/historia-AWF.png\" alt=\"\" width=\"343\" height=\"349\" srcset=\"https:\/\/awf.world\/wp-content\/uploads\/2018\/03\/historia-AWF.png 343w, https:\/\/awf.world\/wp-content\/uploads\/2018\/03\/historia-AWF-295x300.png 295w, https:\/\/awf.world\/wp-content\/uploads\/2018\/03\/historia-AWF-200x204.png 200w\" sizes=\"auto, (max-width: 343px) 100vw, 343px\" \/>L\u2019Union Mondiale de l\u2019Alliance (UMA) forme un lien entre les \u00e9glises et les minist\u00e8res en rapport avec&nbsp; l\u2019Alliance Chr\u00e9tienne Missionnaire (CMA). Vers 1880, Dieu a employ\u00e9 le Dr Albert Benjamin Simpson (photo \u00e0 droite) pour fonder un mouvement missionnaire qui est devenu une d\u00e9nomination d\u00e9vou\u00e9e \u00e0 la mission et qui collabore avec des partenaires dans beaucoup de pays, sous des noms diff\u00e9rents.<\/p>\n<p>En 1975, des dirigeants nationaux du monde entier se sont, pour la premi\u00e8re fois,&nbsp; r\u00e9unis \u00e0 Nyack, New York. Cette rencontre a abouti \u00e0 la formation officielle de l\u2019UMA.&nbsp; Elle serait convoqu\u00e9e tous les quatre ans avec ces buts pr\u00e9cis :<\/p>\n<ul>\n<li>Affirmer notre position que la Bible est la Parole de Dieu, autorit\u00e9 absolue, r\u00e9v\u00e9lation \u00e9crite et compl\u00e8te de Dieu pour l\u2019homme.<\/li>\n<li>Confirmer les v\u00e9rit\u00e9s particuli\u00e8res de l\u2019\u00e9vangile dans toute sa pl\u00e9nitude : Christ notre Sauveur, notre Sanctificateur, notre Gu\u00e9risseur, notre Rois qui vient.<\/li>\n<li>Apporter son soutien et s\u2019encourager mutuellement dans le travail de la mission et de l\u2019\u00e9vang\u00e9lisation que nous voyons comme la vocation particuli\u00e8re de l\u2019\u00e9glise.<\/li>\n<li>Cr\u00e9er des occasions de rencontre et encourager l\u2019expression de l\u2019union fraternelle entre les membres de l\u2019Union Mondiale de l\u2019Alliance.<\/li>\n<li>Fournir un forum&nbsp; non-l\u00e9gislatif pour stimuler la consultation et la coop\u00e9ration entre les \u00e9glises membres de l\u2019UMA.<\/li>\n<li>Partager nos soucis communs et notre vision sur les cruciaux probl\u00e8mes spirituels et temporels de l\u2019\u00e9glise.<\/li>\n<li>Encourager la formation pastorale et missionnaire.<\/li>\n<li>Interc\u00e9der les uns pour les autres dans la pri\u00e8re et apporter de l\u2019aide en temps de crise.<\/li>\n<li>Faire, parmi les membres de l\u2019UMA, avancer l\u2019unit\u00e9 quant aux normes th\u00e9ologiques et morales.<\/li>\n<li>Encourager l\u2019\u00e9change de personnel pour des minist\u00e8res sp\u00e9cifiques<\/li>\n<\/ul>\n<p>Ces buts font partie int\u00e9grante de la constitution de l\u2019UMA.&nbsp; Elle stipule qu\u2019un comit\u00e9 ex\u00e9cutif, avec le pr\u00e9sident comme son premier cadre ex\u00e9cutif, soit responsable de son bon fonctionnement.<\/p>\n<p>Avec les ann\u00e9es, la vision du comit\u00e9 ex\u00e9cutif s\u2019est \u00e9largie, suite au d\u00e9sir exprim\u00e9 par plusieurs \u00c9glises Nationales que l\u2019UMA devienne une organisation \u2018plus forte\u2019 et \u2018plus active\u2019.&nbsp; En 1995, lors de la Conf\u00e9rence Quadriennale de S\u00e9oul, la d\u00e9claration missionnaire suivante \u00e9tait adopt\u00e9e :<\/p>\n<blockquote><p><strong>La mission de l\u2019UMA est de faciliter la coop\u00e9ration entre les \u00e9glises membres, lorsqu\u2019elles travaillent pour l\u2019accomplissement de la Grande Commission.<\/strong><\/p><\/blockquote>\n<p>En 1991, le Dr Ben de J\u00e9sus des Philippines \u00e9tait choisi comme directeur ex\u00e9cutif, fonction dans laquelle il a servi jusqu\u2019\u00e0 l\u2019an 2000. Cette ann\u00e9e-l\u00e0,&nbsp; les membres de l\u2019UMA \u00e9taient r\u00e9unis \u00e0 la Conf\u00e9rence Quadriennale de Hong Kong. Il \u00e9tait d\u00e9cid\u00e9 d\u2019augmenter l\u2019effort missionnaire en d\u00e9veloppant une strat\u00e9gie missionnaire mondiale. L\u2019id\u00e9e principale est d\u2019aider les \u00e9glises nationales&nbsp; \u00e0 r\u00e9soudre, du point de vue th\u00e9ologique, les probl\u00e8mes qui les pr\u00e9occupent&nbsp; et de faciliter le d\u00e9veloppement missionnaire, surtout en organisant des rencontres entre partenaires potentiels pour des efforts&nbsp; missionnaires sp\u00e9cifiques.<\/p>\n<p>Un premier r\u00e9sultat \u00e9tait la cr\u00e9ation d\u2019un fond missionnaire mondial, une r\u00e9serve de fonds qui permet aux membres de l\u2019UMA d\u2019entreprendre des actions missionnaires, en vue de ceux qui n\u2019avaient pas encore vraiment entendu l\u2019\u00e9vangile de J\u00e9sus-Christ.&nbsp; Les conf\u00e9rences r\u00e9gionales devaient jouer un r\u00f4le plus important dans l\u2019ex\u00e9cution de la mission de l\u2019UMA.&nbsp; Des coordinateurs r\u00e9gionaux \u00e9taient choisis pour repr\u00e9senter les r\u00e9gions du monde dans le comit\u00e9 ex\u00e9cutif qu\u2019ils constituent avec le pr\u00e9sident et le tr\u00e9sorier.<\/p>\n","protected":false},"excerpt":{"rendered":"<p>&nbsp; L\u2019Union Mondiale de l\u2019Alliance (UMA) forme un lien entre les \u00e9glises et les minist\u00e8res en rapport avec&nbsp; l\u2019Alliance Chr\u00e9tienne Missionnaire (CMA). Vers 1880, Dieu&hellip;<\/p>\n","protected":false},"author":15,"featured_media":0,"parent":0,"menu_order":1,"comment_status":"closed","ping_status":"closed","template":"","meta":{"inline_featured_image":false,"ngg_post_thumbnail":0,"_EventAllDay":false,"_EventTimezone":"","_EventStartDate":"","_EventEndDate":"","_EventStartDateUTC":"","_EventEndDateUTC":"","_EventShowMap":false,"_EventShowMapLink":false,"_EventURL":"","_EventCost":"","_EventCostDescription":"","_EventCurrencySymbol":"","_EventCurrencyCode":"","_EventCurrencyPosition":"","_EventDateTimeSeparator":"","_EventTimeRangeSeparator":"","_EventOrganizerID":[],"_EventVenueID":[],"_OrganizerEmail":"","_OrganizerPhone":"","_OrganizerWebsite":"","_VenueAddress":"","_VenueCity":"","_VenueCountry":"","_VenueProvince":"","_VenueState":"","_VenueZip":"","_VenuePhone":"","_VenueURL":"","_VenueStateProvince":"","_VenueLat":"","_VenueLng":"","_VenueShowMap":false,"_VenueShowMapLink":false,"footnotes":""},"class_list":["post-3072","page","type-page","status-publish","hentry"],"_links":{"self":[{"href":"https:\/\/awf.world\/fr\/wp-json\/wp\/v2\/pages\/3072","targetHints":{"allow":["GET"]}}],"collection":[{"href":"https:\/\/awf.world\/fr\/wp-json\/wp\/v2\/pages"}],"about":[{"href":"https:\/\/awf.world\/fr\/wp-json\/wp\/v2\/types\/page"}],"author":[{"embeddable":true,"href":"https:\/\/awf.world\/fr\/wp-json\/wp\/v2\/users\/15"}],"replies":[{"embeddable":true,"href":"https:\/\/awf.world\/fr\/wp-json\/wp\/v2\/comments?post=3072"}],"version-history":[{"count":0,"href":"https:\/\/awf.world\/fr\/wp-json\/wp\/v2\/pages\/3072\/revisions"}],"wp:attachment":[{"href":"https:\/\/awf.world\/fr\/wp-json\/wp\/v2\/media?parent=3072"}],"curies":[{"name":"wp","href":"https:\/\/api.w.org\/{rel}","templated":true}]}}