{"id":26319,"date":"2021-01-19T23:09:30","date_gmt":"2021-01-20T02:09:30","guid":{"rendered":"http:\/\/awf.world\/2020-2\/"},"modified":"2021-01-19T23:09:30","modified_gmt":"2021-01-20T04:09:30","slug":"2020-2","status":"publish","type":"page","link":"https:\/\/awf.world\/fr\/2020-2\/","title":{"rendered":"2020"},"content":{"rendered":"<div id=\"pl-26179\"  class=\"panel-layout\" >\n<div id=\"pg-26179-0\"  class=\"panel-grid panel-no-style\" >\n<div id=\"pgc-26179-0-0\"  class=\"panel-grid-cell\"  data-weight=\"1\" >\n<div id=\"panel-26179-0-0-0\" class=\"so-panel widget widget_sow-editor panel-first-child\" data-index=\"0\" data-style=\"{&quot;background_image_attachment&quot;:false,&quot;background_display&quot;:&quot;tile&quot;}\" >\n<div class=\"so-widget-sow-editor so-widget-sow-editor-base\">\n<div class=\"siteorigin-widget-tinymce textwidget\">\n<h1 style=\"text-align: center; font-size: 27px;\">Nouvelles 2020<\/h1>\n<p style=\"text-align: center;\"><strong><span style=\"font-size: 110%; font-weight: 600;\">Les Ann\u00e9es Pr\u00e9c\u00e9dentes:<\/span>\u00a0 \u00a0 \u00a0<\/strong> \u00a0\u00a0<a href=\"https:\/\/awf.world\/2020-2\/\">2020<\/a>\u00a0 \u00a0\u00a0<a href=\"https:\/\/awf.world\/fr\/2019-2\/\">2019<\/a>\u00a0 \u00a0 <a href=\"\/?page_id=26291\">2018<\/a>\u00a0 \u00a0\u00a0<a href=\"https:\/\/awf.world\/fr\/2017-2\/\">2017<\/a>\u00a0 \u00a0\u00a0<a href=\"https:\/\/awf.world\/fr\/2016-2\/\">2016<\/a> \u00a0\u00a0<a href=\"https:\/\/awf.world\/fr\/2015-2\/\">2015<\/a>\u00a0 \u00a0\u00a0<a href=\"https:\/\/awf.world\/fr\/2014-2\/\">2014<\/a>\u00a0 \u00a0\u00a0<a href=\"https:\/\/awf.world\/fr\/2013-2\/\">2013<\/a>\u00a0 \u00a0\u00a0<a href=\"https:\/\/awf.world\/fr\/2012-2\/\">2012<\/a>\u00a0 \u00a0\u00a0<a href=\"https:\/\/awf.world\/fr\/2011-2\/\">2011<\/a>\u00a0 \u00a0<a href=\"https:\/\/awf.world\/fr\/2010-2\/\">2010<\/a><\/p>\n<\/div>\n<\/div>\n<\/div>\n<div id=\"panel-26179-0-0-1\" class=\"so-panel widget widget_sow-editor panel-last-child\" data-index=\"1\" >\n<div class=\"so-widget-sow-editor so-widget-sow-editor-base\">\n<div class=\"siteorigin-widget-tinymce textwidget\">\n\n\n\n<div id=\"wpv-view-layout-23216-CATTR68a9d82c56bc667ad2ed257a9e862bb5\" class=\"js-wpv-view-layout js-wpv-layout-responsive js-wpv-view-layout-23216-CATTR68a9d82c56bc667ad2ed257a9e862bb5\" data-viewnumber=\"23216-CATTR68a9d82c56bc667ad2ed257a9e862bb5\" data-pagination=\"{&quot;id&quot;:23216,&quot;query&quot;:&quot;normal&quot;,&quot;type&quot;:&quot;disabled&quot;,&quot;effect&quot;:&quot;fade&quot;,&quot;duration&quot;:500,&quot;speed&quot;:5,&quot;pause_on_hover&quot;:&quot;disabled&quot;,&quot;stop_rollover&quot;:&quot;false&quot;,&quot;cache_pages&quot;:&quot;enabled&quot;,&quot;preload_images&quot;:&quot;enabled&quot;,&quot;preload_pages&quot;:&quot;enabled&quot;,&quot;preload_reach&quot;:1,&quot;spinner&quot;:&quot;builtin&quot;,&quot;spinner_image&quot;:&quot;https:\/\/awf.world\/wp-content\/plugins\/wp-views\/embedded\/res\/img\/ajax-loader.gif&quot;,&quot;callback_next&quot;:&quot;&quot;,&quot;manage_history&quot;:&quot;enabled&quot;,&quot;has_controls_in_form&quot;:&quot;disabled&quot;,&quot;infinite_tolerance&quot;:&quot;0&quot;,&quot;max_pages&quot;:0,&quot;page&quot;:1,&quot;base_permalink&quot;:&quot;\/fr\/wp-json\/wp\/v2\/pages\/26319?wpv_view_count=23216-CATTR68a9d82c56bc667ad2ed257a9e862bb5&amp;wpv_paged=WPV_PAGE_NUM&quot;,&quot;loop&quot;:{&quot;type&quot;:&quot;&quot;,&quot;name&quot;:&quot;&quot;,&quot;data&quot;:[],&quot;id&quot;:0}}\" data-permalink=\"\/fr\/wp-json\/wp\/v2\/pages\/26319?wpv_view_count=23216-CATTR68a9d82c56bc667ad2ed257a9e862bb5\">\n\n\t\n\t\n\t\n\t\t<div class=\"cat-home\">\n<div class=\"cat-home-category\"><a href=\"https:\/\/awf.world\/fr\/category\/news-fr\/\">NOUVELLES<\/a><\/div>\n<div class=\"cat-home-img\"><a href=\"https:\/\/awf.world\/fr\/awf-news\/lannee-que-dieu-a-utilisee-pour-consolider-notre-identite-en-tant-que-mouvement-mondial\/\"><img decoding=\"async\" class=\"attachment-255xauto size-255xauto\" src=\"https:\/\/awf.world\/wp-content\/uploads\/2020\/12\/2020-Christmas-Card_ExCom_FR_Website-wpv_255xauto.png\" width=\"255\" height=\"auto\" alt=\"\" \/><\/a><\/div>\n<div class=\"cat-home-title\"><a href=\"https:\/\/awf.world\/fr\/awf-news\/lannee-que-dieu-a-utilisee-pour-consolider-notre-identite-en-tant-que-mouvement-mondial\/\">L\u2019Ann\u00e9e que Dieu a Utilis\u00e9e pour Consolider Notre Identit\u00e9 en tant que Mouvement Mondial<\/a><\/div>\n <div class=\"cat-home-date\">d\u00e9cembre 16, 2020<\/div>\n<div class=\"cat-home-short-description\">  <p>Dieu a utilis\u00e9 cette pand\u00e9mie pour la famille mondiale de l\u2019Alliance afin de solidifier son identit\u00e9 en tant que corps du Christ et de travailler ensemble visiblement pour l\u2019avancement du royaume de Dieu. Alors que l\u2019ann\u00e9e touche \u00e0 sa fin, je suis reconnaissant que le Seigneur nous ait permis de travailler ensemble sur tant de fronts pour porter le message de J\u00e9sus-Christ qui apporte l\u2019espoir et le salut au monde d\u00e9sesp\u00e9r\u00e9.<\/p>\n<\/div>\n\n<\/div>\n\t\n\t\t<div class=\"cat-home\">\n<div class=\"cat-home-category\"><a href=\"https:\/\/awf.world\/fr\/category\/awf-office-fr\/\">BUREAU DE l'AWF<\/a>\/<a href=\"https:\/\/awf.world\/fr\/category\/news-fr\/\">NOUVELLES<\/a><\/div>\n<div class=\"cat-home-img\"><a href=\"https:\/\/awf.world\/fr\/awf-news\/la-pandemie-a-amene-le-bureau-international-de-luma-au-niveau-suivant\/\"><img decoding=\"async\" class=\"attachment-255xauto size-255xauto\" src=\"https:\/\/awf.world\/wp-content\/uploads\/2020\/12\/2020_Christmas-Card_Backoffice_FR_Website-wpv_255xauto.png\" width=\"255\" height=\"auto\" alt=\"\" \/><\/a><\/div>\n<div class=\"cat-home-title\"><a href=\"https:\/\/awf.world\/fr\/awf-news\/la-pandemie-a-amene-le-bureau-international-de-luma-au-niveau-suivant\/\">La Pand\u00e9mie a Amen\u00e9 le Bureau International de l\u2019UMA au Niveau Suivant<\/a><\/div>\n <div class=\"cat-home-date\">d\u00e9cembre 15, 2020<\/div>\n<div class=\"cat-home-short-description\">  <p>La pand\u00e9mie a entra\u00een\u00e9 de nombreuses restrictions pour le minist\u00e8re, mais Dieu a permis au Bureau International de l\u2019UMA de se montrer \u00e0 la hauteur. Le back-office de l\u2019UMA a travaill\u00e9 sans rel\u00e2che pour fournir des nouvelles et des communications opportunes en trois langues tout en soutenant des webinaires et des centaines de r\u00e9unions en ligne. Ce sont des fr\u00e8res et s\u0153urs fid\u00e8les qui servent le Seigneur avec une grande comp\u00e9tence et passion.<\/p>\n<\/div>\n\n<\/div>\n\t\n\t\t<div class=\"cat-home\">\n<div class=\"cat-home-category\"><\/div>\n<div class=\"cat-home-img\"><a href=\"https:\/\/awf.world\/fr\/awf-video-view\/nous-sommes-alliance-andre-souza\/\"><img decoding=\"async\" class=\"attachment-255xauto size-255xauto\" src=\"https:\/\/awf.world\/wp-content\/uploads\/2020\/12\/N\u00f3s-Somos-Alian\u00e7a_Andr\u00e9-Souza2-wpv_255xauto.jpg\" width=\"255\" height=\"auto\" alt=\"\" \/><\/a><\/div>\n<div class=\"cat-home-title\"><a href=\"https:\/\/awf.world\/fr\/awf-video-view\/nous-sommes-alliance-andre-souza\/\">Nous Sommes Alliance : Andr\u00e9 Souza<\/a><\/div>\n <div class=\"cat-home-date\">d\u00e9cembre 15, 2020<\/div>\n<div class=\"cat-home-short-description\">  <\/div>\n\n<\/div>\n\t\n\t\t<div class=\"cat-home\">\n<div class=\"cat-home-category\"><a href=\"https:\/\/awf.world\/fr\/category\/latin-america-fr\/\">AM\u00c9RIQUE LATINE<\/a>\/<a href=\"https:\/\/awf.world\/fr\/category\/news-fr\/\">NOUVELLES<\/a><\/div>\n<div class=\"cat-home-img\"><a href=\"https:\/\/awf.world\/fr\/awf-news\/message-de-fin-dannee-2020-de-la-region-damerique-latine\/\"><img decoding=\"async\" class=\"attachment-255xauto size-255xauto\" src=\"https:\/\/awf.world\/wp-content\/uploads\/2020\/12\/2020_Christmas-Card_CLA_FR_Website-wpv_255xauto.png\" width=\"255\" height=\"auto\" alt=\"\" \/><\/a><\/div>\n<div class=\"cat-home-title\"><a href=\"https:\/\/awf.world\/fr\/awf-news\/message-de-fin-dannee-2020-de-la-region-damerique-latine\/\">Message de Fin d\u2019Ann\u00e9e 2020 de la R\u00e9gion d\u2019Am\u00e9rique Latine<\/a><\/div>\n <div class=\"cat-home-date\">d\u00e9cembre 14, 2020<\/div>\n<div class=\"cat-home-short-description\">  <p>Chers fr\u00e8res et s\u0153urs, je souhaite qu\u2019en ce moment sp\u00e9cial o\u00f9 nous nous souvenons de la naissance de notre bien-aim\u00e9 Sauveur J\u00e9sus-Christ, nous puissions en profiter avec notre famille et notre \u00e9glise, en remerciant Dieu pour tout son amour vers\u00e9 en chacun de nous.<\/p>\n<\/div>\n\n<\/div>\n\t\n\t\t<div class=\"cat-home\">\n<div class=\"cat-home-category\"><\/div>\n<div class=\"cat-home-img\"><a href=\"https:\/\/awf.world\/fr\/awf-video-view\/projet-de-secours-covid-19-cma-aliento-de-vida-mexique\/\"><img decoding=\"async\" class=\"attachment-255xauto size-255xauto\" src=\"https:\/\/awf.world\/wp-content\/uploads\/2020\/12\/Eduardo-C\u00f3rdova_M\u00e9xico-wpv_255xauto.png\" width=\"255\" height=\"auto\" alt=\"\" \/><\/a><\/div>\n<div class=\"cat-home-title\"><a href=\"https:\/\/awf.world\/fr\/awf-video-view\/projet-de-secours-covid-19-cma-aliento-de-vida-mexique\/\">Projet de Secours COVID-19 : CMA Aliento de Vida, Mexique<\/a><\/div>\n <div class=\"cat-home-date\">d\u00e9cembre 9, 2020<\/div>\n<div class=\"cat-home-short-description\">  <\/div>\n\n<\/div>\n\t\n\t\t<div class=\"cat-home\">\n<div class=\"cat-home-category\"><a href=\"https:\/\/awf.world\/fr\/category\/europe-middle-east\/\">EUROPE &amp; MIDDLE EAST<\/a>\/<a href=\"https:\/\/awf.world\/fr\/category\/news-fr\/\">NOUVELLES<\/a><\/div>\n<div class=\"cat-home-img\"><a href=\"https:\/\/awf.world\/fr\/awf-news\/message-de-fin-dannee-de-la-region-europe-et-moyen-orient-2020\/\"><img decoding=\"async\" class=\"attachment-255xauto size-255xauto\" src=\"https:\/\/awf.world\/wp-content\/uploads\/2020\/12\/2020-Christmas-Card_EMERALD_FR_Website-wpv_255xauto.png\" width=\"255\" height=\"auto\" alt=\"\" \/><\/a><\/div>\n<div class=\"cat-home-title\"><a href=\"https:\/\/awf.world\/fr\/awf-news\/message-de-fin-dannee-de-la-region-europe-et-moyen-orient-2020\/\">Message de Fin d\u2019Ann\u00e9e de la R\u00e9gion Europe et Moyen-Orient 2020<\/a><\/div>\n <div class=\"cat-home-date\">d\u00e9cembre 9, 2020<\/div>\n<div class=\"cat-home-short-description\">  <p>Alors que nous approchons de la fin de l\u2019ann\u00e9e et que nous nous pr\u00e9parons \u00e0 c\u00e9l\u00e9brer la saison de No\u00ebl et la nouvelle ann\u00e9e 2021, je souhaite \u00e0 chacun de vous un joyeux No\u00ebl et une bonne ann\u00e9e. Je prie pour que la pr\u00e9sence et les b\u00e9n\u00e9dictions du Seigneur remplissent vos vies. Que le Seigneur prot\u00e8ge chacun de vous et vous utilise pendant cette p\u00e9riode difficile pour \u00eatre une b\u00e9n\u00e9diction pour votre entourage.<\/p>\n<\/div>\n\n<\/div>\n\t\n\t\t<div class=\"cat-home\">\n<div class=\"cat-home-category\"><\/div>\n<div class=\"cat-home-img\"><a href=\"https:\/\/awf.world\/fr\/awf-video-view\/nous-sommes-alliance-george-dakkak\/\"><img decoding=\"async\" class=\"attachment-255xauto size-255xauto\" src=\"https:\/\/awf.world\/wp-content\/uploads\/2020\/12\/George-Dakkak-wpv_255xauto.jpg\" width=\"255\" height=\"auto\" alt=\"\" \/><\/a><\/div>\n<div class=\"cat-home-title\"><a href=\"https:\/\/awf.world\/fr\/awf-video-view\/nous-sommes-alliance-george-dakkak\/\">Nous Sommes Alliance : George Dakkak<\/a><\/div>\n <div class=\"cat-home-date\">d\u00e9cembre 8, 2020<\/div>\n<div class=\"cat-home-short-description\">  <\/div>\n\n<\/div>\n\t\n\t\t<div class=\"cat-home\">\n<div class=\"cat-home-category\"><\/div>\n<div class=\"cat-home-img\"><a href=\"https:\/\/awf.world\/fr\/awf-video-view\/nous-sommes-alliance-priskila-paksoal\/\"><img decoding=\"async\" class=\"attachment-255xauto size-255xauto\" src=\"https:\/\/awf.world\/wp-content\/uploads\/2020\/12\/Priskila-Paksoal-wpv_255xauto.jpg\" width=\"255\" height=\"auto\" alt=\"\" \/><\/a><\/div>\n<div class=\"cat-home-title\"><a href=\"https:\/\/awf.world\/fr\/awf-video-view\/nous-sommes-alliance-priskila-paksoal\/\">Nous Sommes Alliance : Priskila Paksoal<\/a><\/div>\n <div class=\"cat-home-date\">d\u00e9cembre 8, 2020<\/div>\n<div class=\"cat-home-short-description\">  <\/div>\n\n<\/div>\n\t\n\t\t<div class=\"cat-home\">\n<div class=\"cat-home-category\"><\/div>\n<div class=\"cat-home-img\"><a href=\"https:\/\/awf.world\/fr\/awf-video-view\/nous-sommes-alliance-denis-kombetassie\/\"><img decoding=\"async\" class=\"attachment-255xauto size-255xauto\" src=\"https:\/\/awf.world\/wp-content\/uploads\/2020\/12\/Denis-Kombetassie_RDC3-wpv_255xauto.jpg\" width=\"255\" height=\"auto\" alt=\"\" \/><\/a><\/div>\n<div class=\"cat-home-title\"><a href=\"https:\/\/awf.world\/fr\/awf-video-view\/nous-sommes-alliance-denis-kombetassie\/\">Nous Sommes Alliance : Denis Kombetassie<\/a><\/div>\n <div class=\"cat-home-date\">d\u00e9cembre 7, 2020<\/div>\n<div class=\"cat-home-short-description\">  <\/div>\n\n<\/div>\n\t\n\t\t<div class=\"cat-home\">\n<div class=\"cat-home-category\"><a href=\"https:\/\/awf.world\/fr\/category\/afrique\/\">AFRIQUE<\/a>\/<a href=\"https:\/\/awf.world\/fr\/category\/news-fr\/\">NOUVELLES<\/a><\/div>\n<div class=\"cat-home-img\"><a href=\"https:\/\/awf.world\/fr\/awf-news\/message-de-fin-dannee-2020-de-la-region-afrique\/\"><img decoding=\"async\" class=\"attachment-255xauto size-255xauto\" src=\"https:\/\/awf.world\/wp-content\/uploads\/2020\/12\/2020-Christmas-Card_Africa_FR_Website-wpv_255xauto.png\" width=\"255\" height=\"auto\" alt=\"\" \/><\/a><\/div>\n<div class=\"cat-home-title\"><a href=\"https:\/\/awf.world\/fr\/awf-news\/message-de-fin-dannee-2020-de-la-region-afrique\/\">Message de Fin d\u2019Ann\u00e9e 2020 de la R\u00e9gion Afrique<\/a><\/div>\n <div class=\"cat-home-date\">d\u00e9cembre 7, 2020<\/div>\n<div class=\"cat-home-short-description\">  <p>Comptant toujours sur Sa promesse selon laquelle, il ne nous d\u00e9laisse point, ni abandonne point, j\u2019aimerais souhaiter \u00e0 tous une nouvelle ann\u00e9e remplie de b\u00e9n\u00e9dictions et de succ\u00e8s dans toutes nos entreprises.<\/p>\n<\/div>\n\n<\/div>\n\t\n\t\t<div class=\"cat-home\">\n<div class=\"cat-home-category\"><\/div>\n<div class=\"cat-home-img\"><a href=\"https:\/\/awf.world\/fr\/awf-video-view\/projet-de-secours-covid-19-cma-de-colombie\/\"><img decoding=\"async\" class=\"attachment-255xauto size-255xauto\" src=\"https:\/\/awf.world\/wp-content\/uploads\/2020\/12\/AWF-R1-wpv_255xauto.jpe\" width=\"255\" height=\"auto\" alt=\"\" \/><\/a><\/div>\n<div class=\"cat-home-title\"><a href=\"https:\/\/awf.world\/fr\/awf-video-view\/projet-de-secours-covid-19-cma-de-colombie\/\">Projet de Secours COVID-19 : CMA de Colombie<\/a><\/div>\n <div class=\"cat-home-date\">d\u00e9cembre 4, 2020<\/div>\n<div class=\"cat-home-short-description\">  <\/div>\n\n<\/div>\n\t\n\t\t<div class=\"cat-home\">\n<div class=\"cat-home-category\"><a href=\"https:\/\/awf.world\/fr\/category\/amerique-du-nord\/\">AM\u00c9RIQUE DU NORD<\/a>\/<a href=\"https:\/\/awf.world\/fr\/category\/news-fr\/\">NOUVELLES<\/a><\/div>\n<div class=\"cat-home-img\"><a href=\"https:\/\/awf.world\/fr\/awf-news\/message-de-fin-dannee-de-la-region-damerique-du-nord-2020\/\"><img decoding=\"async\" class=\"attachment-255xauto size-255xauto\" src=\"https:\/\/awf.world\/wp-content\/uploads\/2020\/12\/2020_Christmas-Card_North-America_FR_Website-wpv_255xauto.png\" width=\"255\" height=\"auto\" alt=\"\" \/><\/a><\/div>\n<div class=\"cat-home-title\"><a href=\"https:\/\/awf.world\/fr\/awf-news\/message-de-fin-dannee-de-la-region-damerique-du-nord-2020\/\">Message de Fin d\u2019Ann\u00e9e de la R\u00e9gion d\u2019Am\u00e9rique du Nord 2020<\/a><\/div>\n <div class=\"cat-home-date\">d\u00e9cembre 2, 2020<\/div>\n<div class=\"cat-home-short-description\">  <p>Dieu comprend les d\u00e9fis auxquels nous sommes tous confront\u00e9s pendant la pand\u00e9mie mondiale qui entre dans une deuxi\u00e8me vague dans la plupart des endroits. Dieu nous rappelle \u00e9galement qu\u2019en accomplissant Son \u0153uvre dans les circonstances les plus difficiles, Ses desseins r\u00e9dempteurs parmi les nations nous am\u00e8neront \u00e0 nous \u00e9merveiller et \u00e0 nous \u00e9tonner au-del\u00e0 de la croyance.<\/p>\n<\/div>\n\n<\/div>\n\t\n\t\t<div class=\"cat-home\">\n<div class=\"cat-home-category\"><a href=\"https:\/\/awf.world\/fr\/category\/news-fr\/\">NOUVELLES<\/a><\/div>\n<div class=\"cat-home-img\"><a href=\"https:\/\/awf.world\/fr\/awf-news\/message-de-fin-dannee-de-la-region-asie-pacifique-2020\/\"><img decoding=\"async\" class=\"attachment-255xauto size-255xauto\" src=\"https:\/\/awf.world\/wp-content\/uploads\/2020\/11\/2020-Christmas-Card_APAC_FR_Website-wpv_255xauto.png\" width=\"255\" height=\"auto\" alt=\"\" \/><\/a><\/div>\n<div class=\"cat-home-title\"><a href=\"https:\/\/awf.world\/fr\/awf-news\/message-de-fin-dannee-de-la-region-asie-pacifique-2020\/\">Message de Fin d\u2019Ann\u00e9e de la R\u00e9gion Asie-Pacifique 2020<\/a><\/div>\n <div class=\"cat-home-date\">novembre 30, 2020<\/div>\n<div class=\"cat-home-short-description\">  <p>\u00c0 notre ch\u00e8re famille de l\u2019Alliance du monde entier, merci beaucoup pour tout votre soutien dans la pri\u00e8re et les finances dans le minist\u00e8re du Seigneur. Prier pour que nous ayons tous une merveilleuse c\u00e9l\u00e9bration de No\u00ebl et une nouvelle ann\u00e9e tr\u00e8s fructueuse.<\/p>\n<\/div>\n\n<\/div>\n\t\n\t\t<div class=\"cat-home\">\n<div class=\"cat-home-category\"><\/div>\n<div class=\"cat-home-img\"><a href=\"https:\/\/awf.world\/fr\/awf-video-view\/nous-sommes-alliance-kra-jean\/\"><img decoding=\"async\" class=\"attachment-255xauto size-255xauto\" src=\"https:\/\/awf.world\/wp-content\/uploads\/2020\/11\/Photo-1-Famille-KRA-wpv_255xauto.jpg\" width=\"255\" height=\"auto\" alt=\"\" \/><\/a><\/div>\n<div class=\"cat-home-title\"><a href=\"https:\/\/awf.world\/fr\/awf-video-view\/nous-sommes-alliance-kra-jean\/\">Nous Sommes Alliance : Kra Jean<\/a><\/div>\n <div class=\"cat-home-date\">novembre 26, 2020<\/div>\n<div class=\"cat-home-short-description\">  <\/div>\n\n<\/div>\n\t\n\t\t<div class=\"cat-home\">\n<div class=\"cat-home-category\"><\/div>\n<div class=\"cat-home-img\"><a href=\"https:\/\/awf.world\/fr\/awf-video-view\/nous-sommes-alliance-jen-vogel\/\"><img decoding=\"async\" class=\"attachment-255xauto size-255xauto\" src=\"https:\/\/awf.world\/wp-content\/uploads\/2020\/11\/We-Are-Alliance_Jen-Vogel1-wpv_255xauto.jpg\" width=\"255\" height=\"auto\" alt=\"\" \/><\/a><\/div>\n<div class=\"cat-home-title\"><a href=\"https:\/\/awf.world\/fr\/awf-video-view\/nous-sommes-alliance-jen-vogel\/\">Nous Sommes Alliance : Jen Vogel<\/a><\/div>\n <div class=\"cat-home-date\">novembre 26, 2020<\/div>\n<div class=\"cat-home-short-description\">  <\/div>\n\n<\/div>\n\t\n\t\t<div class=\"cat-home\">\n<div class=\"cat-home-category\"><\/div>\n<div class=\"cat-home-img\"><a href=\"https:\/\/awf.world\/fr\/awf-video-view\/nous-sommes-alliance-christopher-smith\/\"><img decoding=\"async\" class=\"attachment-255xauto size-255xauto\" src=\"https:\/\/awf.world\/wp-content\/uploads\/2020\/11\/We-Are-Alliance_Christopher-Smith2-wpv_255xauto.jpg\" width=\"255\" height=\"auto\" alt=\"\" \/><\/a><\/div>\n<div class=\"cat-home-title\"><a href=\"https:\/\/awf.world\/fr\/awf-video-view\/nous-sommes-alliance-christopher-smith\/\">Nous Sommes Alliance : Christopher Smith<\/a><\/div>\n <div class=\"cat-home-date\">novembre 26, 2020<\/div>\n<div class=\"cat-home-short-description\">  <\/div>\n\n<\/div>\n\t\n\t\t<div class=\"cat-home\">\n<div class=\"cat-home-category\"><a href=\"https:\/\/awf.world\/fr\/category\/news-fr\/\">NOUVELLES<\/a><\/div>\n<div class=\"cat-home-img\"><a href=\"https:\/\/awf.world\/fr\/awf-news\/message-de-fin-dannee-de-licte-2020\/\"><img decoding=\"async\" class=\"attachment-255xauto size-255xauto\" src=\"https:\/\/awf.world\/wp-content\/uploads\/2020\/11\/2020-Christmas-Card_ICTE_FR_Website-wpv_255xauto.png\" width=\"255\" height=\"auto\" alt=\"\" \/><\/a><\/div>\n<div class=\"cat-home-title\"><a href=\"https:\/\/awf.world\/fr\/awf-news\/message-de-fin-dannee-de-licte-2020\/\">Message de Fin d\u2019Ann\u00e9e de l\u2019ICTE 2020<\/a><\/div>\n <div class=\"cat-home-date\">novembre 25, 2020<\/div>\n<div class=\"cat-home-short-description\">  <p>La Commission Internationale de l\u2019\u00c9ducation Th\u00e9ologique (ICTE) est tr\u00e8s reconnaissante \u00e0 notre Seigneur qui continue d\u2019enrichir et de b\u00e9nir la formation th\u00e9ologique tout au long de la CMA.<\/p>\n<\/div>\n\n<\/div>\n\t\n\t\t<div class=\"cat-home\">\n<div class=\"cat-home-category\"><a href=\"https:\/\/awf.world\/fr\/category\/latin-america-fr\/\">AM\u00c9RIQUE LATINE<\/a>\/<a href=\"https:\/\/awf.world\/fr\/category\/news-fr\/\">NOUVELLES<\/a><\/div>\n<div class=\"cat-home-img\"><a href=\"https:\/\/awf.world\/fr\/awf-news\/la-cma-du-costa-rica-travaille-depuis-44-ans-pour-partager-levangile-du-christ\/\"><img decoding=\"async\" class=\"attachment-255xauto size-255xauto\" src=\"https:\/\/awf.world\/wp-content\/uploads\/2020\/12\/Costa-Rica_Alianza-Colima-de-Tib\u00e1s-wpv_255xauto.jpeg\" width=\"255\" height=\"auto\" alt=\"\" \/><\/a><\/div>\n<div class=\"cat-home-title\"><a href=\"https:\/\/awf.world\/fr\/awf-news\/la-cma-du-costa-rica-travaille-depuis-44-ans-pour-partager-levangile-du-christ\/\">La CMA du Costa Rica Travaille depuis 44 ans pour Partager l\u2019\u00c9vangile du Christ<\/a><\/div>\n <div class=\"cat-home-date\">novembre 20, 2020<\/div>\n<div class=\"cat-home-short-description\">  <p>Qui pourrait imaginer qu\u2019un voyage \u00e0 New York aurait abouti \u00e0 la naissance de l\u2019Alliance Chr\u00e9tienne et Missionnaire au Costa Rica ? Cette \u00e9glise nationale est jeune mais pleine d\u2019\u00e9nergie pour remplir la Grande Commission aux c\u00f4t\u00e9s d\u2019autres \u00e9glises d\u2019Am\u00e9rique centrale.<\/p>\n<\/div>\n\n<\/div>\n\t\n\t\t<div class=\"cat-home\">\n<div class=\"cat-home-category\"><a href=\"https:\/\/awf.world\/fr\/category\/news-fr\/\">NOUVELLES<\/a>\/<a href=\"https:\/\/awf.world\/fr\/category\/news-fr\/education-theologique\/\">\u00c9ducation Theologiqu\u00e9<\/a><\/div>\n<div class=\"cat-home-img\"><a href=\"https:\/\/awf.world\/fr\/awf-news\/un-regain-dinteret-pour-a-b-simpson\/\"><img decoding=\"async\" class=\"attachment-255xauto size-255xauto\" src=\"https:\/\/awf.world\/wp-content\/uploads\/2020\/11\/A.B.-Simpson_Daryn-Henry_Book-Cover_Square-wpv_255xauto.jpg\" width=\"255\" height=\"auto\" alt=\"\" \/><\/a><\/div>\n<div class=\"cat-home-title\"><a href=\"https:\/\/awf.world\/fr\/awf-news\/un-regain-dinteret-pour-a-b-simpson\/\">Un Regain d\u2019Int\u00e9r\u00eat pour A. B. Simpson<\/a><\/div>\n <div class=\"cat-home-date\">novembre 13, 2020<\/div>\n<div class=\"cat-home-short-description\">  <p>Deux livres sur A. B. Simpson ont \u00e9t\u00e9 publi\u00e9s en 2019. L\u2019un d\u2019eux, A. B. Simpson and the Making of Modern Evangelicalism, sera discut\u00e9 par son auteur, le Dr Daryn Henry, lors du Symposium sur l\u2019Histoire et la Pens\u00e9e de l\u2019Alliance organis\u00e9 par l\u2019Universit\u00e9 Ambrose le 24 novembre 2020.<\/p>\n<\/div>\n\n<\/div>\n\t\n\t\t<div class=\"cat-home\">\n<div class=\"cat-home-category\"><a href=\"https:\/\/awf.world\/fr\/category\/asia-pacific\/\">ASIA &amp; PACIFIC<\/a>\/<a href=\"https:\/\/awf.world\/fr\/category\/news-fr\/\">NOUVELLES<\/a><\/div>\n<div class=\"cat-home-img\"><a href=\"https:\/\/awf.world\/fr\/awf-news\/le-reverend-jeremiah-zanambani-a-ete-abattu-en-papouasie\/\"><img decoding=\"async\" class=\"attachment-255xauto size-255xauto\" src=\"https:\/\/awf.world\/wp-content\/uploads\/2020\/11\/Yeremia-Zanambani_Indonesia_2020-10-wpv_255xauto.jpeg\" width=\"255\" height=\"auto\" alt=\"\" \/><\/a><\/div>\n<div class=\"cat-home-title\"><a href=\"https:\/\/awf.world\/fr\/awf-news\/le-reverend-jeremiah-zanambani-a-ete-abattu-en-papouasie\/\">Le R\u00e9v\u00e9rend Yeremiah Zanambani a \u00c9t\u00e9 Abattu en Papouasie<\/a><\/div>\n <div class=\"cat-home-date\">novembre 12, 2020<\/div>\n<div class=\"cat-home-short-description\">  <p>Un pasteur de l\u2019\u00c9glise de l\u2019Alliance d\u2019Indon\u00e9sie, le R\u00e9v\u00e9rend Yeremia Zanambani, a \u00e9t\u00e9 abattu dans le district d\u2019Hitadipa en Papouasie, en Indon\u00e9sie. Prions pour la paix et la consolation de Dieu pour la famille du pasteur, ainsi que pour les membres de l\u2019\u00c9glise qu\u2019il dirigeait.<\/p>\n<\/div>\n\n<\/div>\n\t\n\t\t<div class=\"cat-home\">\n<div class=\"cat-home-category\"><a href=\"https:\/\/awf.world\/fr\/category\/asia-pacific\/\">ASIA &amp; PACIFIC<\/a>\/<a href=\"https:\/\/awf.world\/fr\/category\/projects-fr\/luma-au-service-en-inde\/\">L'UMA au Service en Inde<\/a>\/<a href=\"https:\/\/awf.world\/fr\/category\/news-fr\/\">NOUVELLES<\/a>\/<a href=\"https:\/\/awf.world\/fr\/category\/projects-fr\/\">PROJECTS<\/a><\/div>\n<div class=\"cat-home-img\"><a href=\"https:\/\/awf.world\/fr\/awf-news\/des-centaines-de-familles-en-inde-ont-ete-aidees-lors-de-la-premiere-phase-de-la-reponse-mondiale-de-luma-au-covid-19\/\"><img decoding=\"async\" class=\"attachment-255xauto size-255xauto\" src=\"https:\/\/awf.world\/wp-content\/uploads\/2020\/11\/AWF-RD-Relief_India-Food-Distribution1-wpv_255xauto.png\" width=\"255\" height=\"auto\" alt=\"\" \/><\/a><\/div>\n<div class=\"cat-home-title\"><a href=\"https:\/\/awf.world\/fr\/awf-news\/des-centaines-de-familles-en-inde-ont-ete-aidees-lors-de-la-premiere-phase-de-la-reponse-mondiale-de-luma-au-covid-19\/\">Des Centaines de Familles en Inde ont \u00c9t\u00e9 Aid\u00e9es Lors de la Premi\u00e8re Phase de la R\u00e9ponse Mondiale de l\u2019UMA au COVID-19<\/a><\/div>\n <div class=\"cat-home-date\">novembre 11, 2020<\/div>\n<div class=\"cat-home-short-description\">  <p>L\u2019Inde est le pays avec le deuxi\u00e8me plus grand nombre de cas de COVID-19, juste derri\u00e8re les \u00c9tats-Unis. Depuis le d\u00e9but de la pand\u00e9mie, plus d\u2019une centaine de familles de Kolkata et du Maharashtra ont re\u00e7u une aide pour les produits alimentaires de base.<\/p>\n<\/div>\n\n<\/div>\n\t\n\t\t<div class=\"cat-home\">\n<div class=\"cat-home-category\"><a href=\"https:\/\/awf.world\/fr\/category\/asia-pacific\/\">ASIA &amp; PACIFIC<\/a>\/<a href=\"https:\/\/awf.world\/fr\/category\/news-fr\/\">NOUVELLES<\/a><\/div>\n<div class=\"cat-home-img\"><a href=\"https:\/\/awf.world\/fr\/awf-news\/connaissez-silas-yang-le-nouveau-president-de-leglise-cma-de-taiwan\/\"><img decoding=\"async\" class=\"attachment-255xauto size-255xauto\" src=\"https:\/\/awf.world\/wp-content\/uploads\/2020\/11\/New-President-Taiwan_Silas-Yang_2020-11-wpv_255xauto.jpg\" width=\"255\" height=\"auto\" alt=\"\" \/><\/a><\/div>\n<div class=\"cat-home-title\"><a href=\"https:\/\/awf.world\/fr\/awf-news\/connaissez-silas-yang-le-nouveau-president-de-leglise-cma-de-taiwan\/\">Connaissez Silas Yang, le Nouveau Pr\u00e9sident de l\u2019\u00c9glise CMA de Taiwan<\/a><\/div>\n <div class=\"cat-home-date\">novembre 10, 2020<\/div>\n<div class=\"cat-home-short-description\">  <p>Depuis 30 ans, le R\u00e9v\u00e9rend Silas Yang \u00e9tudie et sert comme pasteur dans l\u2019\u00e9glise de l\u2019Alliance de Taiwan. Il a \u00e9t\u00e9 \u00e9lu pr\u00e9sident en octobre de cette ann\u00e9e et il esp\u00e8re que le Seigneur le guidera dans la pr\u00e9paration de nouvelles strat\u00e9gies d\u2019implantation d\u2019\u00e9glises, la poursuite de l\u2019\u00e9ducation de leurs pasteurs et la prise en charge de chaque minist\u00e8re.<\/p>\n<\/div>\n\n<\/div>\n\t\n\t\t<div class=\"cat-home\">\n<div class=\"cat-home-category\"><a href=\"https:\/\/awf.world\/fr\/category\/latin-america-fr\/\">AM\u00c9RIQUE LATINE<\/a>\/<a href=\"https:\/\/awf.world\/fr\/category\/news-fr\/\">NOUVELLES<\/a><\/div>\n<div class=\"cat-home-img\"><a href=\"https:\/\/awf.world\/fr\/awf-news\/missions-notre-defi-constant\/\"><img decoding=\"async\" class=\"attachment-255xauto size-255xauto\" src=\"https:\/\/awf.world\/wp-content\/uploads\/2020\/11\/IMG-20200824-WA0024-1-wpv_255xauto.jpg\" width=\"255\" height=\"auto\" alt=\"\" \/><\/a><\/div>\n<div class=\"cat-home-title\"><a href=\"https:\/\/awf.world\/fr\/awf-news\/missions-notre-defi-constant\/\">Missions : Notre D\u00e9fi Constant<\/a><\/div>\n <div class=\"cat-home-date\">novembre 9, 2020<\/div>\n<div class=\"cat-home-short-description\">  <p>L\u2019Alliance en Am\u00e9rique latine construit sa vision missionnaire en mettant en \u0153uvre de nouvelles fa\u00e7ons de remplir efficacement la Grande Commission dans les zones urbaines et dans les projets interculturels. La Mise \u00e0 Jour Minist\u00e9rielle de l\u2019Alliance en Am\u00e9rique latine en novembre 2020 mettra l\u2019accent sur les missions.<\/p>\n<\/div>\n\n<\/div>\n\t\n\t\t<div class=\"cat-home\">\n<div class=\"cat-home-category\"><a href=\"https:\/\/awf.world\/fr\/category\/latin-america-fr\/\">AM\u00c9RIQUE LATINE<\/a>\/<a href=\"https:\/\/awf.world\/fr\/category\/news-fr\/\">NOUVELLES<\/a><\/div>\n<div class=\"cat-home-img\"><a href=\"https:\/\/awf.world\/fr\/awf-news\/connaissez-liusbel-utrera-morgado-le-nouveau-president-de-leglise-cma-de-cuba\/\"><img decoding=\"async\" class=\"attachment-255xauto size-255xauto\" src=\"https:\/\/awf.world\/wp-content\/uploads\/2020\/10\/New-President-Cuba_Liusbel-Utrera_2020-10-wpv_255xauto.jpg\" width=\"255\" height=\"auto\" alt=\"\" \/><\/a><\/div>\n<div class=\"cat-home-title\"><a href=\"https:\/\/awf.world\/fr\/awf-news\/connaissez-liusbel-utrera-morgado-le-nouveau-president-de-leglise-cma-de-cuba\/\">Connaissez Liusbel Utrera Morgado, le Nouveau Pr\u00e9sident de l\u2019\u00c9glise CMA de Cuba<\/a><\/div>\n <div class=\"cat-home-date\">octobre 16, 2020<\/div>\n<div class=\"cat-home-short-description\">  <p>Le R\u00e9v\u00e9rend Liusbel Utrera Morgado a ouvert son c\u0153ur \u00e0 J\u00e9sus il y a 15 ans. Son minist\u00e8re a toujours \u00e9t\u00e9 pastoral et il a travaill\u00e9 dans des r\u00f4les de leadership de l\u2019\u00e9glise locale au bureau national. En tant que nouveau pr\u00e9sident de l\u2019\u00c9glise CMA de Cuba, le Seigneur lui a donn\u00e9 une vision pour une \u00e9glise saine et en croissance qui vise \u00e0 remplir la Grande Commission.<\/p>\n<\/div>\n\n<\/div>\n\t\n\t\t<div class=\"cat-home\">\n<div class=\"cat-home-category\"><a href=\"https:\/\/awf.world\/fr\/category\/asia-pacific\/\">ASIA &amp; PACIFIC<\/a>\/<a href=\"https:\/\/awf.world\/fr\/category\/news-fr\/\">NOUVELLES<\/a><\/div>\n<div class=\"cat-home-img\"><a href=\"https:\/\/awf.world\/fr\/awf-news\/la-jeune-eglise-cma-de-mongolie-et-ses-defis-pour-precher-levangile\/\"><img decoding=\"async\" class=\"attachment-255xauto size-255xauto\" src=\"https:\/\/awf.world\/wp-content\/uploads\/2020\/10\/Mongolia_Ulaanbaatar1-wpv_255xauto.jpg\" width=\"255\" height=\"auto\" alt=\"\" \/><\/a><\/div>\n<div class=\"cat-home-title\"><a href=\"https:\/\/awf.world\/fr\/awf-news\/la-jeune-eglise-cma-de-mongolie-et-ses-defis-pour-precher-levangile\/\">La Jeune \u00c9glise CMA de Mongolie et ses D\u00e9fis pour Pr\u00eacher l\u2019\u00c9vangile<\/a><\/div>\n <div class=\"cat-home-date\">octobre 14, 2020<\/div>\n<div class=\"cat-home-short-description\">  <p>La Mongolie est un grand pays d\u2019Asie de l\u2019Est, situ\u00e9 entre la Russie et la Chine. Pr\u00e8s de 30 % de la population est nomade ou semi-nomade et la majorit\u00e9 est jeune (30 ans ou moins), bouddhiste ou s\u2019identifiant comme non-religieuse. Tous ces facteurs d\u00e9fient l\u2019\u00e9vang\u00e9lisation. Mais l\u2019\u00c9glise CMA de Mongolie a \u00e9t\u00e9 fid\u00e8le \u00e0 l\u2019appel \u00e0 pr\u00eacher l\u2019\u00c9vangile.<\/p>\n<\/div>\n\n<\/div>\n\t\n\t\t<div class=\"cat-home\">\n<div class=\"cat-home-category\"><a href=\"https:\/\/awf.world\/fr\/category\/latin-america-fr\/\">AM\u00c9RIQUE LATINE<\/a>\/<a href=\"https:\/\/awf.world\/fr\/category\/ministeres-de-la-femme\/\">Minist\u00e8res de la femme<\/a>\/<a href=\"https:\/\/awf.world\/fr\/category\/news-fr\/\">NOUVELLES<\/a><\/div>\n<div class=\"cat-home-img\"><a href=\"https:\/\/awf.world\/fr\/awf-news\/amada-lunion-du-ministere-des-femmes-de-lalliance-latino-americaine-sera-au-centre-de-la-troisieme-partie-de-la-mise-a-jour-ministerielle\/\"><img decoding=\"async\" class=\"attachment-255xauto size-255xauto\" src=\"https:\/\/awf.world\/wp-content\/uploads\/2020\/10\/Women-Congress_Ecuador_2019-071-wpv_255xauto.jpg\" width=\"255\" height=\"auto\" alt=\"\" \/><\/a><\/div>\n<div class=\"cat-home-title\"><a href=\"https:\/\/awf.world\/fr\/awf-news\/amada-lunion-du-ministere-des-femmes-de-lalliance-latino-americaine-sera-au-centre-de-la-troisieme-partie-de-la-mise-a-jour-ministerielle\/\">AMADA, l\u2019Union du Minist\u00e8re des Femmes de l\u2019Alliance latino-am\u00e9ricaine, sera au centre de la troisi\u00e8me partie de la Mise \u00e0 Jour Minist\u00e9rielle en Octobre 2020<\/a><\/div>\n <div class=\"cat-home-date\">octobre 13, 2020<\/div>\n<div class=\"cat-home-short-description\">  <p>Les femmes de l\u2019Alliance Chr\u00e9tienne et Missionnaire d\u2019Am\u00e9rique latine organiseront des conf\u00e9rences en octobre 2020 consacr\u00e9es au minist\u00e8re, \u00e0 la vie et au d\u00e9veloppement des femmes chr\u00e9tiennes. Les hommes et les femmes sont invit\u00e9s \u00e0 participer \u00e0 la troisi\u00e8me partie de la mise \u00e0 jour minist\u00e9rielle organis\u00e9e par la CLA, l\u2019UMA et FATELA.<\/p>\n<\/div>\n\n<\/div>\n\t\n\t\t<div class=\"cat-home\">\n<div class=\"cat-home-category\"><a href=\"https:\/\/awf.world\/fr\/category\/afrique\/\">AFRIQUE<\/a>\/<a href=\"https:\/\/awf.world\/fr\/category\/news-fr\/\">NOUVELLES<\/a>\/<a href=\"https:\/\/awf.world\/fr\/category\/projects-fr\/\">PROJECTS<\/a><\/div>\n<div class=\"cat-home-img\"><a href=\"https:\/\/awf.world\/fr\/awf-news\/fruits-en-cote-divoire-au-gabon-et-au-mali\/\"><img decoding=\"async\" class=\"attachment-255xauto size-255xauto\" src=\"https:\/\/awf.world\/wp-content\/uploads\/2020\/10\/Global-Response-to-COVID-19_Cote-d\u2019Ivoire_Gabon_Mali1-wpv_255xauto.jpg\" width=\"255\" height=\"auto\" alt=\"\" \/><\/a><\/div>\n<div class=\"cat-home-title\"><a href=\"https:\/\/awf.world\/fr\/awf-news\/fruits-en-cote-divoire-au-gabon-et-au-mali\/\">Fruits en C\u00f4te d\u2019Ivoire, au Gabon et au Mali<\/a><\/div>\n <div class=\"cat-home-date\">octobre 10, 2020<\/div>\n<div class=\"cat-home-short-description\">  <p>Au cours de la premi\u00e8re phase de la R\u00e9ponse Mondiale de l\u2019UMA au COVID-19, trois pays africains ont eu de nombreux fruits et b\u00e9n\u00e9dictions. Nos fr\u00e8res et s\u0153urs de C\u00f4te d\u2019Ivoire, du Gabon et du Mali nous demandent de continuer \u00e0 prier pour eux. Que Dieu b\u00e9nisse beaucoup d\u2019autres vies \u00e0 travers eux.<\/p>\n<\/div>\n\n<\/div>\n\t\n\t\t<div class=\"cat-home\">\n<div class=\"cat-home-category\"><\/div>\n<div class=\"cat-home-img\"><a href=\"https:\/\/awf.world\/fr\/awf-video-view\/nous-sommes-alliance-thais-fuzi\/\"><img decoding=\"async\" class=\"attachment-255xauto size-255xauto\" src=\"https:\/\/awf.world\/wp-content\/uploads\/2020\/10\/We-Are-Alliance_Thais-Fuzi_Website-wpv_255xauto.png\" width=\"255\" height=\"auto\" alt=\"\" \/><\/a><\/div>\n<div class=\"cat-home-title\"><a href=\"https:\/\/awf.world\/fr\/awf-video-view\/nous-sommes-alliance-thais-fuzi\/\">Nous Sommes Alliance  : Thais Fuzi<\/a><\/div>\n <div class=\"cat-home-date\">octobre 7, 2020<\/div>\n<div class=\"cat-home-short-description\">  <\/div>\n\n<\/div>\n\t\n\t\t<div class=\"cat-home\">\n<div class=\"cat-home-category\"><\/div>\n<div class=\"cat-home-img\"><a href=\"https:\/\/awf.world\/fr\/awf-video-view\/projet-de-secours-covid-19-mexique-cma-zapopan-jalisco\/\"><img decoding=\"async\" class=\"attachment-255xauto size-255xauto\" src=\"https:\/\/awf.world\/wp-content\/uploads\/2020\/09\/RIGOBE2-wpv_255xauto.png\" width=\"255\" height=\"auto\" alt=\"\" \/><\/a><\/div>\n<div class=\"cat-home-title\"><a href=\"https:\/\/awf.world\/fr\/awf-video-view\/projet-de-secours-covid-19-mexique-cma-zapopan-jalisco\/\">Projet de Secours COVID-19 : Mexique &#8211; CMA Zapopan, Jalisco<\/a><\/div>\n <div class=\"cat-home-date\">septembre 29, 2020<\/div>\n<div class=\"cat-home-short-description\">  <\/div>\n\n<\/div>\n\t\n\t\t<div class=\"cat-home\">\n<div class=\"cat-home-category\"><\/div>\n<div class=\"cat-home-img\"><a href=\"https:\/\/awf.world\/fr\/awf-video-view\/projet-de-secours-covid-19-el-salvador-cma-apopa\/\"><img decoding=\"async\" class=\"attachment-255xauto size-255xauto\" src=\"https:\/\/awf.world\/wp-content\/uploads\/2020\/09\/EL-SAL4-wpv_255xauto.jpg\" width=\"255\" height=\"auto\" alt=\"\" \/><\/a><\/div>\n<div class=\"cat-home-title\"><a href=\"https:\/\/awf.world\/fr\/awf-video-view\/projet-de-secours-covid-19-el-salvador-cma-apopa\/\">Projet de Secours COVID-19 : El Salvador &#8211; CMA Apopa<\/a><\/div>\n <div class=\"cat-home-date\">septembre 29, 2020<\/div>\n<div class=\"cat-home-short-description\">  <\/div>\n\n<\/div>\n\t\n\t\t<div class=\"cat-home\">\n<div class=\"cat-home-category\"><\/div>\n<div class=\"cat-home-img\"><a href=\"https:\/\/awf.world\/fr\/awf-video-view\/170-000-personnes-benies-par-la-reponse-mondiale-de-luma-au-covid-19\/\"><img decoding=\"async\" class=\"attachment-255xauto size-255xauto\" src=\"https:\/\/awf.world\/wp-content\/uploads\/2020\/09\/2020-09-29-4-wpv_255xauto.png\" width=\"255\" height=\"auto\" alt=\"\" \/><\/a><\/div>\n<div class=\"cat-home-title\"><a href=\"https:\/\/awf.world\/fr\/awf-video-view\/170-000-personnes-benies-par-la-reponse-mondiale-de-luma-au-covid-19\/\">170 000 Personnes B\u00e9nies par la R\u00e9ponse Mondiale de l\u2019UMA au COVID-19<\/a><\/div>\n <div class=\"cat-home-date\">septembre 29, 2020<\/div>\n<div class=\"cat-home-short-description\">  <\/div>\n\n<\/div>\n\t\n\t\t<div class=\"cat-home\">\n<div class=\"cat-home-category\"><\/div>\n<div class=\"cat-home-img\"><a href=\"https:\/\/awf.world\/fr\/awf-video-view\/nous-sommes-alliance-eunice-ron-mateo\/\"><img decoding=\"async\" class=\"attachment-255xauto size-255xauto\" src=\"https:\/\/awf.world\/wp-content\/uploads\/2020\/09\/EleazarEunice-wpv_255xauto.jpg\" width=\"255\" height=\"auto\" alt=\"\" \/><\/a><\/div>\n<div class=\"cat-home-title\"><a href=\"https:\/\/awf.world\/fr\/awf-video-view\/nous-sommes-alliance-eunice-ron-mateo\/\">Nous Sommes Alliance : Eunice Ron Mateo<\/a><\/div>\n <div class=\"cat-home-date\">septembre 28, 2020<\/div>\n<div class=\"cat-home-short-description\">  <\/div>\n\n<\/div>\n\t\n\t\t<div class=\"cat-home\">\n<div class=\"cat-home-category\"><\/div>\n<div class=\"cat-home-img\"><a href=\"https:\/\/awf.world\/fr\/awf-video-view\/nous-sommes-alliance-telliano-faya-samuel\/\"><img decoding=\"async\" class=\"attachment-255xauto size-255xauto\" src=\"https:\/\/awf.world\/wp-content\/uploads\/2020\/09\/Faya-Samuel-Telliano1-wpv_255xauto.jpg\" width=\"255\" height=\"auto\" alt=\"\" \/><\/a><\/div>\n<div class=\"cat-home-title\"><a href=\"https:\/\/awf.world\/fr\/awf-video-view\/nous-sommes-alliance-telliano-faya-samuel\/\">Nous Sommes Alliance : Telliano Faya Samuel<\/a><\/div>\n <div class=\"cat-home-date\">septembre 28, 2020<\/div>\n<div class=\"cat-home-short-description\">  <\/div>\n\n<\/div>\n\t\n\t\t<div class=\"cat-home\">\n<div class=\"cat-home-category\"><\/div>\n<div class=\"cat-home-img\"><a href=\"https:\/\/awf.world\/fr\/awf-video-view\/nous-sommes-alliance-nadia-arias\/\"><img decoding=\"async\" class=\"attachment-255xauto size-255xauto\" src=\"https:\/\/awf.world\/wp-content\/uploads\/2020\/09\/Naida-Arias-wpv_255xauto.jpg\" width=\"255\" height=\"auto\" alt=\"\" \/><\/a><\/div>\n<div class=\"cat-home-title\"><a href=\"https:\/\/awf.world\/fr\/awf-video-view\/nous-sommes-alliance-nadia-arias\/\">Nous Sommes Alliance : Nadia Arias<\/a><\/div>\n <div class=\"cat-home-date\">septembre 28, 2020<\/div>\n<div class=\"cat-home-short-description\">  <\/div>\n\n<\/div>\n\t\n\t\t<div class=\"cat-home\">\n<div class=\"cat-home-category\"><a href=\"https:\/\/awf.world\/fr\/category\/news-fr\/\">NOUVELLES<\/a><\/div>\n<div class=\"cat-home-img\"><a href=\"https:\/\/awf.world\/fr\/awf-news\/170-000-personnes-benies-par-la-reponse-mondiale-de-luma-au-covid-19\/\"><img decoding=\"async\" class=\"attachment-255xauto size-255xauto\" src=\"https:\/\/awf.world\/wp-content\/uploads\/2020\/09\/EL749E1-wpv_255xauto.jpg\" width=\"255\" height=\"auto\" alt=\"\" \/><\/a><\/div>\n<div class=\"cat-home-title\"><a href=\"https:\/\/awf.world\/fr\/awf-news\/170-000-personnes-benies-par-la-reponse-mondiale-de-luma-au-covid-19\/\">170 000 Personnes B\u00e9nies par la R\u00e9ponse Mondiale de l\u2019UMA au COVID-19<\/a><\/div>\n <div class=\"cat-home-date\">septembre 23, 2020<\/div>\n<div class=\"cat-home-short-description\">  <p>Au cours de la premi\u00e8re phase de la R\u00e9ponse Mondiale de l\u2019UMA au COVID-19, nous avons pu allouer plus de 100 000 USD en subventions pour r\u00e9pondre aux besoins de secours imm\u00e9diats des congr\u00e9gations et des communaut\u00e9s. Plus de 170 000 personnes de communaut\u00e9s vuln\u00e9rables ont re\u00e7u de la nourriture et des produits d\u2019hygi\u00e8ne de la part de b\u00e9n\u00e9voles des \u00e9glises locales de l\u2019Alliance.<\/p>\n<\/div>\n\n<\/div>\n\t\n\t\t<div class=\"cat-home\">\n<div class=\"cat-home-category\"><a href=\"https:\/\/awf.world\/fr\/category\/news-fr\/\">NOUVELLES<\/a><\/div>\n<div class=\"cat-home-img\"><a href=\"https:\/\/awf.world\/fr\/awf-news\/missions-de-lalliance\/\"><img decoding=\"async\" class=\"attachment-255xauto size-255xauto\" src=\"https:\/\/awf.world\/wp-content\/uploads\/2020\/09\/Mission-Leaders-Meeting_Germany_2019-041-wpv_255xauto.jpeg\" width=\"255\" height=\"auto\" alt=\"\" \/><\/a><\/div>\n<div class=\"cat-home-title\"><a href=\"https:\/\/awf.world\/fr\/awf-news\/missions-de-lalliance\/\">D\u00e9fis et Opportunit\u00e9s pour les Missions de l\u2019Alliance<\/a><\/div>\n <div class=\"cat-home-date\">septembre 17, 2020<\/div>\n<div class=\"cat-home-short-description\">  <p>Les leaders des missions des \u00e9glises nationales de l\u2019Alliance se r\u00e9uniront en octobre pour discerner ensemble la direction de Dieu pour notre mouvement. La formation de disciples, les hommes d\u2019affaires en mission, le minist\u00e8re de la compassion et les missions de la diaspora sont quelques-uns des sujets qui seront abord\u00e9s.<\/p>\n<\/div>\n\n<\/div>\n\t\n\t\t<div class=\"cat-home\">\n<div class=\"cat-home-category\"><a href=\"https:\/\/awf.world\/fr\/category\/latin-america-fr\/\">AM\u00c9RIQUE LATINE<\/a>\/<a href=\"https:\/\/awf.world\/fr\/category\/news-fr\/\">NOUVELLES<\/a><\/div>\n<div class=\"cat-home-img\"><a href=\"https:\/\/awf.world\/fr\/awf-news\/la-deuxieme-partie-de-la-mise-a-jour-ministerielle-en-amerique-latine-se-concentrera-sur-les-pasteurs-et-les-leaders-emergents\/\"><img decoding=\"async\" class=\"attachment-255xauto size-255xauto\" src=\"https:\/\/awf.world\/wp-content\/uploads\/2020\/09\/2020-08-31-1-wpv_255xauto.png\" width=\"255\" height=\"auto\" alt=\"\" \/><\/a><\/div>\n<div class=\"cat-home-title\"><a href=\"https:\/\/awf.world\/fr\/awf-news\/la-deuxieme-partie-de-la-mise-a-jour-ministerielle-en-amerique-latine-se-concentrera-sur-les-pasteurs-et-les-leaders-emergents\/\">La Deuxi\u00e8me Partie de la Mise \u00e0 Jour Minist\u00e9rielle en Am\u00e9rique latine se Concentrera sur les Pasteurs et les Leaders \u00c9mergents<\/a><\/div>\n <div class=\"cat-home-date\">septembre 14, 2020<\/div>\n<div class=\"cat-home-short-description\">  <p>La Mise \u00e0 Jour Minist\u00e9rielle pr\u00e9sentera la philosophie du minist\u00e8re qui anime la mission d\u2019une g\u00e9n\u00e9ration qui assume des r\u00f4les cl\u00e9s en Am\u00e9rique latine, \u00e0 partir du 21 septembre.<\/p>\n<\/div>\n\n<\/div>\n\t\n\t\t<div class=\"cat-home\">\n<div class=\"cat-home-category\"><\/div>\n<div class=\"cat-home-img\"><a href=\"https:\/\/awf.world\/fr\/awf-video-view\/nous-sommes-alliance-yao-serge-armand\/\"><img decoding=\"async\" class=\"attachment-255xauto size-255xauto\" src=\"https:\/\/awf.world\/wp-content\/uploads\/2020\/09\/Yao-Serge-Armand1-wpv_255xauto.jpg\" width=\"255\" height=\"auto\" alt=\"\" \/><\/a><\/div>\n<div class=\"cat-home-title\"><a href=\"https:\/\/awf.world\/fr\/awf-video-view\/nous-sommes-alliance-yao-serge-armand\/\">Nous Sommes Alliance : Yao Serge-Armand<\/a><\/div>\n <div class=\"cat-home-date\">septembre 9, 2020<\/div>\n<div class=\"cat-home-short-description\">  <\/div>\n\n<\/div>\n\t\n\t\t<div class=\"cat-home\">\n<div class=\"cat-home-category\"><\/div>\n<div class=\"cat-home-img\"><a href=\"https:\/\/awf.world\/fr\/awf-video-view\/nous-sommes-alliance-jim-rudd\/\"><img decoding=\"async\" class=\"attachment-255xauto size-255xauto\" src=\"https:\/\/awf.world\/wp-content\/uploads\/2020\/09\/Jim-Rudd7-wpv_255xauto.jpg\" width=\"255\" height=\"auto\" alt=\"\" \/><\/a><\/div>\n<div class=\"cat-home-title\"><a href=\"https:\/\/awf.world\/fr\/awf-video-view\/nous-sommes-alliance-jim-rudd\/\">Nous Sommes Alliance : Jim Rudd<\/a><\/div>\n <div class=\"cat-home-date\">septembre 9, 2020<\/div>\n<div class=\"cat-home-short-description\">  <\/div>\n\n<\/div>\n\t\n\t\t<div class=\"cat-home\">\n<div class=\"cat-home-category\"><\/div>\n<div class=\"cat-home-img\"><a href=\"https:\/\/awf.world\/fr\/awf-video-view\/nous-sommes-alliance-sonia-paredes\/\"><img decoding=\"async\" class=\"attachment-255xauto size-255xauto\" src=\"https:\/\/awf.world\/wp-content\/uploads\/2020\/09\/Sonia-Paredes_7-wpv_255xauto.jpg\" width=\"255\" height=\"auto\" alt=\"\" \/><\/a><\/div>\n<div class=\"cat-home-title\"><a href=\"https:\/\/awf.world\/fr\/awf-video-view\/nous-sommes-alliance-sonia-paredes\/\">Nous Sommes Alliance : Sonia Paredes<\/a><\/div>\n <div class=\"cat-home-date\">septembre 9, 2020<\/div>\n<div class=\"cat-home-short-description\">  <\/div>\n\n<\/div>\n\t\n\t\t<div class=\"cat-home\">\n<div class=\"cat-home-category\"><\/div>\n<div class=\"cat-home-img\"><a href=\"https:\/\/awf.world\/fr\/awf-video-view\/nous-sommes-alliance-grace-lung\/\"><img decoding=\"async\" class=\"attachment-255xauto size-255xauto\" src=\"https:\/\/awf.world\/wp-content\/uploads\/2020\/09\/Grace-Lung_Cover-wpv_255xauto.jpg\" width=\"255\" height=\"auto\" alt=\"\" \/><\/a><\/div>\n<div class=\"cat-home-title\"><a href=\"https:\/\/awf.world\/fr\/awf-video-view\/nous-sommes-alliance-grace-lung\/\">Nous Sommes Alliance : Grace Lung<\/a><\/div>\n <div class=\"cat-home-date\">septembre 4, 2020<\/div>\n<div class=\"cat-home-short-description\">  <\/div>\n\n<\/div>\n\t\n\t\t<div class=\"cat-home\">\n<div class=\"cat-home-category\"><a href=\"https:\/\/awf.world\/fr\/category\/europe-middle-east\/\">EUROPE &amp; MIDDLE EAST<\/a>\/<a href=\"https:\/\/awf.world\/fr\/category\/news-fr\/\">NOUVELLES<\/a><\/div>\n<div class=\"cat-home-img\"><a href=\"https:\/\/awf.world\/fr\/awf-news\/la-reconstruction-de-la-cma-de-beyrouth\/\"><img decoding=\"async\" class=\"attachment-255xauto size-255xauto\" src=\"https:\/\/awf.world\/wp-content\/uploads\/2020\/08\/Beirut-Lebanon_Explosion_2020-08-044-wpv_255xauto.jpg\" width=\"255\" height=\"auto\" alt=\"\" \/><\/a><\/div>\n<div class=\"cat-home-title\"><a href=\"https:\/\/awf.world\/fr\/awf-news\/la-reconstruction-de-la-cma-de-beyrouth\/\">La Reconstruction de la CMA de Beyrouth<\/a><\/div>\n <div class=\"cat-home-date\">ao\u00fbt 24, 2020<\/div>\n<div class=\"cat-home-short-description\">  <p>\u00ab Penser que tous ces d\u00e9g\u00e2ts se sont produits en une seconde, mais qu\u2019il faut environ un an pour les r\u00e9parer, c\u2019est \u00e9poustouflant ! \u00bb dit le Dr Milad Dagher, pasteur de l\u2019Alliance au Liban. L\u2019explosion qui s\u2019est produite \u00e0 Beyrouth le 4 ao\u00fbt de cette ann\u00e9e a endommag\u00e9 plusieurs b\u00e2timents, dont l\u2019Institut de Th\u00e9ologie de l\u2019Alliance Chr\u00e9tienne (CAIT), des \u00e9glises, des minist\u00e8res et des bureaux. Prions et trouvons des moyens d\u2019aider nos fr\u00e8res et s\u0153urs \u00e0 se reconstruire.<\/p>\n<\/div>\n\n<\/div>\n\t\n\t\t<div class=\"cat-home\">\n<div class=\"cat-home-category\"><a href=\"https:\/\/awf.world\/fr\/category\/news-fr\/\">NOUVELLES<\/a><\/div>\n<div class=\"cat-home-img\"><a href=\"https:\/\/awf.world\/fr\/awf-news\/la-lutte-contre-linsecurite-alimentaire-et-le-covid-19-nous-aide-a-remplir-notre-mandat\/\"><img decoding=\"async\" class=\"attachment-255xauto size-255xauto\" src=\"https:\/\/awf.world\/wp-content\/uploads\/2020\/08\/Worldmap2-wpv_255xauto.png\" width=\"255\" height=\"auto\" alt=\"\" \/><\/a><\/div>\n<div class=\"cat-home-title\"><a href=\"https:\/\/awf.world\/fr\/awf-news\/la-lutte-contre-linsecurite-alimentaire-et-le-covid-19-nous-aide-a-remplir-notre-mandat\/\">La Lutte Contre l\u2019Ins\u00e9curit\u00e9 Alimentaire et le COVID-19 Nous Aide \u00e0 Remplir Notre Mandat<\/a><\/div>\n <div class=\"cat-home-date\">ao\u00fbt 24, 2020<\/div>\n<div class=\"cat-home-short-description\">  <p>R\u00e9pondre aux besoins des communaut\u00e9s que nous servons fait partie de notre mandat d\u2019annoncer le Christ \u00e0 toutes les nations. Alors que la r\u00e9ponse mondiale de l\u2019UMA au COVID-19 entre dans sa deuxi\u00e8me phase (projets de d\u00e9veloppement), nous avons r\u00e9alis\u00e9 que l\u2019ins\u00e9curit\u00e9 alimentaire avait \u00e9t\u00e9 intensifi\u00e9e par cette pand\u00e9mie et pourrait avoir un impact durable sur les communaut\u00e9s vuln\u00e9rables. Veuillez lire cet article et prions ensemble avec un objectif clair alors que nous avan\u00e7ons pour remplir notre mandat de t\u00e9moigner de notre foi en Christ par des paroles et des actes.<\/p>\n<\/div>\n\n<\/div>\n\t\n\t\t<div class=\"cat-home\">\n<div class=\"cat-home-category\"><a href=\"https:\/\/awf.world\/fr\/category\/latin-america-fr\/\">AM\u00c9RIQUE LATINE<\/a>\/<a href=\"https:\/\/awf.world\/fr\/category\/news-fr\/\">NOUVELLES<\/a><\/div>\n<div class=\"cat-home-img\"><a href=\"https:\/\/awf.world\/fr\/awf-news\/preparer-les-pasteurs-damerique-latine-au-ministere-en-ces-temps-nouveaux\/\"><img decoding=\"async\" class=\"attachment-255xauto size-255xauto\" src=\"https:\/\/awf.world\/wp-content\/uploads\/2020\/08\/Webinar-CLA_2020-08-24-wpv_255xauto.jpg\" width=\"255\" height=\"auto\" alt=\"\" \/><\/a><\/div>\n<div class=\"cat-home-title\"><a href=\"https:\/\/awf.world\/fr\/awf-news\/preparer-les-pasteurs-damerique-latine-au-ministere-en-ces-temps-nouveaux\/\">Pr\u00e9parer les Pasteurs d\u2019Am\u00e9rique Latine au Minist\u00e8re en ces Temps Nouveaux<\/a><\/div>\n <div class=\"cat-home-date\">ao\u00fbt 24, 2020<\/div>\n<div class=\"cat-home-short-description\">  <p>La R\u00e9gion d\u2019Am\u00e9rique Latine de l\u2019UMA organise des webinaires pour informer ses pr\u00e9sidents, missionnaires, pasteurs et dirigeants ex\u00e9cutifs du continent de la r\u00e9ponse globale de l\u2019UMA au COVID-19. Les webinaires sont le r\u00e9sultat de r\u00e9unions tenues avec les pr\u00e9sidents nationaux au cours du premier semestre 2020.<\/p>\n<\/div>\n\n<\/div>\n\t\n\t\t<div class=\"cat-home\">\n<div class=\"cat-home-category\"><a href=\"https:\/\/awf.world\/fr\/category\/awf-office-fr\/\">BUREAU DE l'AWF<\/a>\/<a href=\"https:\/\/awf.world\/fr\/category\/news-fr\/\">NOUVELLES<\/a><\/div>\n<div class=\"cat-home-img\"><a href=\"https:\/\/awf.world\/fr\/awf-news\/nous-sommes-alliance-partagez-et-interagissez-avec-les-eglises-de-lalliance-du-monde-entier\/\"><img decoding=\"async\" class=\"attachment-255xauto size-255xauto\" src=\"https:\/\/awf.world\/wp-content\/uploads\/2020\/08\/We-Are-Alliance_Cover_FR-wpv_255xauto.jpg\" width=\"255\" height=\"auto\" alt=\"\" \/><\/a><\/div>\n<div class=\"cat-home-title\"><a href=\"https:\/\/awf.world\/fr\/awf-news\/nous-sommes-alliance-partagez-et-interagissez-avec-les-eglises-de-lalliance-du-monde-entier\/\">Nous Sommes Alliance &#8211; Partagez et Interagissez avec les \u00c9glises de l\u2019Alliance du Monde Entier !<\/a><\/div>\n <div class=\"cat-home-date\">ao\u00fbt 23, 2020<\/div>\n<div class=\"cat-home-short-description\">  <p>Depuis 2018, l\u2019Union Mondiale de l\u2019Alliance publie de courtes vid\u00e9os sur son site Web et sur les r\u00e9seaux sociaux pour renforcer l\u2019id\u00e9e que chacun de nous n\u2019est pas seulement un membre de l\u2019\u00e9glise locale de l\u2019Alliance, mais que nous faisons partie d\u2019une famille mondiale. Pour renforcer cette connexion, nous aimerions vous inviter \u00e0 faire partie de cette campagne.<\/p>\n<\/div>\n\n<\/div>\n\t\n\t\t<div class=\"cat-home\">\n<div class=\"cat-home-category\"><a href=\"https:\/\/awf.world\/fr\/category\/asia-pacific\/\">ASIA &amp; PACIFIC<\/a>\/<a href=\"https:\/\/awf.world\/fr\/category\/news-fr\/\">NOUVELLES<\/a><\/div>\n<div class=\"cat-home-img\"><a href=\"https:\/\/awf.world\/fr\/awf-news\/le-defi-extraordinaire-de-la-foi-des-parents-birmans-au-milieu-de-la-douleur\/\"><img decoding=\"async\" class=\"attachment-255xauto size-255xauto\" src=\"https:\/\/awf.world\/wp-content\/uploads\/2020\/08\/Nathan_Thailand_2020-06-282-wpv_255xauto.jpg\" width=\"255\" height=\"auto\" alt=\"\" \/><\/a><\/div>\n<div class=\"cat-home-title\"><a href=\"https:\/\/awf.world\/fr\/awf-news\/le-defi-extraordinaire-de-la-foi-des-parents-birmans-au-milieu-de-la-douleur\/\">Le D\u00e9fi Extraordinaire de la Foi des Parents Birmans au Milieu de la Douleur<\/a><\/div>\n <div class=\"cat-home-date\">ao\u00fbt 7, 2020<\/div>\n<div class=\"cat-home-short-description\">  <p>La perte d\u2019un b\u00e9b\u00e9 peut \u00eatre une raison puissante et compr\u00e9hensible d\u2019abandonner une mission. Pas pour les parents de Nathan. Le fils d\u2019un an de Lagyi Sin Nang et Sarawut Sikrinpacdekun, un couple de missionnaires birmans en Tha\u00eflande, est d\u00e9c\u00e9d\u00e9 r\u00e9cemment. Il a \u00e9t\u00e9 gri\u00e8vement bless\u00e9 lorsqu\u2019un haut-parleur audio est tomb\u00e9 sur lui lors d\u2019un culte. Malgr\u00e9 la profonde tristesse, ses parents ont d\u00e9cid\u00e9 de continuer \u00e0 s\u2019accrocher \u00e0 Dieu et \u00e0 Lui faire confiance, travaillant parmi les migrants birmans \u00e0 Bangkok.<\/p>\n<\/div>\n\n<\/div>\n\t\n\t\t<div class=\"cat-home\">\n<div class=\"cat-home-category\"><a href=\"https:\/\/awf.world\/fr\/category\/europe-middle-east\/\">EUROPE &amp; MIDDLE EAST<\/a>\/<a href=\"https:\/\/awf.world\/fr\/category\/news-fr\/\">NOUVELLES<\/a><\/div>\n<div class=\"cat-home-img\"><a href=\"https:\/\/awf.world\/fr\/awf-news\/un-appel-a-soutenir-notre-famille-de-lalliance-a-beyrouth\/\"><img decoding=\"async\" class=\"attachment-255xauto size-255xauto\" src=\"https:\/\/awf.world\/wp-content\/uploads\/2020\/08\/Pray-for-Lebanon-wpv_255xauto.jpg\" width=\"255\" height=\"auto\" alt=\"\" \/><\/a><\/div>\n<div class=\"cat-home-title\"><a href=\"https:\/\/awf.world\/fr\/awf-news\/un-appel-a-soutenir-notre-famille-de-lalliance-a-beyrouth\/\">Un Appel \u00e0 Soutenir notre Famille de l\u2019Alliance \u00e0 Beyrouth<\/a><\/div>\n <div class=\"cat-home-date\">ao\u00fbt 5, 2020<\/div>\n<div class=\"cat-home-short-description\">  <p>Plusieurs membres des \u00c9glises de l\u2019Alliance situ\u00e9es \u00e0 Beyrouth, Liban, ont \u00e9t\u00e9 bless\u00e9s et leurs maisons endommag\u00e9es par l\u2019explosion dans le port de Beyrouth survenue hier. Veuillez prier pour notre famille de l\u2019Alliance l\u00e0-bas, et pour le r\u00e9tablissement du peuple, de l\u2019\u00e9glise et de la ville de Beyrouth.<\/p>\n<\/div>\n\n<\/div>\n\t\n\t\t<div class=\"cat-home\">\n<div class=\"cat-home-category\"><a href=\"https:\/\/awf.world\/fr\/category\/europe-middle-east\/\">EUROPE &amp; MIDDLE EAST<\/a>\/<a href=\"https:\/\/awf.world\/fr\/category\/news-fr\/\">NOUVELLES<\/a><\/div>\n<div class=\"cat-home-img\"><a href=\"https:\/\/awf.world\/fr\/awf-news\/le-pasteur-syrien-bahij-khoury-revient-vers-notre-pere-celeste\/\"><img decoding=\"async\" class=\"attachment-255xauto size-255xauto\" src=\"https:\/\/awf.world\/wp-content\/uploads\/2020\/08\/Baheej-Khoury_Syria3-wpv_255xauto.jpg\" width=\"255\" height=\"auto\" alt=\"\" \/><\/a><\/div>\n<div class=\"cat-home-title\"><a href=\"https:\/\/awf.world\/fr\/awf-news\/le-pasteur-syrien-bahij-khoury-revient-vers-notre-pere-celeste\/\">Le Pasteur Syrien Bahij Khoury Revient Vers Notre P\u00e8re C\u00e9leste<\/a><\/div>\n <div class=\"cat-home-date\">ao\u00fbt 5, 2020<\/div>\n<div class=\"cat-home-short-description\">  <p>Le r\u00e9v\u00e9rend Bahij Khoury a \u00e9t\u00e9 pris dans la gloire apr\u00e8s une vie pleine de riches fruits \u00e9ternels. Il a fid\u00e8lement servi le Seigneur pendant plus de soixante ans, et il a \u00e9t\u00e9 un cadeau sp\u00e9cial pour l\u2019\u00c9glise de l\u2019Alliance en Syrie.<\/p>\n<\/div>\n\n<\/div>\n\t\n\t\t<div class=\"cat-home\">\n<div class=\"cat-home-category\"><a href=\"https:\/\/awf.world\/fr\/category\/afrique\/\">AFRIQUE<\/a>\/<a href=\"https:\/\/awf.world\/fr\/category\/europe-middle-east\/\">EUROPE &amp; MIDDLE EAST<\/a>\/<a href=\"https:\/\/awf.world\/fr\/category\/news-fr\/\">NOUVELLES<\/a><\/div>\n<div class=\"cat-home-img\"><a href=\"https:\/\/awf.world\/fr\/awf-news\/les-unions-de-lalliance-soudanaise-se-developpent\/\"><img decoding=\"async\" class=\"attachment-255xauto size-255xauto\" src=\"https:\/\/awf.world\/wp-content\/uploads\/2020\/08\/North-Africa_Morocco1-wpv_255xauto.jpg\" width=\"255\" height=\"auto\" alt=\"\" \/><\/a><\/div>\n<div class=\"cat-home-title\"><a href=\"https:\/\/awf.world\/fr\/awf-news\/les-unions-de-lalliance-soudanaise-se-developpent\/\">Les Unions de l\u2019Alliance Soudanaise se D\u00e9veloppent<\/a><\/div>\n <div class=\"cat-home-date\">ao\u00fbt 5, 2020<\/div>\n<div class=\"cat-home-short-description\">  <p>Plus t\u00f4t cette ann\u00e9e, nous avons assist\u00e9 aux premiers pas des Unions de l\u2019Alliance Soudanaise en Afrique du Nord. Ils traduisent la Parole de Dieu dans la langue maternelle des croyants, forment de nouveaux dirigeants et diacres, et bien plus encore. Ils continuent \u00e0 grandir \u00e0 merveille malgr\u00e9 cette p\u00e9riode difficile.<\/p>\n<\/div>\n\n<\/div>\n\t\n\t\t<div class=\"cat-home\">\n<div class=\"cat-home-category\"><\/div>\n<div class=\"cat-home-img\"><a href=\"https:\/\/awf.world\/fr\/awf-video-view\/nous-sommes-alliance-beatrice-koopmann\/\"><img decoding=\"async\" class=\"attachment-255xauto size-255xauto\" src=\"https:\/\/awf.world\/wp-content\/uploads\/2020\/07\/Beatrice-Koopmann-wpv_255xauto.jpg\" width=\"255\" height=\"auto\" alt=\"\" \/><\/a><\/div>\n<div class=\"cat-home-title\"><a href=\"https:\/\/awf.world\/fr\/awf-video-view\/nous-sommes-alliance-beatrice-koopmann\/\">Nous Sommes Alliance : Beatrice Koopmann<\/a><\/div>\n <div class=\"cat-home-date\">juillet 27, 2020<\/div>\n<div class=\"cat-home-short-description\">  <\/div>\n\n<\/div>\n\t\n\t\t<div class=\"cat-home\">\n<div class=\"cat-home-category\"><\/div>\n<div class=\"cat-home-img\"><a href=\"https:\/\/awf.world\/fr\/awf-video-view\/nous-sommes-alliance-ivan-bonilla\/\"><img decoding=\"async\" class=\"attachment-255xauto size-255xauto\" src=\"https:\/\/awf.world\/wp-content\/uploads\/2020\/07\/Ivan-Bonilla-1-wpv_255xauto.jpg\" width=\"255\" height=\"auto\" alt=\"\" \/><\/a><\/div>\n<div class=\"cat-home-title\"><a href=\"https:\/\/awf.world\/fr\/awf-video-view\/nous-sommes-alliance-ivan-bonilla\/\">Nous Sommes Alliance : Iv\u00e1n Bonilla<\/a><\/div>\n <div class=\"cat-home-date\">juillet 8, 2020<\/div>\n<div class=\"cat-home-short-description\">  <\/div>\n\n<\/div>\n\t\n\t\t<div class=\"cat-home\">\n<div class=\"cat-home-category\"><a href=\"https:\/\/awf.world\/fr\/category\/latin-america-fr\/\">AM\u00c9RIQUE LATINE<\/a>\/<a href=\"https:\/\/awf.world\/fr\/category\/news-fr\/\">NOUVELLES<\/a><\/div>\n<div class=\"cat-home-img\"><a href=\"https:\/\/awf.world\/fr\/awf-news\/en-colombie-les-eglises-des-villes-recoivent-des-fonds-grace-aux-freres-autochtones\/\"><img decoding=\"async\" class=\"attachment-255xauto size-255xauto\" src=\"https:\/\/awf.world\/wp-content\/uploads\/2020\/07\/CAMA-Services_Colombia2-wpv_255xauto.jpeg\" width=\"255\" height=\"auto\" alt=\"\" \/><\/a><\/div>\n<div class=\"cat-home-title\"><a href=\"https:\/\/awf.world\/fr\/awf-news\/en-colombie-les-eglises-des-villes-recoivent-des-fonds-grace-aux-freres-autochtones\/\">En Colombie, les \u00c9glises des Villes re\u00e7oivent des Fonds Gr\u00e2ce aux Fr\u00e8res Autochtones<\/a><\/div>\n <div class=\"cat-home-date\">juillet 6, 2020<\/div>\n<div class=\"cat-home-short-description\">  <p>Au d\u00e9but de la pand\u00e9mie de COVID-19, les pasteurs colombiens ont d\u00fb fermer les portes de leurs \u00e9glises. Puis ils ont demand\u00e9 : que faisons-nous maintenant ?<\/p>\n<\/div>\n\n<\/div>\n\t\n\t\t<div class=\"cat-home\">\n<div class=\"cat-home-category\"><\/div>\n<div class=\"cat-home-img\"><a href=\"https:\/\/awf.world\/fr\/awf-video-view\/nous-sommes-alliance-david-paksoal\/\"><img decoding=\"async\" class=\"attachment-255xauto size-255xauto\" src=\"https:\/\/awf.world\/wp-content\/uploads\/2020\/06\/David-Paksoal_Indonesia-1-wpv_255xauto.png\" width=\"255\" height=\"auto\" alt=\"\" \/><\/a><\/div>\n<div class=\"cat-home-title\"><a href=\"https:\/\/awf.world\/fr\/awf-video-view\/nous-sommes-alliance-david-paksoal\/\">Nous Sommes Alliance : David Paksoal<\/a><\/div>\n <div class=\"cat-home-date\">juin 26, 2020<\/div>\n<div class=\"cat-home-short-description\">  <\/div>\n\n<\/div>\n\t\n\t\t<div class=\"cat-home\">\n<div class=\"cat-home-category\"><\/div>\n<div class=\"cat-home-img\"><a href=\"https:\/\/awf.world\/fr\/awf-video-view\/nous-sommes-alliance-eoghan-cosgrave\/\"><img decoding=\"async\" class=\"attachment-255xauto size-255xauto\" src=\"https:\/\/awf.world\/wp-content\/uploads\/2020\/06\/Eoghan-Cosgrave-wpv_255xauto.png\" width=\"255\" height=\"auto\" alt=\"\" \/><\/a><\/div>\n<div class=\"cat-home-title\"><a href=\"https:\/\/awf.world\/fr\/awf-video-view\/nous-sommes-alliance-eoghan-cosgrave\/\">Nous Sommes Alliance : Eoghan Cosgrave<\/a><\/div>\n <div class=\"cat-home-date\">juin 24, 2020<\/div>\n<div class=\"cat-home-short-description\">  <\/div>\n\n<\/div>\n\t\n\t\t<div class=\"cat-home\">\n<div class=\"cat-home-category\"><a href=\"https:\/\/awf.world\/fr\/category\/news-fr\/\">NOUVELLES<\/a><\/div>\n<div class=\"cat-home-img\"><a href=\"https:\/\/awf.world\/fr\/awf-news\/la-reponse-mondiale-de-luma-a-covid-19-va-envoyer-des-fonds-aux-projets-recompenses\/\"><img decoding=\"async\" class=\"attachment-255xauto size-255xauto\" src=\"https:\/\/awf.world\/wp-content\/uploads\/2020\/06\/Relief-and-Development8-wpv_255xauto.jpg\" width=\"255\" height=\"auto\" alt=\"\" \/><\/a><\/div>\n<div class=\"cat-home-title\"><a href=\"https:\/\/awf.world\/fr\/awf-news\/la-reponse-mondiale-de-luma-a-covid-19-va-envoyer-des-fonds-aux-projets-recompenses\/\">170 000 Personnes B\u00e9nies par la R\u00e9ponse Mondiale de l\u2019UMA \u00e0 COVID-19<\/a><\/div>\n <div class=\"cat-home-date\">juin 11, 2020<\/div>\n<div class=\"cat-home-short-description\">  <p>La Famille de l\u2019Alliance Mondiale dessert des milliers de communaut\u00e9s vuln\u00e9rables dans plus de 50 pays depuis le d\u00e9but de la pand\u00e9mie. Les \u00e9glises locales distribuent de la nourriture, des masques, des soupes et des m\u00e9dicaments et sensibilisent aux bonnes pratiques d\u2019hygi\u00e8ne et \u00e0 l\u2019utilisation de mesures de protection. La R\u00e9ponse Mondiale de l\u2019UMA \u00e0 COVID-19 aidera ces \u00e9glises locales avec plus de financement \u00e0 atteindre 170 000 personnes suppl\u00e9mentaires qui conna\u00eetront l\u2019amour et la mis\u00e9ricorde de Dieu \u00e0 travers les mains de Ses serviteurs.<\/p>\n<\/div>\n\n<\/div>\n\t\n\t\t<div class=\"cat-home\">\n<div class=\"cat-home-category\"><a href=\"https:\/\/awf.world\/fr\/category\/latin-america-fr\/\">AM\u00c9RIQUE LATINE<\/a>\/<a href=\"https:\/\/awf.world\/fr\/category\/news-fr\/\">NOUVELLES<\/a>\/<a href=\"https:\/\/awf.world\/fr\/category\/projects-fr\/\">PROJECTS<\/a><\/div>\n<div class=\"cat-home-img\"><a href=\"https:\/\/awf.world\/fr\/awf-news\/lalliance-a-cuba-au-milieu-du-coronavirus\/\"><img decoding=\"async\" class=\"attachment-255xauto size-255xauto\" src=\"https:\/\/awf.world\/wp-content\/uploads\/2020\/06\/Cuba-in-the-Midst-of-the-Coronavirus_2020-0613b-wpv_255xauto.jpg\" width=\"255\" height=\"auto\" alt=\"\" \/><\/a><\/div>\n<div class=\"cat-home-title\"><a href=\"https:\/\/awf.world\/fr\/awf-news\/lalliance-a-cuba-au-milieu-du-coronavirus\/\">L\u2019Alliance \u00e0 Cuba au Milieu du Coronavirus<\/a><\/div>\n <div class=\"cat-home-date\">juin 11, 2020<\/div>\n<div class=\"cat-home-short-description\">  <p>La CMA \u00e0 Cuba a fait face \u00e0 des difficult\u00e9s croissantes avec la pand\u00e9mie. Le pays a connu des carences dans de nombreux domaines de la vie, de l\u2019acc\u00e8s \u00e0 l\u2019eau et \u00e0 l\u2019\u00e9lectricit\u00e9 \u00e0 l\u2019achat de produits d\u2019hygi\u00e8ne et alimentaires de base. Cette situation s\u2019est aggrav\u00e9e avec le nouveau coronavirus. D\u00e9couvrez comment vous pouvez aider notre famille Alliance \u00e0 Cuba.<\/p>\n<\/div>\n\n<\/div>\n\t\n\t\t<div class=\"cat-home\">\n<div class=\"cat-home-category\"><a href=\"https:\/\/awf.world\/fr\/category\/latin-america-fr\/\">AM\u00c9RIQUE LATINE<\/a>\/<a href=\"https:\/\/awf.world\/fr\/category\/news-fr\/\">NOUVELLES<\/a><\/div>\n<div class=\"cat-home-img\"><a href=\"https:\/\/awf.world\/fr\/awf-news\/en-lhonneur-de-la-missionnaire-chilienne-cecilia-albornoz\/\"><img decoding=\"async\" class=\"attachment-255xauto size-255xauto\" src=\"https:\/\/awf.world\/wp-content\/uploads\/2020\/05\/Cecilia-Albornoz-1-wpv_255xauto.jpg\" width=\"255\" height=\"auto\" alt=\"\" \/><\/a><\/div>\n<div class=\"cat-home-title\"><a href=\"https:\/\/awf.world\/fr\/awf-news\/en-lhonneur-de-la-missionnaire-chilienne-cecilia-albornoz\/\">En l\u2019Honneur de la Missionnaire Chilienne, Cecilia Albornoz<\/a><\/div>\n <div class=\"cat-home-date\">mai 28, 2020<\/div>\n<div class=\"cat-home-short-description\">  <p>\u00ab Cecilia Albornoz : ses convictions, ses paroles, sa joie et son d\u00e9sir d\u2019atteindre les perdus seront grav\u00e9s dans nos c\u0153urs comme un son constant qui durera pour toujours. \u00bb Ce sont les mots du pasteur Jorge Barra, directeur du D\u00e9partement National des Missions (DNM) du Chili, en souvenir de Cecilia, d\u00e9c\u00e9d\u00e9e le 11 mai 2020 dans la ville de Temuco, au Chili.<\/p>\n<\/div>\n\n<\/div>\n\t\n\t\t<div class=\"cat-home\">\n<div class=\"cat-home-category\"><a href=\"https:\/\/awf.world\/fr\/category\/latin-america-fr\/\">AM\u00c9RIQUE LATINE<\/a>\/<a href=\"https:\/\/awf.world\/fr\/category\/news-fr\/\">NOUVELLES<\/a><\/div>\n<div class=\"cat-home-img\"><a href=\"https:\/\/awf.world\/fr\/awf-news\/connaissez-merari-rodriguez-le-nouveau-president-de-leglise-cma-du-guatemala\/\"><img decoding=\"async\" class=\"attachment-255xauto size-255xauto\" src=\"https:\/\/awf.world\/wp-content\/uploads\/2020\/05\/New-President-Guatemala_Merari-Rodriguez_2020-05-wpv_255xauto.jpg\" width=\"255\" height=\"auto\" alt=\"\" \/><\/a><\/div>\n<div class=\"cat-home-title\"><a href=\"https:\/\/awf.world\/fr\/awf-news\/connaissez-merari-rodriguez-le-nouveau-president-de-leglise-cma-du-guatemala\/\">Connaissez Merari Rodr\u00edguez, le Nouveau Pr\u00e9sident de l\u2019\u00c9glise CMA du Guatemala<\/a><\/div>\n <div class=\"cat-home-date\">mai 27, 2020<\/div>\n<div class=\"cat-home-short-description\">  <p>Le r\u00e9v\u00e9rend Merari Rodr\u00edguez a accept\u00e9 notre Seigneur J\u00e9sus \u00e0 l\u2019\u00e2ge de sept ans et a plus de 20 ans d\u2019exp\u00e9rience dans le minist\u00e8re. En tant que nouveau pr\u00e9sident de l\u2019\u00c9glise CMA du Guatemala, il vise la croissance int\u00e9grale continue et le renforcement de la pastorale au Guatemala.<\/p>\n<\/div>\n\n<\/div>\n\t\n\t\t<div class=\"cat-home\">\n<div class=\"cat-home-category\"><a href=\"https:\/\/awf.world\/fr\/category\/news-fr\/\">NOUVELLES<\/a><\/div>\n<div class=\"cat-home-img\"><a href=\"https:\/\/awf.world\/fr\/awf-news\/chefs-des-projets-de-secours-de-covid-19-luma-veut-vous-aider\/\"><img decoding=\"async\" class=\"attachment-255xauto size-255xauto\" src=\"https:\/\/awf.world\/wp-content\/uploads\/2020\/05\/Relief-and-Development1-wpv_255xauto.jpg\" width=\"255\" height=\"auto\" alt=\"\" \/><\/a><\/div>\n<div class=\"cat-home-title\"><a href=\"https:\/\/awf.world\/fr\/awf-news\/chefs-des-projets-de-secours-de-covid-19-luma-veut-vous-aider\/\">Chefs des Projets de Secours de COVID-19 : l\u2019UMA Veut Vous Aider !<\/a><\/div>\n <div class=\"cat-home-date\">mai 25, 2020<\/div>\n<div class=\"cat-home-short-description\">  <p>Dans le cadre de la R\u00e9ponse Mondiale de l\u2019UMA \u00e0 COVID-19, nous demandons aux pasteurs des \u00e9glises locales de l\u2019Alliance qui parrainent des projets de secours de r\u00e9pondre au Questionnaire de Projet de Secours (inserir link) avant le 31 mai 2020. Nous prions pour que les informations que nous recevons aident l\u2019UMA \u00e0 renforcer les mains de ceux qui travaillent de mani\u00e8re significative, productive et s\u00e8ment des graines de t\u00e9moignage de l\u2019amour de Dieu en Christ.<\/p>\n<\/div>\n\n<\/div>\n\t\n\t\t<div class=\"cat-home\">\n<div class=\"cat-home-category\"><a href=\"https:\/\/awf.world\/fr\/category\/europe-middle-east\/\">EUROPE &amp; MIDDLE EAST<\/a>\/<a href=\"https:\/\/awf.world\/fr\/category\/news-fr\/\">NOUVELLES<\/a><\/div>\n<div class=\"cat-home-img\"><a href=\"https:\/\/awf.world\/fr\/awf-news\/appel-pour-sauver-les-installations-du-camp-de-gorni-rodnik-en-russie\/\"><img decoding=\"async\" class=\"attachment-255xauto size-255xauto\" src=\"https:\/\/awf.world\/wp-content\/uploads\/2020\/05\/Gorni-Rodnik-Camp-Russi_2020-051-wpv_255xauto.jpeg\" width=\"255\" height=\"auto\" alt=\"\" \/><\/a><\/div>\n<div class=\"cat-home-title\"><a href=\"https:\/\/awf.world\/fr\/awf-news\/appel-pour-sauver-les-installations-du-camp-de-gorni-rodnik-en-russie\/\">Appel pour Sauver les Installations du Camp de Gorni Rodnik en Russie<\/a><\/div>\n <div class=\"cat-home-date\">mai 24, 2020<\/div>\n<div class=\"cat-home-short-description\">  <p>La famille de l\u2019Alliance en Russie est confront\u00e9e \u00e0 un \u00e9norme d\u00e9fi en raison de la pand\u00e9mie de coronavirus. L\u2019installation de loisirs Gorni Rodnik, o\u00f9 des milliers de gar\u00e7ons et de filles ont \u00e9t\u00e9 touch\u00e9s au fil des ans, a besoin de 3 millions de roubles (41 000 US $) d\u2019ici le 5 juin pour continuer \u00e0 fonctionner. Veuillez prier que Dieu fournisse les ressources n\u00e9cessaires pour pr\u00e9server cette ressource unique pour atteindre les perdus en Russie.<\/p>\n<\/div>\n\n<\/div>\n\t\n\t\t<div class=\"cat-home\">\n<div class=\"cat-home-category\"><a href=\"https:\/\/awf.world\/fr\/category\/news-fr\/\">NOUVELLES<\/a><\/div>\n<div class=\"cat-home-img\"><a href=\"https:\/\/awf.world\/fr\/awf-news\/nous-ne-pourrons-pas-aider-tout-le-monde-mais-nous-pourrons-aider-ceux-qui-nont-rien\/\"><img decoding=\"async\" class=\"attachment-255xauto size-255xauto\" src=\"https:\/\/awf.world\/wp-content\/uploads\/2020\/05\/Global-Response-COVID-19_Africa_2020-05-11-wpv_255xauto.png\" width=\"255\" height=\"auto\" alt=\"\" \/><\/a><\/div>\n<div class=\"cat-home-title\"><a href=\"https:\/\/awf.world\/fr\/awf-news\/nous-ne-pourrons-pas-aider-tout-le-monde-mais-nous-pourrons-aider-ceux-qui-nont-rien\/\">\u00ab Nous ne pourrons pas aider tout le monde, mais nous pourrons aider ceux qui n\u2019ont rien \u00bb<\/a><\/div>\n <div class=\"cat-home-date\">mai 14, 2020<\/div>\n<div class=\"cat-home-short-description\">  <p>Cette phrase a \u00e9t\u00e9 prononc\u00e9e par le pr\u00e9sident d\u2019une \u00e9glise nationale africaine lors d\u2019une des quatre r\u00e9unions de cette semaine visant \u00e0 organiser une r\u00e9ponse mondiale \u00e0 la pand\u00e9mie de COVID-19. Il r\u00e9sume la compr\u00e9hension de nos dirigeants que le d\u00e9fi qui nous attend est au-del\u00e0 de nos capacit\u00e9s, mais Dieu a donn\u00e9 les dispositions n\u00e9cessaires \u00e0 Son peuple, et nous sommes d\u00e9termin\u00e9s \u00e0 le partager avec ceux qui en ont le plus besoin dans les communaut\u00e9s que nous servons.<\/p>\n<\/div>\n\n<\/div>\n\t\n\t\t<div class=\"cat-home\">\n<div class=\"cat-home-category\"><a href=\"https:\/\/awf.world\/fr\/category\/event-fr\/\">EVENT<\/a>\/<a href=\"https:\/\/awf.world\/fr\/category\/news-fr\/\">NOUVELLES<\/a><\/div>\n<div class=\"cat-home-img\"><a href=\"https:\/\/awf.world\/fr\/awf-news\/atelier-et-symposium-quadriennal-de-luma-sur-secours-et-developpement\/\"><img decoding=\"async\" class=\"attachment-255xauto size-255xauto\" src=\"https:\/\/awf.world\/wp-content\/uploads\/2020\/05\/Relief-and-Development1-wpv_255xauto.jpg\" width=\"255\" height=\"auto\" alt=\"\" \/><\/a><\/div>\n<div class=\"cat-home-title\"><a href=\"https:\/\/awf.world\/fr\/awf-news\/atelier-et-symposium-quadriennal-de-luma-sur-secours-et-developpement\/\">Atelier et Symposium Quadriennal de l\u2019UMA sur Secours et D\u00e9veloppement<\/a><\/div>\n <div class=\"cat-home-date\">mai 14, 2020<\/div>\n<div class=\"cat-home-short-description\">  <p>\u00cates-vous un expert des efforts de Secours et de D\u00e9veloppement \u00e0 travers l\u2019\u00c9glise ? Nous avons besoin de toi !<\/p>\n<\/div>\n\n<\/div>\n\t\n\t\t<div class=\"cat-home\">\n<div class=\"cat-home-category\"><a href=\"https:\/\/awf.world\/fr\/category\/latin-america-fr\/\">AM\u00c9RIQUE LATINE<\/a>\/<a href=\"https:\/\/awf.world\/fr\/category\/news-fr\/\">NOUVELLES<\/a><\/div>\n<div class=\"cat-home-img\"><a href=\"https:\/\/awf.world\/fr\/awf-news\/accelerez-son-retour\/\"><img decoding=\"async\" class=\"attachment-255xauto size-255xauto\" src=\"https:\/\/awf.world\/wp-content\/uploads\/2020\/05\/SALT-Ministries_Huancayo-Peru5-wpv_255xauto.jpg\" width=\"255\" height=\"auto\" alt=\"\" \/><\/a><\/div>\n<div class=\"cat-home-title\"><a href=\"https:\/\/awf.world\/fr\/awf-news\/accelerez-son-retour\/\">Acc\u00e9l\u00e9rez Son Retour !<\/a><\/div>\n <div class=\"cat-home-date\">mai 14, 2020<\/div>\n<div class=\"cat-home-short-description\">  <p>Le minist\u00e8re SALT \u00e0 Huancayo, P\u00e9rou, est peut-\u00eatre l\u2019un des minist\u00e8res les plus longs et les plus performants dans le cadre du partenariat CMA et SALT. Des \u00e9tudiants de nombreuses villes des alentours de cette ville viennent \u00e0 des frais consid\u00e9rables pour recevoir une formation en th\u00e9ologie, et beaucoup poursuivent leurs \u00e9tudes et re\u00e7oivent un dipl\u00f4me qu\u2019ils peuvent utiliser \u00e0 bon escient.<\/p>\n<\/div>\n\n<\/div>\n\t\n\t\t<div class=\"cat-home\">\n<div class=\"cat-home-category\"><a href=\"https:\/\/awf.world\/fr\/category\/news-fr\/\">NOUVELLES<\/a><\/div>\n<div class=\"cat-home-img\"><a href=\"https:\/\/awf.world\/fr\/awf-news\/la-famille-de-lalliance-mondiale-travaille-sur-une-reponse-mondiale-au-covid-19\/\"><img decoding=\"async\" class=\"attachment-255xauto size-255xauto\" src=\"https:\/\/awf.world\/wp-content\/uploads\/2020\/04\/Man-looking-over-city-wpv_255xauto.jpg\" width=\"255\" height=\"auto\" alt=\"\" \/><\/a><\/div>\n<div class=\"cat-home-title\"><a href=\"https:\/\/awf.world\/fr\/awf-news\/la-famille-de-lalliance-mondiale-travaille-sur-une-reponse-mondiale-au-covid-19\/\">La Famille de l\u2019Alliance Mondiale Travaille sur une R\u00e9ponse Mondiale au COVID-19<\/a><\/div>\n <div class=\"cat-home-date\">avril 23, 2020<\/div>\n<div class=\"cat-home-short-description\">  <p>L\u2019UMA et CAMA Services (Alliance Missions - USA) travaillent ensemble pour mobiliser une r\u00e9ponse mondiale \u00e0 la pand\u00e9mie de COVID-19. J\u00e9sus est un sauveur compatissant qui nous appelle \u00e0 l\u2019action. En priant ensemble, nous nous sommes sentis oblig\u00e9s de chercher une r\u00e9ponse rapide et efficace aux besoins des personnes les plus vuln\u00e9rables parmi celles desservies par les \u00e9glises de l\u2019Alliance dans le monde. Un lien de donation vers le projet est d\u00e9j\u00e0 en place sur le site Web de l\u2019UMA.<\/p>\n<\/div>\n\n<\/div>\n\t\n\t\t<div class=\"cat-home\">\n<div class=\"cat-home-category\"><a href=\"https:\/\/awf.world\/fr\/category\/news-fr\/\">NOUVELLES<\/a><\/div>\n<div class=\"cat-home-img\"><a href=\"https:\/\/awf.world\/fr\/awf-news\/comment-les-eglises-de-lalliance-du-monde-entier-gerent-elles-la-pandemie\/\"><img decoding=\"async\" class=\"attachment-255xauto size-255xauto\" src=\"https:\/\/awf.world\/wp-content\/uploads\/2020\/04\/Kingdom-God-wpv_255xauto.jpg\" width=\"255\" height=\"auto\" alt=\"\" \/><\/a><\/div>\n<div class=\"cat-home-title\"><a href=\"https:\/\/awf.world\/fr\/awf-news\/comment-les-eglises-de-lalliance-du-monde-entier-gerent-elles-la-pandemie\/\">Comment les \u00c9glises de l\u2019Alliance du Monde Entier G\u00e8rent-elles la Pand\u00e9mie ?<\/a><\/div>\n <div class=\"cat-home-date\">avril 23, 2020<\/div>\n<div class=\"cat-home-short-description\">  <p>Alors que la pand\u00e9mie se d\u00e9veloppe, nous pr\u00e9parons des webinaires pour partager les exp\u00e9riences sur la fa\u00e7on dont les \u00e9glises g\u00e8rent les d\u00e9fis pos\u00e9s par cette pand\u00e9mie.<\/p>\n<\/div>\n\n<\/div>\n\t\n\t\t<div class=\"cat-home\">\n<div class=\"cat-home-category\"><a href=\"https:\/\/awf.world\/fr\/category\/europe-middle-east\/\">EUROPE &amp; MIDDLE EAST<\/a>\/<a href=\"https:\/\/awf.world\/fr\/category\/news-fr\/\">NOUVELLES<\/a><\/div>\n<div class=\"cat-home-img\"><a href=\"https:\/\/awf.world\/fr\/awf-news\/en-periode-de-pandemie-et-disolement-social-leglise-cma-de-mafraq-en-jordanie-utilise-la-technologie-pour-rester-ensemble\/\"><img decoding=\"async\" class=\"attachment-255xauto size-255xauto\" src=\"https:\/\/awf.world\/wp-content\/uploads\/2020\/04\/Mafraq_Jordan_2020-041-wpv_255xauto.jpg\" width=\"255\" height=\"auto\" alt=\"\" \/><\/a><\/div>\n<div class=\"cat-home-title\"><a href=\"https:\/\/awf.world\/fr\/awf-news\/en-periode-de-pandemie-et-disolement-social-leglise-cma-de-mafraq-en-jordanie-utilise-la-technologie-pour-rester-ensemble\/\">En P\u00e9riode de Pand\u00e9mie et d\u2019Isolement Social, l\u2019\u00c9glise CMA de Mafraq, en Jordanie, Utilise la Technologie pour Rester Ensemble<\/a><\/div>\n <div class=\"cat-home-date\">avril 20, 2020<\/div>\n<div class=\"cat-home-short-description\">  <p>Le pasteur Nour et son \u00e9quipe croient que cette crise n\u2019est qu\u2019une occasion de montrer la compassion de Dieu. Ils voient des gens plus ouverts que jamais\u202f! Comme le dit le pasteur Nour, \u00ab En tant que chr\u00e9tiens, nous devons aider les gens dans les moments les plus difficiles de leur vie, car la lumi\u00e8re est la plus n\u00e9cessaire lorsque l\u2019obscurit\u00e9 est la plus grande. \u00bb<\/p>\n<\/div>\n\n<\/div>\n\t\n\t\t<div class=\"cat-home\">\n<div class=\"cat-home-category\"><a href=\"https:\/\/awf.world\/fr\/category\/afrique\/\">AFRIQUE<\/a>\/<a href=\"https:\/\/awf.world\/fr\/category\/news-fr\/\">NOUVELLES<\/a><\/div>\n<div class=\"cat-home-img\"><a href=\"https:\/\/awf.world\/fr\/awf-news\/leglise-cma-en-guinee-est-brulee-la-persecution-sintensifie-dans-les-pays-dafrique-de-louest\/\"><img decoding=\"async\" class=\"attachment-255xauto size-255xauto\" src=\"https:\/\/awf.world\/wp-content\/uploads\/2020\/04\/\u00c9glise-de-Dorota-Guinea_2020-03-224-wpv_255xauto.jpg\" width=\"255\" height=\"auto\" alt=\"\" \/><\/a><\/div>\n<div class=\"cat-home-title\"><a href=\"https:\/\/awf.world\/fr\/awf-news\/leglise-cma-en-guinee-est-brulee-la-persecution-sintensifie-dans-les-pays-dafrique-de-louest\/\">L\u2019\u00c9glise CMA en Guin\u00e9e est Br\u00fbl\u00e9e &#8211; La Pers\u00e9cution s\u2019Intensifie dans les Pays d\u2019Afrique de l\u2019Ouest<\/a><\/div>\n <div class=\"cat-home-date\">avril 1, 2020<\/div>\n<div class=\"cat-home-short-description\">  <p>En plus de la pand\u00e9mie que tout le monde conna\u00eet, la Guin\u00e9e et d\u2019autres pays ouest-africains ont \u00e9t\u00e9 pers\u00e9cut\u00e9s. L\u2019\u00c9glise Protestante \u00c9vang\u00e9lique CMA de Dorata (N\u2019z\u00e9r\u00e9kor\u00e9), r\u00e9put\u00e9e \u00eatre l\u2019une des plus importantes de Guin\u00e9e, a \u00e9t\u00e9 d\u00e9truite par un incendie le soir du 22 mars 2020, \u00e0 la suite d\u2019affrontements politiques et ethniques.<\/p>\n<\/div>\n\n<\/div>\n\t\n\t\t<div class=\"cat-home\">\n<div class=\"cat-home-category\"><a href=\"https:\/\/awf.world\/fr\/category\/news-fr\/\">NOUVELLES<\/a><\/div>\n<div class=\"cat-home-img\"><a href=\"https:\/\/awf.world\/fr\/awf-news\/le-comite-executif-de-luma-se-reunit-pour-planifier-les-prochaines-etapes-alors-que-le-monde-fait-face-a-une-pandemie\/\"><img decoding=\"async\" class=\"attachment-255xauto size-255xauto\" src=\"https:\/\/awf.world\/wp-content\/uploads\/2020\/04\/ExCom-Meeting_Zoom-Videoconference_2020-03-wpv_255xauto.png\" width=\"255\" height=\"auto\" alt=\"\" \/><\/a><\/div>\n<div class=\"cat-home-title\"><a href=\"https:\/\/awf.world\/fr\/awf-news\/le-comite-executif-de-luma-se-reunit-pour-planifier-les-prochaines-etapes-alors-que-le-monde-fait-face-a-une-pandemie\/\">Le Comit\u00e9 Ex\u00e9cutif de l\u2019UMA se R\u00e9unit pour Planifier les Prochaines \u00c9tapes Alors que le Monde fait Face \u00e0 une Pand\u00e9mie<\/a><\/div>\n <div class=\"cat-home-date\">avril 1, 2020<\/div>\n<div class=\"cat-home-short-description\">  <p>Le Comit\u00e9 Ex\u00e9cutif de l\u2019UMA s\u2019est r\u00e9uni la semaine derni\u00e8re \u00e0 l\u2019aide d\u2019un syst\u00e8me de vid\u00e9o-conf\u00e9rence au milieu de la plus grande crise sanitaire mondiale du si\u00e8cle. Les pr\u00e9paratifs de la Convocation Quadriennale de l\u2019UMA, qui aura lieu en octobre 2020, ont attir\u00e9 beaucoup d\u2019attention. Tout le monde s\u2019est r\u00e9joui de r\u00e9aliser que Dieu continue \u00e0 travailler en renfor\u00e7ant l\u2019identit\u00e9 de l\u2019Alliance et en formant de nombreux nouveaux projets missionnaires coop\u00e9ratifs \u00e0 travers le monde.<\/p>\n<\/div>\n\n<\/div>\n\t\n\t\t<div class=\"cat-home\">\n<div class=\"cat-home-category\"><a href=\"https:\/\/awf.world\/fr\/category\/latin-america-fr\/\">AM\u00c9RIQUE LATINE<\/a>\/<a href=\"https:\/\/awf.world\/fr\/category\/news-fr\/\">NOUVELLES<\/a><\/div>\n<div class=\"cat-home-img\"><a href=\"https:\/\/awf.world\/fr\/awf-news\/connaissez-esnilder-popo-le-nouveau-president-de-leglise-cma-de-la-colombie\/\"><img decoding=\"async\" class=\"attachment-255xauto size-255xauto\" src=\"https:\/\/awf.world\/wp-content\/uploads\/2020\/04\/New-President-Colombia_Esnilder-Popo_2020-03_Square-wpv_255xauto.jpg\" width=\"255\" height=\"auto\" alt=\"\" \/><\/a><\/div>\n<div class=\"cat-home-title\"><a href=\"https:\/\/awf.world\/fr\/awf-news\/connaissez-esnilder-popo-le-nouveau-president-de-leglise-cma-de-la-colombie\/\">Connaissez Esnilder Popo, le Nouveau Pr\u00e9sident de l\u2019\u00c9glise CMA de la Colombie<\/a><\/div>\n <div class=\"cat-home-date\">avril 1, 2020<\/div>\n<div class=\"cat-home-short-description\">  <p>Esnilder Popo a grandi dans un foyer chr\u00e9tien, apprenant \u00e0 aimer et \u00e0 servir le Seigneur d\u00e8s son jeune \u00e2ge. En tant que pr\u00e9sident de l\u2019\u00c9glise nationale, il pr\u00e9voit de revitaliser les \u00e9glises, de renforcer et de d\u00e9velopper leurs minist\u00e8res et de se concentrer sur l\u2019implantation d\u2019\u00e9glises et les missions.<\/p>\n<\/div>\n\n<\/div>\n\t\n\t\t<div class=\"cat-home\">\n<div class=\"cat-home-category\"><a href=\"https:\/\/awf.world\/fr\/category\/news-fr\/\">NOUVELLES<\/a>\/<a href=\"https:\/\/awf.world\/fr\/category\/news-fr\/education-theologique\/\">\u00c9ducation Theologiqu\u00e9<\/a><\/div>\n<div class=\"cat-home-img\"><a href=\"https:\/\/awf.world\/fr\/awf-news\/selection-du-prix-de-theologie-de-luma\/\"><img decoding=\"async\" class=\"attachment-255xauto size-255xauto\" src=\"https:\/\/awf.world\/wp-content\/uploads\/2020\/03\/Chris-Smith_Joel-Kuvuna-wpv_255xauto.jpg\" width=\"255\" height=\"auto\" alt=\"\" \/><\/a><\/div>\n<div class=\"cat-home-title\"><a href=\"https:\/\/awf.world\/fr\/awf-news\/selection-du-prix-de-theologie-de-luma\/\">S\u00e9lection du Prix de Th\u00e9ologie de l\u2019UMA<\/a><\/div>\n <div class=\"cat-home-date\">mars 23, 2020<\/div>\n<div class=\"cat-home-short-description\">  <p>Lors de la r\u00e9cente r\u00e9union de la Commission Internationale d\u2019\u00c9ducation Th\u00e9ologique (ICTE), les candidatures pour le Prix de Th\u00e9ologie de l\u2019UMA ont \u00e9t\u00e9 \u00e9valu\u00e9es et deux laur\u00e9ats ont \u00e9t\u00e9 s\u00e9lectionn\u00e9s. F\u00e9licitations au r\u00e9v\u00e9rend Chris Smith du Canada et au r\u00e9v\u00e9rend Dr. Jo\u00ebl Kuvuna Mbongi de la R\u00e9publique D\u00e9mocratique du Congo.<\/p>\n<\/div>\n\n<\/div>\n\t\n\t\t<div class=\"cat-home\">\n<div class=\"cat-home-category\"><a href=\"https:\/\/awf.world\/fr\/category\/news-fr\/\">NOUVELLES<\/a><\/div>\n<div class=\"cat-home-img\"><a href=\"https:\/\/awf.world\/fr\/awf-news\/une-vie-plus-profonde-et-des-missions-au-coeur-du-ministere-de-licte\/\"><img decoding=\"async\" class=\"attachment-255xauto size-255xauto\" src=\"https:\/\/awf.world\/wp-content\/uploads\/2020\/03\/ICTE-Meeting_Zoom-Videoconference_2020-03-wpv_255xauto.jpg\" width=\"255\" height=\"auto\" alt=\"\" \/><\/a><\/div>\n<div class=\"cat-home-title\"><a href=\"https:\/\/awf.world\/fr\/awf-news\/une-vie-plus-profonde-et-des-missions-au-coeur-du-ministere-de-licte\/\">Une Vie Plus Profonde et des Missions au C\u0153ur du Minist\u00e8re de l\u2019ICTE<\/a><\/div>\n <div class=\"cat-home-date\">mars 19, 2020<\/div>\n<div class=\"cat-home-short-description\">  <p>La r\u00e9union de la Commission Internationale d\u2019\u00c9ducation Th\u00e9ologique (ICTE) a fait \u00e9cho au th\u00e8me de la prochaine convocation quadriennale de l\u2019UMA : l\u2019intersection entre la Vie Plus Profonde et les Missions. Le projet de D\u00e9claration de Guayaquil a \u00e9t\u00e9 conclu et les deux laur\u00e9ats du Prix de Th\u00e9ologie de l\u2019UMA ont \u00e9t\u00e9 s\u00e9lectionn\u00e9s.<\/p>\n<\/div>\n\n<\/div>\n\t\n\t\t<div class=\"cat-home\">\n<div class=\"cat-home-category\"><a href=\"https:\/\/awf.world\/fr\/category\/latin-america-fr\/\">AM\u00c9RIQUE LATINE<\/a>\/<a href=\"https:\/\/awf.world\/fr\/category\/news-fr\/\">NOUVELLES<\/a><\/div>\n<div class=\"cat-home-img\"><a href=\"https:\/\/awf.world\/fr\/awf-news\/connaissez-ernesto-rosa-le-nouveau-president-de-leglise-cma-de-la-republique-dominicaine\/\"><img decoding=\"async\" class=\"attachment-255xauto size-255xauto\" src=\"https:\/\/awf.world\/wp-content\/uploads\/2020\/03\/New-President-Dominican-Republic_Ernesto-Rosa_2020-03-wpv_255xauto.jpg\" width=\"255\" height=\"auto\" alt=\"\" \/><\/a><\/div>\n<div class=\"cat-home-title\"><a href=\"https:\/\/awf.world\/fr\/awf-news\/connaissez-ernesto-rosa-le-nouveau-president-de-leglise-cma-de-la-republique-dominicaine\/\">Connaissez Ernesto Rosa, le Nouveau Pr\u00e9sident de l\u2019\u00c9glise CMA de la R\u00e9publique Dominicaine<\/a><\/div>\n <div class=\"cat-home-date\">mars 19, 2020<\/div>\n<div class=\"cat-home-short-description\">  <p>Ernesto Rosa a accept\u00e9 notre Seigneur J\u00e9sus \u00e0 l\u2019\u00e2ge de 12 ans et exerce son minist\u00e8re depuis plus de 40 ans. En tant que nouveau pr\u00e9sident de l\u2019\u00c9glise CMA de la R\u00e9publique Dominicaine, il esp\u00e8re suivre les conseils de Dieu pour aider les membres de l\u2019\u00c9glise \u00e0 grandir spirituellement.<\/p>\n<\/div>\n\n<\/div>\n\t\n\t\t<div class=\"cat-home\">\n<div class=\"cat-home-category\"><a href=\"https:\/\/awf.world\/fr\/category\/asia-pacific\/\">ASIA &amp; PACIFIC<\/a>\/<a href=\"https:\/\/awf.world\/fr\/category\/news-fr\/\">NOUVELLES<\/a><\/div>\n<div class=\"cat-home-img\"><a href=\"https:\/\/awf.world\/fr\/awf-news\/plus-dhistoires-de-restauration-a-magar-nepal\/\"><img decoding=\"async\" class=\"attachment-255xauto size-255xauto\" src=\"https:\/\/awf.world\/wp-content\/uploads\/2020\/02\/Hari-Lal-Magar_Nepal_2020-02-wpv_255xauto.png\" width=\"255\" height=\"auto\" alt=\"\" \/><\/a><\/div>\n<div class=\"cat-home-title\"><a href=\"https:\/\/awf.world\/fr\/awf-news\/plus-dhistoires-de-restauration-a-magar-nepal\/\">Plus d\u2019Histoires de Restauration \u00e0 Magar, N\u00e9pal<\/a><\/div>\n <div class=\"cat-home-date\">f\u00e9vrier 25, 2020<\/div>\n<div class=\"cat-home-short-description\">  <p>Le miracle du salut qui s\u2019est produit lorsqu\u2019un missionnaire a rencontr\u00e9 un homme sur la route de Magar, au N\u00e9pal.<\/p>\n<\/div>\n\n<\/div>\n\t\n\t\t<div class=\"cat-home\">\n<div class=\"cat-home-category\"><a href=\"https:\/\/awf.world\/fr\/category\/afrique\/\">AFRIQUE<\/a>\/<a href=\"https:\/\/awf.world\/fr\/category\/news-fr\/\">NOUVELLES<\/a><\/div>\n<div class=\"cat-home-img\"><a href=\"https:\/\/awf.world\/fr\/awf-news\/les-dirigeants-des-missions-dafrique-se-reunissent-pour-discerner-la-direction-de-dieu-pour-la-prochaine-decennie\/\"><img decoding=\"async\" class=\"attachment-255xauto size-255xauto\" src=\"https:\/\/awf.world\/wp-content\/uploads\/2020\/02\/Mission-Consultation-Africa_Cotonou-Benin_2020-021-wpv_255xauto.jpg\" width=\"255\" height=\"auto\" alt=\"\" \/><\/a><\/div>\n<div class=\"cat-home-title\"><a href=\"https:\/\/awf.world\/fr\/awf-news\/les-dirigeants-des-missions-dafrique-se-reunissent-pour-discerner-la-direction-de-dieu-pour-la-prochaine-decennie\/\">Les Dirigeants des Missions d\u2019Afrique se R\u00e9unissent pour Discerner la Direction de Dieu pour la Prochaine D\u00e9cennie<\/a><\/div>\n <div class=\"cat-home-date\">f\u00e9vrier 19, 2020<\/div>\n<div class=\"cat-home-short-description\">  <p>L\u2019Alliance en Afrique est dispos\u00e9e \u00e0 \u00e9tendre son effort missionnaire, notamment en visant des groupes de personnes non atteints \u00e0 l\u2019int\u00e9rieur de leur pays, en Afrique du Nord et parmi la population de la diaspora. Telle est la conclusion du processus de discernement qui a eu lieu lors de la Consultation des Missions Africaines de l\u2019UMA \u00e0 Cotonou, B\u00e9nin, du 23 au 25 janvier.<\/p>\n<\/div>\n\n<\/div>\n\t\n\t\t<div class=\"cat-home\">\n<div class=\"cat-home-category\"><a href=\"https:\/\/awf.world\/fr\/category\/latin-america-fr\/\">AM\u00c9RIQUE LATINE<\/a>\/<a href=\"https:\/\/awf.world\/fr\/category\/news-fr\/\">NOUVELLES<\/a><\/div>\n<div class=\"cat-home-img\"><a href=\"https:\/\/awf.world\/fr\/awf-news\/vague-de-la-force-missionnaire-de-lamericaine-latine\/\"><img decoding=\"async\" class=\"attachment-255xauto size-255xauto\" src=\"https:\/\/awf.world\/wp-content\/uploads\/2020\/02\/IMG-20200131-WA0029-wpv_255xauto.jpg\" width=\"255\" height=\"auto\" alt=\"\" \/><\/a><\/div>\n<div class=\"cat-home-title\"><a href=\"https:\/\/awf.world\/fr\/awf-news\/vague-de-la-force-missionnaire-de-lamericaine-latine\/\">Vague de la Force Missionnaire de l\u2019Am\u00e9ricaine Latine<\/a><\/div>\n <div class=\"cat-home-date\">f\u00e9vrier 19, 2020<\/div>\n<div class=\"cat-home-short-description\">  <p>L\u2019Am\u00e9rique latine prend des forces et se pr\u00e9pare \u00e0 une grande vague de missionnaires, en mettant l\u2019accent sur la sixi\u00e8me r\u00e9gion et les groupes de personnes non atteints. En tant que Latinos, nous cessons d\u2019\u00eatre un champ de mission pour devenir une force missionnaire, o\u00f9 les hommes et les femmes disposent de leur vie, de leurs ressources et de leurs professions pour r\u00e9pondre au besoin d\u2019atteindre les personnes non atteintes. Dans cette optique et avec la pr\u00e9sence de 135 fr\u00e8res et s\u0153urs de diff\u00e9rents pays de l\u2019Am\u00e9rique latine, la Semaine latino-am\u00e9ricaine de formation missionnaire s\u2019est tenue en Colombie, du 28 janvier au 2 f\u00e9vrier 2020.<\/p>\n<\/div>\n\n<\/div>\n\t\n\t\t<div class=\"cat-home\">\n<div class=\"cat-home-category\"><a href=\"https:\/\/awf.world\/fr\/category\/asia-pacific\/\">ASIA &amp; PACIFIC<\/a>\/<a href=\"https:\/\/awf.world\/fr\/category\/news-fr\/\">NOUVELLES<\/a><\/div>\n<div class=\"cat-home-img\"><a href=\"https:\/\/awf.world\/fr\/awf-news\/la-3e-conference-nafi-a-connu-une-croissance-et-un-rafraichissement-des-leaders-de-lalliance-en-inde\/\"><img decoding=\"async\" class=\"attachment-255xauto size-255xauto\" src=\"https:\/\/awf.world\/wp-content\/uploads\/2020\/02\/NAFI-Meeting_2020-011-wpv_255xauto.png\" width=\"255\" height=\"auto\" alt=\"\" \/><\/a><\/div>\n<div class=\"cat-home-title\"><a href=\"https:\/\/awf.world\/fr\/awf-news\/la-3e-conference-nafi-a-connu-une-croissance-et-un-rafraichissement-des-leaders-de-lalliance-en-inde\/\">La 3e Conf\u00e9rence NAFI a Connu une Croissance et un Rafra\u00eechissement des Leaders de l\u2019Alliance en Inde<\/a><\/div>\n <div class=\"cat-home-date\">f\u00e9vrier 19, 2020<\/div>\n<div class=\"cat-home-short-description\">  <p>Pr\u00e8s de 50 pasteurs et dirigeants de l\u2019Alliance des \u00c9tats du Gujarat, du Maharashtra, de l\u2019Assam et de Calcutta se sont r\u00e9unis lors de la conf\u00e9rence sur le th\u00e8me \u00ab Vie Plus Profonde et Missions \u00bb. La conf\u00e9rence \u00e9tait la troisi\u00e8me r\u00e9union de la NAFI (Alliance Nationale Indienne), et la participation a doubl\u00e9 apr\u00e8s la deuxi\u00e8me r\u00e9union. De nombreux dirigeants du Maharashtra se sont joints pour la premi\u00e8re fois.<\/p>\n<\/div>\n\n<\/div>\n\t\n\t\t<div class=\"cat-home\">\n<div class=\"cat-home-category\"><\/div>\n<div class=\"cat-home-img\"><a href=\"https:\/\/awf.world\/fr\/awf-video-view\/le-reverend-jura-yanagihara-vous-invite-a-la-convocation-quadriennale-de-luma\/\"><img decoding=\"async\" class=\"attachment-255xauto size-255xauto\" src=\"https:\/\/awf.world\/wp-content\/uploads\/2020\/07\/AWF_slide-editorial_Fr-wpv_255xauto.jpg\" width=\"255\" height=\"auto\" alt=\"\" \/><\/a><\/div>\n<div class=\"cat-home-title\"><a href=\"https:\/\/awf.world\/fr\/awf-video-view\/le-reverend-jura-yanagihara-vous-invite-a-la-convocation-quadriennale-de-luma\/\">Le R\u00e9v\u00e9rend Jura Yanagihara vous invite \u00e0 la Convocation Quadriennale de l\u2019UMA<\/a><\/div>\n <div class=\"cat-home-date\">f\u00e9vrier 11, 2020<\/div>\n<div class=\"cat-home-short-description\">  <\/div>\n\n<\/div>\n\t\n\t\t<div class=\"cat-home\">\n<div class=\"cat-home-category\"><a href=\"https:\/\/awf.world\/fr\/category\/latin-america-fr\/\">AM\u00c9RIQUE LATINE<\/a>\/<a href=\"https:\/\/awf.world\/fr\/category\/news-fr\/\">NOUVELLES<\/a><\/div>\n<div class=\"cat-home-img\"><a href=\"https:\/\/awf.world\/fr\/awf-news\/connaissez-ivan-flores-le-nouveau-president-de-leglise-de-la-cma-du-chili\/\"><img decoding=\"async\" class=\"attachment-255xauto size-255xauto\" src=\"https:\/\/awf.world\/wp-content\/uploads\/2020\/02\/New-President-Chile_Ivan-Flores_2020-wpv_255xauto.png\" width=\"255\" height=\"auto\" alt=\"\" \/><\/a><\/div>\n<div class=\"cat-home-title\"><a href=\"https:\/\/awf.world\/fr\/awf-news\/connaissez-ivan-flores-le-nouveau-president-de-leglise-de-la-cma-du-chili\/\">Connaissez Iv\u00e1n Flores, le Nouveau Pr\u00e9sident de l\u2019\u00c9glise de la CMA du Chili<\/a><\/div>\n <div class=\"cat-home-date\">f\u00e9vrier 10, 2020<\/div>\n<div class=\"cat-home-short-description\">  <p>Avec plus de 30 ans d\u2019exp\u00e9rience et une grande passion pour le Seigneur, le r\u00e9v\u00e9rend Iv\u00e1n Flores esp\u00e8re aider notre famille chilienne \u00e0 grandir, renforcer l\u2019identit\u00e9 de l\u2019Alliance, implanter de nouvelles \u00e9glises et \u00e9largir la vision missionnaire.<\/p>\n<\/div>\n\n<\/div>\n\t\n\t\t<div class=\"cat-home\">\n<div class=\"cat-home-category\"><a href=\"https:\/\/awf.world\/fr\/category\/europe-middle-east\/\">EUROPE &amp; MIDDLE EAST<\/a>\/<a href=\"https:\/\/awf.world\/fr\/category\/news-fr\/\">NOUVELLES<\/a><\/div>\n<div class=\"cat-home-img\"><a href=\"https:\/\/awf.world\/fr\/awf-news\/une-famille-espagnole-passe-de-latheisme-au-christ\/\"><img decoding=\"async\" class=\"attachment-255xauto size-255xauto\" src=\"https:\/\/awf.world\/wp-content\/uploads\/2020\/02\/Batismo-Esther-y-Aroa_2016-05-29-wpv_255xauto.jpg\" width=\"255\" height=\"auto\" alt=\"\" \/><\/a><\/div>\n<div class=\"cat-home-title\"><a href=\"https:\/\/awf.world\/fr\/awf-news\/une-famille-espagnole-passe-de-latheisme-au-christ\/\">Une Famille Espagnole Passe de l\u2019Ath\u00e9isme au Christ<\/a><\/div>\n <div class=\"cat-home-date\">f\u00e9vrier 3, 2020<\/div>\n<div class=\"cat-home-short-description\">  <p>Aroa, une adolescente bris\u00e9e et ath\u00e9e, a vu sa vie se retourner lorsque sa m\u00e8re s\u2019est li\u00e9e d\u2019amiti\u00e9 avec un missionnaire allemand et s\u2019est faufil\u00e9e dans l\u2019\u00c9cole Bethany pour adolescents en Espagne, conduisant toute cette famille \u00e0 conna\u00eetre le Seigneur.<\/p>\n<\/div>\n\n<\/div>\n\t\n\t\t<div class=\"cat-home\">\n<div class=\"cat-home-category\"><a href=\"https:\/\/awf.world\/fr\/category\/afrique\/\">AFRIQUE<\/a>\/<a href=\"https:\/\/awf.world\/fr\/category\/news-fr\/\">NOUVELLES<\/a><\/div>\n<div class=\"cat-home-img\"><a href=\"https:\/\/awf.world\/fr\/awf-news\/naissance-de-leglise-de-lalliance-soudanaise\/\"><img decoding=\"async\" class=\"attachment-255xauto size-255xauto\" src=\"https:\/\/awf.world\/wp-content\/uploads\/2020\/01\/Sahara-Desert-2-wpv_255xauto.png\" width=\"255\" height=\"auto\" alt=\"\" \/><\/a><\/div>\n<div class=\"cat-home-title\"><a href=\"https:\/\/awf.world\/fr\/awf-news\/naissance-de-leglise-de-lalliance-soudanaise\/\">Naissance de l\u2019\u00c9glise de l\u2019Alliance Soudanaise<\/a><\/div>\n <div class=\"cat-home-date\">janvier 30, 2020<\/div>\n<div class=\"cat-home-short-description\">  <p>La r\u00e9gion EMERALD (Europe et Moyen-Orient) de l\u2019UMA (Union Mondiale de l\u2019Alliance) a envoy\u00e9 l\u2019un des jeunes universitaires form\u00e9s l\u2019ann\u00e9e derni\u00e8re pour transmettre l\u2019ADN de l\u2019Alliance \u00e0 une ville d\u2019Afrique du Nord afin de pr\u00e9senter plus de 40 croyants r\u00e9fugi\u00e9s d\u2019un autre milieu \u00e0 notre histoire et \u00e0 nos particularit\u00e9s.<\/p>\n<\/div>\n\n<\/div>\n\t\n\t\t<div class=\"cat-home\">\n<div class=\"cat-home-category\"><a href=\"https:\/\/awf.world\/fr\/category\/amerique-du-nord\/\">AM\u00c9RIQUE DU NORD<\/a>\/<a href=\"https:\/\/awf.world\/fr\/category\/news-fr\/\">NOUVELLES<\/a><\/div>\n<div class=\"cat-home-img\"><a href=\"https:\/\/awf.world\/fr\/awf-news\/un-hommage-au-dr-arnold-cook\/\"><img decoding=\"async\" class=\"attachment-255xauto size-255xauto\" src=\"https:\/\/awf.world\/wp-content\/uploads\/2020\/01\/Arnold-Cook-wpv_255xauto.png\" width=\"255\" height=\"auto\" alt=\"\" \/><\/a><\/div>\n<div class=\"cat-home-title\"><a href=\"https:\/\/awf.world\/fr\/awf-news\/un-hommage-au-dr-arnold-cook\/\">Un Hommage au Dr Arnold Cook<\/a><\/div>\n <div class=\"cat-home-date\">janvier 28, 2020<\/div>\n<div class=\"cat-home-short-description\">  <p>Le r\u00e9v\u00e9rend Arnold Lorne Cook, pr\u00e9sident de l\u2019Union Mondiale de l\u2019Alliance de 2000 \u00e0 2004, est pass\u00e9 paisiblement en pr\u00e9sence de Dieu, entour\u00e9 de sa famille et de ses amis le 23 janvier 2020 \u00e0 l\u2019\u00e2ge de 87 ans.<\/p>\n<\/div>\n\n<\/div>\n\t\n\t\t<div class=\"cat-home\">\n<div class=\"cat-home-category\"><a href=\"https:\/\/awf.world\/fr\/category\/asia-pacific\/\">ASIA &amp; PACIFIC<\/a>\/<a href=\"https:\/\/awf.world\/fr\/category\/news-fr\/\">NOUVELLES<\/a><\/div>\n<div class=\"cat-home-img\"><a href=\"https:\/\/awf.world\/fr\/awf-news\/la-renaissance-de-leglise-de-lalliance-a-palu-indonesie\/\"><img decoding=\"async\" class=\"attachment-255xauto size-255xauto\" src=\"https:\/\/awf.world\/wp-content\/uploads\/2020\/01\/Rebuilding-the-Church-in-Palu_2019-128-wpv_255xauto.jpg\" width=\"255\" height=\"auto\" alt=\"\" \/><\/a><\/div>\n<div class=\"cat-home-title\"><a href=\"https:\/\/awf.world\/fr\/awf-news\/la-renaissance-de-leglise-de-lalliance-a-palu-indonesie\/\">La Renaissance de l\u2019\u00c9glise de l\u2019Alliance \u00e0 Palu, Indon\u00e9sie<\/a><\/div>\n <div class=\"cat-home-date\">janvier 24, 2020<\/div>\n<div class=\"cat-home-short-description\">  <p>Plus d\u2019un an apr\u00e8s les tremblements de terre et le tsunami d\u00e9sastreux qui ont frapp\u00e9 Palu, en Indon\u00e9sie, d\u00e9truisant l\u2019\u00e9glise de l\u2019Alliance, nos fr\u00e8res et s\u0153urs ont pu se r\u00e9unir \u00e0 nouveau le 6 d\u00e9cembre 2019. Bien que le projet de reconstruction ne soit pas encore termin\u00e9, la congr\u00e9gation a pu \u00eatre ensemble pour un temps d\u2019adoration et de pri\u00e8re. Ils esp\u00e8rent terminer la construction de l\u2019\u00e9glise en avril 2020.<\/p>\n<\/div>\n\n<\/div>\n\t\n\t\t<div class=\"cat-home\">\n<div class=\"cat-home-category\"><a href=\"https:\/\/awf.world\/fr\/category\/europe-middle-east\/\">EUROPE &amp; MIDDLE EAST<\/a>\/<a href=\"https:\/\/awf.world\/fr\/category\/news-fr\/\">NOUVELLES<\/a><\/div>\n<div class=\"cat-home-img\"><a href=\"https:\/\/awf.world\/fr\/awf-news\/connaissez-mafe-une-enfant-de-pasteur-qui-est-retourne-au-christ-et-atteint-maintenant-des-milliers-de-personnes-via-youtube\/\"><img decoding=\"async\" class=\"attachment-255xauto size-255xauto\" src=\"https:\/\/awf.world\/wp-content\/uploads\/2020\/01\/Mafe_Betania2-wpv_255xauto.jpg\" width=\"255\" height=\"auto\" alt=\"\" \/><\/a><\/div>\n<div class=\"cat-home-title\"><a href=\"https:\/\/awf.world\/fr\/awf-news\/connaissez-mafe-une-enfant-de-pasteur-qui-est-retourne-au-christ-et-atteint-maintenant-des-milliers-de-personnes-via-youtube\/\">Connaissez Mafe, une Enfant de Pasteur qui est retourn\u00e9 au Christ et atteint maintenant des milliers de personnes via YouTube<\/a><\/div>\n <div class=\"cat-home-date\">janvier 22, 2020<\/div>\n<div class=\"cat-home-short-description\">  <p>Maria Fe est une P\u00e9ruvienne de 21 ans qui vit en Espagne et elle \u00ab pr\u00eache \u00bb via les r\u00e9seaux sociaux. Sa cha\u00eene sur YouTube, \u00ab Be the Light \u00bb (Soyez la Lumi\u00e8re), compte pr\u00e8s de 100 000 abonn\u00e9s. Elle a re\u00e7u des millions de vues. Mais tout au long de son adolescence, \u00ab Mafe \u00bb a \u00e9t\u00e9 marginalis\u00e9e en raison de son appartenance ethnique et de sa foi, la laissant perdue, se sentant indigne et \u00e9loign\u00e9e de Dieu.<\/p>\n<\/div>\n\n<\/div>\n\t\n\t\n\t\n\t\n<\/div>\n\n<\/div>\n<\/div>\n<\/div>\n<\/div>\n<\/div>\n<\/div>\n","protected":false},"excerpt":{"rendered":"<p>Nouvelles 2020 Les Ann\u00e9es Pr\u00e9c\u00e9dentes:\u00a0 \u00a0 \u00a0 \u00a0\u00a02020\u00a0 \u00a0\u00a02019\u00a0 \u00a0 2018\u00a0 \u00a0\u00a02017\u00a0 \u00a0\u00a02016 \u00a0\u00a02015\u00a0 \u00a0\u00a02014\u00a0 \u00a0\u00a02013\u00a0 \u00a0\u00a02012\u00a0 \u00a0\u00a02011\u00a0 \u00a02010<\/p>\n","protected":false},"author":15,"featured_media":0,"parent":0,"menu_order":0,"comment_status":"closed","ping_status":"closed","template":"","meta":{"inline_featured_image":false,"ngg_post_thumbnail":0,"_EventAllDay":false,"_EventTimezone":"","_EventStartDate":"","_EventEndDate":"","_EventStartDateUTC":"","_EventEndDateUTC":"","_EventShowMap":false,"_EventShowMapLink":false,"_EventURL":"","_EventCost":"","_EventCostDescription":"","_EventCurrencySymbol":"","_EventCurrencyCode":"","_EventCurrencyPosition":"","_EventDateTimeSeparator":"","_EventTimeRangeSeparator":"","_EventOrganizerID":[],"_EventVenueID":[],"_OrganizerEmail":"","_OrganizerPhone":"","_OrganizerWebsite":"","_VenueAddress":"","_VenueCity":"","_VenueCountry":"","_VenueProvince":"","_VenueState":"","_VenueZip":"","_VenuePhone":"","_VenueURL":"","_VenueStateProvince":"","_VenueLat":"","_VenueLng":"","_VenueShowMap":false,"_VenueShowMapLink":false,"footnotes":""},"class_list":["post-26319","page","type-page","status-publish","hentry"],"_links":{"self":[{"href":"https:\/\/awf.world\/fr\/wp-json\/wp\/v2\/pages\/26319","targetHints":{"allow":["GET"]}}],"collection":[{"href":"https:\/\/awf.world\/fr\/wp-json\/wp\/v2\/pages"}],"about":[{"href":"https:\/\/awf.world\/fr\/wp-json\/wp\/v2\/types\/page"}],"author":[{"embeddable":true,"href":"https:\/\/awf.world\/fr\/wp-json\/wp\/v2\/users\/15"}],"replies":[{"embeddable":true,"href":"https:\/\/awf.world\/fr\/wp-json\/wp\/v2\/comments?post=26319"}],"version-history":[{"count":0,"href":"https:\/\/awf.world\/fr\/wp-json\/wp\/v2\/pages\/26319\/revisions"}],"wp:attachment":[{"href":"https:\/\/awf.world\/fr\/wp-json\/wp\/v2\/media?parent=26319"}],"curies":[{"name":"wp","href":"https:\/\/api.w.org\/{rel}","templated":true}]}}