{"id":26314,"date":"2021-01-27T22:52:48","date_gmt":"2021-01-28T01:52:48","guid":{"rendered":"http:\/\/awf.world\/2018-2\/"},"modified":"2021-01-27T23:14:27","modified_gmt":"2021-01-28T04:14:27","slug":"2018-2","status":"publish","type":"page","link":"https:\/\/awf.world\/fr\/2018-2\/","title":{"rendered":"2018"},"content":{"rendered":"<div id=\"pl-26311\"  class=\"panel-layout\" >\n<div id=\"pg-26311-0\"  class=\"panel-grid panel-no-style\" >\n<div id=\"pgc-26311-0-0\"  class=\"panel-grid-cell\"  data-weight=\"1\" >\n<div id=\"panel-26311-0-0-0\" class=\"so-panel widget widget_sow-editor panel-first-child\" data-index=\"0\" data-style=\"{&quot;background_image_attachment&quot;:false,&quot;background_display&quot;:&quot;tile&quot;}\" >\n<div class=\"so-widget-sow-editor so-widget-sow-editor-base\">\n<div class=\"siteorigin-widget-tinymce textwidget\">\n<h1 style=\"text-align: center; font-size: 27px;\">Nouvelles 2018<\/h1>\n<p style=\"text-align: center;\"><strong><span style=\"font-size: 110%; font-weight: 600;\">Les Ann\u00e9es Pr\u00e9c\u00e9dentes:<\/span>\u00a0 \u00a0 \u00a0<\/strong> \u00a0\u00a0<a href=\"\/?page_id=26190\">2020<\/a>\u00a0 \u00a0\u00a0<a href=\"https:\/\/awf.world\/fr\/2019-2\/\">2019<\/a>\u00a0 \u00a0 <a href=\"https:\/\/awf.world\/fr\/2018-2\/\">2018<\/a>\u00a0 \u00a0\u00a0<a href=\"https:\/\/awf.world\/fr\/2017-2\/\">2017<\/a>\u00a0 \u00a0\u00a0<a href=\"https:\/\/awf.world\/fr\/2016-2\/\">2016<\/a> \u00a0\u00a0<a href=\"https:\/\/awf.world\/fr\/2015-2\/\">2015<\/a>\u00a0 \u00a0\u00a0<a href=\"https:\/\/awf.world\/fr\/2014-2\/\">2014<\/a>\u00a0 \u00a0\u00a0<a href=\"https:\/\/awf.world\/fr\/2013-2\/\">2013<\/a>\u00a0 \u00a0\u00a0<a href=\"https:\/\/awf.world\/fr\/2012-2\/\">2012<\/a>\u00a0 \u00a0\u00a0<a href=\"https:\/\/awf.world\/fr\/2011-2\/\">2011<\/a>\u00a0 \u00a0<a href=\"https:\/\/awf.world\/fr\/2010-2\/\">2010<\/a><\/p>\n<\/div>\n<\/div>\n<\/div>\n<div id=\"panel-26311-0-0-1\" class=\"so-panel widget widget_sow-editor panel-last-child\" data-index=\"1\" data-style=\"{&quot;background_image_attachment&quot;:false,&quot;background_display&quot;:&quot;tile&quot;}\" >\n<div class=\"so-widget-sow-editor so-widget-sow-editor-base\">\n<div class=\"siteorigin-widget-tinymce textwidget\">\n\t\n\n\n<div id=\"wpv-view-layout-23216-CATTR52e1856c146d11ca591a254aa0972576\" class=\"js-wpv-view-layout js-wpv-layout-responsive js-wpv-view-layout-23216-CATTR52e1856c146d11ca591a254aa0972576\" data-viewnumber=\"23216-CATTR52e1856c146d11ca591a254aa0972576\" data-pagination=\"{&quot;id&quot;:23216,&quot;query&quot;:&quot;normal&quot;,&quot;type&quot;:&quot;disabled&quot;,&quot;effect&quot;:&quot;fade&quot;,&quot;duration&quot;:500,&quot;speed&quot;:5,&quot;pause_on_hover&quot;:&quot;disabled&quot;,&quot;stop_rollover&quot;:&quot;false&quot;,&quot;cache_pages&quot;:&quot;enabled&quot;,&quot;preload_images&quot;:&quot;enabled&quot;,&quot;preload_pages&quot;:&quot;enabled&quot;,&quot;preload_reach&quot;:1,&quot;spinner&quot;:&quot;builtin&quot;,&quot;spinner_image&quot;:&quot;https:\/\/awf.world\/wp-content\/plugins\/wp-views\/embedded\/res\/img\/ajax-loader.gif&quot;,&quot;callback_next&quot;:&quot;&quot;,&quot;manage_history&quot;:&quot;enabled&quot;,&quot;has_controls_in_form&quot;:&quot;disabled&quot;,&quot;infinite_tolerance&quot;:&quot;0&quot;,&quot;max_pages&quot;:0,&quot;page&quot;:1,&quot;base_permalink&quot;:&quot;\/fr\/wp-json\/wp\/v2\/pages\/26314?wpv_view_count=23216-CATTR52e1856c146d11ca591a254aa0972576&amp;wpv_paged=WPV_PAGE_NUM&quot;,&quot;loop&quot;:{&quot;type&quot;:&quot;&quot;,&quot;name&quot;:&quot;&quot;,&quot;data&quot;:[],&quot;id&quot;:0}}\" data-permalink=\"\/fr\/wp-json\/wp\/v2\/pages\/26314?wpv_view_count=23216-CATTR52e1856c146d11ca591a254aa0972576\">\n\n\t\n\t\n\t\n\t\t<div class=\"cat-home\">\n<div class=\"cat-home-category\"><a href=\"https:\/\/awf.world\/fr\/category\/europe-middle-east\/\">EUROPE &amp; MIDDLE EAST<\/a>\/<a href=\"https:\/\/awf.world\/fr\/category\/news-fr\/\">NOUVELLES<\/a><\/div>\n<div class=\"cat-home-img\"><a href=\"https:\/\/awf.world\/fr\/awf-news\/une-nouvelle-eglise-est-nee-au-koweit\/\"><img decoding=\"async\" class=\"attachment-255xauto size-255xauto\" src=\"https:\/\/awf.world\/wp-content\/uploads\/2018\/12\/Kuwait_New-Alliance-Church_2018-12-1-wpv_255xauto.jpg\" width=\"255\" height=\"auto\" alt=\"\" \/><\/a><\/div>\n<div class=\"cat-home-title\"><a href=\"https:\/\/awf.world\/fr\/awf-news\/une-nouvelle-eglise-est-nee-au-koweit\/\">Une Nouvelle \u00c9glise est N\u00e9e au Kowe\u00eft<\/a><\/div>\n <div class=\"cat-home-date\">d\u00e9cembre 10, 2018<\/div>\n<div class=\"cat-home-short-description\">  <p>Situ\u00e9 entre l'Iran et l'Arabie Saoudite, le Kowe\u00eft re\u00e7oit une nouvelle \u00e9glise de l'Alliance. C'est une extension du travail de l'Alliance Chr\u00e9tienne et Missionnaire en Syrie. Le premier pasteur de l'\u00e9glise sera le r\u00e9v\u00e9rend Basil Homsi, qui a \u00e9t\u00e9 ordonn\u00e9 par le r\u00e9v\u00e9rend Edward Awadbeh. Nous remercions et louons le Seigneur pour tout ce qu'il a fait. S'il vous pla\u00eet, priez pour l'\u00e9glise syrienne afin qu'elle reste forte et fid\u00e8le.<\/p>\n<\/div>\n\n<\/div>\n\t\n\t\t<div class=\"cat-home\">\n<div class=\"cat-home-category\"><a href=\"https:\/\/awf.world\/fr\/category\/asia-pacific\/\">ASIA &amp; PACIFIC<\/a>\/<a href=\"https:\/\/awf.world\/fr\/category\/news-fr\/\">NOUVELLES<\/a><\/div>\n<div class=\"cat-home-img\"><a href=\"https:\/\/awf.world\/fr\/awf-news\/leglise-de-lalliance-en-indonesie-sort-des-decombres\/\"><img decoding=\"async\" class=\"attachment-255xauto size-255xauto\" src=\"https:\/\/awf.world\/wp-content\/uploads\/2018\/11\/PHOTO-2018-10-18-14-03-00-14-wpv_255xauto.jpg\" width=\"255\" height=\"auto\" alt=\"\" \/><\/a><\/div>\n<div class=\"cat-home-title\"><a href=\"https:\/\/awf.world\/fr\/awf-news\/leglise-de-lalliance-en-indonesie-sort-des-decombres\/\">L&rsquo;\u00c9glise de l&rsquo;Alliance en Indon\u00e9sie sort des d\u00e9combres !<\/a><\/div>\n <div class=\"cat-home-date\">novembre 13, 2018<\/div>\n<div class=\"cat-home-short-description\">  <p>\u00ab Gr\u00e2ce au Seigneur, nous pourrons aider 12 villages d'Indon\u00e9sie touch\u00e9s par les r\u00e9centes catastrophes naturelles \u00bb, a d\u00e9clar\u00e9 le Dr Daniel Ronda, Pr\u00e9sident de l\u2019\u00c9glise de l'Alliance d'Indon\u00e9sie. \u00ab Les contributions et les pri\u00e8res de la Famille de l\u2019Alliance nous permettent d\u2019atteindre des milliers de personnes avec l\u2019amour du Christ. Veuillez continuer \u00e0 prier et \u00e0 contribuer. \u00bb<\/p>\n<\/div>\n\n<\/div>\n\t\n\t\t<div class=\"cat-home\">\n<div class=\"cat-home-category\"><a href=\"https:\/\/awf.world\/fr\/category\/asia-pacific\/\">ASIA &amp; PACIFIC<\/a>\/<a href=\"https:\/\/awf.world\/fr\/category\/news-fr\/\">NOUVELLES<\/a><\/div>\n<div class=\"cat-home-img\"><a href=\"https:\/\/awf.world\/fr\/awf-news\/plus-profondement-dans-le-christ-et-plus-loin-dans-les-missions-dans-la-region-asie-pacifique\/\"><img decoding=\"async\" class=\"attachment-255xauto size-255xauto\" src=\"https:\/\/awf.world\/wp-content\/uploads\/2018\/11\/20181112_204820-wpv_255xauto.jpg\" width=\"255\" height=\"auto\" alt=\"\" \/><\/a><\/div>\n<div class=\"cat-home-title\"><a href=\"https:\/\/awf.world\/fr\/awf-news\/plus-profondement-dans-le-christ-et-plus-loin-dans-les-missions-dans-la-region-asie-pacifique\/\">Plus Profond\u00e9ment dans le Christ et Plus Loin dans les Missions dans la R\u00e9gion Asie-Pacifique<\/a><\/div>\n <div class=\"cat-home-date\">novembre 13, 2018<\/div>\n<div class=\"cat-home-short-description\">  <p>Les dirigeants d'\u00e9glise nationaux de 15 pays de la r\u00e9gion Asie-Pacifique de l'AWF (APAC) ont rassur\u00e9 leurs racines spirituelles et discut\u00e9 de la mani\u00e8re dont un mouvement missionnaire habilit\u00e9 par l'Esprit peut aller de l'avant pour r\u00e9aliser la Grande Commission \u00e0 notre \u00e9poque.<\/p>\n<\/div>\n\n<\/div>\n\t\n\t\t<div class=\"cat-home\">\n<div class=\"cat-home-category\"><a href=\"https:\/\/awf.world\/fr\/category\/europe-middle-east\/\">EUROPE &amp; MIDDLE EAST<\/a>\/<a href=\"https:\/\/awf.world\/fr\/category\/news-fr\/\">NOUVELLES<\/a><\/div>\n<div class=\"cat-home-img\"><a href=\"https:\/\/awf.world\/fr\/awf-news\/la-premiere-alliance-en-finlande-est-destinee-aux-montagnards-du-vietnam\/\"><img decoding=\"async\" class=\"attachment-255xauto size-255xauto\" src=\"https:\/\/awf.world\/wp-content\/uploads\/2018\/11\/Grace-Montagnard-Alliance-Church-in-Finland_1-1-wpv_255xauto.jpg\" width=\"255\" height=\"auto\" alt=\"\" \/><\/a><\/div>\n<div class=\"cat-home-title\"><a href=\"https:\/\/awf.world\/fr\/awf-news\/la-premiere-alliance-en-finlande-est-destinee-aux-montagnards-du-vietnam\/\">La Premi\u00e8re Alliance en Finlande est destin\u00e9e aux Montagnards du Vi\u00eatnam<\/a><\/div>\n <div class=\"cat-home-date\">novembre 8, 2018<\/div>\n<div class=\"cat-home-short-description\">  <p>Ils sont venus de loin et font aujourd'hui partie de la premi\u00e8re \u00e9glise de l'Alliance en Finlande. En 2018, l'\u00c9glise Grace Montagnard Alliance a re\u00e7u la reconnaissance officielle du gouvernement finlandais et a organis\u00e9 une c\u00e9l\u00e9bration le 27 octobre, \u00e0 laquelle 130 personnes ont assist\u00e9 \u00e0 la c\u00e9r\u00e9monie.<\/p>\n<\/div>\n\n<\/div>\n\t\n\t\t<div class=\"cat-home\">\n<div class=\"cat-home-category\"><a href=\"https:\/\/awf.world\/fr\/category\/asia-pacific\/\">ASIA &amp; PACIFIC<\/a>\/<a href=\"https:\/\/awf.world\/fr\/category\/news-fr\/\">NOUVELLES<\/a><\/div>\n<div class=\"cat-home-img\"><a href=\"https:\/\/awf.world\/fr\/awf-news\/lalliance-mongole-se-renforce\/\"><img decoding=\"async\" class=\"attachment-255xauto size-255xauto\" src=\"https:\/\/awf.world\/wp-content\/uploads\/2018\/10\/Mongolia_Ulaanbaatar-wpv_255xauto.jpg\" width=\"255\" height=\"auto\" alt=\"\" \/><\/a><\/div>\n<div class=\"cat-home-title\"><a href=\"https:\/\/awf.world\/fr\/awf-news\/lalliance-mongole-se-renforce\/\">L\u2019Alliance Mongole se Renforce<\/a><\/div>\n <div class=\"cat-home-date\">octobre 26, 2018<\/div>\n<div class=\"cat-home-short-description\">  <p>Bien que l'\u00e9glise de l'Alliance mongole soit jeune, elle compte d\u00e9j\u00e0 12 \u00e9glises organis\u00e9es et huit \u00e9glises de maison. Ils ont \u00e9galement de nombreux minist\u00e8res en cours qui se concentrent sur le conseil, le d\u00e9veloppement et la prestation de soins \u00e0 ceux qui les entourent, peu importe leur \u00e2ge ou leur condition sociale. Mais ils ont toujours besoin de nos pri\u00e8res pour continuer \u00e0 devenir plus forts, plus sages et plus matures afin que la lumi\u00e8re de Dieu puisse briller de mille feux dans toute la Mongolie.<\/p>\n<\/div>\n\n<\/div>\n\t\n\t\t<div class=\"cat-home\">\n<div class=\"cat-home-category\"><a href=\"https:\/\/awf.world\/fr\/category\/afrique\/\">AFRIQUE<\/a>\/<a href=\"https:\/\/awf.world\/fr\/category\/amerique-du-nord\/\">AM\u00c9RIQUE DU NORD<\/a>\/<a href=\"https:\/\/awf.world\/fr\/category\/latin-america-fr\/\">AM\u00c9RIQUE LATINE<\/a>\/<a href=\"https:\/\/awf.world\/fr\/category\/asia-pacific\/\">ASIA &amp; PACIFIC<\/a>\/<a href=\"https:\/\/awf.world\/fr\/category\/news-fr\/\">NOUVELLES<\/a>\/<a href=\"https:\/\/awf.world\/fr\/category\/video-fr\/\">video<\/a><\/div>\n<div class=\"cat-home-img\"><a href=\"https:\/\/awf.world\/fr\/awf-news\/nouvelle-campagne-de-sensibilisation-de-lawf-nous-sommes-alliance\/\"><img decoding=\"async\" class=\"attachment-255xauto size-255xauto\" src=\"https:\/\/awf.world\/wp-content\/uploads\/2018\/10\/We-are-alliance-fr-wpv_255xauto.jpg\" width=\"255\" height=\"auto\" alt=\"\" \/><\/a><\/div>\n<div class=\"cat-home-title\"><a href=\"https:\/\/awf.world\/fr\/awf-news\/nouvelle-campagne-de-sensibilisation-de-lawf-nous-sommes-alliance\/\">Nouvelle Campagne de Sensibilisation de l\u2019AWF : Nous Sommes Alliance<\/a><\/div>\n <div class=\"cat-home-date\">octobre 10, 2018<\/div>\n<div class=\"cat-home-short-description\">  <p>Dans le cadre de notre strat\u00e9gie de communication, nous lan\u00e7ons une nouvelle campagne de sensibilisation.<\/p>\n<\/div>\n\n<\/div>\n\t\n\t\t<div class=\"cat-home\">\n<div class=\"cat-home-category\"><a href=\"https:\/\/awf.world\/fr\/category\/latin-america-fr\/\">AM\u00c9RIQUE LATINE<\/a>\/<a href=\"https:\/\/awf.world\/fr\/category\/news-fr\/\">NOUVELLES<\/a>\/<a href=\"https:\/\/awf.world\/fr\/category\/news-fr\/education-theologique\/\">\u00c9ducation Theologiqu\u00e9<\/a><\/div>\n<div class=\"cat-home-img\"><a href=\"https:\/\/awf.world\/fr\/awf-news\/conference-regionale-de-lawf-cla-amerique-latine-en-argentine\/\"><img decoding=\"async\" class=\"attachment-255xauto size-255xauto\" src=\"https:\/\/awf.world\/wp-content\/uploads\/2018\/10\/CLA2_2018-09-wpv_255xauto.jpg\" width=\"255\" height=\"auto\" alt=\"\" \/><\/a><\/div>\n<div class=\"cat-home-title\"><a href=\"https:\/\/awf.world\/fr\/awf-news\/conference-regionale-de-lawf-cla-amerique-latine-en-argentine\/\">Conf\u00e9rence R\u00e9gionale de l\u2019AWF CLA (Am\u00e9rique latine) en Argentine<\/a><\/div>\n <div class=\"cat-home-date\">octobre 10, 2018<\/div>\n<div class=\"cat-home-short-description\">  <p>Le Symposium de Th\u00e9ologie de l'Alliance a d\u00e9but\u00e9 le mois dernier dans la r\u00e9gion AWF CLA (Am\u00e9rique latine) en Argentine.<\/p>\n<\/div>\n\n<\/div>\n\t\n\t\t<div class=\"cat-home\">\n<div class=\"cat-home-category\"><a href=\"https:\/\/awf.world\/fr\/category\/afrique\/\">AFRIQUE<\/a>\/<a href=\"https:\/\/awf.world\/fr\/category\/news-fr\/\">NOUVELLES<\/a><\/div>\n<div class=\"cat-home-img\"><a href=\"https:\/\/awf.world\/fr\/awf-news\/la-premiere-conference-de-lupheac-en-guinee\/\"><img decoding=\"async\" class=\"attachment-255xauto size-255xauto\" src=\"https:\/\/awf.world\/wp-content\/uploads\/2018\/09\/Africa-Men-Conference_2018-08-wpv_255xauto.jpg\" width=\"255\" height=\"auto\" alt=\"\" \/><\/a><\/div>\n<div class=\"cat-home-title\"><a href=\"https:\/\/awf.world\/fr\/awf-news\/la-premiere-conference-de-lupheac-en-guinee\/\">La Premi\u00e8re Conf\u00e9rence de l\u2019UPHEAC en Guin\u00e9e<\/a><\/div>\n <div class=\"cat-home-date\">septembre 26, 2018<\/div>\n<div class=\"cat-home-short-description\">  <p>Pour la premi\u00e8re fois dans l'histoire des hommes de l'Alliance de l'Afrique, une r\u00e9union a eu lieu pour discuter du r\u00f4le des hommes dans la famille, l'\u00e9glise et la soci\u00e9t\u00e9. C'\u00e9tait certainement une p\u00e9riode de croissance et de b\u00e9n\u00e9diction.<\/p>\n<\/div>\n\n<\/div>\n\t\n\t\t<div class=\"cat-home\">\n<div class=\"cat-home-category\"><a href=\"https:\/\/awf.world\/fr\/category\/europe-middle-east\/\">EUROPE &amp; MIDDLE EAST<\/a>\/<a href=\"https:\/\/awf.world\/fr\/category\/news-fr\/\">NOUVELLES<\/a><\/div>\n<div class=\"cat-home-img\"><a href=\"https:\/\/awf.world\/fr\/awf-news\/rencontrez-michael-baraniak-le-nouveau-president-de-leglise-c-ma-du-royaume-uni\/\"><img decoding=\"async\" class=\"attachment-255xauto size-255xauto\" src=\"https:\/\/awf.world\/wp-content\/uploads\/2018\/09\/New-President-UK_Michael-Baraniak_2018-09-wpv_255xauto.jpg\" width=\"255\" height=\"auto\" alt=\"\" \/><\/a><\/div>\n<div class=\"cat-home-title\"><a href=\"https:\/\/awf.world\/fr\/awf-news\/rencontrez-michael-baraniak-le-nouveau-president-de-leglise-c-ma-du-royaume-uni\/\">Rencontrez Michael Baraniak, le nouveau Pr\u00e9sident de l&rsquo;\u00c9glise C &#038; MA du Royaume-Uni<\/a><\/div>\n <div class=\"cat-home-date\">septembre 20, 2018<\/div>\n<div class=\"cat-home-short-description\">  <p>Avec plus de 40 ans d\u2019exp\u00e9rience et de d\u00e9vouement au travail de Dieu, Michael Baraniak est le nouveau pr\u00e9sident de l\u2019\u00c9glise C & MA du Royaume-Uni.<\/p>\n<\/div>\n\n<\/div>\n\t\n\t\t<div class=\"cat-home\">\n<div class=\"cat-home-category\"><a href=\"https:\/\/awf.world\/fr\/category\/latin-america-fr\/\">AM\u00c9RIQUE LATINE<\/a>\/<a href=\"https:\/\/awf.world\/fr\/category\/news-fr\/\">NOUVELLES<\/a><\/div>\n<div class=\"cat-home-img\"><a href=\"https:\/\/awf.world\/fr\/awf-news\/rencontrez-natanael-gil-lamas-le-nouveau-president-de-leglise-c-ma-du-venezuela\/\"><img decoding=\"async\" class=\"attachment-255xauto size-255xauto\" src=\"https:\/\/awf.world\/wp-content\/uploads\/2018\/07\/New-President-Venezuela_Natanael-Gil_2018-06-wpv_255xauto.jpg\" width=\"255\" height=\"auto\" alt=\"\" \/><\/a><\/div>\n<div class=\"cat-home-title\"><a href=\"https:\/\/awf.world\/fr\/awf-news\/rencontrez-natanael-gil-lamas-le-nouveau-president-de-leglise-c-ma-du-venezuela\/\">Rencontrez Natanael Gil Lamas, le nouveau Pr\u00e9sident de l&rsquo;\u00c9glise C &#038; MA du Venezuela<\/a><\/div>\n <div class=\"cat-home-date\">juillet 24, 2018<\/div>\n<div class=\"cat-home-short-description\">  <p>En tant que nouveau Pr\u00e9sident de l'\u00c9glise nationale C & MA au Venezuela, le R\u00e9v\u00e9rend Natanael Gil Lamas esp\u00e8re que Dieu l'utilisera pour apporter l'unit\u00e9, l'harmonie et le soutien aux \u00e9glises et aux minist\u00e8res de C & MA dans son pays.<\/p>\n<\/div>\n\n<\/div>\n\t\n\t\t<div class=\"cat-home\">\n<div class=\"cat-home-category\"><a href=\"https:\/\/awf.world\/fr\/category\/europe-middle-east\/\">EUROPE &amp; MIDDLE EAST<\/a>\/<a href=\"https:\/\/awf.world\/fr\/category\/news-fr\/\">NOUVELLES<\/a><\/div>\n<div class=\"cat-home-img\"><a href=\"https:\/\/awf.world\/fr\/awf-news\/rencontrez-bashar-nimat-le-nouveau-president-de-leglise-c-ma-nationale-en-jordanie\/\"><img decoding=\"async\" class=\"attachment-255xauto size-255xauto\" src=\"https:\/\/awf.world\/wp-content\/uploads\/2018\/07\/New-President-Jordan-Holy-Land_Bashar-Nimat_2018-06-2-wpv_255xauto.jpeg\" width=\"255\" height=\"auto\" alt=\"\" \/><\/a><\/div>\n<div class=\"cat-home-title\"><a href=\"https:\/\/awf.world\/fr\/awf-news\/rencontrez-bashar-nimat-le-nouveau-president-de-leglise-c-ma-nationale-en-jordanie\/\">Rencontrez Bashar Nimat, nouveau Pr\u00e9sident de l&rsquo;\u00c9glise C &#038; MA Nationale de Jordanie et de Terre Sainte<\/a><\/div>\n <div class=\"cat-home-date\">juillet 16, 2018<\/div>\n<div class=\"cat-home-short-description\">  <p>Le nouveau pr\u00e9sident de l'\u00c9glise C & MA de Jordanie et de Terre Sainte, le r\u00e9v\u00e9rend Bashar Nimat, a une devise : \u00ab Vivre une vie d\u00e9vou\u00e9e \u00e0 Christ exige la croissance du caract\u00e8re chr\u00e9tien \u00e0 travers le discipulat. \u00bb \u00c9lu en mars 2018, le pasteur principal d\u00e9sire non seulement voir les gens se sauver mais vivre une vie remplie pour Christ.<\/p>\n<\/div>\n\n<\/div>\n\t\n\t\t<div class=\"cat-home\">\n<div class=\"cat-home-category\"><a href=\"https:\/\/awf.world\/fr\/category\/europe-middle-east\/\">EUROPE &amp; MIDDLE EAST<\/a>\/<a href=\"https:\/\/awf.world\/fr\/category\/news-fr\/\">NOUVELLES<\/a><\/div>\n<div class=\"cat-home-img\"><a href=\"https:\/\/awf.world\/fr\/awf-news\/linstitut-de-theologie-de-lalliance-chretienne-a-beyrouth-liban-organise-sa-ceremonie-de-remise-des-diplomes-le-20-juin\/\"><img decoding=\"async\" class=\"attachment-255xauto size-255xauto\" src=\"https:\/\/awf.world\/wp-content\/uploads\/2018\/07\/Lebabon_CAIT-Graduation_2018-06-wpv_255xauto.jpg\" width=\"255\" height=\"auto\" alt=\"\" \/><\/a><\/div>\n<div class=\"cat-home-title\"><a href=\"https:\/\/awf.world\/fr\/awf-news\/linstitut-de-theologie-de-lalliance-chretienne-a-beyrouth-liban-organise-sa-ceremonie-de-remise-des-diplomes-le-20-juin\/\">L&rsquo;Institut de Th\u00e9ologie de l&rsquo;Alliance Chr\u00e9tienne \u00e0 Beyrouth, Liban, organise sa C\u00e9r\u00e9monie de Remise des Dipl\u00f4mes le 20 juin<\/a><\/div>\n <div class=\"cat-home-date\">juillet 16, 2018<\/div>\n<div class=\"cat-home-short-description\">  <p>Le r\u00e9v\u00e9rend Munther Shahatit a assist\u00e9 \u00e0 la douzi\u00e8me remise des dipl\u00f4mes de l'Institut de Th\u00e9ologie de l'Alliance Chr\u00e9tienne (Christian Alliance Institute of Theology - CAIT) \u00e0 Beyrouth, au Liban, en juin 2018. La c\u00e9r\u00e9monie a ramen\u00e9 des souvenirs.<\/p>\n<\/div>\n\n<\/div>\n\t\n\t\t<div class=\"cat-home\">\n<div class=\"cat-home-category\"><a href=\"https:\/\/awf.world\/fr\/category\/europe-middle-east\/\">EUROPE &amp; MIDDLE EAST<\/a>\/<a href=\"https:\/\/awf.world\/fr\/category\/news-fr\/\">NOUVELLES<\/a><\/div>\n<div class=\"cat-home-img\"><a href=\"https:\/\/awf.world\/fr\/awf-news\/la-croissance-etonnante-de-leglise-c-ma-de-bagdad-irak\/\"><img decoding=\"async\" class=\"attachment-255xauto size-255xauto\" src=\"https:\/\/awf.world\/wp-content\/uploads\/2018\/07\/Iraq-Baghdad_Rev-Joseph-Francese-and-family_2018-06-wpv_255xauto.jpg\" width=\"255\" height=\"auto\" alt=\"\" \/><\/a><\/div>\n<div class=\"cat-home-title\"><a href=\"https:\/\/awf.world\/fr\/awf-news\/la-croissance-etonnante-de-leglise-c-ma-de-bagdad-irak\/\">La Croissance \u00c9tonnante de l&rsquo;\u00c9glise C &#038; MA de Bagdad, Irak<\/a><\/div>\n <div class=\"cat-home-date\">juillet 16, 2018<\/div>\n<div class=\"cat-home-short-description\">  <p>Au cours de sa r\u00e9cente visite \u00e0 Erbil, le r\u00e9v\u00e9rend Shahatit a rencontr\u00e9 le r\u00e9v\u00e9rend Joseph Francese, pasteur de l'\u00c9glise C & MA de Bagdad, en Irak. Il a re\u00e7u la bonne nouvelle que l'\u00e9glise grandit et continue de partager la Parole de Dieu.<\/p>\n<\/div>\n\n<\/div>\n\t\n\t\t<div class=\"cat-home\">\n<div class=\"cat-home-category\"><a href=\"https:\/\/awf.world\/fr\/category\/europe-middle-east\/\">EUROPE &amp; MIDDLE EAST<\/a>\/<a href=\"https:\/\/awf.world\/fr\/category\/news-fr\/\">NOUVELLES<\/a><\/div>\n<div class=\"cat-home-img\"><a href=\"https:\/\/awf.world\/fr\/awf-news\/mise-a-jour-de-la-region-emerald-europe-et-moyen-orient-la-visite-a-erbil\/\"><img decoding=\"async\" class=\"attachment-255xauto size-255xauto\" src=\"https:\/\/awf.world\/wp-content\/uploads\/2018\/07\/Iraq-Erbil_CMA-Church_2018-06-wpv_255xauto.jpg\" width=\"255\" height=\"auto\" alt=\"\" \/><\/a><\/div>\n<div class=\"cat-home-title\"><a href=\"https:\/\/awf.world\/fr\/awf-news\/mise-a-jour-de-la-region-emerald-europe-et-moyen-orient-la-visite-a-erbil\/\">L&rsquo;\u00c9glise C &#038; MA d&rsquo;Erbil \u00c9largit sa Port\u00e9e<\/a><\/div>\n <div class=\"cat-home-date\">juillet 12, 2018<\/div>\n<div class=\"cat-home-short-description\">  <p>L'\u00e9glise C & MA d'Erbil am\u00e8ne de nombreuses personnes \u00e0 Christ et \u00e9tend sa port\u00e9e au fur et \u00e0 mesure que ces nouveaux croyants retournent dans les villes anciennement occup\u00e9es par l\u2019EI pour fonder une nouvelle \u00e9glise.<\/p>\n<\/div>\n\n<\/div>\n\t\n\t\t<div class=\"cat-home\">\n<div class=\"cat-home-category\"><a href=\"https:\/\/awf.world\/fr\/category\/afrique\/\">AFRIQUE<\/a>\/<a href=\"https:\/\/awf.world\/fr\/category\/latin-america-fr\/\">AM\u00c9RIQUE LATINE<\/a>\/<a href=\"https:\/\/awf.world\/fr\/category\/news-fr\/\">NOUVELLES<\/a><\/div>\n<div class=\"cat-home-img\"><a href=\"https:\/\/awf.world\/fr\/awf-news\/voyage-de-mission-au-mali-en-guinee-et-au-senegal\/\"><img decoding=\"async\" class=\"attachment-255xauto size-255xauto\" src=\"https:\/\/awf.world\/wp-content\/uploads\/2018\/07\/Africa-Vision-Trip-2018-1-wpv_255xauto.png\" width=\"255\" height=\"auto\" alt=\"\" \/><\/a><\/div>\n<div class=\"cat-home-title\"><a href=\"https:\/\/awf.world\/fr\/awf-news\/voyage-de-mission-au-mali-en-guinee-et-au-senegal\/\">Voyage de Mission au Mali, en Guin\u00e9e et au S\u00e9n\u00e9gal<\/a><\/div>\n <div class=\"cat-home-date\">juillet 9, 2018<\/div>\n<div class=\"cat-home-short-description\">  <p>L'\u00e9quipe du CLA (R\u00e9gion Am\u00e9rique Latine) et certains dirigeants des \u00e9glises de l'Alliance sud-am\u00e9ricaine se rendront au Mali, en Guin\u00e9e et au S\u00e9n\u00e9gal en juillet 2018. Ils esp\u00e8rent apporter des encouragements et des b\u00e9n\u00e9dictions aux \u00e9glises, fr\u00e8res et s\u0153urs qu'ils visitent.<\/p>\n<\/div>\n\n<\/div>\n\t\n\t\t<div class=\"cat-home\">\n<div class=\"cat-home-category\"><a href=\"https:\/\/awf.world\/fr\/category\/asia-pacific\/\">ASIA &amp; PACIFIC<\/a>\/<a href=\"https:\/\/awf.world\/fr\/category\/news-fr\/\">NOUVELLES<\/a><\/div>\n<div class=\"cat-home-img\"><a href=\"https:\/\/awf.world\/fr\/awf-news\/convention-de-la-jeunesse-de-lalliance-du-synode-du-gujarat-inde\/\"><img decoding=\"async\" class=\"attachment-255xauto size-255xauto\" src=\"https:\/\/awf.world\/wp-content\/uploads\/2018\/06\/Youth-Convention-in-Gujarat-India_2018-05-wpv_255xauto.png\" width=\"255\" height=\"auto\" alt=\"\" \/><\/a><\/div>\n<div class=\"cat-home-title\"><a href=\"https:\/\/awf.world\/fr\/awf-news\/convention-de-la-jeunesse-de-lalliance-du-synode-du-gujarat-inde\/\">Convention de la Jeunesse de l&rsquo;Alliance du Synode du Gujarat, Inde<\/a><\/div>\n <div class=\"cat-home-date\">juin 29, 2018<\/div>\n<div class=\"cat-home-short-description\">  <p>Louez le Seigneur pour la Convention de la jeunesse de l'Alliance qui s'est tenue en Inde en mai 2018 et pour les 22 jeunes qui ont consacr\u00e9 leur vie au Christ.<\/p>\n<\/div>\n\n<\/div>\n\t\n\t\t<div class=\"cat-home\">\n<div class=\"cat-home-category\"><a href=\"https:\/\/awf.world\/fr\/category\/asia-pacific\/\">ASIA &amp; PACIFIC<\/a>\/<a href=\"https:\/\/awf.world\/fr\/category\/news-fr\/\">NOUVELLES<\/a><\/div>\n<div class=\"cat-home-img\"><a href=\"https:\/\/awf.world\/fr\/awf-news\/la-conference-du-nafi-rassemblera-les-ministeres-lies-a-lalliance-en-inde-en-mai-2019\/\"><img decoding=\"async\" class=\"attachment-255xauto size-255xauto\" src=\"https:\/\/awf.world\/wp-content\/uploads\/2018\/06\/NAFI-wpv_255xauto.png\" width=\"255\" height=\"auto\" alt=\"\" \/><\/a><\/div>\n<div class=\"cat-home-title\"><a href=\"https:\/\/awf.world\/fr\/awf-news\/la-conference-du-nafi-rassemblera-les-ministeres-lies-a-lalliance-en-inde-en-mai-2019\/\">La conf\u00e9rence du NAFI rassemblera les minist\u00e8res li\u00e9s \u00e0 l&rsquo;Alliance en Inde en mai 2019<\/a><\/div>\n <div class=\"cat-home-date\">juin 29, 2018<\/div>\n<div class=\"cat-home-short-description\">  <p>Dans les demandes de pri\u00e8re de mai de l'AWF, nous avons pri\u00e9 pour la premi\u00e8re r\u00e9union du Comit\u00e9 de coordination de l'Alliance Nationale de l'Inde (National Alliance Fellowship of India \u2013 NAFI). Dieu a r\u00e9pondu \u00e0 nos pri\u00e8res et les dirigeants pr\u00e9sents ont eu un temps fructueux et b\u00e9ni ensemble.<\/p>\n<\/div>\n\n<\/div>\n\t\n\t\t<div class=\"cat-home\">\n<div class=\"cat-home-category\"><a href=\"https:\/\/awf.world\/fr\/category\/europe-middle-east\/\">EUROPE &amp; MIDDLE EAST<\/a>\/<a href=\"https:\/\/awf.world\/fr\/category\/news-fr\/\">NOUVELLES<\/a><\/div>\n<div class=\"cat-home-img\"><a href=\"https:\/\/awf.world\/fr\/awf-news\/atteindre-les-arabes-dans-les-villes-allemandes-pour-christ\/\"><img decoding=\"async\" class=\"attachment-255xauto size-255xauto\" src=\"https:\/\/awf.world\/wp-content\/uploads\/2018\/06\/Arabs-in-Germany_2018-061-wpv_255xauto.jpg\" width=\"255\" height=\"auto\" alt=\"\" \/><\/a><\/div>\n<div class=\"cat-home-title\"><a href=\"https:\/\/awf.world\/fr\/awf-news\/atteindre-les-arabes-dans-les-villes-allemandes-pour-christ\/\">Atteindre les Arabes dans les villes allemandes pour Christ<\/a><\/div>\n <div class=\"cat-home-date\">juin 29, 2018<\/div>\n<div class=\"cat-home-short-description\">  <p>L'Alliance en Allemagne concentre ses efforts pour atteindre les immigr\u00e9s arabophones et les r\u00e9fugi\u00e9s d'origine musulmane \u00e0 Berlin et \u00e0 Coblence pour le Christ.<\/p>\n<\/div>\n\n<\/div>\n\t\n\t\t<div class=\"cat-home\">\n<div class=\"cat-home-category\"><a href=\"https:\/\/awf.world\/fr\/category\/asia-pacific\/\">ASIA &amp; PACIFIC<\/a>\/<a href=\"https:\/\/awf.world\/fr\/category\/news-fr\/\">NOUVELLES<\/a><\/div>\n<div class=\"cat-home-img\"><a href=\"https:\/\/awf.world\/fr\/awf-news\/mise-a-jour-du-ministere-vietnamien-en-thailande\/\"><img decoding=\"async\" class=\"attachment-255xauto size-255xauto\" src=\"https:\/\/awf.world\/wp-content\/uploads\/2018\/06\/Gym-1-wpv_255xauto.jpeg\" width=\"255\" height=\"auto\" alt=\"\" \/><\/a><\/div>\n<div class=\"cat-home-title\"><a href=\"https:\/\/awf.world\/fr\/awf-news\/mise-a-jour-du-ministere-vietnamien-en-thailande\/\">Mise \u00e0 jour du Minist\u00e8re vietnamien en Tha\u00eflande<\/a><\/div>\n <div class=\"cat-home-date\">juin 25, 2018<\/div>\n<div class=\"cat-home-short-description\">  <p>Le couple missionnaire du Vietnam, Narong et Tinh, ont de merveilleuses nouvelles \u00e0 partager. Leur travail \u00e0 Nakhon Phanom progresse fermement. Ils ont plant\u00e9 les graines de l'amour de Dieu dans le c\u0153ur de beaucoup et avec la b\u00e9n\u00e9diction de Dieu, beaucoup d'autres entendront parler de notre Seigneur J\u00e9sus.<\/p>\n<\/div>\n\n<\/div>\n\t\n\t\t<div class=\"cat-home\">\n<div class=\"cat-home-category\"><a href=\"https:\/\/awf.world\/fr\/category\/afrique\/\">AFRIQUE<\/a>\/<a href=\"https:\/\/awf.world\/fr\/category\/news-fr\/\">NOUVELLES<\/a><\/div>\n<div class=\"cat-home-img\"><a href=\"https:\/\/awf.world\/fr\/awf-news\/partenariats-en-guinee-equatoriale\/\"><img decoding=\"async\" class=\"attachment-255xauto size-255xauto\" src=\"https:\/\/awf.world\/wp-content\/uploads\/2018\/05\/Equatorial-Guinea_Foto1-1-wpv_255xauto.jpg\" width=\"255\" height=\"auto\" alt=\"\" \/><\/a><\/div>\n<div class=\"cat-home-title\"><a href=\"https:\/\/awf.world\/fr\/awf-news\/partenariats-en-guinee-equatoriale\/\">Partenariats en Guin\u00e9e \u00c9quatoriale<\/a><\/div>\n <div class=\"cat-home-date\">mai 30, 2018<\/div>\n<div class=\"cat-home-short-description\">  <p>Le r\u00e9v\u00e9rend Victor Ndoukou Moukoko, pr\u00e9sident du C & MA du Gabon, et le pasteur Pedro Micha Obama, de la Guin\u00e9e \u00c9quatoriale, s'associent pour \u00e9tendre le Royaume de Dieu sur toute la terre de la r\u00e9gion ouest-africaine.<\/p>\n<\/div>\n\n<\/div>\n\t\n\t\t<div class=\"cat-home\">\n<div class=\"cat-home-category\"><a href=\"https:\/\/awf.world\/fr\/category\/afrique\/\">AFRIQUE<\/a>\/<a href=\"https:\/\/awf.world\/fr\/category\/news-fr\/\">NOUVELLES<\/a><\/div>\n<div class=\"cat-home-img\"><a href=\"https:\/\/awf.world\/fr\/awf-news\/100-ans-de-la-lumiere-de-dieu-qui-brille-sur-guinee\/\"><img decoding=\"async\" class=\"attachment-255xauto size-255xauto\" src=\"https:\/\/awf.world\/wp-content\/uploads\/2018\/05\/Guinea-CMA-1-wpv_255xauto.jpg\" width=\"255\" height=\"auto\" alt=\"\" \/><\/a><\/div>\n<div class=\"cat-home-title\"><a href=\"https:\/\/awf.world\/fr\/awf-news\/100-ans-de-la-lumiere-de-dieu-qui-brille-sur-guinee\/\">100 ans de la lumi\u00e8re de Dieu qui brille sur Guin\u00e9e<\/a><\/div>\n <div class=\"cat-home-date\">mai 30, 2018<\/div>\n<div class=\"cat-home-short-description\">  <p>En janvier 2019, l'\u00c9glise de l'Alliance de Guin\u00e9e, \u00c9glise Protestante \u00c9vang\u00e9lique de Guin\u00e9e (EPEG), f\u00eatera ses 100 ans\u202f! En ce temps-l\u00e0, nos fr\u00e8res et s\u0153urs ont consciencieusement r\u00e9pandu l'amour de Dieu et sa parole \u00e0 tous ceux qu'ils pouvaient atteindre. Laissez-nous \u00e9lever nos voix et remercier notre Seigneur Tout-Puissant pour cette magnifique r\u00e9alisation !<\/p>\n<\/div>\n\n<\/div>\n\t\n\t\t<div class=\"cat-home\">\n<div class=\"cat-home-category\"><a href=\"https:\/\/awf.world\/fr\/category\/afrique\/\">AFRIQUE<\/a>\/<a href=\"https:\/\/awf.world\/fr\/category\/news-fr\/\">NOUVELLES<\/a><\/div>\n<div class=\"cat-home-img\"><a href=\"https:\/\/awf.world\/fr\/awf-news\/la-construction-des-eglises-au-benin-2\/\"><img decoding=\"async\" class=\"attachment-255xauto size-255xauto\" src=\"https:\/\/awf.world\/wp-content\/uploads\/2018\/05\/Benin_Foto2-1-wpv_255xauto.jpg\" width=\"255\" height=\"auto\" alt=\"\" \/><\/a><\/div>\n<div class=\"cat-home-title\"><a href=\"https:\/\/awf.world\/fr\/awf-news\/la-construction-des-eglises-au-benin-2\/\">La Construction des \u00c9glises au B\u00e9nin<\/a><\/div>\n <div class=\"cat-home-date\">mai 30, 2018<\/div>\n<div class=\"cat-home-short-description\">  <p>Dans un pays si ethniquement si diversifi\u00e9 et avec tant de croyances diff\u00e9rentes, une seconde \u00e9glise est en construction pour continuer \u00e0 r\u00e9pandre la parole de Dieu parmi les B\u00e9ninois. Si Dieu le veut, le projet b\u00e9nira la vie de nombreuses personnes et rassemblera les B\u00e9ninois pour c\u00e9l\u00e9brer Son nom.<\/p>\n<\/div>\n\n<\/div>\n\t\n\t\t<div class=\"cat-home\">\n<div class=\"cat-home-category\"><\/div>\n<div class=\"cat-home-img\"><a href=\"https:\/\/awf.world\/fr\/awf-news\/prieres-au-milieu-des-attaques\/\"><img decoding=\"async\" class=\"attachment-255xauto size-255xauto\" src=\"https:\/\/awf.world\/wp-content\/uploads\/2018\/05\/Indonesia-Bomb-Attack_2018-05-13-wpv_255xauto.jpg\" width=\"255\" height=\"auto\" alt=\"\" \/><\/a><\/div>\n<div class=\"cat-home-title\"><a href=\"https:\/\/awf.world\/fr\/awf-news\/prieres-au-milieu-des-attaques\/\">Pri\u00e8res au milieu des attaques<\/a><\/div>\n <div class=\"cat-home-date\">mai 17, 2018<\/div>\n<div class=\"cat-home-short-description\">  <p>Les attaques terroristes r\u00e9centes en Indon\u00e9sie ont laiss\u00e9 tout le monde avec un sentiment d'effroi et de peur. Plus que jamais, nous devons nous unir dans la pri\u00e8re pour nos fr\u00e8res et s\u0153urs du monde entier, comme le rappelle le r\u00e9v\u00e9rend Daniel Ronda, renforcer notre foi en Dieu et continuer \u00e0 parler de Son amour \u00e0 tous.<\/p>\n<\/div>\n\n<\/div>\n\t\n\t\t<div class=\"cat-home\">\n<div class=\"cat-home-category\"><a href=\"https:\/\/awf.world\/fr\/category\/asia-pacific\/\">ASIA &amp; PACIFIC<\/a>\/<a href=\"https:\/\/awf.world\/fr\/category\/news-fr\/\">NOUVELLES<\/a><\/div>\n<div class=\"cat-home-img\"><a href=\"https:\/\/awf.world\/fr\/awf-news\/rencontrez-lal-duh-chuanga-le-nouveau-president-de-lalliance-chretienne-et-missionnaire-du-myanmar\/\"><img decoding=\"async\" class=\"attachment-255xauto size-255xauto\" src=\"https:\/\/awf.world\/wp-content\/uploads\/2018\/04\/New-President-Myanmar_Lal-Duh-Chuanga_2018-04-wpv_255xauto.jpg\" width=\"255\" height=\"auto\" alt=\"\" \/><\/a><\/div>\n<div class=\"cat-home-title\"><a href=\"https:\/\/awf.world\/fr\/awf-news\/rencontrez-lal-duh-chuanga-le-nouveau-president-de-lalliance-chretienne-et-missionnaire-du-myanmar\/\">Rencontrez Lal Duh Chuanga, le nouveau Pr\u00e9sident de l&rsquo;Alliance Chr\u00e9tienne et Missionnaire du Myanmar<\/a><\/div>\n <div class=\"cat-home-date\">avril 30, 2018<\/div>\n<div class=\"cat-home-short-description\">  <p>Le C & MA du Myanmar a un nouveau pr\u00e9sident : le r\u00e9v\u00e9rend Lal Duh Chuanga, qui a servi avec diligence en tant que pasteur pendant 19 ans avant son \u00e9lection. Il pr\u00e9voit de se consacrer \u00e0 la plantation d'\u00e9glises dans au moins 20 villages parmi les Birmans, les Karen et les Mizo \/ Chin.<\/p>\n<\/div>\n\n<\/div>\n\t\n\t\t<div class=\"cat-home\">\n<div class=\"cat-home-category\"><a href=\"https:\/\/awf.world\/fr\/category\/asia-pacific\/\">ASIA &amp; PACIFIC<\/a>\/<a href=\"https:\/\/awf.world\/fr\/category\/news-fr\/\">NOUVELLES<\/a><\/div>\n<div class=\"cat-home-img\"><a href=\"https:\/\/awf.world\/fr\/awf-news\/rencontrez-sanguansak-worawat-le-nouveau-president-de-lalliance-chretienne-et-missionnaire-en-thailande\/\"><img decoding=\"async\" class=\"attachment-255xauto size-255xauto\" src=\"https:\/\/awf.world\/wp-content\/uploads\/2018\/04\/New-President-Thailand_Sanguansak-Worawat_2018-04-wpv_255xauto.jpg\" width=\"255\" height=\"auto\" alt=\"\" \/><\/a><\/div>\n<div class=\"cat-home-title\"><a href=\"https:\/\/awf.world\/fr\/awf-news\/rencontrez-sanguansak-worawat-le-nouveau-president-de-lalliance-chretienne-et-missionnaire-en-thailande\/\">Rencontrez Sanguansak Worawat, le nouveau Pr\u00e9sident de l&rsquo;Alliance Chr\u00e9tienne et Missionnaire en Tha\u00eflande<\/a><\/div>\n <div class=\"cat-home-date\">avril 30, 2018<\/div>\n<div class=\"cat-home-short-description\">  <p>Le r\u00e9v\u00e9rend Sanguansak Worawat, qui est un pasteur principal \u00e0 l'\u00e9glise \u00e9vang\u00e9lique situ\u00e9e dans la province de Kalasin, a \u00e9t\u00e9 choisi comme nouveau pr\u00e9sident du C & MA en Tha\u00eflande. Il a travaill\u00e9 les huit derni\u00e8res ann\u00e9es en tant que membre du comit\u00e9 du conseil d'administration de C & MA Tha\u00eflande. Le r\u00e9v\u00e9rend se sent honor\u00e9, d\u00e9fi\u00e9 et excit\u00e9 pour les t\u00e2ches que Dieu a donn\u00e9es et pour les nouvelles \u00e9tapes dans le domaine missionnaire !<\/p>\n<\/div>\n\n<\/div>\n\t\n\t\t<div class=\"cat-home\">\n<div class=\"cat-home-category\"><a href=\"https:\/\/awf.world\/fr\/category\/afrique\/\">AFRIQUE<\/a>\/<a href=\"https:\/\/awf.world\/fr\/category\/news-fr\/\">NOUVELLES<\/a><\/div>\n<div class=\"cat-home-img\"><a href=\"https:\/\/awf.world\/fr\/awf-news\/partenariat-et-unite-en-afrique\/\"><img decoding=\"async\" class=\"attachment-255xauto size-255xauto\" src=\"https:\/\/awf.world\/wp-content\/uploads\/2018\/04\/Pastors-Conference-Africa_2018-04-1-wpv_255xauto.jpg\" width=\"255\" height=\"auto\" alt=\"\" \/><\/a><\/div>\n<div class=\"cat-home-title\"><a href=\"https:\/\/awf.world\/fr\/awf-news\/partenariat-et-unite-en-afrique\/\">Partenariat et Unit\u00e9 en Afrique<\/a><\/div>\n <div class=\"cat-home-date\">avril 30, 2018<\/div>\n<div class=\"cat-home-short-description\">  <p>Le C & MA de la C\u00f4te d'Ivoire est l'une des \u00e9glises les plus dynamiques de l'Alliance en Afrique et traverse ses fronti\u00e8res pour servir les autres nations. S'il vous pla\u00eet, priez pour le leadership de l'\u00c9glise de l'Alliance nationale, car ils cr\u00e9ent de nouvelles \u00e9glises \u00e0 l'int\u00e9rieur et \u00e0 l'ext\u00e9rieur du pays et planifient de nouveaux projets de d\u00e9veloppement communautaire.<\/p>\n<\/div>\n\n<\/div>\n\t\n\t\t<div class=\"cat-home\">\n<div class=\"cat-home-category\"><a href=\"https:\/\/awf.world\/fr\/category\/europe-middle-east\/\">EUROPE &amp; MIDDLE EAST<\/a>\/<a href=\"https:\/\/awf.world\/fr\/category\/news-fr\/\">NOUVELLES<\/a><\/div>\n<div class=\"cat-home-img\"><a href=\"https:\/\/awf.world\/fr\/awf-news\/rencontrez-munther-shahatit-le-nouveau-coordinateur-regional-de-lawf-emerald\/\"><\/a><\/div>\n<div class=\"cat-home-title\"><a href=\"https:\/\/awf.world\/fr\/awf-news\/rencontrez-munther-shahatit-le-nouveau-coordinateur-regional-de-lawf-emerald\/\">Rencontrez Munther Shahatit, le nouveau Coordinateur R\u00e9gional de l&rsquo;AWF EMERALD<\/a><\/div>\n <div class=\"cat-home-date\">avril 30, 2018<\/div>\n<div class=\"cat-home-short-description\">  <p>Le r\u00e9v\u00e9rend Munther Shahatit est le nouveau Coordinateur R\u00e9gional de la r\u00e9gion EMERALD (Europe et Moyen-Orient). Il est un pasteur ordonn\u00e9 et un leader de la C & MA de Jordanie et se d\u00e9place dans toute la r\u00e9gion pour fournir des conseils et des formations professionnelles sur les traumatismes. Il remplace le r\u00e9v\u00e9rend Arie Verduijn, qui a demand\u00e9 de d\u00e9missionner en raison de ses responsabilit\u00e9s minist\u00e9rielles croissantes dans l'\u00e9glise locale.<\/p>\n<\/div>\n\n<\/div>\n\t\n\t\t<div class=\"cat-home\">\n<div class=\"cat-home-category\"><a href=\"https:\/\/awf.world\/fr\/category\/asia-pacific\/\">ASIA &amp; PACIFIC<\/a>\/<a href=\"https:\/\/awf.world\/fr\/category\/news-fr\/\">NOUVELLES<\/a><\/div>\n<div class=\"cat-home-img\"><a href=\"https:\/\/awf.world\/fr\/awf-news\/les-preparatifs-pour-lancer-le-projet-de-plantation-deglises-vietnamiennes-en-thailande-sont-finalises\/\"><img decoding=\"async\" class=\"attachment-255xauto size-255xauto\" src=\"https:\/\/awf.world\/wp-content\/uploads\/2018\/03\/Thailand-map-734x440_center_center-2-wpv_255xauto.jpg\" width=\"255\" height=\"auto\" alt=\"\" \/><\/a><\/div>\n<div class=\"cat-home-title\"><a href=\"https:\/\/awf.world\/fr\/awf-news\/les-preparatifs-pour-lancer-le-projet-de-plantation-deglises-vietnamiennes-en-thailande-sont-finalises\/\">Les pr\u00e9paratifs pour lancer le projet de plantation d&rsquo;\u00e9glises vietnamiennes en Tha\u00eflande sont finalis\u00e9s<\/a><\/div>\n <div class=\"cat-home-date\">avril 26, 2018<\/div>\n<div class=\"cat-home-short-description\">  <p>Nous remercions le Seigneur pour le succ\u00e8s de notre derni\u00e8re rencontre avec le comit\u00e9 de direction de l'\u00c9glise \u00c9vang\u00e9lique du Nord du Vi\u00eatnam \u00e0 Hanoi le 27 mars 2018 concernant l'envoi d'un couple vietnamien pour planter une \u00e9glise parmi les Vietnamiens-Tha\u00eflandais \u00e0 la province de Nakhon Panom en Tha\u00eflande.<\/p>\n<\/div>\n\n<\/div>\n\t\n\t\t<div class=\"cat-home\">\n<div class=\"cat-home-category\"><a href=\"https:\/\/awf.world\/fr\/category\/europe-middle-east\/\">EUROPE &amp; MIDDLE EAST<\/a>\/<a href=\"https:\/\/awf.world\/fr\/category\/news-fr\/\">NOUVELLES<\/a><\/div>\n<div class=\"cat-home-img\"><a href=\"https:\/\/awf.world\/fr\/awf-news\/demandes-de-priere-de-lalliance-en-france\/\"><img decoding=\"async\" class=\"attachment-255xauto size-255xauto\" src=\"https:\/\/awf.world\/wp-content\/uploads\/2018\/04\/Paris-Eiffel-Tower-Getty-Images-wpv_255xauto.jpg\" width=\"255\" height=\"auto\" alt=\"\" \/><\/a><\/div>\n<div class=\"cat-home-title\"><a href=\"https:\/\/awf.world\/fr\/awf-news\/demandes-de-priere-de-lalliance-en-france\/\">Demandes de Pri\u00e8re de l&rsquo;Alliance en France<\/a><\/div>\n <div class=\"cat-home-date\">avril 24, 2018<\/div>\n<div class=\"cat-home-short-description\">  <p>L'\u00e9glise de l'Alliance en France construit une nouvelle vision pour l'avenir et vient de lancer un projet feuille de route parmi ses \u00e9glises pour d\u00e9velopper cette vision. Veuillez prier pour que Dieu apporte la clart\u00e9 et rapproche les \u00e9glises de l'Alliance pour sa gloire.<\/p>\n<\/div>\n\n<\/div>\n\t\n\t\t<div class=\"cat-home\">\n<div class=\"cat-home-category\"><a href=\"https:\/\/awf.world\/fr\/category\/europe-middle-east\/\">EUROPE &amp; MIDDLE EAST<\/a>\/<a href=\"https:\/\/awf.world\/fr\/category\/news-fr\/\">NOUVELLES<\/a><\/div>\n<div class=\"cat-home-img\"><a href=\"https:\/\/awf.world\/fr\/awf-news\/ministere-de-lalliance-manchaster\/\"><img decoding=\"async\" class=\"attachment-255xauto size-255xauto\" src=\"https:\/\/awf.world\/wp-content\/uploads\/2018\/04\/Manchester-2-wpv_255xauto.jpg\" width=\"255\" height=\"auto\" alt=\"\" \/><\/a><\/div>\n<div class=\"cat-home-title\"><a href=\"https:\/\/awf.world\/fr\/awf-news\/ministere-de-lalliance-manchaster\/\">Minist\u00e8re de l&rsquo;Alliance Manchester, Grande Bretagne<\/a><\/div>\n <div class=\"cat-home-date\">avril 23, 2018<\/div>\n<div class=\"cat-home-short-description\">  <p>Le minist\u00e8re de l'ALLIANCE MANCHESTER (TAM) se d\u00e9veloppe avec de nouveaux travailleurs venant de la famille de l\u2019Alliance World Fellowship. Cette croissance n\u00e9cessite le besoin de trouver un nouveau lieu. Philip Margesson et Juan-Carlos Parodi se rendront \u00e0 Lima, au P\u00e9rou, en avril pour rendre compte du minist\u00e8re \u00e0 Manchester et promouvoir les projets TAM aupr\u00e8s de partenaires actuels et potentiels. Veuillez prier pour que Dieu les prot\u00e8ge pendant leur d\u00e9placement et continue \u00e0 b\u00e9nir le minist\u00e8re du TAM.<\/p>\n<\/div>\n\n<\/div>\n\t\n\t\t<div class=\"cat-home\">\n<div class=\"cat-home-category\"><a href=\"https:\/\/awf.world\/fr\/category\/latin-america-fr\/\">AM\u00c9RIQUE LATINE<\/a>\/<a href=\"https:\/\/awf.world\/fr\/category\/news-fr\/\">NOUVELLES<\/a><\/div>\n<div class=\"cat-home-img\"><a href=\"https:\/\/awf.world\/fr\/awf-news\/le-miracle-de-luruguay\/\"><img decoding=\"async\" class=\"attachment-255xauto size-255xauto\" src=\"https:\/\/awf.world\/wp-content\/uploads\/2018\/04\/Uruguai_Pastores-awf-wpv_255xauto.jpg\" width=\"255\" height=\"auto\" alt=\"\" \/><\/a><\/div>\n<div class=\"cat-home-title\"><a href=\"https:\/\/awf.world\/fr\/awf-news\/le-miracle-de-luruguay\/\">Le Miracle de l&rsquo;Uruguay<\/a><\/div>\n <div class=\"cat-home-date\">avril 19, 2018<\/div>\n<div class=\"cat-home-short-description\">  <p>Au sein d'une soci\u00e9t\u00e9 la\u00efque et agnostique, l'Alliance Chr\u00e9tienne et Missionnaire de l'Uruguay a fait face \u00e0 de nombreux d\u00e9fis et obstacles avant de v\u00e9ritablement prendre vie. Cet article raconte l'histoire de nos fr\u00e8res et s\u0153urs, de ses premiers moments \u00e0 sa r\u00e9alit\u00e9 pr\u00e9sente et r\u00e9ussie. Nous n'avons que Dieu \u00e0 remercier pour les choses incroyables qui ont \u00e9t\u00e9 rendues possibles gr\u00e2ce \u00e0 Son \u00e9glise en Uruguay.<\/p>\n<\/div>\n\n<\/div>\n\t\n\t\t<div class=\"cat-home\">\n<div class=\"cat-home-category\"><a href=\"https:\/\/awf.world\/fr\/category\/europe-middle-east\/\">EUROPE &amp; MIDDLE EAST<\/a>\/<a href=\"https:\/\/awf.world\/fr\/category\/news-fr\/\">NOUVELLES<\/a><\/div>\n<div class=\"cat-home-img\"><a href=\"https:\/\/awf.world\/fr\/awf-news\/les-demandes-de-priere-de-la-region-awf-emerald-europe-et-moyen-orient\/\"><img decoding=\"async\" class=\"attachment-255xauto size-255xauto\" src=\"https:\/\/awf.world\/wp-content\/uploads\/2018\/04\/EMEA-9-wpv_255xauto.png\" width=\"255\" height=\"auto\" alt=\"\" \/><\/a><\/div>\n<div class=\"cat-home-title\"><a href=\"https:\/\/awf.world\/fr\/awf-news\/les-demandes-de-priere-de-la-region-awf-emerald-europe-et-moyen-orient\/\">Les demandes de pri\u00e8re de la r\u00e9gion AWF EMERALD (Europe et Moyen-Orient)<\/a><\/div>\n <div class=\"cat-home-date\">avril 18, 2018<\/div>\n<div class=\"cat-home-short-description\">  <p>Le Moyen-Orient est le berceau du christianisme, mais de nos jours, il est domin\u00e9 par la forte pr\u00e9sence des autres religions abrahamiques. L'Europe est le berceau de l'\u00c9glise occidentale, mais actuellement, c'est une soci\u00e9t\u00e9 la\u00efque post-chr\u00e9tienne. Proclamer le Christ dans cette r\u00e9gion a \u00e9t\u00e9 un grand d\u00e9fi, mais les \u00e9glises de l'Alliance sont sensibles aux occasions qui se pr\u00e9sentent. Je vous invite \u00e0 prier pour les demandes envoy\u00e9es par notre repr\u00e9sentant de la r\u00e9gion EMERALD (Europe et Moyen-Orient).<\/p>\n<\/div>\n\n<\/div>\n\t\n\t\t<div class=\"cat-home\">\n<div class=\"cat-home-category\"><a href=\"https:\/\/awf.world\/fr\/category\/latin-america-fr\/\">AM\u00c9RIQUE LATINE<\/a>\/<a href=\"https:\/\/awf.world\/fr\/category\/news-fr\/\">NOUVELLES<\/a><\/div>\n<div class=\"cat-home-img\"><a href=\"https:\/\/awf.world\/fr\/awf-news\/demandes-de-priere-de-notre-famille-c-ma-au-venezuela\/\"><img decoding=\"async\" class=\"attachment-255xauto size-255xauto\" src=\"https:\/\/awf.world\/wp-content\/uploads\/2018\/04\/Caracas_Venezuela2-Getty-Images-wpv_255xauto.jpg\" width=\"255\" height=\"auto\" alt=\"Caracas aerial view (Getty Images)\" \/><\/a><\/div>\n<div class=\"cat-home-title\"><a href=\"https:\/\/awf.world\/fr\/awf-news\/demandes-de-priere-de-notre-famille-c-ma-au-venezuela\/\">Demandes de pri\u00e8re de notre famille de l&rsquo;Alliance Chr\u00e9tienne et Missionnaire au Venezuela<\/a><\/div>\n <div class=\"cat-home-date\">avril 16, 2018<\/div>\n<div class=\"cat-home-short-description\">  <p>S'il vous pla\u00eet, priez pour la situation critique que le Venezuela continue de conna\u00eetre : l'hyperinflation, le manque de s\u00e9curit\u00e9, la p\u00e9nurie alimentaire, et m\u00eame quand on trouve de la nourriture, c'est tr\u00e8s cher, l'incertitude politique. La situation est tr\u00e8s compliqu\u00e9e et critique.<\/p>\n<\/div>\n\n<\/div>\n\t\n\t\t<div class=\"cat-home\">\n<div class=\"cat-home-category\"><a href=\"https:\/\/awf.world\/fr\/category\/latin-america-fr\/\">AM\u00c9RIQUE LATINE<\/a>\/<a href=\"https:\/\/awf.world\/fr\/category\/news-fr\/\">NOUVELLES<\/a>\/<a href=\"https:\/\/awf.world\/fr\/category\/projects-fr\/\">PROJECTS<\/a><\/div>\n<div class=\"cat-home-img\"><a href=\"https:\/\/awf.world\/fr\/awf-news\/la-lumiere-du-christ-brille-a-cuba\/\"><img decoding=\"async\" class=\"attachment-255xauto size-255xauto\" src=\"https:\/\/awf.world\/wp-content\/uploads\/2018\/03\/Cuba-2018_02_1-wpv_255xauto.jpg\" width=\"255\" height=\"auto\" alt=\"\" \/><\/a><\/div>\n<div class=\"cat-home-title\"><a href=\"https:\/\/awf.world\/fr\/awf-news\/la-lumiere-du-christ-brille-a-cuba\/\">La Lumi\u00e8re du Christ Brille \u00e0 Cuba<\/a><\/div>\n <div class=\"cat-home-date\">mars 30, 2018<\/div>\n<div class=\"cat-home-short-description\">  <p>L'Alliance Chr\u00e9tienne et Missionnaire \u00e0 Cuba a \u00e9t\u00e9 sel et lumi\u00e8re, connaissant une croissance r\u00e9guli\u00e8re au milieu des difficult\u00e9s politiques et \u00e9conomiques. Les responsables d'\u00e9glises du C & MA \u00e0 Cuba ont fait preuve de passion et de cr\u00e9ativit\u00e9 pour cr\u00e9er de nouvelles \u00e9glises, mais font face \u00e0 de nombreux d\u00e9fis, y compris leurs moyens de subsistance et l'intimit\u00e9 de leurs familles.<\/p>\n<\/div>\n\n<\/div>\n\t\n\t\t<div class=\"cat-home\">\n<div class=\"cat-home-category\"><\/div>\n<div class=\"cat-home-img\"><a href=\"https:\/\/awf.world\/fr\/awf-news\/la-region-latino-americaine-progresse-dans-les-missions-et-leducation-theologique\/\"><img decoding=\"async\" class=\"attachment-255xauto size-255xauto\" src=\"https:\/\/awf.world\/wp-content\/uploads\/2018\/03\/CLA-2018_03-wpv_255xauto.jpg\" width=\"255\" height=\"auto\" alt=\"\" \/><\/a><\/div>\n<div class=\"cat-home-title\"><a href=\"https:\/\/awf.world\/fr\/awf-news\/la-region-latino-americaine-progresse-dans-les-missions-et-leducation-theologique\/\">La R\u00e9gion Latino-Am\u00e9ricaine progresse dans les Missions et l&rsquo;\u00c9ducation Th\u00e9ologique<\/a><\/div>\n <div class=\"cat-home-date\">mars 30, 2018<\/div>\n<div class=\"cat-home-short-description\">  <p>Planter des \u00e9glises enracin\u00e9es dans la Bible, \u00e9largir la vision missionnaire et former les pasteurs avec une forte perspective de l'Alliance sont des th\u00e8mes centraux du minist\u00e8re de la R\u00e9gion Am\u00e9rique Latine. Le R\u00e9v\u00e9rend David Muthre et son \u00e9quipe ont conduit la r\u00e9gion \u00e0 atteindre ces objectifs.<\/p>\n<\/div>\n\n<\/div>\n\t\n\t\t<div class=\"cat-home\">\n<div class=\"cat-home-category\"><a href=\"https:\/\/awf.world\/fr\/category\/asia-pacific\/\">ASIA &amp; PACIFIC<\/a>\/<a href=\"https:\/\/awf.world\/fr\/category\/news-fr\/\">NOUVELLES<\/a><\/div>\n<div class=\"cat-home-img\"><a href=\"https:\/\/awf.world\/fr\/awf-news\/rencontrez-andy-chi-le-nouveau-president-de-la-taiwan-alliance-church-union\/\"><img decoding=\"async\" class=\"attachment-255xauto size-255xauto\" src=\"https:\/\/awf.world\/wp-content\/uploads\/2018\/03\/Andy-Chi_Taiwan-2-wpv_255xauto.jpg\" width=\"255\" height=\"auto\" alt=\"\" \/><\/a><\/div>\n<div class=\"cat-home-title\"><a href=\"https:\/\/awf.world\/fr\/awf-news\/rencontrez-andy-chi-le-nouveau-president-de-la-taiwan-alliance-church-union\/\">Rencontrez Andy Chi, le nouveau Pr\u00e9sident de la Taiwan Alliance Church Union<\/a><\/div>\n <div class=\"cat-home-date\">mars 29, 2018<\/div>\n<div class=\"cat-home-short-description\">  <p>Le r\u00e9v\u00e9rend Andy Chi est le nouveau Pr\u00e9sident de la Taiwan Alliance Church Union. Il a grandi dans un milieu chr\u00e9tien, mais ce n'est que plus tard que lui et sa femme, Mary, ont d\u00e9cid\u00e9 de se consacrer enti\u00e8rement \u00e0 l'\u0153uvre de Dieu. Il veut partager un peu de son histoire, son voyage avec notre Seigneur et comment il est devenu Pr\u00e9sident.<\/p>\n<\/div>\n\n<\/div>\n\t\n\t\t<div class=\"cat-home\">\n<div class=\"cat-home-category\"><a href=\"https:\/\/awf.world\/fr\/category\/europe-middle-east\/\">EUROPE &amp; MIDDLE EAST<\/a>\/<a href=\"https:\/\/awf.world\/fr\/category\/news-fr\/\">NOUVELLES<\/a><\/div>\n<div class=\"cat-home-img\"><a href=\"https:\/\/awf.world\/fr\/awf-news\/atteindre-la-communaute-chinoise-a-cambridge\/\"><img decoding=\"async\" class=\"attachment-255xauto size-255xauto\" src=\"https:\/\/awf.world\/wp-content\/uploads\/2018\/03\/CAC_GB_1_Edward-Kwong-Rosa-Chan-wpv_255xauto.jpg\" width=\"255\" height=\"auto\" alt=\"\" \/><\/a><\/div>\n<div class=\"cat-home-title\"><a href=\"https:\/\/awf.world\/fr\/awf-news\/atteindre-la-communaute-chinoise-a-cambridge\/\">Atteindre la communaut\u00e9 chinoise \u00e0 Cambridge, Grande-Bretagne<\/a><\/div>\n <div class=\"cat-home-date\">mars 28, 2018<\/div>\n<div class=\"cat-home-short-description\">  <p>Le R\u00e9v\u00e9rend Edward Kwong et Rosa Chan tendent la main \u00e0 la communaut\u00e9 chinoise autour du campus de Cambridge en Grande-Bretagne ! Leur travail va de l'enseignement de l'anglais \u00e0 des cours sur des sujets de la vie quotidienne, comme le mariage et le r\u00f4le parental. Leur minist\u00e8re fleurit et loin d'\u00eatre termin\u00e9.<\/p>\n<\/div>\n\n<\/div>\n\t\n\t\t<div class=\"cat-home\">\n<div class=\"cat-home-category\"><a href=\"https:\/\/awf.world\/fr\/category\/asia-pacific\/\">ASIA &amp; PACIFIC<\/a>\/<a href=\"https:\/\/awf.world\/fr\/category\/news-fr\/\">NOUVELLES<\/a><\/div>\n<div class=\"cat-home-img\"><a href=\"https:\/\/awf.world\/fr\/awf-news\/demande-de-priere-de-lawf-apac-region-asie-pacifique-nouvelle-zelande\/\"><img decoding=\"async\" class=\"attachment-255xauto size-255xauto\" src=\"https:\/\/awf.world\/wp-content\/uploads\/2018\/03\/India-VisionTrip-2018-wpv_255xauto.jpg\" width=\"255\" height=\"auto\" alt=\"\" \/><\/a><\/div>\n<div class=\"cat-home-title\"><a href=\"https:\/\/awf.world\/fr\/awf-news\/demande-de-priere-de-lawf-apac-region-asie-pacifique-nouvelle-zelande\/\">Pri\u00e8re pour le Voyage de Vision en Inde de l\u2019Alliance Nouvelle-Z\u00e9lande<\/a><\/div>\n <div class=\"cat-home-date\">mars 26, 2018<\/div>\n<div class=\"cat-home-short-description\">  <p>L'\u00c9glise Communautaire Blockhouse Bay de l'Alliance Nouvelle-Z\u00e9lande a organis\u00e9 un voyage de vision en Inde du 29 septembre au 13 octobre 2018 sous la direction du r\u00e9v\u00e9rend Andrew Marshall, le directeur national et Pasteur principal de l'Alliance en Nouvelle-Z\u00e9lande. L'\u00e9quipe se rendra \u00e0 Hyderabad, Bombay et Delhi. Priez pour les b\u00e9n\u00e9dictions de Dieu pour un minist\u00e8re fructueux, l'abondance financi\u00e8re, l'unit\u00e9, la protection et la bonne sant\u00e9 pendant toute la dur\u00e9e du voyage.<\/p>\n<\/div>\n\n<\/div>\n\t\n\t\t<div class=\"cat-home\">\n<div class=\"cat-home-category\"><\/div>\n<div class=\"cat-home-img\"><a href=\"https:\/\/awf.world\/fr\/awf-news\/demandes-de-priere-de-lawf-apac-region-asie-pacifique-philippines\/\"><img decoding=\"async\" class=\"attachment-255xauto size-255xauto\" src=\"https:\/\/awf.world\/wp-content\/uploads\/2018\/03\/Philippines-Manila-Getty-wpv_255xauto.jpg\" width=\"255\" height=\"auto\" alt=\"\" \/><\/a><\/div>\n<div class=\"cat-home-title\"><a href=\"https:\/\/awf.world\/fr\/awf-news\/demandes-de-priere-de-lawf-apac-region-asie-pacifique-philippines\/\">Demandes de pri\u00e8re de l&rsquo;AWF-APAC (R\u00e9gion Asie-Pacifique) &#8211; Philippines<\/a><\/div>\n <div class=\"cat-home-date\">mars 23, 2018<\/div>\n<div class=\"cat-home-short-description\">  <p>Prier avec nous pour la prochaine conf\u00e9rence r\u00e9gionale de l'APAC 2018 \u00e0 Manille, aux Philippines, du 16 au 20 octobre 2018. Nous ciblons un nombre de 250-300 d\u00e9l\u00e9gu\u00e9s de 13 pays de l'APAC. Priez pour que nos dirigeants puissent mobiliser leurs dirigeants d'\u00e9glises nationales pour qu'ils participent \u00e0 cet \u00e9v\u00e9nement.<\/p>\n<\/div>\n\n<\/div>\n\t\n\t\t<div class=\"cat-home\">\n<div class=\"cat-home-category\"><a href=\"https:\/\/awf.world\/fr\/category\/asia-pacific\/\">ASIA &amp; PACIFIC<\/a>\/<a href=\"https:\/\/awf.world\/fr\/category\/news-fr\/\">NOUVELLES<\/a><\/div>\n<div class=\"cat-home-img\"><a href=\"https:\/\/awf.world\/fr\/awf-news\/demande-de-priere-de-lawf-apac-region-asie-pacifique\/\"><img decoding=\"async\" class=\"attachment-255xauto size-255xauto\" src=\"https:\/\/awf.world\/wp-content\/uploads\/2018\/03\/Thailand-map-734x440_center_center-2-wpv_255xauto.jpg\" width=\"255\" height=\"auto\" alt=\"\" \/><\/a><\/div>\n<div class=\"cat-home-title\"><a href=\"https:\/\/awf.world\/fr\/awf-news\/demande-de-priere-de-lawf-apac-region-asie-pacifique\/\">Pr\u00e9paratifs pour lancer un projet de plantation d&rsquo;\u00e9glises vietnamiennes en Tha\u00eflande<\/a><\/div>\n <div class=\"cat-home-date\">mars 22, 2018<\/div>\n<div class=\"cat-home-short-description\">  <p>Le 27 mars, le r\u00e9v\u00e9rend Roland Lumawag convoquera le conseil de direction de l'\u00c9glise \u00e9vang\u00e9lique du Vi\u00eatnam du Nord pour le dernier briefing du couple missionnaire en Tha\u00eflande, finalisant le budget et signant le protocole d'accord. Veuillez de prier pour la couverture de Dieu et le succ\u00e8s de la r\u00e9union.<\/p>\n<\/div>\n\n<\/div>\n\t\n\t\t<div class=\"cat-home\">\n<div class=\"cat-home-category\"><a href=\"https:\/\/awf.world\/fr\/category\/europe-middle-east\/\">EUROPE &amp; MIDDLE EAST<\/a>\/<a href=\"https:\/\/awf.world\/fr\/category\/news-fr\/\">NOUVELLES<\/a><\/div>\n<div class=\"cat-home-img\"><a href=\"https:\/\/awf.world\/fr\/awf-news\/demande-de-priere-de-lawf-emerald-europe-et-moyen-orient\/\"><img decoding=\"async\" class=\"attachment-255xauto size-255xauto\" src=\"https:\/\/awf.world\/wp-content\/uploads\/2018\/03\/Paris-skyline-2-1-wpv_255xauto.jpg\" width=\"255\" height=\"auto\" alt=\"\" \/><\/a><\/div>\n<div class=\"cat-home-title\"><a href=\"https:\/\/awf.world\/fr\/awf-news\/demande-de-priere-de-lawf-emerald-europe-et-moyen-orient\/\">Croissance de l&rsquo;Alliance en France<\/a><\/div>\n <div class=\"cat-home-date\">mars 21, 2018<\/div>\n<div class=\"cat-home-short-description\">  <p>L'Alliance en France a eu son Assembl\u00e9e G\u00e9n\u00e9rale Annuelle le 10 mars et c'\u00e9tait une p\u00e9riode de b\u00e9n\u00e9diction et d'encouragement pour tous les participants. L'Alliance en France est pass\u00e9e de quatre \u00e9glises \u00e0 39 \u00e9glises en 40 ans et trois nouvelles \u00e9glises chinoises cherchent \u00e0 s'y joindre en 2018. Veuillez de prier pour la sagesse et le renouveau du leadership national en France alors qu'ils cherchent \u00e0 guider l'\u00e9glise par une croissance continue.<\/p>\n<\/div>\n\n<\/div>\n\t\n\t\t<div class=\"cat-home\">\n<div class=\"cat-home-category\"><a href=\"https:\/\/awf.world\/fr\/category\/asia-pacific\/\">ASIA &amp; PACIFIC<\/a>\/<a href=\"https:\/\/awf.world\/fr\/category\/news-fr\/\">NOUVELLES<\/a><\/div>\n<div class=\"cat-home-img\"><a href=\"https:\/\/awf.world\/fr\/awf-news\/voyage-de-priere-et-conference-des-femmes-de-lalliance-asie-pacifique-a-nakhon-phanom-et-khon-kaen-thailande\/\"><img decoding=\"async\" class=\"attachment-255xauto size-255xauto\" src=\"https:\/\/awf.world\/wp-content\/uploads\/2018\/02\/Vietnam2-wpv_255xauto.jpg\" width=\"255\" height=\"auto\" alt=\"\" \/><\/a><\/div>\n<div class=\"cat-home-title\"><a href=\"https:\/\/awf.world\/fr\/awf-news\/voyage-de-priere-et-conference-des-femmes-de-lalliance-asie-pacifique-a-nakhon-phanom-et-khon-kaen-thailande\/\">Voyage De Priere Et Conference Des Femmes De L&rsquo;alliance Asie-pacifique A Nakhon Phanom Et Khon Kaen, Tha\u00eflande<\/a><\/div>\n <div class=\"cat-home-date\">f\u00e9vrier 27, 2018<\/div>\n<div class=\"cat-home-short-description\">  <p>Un groupe d'environ 200 femmes parcourt presque 300 km, \u00e0 peu pr\u00e8s de 185 miles, pour prier dans une autre ville. Pourquoi ? Pour la pr\u00e9parer \u00e0 recevoir le couple missionnaire command\u00e9 par les \u00c9glises \u00e9vang\u00e9liques du Nord Vi\u00eatnam et le prochain minist\u00e8re. <\/p>\n<\/div>\n\n<\/div>\n\t\n\t\t<div class=\"cat-home\">\n<div class=\"cat-home-category\"><a href=\"https:\/\/awf.world\/fr\/category\/asia-pacific\/\">ASIA &amp; PACIFIC<\/a>\/<a href=\"https:\/\/awf.world\/fr\/category\/news-fr\/\">NOUVELLES<\/a><\/div>\n<div class=\"cat-home-img\"><a href=\"https:\/\/awf.world\/fr\/awf-news\/awf-asia-pacific-prayers\/\"><img decoding=\"async\" class=\"attachment-255xauto size-255xauto\" src=\"https:\/\/awf.world\/wp-content\/uploads\/2018\/02\/pexels-photo-5698932-wpv_255xauto.jpg\" width=\"255\" height=\"auto\" alt=\"\" \/><\/a><\/div>\n<div class=\"cat-home-title\"><a href=\"https:\/\/awf.world\/fr\/awf-news\/awf-asia-pacific-prayers\/\">Demandes de Pri\u00e8re et d&rsquo;autres Informations de la R\u00e9gion AWF APAC (Asie-Pacifique)<\/a><\/div>\n <div class=\"cat-home-date\">f\u00e9vrier 20, 2018<\/div>\n<div class=\"cat-home-short-description\">  <p>Pri\u00e8res de l'AWF est un nouveau canal de communication pour la famille AWF pour partager des demandes de pri\u00e8re. S'il vous pla\u00eet, lisez attentivement et priez pour les demandes envoy\u00e9es par le R\u00e9v. Roland Lumawag, le Coordinateur R\u00e9gional DE l\u2019AWF-APAC (Asie Pacifique).<\/p>\n<\/div>\n\n<\/div>\n\t\n\t\t<div class=\"cat-home\">\n<div class=\"cat-home-category\"><a href=\"https:\/\/awf.world\/fr\/category\/asia-pacific\/\">ASIA &amp; PACIFIC<\/a>\/<a href=\"https:\/\/awf.world\/fr\/category\/news-fr\/\">NOUVELLES<\/a><\/div>\n<div class=\"cat-home-img\"><a href=\"https:\/\/awf.world\/fr\/awf-news\/projet-de-plantation-deglise-vietnamo-thailandaise\/\"><img decoding=\"async\" class=\"attachment-255xauto size-255xauto\" src=\"https:\/\/awf.world\/wp-content\/uploads\/2018\/02\/AWF-Nakhon-Phanom-Vietnam-wpv_255xauto.jpg\" width=\"255\" height=\"auto\" alt=\"\" \/><\/a><\/div>\n<div class=\"cat-home-title\"><a href=\"https:\/\/awf.world\/fr\/awf-news\/projet-de-plantation-deglise-vietnamo-thailandaise\/\">Projet De Plantation D&rsquo;eglise Vietnamo-tha\u00eflandaise<\/a><\/div>\n <div class=\"cat-home-date\">f\u00e9vrier 12, 2018<\/div>\n<div class=\"cat-home-short-description\">  <p>Les \u00c9glises \u00c9vang\u00e9liques du Vi\u00eatnam du Nord (ECVN) enverront leur premier couple missionnaire pour planter des \u00e9glises parmi le peuple vietnamo-tha\u00eflandais.<\/p>\n<\/div>\n\n<\/div>\n\t\n\t\t<div class=\"cat-home\">\n<div class=\"cat-home-category\"><a href=\"https:\/\/awf.world\/fr\/category\/news-fr\/awf-in-the-middle-east-fr\/\">AWF in the Middle East<\/a>\/<a href=\"https:\/\/awf.world\/fr\/category\/projects-fr\/\">PROJECTS<\/a><\/div>\n<div class=\"cat-home-img\"><a href=\"https:\/\/awf.world\/fr\/projects\/servir-les-refugies-en-jordanie\/\"><img decoding=\"async\" class=\"attachment-255xauto size-255xauto\" src=\"https:\/\/awf.world\/wp-content\/uploads\/2018\/01\/jordan-refugees-1-wpv_255xauto.jpg\" width=\"255\" height=\"auto\" alt=\"\" \/><\/a><\/div>\n<div class=\"cat-home-title\"><a href=\"https:\/\/awf.world\/fr\/projects\/servir-les-refugies-en-jordanie\/\">Servir les r\u00e9fugi\u00e9s en Jordanie<\/a><\/div>\n <div class=\"cat-home-date\">janvier 25, 2018<\/div>\n<div class=\"cat-home-short-description\">  <\/div>\n\n<\/div>\n\t\n\t\t<div class=\"cat-home\">\n<div class=\"cat-home-category\"><a href=\"https:\/\/awf.world\/fr\/category\/news-fr\/awf-in-the-middle-east-fr\/\">AWF in the Middle East<\/a>\/<a href=\"https:\/\/awf.world\/fr\/category\/europe-middle-east\/\">EUROPE &amp; MIDDLE EAST<\/a>\/<a href=\"https:\/\/awf.world\/fr\/category\/news-fr\/\">NOUVELLES<\/a><\/div>\n<div class=\"cat-home-img\"><a href=\"https:\/\/awf.world\/fr\/awf-news\/servir-aux-refugies-en-jordanie\/\"><img decoding=\"async\" class=\"attachment-255xauto size-255xauto\" src=\"https:\/\/awf.world\/wp-content\/uploads\/2018\/01\/jordan-refugees-1-wpv_255xauto.jpg\" width=\"255\" height=\"auto\" alt=\"\" \/><\/a><\/div>\n<div class=\"cat-home-title\"><a href=\"https:\/\/awf.world\/fr\/awf-news\/servir-aux-refugies-en-jordanie\/\">Servir aux r\u00e9fugi\u00e9s en Jordanie<\/a><\/div>\n <div class=\"cat-home-date\">janvier 24, 2018<\/div>\n<div class=\"cat-home-short-description\">  <p>L'\u00e9glise C&MA Jabal Amman en Jordanie travaille avec ces personnes depuis les ann\u00e9es 1990 et offre une assistance \u00e0 environ 1000 familles.<\/p>\n<\/div>\n\n<\/div>\n\t\n\t\n\t\n\t\n<\/div>\n<\/div>\n<\/div>\n<\/div>\n<\/div>\n<\/div>\n<\/div>\n","protected":false},"excerpt":{"rendered":"<p>Nouvelles 2018 Les Ann\u00e9es Pr\u00e9c\u00e9dentes:\u00a0 \u00a0 \u00a0 \u00a0\u00a02020\u00a0 \u00a0\u00a02019\u00a0 \u00a0 2018\u00a0 \u00a0\u00a02017\u00a0 \u00a0\u00a02016 \u00a0\u00a02015\u00a0 \u00a0\u00a02014\u00a0 \u00a0\u00a02013\u00a0 \u00a0\u00a02012\u00a0 \u00a0\u00a02011\u00a0 \u00a02010<\/p>\n","protected":false},"author":15,"featured_media":0,"parent":0,"menu_order":0,"comment_status":"closed","ping_status":"closed","template":"","meta":{"inline_featured_image":false,"ngg_post_thumbnail":0,"_EventAllDay":false,"_EventTimezone":"","_EventStartDate":"","_EventEndDate":"","_EventStartDateUTC":"","_EventEndDateUTC":"","_EventShowMap":false,"_EventShowMapLink":false,"_EventURL":"","_EventCost":"","_EventCostDescription":"","_EventCurrencySymbol":"","_EventCurrencyCode":"","_EventCurrencyPosition":"","_EventDateTimeSeparator":"","_EventTimeRangeSeparator":"","_EventOrganizerID":[],"_EventVenueID":[],"_OrganizerEmail":"","_OrganizerPhone":"","_OrganizerWebsite":"","_VenueAddress":"","_VenueCity":"","_VenueCountry":"","_VenueProvince":"","_VenueState":"","_VenueZip":"","_VenuePhone":"","_VenueURL":"","_VenueStateProvince":"","_VenueLat":"","_VenueLng":"","_VenueShowMap":false,"_VenueShowMapLink":false,"footnotes":""},"class_list":["post-26314","page","type-page","status-publish","hentry"],"_links":{"self":[{"href":"https:\/\/awf.world\/fr\/wp-json\/wp\/v2\/pages\/26314","targetHints":{"allow":["GET"]}}],"collection":[{"href":"https:\/\/awf.world\/fr\/wp-json\/wp\/v2\/pages"}],"about":[{"href":"https:\/\/awf.world\/fr\/wp-json\/wp\/v2\/types\/page"}],"author":[{"embeddable":true,"href":"https:\/\/awf.world\/fr\/wp-json\/wp\/v2\/users\/15"}],"replies":[{"embeddable":true,"href":"https:\/\/awf.world\/fr\/wp-json\/wp\/v2\/comments?post=26314"}],"version-history":[{"count":0,"href":"https:\/\/awf.world\/fr\/wp-json\/wp\/v2\/pages\/26314\/revisions"}],"wp:attachment":[{"href":"https:\/\/awf.world\/fr\/wp-json\/wp\/v2\/media?parent=26314"}],"curies":[{"name":"wp","href":"https:\/\/api.w.org\/{rel}","templated":true}]}}