{"id":26206,"date":"2019-06-04T01:31:03","date_gmt":"2019-06-04T04:31:03","guid":{"rendered":"http:\/\/awf.world\/2012-2\/"},"modified":"2021-01-27T18:19:34","modified_gmt":"2021-01-27T23:19:34","slug":"2012-2","status":"publish","type":"page","link":"https:\/\/awf.world\/fr\/2012-2\/","title":{"rendered":"2012"},"content":{"rendered":"<div id=\"pl-23227\"  class=\"panel-layout\" >\n<div id=\"pg-23227-0\"  class=\"panel-grid panel-no-style\" >\n<div id=\"pgc-23227-0-0\"  class=\"panel-grid-cell\"  data-weight=\"1\" >\n<div id=\"panel-23227-0-0-0\" class=\"so-panel widget widget_sow-editor panel-first-child\" data-index=\"0\" data-style=\"{&quot;background_image_attachment&quot;:false,&quot;background_display&quot;:&quot;tile&quot;}\" >\n<div class=\"so-widget-sow-editor so-widget-sow-editor-base\">\n<div class=\"siteorigin-widget-tinymce textwidget\">\n<h1 style=\"text-align: center; font-size: 27px;\">Nouvelles 2012<\/h1>\n<p style=\"text-align: center;\"><strong><span style=\"font-size: 110%; font-weight: 600;\">Les Ann\u00e9es Pr\u00e9c\u00e9dentes:<\/span>\u00a0 \u00a0 \u00a0<\/strong> \u00a0\u00a0<a href=\"\/?page_id=26190\">2020<\/a>\u00a0 \u00a0 <a href=\"https:\/\/awf.world\/fr\/2019-2\/\">2019<\/a>\u00a0 \u00a0 <a href=\"\/?page_id=26194\">2018<\/a>\u00a0 \u00a0\u00a0<a href=\"https:\/\/awf.world\/fr\/2017-2\/\">2017<\/a>\u00a0 \u00a0<a href=\"https:\/\/awf.world\/fr\/2016-2\/\">2016<\/a> \u00a0\u00a0<a href=\"https:\/\/awf.world\/fr\/2015-2\/\">2015<\/a>\u00a0 \u00a0 \u00a0\u00a0<a href=\"https:\/\/awf.world\/fr\/2014-2\/\">2014<\/a>\u00a0 \u00a0 \u00a0\u00a0<a href=\"https:\/\/awf.world\/fr\/2013-2\/\">2013<\/a>\u00a0 \u00a0 \u00a0\u00a0<a href=\"https:\/\/awf.world\/fr\/2012-2\/\">2012<\/a>\u00a0 \u00a0 \u00a0\u00a0<a href=\"https:\/\/awf.world\/2011-2\/\">2011<\/a>\u00a0 \u00a0 \u00a0\u00a0<a href=\"https:\/\/awf.world\/2010-2\/\">2010<\/a><\/p>\n<\/div>\n<\/div>\n<\/div>\n<div id=\"panel-23227-0-0-1\" class=\"so-panel widget widget_sow-editor panel-last-child\" data-index=\"1\" >\n<div class=\"so-widget-sow-editor so-widget-sow-editor-base\">\n<div class=\"siteorigin-widget-tinymce textwidget\">\n\n\n\n<div id=\"wpv-view-layout-23216-CATTR4290e472b5bff3f2dafe5d540a309b75\" class=\"js-wpv-view-layout js-wpv-layout-responsive js-wpv-view-layout-23216-CATTR4290e472b5bff3f2dafe5d540a309b75\" data-viewnumber=\"23216-CATTR4290e472b5bff3f2dafe5d540a309b75\" data-pagination=\"{&quot;id&quot;:23216,&quot;query&quot;:&quot;normal&quot;,&quot;type&quot;:&quot;disabled&quot;,&quot;effect&quot;:&quot;fade&quot;,&quot;duration&quot;:500,&quot;speed&quot;:5,&quot;pause_on_hover&quot;:&quot;disabled&quot;,&quot;stop_rollover&quot;:&quot;false&quot;,&quot;cache_pages&quot;:&quot;enabled&quot;,&quot;preload_images&quot;:&quot;enabled&quot;,&quot;preload_pages&quot;:&quot;enabled&quot;,&quot;preload_reach&quot;:1,&quot;spinner&quot;:&quot;builtin&quot;,&quot;spinner_image&quot;:&quot;https:\/\/awf.world\/wp-content\/plugins\/wp-views\/embedded\/res\/img\/ajax-loader.gif&quot;,&quot;callback_next&quot;:&quot;&quot;,&quot;manage_history&quot;:&quot;enabled&quot;,&quot;has_controls_in_form&quot;:&quot;disabled&quot;,&quot;infinite_tolerance&quot;:&quot;0&quot;,&quot;max_pages&quot;:0,&quot;page&quot;:1,&quot;base_permalink&quot;:&quot;\/fr\/wp-json\/wp\/v2\/pages\/26206?wpv_view_count=23216-CATTR4290e472b5bff3f2dafe5d540a309b75&amp;wpv_paged=WPV_PAGE_NUM&quot;,&quot;loop&quot;:{&quot;type&quot;:&quot;&quot;,&quot;name&quot;:&quot;&quot;,&quot;data&quot;:[],&quot;id&quot;:0}}\" data-permalink=\"\/fr\/wp-json\/wp\/v2\/pages\/26206?wpv_view_count=23216-CATTR4290e472b5bff3f2dafe5d540a309b75\">\n\n\t\n\t\n\t\n\t\t<div class=\"cat-home\">\n<div class=\"cat-home-category\"><a href=\"https:\/\/awf.world\/fr\/category\/video-fr\/\">video<\/a><\/div>\n<div class=\"cat-home-img\"><a href=\"https:\/\/awf.world\/fr\/aviv-ministry-sharing-gods-love-prostitutes-drug-addicts\/\"><img decoding=\"async\" class=\"attachment-255xauto size-255xauto\" src=\"https:\/\/awf.world\/wp-content\/uploads\/2012\/12\/49-01-wpv_255xauto.jpg\" width=\"255\" height=\"auto\" alt=\"\" \/><\/a><\/div>\n<div class=\"cat-home-title\"><a href=\"https:\/\/awf.world\/fr\/aviv-ministry-sharing-gods-love-prostitutes-drug-addicts\/\">Aviv Ministry: Sharing the God&rsquo;s Love with Prostitutes and Drug Addicts<\/a><\/div>\n <div class=\"cat-home-date\">d\u00e9cembre 24, 2012<\/div>\n<div class=\"cat-home-short-description\">  <\/div>\n\n<\/div>\n\t\n\t\t<div class=\"cat-home\">\n<div class=\"cat-home-category\"><a href=\"https:\/\/awf.world\/fr\/category\/video-fr\/\">video<\/a><\/div>\n<div class=\"cat-home-img\"><a href=\"https:\/\/awf.world\/fr\/syria-pastor-wartime\/\"><img decoding=\"async\" class=\"attachment-255xauto size-255xauto\" src=\"https:\/\/awf.world\/wp-content\/uploads\/2012\/12\/50-01-wpv_255xauto.jpg\" width=\"255\" height=\"auto\" alt=\"\" \/><\/a><\/div>\n<div class=\"cat-home-title\"><a href=\"https:\/\/awf.world\/fr\/syria-pastor-wartime\/\">Syria &#8211; Pastor in Wartime<\/a><\/div>\n <div class=\"cat-home-date\">d\u00e9cembre 24, 2012<\/div>\n<div class=\"cat-home-short-description\">  <\/div>\n\n<\/div>\n\t\n\t\t<div class=\"cat-home\">\n<div class=\"cat-home-category\"><a href=\"https:\/\/awf.world\/fr\/category\/video-fr\/\">video<\/a><\/div>\n<div class=\"cat-home-img\"><a href=\"https:\/\/awf.world\/fr\/greetings-bethlehem\/\"><img decoding=\"async\" class=\"attachment-255xauto size-255xauto\" src=\"https:\/\/awf.world\/wp-content\/uploads\/2012\/12\/51-01-wpv_255xauto.jpg\" width=\"255\" height=\"auto\" alt=\"\" \/><\/a><\/div>\n<div class=\"cat-home-title\"><a href=\"https:\/\/awf.world\/fr\/greetings-bethlehem\/\">Greetings from Bethlehem<\/a><\/div>\n <div class=\"cat-home-date\">d\u00e9cembre 22, 2012<\/div>\n<div class=\"cat-home-short-description\">  <\/div>\n\n<\/div>\n\t\n\t\t<div class=\"cat-home\">\n<div class=\"cat-home-category\"><a href=\"https:\/\/awf.world\/fr\/category\/news-fr\/\">NOUVELLES<\/a><\/div>\n<div class=\"cat-home-img\"><a href=\"https:\/\/awf.world\/fr\/luma-vous-salue-de-bethleem\/\"><img decoding=\"async\" class=\"attachment-255xauto size-255xauto\" src=\"https:\/\/awf.world\/wp-content\/uploads\/2012\/12\/52-01-wpv_255xauto.jpg\" width=\"255\" height=\"auto\" alt=\"\" \/><\/a><\/div>\n<div class=\"cat-home-title\"><a href=\"https:\/\/awf.world\/fr\/luma-vous-salue-de-bethleem\/\">L&rsquo;UMA vous salue de Bethl\u00e9em<\/a><\/div>\n <div class=\"cat-home-date\">d\u00e9cembre 22, 2012<\/div>\n<div class=\"cat-home-short-description\">  <p>Le Moyen-Orient est plein de violence, comme aux jours de la naissance de J\u00e9sus-Christ. \u00c1 Bethl\u00e9em aussi, la tension est \u00e9vidente. Pourtant, au milieu de la confusion politique et g\u00e9ographique, la Bonne Nouvelle est enseign\u00e9e au 'Bethlehem Bible College'.<\/p>\n<\/div>\n\n<\/div>\n\t\n\t\t<div class=\"cat-home\">\n<div class=\"cat-home-category\"><a href=\"https:\/\/awf.world\/fr\/category\/news-fr\/\">NOUVELLES<\/a><\/div>\n<div class=\"cat-home-img\"><a href=\"https:\/\/awf.world\/fr\/aide-humanitaire-a-la-maniere-de-lalliance\/\"><img decoding=\"async\" class=\"attachment-255xauto size-255xauto\" src=\"https:\/\/awf.world\/wp-content\/uploads\/2012\/12\/53-01-wpv_255xauto.jpg\" width=\"255\" height=\"auto\" alt=\"\" \/><\/a><\/div>\n<div class=\"cat-home-title\"><a href=\"https:\/\/awf.world\/fr\/aide-humanitaire-a-la-maniere-de-lalliance\/\">Aide humanitaire \u00e0 la mani\u00e8re de l&rsquo;Alliance<\/a><\/div>\n <div class=\"cat-home-date\">d\u00e9cembre 22, 2012<\/div>\n<div class=\"cat-home-short-description\">  <p>\u00a0\u00c0 Damas, 1500 familles de r\u00e9fugi\u00e9s re\u00e7oivent de l'aide par l'\u00c9glise et encore d'autres 1500 familles sont soutenues hors de la capitale syrienne. Une \u00e9quipe sous Joanne Beach, directrice du d\u00e9partement canadien de 'Compassion and Justice' et Arie Verduijn, pr\u00e9sident de l'UMA, visite la r\u00e9gion.<\/p>\n<\/div>\n\n<\/div>\n\t\n\t\t<div class=\"cat-home\">\n<div class=\"cat-home-category\"><a href=\"https:\/\/awf.world\/fr\/category\/news-fr\/\">NOUVELLES<\/a><\/div>\n<div class=\"cat-home-img\"><a href=\"https:\/\/awf.world\/fr\/nouvelle-initiative-missionnaire-lancee-par-des-femmes\/\"><\/a><\/div>\n<div class=\"cat-home-title\"><a href=\"https:\/\/awf.world\/fr\/nouvelle-initiative-missionnaire-lancee-par-des-femmes\/\">Nouvelle initiative missionnaire lanc\u00e9e par des femmes<\/a><\/div>\n <div class=\"cat-home-date\">d\u00e9cembre 22, 2012<\/div>\n<div class=\"cat-home-short-description\">  <p>Women With Hearts for Missions (Femmes avec un coeur pour la mission) est une r\u00e9cente initiative lanc\u00e9e par des femmes asiatiques vivant en Am\u00e9rique du Nord. Au mois d\u2019octobre, elles ont organis\u00e9 leur premi\u00e8re r\u00e9union \u00e0 New York.<\/p>\n<\/div>\n\n<\/div>\n\t\n\t\t<div class=\"cat-home\">\n<div class=\"cat-home-category\"><a href=\"https:\/\/awf.world\/fr\/category\/news-fr\/\">NOUVELLES<\/a><\/div>\n<div class=\"cat-home-img\"><a href=\"https:\/\/awf.world\/fr\/gale-parodi-entree-dans-la-gloire\/\"><img decoding=\"async\" class=\"attachment-255xauto size-255xauto\" src=\"https:\/\/awf.world\/wp-content\/uploads\/2012\/12\/54-01-wpv_255xauto.jpg\" width=\"255\" height=\"auto\" alt=\"\" \/><\/a><\/div>\n<div class=\"cat-home-title\"><a href=\"https:\/\/awf.world\/fr\/gale-parodi-entree-dans-la-gloire\/\">Gale Parodi entr\u00e9e dans la gloire<\/a><\/div>\n <div class=\"cat-home-date\">d\u00e9cembre 22, 2012<\/div>\n<div class=\"cat-home-short-description\">  <p>Ce matin, Gale Parodi, \u00e9pouse de Juan Carlos Parodi, est d\u00e9c\u00e9d\u00e9e \u00e0 l'h\u00f4pital. Le pasteur Karl Leung de l'\u00c9glise de l'Alliance \u00e0 Manchester \u00e9crit : \"Nous \u00e9tions tous surpris. Il y a seulement quelques jours, qu'elle \u00e9tait encore en bonne sant\u00e9.\"<\/p>\n<\/div>\n\n<\/div>\n\t\n\t\t<div class=\"cat-home\">\n<div class=\"cat-home-category\"><a href=\"https:\/\/awf.world\/fr\/category\/news-fr\/\">NOUVELLES<\/a><\/div>\n<div class=\"cat-home-img\"><a href=\"https:\/\/awf.world\/fr\/plusieurs-ministeres-et-une-reqyete-urgente-de-priere\/\"><img decoding=\"async\" class=\"attachment-255xauto size-255xauto\" src=\"https:\/\/awf.world\/wp-content\/uploads\/2012\/12\/55-01-wpv_255xauto.jpg\" width=\"255\" height=\"auto\" alt=\"\" \/><\/a><\/div>\n<div class=\"cat-home-title\"><a href=\"https:\/\/awf.world\/fr\/plusieurs-ministeres-et-une-reqyete-urgente-de-priere\/\">Plusieurs minist\u00e8res et une reqy\u00eate urgente de pri\u00e8re<\/a><\/div>\n <div class=\"cat-home-date\">d\u00e9cembre 22, 2012<\/div>\n<div class=\"cat-home-short-description\">  <p>Juan-Carlos Parodi et sa femme Gale (du P\u00e9rou et des \u00c9tats-Unis) sont engag\u00e9s dans plusieurs minist\u00e8res \u00e0 Manchester (Angleterre) : L'Union internationale des \u00e9tudiants \u00e0 l'universit\u00e9, des cours d'anglais pour immigrants, des groupes de soutien pour personnes parlant le farsi, le portugais, et l'espagnol.<\/p>\n<\/div>\n\n<\/div>\n\t\n\t\t<div class=\"cat-home\">\n<div class=\"cat-home-category\"><a href=\"https:\/\/awf.world\/fr\/category\/news-fr\/\">NOUVELLES<\/a><\/div>\n<div class=\"cat-home-img\"><a href=\"https:\/\/awf.world\/fr\/les-membres-de-luma-donnent-avec-generosite\/\"><img decoding=\"async\" class=\"attachment-255xauto size-255xauto\" src=\"https:\/\/awf.world\/wp-content\/uploads\/2012\/12\/56-01-wpv_255xauto.jpg\" width=\"255\" height=\"auto\" alt=\"\" \/><\/a><\/div>\n<div class=\"cat-home-title\"><a href=\"https:\/\/awf.world\/fr\/les-membres-de-luma-donnent-avec-generosite\/\">Les membres de l&rsquo;UMA donnent avec g\u00e9n\u00e9rosit\u00e9<\/a><\/div>\n <div class=\"cat-home-date\">d\u00e9cembre 22, 2012<\/div>\n<div class=\"cat-home-short-description\">  <p>Les membres de l'UMA du monde ont donn\u00e9 avec g\u00e9n\u00e9rosit\u00e9 pour soutenir les efforts d'aide humanitaire des \u00c9glises de l'Alliance aux Philippines. Jusqu'ici, un montant de plus de $ US 120.000 a \u00e9t\u00e9 re\u00e7u. Aux Philippines, l'\u00c9glise nationale coordonne plusieurs \u00e9quipes.<\/p>\n<\/div>\n\n<\/div>\n\t\n\t\t<div class=\"cat-home\">\n<div class=\"cat-home-category\"><a href=\"https:\/\/awf.world\/fr\/category\/news-fr\/\">NOUVELLES<\/a><\/div>\n<div class=\"cat-home-img\"><a href=\"https:\/\/awf.world\/fr\/dernieres-nouvelles-des-philippines-le-15-novembre-2013\/\"><img decoding=\"async\" class=\"attachment-255xauto size-255xauto\" src=\"https:\/\/awf.world\/wp-content\/uploads\/2012\/12\/57-01-wpv_255xauto.jpg\" width=\"255\" height=\"auto\" alt=\"\" \/><\/a><\/div>\n<div class=\"cat-home-title\"><a href=\"https:\/\/awf.world\/fr\/dernieres-nouvelles-des-philippines-le-15-novembre-2013\/\">Derni\u00e8res nouvelles des Philippines, le 15 novembre 2013<\/a><\/div>\n <div class=\"cat-home-date\">d\u00e9cembre 22, 2012<\/div>\n<div class=\"cat-home-short-description\">  <p>Le pasteur de district Roel Tabasa \u00e9crit que tous ses pasteurs sont retrouv\u00e9s, sauf Ernie Cabrillas de Mc Arthur, Leyte. Il esp\u00e8re que le pasteur Ernie aura pu rentrer chez lui \u00e0 Samar, avant le typhon.<\/p>\n<\/div>\n\n<\/div>\n\t\n\t\t<div class=\"cat-home\">\n<div class=\"cat-home-category\"><a href=\"https:\/\/awf.world\/fr\/category\/news-fr\/\">NOUVELLES<\/a><\/div>\n<div class=\"cat-home-img\"><a href=\"https:\/\/awf.world\/fr\/croissance-de-leglise-a-cambridge-gb\/\"><img decoding=\"async\" class=\"attachment-255xauto size-255xauto\" src=\"https:\/\/awf.world\/wp-content\/uploads\/2012\/12\/58-01-wpv_255xauto.jpg\" width=\"255\" height=\"auto\" alt=\"\" \/><\/a><\/div>\n<div class=\"cat-home-title\"><a href=\"https:\/\/awf.world\/fr\/croissance-de-leglise-a-cambridge-gb\/\">Croissance de l&rsquo;\u00c9glise \u00e0 Cambridge (GB)<\/a><\/div>\n <div class=\"cat-home-date\">d\u00e9cembre 22, 2012<\/div>\n<div class=\"cat-home-short-description\">  <p>Le 15 d\u00e9cembre, l'\u00c9glise chinoise de l'Alliance \u00e0 Cambridge verra l'installation de son premier ancien et de six diacres. Edward Kwong \u00e9crit : Depuis la fondation de l'\u00c9glise, il y a huit ans, c'\u00e9tait notre mission d'atteindre les \u00e9tudiants du campus et des familles chinoises.<\/p>\n<\/div>\n\n<\/div>\n\t\n\t\t<div class=\"cat-home\">\n<div class=\"cat-home-category\"><a href=\"https:\/\/awf.world\/fr\/category\/news-fr\/\">NOUVELLES<\/a><\/div>\n<div class=\"cat-home-img\"><a href=\"https:\/\/awf.world\/fr\/church-in-jordan-helps-refugees\/\"><img decoding=\"async\" class=\"attachment-255xauto size-255xauto\" src=\"https:\/\/awf.world\/wp-content\/uploads\/2012\/12\/59-01-wpv_255xauto.jpg\" width=\"255\" height=\"auto\" alt=\"\" \/><\/a><\/div>\n<div class=\"cat-home-title\"><a href=\"https:\/\/awf.world\/fr\/church-in-jordan-helps-refugees\/\">Church in Jordan helps Refugees<\/a><\/div>\n <div class=\"cat-home-date\">d\u00e9cembre 22, 2012<\/div>\n<div class=\"cat-home-short-description\">  <p>The Church of the Alliance in the border city of Mafraq helps refugees with mattresses, blankets, food and other necessities.  Donations for this project are welcome!<\/p>\n<\/div>\n\n<\/div>\n\t\n\t\t<div class=\"cat-home\">\n<div class=\"cat-home-category\"><a href=\"https:\/\/awf.world\/fr\/category\/news-fr\/\">NOUVELLES<\/a><\/div>\n<div class=\"cat-home-img\"><a href=\"https:\/\/awf.world\/fr\/personnes-disparues-eglises-et-maisons-detruites\/\"><img decoding=\"async\" class=\"attachment-255xauto size-255xauto\" src=\"https:\/\/awf.world\/wp-content\/uploads\/2012\/12\/60-01-wpv_255xauto.jpg\" width=\"255\" height=\"auto\" alt=\"\" \/><\/a><\/div>\n<div class=\"cat-home-title\"><a href=\"https:\/\/awf.world\/fr\/personnes-disparues-eglises-et-maisons-detruites\/\">Personnes disparues,  \u00c9glises et  maisons d\u00e9truites<\/a><\/div>\n <div class=\"cat-home-date\">d\u00e9cembre 22, 2012<\/div>\n<div class=\"cat-home-short-description\">  <p>Nous pleurons avec nos kababayans (campagnards), sp\u00e9cialement avec nos f\u00eares et soeurs de l'Alliance, frapp\u00e9s par les calamit\u00e9s r\u00e9centes aux  Philipines centrales, Bicol et Palawan. A ce moment, tout ce que nous pouvons faire, c'est d'implorer Dieu en leur faveur et de les aider selon nos moyens.<\/p>\n<\/div>\n\n<\/div>\n\t\n\t\t<div class=\"cat-home\">\n<div class=\"cat-home-category\"><a href=\"https:\/\/awf.world\/fr\/category\/news-fr\/\">NOUVELLES<\/a><\/div>\n<div class=\"cat-home-img\"><a href=\"https:\/\/awf.world\/fr\/typhon-destructeur-haiyan-mise-a-jour\/\"><img decoding=\"async\" class=\"attachment-255xauto size-255xauto\" src=\"https:\/\/awf.world\/wp-content\/uploads\/2012\/12\/60-01-01-wpv_255xauto.jpg\" width=\"255\" height=\"auto\" alt=\"\" \/><\/a><\/div>\n<div class=\"cat-home-title\"><a href=\"https:\/\/awf.world\/fr\/typhon-destructeur-haiyan-mise-a-jour\/\">Typhon destructeur Haiyan : Mise \u00e0 jour<\/a><\/div>\n <div class=\"cat-home-date\">d\u00e9cembre 22, 2012<\/div>\n<div class=\"cat-home-short-description\">  <p>Aux Philippines, le nombre des victimes du typhon Haiyan continue \u00e0 augmenter (selon les derniers rapports, plus de 10.000). Le pasteur de l'Alliance Rouel Tabasa, du district CEBOLESA, nous fait savoir : Nous venons d'\u00eatre inform\u00e9s que, sur l'\u00eele Camotes, l'\u00c9glise et la maison du pasteur de l'Alliance sont totalement d\u00e9truites.<\/p>\n<\/div>\n\n<\/div>\n\t\n\t\t<div class=\"cat-home\">\n<div class=\"cat-home-category\"><a href=\"https:\/\/awf.world\/fr\/category\/video-fr\/\">video<\/a><\/div>\n<div class=\"cat-home-img\"><a href=\"https:\/\/awf.world\/fr\/arie-verduijn-bhusawal-prayer-story\/\"><img decoding=\"async\" class=\"attachment-255xauto size-255xauto\" src=\"https:\/\/awf.world\/wp-content\/uploads\/2012\/12\/60-01-01-01-wpv_255xauto.jpg\" width=\"255\" height=\"auto\" alt=\"\" \/><\/a><\/div>\n<div class=\"cat-home-title\"><a href=\"https:\/\/awf.world\/fr\/arie-verduijn-bhusawal-prayer-story\/\">Arie Verduijn &#8211; Bhusawal Prayer Story<\/a><\/div>\n <div class=\"cat-home-date\">d\u00e9cembre 22, 2012<\/div>\n<div class=\"cat-home-short-description\">  <\/div>\n\n<\/div>\n\t\n\t\t<div class=\"cat-home\">\n<div class=\"cat-home-category\"><a href=\"https:\/\/awf.world\/fr\/category\/video-fr\/\">video<\/a><\/div>\n<div class=\"cat-home-img\"><a href=\"https:\/\/awf.world\/fr\/arie-verduijn-awf-partnerships\/\"><img decoding=\"async\" class=\"attachment-255xauto size-255xauto\" src=\"https:\/\/awf.world\/wp-content\/uploads\/2013\/08\/arie-verduijn-awf-partnerships-wpv_255xauto.jpg\" width=\"255\" height=\"auto\" alt=\"\" \/><\/a><\/div>\n<div class=\"cat-home-title\"><a href=\"https:\/\/awf.world\/fr\/arie-verduijn-awf-partnerships\/\">Arie Verduijn &#8211; AWF Partnerships<\/a><\/div>\n <div class=\"cat-home-date\">d\u00e9cembre 22, 2012<\/div>\n<div class=\"cat-home-short-description\">  <\/div>\n\n<\/div>\n\t\n\t\t<div class=\"cat-home\">\n<div class=\"cat-home-category\"><a href=\"https:\/\/awf.world\/fr\/category\/video-fr\/\">video<\/a><\/div>\n<div class=\"cat-home-img\"><a href=\"https:\/\/awf.world\/fr\/arie-verduijn-the-6th-region\/\"><\/a><\/div>\n<div class=\"cat-home-title\"><a href=\"https:\/\/awf.world\/fr\/arie-verduijn-the-6th-region\/\">Arie Verduijn &#8211; \u00ab\u00a0The 6th Region\u00a0\u00bb<\/a><\/div>\n <div class=\"cat-home-date\">d\u00e9cembre 22, 2012<\/div>\n<div class=\"cat-home-short-description\">  <\/div>\n\n<\/div>\n\t\n\t\t<div class=\"cat-home\">\n<div class=\"cat-home-category\"><a href=\"https:\/\/awf.world\/fr\/category\/video-fr\/\">video<\/a><\/div>\n<div class=\"cat-home-img\"><a href=\"https:\/\/awf.world\/fr\/arie-verduijn-trends-in-missions\/\"><\/a><\/div>\n<div class=\"cat-home-title\"><a href=\"https:\/\/awf.world\/fr\/arie-verduijn-trends-in-missions\/\">Arie Verduijn &#8211; Trends in Missions<\/a><\/div>\n <div class=\"cat-home-date\">d\u00e9cembre 22, 2012<\/div>\n<div class=\"cat-home-short-description\">  <\/div>\n\n<\/div>\n\t\n\t\t<div class=\"cat-home\">\n<div class=\"cat-home-category\"><a href=\"https:\/\/awf.world\/fr\/category\/video-fr\/\">video<\/a><\/div>\n<div class=\"cat-home-img\"><a href=\"https:\/\/awf.world\/fr\/pasteur-mabiala-kenzo-www-vivre-avec-linternet\/\"><\/a><\/div>\n<div class=\"cat-home-title\"><a href=\"https:\/\/awf.world\/fr\/pasteur-mabiala-kenzo-www-vivre-avec-linternet\/\">Pasteur Mabiala Kenzo &#8211; WWW: vivre avec l&rsquo;internet<\/a><\/div>\n <div class=\"cat-home-date\">d\u00e9cembre 22, 2012<\/div>\n<div class=\"cat-home-short-description\">  <\/div>\n\n<\/div>\n\t\n\t\t<div class=\"cat-home\">\n<div class=\"cat-home-category\"><a href=\"https:\/\/awf.world\/fr\/category\/video-fr\/\">video<\/a><\/div>\n<div class=\"cat-home-img\"><a href=\"https:\/\/awf.world\/fr\/remembering-rev-dr-isaac-keita-english-2\/\"><img decoding=\"async\" class=\"attachment-255xauto size-255xauto\" src=\"https:\/\/awf.world\/wp-content\/uploads\/2012\/12\/61-01-wpv_255xauto.jpg\" width=\"255\" height=\"auto\" alt=\"\" \/><\/a><\/div>\n<div class=\"cat-home-title\"><a href=\"https:\/\/awf.world\/fr\/remembering-rev-dr-isaac-keita-english-2\/\">Remembering Rev. Dr. Isaac Keita (English)<\/a><\/div>\n <div class=\"cat-home-date\">d\u00e9cembre 22, 2012<\/div>\n<div class=\"cat-home-short-description\">  <\/div>\n\n<\/div>\n\t\n\t\t<div class=\"cat-home\">\n<div class=\"cat-home-category\"><a href=\"https:\/\/awf.world\/fr\/category\/news-fr\/\">NOUVELLES<\/a><\/div>\n<div class=\"cat-home-img\"><a href=\"https:\/\/awf.world\/fr\/typhon-destructeur-haiyan\/\"><img decoding=\"async\" class=\"attachment-255xauto size-255xauto\" src=\"https:\/\/awf.world\/wp-content\/uploads\/2012\/12\/61-01-01-wpv_255xauto.jpg\" width=\"255\" height=\"auto\" alt=\"\" \/><\/a><\/div>\n<div class=\"cat-home-title\"><a href=\"https:\/\/awf.world\/fr\/typhon-destructeur-haiyan\/\">Typhon destructeur Haiyan<\/a><\/div>\n <div class=\"cat-home-date\">d\u00e9cembre 22, 2012<\/div>\n<div class=\"cat-home-short-description\">  <p>Haiyan, le typhon le plus puissant depuis des d\u00e9cennies, a ravag\u00e9 des maisons, des \u00c9glises, et une \u00e9cole de l'Alliance, aux Philippines centrales. Ainsi nous d\u00e9clarent le pasteur Nasser Hasim, directeur de district, et l'\u00e9v\u00eac Joe Dalino.<\/p>\n<\/div>\n\n<\/div>\n\t\n\t\t<div class=\"cat-home\">\n<div class=\"cat-home-category\"><a href=\"https:\/\/awf.world\/fr\/category\/video-fr\/\">video<\/a><\/div>\n<div class=\"cat-home-img\"><a href=\"https:\/\/awf.world\/fr\/rev-celestin-koffi-louevre-missionnaire-de-leglise-en-cote-divoire\/\"><\/a><\/div>\n<div class=\"cat-home-title\"><a href=\"https:\/\/awf.world\/fr\/rev-celestin-koffi-louevre-missionnaire-de-leglise-en-cote-divoire\/\">Rev. Celestin Koffi &#8211; L&rsquo;ouevre missionnaire de l&rsquo;\u00c9glise en C\u00f4te d&rsquo;Ivoire<\/a><\/div>\n <div class=\"cat-home-date\">d\u00e9cembre 22, 2012<\/div>\n<div class=\"cat-home-short-description\">  <\/div>\n\n<\/div>\n\t\n\t\t<div class=\"cat-home\">\n<div class=\"cat-home-category\"><a href=\"https:\/\/awf.world\/fr\/category\/video-fr\/\">video<\/a><\/div>\n<div class=\"cat-home-img\"><a href=\"https:\/\/awf.world\/fr\/rev-celestin-koffi-la-croissance-de-leglise-en-cote-divoire\/\"><\/a><\/div>\n<div class=\"cat-home-title\"><a href=\"https:\/\/awf.world\/fr\/rev-celestin-koffi-la-croissance-de-leglise-en-cote-divoire\/\">Rev. Celestin Koffi &#8211; La Croissance de l&rsquo;\u00c9glise en C\u00f4te d&rsquo;Ivoire<\/a><\/div>\n <div class=\"cat-home-date\">d\u00e9cembre 22, 2012<\/div>\n<div class=\"cat-home-short-description\">  <\/div>\n\n<\/div>\n\t\n\t\t<div class=\"cat-home\">\n<div class=\"cat-home-category\"><a href=\"https:\/\/awf.world\/fr\/category\/video-fr\/\">video<\/a><\/div>\n<div class=\"cat-home-img\"><a href=\"https:\/\/awf.world\/fr\/rev-celestin-koffi-mon-histoire\/\"><\/a><\/div>\n<div class=\"cat-home-title\"><a href=\"https:\/\/awf.world\/fr\/rev-celestin-koffi-mon-histoire\/\">Rev. Celestin Koffi &#8211; Mon Histoire<\/a><\/div>\n <div class=\"cat-home-date\">d\u00e9cembre 22, 2012<\/div>\n<div class=\"cat-home-short-description\">  <\/div>\n\n<\/div>\n\t\n\t\t<div class=\"cat-home\">\n<div class=\"cat-home-category\"><a href=\"https:\/\/awf.world\/fr\/category\/video-fr\/\">video<\/a><\/div>\n<div class=\"cat-home-img\"><a href=\"https:\/\/awf.world\/fr\/arie-verduijn-pita-prayer-story\/\"><\/a><\/div>\n<div class=\"cat-home-title\"><a href=\"https:\/\/awf.world\/fr\/arie-verduijn-pita-prayer-story\/\">Arie Verduijn &#8211; Pita Prayer Story<\/a><\/div>\n <div class=\"cat-home-date\">d\u00e9cembre 22, 2012<\/div>\n<div class=\"cat-home-short-description\">  <\/div>\n\n<\/div>\n\t\n\t\t<div class=\"cat-home\">\n<div class=\"cat-home-category\"><a href=\"https:\/\/awf.world\/fr\/category\/video-fr\/\">video<\/a><\/div>\n<div class=\"cat-home-img\"><a href=\"https:\/\/awf.world\/fr\/dr-issiaka-coulibaly-une-presentation-de-la-fateac\/\"><img decoding=\"async\" class=\"attachment-255xauto size-255xauto\" src=\"https:\/\/awf.world\/wp-content\/uploads\/2012\/12\/317316101_9601-wpv_255xauto.jpg\" width=\"255\" height=\"auto\" alt=\"\" \/><\/a><\/div>\n<div class=\"cat-home-title\"><a href=\"https:\/\/awf.world\/fr\/dr-issiaka-coulibaly-une-presentation-de-la-fateac\/\">Dr. Issiaka Coulibaly &#8211; Une Pr\u00e9sentation de la FATEAC<\/a><\/div>\n <div class=\"cat-home-date\">d\u00e9cembre 22, 2012<\/div>\n<div class=\"cat-home-short-description\">  <\/div>\n\n<\/div>\n\t\n\t\t<div class=\"cat-home\">\n<div class=\"cat-home-category\"><a href=\"https:\/\/awf.world\/fr\/category\/video-fr\/\">video<\/a><\/div>\n<div class=\"cat-home-img\"><a href=\"https:\/\/awf.world\/fr\/dr-issiaka-coulibaly-un-mot-a-lendroit-de-leglise-africaine\/\"><img decoding=\"async\" class=\"attachment-255xauto size-255xauto\" src=\"https:\/\/awf.world\/wp-content\/uploads\/2012\/12\/317316101_9601-wpv_255xauto.jpg\" width=\"255\" height=\"auto\" alt=\"\" \/><\/a><\/div>\n<div class=\"cat-home-title\"><a href=\"https:\/\/awf.world\/fr\/dr-issiaka-coulibaly-un-mot-a-lendroit-de-leglise-africaine\/\">Dr. Issiaka Coulibaly &#8211; Un mot \u00e0 l&rsquo;endroit de l&rsquo;Eglise africaine<\/a><\/div>\n <div class=\"cat-home-date\">d\u00e9cembre 22, 2012<\/div>\n<div class=\"cat-home-short-description\">  <\/div>\n\n<\/div>\n\t\n\t\t<div class=\"cat-home\">\n<div class=\"cat-home-category\"><a href=\"https:\/\/awf.world\/fr\/category\/video-fr\/\">video<\/a><\/div>\n<div class=\"cat-home-img\"><a href=\"https:\/\/awf.world\/fr\/dr-issiaka-coulibaly-une-theologie-pour-leglise-par-lafrique\/\"><img decoding=\"async\" class=\"attachment-255xauto size-255xauto\" src=\"https:\/\/awf.world\/wp-content\/uploads\/2012\/12\/317316101_9601-wpv_255xauto.jpg\" width=\"255\" height=\"auto\" alt=\"\" \/><\/a><\/div>\n<div class=\"cat-home-title\"><a href=\"https:\/\/awf.world\/fr\/dr-issiaka-coulibaly-une-theologie-pour-leglise-par-lafrique\/\">Dr. Issiaka Coulibaly &#8211; Une Th\u00e9ologie Pour l&rsquo;Eglise Par l&rsquo;Afrique<\/a><\/div>\n <div class=\"cat-home-date\">d\u00e9cembre 22, 2012<\/div>\n<div class=\"cat-home-short-description\">  <\/div>\n\n<\/div>\n\t\n\t\t<div class=\"cat-home\">\n<div class=\"cat-home-category\"><a href=\"https:\/\/awf.world\/fr\/category\/video-fr\/\">video<\/a><\/div>\n<div class=\"cat-home-img\"><a href=\"https:\/\/awf.world\/fr\/dr-issiaka-coulibaly-le-role-de-leglise-africaine-dans-le-monde-daujourdhui-2\/\"><img decoding=\"async\" class=\"attachment-255xauto size-255xauto\" src=\"https:\/\/awf.world\/wp-content\/uploads\/2012\/12\/317316101_9601-wpv_255xauto.jpg\" width=\"255\" height=\"auto\" alt=\"\" \/><\/a><\/div>\n<div class=\"cat-home-title\"><a href=\"https:\/\/awf.world\/fr\/dr-issiaka-coulibaly-le-role-de-leglise-africaine-dans-le-monde-daujourdhui-2\/\">Dr. Issiaka Coulibaly &#8211; Le R\u00f4le de l&rsquo;Eglise Africaine Dans Le Monde D&rsquo;aujourd&rsquo;hui<\/a><\/div>\n <div class=\"cat-home-date\">d\u00e9cembre 22, 2012<\/div>\n<div class=\"cat-home-short-description\">  <\/div>\n\n<\/div>\n\t\n\t\t<div class=\"cat-home\">\n<div class=\"cat-home-category\"><a href=\"https:\/\/awf.world\/fr\/category\/video-fr\/\">video<\/a><\/div>\n<div class=\"cat-home-img\"><a href=\"https:\/\/awf.world\/fr\/dr-issiaka-coulibaly-le-defi-de-la-formation-des-leaders-dans-leglise\/\"><img decoding=\"async\" class=\"attachment-255xauto size-255xauto\" src=\"https:\/\/awf.world\/wp-content\/uploads\/2012\/12\/317316101_9601-wpv_255xauto.jpg\" width=\"255\" height=\"auto\" alt=\"\" \/><\/a><\/div>\n<div class=\"cat-home-title\"><a href=\"https:\/\/awf.world\/fr\/dr-issiaka-coulibaly-le-defi-de-la-formation-des-leaders-dans-leglise\/\">Dr. Issiaka Coulibaly &#8211; Le d\u00e9fi de la formation des leaders dans l&rsquo;Eglise<\/a><\/div>\n <div class=\"cat-home-date\">d\u00e9cembre 22, 2012<\/div>\n<div class=\"cat-home-short-description\">  <\/div>\n\n<\/div>\n\t\n\t\t<div class=\"cat-home\">\n<div class=\"cat-home-category\"><a href=\"https:\/\/awf.world\/fr\/category\/video-fr\/\">video<\/a><\/div>\n<div class=\"cat-home-img\"><a href=\"https:\/\/awf.world\/fr\/dr-issiaka-coulibaly-mon-histoire-en-quelques-mots\/\"><img decoding=\"async\" class=\"attachment-255xauto size-255xauto\" src=\"https:\/\/awf.world\/wp-content\/uploads\/2012\/12\/317316101_9601-wpv_255xauto.jpg\" width=\"255\" height=\"auto\" alt=\"\" \/><\/a><\/div>\n<div class=\"cat-home-title\"><a href=\"https:\/\/awf.world\/fr\/dr-issiaka-coulibaly-mon-histoire-en-quelques-mots\/\">Dr. Issiaka Coulibaly &#8211; Mon Histoire en Quelques Mots<\/a><\/div>\n <div class=\"cat-home-date\">d\u00e9cembre 22, 2012<\/div>\n<div class=\"cat-home-short-description\">  <\/div>\n\n<\/div>\n\t\n\t\t<div class=\"cat-home\">\n<div class=\"cat-home-category\"><a href=\"https:\/\/awf.world\/fr\/category\/video-fr\/\">video<\/a><\/div>\n<div class=\"cat-home-img\"><a href=\"https:\/\/awf.world\/fr\/bishop-reniel-joel-a-nebab-an-encouragement-to-the-filipino-diaspora\/\"><img decoding=\"async\" class=\"attachment-255xauto size-255xauto\" src=\"https:\/\/awf.world\/wp-content\/uploads\/2012\/12\/61-01-01-01-wpv_255xauto.jpg\" width=\"255\" height=\"auto\" alt=\"\" \/><\/a><\/div>\n<div class=\"cat-home-title\"><a href=\"https:\/\/awf.world\/fr\/bishop-reniel-joel-a-nebab-an-encouragement-to-the-filipino-diaspora\/\">Bishop Reniel Joel A. Nebab &#8211; An Encouragement to the Filipino Diaspora<\/a><\/div>\n <div class=\"cat-home-date\">d\u00e9cembre 22, 2012<\/div>\n<div class=\"cat-home-short-description\">  <\/div>\n\n<\/div>\n\t\n\t\t<div class=\"cat-home\">\n<div class=\"cat-home-category\"><a href=\"https:\/\/awf.world\/fr\/category\/video-fr\/\">video<\/a><\/div>\n<div class=\"cat-home-img\"><a href=\"https:\/\/awf.world\/fr\/bishop-reniel-joel-a-nebab-the-missionary-force-of-camacop\/\"><img decoding=\"async\" class=\"attachment-255xauto size-255xauto\" src=\"https:\/\/awf.world\/wp-content\/uploads\/2012\/12\/61-01-01-01-wpv_255xauto.jpg\" width=\"255\" height=\"auto\" alt=\"\" \/><\/a><\/div>\n<div class=\"cat-home-title\"><a href=\"https:\/\/awf.world\/fr\/bishop-reniel-joel-a-nebab-the-missionary-force-of-camacop\/\">Bishop Reniel Joel A. Nebab &#8211; The Missionary Force of CAMACOP<\/a><\/div>\n <div class=\"cat-home-date\">d\u00e9cembre 22, 2012<\/div>\n<div class=\"cat-home-short-description\">  <\/div>\n\n<\/div>\n\t\n\t\t<div class=\"cat-home\">\n<div class=\"cat-home-category\"><a href=\"https:\/\/awf.world\/fr\/category\/video-fr\/\">video<\/a><\/div>\n<div class=\"cat-home-img\"><a href=\"https:\/\/awf.world\/fr\/bishop-reniel-joel-a-nebab-leadership-development-in-camacop\/\"><img decoding=\"async\" class=\"attachment-255xauto size-255xauto\" src=\"https:\/\/awf.world\/wp-content\/uploads\/2012\/12\/61-01-01-01-wpv_255xauto.jpg\" width=\"255\" height=\"auto\" alt=\"\" \/><\/a><\/div>\n<div class=\"cat-home-title\"><a href=\"https:\/\/awf.world\/fr\/bishop-reniel-joel-a-nebab-leadership-development-in-camacop\/\">Bishop Reniel Joel A. Nebab &#8211; Leadership Development in CAMACOP<\/a><\/div>\n <div class=\"cat-home-date\">d\u00e9cembre 22, 2012<\/div>\n<div class=\"cat-home-short-description\">  <\/div>\n\n<\/div>\n\t\n\t\t<div class=\"cat-home\">\n<div class=\"cat-home-category\"><a href=\"https:\/\/awf.world\/fr\/category\/video-fr\/\">video<\/a><\/div>\n<div class=\"cat-home-img\"><a href=\"https:\/\/awf.world\/fr\/bishop-reniel-joel-a-nebab-my-story-of-conversion\/\"><img decoding=\"async\" class=\"attachment-255xauto size-255xauto\" src=\"https:\/\/awf.world\/wp-content\/uploads\/2012\/12\/61-01-01-01-wpv_255xauto.jpg\" width=\"255\" height=\"auto\" alt=\"\" \/><\/a><\/div>\n<div class=\"cat-home-title\"><a href=\"https:\/\/awf.world\/fr\/bishop-reniel-joel-a-nebab-my-story-of-conversion\/\">Bishop Reniel Joel A. Nebab &#8211; My Story of Conversion<\/a><\/div>\n <div class=\"cat-home-date\">d\u00e9cembre 22, 2012<\/div>\n<div class=\"cat-home-short-description\">  <\/div>\n\n<\/div>\n\t\n\t\t<div class=\"cat-home\">\n<div class=\"cat-home-category\"><a href=\"https:\/\/awf.world\/fr\/category\/video-fr\/\">video<\/a><\/div>\n<div class=\"cat-home-img\"><a href=\"https:\/\/awf.world\/fr\/bishop-reniel-joel-a-nebab-keys-to-church-growth-in-the-philippines\/\"><img decoding=\"async\" class=\"attachment-255xauto size-255xauto\" src=\"https:\/\/awf.world\/wp-content\/uploads\/2012\/12\/61-01-01-01-wpv_255xauto.jpg\" width=\"255\" height=\"auto\" alt=\"\" \/><\/a><\/div>\n<div class=\"cat-home-title\"><a href=\"https:\/\/awf.world\/fr\/bishop-reniel-joel-a-nebab-keys-to-church-growth-in-the-philippines\/\">Bishop Reniel Joel A. Nebab &#8211; Keys to Church Growth in the Philippines<\/a><\/div>\n <div class=\"cat-home-date\">d\u00e9cembre 22, 2012<\/div>\n<div class=\"cat-home-short-description\">  <\/div>\n\n<\/div>\n\t\n\t\t<div class=\"cat-home\">\n<div class=\"cat-home-category\"><a href=\"https:\/\/awf.world\/fr\/category\/video-fr\/\">video<\/a><\/div>\n<div class=\"cat-home-img\"><a href=\"https:\/\/awf.world\/fr\/dr-miguel-palomino-the-role-of-the-latin-american-church-in-the-world-today\/\"><img decoding=\"async\" class=\"attachment-255xauto size-255xauto\" src=\"https:\/\/awf.world\/wp-content\/uploads\/2012\/12\/61-01-01-01-01-wpv_255xauto.jpg\" width=\"255\" height=\"auto\" alt=\"\" \/><\/a><\/div>\n<div class=\"cat-home-title\"><a href=\"https:\/\/awf.world\/fr\/dr-miguel-palomino-the-role-of-the-latin-american-church-in-the-world-today\/\">Dr. Miguel Palomino &#8211; The Role of the Latin American Church in the World Today<\/a><\/div>\n <div class=\"cat-home-date\">d\u00e9cembre 22, 2012<\/div>\n<div class=\"cat-home-short-description\">  <\/div>\n\n<\/div>\n\t\n\t\t<div class=\"cat-home\">\n<div class=\"cat-home-category\"><a href=\"https:\/\/awf.world\/fr\/category\/video-fr\/\">video<\/a><\/div>\n<div class=\"cat-home-img\"><a href=\"https:\/\/awf.world\/fr\/dr-miguel-palomino-what-is-fatela\/\"><img decoding=\"async\" class=\"attachment-255xauto size-255xauto\" src=\"https:\/\/awf.world\/wp-content\/uploads\/2012\/12\/61-01-01-01-01-wpv_255xauto.jpg\" width=\"255\" height=\"auto\" alt=\"\" \/><\/a><\/div>\n<div class=\"cat-home-title\"><a href=\"https:\/\/awf.world\/fr\/dr-miguel-palomino-what-is-fatela\/\">Dr. Miguel Palomino &#8211; What is FATELA?<\/a><\/div>\n <div class=\"cat-home-date\">d\u00e9cembre 22, 2012<\/div>\n<div class=\"cat-home-short-description\">  <\/div>\n\n<\/div>\n\t\n\t\t<div class=\"cat-home\">\n<div class=\"cat-home-category\"><a href=\"https:\/\/awf.world\/fr\/category\/video-fr\/\">video<\/a><\/div>\n<div class=\"cat-home-img\"><a href=\"https:\/\/awf.world\/fr\/dr-miguel-palomino-the-leadership-challenge-in-latin-america-churches\/\"><img decoding=\"async\" class=\"attachment-255xauto size-255xauto\" src=\"https:\/\/awf.world\/wp-content\/uploads\/2012\/12\/61-01-01-01-01-wpv_255xauto.jpg\" width=\"255\" height=\"auto\" alt=\"\" \/><\/a><\/div>\n<div class=\"cat-home-title\"><a href=\"https:\/\/awf.world\/fr\/dr-miguel-palomino-the-leadership-challenge-in-latin-america-churches\/\">Dr. Miguel Palomino &#8211; The Leadership Challenge in Latin America Churches<\/a><\/div>\n <div class=\"cat-home-date\">d\u00e9cembre 22, 2012<\/div>\n<div class=\"cat-home-short-description\">  <\/div>\n\n<\/div>\n\t\n\t\t<div class=\"cat-home\">\n<div class=\"cat-home-category\"><a href=\"https:\/\/awf.world\/fr\/category\/video-fr\/\">video<\/a><\/div>\n<div class=\"cat-home-img\"><a href=\"https:\/\/awf.world\/fr\/dr-miguel-palomino-my-journey-to-christ-and-his-ministry\/\"><img decoding=\"async\" class=\"attachment-255xauto size-255xauto\" src=\"https:\/\/awf.world\/wp-content\/uploads\/2012\/12\/61-01-01-01-01-wpv_255xauto.jpg\" width=\"255\" height=\"auto\" alt=\"\" \/><\/a><\/div>\n<div class=\"cat-home-title\"><a href=\"https:\/\/awf.world\/fr\/dr-miguel-palomino-my-journey-to-christ-and-his-ministry\/\">Dr. Miguel Palomino &#8211; My Journey to Christ and His Ministry<\/a><\/div>\n <div class=\"cat-home-date\">d\u00e9cembre 22, 2012<\/div>\n<div class=\"cat-home-short-description\">  <\/div>\n\n<\/div>\n\t\n\t\t<div class=\"cat-home\">\n<div class=\"cat-home-category\"><a href=\"https:\/\/awf.world\/fr\/category\/video-fr\/\">video<\/a><\/div>\n<div class=\"cat-home-img\"><a href=\"https:\/\/awf.world\/fr\/dr-chris-braun-benefits-of-growing-up-as-a-third-culture-kid\/\"><img decoding=\"async\" class=\"attachment-255xauto size-255xauto\" src=\"https:\/\/awf.world\/wp-content\/uploads\/2012\/12\/61-01-01-01-01-01-wpv_255xauto.jpg\" width=\"255\" height=\"auto\" alt=\"\" \/><\/a><\/div>\n<div class=\"cat-home-title\"><a href=\"https:\/\/awf.world\/fr\/dr-chris-braun-benefits-of-growing-up-as-a-third-culture-kid\/\">Dr. Chris Braun &#8211; Benefits of Growing Up As a Third Culture Kid<\/a><\/div>\n <div class=\"cat-home-date\">d\u00e9cembre 22, 2012<\/div>\n<div class=\"cat-home-short-description\">  <\/div>\n\n<\/div>\n\t\n\t\t<div class=\"cat-home\">\n<div class=\"cat-home-category\"><a href=\"https:\/\/awf.world\/fr\/category\/video-fr\/\">video<\/a><\/div>\n<div class=\"cat-home-img\"><a href=\"https:\/\/awf.world\/fr\/dr-chris-braun-learnings-from-my-parents\/\"><img decoding=\"async\" class=\"attachment-255xauto size-255xauto\" src=\"https:\/\/awf.world\/wp-content\/uploads\/2012\/12\/61-01-01-01-01-01-wpv_255xauto.jpg\" width=\"255\" height=\"auto\" alt=\"\" \/><\/a><\/div>\n<div class=\"cat-home-title\"><a href=\"https:\/\/awf.world\/fr\/dr-chris-braun-learnings-from-my-parents\/\">Dr. Chris Braun &#8211; Learnings From My Parents<\/a><\/div>\n <div class=\"cat-home-date\">d\u00e9cembre 22, 2012<\/div>\n<div class=\"cat-home-short-description\">  <\/div>\n\n<\/div>\n\t\n\t\t<div class=\"cat-home\">\n<div class=\"cat-home-category\"><a href=\"https:\/\/awf.world\/fr\/category\/video-fr\/\">video<\/a><\/div>\n<div class=\"cat-home-img\"><a href=\"https:\/\/awf.world\/fr\/dr-chris-braun-ways-the-church-grew-in-africa\/\"><img decoding=\"async\" class=\"attachment-255xauto size-255xauto\" src=\"https:\/\/awf.world\/wp-content\/uploads\/2012\/12\/61-01-01-01-01-01-wpv_255xauto.jpg\" width=\"255\" height=\"auto\" alt=\"\" \/><\/a><\/div>\n<div class=\"cat-home-title\"><a href=\"https:\/\/awf.world\/fr\/dr-chris-braun-ways-the-church-grew-in-africa\/\">Dr. Chris Braun &#8211; Ways the Church Grew in Africa<\/a><\/div>\n <div class=\"cat-home-date\">d\u00e9cembre 22, 2012<\/div>\n<div class=\"cat-home-short-description\">  <\/div>\n\n<\/div>\n\t\n\t\t<div class=\"cat-home\">\n<div class=\"cat-home-category\"><a href=\"https:\/\/awf.world\/fr\/category\/video-fr\/\">video<\/a><\/div>\n<div class=\"cat-home-img\"><a href=\"https:\/\/awf.world\/fr\/dr-chris-braun-developing-a-mission-vision-in-africa\/\"><img decoding=\"async\" class=\"attachment-255xauto size-255xauto\" src=\"https:\/\/awf.world\/wp-content\/uploads\/2012\/12\/61-01-01-01-01-01-wpv_255xauto.jpg\" width=\"255\" height=\"auto\" alt=\"\" \/><\/a><\/div>\n<div class=\"cat-home-title\"><a href=\"https:\/\/awf.world\/fr\/dr-chris-braun-developing-a-mission-vision-in-africa\/\">Dr. Chris Braun &#8211; Developing a Mission Vision in Africa<\/a><\/div>\n <div class=\"cat-home-date\">d\u00e9cembre 22, 2012<\/div>\n<div class=\"cat-home-short-description\">  <\/div>\n\n<\/div>\n\t\n\t\t<div class=\"cat-home\">\n<div class=\"cat-home-category\"><a href=\"https:\/\/awf.world\/fr\/category\/video-fr\/\">video<\/a><\/div>\n<div class=\"cat-home-img\"><a href=\"https:\/\/awf.world\/fr\/dr-chris-braun-my-dream-for-the-african-church\/\"><img decoding=\"async\" class=\"attachment-255xauto size-255xauto\" src=\"https:\/\/awf.world\/wp-content\/uploads\/2012\/12\/61-01-01-01-01-01-wpv_255xauto.jpg\" width=\"255\" height=\"auto\" alt=\"\" \/><\/a><\/div>\n<div class=\"cat-home-title\"><a href=\"https:\/\/awf.world\/fr\/dr-chris-braun-my-dream-for-the-african-church\/\">Dr. Chris Braun &#8211; My Dream for the African Church<\/a><\/div>\n <div class=\"cat-home-date\">d\u00e9cembre 22, 2012<\/div>\n<div class=\"cat-home-short-description\">  <\/div>\n\n<\/div>\n\t\n\t\t<div class=\"cat-home\">\n<div class=\"cat-home-category\"><a href=\"https:\/\/awf.world\/fr\/category\/video-fr\/\">video<\/a><\/div>\n<div class=\"cat-home-img\"><a href=\"https:\/\/awf.world\/fr\/dr-chris-braun-gods-interventions\/\"><img decoding=\"async\" class=\"attachment-255xauto size-255xauto\" src=\"https:\/\/awf.world\/wp-content\/uploads\/2012\/12\/61-01-01-01-01-01-wpv_255xauto.jpg\" width=\"255\" height=\"auto\" alt=\"\" \/><\/a><\/div>\n<div class=\"cat-home-title\"><a href=\"https:\/\/awf.world\/fr\/dr-chris-braun-gods-interventions\/\">Dr. Chris Braun &#8211; God&rsquo;s Interventions<\/a><\/div>\n <div class=\"cat-home-date\">d\u00e9cembre 22, 2012<\/div>\n<div class=\"cat-home-short-description\">  <\/div>\n\n<\/div>\n\t\n\t\t<div class=\"cat-home\">\n<div class=\"cat-home-category\"><a href=\"https:\/\/awf.world\/fr\/category\/video-fr\/\">video<\/a><\/div>\n<div class=\"cat-home-img\"><a href=\"https:\/\/awf.world\/fr\/dr-rene-holvast-facteb-cest-quoi\/\"><img decoding=\"async\" class=\"attachment-255xauto size-255xauto\" src=\"https:\/\/awf.world\/wp-content\/uploads\/2017\/05\/flecha-gray-2-wpv_255xauto.png\" width=\"255\" height=\"auto\" alt=\"\" \/><\/a><\/div>\n<div class=\"cat-home-title\"><a href=\"https:\/\/awf.world\/fr\/dr-rene-holvast-facteb-cest-quoi\/\">Dr. Rene Holvast &#8211; FACTEB c&rsquo;est quoi?<\/a><\/div>\n <div class=\"cat-home-date\">d\u00e9cembre 22, 2012<\/div>\n<div class=\"cat-home-short-description\">  <\/div>\n\n<\/div>\n\t\n\t\t<div class=\"cat-home\">\n<div class=\"cat-home-category\"><a href=\"https:\/\/awf.world\/fr\/category\/video-fr\/\">video<\/a><\/div>\n<div class=\"cat-home-img\"><a href=\"https:\/\/awf.world\/fr\/dr-mabiala-kenzo-comment-amener-une-eglise-a-penser-theologie\/\"><img decoding=\"async\" class=\"attachment-255xauto size-255xauto\" src=\"https:\/\/awf.world\/wp-content\/uploads\/2012\/12\/61-01-01-01-01-01-01-01-wpv_255xauto.jpg\" width=\"255\" height=\"auto\" alt=\"\" \/><\/a><\/div>\n<div class=\"cat-home-title\"><a href=\"https:\/\/awf.world\/fr\/dr-mabiala-kenzo-comment-amener-une-eglise-a-penser-theologie\/\">Dr. Mabiala Kenzo &#8211; Comment amener une \u00e9glise \u00e0 penser th\u00e9ologie?<\/a><\/div>\n <div class=\"cat-home-date\">d\u00e9cembre 22, 2012<\/div>\n<div class=\"cat-home-short-description\">  <\/div>\n\n<\/div>\n\t\n\t\t<div class=\"cat-home\">\n<div class=\"cat-home-category\"><a href=\"https:\/\/awf.world\/fr\/category\/video-fr\/\">video<\/a><\/div>\n<div class=\"cat-home-img\"><a href=\"https:\/\/awf.world\/fr\/david-hearn-the-heart-of-the-christian-missionary-alliance\/\"><img decoding=\"async\" class=\"attachment-255xauto size-255xauto\" src=\"https:\/\/awf.world\/wp-content\/uploads\/2012\/12\/61-01-01-01-01-01-01-01-01-wpv_255xauto.jpg\" width=\"255\" height=\"auto\" alt=\"\" \/><\/a><\/div>\n<div class=\"cat-home-title\"><a href=\"https:\/\/awf.world\/fr\/david-hearn-the-heart-of-the-christian-missionary-alliance\/\">David Hearn &#8211; The Heart of the Christian &#038; Missionary Alliance<\/a><\/div>\n <div class=\"cat-home-date\">d\u00e9cembre 22, 2012<\/div>\n<div class=\"cat-home-short-description\">  <\/div>\n\n<\/div>\n\t\n\t\t<div class=\"cat-home\">\n<div class=\"cat-home-category\"><a href=\"https:\/\/awf.world\/fr\/category\/video-fr\/\">video<\/a><\/div>\n<div class=\"cat-home-img\"><a href=\"https:\/\/awf.world\/fr\/dr-mabiala-kenzo-projet-de-theologie-systematique\/\"><img decoding=\"async\" class=\"attachment-255xauto size-255xauto\" src=\"https:\/\/awf.world\/wp-content\/uploads\/2012\/12\/61-01-01-01-01-01-01-01-wpv_255xauto.jpg\" width=\"255\" height=\"auto\" alt=\"\" \/><\/a><\/div>\n<div class=\"cat-home-title\"><a href=\"https:\/\/awf.world\/fr\/dr-mabiala-kenzo-projet-de-theologie-systematique\/\">Dr. Mabiala Kenzo &#8211; Projet de th\u00e9ologie syst\u00e9matique<\/a><\/div>\n <div class=\"cat-home-date\">d\u00e9cembre 22, 2012<\/div>\n<div class=\"cat-home-short-description\">  <\/div>\n\n<\/div>\n\t\n\t\t<div class=\"cat-home\">\n<div class=\"cat-home-category\"><a href=\"https:\/\/awf.world\/fr\/category\/video-fr\/\">video<\/a><\/div>\n<div class=\"cat-home-img\"><a href=\"https:\/\/awf.world\/fr\/rev-mabiala-kenzo-mon-histoire\/\"><img decoding=\"async\" class=\"attachment-255xauto size-255xauto\" src=\"https:\/\/awf.world\/wp-content\/uploads\/2012\/12\/61-01-01-01-01-01-01-01-wpv_255xauto.jpg\" width=\"255\" height=\"auto\" alt=\"\" \/><\/a><\/div>\n<div class=\"cat-home-title\"><a href=\"https:\/\/awf.world\/fr\/rev-mabiala-kenzo-mon-histoire\/\">Rev. Mabiala Kenzo &#8211; Mon Histoire<\/a><\/div>\n <div class=\"cat-home-date\">d\u00e9cembre 22, 2012<\/div>\n<div class=\"cat-home-short-description\">  <\/div>\n\n<\/div>\n\t\n\t\t<div class=\"cat-home\">\n<div class=\"cat-home-category\"><a href=\"https:\/\/awf.world\/fr\/category\/video-fr\/\">video<\/a><\/div>\n<div class=\"cat-home-img\"><a href=\"https:\/\/awf.world\/fr\/dr-mabiala-kenzo-la-formation-de-cadres-cas-du-congo\/\"><img decoding=\"async\" class=\"attachment-255xauto size-255xauto\" src=\"https:\/\/awf.world\/wp-content\/uploads\/2012\/12\/61-01-01-01-01-01-01-01-wpv_255xauto.jpg\" width=\"255\" height=\"auto\" alt=\"\" \/><\/a><\/div>\n<div class=\"cat-home-title\"><a href=\"https:\/\/awf.world\/fr\/dr-mabiala-kenzo-la-formation-de-cadres-cas-du-congo\/\">Dr. Mabiala Kenzo &#8211; La formation de cadres &#8211; Cas du Congo<\/a><\/div>\n <div class=\"cat-home-date\">d\u00e9cembre 22, 2012<\/div>\n<div class=\"cat-home-short-description\">  <\/div>\n\n<\/div>\n\t\n\t\t<div class=\"cat-home\">\n<div class=\"cat-home-category\"><a href=\"https:\/\/awf.world\/fr\/category\/video-fr\/\">video<\/a><\/div>\n<div class=\"cat-home-img\"><a href=\"https:\/\/awf.world\/fr\/dr-mabiala-kenzo-le-role-de-leglise-africaine\/\"><img decoding=\"async\" class=\"attachment-255xauto size-255xauto\" src=\"https:\/\/awf.world\/wp-content\/uploads\/2012\/12\/61-01-01-01-01-01-01-01-wpv_255xauto.jpg\" width=\"255\" height=\"auto\" alt=\"\" \/><\/a><\/div>\n<div class=\"cat-home-title\"><a href=\"https:\/\/awf.world\/fr\/dr-mabiala-kenzo-le-role-de-leglise-africaine\/\">Dr. Mabiala Kenzo &#8211; Le r\u00f4le de l&rsquo;\u00e9glise africaine<\/a><\/div>\n <div class=\"cat-home-date\">d\u00e9cembre 22, 2012<\/div>\n<div class=\"cat-home-short-description\">  <\/div>\n\n<\/div>\n\t\n\t\t<div class=\"cat-home\">\n<div class=\"cat-home-category\"><a href=\"https:\/\/awf.world\/fr\/category\/news-fr\/\">NOUVELLES<\/a><\/div>\n<div class=\"cat-home-img\"><a href=\"https:\/\/awf.world\/fr\/la-souverainete-de-dieu-et-la-syrie-dechiree-par-la-guerre\/\"><img decoding=\"async\" class=\"attachment-255xauto size-255xauto\" src=\"https:\/\/awf.world\/wp-content\/uploads\/2012\/12\/61-01-01-01-01-01-01-01-01-01-wpv_255xauto.jpg\" width=\"255\" height=\"auto\" alt=\"\" \/><\/a><\/div>\n<div class=\"cat-home-title\"><a href=\"https:\/\/awf.world\/fr\/la-souverainete-de-dieu-et-la-syrie-dechiree-par-la-guerre\/\">La souverainet\u00e9 de Dieu et la Syrie d\u00e9chir\u00e9e par la guerre<\/a><\/div>\n <div class=\"cat-home-date\">d\u00e9cembre 15, 2012<\/div>\n<div class=\"cat-home-short-description\">  <p>La moiti\u00e9 des membres d'\u00c9glise ont d\u00e9j\u00e0 quitt\u00e9 Damas et parfois on se demande pourquoi nous sommes toujours ici. Mais, nous savons pourquoi : Dans ce temps de t\u00e9n\u00e8bres, Dieu veut que nous partagions Sa lumi\u00e8re.<\/p>\n<\/div>\n\n<\/div>\n\t\n\t\t<div class=\"cat-home\">\n<div class=\"cat-home-category\"><a href=\"https:\/\/awf.world\/fr\/category\/news-fr\/\">NOUVELLES<\/a><\/div>\n<div class=\"cat-home-img\"><a href=\"https:\/\/awf.world\/fr\/des-jeunes-en-inde-sattendent-a-de-grandes-choses-de-la-part-de-dieu\/\"><img decoding=\"async\" class=\"attachment-255xauto size-255xauto\" src=\"https:\/\/awf.world\/wp-content\/uploads\/2012\/12\/62-01-wpv_255xauto.jpg\" width=\"255\" height=\"auto\" alt=\"\" \/><\/a><\/div>\n<div class=\"cat-home-title\"><a href=\"https:\/\/awf.world\/fr\/des-jeunes-en-inde-sattendent-a-de-grandes-choses-de-la-part-de-dieu\/\">Des jeunes en Inde s\u2019attendent \u00e0 de grandes choses de la part de Dieu<\/a><\/div>\n <div class=\"cat-home-date\">d\u00e9cembre 15, 2012<\/div>\n<div class=\"cat-home-short-description\">  <p>Pour la premi\u00e8re fois, depuis des ann\u00e9es, une conf\u00e9rence de jeunes est pr\u00e9vue ce mois-ci \u00e0 Khandala, en Inde.<\/p>\n<\/div>\n\n<\/div>\n\t\n\t\t<div class=\"cat-home\">\n<div class=\"cat-home-category\"><a href=\"https:\/\/awf.world\/fr\/category\/video-fr\/\">video<\/a><\/div>\n<div class=\"cat-home-img\"><a href=\"https:\/\/awf.world\/fr\/remembering-rev-dr-isaac-keita-english\/\"><img decoding=\"async\" class=\"attachment-255xauto size-255xauto\" src=\"https:\/\/awf.world\/wp-content\/uploads\/2012\/12\/62-01-01-wpv_255xauto.jpg\" width=\"255\" height=\"auto\" alt=\"\" \/><\/a><\/div>\n<div class=\"cat-home-title\"><a href=\"https:\/\/awf.world\/fr\/remembering-rev-dr-isaac-keita-english\/\">A Tribute to a Servant of God (English)<\/a><\/div>\n <div class=\"cat-home-date\">d\u00e9cembre 13, 2012<\/div>\n<div class=\"cat-home-short-description\">  <\/div>\n\n<\/div>\n\t\n\t\t<div class=\"cat-home\">\n<div class=\"cat-home-category\"><a href=\"https:\/\/awf.world\/fr\/category\/video-fr\/\">video<\/a><\/div>\n<div class=\"cat-home-img\"><a href=\"https:\/\/awf.world\/fr\/a-tribute-to-a-servant-of-god-english-and-french\/\"><img decoding=\"async\" class=\"attachment-255xauto size-255xauto\" src=\"https:\/\/awf.world\/wp-content\/uploads\/2012\/12\/60-01-01-01-wpv_255xauto.jpg\" width=\"255\" height=\"auto\" alt=\"\" \/><\/a><\/div>\n<div class=\"cat-home-title\"><a href=\"https:\/\/awf.world\/fr\/a-tribute-to-a-servant-of-god-english-and-french\/\">A Tribute to a Servant of God (English and French)<\/a><\/div>\n <div class=\"cat-home-date\">d\u00e9cembre 13, 2012<\/div>\n<div class=\"cat-home-short-description\">  <\/div>\n\n<\/div>\n\t\n\t\t<div class=\"cat-home\">\n<div class=\"cat-home-category\"><a href=\"https:\/\/awf.world\/fr\/category\/video-fr\/\">video<\/a><\/div>\n<div class=\"cat-home-img\"><a href=\"https:\/\/awf.world\/fr\/kidnapped-in-iraq\/\"><img decoding=\"async\" class=\"attachment-255xauto size-255xauto\" src=\"https:\/\/awf.world\/wp-content\/uploads\/2012\/12\/63-01-wpv_255xauto.jpg\" width=\"255\" height=\"auto\" alt=\"\" \/><\/a><\/div>\n<div class=\"cat-home-title\"><a href=\"https:\/\/awf.world\/fr\/kidnapped-in-iraq\/\">Kidnapped in Iraq<\/a><\/div>\n <div class=\"cat-home-date\">d\u00e9cembre 10, 2012<\/div>\n<div class=\"cat-home-short-description\">  <\/div>\n\n<\/div>\n\t\n\t\n\t\n\t\n<\/div>\n\n<\/div>\n<\/div>\n<\/div>\n<\/div>\n<\/div>\n<\/div>\n","protected":false},"excerpt":{"rendered":"<p>Nouvelles 2012 Les Ann\u00e9es Pr\u00e9c\u00e9dentes:\u00a0 \u00a0 \u00a0 \u00a0\u00a02020\u00a0 \u00a0 2019\u00a0 \u00a0 2018\u00a0 \u00a0\u00a02017\u00a0 \u00a02016 \u00a0\u00a02015\u00a0 \u00a0 \u00a0\u00a02014\u00a0 \u00a0 \u00a0\u00a02013\u00a0 \u00a0 \u00a0\u00a02012\u00a0 \u00a0 \u00a0\u00a02011\u00a0 \u00a0 \u00a0\u00a02010<\/p>\n","protected":false},"author":15,"featured_media":0,"parent":0,"menu_order":0,"comment_status":"closed","ping_status":"closed","template":"","meta":{"inline_featured_image":false,"ngg_post_thumbnail":0,"_EventAllDay":false,"_EventTimezone":"","_EventStartDate":"","_EventEndDate":"","_EventStartDateUTC":"","_EventEndDateUTC":"","_EventShowMap":false,"_EventShowMapLink":false,"_EventURL":"","_EventCost":"","_EventCostDescription":"","_EventCurrencySymbol":"","_EventCurrencyCode":"","_EventCurrencyPosition":"","_EventDateTimeSeparator":"","_EventTimeRangeSeparator":"","_EventOrganizerID":[],"_EventVenueID":[],"_OrganizerEmail":"","_OrganizerPhone":"","_OrganizerWebsite":"","_VenueAddress":"","_VenueCity":"","_VenueCountry":"","_VenueProvince":"","_VenueState":"","_VenueZip":"","_VenuePhone":"","_VenueURL":"","_VenueStateProvince":"","_VenueLat":"","_VenueLng":"","_VenueShowMap":false,"_VenueShowMapLink":false,"footnotes":""},"class_list":["post-26206","page","type-page","status-publish","hentry"],"_links":{"self":[{"href":"https:\/\/awf.world\/fr\/wp-json\/wp\/v2\/pages\/26206","targetHints":{"allow":["GET"]}}],"collection":[{"href":"https:\/\/awf.world\/fr\/wp-json\/wp\/v2\/pages"}],"about":[{"href":"https:\/\/awf.world\/fr\/wp-json\/wp\/v2\/types\/page"}],"author":[{"embeddable":true,"href":"https:\/\/awf.world\/fr\/wp-json\/wp\/v2\/users\/15"}],"replies":[{"embeddable":true,"href":"https:\/\/awf.world\/fr\/wp-json\/wp\/v2\/comments?post=26206"}],"version-history":[{"count":0,"href":"https:\/\/awf.world\/fr\/wp-json\/wp\/v2\/pages\/26206\/revisions"}],"wp:attachment":[{"href":"https:\/\/awf.world\/fr\/wp-json\/wp\/v2\/media?parent=26206"}],"curies":[{"name":"wp","href":"https:\/\/api.w.org\/{rel}","templated":true}]}}