{"id":26204,"date":"2019-06-04T01:29:46","date_gmt":"2019-06-04T04:29:46","guid":{"rendered":"http:\/\/awf.world\/2013-2\/"},"modified":"2021-01-27T18:19:22","modified_gmt":"2021-01-27T23:19:22","slug":"2013-2","status":"publish","type":"page","link":"https:\/\/awf.world\/fr\/2013-2\/","title":{"rendered":"2013"},"content":{"rendered":"<div id=\"pl-23225\"  class=\"panel-layout\" >\n<div id=\"pg-23225-0\"  class=\"panel-grid panel-no-style\" >\n<div id=\"pgc-23225-0-0\"  class=\"panel-grid-cell\"  data-weight=\"1\" >\n<div id=\"panel-23225-0-0-0\" class=\"so-panel widget widget_sow-editor panel-first-child\" data-index=\"0\" data-style=\"{&quot;background_image_attachment&quot;:false,&quot;background_display&quot;:&quot;tile&quot;}\" >\n<div class=\"so-widget-sow-editor so-widget-sow-editor-base\">\n<div class=\"siteorigin-widget-tinymce textwidget\">\n<h1 style=\"text-align: center; font-size: 27px;\">Nouvelles 2013<\/h1>\n<p style=\"text-align: center;\"><strong><span style=\"font-size: 110%; font-weight: 600;\">Les Ann\u00e9es Pr\u00e9c\u00e9dentes:<\/span>\u00a0 \u00a0 \u00a0<\/strong> \u00a0\u00a0<a href=\"\/?page_id=26190\">2020<\/a>\u00a0 \u00a0\u00a0<a href=\"https:\/\/awf.world\/fr\/2019-2\/\">2019<\/a>\u00a0 \u00a0 <a href=\"\/?page_id=26194\">2018<\/a>\u00a0 \u00a0\u00a0<a href=\"https:\/\/awf.world\/fr\/2017-2\/\">2017<\/a>\u00a0 \u00a0\u00a0<a href=\"https:\/\/awf.world\/fr\/2016-2\/\">2016<\/a> \u00a0\u00a0<a href=\"https:\/\/awf.world\/fr\/2015-2\/\">2015<\/a>\u00a0 \u00a0\u00a0<a href=\"https:\/\/awf.world\/fr\/2014-2\/\">2014<\/a>\u00a0 \u00a0\u00a0<a href=\"https:\/\/awf.world\/fr\/2013-2\/\">2013<\/a>\u00a0 \u00a0\u00a0<a href=\"https:\/\/awf.world\/fr\/2012-2\/\">2012<\/a>\u00a0 \u00a0\u00a0<a href=\"https:\/\/awf.world\/2011-2\/\">2011<\/a>\u00a0 \u00a0<a href=\"https:\/\/awf.world\/2010-2\/\">2010<\/a><\/p>\n<\/div>\n<\/div>\n<\/div>\n<div id=\"panel-23225-0-0-1\" class=\"so-panel widget widget_sow-editor panel-last-child\" data-index=\"1\" >\n<div class=\"so-widget-sow-editor so-widget-sow-editor-base\">\n<div class=\"siteorigin-widget-tinymce textwidget\">\n\t\n\n\n<div id=\"wpv-view-layout-23216-CATTR1f9f206d0b85c2ec628e6e4709b003b3\" class=\"js-wpv-view-layout js-wpv-layout-responsive js-wpv-view-layout-23216-CATTR1f9f206d0b85c2ec628e6e4709b003b3\" data-viewnumber=\"23216-CATTR1f9f206d0b85c2ec628e6e4709b003b3\" data-pagination=\"{&quot;id&quot;:23216,&quot;query&quot;:&quot;normal&quot;,&quot;type&quot;:&quot;disabled&quot;,&quot;effect&quot;:&quot;fade&quot;,&quot;duration&quot;:500,&quot;speed&quot;:5,&quot;pause_on_hover&quot;:&quot;disabled&quot;,&quot;stop_rollover&quot;:&quot;false&quot;,&quot;cache_pages&quot;:&quot;enabled&quot;,&quot;preload_images&quot;:&quot;enabled&quot;,&quot;preload_pages&quot;:&quot;enabled&quot;,&quot;preload_reach&quot;:1,&quot;spinner&quot;:&quot;builtin&quot;,&quot;spinner_image&quot;:&quot;https:\/\/awf.world\/wp-content\/plugins\/wp-views\/embedded\/res\/img\/ajax-loader.gif&quot;,&quot;callback_next&quot;:&quot;&quot;,&quot;manage_history&quot;:&quot;enabled&quot;,&quot;has_controls_in_form&quot;:&quot;disabled&quot;,&quot;infinite_tolerance&quot;:&quot;0&quot;,&quot;max_pages&quot;:0,&quot;page&quot;:1,&quot;base_permalink&quot;:&quot;\/fr\/wp-json\/wp\/v2\/pages\/26204?wpv_view_count=23216-CATTR1f9f206d0b85c2ec628e6e4709b003b3&amp;wpv_paged=WPV_PAGE_NUM&quot;,&quot;loop&quot;:{&quot;type&quot;:&quot;&quot;,&quot;name&quot;:&quot;&quot;,&quot;data&quot;:[],&quot;id&quot;:0}}\" data-permalink=\"\/fr\/wp-json\/wp\/v2\/pages\/26204?wpv_view_count=23216-CATTR1f9f206d0b85c2ec628e6e4709b003b3\">\n\n\t\n\t\n\t\n\t\t<div class=\"cat-home\">\n<div class=\"cat-home-category\"><a href=\"https:\/\/awf.world\/fr\/category\/news-fr\/\">NOUVELLES<\/a><\/div>\n<div class=\"cat-home-img\"><a href=\"https:\/\/awf.world\/fr\/alliance-in-north-america-facts-figures\/\"><\/a><\/div>\n<div class=\"cat-home-title\"><a href=\"https:\/\/awf.world\/fr\/alliance-in-north-america-facts-figures\/\">Alliance in North America: Facts &#038; Figures<\/a><\/div>\n <div class=\"cat-home-date\">ao\u00fbt 27, 2013<\/div>\n<div class=\"cat-home-short-description\">  <p>The Alliance (C & MA) exists for more than 125 years. The movement spread throughout the world, but was born in Canada and the United States. We have a brief analysis of these two countries.<\/p>\n<\/div>\n\n<\/div>\n\t\n\t\t<div class=\"cat-home\">\n<div class=\"cat-home-category\"><a href=\"https:\/\/awf.world\/fr\/category\/news-fr\/\">NOUVELLES<\/a><\/div>\n<div class=\"cat-home-img\"><a href=\"https:\/\/awf.world\/fr\/lalliance-en-amerique-du-nord-des-faits-et-des-chiffres\/\"><img decoding=\"async\" class=\"attachment-255xauto size-255xauto\" src=\"https:\/\/awf.world\/wp-content\/uploads\/2012\/12\/27-01-wpv_255xauto.jpg\" width=\"255\" height=\"auto\" alt=\"\" \/><\/a><\/div>\n<div class=\"cat-home-title\"><a href=\"https:\/\/awf.world\/fr\/lalliance-en-amerique-du-nord-des-faits-et-des-chiffres\/\">L&rsquo;Alliance en Am\u00e9rique du Nord : Des faits et des chiffres<\/a><\/div>\n <div class=\"cat-home-date\">ao\u00fbt 27, 2013<\/div>\n<div class=\"cat-home-short-description\">  <p>L\u2019Alliance existe depuis plus de 125 ans. Le mouvement s\u2019est r\u00e9pandu dans le monde entier, mais il est n\u00e9 au Canada et aux \u00c9tats-Unis. Ce qui suit, est une petite impression de la situation actuelle dans les deux pays.<\/p>\n<\/div>\n\n<\/div>\n\t\n\t\t<div class=\"cat-home\">\n<div class=\"cat-home-category\"><a href=\"https:\/\/awf.world\/fr\/category\/news-fr\/\">NOUVELLES<\/a><\/div>\n<div class=\"cat-home-img\"><a href=\"https:\/\/awf.world\/fr\/ceux-qui-tirent-avec-une-cloche-sont-moches\/\"><img decoding=\"async\" class=\"attachment-255xauto size-255xauto\" src=\"https:\/\/awf.world\/wp-content\/uploads\/2012\/12\/28-01-wpv_255xauto.jpg\" width=\"255\" height=\"auto\" alt=\"\" \/><\/a><\/div>\n<div class=\"cat-home-title\"><a href=\"https:\/\/awf.world\/fr\/ceux-qui-tirent-avec-une-cloche-sont-moches\/\">Ceux qui tirent avec une cloche sont moches<\/a><\/div>\n <div class=\"cat-home-date\">ao\u00fbt 27, 2013<\/div>\n<div class=\"cat-home-short-description\">  <p>Pendant la deuxi\u00e8me guerre mondiale, l\u2019arm\u00e9e allemande confisquait des cloches d\u2019\u00e9glise aux Pays-Bas pour en fabriquer des armes.<\/p>\n<\/div>\n\n<\/div>\n\t\n\t\t<div class=\"cat-home\">\n<div class=\"cat-home-category\"><a href=\"https:\/\/awf.world\/fr\/category\/news-fr\/\">NOUVELLES<\/a><\/div>\n<div class=\"cat-home-img\"><a href=\"https:\/\/awf.world\/fr\/smiling-pastor-tacloban\/\"><img decoding=\"async\" class=\"attachment-255xauto size-255xauto\" src=\"https:\/\/awf.world\/wp-content\/uploads\/2012\/12\/30-01-wpv_255xauto.jpg\" width=\"255\" height=\"auto\" alt=\"\" \/><\/a><\/div>\n<div class=\"cat-home-title\"><a href=\"https:\/\/awf.world\/fr\/smiling-pastor-tacloban\/\">A Smiling Pastor in Tacloban<\/a><\/div>\n <div class=\"cat-home-date\">ao\u00fbt 27, 2013<\/div>\n<div class=\"cat-home-short-description\">  <p>You don\u2019t expect it in a ruined city, but in Tacloban, the city that was hit the hardest by the super-typhoon in November, we met a joyful pastor, Dennis. Not much was left of his house and the Church, but Dennis smiled and praised God.<\/p>\n<\/div>\n\n<\/div>\n\t\n\t\t<div class=\"cat-home\">\n<div class=\"cat-home-category\"><a href=\"https:\/\/awf.world\/fr\/category\/news-fr\/\">NOUVELLES<\/a><\/div>\n<div class=\"cat-home-img\"><a href=\"https:\/\/awf.world\/fr\/jai-vu-un-signe-du-royaume\/\"><\/a><\/div>\n<div class=\"cat-home-title\"><a href=\"https:\/\/awf.world\/fr\/jai-vu-un-signe-du-royaume\/\">J&rsquo;ai vu un signe du Royaume !<\/a><\/div>\n <div class=\"cat-home-date\">ao\u00fbt 27, 2013<\/div>\n<div class=\"cat-home-short-description\">  <p>Le signe apparut dans la personne d\u2019une institutrice. Elle et son mari, un pasteur, avaient travaill\u00e9 dans cette r\u00e9gion pendant 10 ans.<\/p>\n<\/div>\n\n<\/div>\n\t\n\t\t<div class=\"cat-home\">\n<div class=\"cat-home-category\"><a href=\"https:\/\/awf.world\/fr\/category\/news-fr\/\">NOUVELLES<\/a><\/div>\n<div class=\"cat-home-img\"><a href=\"https:\/\/awf.world\/fr\/free-slavery\/\"><img decoding=\"async\" class=\"attachment-255xauto size-255xauto\" src=\"https:\/\/awf.world\/wp-content\/uploads\/2012\/12\/31-01-wpv_255xauto.jpg\" width=\"255\" height=\"auto\" alt=\"\" \/><\/a><\/div>\n<div class=\"cat-home-title\"><a href=\"https:\/\/awf.world\/fr\/free-slavery\/\">Free from Slavery<\/a><\/div>\n <div class=\"cat-home-date\">ao\u00fbt 27, 2013<\/div>\n<div class=\"cat-home-short-description\">  <p>The executive committee will form an AWF Foundation in the United States of America to facilitate financial operations. The AWF Foundation in the Netherlands will continue to operate.<\/p>\n<\/div>\n\n<\/div>\n\t\n\t\t<div class=\"cat-home\">\n<div class=\"cat-home-category\"><a href=\"https:\/\/awf.world\/fr\/category\/news-fr\/\">NOUVELLES<\/a><\/div>\n<div class=\"cat-home-img\"><a href=\"https:\/\/awf.world\/fr\/incendie-detruit-ville-au-tibet-2\/\"><img decoding=\"async\" class=\"attachment-255xauto size-255xauto\" src=\"https:\/\/awf.world\/wp-content\/uploads\/2012\/12\/32-01-wpv_255xauto.jpg\" width=\"255\" height=\"auto\" alt=\"\" \/><\/a><\/div>\n<div class=\"cat-home-title\"><a href=\"https:\/\/awf.world\/fr\/incendie-detruit-ville-au-tibet-2\/\">Incendie d\u00e9truit ville au Tibet<\/a><\/div>\n <div class=\"cat-home-date\">ao\u00fbt 27, 2013<\/div>\n<div class=\"cat-home-short-description\">  <p>Le centre de Dukezong, ville tib\u00e9taine de la Chine du Sud datant du IIX\u00e8me si\u00e8cle, \u00e9tait frapp\u00e9 par un \u00e9norme incendie. Au moins 1000 personnes ont d\u00fb \u00eatre \u00e9vac\u00e9es. Des centaines d'anciens b\u00e2timents sont d\u00e9truits.<\/p>\n<\/div>\n\n<\/div>\n\t\n\t\t<div class=\"cat-home\">\n<div class=\"cat-home-category\"><a href=\"https:\/\/awf.world\/fr\/category\/news-fr\/\">NOUVELLES<\/a><\/div>\n<div class=\"cat-home-img\"><a href=\"https:\/\/awf.world\/fr\/la-tache-universelle-de-leglise-locale-2\/\"><img decoding=\"async\" class=\"attachment-255xauto size-255xauto\" src=\"https:\/\/awf.world\/wp-content\/uploads\/2012\/12\/33-01-wpv_255xauto.jpg\" width=\"255\" height=\"auto\" alt=\"\" \/><\/a><\/div>\n<div class=\"cat-home-title\"><a href=\"https:\/\/awf.world\/fr\/la-tache-universelle-de-leglise-locale-2\/\">La t\u00e2che universelle de l\u2019\u00c9glise locale<\/a><\/div>\n <div class=\"cat-home-date\">ao\u00fbt 26, 2013<\/div>\n<div class=\"cat-home-short-description\">  <p>Pendant son voyage en Australie, Arie Verduijn de l\u2019UMA a pu constater dans plusieurs \u00c9glises locales un int\u00e9r\u00eat \u00e0 \u00e9tablir des relations Local Church Global Taskinternationales.<\/p>\n<\/div>\n\n<\/div>\n\t\n\t\t<div class=\"cat-home\">\n<div class=\"cat-home-category\"><a href=\"https:\/\/awf.world\/fr\/category\/news-fr\/\">NOUVELLES<\/a><\/div>\n<div class=\"cat-home-img\"><a href=\"https:\/\/awf.world\/fr\/tibetan-town-destroyed-fire\/\"><img decoding=\"async\" class=\"attachment-255xauto size-255xauto\" src=\"https:\/\/awf.world\/wp-content\/uploads\/2012\/12\/34-01-wpv_255xauto.jpg\" width=\"255\" height=\"auto\" alt=\"\" \/><\/a><\/div>\n<div class=\"cat-home-title\"><a href=\"https:\/\/awf.world\/fr\/tibetan-town-destroyed-fire\/\">Tibetan Town Destroyed by Fire<\/a><\/div>\n <div class=\"cat-home-date\">ao\u00fbt 26, 2013<\/div>\n<div class=\"cat-home-short-description\">  <p>Dukezong was hit by a big fire. At least 1,000 people had to be evacuated and it is difficult to estimate the damage. Hundreds of old buildings were destroyed.<\/p>\n<\/div>\n\n<\/div>\n\t\n\t\t<div class=\"cat-home\">\n<div class=\"cat-home-category\"><a href=\"https:\/\/awf.world\/fr\/category\/news-fr\/\">NOUVELLES<\/a><\/div>\n<div class=\"cat-home-img\"><a href=\"https:\/\/awf.world\/fr\/leglise-de-lalliance-au-congo-prie-seigneur-revets-nous-de-ton-amour-2\/\"><\/a><\/div>\n<div class=\"cat-home-title\"><a href=\"https:\/\/awf.world\/fr\/leglise-de-lalliance-au-congo-prie-seigneur-revets-nous-de-ton-amour-2\/\">L&rsquo;Eglise de l\u2019Alliance au Congo pri\u00e9 : Seigneur, rev\u00eats-nous de ton amour!<\/a><\/div>\n <div class=\"cat-home-date\">ao\u00fbt 21, 2013<\/div>\n<div class=\"cat-home-short-description\">  <p>Plus de 3000 participants \u00e9taient r\u00e9unis au culte du dimanche, \u00e0 la fin de l'Assembl\u00e9e g\u00e9n\u00e9rale de l'Eglise Nationale de l'Alliance en RDC. Le R\u00e9v. C\u00e9lestinCelestin Congo aug 2013 Koffi, coordinateur r\u00e9gionale de l'UMA en Afrique, y a repr\u00e9sent\u00e9 la famille internationale.<\/p>\n<\/div>\n\n<\/div>\n\t\n\t\t<div class=\"cat-home\">\n<div class=\"cat-home-category\"><a href=\"https:\/\/awf.world\/fr\/category\/news-fr\/\">NOUVELLES<\/a><\/div>\n<div class=\"cat-home-img\"><a href=\"https:\/\/awf.world\/fr\/la-grace-de-dieu-manifestee-au-liban-2\/\"><img decoding=\"async\" class=\"attachment-255xauto size-255xauto\" src=\"https:\/\/awf.world\/wp-content\/uploads\/2012\/12\/37-01-wpv_255xauto.jpg\" width=\"255\" height=\"auto\" alt=\"\" \/><\/a><\/div>\n<div class=\"cat-home-title\"><a href=\"https:\/\/awf.world\/fr\/la-grace-de-dieu-manifestee-au-liban-2\/\">La gr\u00e2ce de Dieu manifest\u00e9e au Liban<\/a><\/div>\n <div class=\"cat-home-date\">juillet 25, 2013<\/div>\n<div class=\"cat-home-short-description\">  <p>Le premier juillet, George et Elias ont commenc\u00e9 un minist\u00e8re \u00e0 plein temps parmi les r\u00e9fugi\u00e9s. Une semaine apr\u00e8s, ils ont re\u00e7u un coup de t\u00e9l\u00e9phone d\u2019un des r\u00e9fugi\u00e9s. Il \u00e9tait \u00e9cras\u00e9 par une voiture et transport\u00e9 \u00e0 l\u2019h\u00f4pital.<\/p>\n<\/div>\n\n<\/div>\n\t\n\t\t<div class=\"cat-home\">\n<div class=\"cat-home-category\"><a href=\"https:\/\/awf.world\/fr\/category\/news-fr\/\">NOUVELLES<\/a><\/div>\n<div class=\"cat-home-img\"><a href=\"https:\/\/awf.world\/fr\/nouveaux-ministeres-en-grande-bretagne-2\/\"><\/a><\/div>\n<div class=\"cat-home-title\"><a href=\"https:\/\/awf.world\/fr\/nouveaux-ministeres-en-grande-bretagne-2\/\">Nouveaux minist\u00e8res en Grande Bretagne<\/a><\/div>\n <div class=\"cat-home-date\">juillet 17, 2013<\/div>\n<div class=\"cat-home-short-description\">  <p>La conf\u00e9rence annuelle de l\u2019Alliance en Grande Bretagne a eu lieu dans un vieux ch\u00e2teau, mais le th\u00e8me \u00e9tait bien actuel : \u00ab Trans-for-Mission \u00bb. Encourageant \u00e9tait l\u2019exemple de l\u2019\u00c9glise de Blakelaw Community, \u00e0 Newcastle.<\/p>\n<\/div>\n\n<\/div>\n\t\n\t\t<div class=\"cat-home\">\n<div class=\"cat-home-category\"><a href=\"https:\/\/awf.world\/fr\/category\/news-fr\/\">NOUVELLES<\/a><\/div>\n<div class=\"cat-home-img\"><a href=\"https:\/\/awf.world\/fr\/la-situation-est-critique-mais-nous-sommes-hors-de-danger\/\"><img decoding=\"async\" class=\"attachment-255xauto size-255xauto\" src=\"https:\/\/awf.world\/wp-content\/uploads\/2012\/12\/39-01-wpv_255xauto.jpg\" width=\"255\" height=\"auto\" alt=\"\" \/><\/a><\/div>\n<div class=\"cat-home-title\"><a href=\"https:\/\/awf.world\/fr\/la-situation-est-critique-mais-nous-sommes-hors-de-danger\/\">La situation est critique, mais nous sommes hors de danger<\/a><\/div>\n <div class=\"cat-home-date\">juillet 17, 2013<\/div>\n<div class=\"cat-home-short-description\">  <p>Hier, cinq morts et 70 bless\u00e9s \u00e0 Beyrouth. Cet attentat-suicide est survenu juste une semaine apr\u00e8s l'assassinat d'un \u00e9minent politicien, Mohammad Shatah. \"La situation dans le pays est tr\u00e8s grave. Toute la r\u00e9gion pourrait \u00eatre plong\u00e9e dans une guerre terrible\", dit Sami Dagher, dirigeant de l'Alliance.<\/p>\n<\/div>\n\n<\/div>\n\t\n\t\t<div class=\"cat-home\">\n<div class=\"cat-home-category\"><a href=\"https:\/\/awf.world\/fr\/category\/news-fr\/\">NOUVELLES<\/a><\/div>\n<div class=\"cat-home-img\"><a href=\"https:\/\/awf.world\/fr\/une-eglise-vietnamienne-en-finlande\/\"><\/a><\/div>\n<div class=\"cat-home-title\"><a href=\"https:\/\/awf.world\/fr\/une-eglise-vietnamienne-en-finlande\/\">Une \u00c9glise vietnamienne en Finlande<\/a><\/div>\n <div class=\"cat-home-date\">juillet 11, 2013<\/div>\n<div class=\"cat-home-short-description\">  <p>Ils n\u2019ont pas l\u2019air finlandais et, effectivement, ils sont venus de tr\u00e8s loin. En 2007, des centaines de Vietnamiens ont quitt\u00e9 leur pays \u00e0 cause de la pers\u00e9cution. Ils ont re\u00e7u la permission de s\u2019installer dans diff\u00e9rentes r\u00e9gions de la Finlande.<\/p>\n<\/div>\n\n<\/div>\n\t\n\t\t<div class=\"cat-home\">\n<div class=\"cat-home-category\"><a href=\"https:\/\/awf.world\/fr\/category\/news-fr\/\">NOUVELLES<\/a><\/div>\n<div class=\"cat-home-img\"><a href=\"https:\/\/awf.world\/fr\/vietnamese-church-in-finland\/\"><\/a><\/div>\n<div class=\"cat-home-title\"><a href=\"https:\/\/awf.world\/fr\/vietnamese-church-in-finland\/\">Vietnamese Church in Finland<\/a><\/div>\n <div class=\"cat-home-date\">juillet 11, 2013<\/div>\n<div class=\"cat-home-short-description\">  <p>Finns try to integrate into the new culture, some of them even married Finnish spouses. The intention is to provide spiritual support to this isolated group, with the hope that they will become a blessing for their new homeland.<\/p>\n<\/div>\n\n<\/div>\n\t\n\t\t<div class=\"cat-home\">\n<div class=\"cat-home-category\"><a href=\"https:\/\/awf.world\/fr\/category\/news-fr\/\">NOUVELLES<\/a><\/div>\n<div class=\"cat-home-img\"><a href=\"https:\/\/awf.world\/fr\/john-stumbo-succede-a-gary-benedict-en-tant-que-president-de-lalliance\/\"><\/a><\/div>\n<div class=\"cat-home-title\"><a href=\"https:\/\/awf.world\/fr\/john-stumbo-succede-a-gary-benedict-en-tant-que-president-de-lalliance\/\">John Stumbo succ\u00e8de \u00e0 Gary Benedict en tant que pr\u00e9sident de l&rsquo;Alliance<\/a><\/div>\n <div class=\"cat-home-date\">juin 19, 2013<\/div>\n<div class=\"cat-home-short-description\">  <p>Le docteur John Stumbo a \u00e9t\u00e9 \u00e9lu douzi\u00e8me pr\u00e9sident de l\u2019Alliance Chr\u00e9tienne Missionnaire. Avant cela, il avait servi l\u2019Alliance comme pasteur, vice-pr\u00e9sident, et pasteur de district.<\/p>\n<\/div>\n\n<\/div>\n\t\n\t\t<div class=\"cat-home\">\n<div class=\"cat-home-category\"><a href=\"https:\/\/awf.world\/fr\/category\/news-fr\/\">NOUVELLES<\/a><\/div>\n<div class=\"cat-home-img\"><a href=\"https:\/\/awf.world\/fr\/john-stumbo-succeeds-gary-benedict-as-us-alliance-president\/\"><img decoding=\"async\" class=\"attachment-255xauto size-255xauto\" src=\"https:\/\/awf.world\/wp-content\/uploads\/2012\/12\/40-01-wpv_255xauto.jpg\" width=\"255\" height=\"auto\" alt=\"\" \/><\/a><\/div>\n<div class=\"cat-home-title\"><a href=\"https:\/\/awf.world\/fr\/john-stumbo-succeeds-gary-benedict-as-us-alliance-president\/\">John Stumbo succeeds Gary Benedict as US Alliance president<\/a><\/div>\n <div class=\"cat-home-date\">juin 15, 2013<\/div>\n<div class=\"cat-home-short-description\">  <p>El Dr. John Stumbo ha sido elegido como el duod\u00e9cimo presidente de La Alianza Cristiana y Misionera.<\/p>\n<\/div>\n\n<\/div>\n\t\n\t\t<div class=\"cat-home\">\n<div class=\"cat-home-category\"><a href=\"https:\/\/awf.world\/fr\/category\/news-fr\/\">NOUVELLES<\/a><\/div>\n<div class=\"cat-home-img\"><a href=\"https:\/\/awf.world\/fr\/more-than-2000-leaders-trained\/\"><img decoding=\"async\" class=\"attachment-255xauto size-255xauto\" src=\"https:\/\/awf.world\/wp-content\/uploads\/2012\/12\/41-01-wpv_255xauto.jpg\" width=\"255\" height=\"auto\" alt=\"\" \/><\/a><\/div>\n<div class=\"cat-home-title\"><a href=\"https:\/\/awf.world\/fr\/more-than-2000-leaders-trained\/\">More than 2000 Leaders trained<\/a><\/div>\n <div class=\"cat-home-date\">juin 4, 2013<\/div>\n<div class=\"cat-home-short-description\">  <p>More than 2000 trained leaders. The LMC is an intensive two-week program focused on the development of basic leadership skills for Christian workers.<\/p>\n<\/div>\n\n<\/div>\n\t\n\t\t<div class=\"cat-home\">\n<div class=\"cat-home-category\"><a href=\"https:\/\/awf.world\/fr\/category\/news-fr\/\">NOUVELLES<\/a><\/div>\n<div class=\"cat-home-img\"><a href=\"https:\/\/awf.world\/fr\/celebrations-et-assaults-a-bagdad\/\"><img decoding=\"async\" class=\"attachment-255xauto size-255xauto\" src=\"https:\/\/awf.world\/wp-content\/uploads\/2012\/12\/42-01-wpv_255xauto.jpg\" width=\"255\" height=\"auto\" alt=\"\" \/><\/a><\/div>\n<div class=\"cat-home-title\"><a href=\"https:\/\/awf.world\/fr\/celebrations-et-assaults-a-bagdad\/\">C\u00e9l\u00e9brations et assaults \u00e0 Bagdad<\/a><\/div>\n <div class=\"cat-home-date\">juin 4, 2013<\/div>\n<div class=\"cat-home-short-description\">  <p>A Bagdad, pendant le culte de No\u00ebl, une bombe a \u00e9clat\u00e9 pr\u00e8s d'une \u00c9glise catholique. Plus de 30 personnes \u00e9taient tu\u00e9es. Le pasteur Joseph Fransis demande la pri\u00e8re pour les fr\u00e8res et soeurs en Iraq. Ils vivent continuellement sous pression.<\/p>\n<\/div>\n\n<\/div>\n\t\n\t\t<div class=\"cat-home\">\n<div class=\"cat-home-category\"><a href=\"https:\/\/awf.world\/fr\/category\/news-fr\/\">NOUVELLES<\/a><\/div>\n<div class=\"cat-home-img\"><a href=\"https:\/\/awf.world\/fr\/awf-call-for-prayer-syria\/\"><img decoding=\"async\" class=\"attachment-255xauto size-255xauto\" src=\"https:\/\/awf.world\/wp-content\/uploads\/2012\/12\/43-01-wpv_255xauto.jpg\" width=\"255\" height=\"auto\" alt=\"\" \/><\/a><\/div>\n<div class=\"cat-home-title\"><a href=\"https:\/\/awf.world\/fr\/awf-call-for-prayer-syria\/\">AWF Call for Prayer: Syria<\/a><\/div>\n <div class=\"cat-home-date\">mai 19, 2013<\/div>\n<div class=\"cat-home-short-description\">  <p>More people than ever ask to be baptized! A major problem is that 30 to 40% of Christians have left the country, including church leaders.<\/p>\n<\/div>\n\n<\/div>\n\t\n\t\t<div class=\"cat-home\">\n<div class=\"cat-home-category\"><a href=\"https:\/\/awf.world\/fr\/category\/news-fr\/\">NOUVELLES<\/a><\/div>\n<div class=\"cat-home-img\"><a href=\"https:\/\/awf.world\/fr\/celebrating-gods-faithfulness-in-burkina-faso\/\"><img decoding=\"async\" class=\"attachment-255xauto size-255xauto\" src=\"https:\/\/awf.world\/wp-content\/uploads\/2012\/12\/44-01-wpv_255xauto.jpg\" width=\"255\" height=\"auto\" alt=\"\" \/><\/a><\/div>\n<div class=\"cat-home-title\"><a href=\"https:\/\/awf.world\/fr\/celebrating-gods-faithfulness-in-burkina-faso\/\">Celebrating God\u2019s Faithfulness in Burkina Faso<\/a><\/div>\n <div class=\"cat-home-date\">mai 10, 2013<\/div>\n<div class=\"cat-home-short-description\">  <p>Many foreign workers who ministered in the country rejoiced with members of the National Church.<\/p>\n<\/div>\n\n<\/div>\n\t\n\t\t<div class=\"cat-home\">\n<div class=\"cat-home-category\"><a href=\"https:\/\/awf.world\/fr\/category\/news-fr\/\">NOUVELLES<\/a><\/div>\n<div class=\"cat-home-img\"><a href=\"https:\/\/awf.world\/fr\/lalliance-a-perdu-un-dirigeant-important\/\"><\/a><\/div>\n<div class=\"cat-home-title\"><a href=\"https:\/\/awf.world\/fr\/lalliance-a-perdu-un-dirigeant-important\/\">L&rsquo;Alliance a perdu un dirigeant important<\/a><\/div>\n <div class=\"cat-home-date\">mai 9, 2013<\/div>\n<div class=\"cat-home-short-description\">  <p>Le 19 d\u00e9cembre 2013, dans un h\u00f4pital \u00e0 Hong Kong, le R\u00e9v. Philip Teng est d\u00e9c\u00e9d\u00e9, dans la paix du Seigneur. Il avait l'\u00e2ge de 92 ans. Beaucoup ont \u00e9t\u00e9 b\u00e9nis par son minist\u00e8re d'enseignant et de pr\u00e9dicateur.<\/p>\n<\/div>\n\n<\/div>\n\t\n\t\t<div class=\"cat-home\">\n<div class=\"cat-home-category\"><a href=\"https:\/\/awf.world\/fr\/category\/video-fr\/\">video<\/a><\/div>\n<div class=\"cat-home-img\"><a href=\"https:\/\/awf.world\/fr\/convocation-2012\/\"><img decoding=\"async\" class=\"attachment-255xauto size-255xauto\" src=\"https:\/\/awf.world\/wp-content\/uploads\/2012\/12\/45-01-wpv_255xauto.jpg\" width=\"255\" height=\"auto\" alt=\"\" \/><\/a><\/div>\n<div class=\"cat-home-title\"><a href=\"https:\/\/awf.world\/fr\/convocation-2012\/\">Convocation 2012<\/a><\/div>\n <div class=\"cat-home-date\">avril 16, 2013<\/div>\n<div class=\"cat-home-short-description\">  <\/div>\n\n<\/div>\n\t\n\t\t<div class=\"cat-home\">\n<div class=\"cat-home-category\"><a href=\"https:\/\/awf.world\/fr\/category\/news-fr\/\">NOUVELLES<\/a><\/div>\n<div class=\"cat-home-img\"><a href=\"https:\/\/awf.world\/fr\/attack-on-church-president-colombia\/\"><img decoding=\"async\" class=\"attachment-255xauto size-255xauto\" src=\"https:\/\/awf.world\/wp-content\/uploads\/2012\/12\/46-01-wpv_255xauto.jpg\" width=\"255\" height=\"auto\" alt=\"\" \/><\/a><\/div>\n<div class=\"cat-home-title\"><a href=\"https:\/\/awf.world\/fr\/attack-on-church-president-colombia\/\">Attack on Church President Colombia<\/a><\/div>\n <div class=\"cat-home-date\">avril 16, 2013<\/div>\n<div class=\"cat-home-short-description\">  <p>They shot at the car of the president of the Colombian Alliance, Humberto Guzm\u00e1n (photo), when he went to the National Office on April 12<\/p>\n<\/div>\n\n<\/div>\n\t\n\t\t<div class=\"cat-home\">\n<div class=\"cat-home-category\"><a href=\"https:\/\/awf.world\/fr\/category\/news-fr\/\">NOUVELLES<\/a><\/div>\n<div class=\"cat-home-img\"><a href=\"https:\/\/awf.world\/fr\/beehive-lima\/\"><img decoding=\"async\" class=\"attachment-255xauto size-255xauto\" src=\"https:\/\/awf.world\/wp-content\/uploads\/2012\/12\/47-01-wpv_255xauto.jpg\" width=\"255\" height=\"auto\" alt=\"\" \/><\/a><\/div>\n<div class=\"cat-home-title\"><a href=\"https:\/\/awf.world\/fr\/beehive-lima\/\">Beehive Lima<\/a><\/div>\n <div class=\"cat-home-date\">mars 28, 2013<\/div>\n<div class=\"cat-home-short-description\">  <p>Peru is an Alliance-Hive these days. 40 years ago there was a renaissance that led to more than 60 hatches of the Alliance, right in the capital, Lima. All this is based on a deep desire to be available for the work of the Spirit of God.<\/p>\n<\/div>\n\n<\/div>\n\t\n\t\t<div class=\"cat-home\">\n<div class=\"cat-home-category\"><a href=\"https:\/\/awf.world\/fr\/category\/news-fr\/\">NOUVELLES<\/a><\/div>\n<div class=\"cat-home-img\"><a href=\"https:\/\/awf.world\/fr\/the-philippines-typhoon-pablo\/\"><\/a><\/div>\n<div class=\"cat-home-title\"><a href=\"https:\/\/awf.world\/fr\/the-philippines-typhoon-pablo\/\">The Philippines: Typhoon \u201cPablo\u201d<\/a><\/div>\n <div class=\"cat-home-date\">mars 28, 2013<\/div>\n<div class=\"cat-home-short-description\">  <p>The Executive Committee of AWF (ExCom) held its annual meeting in S\u00e3o Paulo from March 14 to 18. The business meetings took place in a warm atmosphere, with many fruitful discussions. Some important decisions were made.<\/p>\n<\/div>\n\n<\/div>\n\t\n\t\t<div class=\"cat-home\">\n<div class=\"cat-home-category\"><a href=\"https:\/\/awf.world\/fr\/category\/news-fr\/\">NOUVELLES<\/a><\/div>\n<div class=\"cat-home-img\"><a href=\"https:\/\/awf.world\/fr\/syria-turmoil-and-gratitude\/\"><\/a><\/div>\n<div class=\"cat-home-title\"><a href=\"https:\/\/awf.world\/fr\/syria-turmoil-and-gratitude\/\">Syria: Turmoil and Gratitude<\/a><\/div>\n <div class=\"cat-home-date\">mars 28, 2013<\/div>\n<div class=\"cat-home-short-description\">  <p>These are difficult times for Syria. Most of the time, the Alliance Church in Homs is closed, but the pastor is still there and looks after the people around him.<\/p>\n<\/div>\n\n<\/div>\n\t\n\t\t<div class=\"cat-home\">\n<div class=\"cat-home-category\"><a href=\"https:\/\/awf.world\/fr\/category\/video-fr\/\">video<\/a><\/div>\n<div class=\"cat-home-img\"><a href=\"https:\/\/awf.world\/fr\/burkina-faso-90-years-celebration-2\/\"><img decoding=\"async\" class=\"attachment-255xauto size-255xauto\" src=\"https:\/\/awf.world\/wp-content\/uploads\/2012\/12\/48-01-wpv_255xauto.jpg\" width=\"255\" height=\"auto\" alt=\"\" \/><\/a><\/div>\n<div class=\"cat-home-title\"><a href=\"https:\/\/awf.world\/fr\/burkina-faso-90-years-celebration-2\/\">Burkina Faso 90 Years Celebration<\/a><\/div>\n <div class=\"cat-home-date\">janvier 11, 2013<\/div>\n<div class=\"cat-home-short-description\">  <\/div>\n\n<\/div>\n\t\n\t\n\t\n\t\n<\/div>\n<\/div>\n<\/div>\n<\/div>\n<\/div>\n<\/div>\n<\/div>\n","protected":false},"excerpt":{"rendered":"<p>Nouvelles 2013 Les Ann\u00e9es Pr\u00e9c\u00e9dentes:\u00a0 \u00a0 \u00a0 \u00a0\u00a02020\u00a0 \u00a0\u00a02019\u00a0 \u00a0 2018\u00a0 \u00a0\u00a02017\u00a0 \u00a0\u00a02016 \u00a0\u00a02015\u00a0 \u00a0\u00a02014\u00a0 \u00a0\u00a02013\u00a0 \u00a0\u00a02012\u00a0 \u00a0\u00a02011\u00a0 \u00a02010<\/p>\n","protected":false},"author":15,"featured_media":0,"parent":0,"menu_order":0,"comment_status":"closed","ping_status":"closed","template":"","meta":{"inline_featured_image":false,"ngg_post_thumbnail":0,"_EventAllDay":false,"_EventTimezone":"","_EventStartDate":"","_EventEndDate":"","_EventStartDateUTC":"","_EventEndDateUTC":"","_EventShowMap":false,"_EventShowMapLink":false,"_EventURL":"","_EventCost":"","_EventCostDescription":"","_EventCurrencySymbol":"","_EventCurrencyCode":"","_EventCurrencyPosition":"","_EventDateTimeSeparator":"","_EventTimeRangeSeparator":"","_EventOrganizerID":[],"_EventVenueID":[],"_OrganizerEmail":"","_OrganizerPhone":"","_OrganizerWebsite":"","_VenueAddress":"","_VenueCity":"","_VenueCountry":"","_VenueProvince":"","_VenueState":"","_VenueZip":"","_VenuePhone":"","_VenueURL":"","_VenueStateProvince":"","_VenueLat":"","_VenueLng":"","_VenueShowMap":false,"_VenueShowMapLink":false,"footnotes":""},"class_list":["post-26204","page","type-page","status-publish","hentry"],"_links":{"self":[{"href":"https:\/\/awf.world\/fr\/wp-json\/wp\/v2\/pages\/26204","targetHints":{"allow":["GET"]}}],"collection":[{"href":"https:\/\/awf.world\/fr\/wp-json\/wp\/v2\/pages"}],"about":[{"href":"https:\/\/awf.world\/fr\/wp-json\/wp\/v2\/types\/page"}],"author":[{"embeddable":true,"href":"https:\/\/awf.world\/fr\/wp-json\/wp\/v2\/users\/15"}],"replies":[{"embeddable":true,"href":"https:\/\/awf.world\/fr\/wp-json\/wp\/v2\/comments?post=26204"}],"version-history":[{"count":0,"href":"https:\/\/awf.world\/fr\/wp-json\/wp\/v2\/pages\/26204\/revisions"}],"wp:attachment":[{"href":"https:\/\/awf.world\/fr\/wp-json\/wp\/v2\/media?parent=26204"}],"curies":[{"name":"wp","href":"https:\/\/api.w.org\/{rel}","templated":true}]}}