{"id":26200,"date":"2019-06-04T01:25:11","date_gmt":"2019-06-04T04:25:11","guid":{"rendered":"http:\/\/awf.world\/2015-2\/"},"modified":"2021-01-27T18:18:55","modified_gmt":"2021-01-27T23:18:55","slug":"2015-2","status":"publish","type":"page","link":"https:\/\/awf.world\/fr\/2015-2\/","title":{"rendered":"2015"},"content":{"rendered":"<div id=\"pl-23220\"  class=\"panel-layout\" >\n<div id=\"pg-23220-0\"  class=\"panel-grid panel-no-style\" >\n<div id=\"pgc-23220-0-0\"  class=\"panel-grid-cell\"  data-weight=\"1\" >\n<div id=\"panel-23220-0-0-0\" class=\"so-panel widget widget_sow-editor panel-first-child\" data-index=\"0\" data-style=\"{&quot;background_image_attachment&quot;:false,&quot;background_display&quot;:&quot;tile&quot;}\" >\n<div class=\"so-widget-sow-editor so-widget-sow-editor-base\">\n<div class=\"siteorigin-widget-tinymce textwidget\">\n<h1 style=\"text-align: center; font-size: 27px;\">Nouvelles 2015<\/h1>\n<p style=\"text-align: center;\"><strong><span style=\"font-size: 110%; font-weight: 600;\">Les Ann\u00e9es Pr\u00e9c\u00e9dentes:<\/span>\u00a0 \u00a0 \u00a0<\/strong> \u00a0\u00a0<a href=\"\/?page_id=26190\">2020<\/a>\u00a0 \u00a0\u00a0<a href=\"https:\/\/awf.world\/fr\/2019-2\/\">2019<\/a>\u00a0 \u00a0 <a href=\"\/?page_id=26194\">2018<\/a>\u00a0 \u00a0\u00a0<a href=\"https:\/\/awf.world\/fr\/2017-2\/\">2017<\/a>\u00a0 \u00a0\u00a0<a href=\"https:\/\/awf.world\/fr\/2016-2\/\">2016<\/a> \u00a0\u00a0<a href=\"https:\/\/awf.world\/fr\/2015-2\/\">2015<\/a>\u00a0 \u00a0\u00a0<a href=\"https:\/\/awf.world\/fr\/2014-2\/\">2014<\/a>\u00a0 \u00a0\u00a0<a href=\"https:\/\/awf.world\/fr\/2013-2\/\">2013<\/a>\u00a0 \u00a0\u00a0<a href=\"https:\/\/awf.world\/fr\/2012-2\/\">2012<\/a>\u00a0 \u00a0\u00a0<a href=\"https:\/\/awf.world\/2011-2\/\">2011<\/a>\u00a0 \u00a0<a href=\"https:\/\/awf.world\/2010-2\/\">2010<\/a><\/p>\n<\/div>\n<\/div>\n<\/div>\n<div id=\"panel-23220-0-0-1\" class=\"so-panel widget widget_sow-editor panel-last-child\" data-index=\"1\" >\n<div class=\"so-widget-sow-editor so-widget-sow-editor-base\">\n<div class=\"siteorigin-widget-tinymce textwidget\">\n\t\n\n\n<div id=\"wpv-view-layout-23216-CATTR855a859ebb11637a1752f47bcebb0b0e\" class=\"js-wpv-view-layout js-wpv-layout-responsive js-wpv-view-layout-23216-CATTR855a859ebb11637a1752f47bcebb0b0e\" data-viewnumber=\"23216-CATTR855a859ebb11637a1752f47bcebb0b0e\" data-pagination=\"{&quot;id&quot;:23216,&quot;query&quot;:&quot;normal&quot;,&quot;type&quot;:&quot;disabled&quot;,&quot;effect&quot;:&quot;fade&quot;,&quot;duration&quot;:500,&quot;speed&quot;:5,&quot;pause_on_hover&quot;:&quot;disabled&quot;,&quot;stop_rollover&quot;:&quot;false&quot;,&quot;cache_pages&quot;:&quot;enabled&quot;,&quot;preload_images&quot;:&quot;enabled&quot;,&quot;preload_pages&quot;:&quot;enabled&quot;,&quot;preload_reach&quot;:1,&quot;spinner&quot;:&quot;builtin&quot;,&quot;spinner_image&quot;:&quot;https:\/\/awf.world\/wp-content\/plugins\/wp-views\/embedded\/res\/img\/ajax-loader.gif&quot;,&quot;callback_next&quot;:&quot;&quot;,&quot;manage_history&quot;:&quot;enabled&quot;,&quot;has_controls_in_form&quot;:&quot;disabled&quot;,&quot;infinite_tolerance&quot;:&quot;0&quot;,&quot;max_pages&quot;:0,&quot;page&quot;:1,&quot;base_permalink&quot;:&quot;\/fr\/wp-json\/wp\/v2\/pages\/26200?wpv_view_count=23216-CATTR855a859ebb11637a1752f47bcebb0b0e&amp;wpv_paged=WPV_PAGE_NUM&quot;,&quot;loop&quot;:{&quot;type&quot;:&quot;&quot;,&quot;name&quot;:&quot;&quot;,&quot;data&quot;:[],&quot;id&quot;:0}}\" data-permalink=\"\/fr\/wp-json\/wp\/v2\/pages\/26200?wpv_view_count=23216-CATTR855a859ebb11637a1752f47bcebb0b0e\">\n\n\t\n\t\n\t\n\t\t<div class=\"cat-home\">\n<div class=\"cat-home-category\"><a href=\"https:\/\/awf.world\/fr\/category\/news-fr\/\">NOUVELLES<\/a><\/div>\n<div class=\"cat-home-img\"><a href=\"https:\/\/awf.world\/fr\/trois-chretiens-syriens-tues-par-isis\/\"><img decoding=\"async\" class=\"attachment-255xauto size-255xauto\" src=\"https:\/\/awf.world\/wp-content\/uploads\/2012\/12\/8-01-wpv_255xauto.jpg\" width=\"255\" height=\"auto\" alt=\"\" \/><\/a><\/div>\n<div class=\"cat-home-title\"><a href=\"https:\/\/awf.world\/fr\/trois-chretiens-syriens-tues-par-isis\/\">Trois chr\u00e9tiens syriens tu\u00e9s par ISIS<\/a><\/div>\n <div class=\"cat-home-date\">octobre 8, 2015<\/div>\n<div class=\"cat-home-short-description\">  <p>Une vid\u00e9o publi\u00e9e par IS montre qu\u2019ils sont morts par une balle dans la t\u00eate. Il n\u2019y a aucune information sur la m\u00e8re du Dr Abdulmasih, \u00e9galement enlev\u00e9e par IS. Le Dr Abdulmasih n\u2019\u00e9tait pas mari\u00e9.<\/p>\n<\/div>\n\n<\/div>\n\t\n\t\t<div class=\"cat-home\">\n<div class=\"cat-home-category\"><a href=\"https:\/\/awf.world\/fr\/category\/news-fr\/\">NOUVELLES<\/a><\/div>\n<div class=\"cat-home-img\"><a href=\"https:\/\/awf.world\/fr\/la-paix-interieure-a-bagdad\/\"><img decoding=\"async\" class=\"attachment-255xauto size-255xauto\" src=\"https:\/\/awf.world\/wp-content\/uploads\/2012\/12\/9-01-wpv_255xauto.jpg\" width=\"255\" height=\"auto\" alt=\"\" \/><\/a><\/div>\n<div class=\"cat-home-title\"><a href=\"https:\/\/awf.world\/fr\/la-paix-interieure-a-bagdad\/\">La paix int\u00e9rieure \u00e0 Bagdad<\/a><\/div>\n <div class=\"cat-home-date\">octobre 8, 2015<\/div>\n<div class=\"cat-home-short-description\">  <p>Le dimanche pass\u00e9, \u00e0 Bagdad, de la fum\u00e9e a rempli l\u2019\u00c9glise, pendant le culte. Une femme cria, lorsqu\u2019elle voyait les flammes. Les gens affol\u00e9s pensaient \u00e0 une attaque terroriste. Il semble que quelqu\u2019un avait \u00ab seulement \u00bb essay\u00e9 d\u2019allumer un feu dans l\u2019enceinte de l\u2019\u00c9glise.<\/p>\n<\/div>\n\n<\/div>\n\t\n\t\t<div class=\"cat-home\">\n<div class=\"cat-home-category\"><a href=\"https:\/\/awf.world\/fr\/category\/news-fr\/\">NOUVELLES<\/a><\/div>\n<div class=\"cat-home-img\"><a href=\"https:\/\/awf.world\/fr\/alliance-doctors-kidnapped-in-syria\/\"><img decoding=\"async\" class=\"attachment-255xauto size-255xauto\" src=\"https:\/\/awf.world\/wp-content\/uploads\/2012\/12\/10-01-wpv_255xauto.jpg\" width=\"255\" height=\"auto\" alt=\"\" \/><\/a><\/div>\n<div class=\"cat-home-title\"><a href=\"https:\/\/awf.world\/fr\/alliance-doctors-kidnapped-in-syria\/\">Alliance Doctors Kidnapped in Syria<\/a><\/div>\n <div class=\"cat-home-date\">ao\u00fbt 18, 2015<\/div>\n<div class=\"cat-home-short-description\">  <p>The Islamic State recently has kidnapped hundreds of Christians and non-Christians in a town called Qaryatain, among the detained are two doctors, members of one of the churches of the Alliance.<\/p>\n<\/div>\n\n<\/div>\n\t\n\t\t<div class=\"cat-home\">\n<div class=\"cat-home-category\"><a href=\"https:\/\/awf.world\/fr\/category\/news-fr\/\">NOUVELLES<\/a><\/div>\n<div class=\"cat-home-img\"><a href=\"https:\/\/awf.world\/fr\/love-and-tears-in-myanmar\/\"><img decoding=\"async\" class=\"attachment-255xauto size-255xauto\" src=\"https:\/\/awf.world\/wp-content\/uploads\/2012\/12\/11-01-wpv_255xauto.jpg\" width=\"255\" height=\"auto\" alt=\"\" \/><\/a><\/div>\n<div class=\"cat-home-title\"><a href=\"https:\/\/awf.world\/fr\/love-and-tears-in-myanmar\/\">Love and Tears  in Myanmar<\/a><\/div>\n <div class=\"cat-home-date\">ao\u00fbt 18, 2015<\/div>\n<div class=\"cat-home-short-description\">  <p>Pastor Vanro and his team are reaching villagers in Pauk Khung who live in a temporary shelter, with donations received through the Alliance churches in other parts of the world.<\/p>\n<\/div>\n\n<\/div>\n\t\n\t\t<div class=\"cat-home\">\n<div class=\"cat-home-category\"><a href=\"https:\/\/awf.world\/fr\/category\/news-fr\/\">NOUVELLES<\/a><\/div>\n<div class=\"cat-home-img\"><a href=\"https:\/\/awf.world\/fr\/un-appel-au-secours-venant-du-myanmar\/\"><img decoding=\"async\" class=\"attachment-255xauto size-255xauto\" src=\"https:\/\/awf.world\/wp-content\/uploads\/2012\/12\/12-01-wpv_255xauto.jpg\" width=\"255\" height=\"auto\" alt=\"\" \/><\/a><\/div>\n<div class=\"cat-home-title\"><a href=\"https:\/\/awf.world\/fr\/un-appel-au-secours-venant-du-myanmar\/\">Un appel au secours venant du Myanmar<\/a><\/div>\n <div class=\"cat-home-date\">ao\u00fbt 5, 2015<\/div>\n<div class=\"cat-home-short-description\">  <p>Les \u00c9glises de l\u2019Alliance au Myanmar font appel \u00e0 la famille de l\u2019Alliance pour leur venir en aide. Elles essayent d\u2019atteindre des gens qui ont tout perdu, maisons, b\u00e9tail, et champs. Mais leurs ressources sont trop limit\u00e9es<\/p>\n<\/div>\n\n<\/div>\n\t\n\t\t<div class=\"cat-home\">\n<div class=\"cat-home-category\"><a href=\"https:\/\/awf.world\/fr\/category\/news-fr\/\">NOUVELLES<\/a><\/div>\n<div class=\"cat-home-img\"><a href=\"https:\/\/awf.world\/fr\/ancien-president-deglise-au-gabon-entre-dans-la-gloire-du-seigneur\/\"><img decoding=\"async\" class=\"attachment-255xauto size-255xauto\" src=\"https:\/\/awf.world\/wp-content\/uploads\/2012\/12\/13-01-wpv_255xauto.jpg\" width=\"255\" height=\"auto\" alt=\"\" \/><\/a><\/div>\n<div class=\"cat-home-title\"><a href=\"https:\/\/awf.world\/fr\/ancien-president-deglise-au-gabon-entre-dans-la-gloire-du-seigneur\/\">Ancien pr\u00e9sident d&rsquo;\u00c9glise au Gabon entr\u00e9 dans la gloire du Seigneur<\/a><\/div>\n <div class=\"cat-home-date\">juillet 17, 2015<\/div>\n<div class=\"cat-home-short-description\">  <p>Mercredi, le 15 juillet 2015, le R\u00e9v\u00e9rend Jean-Marc YNGUEMBA, ancien pr\u00e9sident de l\u2019\u00c9glise nationale de l\u2019Alliance au Gabon et professeur \u00e0 l\u2019Institut biblique Bethel \u00e0 Libreville, est d\u00e9c\u00e9d\u00e9.<\/p>\n<\/div>\n\n<\/div>\n\t\n\t\t<div class=\"cat-home\">\n<div class=\"cat-home-category\"><a href=\"https:\/\/awf.world\/fr\/category\/news-fr\/\">NOUVELLES<\/a><\/div>\n<div class=\"cat-home-img\"><a href=\"https:\/\/awf.world\/fr\/alliance-church-in-finland\/\"><img decoding=\"async\" class=\"attachment-255xauto size-255xauto\" src=\"https:\/\/awf.world\/wp-content\/uploads\/2012\/12\/14-01-wpv_255xauto.jpg\" width=\"255\" height=\"auto\" alt=\"\" \/><\/a><\/div>\n<div class=\"cat-home-title\"><a href=\"https:\/\/awf.world\/fr\/alliance-church-in-finland\/\">Alliance Church in Finland<\/a><\/div>\n <div class=\"cat-home-date\">juin 24, 2015<\/div>\n<div class=\"cat-home-short-description\">  <p>Jorai faithful come to the European continent to share the light of the gospel to a secular community which needs to be reached for the glory of God.<\/p>\n<\/div>\n\n<\/div>\n\t\n\t\t<div class=\"cat-home\">\n<div class=\"cat-home-category\"><a href=\"https:\/\/awf.world\/fr\/category\/news-fr\/\">NOUVELLES<\/a><\/div>\n<div class=\"cat-home-img\"><a href=\"https:\/\/awf.world\/fr\/updates-on-the-awf-global-convocation-2016\/\"><img decoding=\"async\" class=\"attachment-255xauto size-255xauto\" src=\"https:\/\/awf.world\/wp-content\/uploads\/2012\/12\/15-01-wpv_255xauto.jpg\" width=\"255\" height=\"auto\" alt=\"\" \/><\/a><\/div>\n<div class=\"cat-home-title\"><a href=\"https:\/\/awf.world\/fr\/updates-on-the-awf-global-convocation-2016\/\">Global Convocation October 2016<\/a><\/div>\n <div class=\"cat-home-date\">avril 17, 2015<\/div>\n<div class=\"cat-home-short-description\">  <p>Every four years representatives of all member churches and organizations meet during a Quadrennial Convocation. People of different cultures, languages and races get together to celebrate Christ. It will be a time of sharing, teaching, praying and planning<\/p>\n<\/div>\n\n<\/div>\n\t\n\t\t<div class=\"cat-home\">\n<div class=\"cat-home-category\"><a href=\"https:\/\/awf.world\/fr\/category\/news-fr\/\">NOUVELLES<\/a><\/div>\n<div class=\"cat-home-img\"><a href=\"https:\/\/awf.world\/fr\/deux-dirigeants-modeles-maintenant-aupres-du-seigneur\/\"><img decoding=\"async\" class=\"attachment-255xauto size-255xauto\" src=\"https:\/\/awf.world\/wp-content\/uploads\/2012\/12\/16-01-wpv_255xauto.jpg\" width=\"255\" height=\"auto\" alt=\"\" \/><\/a><\/div>\n<div class=\"cat-home-title\"><a href=\"https:\/\/awf.world\/fr\/deux-dirigeants-modeles-maintenant-aupres-du-seigneur\/\">Deux dirigeants mod\u00e8les maintenant aupr\u00e8s du Seigneur<\/a><\/div>\n <div class=\"cat-home-date\">avril 14, 2015<\/div>\n<div class=\"cat-home-short-description\">  <p>Eladio \u00e9tait aussi une b\u00e9n\u00e9diction personnelle pour moi. Je le connaissais comme un homme dont la vie \u00e9tait conscr\u00e9e au Seigneur. Son anglais \u00e9tait aussi courant que mon espagnol et nous avions du mal \u00e0 nous parler, l\u2019un \u00e0 l\u2019autre.<\/p>\n<\/div>\n\n<\/div>\n\t\n\t\t<div class=\"cat-home\">\n<div class=\"cat-home-category\"><a href=\"https:\/\/awf.world\/fr\/category\/news-fr\/\">NOUVELLES<\/a><\/div>\n<div class=\"cat-home-img\"><a href=\"https:\/\/awf.world\/fr\/lumiere-palissante-en-syrie\/\"><\/a><\/div>\n<div class=\"cat-home-title\"><a href=\"https:\/\/awf.world\/fr\/lumiere-palissante-en-syrie\/\">Lumi\u00e8re p\u00e2lissante en Syrie<\/a><\/div>\n <div class=\"cat-home-date\">mars 12, 2015<\/div>\n<div class=\"cat-home-short-description\">  <p>Les effets de la guerre en Syrie sont inimaginables. Pourtant, les photos publi\u00e9es par \u00ab WithSyria \u00bb peuvent aider \u00e0 comprendre \u00e0 quel point l\u2019obscurit\u00e9 a couvert le pays. \u00ab Les photos prises par satellite montrent que, depuis le mois de mars 2011, 83 % des lumi\u00e8res en Syrie se sont \u00e9teintes.<\/p>\n<\/div>\n\n<\/div>\n\t\n\t\n\t\n\t\n<\/div>\n<\/div>\n<\/div>\n<\/div>\n<\/div>\n<\/div>\n<\/div>\n","protected":false},"excerpt":{"rendered":"<p>Nouvelles 2015 Les Ann\u00e9es Pr\u00e9c\u00e9dentes:\u00a0 \u00a0 \u00a0 \u00a0\u00a02020\u00a0 \u00a0\u00a02019\u00a0 \u00a0 2018\u00a0 \u00a0\u00a02017\u00a0 \u00a0\u00a02016 \u00a0\u00a02015\u00a0 \u00a0\u00a02014\u00a0 \u00a0\u00a02013\u00a0 \u00a0\u00a02012\u00a0 \u00a0\u00a02011\u00a0 \u00a02010<\/p>\n","protected":false},"author":15,"featured_media":0,"parent":0,"menu_order":0,"comment_status":"closed","ping_status":"closed","template":"","meta":{"inline_featured_image":false,"ngg_post_thumbnail":0,"_EventAllDay":false,"_EventTimezone":"","_EventStartDate":"","_EventEndDate":"","_EventStartDateUTC":"","_EventEndDateUTC":"","_EventShowMap":false,"_EventShowMapLink":false,"_EventURL":"","_EventCost":"","_EventCostDescription":"","_EventCurrencySymbol":"","_EventCurrencyCode":"","_EventCurrencyPosition":"","_EventDateTimeSeparator":"","_EventTimeRangeSeparator":"","_EventOrganizerID":[],"_EventVenueID":[],"_OrganizerEmail":"","_OrganizerPhone":"","_OrganizerWebsite":"","_VenueAddress":"","_VenueCity":"","_VenueCountry":"","_VenueProvince":"","_VenueState":"","_VenueZip":"","_VenuePhone":"","_VenueURL":"","_VenueStateProvince":"","_VenueLat":"","_VenueLng":"","_VenueShowMap":false,"_VenueShowMapLink":false,"footnotes":""},"class_list":["post-26200","page","type-page","status-publish","hentry"],"_links":{"self":[{"href":"https:\/\/awf.world\/fr\/wp-json\/wp\/v2\/pages\/26200","targetHints":{"allow":["GET"]}}],"collection":[{"href":"https:\/\/awf.world\/fr\/wp-json\/wp\/v2\/pages"}],"about":[{"href":"https:\/\/awf.world\/fr\/wp-json\/wp\/v2\/types\/page"}],"author":[{"embeddable":true,"href":"https:\/\/awf.world\/fr\/wp-json\/wp\/v2\/users\/15"}],"replies":[{"embeddable":true,"href":"https:\/\/awf.world\/fr\/wp-json\/wp\/v2\/comments?post=26200"}],"version-history":[{"count":0,"href":"https:\/\/awf.world\/fr\/wp-json\/wp\/v2\/pages\/26200\/revisions"}],"wp:attachment":[{"href":"https:\/\/awf.world\/fr\/wp-json\/wp\/v2\/media?parent=26200"}],"curies":[{"name":"wp","href":"https:\/\/api.w.org\/{rel}","templated":true}]}}