{"id":26192,"date":"2021-01-19T23:08:04","date_gmt":"2021-01-20T02:08:04","guid":{"rendered":"http:\/\/awf.world\/2019-2\/"},"modified":"2021-01-27T18:20:59","modified_gmt":"2021-01-27T23:20:59","slug":"2019-2","status":"publish","type":"page","link":"https:\/\/awf.world\/fr\/2019-2\/","title":{"rendered":"2019"},"content":{"rendered":"<div id=\"pl-26177\"  class=\"panel-layout\" >\n<div id=\"pg-26177-0\"  class=\"panel-grid panel-no-style\" >\n<div id=\"pgc-26177-0-0\"  class=\"panel-grid-cell\"  data-weight=\"1\" >\n<div id=\"panel-26177-0-0-0\" class=\"so-panel widget widget_sow-editor panel-first-child\" data-index=\"0\" data-style=\"{&quot;background_image_attachment&quot;:false,&quot;background_display&quot;:&quot;tile&quot;}\" >\n<div class=\"so-widget-sow-editor so-widget-sow-editor-base\">\n<div class=\"siteorigin-widget-tinymce textwidget\">\n<h1 style=\"text-align: center; font-size: 27px;\">Nouvelles 2019<\/h1>\n<p style=\"text-align: center;\"><strong><span style=\"font-size: 110%; font-weight: 600;\">Les Ann\u00e9es Pr\u00e9c\u00e9dentes:<\/span>\u00a0 \u00a0 \u00a0<\/strong> \u00a0\u00a0<a href=\"\/?page_id=26190\">2020<\/a>\u00a0 \u00a0\u00a0<a href=\"https:\/\/awf.world\/fr\/2019-2\/\">2019<\/a>\u00a0 \u00a0 <a href=\"\/?page_id=26194\">2018<\/a>\u00a0 \u00a0\u00a0<a href=\"https:\/\/awf.world\/fr\/2017-2\/\">2017<\/a>\u00a0 \u00a0\u00a0<a href=\"https:\/\/awf.world\/fr\/2016-2\/\">2016<\/a> \u00a0\u00a0<a href=\"https:\/\/awf.world\/fr\/2015-2\/\">2015<\/a>\u00a0 \u00a0\u00a0<a href=\"https:\/\/awf.world\/fr\/2014-2\/\">2014<\/a>\u00a0 \u00a0\u00a0<a href=\"https:\/\/awf.world\/fr\/2013-2\/\">2013<\/a>\u00a0 \u00a0\u00a0<a href=\"https:\/\/awf.world\/fr\/2012-2\/\">2012<\/a>\u00a0 \u00a0\u00a0<a href=\"https:\/\/awf.world\/fr\/2011-2\/\">2011<\/a>\u00a0 \u00a0<a href=\"https:\/\/awf.world\/fr\/2010-2\/\">2010<\/a><\/p>\n<\/div>\n<\/div>\n<\/div>\n<div id=\"panel-26177-0-0-1\" class=\"so-panel widget widget_sow-editor panel-last-child\" data-index=\"1\" >\n<div class=\"so-widget-sow-editor so-widget-sow-editor-base\">\n<div class=\"siteorigin-widget-tinymce textwidget\">\n\t\n\n\n<div id=\"wpv-view-layout-23216-CATTRb3c780b0181424fb202264e8812bda1f\" class=\"js-wpv-view-layout js-wpv-layout-responsive js-wpv-view-layout-23216-CATTRb3c780b0181424fb202264e8812bda1f\" data-viewnumber=\"23216-CATTRb3c780b0181424fb202264e8812bda1f\" data-pagination=\"{&quot;id&quot;:23216,&quot;query&quot;:&quot;normal&quot;,&quot;type&quot;:&quot;disabled&quot;,&quot;effect&quot;:&quot;fade&quot;,&quot;duration&quot;:500,&quot;speed&quot;:5,&quot;pause_on_hover&quot;:&quot;disabled&quot;,&quot;stop_rollover&quot;:&quot;false&quot;,&quot;cache_pages&quot;:&quot;enabled&quot;,&quot;preload_images&quot;:&quot;enabled&quot;,&quot;preload_pages&quot;:&quot;enabled&quot;,&quot;preload_reach&quot;:1,&quot;spinner&quot;:&quot;builtin&quot;,&quot;spinner_image&quot;:&quot;https:\/\/awf.world\/wp-content\/plugins\/wp-views\/embedded\/res\/img\/ajax-loader.gif&quot;,&quot;callback_next&quot;:&quot;&quot;,&quot;manage_history&quot;:&quot;enabled&quot;,&quot;has_controls_in_form&quot;:&quot;disabled&quot;,&quot;infinite_tolerance&quot;:&quot;0&quot;,&quot;max_pages&quot;:0,&quot;page&quot;:1,&quot;base_permalink&quot;:&quot;\/fr\/wp-json\/wp\/v2\/pages\/26192?wpv_view_count=23216-CATTRb3c780b0181424fb202264e8812bda1f&amp;wpv_paged=WPV_PAGE_NUM&quot;,&quot;loop&quot;:{&quot;type&quot;:&quot;&quot;,&quot;name&quot;:&quot;&quot;,&quot;data&quot;:[],&quot;id&quot;:0}}\" data-permalink=\"\/fr\/wp-json\/wp\/v2\/pages\/26192?wpv_view_count=23216-CATTRb3c780b0181424fb202264e8812bda1f\">\n\n\t\n\t\n\t\n\t\t<div class=\"cat-home\">\n<div class=\"cat-home-category\"><a href=\"https:\/\/awf.world\/fr\/category\/amerique-du-nord\/\">AM\u00c9RIQUE DU NORD<\/a>\/<a href=\"https:\/\/awf.world\/fr\/category\/news-fr\/\">NOUVELLES<\/a><\/div>\n<div class=\"cat-home-img\"><a href=\"https:\/\/awf.world\/fr\/awf-news\/acm-canada-de-nouvelles-facons-novatrices-pour-developper-le-royaume\/\"><img decoding=\"async\" class=\"attachment-255xauto size-255xauto\" src=\"https:\/\/awf.world\/wp-content\/uploads\/2020\/01\/Orillia-Alliance-Church-5-wpv_255xauto.jpg\" width=\"255\" height=\"auto\" alt=\"\" \/><\/a><\/div>\n<div class=\"cat-home-title\"><a href=\"https:\/\/awf.world\/fr\/awf-news\/acm-canada-de-nouvelles-facons-novatrices-pour-developper-le-royaume\/\">ACM Canada &#8211; De Nouvelles Fa\u00e7ons Novatrices pour D\u00e9velopper le Royaume<\/a><\/div>\n <div class=\"cat-home-date\">d\u00e9cembre 28, 2019<\/div>\n<div class=\"cat-home-short-description\">  <p>L'Alliance Chr\u00e9tienne et Missionnaire du Canada \u00e9labore de nouvelles fa\u00e7ons novatrices de cultiver la passion de la mission, d\u2019implanter de nouvelles \u00e9glises et de faire participer des groupes de personnes non atteints dans le pays o\u00fa est n\u00e9 son fondateur, A. B. Simpson.<\/p>\n<\/div>\n\n<\/div>\n\t\n\t\t<div class=\"cat-home\">\n<div class=\"cat-home-category\"><a href=\"https:\/\/awf.world\/fr\/category\/afrique\/\">AFRIQUE<\/a>\/<a href=\"https:\/\/awf.world\/fr\/category\/news-fr\/\">NOUVELLES<\/a><\/div>\n<div class=\"cat-home-img\"><a href=\"https:\/\/awf.world\/fr\/awf-news\/message-de-fin-dannee-2019-de-la-region-afrique\/\"><img decoding=\"async\" class=\"attachment-255xauto size-255xauto\" src=\"https:\/\/awf.world\/wp-content\/uploads\/2019\/12\/2019-Christmas-Card_Africa_FR_Website-wpv_255xauto.jpg\" width=\"255\" height=\"auto\" alt=\"\" \/><\/a><\/div>\n<div class=\"cat-home-title\"><a href=\"https:\/\/awf.world\/fr\/awf-news\/message-de-fin-dannee-2019-de-la-region-afrique\/\">Message de Fin d\u2019Ann\u00e9e 2019 de la R\u00e9gion Afrique<\/a><\/div>\n <div class=\"cat-home-date\">d\u00e9cembre 19, 2019<\/div>\n<div class=\"cat-home-short-description\">  <p>Nous souhaitons une ann\u00e9e b\u00e9ni pour chaque fils et fille du Royaume, qu\u2019elle soit riche en gr\u00e2ce.<\/p>\n<\/div>\n\n<\/div>\n\t\n\t\t<div class=\"cat-home\">\n<div class=\"cat-home-category\"><a href=\"https:\/\/awf.world\/fr\/category\/notes-du-president\/\">NOTES DU PR\u00c9SIDENT<\/a>\/<a href=\"https:\/\/awf.world\/fr\/category\/news-fr\/\">NOUVELLES<\/a><\/div>\n<div class=\"cat-home-img\"><a href=\"https:\/\/awf.world\/fr\/awf-news\/message-de-fin-dannee-du-comite-executif-de-lawf-2019\/\"><img decoding=\"async\" class=\"attachment-255xauto size-255xauto\" src=\"https:\/\/awf.world\/wp-content\/uploads\/2019\/12\/2019-Christmas-Card_ExCom_FR_Website-wpv_255xauto.jpg\" width=\"255\" height=\"auto\" alt=\"\" \/><\/a><\/div>\n<div class=\"cat-home-title\"><a href=\"https:\/\/awf.world\/fr\/awf-news\/message-de-fin-dannee-du-comite-executif-de-lawf-2019\/\">Message de Fin d\u2019Ann\u00e9e 2019 du Comit\u00e9 Ex\u00e9cutif de l\u2019UMA<\/a><\/div>\n <div class=\"cat-home-date\">d\u00e9cembre 18, 2019<\/div>\n<div class=\"cat-home-short-description\">  <p>En une ann\u00e9e qui a \u00e9t\u00e9 marqu\u00e9e par des manifestations civiles dans de nombreuses r\u00e9gions du monde, de Hong Kong \u00e0 Santiago, Beyrouth, Paris, La Paz, Lima et Barcelone, il y a un programme diffus, mais un message clair : les gens ont faim de justice, de libert\u00e9 et dignit\u00e9.<\/p>\n<\/div>\n\n<\/div>\n\t\n\t\t<div class=\"cat-home\">\n<div class=\"cat-home-category\"><a href=\"https:\/\/awf.world\/fr\/category\/asia-pacific\/\">ASIA &amp; PACIFIC<\/a>\/<a href=\"https:\/\/awf.world\/fr\/category\/news-fr\/\">NOUVELLES<\/a><\/div>\n<div class=\"cat-home-img\"><a href=\"https:\/\/awf.world\/fr\/awf-news\/message-de-fin-dannee-2019de-la-region-asie-pacifique\/\"><img decoding=\"async\" class=\"attachment-255xauto size-255xauto\" src=\"https:\/\/awf.world\/wp-content\/uploads\/2019\/12\/2019-Christmas-Card_APAC_FR_Website-wpv_255xauto.jpg\" width=\"255\" height=\"auto\" alt=\"\" \/><\/a><\/div>\n<div class=\"cat-home-title\"><a href=\"https:\/\/awf.world\/fr\/awf-news\/message-de-fin-dannee-2019de-la-region-asie-pacifique\/\">Message de Fin d\u2019Ann\u00e9e 2019 de la R\u00e9gion Asie-Pacifique<\/a><\/div>\n <div class=\"cat-home-date\">d\u00e9cembre 12, 2019<\/div>\n<div class=\"cat-home-short-description\">  <p>Les \u0153uvres et les plans de Dieu ne manquent jamais, car Il fera tout ce qui est Son bon plaisir. Dieu ne regarde pas seulement tout l\u2019\u00e9v\u00e9nement de l\u2019histoire, mais Il dirige l\u2019\u00e9v\u00e9nement. Vraiment, nous sommes tellement b\u00e9nis et enthousiasm\u00e9s par ce que Dieu a pr\u00e9vu pour la r\u00e9gion APAC (Asie-Pacifique) tout au long de l\u2019ann\u00e9e. C\u2019est quelque chose digne de c\u00e9l\u00e9brer pour Sa gloire.<\/p>\n<\/div>\n\n<\/div>\n\t\n\t\t<div class=\"cat-home\">\n<div class=\"cat-home-category\"><a href=\"https:\/\/awf.world\/fr\/category\/asia-pacific\/\">ASIA &amp; PACIFIC<\/a>\/<a href=\"https:\/\/awf.world\/fr\/category\/news-fr\/\">NOUVELLES<\/a><\/div>\n<div class=\"cat-home-img\"><a href=\"https:\/\/awf.world\/fr\/awf-news\/des-personnes-non-atteintes-entendent-parler-de-jesus-dans-des-villages-du-nepal\/\"><img decoding=\"async\" class=\"attachment-255xauto size-255xauto\" src=\"https:\/\/awf.world\/wp-content\/uploads\/2019\/12\/Church-Planting-Project-in-Nepal_2019-112-wpv_255xauto.jpg\" width=\"255\" height=\"auto\" alt=\"\" \/><\/a><\/div>\n<div class=\"cat-home-title\"><a href=\"https:\/\/awf.world\/fr\/awf-news\/des-personnes-non-atteintes-entendent-parler-de-jesus-dans-des-villages-du-nepal\/\">Des Personnes Non-atteintes Entendent Parler de J\u00e9sus dans des Villages du N\u00e9pal<\/a><\/div>\n <div class=\"cat-home-date\">d\u00e9cembre 9, 2019<\/div>\n<div class=\"cat-home-short-description\">  <p>Combien de sacrifices est n\u00e9cessaire pour apporter l\u2019\u00c9vangile \u00e0 ceux qui ne l\u2019ont jamais entendu? Un missionnaire n\u00e9palais marche deux heures pour parler du salut en J\u00e9sus et prier pour le peuple de Magar, au N\u00e9pal.<\/p>\n<\/div>\n\n<\/div>\n\t\n\t\t<div class=\"cat-home\">\n<div class=\"cat-home-category\"><a href=\"https:\/\/awf.world\/fr\/category\/europe-middle-east\/\">EUROPE &amp; MIDDLE EAST<\/a>\/<a href=\"https:\/\/awf.world\/fr\/category\/news-fr\/\">NOUVELLES<\/a><\/div>\n<div class=\"cat-home-img\"><a href=\"https:\/\/awf.world\/fr\/awf-news\/rendre-gloire-a-dieu-pour-les-grandes-choses-quil-a-faites-en-2019-en-europe-et-au-moyen-orient\/\"><img decoding=\"async\" class=\"attachment-255xauto size-255xauto\" src=\"https:\/\/awf.world\/wp-content\/uploads\/2019\/12\/2019-Christmas-Card_EMERALD_FR_Website-wpv_255xauto.jpg\" width=\"255\" height=\"auto\" alt=\"\" \/><\/a><\/div>\n<div class=\"cat-home-title\"><a href=\"https:\/\/awf.world\/fr\/awf-news\/rendre-gloire-a-dieu-pour-les-grandes-choses-quil-a-faites-en-2019-en-europe-et-au-moyen-orient\/\">Rendre Gloire \u00e0 Dieu pour les Grandes Choses qu\u2019Il a Faites en 2019 en Europe et au Moyen-Orient<\/a><\/div>\n <div class=\"cat-home-date\">d\u00e9cembre 5, 2019<\/div>\n<div class=\"cat-home-short-description\">  <p>Le Comit\u00e9 de Coordination R\u00e9gional de EMERALD est encourag\u00e9 \u00e0 voir comment Dieu agit \u00e0 travers la famille de l\u2019Alliance\u00a0Chr\u00e9tienne et Missionnaire dans notre r\u00e9gion, \u00e0 mesure que de nouveaux projets prennent forme et que la mobilisation de la mission se d\u00e9veloppe. Nous prions pour que Dieu soit exalt\u00e9 dans notre r\u00e9gion en \u00e9difiant Son \u00e9glise et en \u00e9largissant Son royaume par le travail de toutes les \u00e9glises nationales de la r\u00e9gion.<\/p>\n<\/div>\n\n<\/div>\n\t\n\t\t<div class=\"cat-home\">\n<div class=\"cat-home-category\"><a href=\"https:\/\/awf.world\/fr\/category\/asia-pacific\/\">ASIA &amp; PACIFIC<\/a>\/<a href=\"https:\/\/awf.world\/fr\/category\/news-fr\/\">NOUVELLES<\/a><\/div>\n<div class=\"cat-home-img\"><a href=\"https:\/\/awf.world\/fr\/awf-news\/une-rencontre-eclairante-et-victorieuse-la-6e-conference-et-voyage-de-priere-de-lapaw-2019\/\"><img decoding=\"async\" class=\"attachment-255xauto size-255xauto\" src=\"https:\/\/awf.world\/wp-content\/uploads\/2019\/12\/APAW-Conference_Philippines_2019-1110-wpv_255xauto.jpeg\" width=\"255\" height=\"auto\" alt=\"\" \/><\/a><\/div>\n<div class=\"cat-home-title\"><a href=\"https:\/\/awf.world\/fr\/awf-news\/une-rencontre-eclairante-et-victorieuse-la-6e-conference-et-voyage-de-priere-de-lapaw-2019\/\">Une Rencontre \u00c9clairante et Victorieuse : la 6e Conf\u00e9rence et Voyage de Pri\u00e8re de l\u2019APAW 2019<\/a><\/div>\n <div class=\"cat-home-date\">d\u00e9cembre 2, 2019<\/div>\n<div class=\"cat-home-short-description\">  <p>La 6e Conf\u00e9rence des femmes de l\u2019Alliance Asie-Pacifique et le Voyage de Pri\u00e8re a \u00e9t\u00e9 une rencontre puissante, \u00e9clairante et victorieuse. Plus de 200 femmes se sont r\u00e9unies et ont approfondi leurs connaissances sur le th\u00e8me \u00ab Transform\u00e9es pour la Grande R\u00e9colte \u00bb. Sans aucun doute, la pr\u00e9sence environnante de Dieu \u00e9tait un \u00e9l\u00e9ment essentiel de cet \u00e9v\u00e9nement b\u00e9ni. Louons le Seigneur pour tout ce qu\u2019Il a fait !<\/p>\n<\/div>\n\n<\/div>\n\t\n\t\t<div class=\"cat-home\">\n<div class=\"cat-home-category\"><a href=\"https:\/\/awf.world\/fr\/category\/news-fr\/\">NOUVELLES<\/a><\/div>\n<div class=\"cat-home-img\"><a href=\"https:\/\/awf.world\/fr\/awf-news\/message-de-fin-dannee-2019-de-licte\/\"><img decoding=\"async\" class=\"attachment-255xauto size-255xauto\" src=\"https:\/\/awf.world\/wp-content\/uploads\/2019\/11\/2019-Christmas-Card_ICTE_FR_Photos-wpv_255xauto.jpg\" width=\"255\" height=\"auto\" alt=\"\" \/><\/a><\/div>\n<div class=\"cat-home-title\"><a href=\"https:\/\/awf.world\/fr\/awf-news\/message-de-fin-dannee-2019-de-licte\/\">Message de Fin d\u2019Ann\u00e9e 2019 de l\u2019ICTE<\/a><\/div>\n <div class=\"cat-home-date\">novembre 29, 2019<\/div>\n<div class=\"cat-home-short-description\">  <p>La Commission Internationale sur l\u2019\u00c9ducation Th\u00e9ologique (ICTE) est tr\u00e8s reconnaissante envers notre Seigneur qui continue d\u2019enrichir et de b\u00e9nir la formation th\u00e9ologique dans le monde de l'Alliance Chr\u00e9tienne et Missionnaire.<\/p>\n<\/div>\n\n<\/div>\n\t\n\t\t<div class=\"cat-home\">\n<div class=\"cat-home-category\"><a href=\"https:\/\/awf.world\/fr\/category\/europe-middle-east\/\">EUROPE &amp; MIDDLE EAST<\/a>\/<a href=\"https:\/\/awf.world\/fr\/category\/news-fr\/\">NOUVELLES<\/a><\/div>\n<div class=\"cat-home-img\"><a href=\"https:\/\/awf.world\/fr\/awf-news\/un-terrain-difficile-gagne-despace-en-espagne\/\"><img decoding=\"async\" class=\"attachment-255xauto size-255xauto\" src=\"https:\/\/awf.world\/wp-content\/uploads\/2020\/01\/Iglesia-Alianza-Madrid_Espa\u00f1a-wpv_255xauto.jpg\" width=\"255\" height=\"auto\" alt=\"\" \/><\/a><\/div>\n<div class=\"cat-home-title\"><a href=\"https:\/\/awf.world\/fr\/awf-news\/un-terrain-difficile-gagne-despace-en-espagne\/\">Un Terrain Difficile Gagne d\u2019Espace en Espagne<\/a><\/div>\n <div class=\"cat-home-date\">novembre 20, 2019<\/div>\n<div class=\"cat-home-short-description\">  <p>Un Terrain Difficile Gagne d\u2019Espace en Espagne<br \/>\nL\u2019\u00c9glise de l\u2019Alliance en Espagne a \u00e9t\u00e9 cr\u00e9\u00e9e en 1978 par Fred et Ann Kowalchuk, missionnaires envoy\u00e9s par l\u2019Alliance am\u00e9ricaine. Les premi\u00e8res ann\u00e9es ont \u00e9t\u00e9 difficiles, avec cinq congr\u00e9gations r\u00e9duites \u00e0 trois. Une \u00e9quipe de relais a exerc\u00e9 ses fonctions de 1993 \u00e0 1994 et l\u2019attention a \u00e9t\u00e9 modifi\u00e9e de Barcelone \u00e0 Madrid.<\/p>\n<\/div>\n\n<\/div>\n\t\n\t\t<div class=\"cat-home\">\n<div class=\"cat-home-category\"><a href=\"https:\/\/awf.world\/fr\/category\/asia-pacific\/\">ASIA &amp; PACIFIC<\/a>\/<a href=\"https:\/\/awf.world\/fr\/category\/news-fr\/\">NOUVELLES<\/a><\/div>\n<div class=\"cat-home-img\"><a href=\"https:\/\/awf.world\/fr\/awf-news\/nouvelle-eglise-cma-formee-au-nepal-2\/\"><img decoding=\"async\" class=\"attachment-255xauto size-255xauto\" src=\"https:\/\/awf.world\/wp-content\/uploads\/2019\/11\/Nepal-Consultation-Meeting_2019-101-wpv_255xauto.jpg\" width=\"255\" height=\"auto\" alt=\"\" \/><\/a><\/div>\n<div class=\"cat-home-title\"><a href=\"https:\/\/awf.world\/fr\/awf-news\/nouvelle-eglise-cma-formee-au-nepal-2\/\">Nouvelle \u00c9glise CMA Form\u00e9e au N\u00e9pal<\/a><\/div>\n <div class=\"cat-home-date\">novembre 18, 2019<\/div>\n<div class=\"cat-home-short-description\">  <p>Un groupe d\u2019\u00e9glises indig\u00e8nes fond\u00e9 il y a 27 ans par un pasteur en fauteuil roulant pour \u00e9vang\u00e9liser les personnes handicap\u00e9es est au c\u0153ur de la nouvelle \u00c9glise CMA au N\u00e9pal. Cette \u00e9glise nationale rejoindra l\u2019\u00e9glise \u00e9vang\u00e9lique \u00e0 la croissance rapide dans le pays officiellement hindou jusqu\u2019en 2006, ann\u00e9e de sa proclamation d\u2019\u00c9tat la\u00efc.<\/p>\n<\/div>\n\n<\/div>\n\t\n\t\t<div class=\"cat-home\">\n<div class=\"cat-home-category\"><a href=\"https:\/\/awf.world\/fr\/category\/latin-america-fr\/\">AM\u00c9RIQUE LATINE<\/a>\/<a href=\"https:\/\/awf.world\/fr\/category\/news-fr\/\">NOUVELLES<\/a><\/div>\n<div class=\"cat-home-img\"><a href=\"https:\/\/awf.world\/fr\/awf-news\/conference-regionale-de-lawf-en-amerique-latine-cla-tenue-au-guatemala\/\"><img decoding=\"async\" class=\"attachment-255xauto size-255xauto\" src=\"https:\/\/awf.world\/wp-content\/uploads\/2019\/11\/PK_50542l-wpv_255xauto.jpeg\" width=\"255\" height=\"auto\" alt=\"\" \/><\/a><\/div>\n<div class=\"cat-home-title\"><a href=\"https:\/\/awf.world\/fr\/awf-news\/conference-regionale-de-lawf-en-amerique-latine-cla-tenue-au-guatemala\/\">Conf\u00e9rence R\u00e9gionale de l\u2019AWF en Am\u00e9rique Latine (CLA) tenue au Guatemala<\/a><\/div>\n <div class=\"cat-home-date\">novembre 14, 2019<\/div>\n<div class=\"cat-home-short-description\">  <p>Les \u00e9glises CMA en Am\u00e9rique centrale sont jeunes et petites et sa plus grande \u00e9glise nationale (Guatemala), avec plus de 9 000 membres, constitue une exception dans la r\u00e9gion. Sous le th\u00e8me \u00ab Une Vie Plus Profonde en J\u00e9sus-Christ \u00bb, la famille AWF d\u2019Am\u00e9rique latine s\u2019est r\u00e9unie au Guatemala pour apporter un encouragement et une compr\u00e9hension plus profonde de l\u2019Alliance et de ses missions aux pasteurs et aux dirigeants de la r\u00e9gion.<\/p>\n<\/div>\n\n<\/div>\n\t\n\t\t<div class=\"cat-home\">\n<div class=\"cat-home-category\"><a href=\"https:\/\/awf.world\/fr\/category\/asia-pacific\/\">ASIA &amp; PACIFIC<\/a>\/<a href=\"https:\/\/awf.world\/fr\/category\/news-fr\/\">NOUVELLES<\/a><\/div>\n<div class=\"cat-home-img\"><a href=\"https:\/\/awf.world\/fr\/awf-news\/les-dirigeants-de-lawf-apac-se-concentrent-sur-le-japon-lors-de-leur-reunion-a-hiroshima\/\"><img decoding=\"async\" class=\"attachment-255xauto size-255xauto\" src=\"https:\/\/awf.world\/wp-content\/uploads\/2019\/11\/Japan-Alliance-Meeting_2019-104-wpv_255xauto.jpg\" width=\"255\" height=\"auto\" alt=\"\" \/><\/a><\/div>\n<div class=\"cat-home-title\"><a href=\"https:\/\/awf.world\/fr\/awf-news\/les-dirigeants-de-lawf-apac-se-concentrent-sur-le-japon-lors-de-leur-reunion-a-hiroshima\/\">Les Dirigeants de l\u2019AWF-APAC se Concentrent sur le Japon lors de leur R\u00e9union \u00e0 Hiroshima<\/a><\/div>\n <div class=\"cat-home-date\">novembre 14, 2019<\/div>\n<div class=\"cat-home-short-description\">  <p>Les dirigeants de l\u2019AWF-APAC (r\u00e9gion Asie-Pacifique) ont choisi le Japon comme lieu de r\u00e9union pour encourager la centenaire Alliance japonaise \u00e0 continuer \u00e0 partager J\u00e9sus-Christ dans ce pays. Le Japon est totalement ouvert au travail missionnaire, mais compte toujours moins de 0,5 % de chr\u00e9tiens \u00e9vang\u00e9liques et un taux de croissance annuel \u00e9vang\u00e9lique de -0,4 %.<\/p>\n<\/div>\n\n<\/div>\n\t\n\t\t<div class=\"cat-home\">\n<div class=\"cat-home-category\"><a href=\"https:\/\/awf.world\/fr\/category\/latin-america-fr\/\">AM\u00c9RIQUE LATINE<\/a>\/<a href=\"https:\/\/awf.world\/fr\/category\/news-fr\/\">NOUVELLES<\/a><\/div>\n<div class=\"cat-home-img\"><a href=\"https:\/\/awf.world\/fr\/awf-news\/leglise-equatorienne-celebre-120-ans-et-continue-loeuvre-de-dieu\/\"><img decoding=\"async\" class=\"attachment-255xauto size-255xauto\" src=\"https:\/\/awf.world\/wp-content\/uploads\/2020\/01\/Iglesia-Alianza-Milagro_Ecuador-wpv_255xauto.jpeg\" width=\"255\" height=\"auto\" alt=\"\" \/><\/a><\/div>\n<div class=\"cat-home-title\"><a href=\"https:\/\/awf.world\/fr\/awf-news\/leglise-equatorienne-celebre-120-ans-et-continue-loeuvre-de-dieu\/\">L\u2019\u00c9glise \u00c9quatorienne C\u00e9l\u00e8bre 120 Ans et Continue l\u2019\u0152uvre de Dieu<\/a><\/div>\n <div class=\"cat-home-date\">novembre 13, 2019<\/div>\n<div class=\"cat-home-short-description\">  <p>Les travaux en \u00c9quateur ont d\u00e9but\u00e9 il y a 120 ans gr\u00e2ce aux efforts de Guillermo Fritz et Eduardo Tarbox. Plus tard, les missionnaires Homero Crisman et Guillermo Reed ont particip\u00e9 aux travaux. La CMA nationale a \u00e9t\u00e9 cr\u00e9\u00e9e en 1945. \u00c0 pr\u00e9sent, l\u2019\u00e9glise c\u00e9l\u00e8bre la 120e ann\u00e9e de son travail en \u00c9quateur, reconnaissante du soutien de Dieu \u00e0 chaque \u00e9tape. L\u2019\u00c9glise reste totalement attach\u00e9e \u00e0 poursuivre la t\u00e2che de voir un renouveau social en \u00c9quateur et \u00e0 forger et former des g\u00e9n\u00e9rations qui brillent pour la gloire de Dieu.<\/p>\n<\/div>\n\n<\/div>\n\t\n\t\t<div class=\"cat-home\">\n<div class=\"cat-home-category\"><\/div>\n<div class=\"cat-home-img\"><a href=\"https:\/\/awf.world\/fr\/awf-video-view\/lalliance-au-la-rd-du-congo-a-la-memoire-de-a-b-simpson\/\"><img decoding=\"async\" class=\"attachment-255xauto size-255xauto\" src=\"https:\/\/awf.world\/wp-content\/uploads\/2019\/11\/CEAC_Congo-DRC-wpv_255xauto.jpg\" width=\"255\" height=\"auto\" alt=\"\" \/><\/a><\/div>\n<div class=\"cat-home-title\"><a href=\"https:\/\/awf.world\/fr\/awf-video-view\/lalliance-au-la-rd-du-congo-a-la-memoire-de-a-b-simpson\/\">L\u2019Alliance au la RD du Congo \u00e0 la M\u00e9moire de A. B. Simpson<\/a><\/div>\n <div class=\"cat-home-date\">novembre 1, 2019<\/div>\n<div class=\"cat-home-short-description\">  <\/div>\n\n<\/div>\n\t\n\t\t<div class=\"cat-home\">\n<div class=\"cat-home-category\"><\/div>\n<div class=\"cat-home-img\"><a href=\"https:\/\/awf.world\/fr\/awf-video-view\/lalliance-au-myanmar-a-la-memoire-de-a-b-simpson\/\"><img decoding=\"async\" class=\"attachment-255xauto size-255xauto\" src=\"https:\/\/awf.world\/wp-content\/uploads\/2019\/10\/Myanmar_Grace-Alliance-Church-wpv_255xauto.jpg\" width=\"255\" height=\"auto\" alt=\"\" \/><\/a><\/div>\n<div class=\"cat-home-title\"><a href=\"https:\/\/awf.world\/fr\/awf-video-view\/lalliance-au-myanmar-a-la-memoire-de-a-b-simpson\/\">L\u2019Alliance au Myanmar \u00e0 la M\u00e9moire de A. B. Simpson<\/a><\/div>\n <div class=\"cat-home-date\">octobre 31, 2019<\/div>\n<div class=\"cat-home-short-description\">  <\/div>\n\n<\/div>\n\t\n\t\t<div class=\"cat-home\">\n<div class=\"cat-home-category\"><\/div>\n<div class=\"cat-home-img\"><a href=\"https:\/\/awf.world\/fr\/awf-video-view\/lalliance-au-chili-a-a-la-memoire-de-a-b-simpson\/\"><img decoding=\"async\" class=\"attachment-255xauto size-255xauto\" src=\"https:\/\/awf.world\/wp-content\/uploads\/2019\/10\/FB-Cover_CMA-Chile-wpv_255xauto.png\" width=\"255\" height=\"auto\" alt=\"\" \/><\/a><\/div>\n<div class=\"cat-home-title\"><a href=\"https:\/\/awf.world\/fr\/awf-video-view\/lalliance-au-chili-a-a-la-memoire-de-a-b-simpson\/\">L\u2019Alliance au Chili a \u00e0 la M\u00e9moire de A. B. Simpson<\/a><\/div>\n <div class=\"cat-home-date\">octobre 29, 2019<\/div>\n<div class=\"cat-home-short-description\">  <\/div>\n\n<\/div>\n\t\n\t\t<div class=\"cat-home\">\n<div class=\"cat-home-category\"><\/div>\n<div class=\"cat-home-img\"><a href=\"https:\/\/awf.world\/fr\/awf-video-view\/lalliance-au-mali-a-a-la-memoire-de-a-b-simpson\/\"><img decoding=\"async\" class=\"attachment-255xauto size-255xauto\" src=\"https:\/\/awf.world\/wp-content\/uploads\/2019\/10\/Mali-wpv_255xauto.png\" width=\"255\" height=\"auto\" alt=\"\" \/><\/a><\/div>\n<div class=\"cat-home-title\"><a href=\"https:\/\/awf.world\/fr\/awf-video-view\/lalliance-au-mali-a-a-la-memoire-de-a-b-simpson\/\">L\u2019Alliance au Mali a \u00e0 la M\u00e9moire de A. B. Simpson<\/a><\/div>\n <div class=\"cat-home-date\">octobre 28, 2019<\/div>\n<div class=\"cat-home-short-description\">  <\/div>\n\n<\/div>\n\t\n\t\t<div class=\"cat-home\">\n<div class=\"cat-home-category\"><\/div>\n<div class=\"cat-home-img\"><a href=\"https:\/\/awf.world\/fr\/awf-video-view\/lalliance-en-perou-a-a-la-memoire-de-a-b-simpson\/\"><img decoding=\"async\" class=\"attachment-255xauto size-255xauto\" src=\"https:\/\/awf.world\/wp-content\/uploads\/2019\/10\/FB-Cover_CMA-Peru-wpv_255xauto.png\" width=\"255\" height=\"auto\" alt=\"\" \/><\/a><\/div>\n<div class=\"cat-home-title\"><a href=\"https:\/\/awf.world\/fr\/awf-video-view\/lalliance-en-perou-a-a-la-memoire-de-a-b-simpson\/\">L\u2019Alliance en P\u00e9rou a \u00e0 la M\u00e9moire de A. B. Simpson<\/a><\/div>\n <div class=\"cat-home-date\">octobre 24, 2019<\/div>\n<div class=\"cat-home-short-description\">  <\/div>\n\n<\/div>\n\t\n\t\t<div class=\"cat-home\">\n<div class=\"cat-home-category\"><\/div>\n<div class=\"cat-home-img\"><a href=\"https:\/\/awf.world\/fr\/awf-video-view\/lalliance-en-angola-a-la-memoire-de-a-b-simpson\/\"><img decoding=\"async\" class=\"attachment-255xauto size-255xauto\" src=\"https:\/\/awf.world\/wp-content\/uploads\/2019\/10\/Logo-color-wpv_255xauto.jpg\" width=\"255\" height=\"auto\" alt=\"\" \/><\/a><\/div>\n<div class=\"cat-home-title\"><a href=\"https:\/\/awf.world\/fr\/awf-video-view\/lalliance-en-angola-a-la-memoire-de-a-b-simpson\/\">L\u2019Alliance en Angola \u00e0 la M\u00e9moire de A. B. Simpson<\/a><\/div>\n <div class=\"cat-home-date\">octobre 22, 2019<\/div>\n<div class=\"cat-home-short-description\">  <\/div>\n\n<\/div>\n\t\n\t\t<div class=\"cat-home\">\n<div class=\"cat-home-category\"><\/div>\n<div class=\"cat-home-img\"><a href=\"https:\/\/awf.world\/fr\/awf-video-view\/lalliance-en-espagne-a-la-memoire-de-a-b-simpson\/\"><img decoding=\"async\" class=\"attachment-255xauto size-255xauto\" src=\"https:\/\/awf.world\/wp-content\/uploads\/2019\/10\/FB-Cover_CMA-Spain_FIACME-wpv_255xauto.png\" width=\"255\" height=\"auto\" alt=\"\" \/><\/a><\/div>\n<div class=\"cat-home-title\"><a href=\"https:\/\/awf.world\/fr\/awf-video-view\/lalliance-en-espagne-a-la-memoire-de-a-b-simpson\/\">L\u2019Alliance en Espagne \u00e0 la M\u00e9moire de A. B. Simpson<\/a><\/div>\n <div class=\"cat-home-date\">octobre 17, 2019<\/div>\n<div class=\"cat-home-short-description\">  <\/div>\n\n<\/div>\n\t\n\t\t<div class=\"cat-home\">\n<div class=\"cat-home-category\"><\/div>\n<div class=\"cat-home-img\"><a href=\"https:\/\/awf.world\/fr\/awf-video-view\/lalliance-en-equateur-a-la-memoire-de-a-b-simpson\/\"><img decoding=\"async\" class=\"attachment-255xauto size-255xauto\" src=\"https:\/\/awf.world\/wp-content\/uploads\/2019\/10\/FB-Cover-CMA-Ecuador-wpv_255xauto.jpg\" width=\"255\" height=\"auto\" alt=\"\" \/><\/a><\/div>\n<div class=\"cat-home-title\"><a href=\"https:\/\/awf.world\/fr\/awf-video-view\/lalliance-en-equateur-a-la-memoire-de-a-b-simpson\/\">L\u2019Alliance en Equateur \u00e0 la M\u00e9moire de A. B. Simpson<\/a><\/div>\n <div class=\"cat-home-date\">octobre 14, 2019<\/div>\n<div class=\"cat-home-short-description\">  <\/div>\n\n<\/div>\n\t\n\t\t<div class=\"cat-home\">\n<div class=\"cat-home-category\"><\/div>\n<div class=\"cat-home-img\"><a href=\"https:\/\/awf.world\/fr\/awf-video-view\/a-b-simpson-la-vie-lheritage-et-limportance-durable\/\"><img decoding=\"async\" class=\"attachment-255xauto size-255xauto\" src=\"https:\/\/awf.world\/wp-content\/uploads\/2019\/10\/AB-Franc\u0327ais-wpv_255xauto.jpg\" width=\"255\" height=\"auto\" alt=\"\" \/><\/a><\/div>\n<div class=\"cat-home-title\"><a href=\"https:\/\/awf.world\/fr\/awf-video-view\/a-b-simpson-la-vie-lheritage-et-limportance-durable\/\">A. B. Simpson \u2013 La Vie, l\u2019H\u00e9ritage et l\u2019Importance Durable<\/a><\/div>\n <div class=\"cat-home-date\">octobre 10, 2019<\/div>\n<div class=\"cat-home-short-description\">  <\/div>\n\n<\/div>\n\t\n\t\t<div class=\"cat-home\">\n<div class=\"cat-home-category\"><a href=\"https:\/\/awf.world\/fr\/category\/latin-america-fr\/\">AM\u00c9RIQUE LATINE<\/a>\/<a href=\"https:\/\/awf.world\/fr\/category\/news-fr\/\">NOUVELLES<\/a><\/div>\n<div class=\"cat-home-img\"><a href=\"https:\/\/awf.world\/fr\/awf-news\/enseigner-sur-histoire-et-theologie-de-lalliance-a-buenos-aires-argentine-est-le-premier-fruit-du-programme-de-lawf-icte-pour-les-jeunes-etudiants\/\"><img decoding=\"async\" class=\"attachment-255xauto size-255xauto\" src=\"https:\/\/awf.world\/wp-content\/uploads\/2019\/10\/Exposici\u00f3n-Teolog\u00eda_Argentina_2019-091-wpv_255xauto.jpg\" width=\"255\" height=\"auto\" alt=\"\" \/><\/a><\/div>\n<div class=\"cat-home-title\"><a href=\"https:\/\/awf.world\/fr\/awf-news\/enseigner-sur-histoire-et-theologie-de-lalliance-a-buenos-aires-argentine-est-le-premier-fruit-du-programme-de-lawf-icte-pour-les-jeunes-etudiants\/\">Enseigner sur \u00ab Histoire et Th\u00e9ologie de l\u2019Alliance \u00bb \u00e0 Buenos Aires, Argentine, est le Premier Fruit du Programme de l\u2019AWF-ICTE pour les Jeunes \u00c9tudiants.<\/a><\/div>\n <div class=\"cat-home-date\">octobre 10, 2019<\/div>\n<div class=\"cat-home-short-description\">  <p>\u00ab Histoire, Th\u00e9ologie, Pens\u00e9e et Nouvelle Dynamique de l\u2019Alliance Chr\u00e9tienne et Missionnaire \u00bb \u00e9tait le th\u00e8me de l\u2019enseignement des 3 et 4 septembre 2019 \u00e0 Buenos Aires, Argentine, organis\u00e9 par l\u2019Institut Biblique de Buenos Aires (IBBA).<\/p>\n<\/div>\n\n<\/div>\n\t\n\t\t<div class=\"cat-home\">\n<div class=\"cat-home-category\"><a href=\"https:\/\/awf.world\/fr\/category\/latin-america-fr\/\">AM\u00c9RIQUE LATINE<\/a>\/<a href=\"https:\/\/awf.world\/fr\/category\/news-fr\/\">NOUVELLES<\/a><\/div>\n<div class=\"cat-home-img\"><a href=\"https:\/\/awf.world\/fr\/awf-news\/des-eglises-urbaines-dynamiques-de-lalliance-engagees-dans-la-proclamation-du-christ-a-lima-et-dans-le-monde-entier\/\"><img decoding=\"async\" class=\"attachment-255xauto size-255xauto\" src=\"https:\/\/awf.world\/wp-content\/uploads\/2019\/09\/Congreso-LED-Peru_Ago2019-2-wpv_255xauto.jpg\" width=\"255\" height=\"auto\" alt=\"\" \/><\/a><\/div>\n<div class=\"cat-home-title\"><a href=\"https:\/\/awf.world\/fr\/awf-news\/des-eglises-urbaines-dynamiques-de-lalliance-engagees-dans-la-proclamation-du-christ-a-lima-et-dans-le-monde-entier\/\">Des \u00c9glises Urbaines Dynamiques de l\u2019Alliance Engag\u00e9es dans la Proclamation du Christ \u00e0 Lima et dans le Monde Entier<\/a><\/div>\n <div class=\"cat-home-date\">septembre 19, 2019<\/div>\n<div class=\"cat-home-short-description\">  <p>Pour la premi\u00e8re fois \u00e0 Lima, au P\u00e9rou, du 26 au 30 ao\u00fbt 2019, le Premier Congr\u00e8s International sur le D\u00e9veloppement d\u2019\u00c9glises en Bonne Sant\u00e9 s\u2019est tenu, intitul\u00e9 \u00ab Construire des \u00c9glises en Bonne Sant\u00e9 \u00bb. Ce congr\u00e8s, command\u00e9 par le CMA du P\u00e9rou, \u00e9tait organis\u00e9 par le mouvement Lima \u00e0 un Rencontre \u00e0 Dieu du CMA.<\/p>\n<\/div>\n\n<\/div>\n\t\n\t\t<div class=\"cat-home\">\n<div class=\"cat-home-category\"><a href=\"https:\/\/awf.world\/fr\/category\/asia-pacific\/\">ASIA &amp; PACIFIC<\/a>\/<a href=\"https:\/\/awf.world\/fr\/category\/news-fr\/\">NOUVELLES<\/a><\/div>\n<div class=\"cat-home-img\"><a href=\"https:\/\/awf.world\/fr\/awf-news\/connaissez-stenly-christian-le-nouveau-president-de-la-cma-du-synode-de-gujarat\/\"><img decoding=\"async\" class=\"attachment-255xauto size-255xauto\" src=\"https:\/\/awf.world\/wp-content\/uploads\/2019\/09\/New-President-India-Gujarat-Synod_Stenly-Christian_2019-09-3-wpv_255xauto.jpg\" width=\"255\" height=\"auto\" alt=\"\" \/><\/a><\/div>\n<div class=\"cat-home-title\"><a href=\"https:\/\/awf.world\/fr\/awf-news\/connaissez-stenly-christian-le-nouveau-president-de-la-cma-du-synode-de-gujarat\/\">Connaissez Stenly Christian, le nouveau Pr\u00e9sident de l\u2019\u00c9glise CMA  du Synode de Gujarat<\/a><\/div>\n <div class=\"cat-home-date\">septembre 19, 2019<\/div>\n<div class=\"cat-home-short-description\">  <p>Le r\u00e9v\u00e9rend Stenly H. Christian est le nouveau Pr\u00e9sident du Synode du Gujarat. Il aimerait voir les jeunes grandir dans leur foi en Christ, des pasteurs et des missionnaires form\u00e9s et tous les membres impliqu\u00e9s dans le travail de mission et d\u2019\u00e9vang\u00e9lisation pour la croissance de l\u2019\u00c9glise de l\u2019Alliance au Gujarat.<\/p>\n<\/div>\n\n<\/div>\n\t\n\t\t<div class=\"cat-home\">\n<div class=\"cat-home-category\"><a href=\"https:\/\/awf.world\/fr\/category\/afrique\/\">AFRIQUE<\/a>\/<a href=\"https:\/\/awf.world\/fr\/category\/news-fr\/\">NOUVELLES<\/a><\/div>\n<div class=\"cat-home-img\"><a href=\"https:\/\/awf.world\/fr\/awf-news\/la-jeunesse-de-dieu-en-afrique-reunie\/\"><img decoding=\"async\" class=\"attachment-255xauto size-255xauto\" src=\"https:\/\/awf.world\/wp-content\/uploads\/2019\/09\/Youth-Biennial-Congress-in-Gabon_2019-081-wpv_255xauto.jpg\" width=\"255\" height=\"auto\" alt=\"\" \/><\/a><\/div>\n<div class=\"cat-home-title\"><a href=\"https:\/\/awf.world\/fr\/awf-news\/la-jeunesse-de-dieu-en-afrique-reunie\/\">La Jeunesse de Dieu en Afrique R\u00e9unie<\/a><\/div>\n <div class=\"cat-home-date\">septembre 9, 2019<\/div>\n<div class=\"cat-home-short-description\">  <p>L\u2019Union Africaine de la Jeunesse de l\u2019Alliance s\u2019est r\u00e9unie en ao\u00fbt pour son Congr\u00e8s Biennal. L'\u00e9v\u00e9nement a rassembl\u00e9 plus de 1 300 jeunes, qui ont partag\u00e9 et apprirent les fondements de notre foi et ce que Dieu veut que ses justes fassent. Que Dieu continue \u00e0 b\u00e9nir ce mouvement, ses dirigeants et ses participants.<\/p>\n<\/div>\n\n<\/div>\n\t\n\t\t<div class=\"cat-home\">\n<div class=\"cat-home-category\"><a href=\"https:\/\/awf.world\/fr\/category\/latin-america-fr\/\">AM\u00c9RIQUE LATINE<\/a>\/<a href=\"https:\/\/awf.world\/fr\/category\/news-fr\/\">NOUVELLES<\/a><\/div>\n<div class=\"cat-home-img\"><a href=\"https:\/\/awf.world\/fr\/awf-news\/partenariat-inter-ethnique-dans-levangile-conduisant-a-la-croissance-et-aux-fruits-en-bolivie\/\"><img decoding=\"async\" class=\"attachment-255xauto size-255xauto\" src=\"https:\/\/awf.world\/wp-content\/uploads\/2019\/09\/La-Paz-Calacoto-wpv_255xauto.jpg\" width=\"255\" height=\"auto\" alt=\"\" \/><\/a><\/div>\n<div class=\"cat-home-title\"><a href=\"https:\/\/awf.world\/fr\/awf-news\/partenariat-inter-ethnique-dans-levangile-conduisant-a-la-croissance-et-aux-fruits-en-bolivie\/\">Partenariat Inter-ethnique dans l\u2019\u00c9vangile Conduisant \u00e0 la Croissance et aux Fruits en Bolivie<\/a><\/div>\n <div class=\"cat-home-date\">septembre 4, 2019<\/div>\n<div class=\"cat-home-short-description\">  <p>Les partenariats inter-ethniques au sein des \u00c9glises Nationales des Alliances Chr\u00e9tiennes et Missionnaires continuent de d\u00e9velopper la CMA en Bolivie, en formant de nouveaux dirigeants pour atteindre de nouvelles villes, en commen\u00e7ant par la Bolivie et en s\u2019\u00e9tendant vers l\u2019ext\u00e9rieur.<\/p>\n<\/div>\n\n<\/div>\n\t\n\t\t<div class=\"cat-home\">\n<div class=\"cat-home-category\"><a href=\"https:\/\/awf.world\/fr\/category\/latin-america-fr\/\">AM\u00c9RIQUE LATINE<\/a>\/<a href=\"https:\/\/awf.world\/fr\/category\/news-fr\/\">NOUVELLES<\/a><\/div>\n<div class=\"cat-home-img\"><a href=\"https:\/\/awf.world\/fr\/awf-news\/lalliance-en-argentine-nourrir-les-chretiens-pour-servir-le-royaume\/\"><img decoding=\"async\" class=\"attachment-255xauto size-255xauto\" src=\"https:\/\/awf.world\/wp-content\/uploads\/2019\/08\/Instituto-B\u00edblico-Buenos-Aires2-wpv_255xauto.jpg\" width=\"255\" height=\"auto\" alt=\"\" \/><\/a><\/div>\n<div class=\"cat-home-title\"><a href=\"https:\/\/awf.world\/fr\/awf-news\/lalliance-en-argentine-nourrir-les-chretiens-pour-servir-le-royaume\/\">L\u2019Alliance en Argentine : Nourrir les Chr\u00e9tiens pour Servir le Royaume<\/a><\/div>\n <div class=\"cat-home-date\">ao\u00fbt 23, 2019<\/div>\n<div class=\"cat-home-short-description\">  <p>Le travail missionnaire qui a commenc\u00e9 dans les villages est maintenant un minist\u00e8re national en plein essor, cherchant \u00e0 nourrir les croyants et \u00e0 fournir une \u00e9ducation th\u00e9ologique pour donner aux chr\u00e9tiens les moyens d\u2019atteindre les non-croyants localement et \u00e0 l\u2019\u00e9tranger.<\/p>\n<\/div>\n\n<\/div>\n\t\n\t\t<div class=\"cat-home\">\n<div class=\"cat-home-category\"><a href=\"https:\/\/awf.world\/fr\/category\/afrique\/\">AFRIQUE<\/a>\/<a href=\"https:\/\/awf.world\/fr\/category\/news-fr\/\">NOUVELLES<\/a><\/div>\n<div class=\"cat-home-img\"><a href=\"https:\/\/awf.world\/fr\/awf-news\/connaissez-marcel-bunda-le-nouveau-president-de-leglise-cma-de-la-republique-democratique-du-congo\/\"><img decoding=\"async\" class=\"attachment-255xauto size-255xauto\" src=\"https:\/\/awf.world\/wp-content\/uploads\/2019\/08\/New-President-Congo-DRC_Marcel-Bunda_2019-08-wpv_255xauto.jpg\" width=\"255\" height=\"auto\" alt=\"\" \/><\/a><\/div>\n<div class=\"cat-home-title\"><a href=\"https:\/\/awf.world\/fr\/awf-news\/connaissez-marcel-bunda-le-nouveau-president-de-leglise-cma-de-la-republique-democratique-du-congo\/\">Connaissez Marcel Bunda, le nouveau Pr\u00e9sident de l\u2019\u00c9glise CMA de la R\u00e9publique D\u00e9mocratique du Congo<\/a><\/div>\n <div class=\"cat-home-date\">ao\u00fbt 16, 2019<\/div>\n<div class=\"cat-home-short-description\">  <p>Le r\u00e9v\u00e9rend Marcel Bunda Bunda est le nouveau Pr\u00e9sident de l\u2019Alliance en RD Congo. Pendant son mandat, il esp\u00e8re voir l\u2019\u00e9glise devenir plus ax\u00e9e sur la mission et mener une vie remplie de pri\u00e8re. Prions pour que le Seigneur envoie Son Saint-Esprit pour le guider, lui et sa famille.<\/p>\n<\/div>\n\n<\/div>\n\t\n\t\t<div class=\"cat-home\">\n<div class=\"cat-home-category\"><a href=\"https:\/\/awf.world\/fr\/category\/afrique\/\">AFRIQUE<\/a>\/<a href=\"https:\/\/awf.world\/fr\/category\/news-fr\/\">NOUVELLES<\/a><\/div>\n<div class=\"cat-home-img\"><a href=\"https:\/\/awf.world\/fr\/awf-news\/37-ans-de-liberte-dans-christ-au-liberia\/\"><img decoding=\"async\" class=\"attachment-255xauto size-255xauto\" src=\"https:\/\/awf.world\/wp-content\/uploads\/2019\/08\/37th-Anniversary-Celebration-CMA-Liberia_2019-052-wpv_255xauto.jpg\" width=\"255\" height=\"auto\" alt=\"\" \/><\/a><\/div>\n<div class=\"cat-home-title\"><a href=\"https:\/\/awf.world\/fr\/awf-news\/37-ans-de-liberte-dans-christ-au-liberia\/\">37 Ans de Libert\u00e9 dans Christ au Liberia<\/a><\/div>\n <div class=\"cat-home-date\">ao\u00fbt 15, 2019<\/div>\n<div class=\"cat-home-short-description\">  <p>L\u2019\u00c9glise des Croyants, l\u2019\u00c9glise CMA au Liberia, a c\u00e9l\u00e9br\u00e9 son 37e anniversaire \u00e0 la fin mai 2019 dans la ville de Monrovia. L\u2019\u00e9v\u00e9nement a r\u00e9uni des membres de tout le pays dans une c\u00e9l\u00e9bration d\u2019une semaine remplie d\u2019adoration, de Parole de Dieu, de reconnaissance et de pri\u00e8re. Puisse Dieu continuer \u00e0 b\u00e9nir leur minist\u00e8re et guider le r\u00e9v\u00e9rend Liberty dans sa direction de la Famille de l\u2019Alliance au Liberia.<\/p>\n<\/div>\n\n<\/div>\n\t\n\t\t<div class=\"cat-home\">\n<div class=\"cat-home-category\"><a href=\"https:\/\/awf.world\/fr\/category\/latin-america-fr\/\">AM\u00c9RIQUE LATINE<\/a>\/<a href=\"https:\/\/awf.world\/fr\/category\/news-fr\/\">NOUVELLES<\/a><\/div>\n<div class=\"cat-home-img\"><a href=\"https:\/\/awf.world\/fr\/awf-news\/congres-des-femmes-amada-4-en-equateur\/\"><img decoding=\"async\" class=\"attachment-255xauto size-255xauto\" src=\"https:\/\/awf.world\/wp-content\/uploads\/2019\/08\/Women-Congress_Ecuador_2019-071-wpv_255xauto.jpg\" width=\"255\" height=\"auto\" alt=\"\" \/><\/a><\/div>\n<div class=\"cat-home-title\"><a href=\"https:\/\/awf.world\/fr\/awf-news\/congres-des-femmes-amada-4-en-equateur\/\">Congr\u00e8s des Femmes \u00ab Amada 4 \u00bb en Equateur<\/a><\/div>\n <div class=\"cat-home-date\">ao\u00fbt 14, 2019<\/div>\n<div class=\"cat-home-short-description\">  <p>Avec la participation de 512 femmes du continent latino-am\u00e9ricain, le Congr\u00e8s des femmes \u00ab AMADA 4 \u00bb a \u00e9t\u00e9 d\u00e9velopp\u00e9 sur le th\u00e8me : \u00ab Prendre soin du C\u0153ur d\u2019une Femme \u00bb, le plus grand \u00e9v\u00e9nement de la communaut\u00e9 de l\u2019Alliance f\u00e9minine, tenu du 24 au 27 de juillet, dans l\u2019\u00c9glise de l\u2019Alliance Centrale de la ville de Milagro, en \u00c9quateur.<\/p>\n<\/div>\n\n<\/div>\n\t\n\t\t<div class=\"cat-home\">\n<div class=\"cat-home-category\"><a href=\"https:\/\/awf.world\/fr\/category\/afrique\/\">AFRIQUE<\/a>\/<a href=\"https:\/\/awf.world\/fr\/category\/news-fr\/\">NOUVELLES<\/a><\/div>\n<div class=\"cat-home-img\"><a href=\"https:\/\/awf.world\/fr\/awf-news\/lalliance-en-angola-setend-sur-le-continent\/\"><img decoding=\"async\" class=\"attachment-255xauto size-255xauto\" src=\"https:\/\/awf.world\/wp-content\/uploads\/2019\/08\/Angola_Evangelistic-Work-in-the-middle-of-the-Mayombe-Forest1-wpv_255xauto.jpg\" width=\"255\" height=\"auto\" alt=\"\" \/><\/a><\/div>\n<div class=\"cat-home-title\"><a href=\"https:\/\/awf.world\/fr\/awf-news\/lalliance-en-angola-setend-sur-le-continent\/\">L\u2019Alliance en Angola s\u2019\u00e9tend sur le \u00ab continent \u00bb<\/a><\/div>\n <div class=\"cat-home-date\">ao\u00fbt 8, 2019<\/div>\n<div class=\"cat-home-short-description\">  <p>La seule \u00e9glise nationale d\u2019alliance lusophone en Afrique, l\u2019ICAA (Igreja Crist\u00e3 de Alian\u00e7a em Angola) est concentr\u00e9e dans la province de Cabinda, riche en p\u00e9trole, mais il est pr\u00e9vu d\u2019\u00e9tendre sa pr\u00e9sence sur le \u00ab continent \u00bb Angola, en implantant de nouvelles \u00e9glises dans les provinces de Malanje, Moxico et Za\u00efre.<\/p>\n<\/div>\n\n<\/div>\n\t\n\t\t<div class=\"cat-home\">\n<div class=\"cat-home-category\"><a href=\"https:\/\/awf.world\/fr\/category\/news-fr\/\">NOUVELLES<\/a><\/div>\n<div class=\"cat-home-img\"><a href=\"https:\/\/awf.world\/fr\/awf-news\/icte-promouvoir-la-philosophie-de-lalliance\/\"><img decoding=\"async\" class=\"attachment-255xauto size-255xauto\" src=\"https:\/\/awf.world\/wp-content\/uploads\/2019\/07\/ICTE-Meeting_New-York_2019-07-wpv_255xauto.jpeg\" width=\"255\" height=\"auto\" alt=\"\" \/><\/a><\/div>\n<div class=\"cat-home-title\"><a href=\"https:\/\/awf.world\/fr\/awf-news\/icte-promouvoir-la-philosophie-de-lalliance\/\">ICTE : Promouvoir la Philosophie de l\u2019Alliance<\/a><\/div>\n <div class=\"cat-home-date\">juillet 12, 2019<\/div>\n<div class=\"cat-home-short-description\">  <p>Les membres de la Commission Internationale sur l\u2019\u00c9ducation Th\u00e9ologique (ICTE) se sont r\u00e9unis \u00e0 Nyack, New-York pour discuter des moyens par lesquels l\u2019AWF peut encourager les \u00c9glises Nationales de l\u2019Alliance \u00e0 continuer \u00e0 adopter et \u00e0 promouvoir une philosophie de l\u2019Alliance dans leurs minist\u00e8res et leurs contextes.<\/p>\n<\/div>\n\n<\/div>\n\t\n\t\t<div class=\"cat-home\">\n<div class=\"cat-home-category\"><a href=\"https:\/\/awf.world\/fr\/category\/news-fr\/\">NOUVELLES<\/a><\/div>\n<div class=\"cat-home-img\"><a href=\"https:\/\/awf.world\/fr\/awf-news\/prix-de-theologie-de-lawf\/\"><img decoding=\"async\" class=\"attachment-255xauto size-255xauto\" src=\"https:\/\/awf.world\/wp-content\/uploads\/2019\/07\/AWF-Theology-Award-2019_French-wpv_255xauto.png\" width=\"255\" height=\"auto\" alt=\"\" \/><\/a><\/div>\n<div class=\"cat-home-title\"><a href=\"https:\/\/awf.world\/fr\/awf-news\/prix-de-theologie-de-lawf\/\">Prix de Th\u00e9ologie de l\u2019UMA<\/a><\/div>\n <div class=\"cat-home-date\">juillet 12, 2019<\/div>\n<div class=\"cat-home-short-description\">  <p>L\u2019Union Mondiale de l'Alliance (UMA) est heureuse d\u2019annoncer la cr\u00e9ation d\u2019un prix de recherche th\u00e9ologique, le Prix de Th\u00e9ologie de l\u2019UMA.<\/p>\n<\/div>\n\n<\/div>\n\t\n\t\t<div class=\"cat-home\">\n<div class=\"cat-home-category\"><a href=\"https:\/\/awf.world\/fr\/category\/news-fr\/\">NOUVELLES<\/a>\/<a href=\"https:\/\/awf.world\/fr\/category\/news-fr\/education-theologique\/\">\u00c9ducation Theologiqu\u00e9<\/a><\/div>\n<div class=\"cat-home-img\"><a href=\"https:\/\/awf.world\/fr\/awf-news\/initiative-de-formation-de-lawf-icte-des-jeunes-etudiants\/\"><img decoding=\"async\" class=\"attachment-255xauto size-255xauto\" src=\"https:\/\/awf.world\/wp-content\/uploads\/2019\/07\/AWF-ICTE_Young-Scholars-Program_Simpsons-Grave_Nyack_2019-06-243-wpv_255xauto.jpg\" width=\"255\" height=\"auto\" alt=\"\" \/><\/a><\/div>\n<div class=\"cat-home-title\"><a href=\"https:\/\/awf.world\/fr\/awf-news\/initiative-de-formation-de-lawf-icte-des-jeunes-etudiants\/\">Initiative de Formation de l\u2019UMA-ICTE des Jeunes \u00c9tudiants<\/a><\/div>\n <div class=\"cat-home-date\">juillet 5, 2019<\/div>\n<div class=\"cat-home-short-description\">  <p>Les enseignants sont revenus dans l\u2019histoire \u00e0 la fin du mois de juin en participant \u00e0 l\u2019Initiative de Formation des Jeunes \u00c9tudiants de l\u2019UMA-ICTE (Commission Internationale pour l\u2019\u00c9ducation Th\u00e9ologique) \u00e0 Nyack, dans l\u2019\u00c9tat de New York. Des participants s\u00e9lectionn\u00e9s du monde entier ont re\u00e7u une formation sur les \u00c9l\u00e9ments Distinctifs de l\u2019Alliance en vue de pr\u00e9parer leurs futurs enseignements dans leurs r\u00e9gions respectives de l\u2019Union Mondiale de l'Alliance. Ce fut une \u00e9tape importante dans la promotion de l\u2019Alliance aupr\u00e8s de la prochaine g\u00e9n\u00e9ration de dirigeants.<\/p>\n<\/div>\n\n<\/div>\n\t\n\t\t<div class=\"cat-home\">\n<div class=\"cat-home-category\"><\/div>\n<div class=\"cat-home-img\"><a href=\"https:\/\/awf.world\/fr\/awf-video-view\/nous-sommes-alliance-nouvelle-zelande\/\"><img decoding=\"async\" class=\"attachment-255xauto size-255xauto\" src=\"https:\/\/awf.world\/wp-content\/uploads\/2019\/07\/Nous-Sommes-Alliance-Nouvelle-Zelande-wpv_255xauto.png\" width=\"255\" height=\"auto\" alt=\"\" \/><\/a><\/div>\n<div class=\"cat-home-title\"><a href=\"https:\/\/awf.world\/fr\/awf-video-view\/nous-sommes-alliance-nouvelle-zelande\/\">Nous Sommes Alliance : Nouvelle-Z\u00e9lande<\/a><\/div>\n <div class=\"cat-home-date\">juillet 2, 2019<\/div>\n<div class=\"cat-home-short-description\">  <\/div>\n\n<\/div>\n\t\n\t\t<div class=\"cat-home\">\n<div class=\"cat-home-category\"><\/div>\n<div class=\"cat-home-img\"><a href=\"https:\/\/awf.world\/fr\/awf-video-view\/nous-sommes-alliance-burkina-faso\/\"><img decoding=\"async\" class=\"attachment-255xauto size-255xauto\" src=\"https:\/\/awf.world\/wp-content\/uploads\/2019\/07\/Nous-Sommes-Alliance-Burkina-Faso-wpv_255xauto.png\" width=\"255\" height=\"auto\" alt=\"\" \/><\/a><\/div>\n<div class=\"cat-home-title\"><a href=\"https:\/\/awf.world\/fr\/awf-video-view\/nous-sommes-alliance-burkina-faso\/\">Nous Sommes Alliance : Burkina Faso<\/a><\/div>\n <div class=\"cat-home-date\">juillet 2, 2019<\/div>\n<div class=\"cat-home-short-description\">  <\/div>\n\n<\/div>\n\t\n\t\t<div class=\"cat-home\">\n<div class=\"cat-home-category\"><\/div>\n<div class=\"cat-home-img\"><a href=\"https:\/\/awf.world\/fr\/awf-video-view\/nous-sommes-alliance-gabon\/\"><img decoding=\"async\" class=\"attachment-255xauto size-255xauto\" src=\"https:\/\/awf.world\/wp-content\/uploads\/2019\/07\/Nous-Sommes-Alliance-Gabon-wpv_255xauto.png\" width=\"255\" height=\"auto\" alt=\"\" \/><\/a><\/div>\n<div class=\"cat-home-title\"><a href=\"https:\/\/awf.world\/fr\/awf-video-view\/nous-sommes-alliance-gabon\/\">Nous Sommes Alliance : Gabon<\/a><\/div>\n <div class=\"cat-home-date\">juillet 2, 2019<\/div>\n<div class=\"cat-home-short-description\">  <\/div>\n\n<\/div>\n\t\n\t\t<div class=\"cat-home\">\n<div class=\"cat-home-category\"><\/div>\n<div class=\"cat-home-img\"><a href=\"https:\/\/awf.world\/fr\/awf-video-view\/nous-sommes-alliance-republique-democratique-du-congo\/\"><img decoding=\"async\" class=\"attachment-255xauto size-255xauto\" src=\"https:\/\/awf.world\/wp-content\/uploads\/2019\/07\/Nous-Sommes-Alliance-Congo-RDC-wpv_255xauto.png\" width=\"255\" height=\"auto\" alt=\"\" \/><\/a><\/div>\n<div class=\"cat-home-title\"><a href=\"https:\/\/awf.world\/fr\/awf-video-view\/nous-sommes-alliance-republique-democratique-du-congo\/\">Nous Sommes Alliance : R\u00e9publique D\u00e9mocratique du Congo<\/a><\/div>\n <div class=\"cat-home-date\">juillet 2, 2019<\/div>\n<div class=\"cat-home-short-description\">  <\/div>\n\n<\/div>\n\t\n\t\t<div class=\"cat-home\">\n<div class=\"cat-home-category\"><\/div>\n<div class=\"cat-home-img\"><a href=\"https:\/\/awf.world\/fr\/awf-video-view\/nous-sommes-alliance-canada\/\"><img decoding=\"async\" class=\"attachment-255xauto size-255xauto\" src=\"https:\/\/awf.world\/wp-content\/uploads\/2019\/07\/Nous-Sommes-Alliance-Canada-wpv_255xauto.png\" width=\"255\" height=\"auto\" alt=\"\" \/><\/a><\/div>\n<div class=\"cat-home-title\"><a href=\"https:\/\/awf.world\/fr\/awf-video-view\/nous-sommes-alliance-canada\/\">Nous Sommes Alliance : Canada<\/a><\/div>\n <div class=\"cat-home-date\">juillet 2, 2019<\/div>\n<div class=\"cat-home-short-description\">  <\/div>\n\n<\/div>\n\t\n\t\t<div class=\"cat-home\">\n<div class=\"cat-home-category\"><\/div>\n<div class=\"cat-home-img\"><a href=\"https:\/\/awf.world\/fr\/awf-video-view\/nous-sommes-alliance-etats-unis\/\"><img decoding=\"async\" class=\"attachment-255xauto size-255xauto\" src=\"https:\/\/awf.world\/wp-content\/uploads\/2019\/07\/Nous-Sommes-Alliance-USA-wpv_255xauto.png\" width=\"255\" height=\"auto\" alt=\"\" \/><\/a><\/div>\n<div class=\"cat-home-title\"><a href=\"https:\/\/awf.world\/fr\/awf-video-view\/nous-sommes-alliance-etats-unis\/\">Nous Sommes Alliance : \u00c9tats-Unis<\/a><\/div>\n <div class=\"cat-home-date\">juillet 2, 2019<\/div>\n<div class=\"cat-home-short-description\">  <\/div>\n\n<\/div>\n\t\n\t\t<div class=\"cat-home\">\n<div class=\"cat-home-category\"><a href=\"https:\/\/awf.world\/fr\/category\/europe-middle-east\/\">EUROPE &amp; MIDDLE EAST<\/a>\/<a href=\"https:\/\/awf.world\/fr\/category\/news-fr\/\">NOUVELLES<\/a><\/div>\n<div class=\"cat-home-img\"><a href=\"https:\/\/awf.world\/fr\/awf-news\/celebrations-du-25eme-anniversaire-de-leglise-nationale-de-lalliance-en-russie\/\"><img decoding=\"async\" class=\"attachment-255xauto size-255xauto\" src=\"https:\/\/awf.world\/wp-content\/uploads\/2019\/06\/CMA-Russia1b-wpv_255xauto.jpg\" width=\"255\" height=\"auto\" alt=\"\" \/><\/a><\/div>\n<div class=\"cat-home-title\"><a href=\"https:\/\/awf.world\/fr\/awf-news\/celebrations-du-25eme-anniversaire-de-leglise-nationale-de-lalliance-en-russie\/\">C\u00e9l\u00e9brations du 25\u00e8me Anniversaire de l\u2019\u00c9glise Nationale de l\u2019Alliance en Russie<\/a><\/div>\n <div class=\"cat-home-date\">juin 27, 2019<\/div>\n<div class=\"cat-home-short-description\">  <p>La Conf\u00e9rence Nationale et les c\u00e9l\u00e9brations du 25e anniversaire de l\u2019\u00c9glise Nationale de l\u2019Alliance en Russie (ECMU) ont eu lieu les 23 et 25 mai \u00e0 Novorossiysk, Krasnodar Krai, en Russie.<\/p>\n<\/div>\n\n<\/div>\n\t\n\t\t<div class=\"cat-home\">\n<div class=\"cat-home-category\"><a href=\"https:\/\/awf.world\/fr\/category\/news-fr\/\">NOUVELLES<\/a><\/div>\n<div class=\"cat-home-img\"><a href=\"https:\/\/awf.world\/fr\/awf-news\/peter-laughlin-est-nomme-a-la-presidence-de-la-commission-internationale-pour-leducation-theologique-de-lawf\/\"><img decoding=\"async\" class=\"attachment-255xauto size-255xauto\" src=\"https:\/\/awf.world\/wp-content\/uploads\/2019\/06\/Photo_Peter-Laughlin_2019-wpv_255xauto.jpg\" width=\"255\" height=\"auto\" alt=\"\" \/><\/a><\/div>\n<div class=\"cat-home-title\"><a href=\"https:\/\/awf.world\/fr\/awf-news\/peter-laughlin-est-nomme-a-la-presidence-de-la-commission-internationale-pour-leducation-theologique-de-lawf\/\">Peter Laughlin est Nomm\u00e9 \u00e0 la Pr\u00e9sidence de la Commission Internationale pour l\u2019\u00c9ducation Th\u00e9ologique de l\u2019AWF<\/a><\/div>\n <div class=\"cat-home-date\">juin 18, 2019<\/div>\n<div class=\"cat-home-short-description\">  <p>Connaissez Peter Laughlin, le nouveau Pr\u00e9sident de la Commission Internationale pour l'\u00c9ducation Th\u00e9ologique de l\u2019AWF. Le Dr Laughlin terminera le mandat initi\u00e9 par le Dr Bernie Van de Walle, qui a remis sa d\u00e9mission \u00e0 la suite de sa nomination au poste de Surintendant du District du Midwest canadien.<\/p>\n<\/div>\n\n<\/div>\n\t\n\t\t<div class=\"cat-home\">\n<div class=\"cat-home-category\"><a href=\"https:\/\/awf.world\/fr\/category\/asia-pacific\/\">ASIA &amp; PACIFIC<\/a>\/<a href=\"https:\/\/awf.world\/fr\/category\/news-fr\/\">NOUVELLES<\/a><\/div>\n<div class=\"cat-home-img\"><a href=\"https:\/\/awf.world\/fr\/awf-news\/des-pasteurs-de-lalliance-en-inde-mobilises-pour-planter-des-eglises-parmi-les-groupes-de-personnes-non-atteintes\/\"><img decoding=\"async\" class=\"attachment-255xauto size-255xauto\" src=\"https:\/\/awf.world\/wp-content\/uploads\/2019\/06\/NAFI-Alliance-Pastors_2019-05-wpv_255xauto.jpg\" width=\"255\" height=\"auto\" alt=\"\" \/><\/a><\/div>\n<div class=\"cat-home-title\"><a href=\"https:\/\/awf.world\/fr\/awf-news\/des-pasteurs-de-lalliance-en-inde-mobilises-pour-planter-des-eglises-parmi-les-groupes-de-personnes-non-atteintes\/\">Des Pasteurs de l\u2019Alliance en Inde Mobilis\u00e9s pour Planter des \u00c9glises Parmi les Groupes de Personnes Non Atteintes<\/a><\/div>\n <div class=\"cat-home-date\">juin 13, 2019<\/div>\n<div class=\"cat-home-short-description\">  <p>Plus de 25 pasteurs de l\u2019Alliance et leaders de divers minist\u00e8res li\u00e9s \u00e0 l\u2019Alliance Chr\u00e9tienne et Missionnaire en Inde ont partag\u00e9 leur minist\u00e8re actuel et leurs projets futurs de plantation d'\u00e9glises et de mission dans les grands groupes non atteints du pays.<\/p>\n<\/div>\n\n<\/div>\n\t\n\t\t<div class=\"cat-home\">\n<div class=\"cat-home-category\"><a href=\"https:\/\/awf.world\/fr\/category\/europe-middle-east\/\">EUROPE &amp; MIDDLE EAST<\/a>\/<a href=\"https:\/\/awf.world\/fr\/category\/news-fr\/\">NOUVELLES<\/a><\/div>\n<div class=\"cat-home-img\"><a href=\"https:\/\/awf.world\/fr\/awf-news\/travailleurs-du-ministere-arabe\/\"><img decoding=\"async\" class=\"attachment-255xauto size-255xauto\" src=\"https:\/\/awf.world\/wp-content\/uploads\/2019\/06\/Arabic-Workshop_EMERALD-Conference_2019-04-wpv_255xauto.jpeg\" width=\"255\" height=\"auto\" alt=\"\" \/><\/a><\/div>\n<div class=\"cat-home-title\"><a href=\"https:\/\/awf.world\/fr\/awf-news\/travailleurs-du-ministere-arabe\/\">Travailleurs du Minist\u00e8re Arabe<\/a><\/div>\n <div class=\"cat-home-date\">juin 11, 2019<\/div>\n<div class=\"cat-home-short-description\">  <p>Quarante participants d\u2019origine arabe de dix pays se sont rencontr\u00e9s lors de l\u2019Atelier de Pr\u00e9-Conf\u00e9rence du Minist\u00e8re Arabe \u00e0 la Conf\u00e9rence R\u00e9gionale AWF EMERALD pour \u00e9changer sur leurs \u00e9glises et discuter de la proximit\u00e9 avec les musulmans.<\/p>\n<\/div>\n\n<\/div>\n\t\n\t\t<div class=\"cat-home\">\n<div class=\"cat-home-category\"><a href=\"https:\/\/awf.world\/fr\/category\/asia-pacific\/\">ASIA &amp; PACIFIC<\/a>\/<a href=\"https:\/\/awf.world\/fr\/category\/news-fr\/\">NOUVELLES<\/a><\/div>\n<div class=\"cat-home-img\"><a href=\"https:\/\/awf.world\/fr\/awf-news\/connaissez-chamroeun-ruom-le-nouveau-president-de-leglise-cma-du-cambodge\/\"><img decoding=\"async\" class=\"attachment-255xauto size-255xauto\" src=\"https:\/\/awf.world\/wp-content\/uploads\/2019\/06\/New-President-Cambodia_Chamroeun-Roum_2019-05without-logo-wpv_255xauto.png\" width=\"255\" height=\"auto\" alt=\"\" \/><\/a><\/div>\n<div class=\"cat-home-title\"><a href=\"https:\/\/awf.world\/fr\/awf-news\/connaissez-chamroeun-ruom-le-nouveau-president-de-leglise-cma-du-cambodge\/\">Connaissez Chamroeun Ruom, le nouveau Pr\u00e9sident de l\u2019\u00c9glise CMA du Cambodge<\/a><\/div>\n <div class=\"cat-home-date\">juin 7, 2019<\/div>\n<div class=\"cat-home-short-description\">  <p>Le r\u00e9v\u00e9rend Chamroeun Ruom est le nouveau pr\u00e9sident de l\u2019Alliance au Cambodge. Il esp\u00e8re voir les \u00e9glises locales unies et ancr\u00e9es dans l\u2019enseignement biblique, et tendre la main aux pays voisins pour diffuser la Bonne Nouvelle.<\/p>\n<\/div>\n\n<\/div>\n\t\n\t\t<div class=\"cat-home\">\n<div class=\"cat-home-category\"><a href=\"https:\/\/awf.world\/fr\/category\/news-fr\/\">NOUVELLES<\/a><\/div>\n<div class=\"cat-home-img\"><a href=\"https:\/\/awf.world\/fr\/awf-news\/discerner-ensemble-les-nouvelles-initiatives-missionnaires\/\"><img decoding=\"async\" class=\"attachment-255xauto size-255xauto\" src=\"https:\/\/awf.world\/wp-content\/uploads\/2019\/05\/Mission-Leaders-Meeting_Germany_2019-04-wpv_255xauto.jpeg\" width=\"255\" height=\"auto\" alt=\"\" \/><\/a><\/div>\n<div class=\"cat-home-title\"><a href=\"https:\/\/awf.world\/fr\/awf-news\/discerner-ensemble-les-nouvelles-initiatives-missionnaires\/\">Discerner Ensemble les Nouvelles Initiatives Missionnaires<\/a><\/div>\n <div class=\"cat-home-date\">mai 30, 2019<\/div>\n<div class=\"cat-home-short-description\">  <p>Alors que de plus en plus d\u2019\u00c9glises de l\u2019Alliance Nationale envoient des missionnaires de diff\u00e9rentes cultures, les leaders de mission se r\u00e9unissent pour discerner dans la pri\u00e8re les prochaines \u00e9tapes pour accomplir le mandat de Dieu de proclamer le Christ \u00e0 toutes les nations.<\/p>\n<\/div>\n\n<\/div>\n\t\n\t\t<div class=\"cat-home\">\n<div class=\"cat-home-category\"><a href=\"https:\/\/awf.world\/fr\/category\/europe-middle-east\/\">EUROPE &amp; MIDDLE EAST<\/a>\/<a href=\"https:\/\/awf.world\/fr\/category\/news-fr\/\">NOUVELLES<\/a><\/div>\n<div class=\"cat-home-img\"><a href=\"https:\/\/awf.world\/fr\/awf-news\/conference-regionale-awf-emerald-europe-et-moyen-orient-en-allemagne-1-4-mai-2019\/\"><img decoding=\"async\" class=\"attachment-255xauto size-255xauto\" src=\"https:\/\/awf.world\/wp-content\/uploads\/2019\/05\/Emerald-Regional-Conference_Germany_2019-05-wpv_255xauto.jpg\" width=\"255\" height=\"auto\" alt=\"\" \/><\/a><\/div>\n<div class=\"cat-home-title\"><a href=\"https:\/\/awf.world\/fr\/awf-news\/conference-regionale-awf-emerald-europe-et-moyen-orient-en-allemagne-1-4-mai-2019\/\">Conf\u00e9rence R\u00e9gionale AWF EMERALD (Europe et Moyen-Orient) en Allemagne (1-4 mai 2019)<\/a><\/div>\n <div class=\"cat-home-date\">mai 17, 2019<\/div>\n<div class=\"cat-home-short-description\">  <p>La Conf\u00e9rence R\u00e9gionale AWF EMERALD 2019 \u00e9tait la plus grande conf\u00e9rence r\u00e9gionale de l\u2019AWF de l\u2019histoire, avec plus de 140 d\u00e9l\u00e9gu\u00e9s pr\u00e9sents de la r\u00e9gion et de la grande famille de l\u2019AWF, y compris m\u00eame d\u2019Am\u00e9rique Latine.<\/p>\n<\/div>\n\n<\/div>\n\t\n\t\t<div class=\"cat-home\">\n<div class=\"cat-home-category\"><a href=\"https:\/\/awf.world\/fr\/category\/afrique\/\">AFRIQUE<\/a>\/<a href=\"https:\/\/awf.world\/fr\/category\/news-fr\/\">NOUVELLES<\/a><\/div>\n<div class=\"cat-home-img\"><a href=\"https:\/\/awf.world\/fr\/awf-news\/connaissez-nguessan-kouadio-noel-le-nouveau-president-de-leglise-cma-de-cote-divoire\/\"><img decoding=\"async\" class=\"attachment-255xauto size-255xauto\" src=\"https:\/\/awf.world\/wp-content\/uploads\/2019\/05\/New-President-Cote-dIvoire_No\u00ebl-NGuessan_2019-03-2-wpv_255xauto.jpg\" width=\"255\" height=\"auto\" alt=\"\" \/><\/a><\/div>\n<div class=\"cat-home-title\"><a href=\"https:\/\/awf.world\/fr\/awf-news\/connaissez-nguessan-kouadio-noel-le-nouveau-president-de-leglise-cma-de-cote-divoire\/\">Connaissez Noel N\u2019Guessan Kouadio, le nouveau Pr\u00e9sident de l\u2019\u00c9glise CMA de C\u00f4te d\u2019Ivoire<\/a><\/div>\n <div class=\"cat-home-date\">mai 17, 2019<\/div>\n<div class=\"cat-home-short-description\">  <p>Le r\u00e9v\u00e9rend Noel N\u2019Guessan Kouadio est le nouveau Pr\u00e9sident de l\u2019\u00c9glise CMA de C\u00f4te d\u2019Ivoire et fait partie de la troisi\u00e8me g\u00e9n\u00e9ration de sa famille \u00e0 servir Dieu au travers de l\u2019Alliance Chr\u00e9tienne et Missionnaire. Sa vision est de voir la gloire de Dieu restaur\u00e9e au sein de l\u2019Alliance, dans le monde entier et dans son pays.<\/p>\n<\/div>\n\n<\/div>\n\t\n\t\t<div class=\"cat-home\">\n<div class=\"cat-home-category\"><\/div>\n<div class=\"cat-home-img\"><a href=\"https:\/\/awf.world\/fr\/volunteerings\/projets-de-redaction-technique\/\"><\/a><\/div>\n<div class=\"cat-home-title\"><a href=\"https:\/\/awf.world\/fr\/volunteerings\/projets-de-redaction-technique\/\">Projets de r\u00e9daction technique<\/a><\/div>\n <div class=\"cat-home-date\">mai 10, 2019<\/div>\n<div class=\"cat-home-short-description\">  <\/div>\n\n<\/div>\n\t\n\t\t<div class=\"cat-home\">\n<div class=\"cat-home-category\"><\/div>\n<div class=\"cat-home-img\"><a href=\"https:\/\/awf.world\/fr\/volunteerings\/les-journalistes-ecrivent-des-histoires\/\"><\/a><\/div>\n<div class=\"cat-home-title\"><a href=\"https:\/\/awf.world\/fr\/volunteerings\/les-journalistes-ecrivent-des-histoires\/\">Les journalistes \u00e9crivent des histoires<\/a><\/div>\n <div class=\"cat-home-date\">mai 10, 2019<\/div>\n<div class=\"cat-home-short-description\">  <\/div>\n\n<\/div>\n\t\n\t\t<div class=\"cat-home\">\n<div class=\"cat-home-category\"><\/div>\n<div class=\"cat-home-img\"><a href=\"https:\/\/awf.world\/fr\/volunteerings\/il-ny-a-pas-dopportunites-pour-linstant\/\"><\/a><\/div>\n<div class=\"cat-home-title\"><a href=\"https:\/\/awf.world\/fr\/volunteerings\/il-ny-a-pas-dopportunites-pour-linstant\/\">Il n&rsquo;y a pas d&rsquo;opportunit\u00e9s pour l&rsquo;instant<\/a><\/div>\n <div class=\"cat-home-date\">mai 8, 2019<\/div>\n<div class=\"cat-home-short-description\">  <\/div>\n\n<\/div>\n\t\n\t\t<div class=\"cat-home\">\n<div class=\"cat-home-category\"><\/div>\n<div class=\"cat-home-img\"><a href=\"https:\/\/awf.world\/fr\/volunteerings\/traducteurs-anglais-espagnol-francais\/\"><\/a><\/div>\n<div class=\"cat-home-title\"><a href=\"https:\/\/awf.world\/fr\/volunteerings\/traducteurs-anglais-espagnol-francais\/\">Traducteurs Anglais-Espagnol-Fran\u00e7ais<\/a><\/div>\n <div class=\"cat-home-date\">mai 8, 2019<\/div>\n<div class=\"cat-home-short-description\">  <\/div>\n\n<\/div>\n\t\n\t\t<div class=\"cat-home\">\n<div class=\"cat-home-category\"><\/div>\n<div class=\"cat-home-img\"><a href=\"https:\/\/awf.world\/fr\/volunteerings\/editeur-video-court\/\"><\/a><\/div>\n<div class=\"cat-home-title\"><a href=\"https:\/\/awf.world\/fr\/volunteerings\/editeur-video-court\/\">\u00c9diteur vid\u00e9o court<\/a><\/div>\n <div class=\"cat-home-date\">mai 8, 2019<\/div>\n<div class=\"cat-home-short-description\">  <\/div>\n\n<\/div>\n\t\n\t\t<div class=\"cat-home\">\n<div class=\"cat-home-category\"><\/div>\n<div class=\"cat-home-img\"><a href=\"https:\/\/awf.world\/fr\/volunteerings\/les-photographes\/\"><\/a><\/div>\n<div class=\"cat-home-title\"><a href=\"https:\/\/awf.world\/fr\/volunteerings\/les-photographes\/\">Les photographes<\/a><\/div>\n <div class=\"cat-home-date\">mai 8, 2019<\/div>\n<div class=\"cat-home-short-description\">  <\/div>\n\n<\/div>\n\t\n\t\t<div class=\"cat-home\">\n<div class=\"cat-home-category\"><a href=\"https:\/\/awf.world\/fr\/category\/asia-pacific\/\">ASIA &amp; PACIFIC<\/a>\/<a href=\"https:\/\/awf.world\/fr\/category\/news-fr\/\">NOUVELLES<\/a><\/div>\n<div class=\"cat-home-img\"><a href=\"https:\/\/awf.world\/fr\/awf-news\/sept-personnes-accepterent-jesus-dans-le-projet-dinstallation-deglises-vietnamo-thailandaises\/\"><img decoding=\"async\" class=\"attachment-255xauto size-255xauto\" src=\"https:\/\/awf.world\/wp-content\/uploads\/2019\/02\/Picture-3-2-wpv_255xauto.jpg\" width=\"255\" height=\"auto\" alt=\"\" \/><\/a><\/div>\n<div class=\"cat-home-title\"><a href=\"https:\/\/awf.world\/fr\/awf-news\/sept-personnes-accepterent-jesus-dans-le-projet-dinstallation-deglises-vietnamo-thailandaises\/\">Sept personnes accept\u00e8rent J\u00e9sus dans le Projet d&rsquo;Implantation d&rsquo;\u00c9glises Vietnamo-Tha\u00eflandaises<\/a><\/div>\n <div class=\"cat-home-date\">avril 19, 2019<\/div>\n<div class=\"cat-home-short-description\">  <p>La main du Seigneur est toujours visible dans son minist\u00e8re \u00e0 travers de Narong et Tinh pour atteindre les Vietnamiens-Tha\u00eflandais en Tha\u00eflande. Au cours des deux derniers mois, sept personnes ont accept\u00e9 Christ dans leur c\u0153ur.<\/p>\n<\/div>\n\n<\/div>\n\t\n\t\t<div class=\"cat-home\">\n<div class=\"cat-home-category\"><a href=\"https:\/\/awf.world\/fr\/category\/asia-pacific\/\">ASIA &amp; PACIFIC<\/a>\/<a href=\"https:\/\/awf.world\/fr\/category\/news-fr\/\">NOUVELLES<\/a><\/div>\n<div class=\"cat-home-img\"><a href=\"https:\/\/awf.world\/fr\/awf-news\/le-president-de-lalliance-visite-la-region-inondee-de-papouasie-en-indonesie\/\"><img decoding=\"async\" class=\"attachment-255xauto size-255xauto\" src=\"https:\/\/awf.world\/wp-content\/uploads\/2019\/04\/Flooding-in-Papua-Indonesia_2019-043-wpv_255xauto.jpg\" width=\"255\" height=\"auto\" alt=\"\" \/><\/a><\/div>\n<div class=\"cat-home-title\"><a href=\"https:\/\/awf.world\/fr\/awf-news\/le-president-de-lalliance-visite-la-region-inondee-de-papouasie-en-indonesie\/\">Le Pr\u00e9sident de l\u2019Alliance Visite la R\u00e9gion Inond\u00e9e de Papouasie, en Indon\u00e9sie<\/a><\/div>\n <div class=\"cat-home-date\">avril 11, 2019<\/div>\n<div class=\"cat-home-short-description\">  <p>Le 17 mars 2019, des inondations et des glissements de terrain provoqu\u00e9s par des pluies torrentielles ont frapp\u00e9 le district de Jayapura, dans la province de Papouasie, en Indon\u00e9sie. Les maisons, les immeubles \u00e0 bureaux, les routes, les ponts et les installations publiques de Jayapura ont \u00e9t\u00e9 touch\u00e9s par la catastrophe.<\/p>\n<\/div>\n\n<\/div>\n\t\n\t\t<div class=\"cat-home\">\n<div class=\"cat-home-category\"><a href=\"https:\/\/awf.world\/fr\/category\/latin-america-fr\/\">AM\u00c9RIQUE LATINE<\/a>\/<a href=\"https:\/\/awf.world\/fr\/category\/news-fr\/\">NOUVELLES<\/a><\/div>\n<div class=\"cat-home-img\"><a href=\"https:\/\/awf.world\/fr\/awf-news\/une-visite-benie-au-guatemala\/\"><img decoding=\"async\" class=\"attachment-255xauto size-255xauto\" src=\"https:\/\/awf.world\/wp-content\/uploads\/2019\/04\/Directiva-de-CLA-en-Guatemala_2019-033-wpv_255xauto.jpeg\" width=\"255\" height=\"auto\" alt=\"\" \/><\/a><\/div>\n<div class=\"cat-home-title\"><a href=\"https:\/\/awf.world\/fr\/awf-news\/une-visite-benie-au-guatemala\/\">Une Visite B\u00e9nie au Guatemala<\/a><\/div>\n <div class=\"cat-home-date\">avril 11, 2019<\/div>\n<div class=\"cat-home-short-description\">  <p>Le Conseil d\u2019Administration de la CLA s\u2019est r\u00e9uni en Am\u00e9rique centrale pour un temps de louange, de r\u00e9flexion et d\u2019encouragement. Les membres de la famille CMA au Guatemala ont \u00e9t\u00e9 renforc\u00e9s spirituellement et ont \u00e9t\u00e9 mis au d\u00e9fi de poursuivre l\u2019\u0153uvre de Dieu dans leur pays et dans le monde entier.<\/p>\n<\/div>\n\n<\/div>\n\t\n\t\t<div class=\"cat-home\">\n<div class=\"cat-home-category\"><a href=\"https:\/\/awf.world\/fr\/category\/asia-pacific\/\">ASIA &amp; PACIFIC<\/a>\/<a href=\"https:\/\/awf.world\/fr\/category\/news-fr\/\">NOUVELLES<\/a><\/div>\n<div class=\"cat-home-img\"><a href=\"https:\/\/awf.world\/fr\/awf-news\/revisiter-palu-indonesie\/\"><img decoding=\"async\" class=\"attachment-255xauto size-255xauto\" src=\"https:\/\/awf.world\/wp-content\/uploads\/2019\/04\/Revisiting-Palu-Indonesia2_2019-03-wpv_255xauto.jpg\" width=\"255\" height=\"auto\" alt=\"\" \/><\/a><\/div>\n<div class=\"cat-home-title\"><a href=\"https:\/\/awf.world\/fr\/awf-news\/revisiter-palu-indonesie\/\">Revisiter Palu, Indon\u00e9sie<\/a><\/div>\n <div class=\"cat-home-date\">avril 9, 2019<\/div>\n<div class=\"cat-home-short-description\">  <p>Apr\u00e8s le tsunami destructeur qui a frapp\u00e9 Palu en septembre 2018, les r\u00e9v\u00e9rends Daniel Ronda et Lai Ka Lai se rendent sur l'\u00eele pour se tenir au courant des travaux de secours et du projet de reconstruction.<\/p>\n<\/div>\n\n<\/div>\n\t\n\t\t<div class=\"cat-home\">\n<div class=\"cat-home-category\"><a href=\"https:\/\/awf.world\/fr\/category\/asia-pacific\/\">ASIA &amp; PACIFIC<\/a>\/<a href=\"https:\/\/awf.world\/fr\/category\/news-fr\/\">NOUVELLES<\/a><\/div>\n<div class=\"cat-home-img\"><a href=\"https:\/\/awf.world\/fr\/awf-news\/plantation-deglises-birmanes-en-thailande\/\"><img decoding=\"async\" class=\"attachment-255xauto size-255xauto\" src=\"https:\/\/awf.world\/wp-content\/uploads\/2019\/04\/Thailand_Pastor-Than-Tun-baptizing-new-converts2_2019-03-wpv_255xauto.png\" width=\"255\" height=\"auto\" alt=\"\" \/><\/a><\/div>\n<div class=\"cat-home-title\"><a href=\"https:\/\/awf.world\/fr\/awf-news\/plantation-deglises-birmanes-en-thailande\/\">Plantation d\u2019\u00c9glises Birmanes en Tha\u00eflande<\/a><\/div>\n <div class=\"cat-home-date\">avril 9, 2019<\/div>\n<div class=\"cat-home-short-description\">  <p>Un partenariat qui a d\u00e9but\u00e9 en 2018 dans la r\u00e9gion APAC porte ses fruits et ses r\u00e9sultats. Louons Dieu pour Sa main directrice et prions pour qu\u2019Il continue \u00e0 briller \u00e0 travers nos fr\u00e8res et s\u0153urs.<\/p>\n<\/div>\n\n<\/div>\n\t\n\t\t<div class=\"cat-home\">\n<div class=\"cat-home-category\"><a href=\"https:\/\/awf.world\/fr\/category\/asia-pacific\/\">ASIA &amp; PACIFIC<\/a>\/<a href=\"https:\/\/awf.world\/fr\/category\/news-fr\/\">NOUVELLES<\/a><\/div>\n<div class=\"cat-home-img\"><a href=\"https:\/\/awf.world\/fr\/awf-news\/50e-anniversaire-de-lalliance-en-australie\/\"><img decoding=\"async\" class=\"attachment-255xauto size-255xauto\" src=\"https:\/\/awf.world\/wp-content\/uploads\/2019\/04\/CMA-Australia-Celebration-Dinner-wpv_255xauto.jpg\" width=\"255\" height=\"auto\" alt=\"\" \/><\/a><\/div>\n<div class=\"cat-home-title\"><a href=\"https:\/\/awf.world\/fr\/awf-news\/50e-anniversaire-de-lalliance-en-australie\/\">50e Anniversaire de l\u2019Alliance en Australie<\/a><\/div>\n <div class=\"cat-home-date\">avril 8, 2019<\/div>\n<div class=\"cat-home-short-description\">  <p>Apr\u00e8s 50 ans de minist\u00e8re, l\u2019\u00c9glise de l\u2019Alliance en Australie a pu louer le Seigneur pour les choses merveilleuses qui s\u2019y sont d\u00e9roul\u00e9e. Beaucoup de fruits ont \u00e9t\u00e9 r\u00e9colt\u00e9s : de nouvelles \u00e9glises rejoignant notre famille, de nouveaux travailleurs se rendant sur le terrain, des personnes de tous \u00e2ges \u00e9tant touch\u00e9es par J\u00e9sus, des activit\u00e9s de proximit\u00e9 et des encouragements parmi les membres, et bien plus encore.<\/p>\n<\/div>\n\n<\/div>\n\t\n\t\t<div class=\"cat-home\">\n<div class=\"cat-home-category\"><\/div>\n<div class=\"cat-home-img\"><a href=\"https:\/\/awf.world\/fr\/awf-video-view\/nous-sommes-alliance-ecuador\/\"><img decoding=\"async\" class=\"attachment-255xauto size-255xauto\" src=\"https:\/\/awf.world\/wp-content\/uploads\/2019\/04\/Nous-Sommes-Alliance-Ecuador-wpv_255xauto.png\" width=\"255\" height=\"auto\" alt=\"\" \/><\/a><\/div>\n<div class=\"cat-home-title\"><a href=\"https:\/\/awf.world\/fr\/awf-video-view\/nous-sommes-alliance-ecuador\/\">Nous Sommes Alliance : \u00c9quateur<\/a><\/div>\n <div class=\"cat-home-date\">avril 4, 2019<\/div>\n<div class=\"cat-home-short-description\">  <\/div>\n\n<\/div>\n\t\n\t\t<div class=\"cat-home\">\n<div class=\"cat-home-category\"><\/div>\n<div class=\"cat-home-img\"><a href=\"https:\/\/awf.world\/fr\/awf-video-view\/nous-sommes-alliance-chile\/\"><img decoding=\"async\" class=\"attachment-255xauto size-255xauto\" src=\"https:\/\/awf.world\/wp-content\/uploads\/2019\/04\/Nous-Sommes-Alliance-Chile-wpv_255xauto.png\" width=\"255\" height=\"auto\" alt=\"\" \/><\/a><\/div>\n<div class=\"cat-home-title\"><a href=\"https:\/\/awf.world\/fr\/awf-video-view\/nous-sommes-alliance-chile\/\">Nous Sommes Alliance : Chili<\/a><\/div>\n <div class=\"cat-home-date\">avril 4, 2019<\/div>\n<div class=\"cat-home-short-description\">  <\/div>\n\n<\/div>\n\t\n\t\t<div class=\"cat-home\">\n<div class=\"cat-home-category\"><\/div>\n<div class=\"cat-home-img\"><a href=\"https:\/\/awf.world\/fr\/awf-video-view\/nous-sommes-alliance-peru\/\"><img decoding=\"async\" class=\"attachment-255xauto size-255xauto\" src=\"https:\/\/awf.world\/wp-content\/uploads\/2019\/04\/Nous-Sommes-Alliance-Peru-wpv_255xauto.png\" width=\"255\" height=\"auto\" alt=\"\" \/><\/a><\/div>\n<div class=\"cat-home-title\"><a href=\"https:\/\/awf.world\/fr\/awf-video-view\/nous-sommes-alliance-peru\/\">Nous Sommes Alliance : P\u00e9rou<\/a><\/div>\n <div class=\"cat-home-date\">avril 4, 2019<\/div>\n<div class=\"cat-home-short-description\">  <\/div>\n\n<\/div>\n\t\n\t\t<div class=\"cat-home\">\n<div class=\"cat-home-category\"><\/div>\n<div class=\"cat-home-img\"><a href=\"https:\/\/awf.world\/fr\/awf-video-view\/nous-sommes-alliance-brazil\/\"><img decoding=\"async\" class=\"attachment-255xauto size-255xauto\" src=\"https:\/\/awf.world\/wp-content\/uploads\/2019\/04\/Nous-Sommes-Alliance-Brasil-wpv_255xauto.png\" width=\"255\" height=\"auto\" alt=\"\" \/><\/a><\/div>\n<div class=\"cat-home-title\"><a href=\"https:\/\/awf.world\/fr\/awf-video-view\/nous-sommes-alliance-brazil\/\">Nous Sommes Alliance : Br\u00e9sil (\u00c9glise Alliance de l&rsquo;A\u00e9roport, Sao Paulo)<\/a><\/div>\n <div class=\"cat-home-date\">avril 4, 2019<\/div>\n<div class=\"cat-home-short-description\">  <\/div>\n\n<\/div>\n\t\n\t\t<div class=\"cat-home\">\n<div class=\"cat-home-category\"><a href=\"https:\/\/awf.world\/fr\/category\/asia-pacific\/\">ASIA &amp; PACIFIC<\/a>\/<a href=\"https:\/\/awf.world\/fr\/category\/news-fr\/\">NOUVELLES<\/a><\/div>\n<div class=\"cat-home-img\"><a href=\"https:\/\/awf.world\/fr\/awf-news\/dieu-ajoute-au-royaume-de-nouveaux-croyants-vietnamiens-en-thailande\/\"><img decoding=\"async\" class=\"attachment-255xauto size-255xauto\" src=\"https:\/\/awf.world\/wp-content\/uploads\/2019\/03\/Visitation-and-Prayer-during-CNY-wpv_255xauto.jpg\" width=\"255\" height=\"auto\" alt=\"\" \/><\/a><\/div>\n<div class=\"cat-home-title\"><a href=\"https:\/\/awf.world\/fr\/awf-news\/dieu-ajoute-au-royaume-de-nouveaux-croyants-vietnamiens-en-thailande\/\">Dieu ajoute au Royaume de nouveaux Croyants Vietnamiens en Tha\u00eflande<\/a><\/div>\n <div class=\"cat-home-date\">mars 26, 2019<\/div>\n<div class=\"cat-home-short-description\">  <p>Les missionnaires Narong et Tinh ont accueilli de nombreux nouveaux croyants vietnamiens dans leur \u00e9glise situ\u00e9e en Tha\u00eflande. Lors des visites du Nouvel An chinois, cinq personnes ont accept\u00e9 J\u00e9sus comme leur Seigneur et Sauveur personnel. Le 10 mars, Tinh a baptis\u00e9 sept personnes.<\/p>\n<\/div>\n\n<\/div>\n\t\n\t\t<div class=\"cat-home\">\n<div class=\"cat-home-category\"><a href=\"https:\/\/awf.world\/fr\/category\/europe-middle-east\/\">EUROPE &amp; MIDDLE EAST<\/a>\/<a href=\"https:\/\/awf.world\/fr\/category\/news-fr\/\">NOUVELLES<\/a><\/div>\n<div class=\"cat-home-img\"><a href=\"https:\/\/awf.world\/fr\/awf-news\/rencontrez-jorge-alvarez-villarreal-le-nouveau-president-de-leglise-cma-despagne\/\"><img decoding=\"async\" class=\"attachment-255xauto size-255xauto\" src=\"https:\/\/awf.world\/wp-content\/uploads\/2019\/03\/New-President-Spain_Jorge-Alvarez_2019-03_Square-wpv_255xauto.jpg\" width=\"255\" height=\"auto\" alt=\"\" \/><\/a><\/div>\n<div class=\"cat-home-title\"><a href=\"https:\/\/awf.world\/fr\/awf-news\/rencontrez-jorge-alvarez-villarreal-le-nouveau-president-de-leglise-cma-despagne\/\">Rencontrez Jorge Alvarez Villarreal, le nouveau Pr\u00e9sident de l\u2019\u00c9glise CMA d\u2019Espagne<\/a><\/div>\n <div class=\"cat-home-date\">mars 26, 2019<\/div>\n<div class=\"cat-home-short-description\">  <p>Avec pr\u00e8s de 20 ans d\u2019exp\u00e9rience minist\u00e9rielle et de d\u00e9vouement au travail de Dieu, Jorge Alvarez Villarreal est le nouveau pr\u00e9sident de l\u2019\u00c9glise CMA d\u2019Espagne.<\/p>\n<\/div>\n\n<\/div>\n\t\n\t\t<div class=\"cat-home\">\n<div class=\"cat-home-category\"><\/div>\n<div class=\"cat-home-img\"><a href=\"https:\/\/awf.world\/fr\/awf-video-view\/une-historie\/\"><img decoding=\"async\" class=\"attachment-255xauto size-255xauto\" src=\"https:\/\/awf.world\/wp-content\/uploads\/2019\/03\/Une-historie-wpv_255xauto.png\" width=\"255\" height=\"auto\" alt=\"\" \/><\/a><\/div>\n<div class=\"cat-home-title\"><a href=\"https:\/\/awf.world\/fr\/awf-video-view\/une-historie\/\">Une Historie<\/a><\/div>\n <div class=\"cat-home-date\">mars 4, 2019<\/div>\n<div class=\"cat-home-short-description\">  <\/div>\n\n<\/div>\n\t\n\t\t<div class=\"cat-home\">\n<div class=\"cat-home-category\"><a href=\"https:\/\/awf.world\/fr\/category\/asia-pacific\/\">ASIA &amp; PACIFIC<\/a>\/<a href=\"https:\/\/awf.world\/fr\/category\/news-fr\/\">NOUVELLES<\/a><\/div>\n<div class=\"cat-home-img\"><a href=\"https:\/\/awf.world\/fr\/awf-news\/les-eglises-de-lalliance-dans-la-region-apac-organiseront-lassemblees-generales\/\"><img decoding=\"async\" class=\"attachment-255xauto size-255xauto\" src=\"https:\/\/awf.world\/wp-content\/uploads\/2019\/02\/India_Gujarat-Synod-Alliance_2019-02-20-wpv_255xauto.jpg\" width=\"255\" height=\"auto\" alt=\"\" \/><\/a><\/div>\n<div class=\"cat-home-title\"><a href=\"https:\/\/awf.world\/fr\/awf-news\/les-eglises-de-lalliance-dans-la-region-apac-organiseront-lassemblees-generales\/\">Les \u00c9glises de l&rsquo;Alliance dans la R\u00e9gion APAC organiseront l\u2019Assembl\u00e9es G\u00e9n\u00e9rales<\/a><\/div>\n <div class=\"cat-home-date\">f\u00e9vrier 19, 2019<\/div>\n<div class=\"cat-home-short-description\">  <p>Le Synode indien du Gujarat et les \u00c9glises de l\u2019Alliance Nationale du Myanmar tiendront des Assembl\u00e9es G\u00e9n\u00e9rales en f\u00e9vrier et mars.<\/p>\n<\/div>\n\n<\/div>\n\t\n\t\t<div class=\"cat-home\">\n<div class=\"cat-home-category\"><a href=\"https:\/\/awf.world\/fr\/category\/asia-pacific\/\">ASIA &amp; PACIFIC<\/a>\/<a href=\"https:\/\/awf.world\/fr\/category\/news-fr\/\">NOUVELLES<\/a><\/div>\n<div class=\"cat-home-img\"><a href=\"https:\/\/awf.world\/fr\/awf-news\/de-meilleures-choses-en-dieu-en-2019-dans-la-region-apac\/\"><img decoding=\"async\" class=\"attachment-255xauto size-255xauto\" src=\"https:\/\/awf.world\/wp-content\/uploads\/2019\/01\/APAC-Map-wpv_255xauto.png\" width=\"255\" height=\"auto\" alt=\"\" \/><\/a><\/div>\n<div class=\"cat-home-title\"><a href=\"https:\/\/awf.world\/fr\/awf-news\/de-meilleures-choses-en-dieu-en-2019-dans-la-region-apac\/\">De Meilleures Choses en Dieu en 2019 dans la R\u00e9gion APAC<\/a><\/div>\n <div class=\"cat-home-date\">janvier 29, 2019<\/div>\n<div class=\"cat-home-short-description\">  <p>Alors que nous entrons dans cette nouvelle ann\u00e9e, il est naturel que nous r\u00e9fl\u00e9chissions \u00e0 ce que Dieu a fait l'ann\u00e9e pr\u00e9c\u00e9dente et que nous consid\u00e9rions tout ce qui a \u00e9t\u00e9 accompli par Son puissant pouvoir. La b\u00e9n\u00e9diction d'un partenariat solide et fort avec les dirigeants des pays-membre de la r\u00e9gion APAC (Asie-Pacifique) \u00e9tait un cadeau pr\u00e9cieux que le Seigneur a donn\u00e9 \u00e0 Ses \u00e9glises pour b\u00e9nir Son minist\u00e8re.<\/p>\n<\/div>\n\n<\/div>\n\t\n\t\t<div class=\"cat-home\">\n<div class=\"cat-home-category\"><a href=\"https:\/\/awf.world\/fr\/category\/europe-middle-east\/\">EUROPE &amp; MIDDLE EAST<\/a>\/<a href=\"https:\/\/awf.world\/fr\/category\/news-fr\/\">NOUVELLES<\/a><\/div>\n<div class=\"cat-home-img\"><a href=\"https:\/\/awf.world\/fr\/awf-news\/conference-regionale-de-lawf-emerald-en-allemagne\/\"><img decoding=\"async\" class=\"attachment-255xauto size-255xauto\" src=\"https:\/\/awf.world\/wp-content\/uploads\/2019\/01\/2019-05_AWF_EMERALD-Regional-Conference-Germany_ENG-wpv_255xauto.png\" width=\"255\" height=\"auto\" alt=\"\" \/><\/a><\/div>\n<div class=\"cat-home-title\"><a href=\"https:\/\/awf.world\/fr\/awf-news\/conference-regionale-de-lawf-emerald-en-allemagne\/\">Conf\u00e9rence R\u00e9gionale de l\u2019AWF EMERALD en Allemagne<\/a><\/div>\n <div class=\"cat-home-date\">janvier 29, 2019<\/div>\n<div class=\"cat-home-short-description\">  <p>L'animation est dans l'air pendant que la R\u00e9gion AWF EMERALD (Europe et Moyen-Orient) se pr\u00e9pare pour sa Conf\u00e9rence Annuelle de 2019 \u00e0 Francfort, en Allemagne. Le th\u00e8me est \u00ab Vivre les Quatre Piliers de l\u2019\u00c9vangile \u00bb. Nos fr\u00e8res et s\u0153urs partageront leurs exp\u00e9riences, apprendront les uns des autres et s\u2019encourageront. Prions pour que cet \u00e9v\u00e9nement soit une \u00e9norme b\u00e9n\u00e9diction pour les participants et qu'il atteigne de nombreuses vies.<\/p>\n<\/div>\n\n<\/div>\n\t\n\t\n\t\n\t\n<\/div>\n<\/div>\n<\/div>\n<\/div>\n<\/div>\n<\/div>\n<\/div>\n","protected":false},"excerpt":{"rendered":"<p>Nouvelles 2019 Les Ann\u00e9es Pr\u00e9c\u00e9dentes:\u00a0 \u00a0 \u00a0 \u00a0\u00a02020\u00a0 \u00a0\u00a02019\u00a0 \u00a0 2018\u00a0 \u00a0\u00a02017\u00a0 \u00a0\u00a02016 \u00a0\u00a02015\u00a0 \u00a0\u00a02014\u00a0 \u00a0\u00a02013\u00a0 \u00a0\u00a02012\u00a0 \u00a0\u00a02011\u00a0 \u00a02010<\/p>\n","protected":false},"author":15,"featured_media":0,"parent":0,"menu_order":0,"comment_status":"closed","ping_status":"closed","template":"","meta":{"inline_featured_image":false,"ngg_post_thumbnail":0,"_EventAllDay":false,"_EventTimezone":"","_EventStartDate":"","_EventEndDate":"","_EventStartDateUTC":"","_EventEndDateUTC":"","_EventShowMap":false,"_EventShowMapLink":false,"_EventURL":"","_EventCost":"","_EventCostDescription":"","_EventCurrencySymbol":"","_EventCurrencyCode":"","_EventCurrencyPosition":"","_EventDateTimeSeparator":"","_EventTimeRangeSeparator":"","_EventOrganizerID":[],"_EventVenueID":[],"_OrganizerEmail":"","_OrganizerPhone":"","_OrganizerWebsite":"","_VenueAddress":"","_VenueCity":"","_VenueCountry":"","_VenueProvince":"","_VenueState":"","_VenueZip":"","_VenuePhone":"","_VenueURL":"","_VenueStateProvince":"","_VenueLat":"","_VenueLng":"","_VenueShowMap":false,"_VenueShowMapLink":false,"footnotes":""},"class_list":["post-26192","page","type-page","status-publish","hentry"],"_links":{"self":[{"href":"https:\/\/awf.world\/fr\/wp-json\/wp\/v2\/pages\/26192","targetHints":{"allow":["GET"]}}],"collection":[{"href":"https:\/\/awf.world\/fr\/wp-json\/wp\/v2\/pages"}],"about":[{"href":"https:\/\/awf.world\/fr\/wp-json\/wp\/v2\/types\/page"}],"author":[{"embeddable":true,"href":"https:\/\/awf.world\/fr\/wp-json\/wp\/v2\/users\/15"}],"replies":[{"embeddable":true,"href":"https:\/\/awf.world\/fr\/wp-json\/wp\/v2\/comments?post=26192"}],"version-history":[{"count":0,"href":"https:\/\/awf.world\/fr\/wp-json\/wp\/v2\/pages\/26192\/revisions"}],"wp:attachment":[{"href":"https:\/\/awf.world\/fr\/wp-json\/wp\/v2\/media?parent=26192"}],"curies":[{"name":"wp","href":"https:\/\/api.w.org\/{rel}","templated":true}]}}