{"id":24102,"date":"2019-09-09T17:16:55","date_gmt":"2019-09-09T20:16:55","guid":{"rendered":"http:\/\/awf.world\/?page_id=24102"},"modified":"2019-09-11T20:18:58","modified_gmt":"2019-09-11T23:18:58","slug":"comite-executif-de-la-awf","status":"publish","type":"page","link":"https:\/\/awf.world\/fr\/comite-executif-de-la-awf\/","title":{"rendered":"Comit\u00e9 ex\u00e9cutif de la AWF"},"content":{"rendered":"<div id=\"pl-24102\"  class=\"panel-layout\" ><div id=\"pg-24102-0\"  class=\"panel-grid panel-no-style\" ><div id=\"pgc-24102-0-0\"  class=\"panel-grid-cell\" ><div id=\"panel-24102-0-0-0\" class=\"so-panel widget widget_sow-editor panel-first-child\" data-index=\"0\" ><div\n\t\t\t\n\t\t\tclass=\"so-widget-sow-editor so-widget-sow-editor-base\"\n\t\t\t\n\t\t>\n<div class=\"siteorigin-widget-tinymce textwidget\">\n\t<h3 style=\"text-align: center; font-size: 30px;margin-bottom:0;\">Comit\u00e9 ex\u00e9cutif de la AWF<\/h3>\n<\/div>\n<\/div><\/div><div id=\"panel-24102-0-0-1\" class=\"so-panel widget widget_siteorigin-panels-builder panel-last-child\" data-index=\"1\" ><div class=\"panel-widget-style panel-widget-style-for-24102-0-0-1\" ><div id=\"pl-w5d797ba042351\"  class=\"panel-layout\" ><div id=\"pg-w5d797ba042351-0\"  class=\"panel-grid panel-no-style\" ><div id=\"pgc-w5d797ba042351-0-0\"  class=\"panel-grid-cell\" ><div id=\"panel-w5d797ba042351-0-0-0\" class=\"so-panel widget widget_sow-image panel-first-child panel-last-child\" data-index=\"0\" ><div class=\"panel-widget-style panel-widget-style-for-w5d797ba042351-0-0-0\" ><div\n\t\t\t\n\t\t\tclass=\"so-widget-sow-image so-widget-sow-image-default-c67d20f9f743\"\n\t\t\t\n\t\t>\n<div class=\"sow-image-container\">\n\t\t<img \n\tsrc=\"https:\/\/awf.world\/wp-content\/uploads\/2019\/09\/pic-Theological-Committee.png\" width=\"515\" height=\"341\" srcset=\"https:\/\/awf.world\/wp-content\/uploads\/2019\/09\/pic-Theological-Committee.png 515w, https:\/\/awf.world\/wp-content\/uploads\/2019\/09\/pic-Theological-Committee-300x199.png 300w\" sizes=\"(max-width: 515px) 100vw, 515px\" alt=\"\" \t\tclass=\"so-widget-image\"\/>\n\t<\/div>\n\n<\/div><\/div><\/div><\/div><div id=\"pgc-w5d797ba042351-0-1\"  class=\"panel-grid-cell\" ><div id=\"panel-w5d797ba042351-0-1-0\" class=\"so-panel widget widget_sow-editor panel-first-child panel-last-child\" data-index=\"1\" ><div class=\"panel-widget-style panel-widget-style-for-w5d797ba042351-0-1-0\" ><div\n\t\t\t\n\t\t\tclass=\"so-widget-sow-editor so-widget-sow-editor-base\"\n\t\t\t\n\t\t>\n<div class=\"siteorigin-widget-tinymce textwidget\">\n\t<p>&nbsp;<\/p>\n<p style=\"text-align: left; font-size: 21px; font-weight: 300;\">Le comit\u00e9 ex\u00e9cutif de la FAE se compose <strong>du pr\u00e9sident, du tr\u00e9sorier et des cinq coordinateurs r\u00e9gionaux<\/strong>. La convocation quadriennale \u00e9lit le pr\u00e9sident et le tr\u00e9sorier. Les coordinateurs r\u00e9gionaux sont \u00e9lus par les membres de leur r\u00e9gion.<\/p>\n<\/div>\n<\/div><\/div><\/div><\/div><\/div><\/div><\/div><\/div><\/div><\/div><div id=\"pg-24102-1\"  class=\"panel-grid panel-no-style\" ><div id=\"pgc-24102-1-0\"  class=\"panel-grid-cell\" ><div id=\"panel-24102-1-0-0\" class=\"so-panel widget widget_siteorigin-panels-builder panel-first-child panel-last-child\" data-index=\"2\" ><div id=\"pl-w5d797ba0426d1\"  class=\"panel-layout\" ><div id=\"pg-w5d797ba0426d1-0\"  class=\"panel-grid panel-no-style\" ><div id=\"pgc-w5d797ba0426d1-0-0\"  class=\"panel-grid-cell\" ><div id=\"panel-w5d797ba0426d1-0-0-0\" class=\"so-panel widget widget_sow-image panel-first-child panel-last-child\" data-index=\"0\" ><div\n\t\t\t\n\t\t\tclass=\"so-widget-sow-image so-widget-sow-image-default-c67d20f9f743\"\n\t\t\t\n\t\t>\n<div class=\"sow-image-container\">\n\t\t<img \n\tsrc=\"https:\/\/awf.world\/wp-content\/uploads\/2019\/09\/Jura-Yanagihara.png\" width=\"199\" height=\"199\" srcset=\"https:\/\/awf.world\/wp-content\/uploads\/2019\/09\/Jura-Yanagihara.png 199w, https:\/\/awf.world\/wp-content\/uploads\/2019\/09\/Jura-Yanagihara-150x150.png 150w\" sizes=\"(max-width: 199px) 100vw, 199px\" alt=\"\" \t\tclass=\"so-widget-image\"\/>\n\t<\/div>\n\n<\/div><\/div><\/div><div id=\"pgc-w5d797ba0426d1-0-1\"  class=\"panel-grid-cell\" ><div id=\"panel-w5d797ba0426d1-0-1-0\" class=\"so-panel widget widget_sow-headline panel-first-child\" data-index=\"1\" ><div class=\"panel-widget-style panel-widget-style-for-w5d797ba0426d1-0-1-0\" ><div\n\t\t\t\n\t\t\tclass=\"so-widget-sow-headline so-widget-sow-headline-default-75bd2367331b\"\n\t\t\t\n\t\t><div class=\"sow-headline-container \">\n\t\t\t\t\t\t<div class=\"decoration\">\n\t\t\t\t\t\t<div class=\"decoration-inside\"><\/div>\n\t\t\t\t\t<\/div>\n\t\t\t\t\t<\/div>\n<\/div><\/div><\/div><div id=\"panel-w5d797ba0426d1-0-1-1\" class=\"so-panel widget widget_sow-editor panel-last-child\" data-index=\"2\" ><div\n\t\t\t\n\t\t\tclass=\"so-widget-sow-editor so-widget-sow-editor-base\"\n\t\t\t\n\t\t>\n<div class=\"siteorigin-widget-tinymce textwidget\">\n\t<h3>Jura Yanagihara \/ Pr\u00e9sident de l'AWF<\/h3>\n<p>Jura Yanagihara et son \u00e9pouse Mami servent la communaut\u00e9 des alli\u00e9s chr\u00e9tiens et missionnaires de S\u00e3o Paolo au Br\u00e9sil, poursuivant leur passion pour la mission et la vie de disciple dans un contexte de plus en plus multiculturel.Jura a \u00e9tudi\u00e9 l'ing\u00e9nierie \u00e0 l'Universit\u00e9 de S\u00e3o Paulo (B.Sc. 1984). Universit\u00e9 nationale de Yokohama (M.Sc. 1987; Ph.D. 1990), tout en \u00e9tudiant la th\u00e9ologie au S\u00e9minaire Covenant de Tokyo (BD 1989).<\/p>\n<p><span class=\"collapseomatic noarrow\" id=\"id69f5d694d4ed6\"  tabindex=\"0\" title=\"<em>Lire la suite...<\/em>\"    ><em>Lire la suite...<\/em><\/span><\/p>\n<div id=\"target-id69f5d694d4ed6\" class=\"collapseomatic_content \"> Jura a \u00e9t\u00e9 professeur et chef de d\u00e9partement \u00e0 l'Universit\u00e9 de S\u00e3o Paulo, o\u00f9 il a dirig\u00e9 des projets de recherche internationaux d'une valeur de plusieurs millions de dollars. Dans le minist\u00e8re, Jura incarne le c\u0153ur multiculturel et mondial de l\u2019Alliance et a adopt\u00e9 ce multiculturalisme au sein de son minist\u00e8re, unissant les communaut\u00e9s internationales de diff\u00e9rents pays. En 1988, Jura et Mami ont implant\u00e9 la Communaut\u00e9 du sel de la Terre (CM &amp; A), la premi\u00e8re \u00e9glise de langue portugaise au Japon. Au Br\u00e9sil, Jura a \u00e9t\u00e9 pasteur principal dans diverses \u00e9glises de l'Alliance japonaise. Il a \u00e9galement \u00e9t\u00e9 pr\u00e9sident du s\u00e9minaire et pr\u00e9sident de l'\u00e9glise nationale du C &amp; MA br\u00e9silien.<\/p>\n<p>Jura est actuellement engag\u00e9 dans l'implantation d'\u00e9glises internationales et la diffusion de vision, unissant et inspirant la famille mondiale de l'Alliance \u00e0 donner la priorit\u00e9 aux missions, formant des hommes et des femmes \u00e0 proclamer l'Evangile et \u00e0 accomplir la Grande Commission. Jura et Mami ont trois enfants adultes: Daniel, Priscila (mari\u00e9e \u00e0 Esteban) et Damaris, tous actifs dans le minist\u00e8re. <\/p><\/div><\/p>\n<\/div>\n<\/div><\/div><\/div><\/div><\/div><\/div><\/div><div id=\"pgc-24102-1-1\"  class=\"panel-grid-cell\" ><div id=\"panel-24102-1-1-0\" class=\"so-panel widget widget_siteorigin-panels-builder panel-first-child panel-last-child\" data-index=\"3\" ><div id=\"pl-w5d797ba042aba\"  class=\"panel-layout\" ><div id=\"pg-w5d797ba042aba-0\"  class=\"panel-grid panel-no-style\" ><div id=\"pgc-w5d797ba042aba-0-0\"  class=\"panel-grid-cell\" ><div id=\"panel-w5d797ba042aba-0-0-0\" class=\"so-panel widget widget_sow-headline panel-first-child\" data-index=\"0\" ><div class=\"panel-widget-style panel-widget-style-for-w5d797ba042aba-0-0-0\" ><div\n\t\t\t\n\t\t\tclass=\"so-widget-sow-headline so-widget-sow-headline-default-75bd2367331b\"\n\t\t\t\n\t\t><div class=\"sow-headline-container \">\n\t\t\t\t\t\t<div class=\"decoration\">\n\t\t\t\t\t\t<div class=\"decoration-inside\"><\/div>\n\t\t\t\t\t<\/div>\n\t\t\t\t\t<\/div>\n<\/div><\/div><\/div><div id=\"panel-w5d797ba042aba-0-0-1\" class=\"so-panel widget widget_sow-editor panel-last-child\" data-index=\"1\" ><div\n\t\t\t\n\t\t\tclass=\"so-widget-sow-editor so-widget-sow-editor-base\"\n\t\t\t\n\t\t>\n<div class=\"siteorigin-widget-tinymce textwidget\">\n\t<h3>M. Kenneth E. Baldes \/ Tr\u00e9sorier de l'AWF<\/h3>\n<div class=\"name-leadership\">\n<p class=\"m_6310409473557099558m_4703955674935328015x_MsoNormal\">Ken est tr\u00e9sorier de l'Alliance chr\u00e9tienne et missionnaire aux \u00c9tats-Unis et vice-pr\u00e9sident des op\u00e9rations et des finances depuis octobre 2005. Il est responsable des finances, des avantages de l'alliance, des technologies de l'information et des installations.<\/p>\n<p><span class=\"collapseomatic noarrow\" id=\"id69f5d694d5765\"  tabindex=\"0\" title=\"<em>Lire la suite...<\/em>\"    ><em>Lire la suite...<\/em><\/span><\/p>\n<div id=\"target-id69f5d694d5765\" class=\"collapseomatic_content \"> Il si\u00e8ge \u00e9galement aux conseils d'administration de plusieurs organisations soutenant C &amp; MA, notamment le Nyack College, la communaut\u00e9 de retraite Shell Point, le manoir Town and Country Manor, le Fonds de d\u00e9veloppement d'Alliance (ADF), Compassion et Mercy Associates (CAMA), l'Alliance Benefits et la Orchard Foundation. Il est tr\u00e9sorier de l'AWF depuis janvier 2017. Ken a re\u00e7u son baccalaur\u00e9at en sciences. en administration des affaires du Houghton College de Houghton, dans l\u2019\u00c9tat de New York et un M.B.A en finance du Canisius College de Buffalo, dans l\u2019\u00c9tat de New York. Auparavant, il \u00e9tait vice-pr\u00e9sident directeur de HSBC Bank USA, New Jersey, o\u00f9 il avait plus de 19 ans d\u2019exp\u00e9rience dans les services bancaires et financiers. Il poss\u00e8de de vastes connaissances en affaires, notamment en audit, gestion financi\u00e8re, op\u00e9rations, gestion de produits, d\u00e9veloppement des affaires et gestion des risques.<\/p>\n<p>Ken est membre de ClayHouse Alliance Church \u00e0 Colorado Springs, Colorado. Il a occup\u00e9 divers postes de direction dans l\u2019\u00e9glise, y compris un ancien, un membre du conseil, un tr\u00e9sorier et un tr\u00e9sorier adjoint, un pr\u00e9sident de mission mondiale, un chef de groupe et un enseignant de l\u2019\u00e9cole du dimanche des hommes. Il est mari\u00e9 \u00e0 Christy et ils ont trois enfants: Tyler (mari\u00e9 \u00e0 Lauren), Kailie (mari\u00e9e \u00e0 Evan) et Jeremy. Pendant son service au minist\u00e8re de l'administration, son appel est tir\u00e9 de Jean 15:16: \"Vous ne m'avez pas choisi, mais je vous ai choisi et je vous ai nomm\u00e9 pour aller porter des fruits, des fruits qui dureront.\" <\/p><\/div>\n<\/p>\n<\/div>\n<\/div>\n<\/div><\/div><\/div><div id=\"pgc-w5d797ba042aba-0-1\"  class=\"panel-grid-cell\" ><div id=\"panel-w5d797ba042aba-0-1-0\" class=\"so-panel widget widget_sow-image panel-first-child panel-last-child\" data-index=\"2\" ><div\n\t\t\t\n\t\t\tclass=\"so-widget-sow-image so-widget-sow-image-default-c67d20f9f743\"\n\t\t\t\n\t\t>\n<div class=\"sow-image-container\">\n\t\t<img \n\tsrc=\"https:\/\/awf.world\/wp-content\/uploads\/2019\/09\/Mr.-Kenneth-E.-Baldes.png\" width=\"199\" height=\"199\" srcset=\"https:\/\/awf.world\/wp-content\/uploads\/2019\/09\/Mr.-Kenneth-E.-Baldes.png 199w, https:\/\/awf.world\/wp-content\/uploads\/2019\/09\/Mr.-Kenneth-E.-Baldes-150x150.png 150w\" sizes=\"(max-width: 199px) 100vw, 199px\" alt=\"\" \t\tclass=\"so-widget-image\"\/>\n\t<\/div>\n\n<\/div><\/div><\/div><\/div><\/div><\/div><\/div><\/div><div id=\"pg-24102-2\"  class=\"panel-grid panel-no-style\" ><div id=\"pgc-24102-2-0\"  class=\"panel-grid-cell\" ><div id=\"panel-24102-2-0-0\" class=\"so-panel widget widget_siteorigin-panels-builder panel-first-child panel-last-child\" data-index=\"4\" ><div id=\"pl-w5d797ba042f0a\"  class=\"panel-layout\" ><div id=\"pg-w5d797ba042f0a-0\"  class=\"panel-grid panel-no-style\" ><div id=\"pgc-w5d797ba042f0a-0-0\"  class=\"panel-grid-cell\" ><div id=\"panel-w5d797ba042f0a-0-0-0\" class=\"so-panel widget widget_sow-image panel-first-child panel-last-child\" data-index=\"0\" ><div\n\t\t\t\n\t\t\tclass=\"so-widget-sow-image so-widget-sow-image-default-c67d20f9f743\"\n\t\t\t\n\t\t>\n<div class=\"sow-image-container\">\n\t\t<img \n\tsrc=\"https:\/\/awf.world\/wp-content\/uploads\/2019\/09\/Bem-Frentzc\u0327.png\" width=\"199\" height=\"199\" srcset=\"https:\/\/awf.world\/wp-content\/uploads\/2019\/09\/Bem-Frentzc\u0327.png 199w, https:\/\/awf.world\/wp-content\/uploads\/2019\/09\/Bem-Frentzc\u0327-150x150.png 150w\" sizes=\"(max-width: 199px) 100vw, 199px\" alt=\"\" \t\tclass=\"so-widget-image\"\/>\n\t<\/div>\n\n<\/div><\/div><\/div><div id=\"pgc-w5d797ba042f0a-0-1\"  class=\"panel-grid-cell\" ><div id=\"panel-w5d797ba042f0a-0-1-0\" class=\"so-panel widget widget_sow-headline panel-first-child\" data-index=\"1\" ><div class=\"panel-widget-style panel-widget-style-for-w5d797ba042f0a-0-1-0\" ><div\n\t\t\t\n\t\t\tclass=\"so-widget-sow-headline so-widget-sow-headline-default-75bd2367331b\"\n\t\t\t\n\t\t><div class=\"sow-headline-container \">\n\t\t\t\t\t\t<div class=\"decoration\">\n\t\t\t\t\t\t<div class=\"decoration-inside\"><\/div>\n\t\t\t\t\t<\/div>\n\t\t\t\t\t<\/div>\n<\/div><\/div><\/div><div id=\"panel-w5d797ba042f0a-0-1-1\" class=\"so-panel widget widget_sow-editor panel-last-child\" data-index=\"2\" ><div\n\t\t\t\n\t\t\tclass=\"so-widget-sow-editor so-widget-sow-editor-base\"\n\t\t\t\n\t\t>\n<div class=\"siteorigin-widget-tinymce textwidget\">\n\t<h3>La r\u00e9v\u00e9rende Bem Frentz \/ secr\u00e9taire et coordonnatrice r\u00e9gionale pour l'Am\u00e9rique du Nord, AWF<\/h3>\n<div class=\"name-leadership\">\n<p>Brem et sa femme Donna ont servi pendant plus de 30 ans au C &amp; MA au Canada et en Asie du Sud-Est. Brem obtint son dipl\u00f4me du Canadian Bible College en juin 1982 et entra imm\u00e9diatement dans le minist\u00e8re. Il fit partie du personnel de la Rockyview Alliance Church \u00e0 Calgary et, apr\u00e8s son retour au s\u00e9minaire au Canadian Theological Seminary en 1986.<\/p>\n<p><span class=\"collapseomatic noarrow\" id=\"id69f5d694d7baf\"  tabindex=\"0\" title=\"<em>Lire la suite...<\/em>\"    ><em>Lire la suite...<\/em><\/span><\/p>\n<div id=\"target-id69f5d694d7baf\" class=\"collapseomatic_content \"> En 1989, apr\u00e8s avoir termin\u00e9 leur s\u00e9minaire, Brem et Donna ont \u00e9t\u00e9 envoy\u00e9s et ont servi outre-mer dans diverses r\u00e9gions de l\u2019Asie du Sud-Est, d\u2019abord en Indon\u00e9sie sur l\u2019\u00eele de Born\u00e9o et \u00e0 Java jusqu\u2019en 1999, les cinq derni\u00e8res ann\u00e9es au service de l\u2019\u00c9glise internationale de Badung. En 2000, ils ont \u00e9t\u00e9 transf\u00e9r\u00e9s \u00e0 Penang, en Malaisie, en tant que d\u00e9veloppeurs r\u00e9gionaux canadiens pour la r\u00e9gion des \u00e9pices asiatiques 1997-2013. Ensemble, ils ont assur\u00e9 le leadership et la direction des travailleurs internationaux de C &amp; MA travaillant dans la r\u00e9gion des \u00e9pices, fournissant des soins aux membres, une supervision financi\u00e8re et d\u00e9veloppant des initiatives strat\u00e9giques.<\/p>\n<p>Depuis 2013, Brem &amp; Donna a occup\u00e9 les fonctions de vice-pr\u00e9sident et vice-pr\u00e9sident associ\u00e9 de Global Ministries au Centre des minist\u00e8res nationaux \u00e0 Toronto au Canada. Il a dirig\u00e9 plus de 250 travailleurs internationaux dans plus de 40 pays et 100 groupes de personnes les moins avanc\u00e9s. Ils ont quatre enfants - Terri-Lynn (et Jonathan Stevenson), Jeremy (et Jana), Brendan &amp; Danae, une petite-fille Jenna Lynn et deux petits-fils, Owen David et Samuel David. <\/p><\/div>\n<\/p>\n<\/div>\n<\/div>\n<\/div><\/div><\/div><\/div><\/div><\/div><\/div><div id=\"pgc-24102-2-1\"  class=\"panel-grid-cell\" ><div id=\"panel-24102-2-1-0\" class=\"so-panel widget widget_siteorigin-panels-builder panel-first-child panel-last-child\" data-index=\"5\" ><div id=\"pl-w5d797ba043312\"  class=\"panel-layout\" ><div id=\"pg-w5d797ba043312-0\"  class=\"panel-grid panel-no-style\" ><div id=\"pgc-w5d797ba043312-0-0\"  class=\"panel-grid-cell\" ><div id=\"panel-w5d797ba043312-0-0-0\" class=\"so-panel widget widget_sow-headline panel-first-child\" data-index=\"0\" ><div class=\"panel-widget-style panel-widget-style-for-w5d797ba043312-0-0-0\" ><div\n\t\t\t\n\t\t\tclass=\"so-widget-sow-headline so-widget-sow-headline-default-75bd2367331b\"\n\t\t\t\n\t\t><div class=\"sow-headline-container \">\n\t\t\t\t\t\t<div class=\"decoration\">\n\t\t\t\t\t\t<div class=\"decoration-inside\"><\/div>\n\t\t\t\t\t<\/div>\n\t\t\t\t\t<\/div>\n<\/div><\/div><\/div><div id=\"panel-w5d797ba043312-0-0-1\" class=\"so-panel widget widget_sow-editor panel-last-child\" data-index=\"1\" ><div\n\t\t\t\n\t\t\tclass=\"so-widget-sow-editor so-widget-sow-editor-base\"\n\t\t\t\n\t\t>\n<div class=\"siteorigin-widget-tinymce textwidget\">\n\t<h3>R\u00e9v. C\u00e9lestin Koffi Vice-pr\u00e9sidente et coordinatrice r\u00e9gionale de la FAE pour l'Afrique<\/h3>\n<p>Le r\u00e9v\u00e9rend C\u00e9lestin Koffi est le coordonnateur r\u00e9gional de la Alliance World Fellowship depuis 2012. Au fil des ans, le r\u00e9v\u00e9rend Koffi a exerc\u00e9 divers r\u00f4les au service de l'Eglise de l'Alliance, notamment en tant que pr\u00e9sident national de l'Eglise de la C\u00f4te d'Ivoire pendant huit ans.<\/p>\n<p><span class=\"collapseomatic noarrow\" id=\"id69f5d694d841e\"  tabindex=\"0\" title=\"<em>Lire la suite...<\/em>\"    ><em>Lire la suite...<\/em><\/span><\/p>\n<div id=\"target-id69f5d694d841e\" class=\"collapseomatic_content \"> Le r\u00e9v\u00e9rend Koffi a termin\u00e9 ses \u00e9tudes pastorales et th\u00e9ologiques dans divers instituts et s\u00e9minaires: l'Institut biblique de Yamoussoukro (C\u00f4te d'Ivoire), le S\u00e9minaire th\u00e9ologique canadien de Regina (Canada), le S\u00e9minaire th\u00e9ologique baptiste oriental de Philadelphie (\u00c9tats-Unis) et l'Aggai Institute Maui ( Mid Pacific, USA).<\/p>\n<p>Il entra au minist\u00e8re \u00e0 temps plein en 1978 avec Campus pour Christ International de C\u00f4te d\u2019Ivoire et, six ans plus tard, accepta le poste de pasteur principal de l\u2019Alliance Church Bouak\u00e9-Air France (84-87). Depuis lors, il a servi, enseign\u00e9 et dirig\u00e9 dans les instituts de l\u2019Alliance \u00e0 Yakro et \u00e0 Abidjan en C\u00f4te d\u2019Ivoire, tout en poursuivant son minist\u00e8re et sa direction au sein de Campus for Christ. Koffi C\u00e9lestin est mari\u00e9 \u00e0 Genevi\u00e8ve depuis 1977. Ils ont trois enfants et trois petits-enfants. <\/p><\/div><\/p>\n<\/div>\n<\/div><\/div><\/div><div id=\"pgc-w5d797ba043312-0-1\"  class=\"panel-grid-cell\" ><div id=\"panel-w5d797ba043312-0-1-0\" class=\"so-panel widget widget_sow-image panel-first-child panel-last-child\" data-index=\"2\" ><div\n\t\t\t\n\t\t\tclass=\"so-widget-sow-image so-widget-sow-image-default-c67d20f9f743\"\n\t\t\t\n\t\t>\n<div class=\"sow-image-container\">\n\t\t<img \n\tsrc=\"https:\/\/awf.world\/wp-content\/uploads\/2019\/09\/Ce\u0301lestin-Koffi-.png\" width=\"199\" height=\"199\" srcset=\"https:\/\/awf.world\/wp-content\/uploads\/2019\/09\/Ce\u0301lestin-Koffi-.png 199w, https:\/\/awf.world\/wp-content\/uploads\/2019\/09\/Ce\u0301lestin-Koffi--150x150.png 150w\" sizes=\"(max-width: 199px) 100vw, 199px\" alt=\"\" \t\tclass=\"so-widget-image\"\/>\n\t<\/div>\n\n<\/div><\/div><\/div><\/div><\/div><\/div><\/div><\/div><div id=\"pg-24102-3\"  class=\"panel-grid panel-no-style\" ><div id=\"pgc-24102-3-0\"  class=\"panel-grid-cell\" ><div id=\"panel-24102-3-0-0\" class=\"so-panel widget widget_siteorigin-panels-builder panel-first-child panel-last-child\" data-index=\"6\" ><div id=\"pl-w5d797ba043707\"  class=\"panel-layout\" ><div id=\"pg-w5d797ba043707-0\"  class=\"panel-grid panel-no-style\" ><div id=\"pgc-w5d797ba043707-0-0\"  class=\"panel-grid-cell\" ><div id=\"panel-w5d797ba043707-0-0-0\" class=\"so-panel widget widget_sow-image panel-first-child panel-last-child\" data-index=\"0\" ><div\n\t\t\t\n\t\t\tclass=\"so-widget-sow-image so-widget-sow-image-default-c67d20f9f743\"\n\t\t\t\n\t\t>\n<div class=\"sow-image-container\">\n\t\t<img \n\tsrc=\"https:\/\/awf.world\/wp-content\/uploads\/2019\/09\/David-Armando-Muthre-Ruiz.png\" width=\"199\" height=\"199\" srcset=\"https:\/\/awf.world\/wp-content\/uploads\/2019\/09\/David-Armando-Muthre-Ruiz.png 199w, https:\/\/awf.world\/wp-content\/uploads\/2019\/09\/David-Armando-Muthre-Ruiz-150x150.png 150w\" sizes=\"(max-width: 199px) 100vw, 199px\" alt=\"\" \t\tclass=\"so-widget-image\"\/>\n\t<\/div>\n\n<\/div><\/div><\/div><div id=\"pgc-w5d797ba043707-0-1\"  class=\"panel-grid-cell\" ><div id=\"panel-w5d797ba043707-0-1-0\" class=\"so-panel widget widget_sow-headline panel-first-child\" data-index=\"1\" ><div class=\"panel-widget-style panel-widget-style-for-w5d797ba043707-0-1-0\" ><div\n\t\t\t\n\t\t\tclass=\"so-widget-sow-headline so-widget-sow-headline-default-75bd2367331b\"\n\t\t\t\n\t\t><div class=\"sow-headline-container \">\n\t\t\t\t\t\t<div class=\"decoration\">\n\t\t\t\t\t\t<div class=\"decoration-inside\"><\/div>\n\t\t\t\t\t<\/div>\n\t\t\t\t\t<\/div>\n<\/div><\/div><\/div><div id=\"panel-w5d797ba043707-0-1-1\" class=\"so-panel widget widget_sow-editor panel-last-child\" data-index=\"2\" ><div\n\t\t\t\n\t\t\tclass=\"so-widget-sow-editor so-widget-sow-editor-base\"\n\t\t\t\n\t\t>\n<div class=\"siteorigin-widget-tinymce textwidget\">\n\t<h3>David Armando Muthre Ruiz \/ Coordonnateur r\u00e9gional pour l'Am\u00e9rique latine<\/h3>\n<div class=\"name-leadership\">\n<p>David mari\u00e9 \u00e0 Isabel Freire Espinoza, avec qui ils ont trois. Avec sa famille, David sert le Seigneur \u00e0 l'\u00c9glise \u00e9vang\u00e9lique de l'Alliance centrale \u00e0 Milagro, en \u00c9quateur, depuis le 19 mai 1991. En juillet 2011, David a re\u00e7u son doctorat honoris causa en sciences de la religion de l'Universit\u00e9 autonome de Quito et en juin En 2013, il a termin\u00e9 ses \u00e9tudes en th\u00e9ologie et en sciences religieuses avec une concentration en psychologie pastorale et conseil familial.<\/p>\n<p><span class=\"collapseomatic noarrow\" id=\"id69f5d694dacac\"  tabindex=\"0\" title=\"<em>Lire la suite...<\/em>\"    ><em>Lire la suite...<\/em><\/span><\/p>\n<div id=\"target-id69f5d694dacac\" class=\"collapseomatic_content \"> David est le pasteur principal de l'\u00e9glise \u00e9vang\u00e9lique de l'Alliance centrale. Cette \u00e9glise compte maintenant 3 \u00e9glises filles, 15 congr\u00e9gations dans 15 communaut\u00e9s et une \u00e9quipe minist\u00e9rielle de 22 personnes \u00e0 temps plein. C'est une \u00e9glise qui met l'accent sur l'\u00e9vang\u00e9lisation agressive, le discipulat intensif et le travail missionnaire transculturel.<\/p>\n<p>En 2006, David a dirig\u00e9 le d\u00e9partement des missions nationales du C &amp; MA de l'IEE. En novembre 2008, il est devenu pr\u00e9sident de l'Alliance chr\u00e9tienne et missionnaire en \u00c9quateur, o\u00f9 il continuera \u00e0 servir, \u00e0 la volont\u00e9 de Dieu, jusqu'en janvier 2019. De plus, David le vice-pr\u00e9sident de la Confraternit\u00e9 \u00e9vang\u00e9lique \u00e9quatorienne et le pr\u00e9sident de la Confraternit\u00e9 latino-am\u00e9ricaine de l'Alliance chr\u00e9tienne et missionnaire. David est mari\u00e9 \u00e0 Isabel Freire Espinoza et ils ont trois enfants: Keila Mishelle (24 ans), Genesis Isabel (22 ans) et Josu\u00e9 David (20 ans). <\/p><\/div>\n<\/p>\n<\/div>\n<\/div>\n<\/div><\/div><\/div><\/div><\/div><\/div><\/div><div id=\"pgc-24102-3-1\"  class=\"panel-grid-cell\" ><div id=\"panel-24102-3-1-0\" class=\"so-panel widget widget_siteorigin-panels-builder panel-first-child panel-last-child\" data-index=\"7\" ><div id=\"pl-w5d7980e241ebe\"  class=\"panel-layout\" ><div id=\"pg-w5d7980e241ebe-0\"  class=\"panel-grid panel-no-style\" ><div id=\"pgc-w5d7980e241ebe-0-0\"  class=\"panel-grid-cell\" ><div id=\"panel-w5d7980e241ebe-0-0-0\" class=\"so-panel widget widget_sow-headline panel-first-child\" data-index=\"0\" ><div class=\"panel-widget-style panel-widget-style-for-w5d7980e241ebe-0-0-0\" ><div\n\t\t\t\n\t\t\tclass=\"so-widget-sow-headline so-widget-sow-headline-default-75bd2367331b\"\n\t\t\t\n\t\t><div class=\"sow-headline-container \">\n\t\t\t\t\t\t<div class=\"decoration\">\n\t\t\t\t\t\t<div class=\"decoration-inside\"><\/div>\n\t\t\t\t\t<\/div>\n\t\t\t\t\t<\/div>\n<\/div><\/div><\/div><div id=\"panel-w5d7980e241ebe-0-0-1\" class=\"so-panel widget widget_sow-editor panel-last-child\" data-index=\"1\" ><div\n\t\t\t\n\t\t\tclass=\"so-widget-sow-editor so-widget-sow-editor-base\"\n\t\t\t\n\t\t>\n<div class=\"siteorigin-widget-tinymce textwidget\">\n\t<h3>Munther Shahatit \/ Coordonnateur r\u00e9gional pour l'Europe et le Moyen-Orient<\/h3>\n<p>Le r\u00e9v\u00e9rend Munther Shahatit est un homme travailleur, humble, compatissant et motiv\u00e9. En tant que pasteur et conseiller, il combine \u00abth\u00e9ories, techniques et valeurs bibliques pour r\u00e9pondre aux besoins des personnes qui recherchent une aide professionnelle ou spirituelle\u00bb. Il est originaire de Jordanie et a grandi dans un foyer chr\u00e9tien symbolique.<\/p>\n<p><span class=\"collapseomatic noarrow\" id=\"id69f5d694db7b9\"  tabindex=\"0\" title=\"<em>Lire la suite...<\/em>\"    ><em>Lire la suite...<\/em><\/span><\/p>\n<div id=\"target-id69f5d694db7b9\" class=\"collapseomatic_content \"> Il a appris \u00e0 conna\u00eetre personnellement le Seigneur \u00e0 l'\u00e2ge de 19 ans, par l'interm\u00e9diaire d'un de ses amis, devenu pasteur dans une \u00e9glise C &amp; MA. Il a rencontr\u00e9 sa femme \u00e0 l'\u00e9t\u00e9 1990 et s'est mari\u00e9 peu de temps apr\u00e8s, ils ont poursuivi ensemble le Seigneur. Le r\u00e9v\u00e9rend Munther et son \u00e9pouse ont quatre enfants, deux filles et deux fils.<\/p>\n<p>Le r\u00e9v\u00e9rend Munther a une vaste exp\u00e9rience de travail en tant que pasteur, comptable et conseiller. En tant que comptable, il a travaill\u00e9 en tant que banquier dans l'arm\u00e9e jordanienne, au d\u00e9partement des finances et \u00e0 la banque du logement en Jordanie. En tant que conseiller, il a travaill\u00e9 dans diverses organisations et entit\u00e9s, en Jordanie et \u00e0 l'\u00e9tranger, en aidant les personnes \u00e0 se r\u00e9tablir de vices et de d\u00e9pendances. Il a \u00e9galement travaill\u00e9 en tant que formateur de conseillers en traumatologie au sein de l'organisation SALT et est impliqu\u00e9 dans les minist\u00e8res de conseil en traumatologie de toute la r\u00e9gion du Moyen-Orient, offrant des conseils et une formation professionnels en traumatologie. Actuellement, il travaille comme consultant professionnel en traumatologie au bureau OD - Pays-Bas depuis 2008, aidant \u00e0 \u00e9tablir un minist\u00e8re de soutien aux traumatismes aupr\u00e8s des \u00e9glises pers\u00e9cut\u00e9es dans la r\u00e9gion du Moyen-Orient et de l\u2019Afrique du Nord. Il travaille \u00e9galement comme consultant professionnel en traumatologie \u00e0 la Soci\u00e9t\u00e9 biblique de Jordanie depuis 2014.<\/p>\n<p>Le r\u00e9v\u00e9rend Munther a \u00e9t\u00e9 fortement impliqu\u00e9 dans le minist\u00e8re de l'\u00e9glise C &amp; MA en Jordanie depuis 1990. En 2007, il a commenc\u00e9 \u00e0 servir en tant que pasteur associ\u00e9 \u00e0 l'\u00e9glise Second Circle C &amp; MA \u00e0 Amman, o\u00f9 il a \u00e9t\u00e9 ordonn\u00e9 en 2011. Il a servi de comit\u00e9 ex\u00e9cutif national membre, tr\u00e9sorier et vice-pr\u00e9sident de l'\u00e9glise nationale C &amp; MA de 1994 \u00e0 2003, puis de 2007 \u00e0 nos jours.\u00a0<\/p><\/div><\/p>\n<\/div>\n<\/div><\/div><\/div><div id=\"pgc-w5d7980e241ebe-0-1\"  class=\"panel-grid-cell\" ><div id=\"panel-w5d7980e241ebe-0-1-0\" class=\"so-panel widget widget_sow-image panel-first-child panel-last-child\" data-index=\"2\" ><div\n\t\t\t\n\t\t\tclass=\"so-widget-sow-image so-widget-sow-image-default-c67d20f9f743\"\n\t\t\t\n\t\t>\n<div class=\"sow-image-container\">\n\t\t<img \n\tsrc=\"https:\/\/awf.world\/wp-content\/uploads\/2019\/09\/Munther-Shahatit.png\" width=\"199\" height=\"199\" srcset=\"https:\/\/awf.world\/wp-content\/uploads\/2019\/09\/Munther-Shahatit.png 199w, https:\/\/awf.world\/wp-content\/uploads\/2019\/09\/Munther-Shahatit-150x150.png 150w\" sizes=\"(max-width: 199px) 100vw, 199px\" alt=\"\" \t\tclass=\"so-widget-image\"\/>\n\t<\/div>\n\n<\/div><\/div><\/div><\/div><\/div><\/div><\/div><\/div><div id=\"pg-24102-4\"  class=\"panel-grid panel-no-style\" ><div id=\"pgc-24102-4-0\"  class=\"panel-grid-cell panel-grid-cell-mobile-last\" ><div id=\"panel-24102-4-0-0\" class=\"so-panel widget widget_siteorigin-panels-builder panel-first-child panel-last-child\" data-index=\"8\" ><div id=\"pl-w5d797ba043fb4\"  class=\"panel-layout\" ><div id=\"pg-w5d797ba043fb4-0\"  class=\"panel-grid panel-no-style\" ><div id=\"pgc-w5d797ba043fb4-0-0\"  class=\"panel-grid-cell\" ><div id=\"panel-w5d797ba043fb4-0-0-0\" class=\"so-panel widget widget_sow-image panel-first-child panel-last-child\" data-index=\"0\" ><div\n\t\t\t\n\t\t\tclass=\"so-widget-sow-image so-widget-sow-image-default-c67d20f9f743\"\n\t\t\t\n\t\t>\n<div class=\"sow-image-container\">\n\t\t<img \n\tsrc=\"https:\/\/awf.world\/wp-content\/uploads\/2019\/09\/Roland-Lumawag.png\" width=\"199\" height=\"199\" srcset=\"https:\/\/awf.world\/wp-content\/uploads\/2019\/09\/Roland-Lumawag.png 199w, https:\/\/awf.world\/wp-content\/uploads\/2019\/09\/Roland-Lumawag-150x150.png 150w\" sizes=\"(max-width: 199px) 100vw, 199px\" alt=\"\" \t\tclass=\"so-widget-image\"\/>\n\t<\/div>\n\n<\/div><\/div><\/div><div id=\"pgc-w5d797ba043fb4-0-1\"  class=\"panel-grid-cell\" ><div id=\"panel-w5d797ba043fb4-0-1-0\" class=\"so-panel widget widget_sow-headline panel-first-child\" data-index=\"1\" ><div class=\"panel-widget-style panel-widget-style-for-w5d797ba043fb4-0-1-0\" ><div\n\t\t\t\n\t\t\tclass=\"so-widget-sow-headline so-widget-sow-headline-default-75bd2367331b\"\n\t\t\t\n\t\t><div class=\"sow-headline-container \">\n\t\t\t\t\t\t<div class=\"decoration\">\n\t\t\t\t\t\t<div class=\"decoration-inside\"><\/div>\n\t\t\t\t\t<\/div>\n\t\t\t\t\t<\/div>\n<\/div><\/div><\/div><div id=\"panel-w5d797ba043fb4-0-1-1\" class=\"so-panel widget widget_sow-editor panel-last-child\" data-index=\"2\" ><div\n\t\t\t\n\t\t\tclass=\"so-widget-sow-editor so-widget-sow-editor-base\"\n\t\t\t\n\t\t>\n<div class=\"siteorigin-widget-tinymce textwidget\">\n\t<h3>Roland Lumawag \/ Coordonnateur r\u00e9gional Asie et Pacifique<\/h3>\n<p>Roland et son \u00e9pouse Nancy et leurs deux enfants ont commenc\u00e9 leur service missionnaire en Tha\u00eflande le 11 f\u00e9vrier 1997. Ils vivent actuellement \u00e0 Khon Kaen, dans le nord-est de la Tha\u00eflande, tandis que leurs fils (\u00e2g\u00e9s de 17 et 20 ans aujourd'hui) \u00e9tudient et vivent aux Philippines. et activement impliqu\u00e9 dans leur Alliance Alliance locale.<\/p>\n<p><span class=\"collapseomatic noarrow\" id=\"id69f5d694de4dc\"  tabindex=\"0\" title=\"<em>Read more...<\/em>\"    ><em>Read more...<\/em><\/span><\/p>\n<div id=\"target-id69f5d694de4dc\" class=\"collapseomatic_content \"> Les Lumawags ont b\u00e9n\u00e9fici\u00e9 du soutien financier de l\u2019Alliance en Nouvelle-Z\u00e9lande tout au long de leur s\u00e9jour sur le terrain. Ils ont trois grands domaines de minist\u00e8re: la mobilisation des missions, le S\u00e9minaire biblique du Nord-Est et la r\u00e9gion des \u00e9glises de l'Alliance Asie-Pacifique. <\/div><\/p>\n<\/div>\n<\/div><\/div><\/div><\/div><\/div><\/div><\/div><div id=\"pgc-24102-4-1\"  class=\"panel-grid-cell panel-grid-cell-empty\" ><\/div><\/div><div id=\"pg-24102-5\"  class=\"panel-grid panel-has-style\" ><div class=\"siteorigin-panels-stretch panel-row-style panel-row-style-for-24102-5\" data-stretch-type=\"full\" ><div id=\"pgc-24102-5-0\"  class=\"panel-grid-cell\" ><div id=\"panel-24102-5-0-0\" class=\"so-panel widget widget_sow-editor panel-first-child panel-last-child\" data-index=\"9\" ><div\n\t\t\t\n\t\t\tclass=\"so-widget-sow-editor so-widget-sow-editor-base\"\n\t\t\t\n\t\t>\n<div class=\"siteorigin-widget-tinymce textwidget\">\n\t<h2 class=\"p1\" style=\"text-align: center; color: #fff; font-family: Roboto, arial;\">Recevez nos mises \u00e0 jours<\/h2>\n<p class=\"p2\" style=\"font-size: 120%; text-align: center;\"><span style=\"color: #ffffff;\">Remplissez ce formulaire et commencez \u00e0 recevoir nos derni\u00e8res ressources et nouvelles sur la famille Alliance dans le monde.<\/span><\/p>\n<p><!-- Begin Mailchimp Signup Form --><\/p>\n<div id=\"mc_embed_signup\">\n<form id=\"mc-embedded-subscribe-form\" class=\"validate\" action=\"https:\/\/awf.us8.list-manage.com\/subscribe\/post?u=6fbf924b5c97c8f372b929db0&amp;id=cf4bae1fac\" method=\"post\" name=\"mc-embedded-subscribe-form\" novalidate=\"\" target=\"_blank\">\n<div id=\"mc_embed_signup_scroll\">\n<div id=\"mc_embed_signup_scroll\">\n<div class=\"mc-field-group cuatro-columnas\"><input id=\"mce-FNAME\" class=\"\" name=\"FNAME\" type=\"text\" value=\"Nom complet\" \/><\/div>\n<div class=\"mc-field-group cuatro-columnas\"><input id=\"mce-LNAME\" class=\"\" name=\"LNAME\" type=\"text\" value=\"Pays\" \/><\/div>\n<div class=\"mc-field-group cuatro-columnas\"><input id=\"mce-EMAIL\" class=\"required email\" name=\"EMAIL\" type=\"email\" value=\"Email\" \/><\/div>\n<\/div>\n<div class=\"clear cuatro-columnas\" style=\"border-radius: 50px;\"><input id=\"mc-embedded-subscribe\" class=\"button\" name=\"subscribe\" type=\"submit\" value=\"Abonnez-vous\" \/><\/div>\n<\/div>\n<\/form>\n<\/div>\n<div id=\"mce-responses\" class=\"clear\">\n<div id=\"mce-error-response\" class=\"response\" style=\"display: none;\"><\/div>\n<div id=\"mce-success-response\" class=\"response\" style=\"display: none;\"><\/div>\n<\/div>\n<p><!-- real people should not fill this in and expect good things - do not remove this or risk form bot signups--><\/p>\n<div style=\"position: absolute; left: -5000px;\" aria-hidden=\"true\"><input tabindex=\"-1\" name=\"b_4bc5fe44238af1d6728f1e2ad_56bc8a7de9\" type=\"text\" value=\"\" \/><\/div>\n<p><script type='text\/javascript' src='\/\/s3.amazonaws.com\/downloads.mailchimp.com\/js\/mc-validate.js'><\/script><script type='text\/javascript'>(function($) {window.fnames = new Array(); window.ftypes = new Array();fnames[0]='EMAIL';ftypes[0]='email';fnames[1]='FNAME';ftypes[1]='text';fnames[2]='LNAME';ftypes[2]='text';}(jQuery));var $mcj = jQuery.noConflict(true);<\/script><br \/>\n<!--End mc_embed_signup--><\/p>\n<\/div>\n<\/div><\/div><\/div><\/div><\/div><\/div>","protected":false},"excerpt":{"rendered":"<p>Comit\u00e9 ex\u00e9cutif de la AWF<\/p>\n","protected":false},"author":3,"featured_media":0,"parent":0,"menu_order":2,"comment_status":"closed","ping_status":"closed","template":"","meta":{"inline_featured_image":false,"ngg_post_thumbnail":0,"_EventAllDay":false,"_EventTimezone":"","_EventStartDate":"","_EventEndDate":"","_EventStartDateUTC":"","_EventEndDateUTC":"","_EventShowMap":false,"_EventShowMapLink":false,"_EventURL":"","_EventCost":"","_EventCostDescription":"","_EventCurrencySymbol":"","_EventCurrencyCode":"","_EventCurrencyPosition":"","_EventDateTimeSeparator":"","_EventTimeRangeSeparator":"","_EventOrganizerID":[],"_EventVenueID":[],"_OrganizerEmail":"","_OrganizerPhone":"","_OrganizerWebsite":"","_VenueAddress":"","_VenueCity":"","_VenueCountry":"","_VenueProvince":"","_VenueState":"","_VenueZip":"","_VenuePhone":"","_VenueURL":"","_VenueStateProvince":"","_VenueLat":"","_VenueLng":"","_VenueShowMap":false,"_VenueShowMapLink":false,"footnotes":""},"class_list":["post-24102","page","type-page","status-publish","hentry"],"_links":{"self":[{"href":"https:\/\/awf.world\/fr\/wp-json\/wp\/v2\/pages\/24102","targetHints":{"allow":["GET"]}}],"collection":[{"href":"https:\/\/awf.world\/fr\/wp-json\/wp\/v2\/pages"}],"about":[{"href":"https:\/\/awf.world\/fr\/wp-json\/wp\/v2\/types\/page"}],"author":[{"embeddable":true,"href":"https:\/\/awf.world\/fr\/wp-json\/wp\/v2\/users\/3"}],"replies":[{"embeddable":true,"href":"https:\/\/awf.world\/fr\/wp-json\/wp\/v2\/comments?post=24102"}],"version-history":[{"count":0,"href":"https:\/\/awf.world\/fr\/wp-json\/wp\/v2\/pages\/24102\/revisions"}],"wp:attachment":[{"href":"https:\/\/awf.world\/fr\/wp-json\/wp\/v2\/media?parent=24102"}],"curies":[{"name":"wp","href":"https:\/\/api.w.org\/{rel}","templated":true}]}}