{"id":22689,"date":"2019-05-08T02:32:09","date_gmt":"2019-05-08T05:32:09","guid":{"rendered":"http:\/\/awf.world\/?page_id=22689"},"modified":"2019-05-10T02:28:07","modified_gmt":"2019-05-10T05:28:07","slug":"prier","status":"publish","type":"page","link":"https:\/\/awf.world\/fr\/prier\/","title":{"rendered":"Prier"},"content":{"rendered":"<div id=\"pl-22689\"  class=\"panel-layout\" ><div id=\"pg-22689-0\"  class=\"panel-grid panel-has-style\" ><div class=\"panel-row-style panel-row-style-for-22689-0\" ><div id=\"pgc-22689-0-0\"  class=\"panel-grid-cell panel-grid-cell-empty\" ><\/div><div id=\"pgc-22689-0-1\"  class=\"panel-grid-cell\" ><div id=\"panel-22689-0-1-0\" class=\"so-panel widget widget_sow-editor panel-first-child panel-last-child\" data-index=\"0\" ><div class=\"panel-widget-style panel-widget-style-for-22689-0-1-0\" ><div\n\t\t\t\n\t\t\tclass=\"so-widget-sow-editor so-widget-sow-editor-base\"\n\t\t\t\n\t\t>\n<div class=\"siteorigin-widget-tinymce textwidget\">\n\t<h1>C'est ce que nous prions pour ce mois-ci<\/h1>\n<\/div>\n<\/div><\/div><\/div><\/div><div id=\"pgc-22689-0-2\"  class=\"panel-grid-cell panel-grid-cell-mobile-last\" ><div id=\"panel-22689-0-2-0\" class=\"so-panel widget widget_sow-image panel-first-child panel-last-child\" data-index=\"1\" ><div class=\"panel-widget-style panel-widget-style-for-22689-0-2-0\" ><div\n\t\t\t\n\t\t\tclass=\"so-widget-sow-image so-widget-sow-image-default-a258e6bfa2d8-22689\"\n\t\t\t\n\t\t>\n<div class=\"sow-image-container\">\n\t\t<img \n\tsrc=\"https:\/\/awf.world\/wp-content\/uploads\/2019\/05\/pray.png\" width=\"464\" height=\"414\" srcset=\"https:\/\/awf.world\/wp-content\/uploads\/2019\/05\/pray.png 464w, https:\/\/awf.world\/wp-content\/uploads\/2019\/05\/pray-300x268.png 300w\" sizes=\"(max-width: 464px) 100vw, 464px\" alt=\"\" \t\tclass=\"so-widget-image\"\/>\n\t<\/div>\n\n<\/div><\/div><\/div><\/div><div id=\"pgc-22689-0-3\"  class=\"panel-grid-cell panel-grid-cell-empty\" ><\/div><\/div><\/div><div id=\"pg-22689-1\"  class=\"panel-grid panel-has-style\" ><div class=\"siteorigin-panels-stretch panel-row-style panel-row-style-for-22689-1\" data-stretch-type=\"full\" ><div id=\"pgc-22689-1-0\"  class=\"panel-grid-cell panel-grid-cell-empty\" ><\/div><div id=\"pgc-22689-1-1\"  class=\"panel-grid-cell panel-grid-cell-mobile-last\" ><div id=\"panel-22689-1-1-0\" class=\"so-panel widget widget_sow-editor panel-first-child panel-last-child\" data-index=\"2\" ><div\n\t\t\t\n\t\t\tclass=\"so-widget-sow-editor so-widget-sow-editor-base\"\n\t\t\t\n\t\t>\n<div class=\"siteorigin-widget-tinymce textwidget\">\n\t<div id=\"wpv-view-layout-22517\" class=\"js-wpv-view-layout js-wpv-layout-responsive js-wpv-view-layout-22517\" data-viewnumber=\"22517\" data-pagination=\"{&quot;id&quot;:22517,&quot;query&quot;:&quot;normal&quot;,&quot;type&quot;:&quot;disabled&quot;,&quot;effect&quot;:&quot;fade&quot;,&quot;duration&quot;:500,&quot;speed&quot;:5,&quot;pause_on_hover&quot;:&quot;disabled&quot;,&quot;stop_rollover&quot;:&quot;false&quot;,&quot;cache_pages&quot;:&quot;enabled&quot;,&quot;preload_images&quot;:&quot;enabled&quot;,&quot;preload_pages&quot;:&quot;enabled&quot;,&quot;preload_reach&quot;:1,&quot;spinner&quot;:&quot;builtin&quot;,&quot;spinner_image&quot;:&quot;https:\/\/awf.world\/wp-content\/plugins\/wp-views\/embedded\/res\/img\/ajax-loader.gif&quot;,&quot;callback_next&quot;:&quot;&quot;,&quot;manage_history&quot;:&quot;enabled&quot;,&quot;has_controls_in_form&quot;:&quot;disabled&quot;,&quot;infinite_tolerance&quot;:&quot;0&quot;,&quot;max_pages&quot;:0,&quot;page&quot;:1,&quot;base_permalink&quot;:&quot;\/fr\/wp-json\/wp\/v2\/pages\/22689?wpv_view_count=22517&amp;wpv_paged=WPV_PAGE_NUM&quot;,&quot;loop&quot;:{&quot;type&quot;:&quot;&quot;,&quot;name&quot;:&quot;&quot;,&quot;data&quot;:[],&quot;id&quot;:0}}\" data-permalink=\"\/fr\/wp-json\/wp\/v2\/pages\/22689?wpv_view_count=22517\">\n<h2><strong>Pri\u00e8res de l\u2019UMA &#8211; Avril 2026<\/strong><\/h2>\n<p>&nbsp;<\/p>\n<p><strong>29 avril 2026<\/strong><\/p>\n<p><strong>R\u00c9GION EMERALD (EUROPE ET MOYEN-ORIENT) DE L\u2019UMA<br \/>\n<\/strong>Veuillez prier pour :<\/p>\n<ul>\n<li>La finalisation des derniers pr\u00e9paratifs pour la Conf\u00e9rence R\u00e9gionale EMERALD et le Symposium Th\u00e9ologique de l\u2019Alliance, du 4 au 9 mai en Turquie. Priez \u00e9galement pour la s\u00e9curit\u00e9 des d\u00e9placements de tous les participants, et afin que ce temps soit un moment de renouvellement, de communion fraternelle et d\u2019unit\u00e9.<\/li>\n<\/ul>\n<p><strong>CAMA ZENDING &#8211; PAYS-BAS<br \/>\n<\/strong>Louons Dieu pour :<\/p>\n<ul>\n<li>Le Forum du Champs \u00e0 Malaga, du 9 au 11 avril, qui a rassembl\u00e9 des ouvriers d\u2019Espagne, d\u2019Italie et du Portugal autour du th\u00e8me <em>\u00ab Rendre J\u00e9sus Visible Ensemble \u00bb<\/em><em>.<\/em> Ces journ\u00e9es significatives ont m\u00eal\u00e9 la recherche de la pr\u00e9sence de Dieu, la pri\u00e8re et la r\u00e9solution de d\u00e9fis avec honn\u00eatet\u00e9, \u00e0 des moments de communion fraternelle, d\u2019encouragement et de joie partag\u00e9e. Dans une r\u00e9gion o\u00f9 le minist\u00e8re est souvent difficile et o\u00f9 l\u2019\u00e9loignement de l\u2019\u00e9vangile est grand, nous avons \u00e9t\u00e9 inspir\u00e9s par le d\u00e9vouement de ceux qui servent fid\u00e8lement dans les \u00e9glises, dans la rue, et aupr\u00e8s des enfants et des jeunes. Ce fut un temps intense et \u00e9difiant, qui a renouvel\u00e9 notre courage et nous a rappel\u00e9 que travailler ensemble fait toute la diff\u00e9rence.<\/li>\n<\/ul>\n<p>Veuillez prier pour :<\/p>\n<ul>\n<li>La formation aux micro-entrepreneuriat au Myanmar. Priez que les plans d\u2019affaires des participants conduisent \u00e0 un revenu durable et \u00e0 un avenir meilleur, avec sagesse, pers\u00e9v\u00e9rance et faveur.<\/li>\n<li>La protection, la force, l\u2019encouragement, la paix, la sagesse et le courage pour nos ouvriers au Moyen-Orient. Priez \u00e9galement afin que de nombreuses personnes aupr\u00e8s desquelles ils exercent leur minist\u00e8re fassent une rencontre avec Christ.<\/li>\n<\/ul>\n<p><strong>LIBAN<br \/>\n<\/strong>Louez Dieu pour :<\/p>\n<ul>\n<li>Les portes que Dieu ouvre pour l\u2019implantation d\u2019\u00e9glises dans le sud du pays. L\u2019Alliance au Liban a la vision d\u2019implanter 15 \u00e9glises dans le sud une fois le conflit termin\u00e9.<\/li>\n<li>L\u2019Institut de Th\u00e9ologie de l\u2019Alliance Chr\u00e9tienne (CAIT) est en croissance en nombre d\u2019\u00e9tudiants, en particulier parmi les \u00e9tudiants inscrits aux cours en ligne.<\/li>\n<\/ul>\n<p><strong>PAYS-BAS<br \/>\n<\/strong>Louons Dieu pour :<\/p>\n<ul>\n<li>L\u2019int\u00e9r\u00eat croissant des jeunes pour l\u2019\u00e9glise, qui face \u00e0 l\u2019incertitude, \u00e0 l\u2019obscurit\u00e9 et aux bouleversements du monde, se tournent vers les \u00e9glises en qu\u00eate d\u2019esp\u00e9rance.<\/li>\n<li>Le renforcement des liens et de la communion fraternelle entre les \u00e9glises autochtones et les \u00e9glises de la diaspora aux Pays-Bas, alors que Dieu fait tomber les barri\u00e8res.<\/li>\n<\/ul>\n<p><strong>FRANCE<br \/>\n<\/strong>Veuillez prier pour :<\/p>\n<ul>\n<li>La nouvelle \u00c9quipe Nationale de Direction de la Jeunesse de l\u2019Alliance qui organise la premi\u00e8re Conf\u00e9rence Nationale de la Jeunesse de l\u2019Alliance Fran\u00e7aise en 2026.<\/li>\n<\/ul>\n<p><strong>ALLEMAGNE<br \/>\n<\/strong>Louons Dieu pour :<\/p>\n<ul>\n<li>Le caf\u00e9 de linguistique de l\u2019\u00e9glise d\u2019Erfurt, que fr\u00e9quentent d\u00e9sormais de nombreux Ukrainiens.<\/li>\n<\/ul>\n<p><strong>FORMATION DE L\u2019ALLIANCE (INFORMA &#8211; INSTITUT DE FORMATION MINIST\u00c9RIELLE DE L\u2019ALLIANCE)<br \/>\n<\/strong>Veuillez prier pour :<\/p>\n<ul>\n<li>Le nouveau Dipl\u00f4me en Conseil Pastoral (10 cours) qui d\u00e9butera en mai. Priez pour une inscription massive, pour la sagesse des professeurs et un impact durable.<\/li>\n<li>Que Dieu pourvoie aux ressources financi\u00e8res n\u00e9cessaires pour les \u00e9tudiants participant au module Isra\u00ebl, du 7 au 16 octobre.<\/li>\n<\/ul>\n<hr \/>\n<p><strong>22 avril 2026<\/strong><\/p>\n<p><strong>R\u00c9GION CLA (AM\u00c9RIQUE LATINE) DE L\u2019UMA<\/strong><\/p>\n<p><strong>BR\u00c9SIL<br \/>\n<\/strong>Louons Dieu pour :<\/p>\n<ul>\n<li>L\u2019inscription de nouveaux \u00e9tudiants au s\u00e9minaire (49 au total).<\/li>\n<li>Nos collaborateurs en Inde et la croissance continue de l\u2019\u0153uvre, notamment les bapt\u00eames r\u00e9cents et les nouvelles opportunit\u00e9s d\u2019implantation d\u2019\u00e9glises.<\/li>\n<\/ul>\n<p>Veuillez prier pour :<\/p>\n<ul>\n<li>L\u2019\u00e9valuation des \u00e9glises souhaitant rejoindre l\u2019Alliance.<\/li>\n<li>Les efforts d\u2019implantation de nouvelles \u00e9glises.<\/li>\n<li>La revitalisation des \u00e9glises en difficult\u00e9.<\/li>\n<li>La famille Lima, nos missionnaires au Portugal, pendant leur cong\u00e9 au Br\u00e9sil (juin-ao\u00fbt).<\/li>\n<li>Le D\u00e9partement National des Missions et les nouvelles initiatives transculturelles.<\/li>\n<li>L\u2019IMA (Immersion Missionnaire de l\u2019Alliance Br\u00e9silienne), un programme de formation en partenariat avec le S\u00e9minaire Th\u00e9ologique A. W. Tozer, qui offre une formation \u00e0 la fois th\u00e9orique et pratique aux jeunes qui se sentent appel\u00e9s.<\/li>\n<li>Les partenariats avec des minist\u00e8res transculturelles dans des contextes difficiles.<\/li>\n<\/ul>\n<p><strong>MEXIQUE<br \/>\n<\/strong>Veuillez prier pour :<\/p>\n<ul>\n<li>Les pasteurs Ricardo et Brisa, qui implantent une \u00e9glise \u00e0 Ciudad Ju\u00e1rez.<\/li>\n<li>La formation au minist\u00e8re destin\u00e9e aux pasteurs et aux responsables de la r\u00e9gion du Chiapas.<\/li>\n<li>Le Conseil National des Pasteurs \u00e0 Canc\u00fan (du 26 au 29 mai).<\/li>\n<li>Le camp de jeunes \u00e0 Tijuana en juillet.<\/li>\n<\/ul>\n<p><strong>PANAMA<br \/>\n<\/strong>Louons Dieu pour :<\/p>\n<ul>\n<li>Le bapt\u00eame de trois personnes dans la communaut\u00e9 rurale de La Zah\u00edna, apr\u00e8s trois ans de travail et le discipulat.<\/li>\n<\/ul>\n<p>Veuillez prier pour :<\/p>\n<ul>\n<li>L\u2019ouverture d\u2019un nouveau champ missionnaire sur l\u2019\u00eele de Taboga.<\/li>\n<li>La cr\u00e9ation de nouveaux groupes de formation de disciples.<\/li>\n<li>L\u2019acquisition de locaux pour les \u00e9glises Brisas del Golf et Fuente de Agua Viva.<\/li>\n<\/ul>\n<p><strong>VENEZUELA<br \/>\n<\/strong>Veuillez prier pour :<\/p>\n<ul>\n<li>Le transfert officiel du si\u00e8ge de la FUNDALFA (Fondation pour la Famille) vers l\u2019\u00e9glise de Los Guayos. Le processus s\u2019est av\u00e9r\u00e9 complexe : prions pour que Dieu nous guide et nous accorde sa faveur afin de le mener \u00e0 bien.<\/li>\n<li>Les travaux d\u2019extension \u00e0 Los Guayos, Yagua, Bel\u00e9n, Guatire, Coro et Tinaquillo.<\/li>\n<li>Le peuple v\u00e9n\u00e9zu\u00e9lien, afin que Dieu pourvoie aux besoins des familles en cette p\u00e9riode de difficult\u00e9s \u00e9conomiques, ouvre des portes pour l\u2019emploi et apporte stabilit\u00e9 et paix en ces temps d\u2019incertitude.<\/li>\n<li>Les familles v\u00e9n\u00e9zu\u00e9liennes, afin qu\u2019elles soient fortifi\u00e9es ; que le Seigneur gu\u00e9risse les c\u0153urs bris\u00e9s, r\u00e9conforte ceux qui sont s\u00e9par\u00e9s par la migration et les entoure de son amour.<\/li>\n<\/ul>\n<p><strong>P\u00c9ROU<br \/>\n<\/strong>Veuillez prier pour :<\/p>\n<ul>\n<li>La stabilit\u00e9 politique au P\u00e9rou apr\u00e8s les \u00e9lections l\u00e9gislatives.<\/li>\n<li>Que Dieu suscite une nouvelle g\u00e9n\u00e9ration de responsables et de pasteurs dans tout le pays.<\/li>\n<li>La poursuite de la croissance des missions.<\/li>\n<\/ul>\n<p><strong>ARGENTINE<br \/>\n<\/strong>Veuillez prier pour :<\/p>\n<ul>\n<li>Notre Congr\u00e8s de l\u2019Alliance en octobre. Priez pour les intervenants, les responsables, les \u00e9quipes de louange, les ressources et les d\u00e9placements des familles de pasteurs.<\/li>\n<li>La restructuration des districts (de 10 \u00e0 5), pour la croissance des \u00e9glises et pour que celles-ci puissent disposer de leurs propres locaux.<\/li>\n<\/ul>\n<p><strong>EQUATEUR<br \/>\n<\/strong>Veuillez prier pour :<\/p>\n<ul>\n<li>Que l\u2019Alliance en \u00c9quateur atteigne ses objectifs pour 2026, et que Dieu accorde sagesse, direction et unit\u00e9 aux responsables nationaux.<\/li>\n<li>Des ressources pour construire la nouvelle salle de r\u00e9union de l\u2019\u00e9glise nationale et pour implanter des \u00e9glises dans de nouvelles r\u00e9gions.<\/li>\n<li>La paix, la justice et la s\u00e9curit\u00e9 dans tout le pays.<\/li>\n<\/ul>\n<p><strong>R\u00c9PUBLIQUE DOMINICAINE<br \/>\n<\/strong>Veuillez prier pour :<\/p>\n<ul>\n<li>Les nouveaux responsables qui rejoindront le Comit\u00e9 National des Mission et de l\u2019Evang\u00e9lisation.<\/li>\n<li>L\u2019implantation de nouvelles \u00e9glises.<\/li>\n<\/ul>\n<p><strong>BOLIVIE<br \/>\n<\/strong>Veuillez prier pour :<\/p>\n<ul>\n<li>L\u2019implantation de nouvelles \u00e9glises en Bolivie.<\/li>\n<li>La formation de nouveaux missionnaires transculturelles.<\/li>\n<li>La finalisation de la mise \u00e0 jour des statuts et r\u00e8glements de l\u2019\u00e9glise nationale aupr\u00e8s des autorit\u00e9s gouvernementales.<\/li>\n<\/ul>\n<p><strong>URUGUAY<br \/>\n<\/strong>Veuillez prier pour :<\/p>\n<ul>\n<li>Que la premi\u00e8re retraite pastorale de l\u2019ann\u00e9e soit un moment d\u2019\u00e9dification et d\u2019approfondissement de notre relation avec le Seigneur.<\/li>\n<li>Un regain d\u2019enthousiasme pour l\u2019\u0153uvre missionnaire au sein de nos \u00e9glises.<\/li>\n<\/ul>\n<p><strong>HA\u00cfTI<br \/>\n<\/strong>Louons Dieu pour :<\/p>\n<ul>\n<li>Que l\u2019\u00e9vangile continue de se r\u00e9pandre en Ha\u00efti malgr\u00e9 les difficult\u00e9s.<\/li>\n<\/ul>\n<p>Veuillez prier pour :<\/p>\n<ul>\n<li>Les ressources financi\u00e8res n\u00e9cessaires pour construire le bureau national.<\/li>\n<li>Sagesse et unit\u00e9 pour les responsables d\u2019\u00e9glise.<\/li>\n<\/ul>\n<p>&nbsp;<\/p>\n<hr \/>\n<p><strong>15 avril 2026<\/strong><\/p>\n<p><strong>1) R\u00c9GION APAC (ASIE-PACIFIQUE) DE L\u2019UMA<\/strong><\/p>\n<p><strong>MYANMAR<br \/>\n<\/strong>Veuillez prier pour :<\/p>\n<ul>\n<li>Un minist\u00e8re fid\u00e8le malgr\u00e9 le conflit qui s\u00e9vit actuellement dans le pays.<\/li>\n<li>La s\u00e9curit\u00e9 et le retour des membres de l\u2019\u00e9glise d\u00e9plac\u00e9s.<\/li>\n<li>Une \u00e9vang\u00e9lisation efficace pendant le Festival de l\u2019Eau Birman (Thingyan). Priez pour que nous ayons l\u2019occasion de partager la bonne nouvelle de J\u00e9sus-Christ avec audace et efficacit\u00e9.<\/li>\n<li>La direction et la sagesse de Dieu alors que nous ouvrons un nouveau champ missionnaire dans l\u2019\u00c9tat Shan.<\/li>\n<li>La mise en place d\u2019un syst\u00e8me d\u2019\u00e9nergie solaire au si\u00e8ge en raison de la crise du carburant.<\/li>\n<\/ul>\n<p><strong>AUSTRALIE<br \/>\n<\/strong>Veuillez prier pour :<\/p>\n<ul>\n<li>La pasteure Kim Chau, notre nouvelle directrice des missions. Priez pour la sagesse et le discernement, ainsi que pour que nos \u00e9glises aient des c\u0153urs et des esprits ouverts afin d\u2019atteindre notre g\u00e9n\u00e9ration d\u2019ouvriers et de missionnaires.<\/li>\n<\/ul>\n<p><strong>VIETNAM<br \/>\n<\/strong>Veuillez prier pour :<\/p>\n<ul>\n<li>Notre \u00e9glise alors que nous nous engageons dans l\u2019\u00e9vang\u00e9lisation et l\u2019implantation d\u2019\u00e9glises parmi le peuple Kinh. Le pourcentage de chr\u00e9tiens au sein de ce groupe reste faible.<\/li>\n<\/ul>\n<p><strong>INDON\u00c9SIE<br \/>\n<\/strong>Veuillez prier pour :<\/p>\n<ul>\n<li>La Conf\u00e9rence Nationale de la CMA Indon\u00e9sie du 21 au 24 avril \u00e0 Makassar, Sulawesi du Sud. Priez pour la s\u00e9lection des nouveaux dirigeants et la planification strat\u00e9gique, en particulier pour les missions aupr\u00e8s de groupes non atteints.<\/li>\n<\/ul>\n<p><strong>HONG KONG<br \/>\n<\/strong>Veuillez prier pour :<\/p>\n<ul>\n<li>Que Dieu nous accorde une vision, l\u2019unit\u00e9 et la direction pendant la Conf\u00e9rence G\u00e9n\u00e9rale Annuelle du 9 mai.<\/li>\n<li>Une \u00e9vang\u00e9lisation efficace par le biais des programmes paroissiaux et des services sociaux dans une soci\u00e9t\u00e9 de plus en plus s\u00e9cularis\u00e9e.<\/li>\n<\/ul>\n<p><strong>MONGOLIE<br \/>\n<\/strong>Veuillez prier pour :<\/p>\n<ul>\n<li>Le rassemblement de pri\u00e8re des femmes leaders au Mont de la Pri\u00e8re.<\/li>\n<li>L\u2019orientation de Dieu lors des prochaines visites, formations et collaborations avec les dirigeants de la CMA.<\/li>\n<\/ul>\n<p><strong>TAIWAN<br \/>\n<\/strong>Veuillez prier pour :<\/p>\n<ul>\n<li>L\u2019inauguration du b\u00e2timent de l\u2019\u00c9glise de l\u2019Alliance de Sihu, le 25 avril.<\/li>\n<li>Le Camp de Croissance du 5 au 7 juillet \u00e0 Miaoli.<\/li>\n<li>L\u2019\u00e9lection du nouveau Comit\u00e9 Ex\u00e9cutif le 18 octobre.<\/li>\n<\/ul>\n<p>&nbsp;<\/p>\n<p><strong>2) R\u00c9GION AM\u00c9RIQUE DU NORD DE L\u2019UMA<\/strong><\/p>\n<p><strong>\u00c9TATS-UNIS<br \/>\n<\/strong>Veuillez prier pour :<\/p>\n<ul>\n<li>Hawa\u00ef. Les inondations continuent de d\u00e9vaster les \u00eeles. Cependant, jusqu\u2019\u00e0 pr\u00e9sent, aucun rapport n\u2019a signal\u00e9 de d\u00e9g\u00e2ts aux \u00e9glises de l\u2019Alliance ni aux maisons de ses membres.<\/li>\n<li>La Journ\u00e9e de la Grande Commission le 24 mai, la campagne annuelle de printemps de l\u2019Alliance qui vise \u00e0 collecter des fonds pour le Fond de la Grande Commission. Priez pour que les c\u0153urs soient \u00e9veill\u00e9s et que les gens donnent g\u00e9n\u00e9reusement pour envoyer plus d\u2019ouvriers dans les champs de moisson.<\/li>\n<\/ul>\n<p><strong>CANADA<br \/>\n<\/strong>Veuillez prier pour :<\/p>\n<ul>\n<li>La paix, la protection et l\u2019\u0153uvre r\u00e9demptrice de Dieu au Moyen-Orient, ainsi que pour les ouvriers internationaux qui y servent.<\/li>\n<li>Les pr\u00e9paratifs de l\u2019Assembl\u00e9e G\u00e9n\u00e9rale 2026, du 9 au 12 juin.<\/li>\n<li>Les responsables de district, afin qu\u2019ils aient la force, la sagesse et la gr\u00e2ce n\u00e9cessaires pour soutenir les \u00e9glises locales.<\/li>\n<\/ul>\n<hr \/>\n<p><strong>1er avril 2026<\/strong><\/p>\n<p><strong>R\u00c9GION EMERALD (EUROPE ET MOYEN-ORIENT) DE l\u2019UMA<br \/>\n<\/strong>Il y a deux semaines, nous vous avons invit\u00e9 \u00e0 la pri\u00e8re face \u00e0 l\u2019escalade des tensions et aux besoins humanitaires dans plusieurs r\u00e9gions du Moyen-Orient. Depuis lors, la situation demeure fragile, marqu\u00e9e par des conflits persistants, une forte incertitude et l\u2019aggravation des difficult\u00e9s pour de nombreuses communaut\u00e9s.<\/p>\n<p>Veuillez prier pour :<\/p>\n<ul>\n<li>La mis\u00e9ricorde de Dieu envers la Terre Sainte, la Jordanie, le Liban, la Syrie et les autres pays du Moyen\u2011Orient. Demandez au Seigneur de soutenir ceux qui vivent sous le stress, la peur et l\u2019instabilit\u00e9 constants. Priez pour la protection des civils, le r\u00e9confort de ceux qui sont dans le deuil, et pour les besoins des familles confront\u00e9es au d\u00e9placement, aux difficult\u00e9s \u00e9conomiques et \u00e0 l\u2019acc\u00e8s limit\u00e9 aux besoins essentiels.<\/li>\n<li>Les \u00e9glises et les minist\u00e8res de l\u2019Alliance qui servent fid\u00e8lement dans ces contextes. Priez pour qu\u2019ils demeurent fermes dans la foi, encourag\u00e9s dans leur esprit et unis dans l\u2019amour. Demandez \u00e0 Dieu d\u2019accorder aux pasteurs et aux responsables sagesse, discernement et courage alors qu\u2019ils prennent soin de leurs communaut\u00e9s et r\u00e9pondent \u00e0 des besoins toujours plus nombreux autour d\u2019eux.<\/li>\n<li>Que l\u2019\u00e9glise brille comme une lumi\u00e8re dans les t\u00e9n\u00e8bres, rendant t\u00e9moignage de Christ par des actes de compassion, de r\u00e9conciliation et d\u2019espoir. Au milieu du conflit persistant, priez pour que les c\u0153urs s\u2019ouvrent \u00e0 l\u2019\u00e9vangile, et que beaucoup rencontrent J\u00e9sus-Christ et fassent l\u2019exp\u00e9rience de sa paix, de sa gu\u00e9rison et de son salut.<\/li>\n<\/ul>\n<p><strong>CAMA ZENDING &#8211; PAYS-BAS<br \/>\n<\/strong>Veuillez prier pour :<\/p>\n<ul>\n<li>Le <em>Field Forum<\/em> \u00e0 Malaga (9-11 avril). Priez pour un temps empreint de gr\u00e2ce, marqu\u00e9 par l\u2019ouverture, le repos, la gu\u00e9rison, l\u2019encouragement, le renouvellement et une unit\u00e9 plus profonde.<\/li>\n<li>La formation en micro-entrepreneuriat au Myanmar. Priez afin que les plans d\u2019affaires des participants conduisent \u00e0 des revenus durables et \u00e0 un avenir meilleur, avec sagesse, pers\u00e9v\u00e9rance et faveur.<\/li>\n<li>La protection, la force, l\u2019encouragement, la paix, la sagesse et le courage pour nos ouvriers au Moyen-Orient. Priez \u00e9galement pour que beaucoup de ceux aupr\u00e8s de qui ils exercent leur minist\u00e8re rencontrent Christ.<\/li>\n<\/ul>\n<p><strong>FORMATION DE L\u2019ALLIANCE (INFORMA &#8211; INSTITUT DE FORMATION MINIST\u00c9RIELLE DE L\u2019ALLIANCE)<br \/>\n<\/strong>Veuillez prier pour :<\/p>\n<ul>\n<li>Le nouveau dipl\u00f4me en conseil pastoral (10 cours) qui d\u00e9bute en mai. Priez pour une forte participation, la sagesse des professeurs et un impact durable.<\/li>\n<li>Que Dieu pourvoie aux ressources financi\u00e8res n\u00e9cessaires pour les \u00e9tudiants participant au module en Isra\u00ebl (7-16 octobre).<\/li>\n<\/ul>\n<p><strong>GRANDE-BRETAGNE<br \/>\n<\/strong>Veuillez prier pour :<\/p>\n<ul>\n<li>Que beaucoup de personnes au sein de la communaut\u00e9 hindoue de Manchester viennent \u00e0 conna\u00eetre Christ.<\/li>\n<li>Les ressources financi\u00e8res n\u00e9cessaires pour permettre aux \u00e9glises locales d\u2019acqu\u00e9rir un b\u00e2timent pour le minist\u00e8re dans un quartier musulman.<\/li>\n<li>L\u2019unit\u00e9, un bon esprit d\u2019\u00e9quipe et une communication solide avec le nouveau membre du personnel.<\/li>\n<\/ul>\n<p><strong>ALLEMAGNE (\u00c9GLISE DE L\u2019ALLIANCE CHINOISE &#8211; BERLIN)<br \/>\n<\/strong>Louons Dieu pour :<\/p>\n<ul>\n<li>Une unit\u00e9 croissante au sein de la famille de l\u2019\u00e9glise.<\/li>\n<li>Des leaders spirituellement m\u00fbrs et engag\u00e9s qui servent de tout c\u0153ur.<\/li>\n<\/ul>\n<p>Veuillez prier pour :<\/p>\n<ul>\n<li>Le d\u00e9veloppement de nouveaux responsables pour le minist\u00e8re de la deuxi\u00e8me g\u00e9n\u00e9ration, ainsi qu\u2019une croissance spirituelle solide.<\/li>\n<li>La sagesse et une orientation claire dans le choix d\u2019un pasteur pour la premi\u00e8re g\u00e9n\u00e9ration.<\/li>\n<\/ul>\n<p><strong>MAC\u00c9DOINE DU NORD<br \/>\n<\/strong>Veuillez prier pour :<\/p>\n<ul>\n<li>Le concert \u00e9vang\u00e9lique, avec plus de 700 personnes attendues. Priez pour que Dieu attire ceux qui le cherchent et que le message de l\u2019\u00e9vangile soit clairement communiqu\u00e9 \u00e0 travers la musique.<\/li>\n<li>Que Dieu pourvoie \u00e0 tous les besoins afin de mener \u00e0 bien l\u2019organisation et de permettre de se concentrer pleinement sur l\u2019impact spirituel.<\/li>\n<\/ul>\n<p>&nbsp;<\/p>\n<hr \/>\n<p>&nbsp;<\/p>\n<h2><strong>Pri\u00e8res de l\u2019UMA &#8211; Mars 2026<\/strong><\/h2>\n<p>&nbsp;<\/p>\n<p><strong>25 mars 2026<\/strong><\/p>\n<p><strong>R\u00c9GION CLA (AM\u00c9RIQUE LATINE) DE L\u2019UMA<\/strong><\/p>\n<p><strong>GUATEMALA<br \/>\n<\/strong>Veuillez prier pour :<\/p>\n<ul>\n<li>Le r\u00e9confort pour la famille Riquiac et l\u2019\u00e9glise Lacam\u00e1 II suite au d\u00e9c\u00e8s du pasteur Manuel Riquiac.<\/li>\n<li>La gu\u00e9rison des pasteurs confront\u00e9s \u00e0 des d\u00e9fis de sant\u00e9.<\/li>\n<li>Le progr\u00e8s du travail missionnaire au Belize.<\/li>\n<\/ul>\n<p><strong>ARGENTINE<br \/>\n<\/strong>Veuillez prier pour :<\/p>\n<ul>\n<li>La nouvelle ann\u00e9e acad\u00e9mique \u00e0 l\u2019Institut Biblique Buenos Aires (IBBA) : pour les \u00e9tudiants, le corps enseignant, les dirigeants et les ressources n\u00e9cessaires.<\/li>\n<li>Les retraites des hommes, des jeunes et des femmes qui auront lieu en 2026.<\/li>\n<li>Les initiatives nationales : la restructuration des districts (de 10 \u00e0 5), la croissance globale des \u00e9glises et la provision pour que les \u00e9glises puissent s\u00e9curiser leurs propres installations.<\/li>\n<li>L\u2019\u00e9conomie nationale et son impact sur l\u2019\u00e9glise.<\/li>\n<\/ul>\n<p><strong>COLOMBIE<br \/>\n<\/strong>Veuillez prier pour :<\/p>\n<ul>\n<li>L\u2019Assembl\u00e9e Nationale (26 mars), pour la vision, l\u2019unit\u00e9 et la croissance.<\/li>\n<li>Les assemblements d\u2019\u00e9glise (je\u00fbne, veill\u00e9es de pri\u00e8re, services et petits groupes), pour que Dieu soit glorifi\u00e9 et que l\u2019\u00e9glise se fortifie.<\/li>\n<\/ul>\n<p><strong>URUGUAY<br \/>\n<\/strong>Veuillez prier pour :<\/p>\n<ul>\n<li>La c\u00e9r\u00e9monie de fin d\u2019\u00e9tudes du s\u00e9minaire (27 mars), afin que les dipl\u00f4m\u00e9s soient conduits vers un minist\u00e8re f\u00e9cond.<\/li>\n<li>La Convention Nationale (28 mars) et le Rassemblement des Femmes (30-31 mars), que ce soit des temps d\u2019encouragement et de croissance spirituelle.<\/li>\n<li>Les retraites pastorales pr\u00e9vues cette ann\u00e9e, pour un renforcement de la communion fraternelle, de l\u2019unit\u00e9 et de l\u2019efficacit\u00e9 du minist\u00e8re.<\/li>\n<\/ul>\n<p><strong>BOLIVIE<\/strong><\/p>\n<p>Veuillez prier pour :<\/p>\n<ul>\n<li>La croissance du discipolat, du d\u00e9veloppement du leadership, l\u2019implantation d\u2019\u00e9glises et des missions interculturelles.<\/li>\n<li>L\u00e9galisation des titres des \u00e9glises.<\/li>\n<li>L\u2019approbation gouvernementale des nouveaux r\u00e8glements nationaux de l\u2019\u00e9glise.<\/li>\n<\/ul>\n<p><strong>PANAMA<br \/>\n<\/strong>Louons Dieu pour :<\/p>\n<ul>\n<li>Le Bureau National nouvellement install\u00e9 et son engagement envers l\u2019\u00e9vangile.<\/li>\n<li>La croissance de l\u2019\u00e9glise de l\u2019Alliance Brisas del Golf, y compris l\u2019\u00e9largissement des cultes et un discipolat solide.<\/li>\n<\/ul>\n<p>Veuillez prier pour :<\/p>\n<ul>\n<li>Les efforts de discipolat et les nouveaux programmes de minist\u00e8re, notamment dans les \u00e9glises chinoises.<\/li>\n<li>L\u2019\u00e9vang\u00e9lisation, notamment le minist\u00e8re sportif de l\u2019\u00e9glise de l\u2019Alliance Fuente de Agua Viva.<\/li>\n<li>La provision financi\u00e8re pour l\u2019achat du b\u00e2timent de l\u2019\u00e9glise de l\u2019Alliance Brisas del Golf.<\/li>\n<\/ul>\n<p><strong>BR\u00c9SIL<br \/>\n<\/strong>Veuillez prier pour :<\/p>\n<ul>\n<li>La sagesse et le discernement pour le r\u00e9v\u00e9rend Celso Nakamae et le Bureau National nouvellement \u00e9lu.<\/li>\n<li>La croissance saine et fructueuse de l\u2019\u00e9glise.<\/li>\n<li>Un accompagnement pastoral solide pour les pasteurs et les responsables de minist\u00e8res.<\/li>\n<li>Des \u00e9glises qui envisagent de rejoindre l\u2019Alliance.<\/li>\n<li>Une vision plus large, centr\u00e9e sur le Royaume, au sein de l\u2019\u00e9glise.<\/li>\n<\/ul>\n<p><strong>CHILI<br \/>\n<\/strong>Veuillez prier pour :<\/p>\n<ul>\n<li>La force spirituelle et physique pour le r\u00e9v\u00e9rend Miguel \u00c1ngel Rivera et l\u2019\u00e9quipe de direction.<\/li>\n<li>Des foyers pour enfants et des \u00e9coles soutenus par l\u2019Alliance.<\/li>\n<li>Une vie de pri\u00e8re solide, le d\u00e9veloppement du leadership et la formation th\u00e9ologique.<\/li>\n<li>Une \u00e9vang\u00e9lisation et un discipolat efficaces dans une soci\u00e9t\u00e9 de plus en plus s\u00e9cularis\u00e9e.<\/li>\n<li>Le processus de d\u00e9veloppement du leadership \u00ab\u202fRoute 1.8\u202f\u00bb.<\/li>\n<\/ul>\n<p><strong>HA\u00cfTI<br \/>\n<\/strong>Louons Dieu pour :<\/p>\n<ul>\n<li>La formation th\u00e9ologique des pasteurs et des responsables.<\/li>\n<li>Le 10e anniversaire de l\u2019\u00e9glise de l\u2019Alliance Bona Mide.<\/li>\n<\/ul>\n<p>Veuillez prier pour :<\/p>\n<ul>\n<li>L\u2019unit\u00e9, la fid\u00e9lit\u00e9 et la force pour le Bureau National face aux d\u00e9fis nationaux.<\/li>\n<\/ul>\n<p><strong>VENEZUELA<br \/>\n<\/strong>Veuillez prier pour :<\/p>\n<ul>\n<li>La paix, la stabilit\u00e9 et la restauration dans la nation.<\/li>\n<li>La force et la protection pour l\u2019\u00e9glise en tant que lumi\u00e8re et t\u00e9moin.<\/li>\n<li>La sagesse et le courage pour les pasteurs et les responsables.<\/li>\n<li>Des familles en difficult\u00e9.<\/li>\n<li>L\u2019esp\u00e9rance et un sens \u00e0 la vie pour les enfants et les jeunes.<\/li>\n<li>Que Dieu guide les responsables nationaux.<\/li>\n<\/ul>\n<hr \/>\n<p><strong>11 mars 2026<\/strong><\/p>\n<p><strong>1) R\u00c9GION APAC (ASIE-PACIFIQUE) DE L\u2019UMA<\/strong><\/p>\n<p><strong>HONG KONG<br \/>\n<\/strong>Louons Dieu pour :<\/p>\n<ul>\n<li>Un voyage missionnaire de courte dur\u00e9e qui a \u00e9t\u00e9 fructueux et percutant au Vietnam. Priez pour que les portes s\u2019ouvrent afin de d\u00e9velopper des partenariats durables.<\/li>\n<\/ul>\n<p>Veuillez prier pour :<\/p>\n<ul>\n<li>La direction et la b\u00e9n\u00e9diction de Dieu alors que nous mettons en \u0153uvre le plan quinquennal (2026-2030) nouvellement approuv\u00e9, notamment pour atteindre les groupes de personnes non atteintes.<\/li>\n<li>La sagesse et la sensibilit\u00e9 n\u00e9cessaires alors que nous apportons notre en aide aux voisins touch\u00e9s par l\u2019incendie de Tai Po \u00e0 travers notre bureau des services sociaux et des \u00e9glises locales.<\/li>\n<li>L\u2019ach\u00e8vement r\u00e9ussi dans les d\u00e9lais des travaux de r\u00e9novation du camp de Suen Douh, et la b\u00e9n\u00e9diction de Dieu sur l\u2019\u00e9quipe de construction.<\/li>\n<\/ul>\n<p><strong>MONGOLIE<br \/>\n<\/strong>Veuillez prier pour :<\/p>\n<ul>\n<li>La gu\u00e9rison de Nira, \u00e9poux de l\u2019Ancienne Tsendsuren, alors qu\u2019il lutte contre le cancer. Priez pour un traitement efficace et un regain de forces.<\/li>\n<li>La provision divine pour tous les minist\u00e8res des \u00e9glises de l\u2019Alliance mongole, ainsi que pour l\u2019unit\u00e9 et la force entre les dirigeants.<\/li>\n<li>Sagesse, unit\u00e9 et b\u00e9n\u00e9diction divines pour les leaders qui d\u00e9veloppent le Plan de Croissance Durable \u00e0 long terme.<\/li>\n<\/ul>\n<p><strong>MYANMAR<br \/>\n<\/strong>Veuillez prier pour :<\/p>\n<ul>\n<li>Myanmar. Les troubles persistants ont caus\u00e9 de grandes souffrances et des pertes humaines. Priez pour la protection, la provision financi\u00e8re, la paix et l\u2019espoir, surtout pour les enfants qui ont perdu l\u2019acc\u00e8s \u00e0 l\u2019\u00e9ducation. Priez aussi pour que Dieu r\u00e9conforte les personnes en deuil et apporte justice et restauration.<\/li>\n<li>Les cours d\u2019\u00e9t\u00e9 \u00e0 venir sur notre champ missionnaire, afin que les enfants puissent apprendre, nouer des amiti\u00e9s et entendre la bonne nouvelle de J\u00e9sus.<\/li>\n<li>Le Camp du Salut (12-13 mars), afin que des vies soient transform\u00e9es.<\/li>\n<\/ul>\n<p><strong>COR\u00c9E DU SUD<br \/>\n<\/strong>Veuillez prier pour :<\/p>\n<ul>\n<li>Une transition de direction en douceur au sein de l\u2019Assembl\u00e9e g\u00e9n\u00e9rale cor\u00e9enne.<\/li>\n<li>Des opportunit\u00e9s pour commencer un travail missionnaire \u00e0 l\u2019int\u00e9rieur du pays, ax\u00e9 sur la Cor\u00e9e du Nord.<\/li>\n<li>L\u2019envoi de missionnaires pour servir aupr\u00e8s des r\u00e9fugi\u00e9s tib\u00e9tains en Inde et au N\u00e9pal.<\/li>\n<\/ul>\n<p><strong>TAIWAN<br \/>\n<\/strong>Veuillez prier pour :<\/p>\n<ul>\n<li>Une croissance continue, l\u2019unit\u00e9 et le soutien financier pour l\u2019\u00c9glise de l\u2019Alliance de Ta\u00efwan.<\/li>\n<li>L\u2019orientation divine dans la s\u00e9lection des nouveaux membres du Comit\u00e9 ex\u00e9cutif lors de l\u2019assembl\u00e9e g\u00e9n\u00e9rale d\u2019octobre.<\/li>\n<\/ul>\n<p>&nbsp;<\/p>\n<p><strong>2) R\u00c9GION AM\u00c9RIQUE DU NORD DE L\u2019UMA<\/strong><\/p>\n<p><strong>\u00c9TATS-UNIS<br \/>\n<\/strong>Veuillez prier pour :<\/p>\n<ul>\n<li>Les 40 Jours de Pri\u00e8re de l\u2019Alliance am\u00e9ricaine, qui se sont termin\u00e9s en f\u00e9vrier. Priez pour que les c\u0153urs restent ouverts \u00e0 l\u2019orientation de l\u2019Esprit et que les gens aient encore faim de la Parole de Dieu au-del\u00e0 des 40 jours.<\/li>\n<li><em>The Gathering<\/em> (Le Rassemblement), la Conf\u00e9rence Nationale des Femmes de l\u2019Alliance, du 5 au 7 juin, \u00e0 Columbus, dans l\u2019Ohio. Priez pour les oratrices et les participantes, afin que les femmes entendent la parole du Seigneur et retournent dans leurs communaut\u00e9s pr\u00eates \u00e0 servir et \u00e0 \u00eatre utilis\u00e9es par lui.<\/li>\n<li>La paix et la protection pour notre famille ha\u00eftienne de l\u2019Alliance. R\u00e9cemment, le Statut de Protection Temporaire (TPS) accord\u00e9 aux immigrants ha\u00eftiens a \u00e9t\u00e9 menac\u00e9 d\u2019\u00eatre supprim\u00e9. Le TPS permettait \u00e0 ces personnes et \u00e0 leurs familles d\u2019\u00e9chapper l\u00e9galement au danger en Ha\u00efti et de mener une vie s\u00fbre aux \u00c9tats-Unis. Tout r\u00e9cemment, la tentative de mettre fin \u00e0 ces protections contre l\u2019expulsion a \u00e9t\u00e9 bloqu\u00e9e par un juge f\u00e9d\u00e9ral. Priez pour le bien-\u00eatre, la protection et la garde des enfants \u00e0 long terme ; priez \u00e9galement pour que Dieu assure la d\u00e9fense juridique et la s\u00e9curit\u00e9 des familles confront\u00e9es \u00e0 une menace imm\u00e9diate.<\/li>\n<li>Les \u00c9tats-Unis dans leur ensemble, au milieu des tensions politiques : qu\u2019il y ait de la compassion, de la r\u00e9conciliation et une v\u00e9ritable attitude refl\u00e9tant le c\u0153ur de J\u00e9sus. Priez pour la paix et la valorisation de chaque personne.<\/li>\n<\/ul>\n<p><strong>CANADA<br \/>\n<\/strong>Veuillez prier pour :<\/p>\n<ul>\n<li>Nos ouvriers internationaux afin qu\u2019ils puissent bien interagir avec leurs amis pendant le ramadan. Priez pour que des portes s\u2019ouvrent pour des conversations significatives, pour que le Seigneur leur donne une vision et des orientations, et pour qu\u2019il leur offre des occasions naturelles de partager l\u2019amour de Dieu avec douceur et sagesse.<\/li>\n<li>Toutes les \u00e9glises de l\u2019Alliance au Canada et les communaut\u00e9s dans lesquelles elles sont implant\u00e9es. Priez pour que nos \u00e9glises aient de nouvelles occasions ou des occasions renouvel\u00e9es d\u2019identifier les besoins sociaux, \u00e9conomiques et culturels de ceux qui les entourent et d\u2019y r\u00e9pondre.<\/li>\n<li>Les conversations actuelles et \u00e9mergentes autour des nouvelles choses que Dieu r\u00e9v\u00e8le dans des endroits uniques \u00e0 travers le Canada. Priez pour que les dirigeants de chacun de nos districts fassent preuve de sagesse et de discernement lorsqu\u2019ils accompagnent des personnes et des groupes qui prient et recherchent de nouvelles choses dans lesquelles Dieu pourrait les inviter \u00e0 s\u2019associer \u00e0 lui.<\/li>\n<\/ul>\n<p>&nbsp;<\/p>\n<hr \/>\n<p><strong>4 mars 2026<\/strong><\/p>\n<p><strong>1) R\u00c9GION EMERALD (EUROPE &amp; MOYEN-ORIENT) DE L\u2019UMA \u2013 APPEL URGENT \u00c0 LA PRI\u00c8RE<br \/>\n<\/strong>Alors que le conflit au Moyen-Orient atteint cette semaine un niveau critique d\u2019escalade, nous appelons la grande famille de l\u2019Alliance \u00e0 une intercession urgente. Des Terres Saintes \u00e0 la Jordanie, au Liban et \u00e0 la Syrie, nos fr\u00e8res et s\u0153urs de la r\u00e9gion font face \u00e0 une situation s\u00e9curitaire qui se d\u00e9t\u00e9riore rapidement. Ce lundi matin, nous n\u2019avons re\u00e7u aucun rapport de victimes parmi nos pasteurs et responsables de l\u2019Alliance dans la r\u00e9gion. Nous remercions le Seigneur pour sa main protectrice jusqu\u2019\u00e0 pr\u00e9sent. Nous nous tenons aux c\u00f4t\u00e9s de nos fr\u00e8res et s\u0153urs, confiants que la lumi\u00e8re brille dans les t\u00e9n\u00e8bres, et que les t\u00e9n\u00e8bres ne l\u2019ont point vaincue.<\/p>\n<p>Veuillez prier pour :<\/p>\n<ul>\n<li>La protection de nos pasteurs et responsables au Liban et dans les Terres Saintes alors qu\u2019ils servent dans des zones touch\u00e9es par des frappes et des d\u00e9placements.<\/li>\n<li>La stabilit\u00e9 de nos communaut\u00e9s en Jordanie et en Syrie, alors qu\u2019elles subissent l\u2019impact psychologique et physique des retomb\u00e9es r\u00e9gionales et des restrictions frontali\u00e8res.<\/li>\n<li>Que nos \u00e9glises de l\u2019Alliance demeurent des phares d\u2019esp\u00e9rance, offrant le r\u00e9confort du Christ \u00e0 leurs voisins d\u00e9pass\u00e9s par la peur et le cycle de violence rapport\u00e9 dans toute la r\u00e9gion.<\/li>\n<li>Les familles vuln\u00e9rables au sein de nos assembl\u00e9es, confront\u00e9es \u00e0 des p\u00e9nuries de biens essentiels et de carburant en raison des perturbations logistiques dans la r\u00e9gion.<\/li>\n<\/ul>\n<p>&nbsp;<\/p>\n<p><strong>2) R\u00c9GION AFRIQUE DE L\u2019UMA<\/strong><\/p>\n<p><strong>GABON<br \/>\n<\/strong>Veuillez prier pour :<\/p>\n<ul>\n<li>Le r\u00e9confort et la force pour l\u2019\u00c9glise de l\u2019Alliance au Gabon alors qu\u2019elle pleure la mort du R\u00e9v. Saint Bernard Manoumba, ancien pr\u00e9sident de l\u2019\u00e9glise nationale, survenu le 21 f\u00e9vrier.<\/li>\n<li>La gu\u00e9rison pour les pasteurs actuellement malades et hospitalis\u00e9s, en particulier les pasteurs Abandangoye No\u00ebl, Matoumba Bernard et Dieudonn\u00e9 Mayombo.<\/li>\n<li>Que le Seigneur suscite des partenaires fid\u00e8les pour soutenir la mission et pourvoie \u00e0 un couple de missionnaires pour servir au S\u00e9n\u00e9gal.<\/li>\n<li>L\u2019intervention de Dieu face aux tentatives r\u00e9p\u00e9t\u00e9es du gouvernement de s\u2019emparer des biens eccl\u00e9siastiques, notamment \u00e0 Libreville, Mouila et Makokou.<\/li>\n<\/ul>\n<p><strong>BURKINA FASO<br \/>\n<\/strong>Veuillez prier pour :<\/p>\n<ul>\n<li>Notre \u00e9quipe nationale d\u2019\u00e9vang\u00e9lisation qui partage la bonne nouvelle dans des r\u00e9gions recul\u00e9es et souvent r\u00e9sistantes \u00e0 l\u2019\u00e9vangile. La campagne de sensibilisation se poursuivra pendant la premi\u00e8re moiti\u00e9 de l\u2019ann\u00e9e.<\/li>\n<li>L\u2019unit\u00e9, l\u2019orientation, la sagesse divines pour l\u2019\u00e9lection des responsables dans les \u00e9glises locales, suivies des \u00e9lections de district et nationales qui auront lieu tout au long du premier trimestre.<\/li>\n<li>La Convention Nationale (24-29 mars) \u00e0 Bobo-Dioulasso, qui r\u00e9unira les pasteurs et les responsables. Priez pour une communion fraternelle profonde, une orientation claire et un renouveau spirituel.<\/li>\n<\/ul>\n<p><strong>CONGO-BRAZZAVILLE<br \/>\n<\/strong>Veuillez prier pour :<\/p>\n<ul>\n<li>L\u2019expansion continue de l\u2019\u0153uvre missionnaire dans les d\u00e9partements de Likouala, Sangha, Plateaux, Bouenza et Niari, ainsi que dans le Cameroun voisin.<\/li>\n<li>La Conf\u00e9rence Missionnaire \u00e0 Brazzaville (25-27 juin), afin qu\u2019elle inspire et renforce la vision missionnaire de l\u2019\u00e9glise.<\/li>\n<li>Des \u00e9lections pr\u00e9sidentielles paisibles et bien organis\u00e9es dans tout le pays.<\/li>\n<\/ul>\n<p><strong>ANGOLA<br \/>\n<\/strong>Veuillez prier pour :<\/p>\n<ul>\n<li>L\u2019Association des Femmes de l\u2019Alliance Chr\u00e9tienne et Missionnaire d\u2019Angola (ACMAA) qui c\u00e9l\u00e8bre son 112e anniversaire (8 mars). \u00c0 cette occasion, l\u2019Association tiendra \u00e9galement son Assembl\u00e9e G\u00e9n\u00e9rale et \u00e9lira une nouvelle \u00e9quipe dirigeante. Priez pour que Dieu guide et prot\u00e8ge chaque \u00e9tape.<\/li>\n<li>La sant\u00e9 des pasteurs, en particulier ceux qui souffrent d\u2019hypertension art\u00e9rielle.<\/li>\n<li>La retraite pastorale de fin mars \u00e0 Tando Zinze, Cabinda, o\u00f9 les pasteurs et leurs \u00e9pouses se r\u00e9uniront pour un temps de m\u00e9ditation de la Parole de Dieu, de communion fraternelle et de renouveau dans le minist\u00e8re. Priez pour l\u2019encouragement, la restauration et une orientation claire de la part de Dieu.<\/li>\n<\/ul>\n<p><strong>LIB\u00c9RIA<br \/>\n<\/strong>Veuillez prier pour :<\/p>\n<ul>\n<li>La Conf\u00e9rence de l\u2019Assembl\u00e9e de l\u2019Alliance Chr\u00e9tienne du Lib\u00e9ria (12-15 mars) dans le comt\u00e9 de Montserrado. Priez pour qu\u2019elle soit fructueuse et qu\u2019elle fortifie l\u2019\u00e9glise.<\/li>\n<li>Les activit\u00e9s de la Semaine Sainte qui commencent en mars, afin qu\u2019elles approfondissent la foi et rapprochent beaucoup de personnes du Christ.<\/li>\n<\/ul>\n<p>&nbsp;<\/p>\n<hr \/>\n<p>&nbsp;<\/p>\n<h2><strong>Pri\u00e8res de l\u2019UMA &#8211;\u00a0 F\u00e9vrier 2026<\/strong><\/h2>\n<p>&nbsp;<\/p>\n<p><strong>25 f\u00e9vrier 2026<\/strong><\/p>\n<p><strong>R\u00c9GION EMERALD (EUROPE ET MOYEN-ORIENT) DE L\u2019UMA<br \/>\n<\/strong>Veuillez prier pour :<\/p>\n<ul>\n<li>Les pr\u00e9paratifs de la Conf\u00e9rence R\u00e9gionale EMERALD et du Symposium Th\u00e9ologique de l\u2019Alliance qui auront lieu en mai en Turquie. Priez pour que les derniers d\u00e9tails soient finalis\u00e9s et que chacun puisse trouver les ressources n\u00e9cessaires pour y assister.<\/li>\n<\/ul>\n<p><strong>GRANDE-BRETAGNE<br \/>\n<\/strong>Veuillez prier pour :<\/p>\n<ul>\n<li>Beaucoup dans la communaut\u00e9 hindoue de Manchester ont appris \u00e0 conna\u00eetre le Christ.<\/li>\n<li>Les finances pour que les \u00e9glises locales ach\u00e8tent un b\u00e2timent minist\u00e9riel dans un quartier musulman.<\/li>\n<li>Unit\u00e9, bon travail d\u2019\u00e9quipe et forte communication avec le nouveau membre du personnel.<\/li>\n<\/ul>\n<p><strong>ALLEMAGNE (\u00c9GLISE DE L\u2019ALLIANCE CHINOISE &#8211; BERLIN)<br \/>\n<\/strong>Louons Dieu pour :<\/p>\n<ul>\n<li>L\u2019unit\u00e9 croissante au sein de la famille de l\u2019\u00e9glise.<\/li>\n<li>Des leaders spirituellement m\u00fbrs et engag\u00e9s et qui servent le Seigneur de tout c\u0153ur.<\/li>\n<\/ul>\n<p>Veuillez prier pour :<\/p>\n<ul>\n<li>La formation de nouveaux leaders pour le minist\u00e8re de deuxi\u00e8me g\u00e9n\u00e9ration et pour une forte croissance spirituelle.<\/li>\n<li>La sagesse et des orientations claires dans le choix d\u2019un pasteur pour la premi\u00e8re g\u00e9n\u00e9ration.<\/li>\n<\/ul>\n<p><strong>CAMA ZENDING &#8211; PAYS-BAS<br \/>\n<\/strong>Veuillez prier pour :<\/p>\n<ul>\n<li>Des \u00e9quipes missionnaires plus fortes et l\u2019expansion des \u00e9quipes afin que les ouvriers puissent exp\u00e9rimenter la communion et le soutien mutuel.<\/li>\n<li>Que Dieu appelle de nouveaux ouvriers et envoie les bonnes personnes pour les postes et les opportunit\u00e9s urgents.<\/li>\n<li>La protection, la sagesse et le soutien financier pour les partenaires et les familles vuln\u00e9rables engag\u00e9s dans la R\u00e9ponse Humanitaire en Syrie.<\/li>\n<li>L\u2019humilit\u00e9, la sagesse et les partenariats interculturels fructueux au sein de l\u2019\u00e9quipe.<\/li>\n<\/ul>\n<p><strong>FORMATION DE L\u2019ALLIANCE (INFORMA &#8211; INSTITUT DE FORMATION MINIST\u00c9RIELLE DE L\u2019ALLIANCE)<br \/>\n<\/strong>Veuillez prier pour :<\/p>\n<ul>\n<li>La remise des dipl\u00f4mes aux 14 \u00e9tudiants \u00e0 Madrid (21 mars). Priez pour que Dieu affermisse leur appel et leur futur minist\u00e8re.<\/li>\n<li>Le nouveau Dipl\u00f4me en Conseil Pastoral (10 cours) qui d\u00e9bute en mai. Priez pour un fort recrutement, la sagesse des professeurs et un impact durable.<\/li>\n<li>Que Dieu pourvoie les finances n\u00e9cessaires pour les \u00e9tudiants participant au Module Isra\u00ebl (7-16 octobre).<\/li>\n<\/ul>\n<hr \/>\n<p><strong>18 f\u00e9vrier 2026<\/strong><\/p>\n<p><strong>R\u00c9GION CLA (AM\u00c9RIQUE LATINE) DE L\u2019UMA<br \/>\n<\/strong>Veuillez prier pour :<\/p>\n<ul>\n<li>Les pr\u00e9paratifs pour la Conf\u00e9rence R\u00e9gionale Latino-am\u00e9ricaine et le Congr\u00e8s des Femmes AMADA en R\u00e9publique dominicaine (septembre 2026).<\/li>\n<\/ul>\n<p><strong>VENEZUELA<br \/>\n<\/strong>Veuillez prier pour :<\/p>\n<ul>\n<li>La force et la pers\u00e9v\u00e9rance n\u00e9cessaires \u00e0 l\u2019\u00e9glise pour rester ferme malgr\u00e9 les difficult\u00e9s \u00e9conomiques et sociales.<\/li>\n<li>Que les pasteurs et les responsables soient renouvel\u00e9s par la sagesse et le r\u00e9confort, afin que Dieu pourvoie \u00e0 leurs besoins personnels et minist\u00e9riels. Veuillez \u00e9galement prier pour la sant\u00e9 du pr\u00e9sident Natanael Gil et de son \u00e9pouse, Evelyn.<\/li>\n<li>Que Dieu pourvoie aux besoins des \u00e9glises et des croyants, en particulier pour leurs besoins fondamentaux, un emploi stable et la p\u00e9rennit\u00e9 du minist\u00e8re.<\/li>\n<li>Une nouvelle effusion du Saint-Esprit, renouvelant la passion pour Dieu, la pri\u00e8re, les \u00c9critures et le t\u00e9moignage fid\u00e8le.<\/li>\n<li>Que la prochaine g\u00e9n\u00e9ration reste ferme dans la foi, prot\u00e9g\u00e9e du d\u00e9couragement et des distractions, et ancr\u00e9e dans le dessein de Dieu.<\/li>\n<\/ul>\n<p><strong>GUATEMALA<br \/>\n<\/strong>Veuillez prier pour :<\/p>\n<ul>\n<li>La gu\u00e9rison du pasteur Raymundo Interiano (diab\u00e8te) et du pasteur Abraham Turuy (probl\u00e8mes r\u00e9naux).<\/li>\n<li>Le nouveau Conseil National de la CMA, afin que Dieu le guide avec sagesse et dans l\u2019unit\u00e9.<\/li>\n<li>L\u2019ach\u00e8vement de plusieurs projets de construction d\u2019\u00e9glises.<\/li>\n<\/ul>\n<p><strong>\u00c9QUATEUR<br \/>\n<\/strong>Veuillez prier pour :<\/p>\n<ul>\n<li>L\u2019Assembl\u00e9e Nationale (26-28 f\u00e9vrier), que les participants et les dirigeants soient remplis de sagesse, d\u2019unit\u00e9 et de discernement.<\/li>\n<li>Les pr\u00e9paratifs du Congr\u00e8s National des Femmes, \u00ab Transform\u00e9es \u00bb, et du Congr\u00e8s National des Hommes, \u00ab Rachet\u00e9s \u00bb.<\/li>\n<li>Les communaut\u00e9s touch\u00e9es par les fortes pluies, les inondations et les glissements de terrain, qu\u2019elles b\u00e9n\u00e9ficient d\u2019aide, de restauration et regagnent espoir.<\/li>\n<li>La paix et des solutions judicieuses au milieu des tensions \u00e9conomiques et sociales qui agitent le pays.<\/li>\n<\/ul>\n<p><strong>COLOMBIE<br \/>\n<\/strong>Veuillez prier pour :<\/p>\n<ul>\n<li>Un engagement fort de la part de chaque \u00e9glise de l\u2019Alliance \u00e0 faire des disciples et \u00e0 implanter de nouvelles congr\u00e9gations cette ann\u00e9e.<\/li>\n<li>Les assembl\u00e9es r\u00e9gionales qui se tiendront ce mois-ci. Priez pour que les d\u00e9placements se d\u00e9roulent en toute s\u00e9curit\u00e9, pour que le discernement spirituel soit au rendez-vous et pour que les r\u00e9sultats soient fructueux.<\/li>\n<li>Les personnes touch\u00e9es par les rigueurs de l\u2019hiver, en particulier \u00e0 C\u00f3rdoba. Priez pour qu\u2019elles soient prot\u00e9g\u00e9es et que les secours arrivent rapidement.<\/li>\n<\/ul>\n<p><strong>CUBA<br \/>\n<\/strong>Veuillez prier pour :<\/p>\n<ul>\n<li>La commission \u00e9lectorale charg\u00e9e de superviser les prochaines \u00e9lections minist\u00e9rielles, afin que Dieu lui accorde discernement et unit\u00e9.<\/li>\n<li>La situation nationale suite \u00e0 la suspension des ventes de carburant, qui a paralys\u00e9 une grande partie du pays.<\/li>\n<li>Les familles pastorales confront\u00e9es \u00e0 la hausse des prix des denr\u00e9es alimentaires et \u00e0 la p\u00e9nurie croissante des produits de premi\u00e8re n\u00e9cessit\u00e9.<\/li>\n<\/ul>\n<p><strong>BR\u00c9SIL<br \/>\n<\/strong>Louez Dieu pour :<\/p>\n<ul>\n<li>Un voyage missionnaire fructueux de courte dur\u00e9e au Mozambique, o\u00f9 des enfants ont \u00e9t\u00e9 pris en charge, des familles ont re\u00e7u de la nourriture, des jeunes ont \u00e9t\u00e9 touch\u00e9s et l\u2019\u00e9glise a \u00e9t\u00e9 fortifi\u00e9e.<\/li>\n<li>La croissance continue de l\u2019\u00e9glise de l\u2019Alliance \u00e0 Paredes, au Portugal, marqu\u00e9e par une soif de la Parole de Dieu, une assiduit\u00e9 fid\u00e8le et le d\u00e9veloppement d\u2019un leadership uni.<\/li>\n<\/ul>\n<p>Veuillez prier pour :<\/p>\n<ul>\n<li>La protection et l\u2019orientation de Dieu au Mozambique, o\u00f9 les inondations menacent les maisons et les familles.<\/li>\n<li>Le champ missionnaire au Japon et les transitions \u00e0 venir au niveau du leadership. Priez pour que Dieu suscite de nouveaux missionnaires et de jeunes leaders pour servir dans ce pays.<\/li>\n<\/ul>\n<p><strong>HA\u00cfTI<br \/>\n<\/strong>Louons Dieu pour :<\/p>\n<ul>\n<li>Une c\u00e9l\u00e9bration d\u2019anniversaire b\u00e9nie le 26 janvier, au cours de laquelle de nombreuses vies se sont abandonn\u00e9es \u00e0 Dieu.<\/li>\n<\/ul>\n<p>Veuillez prier pour :<\/p>\n<ul>\n<li>Les personnes expuls\u00e9es de la R\u00e9publique Dominicaine, que l\u2019\u00e9glise leur apporte efficacement une aide mat\u00e9rielle et un espoir spirituel, conduisant ainsi nombre d\u2019entre elles \u00e0 mettre leur confiance en Christ.<\/li>\n<li>Les familles pastorales qui servent les 48 \u00e9glises CMA en Ha\u00efti. Priez pour que Dieu leur accorde sa sagesse et son orientation alors qu\u2019elles exercent leur minist\u00e8re dans un contexte national difficile.<\/li>\n<\/ul>\n<p><strong>COSTA RICA<br \/>\n<\/strong>Veuillez prier pour :<\/p>\n<ul>\n<li>L\u2019Assembl\u00e9e Nationale (21 f\u00e9vrier), que Dieu guide chacune de ses d\u00e9cisions.<\/li>\n<li>Les programmes de formation de disciples r\u00e9cemment relanc\u00e9s, qu\u2019ils produisent une croissance spirituelle durable.<\/li>\n<li>Le programme de formation au leadership pour les dirigeants actuels et futurs.<\/li>\n<li>Une transition pastorale en douceur \u00e0 l\u2019\u00e9glise CMA d\u2019Escaz\u00fa.<\/li>\n<\/ul>\n<p><strong>BOLIVIE<br \/>\n<\/strong>Veuillez prier pour :<\/p>\n<ul>\n<li>La gr\u00e2ce et la sagesse pour le S\u00e9minaire Biblique de l\u2019Alliance de Bolivie (SBAB) qui pr\u00e9pare et forme de nouveaux responsables et pasteurs.<\/li>\n<li>La poursuite des progr\u00e8s dans l\u2019implantation d\u2019\u00e9glises \u00e0 travers la Bolivie tout au long de l\u2019ann\u00e9e 2026.<\/li>\n<li>L\u2019orientation de Dieu pour les nouvelles initiatives missionnaires qui sont en \u00e9tude.<\/li>\n<\/ul>\n<p><strong>P\u00c9ROU<br \/>\n<\/strong>Veuillez prier pour :<\/p>\n<ul>\n<li>La formation et la pr\u00e9paration des responsables et des pasteurs dans tout le pays.<\/li>\n<li>Que les familles \u00e9l\u00e8vent leurs enfants dans le respect des valeurs chr\u00e9tiennes et des fondements bibliques.<\/li>\n<\/ul>\n<hr \/>\n<p><strong>11 f\u00e9vrier 2026<\/strong><\/p>\n<p><strong>1) R\u00c9GION AM\u00c9RIQUE DU NORD DE l\u2019UMA<\/strong><\/p>\n<p><strong>CANADA<br \/>\n<\/strong>Veuillez prier pour :<\/p>\n<ul>\n<li>L\u2019appel Mondial \u00e0 la Pri\u00e8re du 12 f\u00e9vrier. Des ouvriers internationaux du monde entier se joindront \u00e0 des pasteurs et des \u00e9glises de tout le Canada. Priez pour que ce rassemblement soit une occasion puissante de s\u2019unir dans la pri\u00e8re pour les missions et d\u2019interc\u00e9der ensemble pour l\u2019\u0153uvre de Dieu parmi les nations.<\/li>\n<li>Les ouvriers internationaux de l\u2019Alliance du Canada qui servent en Terre Sainte et qui \u00e9vang\u00e9lisent les Juifs Chinois et les Juifs mari\u00e9s \u00e0 des Chinois. Demandez \u00e0 Dieu de b\u00e9nir leur usage des \u00e9changes culturels, en particulier le minist\u00e8re de la cuisine Chinoise, comme pont pour partager l\u2019\u00e9vangile et attirer les c\u0153urs vers lui. Priez pour que le Seigneur les utilise puissamment, leur accorde l\u2019audace de proclamer la bonne nouvelle et r\u00e9alise leur vision d\u2019implanter la premi\u00e8re communaut\u00e9 juive chinoise en Terre Sainte.<\/li>\n<li>La rencontre des Principaux Responsables de District, pr\u00e9vue en f\u00e9vrier dans le District Ouest. Ce rassemblement annuel nous permet de planifier l\u2019ann\u00e9e \u00e0 venir et de discerner ensemble les priorit\u00e9s, particuli\u00e8rement en cette ann\u00e9e d\u2019Assembl\u00e9e G\u00e9n\u00e9rale. Nous vous invitons \u00e0 prier afin que les d\u00e9cisions soient prises dans une profonde unit\u00e9, avec une curiosit\u00e9 humble \u00e0 l\u2019\u00e9gard de l\u2019\u0153uvre de l\u2019Esprit, en partageant des apprentissages pour mieux servir et faire progresser le Royaume.<\/li>\n<li>Le d\u00e9veloppement d\u2019un r\u00e9seau culturel \u00e9mergent. Ce projet en est encore \u00e0 ses premiers stades de planification et de constitution d\u2019\u00e9quipe. Nous esp\u00e9rons disposer d\u2019un r\u00e9seau qui repr\u00e9sente l\u2019un des groupes d\u00e9mographiques les plus dynamiques au Canada. Priez pour que le d\u00e9veloppement de ce r\u00e9seau soit efficace dans sa mission de faire conna\u00eetre J\u00e9sus \u00e0 un groupe linguistique particuli\u00e8rement diversifi\u00e9.<\/li>\n<\/ul>\n<p><strong>\u00c9TATS-UNIS<br \/>\n<\/strong>Veuillez prier pour :<\/p>\n<ul>\n<li>Que le <strong>District des Grands Lacs<\/strong> puisse continuer \u00e0 d\u00e9velopper de v\u00e9ritables <em>environnements <\/em><em>Greenhouse<\/em> : des cadres intentionnels qui favorisent l\u2019\u00e9mergence et le d\u00e9ploiement de leaders appel\u00e9s \u00e0 exercer une influence plus profonde pour le Royaume. Que les r\u00e9sidents de ces environnements <em>Greenhouse<\/em>, apprennent \u00e0 exercer le minist\u00e8re pastoral ou \u00e0 implanter des \u00e9glises tout en acqu\u00e9rant une exp\u00e9rience sur le terrain.<\/li>\n<li>Les \u00c9tats-Unis dans leur ensemble, afin qu\u2019il y ait de la compassion, de la r\u00e9conciliation et une v\u00e9ritable attitude refl\u00e9tant le c\u0153ur de J\u00e9sus. Priez pour la paix et la valeur de chaque personne.<\/li>\n<li>L\u2019initiative \u00ab 40 Jours de Pri\u00e8re \u00bb de l\u2019Alliance am\u00e9ricaine, qui touche \u00e0 sa fin ; que les c\u0153urs s\u2019ouvrent \u00e0 l\u2019orientation de l\u2019Esprit et que les gens continuent d\u2019avoir soif de la Parole de Dieu.<\/li>\n<\/ul>\n<p>&nbsp;<\/p>\n<p><strong>2) R\u00c9GION APAC (ASIE-PACIFIQUE) DE L\u2019UMA<\/strong><\/p>\n<p><strong>CAMBODGE<br \/>\n<\/strong>Veuillez prier pour :<\/p>\n<ul>\n<li>Que ceux qui souffrent \u00e0 cause du conflit entre le Cambodge et la Tha\u00eflande, croyants et non-croyants, trouvent espoir et aide.<\/li>\n<li>Protection pour les \u00e9glises du nord-ouest du Cambodge touch\u00e9es par la guerre.<\/li>\n<li>Que les minist\u00e8res nationaux de l\u2019\u00c9glise de l\u2019Alliance du Cambodge (KEC) progressent malgr\u00e9 les difficult\u00e9s.<\/li>\n<li>Que les responsables d\u2019\u00e9glises demeurent en bonne sant\u00e9 et remplis de la sagesse divine.<\/li>\n<li>La pr\u00e9paration et la b\u00e9n\u00e9diction pour les quatre conf\u00e9rences r\u00e9gionales pr\u00e9vues en novembre 2026.<\/li>\n<\/ul>\n<p><strong>INDON\u00c9SIE<br \/>\n<\/strong>Veuillez prier pour :<\/p>\n<ul>\n<li>Notre Conf\u00e9rence Nationale, du 21 au 24 avril. Priez pour que Dieu guide l\u2019\u00e9lection d\u2019un nouveau pr\u00e9sident de l\u2019\u00e9glise national et l\u2019orientation du minist\u00e8re pour les cinq prochaines ann\u00e9es. Priez \u00e9galement pour que le r\u00e9v\u00e9rend Jonathan Schaeffer, orateur principal, soit oint et pour l\u2019unit\u00e9 tout au long de la rencontre.<\/li>\n<\/ul>\n<p><strong>MYANMAR<br \/>\n<\/strong>Veuillez prier pour :<\/p>\n<ul>\n<li>La R\u00e9union du Conseil G\u00e9n\u00e9ral du 17 au 19 f\u00e9vrier ; que les travaux se d\u00e9roulent sans difficult\u00e9, que le soutien financier n\u00e9cessaire soit pourvu (y compris pour les d\u00e9placements des pasteurs), et que Dieu guide l\u2019\u00e9lection des nouveaux responsables.<\/li>\n<\/ul>\n<p><strong>TAIWAN<br \/>\n<\/strong>Veuillez prier pour :<\/p>\n<ul>\n<li>Que l\u2019\u00e9glise Fengfeng puisse acheter un nouveau b\u00e2timent.<\/li>\n<\/ul>\n<p>&nbsp;<\/p>\n<hr \/>\n<p><strong>4 f\u00e9vrier 2026<\/strong><\/p>\n<p><strong>R\u00c9GION AFRIQUE DE L\u2019UMA<\/strong><\/p>\n<p><strong>R\u00c9PUBLIQUE D\u00c9MOCRATIQUE DU CONGO (RDC)<br \/>\n<\/strong>Louons Dieu pour :<\/p>\n<ul>\n<li>Le succ\u00e8s du Conseil Synodal (22-23 janvier) \u00e0 Boma, qui a donn\u00e9 suite aux d\u00e9cisions prises lors du Synode 2025.<\/li>\n<li>Les progr\u00e8s r\u00e9alis\u00e9s dans la construction et l\u2019\u00e9quipement de la Clinique des Pasteurs \u00e0 Boma, avec l\u2019appui de la CMA des \u00c9tats-Unis.<\/li>\n<li>Le t\u00e9moignage fid\u00e8le de l\u2019\u00e9glise locale TWA dans le District du Plateau de Bateke-Est, actuellement la seule \u00e9glise encore active dans une r\u00e9gion touch\u00e9e par la violence des milices \u00ab Mobondo \u00bb. Le Bureau National explore les moyens de soutenir cette \u00e9glise isol\u00e9e.<\/li>\n<\/ul>\n<p>Veuillez prier pour :<\/p>\n<ul>\n<li>Le projet d\u2019envoyer une \u00e9quipe multiculturelle en Afrique de l\u2019Ouest en partenariat avec la CMA des \u00c9tats-Unis et l\u2019Alliance du Gabon.<\/li>\n<li>Le projet du Minist\u00e8re National des Femmes visant \u00e0 soutenir un h\u00f4pital dans une zone isol\u00e9e par la construction d\u2019une morgue.<\/li>\n<li>Que Dieu r\u00e9conforte les familles des serviteurs d\u2019\u00e9glise d\u00e9c\u00e9d\u00e9s en janvier.<\/li>\n<li>La s\u00e9curit\u00e9, la clart\u00e9 et des r\u00e9ponses concernant la disparition du R\u00e9v. Jean Mbenza.<\/li>\n<\/ul>\n<p><strong>MALI<br \/>\n<\/strong>Louons Dieu pour :<\/p>\n<ul>\n<li>La r\u00e9ussite de la conf\u00e9rence qui a r\u00e9uni six districts (du 23 au 25 janvier) avec la participation de 1 400 personnes \u00e0 Bandiagara.<\/li>\n<\/ul>\n<p>Veuillez prier pour :<\/p>\n<ul>\n<li>La protection et la provision pour le missionnaire Nicod\u00e8me Daou, envoy\u00e9 \u00e0 Kounda dans la r\u00e9gion de Kayes.<\/li>\n<li>Provision pour l\u2019envoi d\u2019un missionnaire aupr\u00e8s du peuple peul au S\u00e9n\u00e9gal.<\/li>\n<li>L\u2019assembl\u00e9e g\u00e9n\u00e9rale des femmes (2-3 mars) qui a \u00e9t\u00e9 fructueuse \u00e0 Bamako.<\/li>\n<li>La sagesse et l\u2019orientation de Dieu pour des \u00e9lections \u00e0 la direction lors de l\u2019Assembl\u00e9e g\u00e9n\u00e9rale (5-7 mars) \u00e0 Koutiala.<\/li>\n<\/ul>\n<p><strong>GABON<br \/>\n<\/strong>Veuillez prier pour :<\/p>\n<ul>\n<li>Le r\u00e9confort des familles endeuill\u00e9es et pour l\u2019\u00e9glise.<\/li>\n<li>Que les rencontres pastorales r\u00e9gionales (19 mars-15 mai) soient remplies de l\u2019Esprit.<\/li>\n<li>La protection et la restauration des propri\u00e9t\u00e9s historiques de l\u2019Alliance.<\/li>\n<li>La justice et la sagesse de Dieu dans les conflits fonciers persistants avec le gouvernement.<\/li>\n<\/ul>\n<p><strong>B\u00c9NIN<br \/>\n<\/strong>Louons Dieu pour :<\/p>\n<ul>\n<li>La reprise des cours \u00e0 notre Institut biblique (IBiTAC-B\u00e9nin) apr\u00e8s les vacances.<\/li>\n<li>Les pasteurs form\u00e9s \u00e0 la FATEAC\/UACA (C\u00f4te d\u2019Ivoire) qui servent d\u00e9sormais comme instructeurs \u00e0 l\u2019IBiTAC.<\/li>\n<li>Les progr\u00e8s r\u00e9alis\u00e9s dans la r\u00e9daction des statuts de l\u2019\u00e9glise et la promotion des initiatives nationales de pri\u00e8re.<\/li>\n<\/ul>\n<p>Veuillez prier pour :<\/p>\n<ul>\n<li>La finalisation et l\u2019approbation des documents relatifs \u00e0 la gouvernance de l\u2019\u00e9glise.<\/li>\n<li>La provision de Dieu pour la construction de l\u2019Institut biblique (IBiTAC-B\u00e9nin).<\/li>\n<li>Plus de travailleurs pour l\u2019implantation d\u2019\u00e9glises \u00e0 l\u2019\u00e9chelle nationale.<\/li>\n<li>Le succ\u00e8s de la mission visant \u00e0 fonder l\u2019\u00e9glise de l\u2019Alliance au Nigeria.<\/li>\n<li>Le lancement et l\u2019impact du projet de minist\u00e8re radiophonique, \u00ab La Voix de l\u2019Alliance \u00bb, ax\u00e9s sur l\u2019\u00e9ducation et l\u2019\u00e9vang\u00e9lisation.<\/li>\n<\/ul>\n<p><strong>C\u00d4TE D\u2019IVOIRE<br \/>\n<\/strong>Veuillez prier pour :<\/p>\n<ul>\n<li>La mise en \u0153uvre fid\u00e8le du th\u00e8me de l\u2019\u00e9glise pour 2026 : \u00ab Restaurer la Gloire de Dieu en Travaillant de Mieux en Mieux \u00e0 l\u2019\u0152uvre de Seigneur \u00bb.<\/li>\n<li>L\u2019ach\u00e8vement du sanctuaire de l\u2019\u00c9glise \u00e0 N\u2019Zuessy, Yamoussoukro.<\/li>\n<li>Un engagement fort dans les 12 Grands Travaux du centenaire.<\/li>\n<\/ul>\n<p><strong>CONGO-BRAZZAVILLE<br \/>\n<\/strong>Veuillez prier pour :<\/p>\n<ul>\n<li>L\u2019expansion de l\u2019action missionnaire dans les r\u00e9gions de Likouala, Sangha, Plateaux, Bouenza et Niari, ainsi qu\u2019au Cameroun.<\/li>\n<li>Des \u00e9lections pr\u00e9sidentielles pacifiques (15 mars).<\/li>\n<\/ul>\n<p><strong>ANGOLA<br \/>\n<\/strong>Veuillez prier pour :<\/p>\n<ul>\n<li>Le salut, la protection et l\u2019espoir pour les jeunes touch\u00e9s par les crises sociales.<\/li>\n<li>La mis\u00e9ricorde et le r\u00e9confort de Dieu pour les familles ayant perdu des proches \u00e0 cause d\u2019un AVC.<\/li>\n<li>Des progr\u00e8s r\u00e9guliers dans la r\u00e9habilitation de la station missionnaire de Mboca.<\/li>\n<\/ul>\n<p><strong>LIB\u00c9RIA<br \/>\n<\/strong>Louons Dieu pour :<\/p>\n<ul>\n<li>La 43e Convention de la CMA du Lib\u00e9ria (30 novembre-7 d\u00e9cembre 2025).<\/li>\n<\/ul>\n<p>Veuillez prier pour :<\/p>\n<ul>\n<li>La mise en \u0153uvre efficace des r\u00e9solutions de la convention.<\/li>\n<li>Une formation fructueuse au leadership pr\u00e9vue pour d\u00e9but 2026.<\/li>\n<\/ul>\n<p>&nbsp;<\/p>\n<hr \/>\n<p>&nbsp;<\/p>\n<h2><strong>Pri\u00e8res l\u2019UMA &#8211; Janvier 2026<\/strong><\/h2>\n<p>&nbsp;<\/p>\n<p><strong>28 janvier 2026<\/strong><\/p>\n<p><strong>R\u00c9GION EMERALD (EUROPE ET MOYEN-ORIENT) DE L\u2019UMA<br \/>\n<\/strong>Louez Dieu pour :<\/p>\n<ul>\n<li>Les nouvelles r\u00e9unions Zoom bimensuelles de la communaut\u00e9, qui sont une source d\u2019encouragement pour tous, avec la participation de nombreux nouveaux visages.<\/li>\n<\/ul>\n<p>Veuillez prier pour :<\/p>\n<ul>\n<li>Les pr\u00e9paratifs de la Conf\u00e9rence R\u00e9gionale de l\u2019EMERALD et du Symposium Th\u00e9ologique de l\u2019Alliance qui auront lieu en mai en Turquie. Priez pour que les derniers d\u00e9tails soient finalis\u00e9s et que chacun puisse trouver les ressources n\u00e9cessaires pour y assister.<\/li>\n<\/ul>\n<p><strong>MOBILISATION DES MISSIONS DE L\u2019EMERALD DE L\u2019UMA<br \/>\n<\/strong>Veuillez prier pour :<\/p>\n<ul>\n<li>Les pr\u00e9paratifs d\u2019un Voyage de Prospection Missionnaire apr\u00e8s la Conf\u00e9rence R\u00e9gionale de l\u2019EMERALD en mai. Priez pour que Dieu ouvre des portes et appelle les ouvriers pour la moisson dans un pays o\u00f9 moins de 0,01 % de la population est chr\u00e9tienne \u00e9vang\u00e9lique.<\/li>\n<\/ul>\n<p><strong>MINIST\u00c8RES DE LA DIASPORA DE L\u2019ALLIANCE<br \/>\n<\/strong>Louez Dieu pour :<\/p>\n<ul>\n<li>Le bapt\u00eame r\u00e9cent d\u2019un Croyant d\u2019Origine Musulmane, qui a \u00e9t\u00e9 form\u00e9 par un autre Croyant d\u2019Origine Musulmane lui-m\u00eame conduit vers Christ par un militant de l\u2019Alliance Fran\u00e7aise. Louez Dieu pour nos disciples de l\u2019Alliance Fran\u00e7aise qui font des disciples, qui \u00e0 leur tour font des disciples pour la gloire de Dieu.<\/li>\n<\/ul>\n<p><strong>LIBAN<br \/>\n<\/strong>Louez Dieu pour :<\/p>\n<ul>\n<li>Les portes que Dieu ouvre pour implanter des \u00e9glises dans le sud du pays. L\u2019Alliance au Liban a pour objectif d\u2019implanter 15 \u00e9glises dans le sud une fois que le conflit aura cess\u00e9.<\/li>\n<li>L\u2019Institut de Th\u00e9ologie de l\u2019Alliance Chr\u00e9tienne (CAIT) qui voit le nombre de ses \u00e9tudiants augmenter, en particulier ceux qui suivent des cours en ligne.<\/li>\n<\/ul>\n<p><strong>CAMA ZENDING &#8211; PAYS-BAS<br \/>\n<\/strong>Louez Dieu pour :<\/p>\n<ul>\n<li>Les six nouvelles familles de missionnaires que nous avons envoy\u00e9es sur le champ missionnaire en 2025.<\/li>\n<li>Les 12 \u00e9vang\u00e9listes locaux que CAMA Zending soutient dans le nord de l\u2019Inde.<\/li>\n<\/ul>\n<p>Veuillez prier pour :<\/p>\n<ul>\n<li>La pr\u00e9paration de 11 familles missionnaires qui vont bient\u00f4t \u00eatre envoy\u00e9es sur le champ missionnaire. Il y a parmi elles des familles autochtones qui pr\u00e9voient de retourner dans leur pays d\u2019origine dans la Sixi\u00e8me R\u00e9gion.<\/li>\n<\/ul>\n<p><strong>ALLEMAGNE<br \/>\n<\/strong>Louez Dieu pour :<\/p>\n<ul>\n<li>Le caf\u00e9 de langues de l\u2019\u00e9glise d\u2019Erfurt, que fr\u00e9quentent d\u00e9sormais de nombreux Ukrainiens.<\/li>\n<li>Le camp de jeunesse de P\u00e2ques auquel plus de 120 jeunes participeront.<\/li>\n<\/ul>\n<p>Veuillez prier pour :<\/p>\n<ul>\n<li>Le S\u00e9minaire de Formation au Discipulat qui \u00e9quipe les croyants \u00e0 aider les gens \u00e0 suivre Christ.<\/li>\n<li>Les jeunes des \u00e9glises de l\u2019Alliance qui traversent une p\u00e9riode tr\u00e8s difficile et sombre en Europe.<\/li>\n<\/ul>\n<p><strong>R\u00c9SEAU DE L\u2019\u00c9GLISE DE L\u2019ALLIANCE DE TOUTES LES NATIONS (CAN)<br \/>\n<\/strong>Louez Dieu pour :<\/p>\n<ul>\n<li>L\u2019opportunit\u00e9 de pr\u00e9senter des ateliers de soutien de l\u2019\u00c9glise de l\u2019Alliance de Toutes les Nations lors de la Conf\u00e9rence des Missions Converge \u00e0 Columbus, Ohio, du 19 au 21 janvier. Priez pour qu\u2019ils saisissent la vision de construire des communaut\u00e9s Alliance CAN qui accueillent et aiment des personnes de toutes les tribus, de toutes langues, de tous groupes ethniques et nations, tant sur le terrain missionnaire qu\u2019\u00e0 la maison.<\/li>\n<\/ul>\n<p><strong>GRANDE-BRETAGNE<br \/>\n<\/strong>Veuillez prier pour :<\/p>\n<ul>\n<li>Que les \u00e9glises de l\u2019Alliance de Grande-Bretagne se rassembler dans un esprit d\u2019unit\u00e9 qui ne peut venir que du Saint-Esprit.<\/li>\n<li>La recherche d\u2019un nouveau directeur national pour la CMA GB qui formera une nouvelle \u00e9quipe dirigeante pour la famille Alliance en Grande-Bretagne.<\/li>\n<\/ul>\n<p><strong>PAYS-BAS<br \/>\n<\/strong>Louez Dieu pour :<\/p>\n<ul>\n<li>L\u2019int\u00e9r\u00eat accru des jeunes pour l\u2019\u00e9glise, qui, confront\u00e9s \u00e0 l\u2019incertitude, \u00e0 l\u2019obscurit\u00e9 et aux troubles dans le monde, se tournent vers les \u00e9glises en qu\u00eate d\u2019espoir.<\/li>\n<li>Le renforcement des liens et de la communion entre les \u00e9glises indig\u00e8nes et les \u00e9glises de la diaspora aux Pays-Bas, \u00e0 mesure que Dieu supprime les barri\u00e8res.<\/li>\n<\/ul>\n<p><strong>FRANCE<br \/>\n<\/strong>Veuillez prier pour :<\/p>\n<ul>\n<li>La nouvelle \u00c9quipe Nationale de Direction de la Jeunesse de l\u2019Alliance qui organisera la premi\u00e8re Conf\u00e9rence Nationale de la Jeunesse de l\u2019Alliance Fran\u00e7aise en 2026.<\/li>\n<\/ul>\n<p><strong>RUSSIE<br \/>\n<\/strong>Louez Dieu pour :<\/p>\n<ul>\n<li>Les \u00e9glises de l\u2019Alliance russe qui restent fermes dans la pr\u00e9dication de l\u2019\u00e9vangile malgr\u00e9 les troubles et les difficult\u00e9s li\u00e9es au conflit actuel.<\/li>\n<\/ul>\n<p><strong>FORMATION ALLIANCE (INFORMA &#8211; <\/strong><strong>INSTITUT DE FORMATION MINISTERI\u00c9LLE DE L\u2019ALLIANCE)<br \/>\n<\/strong>Louez Dieu pour :<\/p>\n<ul>\n<li>Les six \u00e9tudiants qui obtiendront leur dipl\u00f4me en f\u00e9vrier \u00e0 INFORMA avec une licence en th\u00e9ologie, et les dix \u00e9tudiants qui obtiendront un dipl\u00f4me en missions.<\/li>\n<\/ul>\n<p>Veuillez prier pour :<\/p>\n<ul>\n<li>Que Dieu suscite des ressources financi\u00e8res pour aider les \u00e9tudiants ayant besoin de bourses d\u2019\u00e9tudes et pour le nouveau Programme de Certificat en Conseil Pastoral, qui d\u00e9butera en 2026 \u00e0 INFORMA.<\/li>\n<\/ul>\n<hr \/>\n<p><strong>14 janvier 2026<\/strong><\/p>\n<p><strong>R\u00c9GION CLA (AM\u00c9RIQUE LATINE) DE L\u2019UMA<\/strong><\/p>\n<p><strong>BR\u00c9SIL<br \/>\n<\/strong>Louons Dieu pour :<\/p>\n<ul>\n<li>La g\u00e9n\u00e9rosit\u00e9 des \u00e9glises br\u00e9siliennes qui ont contribu\u00e9 \u00e0 l\u2019Offrande de No\u00ebl pour le Fonds des Missions.<\/li>\n<li>Le r\u00e9veil parmi les jeunes et ceux qui sont appel\u00e9s \u00e0 la mission, avec des exp\u00e9riences interculturelles et la volont\u00e9 de servir au-del\u00e0 des fronti\u00e8res.<\/li>\n<li>Le leadership du D\u00e9partement National des Missions, en particulier dans le renforcement de la prise en charge des missionnaires.<\/li>\n<\/ul>\n<p>Veuillez prier pour :<\/p>\n<ul>\n<li>Protection et disposition pour l\u2019\u00e9quipe participant au voyage missionnaire de courte dur\u00e9e au Mozambique, Afrique (du 29 janvier au 13 f\u00e9vrier).<\/li>\n<li>L\u2019ann\u00e9e acad\u00e9mique au S\u00e9minaire Th\u00e9ologique A. W. Tozer qui commence en f\u00e9vrier.<\/li>\n<li>Le Conseil National de l\u2019Alliance Br\u00e9silienne (26-29 janvier), et l\u2019\u00e9lection d\u2019un nouveau Conseil National pour les deux prochaines ann\u00e9es.<\/li>\n<\/ul>\n<p><strong>VENEZUELA<br \/>\n<\/strong>Veuillez prier pour :<\/p>\n<ul>\n<li>Paix, sagesse et r\u00e9conciliation pendant la transition pr\u00e9sidentielle.<\/li>\n<li>La provision de Dieu pour les familles en difficult\u00e9 \u00e9conomique.<\/li>\n<li>Que les portes s\u2019ouvrent \u00e0 l\u2019\u00e9vangile et aux nouveaux disciples.<\/li>\n<li>La gu\u00e9rison des malades et la stabilit\u00e9 des services publics.<\/li>\n<\/ul>\n<p><strong>MEXIQUE<br \/>\n<\/strong>Veuillez prier pour :<\/p>\n<ul>\n<li>Les pasteurs dans la Sierra de Chihuahua et leur minist\u00e8re aupr\u00e8s du peuple Tarahumara.<\/li>\n<li>La protection des pasteurs du sud du Mexique contre les groupes criminels.<\/li>\n<li>De nouveaux projets de construction d\u2019\u00e9glises dans les villes de San Luis Potos\u00ed et Pachuca.<\/li>\n<li>Notre Conseil National (26-29 mai), que Dieu nous guide selon son plan pour l\u2019\u00e9glise.<\/li>\n<\/ul>\n<p><strong>COLOMBIE<br \/>\n<\/strong>Veuillez prier pour :<\/p>\n<ul>\n<li>La pr\u00e9sence de Dieu lors de la Retraite Nationale de Je\u00fbne et de Pri\u00e8re (30 janvier &#8211; 1er f\u00e9vrier).<\/li>\n<li>Sagesse dans les assembl\u00e9es r\u00e9gionales et nationales.<\/li>\n<li>Sant\u00e9 et protection des pasteurs dans les zones de conflit.<\/li>\n<\/ul>\n<p><strong>HA\u00cfTI<br \/>\n<\/strong>Veuillez prier pour :<\/p>\n<ul>\n<li>La provision de Dieu pour la c\u00e9l\u00e9bration du 27e anniversaire de la CMA d\u2019Ha\u00efti (18 janvier).<\/li>\n<li>Sant\u00e9 et force pour les pasteurs engag\u00e9s dans l\u2019\u00e9vang\u00e9lisation des r\u00e9gions isol\u00e9es.<\/li>\n<li>L\u2019intervention de Dieu au milieu de la violence et de la crise nationale.<\/li>\n<\/ul>\n<p><strong>ARGENTINE<br \/>\n<\/strong>Veuillez prier pour :<\/p>\n<ul>\n<li>Le r\u00e9veil spirituel et la passion renouvel\u00e9e pour les missions.<\/li>\n<li>La formation missionnaire r\u00e9gionale d\u2019Am\u00e9rique latine en f\u00e9vrier en Argentine.<\/li>\n<li>L\u2019orientation de Dieu pour la Convention Nationale des Femmes 2026.<\/li>\n<\/ul>\n<p><strong>CUBA<br \/>\n<\/strong>Veuillez prier pour :<\/p>\n<ul>\n<li>Les cours au s\u00e9minaire en f\u00e9vrier et la participation effective des \u00e9tudiants.<\/li>\n<li>La gu\u00e9rison des virus r\u00e9pandus qui affectent la nation.<\/li>\n<li>Des \u00e9v\u00e9nements de formation pastorale en janvier.<\/li>\n<li>Sagesse dans le processus d\u2019\u00e9lection du Conseil National en juillet.<\/li>\n<\/ul>\n<p><strong>BOLIVIE<br \/>\n<\/strong>Veuillez prier pour :<\/p>\n<ul>\n<li>La c\u00e9l\u00e9bration de notre identit\u00e9 de l\u2019Alliance en janvier et en f\u00e9vrier.<\/li>\n<li>L\u2019implantation d\u2019\u00e9glises \u00e0 travers tout le pays.<\/li>\n<li>L\u2019envoi des missionnaires interculturels.<\/li>\n<\/ul>\n<p>&nbsp;<\/p>\n<hr \/>\n<p>&nbsp;<\/p>\n<div class=\"host-bincmiainjofjnhchmcalkanjebghoen\" style=\"position: relative; z-index: 2147483647;\"><\/div>\n<h2><strong>Pri\u00e8res de l\u2019UMA &#8211; D\u00e9cembre 2025<\/strong><\/h2>\n<p>&nbsp;<\/p>\n<p><strong>10 d\u00e9cembre 2025<\/strong><\/p>\n<p><strong>R\u00c9GION AFRIQUE DE L\u2019UMA<\/strong><\/p>\n<p><strong>ANGOLA<br \/>\n<\/strong>Veuillez prier pour :<\/p>\n<ul>\n<li>Que Dieu r\u00e9conforte la famille et l\u2019\u00e9glise du pasteur Daniel Ndongani, d\u00e9c\u00e9d\u00e9 des suites de complications d\u2019un AVC.<\/li>\n<li>La r\u00e9ussite de l\u2019ouverture du champ missionnaire \u00e0 Dinge et que Dieu suscite des ouvriers.<\/li>\n<li>La mise \u00e0 disposition d\u2019un b\u00e2timent \u00e0 Luanda pour servir de si\u00e8ge national \u00e0 l\u2019Alliance.<\/li>\n<\/ul>\n<p><strong>MALI<br \/>\n<\/strong>Veuillez prier pour :<\/p>\n<ul>\n<li>L\u2019envoi d\u2019un missionnaire aupr\u00e8s du peuple Sarakol\u00e9 \u00e0 Kounda.<\/li>\n<li>Le renouvellement du leadership dans l\u2019\u00e9glise nationale.<\/li>\n<li>L\u2019Assembl\u00e9e G\u00e9n\u00e9rale et l\u2019\u00e9lection d\u2019un nouveau Comit\u00e9 Ex\u00e9cutif en mars 2026.<\/li>\n<li>Le maintien de la s\u00e9curit\u00e9 nationale et la protection contre le terrorisme.<\/li>\n<\/ul>\n<p><strong>GABON<br \/>\n<\/strong>Louons Dieu pour :<\/p>\n<ul>\n<li>La r\u00e9ussite de la Semaine de la Mission du 1er au 7 d\u00e9cembre et l\u2019engagement missionnaire approfondi au sein de l\u2019\u00e9glise.<\/li>\n<\/ul>\n<p>Veuillez prier pour :<\/p>\n<ul>\n<li>Une campagne d\u2019\u00e9vang\u00e9lisation fructueuse du 15 au 21 d\u00e9cembre gr\u00e2ce au programme d\u2019\u00e9vang\u00e9lisation des jeunes.<\/li>\n<li>Que nous puissions ouvrir un nouveau champ missionnaire en France pour servir la diaspora gabonaise.<\/li>\n<\/ul>\n<p><strong>CONGO-BRAZZAVILLE<br \/>\n<\/strong>Louons Dieu pour :<\/p>\n<ul>\n<li>L\u2019installation du nouveau pr\u00e9sident national, le R\u00e9v. Claude P\u00e9pin Bouyoba, et du Bureau Ex\u00e9cutif.<\/li>\n<\/ul>\n<p>Veuillez prier pour :<\/p>\n<ul>\n<li>L\u2019expansion de l\u2019\u00e9vangile au Cameroun, notamment \u00e0 Yaound\u00e9 et \u00e0 Douala.<\/li>\n<li>La croissance du travail missionnaire dans les r\u00e9gions de Likouala, Sangha, Plateaux, Bouenza et Niari.<\/li>\n<\/ul>\n<p><strong>R\u00c9PUBLIQUE D\u00c9MOCRATIQUE DU CONGO (RDC)<br \/>\n<\/strong>Louons Dieu pour :<\/p>\n<ul>\n<li>Les activit\u00e9s fructueuses du Mois de la Mission en novembre.<\/li>\n<li>Le progr\u00e8s dans la pr\u00e9paration missionnaire gr\u00e2ce \u00e0 des partenariats avec la CMA du Gabon et la CMA am\u00e9ricaine.<\/li>\n<\/ul>\n<p>Veuillez prier pour :<\/p>\n<ul>\n<li>La formation et le d\u00e9ploiement des ouvriers internationaux et nationaux.<\/li>\n<li>Le r\u00e9confort pour les familles des pasteurs retrait\u00e9s r\u00e9cemment d\u00e9c\u00e9d\u00e9s.<\/li>\n<li>Le r\u00e9confort pour les familles Teke de Nkana touch\u00e9es par une attaque meurtri\u00e8re le 23 novembre.<\/li>\n<li>L\u2019intervention gouvernementale pour mettre fin \u00e0 la violence intertribale pr\u00e8s de Kinshasa.<\/li>\n<li>La bonne r\u00e9ussite des s\u00e9ries des pri\u00e8res de fin de l\u2019ann\u00e9e.<\/li>\n<li>L\u2019ordination des nouveaux pasteurs en d\u00e9but 2026.<\/li>\n<\/ul>\n<p><strong>C\u00d4TE D\u2019IVOIRE<br \/>\n<\/strong>Veuillez prier pour :<\/p>\n<ul>\n<li>Le Sommet National de la Pri\u00e8re (9-13 d\u00e9cembre) et que tous les orateurs pr\u00eachent avec puissance.<\/li>\n<li>La gu\u00e9rison pour tous les serviteurs de Dieu malades en cette fin d\u2019ann\u00e9e.<\/li>\n<\/ul>\n<p><strong>LIB\u00c9RIA<br \/>\n<\/strong>Louons Dieu pour :<\/p>\n<ul>\n<li>La r\u00e9ussite de la c\u00e9r\u00e9monie de la 24e remise des dipl\u00f4mes du Lyc\u00e9e Chr\u00e9tien de la CMA Liberia.<\/li>\n<\/ul>\n<p>Veuillez prier pour :<\/p>\n<ul>\n<li>La c\u00e9l\u00e9bration de No\u00ebl de l\u2019\u00e9glise nationale qui qui aura lieu le 21 d\u00e9cembre \u00e0 Monrovia.<\/li>\n<\/ul>\n<p><strong>B\u00c9NIN<br \/>\n<\/strong>Veuillez prier pour :<\/p>\n<ul>\n<li>La construction de l\u2019Institut biblique (IBiTAC-Benin).<\/li>\n<li>De nouveaux ouvriers pour l\u2019implantation d\u2019\u00e9glises et la formation th\u00e9ologique.<\/li>\n<li>Des efforts missionnaires au Nigeria et au Niger.<\/li>\n<\/ul>\n<hr \/>\n<p><strong>3 d\u00e9cembre 2025<\/strong><\/p>\n<p><strong>R\u00c9GION CLA (AM\u00c9RIQUE LATINE) DE l\u2019UMA<\/strong><\/p>\n<p><strong>CUBA<br \/>\n<\/strong>Veuillez prier pour :<\/p>\n<ul>\n<li>La gu\u00e9rison pour les familles pastorales et les \u00e9tudiants du s\u00e9minaire touch\u00e9s par les \u00e9pid\u00e9mies virales actuelles.<\/li>\n<li>Ressources et aide rapide pour les pasteurs dans l\u2019est de Cuba affect\u00e9s par le cyclone Melissa.<\/li>\n<li>Le r\u00e9tablissement et capacit\u00e9 du s\u00e9minaire \u00e0 organiser les cours de d\u00e9cembre.<\/li>\n<\/ul>\n<p><strong>VENEZUELA<br \/>\n<\/strong>Louons Dieu pour :<\/p>\n<ul>\n<li>Que Evelin Gil (\u00e9pouse du pr\u00e9sident de la CMA) continue \u00e0 se r\u00e9tablir et \u00e0 reprendre des forces apr\u00e8s son op\u00e9ration du genou.<\/li>\n<\/ul>\n<p>Veuillez prier pour :<\/p>\n<ul>\n<li>Que Dieu b\u00e9nisse et accorde des orientations claires pour l\u2019engagement m\u00e9dico-dentaire de l\u2019\u00e9glise de Los Guayos aupr\u00e8s d\u2019une communaut\u00e9 vuln\u00e9rable.<\/li>\n<li>Que Dieu apaise l\u2019incertitude et l\u2019anxi\u00e9t\u00e9 g\u00e9n\u00e9ralis\u00e9es dans notre nation. Priez pour que beaucoup tournent leur c\u0153ur vers le Seigneur et lui fassent confiance. Demandez que nos \u00e9glises soient des instruments de la paix du Christ, partageant fid\u00e8lement la Parole de Dieu avec leurs voisins.<\/li>\n<\/ul>\n<p><strong>BR\u00c9SIL<br \/>\n<\/strong>Louons Dieu pour :<\/p>\n<ul>\n<li>La Conf\u00e9rence de la Jeunesse de l\u2019Alliance et le 1er Symposium National sur les Missions, marqu\u00e9s par un fort engagement des jeunes et un sens clair de leur vocation.<\/li>\n<li>Nos enseignants, nos \u00e9glises partenaires, la stabilit\u00e9 financi\u00e8re, les nouveaux \u00e9tudiants (venus de Caxias do Sul, Bauru et du Mozambique), et les remises de dipl\u00f4mes pr\u00e9vues au d\u00e9but de l\u2019ann\u00e9e prochaine.<\/li>\n<\/ul>\n<p>Veuillez prier pour :<\/p>\n<ul>\n<li>Que les minist\u00e8res de fin d\u2019ann\u00e9e communiquent clairement l\u2019\u00e9vangile aux visiteurs.<\/li>\n<li>La sagesse et l\u2019unit\u00e9 pour les conseils d\u2019administration r\u00e9gionaux et nationaux qui seront \u00e9lus.<\/li>\n<\/ul>\n<p><strong>URUGUAY<br \/>\n<\/strong>Louons Dieu pour :<\/p>\n<ul>\n<li>La nomination de nouveaux pasteurs \u00e0 l\u2019\u00e9glise Encuentro de Esperanza (Montevideo) et \u00e0 l\u2019\u00e9glise Santa Isabel (Rivera).<\/li>\n<\/ul>\n<p>Veuillez prier pour :<\/p>\n<ul>\n<li>Un regain de passion missionnaire et des progr\u00e8s pour le projet missionnaire dans la r\u00e9gion sud.<\/li>\n<\/ul>\n<p><strong>R\u00c9PUBLIQUE DOMINICAINE<br \/>\n<\/strong>Veuillez prier pour :<\/p>\n<ul>\n<li>La gu\u00e9rison pour plusieurs pasteurs malades, en particulier pour le pasteur Amparo Santana.<\/li>\n<li>La sagesse pour les efforts d\u2019implantation et de revitalisation d\u2019\u00e9glises, ainsi que pour l\u2019Assembl\u00e9e Nationale (du 8 au 11 janvier 2026) lors de l\u2019\u00e9lection d\u2019une nouvelle classe dirigeante.<\/li>\n<\/ul>\n<p><strong>\u00c9QUATEUR<br \/>\n<\/strong>Veuillez prier pour :<\/p>\n<ul>\n<li>Directives pour les pr\u00e9paratifs et les d\u00e9cisions pour la direction de l\u2019Assembl\u00e9e Nationale (f\u00e9vrier 2026).<\/li>\n<li>Provisions et ouvriers pour des projets missionnaires nationaux.<\/li>\n<li>La paix, la protection et la stabilit\u00e9 pour la nation, et la protection des familles, des \u00e9glises et des communaut\u00e9s touch\u00e9es par la criminalit\u00e9.<\/li>\n<\/ul>\n<p><strong>CHILI<br \/>\n<\/strong>Louons Dieu pour :<\/p>\n<ul>\n<li>Le rassemblement national de la jeunesse, o\u00f9 de nombreux jeunes ont connu un v\u00e9ritable renouveau et plusieurs ont re\u00e7u le Seigneur.<\/li>\n<li>La remise des dipl\u00f4mes du s\u00e9minaire, plusieurs dipl\u00f4m\u00e9s se lan\u00e7ant dans le minist\u00e8re pastoral.<\/li>\n<\/ul>\n<p>Veuillez prier pour :<\/p>\n<ul>\n<li>Force et provision pour des minist\u00e8res aupr\u00e8s des enfants (\u00e9coles du dimanche, Foyer pour Mineurs) et le soutien aux pasteurs retrait\u00e9s ayant des besoins importants en mati\u00e8re de sant\u00e9.<\/li>\n<li>De l\u2019encouragement pour les pasteurs nationaux, les missionnaires internationaux et les \u00e9glises nouvellement plant\u00e9es. Que leur travail porte du fruit.<\/li>\n<\/ul>\n<p><strong>COLOMBIE<br \/>\n<\/strong>Louons Dieu pour :<\/p>\n<ul>\n<li>Son soutien et son minist\u00e8re aupr\u00e8s des 945 femmes qui ont pris part \u00e0 la Conf\u00e9rence nationale des femmes, Resplendir 2025, sous le th\u00e8me \u00ab Nous Sommes des Ponts \u00bb.<\/li>\n<\/ul>\n<p>Veuillez prier pour :<\/p>\n<ul>\n<li>Le discernement dans le choix du responsable du nouveau minist\u00e8re \u00ab Tout le Monde \u00e0 Table \u00bb.<\/li>\n<li>La provision et la s\u00e9curit\u00e9 pour les \u00e9glises qui ont des besoins de construction et pour la congr\u00e9gation d\u2019Estrecho qui a subi des attaques.<\/li>\n<\/ul>\n<p><strong>ARGENTINE<br \/>\n<\/strong>Veuillez prier pour :<\/p>\n<ul>\n<li>La bonne participation et la pr\u00e9paration \u00e0 la Journ\u00e9e Missionnaire Latino-Am\u00e9ricaine en f\u00e9vrier 2026.<\/li>\n<li>L\u2019orientation de Dieu concernant les plans minist\u00e9riels et la convention nationale de 2026.<\/li>\n<li>L\u2019unit\u00e9 et la bonne strat\u00e9gie entre les leaders nationaux de la jeunesse.<\/li>\n<\/ul>\n<p><strong>HA\u00cfTI<br \/>\n<\/strong>Louons Dieu pour :<\/p>\n<ul>\n<li>La nourriture re\u00e7ue et distribu\u00e9e dans la communaut\u00e9 durant cette p\u00e9riode de p\u00e9nurie.<\/li>\n<\/ul>\n<p>Veuillez prier pour :<\/p>\n<ul>\n<li>La provision et la sagesse pour le d\u00e9m\u00e9nagement du b\u00e2timent de l\u2019\u00e9glise d\u2019Ouanaminthe (sanctuaire \u00e0 l\u2019\u00e9tage, bureau au rez-de-chauss\u00e9e).<\/li>\n<li>La b\u00e9n\u00e9diction sur les pr\u00e9paratifs du 26e anniversaire de la CMA Ouanaminthe, ainsi que pour la conf\u00e9rence des dirigeants et pasteurs en janvier.<\/li>\n<\/ul>\n<p>&nbsp;<\/p>\n<hr \/>\n<p>&nbsp;<\/p>\n<div class=\"host-bincmiainjofjnhchmcalkanjebghoen\" style=\"position: relative; z-index: 2147483647;\"><\/div>\n<div class=\"host-bincmiainjofjnhchmcalkanjebghoen\" style=\"position: relative; z-index: 2147483647;\"><\/div>\n<div class=\"host-bincmiainjofjnhchmcalkanjebghoen\" style=\"position: relative; z-index: 2147483647;\"><\/div>\n<h2><strong>Pri\u00e8res de l&rsquo;UMA<\/strong><strong> &#8211; Novembre 2025<\/strong><\/h2>\n<p>&nbsp;<\/p>\n<p><strong>19 novembre 2025<\/strong><\/p>\n<p><strong>1) R\u00c9GION AM\u00c9RIQUE DU NORD DE L\u2019UMA<\/strong><\/p>\n<p><strong>\u00c9TATS-UNIS<br \/>\n<\/strong>Veuillez prier pour :<\/p>\n<ul>\n<li>Les Ouvriers Internationaux (OIs) actuellement en cong\u00e9 aux \u00c9tats-Unis, afin que le Seigneur leur accorde repos, renouveau et paix au milieu de leurs emplois du temps charg\u00e9s. Priez pour que leurs liens avec les communaut\u00e9s locales et leurs soutiens soient renforc\u00e9s pendant cette p\u00e9riode.<\/li>\n<li>Les \u00e9glises partout aux \u00c9tats-Unis qui se pr\u00e9parent pour la p\u00e9riode charg\u00e9e de l\u2019Avent. Priez pour que la pr\u00e9sence de Dieu se manifeste puissamment \u00e0 travers le culte, l\u2019\u00e9vang\u00e9lisation et la c\u00e9l\u00e9bration.<\/li>\n<li>Le District des Grands Lacs, qui continue \u00e0 entretenir une culture de formation de disciples au sein de ses \u00e9glises. Priez pour que ces efforts conduisent \u00e0 une croissance spirituelle durable et \u00e0 la multiplication.<\/li>\n<\/ul>\n<p><strong>CANADA<br \/>\n<\/strong>Louez Dieu pour :<\/p>\n<ul>\n<li>La rencontre fructueuse entre les leaders canadiens et le directeur des Missions Latines. Priez pour la sagesse, l\u2019unit\u00e9 et le discernement continus alors qu\u2019ils explorent les possibilit\u00e9s de collaboration.<\/li>\n<\/ul>\n<p>Veuillez prier pour :<\/p>\n<ul>\n<li>Les r\u00e9unions qui se tiendront tout au long du mois de novembre, au cours desquelles les dirigeants feront le bilan de l\u2019ann\u00e9e \u00e9coul\u00e9e et planifieront la suivante. Priez pour que ces rencontres favorisent la confiance, l\u2019encouragement et une vision claire pour l\u2019avenir.<\/li>\n<li>Les retraites qui se tiendront ce mois-ci dans les districts canadiens. Priez pour que le Saint-Esprit parle de mani\u00e8re tangible \u00e0 chaque participant et donne \u00e0 ceux qui enseignent et dirigent la force de s\u2019exprimer avec audace, v\u00e9rit\u00e9 et amour. Que tous les participants puissent renouveler leurs liens et trouver de l\u2019encouragement.<\/li>\n<li>Tous les OIs et leurs familles, afin qu\u2019ils se reposent dans l\u2019assurance de la pr\u00e9sence et de l\u2019amour de Dieu : \u00ab L\u2019\u00c9ternel, ton Dieu, est au milieu de toi, comme un h\u00e9ros qui sauve ; Il fera de toi sa plus grande joie ; Il gardera le silence dans son amour ; Il aura pour toi des transports d\u2019all\u00e9gresse \u00bb (Sophonie 3 :17 LSG).<\/li>\n<\/ul>\n<p>&nbsp;<\/p>\n<p><strong>2) R\u00c9GION APAC (ASIE-PACIFIQUE) DE L\u2019UMA<\/strong><\/p>\n<p><strong>TAIWAN<br \/>\n<\/strong>Veuillez prier pour :<\/p>\n<ul>\n<li>Le traitement et l\u2019approbation du pr\u00eat de 16 millions de nouveaux dollars ta\u00efwanais pour l\u2019achat de la nouvelle \u00e9glise par l\u2019\u00e9glise de Fengsheng.<\/li>\n<\/ul>\n<ul>\n<li>Le pasteur Lin Kai-Chun de l\u2019\u00e9glise Nangang. Son indice r\u00e9nal reste faible et les m\u00e9decins ont report\u00e9 son op\u00e9ration qui avait d\u00e9j\u00e0 \u00e9t\u00e9 planifi\u00e9e, car des examens compl\u00e9mentaires sont n\u00e9cessaires. Priez pour que Dieu le gu\u00e9risse, guide l\u2019\u00e9quipe m\u00e9dicale et apporte la paix au pasteur Lin et \u00e0 sa famille pendant cette p\u00e9riode.<\/li>\n<\/ul>\n<p><strong>MYANMAR<br \/>\n<\/strong>Veuillez prier pour :<\/p>\n<ul>\n<li>La protection constante de Dieu et que sa gr\u00e2ce soutienne l\u2019\u00e9glise au milieu des conflits, des tensions et des difficult\u00e9s qui persistent dans le pays.<\/li>\n<li>Les \u00e9lections g\u00e9n\u00e9rales que le gouvernement militaire pr\u00e9voit d\u2019organiser entre d\u00e9cembre 2025 et janvier 2026, malgr\u00e9 une d\u00e9sapprobation g\u00e9n\u00e9ralis\u00e9e. La situation nationale continue de se d\u00e9t\u00e9riorer dans de nombreux domaines. Priez avec ferveur pour une intervention divine, la restauration et la paix en faveur du peuple du Myanmar.<\/li>\n<\/ul>\n<p><strong>INDONESIE<br \/>\n<\/strong>Veuillez prier pour :<\/p>\n<ul>\n<li>Ceux qui souffrent d\u2019une augmentation des cas d\u2019intol\u00e9rance. Des groupes radicaux de la religion majoritaire emp\u00eachent la construction d\u2019\u00e9glises, perturbent le culte et pers\u00e9cutent les croyants chr\u00e9tiens \u2013 souvent des femmes et des enfants. Cela a directement affect\u00e9 les congr\u00e9gations de la CMA \u00e0 Buton, Lombok et Banjarmasin. Priez pour nos pasteurs et nos congr\u00e9gations qui continuent \u00e0 se rassembler fid\u00e8lement chaque semaine, souvent dans des circonstances difficiles.<\/li>\n<\/ul>\n<hr \/>\n<p><strong>12 novembre 2025<br \/>\n<\/strong><\/p>\n<p><strong>R\u00c9GION EMERALD (EUROPE ET MOYEN-ORIENT) DE L&rsquo;UMA<br \/>\n<\/strong>Louez Dieu pour :<\/p>\n<ul>\n<li>Les nouveaux membres \u00e9lus au Comit\u00e9 de Coordination R\u00e9gional (CCR) EMERALD\u00a0: le Dr Francisco Cerr\u00f3n et le pasteur Tom Scharf.<\/li>\n<\/ul>\n<p>Veuillez prier pour :<\/p>\n<ul>\n<li>Que le nouveau CCR soit un instrument entre les mains de Dieu pour la croissance de Son Royaume dans toute la r\u00e9gion.<\/li>\n<\/ul>\n<p><strong>TERRE SAINTE<br \/>\n<\/strong>Veuillez prier pour :<\/p>\n<ul>\n<li>Le maintien du cessez-le-feu actuel, afin qu&rsquo;il m\u00e8ne \u00e0 une paix durable dans toute la Terre Sainte.<\/li>\n<li>Que Dieu prot\u00e8ge nos \u00e9glises, nos communaut\u00e9s et tous ceux qui servent dans les minist\u00e8res de secours et pastoraux pendant cette p\u00e9riode fragile.<\/li>\n<li>Sagesse et discernement pour les pasteurs et les dirigeants afin qu&rsquo;ils puissent guider leur peuple avec clart\u00e9, compassion et esp\u00e9rance bibliques.<\/li>\n<\/ul>\n<p><strong>PAYS-BAS<br \/>\n<\/strong>Louez Dieu pour :<\/p>\n<ul>\n<li>Le week-end missionnaire qui s&rsquo;est d\u00e9roul\u00e9 dans le sud des Pays-Bas, o\u00f9 il y a peu d&rsquo;\u00e9glises \u00e9vang\u00e9liques et baptistes.<\/li>\n<\/ul>\n<p>Veuillez prier pour :<\/p>\n<ul>\n<li>Que les \u00e9glises locales soient fortifi\u00e9es et encourag\u00e9es dans leurs efforts missionnaires, et que Dieu b\u00e9nisse abondamment leur minist\u00e8re et leur action \u00e9vang\u00e9lique.<\/li>\n<\/ul>\n<p><strong>FRANCE<br \/>\n<\/strong>Veuillez prier pour :<\/p>\n<ul>\n<li>Les prochaines Conf\u00e9rences de Formation sur les Soins de l\u2019\u00c2me, dirig\u00e9es par le Dr Rob Reimer, qui se tiendront \u00e0 Toulouse (du 13 au 15 novembre) et \u00e0 Strasbourg (du 20 au 22 novembre). Plus de 100 personnes sont attendues. Priez que les participants des diff\u00e9rentes \u00e9glises fassent l&rsquo;exp\u00e9rience d&rsquo;une profonde transformation, et embrassent la gu\u00e9rison, la libert\u00e9 et la croissance spirituelle gr\u00e2ce \u00e0 l&rsquo;\u0153uvre du Saint-Esprit<\/li>\n<\/ul>\n<p><strong>SYRIE<br \/>\n<\/strong>Veuillez prier pour :<\/p>\n<ul>\n<li>Que Dieu prot\u00e8ge les communaut\u00e9s chr\u00e9tiennes au milieu des troubles et des violences actuels.<\/li>\n<li>Que les croyants confront\u00e9s aux menaces et aux pers\u00e9cutions des groupes extr\u00e9mistes trouvent le courage et la pers\u00e9v\u00e9rance n\u00e9cessaires.<\/li>\n<\/ul>\n<hr \/>\n<p><strong>5 novembre 2025<\/strong><\/p>\n<p><strong>R\u00c9GION AFRIQUE DE L\u2019UMA<\/strong><\/p>\n<p><strong>CONGO-BRAZZAVILLE<br \/>\n<\/strong>Louez Dieu pour :<\/p>\n<ul>\n<li>L&rsquo;Assembl\u00e9e G\u00e9n\u00e9rale qui s&rsquo;est tenue avec succ\u00e8s en septembre dernier.<\/li>\n<li>Le renouvellement de la direction au sein de l&rsquo;Alliance Chr\u00e9tienne et Missionnaire de l&rsquo;\u00c9glise du Congo, en particulier le nouveau Comit\u00e9 Ex\u00e9cutif National.<\/li>\n<li>La protection de Dieu sur les diff\u00e9rentes d\u00e9l\u00e9gations qui se sont rendues \u00e0 la Convocation Quadriennale de l&rsquo;UMA en C\u00f4te d&rsquo;Ivoire et \u00e0 la c\u00e9l\u00e9bration du 50e Anniversaire de l&rsquo;UMA en R\u00e9publique D\u00e9mocratique du Congo (RDC).<\/li>\n<\/ul>\n<p>Veuillez prier pour :<\/p>\n<ul>\n<li>La vision, la sagesse et la direction spirituelle de Dieu pour que la nouvelle \u00e9quipe de direction nationale accomplisse sa volont\u00e9 au cours des quatre prochaines ann\u00e9es.<\/li>\n<li>L&rsquo;expansion de l&rsquo;\u0153uvre missionnaire dans les d\u00e9partements de Likouala, Sangha, Plateaux, Bouenza et Niari.<\/li>\n<li>Que Dieu brise les forteresses spirituelles des t\u00e9n\u00e8bres sur les champs de mission de Youbi et du d\u00e9partement du Kouilou.<\/li>\n<li>Que toutes les familles Chr\u00e9tiennes soient unies, brillant comme une lumi\u00e8re pour le Congo et comme instruments de salut au nom de J\u00e9sus-Christ.<\/li>\n<li>Le 25e anniversaire du Minist\u00e8re Alliance Christian Radio, qui sera c\u00e9l\u00e9br\u00e9 en mars 2026, afin qu&rsquo;il puisse continuer \u00e0 r\u00e9pandre l&rsquo;\u00e9vangile avec puissance dans tout le pays.<\/li>\n<\/ul>\n<p><strong>BURKINA FASO<br \/>\n<\/strong>Veuillez prier pour :<\/p>\n<ul>\n<li>L&rsquo;organisation de la Journ\u00e9e de la Femme de l&rsquo;Alliance dans toutes les \u00e9glises CMA du Burkina Faso, qui s&rsquo;est tenue le dimanche 2 novembre 2025.<\/li>\n<li>La pr\u00e9paration de la Journ\u00e9e de l&rsquo;Alliance Nationale, qui aura lieu le 7 d\u00e9cembre 2025.<\/li>\n<li>Le red\u00e9ploiement des pasteurs d\u00e9plac\u00e9s \u00e0 l&rsquo;int\u00e9rieur du pays, afin que Dieu puisse pourvoir \u00e0 tous leurs besoins et soutenir leurs minist\u00e8res.<\/li>\n<li>L&rsquo;acquisition d&rsquo;un terrain pour le centre m\u00e9dical de Bobo-Dioulasso, qui n&rsquo;a actuellement pas de propri\u00e9t\u00e9 propre.<\/li>\n<\/ul>\n<p><strong>LIB\u00c9RIA<br \/>\n<\/strong>Louez Dieu pour :<\/p>\n<ul>\n<li>Le retour en toute s\u00e9curit\u00e9 du R\u00e9v\u00e9rend Dr. Roosevelt Zarwulugbo Liberty, Pr\u00e9sident de la CMA du Lib\u00e9ria, apr\u00e8s la Convocation Quadriennale de l&rsquo;UMA qui s&rsquo;est tenue \u00e0 Yamoussoukro, en C\u00f4te d&rsquo;Ivoire.<\/li>\n<\/ul>\n<p>Veuillez prier pour :<\/p>\n<ul>\n<li>La 43e Convention Annuelle de la CMA du Lib\u00e9ria, pr\u00e9vue du 30 novembre au 7 d\u00e9cembre 2025, organis\u00e9e par l&rsquo;\u00c9glise Zeeroh des Croyants, Inc. CMA, dans le comt\u00e9 de Lower Nimba.<\/li>\n<li>Toutes les \u00e9glises CMA du Lib\u00e9ria, afin que Dieu puisse apporter une direction et une vision renouvel\u00e9es alors que le mouvement entre en 2026.<\/li>\n<\/ul>\n<p><strong>\u00c9GLISE DE L&rsquo;ALLIANCE SOUDANAISE (DIASPORA)<br \/>\n<\/strong>Veuillez prier pour :<\/p>\n<ul>\n<li>Shuef, afin qu&rsquo;il puisse venir \u00e0 la foi en J\u00e9sus en continuant \u00e0 lire la Bible.<\/li>\n<li>Les nombreuses personnes qui entendent actuellement l&rsquo;\u00c9vangile gr\u00e2ce aux hommes et aux femmes r\u00e9cemment form\u00e9s \u00e0 l&rsquo;\u00e9vang\u00e9lisation.<\/li>\n<li>La gu\u00e9rison, la force et la sagesse pour Abbigail alors qu&rsquo;elle poursuit son minist\u00e8re essentiel et se pr\u00e9pare pour la tourn\u00e9e \u00e0 venir et les rencontres sp\u00e9ciales de No\u00ebl.<\/li>\n<li>La finalisation de la th\u00e8se de Doctorat en Minist\u00e8re, qui doit \u00eatre termin\u00e9e avant leur d\u00e9part le 19 novembre.<\/li>\n<li>Que Dieu les utilise grandement pour encourager tous ceux qu&rsquo;ils rencontreront au cours de leurs voyages : familles, \u00e9glises et communaut\u00e9s.<\/li>\n<li>La s\u00e9curit\u00e9 pendant leurs d\u00e9placements, tant sur la route que dans les airs, ainsi que la sant\u00e9 et la gr\u00e2ce n\u00e9cessaires pour servir fid\u00e8lement.<\/li>\n<li>La lib\u00e9ration du pasteur Son de prison en Cor\u00e9e. Son proc\u00e8s a eu lieu le 28 octobre et sa lib\u00e9ration sous caution a \u00e9t\u00e9 prononc\u00e9e le 31 octobre. Il reste ferme dans sa d\u00e9fense de la v\u00e9rit\u00e9 biblique contre le programme homosexuel qui cherche \u00e0 corrompre la nation.<\/li>\n<\/ul>\n<p>&nbsp;<\/p>\n<hr \/>\n<p>&nbsp;<\/p>\n<div class=\"host-bincmiainjofjnhchmcalkanjebghoen\" style=\"position: relative; z-index: 2147483647;\"><\/div>\n<div class=\"host-bincmiainjofjnhchmcalkanjebghoen\" style=\"position: relative; z-index: 2147483647;\"><\/div>\n<div class=\"host-bincmiainjofjnhchmcalkanjebghoen\" style=\"position: relative; z-index: 2147483647;\"><\/div>\n<h2><strong>Pri\u00e8res de l\u2019UMA &#8211; Octobre 2025<\/strong><\/h2>\n<p>&nbsp;<\/p>\n<p><strong>29 octobre 2025<\/strong><\/p>\n<p><strong>R\u00c9GION CLA (AM\u00c9RIQUE LATINE) DE L\u2019UMA<\/strong><\/p>\n<p><strong>CHILI<br \/>\n<\/strong>Louez Dieu pour :<\/p>\n<ul>\n<li>Le S\u00e9minaire Th\u00e9ologique, qui continue \u00e0 pr\u00e9parer la prochaine g\u00e9n\u00e9ration de dirigeants gr\u00e2ce \u00e0 divers programmes de formation.<\/li>\n<li>Le Conseil Ex\u00e9cutif National nouvellement \u00e9lu pour le mandat 2026-2028, qui sera dirig\u00e9 par le pasteur Miguel \u00c1ngel Rivera Rodr\u00edguez \u00e0 partir de mars 2026.<\/li>\n<li>Le 100e anniversaire du Minist\u00e8re National de la Jeunesse, qui c\u00e9l\u00e8bre un si\u00e8cle d&rsquo;influence et rend hommage aux anciens dirigeants pour leur service fid\u00e8le.<\/li>\n<\/ul>\n<p>Veuillez prier pour :<\/p>\n<ul>\n<li>Le minist\u00e8re de l&rsquo;\u00e9glise aupr\u00e8s des enfants vuln\u00e9rables et sa sensibilisation \u00e9ducative dans les communaut\u00e9s autochtones.<\/li>\n<li>L&rsquo;\u00e9lection pr\u00e9sidentielle au Chili en novembre. Priez que Dieu suscite des dirigeants qui le craignent et dirigent avec int\u00e9grit\u00e9.<\/li>\n<li>Les conventions r\u00e9gionales qui se d\u00e9roulent dans toute l&rsquo;\u00c9glise nationale.<\/li>\n<\/ul>\n<p><strong>COLOMBIE<br \/>\n<\/strong>Veuillez prier pour :<\/p>\n<ul>\n<li>Le renforcement de l&rsquo;\u00c9quipe Nationale des Missions et de nouvelles opportunit\u00e9s de marcher ensemble dans l&rsquo;ob\u00e9issance \u00e0 l&rsquo;appel de Dieu d\u2019aller faire de toutes les nations des disciples.<\/li>\n<li>Le Minist\u00e8re National pour les Enfants, <em>Peque\u00f1os Aliancistas,<\/em> et la mise en place de la nouvelle politique de protection de l&rsquo;enfance et de l&rsquo;adolescence. Priez pour la gr\u00e2ce et la sagesse n\u00e9cessaires \u00e0 sa bonne mise en \u0153uvre dans chaque r\u00e9gion.<\/li>\n<li>Les Femmes de l&rsquo;Alliance, que Dieu leur donne la sagesse dans leurs relations familiales et les utilise comme instruments de paix, de restauration et d&rsquo;encouragement.<\/li>\n<\/ul>\n<p><strong>\u00c9QUATEUR<br \/>\n<\/strong>Veuillez prier pour :<\/p>\n<ul>\n<li>Les pasteurs, leurs familles et les nouvelles \u00e9glises qui s&rsquo;implantent. Priez que le Seigneur les fortifie, les remplisse de son Esprit et apporte des fruits et une croissance durables au minist\u00e8re qu&rsquo;il leur a confi\u00e9.<\/li>\n<li>La situation nationale au milieu de la gr\u00e8ve indig\u00e8ne. Priez que Dieu apporte la paix, ouvre la voie au dialogue et \u00e9tablisse la justice. Puisse sa souverainet\u00e9 briller \u00e0 travers la crise, apportant espoir et direction au peuple \u00e9quatorien.<\/li>\n<li>S\u00e9curit\u00e9 et protection dans les villes et les communaut\u00e9s de l&rsquo;\u00c9quateur. Priez pour la s\u00e9curit\u00e9 des familles, la fin de la violence et pour que Dieu \u00e9l\u00e8ve son \u00c9glise comme un phare de lumi\u00e8re, de r\u00e9confort et d&rsquo;espoir en ces temps incertains.<\/li>\n<\/ul>\n<p><strong>CUBA<br \/>\n<\/strong>Veuillez prier pour :<\/p>\n<ul>\n<li>La gu\u00e9rison pour les familles pastorales et le peuple cubain, alors que les virus continuent de se propager et que les m\u00e9dicaments restent rares.<\/li>\n<li>Les cours du s\u00e9minaire pr\u00e9vus pour novembre, afin qu&rsquo;ils puissent avoir lieu malgr\u00e9 la situation sanitaire difficile.<\/li>\n<li>Le Centre de Formation Missionnaire (CFM), qui accueille 30 nouveaux \u00e9tudiants se pr\u00e9parant \u00e0 de futures implantations d&rsquo;\u00e9glises nationales.<\/li>\n<\/ul>\n<p><strong>ARGENTINE<br \/>\n<\/strong>Veuillez prier pour :<\/p>\n<ul>\n<li>L&rsquo;Assembl\u00e9e Nationale le 1er novembre et l&rsquo;\u00e9lection d&rsquo;un nouveau pr\u00e9sident de l&rsquo;\u00e9glise nationale.<\/li>\n<li>La Conf\u00e9rence Nationale des Missions, le 15 novembre.<\/li>\n<li>La confirmation ou la nomination de nouveaux directeurs de d\u00e9partement nationaux.<\/li>\n<li>Le soutien spirituel et financier de nos familles missionnaires interculturelles qui servent en Italie, en Hongrie, en Croatie, au Royaume-Uni, en Asie centrale et en Espagne.<\/li>\n<\/ul>\n<p><strong>GUATEMALA<br \/>\n<\/strong>Veuillez prier pour :<\/p>\n<ul>\n<li>La b\u00e9n\u00e9diction de Dieu sur la planification et la logistique du Jour de l&rsquo;Alliance le 9 novembre, que tout se passe bien et lui rende gloire.<\/li>\n<li>Le lancement de l&rsquo;initiative de nouvelles missions au Belize, le premier voyage \u00e9tant pr\u00e9vu pour la premi\u00e8re semaine de d\u00e9cembre.<\/li>\n<li>La construction de nouvelles \u00e9glises dans les \u00c9tats de Sacatep\u00e9quez et de Chimaltenango.<\/li>\n<\/ul>\n<p><strong>BOLIVIE<br \/>\n<\/strong>Veuillez prier pour :<\/p>\n<ul>\n<li>La gr\u00e2ce et la sagesse de Dieu dans la mise en \u0153uvre de la nouvelle strat\u00e9gie de croissance organique pour l&rsquo;implantation de nouvelles \u00e9glises dans tout le pays.<\/li>\n<li>La direction de Dieu pour ceux qui dirigent le nouveau programme de formation des missionnaires interculturels au sein de l&rsquo;Alliance de Bolivie.<\/li>\n<li>Pasteurs et dirigeants au sein de l&rsquo;Alliance Bolivienne, afin qu&rsquo;ils puissent servir ensemble dans l&rsquo;humilit\u00e9 et l&rsquo;unit\u00e9 pour accomplir la Grande Commission.<\/li>\n<\/ul>\n<p><strong>COSTA RICA<br \/>\n<\/strong>Veuillez prier pour :<\/p>\n<ul>\n<li>Que Dieu \u00e9quipe et guide les pasteurs nouvellement nomm\u00e9s et ceux qui sont actuellement en cours d&rsquo;accr\u00e9ditation.<\/li>\n<li>La formation et la pr\u00e9paration de nouveaux ouvriers au minist\u00e8re.<\/li>\n<li>La croissance de l&rsquo;\u00e9glise gr\u00e2ce \u00e0 des efforts d&rsquo;\u00e9vang\u00e9lisation efficaces.<\/li>\n<li>Les programmes de d\u00e9veloppement du leadership mis en \u0153uvre dans les \u00e9glises locales.<\/li>\n<li>La sant\u00e9 financi\u00e8re et la durabilit\u00e9 dans toutes les congr\u00e9gations.<\/li>\n<\/ul>\n<p><strong>HA\u00cfTI<br \/>\n<\/strong>Louez Dieu pour :<\/p>\n<ul>\n<li>Le troisi\u00e8me anniversaire du minist\u00e8re des visites dans les prisons. Dieu a \u00e9t\u00e9 fid\u00e8le en fournissant ce qui \u00e9tait n\u00e9cessaire pour atteindre ceux qui aspiraient \u00e0 conna\u00eetre son amour.<\/li>\n<\/ul>\n<p>Veuillez prier pour :<\/p>\n<ul>\n<li>La provision pour les \u00e9glises qui manquent encore de mat\u00e9riel de sonorisation et de si\u00e8ges.<\/li>\n<li>Les pasteurs qui se rendent chaque semaine dans des villes \u00e9loign\u00e9es pour partager l&rsquo;\u00e9vangile et former de nouveaux dirigeants. Que le Seigneur renouvelle leur force et pourvoie \u00e0 leurs besoins.<\/li>\n<\/ul>\n<hr \/>\n<p><strong>1er Octobre 2025<\/strong><\/p>\n<p><strong>1) R\u00c9GION AM\u00c9RIQUE DU NORD DE L\u2019UMA<\/strong><\/p>\n<p><strong>CANADA<br \/>\n<\/strong>Louez Dieu pour :<\/p>\n<ul>\n<li>La puissance avec laquelle il a \u0153uvr\u00e9 \u00e0 travers Alpha Youth, les camps d\u2019\u00e9vang\u00e9lisation et d\u2019autres \u00e9v\u00e9nements estivaux. De nombreuses vies ont \u00e9t\u00e9 touch\u00e9es, et nous sommes reconnaissants pour chaque moment de connexion, de croissance et de transformation. Priez pour que les graines sem\u00e9es portent des fruits durables, que les c\u0153urs touch\u00e9s continuent de cro\u00eetre dans la foi et que chaque personne se sente soutenue dans son cheminement. Priez pour les familles qui s\u2019engagent dans ces minist\u00e8res, afin qu\u2019elles exp\u00e9rimentent l\u2019amour de Dieu et soient attir\u00e9es dans une relation plus profonde avec lui.<\/li>\n<\/ul>\n<p>Veuillez prier pour :<\/p>\n<ul>\n<li>Les collectivit\u00e9s rurales du Canada. Les communaut\u00e9s qui sont n\u00e9glig\u00e9es, qui manquent de ressources et qui sont isol\u00e9es. Certaines de ces communaut\u00e9s ont peu ou pas de pr\u00e9sence eccl\u00e9siale. D\u2019autres ont des \u00e9glises fid\u00e8les et engag\u00e9es qui sont en train d\u2019explorer des moyens nouveaux ou cr\u00e9atifs de continuer \u00e0 s\u2019engager aupr\u00e8s de leurs communaut\u00e9s et \u00e0 partager l\u2019\u00e9vangile.<\/li>\n<li>La poursuite du travail de r\u00e9conciliation avec les peuples autochtones du Canada. En septembre, le Canada souligne la Journ\u00e9e Nationale de la V\u00e9rit\u00e9 et de la R\u00e9conciliation. Puisse l\u2019Esprit de Dieu agir dans le c\u0153ur de tous les Canadiens pour continuer \u00e0 rechercher une meilleure relation avec nos fr\u00e8res et s\u0153urs autochtones. Priez aussi pour un mouvement de collaboration nationale entre les \u00e9glises qui sont d\u00e9j\u00e0 engag\u00e9es dans l\u2019\u0153uvre de r\u00e9conciliation.<\/li>\n<li>Que Dieu nous aide \u00e0 cultiver un environnement favorable et rempli de gr\u00e2ce qui refl\u00e8te vraiment le c\u0153ur de Christ. Notre \u00e9quipe de direction aborde cette p\u00e9riode de r\u00e9flexion et de croissance avec humilit\u00e9, curiosit\u00e9 et un profond d\u00e9sir d\u2019apprendre ce que le Seigneur veut r\u00e9v\u00e9ler.<\/li>\n<\/ul>\n<p><strong>\u00c9TATS-UNIS<br \/>\n<\/strong>Veuillez prier pour :<\/p>\n<ul>\n<li>La protection spirituelle et physique pour nos Ouvriers Internationaux qui servent dans des lieux difficiles d\u2019acc\u00e8s ou dans des r\u00e9gions en proie \u00e0 des conflits arm\u00e9s. Priez pour les millions de personnes d\u00e9plac\u00e9es dans certaines r\u00e9gions et demandez \u00e0 Dieu de fortifier nos ouvriers qui prennent soin de ceux qui sont en situation de crise. Priez pour que Dieu pourvoie aux besoins urgents et ouvre des portes afin de partager l\u2019esp\u00e9rance de l\u2019\u00e9vangile avec ceux qui souffrent.<\/li>\n<li>Les Ouvriers Internationaux qui sont en cong\u00e9 aux \u00c9tats-Unis pour une saison. Certains d\u2019entre eux sont aux \u00c9tats-Unis pour une ann\u00e9e enti\u00e8re, d\u2019autres pour quelques mois. Tous passent beaucoup de temps \u00e0 partager ce que le Seigneur fait dans les pays o\u00f9 ils servent. Priez pour que le Seigneur leur accorde des moments de repos et de paix au milieu de leurs emplois du temps charg\u00e9s. Demandez au Seigneur de renforcer leurs relations avec les communaut\u00e9s qu\u2019ils servent, m\u00eame pendant leur absence.<\/li>\n<\/ul>\n<p>&nbsp;<\/p>\n<p><strong>2) R\u00c9GION APAC (ASIE-PACIFIQUE) DE L\u2019UMA<\/strong><\/p>\n<p><strong>MONGOLIE<br \/>\n<\/strong>Veuillez prier pour :<\/p>\n<ul>\n<li>Les nouveaux \u00e9l\u00e8ves de l\u2019\u00e9cole biblique qui ont commenc\u00e9 leurs \u00e9tudes en septembre, afin qu\u2019ils soient remplis de passion pour la Parole de Dieu et son appel.<\/li>\n<li>Les dirigeants de l\u2019\u00c9glise de l\u2019Alliance Mongole (MAC), qu\u2019ils servent ensemble dans l\u2019unit\u00e9 comme une seule \u00e9quipe pour l\u2019\u00e9vangile.<\/li>\n<li>Les croyants dans les congr\u00e9gations locales de la MAC, qu\u2019ils grandiraient dans la foi et partagent l\u2019\u00e9vangile avec audace \u00e0 travers la Mongolie.<\/li>\n<li>Gantumur, le coordinateur de La Joie du R\u00e9tablissement, alors qu\u2019il commence son minist\u00e8re en octobre. Priez pour que Dieu fournisse le soutien financier n\u00e9cessaire \u00e0 cette \u0153uvre.<\/li>\n<\/ul>\n<p><strong>TAIWAN<br \/>\n<\/strong>Veuillez prier pour :<\/p>\n<ul>\n<li>L\u2019\u00e9glise Fengsheng \u00e0 Taoyuan et l\u2019\u00e9glise Sihu \u00e0 Yunlin, toutes deux ont un besoin urgent d\u2019acheter des b\u00e2timents pour leurs \u00e9glises.<\/li>\n<\/ul>\n<p>&nbsp;<\/p>\n<hr \/>\n<p>&nbsp;<\/p>\n<div class=\"host-bincmiainjofjnhchmcalkanjebghoen\" style=\"position: relative; z-index: 2147483647;\"><\/div>\n<h2><strong>Pri\u00e8res de l\u2019UMA \u2013 Septembre 2025<\/strong><\/h2>\n<p>&nbsp;<\/p>\n<p><strong>24 septembre 2025<\/strong><\/p>\n<p><strong>R\u00c9GION CLA (AM\u00c9RIQUE LATINE) DE L\u2019UMA<\/strong><\/p>\n<p><strong>COLOMBIE<br \/>\n<\/strong>Veuillez prier pour :<\/p>\n<ul>\n<li>Le pasteur Eduvan Yandi, de la congr\u00e9gation de Valle Nuevo. Apr\u00e8s un accident \u00e0 cheval dans sa ferme, il a perdu l\u2019usage de ses membres sup\u00e9rieurs et inf\u00e9rieurs. Priez pour que Dieu lui accorde sa gu\u00e9rison et sa force, ainsi qu\u2019\u00e0 sa famille.<\/li>\n<li>Le d\u00e9fi lanc\u00e9 lors de la Convention de l\u2019Alliance 2025, \u00e0 savoir \u00ab Faites-le \u00bb, qu\u2019il devienne une r\u00e9alit\u00e9 dans le minist\u00e8re de chaque \u00e9glise. Priez \u00e9galement pour la nouvelle g\u00e9n\u00e9ration de pasteurs, afin qu\u2019ils soient audacieux dans leur service, fortifi\u00e9s par la guidance, la protection et la provision de Dieu pour eux et leurs familles.<\/li>\n<li>Les \u00e9v\u00e9nements de l\u2019Alliance pendant le reste de l\u2019ann\u00e9e :\n<ul>\n<li>Congr\u00e8s des Hommes \u00ab Positionnez-vous 2025 : Triomphant \u00bb.<\/li>\n<li>Congr\u00e8s National des Missions \u00ab Actes 2025 : Unanimes \u00bb.<\/li>\n<li>Camp national pour des \u00e9glises revitalis\u00e9es et connect\u00e9es.<\/li>\n<li>\u00c9v\u00e9nement des jeunes leaders de l\u2019Alliance.<\/li>\n<\/ul>\n<\/li>\n<\/ul>\n<p><strong>BR\u00c9SIL<br \/>\n<\/strong>Louez Dieu pour :<\/p>\n<ul>\n<li>Les progr\u00e8s r\u00e9alis\u00e9s au S\u00e9minaire Th\u00e9ologique A. W. Tozer, avec 28 \u00e9tudiants en ligne et les quatre dipl\u00f4m\u00e9s de l\u2019ann\u00e9e derni\u00e8re qui servent activement dans leurs \u00e9glises.<\/li>\n<li>Le nouvel accent mis sur les missions par les \u00e9glises : la vision, le nouvel engagement envers Promesse de Foi et la participation enthousiaste \u00e0 la Journ\u00e9e des Vocations.<\/li>\n<li>Le d\u00e9vouement des ouvriers appel\u00e9s et le lancement de nouveaux projets missionnaires nationaux et interculturels.<\/li>\n<\/ul>\n<p>Veuillez prier pour :<\/p>\n<ul>\n<li>La conf\u00e9rence des jeunes du 18 octobre, sur le th\u00e8me \u00ab Appel\u00e9s \u00e0 porter du fruit \u00bb. Demandez \u00e0 Dieu de continuer \u00e0 appeler et \u00e0 \u00e9quiper les jeunes pour l\u2019avenir de son \u00e9glise.<\/li>\n<li>Les membres de l\u2019\u00e9glise, afin qu\u2019ils vivent comme le sel et la lumi\u00e8re partout o\u00f9 Dieu les place, apportant l\u2019\u00e9vangile de J\u00e9sus dans tous les coins de leurs communaut\u00e9s.<\/li>\n<li>Le premier symposium national, \u00ab Le Sauveur et le Roi qui vient : Retrouver la vision compl\u00e8te de l\u2019\u00c9vangile Quadruple \u00bb (25 octobre). Il vise \u00e0 rassembler les \u00e9glises et les partenaires pour c\u00e9l\u00e9brer l\u2019identit\u00e9 de l\u2019Alliance et engager chaque pasteur et chaque membre d\u2019\u00e9glise \u00e0 accomplir la Grande Commission. Priez pour les orateurs Marty et Gloria Banzhaf, qui servent comme missionnaires \u00e0 Milan, en Italie.<\/li>\n<li>La famille missionnaire Lima et l\u2019\u00e9glise de l\u2019Alliance \u00e0 Paredes, au Portugal. Priez pour la croissance, les nouveaux croyants et le succ\u00e8s du partenariat visant \u00e0 implanter une nouvelle \u00e9glise \u00e0 Porto.<\/li>\n<\/ul>\n<p><strong>VENEZUELA<br \/>\n<\/strong>Veuillez prier pour :<\/p>\n<ul>\n<li>Evelyn de Gil, \u00e9pouse du pr\u00e9sident de la CMA, Natanael Gil, qui doit subir une nouvelle op\u00e9ration \u00e0 la jambe afin de pouvoir marcher sans douleur. Priez Dieu de guider l\u2019intervention et de donner de la force au pasteur Natanael qui g\u00e8re le processus m\u00e9dical.<\/li>\n<li>Renouvellement du soutien \u00e0 la Fondation pour la famille (FUNDALFA) afin qu\u2019elle puisse continuer \u00e0 fournir de la nourriture et des m\u00e9dicaments \u00e0 la communaut\u00e9 valencienne.<\/li>\n<li>Que les \u00e9glises de l\u2019Alliance restent fid\u00e8les \u00e0 leur vocation d\u2019\u00e9vang\u00e9lisation, et que chaque jour de nouveaux croyants rejoignent cette mission.<\/li>\n<\/ul>\n<p><strong>R\u00c9PUBLIQUE DOMINICAINE<br \/>\n<\/strong>Veuillez prier pour :<\/p>\n<ul>\n<li>Le besoin urgent de quatre pasteurs dans les r\u00e9gions de Valverde Mao, Las Matas de Farf\u00e1n, Dajab\u00f3n et Puerto Plata.<\/li>\n<li>Que Dieu fournisse toutes les ressources n\u00e9cessaires pour achever le camp et plusieurs b\u00e2timents d\u2019\u00e9glise en cours de construction.<\/li>\n<li>Que Dieu guide et b\u00e9nisse chaque membre du comit\u00e9 national de revitalisation et d\u2019implantation des \u00e9glises.<\/li>\n<li>L\u2019Assembl\u00e9e Nationale dominicaine de la CMA en janvier 2026, lors de laquelle un nouveau pr\u00e9sident sera \u00e9lu. Demandons \u00e0 Dieu de guider le choix du nouveau conseil d\u2019administration national.<\/li>\n<\/ul>\n<p><strong>CUBA<br \/>\n<\/strong>Veuillez prier pour :<\/p>\n<ul>\n<li>L\u2019\u00e9v\u00e9nement d\u2019\u00e9vang\u00e9lisation qui se tiendra du 23 au 26 septembre avec des pasteurs et des missionnaires venus de tout le pays.<\/li>\n<li>Trois nouvelles congr\u00e9gations qui se pr\u00e9parent \u00e0 \u00eatre reconnues comme \u00e9glises.<\/li>\n<li>L\u2019\u00e9quipe charg\u00e9e de r\u00e9viser le r\u00e8glement interne de la CMA cubaine. L\u2019\u00e9quipe a pr\u00e9sent\u00e9 ses propositions de mise \u00e0 jour aux pasteurs le 23 septembre.<\/li>\n<li>La situation difficile dans notre pays, marqu\u00e9e par la violence, les p\u00e9nuries mat\u00e9rielles et les coupures de courant fr\u00e9quentes.<\/li>\n<\/ul>\n<p><strong>HA\u00cfTI<br \/>\n<\/strong>Louez Dieu pour :<\/p>\n<ul>\n<li>Les nouveaux croyants qui ont r\u00e9cemment trouv\u00e9 la foi. Priez pour qu\u2019ils cherchent quotidiennement le Seigneur et grandissent dans leur marche avec lui.<\/li>\n<\/ul>\n<p>Veuillez prier pour :<\/p>\n<ul>\n<li>Les familles pastorales, en demandant \u00e0 Dieu de renouveler leurs forces, de leur accorder la sagesse et de faire d\u2019elles des instruments efficaces entre ses mains.<\/li>\n<li>L\u2019\u00e9cole Alliance \u00e0 Ouanaminthe a besoin de bancs pour la rentr\u00e9e scolaire. Priez pour que Dieu pourvoie \u00e0 la r\u00e9alisation de ce projet.<\/li>\n<li>Les \u00e9glises CMA en construction, afin qu\u2019elles re\u00e7oivent les ressources n\u00e9cessaires pour achever leurs b\u00e2timents, malgr\u00e9 la crise \u00e9conomique.<\/li>\n<\/ul>\n<p><strong>BOLIVIE<br \/>\n<\/strong>Veuillez prier pour :<\/p>\n<ul>\n<li>La gr\u00e2ce et la sagesse de Dieu pour mettre en \u0153uvre la nouvelle strat\u00e9gie de croissance organique pour l\u2019implantation d\u2019\u00e9glises en Bolivie.<\/li>\n<li>Sagesse pour ceux qui sont responsables de la pr\u00e9paration et de la formation de nouveaux missionnaires interculturels \u00e0 travers l\u2019Alliance bolivienne.<\/li>\n<\/ul>\n<p><strong>PANAMA<br \/>\n<\/strong>Veuillez prier pour :<\/p>\n<ul>\n<li>La planification 2026 faite par les \u00e9glises de l\u2019Alliance Fuente de Agua Viva, Obarrio, Chitr\u00e9, Cerro Viento et Brisas del Golf. Priez pour qu\u2019elles soient guid\u00e9es par le Seigneur afin que leurs plans le glorifient et fortifient l\u2019\u00e9glise.<\/li>\n<li>La croissance et la multiplication de petits groupes. Demandez \u00e0 Dieu d\u2019ouvrir plus de foyers pour ces rassemblements et de susciter de nouveaux dirigeants.<\/li>\n<\/ul>\n<hr \/>\n<p><strong>17 septembre 2025<\/strong><\/p>\n<p><strong>R\u00c9GION AFRIQUE DE L\u2019UMA<\/strong><\/p>\n<p><strong>C\u00d4TE D\u2019IVOIRE<br \/>\n<\/strong>Louez Dieu pour :<\/p>\n<ul>\n<li>L\u2019excellente participation et l\u2019organisation sans heurts des camps nationaux organis\u00e9s par les Mouvements et Associations de l\u2019\u00c9glise (femmes, jeunes, enfants et personnes handicap\u00e9es).<\/li>\n<li>Le succ\u00e8s du s\u00e9minaire national des enseignants de l\u2019\u00e9cole du dimanche \u00e0 Yamoussoukro (10-17 ao\u00fbt), o\u00f9 le projet \u00ab Vision 2040 \u00bb a \u00e9t\u00e9 lanc\u00e9 pour atteindre les g\u00e9n\u00e9rations futures.<\/li>\n<\/ul>\n<p>Veuillez prier pour :<\/p>\n<ul>\n<li>Le succ\u00e8s de la mission confi\u00e9e au comit\u00e9 d\u2019organisation de la Convocation Quadriennale (8-12 octobre) \u00e0 Yamoussoukro.<\/li>\n<li>Un voyage s\u00fbr et sans incident pour toutes les d\u00e9l\u00e9gations des pays membres de l\u2019UMA se rendant en C\u00f4te d\u2019Ivoire.<\/li>\n<li>Que les orateurs de la Convocation Quadriennale soient pleinement guid\u00e9s par le Saint-Esprit et que le Seigneur exerce son minist\u00e8re avec puissance sur chaque participant \u00e0 travers sa Parole.<\/li>\n<li>Une paix sociopolitique durable en C\u00f4te d\u2019Ivoire \u00e0 l\u2019approche des \u00e9lections pr\u00e9sidentielles.<\/li>\n<\/ul>\n<p><strong>GABON<br \/>\n<\/strong>Veuillez prier pour :<\/p>\n<ul>\n<li>Que Dieu pourvoie des ouvriers et des ressources financi\u00e8res pour la mission au Togo : d\u00e9veloppement du champ missionnaire dans diverses r\u00e9gions, achat d\u2019un terrain \u00e0 Lom\u00e9 pour la construction d\u2019une \u00e9glise et d\u2019une r\u00e9sidence de pasteur, et ach\u00e8vement de la construction de l\u2019\u00e9glise \u00e0 Vogan.<\/li>\n<li>Le travail de traduction de la Bible au Gabon : une bonne sant\u00e9 pour toutes les personnes impliqu\u00e9es ; la poursuite du projet SAMBA 2 (traduction orale du Nouveau Testament dans 16 langues locales) ; le projet OGOOU\u00c9 3 (traduction orale et \u00e9crite du Nouveau Testament dans quatre langues locales) ; le lancement de nouvelles initiatives de traduction ; la distribution des \u00c9critures traduites (audio et \u00e9crites) ; le lancement d\u2019un projet d\u2019alphab\u00e9tisation dans la langue maternelle ; et de nouveaux efforts pour servir les sourds et les malentendants.<\/li>\n<\/ul>\n<p><strong>R\u00c9PUBLIQUE D\u00c9MOCRATIQUE DU CONGO (RDC)<br \/>\n<\/strong>Louez Dieu pour :<\/p>\n<ul>\n<li>L\u2019ach\u00e8vement r\u00e9ussi des Assembl\u00e9es G\u00e9n\u00e9rales de District dans les \u00c9glises CMA en RDC \u00e0 la fin du mois d\u2019ao\u00fbt, et l\u2019installation des serviteurs dans leurs nouveaux r\u00f4les.<\/li>\n<li>Le d\u00e9vouement et l\u2019esprit de sacrifice des ouvriers congolais au service de la Guin\u00e9e dans l\u2019accomplissement de leur mission.<\/li>\n<\/ul>\n<p>Veuillez prier pour :<\/p>\n<ul>\n<li>Le stage d\u2019ouvriers nationaux et internationaux dans des \u00e9glises locales et \u00e9trang\u00e8res au cours du dernier trimestre de 2025, ainsi que le processus d\u2019ordination de certains d\u2019entre eux.<\/li>\n<li>Les pr\u00e9paratifs pour la c\u00e9l\u00e9bration du 50e anniversaire de l\u2019UMA (19 octobre) \u00e0 Kinshasa, et pour la d\u00e9l\u00e9gation de la RDC participant \u00e0 la Convocation Quadriennale \u00e0 Yamoussoukro, en C\u00f4te d\u2019Ivoire.<\/li>\n<li>Sagesse et provision pour leurs besoins alors que le d\u00e9partement des missions nationales pr\u00e9pare le budget de cette ann\u00e9e. Le minist\u00e8re fait face \u00e0 de nombreux d\u00e9fis dans le d\u00e9ploiement d\u2019ouvriers dans divers domaines.<\/li>\n<li>Une paix durable dans toute la RDC et la stabilit\u00e9 dans les r\u00e9gions o\u00f9 les \u00e9glises sont confront\u00e9es \u00e0 des difficult\u00e9s.<\/li>\n<\/ul>\n<p><strong>ANGOLA<br \/>\n<\/strong>Louez Dieu pour :<\/p>\n<ul>\n<li>L\u2019esprit d\u2019unit\u00e9 qui a marqu\u00e9 la r\u00e9union du Comit\u00e9 Ex\u00e9cutif (14-17 ao\u00fbt).<\/li>\n<\/ul>\n<p>Veuillez prier pour :<\/p>\n<ul>\n<li>La sagesse et la force de mettre en \u0153uvre les d\u00e9cisions et de guider les ouvriers transf\u00e9r\u00e9s vers de nouvelles \u00e9glises ou de nouveaux lieux.<\/li>\n<li>L\u2019intervention de Dieu dans l\u2019achat d\u2019un terrain \u00e0 Luanda, la capitale du pays, pour un futur si\u00e8ge national.<\/li>\n<li>Les moyens d\u2019achever la construction de l\u2019\u00e9glise de Cacongo, avec le soutien de l\u2019ICM (Minist\u00e8res de Coop\u00e9ration Internationale).<\/li>\n<li>Le maintien de la paix et de la stabilit\u00e9 en Angola et que les chefs religieux restent libres de toute influence politique.<\/li>\n<\/ul>\n<p><strong>MALI<br \/>\n<\/strong>Louez Dieu pour :<\/p>\n<ul>\n<li>Le succ\u00e8s de la Conf\u00e9rence R\u00e9gionale de l\u2019Union Panafricaine des Femmes de l\u2019Alliance Chr\u00e9tienne (UPFAC) \u00e0 Bamako (du 18 au 25 ao\u00fbt), o\u00f9 nous avons fait l\u2019exp\u00e9rience de la protection et de la b\u00e9n\u00e9diction de Dieu.<\/li>\n<\/ul>\n<p>Veuillez prier pour :<\/p>\n<ul>\n<li>La protection des \u00e9glises et des serviteurs de Dieu contre les attaques terroristes.<\/li>\n<li>Les pasteurs qui ont \u00e9t\u00e9 contraints de quitter leurs congr\u00e9gations pour pouvoir y revenir bient\u00f4t.<\/li>\n<li>Le bon d\u00e9roulement des camps de jeunes qui se tiendront dans plusieurs districts de la CMA.<\/li>\n<li>Des pr\u00e9cipitations abondantes pendant cette saison agricole.<\/li>\n<\/ul>\n<p><strong>R\u00c9PUBLIQUE DU CONGO (CONGO-BRAZZAVILLE)<br \/>\n<\/strong>Veuillez prier pour :<\/p>\n<ul>\n<li>Le bon d\u00e9roulement de l\u2019Assembl\u00e9e G\u00e9n\u00e9rale (15-21 septembre), en particulier la session \u00e9lective.<\/li>\n<li>La bonne sant\u00e9 pour les serviteurs de Dieu et leurs conjointes, surtout pendant la saison s\u00e8che o\u00f9 les maladies sont fr\u00e9quentes.<\/li>\n<li>H\u00e9l\u00e8ne, l\u2019\u00e9pouse du pr\u00e9sident de la CMA, qui souffre d\u2019arthrite.<\/li>\n<li>Paix et stabilit\u00e9 dans le pays, qui continue de faire face \u00e0 l\u2019ins\u00e9curit\u00e9 et au banditisme g\u00e9n\u00e9ralis\u00e9.<\/li>\n<\/ul>\n<p><strong>LIB\u00c9RIA<br \/>\n<\/strong>Louez Dieu pour :<\/p>\n<ul>\n<li>Le succ\u00e8s des 21 jours de je\u00fbne et de pri\u00e8re organis\u00e9s par la CMA Liberia (du 1er au 21 septembre).<\/li>\n<li>Le retour en toute s\u00e9curit\u00e9 de la d\u00e9l\u00e9gation de la CMA Liberia de la Conf\u00e9rence R\u00e9gionale de l\u2019Union Panafricaine des Femmes de l\u2019Alliance Chr\u00e9tienne \u00e0 Bamako, au Mali (18-25 ao\u00fbt).<\/li>\n<\/ul>\n<p>Veuillez prier pour :<\/p>\n<ul>\n<li>Le bon voyage du r\u00e9v\u00e9rend Roosevelt Zarwulugbo Liberty Sr., pr\u00e9sident de la CMA Liberia, pour assister \u00e0 la Convocation Quadriennale de l\u2019UMA \u00e0 Yamoussoukro, en C\u00f4te d\u2019Ivoire.<\/li>\n<li>La pr\u00e9paration de la Convention Annuelle de la CMA Liberia (30 novembre-7 d\u00e9cembre), dans le comt\u00e9 de Lower Nimba.<\/li>\n<\/ul>\n<hr \/>\n<p><strong>10 septembre 2025<\/strong><\/p>\n<p><strong>R\u00c9GION EMERALD (EUROPE ET MOYEN-ORIENT) DE L\u2019UMA<\/strong><\/p>\n<p><strong>ESPAGNE<br \/>\n<\/strong>Louez Dieu pour :<\/p>\n<ul>\n<li>L\u2019opportunit\u00e9 et les ressources n\u00e9cessaires pour acheter un b\u00e2timent pour l\u2019\u00e9glise Alliance \u00e0 Sama, dans les Asturies. Ces nouveaux locaux permettront \u00e0 la congr\u00e9gation de tripler sa capacit\u00e9 actuelle.<\/li>\n<\/ul>\n<p>Veuillez prier pour :<\/p>\n<ul>\n<li>Les personnes touch\u00e9es par plus de 40 incendies de for\u00eat dans le sud-ouest et le nord-ouest de la p\u00e9ninsule ib\u00e9rique. Demandez \u00e0 Dieu de r\u00e9conforter ceux qui ont perdu leurs biens et d\u2019inspirer ses disciples dans ces provinces \u00e0 faire preuve de solidarit\u00e9 et de g\u00e9n\u00e9rosit\u00e9.<\/li>\n<li>Les ressources n\u00e9cessaires pour d\u00e9velopper le nouveau b\u00e2timent de l\u2019\u00c9cole Internationale LIFE, que Dieu a si gracieusement fourni.<\/li>\n<\/ul>\n<p><strong>ALLEMAGNE<br \/>\n<\/strong>Veuillez prier pour :<\/p>\n<ul>\n<li>La nouvelle \u00c9glise de l\u2019Alliance Chr\u00e9tienne et Missionnaire Internationale \u00e0 D\u00fcsseldorf. Priez pour l\u2019\u00e9quipe dirigeante et le travail encourageant parmi les jeunes Chinois de deuxi\u00e8me g\u00e9n\u00e9ration.<\/li>\n<li>Jamieson et Ana Woerner, qui vont commencer \u00e0 implanter une nouvelle cellule \u00e0 Heidelberg le mois prochain. Priez pour qu\u2019ils trouvent un logement convenable et la force n\u00e9cessaire pour relever les d\u00e9fis de ce minist\u00e8re.<\/li>\n<li>L\u2019\u00c9glise de l\u2019Alliance Espagnole de Berlin (<em>Iglesia Vida Abundante<\/em>), qui a besoin d\u2019un espace de r\u00e9union plus grand. Priez aussi pour la vision et le d\u00e9veloppement d\u2019une \u00e9glise v\u00e9ritablement internationale \u00e0 Berlin.<\/li>\n<li>Les trois minist\u00e8res arabophones \u00e0 Berlin. Louez Dieu pour le bapt\u00eame r\u00e9cent de cinq nouveaux croyants. Priez pour leur croissance continue et qu\u2019ils deviennent des disciples de Christ.<\/li>\n<li>L\u2019\u00e9quipe de direction de la CMA Allemagne (MAKD) qui se r\u00e9unira \u00e0 Berlin en septembre pour pr\u00e9parer le premier s\u00e9minaire en langue arabe sur la Rencontre du Mariage, pr\u00e9vu pour 2026.<\/li>\n<\/ul>\n<p><strong>FORMATION DE L\u2019ALLIANCE &#8211; INFORMA (INSTITUT DE FORMATION MINISTERIELLE DE L\u2019ALLIANCE)<br \/>\n<\/strong>Veuillez prier pour :<\/p>\n<ul>\n<li>Que Dieu fournisse les ressources financi\u00e8res n\u00e9cessaires pour les \u00e9tudiants qui ont besoin de bourses et pour le nouveau Programme de Certificat en Conseil Pastoral qui d\u00e9butera en 2026.<\/li>\n<li>Que Dieu donne de la force aux professeurs de l\u2019INFORMA alors qu\u2019ils terminent l\u2019ann\u00e9e universitaire 2025.<\/li>\n<li>Que Dieu accorde au recteur, le Dr Francisco Cerr\u00f3n, et \u00e0 son \u00e9quipe la sagesse et l\u2019endurance n\u00e9cessaires pour pr\u00e9parer les cours de 2026.<\/li>\n<\/ul>\n<p><strong>PAYS-BAS<br \/>\n<\/strong>Veuillez prier pour :<\/p>\n<ul>\n<li>Le week-end missionnaire pr\u00e9vu les 7 et 8 novembre dans le sud des Pays-Bas, une r\u00e9gion o\u00f9 les \u00e9glises \u00e9vang\u00e9liques sont peu nombreuses. Priez pour les pr\u00e9paratifs, afin que les \u00e9glises locales soient encourag\u00e9es dans leur mission et que Dieu b\u00e9nisse abondamment cette initiative.<\/li>\n<\/ul>\n<hr \/>\n<p><strong>3 septembre 2025<\/strong><\/p>\n<p><strong>1) R\u00c9GION APAC (ASIE-PACIFIQUE) DE L\u2019UMA<\/strong><\/p>\n<p><strong>INDON\u00c9SIE<br \/>\n<\/strong>Veuillez prier pour :<\/p>\n<ul>\n<li>Ceux qui souffrent de l\u2019augmentation des cas d\u2019intol\u00e9rance. Des groupes radicaux issus de la religion majoritaire restreignent la construction d\u2019\u00e9glises, perturbent le culte et pers\u00e9cutent les croyants chr\u00e9tiens, touchant souvent les femmes et les enfants. Cela a directement affect\u00e9 les congr\u00e9gations de la CMA \u00e0 Buton, Lombok et Banjarmasin. Priez pour nos pasteurs et nos congr\u00e9gations qui continuent \u00e0 se r\u00e9unir fid\u00e8lement chaque semaine, souvent dans des circonstances difficiles.<\/li>\n<li>La r\u00e9union des dirigeants de la GKII (CMA Indon\u00e9sie) \u00e0 Jakarta, du 15 au 17 octobre, au cours de laquelle les dirigeants finalisent d\u2019importantes modifications des statuts et du r\u00e8glement int\u00e9rieur en vue de la conf\u00e9rence de la GKII de 2026.<\/li>\n<\/ul>\n<p><strong>MYANMAR<br \/>\n<\/strong>Louez Dieu pour :<\/p>\n<ul>\n<li>Sa protection constante et sa gr\u00e2ce soutenue au milieu des conflits, des tensions et des difficult\u00e9s dans le pays.<\/li>\n<\/ul>\n<p>Veuillez prier pour :<\/p>\n<ul>\n<li>De la nourriture, des abris, des produits de premi\u00e8re n\u00e9cessit\u00e9 et des emplois pour 100 familles d\u00e9plac\u00e9es \u00e0 l\u2019int\u00e9rieur du pays.<\/li>\n<li>Le mois de l\u2019accent sur la mission en septembre. Priez qu\u2019il soit fructueux, guid\u00e9 par l\u2019Esprit et qu\u2019il inspire de nombreuses personnes \u00e0 vivre en mission.<\/li>\n<li>Le r\u00e9v\u00e9rend Lian Suan Pau, pr\u00e9sident de la CMA du Myanmar, pour qu\u2019il puisse se rendre en toute s\u00e9curit\u00e9 \u00e0 la Convocation quadriennale de l\u2019UMA en C\u00f4te d\u2019Ivoire. Priez que le Seigneur pourvoie \u00e0 tous ses besoins.<\/li>\n<\/ul>\n<p><strong>TAIWAN<br \/>\n<\/strong>Louez Dieu pour :<\/p>\n<ul>\n<li>Le r\u00e9tablissement progressif de la sant\u00e9 du pr\u00e9sident Silas Yang.<\/li>\n<\/ul>\n<p>Veuillez prier pour :<\/p>\n<ul>\n<li>La r\u00e9union du conseil d\u2019administration le 8 septembre, au cours de laquelle les dirigeants examineront le plan minist\u00e9riel et le budget pour l\u2019ann\u00e9e prochaine. Que Dieu leur accorde sagesse, unit\u00e9 et discernement.<\/li>\n<\/ul>\n<p>&nbsp;<\/p>\n<p><strong>2) R\u00c9GION AM\u00c9RIQUE DU NORD DE L\u2019UMA<\/strong><\/p>\n<p><strong>CANADA<br \/>\n<\/strong>Veuillez prier pour :<\/p>\n<ul>\n<li>Les 20 dirigeants de district se r\u00e9uniront du 15 au 17 septembre pour \u00e9tablir des liens, apprendre et faire preuve de discernement. Priez aussi pour les \u00e9glises qui les accueillent, les communaut\u00e9s dans lesquelles ils se r\u00e9uniront et pour que leur voyage se d\u00e9roule en toute s\u00e9curit\u00e9.<\/li>\n<li>Les personnes touch\u00e9es par les feux de for\u00eat d\u00e9vastateurs de cet \u00e9t\u00e9 qui ont d\u00e9truit des maisons et caus\u00e9 le d\u00e9placement de nombreuses familles. De nombreuses \u00e9glises ont \u00e9t\u00e9 transform\u00e9es en lieux de refuge, d\u2019espoir et de compassion pendant cette p\u00e9riode de deuil.<\/li>\n<li>La Journ\u00e9e nationale de pri\u00e8re, le 18 septembre, afin de rechercher la sagesse et l\u2019orientation de Dieu pour le mouvement de l\u2019Alliance canadienne. Priez pour la clart\u00e9, l\u2019unit\u00e9 et le discernement guid\u00e9 par l\u2019Esprit.<\/li>\n<li>Les enfants de ouvriers internationaux qui travaillent dans des situations difficiles. Priez pour leur protection, leur sant\u00e9 et leur acc\u00e8s \u00e0 l\u2019\u00e9ducation et aux soins m\u00e9dicaux, en particulier dans les endroits touch\u00e9s par des catastrophes naturelles, des gouvernements instables ou une forte pollution de l\u2019air.<\/li>\n<li>Les ouvriers internationaux en affectation au Canada, dont plusieurs ont r\u00e9cemment particip\u00e9 \u00e0 une retraite de r\u00e9insertion. Priez pour le renouvelle, des retrouvailles joyeuses, des visites fructueuses dans les \u00e9glises et une vision nouvelle alors qu\u2019ils se pr\u00e9parent pour leur prochaine saison de minist\u00e8re.<\/li>\n<\/ul>\n<p><strong>\u00c9TATS-UNIS<br \/>\n<\/strong>Louez Dieu pour :<\/p>\n<ul>\n<li>Un nouveau croyant au Kosovo, accueilli dans une \u00e9glise locale o\u00f9 un travailleur d\u2019aXcess est en service. Priez pour qu\u2019il grandisse profond\u00e9ment dans sa foi et que la communaut\u00e9 l\u2019accueille avec amour et encouragement.<\/li>\n<\/ul>\n<p>Veuillez prier pour :<\/p>\n<ul>\n<li>Le renforcement des minist\u00e8res de l\u2019Alliance. Priez pour que le peuple de Dieu donne g\u00e9n\u00e9reusement afin que l\u2019\u00c9vangile qui donne la vie puisse continuer \u00e0 atteindre ceux qui en ont besoin, localement et dans le monde entier.<\/li>\n<li>Trois nouvelles familles d\u2019ouvriers internationaux r\u00e9cemment envoy\u00e9es \u00e0 Ciudad del Este, au Paraguay. Priez pour qu\u2019elles s\u2019adaptent facilement au logement, aux transports, \u00e0 la culture et \u00e0 l\u2019apprentissage de la langue. Alors que l\u2019\u00e9quipe proc\u00e8de \u00e0 son examen strat\u00e9gique sur le terrain ce mois-ci, priez pour qu\u2019elle re\u00e7oive des directives, une orientation et une gr\u00e2ce abondante alors qu\u2019elle d\u00e9finit sa vision pour les cinq prochaines ann\u00e9es de minist\u00e8re.<\/li>\n<\/ul>\n<p>&nbsp;<\/p>\n<hr \/>\n<p>&nbsp;<\/p>\n<div id=\"ag-popper-container-1757443667954\" class=\"ag-translate-popper-host\"><\/div>\n<p><script src=\"chrome-extension:\/\/bincmiainjofjnhchmcalkanjebghoen\/aiscripts\/script-main.js\"><\/script><\/p>\n<div id=\"ag-popper-container-1758045101364\" class=\"ag-translate-popper-host\"><\/div>\n<div class=\"host-bincmiainjofjnhchmcalkanjebghoen\" style=\"position: relative; z-index: 2147483647;\"><\/div>\n<h2><strong>Pri\u00e8res de l\u2019UMA &#8211; Ao\u00fbt 2025<\/strong><\/h2>\n<p>&nbsp;<\/p>\n<p><strong>20 ao\u00fbt 2025<\/strong><\/p>\n<p><strong>R\u00c9GION CLA (AM\u00c9RIQUE LATINE) DE L\u2019UMA<\/strong><\/p>\n<p><strong>MEXIQUE<br \/>\n<\/strong>Veuillez prier pour :<\/p>\n<ul>\n<li>Une maison plus adapt\u00e9e pour la famille Hurtado, missionnaires en Allemagne.<\/li>\n<li>Le pasteur Roberto Mart\u00ednez, qui est tomb\u00e9 et a \u00e9t\u00e9 bless\u00e9 aux hanches et aux bras. Priez pour une gu\u00e9rison compl\u00e8te.<\/li>\n<li>Que Dieu continue \u00e0 susciter des ouvriers pour sa moisson \u00e0 travers le programme de formation de disciples de la mission.<\/li>\n<li>La Conf\u00e9rence Nationale de la Jeunesse de l\u2019Alliance en novembre \u00e0 Huatulco. Priez que Dieu parle puissamment \u00e0 chaque c\u0153ur.<\/li>\n<li>La formation des pasteurs et des leaders \u00e0 travers le minist\u00e8re SALT.<\/li>\n<\/ul>\n<p><strong>ARGENTINE<br \/>\n<\/strong>Louez Dieu pour :<\/p>\n<ul>\n<li>Les retraites missionnaires et les pratiques dans les provinces de Mendoza, San Juan et Tucum\u00e1n, qui comprenaient la formation, l\u2019\u00e9vang\u00e9lisation et le soutien aux \u00e9glises locales.<\/li>\n<\/ul>\n<p>Veuillez prier pour :<\/p>\n<ul>\n<li>Les familles missionnaires servant en Asie centrale, en Croatie, en Espagne, en Hongrie, en Italie et au Royaume-Uni.<\/li>\n<li>De nouveaux projets missionnaires pour l\u2019Espagne et la Mauritanie, que Dieu confirme le calendrier et la planification.<\/li>\n<li>Le Congr\u00e8s des Leaders de Jeunes et d\u2019Adolescents, les 6 et 7 septembre, sur le th\u00e8me \u00ab Pr\u00e9parer la voie \u00bb. Priez pour que Dieu \u00e9veille une passion pour les nations et qu\u2019ils gardent les yeux fix\u00e9s sur le retour de Christ.<\/li>\n<\/ul>\n<p><strong>BR\u00c9SIL<br \/>\n<\/strong>Louez Dieu pour :<\/p>\n<ul>\n<li>Le retour des voyages transculturels de courte dur\u00e9e des nouveaux vocataires, au cours desquels leur vocation s\u2019est renforc\u00e9e et leurs c\u0153urs et les \u00e9glises locales se sont enrichis.<\/li>\n<li>Le retour en toute s\u00e9curit\u00e9 et la provision pour la famille Tivane au Mozambique, les rassemblements d\u2019\u00e9vang\u00e9lisation, les petits groupes et le r\u00e9veil parmi les jeunes et leurs familles.<\/li>\n<li>Une r\u00e9novation de la vision missionnaire parmi les dirigeants des \u00e9glises au Br\u00e9sil, ainsi que les provisions n\u00e9cessaires pour accomplir la mission du Seigneur.<\/li>\n<\/ul>\n<p>Veuillez prier pour :<\/p>\n<ul>\n<li>La famille Ueda au Japon, pour la formation de nouveaux leaders, le discipolat et l\u2019\u00e9vang\u00e9lisation fructueuses, et davantage de jeunes se donnent \u00e0 Christ.<\/li>\n<li>Le Symposium sur l\u2019ADN de l\u2019Alliance pour les pasteurs et les responsables pr\u00e9vu le 25 octobre.<\/li>\n<\/ul>\n<p><strong>R\u00c9PUBLIQUE DOMINICAINE<br \/>\n<\/strong>Veuillez prier pour :<\/p>\n<ul>\n<li>La gu\u00e9rison d\u2019Antonia Lora, l\u2019\u00e9pouse d\u2019un de nos pasteurs, qui se bat contre le cancer.<\/li>\n<li>La sant\u00e9 du pasteur Adelso Rosa, pr\u00e9sident du District Nord, qui souffre de probl\u00e8mes de prostate.<\/li>\n<li>Le besoin urgent d\u2019un pasteur pour l\u2019\u00e9glise de Las Matas de Farf\u00e1n.<\/li>\n<li>Notre Assembl\u00e9e Nationale, du 8 au 11 janvier 2026, au cours de laquelle un nouveau pr\u00e9sident, des pr\u00e9sidents de district et un conseil d\u2019administration national seront \u00e9lus.<\/li>\n<li>L\u2019achat d\u2019un terrain pour la construction d\u2019une nouvelle \u00e9glise \u00e0 Puerto Plata.<\/li>\n<\/ul>\n<p><strong>HA\u00cfTI<br \/>\n<\/strong>Louez Dieu pour :<\/p>\n<ul>\n<li>L\u2019ach\u00e8vement imminent de l\u2019agrandissement de l\u2019\u00e9glise CMA \u00e0 Saint Michel. Priez pour que les derniers besoins soient combl\u00e9s.<\/li>\n<\/ul>\n<p>Veuillez prier pour :<\/p>\n<ul>\n<li>Le pasteur Fils-Aim\u00e9 Idenaire, pr\u00e9sident de la CMA d\u2019Ha\u00efti, qui souffre de rhumatisme psoriasique, une maladie qui affecte \u00e0 la fois la peau et les os. Louez Dieu pour l\u2019am\u00e9lioration r\u00e9cente de son \u00e9tat de sant\u00e9 et priez pour qu\u2019il retrouve des forces et gu\u00e9risse compl\u00e8tement.<\/li>\n<li>L\u2019unit\u00e9 entre les dirigeants des \u00e9glises CMA \u00e0 Bahon et la sagesse de travailler en harmonie pour la gloire de Dieu.<\/li>\n<li>Le comit\u00e9 d\u2019organisation de l\u2019\u00e9glise CMA de Capotille alors qu\u2019ils se pr\u00e9parent pour une campagne d\u2019\u00e9vang\u00e9lisation de deux semaines et l\u2019expansion de l\u2019\u00e9glise. Priez pour que tous leurs besoins soient combl\u00e9s.<\/li>\n<\/ul>\n<p><strong>PANAMA<br \/>\n<\/strong>Louez Dieu pour :<\/p>\n<ul>\n<li>La retraite de gu\u00e9rison des traumatismes, du 15 au 17 ao\u00fbt. Priez pour un suivi efficace par les \u00e9glises de l\u2019Alliance afin que l\u2019\u0153uvre du Seigneur soit manifeste dans une \u00e9glise plus saine et plus forte.<\/li>\n<li>Les anniversaires des \u00e9glises chinoises c\u00e9l\u00e9br\u00e9s en ao\u00fbt et septembre.<\/li>\n<\/ul>\n<p>Veuillez prier pour :<\/p>\n<ul>\n<li>Les projets de relocalisation de l\u2019\u00e9glise Fuente de Agua Viva.<\/li>\n<li>Le processus en cours de formation de l\u2019\u00e9glise nationale.<\/li>\n<\/ul>\n<p><strong>\u00c9QUATEUR<br \/>\n<\/strong>Veuillez prier pour :<\/p>\n<ul>\n<li>La Convention Nationale de l\u2019ANJE (Association Nationale de la Jeunesse Evang\u00e9lique) en \u00c9quateur en octobre, afin que Dieu confirme l\u2019appel de nombreux jeunes et ravive leur passion pour le Christ et sa Parole.<\/li>\n<li>Le minist\u00e8re de l\u2019ANAFE (Association Nationale F\u00e9minine de l\u2019\u00c9quateur), que ses dirigeantes sont guid\u00e9es avec sagesse et gr\u00e2ce pour \u00e9quiper et mobiliser les femmes \u00e0 l\u2019\u00e9chelle nationale.<\/li>\n<li>La sagesse, le discernement et l\u2019unit\u00e9 pour le Conseil National, les pr\u00e9sidents de district et les pr\u00e9sidents des Associations de la ACM d\u2019\u00c9quateur afin que chaque d\u00e9cision refl\u00e8te le c\u0153ur de Dieu.<\/li>\n<li>Les projets missionnaires de l\u2019Alliance \u00e9quatorienne, pour que des portes s\u2019ouvrent, que des ressources soient disponibles et que de nouveaux ouvriers puissent atteindre les nations<\/li>\n<li>La paix, la justice et la transformation dans le contexte actuel d\u2019ins\u00e9curit\u00e9 et de violence en \u00c9quateur.<\/li>\n<\/ul>\n<p><strong>P\u00c9ROU<br \/>\n<\/strong>Veuillez prier pour :<\/p>\n<ul>\n<li>Les pasteurs et leurs familles, afin que Dieu soutienne leurs foyers, r\u00e9ponde \u00e0 leurs besoins et les utilise pour sa gloire<\/li>\n<li>Les dirigeants des \u00e9glises, afin qu\u2019ils restent in\u00e9branlables et donnent un t\u00e9moignage fort dans tous les domaines de la vie.<\/li>\n<\/ul>\n<hr \/>\n<p><strong>13 ao\u00fbt 2025<\/strong><\/p>\n<p><strong>R\u00c9GION AFRIQUE DE L\u2019UMA<\/strong><\/p>\n<p><strong>\u00a0<\/strong><strong>MALI<br \/>\n<\/strong>Veuillez prier pour :<\/p>\n<ul>\n<li>Le Congr\u00e8s de la Union Protestante des Femmes de l\u2019Alliance Chr\u00e9tienne d\u2019Afrique (UPFAC), du 18 au 25 ao\u00fbt. Priez pour que les d\u00e9l\u00e9gu\u00e9s venant de tout le continent voyagent en toute s\u00e9curit\u00e9. Environ 2 000 participantes sont attendues. Demandez \u00e0 Dieu de b\u00e9nir le programme et les sessions d\u2019enseignement, et d\u2019apporter une profonde transformation spirituelle dans la vie de toutes celles qui y assisteront. Priez \u00e9galement pour que Dieu fournisse les ressources financi\u00e8res et mat\u00e9rielles n\u00e9cessaires \u00e0 l\u2019\u00e9v\u00e9nement.<\/li>\n<li>Les personnes d\u00e9plac\u00e9es en raison de l\u2019ins\u00e9curit\u00e9 persistante, afin qu\u2019elles re\u00e7oivent l\u2019aide des ONG locales. Priez en particulier pour la situation de notre \u00e9cole de filles \u00e0 Baramba, qui fait l\u2019objet de menaces juridiques de la part d\u2019individus hostiles. Que le tribunal se prononce en notre faveur.<\/li>\n<li>Des pr\u00e9cipitations favorables et suffisantes dans tout le pays.<\/li>\n<\/ul>\n<p><strong>R\u00c9PUBLIQUE D\u00c9MOCRATIQUE DU CONGO (RDC)<br \/>\n<\/strong>Louez Dieu pour :<\/p>\n<ul>\n<li>Le 125e Synode de l\u2019\u00c9glise de l\u2019Alliance en RDC, qui s\u2019est tenu \u00e0 Boma du 21 au 27 juillet, s\u2019est d\u00e9roul\u00e9 dans le calme et a \u00e9t\u00e9 couronn\u00e9 de succ\u00e8s.<\/li>\n<li>L\u2019effort de collecte de fonds spontan\u00e9 pendant le Synode, qui a permis de r\u00e9colter 21 000 dollars am\u00e9ricains pour soutenir les missionnaires.<\/li>\n<li>Les enseignements puissants sur le th\u00e8me \u00ab Nous Sommes la Lumi\u00e8re du Monde \u00bb, par le r\u00e9v\u00e9rend Jean-Pierre Mavoungou, pr\u00e9sident de l\u2019\u00c9glise Alliance au Congo-Brazzaville, et le r\u00e9v\u00e9rend Jos\u00e9 Maria Bivingo, vice-pr\u00e9sident de l\u2019\u00c9glise Alliance en Angola.<\/li>\n<\/ul>\n<p>Veuillez prier pour :<\/p>\n<ul>\n<li>Que Dieu r\u00e9conforte la famille du r\u00e9v\u00e9rend Isaac Mbongo Mabika, un pasteur \u00e0 la retraite d\u00e9c\u00e9d\u00e9 en juillet.<\/li>\n<li>Les pasteurs qui attendent leurs nouvelles affectations apr\u00e8s le Synode, ainsi que les membres du comit\u00e9 de gestion responsables de ces d\u00e9cisions. Qu\u2019ils soient guid\u00e9s par le Saint-Esprit.<\/li>\n<li>Le Minist\u00e8re des Femmes de l\u2019Alliance de la RDC, qui pr\u00e9voit d\u2019envoyer six d\u00e9l\u00e9gu\u00e9es \u00e0 la Conf\u00e9rence de l\u2019UPFAC au Mali.<\/li>\n<li>Le Minist\u00e8re de la Jeunesse, qui envoie des d\u00e9l\u00e9gu\u00e9s au Congr\u00e8s du Minist\u00e8re de la Jeunesse de l\u2019Alliance Africaine au Gabon.<\/li>\n<li>La participation de l\u2019\u00e9glise de l\u2019Alliance RDC \u00e0 la c\u00e9l\u00e9bration du 50e anniversaire de l\u2019Union Mondiale de l\u2019Alliance \u00e0 Kinshasa, le 19 octobre. Que le Seigneur fournisse les ressources n\u00e9cessaires.<\/li>\n<\/ul>\n<p><strong>BURKINA FASO<br \/>\n<\/strong>Veuillez prier pour :<\/p>\n<ul>\n<li>Le camp biblique et d\u2019enseignement pour enfants \u00e0 Banfora, du 14 au 18 ao\u00fbt. Priez pour que le voyage se d\u00e9roule en toute s\u00e9curit\u00e9 et que ce temps pass\u00e9 ensemble soit fructueux et paisible.<\/li>\n<li>La r\u00e9union des dirigeants le 18 septembre. Que le Seigneur guide et b\u00e9nisse les discussions.<\/li>\n<li>La mise en \u0153uvre effective du Plan Strat\u00e9gique de l\u2019\u00e9glise nationale pour les ann\u00e9es 2024-2030.<\/li>\n<\/ul>\n<p><strong>CONGO-BRAZZAVILLE<br \/>\n<\/strong>Veuillez prier pour :<\/p>\n<ul>\n<li>La gu\u00e9rison et la force pour les pasteurs et leurs \u00e9pouses. Beaucoup souffrent de maladies telles que le paludisme et la grippe.<\/li>\n<li>Le bon d\u00e9roulement de notre Synode, pr\u00e9vu du 17 au 23 septembre.<\/li>\n<li>Le financement des d\u00e9l\u00e9gu\u00e9s qui esp\u00e8rent assister \u00e0 la Conf\u00e9rence Quadriennale de l\u2019UMA \u00e0 Yamoussoukro, en C\u00f4te d\u2019Ivoire, en octobre.<\/li>\n<\/ul>\n<p><strong>ANGOLA<br \/>\n<\/strong>Louez Dieu pour :<\/p>\n<ul>\n<li>Le bon d\u00e9roulement des conf\u00e9rences r\u00e9gionales de l\u2019\u00e9glise qui se sont tenues \u00e0 Cabinda, Massabi, Belize, Lunda Sul Saurimo et Luanda.<\/li>\n<\/ul>\n<p>Veuillez prier pour :<\/p>\n<ul>\n<li>La protection et l\u2019orientation de Dieu pour la r\u00e9union du Comit\u00e9 Ex\u00e9cutif de l\u2019\u00e9glise nationale, du 13 au 17 ao\u00fbt, \u00e0 la mission de Mboca.<\/li>\n<li>La paix et la stabilit\u00e9 pour notre pays, qui traverse une situation difficile. La hausse des prix, la d\u00e9valuation de la monnaie et la famine g\u00e9n\u00e9ralis\u00e9e poussent les gens au pillage et au vandalisme. Trente personnes sont mortes lors de r\u00e9centes manifestations publiques et plus de 1 200 ont \u00e9t\u00e9 arr\u00eat\u00e9es. Certaines \u00e9glises sont ferm\u00e9es.<\/li>\n<\/ul>\n<p><strong>LIB\u00c9RIA<br \/>\n<\/strong>Louez Dieu pour :<\/p>\n<ul>\n<li>Le succ\u00e8s de la 43e Conf\u00e9rence Nationale de l\u2019Association de la Jeunesse, qui s\u2019est tenue du 7 au 10 ao\u00fbt \u00e0 Monrovia.<\/li>\n<\/ul>\n<p>Veuillez prier pour :<\/p>\n<ul>\n<li>Les 21 jours de je\u00fbne et de pri\u00e8re organis\u00e9s par la CMA Lib\u00e9ria, du 1er au 21 septembre.<\/li>\n<li>La Conf\u00e9rence de l\u2019Association Nationale des Hommes, du 21 au 24 ao\u00fbt \u00e0 Monrovia.<\/li>\n<li>Le lyc\u00e9e chr\u00e9tien de la CMA Liberia, qui devrait ouvrir ses portes pour les ann\u00e9es acad\u00e9miques 2025-2026 en septembre.<\/li>\n<\/ul>\n<hr \/>\n<p><strong>6 ao\u00fbt 2025<\/strong><\/p>\n<p><strong>R\u00c9GION EMERAL<\/strong><strong>D (EUROPE ET MOYEN-ORIENT) DE L\u2019UMA<\/strong><\/p>\n<p><strong>ESPAGNE<br \/>\n<\/strong>Louez Dieu pour :<\/p>\n<ul>\n<li>L\u2019opportunit\u00e9 d\u2019acheter un b\u00e2timent pour l\u2019\u00e9glise de l\u2019Alliance \u00e0 Sama, dans les Asturies. Cette installation permettra \u00e0 la congr\u00e9gation de tripler sa capacit\u00e9 actuelle. C\u2019est un miracle que nous puissions acheter ce b\u00e2timent \u00e0 un prix aussi bas et avec des paiements \u00e9chelonn\u00e9s. Priez pour que Dieu pourvoie \u00e0 la fois \u00e0 l\u2019acompte et au dernier versement d\u00fb l\u2019ann\u00e9e prochaine.<\/li>\n<li>L\u2019octroi d\u2019autorisations l\u00e9gales par la mairie de Salt (G\u00e9rone) pour le d\u00e9veloppement du minist\u00e8re. Cependant, le pr\u00e9sident de l\u2019association des propri\u00e9taires de l\u2019immeuble continue de s\u2019opposer au projet. Priez pour un changement de c\u0153ur et de faveur pour ce minist\u00e8re.<\/li>\n<\/ul>\n<p>Veuillez prier pour :<\/p>\n<ul>\n<li>Walter Hopkins, directeur de l\u2019\u00c9cole LIFE, dont le p\u00e8re est r\u00e9cemment entr\u00e9 dans sa demeure \u00e9ternelle apr\u00e8s une bataille contre le cancer. Dieu merci, Walter a pu \u00eatre avec lui dans ses derni\u00e8res heures. Priez pour le r\u00e9confort de Dieu et la paix pour la famille.<\/li>\n<\/ul>\n<p><strong>ALLEMAGNE<br \/>\n<\/strong>Veuillez prier pour :<\/p>\n<ul>\n<li>La nouvelle \u00c9glise de l\u2019Alliance Chr\u00e9tienne et Missionnaire Internationale \u00e0 D\u00fcsseldorf. Priez pour l\u2019\u00e9quipe de direction et le travail encourageant parmi les jeunes Chinois de deuxi\u00e8me g\u00e9n\u00e9ration.<\/li>\n<li>Jamieson et Ana Woerner, qui vont d\u00e9marrer une nouvelle implantation d\u2019\u00e9glise cellulaire \u00e0 Heidelberg le mois prochain. Priez pour qu\u2019ils trouvent un appartement et pour tous les d\u00e9fis qui accompagneront ce nouveau minist\u00e8re.<\/li>\n<li>L\u2019\u00c9glise de l\u2019Alliance Espagnole de Berlin (<em>Iglesia Vida Abundante<\/em>), qui a besoin d\u2019un espace de rencontre plus grand. En outre, priez pour la vision et le d\u00e9veloppement d\u2019une \u00e9glise v\u00e9ritablement internationale \u00e0 Berlin.<\/li>\n<li>Les trois minist\u00e8res arabophones \u00e0 Berlin. Louez Dieu pour le bapt\u00eame r\u00e9cent de cinq nouveaux croyants. Priez pour qu\u2019ils continuent de grandir et deviennent des disciples en Christ.<\/li>\n<li>L\u2019\u00e9quipe de direction de la CMA Allemagne (MAKD), qui se r\u00e9unira \u00e0 Berlin en septembre pour pr\u00e9parer le premier s\u00e9minaire Rencontre Matrimoniale en langue arabe, pr\u00e9vu pour 2026.<\/li>\n<\/ul>\n<p><strong>SYRIE<br \/>\n<\/strong>Veuillez prier pour :<\/p>\n<ul>\n<li>Que Dieu prot\u00e8ge les communaut\u00e9s chr\u00e9tiennes au milieu de la tourmente et de la violence actuelles.<\/li>\n<li>Le courage et la pers\u00e9v\u00e9rance pour les croyants confront\u00e9s aux menaces et \u00e0 la pers\u00e9cution de la part de groupes extr\u00e9mistes.<\/li>\n<\/ul>\n<p><strong>TERRE SAINTE<br \/>\n<\/strong>Veuillez prier pour :<\/p>\n<ul>\n<li>Que la paix et la justice r\u00e8gnent en Terre Sainte.<\/li>\n<li>Que les familles de Gaza qui souffrent de la famine aient acc\u00e8s en temps voulu \u00e0 la nourriture et aux produits de premi\u00e8re n\u00e9cessit\u00e9.<\/li>\n<li>Que le monde prenne conscience des horreurs et de la futilit\u00e9 de la guerre<\/li>\n<li>Que nos \u00e9glises, nos communaut\u00e9s et ceux qui exercent leur minist\u00e8re dans les zones vuln\u00e9rables soient prot\u00e9g\u00e9s.<\/li>\n<li>Que les pasteurs et les leaders qui dirigent leur peuple en ces temps difficiles soient dot\u00e9s de sagesse et de discernement.<\/li>\n<li>Nos fr\u00e8res et s\u0153urs chr\u00e9tiens \u00e0 Gaza, qui endurent de profondes souffrances depuis plus d\u2019un an et demi, ainsi que pour toute la population gazaouie. Qu\u2019ils puissent exp\u00e9rimenter le r\u00e9confort, la provision et l\u2019espoir durable en Dieu.<\/li>\n<\/ul>\n<p><strong>FORMATION DE L\u2019ALLIANCE &#8211; INSTITUT DE FORMATION MINISTERIELLE DE L\u2019ALLIANCE (INFORMA)<br \/>\n<\/strong>Veuillez prier pour :<\/p>\n<ul>\n<li>Le prochain module en Gr\u00e8ce \u00ab Sur les Traces de l\u2019Ap\u00f4tre Paul \u00bb, du 1er au 10 septembre. Priez que Dieu b\u00e9nisse et la prot\u00e8ge les participants pendant ce voyage.<\/li>\n<li>La s\u00e9rie de conf\u00e9rences A. B. Simpson \u00ab Les \u00c9v\u00e9nements de la Fin des Temps et le Retour de Christ : Promesse et Imminence \u00bb, les 25 et 26 septembre \u00e0 Barcelone. Priez que ce soit une exp\u00e9rience spirituellement enrichissante pour les enseignants, les pasteurs et les \u00e9tudiants.<\/li>\n<li>Les modules de fin d\u2019ann\u00e9e, afin qu\u2019ils puissent profond\u00e9ment b\u00e9nir, d\u00e9fier et \u00e9quiper les \u00e9tudiants.<\/li>\n<li>Le nouveau programme de Certification en Conseil Pastoral, qui devrait commencer en 2026. Priez pour son d\u00e9veloppement et son efficacit\u00e9 \u00e0 \u00e9quiper les dirigeants pour un minist\u00e8re impactant.<\/li>\n<\/ul>\n<p>&nbsp;<\/p>\n<hr \/>\n<p>&nbsp;<\/p>\n<p><script src=\"chrome-extension:\/\/bincmiainjofjnhchmcalkanjebghoen\/aiscripts\/script-main.js\"><\/script><\/p>\n<div id=\"ag-1754425998125\"><\/div>\n<p><script src=\"chrome-extension:\/\/bincmiainjofjnhchmcalkanjebghoen\/aiscripts\/script-main.js\"><\/script><\/p>\n<p><script src=\"chrome-extension:\/\/bincmiainjofjnhchmcalkanjebghoen\/aiscripts\/script-main.js\"><\/script><\/p>\n<h2><strong>Pri\u00e8res de l\u2019UMA &#8211; Juillet 2025<\/strong><\/h2>\n<p>&nbsp;<\/p>\n<p><strong>30 juillet 2025<\/strong><\/p>\n<p><strong>1) R\u00c9GION APAC (ASIE PACIFIQUE) DE L\u2019UMA<\/strong><\/p>\n<p><strong>INDON\u00c9SIE<br \/>\n<\/strong>Veuillez prier pour :<\/p>\n<ul>\n<li>Le Festival du Mois des Missions tout au long du mois d\u2019ao\u00fbt, organis\u00e9 par l\u2019\u00e9glise CMA en Indon\u00e9sie (GKII). Chaque \u00e9glise locale se concentrera sur les missions par \u00e0 travers des sermons, des s\u00e9minaires, l\u2019intercession en faveurs des missionnaires, des mises \u00e0 jour sur la mission et des t\u00e9moignages. Une offrande sp\u00e9ciale sera collect\u00e9e \u00e0 la fin du mois pour soutenir le travail missionnaire en Indon\u00e9sie, en Tha\u00eflande, \u00e0 Ta\u00efwan et au Sri Lanka par le biais du D\u00e9partement des Missions.<\/li>\n<li>Un nouveau minist\u00e8re \u00e0 Sumatra, pour venir en aide aux r\u00e9fugi\u00e9s de Rohingyas qui ont trouv\u00e9 actuellement refuge dans la r\u00e9gion de Riau.<\/li>\n<li>Des membres de l\u2019\u00e9glise du Puncak, en Papouasie, dont beaucoup ont \u00e9t\u00e9 d\u00e9plac\u00e9s en raison du conflit en cours entre les forces de s\u00e9curit\u00e9 et les groupes arm\u00e9s. Des milliers de personnes ont fui, laissant derri\u00e8re elles leurs maisons et leurs \u00e9glises. Veuillez prier pour la paix, la protection et la provision pour leurs besoins.<\/li>\n<\/ul>\n<p><strong>MONGOLIE<br \/>\n<\/strong>Veuillez prier pour :<\/p>\n<ul>\n<li>Tsendsuren, l\u2019un de nos responsables d\u2019\u00e9glise, qui \u00e9crit l\u2019histoire des \u00e9glises de l\u2019Alliance en Mongolie. Priez pour la sagesse et la force alors qu\u2019elle r\u00e9pertorie cet important h\u00e9ritage. Sa congr\u00e9gation pr\u00e9voit \u00e9galement de construire une \u00e9glise en ao\u00fbt avec le soutien d\u2019une \u00e9glise partenaire cor\u00e9enne. Priez pour la r\u00e9ussite de ce projet.<\/li>\n<li>Enkhtuvshin, le directeur du bureau de l\u2019Alliance mongole, qui a besoin de sagesse pour une meilleure planification, une gestion efficace et le recrutement de personnel appropri\u00e9. Priez que Dieu fournisse du personnel d\u00e9vou\u00e9, digne de confiance et de qualifi\u00e9.<\/li>\n<\/ul>\n<p><strong>TAIWAN<br \/>\n<\/strong>Louez Dieu pour :<\/p>\n<ul>\n<li>L\u2019ordination d\u2019un directeur g\u00e9n\u00e9ral \u00e0 temps plein lors du Camp de Croissance de la Congr\u00e9gation le 6 juillet.<\/li>\n<\/ul>\n<p>Veuillez prier pour :<\/p>\n<ul>\n<li>La gu\u00e9rison du pr\u00e9sident Silas Yang, qui se remet d\u2019une blessure abdominale.<\/li>\n<\/ul>\n<p>&nbsp;<\/p>\n<p><strong>2) R\u00c9GION AM\u00c9RIQUE DU NORD DE L\u2019UMA<\/strong><\/p>\n<p><strong>CANADA<br \/>\n<\/strong>Veuillez prier pour :<\/p>\n<ul>\n<li>La prochaine Retraite de R\u00e9int\u00e9gration, qui accueillera des Ouvriers Internationaux et des Enfants de la Troisi\u00e8me Culture (TCK) de retour au Canada pour une affectation \u00e0 domicile. Les th\u00e8mes principaux incluent le don de soi, l\u2019identit\u00e9, la conscience, la honte, le deuil et la transition. Priez pour que l\u2019\u00e9quipe de soutien soit dirig\u00e9e par l\u2019Esprit, pour des interactions significatives avec les pairs et pour les TCK adultes qui dirigent le Camp pour Enfants. Priez aussi pour nos responsables alors qu\u2019ils animent les moments de d\u00e9votion.<\/li>\n<li>ReBoot, le camp de r\u00e9int\u00e9gration pour nos jeunes dipl\u00f4m\u00e9s du secondaire. Priez que chacun grandisse dans l\u2019amour de Dieu et dans la r\u00e9silience dans ses voies.<\/li>\n<\/ul>\n<p><strong>\u00c9TATS-UNIS<br \/>\n<\/strong>Veuillez prier pour :<\/p>\n<ul>\n<li>Resonate, un rassemblement annuel des ouvriers nouvellement dipl\u00f4m\u00e9s de l\u2019Alliance, pour d\u00e9couvrir leur r\u00f4le dans l\u2019introduction de J\u00e9sus Tout Entier pour le Monde Tout Entier. C\u2019est l\u2019occasion de rencontrer d\u2019autres nouveaux ouvriers, d\u2019entrer en contact avec les dirigeants nationaux et de d\u00e9couvrir leur r\u00f4le dans l\u2019accomplissement de la Grande Commission. Il aura lieu du 11 au 14 ao\u00fbt. S\u2019il vous pla\u00eet, soutenez cet \u00e9v\u00e9nement dans la pri\u00e8re.<\/li>\n<li>L\u2019Alliance cherche \u00e0 continuer d\u2019\u00e9largir la port\u00e9e de l\u2019\u00e9vangile. Les dons aux minist\u00e8res de l\u2019Alliance permettent \u00e0 nos ouvriers d\u2019apporter le message vivifiant de Dieu aux personnes perdues dans nos quartiers et dans le monde entier. Veuillez prier pour que le peuple de Dieu fasse des dons g\u00e9n\u00e9reux pour aider \u00e0 faire en sorte que ceux qui n\u2019ont pas d\u2019espoir puissent faire l\u2019exp\u00e9rience de son \u00e9treinte affectueuse.<\/li>\n<\/ul>\n<hr \/>\n<p><strong>23 juillet 2025<\/strong><\/p>\n<p><strong>R\u00c9GION CLA (AM\u00c9RIQUE LATINE) DE L\u2019UMA<\/strong><\/p>\n<p><strong>VENEZUELA<br \/>\n<\/strong>Veuillez prier pour :<\/p>\n<ul>\n<li>Evelyn, l\u2019\u00e9pouse du pr\u00e9sident de l\u2019Alliance du Venezuela, qui est toujours incapable de marcher \u00e0 la suite de deux op\u00e9rations complexes du genou. Priez pour que le Seigneur la gu\u00e9risse et la restaure compl\u00e8tement, selon sa volont\u00e9 parfaite.<\/li>\n<li>L\u2019\u00c9glise de l\u2019Alliance \u00e0 Maracay, qui se pr\u00e9pare \u00e0 organiser un programme biblique d\u2019\u00e9vang\u00e9lisation pendant la p\u00e9riode des vacances, du 25 au 29 ao\u00fbt dans les communaut\u00e9s voisines.<\/li>\n<li>Que Dieu pourvoie un pasteur \u00e0 plein temps pour la nouvelle implantation d\u2019\u00c9glise Ebenezer dans le quartier de Santa In\u00e9s \u00e0 Valence.<\/li>\n<li>L\u2019expansion continue des efforts d\u2019\u00e9vang\u00e9lisation dans les quartiers entourant les \u00e9glises locales.<\/li>\n<li>Que Dieu nous donne des c\u0153urs courageux, fa\u00e7onn\u00e9s par une passion pour les missions et la compassion pour les perdus, nous permettant de le servir fid\u00e8lement partout o\u00f9 il nous m\u00e8ne.<\/li>\n<li>L\u2019ach\u00e8vement du processus d\u2019enregistrement l\u00e9gal pour le si\u00e8ge social de la CMA \u00e0 Coro.<\/li>\n<\/ul>\n<p><strong>BR\u00c9SIL<br \/>\n<\/strong>Louez Dieu pour :<\/p>\n<ul>\n<li>Le Congr\u00e8s National des Femmes en juin, qui a vu la participation de missionnaires et de ministres de l\u2019Alliance. Puissent-elles continuer \u00e0 appliquer ce qu\u2019elles ont appris pour faire avancer le Royaume de Dieu.<\/li>\n<li>Les six mois de minist\u00e8re de la famille Tivane au Br\u00e9sil, soutenant les \u00e9glises, contribuant \u00e0 la traduction de la Bible dans les langues autochtones et formant des ouvriers mozambicains. Nous c\u00e9l\u00e9brons \u00e9galement le dipl\u00f4me que Polliana Tivane a obtenu au sein de la communaut\u00e9 p\u00e9ruvienne.<\/li>\n<li>Le huiti\u00e8me anniversaire de l\u2019\u00c9glise de l\u2019Alliance \u00e0 Paredes, au Portugal, et sa croissance remarquable cette ann\u00e9e.<\/li>\n<\/ul>\n<p>Veuillez prier pour :<\/p>\n<ul>\n<li>Les 28 \u00e9tudiants actuellement inscrits au S\u00e9minaire th\u00e9ologique A. W. Tozer. Que Dieu continue \u00e0 les \u00e9quiper en tant que futurs pasteurs, missionnaires et dirigeants d\u2019\u00e9glise.<\/li>\n<li>Les dirigeants locaux, de district et nationaux d\u2019\u00e9glise, afin qu\u2019ils puissent rester unis, guid\u00e9s par l\u2019Esprit et guid\u00e9s par des strat\u00e9gies qui soutiennent la vision de pr\u00eacher l\u2019\u00e9vangile et d\u2019atteindre les gens de leur r\u00e9gion.<\/li>\n<li>Les projets missionnaires en transition, ainsi que les jeunes en formation et participant \u00e0 des voyages missionnaires de courte dur\u00e9e en Asie du Sud-Est, aux \u00c9tats-Unis et au P\u00e9rou.<\/li>\n<\/ul>\n<p><strong>ARGENTINE<br \/>\n<\/strong>Louez Dieu pour :<\/p>\n<ul>\n<li>La retraite des pasteurs s\u2019est tenue du 20 au 22 juin dans la ville d\u2019Azul, o\u00f9 se sont r\u00e9unis 50 couples pastoraux de six districts. Les sessions se sont concentr\u00e9es sur le renforcement des mariages pour le minist\u00e8re et la vie de famille, avec une communion riche et la construction de relations.<\/li>\n<\/ul>\n<p>Veuillez prier pour :<\/p>\n<ul>\n<li>Les \u00e9v\u00e9nements de formation et d\u2019\u00e9vang\u00e9lisation missionnaires qui ont eu lieu en juillet \u00e0 Mendoza, San Juan et Tucum\u00e1n.<\/li>\n<li>La retraite nationale des femmes pr\u00e9vue pour le mois d\u2019ao\u00fbt \u00e0 Mar del Plata.<\/li>\n<li>La planification et d\u00e9veloppement du deuxi\u00e8me semestre \u00e0 l\u2019Institut Biblique Buenos Aires.<\/li>\n<\/ul>\n<p><strong>HA\u00cfTI<br \/>\n<\/strong>Louez Dieu pour :<\/p>\n<ul>\n<li>La joyeuse c\u00e9l\u00e9bration du 15e anniversaire de l\u2019\u00c9glise de l\u2019Alliance \u00e0 Lemb\u00e9. Nous rendons gr\u00e2ce pour une congr\u00e9gation saine et orient\u00e9e vers la mission.<\/li>\n<li>La bonne conclusion de l\u2019ann\u00e9e scolaire 2024-2025 \u00e0 l\u2019\u00e9cole CMA de Ouanaminthe. Nous sommes reconnaissants envers les g\u00e9n\u00e9reux donateurs qui ont soutenu l\u2019\u00e9ducation des enfants. Que Dieu les b\u00e9nisse abondamment.<\/li>\n<\/ul>\n<p>Veuillez prier pour :<\/p>\n<ul>\n<li>Des \u00e9glises qui grandissent et qui ont besoin de structures plus grandes. Priez pour que Dieu fournisse des ressources afin que les congr\u00e9gations de Saint-Michel, de Capotille et du Cap-Ha\u00eftien puissent achever la construction et accueillir tous ceux qui viennent adorer le Roi des rois.<\/li>\n<\/ul>\n<p><strong>BOLIVIE<br \/>\n<\/strong>Veuillez prier pour :<\/p>\n<ul>\n<li>Que Dieu b\u00e9nisse la formation de nouveaux pasteurs et d\u2019ouvriers au nouveau S\u00e9minaire de l\u2019\u00c9glise de l\u2019Alliance bolivienne.<\/li>\n<li>Un engagement de plus en plus profond parmi les dirigeants nationaux et les pasteurs \u00e0 travailler dans l\u2019unit\u00e9 pour accomplir la Grande Commission.<\/li>\n<li>L\u2019approbation par le gouvernement des statuts et r\u00e8glements r\u00e9vis\u00e9s de l\u2019\u00c9glise de l\u2019Alliance Chr\u00e9tienne et Missionnaire de Bolivie.<\/li>\n<\/ul>\n<p><strong>GUATEMALA<br \/>\n<\/strong>Veuillez prier pour :<\/p>\n<ul>\n<li>L\u2019\u00e9glise chinoise au Guatemala, qui a besoin d\u2019un pasteur qui parle la langue chinoise pour servir la congr\u00e9gation.<\/li>\n<li>La municipalit\u00e9 de Santa Mar\u00eda de Jes\u00fas \u00e0 Milpas Altas, Sacatep\u00e9quez. La r\u00e9gion a r\u00e9cemment \u00e9t\u00e9 touch\u00e9e par des glissements de terrain. Priez pour la s\u00e9curit\u00e9, la restauration et la r\u00e9silience de la communaut\u00e9 touch\u00e9e.<\/li>\n<\/ul>\n<p><strong>CUBA<br \/>\n<\/strong>Veuillez prier pour :<\/p>\n<ul>\n<li>Tous les ministres de l\u2019\u00e9vangile \u00e0 Cuba, afin qu\u2019ils puissent proclamer la bonne nouvelle du Christ avec puissance et clart\u00e9.<\/li>\n<li>Les ressources financi\u00e8res pour faire avancer les initiatives minist\u00e9rielles et \u00e9tendre la port\u00e9e du Royaume de Dieu \u00e0 travers l\u2019\u00eele.<\/li>\n<li>Les graves p\u00e9nuries d\u2019\u00e9lectricit\u00e9 dans le pays, qui affectent la vie quotidienne. Priez pour obtenir de l\u2019aide, du r\u00e9confort et de la force pour les familles qui ne peuvent pas r\u00e9frig\u00e9rer la nourriture ou se reposer convenablement la nuit.<\/li>\n<\/ul>\n<p><strong>CHILI<br \/>\n<\/strong>Veuillez prier pour :<\/p>\n<ul>\n<li>L\u2019Assembl\u00e9e Nationale du 9 ao\u00fbt, o\u00f9 un nouveau Conseil d\u2019Administration National sera \u00e9lu pour commencer \u00e0 si\u00e9ger en mars 2026. Priez que le Seigneur guide clairement le choix des bons serviteurs.<\/li>\n<li>Le minist\u00e8re en cours au la Maison des Enfants, qui s\u2019occupe des filles vuln\u00e9rables et o\u00f9 la CMA travaille fid\u00e8lement depuis plus de 50 ans.<\/li>\n<li>La sant\u00e9 de nos pasteurs retrait\u00e9s, surtout en cette saison hivernale, car la p\u00e9riode de froid pose des d\u00e9fis \u00e0 beaucoup d\u2019entre eux.<\/li>\n<\/ul>\n<p><strong>R\u00c9PUBLIQUE DOMINICAINE<br \/>\n<\/strong>Veuillez prier pour :<\/p>\n<ul>\n<li>Le plan strat\u00e9gique que nous mettons en \u0153uvre pour revitaliser les \u00e9glises existantes et en implanter de nouvelles.<\/li>\n<li>Les prochains camps pour les jeunes et les hommes. Prions pour qu\u2019ils soient des moments de croissance et de communion qui aient un impact.<\/li>\n<li>La restauration de plusieurs mariages confront\u00e9s \u00e0 d\u2019importants d\u00e9fis.<\/li>\n<li>Les ressources n\u00e9cessaires \u00e0 la construction de notre camp de la CMA dominicaine.<\/li>\n<\/ul>\n<hr \/>\n<p><strong>16 juillet 2025<\/strong><\/p>\n<p><strong>R\u00c9GION AFRIQUE DE L\u2019UMA<\/strong><\/p>\n<p><strong>R\u00c9PUBLIQUE D\u00c9MOCRATIQUE DU CONGO (RDC)<br \/>\n<\/strong>Louez Dieu pour :<\/p>\n<ul>\n<li>La paix et la stabilit\u00e9 dans toutes nos communaut\u00e9s alors que l\u2019\u00e9glise se pr\u00e9pare \u00e0 tenir son Synode \u00e0 la fin de ce mois.<\/li>\n<li>La r\u00e9ussite dans l\u2019organisation de la Semaine de mobilisation des jeunes \u00e0 l\u2019\u00e9chelle de l\u2019\u00e9glise, qui s\u2019est d\u00e9roul\u00e9e sous le th\u00e8me \u00ab En pr\u00e9sence de Dieu \u00bb. Ce fut une p\u00e9riode puissante d\u2019\u00e9veil spirituel, qui a rapproch\u00e9 de nombreux jeunes de Dieu.<\/li>\n<li>L\u2019augmentation encourageante du nombre de membres de l\u2019\u00e9glise suite aux initiatives d\u2019\u00e9vang\u00e9lisation qui ont eu lieu en mai, observ\u00e9 comme le mois de l\u2019\u00e9vang\u00e9lisation.<\/li>\n<\/ul>\n<p>Veuillez prier pour :<\/p>\n<ul>\n<li>Que Dieu r\u00e9conforte et fortifie la famille du pasteur Joseph Dumbi Mvangi du district de Tshela. Le pasteur Mvangi est d\u00e9c\u00e9d\u00e9 le mois dernier.<\/li>\n<li>Priez pour que le synode de l\u2019\u00e9glise qui se tiendra \u00e0 Boma \u00e0 la fin du mois de juillet se d\u00e9roule sans heurts et soit fructueux. Prions en particulier pour que le Seigneur prot\u00e8ge et guide les plus de 1 000 d\u00e9l\u00e9gu\u00e9s invit\u00e9s.<\/li>\n<li>La sagesse et l\u2019unit\u00e9 dans la r\u00e9organisation des activit\u00e9s de la Maison de Pri\u00e8re, suite au d\u00e9c\u00e8s de son responsable il y a plus de deux ans.<\/li>\n<li>La provision de Dieu pour l\u2019\u0153uvre missionnaire, car de nombreux ouvriers locaux et \u00e9trangers sont confront\u00e9s \u00e0 des d\u00e9fis importants pour acc\u00e9der aux ressources n\u00e9cessaires.<\/li>\n<li>Que le gouvernement n\u2019entrave pas le r\u00f4le de l\u2019\u00e9glise dans la supervision des \u00e9coles, afin que les enseignants et les \u00e9l\u00e8ves restent en contact avec les conseils moraux et spirituels de l\u2019\u00e9glise.<\/li>\n<\/ul>\n<p><strong>BURKINA FASO<br \/>\n<\/strong>Louez Dieu pour :<\/p>\n<ul>\n<li>Les familles d\u00e9plac\u00e9es qui ont pu retourner dans leurs villages d\u2019origine.<\/li>\n<li>Un d\u00e9but de saison des pluies fort et prometteur.<\/li>\n<\/ul>\n<p>Veuillez prier pour :<\/p>\n<ul>\n<li>Le Congr\u00e8s de l\u2019Union Panafricaine des Femmes de l\u2019Alliance Chr\u00e9tienne du 18 au 25 ao\u00fbt, au Mali.<\/li>\n<li>Une saison des pluies fructueuse qui conduira \u00e0 la s\u00e9curit\u00e9 alimentaire et \u00e0 l\u2019autosuffisance agricole dans tout le pays.<\/li>\n<\/ul>\n<p><strong>ANGOLA<br \/>\n<\/strong>Louez Dieu pour :<\/p>\n<ul>\n<li>La phase 2 du financement de la construction du b\u00e2timent de l\u2019\u00e9glise de Landana s\u2019est achev\u00e9e avec succ\u00e8s. Nous attendons maintenant avec impatience le d\u00e9but de la phase 3, soutenue par les Minist\u00e8res de Coop\u00e9ration Internationale (ICM).<\/li>\n<\/ul>\n<p>Veuillez prier pour :<\/p>\n<ul>\n<li>La sagesse et les orientations du Seigneur pour la r\u00e9union du Comit\u00e9 Ex\u00e9cutif \u00e0 la Station Missionnaire de Mboca \u00e0 Cabinda en ao\u00fbt.<\/li>\n<li>La paix et la stabilit\u00e9 dans notre pays, qui est confront\u00e9 \u00e0 une crise politique complexe.<\/li>\n<\/ul>\n<p><strong>LIB\u00c9RIA<br \/>\n<\/strong>Louez Dieu pour :<\/p>\n<ul>\n<li>La 43e Conf\u00e9rence de District de la CMA au Lib\u00e9ria (du 25 au 29 juin) et la Conf\u00e9rence de l\u2019Association Nationale des Femmes (du 3 au 6 juillet) qui se sont tenues \u00e0 Monrovia.<\/li>\n<\/ul>\n<p>Veuillez prier pour :<\/p>\n<ul>\n<li>Les temps de je\u00fbne et pri\u00e8re de 21 jours organis\u00e9 par le district de Lofa du 1er au 21 ao\u00fbt.<\/li>\n<li>La Conf\u00e9rence de l\u2019Association Nationale des Pasteurs (24-27 juillet) \u00e0 Monrovia.<\/li>\n<li>La Conf\u00e9rence de l\u2019Association Nationale de la Jeunesse (du 7 au 10 ao\u00fbt) et la Conf\u00e9rence de l\u2019Association Nationale des Hommes (du 21 au 24 ao\u00fbt) qui se tiendront \u00e0 Monrovia.<\/li>\n<\/ul>\n<p><strong>B\u00c9NIN<br \/>\n<\/strong>Louez Dieu pour :<\/p>\n<ul>\n<li>La r\u00e9ponse favorable de la plus grande F\u00e9d\u00e9ration des \u00c9glises et Mission \u00c9vang\u00e9lique du B\u00e9nin (FEMEB) suite \u00e0 notre demande d\u2019adh\u00e9sion.<\/li>\n<li>Le progr\u00e8s continu des cours \u00e0 l\u2019Institut Biblique (IBITAC).<\/li>\n<li>Les travaux en cours sur les nouveaux Statuts et R\u00e8glement Int\u00e9rieur de la CMA du B\u00e9nin.<\/li>\n<\/ul>\n<p>Veuillez prier pour :<\/p>\n<ul>\n<li>Que Dieu suscite des ouvriers pour aider \u00e0 r\u00e9aliser la vision d\u2019\u00e9tablir au moins une \u00e9glise dans chaque d\u00e9partement, chaque municipalit\u00e9 et chaque district.<\/li>\n<li>La sagesse et orientations pour les pasteurs locaux dans la direction efficace de leurs congr\u00e9gations.<\/li>\n<li>Un voyage missionnaire fructueux et efficace au Nigeria.<\/li>\n<li>La mobilisation et l\u2019appui financier n\u00e9cessaires pour que les femmes du B\u00e9nin puissent participer au Congr\u00e8s de l\u2019Union Panafricaine des Femmes de l\u2019Alliance au Mali.<\/li>\n<li>La mobilisation et les ressources financi\u00e8res n\u00e9cessaires pour que les membres de l\u2019\u00e9glise au B\u00e9nin puissent participer \u00e0 la Convocation Quadriennale de 2025 en C\u00f4te d\u2019Ivoire en octobre.<\/li>\n<li>La r\u00e9ussite du d\u00e9veloppement et du lancement de la plate-forme web de l\u2019\u00e9glise nationale.<\/li>\n<li>L\u2019ach\u00e8vement et l\u2019approbation finale des Statuts et du R\u00e8glement Int\u00e9rieur de l\u2019\u00e9glise.<\/li>\n<li>La provision de Dieu pour les fonds n\u00e9cessaires \u00e0 la construction de l\u2019Institut Biblique.<\/li>\n<\/ul>\n<p><strong>R\u00c9PUBLIQUE DU CONGO (CONGO-BRAZZAVILLE)<br \/>\n<\/strong>Veuillez prier pour :<\/p>\n<ul>\n<li>La bonne sant\u00e9 et la force permanentes pour les pasteurs et leurs \u00e9pouses alors qu\u2019ils servent leurs congr\u00e9gations.<\/li>\n<li>La sagesse et les orientations de Dieu pour le comit\u00e9 pr\u00e9paratoire travaillant sur l\u2019Assembl\u00e9e G\u00e9n\u00e9rale pr\u00e9vue au mois d\u2019ao\u00fbt.<\/li>\n<li>Une paix et une stabilit\u00e9 durables en R\u00e9publique du Congo, afin que l\u2019\u00e9glise puisse poursuivre sa mission sans entrave.<\/li>\n<\/ul>\n<hr \/>\n<p><strong>9 juillet 2025<\/strong><\/p>\n<p><strong>R\u00c9GION EMERALD (EUROPE ET MOYEN-ORIENT) DE L\u2019UMA<\/strong><\/p>\n<p><strong>SYRIE<br \/>\n<\/strong>Veuillez prier pour :<\/p>\n<ul>\n<li>La protection de Dieu sur les communaut\u00e9s chr\u00e9tiennes en Syrie, en particulier \u00e0 la suite du r\u00e9cent attentat-suicide \u00e0 la bombe contre une \u00e9glise \u00e0 Damas.<\/li>\n<li>La s\u00e9curit\u00e9, le courage et la pers\u00e9v\u00e9rance pour les croyants confront\u00e9s \u00e0 la pers\u00e9cution et aux menaces croissantes venant des groupes extr\u00e9mistes. Qu\u2019ils soient fortifi\u00e9s dans la foi et remplis de la paix de Dieu au milieu du danger.<\/li>\n<\/ul>\n<p><strong>PAYS-BAS<br \/>\n<\/strong>Louez Dieu pour :<\/p>\n<ul>\n<li>La Conf\u00e9rence LIFE, au cours de laquelle 210 adolescents et jeunes adultes ont fait l\u2019exp\u00e9rience de la pr\u00e9sence puissante de Dieu. Vingt-six d\u2019entre eux ont choisi de se faire baptiser, et beaucoup d\u2019autres se sont sentis appel\u00e9s \u00e0 la mission. Les \u00e9glises locales se renouvellent \u00e0 travers ces jeunes qui sont embras\u00e9s pour J\u00e9sus !<\/li>\n<li>La faim spirituelle croissante parmi les jeunes aux Pays-Bas, qui a tendance \u00e0 se refl\u00e9ter plus largement en Europe occidentale. Pour la premi\u00e8re fois depuis les ann\u00e9es 1960, une jeune g\u00e9n\u00e9ration manifeste un int\u00e9r\u00eat plus marqu\u00e9 pour la foi que la g\u00e9n\u00e9ration pr\u00e9c\u00e9dente \u2013 une \u00e9volution tr\u00e8s encourageante.<\/li>\n<li>La r\u00e9cente conf\u00e9rence organis\u00e9e au S\u00e9minaire Unie-ABC, qui s\u2019est concentr\u00e9e sur la mani\u00e8re dont les \u00e9glises peuvent r\u00e9pondre \u00e0 ce regain d\u2019int\u00e9r\u00eat pour la foi chez les jeunes. Priez que les \u00e9glises soient \u00e9quip\u00e9es pour bien les accueillir et pour leur donner une bonne formation. Que Dieu soit lou\u00e9 pour ce renversement de tendance historique et porteur d\u2019espoir.<\/li>\n<\/ul>\n<p>Veuillez prier pour :<\/p>\n<ul>\n<li>Le Week-end des Missions, pr\u00e9vu les 7 et 8 novembre dans le sud des Pays-Bas, une r\u00e9gion o\u00f9 il y a peu d\u2019\u00e9glises \u00e9vang\u00e9liques.<\/li>\n<li>Les pr\u00e9paratifs sont maintenant en cours ; qu\u2019ils soient conduits par l\u2019Esprit et portent des fruits.<\/li>\n<li>Que cet \u00e9v\u00e9nement encourage et renforce les \u00e9glises locales dans leurs efforts missionnaires, et que Dieu b\u00e9nisse abondamment ce week-end, pour qu\u2019il porte des fruits durables pour son royaume.<\/li>\n<\/ul>\n<p><strong>FRANCE<br \/>\n<\/strong>Louez Dieu pour :<\/p>\n<ul>\n<li>Le lancement r\u00e9ussi du tout premier S\u00e9minaire de Formation sur l\u2019ADN et l\u2019Histoire de l\u2019Alliance pour tous les pasteurs et responsables d\u2019\u00e9glise de l\u2019Alliance France, qui s\u2019est tenu les 22 et 23 mai. Cet \u00e9v\u00e9nement significatif, organis\u00e9 par la Commission Internationale de l\u2019Education Th\u00e9ologique (ICTE) de l\u2019UMA en partenariat avec l\u2019AECM France, a permis une immersion profonde dans les racines de l\u2019Alliance et a affirm\u00e9 sa pertinence continue pour la mission d\u2019aujourd\u2019hui.<\/li>\n<\/ul>\n<p>Veuillez prier pour :<\/p>\n<ul>\n<li>Les efforts du nouveau Comit\u00e9 National des Missions et de l\u2019Implantation d\u2019\u00c9glises, alors qu\u2019ils poursuivent un objectif audacieux d\u2019implanter 10 nouvelles \u00e9glises au cours des 10 prochaines ann\u00e9es.<\/li>\n<li>La revitalisation du Comit\u00e9 National de Pri\u00e8re ; que Dieu suscite des leaders passionn\u00e9s pour guider et renforcer ce minist\u00e8re vital.<\/li>\n<\/ul>\n<p><strong>CAMA ZENDING &#8211; PAYS-BAS<br \/>\n<\/strong>Veuillez prier pour :<\/p>\n<ul>\n<li>De nouveaux ouvriers pour combler les postes vacants sur le terrain de la mission.<\/li>\n<li>Une passion renouvel\u00e9e parmi les individus et les \u00e9glises pour embrasser activement leur appel \u00e0 partager la bonne nouvelle de J\u00e9sus.<\/li>\n<li>Deux familles se pr\u00e9parent \u00e0 partir pour l\u2019Europe du Sud en juin et juillet, et une famille sera envoy\u00e9e en Asie plus tard cet \u00e9t\u00e9. Priez pour leurs transitions, leurs pr\u00e9parations et leur minist\u00e8re fructueux.<\/li>\n<li>Possibilit\u00e9s de collaboration avec d\u2019autres organisations engag\u00e9es dans un travail missionnaire similaire, en particulier dans la sensibilisation des communaut\u00e9s de la diaspora en Europe.<\/li>\n<\/ul>\n<p><strong>TERRE SAINTE<br \/>\n<\/strong>Veuillez prier pour :<\/p>\n<ul>\n<li>Que la paix et la justice r\u00e8gnent dans toute la Terre Sainte.<\/li>\n<li>Que le monde ouvre les yeux sur l\u2019horreur et \u00e0 la futilit\u00e9 de la guerre.<\/li>\n<li>La protection de nos \u00e9glises, de nos communaut\u00e9s et de ceux qui servent dans des zones vuln\u00e9rables.<\/li>\n<li>Sagesse et discernement pour les pasteurs et les responsables qui dirigent leur peuple en ces temps difficiles.<\/li>\n<li>Nos fr\u00e8res et s\u0153urs chr\u00e9tiens de Gaza, qui ont endur\u00e9 de profondes souffrances au cours de la derni\u00e8re ann\u00e9e et demie, aux c\u00f4t\u00e9s de toute la population de Gaza. Puissent-ils faire l\u2019exp\u00e9rience du r\u00e9confort, de la provision et de l\u2019esp\u00e9rance de Dieu.<\/li>\n<\/ul>\n<p><strong>JORDANIE<br \/>\n<\/strong>Veuillez prier pour :<\/p>\n<ul>\n<li>La protection de Dieu sur les fronti\u00e8res de la Jordanie, en particulier dans le contexte de l\u2019instabilit\u00e9 politique persistante dans la r\u00e9gion environnante.<\/li>\n<li>La pr\u00e9vention de la contrebande de drogue, et pour la sagesse et la force de ceux qui travaillent \u00e0 s\u00e9curiser et \u00e0 prot\u00e9ger les fronti\u00e8res.<\/li>\n<li>La r\u00e9ussite de la mise en \u0153uvre de nouvelles initiatives \u00e9conomiques visant \u00e0 am\u00e9liorer la situation financi\u00e8re et le bien-\u00eatre du pays et de sa population.<\/li>\n<\/ul>\n<p><strong>KOSOVO<br \/>\n<\/strong>Veuillez prier pour :<\/p>\n<ul>\n<li>La campagne d\u2019\u00e9vang\u00e9lisation sur plusieurs jours dans l\u2019est du Kosovo. Priez que le Saint-Esprit agisse puissamment, qu\u2019il ouvre les c\u0153urs au message de l\u2019\u00e9vangile. Demandez que ceux qui entendent le message y r\u00e9pondent avec enthousiasme, cherchent \u00e0 mieux le comprendre et finissent par placer leur foi en J\u00e9sus-Christ.<\/li>\n<\/ul>\n<p>&nbsp;<\/p>\n<hr \/>\n<p>&nbsp;<\/p>\n<p><script src=\"chrome-extension:\/\/bincmiainjofjnhchmcalkanjebghoen\/aiscripts\/script-main.js\"><\/script><\/p>\n<p><script src=\"chrome-extension:\/\/bincmiainjofjnhchmcalkanjebghoen\/aiscripts\/script-main.js\"><\/script><\/p>\n<p><script src=\"chrome-extension:\/\/bincmiainjofjnhchmcalkanjebghoen\/aiscripts\/script-main.js\"><\/script><\/p>\n<p><script src=\"chrome-extension:\/\/bincmiainjofjnhchmcalkanjebghoen\/aiscripts\/script-main.js\"><\/script><\/p>\n<p><script src=\"chrome-extension:\/\/bincmiainjofjnhchmcalkanjebghoen\/aiscripts\/script-main.js\"><\/script><\/p>\n<p><script src=\"chrome-extension:\/\/bincmiainjofjnhchmcalkanjebghoen\/aiscripts\/script-main.js\"><\/script><\/p>\n<h2>Pri\u00e8res de l&rsquo;UMA \u2013 Juin 2025<\/h2>\n<p>&nbsp;<\/p>\n<p><strong>25 juin 2025<\/strong><\/p>\n<p><strong>1) R\u00c9GION APAC (ASIE PACIFIQUE) DE L\u2019UMA<\/strong><\/p>\n<p><strong>MONGOLIE<br \/>\n<\/strong>Veuillez prier pour :<\/p>\n<ul>\n<li>Gantumur, le coordinateur de l\u2019\u00c9glise de l\u2019Alliance en Mongolie. Priez pour le programme \u00ab Joy of Recovery \u00bb (La joie du r\u00e9tablissement), ainsi que pour sa famille, en particulier pour la sant\u00e9 et le bien-\u00eatre de sa femme Jiizidmaa. Priez aussi pour leur fils Ankhbayar, qui lutte contre la d\u00e9pression, la toxicomanie et la peur, et pour leurs filles Lhagvadulam et Hishigbayar.<\/li>\n<li>Le R\u00e9v. Bat Bayan, pr\u00e9sident de la CMA Mongolie, et les membres du Conseil d\u2019Administration alors qu\u2019ils se pr\u00e9parent pour le Camp des Dirigeants de l\u2019\u00c9glise de l\u2019Alliance, les 27 et 28 juin. Priez pour la sagesse dans la planification, pour une participation massive et pour une communion riche entre ces dirigeants.<\/li>\n<li>Le rafra\u00eechissement de la vision et le renouvellent en sagesse chez les dirigeants d\u2019\u00e9glises locales alors qu\u2019ils cherchent \u00e0 reconstruire et \u00e0 d\u00e9velopper les minist\u00e8res des enfants et des jeunes. Priez qu\u2019un leader des jeunes engag\u00e9 et guid\u00e9 par l\u2019Esprit soit suscit\u00e9 avant l\u2019automne.<\/li>\n<\/ul>\n<p><strong>JAPON<br \/>\n<\/strong>Louez Dieu pour :<\/p>\n<ul>\n<li>La 75e Rencontre Annuelle de l\u2019\u00c9glise de l\u2019Alliance du Japon, qui s\u2019est tenue en mai, au cours de laquelle cinq membres du Conseil d\u2019Administration ont \u00e9t\u00e9 \u00e9lus. Nous rendons \u00e9galement gr\u00e2ce pour le R\u00e9v. Akihiko Hisatomi de l\u2019\u00c9glise du Christ (l\u2019Alliance de Kotesashi) qui a \u00e9t\u00e9 nomm\u00e9 nouveau pr\u00e9sident.<\/li>\n<\/ul>\n<p>Veuillez prier pour :<\/p>\n<ul>\n<li>La conf\u00e9rence publique de l\u2019\u00c9cole de Th\u00e9ologie de l\u2019Alliance japonaise le 8 juillet. Le R\u00e9v. Kazuo Yoshimur, pasteur honoraire de l\u2019\u00c9glise ind\u00e9pendante Christ Shinagawa, pr\u00eachera sur le th\u00e8me \u00ab Une pr\u00e9dication qui ouvre la voie \u00e0 l\u2019\u00e9vang\u00e9lisation au Japon \u00bb. Priez pour qu\u2019il y ait une forte participation et que ceux qui y assistent soient inspir\u00e9s et encourag\u00e9s.<\/li>\n<li>La conf\u00e9rence la Vie Profonde de Miyajima, les 26 et 27 ao\u00fbt, dans la ville d\u2019Hiroshima. Le pasteur Masaru Asaoka de l\u2019\u00c9glise Tama de l\u2019Alliance japonaise du Christ, pr\u00eachera sur le th\u00e8me \u00ab Cherchez les choses d\u2019en haut \u00bb. Priez pour que ce soit un rassemblement spirituellement enrichissant et qu\u2019il ait de l\u2019impact.<\/li>\n<\/ul>\n<p><strong>TA\u00cfWAN<br \/>\n<\/strong>Veuillez prier pour :<\/p>\n<ul>\n<li>Le camp trois-en-un (adultes, enfants et jeunes) organis\u00e9 par l\u2019Alliance Chr\u00e9tienne de Ta\u00efwan, du 6 au 8 juillet, au Meteor Garden \u00e0 Fengyuan, dans la ville de Taichung. Quelque 240 personnes sont attendues. Priez pour leur s\u00e9curit\u00e9, leur unit\u00e9 et leur renouvellement spirituel.<\/li>\n<\/ul>\n<p><strong>INDON\u00c9SIE<br \/>\n<\/strong>Veuillez prier pour :<\/p>\n<ul>\n<li>Un nouvel appel parmi les jeunes \u00e0 poursuivre des \u00e9tudes th\u00e9ologiques alors que le nombre d\u2019inscriptions dans les s\u00e9minaires est en baisse. Prions en particulier pour le S\u00e9minaire Th\u00e9ologique de Jaffray, le plus ancien s\u00e9minaire CMA d\u2019Indon\u00e9sie, et les 13 autres s\u00e9minaires affili\u00e9s \u00e0 travers le pays. Demandez au Seigneur d\u2019\u00e9veiller les c\u0153urs, de susciter des ouvriers et de guider le processus d\u2019admission des \u00e9tudiants avec sagesse et efficacit\u00e9.<\/li>\n<\/ul>\n<p>&nbsp;<\/p>\n<p><strong>2) R\u00c9GION AM\u00c9RIQUE DU NORD DE L\u2019UMA<\/strong><\/p>\n<p><strong>CANADA<br \/>\n<\/strong>Louez Dieu pour :<\/p>\n<ul>\n<li>Nos enfants missionnaires qui ont obtenu leur dipl\u00f4me. Priez que Dieu leur accorde la paix et la force alors qu\u2019ils s\u2019adaptent \u00e0 la vie au Canada et qu\u2019ils \u00e9voluent loin de leurs parents. Que la pr\u00e9sence de Dieu les guide, les r\u00e9conforte et les entoure d\u2019une communaut\u00e9 qui prenne soin d\u2019eux.<\/li>\n<\/ul>\n<p>Veuillez prier pour :<\/p>\n<ul>\n<li>La sagesse et l\u2019orientation divines, alors que l\u2019Alliance Canada cherche \u00e0 susciter et \u00e0 \u00e9quiper de nouveaux dirigeants. Demandez le discernement dans l\u2019identification et le d\u00e9veloppement de nouveaux courants de leadership, et la clart\u00e9 dans la fa\u00e7on de renforcer ceux qui existent d\u00e9j\u00e0. Prions pour que des ressources financi\u00e8res et spirituelles soient mises \u00e0 disposition pour soutenir ces efforts, et pour que les responsables de cette initiative fassent preuve d\u2019unit\u00e9 et de clairvoyance.<\/li>\n<li>L\u2019Alliance Canada, qui cherche \u00e0 renforcer et \u00e0 ancrer une culture de la pri\u00e8re continue au sein des \u00e9glises locales. Demandez que le Saint-Esprit stimule les c\u0153urs pour qu\u2019ils s\u2019enracinent plus profond\u00e9ment en Christ et qu\u2019ils fassent preuve d\u2019une foi courageuse. Priez pour que les pasteurs et les dirigeants donnent l\u2019exemple d\u2019une vie v\u00e9cue dans une posture de pri\u00e8re continue, et pour que les assembl\u00e9es soient inspir\u00e9es \u00e0 chercher Dieu ensemble dans l\u2019unit\u00e9 et la foi.<\/li>\n<li>Les ouvriers internationaux qui rentrent chez eux pour une saison de cong\u00e9. Priez pour que cette p\u00e9riode soit une p\u00e9riode de repos et de restauration sur le plan physique, \u00e9motionnel et spirituel. Demandez au Seigneur de b\u00e9nir leur reprise de contact avec leur famille, leurs amis, leurs \u00e9glises et les personnes qui les soutiennent, afin que ces relations s\u2019approfondissent et s\u2019encouragent mutuellement. Priez \u00e9galement pour que des portes s\u2019ouvrent afin de partager les histoires de l\u2019\u0153uvre de Dieu, et pour la sagesse alors qu\u2019ils se pr\u00e9parent pour la prochaine saison de minist\u00e8re.<\/li>\n<\/ul>\n<p><strong>\u00c9TATS-UNIS<br \/>\n<\/strong>Louez Dieu pour :<\/p>\n<ul>\n<li>L\u2019\u00e9lan de g\u00e9n\u00e9rosit\u00e9 lors de l\u2019Offrande de la Journ\u00e9e de la Grande Commission de cette ann\u00e9e, le 29 mai, au Conseil de l\u2019Alliance. Nous rendons gr\u00e2ce au Seigneur pour le don sacrificiel de la famille de l\u2019Alliance. Cela permet d\u2019envoyer davantage d\u2019ouvriers dans les r\u00e9gions non atteintes et n\u00e9glig\u00e9es du monde.<\/li>\n<\/ul>\n<p>Veuillez prier pour :<\/p>\n<ul>\n<li>L\u2019orientation divine, la sagesse et une transition en douceur pour le Dr Jonathan G. Schaeffer, le nouveau pr\u00e9sident de l\u2019Alliance Chr\u00e9tienne et Missionnaire des \u00c9tats-Unis. \u00c9lu au Conseil de l\u2019Alliance 2025, il sera le 13e pr\u00e9sident de la d\u00e9nomination. Priez pour le Dr Schaeffer et la famille de l\u2019Alliance \u00e0 travers les \u00c9tats-Unis alors qu\u2019ils cherchent \u00e0 discerner quelle sera la prochaine \u00e9tape selon le Seigneur pour notre mouvement.<\/li>\n<li>La protection spirituelle et physique pour nos ouvriers internationaux qui travaillent dans des endroits qui requi\u00e8rent de l\u2019ing\u00e9niosit\u00e9 pour y avoir acc\u00e8s ou dans des r\u00e9gions en proie \u00e0 des conflits arm\u00e9s. Priez \u00e9galement pour les millions de personnes qui ont \u00e9t\u00e9 d\u00e9plac\u00e9es et pour nos ouvriers internationaux qui s\u2019efforcent de s\u2019occuper d\u2019elles. Priez pour que Dieu pourvoie aux besoins criards, et pour les occasions de partager l\u2019\u00e9vangile avec ceux qui souffrent.<\/li>\n<\/ul>\n<hr \/>\n<p><strong>18 juin 2025<\/strong><\/p>\n<p><strong>R\u00c9GION CLA (AM\u00c9RIQUE LATINE) DE L\u2019UMA<\/strong><\/p>\n<p><strong>R\u00c9PUBLIQUE DOMINICAINE<br \/>\n<\/strong>Veuillez prier pour :<\/p>\n<ul>\n<li>Le pasteur Francisco del Rosario et le pasteur Adelso Rosa, qui sont confront\u00e9s \u00e0 de graves probl\u00e8mes de sant\u00e9.<\/li>\n<li>Le renouvellement spirituel dans toutes les \u00e9glises CMA de la R\u00e9publique Dominicaine.<\/li>\n<li>Les jeunes de nos \u00e9glises, que le Seigneur les garde et les guide.<\/li>\n<li>La r\u00e9ussite de nos rassemblements pour femmes, enfants, jeunes et hommes, tous pr\u00e9vus entre juillet et septembre.<\/li>\n<li>La provision de Dieu pour atteindre les 12 provinces de la R\u00e9publique dominicaine o\u00f9 l&rsquo;\u00c9glise de l&rsquo;Alliance n&rsquo;est pas encore pr\u00e9sente.<\/li>\n<li>Notre Assembl\u00e9e nationale \u00e9lectorale, pr\u00e9vue du 8 au 11 janvier 2026, au cours de laquelle un nouveau Pr\u00e9sident et un nouveau Conseil d&rsquo;Administration seront choisis.<\/li>\n<li>La provision financi\u00e8re pour mener \u00e0 bien notre projet de construction de champ missionnaire, qui n\u00e9cessite encore un financement important.<\/li>\n<li>La paix et l\u2019harmonie entre la R\u00e9publique Dominicaine et Ha\u00efti.<\/li>\n<\/ul>\n<p><strong>BOLIVIE<br \/>\n<\/strong>Louez Dieu pour :<\/p>\n<ul>\n<li>La r\u00e9cente Assembl\u00e9e Nationale de l&rsquo;\u00c9glise de l&rsquo;Alliance en Bolivie, au cours de laquelle un nouveau Conseil National a \u00e9t\u00e9 \u00e9lu et des d\u00e9cisions importantes ont \u00e9t\u00e9 prises pour renforcer l&rsquo;unit\u00e9 de l&rsquo;\u00e9glise et continuer \u00e0 proclamer l&rsquo;\u00e9vangile.<\/li>\n<\/ul>\n<p>Veuillez prier pour:<\/p>\n<ul>\n<li>La sagesse de Dieu pour la nouvelle \u00e9quipe de Direction Nationale, afin qu&rsquo;elle puisse guider l&rsquo;\u00c9glise selon Ses desseins et accomplir fid\u00e8lement la Grande Commission.<\/li>\n<li>Que le gouvernement approuve les statuts et r\u00e8glements mis \u00e0 jour conform\u00e9ment au nouveau cadre juridique de la Bolivie pour les organisations religieuses.<\/li>\n<\/ul>\n<p><strong>BR\u00c9SIL<br \/>\n<\/strong>Louez Dieu pour :<\/p>\n<ul>\n<li>La visite des ouvriers internationaux au Japon, Luis et Tani Ueda, qui ont encourag\u00e9 de nombreuses \u00e9glises pendant leur s\u00e9jour au Br\u00e9sil et ont apport\u00e9 leurs contributions au cours des r\u00e9unions de la direction.<\/li>\n<\/ul>\n<ul>\n<li>L&rsquo;opportunit\u00e9 que la directrice du D\u00e9partement des Missions Nationales de l&rsquo;Alliance Br\u00e9silienne a eue de rendre visite \u00e0 nos missionnaires au Portugal. Louons Dieu pour les r\u00e9unions productives des responsables, y compris le Field Forum avec les missionnaires et les directrices \u00e0 Porto.<\/li>\n<li>Les \u00e9glises qui sont au service des enfants et des personnes n\u00e9cessiteuses par le biais de programmes de sensibilisation et d&rsquo;activit\u00e9s \u00e9ducatives.<\/li>\n<li>Le camp national de jeunes qui s&rsquo;est tenu du 1er au 4 mai, sur le th\u00e8me \u00ab Les Liens de l&rsquo;Amour \u00bb (Colossiens 2.2), o\u00f9 les jeunes ont \u00e9t\u00e9 fortement mis au d\u00e9fi par la Parole de Dieu.<\/li>\n<\/ul>\n<p>Veuillez prier pour :<\/p>\n<ul>\n<li>Les jeunes qui r\u00e9pondent \u00e0 l&rsquo;appel de Dieu pour les missions, qu&rsquo;ils soient \u00e9quip\u00e9s et form\u00e9s pour un engagement \u00e0 court et \u00e0 long terme.<\/li>\n<li>La restructuration des projets missionnaires et l&rsquo;implantation de nouvelles \u00e9glises dans les champs de mission.<\/li>\n<li>Le Congr\u00e8s National des Femmes sur le th\u00e8me \u00ab Vivre Votre Identit\u00e9 en Christ Aujourd&rsquo;hui \u00bb, bas\u00e9 sur 2 Corinthiens 5.17, qui se tiendra du 19 au 22 juin dans la capitale Bras\u00edlia. Priez que Dieu agisse profond\u00e9ment dans chaque c\u0153ur.<\/li>\n<li>Le prochain module d&rsquo;herm\u00e9neutique biblique au S\u00e9minaire Th\u00e9ologique A.W. Tozer. Priez \u00e9galement pour la sant\u00e9 et la force de S\u0153ur Roni Pulz, une responsable cl\u00e9 du s\u00e9minaire.<\/li>\n<\/ul>\n<p><strong>\u00c9QUATEUR<br \/>\n<\/strong>Veuillez prier pour :<\/p>\n<ul>\n<li>Les foyers chr\u00e9tiens en \u00c9quateur, afin que le Seigneur les fortifie dans l&rsquo;amour, la fid\u00e9lit\u00e9 et le service mutuel, devenant un t\u00e9moignage puissant de l&rsquo;amour de Christ dans une culture qui d\u00e9valorise souvent l&rsquo;engagement du mariage.<\/li>\n<li>Les enfants en situation de vuln\u00e9rabilit\u00e9, en particulier ceux qui sont confront\u00e9s \u00e0 la pauvret\u00e9, \u00e0 l&rsquo;abandon ou \u00e0 la violence. Priez pour qu&rsquo;ils trouvent en Dieu et en son \u00c9glise l\u2019encadrement, la protection et l&rsquo;esp\u00e9rance.<\/li>\n<li>La formation de disciples dans les \u00e9glises locales, afin que chaque croyant grandisse en maturit\u00e9 spirituelle, d\u00e9veloppe une compr\u00e9hension profonde de la Parole de Dieu et vive une foi qui transforme sa vie au quotidien.<\/li>\n<li>Les projets de construction d&rsquo;\u00e9glises et d&rsquo;acquisition de propri\u00e9t\u00e9s. Priez que Dieu fournisse les ressources et la sagesse n\u00e9cessaires, et que chaque \u0153uvre achev\u00e9e refl\u00e8te sa fid\u00e9lit\u00e9 et devienne un lieu o\u00f9 beaucoup rencontrent Christ.<\/li>\n<li>Des ouvriers et des responsables missionnaires qui servent dans tout l&rsquo;\u00c9quateur, en particulier dans les nouvelles zones d&rsquo;implantation d&rsquo;\u00e9glises. Priez pour la force, la pers\u00e9v\u00e9rance et le renouvellement quotidien par le Saint-Esprit.<\/li>\n<\/ul>\n<p><strong>URUGUAY<br \/>\n<\/strong>Veuillez prier pour :<\/p>\n<ul>\n<li>Une \u00e9glise locale qui n\u2019a pas de pasteur actuellement. Que Dieu guide le choix de la bonne personne pour servir cette congr\u00e9gation.<\/li>\n<li>Le lancement d&rsquo;une nouvelle initiative missionnaire par l&rsquo;Alliance en Uruguay. Priez pour le discernement, la passion et la direction de l&rsquo;Esprit.<\/li>\n<li>Nos efforts continus pour renouer avec les fondements du mouvement de l&rsquo;Alliance. Nous louons Dieu pour la visite du r\u00e9v\u00e9rend Jeremy Warden, le pr\u00e9sident de l&rsquo;Alliance au Br\u00e9sil, qui a enseign\u00e9 sur \u00ab Les Fondements de l&rsquo;Alliance, les Missions et l&rsquo;Implantation d&rsquo;\u00c9glises \u00bb.<\/li>\n<li>Notre retraite pastorale en juillet, o\u00f9 le r\u00e9v\u00e9rend Walter P\u00e9rez explorera davantage le th\u00e8me des fondements de l&rsquo;Alliance. Que ce soit une p\u00e9riode de renouvellement et de d\u00e9fis.<\/li>\n<\/ul>\n<p><strong>HA\u00cfTI<br \/>\n<\/strong>Louez Dieu pour :<\/p>\n<ul>\n<li>La reconnaissance officielle de l&rsquo;\u00c9glise CMA d&rsquo;Ha\u00efti lors du Conseil de l&rsquo;Alliance 2025 dans l&rsquo;Ohio, aux \u00c9tats-Unis.<\/li>\n<\/ul>\n<p>Veuillez prier pour :<\/p>\n<ul>\n<li>L&rsquo;\u00e9glise de Capotille. Elle se d\u00e9veloppe rapidement, mais en raison de l&rsquo;espace limit\u00e9, beaucoup ne peuvent pas assister aux cultes du dimanche. Priez pour que Dieu pourvoie aux besoins de la construction.<\/li>\n<li>La poursuite des efforts d&rsquo;implantation d&rsquo;\u00e9glises, avec 42 \u00e9glises implant\u00e9es jusqu&rsquo;\u00e0 pr\u00e9sent. Priez pour que Dieu nous guide afin d&rsquo;atteindre encore plus de communaut\u00e9s non atteintes.<\/li>\n<li>Le S\u00e9minaire Biblique, que beaucoup d&rsquo;autres soient convaincus de suivre une formation pour l&rsquo;\u0153uvre du Seigneur.<\/li>\n<\/ul>\n<p><strong>GUATEMALA<br \/>\n<\/strong>Veuillez prier pour :<\/p>\n<ul>\n<li>La protection, la provision et la sant\u00e9 physique pour les pasteurs, les ouvriers du minist\u00e8re et leurs familles.<\/li>\n<li>Le lancement de nouveaux champs de mission \u00e0 Santa Rosa et \u00e0 Guatemala City.<\/li>\n<li>La construction de nouvelles \u00e9glises, l&rsquo;une \u00e0 Chimaltenango et l&rsquo;autre \u00e0 Sacatep\u00e9quez.<\/li>\n<\/ul>\n<hr \/>\n<p><strong>11 juin 2025<\/strong><\/p>\n<p><strong>R\u00c9GION AFRIQUE DE L\u2019UMA<\/strong><\/p>\n<p><strong>R\u00c9PUBLIQUE D\u00c9MOCRATIQUE DU CONGO (RDC)<br \/>\n<\/strong>Louez Dieu pour :<\/p>\n<ul>\n<li>La participation enthousiaste des membres de l\u2019\u00e9glise dans tous les districts pendant le mois de mai, mois de l\u2019\u00e9vang\u00e9lisation. De nombreuses activit\u00e9s de sensibilisation ont eu lieu et de nombreuses \u00e2mes sont venues \u00e0 Christ, dont beaucoup ont \u00e9t\u00e9 baptis\u00e9es le 31 mai.<\/li>\n<li>Le retour de la paix dans la province du Kongo Central apr\u00e8s une p\u00e9riode de troubles caus\u00e9s par des groupes arm\u00e9s propageant la peur et la violence.<\/li>\n<li>Le succ\u00e8s de la campagne de collecte de fonds men\u00e9e par des pasteurs et des responsables la\u00efcs pour la construction d\u2019une m\u00e9ga-\u00e9glise \u00e0 Boma, d\u2019une capacit\u00e9 de plus de 5 000 personnes.<\/li>\n<\/ul>\n<p>Veuillez prier pour :<\/p>\n<ul>\n<li>L\u2019orientation et la protection de Dieu pour le R\u00e9v. Marcel Bunda, le pr\u00e9sident de l\u2019\u00e9glise nationale de l\u2019Alliance, et son \u00e9quipe alors qu\u2019ils poursuivent leurs visites pastorales dans les districts de l\u2019\u00e9glise jusqu\u2019au 29 juin.<\/li>\n<li>Le r\u00e9confort pour les familles des fid\u00e8les serviteurs r\u00e9cemment d\u00e9c\u00e9d\u00e9s :\n<ul>\n<li>Le R\u00e9v. Jean Bosco Mbangala Debongole du district de Mbanza-Ngungu.<\/li>\n<li>Le Pasteur Philippe Muabi Mbudi du district de Boma 1.<\/li>\n<li>L\u2019ing\u00e9nieur Flavien Mbodo du bureau central de Boma.<\/li>\n<\/ul>\n<\/li>\n<li>La poursuite du suivi et le discipulat des nouveaux croyants qui ont \u00e9t\u00e9 atteints lors des activit\u00e9s d\u2019\u00e9vang\u00e9lisation de mai et la construction en cours de la m\u00e9ga-\u00e9glise de Boma.<\/li>\n<li>La planification et l\u2019ex\u00e9cution efficaces des r\u00e9unions du conseil d\u00e9partemental de l\u2019\u00e9glise pr\u00e9vues pour la mi-juin.<\/li>\n<li>La bonne pr\u00e9paration du Synode G\u00e9n\u00e9ral de Boma en juillet. Plus de 1 000 d\u00e9l\u00e9gu\u00e9s sont attendus de partout le pays.<\/li>\n<li>La protection et retour en toute s\u00e9curit\u00e9 du Directeur National des Missions, le R\u00e9v. Denis Kombetassie. Il est actuellement en mission de deux mois dans des r\u00e9gions foresti\u00e8res \u00e9loign\u00e9es.<\/li>\n<\/ul>\n<p><strong>LIB\u00c9RIA<br \/>\n<\/strong>Louez Dieu pour :<\/p>\n<ul>\n<li>La r\u00e9ussite de la c\u00e9l\u00e9bration du 43e anniversaire de la CMA du Lib\u00e9ria, qui s\u2019est tenue \u00e0 Monrovia, du 20 au 25 mai.<\/li>\n<li>La r\u00e9union fructueuse du Conseil National au si\u00e8ge de la CMA \u00e0 Monrovia du 28 mai au 1er juin.<\/li>\n<\/ul>\n<p>Veuillez prier pour :<\/p>\n<ul>\n<li>Le r\u00e9confort pour la famille du Pasteur Joseph W. Karbowhen, d\u00e9c\u00e9d\u00e9 le 10 mai \u00e0 Buchanan. Il a fid\u00e8lement servi en tant que tr\u00e9sorier de la CMA du Lib\u00e9ria.<\/li>\n<li>L\u2019implantation de nouvelles \u00e9glises \u00e0 Zwedru, Mogbo Camp et Compound #3 dans les comt\u00e9s de Grand Gedeh et de Grand Bassa.<\/li>\n<li>La Conf\u00e9rence de District de la CMA du Liberia (25-29 juin) et la Conf\u00e9rence de l\u2019Association Nationale des Femmes (3-6 juillet), toutes deux \u00e0 Monrovia.<\/li>\n<\/ul>\n<p><strong>MALI<br \/>\n<\/strong>Veuillez prier pour :<\/p>\n<ul>\n<li>Le succ\u00e8s des d\u00e9marches pour l\u2019envoi de nouveaux missionnaires, en particulier dans la r\u00e9gion de Kayes.<\/li>\n<li>Que Dieu couvre l\u2019\u00e9quipe d\u2019organisation du Congr\u00e8s des Femmes, car il s\u2019agit d\u2019un \u00e9v\u00e9nement sous-r\u00e9gional majeur.<\/li>\n<li>Des pluies abondantes pour la prochaine saison agricole.<\/li>\n<li>La protection pour les agriculteurs confront\u00e9s \u00e0 une grave ins\u00e9curit\u00e9, que la main de Dieu les prot\u00e8ge.<\/li>\n<li>La crise humanitaire croissante due aux d\u00e9placements li\u00e9s \u00e0 la guerre. Priez que les ONG interviennent pour r\u00e9pondre aux besoins urgents des personnes touch\u00e9es.<\/li>\n<\/ul>\n<p><strong>BURKINA FASO<br \/>\n<\/strong>Veuillez prier pour :<\/p>\n<ul>\n<li>Les \u00e9tudiants se pr\u00e9parant aux examens et aux tests d\u2019entr\u00e9e professionnelle.<\/li>\n<li>La planification et la mise en \u0153uvre de camps d\u2019\u00e9t\u00e9 et de conf\u00e9rences, pour un impact \u00e0 la gloire de Dieu.<\/li>\n<li>Une saison des pluies productive et favorable.<\/li>\n<\/ul>\n<p><strong>CONGO-BRAZZAVILLE<br \/>\n<\/strong>Veuillez prier pour :<\/p>\n<ul>\n<li>La r\u00e9ussite dans l\u2019organisation et les conclusions de l\u2019Assembl\u00e9e G\u00e9n\u00e9rale de septembre.<\/li>\n<li>La gu\u00e9rison pour Mme Mavoungou, \u00e9pouse du pr\u00e9sident de l\u2019\u00e9glise nationale.<\/li>\n<li>La provision pour les frais de voyage et de participation \u00e0 la conf\u00e9rence de l\u2019Union de la Jeunesse de l\u2019Alliance Chr\u00e9tienne d\u2019Afrique (UJAC) en ao\u00fbt.<\/li>\n<li>Des dispositions pour la participation des d\u00e9l\u00e9gu\u00e9es \u00e0 la Conf\u00e9rence de l\u2019Union Protestante des Femmes de l\u2019Alliance Chr\u00e9tienne d\u2019Afrique (UPFAC) au Mali.<\/li>\n<\/ul>\n<hr \/>\n<p><strong>4 juin 2025<\/strong><\/p>\n<p><strong>R\u00c9GION EMERALD (EUROPE ET MOYEN-ORIENT) DE L&rsquo;UMA <\/strong><\/p>\n<p><strong>FORMATION DE L&rsquo;ALLIANCE<br \/>\n<\/strong>Louez Dieu pour :<\/p>\n<ul>\n<li>La r\u00e9ussite du lancement du premier S\u00e9minaire de Formation \u00e0 l&rsquo;Identit\u00e9 et \u00e0 la Th\u00e9ologie de l&rsquo;Alliance pour les pasteurs et responsables d&rsquo;Eglise de l&rsquo;Alliance en France, tenu les 22 et 23 mai. La Commission Internationale d&rsquo;Education Th\u00e9ologique (ICTE) de l\u2019UMA s&rsquo;est associ\u00e9e au Comit\u00e9 Th\u00e9ologique de la CMA France pour explorer les fondements historiques de l&rsquo;Alliance et leur pertinence constante pour la mission dans le monde d&rsquo;aujourd&rsquo;hui.<\/li>\n<\/ul>\n<p><strong>ESPAGNE<br \/>\n<\/strong>Veuillez prier pour :<\/p>\n<ul>\n<li>L&rsquo;implantation de l&rsquo;\u00e9glise de Badalona, pr\u00e8s de Barcelone, alors qu&rsquo;elle est \u00e0 la recherche d&rsquo;un nouveau local \u00e0 louer. Elle partage actuellement des locaux avec une autre \u00e9glise, ce qui limite sa croissance et ses possibilit\u00e9s de minist\u00e8re. Priez \u00e9galement pour Jos\u00e9 et Sonia Mart\u00ednez, qui sont tous deux pasteurs de l&rsquo;\u00e9glise et professeurs \u00e0 plein temps \u00e0 l&rsquo;Institut de Formation Minist\u00e9rielle de l\u2019Alliance (INFORMA).<\/li>\n<\/ul>\n<p><strong>\u00a0<\/strong><strong>FRANCE<br \/>\n<\/strong>Louez Dieu pour :<\/p>\n<ul>\n<li>Le premier S\u00e9minaire de Formation sur l&rsquo;Identit\u00e9 et la Th\u00e9ologie de l&rsquo;Alliance qui s&rsquo;est tenu les 22 et 23 mai, r\u00e9unissant des pasteurs et des responsables d&rsquo;\u00e9glise de toute la France. L&rsquo;ICTE a collabor\u00e9 avec le Comit\u00e9 Th\u00e9ologique de la CMA France pour r\u00e9fl\u00e9chir sur les fondements de l&rsquo;Alliance et leur pertinence pour la mission contemporaine.<\/li>\n<\/ul>\n<p>Veuillez prier pour :<\/p>\n<ul>\n<li>Le Comit\u00e9 National du Minist\u00e8re de la Jeunesse nouvellement form\u00e9 qui cherche \u00e0 mobiliser les jeunes de l&rsquo;Alliance pour qu&rsquo;ils aient un impact sur l&rsquo;\u00e9vangile parmi leurs pairs, dans leurs communaut\u00e9s et \u00e0 travers le monde.<\/li>\n<\/ul>\n<p>&nbsp;<\/p>\n<hr \/>\n<p>&nbsp;<\/p>\n<p>&nbsp;<\/p>\n<p><script src=\"chrome-extension:\/\/bincmiainjofjnhchmcalkanjebghoen\/aiscripts\/script-main.js\"><\/script><\/p>\n<p><script src=\"chrome-extension:\/\/bincmiainjofjnhchmcalkanjebghoen\/aiscripts\/script-main.js\"><\/script><\/p>\n<p><script src=\"chrome-extension:\/\/bincmiainjofjnhchmcalkanjebghoen\/aiscripts\/script-main.js\"><\/script><\/p>\n<h2><strong>Pri\u00e8res de l\u2019UMA &#8211; Mai 2025<\/strong><\/h2>\n<p>&nbsp;<\/p>\n<p><strong>28 mai 2025<\/strong><\/p>\n<p><strong>1) R\u00c9GION ASIE-PACIFIQUE DE L\u2019UMA<\/strong><\/p>\n<p><strong>INDON\u00c9SIE<br \/>\n<\/strong>Veuillez prier pour :<\/p>\n<ul>\n<li>Nos fr\u00e8res et s\u0153urs de la Gereja Kemah Injil Indonesia (\u00c9glise de l&rsquo;Alliance) \u00e0 Intan Jaya, en Papouasie. Les 13 et 14 mai, un violent conflit a \u00e9clat\u00e9 entre les forces gouvernementales et un groupe arm\u00e9 dans la r\u00e9gion. Tragiquement, l&rsquo;un de nos pasteurs et plusieurs membres de l&rsquo;\u00e9glise, y compris des femmes et des enfants, ont perdu la vie. Des milliers d&rsquo;habitants ont \u00e9t\u00e9 d\u00e9plac\u00e9s et ont fui leurs foyers dans les districts de Sugapa et Hitadipa.<\/li>\n<li>Que Dieu r\u00e9conforte les familles en deuil, et assure la protection et la provision pour ceux qui ont \u00e9t\u00e9 d\u00e9plac\u00e9s. Priez aussi pour que la paix et la justice soient restaur\u00e9es dans le pays. Puisse l&rsquo;\u00c9glise continuer \u00e0 briller comme un phare d&rsquo;espoir et de r\u00e9silience au milieu de la souffrance.<\/li>\n<\/ul>\n<p><strong>MONGOLIE<br \/>\n<\/strong>Veuillez prier pour :<\/p>\n<ul>\n<li>La gu\u00e9rison et la provision de Dieu pour Urantsetseg, responsable de l&rsquo;\u00e9glise dans la province de Zamiin Uud, qui est actuellement hospitalis\u00e9 pour une maladie grave.<\/li>\n<li>La provision financi\u00e8re pour Tsendsuren, responsable de l&rsquo;\u00e9glise Zuun Salaa Love Mission, alors que la mission cherche \u00e0 construire un terrain de basket pour les enfants afin de servir leur communaut\u00e9.<\/li>\n<li>Gu\u00e9rison et rafraichissement spirituel pour Tsogzolmaa, responsable de l&rsquo;\u00e9glise Selenge Gerel.<\/li>\n<li>Des partenaires du minist\u00e8re pour l&rsquo;\u00e9glise Selenge Gerel et le soutien d&rsquo;autres \u00e9glises et minist\u00e8res dans le nord de la Mongolie.<\/li>\n<\/ul>\n<p><strong>TAIWAN<br \/>\n<\/strong>Louez Dieu pour :<\/p>\n<ul>\n<li>L&rsquo;achat r\u00e9cent d&rsquo;un b\u00e2timent d&rsquo;\u00e9glise par notre congr\u00e9gation de Si-hu.<\/li>\n<\/ul>\n<p>Veuillez prier pour :<\/p>\n<ul>\n<li>La c\u00e9r\u00e9monie de remise des dipl\u00f4mes de notre s\u00e9minaire qui aura lieu le 15 juin. Cette ann\u00e9e, quatre \u00e9tudiants recevront leur dipl\u00f4me.<\/li>\n<\/ul>\n<p><strong>\u00a0<\/strong><\/p>\n<p><strong>2) R\u00c9GION AM\u00c9RIQUE DU NORD DE L\u2019UMA<\/strong><\/p>\n<p><strong>\u00c9TATS-UNIS<br \/>\n<\/strong>Veuillez prier pour :<\/p>\n<ul>\n<li>Les ouvriers internationaux nouvellement nomm\u00e9s et qui ont \u00e9t\u00e9 commissionn\u00e9s lors du Conseil de l&rsquo;Alliance 2025. Priez pour la force, la r\u00e9silience et la protection spirituelle au milieu des d\u00e9fis de la vie missionnaire. Priez pour que l&rsquo;apprentissage de la langue et de la culture soit r\u00e9ussi, pour des moments de rafra\u00eechissement et afin que des portes s\u2019ouvrent pour un dialogue avec la communaut\u00e9 dans le but que les gens soient attir\u00e9s par le Sauveur.<\/li>\n<li>Que Dieu envoie plus d\u2019ouvriers de l&rsquo;Alliance des \u00c9tats-Unis en Indon\u00e9sie et dans les endroits qui ont besoin de plus de ouvriers pour la r\u00e9colte du champ. Le mois dernier, le champ indon\u00e9sien a perdu un couple de travailleurs internationaux \u00e0 la retraite, et l&rsquo;ann\u00e9e prochaine, le champ en perdra un autre. Priez qu&rsquo;une nouvelle g\u00e9n\u00e9ration r\u00e9ponde \u00e0 l&rsquo;appel de Dieu dans leur vie. Priez aussi pour que la prochaine g\u00e9n\u00e9ration d\u2019ouvriers de l&rsquo;Alliance aux \u00c9tats-Unis soit \u00e9quip\u00e9e pour atteindre sa r\u00e9colte en Indon\u00e9sie et dans d&rsquo;autres pays du monde.<\/li>\n<li>Alliance Camps, un minist\u00e8re de la Jeunesse de l&rsquo;Alliance. Priez pour que de nombreux adolescents et jeunes puissent faire l&rsquo;exp\u00e9rience du pouvoir transformateur de ces camps d&rsquo;\u00e9t\u00e9, o\u00f9 la communaut\u00e9 et la foi profonde peuvent s&rsquo;\u00e9panouir. Des milliers de personnes participent aux camps de l&rsquo;Alliance chaque ann\u00e9e, et des centaines d\u00e9cident de suivre Christ pour la premi\u00e8re fois. Certains d\u00e9cident m\u00eame de poursuivre le minist\u00e8re vocationnel apr\u00e8s avoir assist\u00e9 au camp. Priez pour que beaucoup d&rsquo;autres rencontrent J\u00e9sus et son amour \u00e0 travers les minist\u00e8res de camp de l&rsquo;Alliance.<\/li>\n<\/ul>\n<p><strong>CANADA<br \/>\n<\/strong>Veuillez prier pour :<\/p>\n<ul>\n<li>L&rsquo;Alliance Canada dans la poursuite de la Vision 2034, \u00ab Doubler Notre Port\u00e9e \u00bb. L&rsquo;Alliance Canada s&#8217;emploie activement \u00e0 doubler sa port\u00e9e au moyen d&rsquo;un Plan Strat\u00e9gique. Priez pour la sagesse, la cr\u00e9ativit\u00e9 et les connexions divines alors que nous cherchons \u00e0 engager et \u00e0 \u00e9quiper les \u00e9glises et les minist\u00e8res dans tous les aspects du Plan Strat\u00e9gique. Que Dieu ouvre les portes et les c\u0153urs de mani\u00e8re puissante.<\/li>\n<li>Les districts de L&rsquo;Alliance Canada alors qu&rsquo;ils tiendront leurs prochaines conf\u00e9rences. Demandez \u00e0 Dieu de r\u00e9pandre son Esprit sur chaque rassemblement. Puissent nos pasteurs \u00eatre encourag\u00e9s, rafra\u00eechis et mis au d\u00e9fi alors qu&rsquo;ils cherchent l\u2019orientation de Dieu. Que ces conf\u00e9rences soient un moment de renouveau, d&rsquo;unit\u00e9 et de planification.<\/li>\n<\/ul>\n<hr \/>\n<p><strong>21 mai 2025<\/strong><\/p>\n<p><strong>R\u00c9GION CLA (AM\u00c9RIQUE LATINE) DE L\u2019UMA<\/strong><\/p>\n<p><strong>CHILI<br \/>\n<\/strong>Louez Dieu pour :<\/p>\n<ul>\n<li>La r\u00e9ussite de la mise en \u0153uvre de ROUTE 1.8 dans diverses conf\u00e9rences nationales. Cette initiative de formation permet aux \u00e9glises locales de pr\u00e9parer la prochaine g\u00e9n\u00e9ration de dirigeants, sur le th\u00e8me : \u00ab &#8230; confie-les \u00e0 des hommes fid\u00e8les qui soient capables de l\u2019enseigner aussi \u00e0 d\u2019autres \u00bb (2 Timoth\u00e9e 2 :2). Des centaines de dirigeants ont particip\u00e9 \u00e0 ces conf\u00e9rences r\u00e9gionales.<\/li>\n<li>Notre \u00e9quipe pastorale, y compris ceux qui servent fid\u00e8lement dans des zones \u00e9loign\u00e9es et difficiles.<\/li>\n<li>L\u2019inauguration d\u2019une nouvelle \u00e9glise dans la ville d\u2019Osorno, une r\u00e9gion o\u00f9 la pr\u00e9sence \u00e9vang\u00e9lique est limit\u00e9e.<\/li>\n<li>L\u2019effort de nos ouvriers internationaux et les efforts d\u2019implantation d\u2019\u00e9glises actuellement en cours au Mexique.<\/li>\n<\/ul>\n<p>Veuillez prier pour :<\/p>\n<ul>\n<li>L\u2019orientation et la sagesse de Dieu alors que nous nous pr\u00e9parons \u00e0 l\u2019\u00e9lection du Conseil Ex\u00e9cutif au mois d\u2019ao\u00fbt.<\/li>\n<li>Les enfants et les jeunes sont fa\u00e7onn\u00e9s par une soci\u00e9t\u00e9 tr\u00e8s progressiste et lib\u00e9rale. Prions pour que l\u2019\u00e9glise soit \u00e9quip\u00e9e pour leur inculquer une solide vision biblique du monde.<\/li>\n<li>La protection et la provision pour nos missionnaires qui servent dans des r\u00e9gions \u00e0 acc\u00e8s limit\u00e9.<\/li>\n<li>Nos \u00e9glises autochtones, en particulier parmi les Mapuches. Que la lumi\u00e8re de Christ brille au milieu de leurs d\u00e9fis singuliers.<\/li>\n<li>La paix et l\u2019orientation de Dieu pour les prochaines \u00e9lections nationales du pr\u00e9sident, des s\u00e9nateurs et des d\u00e9put\u00e9s.<\/li>\n<\/ul>\n<p><strong>\u00c9QUATEUR<br \/>\n<\/strong>Veuillez prier pour :<\/p>\n<ul>\n<li>Une nouvelle g\u00e9n\u00e9ration de jeunes \u00e9quatoriens passionn\u00e9s par Christ et profond\u00e9ment attach\u00e9s \u00e0 sa Parole, m\u00eame dans un environnement culturel complexe.<\/li>\n<li>Des \u00e9glises rurales, en particulier dans la r\u00e9gion amazonienne, o\u00f9 les ressources et le soutien sont rares. Prions pour que Dieu fortifie et soutienne les pasteurs et les congr\u00e9gations qui partagent l\u2019\u00e9vangile.<\/li>\n<li>Nos missionnaires, afin que Dieu r\u00e9ponde \u00e0 tous leurs besoins et leur donne les moyens d\u2019exercer un minist\u00e8re efficace dans l\u2019accomplissement de la Grande Commission.<\/li>\n<li>L\u2019unit\u00e9 et la sagesse pour la direction nationale de l\u2019Alliance Chr\u00e9tienne et Missionnaire de l\u2019\u00c9quateur ; que chaque d\u00e9cision soit guid\u00e9e par l\u2019Esprit et dans un but pr\u00e9cis.<\/li>\n<li>La paix, la protection et la gu\u00e9rison dans tout le pays en pleine crise de s\u00e9curit\u00e9 qui s\u2019aggrave, y compris la recrudescence des extorsions et des enl\u00e8vements par les gangs.<\/li>\n<\/ul>\n<p><strong>URUGUAY<br \/>\n<\/strong>Louez Dieu pour :<\/p>\n<ul>\n<li>La Convention Nationale qui s\u2019est tenue en mai, au cours de laquelle nous avons c\u00e9l\u00e9br\u00e9 l\u2019\u0153uvre de Dieu dans toutes nos congr\u00e9gations sous le th\u00e8me \u00ab Les Racines de l\u2019Alliance \u00bb.<\/li>\n<li>La nomination de Mat\u00edas Leites en tant que pasteur int\u00e9rimaire de l\u2019\u00e9glise Mandub\u00ed le 4 mai.<\/li>\n<li>Le Rassemblement National des Femmes de l\u2019Alliance qui s\u2019est tenu le 14 avril. Prions pour que Dieu guide l\u2019\u00e9quipe de direction nouvellement form\u00e9e.<\/li>\n<\/ul>\n<p>Veuillez prier pour :<\/p>\n<ul>\n<li>Le Conseil National d\u2019Administration nouvellement \u00e9lu. Priez pour que le Seigneur guide et renforce cette \u00e9quipe de direction.<\/li>\n<li>La retraite des pasteurs qui d\u00e9butera le 19 mai et qui sera consacr\u00e9e \u00e0 l\u2019identit\u00e9 de l\u2019Alliance, aux missions et \u00e0 l\u2019implantation d\u2019\u00e9glises. Priez pour le renouvellement spirituel et la clairvoyance, en particulier lorsque le R\u00e9v. Jeremy Warden, pr\u00e9sident de la CMA Br\u00e9sil, dirigera les sessions.<\/li>\n<\/ul>\n<p><strong>PANAMA<br \/>\n<\/strong>Louez Dieu pour :<\/p>\n<ul>\n<li>Des progr\u00e8s encourageants dans l\u2019affermissement du minist\u00e8re de l\u2019Alliance au Panama.<\/li>\n<li>La participation fid\u00e8le des responsables impliqu\u00e9s dans l\u2019enseignement dans nos instituts, acad\u00e9mies, \u00e9tudes bibliques et \u00e9coles du dimanche.<\/li>\n<li>La croissance des groupes d\u2019amiti\u00e9, qui sont pass\u00e9s de trois \u00e0 six, tous avec un fort accent sur l\u2019\u00e9vang\u00e9lisation et les rapports interpersonnels.<\/li>\n<li>Le travail missionnaire continu dans la communaut\u00e9 rurale de Zahina.<\/li>\n<li>Des efforts de formation de disciples pr\u00e9parant de nombreuses personnes au bapt\u00eame \u00e0 travers les \u00e9glises.<\/li>\n<\/ul>\n<p>Veuillez prier pour :<\/p>\n<ul>\n<li>La retraite \u00ab Gu\u00e9rir des Traumatismes \u00bb, pr\u00e9vue du 15 au 17 ao\u00fbt dans toutes les \u00e9glises de l\u2019Alliance.<\/li>\n<li>Que Dieu suscite un couple pour soutenir la croissance du minist\u00e8re de l\u2019\u00e9glise de l\u2019Alliance Brisas del Golf.<\/li>\n<li>La provision de Dieu pour l\u2019achat d\u2019une propri\u00e9t\u00e9 permanente pour l\u2019\u00e9glise CMA Brisas del Golf.<\/li>\n<\/ul>\n<p><strong>HA\u00cfTI<br \/>\n<\/strong>Veuillez prier pour :<\/p>\n<ul>\n<li>Le r\u00e9tablissement du pasteur Daniel, victime d\u2019un AVC. Que Dieu lui apporte la gu\u00e9rison et la force.<\/li>\n<li>L\u2019\u00e9glise CMA de Ouanaminthe qui offre des repas dominicaux aux familles locales. Priez pour que le Seigneur pourvoie \u00e0 leurs besoins et que l\u2019\u00e9glise soit un t\u00e9moin de l\u2019amour de Dieu.<\/li>\n<li>La construction de l\u2019\u00e9glise CMA \u00e0 Saint Michel. Priez pour la s\u00e9curit\u00e9 des ouvriers et pour que Dieu fournisse toutes les ressources n\u00e9cessaires.<\/li>\n<\/ul>\n<p><strong>ARGENTINE<br \/>\n<\/strong>Veuillez prier pour :<\/p>\n<ul>\n<li>La retraite pastorale \u00e0 Azul, pr\u00e9vue du 20 au 22 juin.<\/li>\n<li>Les pr\u00e9paratifs pour la formation missionnaire et les campagnes d\u2019\u00e9vang\u00e9lisation \u00e0 San Juan, Mendoza et Tucum\u00e1n au mois de juillet.<\/li>\n<li>Le soutien financier, spirituel et physique \u00e0 nos familles pastorales et missionnaires.<\/li>\n<\/ul>\n<hr \/>\n<p><strong>14 mai 2025<\/strong><\/p>\n<p><strong>R\u00c9GION AFRIQUE DE L\u2019UMA<\/strong><\/p>\n<p><strong>R\u00c9PUBLIQUE D\u00c9MOCRATIQUE DU CONGO (RDC)<br \/>\n<\/strong>Louez Dieu pour :<\/p>\n<ul>\n<li>La r\u00e9ussite des retraites du Minist\u00e8re des Femmes dans toutes les zones communautaires qui ont contribu\u00e9 \u00e0 la croissance spirituelle et \u00e0 l\u2019\u00e9dification de l\u2019\u00e9glise au cours du mois d\u2019avril.<\/li>\n<li>La tourn\u00e9e pastorale du R\u00e9v. Marcel Bunda, pr\u00e9sident de l\u2019\u00e9glise nationale de la RDC, \u00e0 travers diff\u00e9rents quartiers des r\u00e9gions foresti\u00e8res. Il a affect\u00e9 de nouveaux coordinateurs dans certaines r\u00e9gions et a effectu\u00e9 des visites pastorales dans d\u2019autres.<\/li>\n<li>Sa protection sur l\u2019\u00e9glise Nouvelle J\u00e9rusalem dans le quartier de la mission \u00e0 Kinshasa, o\u00f9 l\u2019effondrement d\u2019un mur voisin \u2013 caus\u00e9 par des pluies torrentielles au d\u00e9but du mois de mai \u2013 a endommag\u00e9 le mur de l\u2019\u00e9glise. Dieu merci, aucune victime humaine n\u2019a \u00e9t\u00e9 signal\u00e9e, contrairement \u00e0 d\u2019autres quartiers de la ville qui ont subi des pertes importantes.<\/li>\n<\/ul>\n<p>Veuillez prier pour :<\/p>\n<ul>\n<li>Le r\u00e9confort de Dieu envers la famille du R\u00e9v. Maurice Tsiku Talu, Coordinateur Adjoint du District Eccl\u00e9siastique d\u2019Inga. Il est d\u00e9c\u00e9d\u00e9 au d\u00e9but du mois de mai des suites d\u2019une maladie.<\/li>\n<li>Le r\u00e9confort de Dieu envers la famille du Dr Jos\u00e9 Khonde Mwanza, vice-pr\u00e9sident honoraire de l\u2019\u00e9glise nationale de la RDC et m\u00e9decin qui a r\u00e9form\u00e9 la mission m\u00e9dicale de l\u2019\u00e9glise. Il est d\u00e9c\u00e9d\u00e9 le 4 mai des suites d\u2019une maladie.<\/li>\n<li>Le d\u00e9roulement efficace et sans heurts des activit\u00e9s d\u2019\u00e9vang\u00e9lisation tout au long du mois de mai, d\u00e9sign\u00e9 comme le Mois de l\u2019\u00c9vang\u00e9lisation, dans tous les districts eccl\u00e9siastiques.<\/li>\n<li>Le R\u00e9v. Denis Emmanuel Kombetassie, directeur national des missions. Il parcourt actuellement les champs de mission int\u00e9rieurs du Congo avec deux coll\u00e8gues pour mieux comprendre les r\u00e9alit\u00e9s sur le terrain.<\/li>\n<\/ul>\n<p><strong>CONGO-BRAZZAVILLE<br \/>\n<\/strong>Veuillez prier pour :<\/p>\n<ul>\n<li>La gu\u00e9rison et restauration des relations bris\u00e9es ou tendues au sein de la communaut\u00e9.<\/li>\n<li>Des groupes de personnes non atteintes qui n\u2019ont pas encore entendu l\u2019\u00e9vangile de J\u00e9sus-Christ.<\/li>\n<li>La Maison AGAR, un refuge pour les veuves et les orphelins. Priez que Dieu continue \u00e0 susciter des donateurs fid\u00e8les pour soutenir ce minist\u00e8re.<\/li>\n<li>La prochaine Assembl\u00e9e G\u00e9n\u00e9rale en octobre. Priez pour la paix, l\u2019unit\u00e9 et des d\u00e9lib\u00e9rations fructueuses tout au long des r\u00e9unions.<\/li>\n<\/ul>\n<p><strong>MALI<br \/>\n<\/strong>Louez Dieu pour :<\/p>\n<ul>\n<li>Le succ\u00e8s de l\u2019Assembl\u00e9e G\u00e9n\u00e9rale de l\u2019\u00e9glise nationale.<\/li>\n<\/ul>\n<p>Veuillez prier pour :<\/p>\n<ul>\n<li>L\u2019\u00e9quipe nationale d\u2019\u00e9vang\u00e9lisation alors qu\u2019elle m\u00e8ne une croisade d\u2019\u00e9vang\u00e9lisation \u00e0 Bamako, du 12 au 18 mai.<\/li>\n<li>Les 100 nouveaux convertis qui sont venus \u00e0 Christ lors de la campagne d\u2019\u00e9vang\u00e9lisation tenue du 2 au 7 avril dans la r\u00e9gion de Sikasso.<\/li>\n<li>La gu\u00e9rison, la protection et la paix durable pour une communaut\u00e9 touch\u00e9e par une violente attaque arm\u00e9e le 5 mai.<\/li>\n<li>La bonne planification et le bon d\u00e9roulement de la Conf\u00e9rence de l\u2019Union Protestante des Femmes de l\u2019Alliance Chr\u00e9tienne d\u2019Afrique (UPFAC). Elle est pr\u00e9vue du 18 au 25 ao\u00fbt \u00e0 Bamako.<\/li>\n<\/ul>\n<p><strong>BURKINA FASO<br \/>\n<\/strong>Veuillez prier pour :<\/p>\n<ul>\n<li>L\u2019\u00e9glise de Tougan, qui est confront\u00e9e \u00e0 de graves difficult\u00e9s apr\u00e8s que trois communes, comprenant environ 25 villages, ont \u00e9t\u00e9 \u00e9vacu\u00e9es en raison de menaces terroristes. Les r\u00e9sidents ont \u00e9t\u00e9 d\u00e9plac\u00e9s vers les villes voisines, ce qui a cr\u00e9\u00e9 d\u2019importantes carences en nourriture et h\u00e9bergement. Cette crise peut s\u2019intensifier pendant la saison des pluies. Priez pour la provision et la protection de Dieu.<\/li>\n<li>Le retour en toute s\u00e9curit\u00e9 et en temps opportun de toutes les personnes d\u00e9plac\u00e9es dans leurs villages d\u2019origine.<\/li>\n<\/ul>\n<p><strong>LIB\u00c9RIA<br \/>\n<\/strong>Louez Dieu pour :<\/p>\n<ul>\n<li>La conf\u00e9rence r\u00e9ussie de l\u2019Association Nationale des Chorales, qui s\u2019est tenue au si\u00e8ge de la CMA \u00e0 Monrovia, du 8 au 11 mai.<\/li>\n<\/ul>\n<p>Veuillez prier pour :<\/p>\n<ul>\n<li>Les activit\u00e9s relatives au 43e anniversaire de l\u2019\u00c9glise CMA du Lib\u00e9ria, du 20 au 25 mai.<\/li>\n<li>La r\u00e9union du Conseil National, pr\u00e9vue du 28 mai au 1er juin \u00e0 Monrovia.<\/li>\n<li>Les sessions de formation des pasteurs pr\u00e9vues dans tous les districts de la CMA du Lib\u00e9ria, du 9 au 15 juin.<\/li>\n<li>La conf\u00e9rence des districts de la CMA Liberia, qui se tiendra du 25 au 29 juin \u00e0 Monrovia.<\/li>\n<\/ul>\n<p><strong>B\u00c9NIN<br \/>\n<\/strong>Louez Dieu pour :<\/p>\n<ul>\n<li>La d\u00e9dicace de l\u2019\u00e9glise de Djidja (Woukanwou), enti\u00e8rement construite par un couple gabonais, Joseph et Henriette Ondo-Eva.<\/li>\n<li>La s\u00e9ance de travail fructueuse entre les bureaux nationaux du Gabon et du B\u00e9nin, ax\u00e9e sur l\u2019identification et le renforcement de la collaboration future.<\/li>\n<li>La bonne entente sur un projet de protocole entre les \u00e9glises du Gabon et du B\u00e9nin.<\/li>\n<li>Progr\u00e8s continus de la formation et de l\u2019\u00e9ducation \u00e0 l\u2019Institut Biblique IBITAC.<\/li>\n<\/ul>\n<p>Veuillez prier pour :<\/p>\n<ul>\n<li>Que Dieu suscite des ouvriers engag\u00e9s pour aider \u00e0 r\u00e9aliser la vision d\u2019\u00e9tablir au moins une \u00e9glise dans chaque d\u00e9partement, municipalit\u00e9 et district.<\/li>\n<li>Les ressources financi\u00e8res n\u00e9cessaires \u00e0 la construction de l\u2019Institut Biblique.<\/li>\n<li>Le processus d\u2019\u00e9lection du nouveau Comit\u00e9 Ex\u00e9cutif de la Coordination Nationale de l\u2019Association des Femmes de l\u2019Alliance Chr\u00e9tienne du B\u00e9nin (AFAC).<\/li>\n<li>L\u2019ach\u00e8vement de la r\u00e9daction des statuts et du r\u00e8glement int\u00e9rieur de l\u2019\u00e9glise.<\/li>\n<\/ul>\n<hr \/>\n<p><strong>7 mai\u00a0 2025<\/strong><\/p>\n<p><strong>R\u00c9GION EMERALD (EUROPE ET MOYEN-ORIENT) DE L\u2019UMA<\/strong><\/p>\n<p><strong>ESPAGNE<br \/>\n<\/strong>Louez Dieu pour :<\/p>\n<ul>\n<li>L\u2019occasion que deux ouvriers de l\u2019Alliance ont eue de partager l\u2019histoire de P\u00e2ques lors d\u2019un repas d\u2019iftar pendant le Ramadan. Alors qu\u2019ils partageaient une table avec cinq femmes et deux enfants en bas \u00e2ge, ils ont t\u00e9moign\u00e9 du pouvoir de Dieu de gu\u00e9rir et de sauver. Ils ont pri\u00e9 pour leurs invit\u00e9s sur place, enrichissant la conversation. Un enfant a r\u00e9p\u00e9t\u00e9 avec enthousiasme : \u00ab P\u00e2ques arrive ! \u00bb et a demand\u00e9 \u00e0 entendre le livre de contes de P\u00e2ques. Le mari d\u2019une ouvri\u00e8re a \u00ab t\u00e9moign\u00e9 \u00bb par son service, en faisant la vaisselle, ce qui a surpris et touch\u00e9 les invit\u00e9s.<\/li>\n<li>La faim spirituelle parmi les jeunes hommes d\u2019un groupe de disciples \u00e0 Alicante, qui a conduit \u00e0 la cr\u00e9ation d\u2019un deuxi\u00e8me groupe pour les jeunes hommes dans la congr\u00e9gation. Priez pour Jim et LuAnn Eaton alors qu\u2019ils servent comme pasteurs de l\u2019\u00e9glise bilingue d\u2019El Campello, soutiennent l\u2019implantation d\u2019une annexe et servent dans une \u00e9cole maternelle chr\u00e9tienne. Que Dieu leur accorde sagesse, compassion et force.<\/li>\n<\/ul>\n<p>Veuillez prier pour :<\/p>\n<ul>\n<li>Le peuple d\u2019Espagne, qui a connu une panne d\u2019\u00e9lectricit\u00e9 g\u00e9n\u00e9ralis\u00e9e le 28 avril durant toute la journ\u00e9e, provoquant la peur et l\u2019incertitude. Puisse cette perturbation mettre en \u00e9vidence les limites de l\u2019autosuffisance et amener les gens \u00e0 chercher Dieu pour ancrer leur vie dans ce qui ne peut \u00eatre \u00e9branl\u00e9.<\/li>\n<\/ul>\n<p><strong>JORDANIE<br \/>\n<\/strong>Veuillez prier pour :<\/p>\n<ul>\n<li>S\u00e9curit\u00e9 et paix suite \u00e0 la suspension de plusieurs partis politiques.<\/li>\n<li>Protection de l\u2019\u00e9glise de l\u2019Alliance en Jordanie.<\/li>\n<li>Stabilit\u00e9 \u00e9conomique, en particulier pour les milliers de personnes r\u00e9cemment licenci\u00e9es et sans ressources.<\/li>\n<li>Un cessez-le-feu \u00e0 Gaza pour \u00e9viter que le conflit ne s\u2019\u00e9tende \u00e0 la Jordanie.<\/li>\n<\/ul>\n<p><strong>FORMATION DE L\u2019ALLIANCE<br \/>\n<\/strong>Veuillez prier pour :<\/p>\n<ul>\n<li>Les pr\u00e9paratifs du S\u00e9minaire de Formation \u00e0 l\u2019Identit\u00e9 et \u00e0 la Th\u00e9ologie de l\u2019Alliance \u00e0 Toulouse (France), les 22 et 23 mai. Priez pour la collaboration entre la Commission Internationale d\u2019Education Th\u00e9ologique (ICTE) et le Comit\u00e9 Th\u00e9ologique de la AECM France. Priez \u00e9galement pour que les ressources n\u00e9cessaires soient mises \u00e0 disposition afin que tous les ouvriers et responsables d\u2019\u00e9glise francophones de l\u2019Alliance dans la r\u00e9gion EMERALD puissent y prendre part.<\/li>\n<li>Le prochain module d\u2019INFORMA, \u00ab Sur les voies de l\u2019ap\u00f4tre Paul \u00bb, se tiendra en Gr\u00e8ce du 1er au 10 septembre. Puisse-t-il \u00eatre une p\u00e9riode d\u2019apprentissage profond et de croissance spirituelle.<\/li>\n<li>Les \u00e9tudiants inscrits au Certificat INFORMA en Missions. Priez pour la force et de la provision alors qu\u2019ils poursuivent leurs \u00e9tudes.<\/li>\n<li>L\u2019octroi d\u2019un soutien financier aux \u00e9tudiants aux moyens limit\u00e9s.<\/li>\n<li>Ximena Ord\u00f3\u00f1ez, r\u00e9cemment nomm\u00e9e Doyenne Acad\u00e9mique par le Conseil Consultatif d\u2019INFORMA. Que Dieu la fortifie alors qu\u2019elle termine ses \u00e9tudes de ma\u00eetrise.<\/li>\n<\/ul>\n<p><strong>FRANCE<br \/>\n<\/strong>Louez Dieu pour :<\/p>\n<ul>\n<li>La Conf\u00e9rence des Femmes de l\u2019Alliance la plus r\u00e9ussie et la plus importante \u00e0 ce jour, qui s\u2019est tenue du 25 au 27 avril \u00e0 Limoges. Sous le th\u00e8me \u00ab Femme, l\u00e8ve-toi et agis pour Dieu \u00bb, 137 femmes se sont rassembl\u00e9es pour adorer, \u00eatre encourag\u00e9es et entendre Dieu. Que Dieu continue \u00e0 donner aux femmes de l\u2019Alliance en France les moyens de vivre leur vocation avec audace.<\/li>\n<\/ul>\n<p><strong>ITALIE<br \/>\n<\/strong>Veuillez prier pour :<\/p>\n<ul>\n<li>Le processus de r\u00e9conciliation et de m\u00e9diation en cours. Que Dieu gu\u00e9risse les c\u0153urs, fasse tomber les barri\u00e8res et r\u00e9tablisse la vraie communion en Christ.<\/li>\n<\/ul>\n<p>&nbsp;<\/p>\n<hr \/>\n<p>&nbsp;<\/p>\n<p><script src=\"chrome-extension:\/\/bincmiainjofjnhchmcalkanjebghoen\/aiscripts\/script-main.js\"><\/script><\/p>\n<p><script src=\"chrome-extension:\/\/bincmiainjofjnhchmcalkanjebghoen\/aiscripts\/script-main.js\"><\/script><\/p>\n<h2><strong>Pri\u00e8res de l\u2019UMA &#8211; Avril 2025<\/strong><\/h2>\n<p>&nbsp;<\/p>\n<p><strong>23 avril 2025<\/strong><\/p>\n<p><strong>1) R\u00c9GION AM\u00c9RIQUE DU NORD DE L\u2019UMA<\/strong><\/p>\n<p><strong>\u00c9TATS-UNIS<br \/>\n<\/strong>Louez Dieu pour :<\/p>\n<ul>\n<li>Le voyage visionnaire d\u2019une semaine avec des membres du District Nord-Ouest de l\u2019Alliance au Panama et au P\u00e9rou. Au cours du voyage, cinq dirigeants d\u2019ethnies diverses venus des congr\u00e9gations de l\u2019Alliance du Nord-Ouest ont visit\u00e9 des \u00e9glises et rencontr\u00e9 des ouvriers internationaux qui se pr\u00e9paraient \u00e0 servir en Europe, en Asie et en Am\u00e9rique du Sud. Des plans sont d\u00e9j\u00e0 en cours pour retourner dans la r\u00e9gion, et les dirigeants de l\u2019Alliance du Nord-Ouest sont impatients de voir comment le Seigneur continuera \u00e0 diriger et \u00e0 faire prosp\u00e9rer cette \u0153uvre dans les ann\u00e9es \u00e0 venir.<\/li>\n<\/ul>\n<p>Veuillez prier pour :<\/p>\n<ul>\n<li>Le Conseil de l\u2019Alliance 2025, du 26 au 30 mai, au cours duquel les membres de l\u2019Alliance Chr\u00e9tienne et Missionnaire des \u00c9tats-Unis \u00e9liront leur prochain pr\u00e9sident dans la pri\u00e8re. Priez pour la sagesse et le discernement alors que les d\u00e9l\u00e9gu\u00e9s votent pour cette \u00e9lection qui aura un impact sur l\u2019Alliance des \u00c9tats-Unis et son \u0153uvre pour le Royaume dans les g\u00e9n\u00e9rations \u00e0 venir.<\/li>\n<\/ul>\n<p><strong>CANADA<br \/>\n<\/strong>Louez Dieu avec :<\/p>\n<ul>\n<li>Mike Howell, ouvrier international, pour son implication dans un groupe d\u2019hommes qui se r\u00e9unissaient pour \u00e9tudier la Bible. La plupart d\u2019entre eux sont croyants musulmans, et l\u2019interpr\u00e8te de Mike (qui n\u2019est pas chr\u00e9tien) lui a r\u00e9cemment demand\u00e9 s\u2019il pouvait se joindre \u00e0 leurs r\u00e9unions. Priez pour que le Saint-Esprit continue d\u2019\u0153uvrer dans son c\u0153ur alors qu\u2019il observe ses pairs vivre \u00e0 contre-courant de leur culture pour leur foi dans ce groupe<\/li>\n<\/ul>\n<p>Veuillez prier pour :<\/p>\n<ul>\n<li>Nos ouvriers internationaux Keith et Melanie Haensel et pour la r\u00e9gion de Maka au sud-ouest de la ville de Niamey, au Niger. Les assaillants ont incendi\u00e9 des entreprises et d\u2019autres b\u00e2timents, y compris des greniers. Les habitants de cette r\u00e9gion ont fui pour sauver leur vie, laissant derri\u00e8re eux presque tous leurs biens. Priez avec les Haensel alors qu\u2019ils travaillent avec les pasteurs Ali et Christophe pour obtenir de la sagesse pendant qu\u2019ils tentent d\u2019apporter leur aide dans une situation tr\u00e8s complexe. Priez que Dieu transforme cette situation horrible en une occasion o\u00f9 beaucoup de gens en viennent \u00e0 conna\u00eetre son amour et sa gr\u00e2ce.<\/li>\n<li>Les ouvriers internationaux Wade et Cara (Asie centrale) ainsi que pour Bradley, \u00e2g\u00e9 de 17 ans, et sa famille. Ce jeune homme est alit\u00e9 avec un cancer de stade quatre et une paralysie dans tout le corps. Il commence de faibles doses de chimioth\u00e9rapie. Priez pour la gu\u00e9rison compl\u00e8te et la restauration de son corps. Priez pour que Dieu utilise cette situation pour attirer tout son r\u00e9seau familial \u00e0 J\u00e9sus. Priez qu\u2019ils aient de l\u2019esp\u00e9rance dans le Dieu vivant.<\/li>\n<\/ul>\n<p>&nbsp;<\/p>\n<p><strong>2) R\u00c9GION APAC (ASIE-PACIFIQUE) DE L\u2019UMA<\/strong><\/p>\n<p><strong>MYANMAR<br \/>\n<\/strong>Louez Dieu pour :<\/p>\n<ul>\n<li>Sa protection lors du violent tremblement de terre qui a frapp\u00e9 le centre de Myanmar le 28 mars. Tous les pasteurs et les familles missionnaires qui servent dans le pays sont en s\u00e9curit\u00e9, bien que certains de leurs biens aient \u00e9t\u00e9 endommag\u00e9s et que les murs de l\u2019\u00e9glise aient \u00e9t\u00e9 fissur\u00e9s.<\/li>\n<li>L\u2019op\u00e9ration r\u00e9ussie du pasteur Lal Ro Puia, qui souffrait d\u2019une amygdalite.<\/li>\n<\/ul>\n<p>Veuillez prier pour :<\/p>\n<ul>\n<li>Le r\u00e9confort et la gu\u00e9rison des familles touch\u00e9es par le tremblement de terre. Plus de 400 r\u00e9pliques se sont produites et plus de 4 000 vies ont \u00e9t\u00e9 perdues.<\/li>\n<li>La restauration et la gu\u00e9rison de la nation de Myanmar dans tous les aspects \u2013 spirituel, \u00e9motionnel et physique.<\/li>\n<\/ul>\n<p><strong>AUSTRALIE<br \/>\n<\/strong>Veuillez prier pour :<\/p>\n<ul>\n<li>Le r\u00e9v\u00e9rend Ken Graham, pr\u00e9sident de la CMA Australie, pour sa sant\u00e9 et son r\u00e9tablissement. Veuillez \u00e9galement prier pour les autres dirigeants de l\u2019Alliance qui sont actuellement malades.<\/li>\n<\/ul>\n<p><strong>TAIWAN<br \/>\n<\/strong>Louez Dieu pour :<\/p>\n<ul>\n<li>Le pr\u00e9sident Silas Yang, qui se r\u00e9tablit et reprend des forces.<\/li>\n<li>La conf\u00e9rence des pasteurs qui s\u2019est tenue avec succ\u00e8s \u00e0 la fin du mois de mars.<\/li>\n<\/ul>\n<hr \/>\n<p><strong>16 avril 2025<\/strong><\/p>\n<p><strong>R\u00c9GION AFRIQUE DE l\u2019UMA<\/strong><\/p>\n<p><strong>R\u00c9PUBLIQUE D\u00c9MOCRATIQUE DU CONGO (RDC)<br \/>\n<\/strong>Louez Dieu pour :<\/p>\n<ul>\n<li>La r\u00e9ussite du forum de louange orient\u00e9 sur l\u2019avancement du Royaume par le biais du minist\u00e8re musical.<\/li>\n<li>La mise en place du bureau charg\u00e9 de la dynamique paroissiale francophone et sa mission de mettre en \u0153uvre une nouvelle strat\u00e9gie d\u2019implantation d\u2019\u00e9glises.<\/li>\n<li>Les pr\u00e9paratifs du minist\u00e8re de la jeunesse en vue de participer au Congr\u00e8s R\u00e9gional des Jeunes de l\u2019Alliance au Gabon en ao\u00fbt.<\/li>\n<\/ul>\n<p>Veuillez prier pour :<\/p>\n<ul>\n<li>Les familles touch\u00e9es par les inondations d\u00e9vastatrices \u00e0 Kinshasa les 4 et 5 avril, qui ont fait des victimes et d\u00e9truit des maisons.<\/li>\n<li>La direction de Dieu pour tous les efforts d\u2019\u00e9vang\u00e9lisation pendant le Mois de l\u2019\u00c9vang\u00e9lisation en mai, et la pleine participation de l\u2019\u00e9glise dans tout le pays.<\/li>\n<li>La fin de la mont\u00e9e de la violence au Plateau Bateke et la sagesse pour l\u2019\u00e9glise nationale qui soutient les deux \u00e9glises restantes dans le district eccl\u00e9siastique du Plateau-Est.<\/li>\n<li>Les efforts de scoutisme missionnaire men\u00e9s par le D\u00e9partement des Missions pour identifier les zones \u00e0 explorer aux c\u00f4t\u00e9s de l\u2019\u00e9quipe internationale de l\u2019UMA.<\/li>\n<li>Le r\u00e9v\u00e9rend Eston Vanguof, du district d\u2019Inga, qui est toujours emprisonn\u00e9 apr\u00e8s un incident survenu au cours d\u2019une partie de chasse dans la for\u00eat. Que Dieu apporte la justice et la paix.<\/li>\n<li>Que Dieu guide les autorit\u00e9s gouvernementales de la RDC alors qu\u2019elles envisagent des changements l\u00e9gislatifs concernant les services religieux. Priez pour l\u2019harmonie entre l\u2019\u00c9tat et l\u2019\u00c9glise.<\/li>\n<\/ul>\n<p><strong>LIB\u00c9RIA<br \/>\n<\/strong>Louez Dieu pour :<\/p>\n<ul>\n<li>Le succ\u00e8s de la rencontre de je\u00fbne et pri\u00e8re du Conseil National de la CMA qui s\u2019est tenu \u00e0 Zeewroh, dans le comt\u00e9 de Lower Nimba, du 7 au 13 avril.<\/li>\n<\/ul>\n<p>Veuillez prier pour :<\/p>\n<ul>\n<li>La direction et la sagesse de Dieu pour l\u2019\u00e9vang\u00e9liste Korpo Ballah, r\u00e9cemment affect\u00e9 \u00e0 une \u00e9glise qui vient d\u2019\u00eatre \u00e9tablie dans la ville de Zozoma, dans le district de Voinjama.<\/li>\n<li>Que Dieu restaure la sant\u00e9 du diacre Matthew K. Jomah et la diaconesse Korpo Korlu. Priez aussi pour le diacre Jomah, qui a \u00e9t\u00e9 diagnostiqu\u00e9 d\u2019une l\u2019hypertension art\u00e9rielle et pour la diaconesse Korlu, qui souffre de douleurs s\u00e9v\u00e8res \u00e0 la jambe, ce qui l\u2019emp\u00eache de marcher.<\/li>\n<li>Que Dieu suscite plus d\u2019ouvriers dans le quartier CMA de Lofa.<\/li>\n<li>La conf\u00e9rence de la CMA dans un quartier de Monrovia au Liberia, du 26 au 30 juin.<\/li>\n<\/ul>\n<p><strong>B\u00c9NIN<br \/>\n<\/strong>Louez Dieu pour :<\/p>\n<ul>\n<li>La rencontre fructueuse entre les bureaux nationaux du Gabon et du B\u00e9nin pour discuter d\u2019une collaboration future.<\/li>\n<li>Une bonne entente sur le projet du Protocole d\u2019Accord entre les \u00e9glises CMA du Gabon et du B\u00e9nin.<\/li>\n<li>La d\u00e9dicace de l\u2019\u00e9glise de Djidja (Woukanwou), enti\u00e8rement construite par le couple gabonais Joseph et Henriette Ondo-Eva.<\/li>\n<li>Le d\u00e9roulement des cours \u00e0 notre Institut Biblique (IBITAC).<\/li>\n<\/ul>\n<p>Veuillez prier pour :<\/p>\n<ul>\n<li>Que Dieu suscite des ouvriers pour r\u00e9aliser la vision d\u2019implanter au moins une \u00e9glise dans chaque d\u00e9partement, commune et arrondissement.<\/li>\n<li>Notre Congr\u00e8s National, du 16 au 20 avril. Priez pour les orateurs et tous les participants.<\/li>\n<li>\u00c9lections du bureau de Coordonnatrice Nationale de l\u2019Association des Femmes de l\u2019Alliance Chr\u00e9tienne du B\u00e9nin (AFAC).<\/li>\n<li>Les fonds pour construire l\u2019Institut Biblique.<\/li>\n<li>La r\u00e9daction des statuts et r\u00e8glements de l\u2019\u00e9glise.<\/li>\n<\/ul>\n<p><strong>CONGO-BRAZZAVILLE<br \/>\n<\/strong>Louez Dieu pour :<\/p>\n<ul>\n<li>L\u2019ach\u00e8vement avec succ\u00e8s de la formation \u00ab Libre \u00e0 Diriger \u00bb en quatre ans.<\/li>\n<\/ul>\n<p>Veuillez prier pour :<\/p>\n<ul>\n<li>H\u00e9l\u00e8ne, l\u2019\u00e9pouse du R\u00e9v\u00e9rend Pierre Mavoungou, le pr\u00e9sident de la CMA Congo. Elle souffre d\u2019hypertension et de douleurs aux membres.<\/li>\n<li>Les efforts d\u2019\u00e9vang\u00e9lisation de l\u2019\u00e9glise dans les champs missionnaires.<\/li>\n<li>Pr\u00e9paratifs de notre Synode au mois d\u2019octobre.<\/li>\n<\/ul>\n<p><strong>ANGOLA<br \/>\n<\/strong>Louez Dieu pour :<\/p>\n<ul>\n<li>La deuxi\u00e8me tranche de financement du projet de construction de l\u2019\u00c9glise de Monte Si\u00e3o \u00e0 L\u00e2ndana, dans la province de Cabinda, soutenu par les Minist\u00e8res de Coop\u00e9ration Internationale (ICM).<\/li>\n<\/ul>\n<p>Veuillez prier pour :<\/p>\n<ul>\n<li>Le village de Ganda Cango dans la province de Cabinda, o\u00f9 se trouve l\u2019\u00c9glise de l\u2019Alliance Nouvelle J\u00e9rusalem. Les attaques d\u2019\u00e9l\u00e9phants ont caus\u00e9 des destructions, des pertes en vies humaines et des d\u00e9placements.<\/li>\n<li>L\u2019intervention de Dieu dans l\u2019\u00e9pid\u00e9mie de chol\u00e9ra qui frappe gravement l\u2019Angola.<\/li>\n<\/ul>\n<hr \/>\n<p><strong>9 avril 2025<\/strong><\/p>\n<p><strong>R\u00c9GION CLA (AM\u00c9RIQUE LATINE) DE L\u2019UMA<\/strong><\/p>\n<p><strong>CHILI<br \/>\n<\/strong>Louez Dieu pour :<\/p>\n<ul>\n<li>Le S\u00e9minaire Th\u00e9ologique qui entame son trimestre acad\u00e9mique 2025 avec plus de 200 \u00e9tudiants \u00e0 l\u2019\u00e9chelle nationale.<\/li>\n<li>Les nombreuses \u00e9glises qui c\u00e9l\u00e8brent des anniversaires, certaines marquant 100 ans de minist\u00e8re.<\/li>\n<li>Des \u00e9glises qui vivent des bapt\u00eames et accueillent de nouveaux croyants.<\/li>\n<li>La protection du Seigneur envers les croyants et les b\u00e2timents de l\u2019\u00e9glise lors des r\u00e9cents incendies de for\u00eat.<\/li>\n<li>Plusieurs camps de formation ont lieu pendant la saison estivale.<\/li>\n<li>Des conf\u00e9rences \u00e0 l\u2019\u00e9chelle nationale ont renforc\u00e9 l\u2019initiative ROUTE 1.8, ax\u00e9e sur la croissance de l\u2019\u00e9glise qui a la formation de disciples pour fondement.<\/li>\n<\/ul>\n<p>Veuillez prier pour :<\/p>\n<ul>\n<li>Les enfants vuln\u00e9rables, en particulier ceux qui sont pris en charge par la Maison des Enfants de Santiago.<\/li>\n<li>La sant\u00e9 et le bien-\u00eatre des personnes \u00e2g\u00e9es, y compris les pasteurs \u00e0 la retraite.<\/li>\n<li>L\u2019accomplissement de la mission de l\u2019\u00e9glise nationale, guid\u00e9 par la devise : \u00ab Nous continuons&#8230; \u00e9vang\u00e9lisant et formant des disciples jusqu\u2019au retour de Christ \u00bb.<\/li>\n<\/ul>\n<p><strong>BR\u00c9SIL<br \/>\n<\/strong>Louez Dieu pour :<\/p>\n<ul>\n<li>Les dipl\u00f4m\u00e9s du S\u00e9minaire th\u00e9ologique A. W. Tozer et ceux qui poursuivent leur formation minist\u00e9rielle.<\/li>\n<\/ul>\n<p>Veuillez prier pour :<\/p>\n<ul>\n<li>La r\u00e9ussite de la planification, la pr\u00e9paration et l\u2019impact des prochains congr\u00e8s de la jeunesse et des femmes en mai et en juin. Priez pour la transformation par la communion et la Parole de Dieu.<\/li>\n<li>Que les familles des pasteurs, des ministres et des missionnaires soient des t\u00e9moignages vivants de la gr\u00e2ce de Dieu.<\/li>\n<li>Le Project Asia, \u00e0 la recherche de la direction de Dieu pour l\u2019expansion de l\u2019\u00e9vangile dans la r\u00e9gion.<\/li>\n<li>Les missionnaires au Portugal et la croissance de l\u2019\u00c9glise de l\u2019Alliance \u00e0 Paredes, notamment par l\u2019acquisition des \u00e9quipements de sonorisation.<\/li>\n<li>Des voyages en toute s\u00e9curit\u00e9 et des discussions fructueuses lors du Forum sur le Champs, pr\u00e9vu du 25 au 29 avril, \u00e0 Porto (Portugal).<\/li>\n<\/ul>\n<p><strong>MEXIQUE<br \/>\n<\/strong>Veuillez prier pour :<\/p>\n<ul>\n<li>Le r\u00e9tablissement du pasteur Jos\u00e9 \u00c1ngel Reyes \u00e0 la suite d\u2019un probl\u00e8me cardiaque.<\/li>\n<li>La gu\u00e9rison continue du pasteur Mario Melo d\u2019un infarctus c\u00e9r\u00e9bral.<\/li>\n<li>La guidance pendant les 40 jours de je\u00fbne et de pri\u00e8re, afin d\u2019aligner l\u2019\u00e9glise nationale sur la volont\u00e9 de Dieu.<\/li>\n<li>La croissance des \u00e9glises nouvellement implant\u00e9es \u00e0 La Paz (Baja California Sur) et \u00e0 Pachuca (Hidalgo).<\/li>\n<li>Le programme national de formation pastorale visant \u00e0 renforcer les capacit\u00e9s des responsables et des pasteurs.<\/li>\n<\/ul>\n<p><strong>ARGENTINE<br \/>\n<\/strong>Louez Dieu pour :<\/p>\n<ul>\n<li>Le d\u00e9but de l\u2019ann\u00e9e acad\u00e9mique \u00e0 l\u2019Institut Biblique Buenos Aires, qui compte environ 350 \u00e9tudiants engag\u00e9s dans une formation biblique.<\/li>\n<li>La premi\u00e8re retraite pastorale r\u00e9gionale \u00e0 Cipolletti, qui a favoris\u00e9 la communion et le renouveau spirituel.<\/li>\n<\/ul>\n<p>Veuillez prier pour :<\/p>\n<ul>\n<li>La retraite nationale des hommes, pr\u00e9vue du 1er au 4 mai.<\/li>\n<li>Le soutien, \u00e0 la fois \u00e9conomique et spirituel, pour les ouvriers internationaux.<\/li>\n<li>Les efforts de restauration de l\u2019\u00e9glise de Bah\u00eda Blanca \u00e0 la suite d\u2019importantes inondations. Priez pour la famille du pasteur Marcos qui aide les membres touch\u00e9s.<\/li>\n<\/ul>\n<p><strong>\u00c9QUATEUR<br \/>\n<\/strong>Veuillez prier pour :<\/p>\n<ul>\n<li>Le renouvellement et la sagesse pour les dirigeants d\u2019\u00e9glise et les serviteurs dans leur minist\u00e8re.<\/li>\n<li>La croissance spirituelle de l\u2019\u00c9glise de l\u2019Alliance, pour favoriser la transformation et l\u2019engagement.<\/li>\n<li>La direction de Dieu lors des \u00e9lections pr\u00e9sidentielles du 13 avril, et la sagesse pour les dirigeants \u00e9lus.<\/li>\n<li>Paix et s\u00e9curit\u00e9 pour l\u2019\u00c9quateur, et mesures efficaces de lutte contre la criminalit\u00e9 et la violence.<\/li>\n<li>La stabilit\u00e9 \u00e9conomique et les opportunit\u00e9s d\u2019emploi pour ceux qui ont des difficult\u00e9s financi\u00e8res.<\/li>\n<\/ul>\n<p><strong>R\u00c9PUBLIQUE DOMINICAINE<br \/>\n<\/strong>Louez Dieu pour :<\/p>\n<ul>\n<li>La r\u00e9ouverture d\u2019une \u00e9glise pr\u00e9c\u00e9demment ferm\u00e9e \u00e0 San Juan de la Maguana.<\/li>\n<\/ul>\n<p>Veuillez prier pour :<\/p>\n<ul>\n<li>La mise \u00e0 disposition d\u2019un pasteur pour l\u2019\u00e9glise centrale de Saint-Domingue.<\/li>\n<li>La sagesse pour les participants \u00e0 la Rencontre Pastorale sur l\u2019Implantation d\u2019\u00c9glises (23-25 avril).<\/li>\n<li>Des ouvriers qui s\u2019engagent \u00e0 \u00e9vang\u00e9liser 12 provinces o\u00f9 il n\u2019y a pas d\u2019\u00e9glises.<\/li>\n<li>La r\u00e9ussie dans l\u2019acquisition d\u2019une propri\u00e9t\u00e9 \u00e0 Punta Cana pour soutenir la croissance de l\u2019\u00e9glise.<\/li>\n<li>Paix entre la R\u00e9publique dominicaine et Ha\u00efti qui sont dans un contexte de tensions persistantes.<\/li>\n<\/ul>\n<p><strong>PANAMA<br \/>\n<\/strong>Louez Dieu pour :<\/p>\n<ul>\n<li>Le succ\u00e8s de la Rencontre \u00c9vang\u00e9lique des Jeunes les 22 et 23 mars, o\u00f9 les participants ont fait l\u2019exp\u00e9rience de l\u2019\u0153uvre de Dieu.<\/li>\n<li>La croissance des groupes d\u2019amiti\u00e9 d\u00e9di\u00e9s \u00e0 l\u2019\u00e9vang\u00e9lisation, qui sont pass\u00e9s de trois \u00e0 six depuis le d\u00e9but de l\u2019ann\u00e9e.<\/li>\n<\/ul>\n<p>Veuillez prier pour :<\/p>\n<ul>\n<li>Sagesse dans le management de la CMA Brisas del Golf alors qu\u2019ils ouvrent une \u00e9glise pour enfants et \u00e9tendent leurs services.<\/li>\n<li>La provision de Dieu pour des ouvriers suppl\u00e9mentaires en vue de soutenir la croissance de l\u2019\u00e9glise.<\/li>\n<li>Acquisition d\u2019un bien immobilier pour la CMA Brisas del Golf.<\/li>\n<\/ul>\n<p><strong>VENEZUELA<br \/>\n<\/strong>Veuillez prier pour :<\/p>\n<ul>\n<li>La protection, orientation et r\u00e9v\u00e9lation pour la direction pastorale de la CMA au Venezuela.<\/li>\n<li>Que Dieu suscite de nouveaux serviteurs ayant la vocation pastorale.<\/li>\n<li>La reconnaissance l\u00e9gale de l\u2019\u00e9glise de Los Guayos et la fondation d\u2019aide \u00e0 la famille, FUNDALFA.<\/li>\n<li>La r\u00e9ussite des campagnes d\u2019\u00e9vang\u00e9lisation pour mener les c\u0153urs \u00e0 la repentance.<\/li>\n<li>La paix, la force et l\u2019espoir dans des d\u00e9fis que rencontre le pays.<\/li>\n<\/ul>\n<p><strong>HA\u00cfTI<br \/>\n<\/strong>Veuillez prier pour :<\/p>\n<ul>\n<li>La protection et le soutien aux enfants orphelins et \u00e0 ceux qui leur apportent de l\u2019aide.<\/li>\n<li>L\u2019\u00e9tablissement d\u2019un gouvernement stable et compatissant.<\/li>\n<li>Des provisions pour les familles confront\u00e9es \u00e0 de graves p\u00e9nuries alimentaires et de l\u2019encouragement spirituel au milieu des difficult\u00e9s.<\/li>\n<\/ul>\n<p><strong>P\u00c9ROU<br \/>\n<\/strong>Veuillez prier pour :<\/p>\n<ul>\n<li>Que Dieu inspire et suscite la formation de nouveaux leaders de la jeunesse \u00e0 l\u2019\u00e9chelle nationale.<\/li>\n<li>Des orientations pour la c\u00e9l\u00e9bration du centenaire de la CMA au P\u00e9rou au mois de novembre.<\/li>\n<li>La fin de la violence et de la criminalit\u00e9 qui affectent la nation.<\/li>\n<\/ul>\n<hr \/>\n<p><strong>2 avril 2025<\/strong><\/p>\n<p><strong>R\u00c9GION EMERALD (EUROPE ET MOYEN-ORIENT) DE L\u2019UMA<\/strong><\/p>\n<p><strong>GRANDE-BRETAGNE<br \/>\n<\/strong>Veuillez prier pour :<\/p>\n<ul>\n<li>Le centre de sensibilisation du minist\u00e8re Giving Tree \u00e0 Manchester. Priez pour les ressources n\u00e9cessaires \u00e0 la p\u00e9rennit\u00e9 de cet important minist\u00e8re qui touche les nations dans cette ville multiculturelle.<\/li>\n<li>Que Dieu pourvoie \u00e0 un nouveau pasteur int\u00e9rimaire pour l\u2019Alliance Manchester (TAM), une \u00c9glise de l\u2019Alliance de Toutes les Nations qui rassemble des personnes de nombreuses nations et cultures dans des relations d\u2019amour, unies en Christ, transform\u00e9es par lui pour avoir un impact sur les peuples du monde.<\/li>\n<\/ul>\n<p><strong>FORMATION DE L\u2019ALLIANCE<br \/>\n<\/strong>Louons Dieu pour :<\/p>\n<ul>\n<li>La conf\u00e9rence de formation sur le Leadership et la Spiritualit\u00e9 qui a eu lieu \u00e0 Bologne le 29 mars. Priez pour que cette formation renforce l\u2019unit\u00e9 de la famille de l\u2019Alliance en Italie, une unit\u00e9 qui ne peut venir que du Saint-Esprit.<\/li>\n<\/ul>\n<p>Veuillez prier pour :<\/p>\n<ul>\n<li>Le financement des \u00e9tudes de ma\u00eetrise de Ximena Ord\u00f3\u00f1ez, la nouvelle doyenne acad\u00e9mique de l\u2019INFORMA (Institut de Formation Minist\u00e9rielle de l\u2019Alliance).<\/li>\n<li>Les bourses d\u2019\u00e9tudes pour les 30 \u00e9tudiants inscrits au nouveau programme de Dipl\u00f4me en Missions de l\u2019INFORMA.<\/li>\n<li>Les pr\u00e9paratifs pour le lancement de l\u2019INFORMA en italien, afin de s\u2019assurer qu\u2019il renforce les \u00e9glises de l\u2019Alliance et leurs membres en Italie.<\/li>\n<li>Les pr\u00e9paratifs de la Conf\u00e9rence de Formation \u00e0 l\u2019Identit\u00e9 et \u00e0 la Th\u00e9ologie de l\u2019Alliance \u00e0 Toulouse, en France, les 22 et 23 mai, alors que l\u2019ICTE (Commission Internationale d\u2019\u00c9ducation Th\u00e9ologique) de l\u2019UMA et le Comit\u00e9 Th\u00e9ologique de l\u2019AECM France travaillent main dans la main. Priez pour des ressources permettant de maximiser la participation au forum des travailleurs et responsables d\u2019\u00e9glises francophones de l\u2019Alliance dans la r\u00e9gion EMERALD.<\/li>\n<\/ul>\n<p><strong>JORDANIE<br \/>\n<\/strong>Veuillez prier pour :<\/p>\n<ul>\n<li>La protection de la Jordanie au milieu de l\u2019instabilit\u00e9 r\u00e9gionale.<\/li>\n<li>La pluie pour r\u00e9approvisionner les barrages et att\u00e9nuer les conditions de s\u00e9cheresse actuelles.<\/li>\n<li>La reprise \u00e9conomique alors que de nombreuses entreprises sont confront\u00e9es \u00e0 des licenciements.<\/li>\n<\/ul>\n<p><strong>FRANCE<br \/>\n<\/strong>Veuillez prier pour :<\/p>\n<ul>\n<li>La Conf\u00e9rence des Femmes de l\u2019Alliance, \u00ab Femme, L\u00e8ve-toi et Agis pour Dieu \u00bb, \u00e0 Limoges (25-27 avril). Puisse-t-elle inspirer et responsabiliser toutes les participantes.<\/li>\n<\/ul>\n<p><strong>KOSOVO<br \/>\n<\/strong>Louons Dieu pour :<\/p>\n<ul>\n<li>Le succ\u00e8s de la conf\u00e9rence La Gu\u00e9rison de l\u2019\u00c2me en mars. La Gu\u00e9rison de l\u2019\u00c2me a \u00e9t\u00e9 traduit en albanais, ce qui constitue une premi\u00e8re \u00e9tape importante pour cette jeune \u00e9glise.<\/li>\n<\/ul>\n<p>&nbsp;<\/p>\n<hr \/>\n<p>&nbsp;<\/p>\n<h2><strong>Pri\u00e8res de l\u2019UMA &#8211; Mars 2025<\/strong><\/h2>\n<p><strong>26 mars 2025<\/strong><\/p>\n<p><strong>1) R\u00c9GION APAC (ASIE PACIFIQUE) DE L\u2019UMA<\/strong><\/p>\n<p><strong>NOUVELLE-Z\u00c9LANDE<br \/>\n<\/strong>Louez Dieu pour :<\/p>\n<ul>\n<li>L\u2019arriv\u00e9e d\u2019un nouveau pasteur pour diriger la congr\u00e9gation anglaise de notre plus grande \u00e9glise chinoise.<\/li>\n<\/ul>\n<p>Veuillez prier pour :<\/p>\n<ul>\n<li>Le besoin d\u2019avoir des pasteurs dans nos \u00e9glises. Nous recherchons un pasteur cantonais, un pasteur mandarin et un ouvrier pour le minist\u00e8re aupr\u00e8s des enfants.<\/li>\n<li>Les deux prochains voyages missionnaires aux Tonga et en Tha\u00eflande cette ann\u00e9e.<\/li>\n<\/ul>\n<p><strong>TA\u00cfWAN<br \/>\n<\/strong>Louez Dieu pour :<\/p>\n<ul>\n<li>La r\u00e9ussite de l\u2019op\u00e9ration chirurgicale du r\u00e9v\u00e9rend Silas Yang, pr\u00e9sident de la CMA Ta\u00efwan. Il se r\u00e9tablit bien et fait des progr\u00e8s constants.<\/li>\n<\/ul>\n<p><strong>MONGOLIE<br \/>\n<\/strong>Veuillez prier pour :<\/p>\n<ul>\n<li>Les opportunit\u00e9s et la provision financi\u00e8res pour le prochain voyage de l\u2019\u00e9quipe missionnaire de la CMA Mongolie en Mongolie int\u00e9rieure.<\/li>\n<li>Sagesse et force pour le personnel du Bureau du Pr\u00e9sident alors qu\u2019il pr\u00e9pare des documents cadre qui serviront \u00e0 orienter les activit\u00e9s futures de la CMA Mongolie.<\/li>\n<\/ul>\n<p><strong>INDON\u00c9SIE<br \/>\n<\/strong>Veuillez prier pour :<\/p>\n<ul>\n<li>La Rencontre Nationale Annuelle de la CMA Indon\u00e9sie (GKII), du 22 au 25 avril \u00e0 Tarakan, dans le nord de Born\u00e9o. Environ 250 dirigeants de toute l\u2019Indon\u00e9sie se r\u00e9uniront pour discuter des r\u00e9visions des statuts de l\u2019\u00e9glise et des plans strat\u00e9giques pour les missions parmi les groupes ethniques non atteintes dans la ville de Nusantara, la nouvelle capitale de l\u2019Indon\u00e9sie.<\/li>\n<\/ul>\n<p><strong>JAPON<br \/>\n<\/strong>Veuillez prier pour :<\/p>\n<ul>\n<li>La Conf\u00e9rence du D\u00e9partement de la Jeunesse de l\u2019\u00c9glise de l\u2019Alliance au Japon, les 5 et 6 mai \u00e0 l\u2019\u00c9cole de Th\u00e9ologie de l\u2019Alliance du Japon. Le r\u00e9v\u00e9rend Yayoi Okamoto (Iyo Christ Church) interviendra sur le th\u00e8me \u00ab Le pouvoir de se r\u00e9jouir dans le Seigneur J\u00e9sus \u00bb. Priez pour que de nombreux jeunes y assistent, fassent l\u2019exp\u00e9rience de la gr\u00e2ce et de la puissance de la Parole tout en jouissant d\u2019une riche communion.<\/li>\n<li>La 75e Conf\u00e9rence Annuelle de l\u2019\u00c9glise de l\u2019Alliance au Japon, les 25 et 26 mai dans la ville d\u2019Hiroshima. Priez pour le r\u00e9v\u00e9rend Alan Kropp, pr\u00e9sident de la Mission de l\u2019Alliance au Japon, et pour la sant\u00e9 des pasteurs et des fid\u00e8les afin qu\u2019ils puissent y assister. De plus, priez pour l\u2019\u00e9lection de cinq nouveaux membres du Conseil d\u2019Administration.<\/li>\n<\/ul>\n<p><strong>AUSTRALIE<br \/>\n<\/strong>Veuillez prier pour :<\/p>\n<ul>\n<li>La r\u00e9ussite de l\u2019implantation de nouvelles \u00e9glises en 2025.<\/li>\n<li>Que Dieu suscite de nouveaux ouvriers internationaux pour les champs de la moisson.<\/li>\n<li>Sagesse et unit\u00e9 pour le Bureau National alors qu\u2019il entre dans une saison de r\u00e9unions de planification.<\/li>\n<\/ul>\n<p>&nbsp;<\/p>\n<p><strong>2) R\u00c9GION AM\u00c9RIQUE DU NORD DE L\u2019UMA<\/strong><\/p>\n<p><strong>\u00c9TATS-UNIS<br \/>\n<\/strong>Veuillez prier pour :<\/p>\n<ul>\n<li>Les pr\u00e9paratifs de la Conf\u00e9rence LIFE 2025. Des milliers d\u2019adolescents se rassembleront \u00e0 Indianapolis, dans l\u2019Indiana, \u00e0 partir du 4 juillet, pour cinq jours de connexion, de d\u00e9tente et d\u2019enseignement afin de les encourager dans leur engagement envers Christ et son \u0153uvre. Plusieurs prennent des d\u00e9cisions qui changent leur vie lors de cet \u00e9v\u00e9nement. Priez pour les organisateurs, les b\u00e9n\u00e9voles, les conf\u00e9renciers, les musiciens et le personnel sur place. Priez \u00e9galement pour que la ville d\u2019Indianapolis soit un environnement accueillant o\u00f9 des milliers de jeunes peuvent rencontrer J\u00e9sus.<\/li>\n<\/ul>\n<p><strong>CANADA<br \/>\n<\/strong>Louez Dieu avec :<\/p>\n<ul>\n<li>Les Ouvriers Internationaux Mike et Nikki Howell (S\u00e9n\u00e9gal) pour les occasions de plus en plus nombreuses d\u2019entrer chez leurs voisins, qu\u2019il s\u2019agisse de c\u00e9l\u00e9brer un anniversaire, de rompre le je\u00fbne ou de livrer des paniers du Ramadan. Priez pour qu\u2019il y ait plus d\u2019opportunit\u00e9s d\u2019\u00e9changes spirituels. Priez aussi pour leurs jeunes enfants, qui se joignent souvent \u00e0 ces visites qui peuvent \u00eatre difficiles pour eux.<\/li>\n<\/ul>\n<p>Veuillez prier pour :<\/p>\n<ul>\n<li>L\u2019ouvri\u00e8re internationale Lizette Lavoie et les orphelins du Centre pour Enfants en Crise en Guin\u00e9e. Malgr\u00e9 tous les efforts des ouvriers pour fournir un bon environnement pour \u00e9tudier, quatre \u00e9l\u00e8ves sont en \u00e9chec scolaire. Dieu soit lou\u00e9, cependant, que trois filles aient commenc\u00e9 leur apprentissage dans un salon de beaut\u00e9. Priez pour leur croissance continuelle et pour le d\u00e9velopper leurs comp\u00e9tences de vie.<\/li>\n<\/ul>\n<hr \/>\n<p><strong>12 mars 2025<\/strong><\/p>\n<p><strong>R\u00c9GION AFRIQUE DE L\u2019UMA<\/strong><\/p>\n<p><strong>GABON<br \/>\n<\/strong>Veuillez prier pour :<\/p>\n<ul>\n<li>La croissance de l\u2019\u00e9glise \u00e0 Malabo, en Guin\u00e9e \u00e9quatoriale, et le programme de formation des ouvriers sur une p\u00e9riode de six mois. Priez pour la force, la protection et la sant\u00e9 des apprenants et des formateurs.<\/li>\n<li>La construction des stations missionnaires \u00e0 Lom\u00e9, au Togo, et \u00e0 Cotonou, au B\u00e9nin. Ces stations comprendront des maisons d\u2019accueil et des logements pour les pasteurs.<\/li>\n<li>L\u2019\u00e9lection du nouveau Bureau national de l\u2019Alliance au Gabon lors du Synode national pr\u00e9vu en juillet.<\/li>\n<li>Les \u00e9lections pr\u00e9sidentielles et l\u00e9gislatives au Gabon au mois d\u2019avril. Priez pour des \u00e9lections pacifiques et que la volont\u00e9 de Dieu soit faite.<\/li>\n<li>Que Dieu rendra justice pour le terrain de l\u2019\u00e9glise dont l\u2019affaire est devant les tribunaux de Bata, en Guin\u00e9e \u00e9quatoriale. Le terrain a \u00e9t\u00e9 achet\u00e9 par l\u2019\u00e9glise de Bata, mais une autre personne en a pris possession.<\/li>\n<\/ul>\n<p><strong>R\u00c9PUBLIQUE D\u00c9MOCRATIQUE DU CONGO (RDC)<br \/>\n<\/strong>Louez Dieu pour :<\/p>\n<ul>\n<li>Le succ\u00e8s de la Consultation Missionnaire Nationale \u00e0 Boma, qui a eu lieu du 28 f\u00e9vrier au 1er mars.<\/li>\n<li>La retraite des leaders \u00e0 Kinzau-Mvuete, pour pr\u00e9parer l\u2019installation du bureau de leur organisation.<\/li>\n<\/ul>\n<p>Veuillez prier pour :<\/p>\n<ul>\n<li>Le r\u00e9confort de Dieu pour la famille du r\u00e9v\u00e9rend Salomon Ngoma Masiala, un pasteur \u00e0 la retraite du district de Palanga Mbuda, d\u00e9c\u00e9d\u00e9 le 2 mars.<\/li>\n<li>Un pasteur du district eccl\u00e9siastique d\u2019Inga, qui fait face \u00e0 une plainte judiciaire li\u00e9es \u00e0 une affaire d\u2019homicide involontaire.<\/li>\n<li>La fin de la guerre en cours dans l\u2019Est de la RDC. Priez pour un regain de force et la sagesse des autorit\u00e9s afin d\u2019apporter une paix durable et de mettre fin aux pertes d\u00e9vastatrices en vies humaines.<\/li>\n<\/ul>\n<p><strong>CONGO BRAZZAVILLE<br \/>\n<\/strong>Louez Dieu pour :<\/p>\n<ul>\n<li>Sa protection lors de notre visite missionnaire dans le nord du pays.<\/li>\n<\/ul>\n<p>Veuillez prier pour :<\/p>\n<ul>\n<li>La pr\u00e9paration de notre Synode national en octobre prochain.<\/li>\n<li>Les programmes de notre D\u00e9partement National d\u2019\u00c9vang\u00e9lisation tout au long de l\u2019ann\u00e9e.<\/li>\n<\/ul>\n<p><strong>LIB\u00c9RIA<br \/>\n<\/strong>Veuillez prier pour :<\/p>\n<ul>\n<li>Les temps de je\u00fbne et pri\u00e8re du Conseil National de la CMA au Liberia, du 7 au 13 avril \u00e0 Zeewroh, dans le comt\u00e9 de Lower Nimba.<\/li>\n<li>Le succ\u00e8s de la 43e Convention de l\u2019Association Nationale des Femmes, qui s\u2019est tenue du 3 au 6 juillet dans le comt\u00e9 de Montserrado.<\/li>\n<\/ul>\n<p><strong>BURKINA FASO<br \/>\n<\/strong>Veuillez prier pour :<\/p>\n<ul>\n<li>L\u2019Assembl\u00e9e G\u00e9n\u00e9rale de l\u2019Alliance du Burkina Faso, pr\u00e9vue du 10 au 12 avril.<\/li>\n<li>La r\u00e9ussite de la mise en \u0153uvre du plan strat\u00e9gique 2025.<\/li>\n<li>La r\u00e9installation des pasteurs d\u00e9plac\u00e9s \u00e0 l\u2019int\u00e9rieur du pays.<\/li>\n<li>Le programme d\u2019aide de l\u2019\u00e9glise envers les veuves et les orphelins.<\/li>\n<\/ul>\n<hr \/>\n<p><strong>5 mars 2025<\/strong><\/p>\n<p><strong>R\u00c9GION CLA (AM\u00c9RIQUE LATINE) DE L\u2019UMA<\/strong><\/p>\n<p><strong>\u00c9QUATEUR<br \/>\n<\/strong>Veuillez prier pour :<\/p>\n<ul>\n<li>La sant\u00e9 de nos pasteurs et de nos ministres, en particulier ceux qui luttent contre des maladies en phase terminale.<\/li>\n<li>La r\u00e9ussite des nouveaux projets missionnaires \u00e9labor\u00e9s par notre D\u00e9partement National des Missions.<\/li>\n<li>Notre programme national d\u2019\u00e9vang\u00e9lisation 2025, qui vise \u00e0 \u00e9tablir de nouveaux minist\u00e8res par le biais des \u00e9glises locales.<\/li>\n<\/ul>\n<p><strong>MEXIQUE<br \/>\n<\/strong>Veuillez prier pour :<\/p>\n<ul>\n<li>La sant\u00e9 et le r\u00e9tablissement du pasteur Mario Melo apr\u00e8s son accident vasculaire c\u00e9r\u00e9bral.<\/li>\n<li>Les pr\u00e9paratifs pour notre Conseil national, qui se tiendra du 27 au 30 mai \u00e0 Mexico. L\u2019orateur principal sera le r\u00e9v\u00e9rend Walter Perez avec pour th\u00e8me \u00ab La Pentec\u00f4te, Temps de la Moisson \u00bb. Que Dieu renouvelle la passion et l\u2019amour de son \u0153uvre en chaque pasteur.<\/li>\n<li>Le projet d\u2019implantation d\u2019\u00e9glises dans la ville de Pachuca.<\/li>\n<li>La paix et la protection de Dieu sur les \u00e9glises du Chiapas et les villes de la r\u00e9gion de la Sierra qui sont touch\u00e9es par le crime organis\u00e9.<\/li>\n<\/ul>\n<p><strong>COLOMBIE<br \/>\n<\/strong>Louez Dieu pour :<\/p>\n<ul>\n<li>La r\u00e9ussite des rencontres r\u00e9gionales, o\u00f9 les dirigeants, les pasteurs et les membres se sont r\u00e9unis, ce qui a conduit \u00e0 la nomination de jeunes pasteurs assistants.<\/li>\n<\/ul>\n<p>Veuillez prier pour :<\/p>\n<ul>\n<li>La direction et la sagesse de Dieu \u00e0 notre Assembl\u00e9e nationale, les 21 et 22 mars.<\/li>\n<li>La provision et les conseils de Dieu pour les \u00e9v\u00e9nements nationaux qui auront lieu cette ann\u00e9e :\n<ul>\n<li>Rencontre des enfants des pasteurs \u00ab Echo \u00bb<\/li>\n<li>Rencontre des couples pastoraux<\/li>\n<li>Rencontre de pri\u00e8re<\/li>\n<li>Congr\u00e8s des femmes de l\u2019Alliance \u00ab Briller \u00bb<\/li>\n<li>\u00ab Camp Aventura \u00bb pour enfants<\/li>\n<li>Convention Alliance<\/li>\n<li>Congr\u00e8s des hommes de l\u2019Alliance \u00ab Positionnez-vous \u00bb<\/li>\n<li>Congr\u00e8s des Missions de l\u2019Alliance \u00ab Actes \u00bb<\/li>\n<li>Camp d\u2019implantation d\u2019\u00e9glises<\/li>\n<li>Congr\u00e8s des jeunes leaders de l\u2019Alliance \u00ab Connect\u00e9s \u00bb.<\/li>\n<\/ul>\n<\/li>\n<\/ul>\n<p><strong>BR\u00c9SIL<br \/>\n<\/strong>Louez Dieu pour :<\/p>\n<ul>\n<li>L\u2019implantation de nouvelles \u00e9glises \u00e0 S\u00e3o Jos\u00e9 dos Campos (\u00c9tat de S\u00e3o Paulo) et \u00e0 Caxias do Sul (sud du Br\u00e9sil).<\/li>\n<li>La protection du Seigneur et la provision pour la famille Tivane, nos missionnaires au Mozambique. En raison de la crise politique dans le pays, ils ont d\u00fb retourner au Br\u00e9sil. Louez le Seigneur de ce qu\u2019ils peuvent continuer leur travail de traduction de la Bible et soutenir les ouvriers et l\u2019\u00e9glise au Mozambique.<\/li>\n<\/ul>\n<p>Veuillez prier pour :<\/p>\n<ul>\n<li>Le d\u00e9but de l\u2019ann\u00e9e acad\u00e9mique au S\u00e9minaire Th\u00e9ologique A. W. Tozer, en particulier pour les sept nouveaux \u00e9tudiants, dont deux du Mozambique.<\/li>\n<li>La famille Albuquerque, missionnaires au Portugal, alors qu\u2019elle entreprend un voyage missionnaire en Guin\u00e9e-Bissau pour la mise en \u0153uvre du Smile Project, une initiative de sant\u00e9 dentaire. Priez aussi pour leur voyage au Br\u00e9sil (mars-juin) afin de faire r\u00e9ussir leur travail et planifier l\u2019implantation d\u2019une nouvelle \u00e9glise \u00e0 Porto.<\/li>\n<li>La famille Ueda, missionnaires au Japon, alors qu\u2019ils se rendront au P\u00e9rou et au Br\u00e9sil au cours des trois prochains mois pour des visites familiales et du repos.<\/li>\n<\/ul>\n<p><strong>VENEZUELA<br \/>\n<\/strong>Louez Dieu pour :<\/p>\n<ul>\n<li>La mise en place de l\u2019\u00e9glise CMA El Encuentro B\u00edblico et la nomination d\u2019un nouveau pasteur par int\u00e9rim.<\/li>\n<\/ul>\n<p>Veuillez prier pour :<\/p>\n<ul>\n<li>Les pr\u00e9paratifs de la Rencontre de Mariage ALMA et pour les couples qui y participeront.<\/li>\n<li>L\u2019\u00e9glise de Los Guayos qui organise un travail d\u2019\u00e9vang\u00e9lisation pour atteindre plus de personnes pour Christ dans la r\u00e9gion de Paraparal, une municipalit\u00e9 voisine.<\/li>\n<li>Le processus de l\u00e9galisation des terrains destin\u00e9s \u00e0 l\u2019\u00e9glise Cartanal CMA, afin de permettre le d\u00e9but de sa construction.<\/li>\n<li>La situation politique et \u00e9conomique au Venezuela. L\u2019hyperinflation continue d\u2019affecter la population et les finances de l\u2019\u00e9glise.<\/li>\n<\/ul>\n<p><strong>\u00a0<\/strong><strong>HA\u00cfTI<br \/>\n<\/strong>Louez Dieu pour :<\/p>\n<ul>\n<li>Ada Caraballo, l\u2019\u00e9pouse du pr\u00e9sident de l\u2019Alliance d\u2019Ha\u00efti, qui a termin\u00e9 son traitement contre le cancer et est gu\u00e9rie par la gr\u00e2ce de Dieu.<\/li>\n<li>L\u2019achat de quatre motos pour aider \u00e0 atteindre des endroits \u00e9loign\u00e9s.<\/li>\n<li>Plus de 50 enfants fr\u00e9quentent notre \u00e9cole biblique.<\/li>\n<\/ul>\n<p>Veuillez prier pour :<\/p>\n<ul>\n<li>La protection des \u00e9glises situ\u00e9es \u00e0 proximit\u00e9 de zones \u00e0 risque touch\u00e9es par la violence des gangs.<\/li>\n<li>La provision divine pour les projets d\u2019expansion des \u00e9glises CMA Saint-Michel et Capotillo.<\/li>\n<\/ul>\n<p><strong>URUGUAY<br \/>\n<\/strong>Louez Dieu pour :<\/p>\n<ul>\n<li>Des pasteurs qui ont \u00e9t\u00e9 \u00e9tablis dans diverses congr\u00e9gations.<\/li>\n<li>Les nombreux \u00e9tudiants qui commencent les cours \u00e0 notre s\u00e9minaire biblique.<\/li>\n<\/ul>\n<p>Veuillez prier pour :<\/p>\n<ul>\n<li>Notre convention nationale qui aura lieu le 12 avril dans la ville de Rivera, o\u00f9 un nouveau conseil national sera \u00e9lu.<\/li>\n<\/ul>\n<p><strong>R\u00c9PUBLIQUE DOMINICAINE<br \/>\n<\/strong>Veuillez prier pour :<\/p>\n<ul>\n<li>La gu\u00e9rison pour les pasteurs malades, y compris le pasteur Luis Lora et le pasteur Miqueas Felix.<\/li>\n<li>La revitalisation des \u00e9glises et la r\u00e9ussite de l\u2019implantation de nouvelles \u00e9glises.<\/li>\n<li>Ach\u00e8vement de divers projets de construction d\u2019\u00e9glise et de notre campement.<\/li>\n<\/ul>\n<p><strong>CUBA<br \/>\n<\/strong>Veuillez prier pour :<\/p>\n<ul>\n<li>Les orientations et la sagesse divines pour que le conseil d\u2019administration et les responsables de minist\u00e8re travaillent efficacement en \u00e9quipe pour faire avancer l\u2019\u00e9vangile.<\/li>\n<li>Le succ\u00e8s des projets nationaux de construction d\u2019\u00e9glises en cours.<\/li>\n<\/ul>\n<p><strong>BOLIVIE<br \/>\n<\/strong>Veuillez prier pour :<\/p>\n<ul>\n<li>L\u2019Assembl\u00e9e nationale de la CMA de Bolivie en mai, et pour la direction de Dieu dans l\u2019\u00e9lection de ses serviteurs pour le mandat 2025-2028.<\/li>\n<li>La croissance d\u2019une nouvelle \u00e9glise \u00e0 El Alto, La Paz.<\/li>\n<\/ul>\n<p>&nbsp;<\/p>\n<hr \/>\n<p>&nbsp;<\/p>\n<h2><strong>Pri\u00e8res de l\u2019UMA &#8211; F\u00e9vrier 2025<\/strong><\/h2>\n<p>&nbsp;<\/p>\n<p><strong>26 f\u00e9vrier 2025<\/strong><\/p>\n<p><strong>R\u00c9GION EMERALD (EUROPE ET MOYEN-ORIENT) DE L\u2019UMA<\/strong><\/p>\n<p><strong>JORDANIE<br \/>\n<\/strong>Veuillez prier pour :<\/p>\n<ul>\n<li>La situation sensible dans notre pays. Veuillez prier pour la sagesse de Dieu pour notre roi de prendre des d\u00e9cisions justes.<\/li>\n<li>Que Dieu prot\u00e9g\u00e9 notre pays en ces moments des d\u00e9fis.<\/li>\n<li>Ceux qui ont perdu leur emploi en raison de la suspension des activit\u00e9s de l\u2019USAID en Jordanie.<\/li>\n<li>L\u2019\u00e9conomie jordanienne qui a encore besoin de l\u2019intervention de Dieu pour am\u00e9liorer.<\/li>\n<\/ul>\n<p><strong>ITALIE<br \/>\n<\/strong>Veuillez prier pour :<\/p>\n<ul>\n<li>La Conf\u00e9rence de Formation de Leadership et Spiritualit\u00e9 \u00e0 Bologne, Italie, le 29 mars. Priez que cette formation puisse renforcer l\u2019unit\u00e9 de la famille de l\u2019Alliance en Italie, unit\u00e9 qui peut seulement venir du Saint-Esprit.<\/li>\n<\/ul>\n<p><strong>GRANDE BRETAGNE<br \/>\n<\/strong>Veuillez prier pour :<\/p>\n<ul>\n<li>Le Pasteur David Turpin, le nouveau directeur int\u00e9rimaire de la famille CMA en Grande Bretagne, comme il travaille jusqu\u2019\u00e0 ce qu\u2019un directeur permanent soit nomm\u00e9. Priez que Dieu conduise la voie vers une communion et la mission dans un pays qui a une riche histoire d\u2019envoi des missionnaires.<\/li>\n<\/ul>\n<p><strong>MACEDOINE<br \/>\n<\/strong>Veuillez prier pour :<\/p>\n<ul>\n<li>Les pr\u00e9parations pour l\u2019initiative de l\u2019adoration pour la Chambre Haute le 30 mars dans la Maison de l\u2019Orchestre Philharmonique National \u00e0de Skopje, d\u2019une capacit\u00e9 de 900 places.<\/li>\n<li>Que Dieu bouge les c\u0153urs de beaucoup de gens pour participer \u00e0 l\u2019organisation du concert pour apporter l\u2019\u00e9vangile \u00e0 la plus large soci\u00e9t\u00e9 \u00e0 Skopje. Dieu est en train de conduire son \u00e9glise \u00e0 sortir avec audace du statut d\u2019\u00e9glise clandestine et dans le courant dominant de la culture o\u00f9 son \u00e9glise aura la visibilit\u00e9 et l\u2019opportunit\u00e9 de partager librement l\u2019\u00e9vangile \u00e0 de nouvelles mani\u00e8res.<\/li>\n<\/ul>\n<p><strong>KOSOVO<br \/>\n<\/strong>Veuillez prier pour :<\/p>\n<ul>\n<li>Le couple qui est en train de consid\u00e9rer de joindre les efforts d\u2019implanter les \u00e9glises \u00e0 l\u2019est de Kosovo. Priez qu\u2019ils puissent avoir la confirmation du Seigneur dans plusieurs zones cl\u00e9s comme ils cherchent sa volont\u00e9.<\/li>\n<\/ul>\n<hr \/>\n<p><strong>19 f\u00e9vrier 2025<\/strong><\/p>\n<p><strong>1) R\u00c9GION AM\u00c9RIQUE DU NORD DE L\u2019UMA<\/strong><\/p>\n<p><strong>CANADA<br \/>\n<\/strong>Rendez gr\u00e2ce \u00e0 Dieu pour :<\/p>\n<ul>\n<li>Les ouvriers internationaux Gary et Sharon Howell qui ont vu des progr\u00e8s miraculeux dans la publication de la Bible dans un dialecte de Pulaar, parl\u00e9 par les Fulani au S\u00e9n\u00e9gal. Malgr\u00e9 des d\u00e9fis pass\u00e9s, des groups multiples ont fructueusement sign\u00e9 un accord de partenariat, avec l\u2019Ancien Testament qui devrait \u00eatre publi\u00e9 \u00e0 la fin de l\u2019ann\u00e9e.<\/li>\n<\/ul>\n<p>Veuillez prier pour :<\/p>\n<ul>\n<li>Tous les ouvriers internationaux et leurs enfants participants \u00e0 la Rencontre Globale 2025 \u00e0 Chiang Mai, Tha\u00eflande. Priez que les c\u0153urs soient pr\u00eats \u00e0 recevoir du Seigneur et qu\u2019ils partagent des t\u00e9moignages de l\u2019\u0153uvre de Dieu. Priez pour de bons voyages et des connexions incroyables avec d\u2019autres ouvriers internationaux et des leaders de l\u2019\u00e9glise Canadienne. Priez pour des ouvriers internationaux dirigeant des pr\u00e9- et post-voyages durant l\u2019\u00e9v\u00e9nement de la Rencontre Globale. Priez pour une forte protection spirituelle, comme beaucoup voyagent de mani\u00e8re interculturelle sur plusieurs jours.<\/li>\n<\/ul>\n<p><strong>\u00c9TATS-UNIS<br \/>\n<\/strong>Veuillez prier pour :<\/p>\n<ul>\n<li>Nos fr\u00e8res et s\u0153urs \u00e0 l\u2019\u00c9glise Standing Stone \u00e0 Bly, Oregon. Ils ont souffert d\u2019une importante perte quand le b\u00e2timent de leur \u00e9glise \u00e9tait d\u00e9truit par le feu le 28 janvier. Pendant que nous sommes reconnaissants de rapporter que personne n\u2019\u00e9tait bless\u00e9, priez pour le pasteur David Pranter, sa famille, et le leadership de l\u2019\u00e9glise comme ils prennent des d\u00e9cisions cruciales. Priez pour la congr\u00e9gation comme ils traitent de cette perte et cherchent une claire direction pour leur minist\u00e8re.<\/li>\n<li>Plus de 100 000 familles \u00e0 Los Angeles sont affect\u00e9s par ces r\u00e9cents incendies. Beaucoup ont perdu leurs maisons. Deux \u00e9glises de l\u2019Alliance &#8211; \u00c9glise Vie Nouvelle \u00e0 Woodland Hills et Cornerstone West LA &#8211; sont en partenariat avec Samaritan\u2019s Purse pour fournir des volontaires dans les efforts de secours devant l\u2019incendie. Ils cherchent \u00e0 mobiliser une coalition des \u00e9glises pour partager l\u2019amour de J\u00e9sus pendant qu\u2019ils aident des propri\u00e9taires des maisons \u00e0 d\u00e9gager des d\u00e9bris et tamiser les cendres. Les co\u00fbts peuvent inclure voyage, \u00e9quipements de protection, et les outils, les situations et les besoins changent quotidiennement. Priez pour la provision de Dieu et que beaucoup de gens bless\u00e9s tournent au Seigneur \u00e0 travers la compassion de son peuple.<\/li>\n<\/ul>\n<p>&nbsp;<\/p>\n<p><strong>2) R\u00c9GION APAC (ASIE PACIFIQUE) DE L\u2019UMA<\/strong><\/p>\n<p><strong>PHILIPPINES<br \/>\n<\/strong>Veuillez prier pour :<\/p>\n<ul>\n<li>La 58\u00e8me Assembl\u00e9e G\u00e9n\u00e9rale des \u00c9glises de l\u2019Alliance de Philippines (CAMACOP), \u00e0 Puerto Princesa, Palawan City, du 3 au 7 juin. Ils s\u2019attendent \u00e0 une participation de 3 000 ouvriers. Sous le th\u00e8me \u00ab Encapaciter les G\u00e9n\u00e9rations \u00bb, inspir\u00e9 par le Psaume 78 : 4, nous c\u00e9l\u00e9brerons la grandeur de Dieu, nous inspirerons la prochaine g\u00e9n\u00e9ration, et fortifierons notre foi comme une communaut\u00e9. Priez pour une couverture spirituelle et direction pour notre orateur principal pour les m\u00e9ditations, Dr. David Chotka, et d\u2019autres chercheurs et invit\u00e9s. Priez aussi pour la direction de Dieu et le discernement en \u00e9lisant un nouveau Conseil national d\u2019Administration.<\/li>\n<li>La continuation de l\u2019implantation des \u00e9glises, le discipolat, et le Mouvement \u00ab Plus Un \u00bb au-del\u00e0 de l\u2019actuelle administration.<\/li>\n<li>Nos \u00e9coles Bibliques &#8211; tant pour les r\u00e9sidentiels que pour les non r\u00e9sidentiels &#8211; pour former efficacement plus de ouvriers des \u00e9glises, des missionnaires, et des implanteurs d\u2019\u00e9glises.<\/li>\n<\/ul>\n<p><strong>NOUVELLE ZELANDE<br \/>\n<\/strong>Veuillez prier pour :<\/p>\n<ul>\n<li>La gu\u00e9rison continue pour trois de nos pasteurs qui ont r\u00e9cemment eu de s\u00e9rieuses difficult\u00e9s de sant\u00e9 incluant des attaques cardiaques et le cancer : R\u00e9v. Joshua et R\u00e9v. Esther Lee, et R\u00e9v. Raymond Yeung.<\/li>\n<li>L\u2019arriv\u00e9e du Pasteur Jo Paynter de l\u2019Australie en avril pour diriger la congr\u00e9gation Anglaise \u00e0 l\u2019une de nos \u00e9glises Chinoises.<\/li>\n<li>La Retraite de Pri\u00e8re de l\u2019Alliance du 8 mars comme les \u00e9glises se rencontrent pour prier et chercher la volont\u00e9 et la puissance de Dieu pour cette prochaine saison du minist\u00e8re.<\/li>\n<\/ul>\n<p><strong>TA\u00cfWAN<br \/>\n<\/strong>Veuillez prier pour :<\/p>\n<ul>\n<li>Le R\u00e9v. Silas Yang, le pr\u00e9sident de la CMA Taiwan, comme il se remet de l\u2019op\u00e9ration du 14 f\u00e9vrier. Priez pour un doux et un bon recouvrement de sant\u00e9.<\/li>\n<li>Les rencontres de pri\u00e8re et les r\u00e9unions du Comit\u00e9 Ex\u00e9cutif dans chaque district le 25 f\u00e9vrier.<\/li>\n<\/ul>\n<p><strong>HONG KONG<br \/>\n<\/strong>Rendez gr\u00e2ce \u00e0 Dieu pour :<\/p>\n<ul>\n<li>L\u2019\u00e9tablissement de deux nouvelles \u00e9glises associ\u00e9es : l\u2019\u00c9glise de l\u2019Alliance Pont Gracieux de la CMA (Tsim Sha Tsui) en septembre 2023, et l\u2019\u00c9glise de l\u2019Alliance Sources de Gr\u00e2ces de la CMA (Yuen Long) en d\u00e9cembre 2024.<\/li>\n<\/ul>\n<p>Veuillez prier pour :<\/p>\n<ul>\n<li>Le r\u00e9veil de notre Camp d\u2019initiatives Suen Douh et pour l\u2019inspiration et la direction de Dieu.<\/li>\n<li>Que le Seigneur suscite plus de pasteurs pour entrer dans les r\u00f4les de leadership comme nous approchons des retraites des pasteurs.<\/li>\n<\/ul>\n<p><strong>MYANMAR<br \/>\n<\/strong>Veuillez prier pour :<\/p>\n<ul>\n<li>Notre r\u00e9union du Conseil G\u00e9n\u00e9ral \u00e0 Tuivar, R\u00e9gion du Sagaing, Haut Myanmar, du 28 f\u00e9vrier au 2 mars. A cause des blocages de route et des confrontations, se r\u00e9unir est un d\u00e9fi. Priez pour que le conseil se tienne au moment voulu par Dieu, et pour la protection et la provision financi\u00e8re des 60 pasteurs et responsables qui y participeront.<\/li>\n<li>La protection et la provision pour les membres de l\u2019\u00e9glise au village de Pein Ne Bin, R\u00e9gion de Bago, Basse Myanmar. Ils avaient fui les maisons pour plus de quatre semaines comme la guerre a surgi dans la zone d\u2019alentour. Les forces r\u00e9volutionnaires vivent actuellement dans leur village.<\/li>\n<\/ul>\n<p><strong>THA\u00cfLANDE<br \/>\n<\/strong>Veuillez prier pour :<\/p>\n<ul>\n<li>La conf\u00e9rence annuelle de l\u2019Alliance de Tha\u00eflande (TCMA), du 25 au 27 mars, avec une participation attendue de 250 pasteurs et repr\u00e9sentants des \u00e9glises. Priez pour que Dieu nous guide sur comment nous d\u00e9placer avec nos plans de travail du minist\u00e8re.<\/li>\n<li>Les pr\u00e9parations d\u2019envoyer plus de missionnaires TCMA pour travailler avec les peuples Thai aux \u00c9tats-Unis. Priez pour que les portes s\u2019ouvrent et pour cette opportunit\u00e9 de devenir une r\u00e9alit\u00e9.<\/li>\n<\/ul>\n<p><strong>COR\u00c9E<br \/>\n<\/strong>Veuillez prier pour :<\/p>\n<ul>\n<li>Le renforcement de l\u2019\u00e9glise dans les pays d\u2019origine de 2,5 millions de travailleurs \u00e9trangers en Cor\u00e9e, sp\u00e9cialement de Sud-Est, Sud-Ouest, Central, et Nord-Est de l\u2019Asie.<\/li>\n<li>Que les pasteurs des pays d\u2019origine soient envoy\u00e9s en Cor\u00e9e pour partager l\u2019\u00e9vangile avec des travailleurs \u00e9trangers. Priez pour eux pour atteindre le peuple Cor\u00e9ens.<\/li>\n<li>Les pr\u00e9parations de la CMA Cor\u00e9e pour commencer le Projet Josu\u00e9 en Cor\u00e9e du Nord, Tibet, Mongolie Int\u00e9rieure, et Uyghur.<\/li>\n<\/ul>\n<p><strong>MONGOLIE<br \/>\n<\/strong>Veuillez prier pour :<\/p>\n<ul>\n<li>Le R\u00e9v. Bat Bayan, le pr\u00e9sident de la CMA Mongolie, comme il visite des \u00e9glises dans la province de Darkhan le 23 f\u00e9vrier. Priez pour l\u2019encouragement et l\u2019unit\u00e9 parmi les croyants.<\/li>\n<li>La Communion des Hommes le 16 mars. Que Dieu travaille dans la vie des homes en Mongolie.<\/li>\n<li>Le voyage \u00e0 court-terme \u00e0 Hokh Khot, Mongolie Int\u00e9rieure (Chine), le 17 mars.<\/li>\n<\/ul>\n<hr \/>\n<p><strong>12 f\u00e9vrier 2025<\/strong><\/p>\n<p><strong>R\u00c9GION AFRIQUE DE L\u2019UMA<\/strong><\/p>\n<p><strong>R\u00c9PUBLIQUE DEMOCRATIQUE DU CONGO (RDC)<br \/>\n<\/strong>Rendez gr\u00e2ce \u00e0 Dieu pour :<\/p>\n<ul>\n<li>Le succ\u00e8s du Conseil Synodal du 16 au 17 janvier, et les d\u00e9cisions prises, regardant sp\u00e9cialement les pr\u00e9paratifs pour la Quadriennale de l\u2019UMA \u00e0 Kinshasa en octobre.<\/li>\n<li>Sa protection et provision pour les cinq d\u00e9l\u00e9gu\u00e9s de la RDC qui ont particip\u00e9 \u00e0 la Conf\u00e9rence Missionnaire de l\u2019UMA Afrique au Togo en janvier.<\/li>\n<\/ul>\n<p>Veuillez prier pour :<\/p>\n<ul>\n<li>La consolation de Dieu et le r\u00e9confort pour les familles du R\u00e9v. Jacques Nzau Vuvu du District de Kinshasa-Central, et R\u00e9v. Augustin Lisungi Ngema du District du Plateau de Bateke, les deux sont d\u00e9c\u00e9d\u00e9s en janvier.<\/li>\n<li>Le r\u00e9confort de Dieu pour la famille du Professeur Phaka, le Recteur de l\u2019Institut Sup\u00e9rieur Technique de l\u2019\u00c9glise de l\u2019Alliance \u00e0 Kinshasa, qui est d\u00e9c\u00e9d\u00e9 \u00e0 la fin de janvier. Priez aussi que Dieu guide le leadership de l\u2019institut pour le choix d\u2019un successeur.<\/li>\n<li>La pr\u00e9paration de notre Minist\u00e8re de la Jeunesse pour participer \u00e0 la Conf\u00e9rence de la Jeunesse Africaine de l\u2019Alliance au Gabon en ao\u00fbt. Que Dieu pourvoie pour les besoins des participants.<\/li>\n<li>La provision pour les travailleurs qui servent en Afrique de l\u2019Ouest. Nous cherchons des partenariats possibles pour envoyer plus de travailleurs dans d\u2019autres r\u00e9gions.<\/li>\n<li>La RDC et le conflit \u00e0 l\u2019Est du pays pour ne pas mettre le pays en feu. Priez aussi pour les autorit\u00e9s de mettre une fin \u00e0 ce conflit.<\/li>\n<\/ul>\n<p><strong>C\u00d4TE D\u2019IVOIRE<br \/>\n<\/strong>Rendez gr\u00e2ce \u00e0 Dieu pour :<\/p>\n<ul>\n<li>Notre retraite nationale des pasteurs avec 900 participants sous le th\u00e8me \u00ab Le Pasteur, un Disciple de J\u00e9sus Christ \u00bb.<\/li>\n<li>L\u2019\u00e9lection du pr\u00e9sident de la CMA C\u00f4te d\u2019Ivoire le R\u00e9v. No\u00ebl N\u2019Guessan pour diriger la F\u00e9d\u00e9ration Evang\u00e9lique de C\u00f4te d\u2019Ivoire (FECI). Veuillez prier que le Seigneur guide le R\u00e9v. N\u2019Guessan dans cette nouvelle responsabilit\u00e9 d\u2019apporter ensemble toute la famille des \u00e9vang\u00e9liques pour l\u2019\u00e9vang\u00e9lisation de C\u00f4te d\u2019Ivoire.<\/li>\n<\/ul>\n<p>Veuillez prier pour :<\/p>\n<ul>\n<li>Les 21 jours de je\u00fbne et pri\u00e8re, du 10 f\u00e9vrier au 3 mars.<\/li>\n<li>Le succ\u00e8s du premier jour national pour les 12 Grands Travaux du Centenaire du 23 f\u00e9vrier.<\/li>\n<\/ul>\n<p><strong>B\u00c9NIN<br \/>\n<\/strong>Rendez gr\u00e2ce \u00e0 Dieu pour :<\/p>\n<ul>\n<li>Sa protection et provision pour le voyage de la d\u00e9l\u00e9gation du B\u00e9nin pour participer \u00e0 la Conf\u00e9rence Missionnaire de l\u2019UMA Afrique au Togo, du 21 au 24 janvier.<\/li>\n<li>La visite de la d\u00e9l\u00e9gation de la RDC conduit par le R\u00e9v. Denis Kombetassie au B\u00e9nin comme une partie d\u2019une collaboration pour l\u2019implantation de l\u2019\u00e9glise au B\u00e9nin.<\/li>\n<li>La visite r\u00e9ussie du directeur global de l\u2019ECHO, accompagn\u00e9 par le directeur Dr. Robert Sanou de l\u2019ECHO de l\u2019Afrique de l\u2019Ouest, pour le suivi sur la formation de faire l\u2019Agriculture \u00e0 la Mani\u00e8re de Dieu.<\/li>\n<li>L\u2019\u00e9tablissement de l\u2019Institut Biblique et Th\u00e9ologique de l\u2019Alliance Chr\u00e9tienne du B\u00e9nin (IBITAC).<\/li>\n<\/ul>\n<p>Veuillez prier pour :<\/p>\n<ul>\n<li>Le voyage du R\u00e9v. Andr\u00e9 Binet, le pr\u00e9sident de l\u2019Alliance du Gabon, et sa d\u00e9l\u00e9gation pour une session de travail avec le R\u00e9v. David Sessou, le pr\u00e9sident de l\u2019Alliance du B\u00e9nin, du 10 au 17 f\u00e9vrier.<\/li>\n<li>Le brouillon des statuts et r\u00e8glements int\u00e9rieurs de l\u2019\u00e9glise.<\/li>\n<li>La provision financi\u00e8re de Dieu pour nous afin de nous permettre de b\u00e2tir l\u2019Institut Biblique.<\/li>\n<li>Que Dieu suscite des travailleurs pour nous permettre d\u2019atteindre le but d\u2019avoir au moins une \u00e9glise dans chacune de nos 77 municipalit\u00e9s.<\/li>\n<li>L\u2019\u00e9lection de la coordination du conseil national de l\u2019Association des Femmes de l\u2019Alliance Chr\u00e9tienne du B\u00e9nin (AFAC).<\/li>\n<\/ul>\n<p><strong>CONGO-BRAZZAVILLE<br \/>\n<\/strong>Rendez gr\u00e2ce \u00e0 Dieu pour :<\/p>\n<ul>\n<li>L\u2019acquisition d\u2019un nouvel \u00e9quipement de la Radio RSM et son studio vid\u00e9o \u00e0 pointe noire, aussi bien que l\u2019installation d\u2019un pyl\u00f4ne et des panneaux solaires pour la stabilit\u00e9 du courant \u00e9lectrique.<\/li>\n<\/ul>\n<p>Veuillez prier pour :<\/p>\n<ul>\n<li>Quelques membres du conseil ex\u00e9cutif national qui vont conduire une mission d\u2019\u00e9valuation de la sant\u00e9 des \u00e9glises dans le champ missionnaire de Likouala, principalement \u00e0 Impfondo, durant ce mois de f\u00e9vrier. Veuillez prier que le Seigneur prot\u00e8ge leur voyage et leur s\u00e9jour.<\/li>\n<li>La 10\u00e8me Assembl\u00e9e G\u00e9n\u00e9rale de l\u2019\u00c9glise de l\u2019Alliance au Congo qui se tiendra \u00e0 Pointe-Noire du 1er au 5 octobre. Priez que l\u2019Esprit du Seigneur guide les pr\u00e9paratifs et donne aux participants le m\u00eame c\u0153ur et le m\u00eame esprit.<\/li>\n<li>Le lancement du champ missionnaire de Tchiamba Nzassi \u00e0 la fronti\u00e8re de Cabinda.<\/li>\n<li>Que Dieu suscite des ouvriers pour l\u2019\u00e9glise de Mossendjo, qui n\u2019a pas maintenant de pasteur.<\/li>\n<\/ul>\n<p><strong>ANGOLA<br \/>\n<\/strong>Rendez gr\u00e2ce \u00e0 Dieu pour :<\/p>\n<ul>\n<li>L\u2019accomplissement avec succ\u00e8s de la premi\u00e8re phase de la construction du temple de l\u2019\u00e9glise dans le village de L\u00e2ndana au Cabinda. C\u2019est financ\u00e9 par ICM (Minist\u00e8res de Coop\u00e9ration Internationale). Priez que nous soyons capables de bient\u00f4t commencer la seconde phase.<\/li>\n<\/ul>\n<p>Veuillez prier pour :<\/p>\n<ul>\n<li>Les c\u00e9l\u00e9brations de l\u2019anniversaire qui se tiendra le 16 f\u00e9vrier marquant la fondation et la reconnaissance de l\u2019\u00c9glise de l\u2019Alliance par l\u2019Etat Angolais.<\/li>\n<\/ul>\n<p><strong>BURKINA FASO<br \/>\n<\/strong>Veuillez prier pour :<\/p>\n<ul>\n<li>La tenue de l\u2019Assembl\u00e9e G\u00e9n\u00e9rale de l\u2019\u00c9glise de l\u2019Alliance Chr\u00e9tienne du Burkina en mars. Priez que le Saint-Esprit guide et donne de la sagesse comme nous \u00e9lisons le nouveau conseil national ex\u00e9cutif.<\/li>\n<li>Le voyage de l\u2019\u00c9quipe Nationale de l\u2019Evang\u00e9lisation \u00e0 des zones \u00e9loign\u00e9es pour partager la bonne nouvelle. Priez pour la protection du Seigneur et pour le succ\u00e8s de cette mission.<\/li>\n<\/ul>\n<hr \/>\n<p><strong>5 f\u00e9vrier 2025<\/strong><\/p>\n<p><strong>R\u00c9GION CLA (AM\u00c9RIQUE LATINE) DE L\u2019UMA<\/strong><\/p>\n<p><strong>MEXIQUE<br \/>\n<\/strong>Veuillez prier pour :<\/p>\n<ul>\n<li>Le couple pastoral, Luis Carrillo et Amelia, qui travaille avec le people Wixaritari (Huichol) \u00e0 Jalisco. Priez pour la protection tant spirituelle que physique. Les chr\u00e9tiens dans cette zone font face \u00e0 la pers\u00e9cution et l\u2019opposition, avec des pratiques de sorcellerie contre eux. Priez aussi que le peuple Huichol re\u00e7oive la parole de Dieu et ait un c\u0153ur ouvert \u00e0 l\u2019\u00e9vangile.<\/li>\n<li>La construction du b\u00e2timent de l\u2019\u00e9glise \u00e0 Haimatsie. Priez que Dieu fournisse les mat\u00e9riels n\u00e9cessaires et b\u00e9nisse Porfirio et Lorena, les pasteurs qui servent l\u00e0-bas.<\/li>\n<li>Le projet d\u2019atteindre des leaders d\u2019affaires dans la zone m\u00e9tropolitaine de Guadalajara. Priez pour la direction de Dieu pour atteindre les hommes d\u2019affaires avec l\u2019\u00e9vangile.<\/li>\n<li>L\u2019\u0153uvre missionnaire \u00e0 San Quintin et Santa Rosalita, \u00e0 Baja Californie. Priez aussi pour la provision d\u2019un v\u00e9hicule pour les aider \u00e0 visiter les diff\u00e9rents groupes \u00e0 San Quintin.<\/li>\n<li>Le Congr\u00e8s des Missions dans la ville de Monterrey en f\u00e9vrier.<\/li>\n<\/ul>\n<p><strong>COLOMBIE<br \/>\n<\/strong>Veuillez prier pour :<\/p>\n<ul>\n<li>La force et le r\u00e9confort de Dieu pour la famille et la congr\u00e9gation du dernier R\u00e9v. Jairo Pulgarin, qui a fid\u00e8lement servi le Seigneur pendant 42 ans avec t\u00e9nacit\u00e9, courage et d\u00e9vouement. Il fut un t\u00e9moignage de l\u2019amour sacrificiel de Dieu, priorisant la mission au-dessus de tout autre.<\/li>\n<li>Le leadership du quartier g\u00e9n\u00e9ral de chaque \u00e9glise. Priez pour la sagesse, les strat\u00e9gies, et les outils pour les aider \u00e0 mobiliser l\u2019\u00e9glise locale pour s\u2019engager dans la multiplication et l\u2019implantation des \u00e9glises.<\/li>\n<li>La nation de Colombie au milieu de ses conflits socio-politiques. Priez pour les soins de Dieu, la justice, et l\u2019amour qui doit s\u2019\u00e9tendre dans le pays.<\/li>\n<\/ul>\n<p><strong>BR\u00c9SIL<br \/>\n<\/strong>Rendez gr\u00e2ce au Seigneur pour :<\/p>\n<ul>\n<li>La Retraite Nationale des Pasteurs du 24 au 26 janvier, o\u00f9 23 familles pastorales ont exp\u00e9riment\u00e9 la communion, le repos, et la r\u00e9flexion sur le th\u00e8me \u00ab C\u0153ur, B\u00e2ton et Mission \u00bb.<\/li>\n<li>Le retour paisible de la famille Tivane, missionnaires au Mozambique, au milieu des d\u00e9monstrations dans le pays et les violentes protestations apr\u00e8s les \u00e9lections pr\u00e9sidentielles.<\/li>\n<\/ul>\n<p>Veuillez prier pour :<\/p>\n<ul>\n<li>La gu\u00e9rison des pasteurs et les membres des \u00e9glises qui sont sous traitements m\u00e9dicaux.<\/li>\n<li>Les efforts d\u2019implantation des \u00e9glises \u00e0 S\u00e3o Jos\u00e9 dos Campos et Caxias do Sul.<\/li>\n<li>Les \u00e9tudiants qui continuent leurs \u00e9tudes ce semestre au S\u00e9minaire Th\u00e9ologique A. W. Tozer. Priez aussi que Dieu puisse appeler plus des gens pour se pr\u00e9parer pour le minist\u00e8re.<\/li>\n<li>Le Congr\u00e8s National des Femmes en juin. Que Dieu pr\u00e9pare \u00e0 la fois les oratrices et les participantes.<\/li>\n<\/ul>\n<p><strong>PANAMA<br \/>\n<\/strong>Veuillez prier pour :<\/p>\n<ul>\n<li>La retraite nationale des \u00e9glises de l\u2019Alliance au Panama en mars. Le th\u00e8me sera \u00ab Un Royaume, Un C\u0153ur, Une Alliance \u00bb. Priez pour les participantes, les organisatrices, et les oratrices.<\/li>\n<li>La visite des missions \u00e0 court-terme du District Hispanique Est \u00e0 Zahina, un champ missionnaire local, du 27 f\u00e9vrier au 4 mars. Priez pour la sant\u00e9 et la protection de l\u2019\u00e9quipe comme ils partagent le message du salut.<\/li>\n<li>Que le Seigneur nous permette d\u2019acqu\u00e9rir la propri\u00e9t\u00e9 pour l\u2019\u00e9glise de la CMA Brisas del Golf.<\/li>\n<\/ul>\n<p><strong>\u00c9QUATEUR<br \/>\n<\/strong>Veuillez prier pour :<\/p>\n<ul>\n<li>L\u2019Assembl\u00e9e Nationale de l\u2019Alliance de l\u2019Equateur du 20 au 22 f\u00e9vrier \u00e0 Guayaquil.<\/li>\n<li>Les diff\u00e9rents projets \u00e9vang\u00e9liques et les implantations des \u00e9glises dans diff\u00e9rentes r\u00e9gions du pays.<\/li>\n<li>L\u2019\u00e9lection pr\u00e9sidentielle le 9 f\u00e9vrier. Priez que les peuples Equatoriens puissent choisir sagement.<\/li>\n<li>La protection pour les Equatoriens \u00e0 cause du danger accru dans les rues caus\u00e9 par les conflits des gangs.<\/li>\n<li>La stabilit\u00e9 \u00e9conomique du pays et pour les opportunit\u00e9s de travail.<\/li>\n<\/ul>\n<p><strong>HA\u00cfTI<br \/>\n<\/strong>Rendez gr\u00e2ce au Seigneur pour :<\/p>\n<ul>\n<li>Notre assembl\u00e9e nationale en janvier. Plus de 400 fr\u00e8res et s\u0153urs ont c\u00e9l\u00e9br\u00e9 des bapt\u00eames, des mariages et la d\u00e9dicace des enfants.<\/li>\n<\/ul>\n<p>Veuillez prier pour :<\/p>\n<ul>\n<li>Notre \u00e9cole chr\u00e9tienne, nous assurant que nous accomplissons notre mission de pr\u00e9parer et d\u2019\u00e9duquer les enfants et de soutenir les enseignants et le dirigeant.<\/li>\n<li>L\u2019acquisition du terrain pour construire notre bureau national et tenir des activit\u00e9s sp\u00e9ciales.<\/li>\n<\/ul>\n<p><strong>CUBA<br \/>\n<\/strong>Veuillez prier pour :<\/p>\n<ul>\n<li>Le processus d\u2019\u00e9valuation des candidats pour les \u00e9lections du Conseil National. Que Dieu accorde la sagesse en choisissant les leaders align\u00e9s selon sa volont\u00e9.<\/li>\n<li>La reconnaissance officielle de la CMA au Cuba par le gouvernement, s\u00e9curisant le statut l\u00e9gal un meilleur fonctionnement op\u00e9rationnel.<\/li>\n<li>La stabilit\u00e9 \u00e9conomique, comme les difficult\u00e9s financi\u00e8res continuent d\u2019impacter les familles cubaines.<\/li>\n<\/ul>\n<p><strong>BOLIVIE<br \/>\n<\/strong>Veuillez prier pour :<\/p>\n<ul>\n<li>L\u2019Assembl\u00e9e Nationale de la CMA Bolivie en mai. Priez pour la direction de Dieu dans la s\u00e9lection des leaders pour le mandat de 2025 \u00e0 2028.<\/li>\n<li>La croissance de la nouvelle \u00e9glise implant\u00e9e \u00e0 El Alto, La Paz.<\/li>\n<li>L\u2019\u00e9tablissement d\u2019un p\u00f4le missionnaire \u00e0 Cobija, Pando, dans l\u2019Amazonie.<\/li>\n<li>Le S\u00e9minaire Biblique comme une base de formation pour des futurs missionnaires et pasteurs.<\/li>\n<\/ul>\n<p><strong>P\u00c9ROU<br \/>\n<\/strong>Veuillez prier pour :<\/p>\n<ul>\n<li>La c\u00e9l\u00e9bration du centenaire en novembre 2025. Que Dieu soit exalt\u00e9 comme nous marquons les 100 ans de l\u2019Alliance au P\u00e9rou.<\/li>\n<li>L\u2019\u00e9glise au P\u00e9rou pour atteindre notre people avec l\u2019\u00e9vangile et avec l\u2019amour du Christ.<\/li>\n<li>Nos autorit\u00e9s du gouvernement. Priez qu\u2019elles puissant exercer un meilleur gouvernement dans la crainte du Seigneur, cherchant toujours le bien-\u00eatre du peuple p\u00e9ruvien.<\/li>\n<\/ul>\n<p><strong>ARGENTINE<br \/>\n<\/strong>Veuillez prier pour :<\/p>\n<ul>\n<li>Le temps des vacances estivales et le renouvellement de la force dans les familles pastorales.<\/li>\n<li>Les finances de nos \u00e9glises et pour le soutien de nos missionnaires.<\/li>\n<li>Les pr\u00e9parations pour la nouvelle ann\u00e9e scolaire \u00e0 l\u2019Institut Biblique Buenos Aires.<\/li>\n<\/ul>\n<hr \/>\n<p>&nbsp;<\/p>\n<h2><strong>Pri\u00e8res de l\u2019UMA &#8211;\u00a0 Janvier 2025<\/strong><\/h2>\n<p>&nbsp;<\/p>\n<p><strong>29 janvier 2025<\/strong><\/p>\n<p><strong>R\u00c9GION EMERALD (EUROPE ET MOYEN-ORIENT) DE L\u2019UMA<\/strong><\/p>\n<p><strong>JORDANIE<br \/>\n<\/strong>Veuillez prier pour :<\/p>\n<ul>\n<li>Que l\u2019\u00e9glise en Jordanie fournisse l\u2019assistance m\u00e9dicale aux r\u00e9fugi\u00e9s par les cliniques.<\/li>\n<li>Les minist\u00e8res qui soutiennent les familles dans le besoin de fournitures scolaires, des couvertures, et les chauffages.<\/li>\n<li>Une nouvelle vision pour l\u2019\u00e9glise d\u2019avoir une puissance spirituelle pour \u00eatre plus influente en ces moments difficiles.<\/li>\n<li>Que Dieu envoie des pluies, car nous manquons d\u2019eau en Jordanie.<\/li>\n<li>La paix de Dieu pour la Jordanie et les zones environnantes. Priez aussi que Dieu intervienne et qu\u2019il donne la sagesse au gouvernement de trouver des solutions pour la situation \u00e9conomique<\/li>\n<\/ul>\n<p><strong>SYRIE<br \/>\n<\/strong>Veuillez prier pour :<\/p>\n<ul>\n<li>La protection de Dieu pour notre famille de l\u2019Alliance en Syrie comme elle fait face \u00e0 un avenir incertain dans le changement du paysage politique.<\/li>\n<\/ul>\n<p><strong>LIBAN<br \/>\n<\/strong>Veuillez prier pour :<\/p>\n<ul>\n<li>Que le cessez-le-feu soit maintenu et devienne permanent, permettant aux gens d\u00e9plac\u00e9s et qui sont retourn\u00e9s chez eux continuent de reb\u00e2tir leurs vies.<\/li>\n<\/ul>\n<p><strong>TERRE SAINTE<br \/>\n<\/strong>Veuillez prier pour :<\/p>\n<ul>\n<li>Que la paix soit maintenue dans la r\u00e9gion, et pour que la guerre prenne fin permanemment.<\/li>\n<\/ul>\n<p><strong>FRANCE<br \/>\n<\/strong>Rendez gr\u00e2ce au Seigneur pour :<\/p>\n<ul>\n<li>Les 30 ann\u00e9es du minist\u00e8re du couple pastoral Pablo et \u00c8ve Martinez dans l\u2019Eglise de l\u2019Alliance \u00e0 Boulogne-Billancourt, Paris. La famille de l\u2019Alliance va c\u00e9l\u00e9brer leur minist\u00e8re avec un service sp\u00e9cial d\u2019Action de Gr\u00e2ce le 9 f\u00e9vrier.<\/li>\n<\/ul>\n<p>Veuillez prier pour :<\/p>\n<ul>\n<li>La Conf\u00e9rence des Femmes de l\u2019Alliance sous le th\u00e8me \u00ab Femme, l\u00e8ve-toi et agis ! \u00bb \u00e0 Limoges, France, du 25 au 27 avril.<\/li>\n<\/ul>\n<p><strong>CAMA ZENDING &#8211; PAYS-BAS<br \/>\n<\/strong>Veuillez prier pour :<\/p>\n<ul>\n<li>Les \u00e9glises et leurs membres de reconna\u00eetre l\u2019importance de l\u2019\u0153uvre missionnaire de continuer d\u2019atteindre de nouveaux peuples avec la bonne nouvelle de J\u00e9sus, conduisant \u00e0 un engagement accru dans les missions comme un r\u00e9sultat.<\/li>\n<li>L\u2019\u00e9quipe de CAMA Zending, comme nous r\u00e9fl\u00e9chissons sur la direction de CAMA Zending pour les ann\u00e9es \u00e0 venir. Veuillez vous joindre \u00e0 nous dans la pri\u00e8re pour la sagesse et l\u2019intelligence comme nous nous engageons dans le renouvellement dans l\u2019organisation et la communication.<\/li>\n<li>Un bon et un engagement accru entre les missionnaires et l\u2019\u00e9quipe du bureau.<\/li>\n<li>L\u2019\u00e9quipe du bureau de CAMA Zending et leurs relations les uns avec les autres.<\/li>\n<li>L\u2019intelligence et l\u2019\u00e9nergie \u00e0 la fin de l\u2019ann\u00e9e financi\u00e8re et en conduisant et g\u00e9rant bonnement le flux de tr\u00e9sorerie.<\/li>\n<\/ul>\n<p><strong>ALLEMAGNE<br \/>\n<\/strong>Rendez gr\u00e2ce au Seigneur pour :<\/p>\n<ul>\n<li>De bons d\u00e9veloppements dans notre petit groupe \u00e0 Erbach et l\u2019int\u00e9r\u00eat des gens de parler au sujet de la foi. Priez pour la sagesse et de portes ouvertes.<\/li>\n<\/ul>\n<p>Veuillez prier pour :<\/p>\n<ul>\n<li>L\u2019\u00e9quipe et le nouveau minist\u00e8re \u00e0 Rostock. Priez qu\u2019ils aient de la sagesse pour d\u00e9velopper l\u2019\u0153uvre.<\/li>\n<li>\u00ab L\u2019Oasis \u00bb, une nouvelle localisation qui \u00e9tait ouverte \u00e0 la fin de l\u2019ann\u00e9e \u00e0 Berlin. Nous avons trois minist\u00e8res travaillant parmi les gens parlant arabe \u00e0 Berlin. Priez pour la coh\u00e9sion et le succ\u00e8s pour leur travail, lequel n\u2019est pas facile.<\/li>\n<li>L\u2019\u00e9glise espagnole \u00e0 Frankfort qui est en train d\u2019attendre urgemment leur nouveau pasteur qui viendra de la Colombie. Priez qu\u2019il puisse recevoir son visa \u00e0 temps pour venir \u00e0 Frankfort en f\u00e9vrier\/mars pour mieux apprendre la langue et servir l\u2019\u00e9glise.<\/li>\n<li>Notre weekend de rencontre nationale du 4 au 6 avril. L\u2019accent sera mis sur la vision, les buts, et les r\u00e9sultats cl\u00e9s concrets pour d\u00e9velopper plus loin les congr\u00e9gations et l\u2019\u00e9glise nationale.<\/li>\n<\/ul>\n<p><strong>FORMATION DE L\u2019ALLIANCE<br \/>\n<\/strong>Rendez gr\u00e2ce au Seigneur pour :<\/p>\n<ul>\n<li>Les nouveaux \u00e9tudiants de l\u2019INFORMA (Institut de Formation Minist\u00e9rielle de l\u2019Alliance) qui se sont enregistr\u00e9s pour les cours. Trente-neuf \u00e9tudiants se sont inscrits aux cours des Corinthiens et 27 \u00e9tudiants au cours d\u2019Introduction \u00e0 la Missiologie.<\/li>\n<li>La volont\u00e9 de l\u2019Alliance en France (AECM France) d\u2019accueillir la nouvelle Conf\u00e9rence de Formation sur l\u2019Identit\u00e9 et la Th\u00e9ologie de l\u2019Alliance \u00e0 Toulouse du 22 au 23 mai.<\/li>\n<\/ul>\n<p>Veuillez prier pour :<\/p>\n<ul>\n<li>Les pr\u00e9parations de la Conf\u00e9rence de Formation sur l\u2019Identit\u00e9 et la Th\u00e9ologie de l\u2019Alliance, comme l\u2019ICTE et le Comit\u00e9 Th\u00e9ologique de l\u2019AECM France de travailler la main dans la main. Priez que les ressources soient trouv\u00e9es pour maximiser la participation dans le forum parmi tous les travailleurs de l\u2019Alliance Francophone et les leaders des \u00e9glises dans la R\u00e9gion d\u2019EMERALD.<\/li>\n<li>Les pr\u00e9parations pour lancer INFORMA en langue italienne avec des enseignants italiens en Italie. Priez que cette initiative fortifie les \u00e9glises de l\u2019Alliance et leurs membres en Italie.<\/li>\n<\/ul>\n<p><strong>MOBILISATION DES MISSIONS DE L\u2019EMERALD DE L\u2019UMA<br \/>\n<\/strong>Rendez gr\u00e2ce au Seigneur pour :<\/p>\n<ul>\n<li>La sant\u00e9 renouvel\u00e9e du fr\u00e8re Eoghan Cosgrave, le Mobilisateur des Missions d\u2019EMERALD de l\u2019UMA, suivant les probl\u00e8mes de sant\u00e9 qui ont conduit \u00e0 sa longue p\u00e9riode d\u2019arr\u00eat de maladie.<\/li>\n<li>Les conversations centr\u00e9es sur Christ qui ont pris place \u00e0 la Conf\u00e9rence Missionnaire Converge aux Etats-Unis au d\u00e9but de janvier. C\u2019\u00e9tait une b\u00e9n\u00e9diction pour la communion avec plus de 400 fr\u00e8res et s\u0153urs qui partagent notre passion de proclamer la bonne nouvelle \u00e0 toutes les nations.<\/li>\n<\/ul>\n<p><strong>RESEAU DE L\u2019\u00c9GLISE DE L\u2019ALLIANCE DE TOUTES LES NATIONS (CAN)<br \/>\n<\/strong>Veuillez prier pour :<\/p>\n<ul>\n<li>Le recommencement des appels mensuels Zoom du R\u00e9seau de l\u2019Eglise de l\u2019Alliance de Toutes les Nations (CAN). Priez que Dieu utilise ces opportunit\u00e9s pour b\u00e2tir une communaut\u00e9 comme nous cherchons \u00e0 cr\u00e9er un r\u00e9seau des \u00e9glises qui re\u00e7oit et aime les gens de toute tribu, toute langue, tout groupe de gens et toute nation, sans exception.<\/li>\n<\/ul>\n<p><strong>GRANDE BRETAGNE<br \/>\n<\/strong>Veuillez prier pour :<\/p>\n<ul>\n<li>La famille CMA en Grande Bretagne comme ils je\u00fbnent et prient pour chercher la direction du Seigneur et le moyen vers la communion et la mission dans un pays qui a une histoire riche d\u2019envoi des missionnaires.<\/li>\n<\/ul>\n<hr \/>\n<p><strong>22 janvier 2025<\/strong><\/p>\n<p><strong>1) R\u00c9GION APAC (ASIE PACIFIQUE) DE L\u2019UMA<\/strong><\/p>\n<p><strong>TAIWAN<br \/>\n<\/strong>Veuillez prier pour :<\/p>\n<ul>\n<li>La sant\u00e9 du R\u00e9v. Silas Yang, pr\u00e9sident de l\u2019Union des \u00c9glises de l\u2019Alliance Taiwanaise (CMA), comme il se pr\u00e9pare pour une op\u00e9ration chirurgicale le 14 f\u00e9vrier.<\/li>\n<li>Les familles des pasteurs et les missionnaires de Taiwan qui doivent participer au diner et la retraite du r\u00e9veillon du Nouvel An Chinois du 22 au 24 janvier.<\/li>\n<\/ul>\n<p><strong>JAPON<br \/>\n<\/strong>Rendez gr\u00e2ce au Seigneur pour :<\/p>\n<ul>\n<li>L\u2019\u00e9tablissement de l\u2019Association Chr\u00e9tien du Soutien de Catastrophe de Tremblement de Terre de Noto, \u00ab <em>Noto Help<\/em> \u00bb, qui continue de fournir de l\u2019aide suivant le tremblement de terre du P\u00e9ninsule de Noto au 1<sup>er<\/sup> janvier 2024.<\/li>\n<li>La d\u00e9dicace du nouveau b\u00e2timent de l\u2019\u00c9cole de Th\u00e9ologie de l\u2019Alliance Japonaise au 23 septembre 2024.<\/li>\n<\/ul>\n<p>Veuillez prier pour :<\/p>\n<ul>\n<li>Plusieurs pasteurs dans l\u2019\u00c9glise de l\u2019Alliance Japonaise qui subissent un traitement m\u00e9dical, qu\u2019ils puissent exp\u00e9rimenter la gu\u00e9rison et continuent de server l\u2019\u00e9glise.<\/li>\n<li>\u00ab <em>Noto Help<\/em> \u00bb comme elle sert la communaut\u00e9 affect\u00e9e par le d\u00e9sastre avec l\u2019amour du Christ.<\/li>\n<li>Les \u00e9tudiants qui pensent \u00e0 l\u2019enr\u00f4lement au s\u00e9minaire en 2025.<\/li>\n<\/ul>\n<p><strong>INDONESIE<br \/>\n<\/strong>Veuillez prier pour :<\/p>\n<ul>\n<li>La Rencontre Annuelle Nationale de la CMA d\u2019Indon\u00e9sie (GKII), qui se tiendra \u00e0 Tarakan, \u00e0 la Province du Nord de Kalimantan du 22 au 25 avril. Cet \u00e9v\u00e9nement avec 250 leaders a pour but de renforcer l\u2019engagement de l\u2019\u00e9glise pour la croissance et l\u2019impact national.<\/li>\n<li>L\u2019unit\u00e9 dans la pri\u00e8re durant les 40 Jours de Je\u00fbne et Pri\u00e8re, du 10 f\u00e9vrier au 21 mars, qui co\u00efncide avec le 97<sup>\u00e8me<\/sup> anniversaire de GKII le 10 f\u00e9vrier.<\/li>\n<\/ul>\n<p><strong>AUSTRALIE<br \/>\n<\/strong>Veuillez prier pour :<\/p>\n<ul>\n<li>Notre Conseil Annuel \u00e0 Sydney, du 3 au 7 f\u00e9vrier.<\/li>\n<\/ul>\n<p>&nbsp;<\/p>\n<p><strong>2) R\u00c9GION AM\u00c9RIQUE DU NORD DE L\u2019UMA<\/strong><\/p>\n<p><strong>ETATS-UNIS<br \/>\n<\/strong>Veuillez prier pour :<\/p>\n<ul>\n<li>Les pasteurs, mobilisateurs des missions, et les gens des \u00e9glises de l\u2019Alliance \u00e0 travers la nation qui se sont rencontr\u00e9s en mi-janvier pour la conf\u00e9rence <em>Converge<\/em>. Cet \u00e9v\u00e9nement permet aux peuples de l\u2019Alliance des \u00c9tats-Unis de mobiliser leurs \u00e9glises dans les missions et prier Dieu dans ce qu\u2019il est en train de faire dans nos voisinages et les nations. Priez que Dieu puisse utiliser ceux qui participent d\u2019allumer une passion pour les missions dans leurs \u00e9glises et d\u2019aider \u00e0 cultiver une d\u2019envoi dans leurs congr\u00e9gations.<\/li>\n<li>Ceux qui sont affect\u00e9s par des incendies de for\u00eat d\u00e9vastateurs dans les zones du Grand Los Angeles qui ont commenc\u00e9 le 7 janvier. Au moment o\u00f9 on \u00e9crit ceci (le 10 janvier), il n\u2019y avait pas d\u2019\u00e9glises de l\u2019Alliance proche des incendies, et aucun membre du leadership de l\u2019Alliance n\u2019\u00e9tait au courant d\u2019aucunes familles de la CMA souffrant de perte. Il y avait de fum\u00e9es et de la cendre mais aucun dommage report\u00e9 des propri\u00e9t\u00e9s de la CMA. Cependant, beaucoup d\u2019autres ont souffert d\u2019un grand chagrin et de perte \u00e0 cause des incendies. Priez pour le r\u00e9confort de ceux qui ont perdu maisons, des biens, et des bien-aim\u00e9s ; de la sagesse pour des efforts de r\u00e9tablissement \u00e0 long terme ; et les opportunit\u00e9s pour les gens de l\u2019Alliance pour d\u00e9montrer la compassion de Christ \u00e0 ceux qui souffrent de peine, d\u2019anxi\u00e9t\u00e9, et d\u2019incertitude.<\/li>\n<\/ul>\n<p><strong>CANADA<br \/>\n<\/strong>Rendez gr\u00e2ce au Seigneur avec :<\/p>\n<ul>\n<li>Les Ouvriers Internationaux Wade et Cara pour la croissance de la communion locale dans l\u2019Asie Centrale comme ils t\u00e9moignent des relations renforc\u00e9es parmi les membres. Ils sont reconnaissants pour la protection de Dieu pendant leur rencontre du 1<sup>er<\/sup> janvier, o\u00f9 ils \u00e9taient unis dans la pri\u00e8re pour leur ville et nation. C\u2019\u00e9tait une exp\u00e9rience merveilleuse de lire et m\u00eame de pratiquer la Parole de Dieu, et c\u2019\u00e9tait vraiment significatif de c\u00e9l\u00e9brer la Sainte C\u00e8ne ensemble. Louez Dieu pour ce don de communaut\u00e9.<\/li>\n<\/ul>\n<p>Veuillez prier pour :<\/p>\n<ul>\n<li>Les enfants des Ouvriers Internationaux. Priez pour les adolescents et les enfants jeunes adultes vivant loin de leurs parents. Certains sont retourn\u00e9s au Canada pour aller aux institutions post-secondaires pendant que leurs parents restent \u00e0 l\u2019\u00e9tranger. Priez que Dieu leur donne de la sagesse dans les d\u00e9cisions qu\u2019ils doivent prendre et qu\u2019il leur pourvoie une communaut\u00e9 de soutien.<\/li>\n<\/ul>\n<hr \/>\n<p><strong>15 janvier 2025<\/strong><\/p>\n<p><strong>R\u00c9GION AFRIQUE DE L\u2019UMA<\/strong><\/p>\n<p><strong>CONFERENCE REGIONALE DES MISSIONS<br \/>\n<\/strong>Veuillez prier pour :<\/p>\n<ul>\n<li>La Conf\u00e9rence R\u00e9gionale des Missions de l\u2019UMA Afrique \u00e0 Lom\u00e9 au Togo du 21 au 24 janvier. Priez pour la protection et la provision de Dieu pour tous les d\u00e9l\u00e9gu\u00e9s qui voyagent au Togo.<\/li>\n<\/ul>\n<p><strong>REPUBLIQUE DEMOCRATIQUE DU CONGO (RDC)<br \/>\n<\/strong>Veuillez prier pour :<\/p>\n<ul>\n<li>La consolation et le r\u00e9confort du Saint-Esprit pour les familles de trois pasteurs qui sont d\u00e9c\u00e9d\u00e9s \u00e0 cause de maladie en d\u00e9cembre 2024 dernier :\n<ul>\n<li>R\u00e9v. No\u00e9 Nsasi du District de Muanda,<\/li>\n<li>R\u00e9v. Andr\u00e9 Mavungu Mbenza, pasteur en retraite au District de Makungu Lengi, et<\/li>\n<li>R\u00e9v. Samson Nsalasani Mbungu du District d\u2019Inga.<\/li>\n<\/ul>\n<\/li>\n<li>Les partenariats des missions que d\u00e9veloppent l\u2019\u00e9glise nationale de la RDC avec des \u00e9glises et organisations s\u0153urs pour envoyer des travailleurs dans les r\u00e9gions non atteintes.<\/li>\n<li>La rencontre du Conseil Synodal \u00e0 Boma du 17 au 18 janvier. Priez pour la direction de Dieu dans leurs d\u00e9cisions, concernant particuli\u00e8rement la Convocation Quadriennale de l\u2019UMA \u00e0 Kinshasa en octobre 2025.<\/li>\n<\/ul>\n<p><strong>\u00c9GLISE DE L\u2019ALLIANCE SOUDANAISE (DIASPORA)<br \/>\n<\/strong>Rendez gr\u00e2ce au Seigneur pour :<\/p>\n<ul>\n<li>Dix nouveaux croyants venus \u00e0 la foi d\u2019arri\u00e8re-plan des religions dominantes.<\/li>\n<li>La naissance de deux b\u00e9b\u00e9s, avec plus de deux attendus les mois qui viennent.<\/li>\n<li>La distribution r\u00e9ussie de la premi\u00e8re moiti\u00e9 d\u2019<em>Exode <\/em>durant les Rencontres Sp\u00e9ciales de No\u00eb C\u2019\u00e9tait bien re\u00e7u, et la comp\u00e9tition de lecture a caus\u00e9 un grand d\u00e9sire parmi notre population \u00e0 lire couramment et avancer dans leur langue maternelle.<\/li>\n<\/ul>\n<p>Veuillez prier pour :<\/p>\n<ul>\n<li>L\u2019int\u00e9gration de dix nouveaux croyants dans nos \u00e9coles bibliques partenaires. Priez que leurs \u00e9tudes transforment profond\u00e9ment leurs vies.<\/li>\n<li>L\u2019application efficace de visuels bibliques <em>Regarder, Ecouter, et Vivre, <\/em>commen\u00e7ant avec Livre 1, couvrant Gen\u00e8se 1-27. Priez pour les familles et les \u00e9glises de maison pour apprendre et appliquer fid\u00e8lement ces enseignements.<\/li>\n<li>La gu\u00e9rison d\u2019Abbigail et les autres souffrant d\u2019infections nasals causes par le temps froid.<\/li>\n<\/ul>\n<p><strong>CONGO-BRAZZAVILLE<br \/>\n<\/strong>Veuillez prier pour :<\/p>\n<ul>\n<li>La sant\u00e9 de la femme du R\u00e9v. Pierre Mavoungou. Elle souffre des douleurs \u00e0 partir des reins jusqu\u2019au pieds depuis les six derniers mois. Priez pour la sagesse des docteurs et pour un traitement efficace.<\/li>\n<li>La visite du bureau national dans le champ missionnaire au nord du pays du 3 au 10 f\u00e9vrier.<\/li>\n<li>La planification et les pr\u00e9parations pour le Conseil Synodal en octobre 2025.<\/li>\n<li>Que Dieu suscite des partenaires pour soutenir les projets de construction des temples.<\/li>\n<\/ul>\n<p><strong>MALI<br \/>\n<\/strong>Veuillez prier pour :<\/p>\n<ul>\n<li>Le programme de l\u2019\u00e9quipe nationale de l\u2019\u00e9vang\u00e9lisation d\u2019atteindre une zone o\u00f9 l\u2019\u00e9vangile n\u2019est pas encore pr\u00each\u00e9<\/li>\n<li>La protection des \u00e9glises qui sont pers\u00e9cutes.<\/li>\n<li>La direction et la sagesse de Dieu pour les activit\u00e9s du comit\u00e9 national en 2025.<\/li>\n<li>Que le Seigneur nous sauve d\u2019une guerre religieuse au Mali.<\/li>\n<\/ul>\n<p><strong>BURKINA FASO<br \/>\n<\/strong>Veuillez prier pour :<\/p>\n<ul>\n<li>Les gens d\u00e9plac\u00e9s \u00e0 l\u2019int\u00e9rieur pour un retour sans danger chez eux.<\/li>\n<li>Le red\u00e9ploiement des pasteurs d\u00e9plac\u00e9s internes.<\/li>\n<\/ul>\n<p><strong>C\u00d4TE D\u2019IVOIRE<br \/>\n<\/strong>Rendez gr\u00e2ce \u00e0 Dieu pour :<\/p>\n<ul>\n<li>Les fonds pour continuer la construction du b\u00e2timent de l\u2019\u00e9glise de N\u2019Zuessy.<\/li>\n<li>L\u2019impl\u00e9mentation r\u00e9ussie du Plan d\u2019Action Op\u00e9rationnel de 2024 (PAO) \u00e9labor\u00e9 par le Bureau Ex\u00e9cutif National. Le PAO sera pr\u00e9sent\u00e9 \u00e0 la retraite des pasteurs.<\/li>\n<li>La mobilisation des \u00e9glises au tour de 12 Grands Projets du Centenaire.<\/li>\n<\/ul>\n<p>Veuillez prier pour :<\/p>\n<ul>\n<li>La direction et la sagesse de Dieu, et pour l\u2019unit\u00e9 \u00e0 notre retraite nationale des pasteurs \u00e0 Yamoussoukro du 19 au 25 janvier.<\/li>\n<\/ul>\n<p><strong>LIBERIA<br \/>\n<\/strong>Veuillez prier pour :<\/p>\n<ul>\n<li>Un fructueux travail relationnel parmi les \u00e9glises de la CMA au Lib\u00e9ria cette ann\u00e9e.<\/li>\n<li>La 42\u00e8me Convention Annuelle de la CMA au Lib\u00e9ria qui se tiendra dans la ville de Zarwulugbo, dans le Comt\u00e9 du Bas Nimba du 19 au 26 janvier.<\/li>\n<\/ul>\n<p><strong>ANGOLA<br \/>\n<\/strong>Rendez gr\u00e2ce \u00e0 Dieu pour :<\/p>\n<ul>\n<li>La premi\u00e8re tranche du financement pour la construction de l\u2019\u00e9glise au village de L\u00e2ndana, au Cabinda. Le projet est financ\u00e9 par l\u2019ICM (Minist\u00e8res de Coop\u00e9ration Internationale), en partenariat avec l\u2019UMA.<\/li>\n<\/ul>\n<p>Veuillez prier pour :<\/p>\n<ul>\n<li>L\u2019anniversaire des c\u00e9l\u00e9brations qui se tiendront en f\u00e9vrier marquant la fondation et la reconnaissance de l\u2019\u00e9glise de l\u2019Alliance par l\u2019Etat Angolais.<\/li>\n<\/ul>\n<h2><strong>Pri\u00e8res de l\u2019UMA &#8211; D\u00e9cembre 2024<\/strong><\/h2>\n<p>&nbsp;<\/p>\n<p><strong>11 D\u00e9cembre 2024<\/strong><\/p>\n<p><strong>1) R\u00c9GION EMERALD (EUROPE ET MOYEN-ORIENT) DE L\u2019UMA<\/strong><\/p>\n<p><strong>SYRIE<br \/>\n<\/strong>Veuillez prier pour :<\/p>\n<ul>\n<li>L\u2019\u00c9glise de l\u2019Alliance de Syrie comme elle fait le minist\u00e8re fid\u00e8lement au milieu des d\u00e9fis provenant de la chute de l\u2019ancien r\u00e9gime. Demandez \u00e0 Dieu de fortifier ses leaders et ses membres, les \u00e9quipant \u00e0 rencontrer les besoins de souffrance, et proclamer le message de paix et de r\u00e9conciliation avec courage. Que les actions et le t\u00e9moignage de l\u2019\u00e9glise cultivent l\u2019unit\u00e9, reconstruisent la confiance, et conduisent beaucoup \u00e0 embrasser l\u2019esp\u00e9rance \u00e9ternelle trouv\u00e9e en J\u00e9sus Christ.<\/li>\n<\/ul>\n<p><strong>TERRE SAINTE<br \/>\n<\/strong>Rendez gr\u00e2ce au Seigneur pour :<\/p>\n<ul>\n<li>Notre minist\u00e8re de cuisine de rue dans le sud de Gaza, qui a fourni des repas chaleureux \u00e0 des milliers, les enfants inclus. Plus de 30 individus ont donn\u00e9 leurs vies \u00e0 J\u00e9sus par le minist\u00e8re du m\u00e9dia social et les efforts de secours.<\/li>\n<\/ul>\n<p>Veuillez prier pour :<\/p>\n<ul>\n<li>La paix dans la r\u00e9gion et une fin rapide de la guerre.<\/li>\n<li>La force et la croissance pour les nouveaux croyants dans Gaza.<\/li>\n<li>Notre Equipe de Louange Les R\u00e9dempteurs comme ils conduisent les Campagnes de No\u00ebl.<\/li>\n<\/ul>\n<p><strong>LIBAN<br \/>\n<\/strong>Veuillez prier pour :<\/p>\n<ul>\n<li>Que le cessez le feu tienne au-del\u00e0 de 60 jours initiaux, assurant que les gens d\u00e9plac\u00e9s puissant retourner chez eux en s\u00e9curit\u00e9 et qu\u2019une paix permanente soit \u00e9tablie.<\/li>\n<li>Que les personnes d\u00e9plac\u00e9es qui exp\u00e9rimentent l\u2019amour du Christ \u00e0 travers les \u00e9glises de l\u2019Alliance qu\u2019elles viennent \u00e0 conna\u00eetre J\u00e9sus comme leur Sauveur.<\/li>\n<li>Que Dieu suscite des leaders et pasteurs pour server dans les \u00e9glises de l\u2019Alliance Libanaise o\u00f9 le besoin se fait sentir.<\/li>\n<\/ul>\n<p><strong>CAMA ZENDING \u2013 PAYS-BAS<br \/>\n<\/strong>Rendez gr\u00e2ce au Seigneur pour :<\/p>\n<ul>\n<li>Tous les jeunes gens qui se sont convertis au christianisme aux Pays-Bas.<\/li>\n<\/ul>\n<p>Veuillez prier pour :<\/p>\n<ul>\n<li>Que les travailleurs de CAMA Zending dans les pays \u00e0 acc\u00e8s cr\u00e9ative demeurent encourages et trouvent espoir des mani\u00e8res inattendues.<\/li>\n<li>Que plusieurs jeunes couples se pr\u00e9parant pour les missions en 2025 d\u2019obtenir des partenaires financiers et du soutien.<\/li>\n<\/ul>\n<p>&nbsp;<\/p>\n<p><strong>2) R\u00c9GION APAC (ASIE PACIFIQUE) DE L\u2019UMA<\/strong><\/p>\n<p><strong>TAIWAN<br \/>\n<\/strong>Veuillez prier pour :<\/p>\n<ul>\n<li>Le R\u00e9v. Silas Yang, pr\u00e9sident de l\u2019Union de l\u2019Alliance de l\u2019\u00c9glise du Taiwan (CMA), comme il se remet d\u2019une op\u00e9ration abdominale et se pr\u00e9pare pour une autre proc\u00e9dure.<\/li>\n<\/ul>\n<p><strong>VIETNAM<br \/>\n<\/strong>Veuillez prier pour :<\/p>\n<ul>\n<li>Notre Communaut\u00e9 Protestante de Hanoi qui pr\u00e9senter un sermon \u00e0 Yen So Park, Hanoi, le 14 d\u00e9cembre, avec le th\u00e8me \u00ab No\u00ebl d\u2019Espoir \u00bb. Nous nous attendons \u00e0 une participation de 15 000 \u00e0 20 000 personnes.<\/li>\n<\/ul>\n<p><strong>INDONESIE<br \/>\n<\/strong>Veuillez prier pour :<\/p>\n<ul>\n<li>Le programme \u00ab Un pour Borneo \u00bb qui se focalise sur l\u2019implantation des \u00e9glises \u00e0 Nusantara, le nouveau capital de l\u2019Indon\u00e9sie sous un d\u00e9veloppement graduel sur les prochains cinq \u00e0 dix ans. Priez pour les 10 travailleurs nationaux d\u00e9vou\u00e9s \u00e0 l\u2019implantation de nouvelles \u00e9glises avec un minist\u00e8re holistique et pour atteindre des villes avec des groupes de personnes non atteints.<\/li>\n<li>Priez pour plus de 700 hommes et femmes \u00e9tudiant actuellement au S\u00e9minaire Th\u00e9ologique de Jaffray \u00e0 Makassar, la plus vieille et la plus grande \u00e9cole th\u00e9ologique gagn\u00e9e par la CMA Indon\u00e9sie. Priez aussi pour la construction d\u2019un dortoir pour les femmes qui pourra recevoir 250 \u00e9tudiantes.<\/li>\n<\/ul>\n<p><strong>AUSTRALIE<br \/>\n<\/strong>Veuillez prier pour :<\/p>\n<ul>\n<li>Que les opportunit\u00e9s d\u2019\u00e9vang\u00e9lisation de No\u00ebl pour nos \u00e9glises soient fructueuses pour une conversion de croissance.<\/li>\n<li>Que nos pasteurs et nos travailleurs jouissent d\u2019un repos d\u2019\u00e9t\u00e9 r\u00e9parateur.<\/li>\n<li>Notre Conseil Annuel \u00e0 Sydney t\u00f4t l\u2019ann\u00e9e prochaine.<\/li>\n<\/ul>\n<p>&nbsp;<\/p>\n<hr \/>\n<p>&nbsp;<\/p>\n<h2><strong>Pri\u00e8res de l\u2019UMA &#8211; novembre 2024<\/strong><\/h2>\n<p>&nbsp;<\/p>\n<p><strong>20 novembre 2024<\/strong><\/p>\n<p><strong>R\u00c9GION CLA (AM\u00c9RIQUE LATINE) DE L\u2019UMA<\/strong><\/p>\n<p><strong>VENEZUELA<br \/>\n<\/strong>Rendez gr\u00e2ce au Seigneur pour :<\/p>\n<ul>\n<li>La provision pour l\u2019op\u00e9ration de la s\u0153ur Evelyn et son r\u00e9tablissement continu. Evelyne est l\u2019\u00e9pouse du Pasteur Nathanael Gil, pr\u00e9sident de la CMA au Venezuela.<\/li>\n<\/ul>\n<p>Veuillez prier pour :<\/p>\n<ul>\n<li>Trois de nos \u00e9glises actuellement sans un pasteur. Priez que Dieu suscite des serviteurs fid\u00e8les appel\u00e9s au minist\u00e8re pastoral.<\/li>\n<li>La protection du Seigneur sur son \u00e9glise au milieu des d\u00e9fis socio-politiques du pays.<\/li>\n<\/ul>\n<p><strong>BR\u00c9SIL<br \/>\n<\/strong>Veuillez prier pour :<\/p>\n<ul>\n<li>Que Dieu suscite la nouvelle g\u00e9n\u00e9ration des trav ouvriers ailleurs pour l\u2019\u00e9glise nationale et l\u2019\u0153uvre missionnaire.<\/li>\n<li>La gu\u00e9rison du Pasteur Marcos Tiburcio comme il subit un traitement du cancer.<\/li>\n<li>Les conversations avec les \u00e9glises int\u00e9ress\u00e9es \u00e0 se joindre \u00e0 l\u2019Alliance du Br\u00e9sil et les pasteurs cherchant \u00e0 faire partie de la mission globale de l\u2019Alliance.<\/li>\n<li>La provision de Dieu pour nos missionnaires au Portugal comme ils font face aux d\u00e9fis dues au taux \u00e9lev\u00e9 d\u2019\u00e9change.<\/li>\n<li>La famille Tivane, nos missionnaires en Mozambique, au milieu d\u2019une s\u00e9rieuse crise politique. Priez pour la paix et pour la protection et la provision de Dieu.<\/li>\n<li>La coop\u00e9ration du D\u00e9partement National des Missions avec les leaders de mission dans les \u00e9glises locales, les soins pour les missionnaires, et le plan strat\u00e9gique des projets \u00e0 court-, moyen-, et long terme.<\/li>\n<\/ul>\n<p><strong>COLOMBIE<br \/>\n<\/strong>Rendez gr\u00e2ce au Seigneur pour :<\/p>\n<ul>\n<li>La conf\u00e9rence nationale des missions sous le th\u00e8me \u00ab Le Saint Esprit dans la Mission \u00bb, o\u00f9 plus de 150 personnes \u00e9taient inspir\u00e9es pour poursuivre leur r\u00f4le d\u2019accomplir la Grande Commission.<\/li>\n<\/ul>\n<p>Veuillez prier pour :<\/p>\n<ul>\n<li>Le soutien continue de la famille de l\u2019Alliance pour le projet de la Fen\u00eatre Verte dans l\u2019Amazonie Colombienne par les ressources financi\u00e8res, mat\u00e9rielles, et humaines, permettant l\u2019\u00e9vang\u00e9lisation dans cette r\u00e9gion.<\/li>\n<li>La direction de Dieu pour le D\u00e9partement National des Missions durant sa p\u00e9riode de transition.<\/li>\n<\/ul>\n<p><strong>CHILI<br \/>\n<\/strong>Veuillez prier pour :<\/p>\n<ul>\n<li>La sant\u00e9 de plusieurs de nos pasteurs. Certains ont r\u00e9cemment subi une op\u00e9ration.<\/li>\n<li>Nos minist\u00e8res de soutien comme le Home des Enfants, la Fondation Semejantes et la Fondation Educationnelle de l\u2019Alliance. Tous atteignent les plus n\u00e9cessiteux de notre soci\u00e9t\u00e9.<\/li>\n<li>Les Conventions de Districts, et l\u2019\u00e9lection des Comit\u00e9s pour le mandat 2025 \u2013 2027.<\/li>\n<li>L\u2019Assembl\u00e9e G\u00e9n\u00e9rale de l\u2019\u00c9glise Nationale dans la ville de Temuco du 16 au 18 janvier 2025<\/li>\n<\/ul>\n<p><strong>HAITI<br \/>\n<\/strong>Rendez gr\u00e2ce au Seigneur pour :<\/p>\n<ul>\n<li>Le soutien pour la station de radio de l\u2019Alliance Chr\u00e9tienne, qui atteint les zones recul\u00e9es et fournit la Parole de Dieu \u00e0 ceux qui ne peuvent pas aller \u00e0 l\u2019\u00e9glise.<\/li>\n<\/ul>\n<p>Veuillez prier pour :<\/p>\n<ul>\n<li>La direction et la sagesse du Seigneur en atteignant les zones o\u00f9 les gens ont besoin d\u2019entendre sur J\u00e9sus Christ.<\/li>\n<li>La paix et la s\u00e9curit\u00e9 aux Ha\u00eftiens, comme les gangs continuent d\u2019opprimer la population, incluant les chr\u00e9tiens.<\/li>\n<\/ul>\n<p><strong>PANAMA<br \/>\n<\/strong>Veuillez prier pour :<\/p>\n<ul>\n<li>Le travail avec les jeunes et les enfants des \u00e9glises chinoises \u00e0 l\u2019int\u00e9rieur, particuli\u00e8rement \u00e0 Chitr\u00e9.<\/li>\n<li>L\u2019approfondissement du leadership spiritual parmi les membres de l\u2019\u00e9glise au Panama.<\/li>\n<li>Les candidats qui se pr\u00e9parent pour le bapt\u00eame dans nos \u00e9glises.<\/li>\n<li>Les activit\u00e9s \u00e9vang\u00e9liques de la fin de l\u2019ann\u00e9e dans l\u2019\u00e9glise hispanique.<\/li>\n<li>La direction de Dieu pour l\u2019organisation du camp de la jeunesse pour les \u00e9glises chinoises en f\u00e9vrier 2025.<\/li>\n<\/ul>\n<p><strong>COSTA RICA<br \/>\n<\/strong>Veuillez prier pour :<\/p>\n<ul>\n<li>La gu\u00e9rison pour l\u2019\u00e9pouse d\u2019un de nos pasteurs.<\/li>\n<li>Les campagnes d\u2019\u00e9vang\u00e9lisation de d\u00e9cembre par nos \u00e9glises.<\/li>\n<\/ul>\n<p><strong>R\u00c9PUBLIQUE DOMINICAINE<br \/>\n<\/strong>Veuillez prier pour :<\/p>\n<ul>\n<li>La sant\u00e9 de plusieurs pasteurs maladies.<\/li>\n<li>L\u2019Assembl\u00e9e Nationale, pr\u00e9vue du 9 au 12 janvier 2025.<\/li>\n<li>Les buts pour 2025 pour ouvrir de nouvelles \u00e9glises et doubler les adh\u00e9sions \u00e0 l\u2019\u00e9glise.<\/li>\n<li>Le recrutement de nouveaux travailleurs pour le minist\u00e8re d\u2019\u00e9vang\u00e9lisation.<\/li>\n<\/ul>\n<p><strong>BOLIVIE<br \/>\n<\/strong>Veuillez prier pour :<\/p>\n<ul>\n<li>Des projets d\u2019implantation de deux \u00e9glises dans la ville d\u2019El Alto.<\/li>\n<li>Plus de missionnaires de venir en Bolivie.<\/li>\n<\/ul>\n<hr \/>\n<p><strong>13 novembre 2024<\/strong><\/p>\n<p><strong>1) R\u00c9GION CLA (AM\u00c9RIQUE LATINE) DE L\u2019UMA<\/strong><\/p>\n<p><strong>ARGENTINE<br \/>\n<\/strong>Veuillez prier pour :<\/p>\n<ul>\n<li>Le r\u00e9confort et la force de notre P\u00e8re C\u00e9leste \u00e0 la famille du R\u00e9v. Felix Jimenez, ancien pr\u00e9sident national de la CMA de l\u2019Argentine, qui est d\u00e9c\u00e9d\u00e9 le 8 novembre. Il a vou\u00e9 sa vie au service de l\u2019\u00e9vangile, touchant les c\u0153urs de beaucoup avec sa pr\u00e9dication, sa sagesse et de son inconditionnel amour.<\/li>\n<\/ul>\n<p>&nbsp;<\/p>\n<p><strong>2) R\u00c9GION AFRIQUE DE L\u2019UMA<\/strong><\/p>\n<p><strong>GABON<br \/>\n<\/strong>Rendez gr\u00e2ce au Seigneur pour :<\/p>\n<ul>\n<li>Pour sa protection et la d\u00e9livrance du R\u00e9v. Andr\u00e9 Binet, pr\u00e9sident de l\u2019Alliance du Gabon ; du R\u00e9v. Philippe Yola, et de couple missionnaire Ondo et Eva. Ils \u00e9taient impliqu\u00e9s dans un accident de voiture la nuit du lundi 4 novembre, pendant qu\u2019ils retournaient d\u2019un voyage de mission en Guin\u00e9e Equatoriale. Nous remercions Dieu d\u2019avoir pr\u00e9serv\u00e9 leurs vies et sant\u00e9 malgr\u00e9 le violent impact sur leur v\u00e9hicule.<\/li>\n<\/ul>\n<p>Veuillez prier pour :<\/p>\n<ul>\n<li>La mission \u00e0 Kye-ossi, au Cameroun, pour le recrutement des ouvriers bien form\u00e9s, la croissance num\u00e9rique et financi\u00e8re, et le lancement des travaux de construction du temple dans la ville de Yaound\u00e9. Priez aussi pour la s\u00e9curit\u00e9 de la famille du missionnaire.<\/li>\n<li>Le salut de beaucoup de groups indig\u00e8nes non atteints au Gabon, et que Dieu suscite des missionnaires pour travailler parmi ces communaut\u00e9s.<\/li>\n<li>Le bon d\u00e9roulement de la 3eme session de la campagne d\u2019\u00e9vang\u00e9lisation nationale, se r\u00e9alisant de d\u00e9cembre 2024 \u00e0 mai 2025 \u00e0 travers toutes les \u00e9glises de districts. Priez pour une forte mobilisation des leaders et fid\u00e8les des \u00e9glises de l\u2019Alliance, une abondante moisson, et l\u2019\u00e9tablissement de nouvelles branches dans chaque \u00e9glise. Que le Seigneur pourvoie les fonds n\u00e9cessaires pour rencontrer les besoins de cette campagne.<\/li>\n<li>Notre nation, comme Gabon va tenir un referendum le 16 novembre pour adopter une nouvelle constitution. Priez que la volont\u00e9 de Dieu puisse pr\u00e9valoir et que le vote aligne avec son plan pour le Gabon.<\/li>\n<\/ul>\n<p><strong>R\u00c9PUBLIQUE D\u00c9MOCRATIQUE DU CONGO (RDC)<br \/>\n<\/strong>Rendez gr\u00e2ce au Seigneur pour :<\/p>\n<ul>\n<li>Le succ\u00e8s des activit\u00e9s du Mois des Missions qui ont d\u00e9j\u00e0 commenc\u00e9 dans tous les districts de la CMA \u00e0 travers la RDC.<\/li>\n<li>Le d\u00e9ploiement de 131 ministres assign\u00e9s dans les districts de la communaut\u00e9 pour le minist\u00e8re. Nous b\u00e9nissons Dieu pour l\u2019\u00e9mergence des vocations parmi la jeunesse de notre \u00e9glise.<\/li>\n<\/ul>\n<p>Veuillez prier pour :<\/p>\n<ul>\n<li>La consolation du Saint Esprit pour la famille du R\u00e9v. Dieudonn\u00e9 Ngoma Nzita du District Eccl\u00e9siastique de Mbavu, qui est mort le 27 octobre.<\/li>\n<li>Le recouvrement de la sant\u00e9 de la femme de Martin Bosongo, notre missionnaire \u00e0 Bumba, dans le champ missionnaire de Mongala, apr\u00e8s sa r\u00e9cente chirurgie.<\/li>\n<li>La provision de Dieu pour envoyer trois ouvriers pour la r\u00e9gion du Katanga.<\/li>\n<li>Les fonds n\u00e9cessaires pour sauvegarder le terrain de notre implantation en Zambie menac\u00e9 d\u2019expropriation par les autorit\u00e9s locales.<\/li>\n<li>Nos ouvriers internationaux en Guin\u00e9e, les couples Van Niosi et Ali Tsumbu, qui sont engag\u00e9s dans le programme de la Formation de la Jeunesse au Minist\u00e8re de la Parole. Priez aussi pour les ressources pour implanter de nouvelles \u00e9glises.<\/li>\n<li>Le relancement des activit\u00e9s pour \u00e9tablir un minist\u00e8re de la diaspora congolaise \u00e0 Londres, avec une expansion future dans d\u2019autres villes en Grande Bretagne. Que Dieu pourvoie pour ce travail.<\/li>\n<li>La protection du Seigneur sur le peu de ouvriers servant dans la zone de conflit du Plateau de Bateke o\u00f9 les gens font face \u00e0 la discrimination \u00e0 cause de leurs origines.<\/li>\n<\/ul>\n<p><strong>MALI<br \/>\n<\/strong>Rendez gr\u00e2ce au Seigneur pour :<\/p>\n<ul>\n<li>Sa protection durant le r\u00e9cent camp des jeunes \u00e0 travers plusieurs districts.<\/li>\n<\/ul>\n<p>Veuillez prier pour :<\/p>\n<ul>\n<li>Les fructueuses enqu\u00eates en Mauritanie et C\u00f4te d\u2019Ivoire pour installer des missionnaires au-del\u00e0 de nos fronti\u00e8res.<\/li>\n<li>Le s\u00e9minaire des pasteurs planifi\u00e9 pour mars 2025.<\/li>\n<li>La commission d\u2019organisation du congr\u00e8s de l\u2019Union Protestante des Femmes de l\u2019Alliance Chr\u00e9tienne (UPFAC) qui se tiendra \u00e0 Bamako en ao\u00fbt 2025.<\/li>\n<li>Les chr\u00e9tiens qui font face \u00e0 la pers\u00e9cution des djihadistes qui demandent des paiements. Priez aussi pour les \u00e9glises qui sont oblig\u00e9es d\u2019adorer sans instruments de musique.<\/li>\n<\/ul>\n<p><strong>LIBERIA<br \/>\n<\/strong>Veuillez prier pour :<\/p>\n<ul>\n<li>La sant\u00e9 du Pasteur Francis M. Kollie, le Surintendant du District de la CMA du Comt\u00e9 de Lofa, qui \u00e9tait r\u00e9cemment diagnostiqu\u00e9 avec ulc\u00e8re duod\u00e9nal.<\/li>\n<li>Une augmentation des leaders et ouvriers au sein de l\u2019\u00e9glise de la CMA dans le Comt\u00e9 de Lofa.<\/li>\n<li>La r\u00e9ussite de la 42\u00e8me Convention Annuelle de la CMA du Liberia qui se tiendra dans la ville de Zarwulugbo, dans le Sud du Comt\u00e9 de Nimba du 1<sup>er<\/sup> au 7 d\u00e9cembre.<\/li>\n<\/ul>\n<p><strong>B\u00c9NIN<br \/>\n<\/strong>Rendez gr\u00e2ce \u00e0 Dieu pour :<\/p>\n<ul>\n<li>L\u2019installation des surintendants dans les r\u00e9gions synodales de l\u2019Atlantique littoral et Ou\u00e9m\u00e9-Plateaux.<\/li>\n<li>La cr\u00e9ation de l\u2019Institut Biblique et Th\u00e9ologique de l\u2019Alliance Chr\u00e9tienne du B\u00e9nin (IBITAC) et le fructueux lancement des cours.<\/li>\n<\/ul>\n<p>Veuillez prier pour :<\/p>\n<ul>\n<li>Les fonds n\u00e9cessaires pour la construction de l\u2019Institut Biblique.<\/li>\n<li>Le voyage du Directeur R\u00e9gional des Missions de l\u2019UMA Afrique, R\u00e9v. D\u00e9nis Kombetassi\u00e9 de la RDC pour travailler avec le bureau national sur la mission du B\u00e9nin.<\/li>\n<li>Que Dieu suscite des ouvriers pour que nous puissions atteindre notre but d\u2019avoir au moins une \u00e9glise dans chaque d\u00e9partement, commune et arrondissement.<\/li>\n<li>Les \u00e9lections du bureau de la coordination nationale de l\u2019Association des Femmes de l\u2019Alliance Chr\u00e9tienne (AFAC), planifi\u00e9e pour d\u00e9cembre.<\/li>\n<li>La r\u00e9daction du statut et r\u00e8glement de l\u2019\u00e9glise.<\/li>\n<\/ul>\n<p><strong>CONGO-BRAZZAVILLE<br \/>\n<\/strong>Veuillez prier pour :<\/p>\n<ul>\n<li>La direction et la sagesse de Dieu pour les \u00e9tudiants de nos instituts bibliques.<\/li>\n<li>La sant\u00e9 des \u00e9pouses de nos pasteurs.<\/li>\n<li>Les moyens pour construire les paroisses des champs missionnaire.<\/li>\n<li>Les pr\u00e9parations et les ressources pour notre Assembl\u00e9e G\u00e9n\u00e9rale en 2025.<\/li>\n<\/ul>\n<p><strong>ANGOLA<br \/>\n<\/strong>Rendez gr\u00e2ce au Seigneur pour :<\/p>\n<ul>\n<li>Les pasteurs qui ont \u00e9t\u00e9 envoy\u00e9s dans diff\u00e9rentes r\u00e9gions.<\/li>\n<\/ul>\n<p>Veuillez prier pour :<\/p>\n<ul>\n<li>Que le Seigneur bouge les c\u0153urs des membres de l\u2019\u00e9glise \u00e0 Soyo pour acheter du terrain et construire un b\u00e2timent de l\u2019\u00e9glise au plus tard d\u00e9cembre.<\/li>\n<\/ul>\n<hr \/>\n<p><strong>6 novembre 2024<\/strong><\/p>\n<p><strong>1) R\u00c9GION AM\u00c9RIQUE DU NORD DE L\u2019UMA<\/strong><\/p>\n<p><strong>ETATS-UNIS<br \/>\n<\/strong>Veuillez prier pour :<\/p>\n<ul>\n<li>Ceux qui \u00e9taient affect\u00e9s par les ouragans dans le Sud-Est des Etats-Unis. Le 26 septembre, l\u2019ouragan H\u00e9l\u00e8ne a touch\u00e9 la terre en Floride, causant au moins 300 morts et des destructions g\u00e9n\u00e9ralis\u00e9es dans six \u00e9tats. Les pasteurs et les installations de l\u2019Alliance ont exp\u00e9riment\u00e9 un dommage relativement minime et donc ils \u00e9taient capables d\u2019aider leurs communaut\u00e9s \u00e0 se remettre.<\/li>\n<li>Rich et Elisa Brown, des ouvriers internationaux de l\u2019Alliance en Am\u00e9rique Latine et fondateurs de Inca Link. Ils ont tout perdu dans leur maison en Floride qui \u00e9tait pleine d\u2019eau d\u2019un m\u00e8tre. Priez pour la paix et le r\u00e9confort pour eux, aussi bien la provision de Dieu pour remplacer ce qui \u00e9tait perdu.<\/li>\n<li>Ceux qui \u00e9taient affect\u00e9s par l\u2019ouragan Milton qui a touch\u00e9 la terre en Floride le mercredi 9 octobre, causant au moins 23 morts. Tom Flanders, le surintendant du district pour l\u2019Alliance du Sud-Est, a rapport\u00e9 plusieurs tornades dans l\u2019\u00e9tat. Certains ont touch\u00e9 dans les maisons des pasteurs de l\u2019Alliance et les b\u00e2timents de l\u2019\u00e9glise, mais il n\u2019y avait pas des bless\u00e9s parmi les travailleurs de l\u2019Alliance du Sud-Est.<\/li>\n<li>Le r\u00e9tablissement \u00e0 long terme des communaut\u00e9s affect\u00e9es par les deux temp\u00eates. Cela prendra des ann\u00e9es. Comme les efforts de r\u00e9tablissement continuent, que Dieu utilise son peuple pour d\u00e9montrer l\u2019amour du Christ \u00e0 ceux qui souffrent.<\/li>\n<li>Les Minist\u00e8res de l\u2019\u00c9glise de l\u2019Alliance Etats-Unis. Durant les deux prochaines semaines, les Minist\u00e8res de l\u2019\u00c9glise ont des activit\u00e9s et des conf\u00e9rences auxquelles beaucoup de gens autour du pays vont participer. Veuillez prier pour :<\/li>\n<li>Nos mobilisateurs de missions de district qui se r\u00e9unissent \u00e0 Ohio pour discuter de comment mieux mobiliser nos \u00e9glises pour impacter pour le Royaume.<\/li>\n<li>Nos jeunes adultes comme ils chapeautent les Villes Jumelles pour une Conf\u00e9rence des Jeunes Adultes de l\u2019Alliance.<\/li>\n<li>Des jeunes pasteurs de l\u2019Alliance qui participant \u00e0 un voyage de vision \u00e0 Atlanta, en G\u00e9orgie.<\/li>\n<li>Les leaders de district comme vont \u00e0 Ohio pour <em>l\u2019Interchange<\/em>, une conf\u00e9rence pour les surintendants de districts et les staffs.<\/li>\n<li>Nos jeunes travailleurs dans la zone de Minnesota qui participant \u00e0 la Conf\u00e9rence NEXT au Crown College.<\/li>\n<\/ul>\n<p><strong>CANADA<br \/>\n<\/strong>Rendez gr\u00e2ce au Seigneur pour nos Ouvriers Internationaux (OIs) :<\/p>\n<ul>\n<li>Wade et Cara. Le petit local de l\u2019\u00e9glise en Asie centrale auquel ils font partie est engag\u00e9 \u00e0 des discussions importantes sur son avenir. Ils explorent ce que signifie r\u00e9ellement \u00eatre une \u00e9glise du Nouveau Testament qui suit J\u00e9sus, et comment ils peuvent approfondir leurs relations et grandir ensemble dans la foi. Priez pour la sagesse et l\u2019unit\u00e9 comme ils planifient ce voyage. Priez aussi que plus d\u2019hommes arrivent \u00e0 conna\u00eetre J\u00e9sus et s\u2019engagent pour la croissance du corps de Christ.<\/li>\n<li>Sharon et Nikki Howell pour l\u2019ouverture du premier bloc op\u00e9ratoire p\u00e9diatrique dans l\u2019h\u00f4pital chr\u00e9tien au S\u00e9n\u00e9gal. Ils \u00e9taient capables de participer \u00e0 la c\u00e9r\u00e9monie de d\u00e9dicace pour c\u00e9l\u00e9brer cet \u00e9v\u00e9nement significatif le 4 octobre. Une des plus communes chirurgies p\u00e9diatriques est le bec de li\u00e8vre et la r\u00e9paration du palais, qu\u2019ils font sans frais. Remerciements aux g\u00e9n\u00e9reux partenaires.<\/li>\n<li>Foster et Ebby et la classe d\u2019anglais pour les enfants dans l\u2019\u00e9glise de Mint. Onze enfants de 12 \u00e0 14 ans se sont point\u00e9s. Ils \u00e9taient d\u2019abord des \u00e9l\u00e8ves Musulmans du voisinage. Personne n\u2019\u00e9tait membre de l\u2019\u00e9glise et, pour certains, c\u2019\u00e9tait leur premi\u00e8re fois d\u2019entrer dans une \u00e9glise. Priez qu\u2019ils continuent de participer aux \u00e9v\u00e9nements de l\u2019\u00e9glise et que cela soit un moment de visitation pour ces enfants et leurs familles. Priez qu\u2019ils rencontrent notre P\u00e8re c\u00e9leste.<\/li>\n<\/ul>\n<p>Veuillez prier pour nos Ouvriers Internationaux (OIs) :<\/p>\n<ul>\n<li>Doug et Denise Cameron au Niger. En d\u00e9pit de la croissance d\u2019activit\u00e9 djihadiste, le nombre des croyants triple chaque ann\u00e9e, mais ceci ne suit pas la croissance d\u00e9mographique. La pression de la culture pour demeurer dans la majorit\u00e9 de la foi entrave les efforts de partager Christ. Priez que le Royaume de Dieu vienne au Niger et qu\u2019il y ait des leaders qui vont s\u2019\u00e9lever pour conduire l\u2019\u00e9glise du Christ.<\/li>\n<li>La croissance de l\u2019amiti\u00e9 de Janelle avec sa nouvelle amie r\u00e9fugi\u00e9e \u00ab Jamie \u00bb. Priez pour Jamie comme elle se trouve elle-m\u00eame dans le pays, loin de la famille. Jamie lutte avec le d\u00e9sordre de stress post-traumatique et l\u2019anxi\u00e9t\u00e9, ainsi veuillez prier pour elle de retrouver la paix et la libert\u00e9 de sa vie d\u2019abus et de traumatismes.<\/li>\n<\/ul>\n<p>&nbsp;<\/p>\n<p><strong>2) R\u00c9GION APAC (ASIE PACIFIQUE) DE L\u2019UMA<\/strong><\/p>\n<p><strong>TAIWAN<br \/>\n<\/strong>Veuillez prier pour :<\/p>\n<ul>\n<li>R\u00e9v. Silas Yang, le pr\u00e9sident de l\u2019Union des \u00c9glises de l\u2019Alliance de Taiwan (CMA), qui a subi une chirurgie abdominale majeure et aura besoin d\u2019une autre op\u00e9ration apr\u00e8s son r\u00e9tablissement. On s\u2019attend \u00e0 un temps de r\u00e9cup\u00e9ration assez long. Priez pour le r\u00e9confort de Dieu, la paix et la force dans le c\u0153ur du R\u00e9v. Yang et que la gu\u00e9rison de J\u00e9sus puisse toucher son corps. Priez aussi pour sa famille et l\u2019\u00e9glise durant ce moment de d\u00e9fi.<\/li>\n<li>Plusieurs \u00e9glises et les implantations des \u00e9glises sont actuellement sans leadership pastoral. Priez que Dieu suscite et \u00e9quipe des serviteurs d\u2019apr\u00e8s son c\u0153ur.<\/li>\n<\/ul>\n<p><strong>INDE<br \/>\n<\/strong>Veuillez prier pour :<\/p>\n<ul>\n<li>La sant\u00e9 du Pasteur Yakob Ingle, le directeur du Synode de Maharashtra. Priez aussi pour sa femme Ranjana qui est malade depuis un long moment.<\/li>\n<\/ul>\n<p><strong>JAPON<br \/>\n<\/strong>Veuillez prier pour :<\/p>\n<ul>\n<li>Un espace pour une \u00e9glise de l\u2019Alliance de se rencontrer pour l\u2019adoration les dimanches. Priez que le Seigneur pourvoie \u00e0 un espace r\u00e9gulier tr\u00e8s bient\u00f4t.<\/li>\n<\/ul>\n<p><strong>INDONESIE<br \/>\n<\/strong>Veuillez prier pour :<\/p>\n<ul>\n<li>Les jeunes d\u00e9sireux de servir dans des r\u00e9gions \u00e9loign\u00e9es. Actuellement beaucoup d\u2019\u00e9glises de la CMA \u00e0 l\u2019int\u00e9rieur de Papua et Kalimantan n\u2019ont pas de pasteurs, parce qu\u2019il est difficile de trouver des gens qui veulent servir dans de tels endroits \u00e9loign\u00e9s.<\/li>\n<li>Mr. Prabowo Subianto, le pr\u00e9sident de la R\u00e9publique d\u2019Indon\u00e9sie nouvellement pr\u00e9sent\u00e9, d\u2019\u00eatre capable de conduire cette nation de diff\u00e9rentes ethnicit\u00e9s et religions pendant qu\u2019il prot\u00e8ge les minorit\u00e9s.<\/li>\n<\/ul>\n<p><strong>NOUVELLE ZELANDE<br \/>\n<\/strong>Veuillez prier pour :<\/p>\n<ul>\n<li>Les postes pastoraux vacants dans l\u2019une de nos \u00e9glises chinoises. Nous recherchons un pasteur de langue cantonaise ayant l\u2019exp\u00e9rience du travail avec des congr\u00e9gations de langue cantonaise et anglaise, ainsi qu\u2019un pasteur pour la congr\u00e9gation de langue anglaise.<\/li>\n<\/ul>\n<p><strong>MONGOLIE<br \/>\n<\/strong>Veuillez prier pour :<\/p>\n<ul>\n<li>Le Pasteur Lhagvasuren, pour l\u2019Ancien Altantuya, et pour Erdenebulgan. Priez pour leur protection et la sagesse comme ils servent Dieu par le minist\u00e8re de la prison.<\/li>\n<li>Gantumur, le coordinateur du programme <em>Joy of Recovery<\/em> (Joie du R\u00e9tablissement). Il veut se connecter et collaborer avec le Pasteur Rick Warren, l\u2019initiateur de la Joie du R\u00e9tablissement en Pennsylvanie, Etats-Unis.<\/li>\n<li>Des personnes cl\u00e9s engag\u00e9es dans le programme de la Joie du Recouvrement. Priez pour la sant\u00e9 d\u2019Oyungerel, Oyunchimeg, et Erdenetsogt, leur protection, et persistance dans le minist\u00e8re.<\/li>\n<\/ul>\n<p><strong>AUSTRALIE<br \/>\n<\/strong>Veuillez prier pour :<\/p>\n<ul>\n<li>La s\u00e9lection d\u2019un nouveau directeur du Minist\u00e8re des \u00c9glises Chinoises en 2025.<\/li>\n<li>Le Conseil National comme ils pr\u00e9parent le budget et le r\u00e9sum\u00e9 des objectifs pour 2025.<\/li>\n<\/ul>\n<h2><strong>Pri\u00e8res de l\u2019UMA &#8211; Octobre 2024<\/strong><\/h2>\n<p>&nbsp;<\/p>\n<p><strong>23 octobre 2024<\/strong><\/p>\n<p><strong>R\u00c9GION EMERALD (EUROPE ET MOYEN-ORIENT) DE L\u2019UMA<\/strong><\/p>\n<p><strong>JORDANIE<br \/>\n<\/strong>Veuillez prier pour :<\/p>\n<ul>\n<li>L\u2019\u00e9quipe du Centre \u00c9ducationnel AI Amal dans la ville de Naour, servant approximativement 70 \u00e9tudiants Jordaniens et Syriens.<\/li>\n<li>Une \u00e9quipe m\u00e9dicale offrant des soins \u00e0 30 \u2013 45 personnes hebdomadairement. Les soins comprennent le traitement, les m\u00e9dicaments, les tests de labo, et les suivis.<\/li>\n<li>La provision pour une famille Irakienne dans le besoin d\u2019une chirurgie, fournitures scolaires, frais scolaires, frais de transport, etc.<\/li>\n<li>Un fr\u00e8re responsable pour soutenir des personnes vivant avec handicap. Il distribue de l\u2019aide \u00e0 40 familles chaque mois. Priez pour ses visites \u00e0 ses familles et pour les opportunit\u00e9s de partager l\u2019amour de Christ.<\/li>\n<li>La protection pour notre nation. Nous sommes une r\u00e9gion afflig\u00e9e par des guerres. Priez pour des fronti\u00e8res s\u00e9curis\u00e9es et une s\u00e9curit\u00e9 nationale.<\/li>\n<li>Une \u00e9conomie trou\u00e9e au milieu des d\u00e9fis caus\u00e9s par des guerres r\u00e9gionales.<\/li>\n<li>Pour la paix dans la r\u00e9gion et que la guerre cesse.<\/li>\n<\/ul>\n<p><strong>FORMATION DE L\u2019ALLIANCE &#8211; INSTITUT DE FORMATION MINISTERIELLE DE L\u2019ALLIANCE (INFORMA)<br \/>\n<\/strong>Veuillez prier pour :<\/p>\n<ul>\n<li>Les derniers modules de l\u2019ann\u00e9e : le Pentateuque, et le Dialogue Pastoral.<\/li>\n<li>Le Symposium de l\u2019Identit\u00e9 et de la Th\u00e9ologie de l\u2019Alliance \u00e0 Madrid, du 25 au 26 octobre pour les pasteurs latins et missionnaires de l\u2019Europe. Ceci est un \u00e9v\u00e9nement commun avec l\u2019UMA, EMERALD, FIACME (l\u2019Alliance de l\u2019Espagne) et l\u2019INFORMA.<\/li>\n<li>La c\u00e9r\u00e9monie de collation des grades \u00e0 l\u2019\u00e9glise Alianza de Amor \u00e0 Madrid, le 23 novembre o\u00f9 16 \u00e9tudiants de deux programmes recevront leurs dipl\u00f4mes.<\/li>\n<\/ul>\n<p><strong>FRANCE<br \/>\n<\/strong>Veuillez prier pour :<\/p>\n<ul>\n<li>La retraite annuelle des pasteurs de l\u2019AECM France qui se tiendra au village historique de Cussac en Nouvelle-Aquitaine du 27 au 29 octobre.<\/li>\n<li>Que Dieu pourvoie aux ressources n\u00e9cessaires pour que l\u2019achat du b\u00e2timent pour l\u2019\u00c9glise de l\u2019Alliance l\u2019Empalot \u00e0 Toulouse puisse \u00eatre achev\u00e9 avant la fin de cette ann\u00e9e.<\/li>\n<\/ul>\n<p><strong>GRANDE BRETAGNE<br \/>\n<\/strong>Veuillez prier pour :<\/p>\n<ul>\n<li>Une rencontre sp\u00e9ciale de pri\u00e8re qui doit \u00eatre tenue \u00e0 Londres le samedi 9 novembre, pour prier pour le r\u00e9veil et pour le leadership de la CMA GB.<\/li>\n<li>La distribution des livrets de l\u2019\u00c9vangile de Luc \u00e0 chaque m\u00e9nage, une initiative de toute la ville de Newcastle.<\/li>\n<\/ul>\n<p><strong>PAYS-BAS<br \/>\n<\/strong>Veuillez prier pour :<\/p>\n<ul>\n<li>L\u2019implantation d\u2019une potentielle \u00e9glise \u00e0 Beilen au nord des Pays-Bas.<\/li>\n<li>Les plans pour investir dans la zone de Hague. Que les \u00c9glises Unie-ABC aient des fonds financiers et sont en train de chercher les meilleurs moyens de les utiliser, soit en joignant des initiatives existantes ou en en commen\u00e7ant une nouvelle.<\/li>\n<\/ul>\n<p><strong>ESPAGNE<br \/>\n<\/strong>Veuillez prier pour :<\/p>\n<ul>\n<li>Le nouveau b\u00e2timent de l\u2019\u00e9glise de l\u2019Alliance \u00e0 Sama, Asturies. Le travail de r\u00e9novation est maintenant achev\u00e9. Cette nouvelle construction va permettre \u00e0 l\u2019\u00e9glise de s\u2019agrandir trois fois par rapport aux dimensions actuelles. Priez que Dieu pourvoie aux ressources pour achever l\u2019achat avec le paiement final au temps pr\u00e9vu de l\u2019ann\u00e9e.<\/li>\n<\/ul>\n<hr \/>\n<p><strong>16 octobre 2024<\/strong><\/p>\n<p><strong>R\u00c9GION CLA (AM\u00c9RIQUE LATINE) DE L\u2019UMA<\/strong><\/p>\n<p><strong>VENEZUELA<br \/>\n<\/strong>Veuillez prier pour :<\/p>\n<ul>\n<li>La s\u0153ur Evelyn, l\u2019\u00e9pouse du Pasteur Nathana\u00ebl Gil, le pr\u00e9sident de la CMA au Venezuela. Elle a subi une seconde op\u00e9ration pour placer une proth\u00e8se dans son genou, et son r\u00e9tablissement est tr\u00e8s lent. Priez aussi pour la sant\u00e9 du Pasteur Nathana\u00ebl.<\/li>\n<li>La direction du Seigneur pour le Conseil d\u2019Administration de l\u2019\u00e9glise nationale nouvellement \u00e9lu comme ils font face aux d\u00e9fis \u00e0 venir, pour le pays et l\u2019\u00e9glise.<\/li>\n<li>Le leadership pastoral de la CMA au Venezuela. Que le Seigneur pourvoie \u00e0 la protection, la direction et la r\u00e9v\u00e9lation \u00e0 chacun d\u2019eux. Priez pour leur sant\u00e9 physique, \u00e9motionnelle, et spirituelle.<\/li>\n<li>Que le Seigneur suscite de nouveaux serviteurs avec une vocation pastorale dans nos \u00e9glises.<\/li>\n<li>La pire situation au Venezuela apr\u00e8s l\u2019\u00e9lection pr\u00e9sidentielle de juillet. Que le Seigneur apporte la paix, la force, et l\u2019espoir.<\/li>\n<\/ul>\n<p><strong>BR\u00c9SIL<br \/>\n<\/strong>Rendez gr\u00e2ce au Seigneur pour :<\/p>\n<ul>\n<li>Plus de 100 jeunes gens ont particip\u00e9 \u00e0 la Conf\u00e9rence de la Jeunesse de l\u2019Alliance \u00e0 Sao Paulo le 5 octobre, avec un accent sur la vocation. Beaucoup ont r\u00e9fl\u00e9chi sur leur r\u00f4le dans l\u2019avenir de l\u2019\u00e9glise et ont renforc\u00e9 leur appel aux missions urbaines et transculturelles.<\/li>\n<li>Les r\u00e9cents bapt\u00eames qui ont eu lieu \u00e0 Ponta Grossa au Br\u00e9sil, et au Mozambique. Priez que le Saint-Esprit continue de travailler dans la vie de ces baptis\u00e9s.<\/li>\n<li>La retraite des missionnaires au Portugal, qui a encourag\u00e9 la communion et l\u2019engagement dans l\u2019implantation de l\u2019\u00e9glise dans la r\u00e9gion.<\/li>\n<\/ul>\n<p>Veuillez prier pour :<\/p>\n<ul>\n<li>La collecte des fonds pour l\u2019implantation des \u00e9glises et les projets missionnaires soutenus par les \u00e9glises br\u00e9siliennes.<\/li>\n<li>Les discussions avec les \u00e9glises int\u00e9ress\u00e9es \u00e0 se joindre \u00e0 l\u2019Alliance du Br\u00e9sil et les pasteurs qui souhaitent faire partie de la mission globale de l\u2019Alliance.<\/li>\n<\/ul>\n<p><strong>MEXIQUE<br \/>\n<\/strong>Veuillez prier pour :<\/p>\n<ul>\n<li>Le couple pastoral Luis et Amelia Carrillo. Priez que Dieu les aide dans leur minist\u00e8re d\u2019atteindre plus des gens pour Christ parmi leur groupe ethnique dans La Cofradia, Jalisco.<\/li>\n<li>Le Pasteur Daniel Zatarain, le directeur du District du Sud du Pacifique, et pour le nouveau travail \u00e0 La Paz, dans l\u2019Etat de Baja California Sur.<\/li>\n<li>La s\u0153ur Brenda Granados et l\u2019\u00e9quipe qui va travailler parmi les femmes \u00e0 Chiapas.<\/li>\n<li>La direction de Dieu pour l\u2019organisation de notre premier congr\u00e8s de la jeunesse l\u2019ann\u00e9e prochaine.<\/li>\n<\/ul>\n<p><strong>ARGENTINE<br \/>\n<\/strong>Veuillez prier pour :<\/p>\n<ul>\n<li>Notre missionnaire, Fanny Levicoy, qui se pr\u00e9pare de retourner en Hongrie pour servir une nouvelle p\u00e9riode de deux ann\u00e9es de mission.<\/li>\n<li>Nos familles pastorales. Priez pour un renouvellement dans leur force, sant\u00e9 et finances.<\/li>\n<li>La stabilit\u00e9 financi\u00e8re de nos \u00e9glises Durant cette crise \u00e9conomique.<\/li>\n<\/ul>\n<p><strong>PANAMA<br \/>\n<\/strong>Veuillez prier pour :<\/p>\n<ul>\n<li>Six couples de l\u2019\u00e9glise Brisas del Golf qui participera \u00e0 la rencontre de mariage ALMA \u00e0 Santo Domingo du 18 au 20 octobre. Priez pour la transformation dans leur vie et la provision pour leurs d\u00e9penses.<\/li>\n<li>Le Festival Latin en novembre, organis\u00e9 par l\u2019\u00e9glise de l\u2019Alliance Brisas del Golf comme un \u00e9v\u00e9nement \u00e9vang\u00e9lique.<\/li>\n<li>La croissance de l\u2019\u00e9glise chinoise Fuente de Agua Viva, dans les petits groupes et les efforts \u00e9vang\u00e9liques.<\/li>\n<li>La direction de Dieu dans la planification du camp de jeunesse des \u00e9glises chinoises en f\u00e9vrier 2025.<\/li>\n<\/ul>\n<p><strong>\u00c9QUATEUR<br \/>\n<\/strong>Veuillez prier pour :<\/p>\n<ul>\n<li>La retraite des pasteurs et familles \u00e0 Manta du 31 octobre au 2 novembre.<\/li>\n<li>Notre pays, comme la population souffre de la violence et de l\u2019ins\u00e9curit\u00e9, principalement \u00e0 Guayas et Esmeraldas, les provinces les plus affect\u00e9es par les conflits entre les organisations des crimes.<\/li>\n<\/ul>\n<p><strong>COLOMBIE<br \/>\n<\/strong>Veuillez prier pour :<\/p>\n<ul>\n<li>Le leadership de nouvelles g\u00e9n\u00e9rations. Que Dieu les guide, les soutienne et leur donne la sagesse.<\/li>\n<li>La provision financi\u00e8re pour l\u2019\u00e9glise nationale de l\u2019Alliance.<\/li>\n<\/ul>\n<p><strong>BOLIVIE<br \/>\n<\/strong>Veuillez prier pour :<\/p>\n<ul>\n<li>Que Dieu remplisse l\u2019\u00e9glise en Bolivie d\u2019un esprit missionnaire.<\/li>\n<li>La documentation de r\u00e9sidence pour le missionnaire Rafael Elias Cruz et sa famille qui vont implanter une nouvelle \u00e9glise dans la r\u00e9gion d\u2019Amazonie.<\/li>\n<li>La Rencontre Nationale des Femmes sous le th\u00e8me \u00ab Divinement D\u00e9sign\u00e9e \u00bb, dans la ville de La Paz du 16 au 17 novembre.<\/li>\n<\/ul>\n<p><strong>CUBA<br \/>\n<\/strong>Veuillez prier pour :<\/p>\n<ul>\n<li>Que Dieu ouvre des portes et pourvoie au soutien financier pour des familles pastorales.<\/li>\n<li>L\u2019\u00e9v\u00e9nement du minist\u00e8re des femmes avec les missionnaires et les pasteurs au 28 octobre.<\/li>\n<li>La rencontre avec les missionnaires et les pasteurs en novembre.<\/li>\n<li>La r\u00e9union du S\u00e9minaire Th\u00e9ologique de la CMA du Cuba en novembre.<\/li>\n<li>Notre nation, qu\u2019elle soit touch\u00e9e par la puissance de Dieu.<\/li>\n<\/ul>\n<p><strong>HA\u00efTI<br \/>\n<\/strong>Veuillez prier pour :<\/p>\n<ul>\n<li>Les fr\u00e8res et s\u0153urs qui se r\u00e9unissent dans les \u00e9glises chaque mercredi pour prier. Que leur foi soit fortifi\u00e9e.<\/li>\n<li>Les pr\u00e9paratifs pour l\u2019Assembl\u00e9e Nationale en janvier 2025. Priez pour la provision de Dieu, sa direction et sa force.<\/li>\n<li>La nouvelle ann\u00e9e scolaire qui a commenc\u00e9 le 3 octobre. Priez pour les fournitures n\u00e9cessaires en vue d\u2019une \u00e9ducation de qualit\u00e9.<\/li>\n<li>La communication productive entre les ministres du pays et les soldats des Nations Unies pour encourager le d\u00e9sarmement des gangs et apporter la paix au peuple.<\/li>\n<\/ul>\n<p><strong>R\u00c9PUBLIQUE DOMINICAINE<br \/>\n<\/strong>Veuillez prier pour :<\/p>\n<ul>\n<li>La force et le r\u00e9confort de Dieu pour les enfants du Pasteur Ramona Volquez qui est r\u00e9cemment d\u00e9c\u00e9d\u00e9.<\/li>\n<li>La paix entre la R\u00e9publique Dominicaine et le Ha\u00efti.<\/li>\n<\/ul>\n<p><strong>COSTA RICA<br \/>\n<\/strong>Veuillez prier pour :<\/p>\n<ul>\n<li>La Voie de Croissance, un programme de discipolat centr\u00e9 sur l\u2019enseignement de la Bible aux membres des \u00e9glises.<\/li>\n<li>Le programme Voie Minist\u00e9rielle, qui veut former de nouveaux leaders.<\/li>\n<\/ul>\n<p><strong>P\u00c9ROU<br \/>\n<\/strong>Veuillez prier pour :<\/p>\n<ul>\n<li>Les \u00e9glises au P\u00e9rou d\u2019\u00eatre sel et lumi\u00e8re en ces temps difficiles que nous vivons comme une nation.<\/li>\n<li>Les autorit\u00e9s de notre nation, pour qu\u2019elles puissent gouverner dans la crainte du Seigneur et agissent sagement en faveur du peuple.<\/li>\n<li>La s\u00e9curit\u00e9 dans notre pays, pour que les crimes, les assauts et les tueries cibl\u00e9es puissent \u00eatre r\u00e9duites.<\/li>\n<\/ul>\n<hr \/>\n<p><strong>9 octobre 2024<\/strong><\/p>\n<p><strong>R\u00c9GION AFRIQUE DE L\u2019UMA<\/strong><\/p>\n<p><strong>BURKINA FASO<br \/>\n<\/strong>Rendez gr\u00e2ce au Seigneur pour :<\/p>\n<ul>\n<li>Le camp de l\u2019Union Panafricaine des Hommes tenu \u00e0 Bobo-Dioulasso du 28 au 31 ao\u00fbt, avec 172 participants. Le R\u00e9v. Y. Esa\u00efe Dakuyo, l\u2019orateur principal \u00e0 la conf\u00e9rence, a d\u00e9fi\u00e9 les \u00ab hommes de l\u2019\u00c9glise de l\u2019Alliance Chr\u00e9tienne, levons-nous et b\u00e2tissons un avenir \u00e9conomique plus fort et durable pour notre \u00e9glise et pour notre nation \u00bb.<\/li>\n<li>Le succ\u00e8s de la conf\u00e9rence nationale des pasteurs avec Dr. Rob Bashioum comme orateur et le th\u00e8me \u00ab R\u00e9interroger les fondements de notre vocation \u00bb. Approximativement 300 pasteurs ont particip\u00e9 \u00e0 cette conf\u00e9rence.<\/li>\n<\/ul>\n<p>Veuillez prier pour :<\/p>\n<ul>\n<li>La rentr\u00e9e scolaire 2024-2025. Que Dieu prot\u00e9g\u00e9 les enfants et qu\u2019il pourvoie aux besoins des parents. Priez aussi pour les enfants qui sont d\u00e9plac\u00e9s internes, qu\u2019ils soient capables de s\u2019enregistrer et continuer leur \u00e9ducation.<\/li>\n<li>La rentr\u00e9e des \u00e9coles bibliques, principalement que Dieu facilite le d\u00e9placement des \u00e9l\u00e8ves pasteurs qui sont dans les zones difficiles d\u2019acc\u00e8s \u00e0 cause de l\u2019ins\u00e9curit\u00e9 politique.<\/li>\n<li>La consolation et la force de Dieu pour les familles pers\u00e9cut\u00e9es \u00e0 cause de leur foi en J\u00e9sus Christ.<\/li>\n<\/ul>\n<p><strong>EGLISE DE L\u2019ALLIANCE SOUDANAISE (DIASPORA)<br \/>\n<\/strong>Rendez gr\u00e2ce au Seigneur pour :<\/p>\n<ul>\n<li>La gu\u00e9rison de Adella d\u2019une blessure \u00e0 un genou. Elle s\u2019exerce et recouvre bien sa sant\u00e9. Veuillez continuer de prier jusqu\u2019\u00e0 ce qu\u2019elle soit \u00e0 100%.<\/li>\n<li>Les pasteurs Jo\u00ebl et Hezeki\u00e9l, qui ont dirig\u00e9 leur premi\u00e8re communion. Veuillez prier pour Katura, l\u2019\u00e9pouse du Pasteur Jo\u00ebl, et deux autres s\u0153urs qui luttent contre la fatigue et le vertige.<\/li>\n<li>\u00ab A \u00bb, qui tr\u00e8s encourage par un nouvel ouvrier pour son \u00e9quipe. Ils r\u00e9alisent du bon progr\u00e8s dans leur travail, et nous imprimerons et enverrons le livre de N\u00e9h\u00e9mie cette semaine prochaine.<\/li>\n<\/ul>\n<p>Veuillez prier pour :<\/p>\n<ul>\n<li>Rami, le fils de 14 ans de Hawa, un veuf qui a aussi une fille de trois ans et demi. Rami a un s\u00e9rieux cas d\u2019asthme qui a fait qu\u2019il manque l\u2019\u00e9cole l\u2019an pass\u00e9. Priez pour sa gu\u00e9rison pour qu\u2019il retourne \u00e0 l\u2019\u00e9cole cette ann\u00e9e.<\/li>\n<li>Mahamud, le neveu de 15 ans d\u2019Amos, un de nos diacres. Mahamud a souffert d\u2019un accident il y a deux ans et maintenant son bras en enfl\u00e9 au niveau du poignet. Il a besoin d\u2019une op\u00e9ration efficace et de qualit\u00e9 ou d\u2019un miracle, comme Dieu le veut. Il a aussi besoin du Seigneur. Amos et son \u00e9pouse sont des t\u00e9moins z\u00e9l\u00e9s.<\/li>\n<li>Trois femmes enceintes dans notre communaut\u00e9 : Le b\u00e9b\u00e9 d&rsquo;Esther s&rsquo;est d\u00e9j\u00e0 transform\u00e9 et est en pr\u00e9sentation c\u00e9phalique au septi\u00e8me mois, donc elle se repose \u00e0 la maison. Le b\u00e9b\u00e9 et elle-m\u00eame sont en bonne sant\u00e9, mais le b\u00e9b\u00e9 peut venir plus t\u00f4t. Nous prions qu\u2019Esther n\u2019ait pas besoin d\u2019une op\u00e9ration. La grossesse de Hanan va bien, mais elle trois mauvaises dents. Cela cause de difficult\u00e9 comme elle ne peut pas prendre beaucoup de m\u00e9dicaments avec sa grossesse. Magdalena et son b\u00e9b\u00e9 vont bien.<\/li>\n<li>\u00ab D \u00bb, comme il fait le mentoring de nouveaux pasteurs \u00e0 un niveau \u00e9lev\u00e9 et renforce leur capacit\u00e9 pour multiplier les activit\u00e9s comme Dieu le fait parmi nous. Priez aussi pour la sagesse en installant tous nouveaux anciens, diacres ou diaconesses que Dieu pourrait choisir.<\/li>\n<li>Une des villes avec beaucoup de membres de familles de nos gens \u00e9tait bombard\u00e9e par le gouvernement essayant d\u2019\u00e9liminer l\u2019opposition arm\u00e9e. Veuillez prier contre les pouvoirs de t\u00e9n\u00e8bres en \u0153uvre.<\/li>\n<\/ul>\n<p><strong>REPUBLIQUE DEMOCRATIQUE DU CONGO (RDC)<br \/>\n<\/strong>Rendez gr\u00e2ce au Seigneur pour :<\/p>\n<ul>\n<li>Les Assembl\u00e9es G\u00e9n\u00e9rales dans tous les districts eccl\u00e9siastiques des \u00e9glises de l\u2019Alliance en RDC. Par ces assembl\u00e9es, chaque district a trouv\u00e9 sa ligne de conduite pour l\u2019ann\u00e9e eccl\u00e9siastique qui vient de commencer.<\/li>\n<li>La nouvelle mise en place des serviteurs qui a permis les nouvelles affectations des pasteurs dans les diff\u00e9rentes paroisses.<\/li>\n<li>L\u2019ouverture officielle d\u2019une \u00e9glise implant\u00e9e par la diaspora Africaine en France sous l\u2019encadrement de l\u2019AECM France.<\/li>\n<\/ul>\n<p>Veuillez prier pour :<\/p>\n<ul>\n<li>La consolation des familles des pasteurs Gabriel Tsumbu Mayunda \u00e0 Boma, David Senda Lelo \u00e0 Kinshasa, et Makaya Makoko de Lukula. Tous les trois sont morts en fin septembre \u00e0 cause de maladies.<\/li>\n<li>Les ouvriers \u00e0 l\u2019\u00e9tranger qui \u00e9prouvent des difficult\u00e9s financi\u00e8res. Priez pour que les fonds soient pourvus pour la mission.<\/li>\n<li>L\u2019organisation de la Conf\u00e9rence de la Mission pr\u00e9vue \u00e0 la deuxi\u00e8me moiti\u00e9 d\u2019octobre \u00e0 Kinshasa et Boma.<\/li>\n<\/ul>\n<p><strong>CONGO-BRAZZAVILLE<br \/>\n<\/strong>Veuillez prier pour :<\/p>\n<ul>\n<li>L\u2019\u00e9pouse du R\u00e9v. Pierre Mavoungou, le pr\u00e9sident de l\u2019Alliance du Congo. Elle souffre l\u2019arthrose depuis un an, et les docteurs disent qu\u2019il n\u2019y a pas de solution. Priez que J\u00e9sus, notre Gu\u00e9risseur, touche son corps et apporte la gu\u00e9rison.<\/li>\n<li>La sagesse et la direction de Dieu pour les jeunes qui sont en train d\u2019\u00eatre pr\u00e9par\u00e9s pour la succession de nos \u00e9glises.<\/li>\n<li>Que Dieu suscite des donateurs qui donneront g\u00e9n\u00e9reusement pour que nous b\u00e2tissions des \u00e9glises dans les champs missionnaires.<\/li>\n<\/ul>\n<p><strong>ANGOLA<br \/>\n<\/strong>Rendez gr\u00e2ce au Seigneur pour :<\/p>\n<ul>\n<li>Le Congr\u00e8s de la Jeunesse de l\u2019Alliance de l\u2019Angola, tenu \u00e0 Luanda, du 27 au 29 septembre.<\/li>\n<\/ul>\n<p>Veuillez prier pour :<\/p>\n<ul>\n<li>La direction et la sagesse de Dieu pour le Comit\u00e9 Ex\u00e9cutif dans l\u2019impl\u00e9mentation des d\u00e9cisions prises \u00e0 la r\u00e9union d\u2019ao\u00fbt. Veuillez prier sp\u00e9cialement pour l\u2019achat d\u2019un lopin de terre au Centre Missionnaire du Soyo, une \u00e9glise qui s\u2019\u00e9tablit dans la province de Za\u00efre en Angola.<\/li>\n<\/ul>\n<p><strong>COTE D\u2019IVOIRE<br \/>\n<\/strong>Rendez gr\u00e2ce au Seigneur pour :<\/p>\n<ul>\n<li>La r\u00e9ussite de la Journ\u00e9e Nationale de l\u2019Excellence organis\u00e9e par la jeunesse de l\u2019\u00c9glise Protestante CMA C\u00f4te d\u2019Ivoire, le samedi 14 septembre.<\/li>\n<\/ul>\n<p>Veuillez prier pour :<\/p>\n<ul>\n<li>La semaine missionnaire, du 27 octobre au 3 novembre.<\/li>\n<li>La gu\u00e9rison des serviteurs de Dieu dans nos \u00e9glises qui souffrent depuis des mois.<\/li>\n<\/ul>\n<p><strong>LIBERIA<br \/>\n<\/strong>Rendez gr\u00e2ce au Seigneur pour :<\/p>\n<ul>\n<li>La r\u00e9ussite de 21 jours de je\u00fbne et pri\u00e8re de l\u2019\u00e9glise de la CMA dans le Comt\u00e9 de Montserrado, du 1<sup>er<\/sup> au 21 septembre.<\/li>\n<\/ul>\n<p>Veuillez prier pour :<\/p>\n<ul>\n<li>La convention annuelle de la CMA du Lib\u00e9ria dans la ville de Zarwulugbo du 1<sup>er<\/sup> au 7 d\u00e9cembre.<\/li>\n<\/ul>\n<hr \/>\n<p><strong>2 octobre 2024<\/strong><\/p>\n<p><strong>1) R\u00c9GION APAC (ASIE PACIFIQUE) DE L\u2019UMA<\/strong><\/p>\n<p><strong>TA\u00cfWAN<br \/>\n<\/strong>Veuillez prier pour :<\/p>\n<ul>\n<li>R\u00e9v. Silas Yang, le pr\u00e9sident de la CMA Ta\u00efwan. Le 23 septembre il a eu une intervention chirurgicale de l\u2019intestin pour arranger un probl\u00e8me caus\u00e9 par un blocage d\u2019eau dans le cerveau.<\/li>\n<\/ul>\n<p><strong>MYANMAR<br \/>\n<\/strong>Rendez gr\u00e2ce au Seigneur pour :<\/p>\n<ul>\n<li>Sa direction et pr\u00e9paration pour permettre aux leaders de l\u2019\u00e9glise nationale de participer \u00e0 la Conf\u00e9rence R\u00e9gionale de l\u2019APAC dans la ville de Ho Minh, Vietnam, du 28 au 31 octobre 2024.<\/li>\n<\/ul>\n<p>Veuillez prier pour :<\/p>\n<ul>\n<li>Les \u00e9glises Vietnamienne du Nord qui \u00e9taient s\u00e9v\u00e8rement endommag\u00e9es par le Typhon Yagi, qui a apport\u00e9 des pluies d\u00e9vastatrices, des inondations, et de glissements de terrain. La catastrophe a cout\u00e9 la vie \u00e0 des centaines de personnes et de nombreuses personnes sont toujours port\u00e9es disparues. Les premiers rapports indiquent que 61 croyants ont perdu leur vie, leurs biens et maisons, b\u00e9tails, et les r\u00e9coltes ont \u00e9t\u00e9 emport\u00e9s. Prier pour les familles et les \u00e9glises comme elles pleurent et reconstruisent. Demandez du r\u00e9confort et sa provision \u00e0 Dieu pour tous qui ont tout perdu. Elevez les efforts conduits par les organisations chr\u00e9tiennes dans la pri\u00e8re pour qu\u2019ils soient b\u00e9nis et efficaces en restaurant la vie des victimes.<\/li>\n<\/ul>\n<p><strong>INDONESIE<br \/>\n<\/strong>Veuillez prier pour :<\/p>\n<ul>\n<li>Nos fr\u00e8res et s\u0153urs dans la R\u00e9gence de Nduga, dans la Province Montagneuse de Papua. Ils ont \u00e9t\u00e9 profond\u00e9ment affect\u00e9s par le r\u00e9cent conflit. Cela implique les otages pris d\u2019un pilote n\u00e9o-z\u00e9landais par les combattants arm\u00e9s. Bien que le pilote ait \u00e9t\u00e9 lib\u00e9r\u00e9, les op\u00e9rations militaires ont forc\u00e9 des milliers de membres de nos congr\u00e9gations de fuir leurs maisons, cherchant refuge dans la for\u00eat et dans d\u2019autres endroits. A cause de ceci, les minist\u00e8res des \u00e9glises ont \u00e9t\u00e9 perturb\u00e9s, et les communaut\u00e9s sont dans une grande d\u00e9tresse. Priez qu\u2019avec la lib\u00e9ration du pilote ils peuvent retourner en toute s\u00e9curit\u00e9 chez eux, et que les minist\u00e8res de l\u2019\u00e9glise peuvent \u00eatre restaur\u00e9s pour apporter l\u2019espoir et la gu\u00e9rison.<\/li>\n<\/ul>\n<p><strong>AUSTRALIE<br \/>\n<\/strong>Veuillez prier pour :<\/p>\n<ul>\n<li>Nos ouvriers internationaux de la CMA comme ils retournent \u00e0 leurs \u00e9glises apr\u00e8s \u00eatre encourag\u00e9s et d\u00e9fi\u00e9s \u00e0 la retraite de nos pasteurs.<\/li>\n<li>Nos Promesse de Foi pour nos fonds pour la Grande Commission. Nous sommes en train de chercher du soutien pour 2025 pour nos ouvriers, minist\u00e8res, et le coll\u00e8ge.<\/li>\n<li>Notre nouvelle g\u00e9n\u00e9ration des pasteurs, ouvriers, et missionnaires. Nous cherchons \u00e0 r\u00e9pandre notre \u00e9quipe \u00e0 d\u2019autres opportunit\u00e9s.<\/li>\n<\/ul>\n<p>&nbsp;<\/p>\n<p><strong>2) R\u00c9GION AM\u00c9RIQUE DU NORD DE L\u2019UMA<\/strong><\/p>\n<p><strong>CANADA<br \/>\n<\/strong>Rendez gr\u00e2ce au Seigneur pour :<\/p>\n<ul>\n<li>Les nouveaux choisis. Ils \u00e9taient envoy\u00e9s \u00e0 quatre lieux : Asie, Europe, Afrique, et le Moyen Orient. Priez pour leur \u00e9tude de la langue et leurs enfants trouvent de bons amis comme ils s\u2019int\u00e8grent \u00e0 leurs nouvelles \u00e9coles. Priez que ces familles et individus d\u00e9veloppent rapidement de bons rythmes de la vie, travail, et des relations dans leurs nouvelles habitations et que le processus de leurs demandes de r\u00e9sidence se fasse vite et sans complications.<\/li>\n<\/ul>\n<p>Veuillez prier pour :<\/p>\n<ul>\n<li>Les enfants des ouvriers internationaux, pour leurs adolescents et enfants jeunes adultes qui sont loin de leurs parents. Certains sont retourn\u00e9s au Canada pour aller aux institutions post-secondaires pendant que leurs parents demeurent \u00e0 l\u2019\u00e9tranger. Priez que Dieu leur donne de la sagesse en prenant des d\u00e9cisions et qu\u2019il leur accorde une communaut\u00e9 pour prendre soin d\u2019eux. Priez pour de bonnes opportunit\u00e9s de formation et que les enfants aient des enseignants concern\u00e9s et bienveillants. Priez \u00e0 Dieu de pourvoir aux enfants avec des besoins \u00e9ducationnels sp\u00e9ciaux.<\/li>\n<\/ul>\n<p><strong>\u00c9TATS-UNIS<br \/>\n<\/strong>Rendez gr\u00e2ce au Seigneur pour :<\/p>\n<ul>\n<li>Sa protection dans les congr\u00e9gations de l\u2019Alliance dans l\u2019Alliance du Pacifique Sud durant les trois majeurs incendies dans la plus grande zone de Los Angeles. Deux \u00e9glises de l\u2019Alliance, une \u00e0 Wrightwood et l\u2019autre au Big Bear Lake, devaient \u00e9vacuer, mais les \u00e9glises tiennent encore et sans dommage. Il n\u2019y a pas eu de rapports au bureau du district sur la perte de propri\u00e9t\u00e9. David Gilmore, le superintendant du district, dit : \u00ab Nous louons le Seigneur que les feux ont \u00e9t\u00e9 emp\u00each\u00e9s de d\u00e9truire aussi bien Wrightwood que Big Bear Lake \u00bb.<\/li>\n<li>Les \u00e9glises de l\u2019Alliance et les leaders comme ils servent dans une culture o\u00f9 les fondements de la foi sont consid\u00e9rablement secou\u00e9s. Priez \u00e9galement pour ceux qui ont particip\u00e9 \u00e0 la mise \u00e0 jour juridique et culturelle 2024 de l\u2019Alliance au d\u00e9but du mois de septembre. Les participants ont entendu des leaders du minist\u00e8re et les praticiens au sujet de comment partager l\u2019\u00e9vangile efficacement durant ce temps crucial pour l\u2019avancement du Royaume de Dieu. Priez que, comme ils appliquent ce qu\u2019ils ont appris, qu\u2019ils apportent la foi, l\u2019esp\u00e9rance et l\u2019amour dans une culture qui rejette Dieu, l\u2019autorit\u00e9 de l\u2019Ecriture, et la saintet\u00e9 de la vie et de la v\u00e9rit\u00e9.<\/li>\n<\/ul>\n<h2><strong>Pri\u00e8res de l\u2019UMA &#8211; Septembre 2024<\/strong><\/h2>\n<p>&nbsp;<\/p>\n<p><strong>25 septembre 2024<\/strong><\/p>\n<p><strong>R\u00c9GION EMERALD (EUROPE ET MOYEN-ORIENT) DE L\u2019UMA<\/strong><\/p>\n<p><strong>JORDAN<br \/>\n<\/strong>Veuillez prier pour :<\/p>\n<ul>\n<li>L\u2019\u00e9glise en Jordanie de continuer de fournir aux r\u00e9fugi\u00e9s une assistance m\u00e9dicale \u00e0 travers divers h\u00f4pitaux.<\/li>\n<li>La provision pour les minist\u00e8res offrant des mat\u00e9riels aux \u00e9coles, couvertures, et les chauffages pour les familles n\u00e9cessiteuses principalement comme l\u2019ann\u00e9e scolaire commence et que l\u2019hiver approche.<\/li>\n<li>La paix de Dieu sur la Jordanie et ses r\u00e9gions environnantes, la sagesse pour le gouvernement pour faire face aux d\u00e9fis \u00e9conomiques du pays.<\/li>\n<li>Une vision fra\u00eeche pour l\u2019\u00e9glise, la capacitant pour avoir une plus grande influence spirituelle durant ces temps difficiles.<\/li>\n<\/ul>\n<p><strong>FRANCE<br \/>\n<\/strong>Rendez gr\u00e2ce au Seigneur pour :<\/p>\n<ul>\n<li>Le fructueux Festival de Louange aux Jeux Olympiques de Paris o\u00f9 les peuples de Dieu ont r\u00e9pondu \u00e0 son appel en grands nombres jamais vu avant en France :<\/li>\n<li>33 artistes venant de quatre continents ont jou\u00e9 dans neuf concerts avec de salles pleines.<\/li>\n<li>Distribution de 15000 Nouveaux Testaments, d\u00e9pliants et livres.<\/li>\n<li>Des apr\u00e8s-midis de musique d\u2019adoration et de dance dans six endroits publiques strat\u00e9giques \u00e0 Paris.<\/li>\n<li>Le fructueux s\u00e9minaire pour les \u00e9glises de l\u2019Alliance en Guyane Fran\u00e7aise Cacao (Am\u00e9rique du Sud), du 11 au 14 juillet. Le th\u00e8me du s\u00e9minaire fut \u201cElever le Chr\u00e9tien,\u201d et l\u2019orateur fut le Pasteur Xeng Yang, le Mobilisateur des Missions pour le District de Hmong de l\u2019Alliance des Etats-Unis.<\/li>\n<li>La signature du partenariat tripartite entre AECM France, l\u2019Eglise Internationale de Toulouse, et l\u2019Eglise Vietnamienne de Toulouse de partager leurs ressources pour utiliser et d\u00e9velopper le b\u00e2timent TIC ensemble pour cr\u00e9er un sanctuaire d\u2019une capacit\u00e9 de 300 places.<\/li>\n<\/ul>\n<p>Veuillez prier pour :<\/p>\n<ul>\n<li>Les pr\u00e9paratifs de la retraite annuelle des pasteurs de l\u2019AECM France qui se tiendra dans le village historique de Cussac en Nouvelle-Aquitaine, du 27 au 29 octobre.<\/li>\n<li>Que Dieu pourvoie aux ressources n\u00e9cessaires pour que l\u2019achat du b\u00e2timent pour l\u2019Eglise de l\u2019Alliance Empalot \u00e0 Toulouse soit compl\u00e8te avant la fin de l\u2019ann\u00e9e.<\/li>\n<\/ul>\n<p><strong>PAYS-BAS<br \/>\n<\/strong>Rendez gr\u00e2ce au Seigneur pour :<\/p>\n<ul>\n<li>Les deux nouvelles \u00e9glises form\u00e9es bas\u00e9es sur les cours Alpha \u00e0 Dronten et IJsselmuiden.<\/li>\n<li>L\u2019\u00c9glise \u00e0 Ede. Elle s\u2019est d\u00e9velopp\u00e9e jusqu\u2019\u00e0 750 membres, et ils discutent sur l\u2019option de la scinder en deux \u00e9glises.<\/li>\n<\/ul>\n<p>Veuillez prier pour :<\/p>\n<ul>\n<li>Une possible implantation d\u2019\u00c9glise \u00e0 Beilen (nord des Pays-Bas)<\/li>\n<li>Les plans d\u2019investir dans la zone de Hague. Les Eglises d\u2019Unie-ABC ont les finances pour le faire et cherchent le meilleur moyen de le faire, soit se joindre aux initiatives existantes ou en commencer une nouvelle.<\/li>\n<\/ul>\n<p><strong>FORMATION DE L\u2019ALLIANCE \u2013 INSTITUT DE FORMATION MINISTERIELLE DE L\u2019ALLIANCE (INFORMA)<br \/>\n<\/strong>Rendez gr\u00e2ce au Seigneur pour :<\/p>\n<ul>\n<li>Le moment b\u00e9ni en Turquie avec un groupe d\u2019\u00e9tudiants visitant les sept \u00e9glises de l\u2019Apocalypse. C\u2019\u00e9tait le premier module qui \u00e9tait tenu \u00e0 la sc\u00e8ne des \u00e9v\u00e9nements. Nous remercions Dieu pour ses soins et sa protection. Dieu voulant, INFORMA aura un autre groupe en 2025.<\/li>\n<li>La provision d\u2019un nouveau laptop pour le recteur de l\u2019INFORMA, un outil indispensable de travail depuis celui qu\u2019il avait ne fonctionne plus.<\/li>\n<\/ul>\n<p>Veuillez prier pour :<\/p>\n<ul>\n<li>Les modules pour le mois d\u2019octobre : \u00ab Les Proph\u00e8tes \u00bb \u00e0 Madrid, \u00ab Ep\u00eetre aux H\u00e9breux \u00bb aux Iles de Canary, et \u00ab Le dilemme Ethique dans la Jeunesse \u00bb comme partie du Certificat dans le programme de Leadership dans la Jeunesse.<\/li>\n<li>La c\u00e9r\u00e9monie de remise des dipl\u00f4mes est pr\u00e9vue au 23 novembre \u00e0 Madrid. Le premier groupe d\u2019\u00e9tudiants pour le Certificat en Leadership de la Jeunesse et un autre groupe pour le programme de Licence en Th\u00e9ologie recevront leur dipl\u00f4me.<\/li>\n<li>Le Symposium de la Th\u00e9ologie et l\u2019Identit\u00e9 de l\u2019Alliance, \u00e0 Madrid du 25 au 26 octobre pour les missionnaires et pasteurs latins de l\u2019Europe. C\u2019est un \u00e9v\u00e9nement conjoint avec l\u2019UMA, EMERALD, FIACME (l\u2019Alliance d\u2019Espagne) et l\u2019INFORMA.<\/li>\n<\/ul>\n<p><strong>ESPAGNE<br \/>\n<\/strong>Veuillez prier pour :<\/p>\n<ul>\n<li>Le nouveau b\u00e2timent de l\u2019\u00c9glise de l&rsquo;Alliance \u00e0 Sama, dans les Asturies. Le travail de la r\u00e9novation est maintenant termin\u00e9. Ce nouveau b\u00e2timent va permettre \u00e0 l\u2019\u00e9glise de tripler de dimension par rapport \u00e0 la dimension actuelle. Priez pour que Dieu donne des ressources pour finaliser l\u2019achat avec le paiement final dans un an.<\/li>\n<\/ul>\n<p><strong>GRANDE BRETAGNE<br \/>\n<\/strong>Veuillez prier pour :<\/p>\n<ul>\n<li>L\u2019Alliance de Manchester (TAM) et l\u2019Eglise de l\u2019Alliance d\u2019Ashby. En novembre, ils vont lancer le Week-end ALMA pour les couples mari\u00e9s avec le soutien de l\u2019Eglise de l\u2019Alliance de Monterrico \u00e0 Lima (P\u00e9rou), et la famille mondiale ALMA, qui sont en train d\u2019envoyer plusieurs couples pour aider avec cet \u00e9v\u00e9nement. Veuillez prier pour les couples invit\u00e9s \u00e0 se joindre pour la premi\u00e8re fois, et pour la logistique, comme nous coordonnons avec les gens du monde. Priez aussi pour l\u2019unit\u00e9 et pour le soutien financier.<\/li>\n<\/ul>\n<p><strong>ITALIE<br \/>\n<\/strong>Rendez gr\u00e2ce au Seigneur pour :<\/p>\n<ul>\n<li>L\u2019opportunit\u00e9 de conduire des \u00e9v\u00e9nements apolog\u00e9tiques dans les universit\u00e9s en Italie. Priez que Dieu ouvre plus des portes pour ces \u00e9v\u00e9nements pour que nous puissions engager les \u00e9tudiants dans une discussion au sujet de qui est Dieu et pourquoi nous sommes appel\u00e9s \u00e0 suivre J\u00e9sus.<\/li>\n<\/ul>\n<p><strong>MOBILISATION DE LES MISSIONS DE L\u2019EMERALD DE L\u2019UMA<br \/>\n<\/strong>Rendez gr\u00e2ce au Seigneur pour :<\/p>\n<ul>\n<li>La tourn\u00e9e des conf\u00e9rences r\u00e9ussies que les \u00e9glises et les croyants de la CMA ont mobilis\u00e9es en Australie pour les missions. Priez pour une moisson de nouveaux ouvriers d\u2019Australie pour se joindre au champ de la mission globale.<\/li>\n<\/ul>\n<hr \/>\n<p><strong>18 septembre 2024<\/strong><\/p>\n<p><strong>R\u00c9GION CLA (AM\u00c9RIQUE LATINE) DE L\u2019UMA<\/strong><\/p>\n<p><strong>VENEZUELA<br \/>\n<\/strong>Veuillez prier pour :<\/p>\n<ul>\n<li>Evelyn, l\u2019\u00e9pouse du pasteur Natanael Gil, pr\u00e9sident de la CMA du Venezuela. Evelyn a fait une grave chute apr\u00e8s son op\u00e9ration du genou et doit subir une nouvelle op\u00e9ration pour une nouvelle proth\u00e8se. Priez pour sa paix et sa force, et pour qu\u2019elle ait les moyens de subvenir \u00e0 ses besoins m\u00e9dicaux.<\/li>\n<li>Que le Seigneur suscite de nouveaux serviteurs appel\u00e9s au minist\u00e8re pastoral.<\/li>\n<li>Que l\u2019\u00e9quipe pastorale, les responsables et les congr\u00e9gations soient une lumi\u00e8re dans les t\u00e9n\u00e8bres et des instruments de paix et de b\u00e9n\u00e9diction.<\/li>\n<li>La sant\u00e9 physique, \u00e9motionnelle et spirituelle des pasteurs.<\/li>\n<li>La mis\u00e9ricorde de Dieu sur le Venezuela \u00e0 la suite des r\u00e9centes \u00e9lections de juillet, afin que les citoyens puissent remettre leur vie \u00e0 J\u00e9sus.<\/li>\n<li>Chaque jeune d\u00e9tenu apr\u00e8s les \u00e9lections. Que le Seigneur garde leurs vies et leurs c\u0153urs, et qu\u2019ils mettent toute leur confiance dans le seul vrai Dieu. Priez aussi pour la paix de leurs familles.<\/li>\n<\/ul>\n<p><strong>CHILI<br \/>\n<\/strong>Rendez gr\u00e2ce au Seigneur pour :<\/p>\n<ul>\n<li>Le succ\u00e8s des \u00e9v\u00e9nements nationaux organis\u00e9s par les minist\u00e8res des hommes, des femmes et des jeunes, qui ont attir\u00e9 des centaines de croyants.<\/li>\n<li>La croissance de \u00ab ROUTE 1.8 \u00bb, un programme de formation de disciples int\u00e9grant de nombreuses \u00e9glises.<\/li>\n<li>Nos pasteurs et nos missionnaires, qui accomplissent la t\u00e2che d\u2019\u00e9vang\u00e9lisation et de formation de disciples, tant au niveau local que mondial.<\/li>\n<\/ul>\n<p>Veuillez prier pour :<\/p>\n<ul>\n<li>La direction quotidienne du Seigneur pour le minist\u00e8re de la Maison des Enfants.<\/li>\n<li>Le succ\u00e8s de l\u2019implantation et de la revitalisation des \u00e9glises.<\/li>\n<li>Les \u00e9lections de district en novembre (mandat 2025-2027), afin que le Seigneur confirme les hommes et les femmes nomm\u00e9s.<\/li>\n<\/ul>\n<p><strong>BR\u00c9SIL<br \/>\n<\/strong>Rendez gr\u00e2ce au Seigneur pour :<\/p>\n<ul>\n<li>Les nombreuses personnes qui se sont engag\u00e9es dans le travail missionnaire lors de la Journ\u00e9e des Vocations et des Missions qui a eu lieu dans les \u00e9glises de l\u2019Alliance br\u00e9silienne le 8 septembre.<\/li>\n<li>Les 328 versets approuv\u00e9s dans la traduction de la langue jaminawa au Br\u00e9sil, dirig\u00e9e par notre missionnaire Patr\u00edcia Tivane.<\/li>\n<li>Les six fr\u00e8res et s\u0153urs qui ont \u00e9t\u00e9 baptis\u00e9s dans la Communaut\u00e9 Sel de la Terre au Japon, sous la direction de nos missionnaires Luis et Tani Ueda.<\/li>\n<\/ul>\n<p>Veuillez prier pour :<\/p>\n<ul>\n<li>Que le Seigneur pourvoie aux besoins de nos missionnaires au Portugal dans un contexte de taux de change \u00e9lev\u00e9s.<\/li>\n<li>Le cheminement spirituel des candidats au bapt\u00eame au Mozambique.<\/li>\n<li>Une nouvelle maison pour la famille Ueda, nos missionnaires au Japon. Ils doivent quitter leur maison actuelle dans moins d\u2019un mois.<\/li>\n<li>Les visites des missionnaires Rom\u00e1rio et Jaqueline Moraes dans les \u00e9glises br\u00e9siliennes pour parler du Projet Asie. Ce projet vise \u00e0 apporter l\u2019\u00e9vangile de J\u00e9sus-Christ par le biais du sport.<\/li>\n<\/ul>\n<p><strong>ARGENTINE<br \/>\n<\/strong>Veuillez prier pour :<\/p>\n<ul>\n<li>Les participants et les orateurs du Congr\u00e8s National des Missions \u00e0 Comodoro Rivadavia du 11 au 13 octobre.<\/li>\n<li>Le d\u00e9veloppement des \u00e9glises dans le contexte de la crise \u00e9conomique que traverse le pays. Que ce soit l\u2019occasion d\u2019apporter l\u2019espoir en J\u00e9sus \u00e0 de nombreuses personnes.<\/li>\n<li>Le dernier semestre \u00e0 l\u2019Institut Biblique Buenos Aires et la remise des dipl\u00f4mes aux \u00e9tudiants qui terminent leur programme.<\/li>\n<li>Les familles et les ouvriers qui servent dans le champ de la mission.<\/li>\n<\/ul>\n<p><strong>MEXIQUE<br \/>\n<\/strong>Veuillez prier pour :<\/p>\n<ul>\n<li>La direction et la force de Dieu pour le pasteur Arturo Velasco, notre directeur des missions.<\/li>\n<li>La sagesse et les conseils de Dieu pour les pasteurs des districts du Pacifique Sud, du Nord, du Sud, du Nord-Est, du Nord-Ouest et du Pacifique Central. Prions pour la croissance de l\u2019\u00e9glise, tant spirituelle que num\u00e9rique.<\/li>\n<li>La Conf\u00e9rence R\u00e9gionale de l\u2019UMA pour l\u2019Am\u00e9rique latine (CLA) et le Congr\u00e8s des Femmes AMADA qui se tiendront \u00e0 Guadalajara du 23 au 27 septembre. Priez pour la provision de Dieu, l\u2019approbation des visas et un temps b\u00e9ni de communion.<\/li>\n<\/ul>\n<p><strong>R\u00c9PUBLIQUE DOMINICAINE<br \/>\n<\/strong>Veuillez prier pour :<\/p>\n<ul>\n<li>La sant\u00e9 des pasteurs Fausto Lopez et Ramona Volquez.<\/li>\n<li>Que Dieu nous guide dans la construction du camp, qui a d\u00e9j\u00e0 commenc\u00e9.<\/li>\n<li>L\u2019\u00e9tablissement r\u00e9ussi de nouvelles \u00e9glises \u00e0 San Juan, Bonao et Azua.<\/li>\n<li>L\u2019aide de Dieu pour pr\u00e9parer de nouveaux ouvriers pour le minist\u00e8re.<\/li>\n<li>Une vision renouvel\u00e9e de l\u2019\u0153uvre de Dieu dans le pays.<\/li>\n<li>La provision de Dieu pour les besoins des \u00e9glises et des familles pastorales.<\/li>\n<li>La paix entre la R\u00e9publique Dominicaine et Ha\u00efti.<\/li>\n<\/ul>\n<p><strong>COLOMBIE<br \/>\n<\/strong>Rendez gr\u00e2ce au Seigneur pour :<\/p>\n<ul>\n<li>Les pasteurs et leurs familles, pour leur d\u00e9vouement \u00e0 l\u2019\u00e9vang\u00e9lisation et aux missions. Prions aussi pour les ressources financi\u00e8res n\u00e9cessaires \u00e0 leurs minist\u00e8res.<\/li>\n<\/ul>\n<p>Veuillez prier pour :<\/p>\n<ul>\n<li>Des portes ouvertes avec de nouveaux partenaires strat\u00e9giques et donateurs pour continuer \u00e0 d\u00e9velopper des projets qui b\u00e9n\u00e9ficient \u00e0 nos communaut\u00e9s et \u00e0 nos congr\u00e9gations.<\/li>\n<li>Les congr\u00e8s locaux pour les hommes de l\u2019Alliance qui se d\u00e9roulent ce mois-ci. Que Dieu apporte la gu\u00e9rison, la libert\u00e9 et la pl\u00e9nitude de l\u2019Esprit Saint.<\/li>\n<\/ul>\n<p><strong>BOLIVIE<br \/>\n<\/strong>Veuillez prier pour :<\/p>\n<ul>\n<li>Les documents de r\u00e9sidence de la famille Cruz, missionnaires de Cuba, alors qu\u2019ils se pr\u00e9parent \u00e0 \u00e9tablir un nouveau travail en Bolivie.<\/li>\n<li>Le Rassemblement National des Femmes \u00e0 La Paz, dont l\u2019accent est mis sur \u00ab La Conception Divine \u00bb.<\/li>\n<li>Dieu ouvre les portes pour renouveler le statut l\u00e9gal de l\u2019\u00e9glise, qui expire en octobre.<\/li>\n<\/ul>\n<p><strong>GUATEMALA<br \/>\n<\/strong>Veuillez prier pour :<\/p>\n<ul>\n<li>Un renouveau dans les missions, tant au niveau national qu\u2019international.<\/li>\n<li>Le groupe de responsables qui se pr\u00e9parent \u00e0 devenir de nouveaux pasteurs de l\u2019Alliance au Guatemala.<\/li>\n<li>Le Congr\u00e8s Centram\u00e9ricaine de l\u2019Alliance qui se tiendra au Guatemala du 7 au 10 octobre.<\/li>\n<\/ul>\n<p><strong>PANAMA<br \/>\n<\/strong>Rendez gr\u00e2ce au Seigneur pour :<\/p>\n<ul>\n<li>La pr\u00e9sence, l\u2019organisation et la croissance des \u00e9glises au Panama. Quatre \u00e9glises \u00e9tablies (Cerro Viento, Obarrio, Fontaine d\u2019Eau Vive et Chitr\u00e9) se concentrent sur le groupe ethnique chinois et une \u00e9glise (Brisas del Golf) se concentre sur les hispanophones.<\/li>\n<li>Le r\u00e9tablissement d\u2019Ana Raquel, la fille du pasteur Beltran, apr\u00e8s une intervention chirurgicale.<\/li>\n<\/ul>\n<p>Veuillez prier pour :<\/p>\n<ul>\n<li>La direction de Dieu dans l\u2019organisation du camp de jeunes des \u00e9glises chinoises en f\u00e9vrier 2025.<\/li>\n<li>Le projet sportif d\u2019\u00e9vang\u00e9lisation de l\u2019Alliance Fontaine d\u2019Eau Vive. Priez pour que les enfants apprennent \u00e0 conna\u00eetre le Christ lors de chaque \u00e9tude de la Parole.<\/li>\n<li>La gu\u00e9rison de la jambe du pasteur Luis Beltran.<\/li>\n<li>Que le Seigneur apporte un r\u00e9veil spirituel dans l\u2019\u00e9glise de Cerro Viento, afin d\u2019augmenter leur vision missionnaire et leur volont\u00e9 d\u2019ob\u00e9ir.<\/li>\n<li>Des enseignants pour l\u2019\u00e9cole du dimanche et les groupes de formation de disciples de l\u2019\u00e9glise d\u2019Obarrio. Prions aussi pour ceux qui se pr\u00e9parent au bapt\u00eame.<\/li>\n<\/ul>\n<p><strong>HAITI<br \/>\n<\/strong>Rendez gr\u00e2ce au Seigneur pour :<\/p>\n<ul>\n<li>Les conf\u00e9rences des femmes et des jeunes qui ont eu lieu en ao\u00fbt. Nous avons vu la main de Dieu \u00e0 l\u2019\u0153uvre dans leurs vies.<\/li>\n<\/ul>\n<p>Veuillez prier pour :<\/p>\n<ul>\n<li>La direction, la provision et la sagesse de Dieu pour l\u2019expansion de l\u2019\u00e9glise de Capotille en raison de sa croissance.<\/li>\n<li>La sant\u00e9 du pasteur Daniel Mulathre et du diacre Joseph.<\/li>\n<li>La paix et la s\u00e9curit\u00e9 pour les \u00e9glises de l\u2019Alliance \u00e0 Port-au-Prince au milieu de la violence.<\/li>\n<\/ul>\n<hr \/>\n<p><strong>11 septembre 2024<\/strong><\/p>\n<p><strong>1) R\u00c9GION APAC (ASIE PACIFIQUE) DE L\u2019UMA<\/strong><\/p>\n<p><strong>TA\u00cfWAN<br \/>\n<\/strong>Veuillez prier pour :<\/p>\n<ul>\n<li>R\u00e9v. Silas Yang, le pr\u00e9sident de la CMA Ta\u00efwan. Il a eu de fr\u00e9quentes chutes et des \u00e9tourdissements. Il a subi des \u00e9valuations m\u00e9dicales.<\/li>\n<\/ul>\n<ul>\n<li>Ruth Lu, l\u2019\u00e9pouse du R\u00e9v. Silas Yang. Elle a besoin de l\u2019ablation de la cataracte et la chirurgie de remplacement du cristallin.<\/li>\n<\/ul>\n<p><strong>MONGOLIE<br \/>\n<\/strong>Veuillez prier pour :<\/p>\n<ul>\n<li>Chuluunbaatar, un leader de l\u2019\u00e9glise qui souffre du diab\u00e8te. Il est en train d\u2019exp\u00e9rimenter une douleur s\u00e9v\u00e8re au pied. Priez pour la gu\u00e9rison de Dieu et son soutien durant ce temps difficile.<\/li>\n<li>Tsogzolmaa, un autre leader d\u2019\u00e9glise. Elle a r\u00e9cemment subi de deux accidents vasculaires c\u00e9r\u00e9braux. Priez pour la gu\u00e9rison du Seigneur pour son c\u0153ur et son cerveau, et pour son encouragement.<\/li>\n<li>Les opportunit\u00e9s pour l\u2019\u00e9glise d\u2019atteindre les Soums non atteints \u00e0 Huvsgul. Priez pour les \u00e9glises locales qu\u2019elles trouvent des moyens efficaces pour se connecter avec et servir ces communaut\u00e9s.<\/li>\n<li>Gantumur, le coordinateur national du programme La Joie du R\u00e9tablissement. Priez pour la protection, la puissance, et la sagesse de Dieu pour lui comme il dirige le programme \u00e0 partir d\u2019octobre 2024 au mois de mai 2025.<\/li>\n<li>Le minist\u00e8re de la jeunesse au sein de la famille CMA. Priez pour un leader d\u00e9vou\u00e9 pour atteindre et disciple la jeun\u00e9e efficacement.<\/li>\n<\/ul>\n<p><strong>INDON\u00c9SIE<br \/>\n<\/strong>Veuillez prier pour :<\/p>\n<ul>\n<li>La construction d\u2019un dortoir pour les femmes au S\u00e9minaire Th\u00e9ologique de Jaffray \u00e0 Makassar. C\u2019est le plus ancien s\u00e9minaire de la CMA en Indon\u00e9sie. Un permis de construction d\u2019un b\u00e2timent \u00e0 trois \u00e9tages avec une capacit\u00e9 de 200 personnes \u00e9tait r\u00e9cemment offert, mais les fonds restent insuffisants. Priez pour la sagesse, la force, et la provision pour le R\u00e9v. Dr Robi Panggarra, le pr\u00e9sident du S\u00e9minaire, pour terminer ce projet.<\/li>\n<\/ul>\n<p>&nbsp;<\/p>\n<p><strong>2) R\u00c9GION AM\u00c9RIQUE DU NORD DE L\u2019UMA<\/strong><\/p>\n<p><strong>CANADA<br \/>\n<\/strong>Rendez gr\u00e2ce au Seigneur pour :<\/p>\n<ul>\n<li>L\u2019arriv\u00e9e en toute s\u00e9curit\u00e9 des ouvriers internationaux Jordie et Lisa dans leur pays d\u2019accueil en Afrique. Leurs enfants ont d\u00e9but\u00e9 l\u2019\u00e9cole, et ils ont commenc\u00e9 l\u2019\u00e9tude des langues. Priez pour la promptitude dans leurs \u00e9tudes et les opportunit\u00e9s pour pratiquer avec de nouveaux amis, sp\u00e9cialement ceux du peuple Sheba, qui sont des r\u00e9fugi\u00e9s dans la r\u00e9gion. Jordie et Lisa vont se focaliser sur le peuple Sheba. Priez que Dieu pourvoie aux connexions et aux profondes relations.<\/li>\n<\/ul>\n<p>Veuillez prier pour :<\/p>\n<ul>\n<li>Tous les ouvriers internationaux se pr\u00e9parant pour le minist\u00e8re d\u2019automne et planifiant pour la saison prochaine. Louez Dieu pour les voies merveilleuses qu\u2019il utilise pour toucher des c\u0153urs.<\/li>\n<li>Les enfants des ouvriers internationaux comme ils s\u2019adaptent aux nouvelles cultures et langues. Priez pour faciliter l\u2019apprentissage de nouvelles langues, la confiance dans la communication, et un sentiment d\u2019appartenance dans un environnement inconnu.<\/li>\n<\/ul>\n<ul>\n<li>Les ouvriers internationaux Mike et Nikki Howell, et l\u2019\u00e9glise locale au S\u00e9n\u00e9gal. De r\u00e9cents d\u00e9c\u00e8s ont affect\u00e9 les membres de l\u2019\u00e9glise. Priez que l\u2019\u00e9glise ne se d\u00e9courage pas, et que les membres ne croient pas aux mensonges des membres de familles incroyants qui pourraient les bl\u00e2mer pour ces trag\u00e9dies. Priez que les forteresses de t\u00e9n\u00e8bres soient d\u00e9molies.<\/li>\n<\/ul>\n<p><strong>ETATS-UNIS<br \/>\n<\/strong>Rendez gr\u00e2ce au Seigneur pour :<\/p>\n<ul>\n<li>Le succ\u00e8s du premier Sommet annuel des Minist\u00e8res Multiculturels tenu au bureau du District de Hmong en ao\u00fbt. Pr\u00e9sent\u00e9 par le bureau des Minist\u00e8res Multiculturels, il s\u2019est focalis\u00e9 sur la prochaine g\u00e9n\u00e9ration du minist\u00e8re, pourvoyant une exp\u00e9rience spirituellement \u00e9lev\u00e9e et des opportunit\u00e9s pour un engagement avec des leaders et partenaires de tous les Minist\u00e8res Multiculturels.<\/li>\n<\/ul>\n<p>Veuillez prier pour :<\/p>\n<ul>\n<li>La CMA d\u2019Etats-Unis comme elle c\u00e9l\u00e8bre le Dimanche de l\u2019Implantation des Eglises en septembre. L\u2019Alliance veut implanter plus de 50 nouvelles congr\u00e9gations l\u2019ann\u00e9e prochaine. Priez pour la formation et l\u2019\u00e9quipement d\u2019implanteur des \u00e9glises, et pour les \u00e9glises \u00e9tablies de d\u00e9velopper des partenariats pour l\u2019implantation de nouvelles congr\u00e9gations. Les congr\u00e9gations sont encourag\u00e9es de choisir n\u2019importe quel dimanche en septembre pour souligner l\u2019importance de l\u2019implantation des \u00e9glises et la multiplication en facilitant l\u2019acc\u00e8s \u00e0 l\u2019\u00e9vangile \u00e0 tous les peuples. Nous envisageons un mouvement centr\u00e9 sur le Christ des \u00e9glises locales qui implantent des \u00e9glises qui se multiplient jusqu\u2019\u00e0 ce que la Grande Commission soit compl\u00e8te. Priez que Dieu inspire les membres des \u00e9glises de soutenir l\u2019implantation des \u00e9glises dans leurs zones et \u00e9l\u00e8ve une nouvelle vague d\u2019implanteurs d\u2019\u00e9glises passionn\u00e9s et engag\u00e9s \u00e0 atteindre les communaut\u00e9s mal desservies dans leur propre milieu.<\/li>\n<\/ul>\n<hr \/>\n<p><strong>4 septembre 2024<\/strong><\/p>\n<p><strong>R\u00c9GION AFRIQUE DE L\u2019UMA<\/strong><\/p>\n<p><strong>MALI<br \/>\n<\/strong>Rendez gr\u00e2ce au Seigneur pour :<\/p>\n<ul>\n<li>La lib\u00e9ration du Pasteur Tite Guindo qui avait \u00e9t\u00e9 enlev\u00e9 par des djihadistes pendant 10 jours.<\/li>\n<\/ul>\n<p>Veuillez prier pour :<\/p>\n<ul>\n<li>La s\u00e9curit\u00e9 des camps bibliques des jeunes des districts de Kimparana, Yorosso et de N\u2019torosso-San.<\/li>\n<li>Sagesse pour la r\u00e9union du comit\u00e9 ex\u00e9cutif de l\u2019\u00e9glise nationale (du 12 au 14 septembre) afin de prendre de bonnes d\u00e9cisions pour la marche de la communaut\u00e9.<\/li>\n<li>Protection des \u00e9glises menac\u00e9es par les djihadistes ont impos\u00e9 le paiement de la Zakat aux chr\u00e9tiens.<\/li>\n<li>Soutien aux victimes des inondations par les personnes de bonne volont\u00e9 et les ONG.<\/li>\n<\/ul>\n<p><strong>REPUBLIQUE DEMOCRATIQUE DU CONGO (RDC)<br \/>\n<\/strong>Rendez gr\u00e2ce au Seigneur pour :<\/p>\n<ul>\n<li>La diminution des meurtres dans les Districts du Plateau de Bateke, bien que des probl\u00e8mes de s\u00e9curit\u00e9 subsistent. La pr\u00e9sence des agresseurs dans les for\u00eats du grand et vaste plateau reste une source d\u2019inqui\u00e9tude.<\/li>\n<li>La premi\u00e8re ann\u00e9e de travail de nos missionnaires en Guin\u00e9e, qui a vu l\u2019implantation de deux \u00e9glises et de nombreux bapt\u00eames, malgr\u00e9 les difficult\u00e9s. Nos deux couples missionnaires rapportent que la collaboration avec l\u2019\u00e9glise nationale fait avancer ce travail par la gr\u00e2ce de Dieu.<\/li>\n<li>La c\u00e9l\u00e9bration du 140\u00e8me anniversaire de l\u2019Alliance en RDC. Elle a \u00e9t\u00e9 bien accueillie et a renouvel\u00e9 la pens\u00e9e de la Mission dans l\u2019esprit des nombreux de nos fid\u00e8les.<\/li>\n<\/ul>\n<p>Veuillez prier pour :<\/p>\n<ul>\n<li>Une d\u00e9l\u00e9gation de responsables de l\u2019\u00e9glise de l\u2019Alliance en RDC qui se rendra en France ce mois-ci pour assister \u00e0 une c\u00e9l\u00e9bration sp\u00e9ciale de l\u2019\u00e9glise de la diaspora africaine \u00e0 Dijon.<\/li>\n<li>Le projet de partenariat missionnaire entre la RDC et le Gabon pour le travail missionnaire dans la Sixi\u00e8me R\u00e9gion.<\/li>\n<\/ul>\n<p><strong>GABON<br \/>\n<\/strong>Rendez gr\u00e2ce au Seigneur pour :<\/p>\n<ul>\n<li>La bonne organisation et les d\u00e9lib\u00e9rations harmonieuses du Synode national, du 21 au 26 juillet \u00e0 Libreville.<\/li>\n<\/ul>\n<p>Veuillez prier pour :<\/p>\n<ul>\n<li>L\u2019orientation des nouveaux pasteurs et le soutien des travailleurs d\u2019\u00e9glise qui ont \u00e9t\u00e9 envoy\u00e9s dans diff\u00e9rentes localit\u00e9s.<\/li>\n<li>Que Dieu soutienne les familles pastorales et missionnaires qui ont \u00e9t\u00e9 \u00e9prouv\u00e9es ces derniers temps par suite de d\u00e9c\u00e8s : Le R\u00e9v\u00e9rend Moukingui Jean Pierre ; maman B\u00e9atrice, \u00e9pouse du R\u00e9v\u00e9rend Alex Koumba Moundounga ; maman Henriette, \u00e9pouse du R\u00e9v\u00e9rend Voubou ; le R\u00e9v\u00e9rend Bilongou, missionnaire au Congo ; l\u2019\u00e9pouse du R\u00e9v\u00e9rend Obama, missionnaire en Guin\u00e9e \u00e9quatoriale.<\/li>\n<li>La mise en \u0153uvre r\u00e9ussie des activit\u00e9s de l\u2019ann\u00e9e synodale (2024-2025) et l\u2019ach\u00e8vement des grands projets.<\/li>\n<li>La r\u00e9alisation cette ann\u00e9e des projets dirig\u00e9s par le Bureau National : la construction de la salle polyvalente pour les grandes conf\u00e9rences et autres activit\u00e9s d\u2019envergure, et le lancement des programmes de la t\u00e9l\u00e9vision de l\u2019Alliance ELTV.<\/li>\n<\/ul>\n<p><strong>ANGOLA<br \/>\n<\/strong>Rendez gr\u00e2ce au Seigneur pour :<\/p>\n<ul>\n<li>Sa direction et sa sagesse pendant la r\u00e9union du comit\u00e9 ex\u00e9cutif, du 15 au 18 ao\u00fbt, avec un grand service de cl\u00f4ture le dimanche 18.<\/li>\n<li>La promotion de deux jeunes gens comme pasteurs stagiaires, Bem-vindo Reis et David Mabiala Zola, tous deux dipl\u00f4m\u00e9s en th\u00e9ologie, apr\u00e8s avoir travaill\u00e9 dans le diaconat.<\/li>\n<\/ul>\n<p>Veuillez prier pour :<\/p>\n<ul>\n<li>L\u2019Esprit Saint pour guider et fortifier les nouveaux pasteurs dans le saint minist\u00e8re.<\/li>\n<li>Que Dieu guide et soutienne les travailleurs qui ont \u00e9t\u00e9 envoy\u00e9s dans diff\u00e9rents endroits.<\/li>\n<li>La sant\u00e9 des travailleurs qui ont besoin d\u2019un traitement \u00e0 l\u2019h\u00f4pital.<\/li>\n<li>Les jeunes de notre pays qui veulent obtenir un dipl\u00f4me. Le gouvernement restreint de nombreux cours dans l\u2019enseignement sup\u00e9rieur cette ann\u00e9e.<\/li>\n<\/ul>\n<p><strong>COTE D\u2019IVOIRE<br \/>\n<\/strong>Rendez gr\u00e2ce au Seigneur pour :<\/p>\n<ul>\n<li>Le succ\u00e8s de la 13\u00e8me Convention Nationale de notre \u00e9glise, qui s\u2019est tenue \u00e0 Yamoussoukro du 5 au 10 ao\u00fbt, avec 18 000 participants. Nous remercions le Seigneur pour l\u2019enseignement que nous avons re\u00e7u et l\u2019impact qu\u2019il a eu sur les participants.<\/li>\n<\/ul>\n<p>Veuillez prier pour :<\/p>\n<ul>\n<li>Le d\u00e9ploiement harmonieux des serviteurs de Dieu de notre \u00e9glise dans leurs nouvelles affectations.<\/li>\n<li>La r\u00e9ussite des diff\u00e9rents camps r\u00e9gionaux de l\u2019Association F\u00e9minine Nationale et de la jeunesse.<\/li>\n<\/ul>\n<p><strong>BURKINA FASO<br \/>\n<\/strong>Rendez gr\u00e2ce au Seigneur pour :<\/p>\n<ul>\n<li>Le camp de l\u2019Union Panafricaine des Hommes qui s\u2019est tenu \u00e0 Bobo-Dioulasso du 28 au 31 ao\u00fbt. Il a rassembl\u00e9 des hommes de huit pays africains.<\/li>\n<\/ul>\n<p>Veuillez prier pour :<\/p>\n<ul>\n<li>Notre pays. La saison hivernale sera difficile, avec de grandes pluies qui causent des inondations dans plusieurs localit\u00e9s.<\/li>\n<li>Que la paix revienne au Burkina Faso. Prions aussi pour que les pasteurs et fid\u00e8les enlev\u00e9s soient lib\u00e9r\u00e9s sains et saufs.<\/li>\n<\/ul>\n<p><strong>LIBERIA<br \/>\n<\/strong>Rendez gr\u00e2ce au Seigneur pour :<\/p>\n<ul>\n<li>Le succ\u00e8s du Je\u00fbne et de la Pri\u00e8re de 21 jours du district de Lofa de la CMA, du 1er au 21 ao\u00fbt.<\/li>\n<\/ul>\n<p>Veuillez prier pour:<\/p>\n<ul>\n<li>Le succ\u00e8s du Je\u00fbne et de la Pri\u00e8re de 21 jours de l\u2019\u00e9glise CMA du Comt\u00e9 de Montserrado, du 1er au 21 septembre. Priez aussi pour les participants qui quitteront leurs maisons et se rassembleront \u00e0 l\u2019\u00e9glise pour prier.<\/li>\n<li>La r\u00e9ouverture et la croissance de l\u2019\u00e9cole secondaire chr\u00e9tienne et du s\u00e9minaire.<\/li>\n<\/ul>\n<p><strong>B\u00c9NIN<br \/>\n<\/strong>Rendez gr\u00e2ce au Seigneur pour :<\/p>\n<ul>\n<li>Le succ\u00e8s de la tourn\u00e9e du bureau national, dans le but d\u2019\u00e9valuer la situation de chaque \u00e9glise locale.<\/li>\n<li>La cr\u00e9ation de l\u2019Institut Biblique et Th\u00e9ologique de l\u2019Alliance Chr\u00e9tienne du B\u00e9nin (IBITAC).<\/li>\n<\/ul>\n<p>Veuillez prier pour :<\/p>\n<ul>\n<li>La r\u00e9daction des statuts et r\u00e8glements de l\u2019\u00e9glise nationale.<\/li>\n<li>Les fonds n\u00e9cessaires \u00e0 la construction de l\u2019Institut biblique.<\/li>\n<li>Que Dieu suscite des ouvriers pour aider \u00e0 atteindre l\u2019objectif d\u2019\u00e9tablir au moins une \u00e9glise par d\u00e9partement, commune et arrondissement.<\/li>\n<li>La tenue effective d\u2019une consultation nationale pour finaliser les grandes lignes de l\u2019\u00e9vang\u00e9lisation, des missions et de la gestion des \u00e9glises locales.<\/li>\n<li>L\u2019\u00e9lection ce mois-ci du Conseil d\u2019Administration de la Coordination Nationale de l\u2019Association des Femmes (AFAC).<\/li>\n<\/ul>\n<p><strong>CONGO-BRAZZAVILLE<br \/>\n<\/strong>Veuillez prier pour :<\/p>\n<ul>\n<li>La sant\u00e9 des pasteurs et de leurs \u00e9pouses.<\/li>\n<li>La croissance spirituelle des jeunes de l\u2019\u00e9glise.<\/li>\n<li>Nos instituts bibliques.<\/li>\n<\/ul>\n<p>&nbsp;<\/p>\n<hr \/>\n<p>&nbsp;<\/p>\n<h2><strong>Pri\u00e8res de l&rsquo;UMA &#8211; Ao\u00fbt 2024<\/strong><\/h2>\n<p>&nbsp;<\/p>\n<p><strong>21 ao\u00fbt 2024<\/strong><\/p>\n<p><strong>R\u00c9GION CLA (AM\u00c9RIQUE LATINE) DE L\u2019UMA<\/strong><\/p>\n<p><strong>CHILI<br \/>\n<\/strong>Veuillez prier pour :<\/p>\n<ul>\n<li>La sant\u00e9 de s\u0153ur Gloria Roa de Polanco, l\u2019\u00e9pouse du pasteur retrait\u00e9 Pedro Polanco. Son \u00e9tat de sant\u00e9 est tr\u00e8s critique. Que le Seigneur r\u00e9conforte et fortifie la famille et qu\u2019il ait piti\u00e9 de la vie de notre s\u0153ur.<\/li>\n<li>La vision des Vocations Minist\u00e9rielles qui est soulev\u00e9e dans nos \u00e9glises ce mois-ci. Puisse le Seigneur nous accorder le don de futurs appels minist\u00e9riels, tant au niveau local qu\u2019au niveau de l\u2019\u00e9glise nationale.<\/li>\n<li>L\u2019Offrande Nationale de la Journ\u00e9e de l\u2019Enfance en ce mois d\u2019ao\u00fbt.<\/li>\n<li>Notre pays est dans la tourmente \u00e0 bien des \u00e9gards. R\u00e9cemment, l\u2019\u00e9glise satanique a demand\u00e9 \u00e0 \u00eatre reconnue par l\u2019Etat, ce qui est sans doute inqui\u00e9tant. Merci de prier pour les fr\u00e8res et s\u0153urs en Christ qui sont d\u00e9put\u00e9s (dont Mauro Gonz\u00e1lez, membre de la Premi\u00e8re \u00c9glise de la CMA de Puerto Montt), afin qu\u2019ils aient la force et la clart\u00e9 n\u00e9cessaires pour d\u00e9fendre la v\u00e9rit\u00e9 de Dieu.<\/li>\n<\/ul>\n<p><strong>BR\u00c9SIL<br \/>\n<\/strong>Rendez gr\u00e2ce au Seigneur pour :<\/p>\n<ul>\n<li>Quatre nouveaux projets d\u2019implantation d\u2019\u00e9glises de l\u2019Alliance.<\/li>\n<li>Les \u00e9glises partenaires qui continuent \u00e0 investir dans la vie des nouveaux \u00e9tudiants pour les pr\u00e9parer au minist\u00e8re sacr\u00e9 de la Parole de Dieu.<\/li>\n<li>Le temps de repos au Br\u00e9sil de la famille Lima, nos missionnaires au Portugal. Ils profitent du temps pass\u00e9 avec leur famille et leurs amis.<\/li>\n<li>La r\u00e9ponse \u00e0 nos pri\u00e8res en apportant un soutien financier \u00e0 trois jeunes au Mozambique dans le cadre du cours de formation au football qui s\u2019est achev\u00e9 ce mois-ci.<\/li>\n<\/ul>\n<p>Veuillez prier pour :<\/p>\n<ul>\n<li>Les immigr\u00e9s hispaniques de Curitiba, dans le sud du Br\u00e9sil, qui cherchent \u00e0 d\u00e9marrer une nouvelle \u0153uvre ax\u00e9e sur les Latinos.<\/li>\n<li>Les \u00e9glises qui sont en transition &#8211; certaines avec des pasteurs qui partent et d\u2019autres qui changent de pasteur.<\/li>\n<li>Des fonds pour investir dans la publication de livres d\u2019A. B. Simpson qui serviront de ressources financi\u00e8res et mat\u00e9rielles pour les \u00e9glises et les missions.<\/li>\n<li>La n\u00e9cessit\u00e9 pour le S\u00e9minaire Th\u00e9ologique A. W. Tozer d\u2019avoir un professionnel qualifi\u00e9 ou un b\u00e9n\u00e9vole pour l\u2019aider dans la diffusion des m\u00e9dias sociaux et d\u2019autres t\u00e2ches m\u00e9diatiques. Prions \u00e9galement pour les activit\u00e9s en personne du s\u00e9minaire afin d\u2019enrichir la formation et de rapprocher les \u00e9glises et les nouveaux \u00e9tudiants.<\/li>\n<li>La consultation pour la traduction de la Bible en septembre, dirig\u00e9e par notre missionnaire Patr\u00edcia Tivane du Mozambique et son \u00e9quipe.<\/li>\n<li>La constance et l\u2019extension de la Promesse de Foi pour le soutien financier de nos missionnaires.<\/li>\n<\/ul>\n<p><strong>ARGENTINE<br \/>\n<\/strong>Rendez gr\u00e2ce au Seigneur pour :<\/p>\n<ul>\n<li>Le groupe de 50 personnes qui a particip\u00e9 au voyage missionnaire dans la communaut\u00e9 Wichi, dans le nord de l\u2019Argentine.<\/li>\n<li>Le d\u00e9but du deuxi\u00e8me semestre d\u2019\u00e9tudes \u00e0 l\u2019Institut Biblique Buenos Aires.<\/li>\n<\/ul>\n<p>Veuillez prier pour :<\/p>\n<ul>\n<li>Les familles pastorales et les missionnaires dans le domaine interculturel, afin qu\u2019ils fassent l\u2019exp\u00e9rience de la provision de Dieu en cette p\u00e9riode \u00e9conomique complexe en Argentine.<\/li>\n<li>Les nouvelles congr\u00e9gations en formation.<\/li>\n<li>Les jeunes qui ont accept\u00e9 l\u2019appel au minist\u00e8re pastoral et qui commencent leur d\u00e9veloppement spirituel.<\/li>\n<\/ul>\n<p><strong>COLOMBIE<br \/>\n<\/strong>Rendez gr\u00e2ce au Seigneur pour :<\/p>\n<ul>\n<li>Les diff\u00e9rents groupes REVER (Restaurer des Vies, \u00c9quiper les Restaurateurs) qui ont travaill\u00e9 cette ann\u00e9e parmi les familles pastorales de l\u2019Alliance Colombie. REVER est une association avec laquelle le minist\u00e8re du bien-\u00eatre et des soins pastoraux travaille.<\/li>\n<\/ul>\n<p>Veuillez prier pour :<\/p>\n<ul>\n<li>La Convention de l\u2019Alliance 2024 sur le th\u00e8me \u00ab Ob\u00e9ir \u00e0 l\u2019appel \u00bb, du 22 au 25 ao\u00fbt \u00e0 Ebenezer, Circasia, Quind\u00edo.<\/li>\n<li>La direction de l\u2019Esprit Saint dans l\u2019\u00e9vang\u00e9lisation et la formation des disciples de la nouvelle g\u00e9n\u00e9ration, afin que la Parole de Dieu qui a \u00e9t\u00e9 sem\u00e9e dans chaque enfant puisse porter du fruit.<\/li>\n<\/ul>\n<p><strong>MEXIQUE<br \/>\n<\/strong>Veuillez prier pour :<\/p>\n<ul>\n<li>La famille Hurtado, nos premiers missionnaires \u00e0 l\u2019\u00e9tranger, qui se trouve en Allemagne. Priez pour qu\u2019ils puissent r\u00e9soudre leurs probl\u00e8mes administratifs d\u2019immigration. Priez pour les enfants des missionnaires, afin que le Seigneur les aide \u00e0 l\u2019\u00e9cole puisqu\u2019ils ne parlent que l\u2019allemand l\u00e0-bas.<\/li>\n<li>Les enfants des huit nationalit\u00e9s qui ont particip\u00e9 aux cours d\u2019\u00e9t\u00e9. Que Dieu garde sa Parole dans ces enfants afin que leurs parents soient \u00e9galement touch\u00e9s par le Christ.<\/li>\n<li>Le couple pastoral Bosco et Alejandra et leur \u00e9glise \u00e0 Guadalajara. Que Dieu les aide \u00e0 apporter l\u2019\u00e9vangile aux familles de cette ville.<\/li>\n<li>Toute l\u2019\u00e9quipe du minist\u00e8re des missions de l\u2019Alliance. Que Dieu continue \u00e0 les encourager, \u00e0 les guider et \u00e0 les soutenir dans tous les projets qu\u2019ils planifient.<\/li>\n<li>La nouvelle \u00e9quipe de travail du comit\u00e9 ex\u00e9cutif du district nord-est, et le pasteur Genovevo Gonzalez en tant que nouveau directeur. Que Dieu leur donne la sagesse et la force d\u2019exercer leur minist\u00e8re aupr\u00e8s des pasteurs et de leurs \u00e9glises.<\/li>\n<li>Les chr\u00e9tiens pers\u00e9cut\u00e9s dans les \u00c9tats d\u2019Oaxaca et du Chiapas.<\/li>\n<li>Les nouvelles \u00e9glises implant\u00e9es \u00e0 Ciudad Juarez, dans la ville de Chihuahua, et parmi le groupe ethnique des Guarajios.<\/li>\n<li>La protection et la provision de Dieu pour les pasteurs qui travaillent dans des endroits marginalis\u00e9s.<\/li>\n<\/ul>\n<p><strong>VENEZUELA<br \/>\n<\/strong>Veuillez prier pour :<\/p>\n<ul>\n<li>L\u2019\u00e9glise du Venezuela soit une lumi\u00e8re au milieu des t\u00e9n\u00e8bres. Qu\u2019elle apporte l\u2019espoir et le r\u00e9confort de Dieu au peuple.<\/li>\n<li>La protection de tous les V\u00e9n\u00e9zu\u00e9liens, en particulier des plus vuln\u00e9rables. Priez pour la s\u00e9curit\u00e9 et pour que les gens mettent leur confiance en Dieu.<\/li>\n<li>La paix au Venezuela, que la violence cesse et que le pays trouve le chemin de la paix.<\/li>\n<li>Le gouvernement. Prions pour la sagesse, l\u2019int\u00e9grit\u00e9 et la justice dans le pays. Que Dieu touche le c\u0153ur des personnes au pouvoir afin qu\u2019elles agissent pour le bien de la nation et que nous puissions vivre dans la paix et la tranquillit\u00e9.<\/li>\n<\/ul>\n<p><strong>HAITI<br \/>\n<\/strong>Rendez gr\u00e2ce au Seigneur pour :<\/p>\n<ul>\n<li>La station de radio de l\u2019Alliance Chr\u00e9tienne, qui, \u00e0 l\u2019occasion de son septi\u00e8me anniversaire, continue d\u2019\u00eatre un outil permettant d\u2019amener quotidiennement des centaines de personnes aux pieds du Christ.<\/li>\n<\/ul>\n<p>Veuillez prier pour :<\/p>\n<ul>\n<li>Les pr\u00e9paratifs pour la rentr\u00e9e scolaire. Que Dieu nous fournisse tout ce dont nous avons besoin. L\u2019\u00e9cole a \u00e9t\u00e9 fond\u00e9e il y a 24 ans. Nous avons des orphelins, des enfants qui vont \u00e0 l\u2019\u00e9glise avec leurs parents et ceux qui vivent pr\u00e8s de l\u2019\u00e9glise. L\u2019\u00e9cole fonctionne gr\u00e2ce \u00e0 des bourses. Les contributions des sponsors nous aident \u00e0 poursuivre ce travail.<\/li>\n<li>Sagesse, protection et conseils pour les familles pastorales et leurs minist\u00e8res.<\/li>\n<li>Que la violence cesse en Ha\u00efti, afin qu\u2019il y ait de l\u2019ordre et une structure au sein du cabinet gouvernemental.<\/li>\n<\/ul>\n<p><strong>PERU<br \/>\n<\/strong>Veuillez prier pour :<\/p>\n<ul>\n<li>Nos pasteurs et leurs familles. Que Dieu continue \u00e0 soutenir leurs foyers, \u00e0 leur fournir des moyens de subsistance quotidiens et \u00e0 les utiliser pour sa gloire.<\/li>\n<li>Les responsables de nos \u00e9glises. Que Dieu les garde fermes et avec un bon t\u00e9moignage dans tous les domaines de leur vie.<\/li>\n<li>Le peuple p\u00e9ruvien, afin que tous se rendent et reconnaissent que le Christ seul sauve, sanctifie, gu\u00e9rit et est notre Roi \u00e0 venir.<\/li>\n<\/ul>\n<hr \/>\n<p><strong>14 ao\u00fbt 2024<\/strong><\/p>\n<p><strong>R\u00c9GION EMERALD (EUROPE ET MOYEN-ORIENT) DE L\u2019UMA<\/strong><\/p>\n<p><strong>MOBILISATION DES MISSIONS DE L\u2019EMERALD DE L\u2019UMA<br \/>\n<\/strong>Veuillez prier pour :<\/p>\n<ul>\n<li>Eoghan Cosgrave, le Mobilisateur des Missions de la R\u00e9gion EMERALD de l\u2019UMA, qui se rend en Australie du 22 ao\u00fbt au 9 septembre pour prendre la parole lors de la conf\u00e9rence nationale annuelle et dans plusieurs \u00e9glises de l\u2019Alliance afin d\u2019aider \u00e0 mobiliser les \u00e9glises de la CMA et les croyants d\u2019Australie pour la mission. Priez pour la s\u00e9curit\u00e9 pendant le voyage, ainsi que pour la sagesse et la force.<\/li>\n<\/ul>\n<p><strong>FORMATION DE L\u2019ALLIANCE<br \/>\n<\/strong>Veuillez prier pour :<\/p>\n<ul>\n<li>Le groupe d\u2019\u00e9tudiants de l\u2019INFORMA (Institut de Formation Minist\u00e9rielle de l\u2019Alliance) qui se rendra en Turquie du 2 au 11 septembre pour visiter les \u00ab Sept \u00c9glises de l\u2019Apocalypse \u00bb. Priez pour leur protection et pour que cette exp\u00e9rience soit une source d\u2019\u00e9dification et de b\u00e9n\u00e9diction pour les \u00e9tudiants.<\/li>\n<li>Les \u00e9tudiants d\u2019INFORMA qui terminent le programme de licence et le certificat en leadership des jeunes. La c\u00e9r\u00e9monie de remise des dipl\u00f4mes aura lieu le 23 novembre \u00e0 Madrid. Que Dieu leur donne la force de terminer leurs programmes.<\/li>\n<li>Les plans et projets visant \u00e0 former les \u00e9tudiants hispaniques vivant en Europe \u00e0 la Bible et \u00e0 la th\u00e9ologie. Nombreux sont ceux qui souhaitent \u00eatre form\u00e9s pour mieux servir.<\/li>\n<li>Le directeur d\u2019INFORMA, le Dr Francisco Cerron, qui se rendra \u00e0 la communaut\u00e9 latino-am\u00e9ricaine de l\u2019Alliance \u00e0 Guadalajara, au Mexique, en septembre, pour pr\u00e9senter un rapport sur INFORMA. Il participera ensuite au symposium \u00ab Th\u00e9ologie et Identit\u00e9 de l\u2019Alliance \u00bb \u00e0 Madrid en octobre.<\/li>\n<li>Les plans de l\u2019ICTE de l\u2019UMA (Commission Internationale d\u2019\u00c9ducation Th\u00e9ologique) pour d\u00e9velopper un symposium sur \u00ab Th\u00e9ologie et Identit\u00e9 de l\u2019Alliance \u00bb pour les \u00e9glises nationales dans la R\u00e9gion EMERALD, aidant les pasteurs de l\u2019Alliance et les implanteurs d\u2019\u00e9glises \u00e0 d\u00e9velopper des \u00e9glises qui sont radicalement centr\u00e9es sur le Christ. Prions pour que des moyens financiers soient mis \u00e0 disposition afin de maximiser la participation au symposium de tous les travailleurs de l\u2019Alliance parlant l\u2019espagnol dans la R\u00e9gion EMERALD.<\/li>\n<\/ul>\n<p><strong>FRANCE<br \/>\n<\/strong>Rendez gr\u00e2ce au Seigneur pour :<\/p>\n<ul>\n<li>Le succ\u00e8s du Paris Praise Festival qui a apport\u00e9 l\u2019\u00e9vangile aux nations pendant les Jeux Olympiques de Paris 2024 \u00e0 travers la musique et la louange.<\/li>\n<li>L\u2019accord de partenariat entre l\u2019\u00c9glise de l\u2019Alliance Vietnamienne de Toulouse et l\u2019\u00c9glise Internationale de Toulouse pour partager les ressources afin d\u2019atteindre les nations en France avec l\u2019\u00e9vangile.<\/li>\n<\/ul>\n<p><strong>GRANDE-BRETAGNE<br \/>\n<\/strong>Veuillez prier pour :<\/p>\n<ul>\n<li>L\u2019\u00e9quipe dirigeante de la CMA Grande-Bretagne qui cherche \u00e0 s\u2019agrandir avec de nouveaux responsables. Priez pour que Dieu ouvre des portes et \u00e9quipe de nouveaux responsables.<\/li>\n<li>Les pr\u00e9paratifs d\u2019un Forum de la Fraternit\u00e9 de l\u2019Alliance pour la Grande-Bretagne afin de construire la fraternit\u00e9 et l\u2019unit\u00e9 autour d\u2019une identit\u00e9 commune de l\u2019Alliance.<\/li>\n<\/ul>\n<p><strong>PAYS-BAS<br \/>\n<\/strong>Rendez gr\u00e2ce au Seigneur pour :<\/p>\n<ul>\n<li>Le t\u00e9moignage vivant d\u2019un adolescent croyant, Jort, qui a eu un impact sur tant de vies en d\u00e9pit d\u2019une maladie canc\u00e9reuse en phase terminale. Priez pour la famille de Jort qui doit faire face \u00e0 sa perte, sachant que Jort ne souffre plus.<\/li>\n<\/ul>\n<p>Veuillez prier pour :<\/p>\n<ul>\n<li>Les \u00e9glises de l\u2019Unie-ABC qui se pr\u00e9parent pour leur prochaine saison d\u2019\u00e9glise et de s\u00e9minaire.<\/li>\n<\/ul>\n<p><strong>ESPAGNE<br \/>\n<\/strong>Veuillez prier pour :<\/p>\n<ul>\n<li>La sixi\u00e8me Conf\u00e9rence sur les Missions Interculturelles de la FIACME (CMA d\u2019Espagne), du 8 au 10 novembre, sur le th\u00e8me \u00ab Que les peuples te louent, \u00f4 Dieu, que tous les peuples te louent (Psaume 67 : 3) \u00bb, dirig\u00e9e par le pasteur Esteban Irvin.<\/li>\n<li>L\u2019\u00c9cole LIFE, qui a des besoins urgents en personnel pour le semestre d\u2019automne et demande l\u2019intercession et la mise en r\u00e9seau pour les combler, m\u00eame sur une base temporaire \u00e0 court terme : Enseignant du primaire, aide-enseignant du pr\u00e9scolaire\/\u00e9l\u00e9mentaire, l\u2019anglais comme seconde langue, conseiller d\u2019orientation, informatique\/technologie.<\/li>\n<li>La mise \u00e0 disposition de ressources pour compl\u00e9ter l\u2019achat d\u2019un b\u00e2timent pour l\u2019\u00e9glise de l\u2019Alliance \u00e0 Sama, Asturies, qui permettra \u00e0 l\u2019\u00e9glise de grandir jusqu\u2019\u00e0 trois fois sa taille actuelle.<\/li>\n<\/ul>\n<hr \/>\n<p><strong>7 ao\u00fbt 2024<\/strong><\/p>\n<p><strong>1) R\u00c9GION APAC (ASIE PACIFIQUE) DE L\u2019UMA<\/strong><\/p>\n<p><strong>MONGOLIE<br \/>\n<\/strong>Veuillez prier pour :<\/p>\n<ul>\n<li>La direction et la provision financi\u00e8re de Dieu, le salut et la croissance spirituelle pour les nombreuses veuves et enfants pauvres des communaut\u00e9s desservies par les \u00e9glises de l\u2019Alliance.<\/li>\n<li>Les familles mongoles. Certaines d\u2019entre elles sont d\u00e9pendantes de l\u2019alcool et vivent dans la pauvret\u00e9 dans la capitale Ulaanbataar et dans les zones rurales. Priez pour que les \u00c9glises de l\u2019Alliance en Mongolie leur transmettent l\u2019amour de Dieu et la bonne nouvelle. Priez \u00e9galement pour la sagesse des \u00e9glises qui diffusent l\u2019\u00e9vangile dans la communaut\u00e9.<\/li>\n<li>Protection et sagesse de Dieu pour le voyage du R\u00e9v. Bat Bayan, le pr\u00e9sident de l\u2019Alliance de Mongolie, dans les \u00e9glises de campagne.<\/li>\n<li>Que les enfants et les jeunes de Mongolie apprennent \u00e0 conna\u00eetre le Dieu cr\u00e9ateur et deviennent des disciples de J\u00e9sus-Christ.<\/li>\n<li>Le financement des minist\u00e8res \u00e9vang\u00e9liques de l\u2019\u00e9glise. En tant qu\u2019enfants de Dieu, que notre foi soit renforc\u00e9e et que nous puissions cr\u00e9er de petites entreprises sous sa direction.<\/li>\n<\/ul>\n<p><strong>MYANMAR<br \/>\n<\/strong>Veuillez prier pour :<\/p>\n<ul>\n<li>Les membres de la CMA du Myanmar qui sont d\u00e9plac\u00e9s \u00e0 l\u2019int\u00e9rieur du pays et pour d\u2019autres qui se sont r\u00e9fugi\u00e9s en Inde en raison de la guerre civile. Priez pour qu\u2019ils soient en s\u00e9curit\u00e9, en bonne sant\u00e9 et que leurs besoins essentiels soient satisfaits. Plus de 80 familles ont fui leurs maisons.<\/li>\n<li>La Semaine d\u2019Accentuation des Missions en septembre. Priez pour la participation des \u00e9glises et pour de bons r\u00e9sultats en mati\u00e8re d\u2019\u00e9vang\u00e9lisation.<\/li>\n<li>Le R\u00e9v. Lian Suan Pau, pr\u00e9sident de l\u2019\u00e9glise nationale. Il se pr\u00e9pare \u00e0 participer \u00e0 la Conf\u00e9rence de l\u2019APAC au Vietnam. Priez pour de bonnes et fructueuses relations avec les \u00e9glises de la r\u00e9gion.<\/li>\n<\/ul>\n<p><strong>COR\u00c9E DU SUD<br \/>\n<\/strong>Veuillez prier pour :<\/p>\n<ul>\n<li>Les missionnaires qui demandent des visas pour se rendre en Isra\u00ebl avec la Mission Sportive de Taekwondo.<\/li>\n<li>Nos pasteurs et responsables d\u2019\u00e9glise puissent participer \u00e0 la Conf\u00e9rence de l\u2019APAC au Vietnam en octobre.<\/li>\n<\/ul>\n<p><strong>TAIWAN<br \/>\n<\/strong>Veuillez prier pour :<\/p>\n<ul>\n<li>Lu Chy-wen (Ruth Lu), pasteure de la CMA Life Church, qui sera ordonn\u00e9e le 31 ao\u00fbt. Elle sera la premi\u00e8re femme pasteure \u00e0 servir dans cette \u00e9glise.<\/li>\n<\/ul>\n<p><strong>VIETNAM<br \/>\n<\/strong>Veuillez prier pour :<\/p>\n<ul>\n<li>Le r\u00e9veil des \u00e9glises au Vietnam. Priez aussi pour que de nombreux Kinh connaissent le Christ.<\/li>\n<\/ul>\n<p><strong>AUSTRALIE<br \/>\n<\/strong>Veuillez prier pour :<\/p>\n<ul>\n<li>Notre Conventions de Missions des Fonds de la Grande Commission. Priez pour que les gens continuent \u00e0 soutenir fid\u00e8lement notre travail missionnaire.<\/li>\n<li>Que l\u2019Esprit Saint nous guide et nous donne de la sagesse pour les orateurs de notre retraite des pasteurs en ao\u00fbt.<\/li>\n<\/ul>\n<p><strong>INDONESIE<br \/>\n<\/strong>Veuillez prier pour :<\/p>\n<ul>\n<li>Les \u00e9lections g\u00e9n\u00e9rales des gouverneurs et des r\u00e9gents dans toute l\u2019Indon\u00e9sie en novembre. Plusieurs membres de l\u2019\u00c9glise de l\u2019Alliance en Indon\u00e9sie se pr\u00e9sentent aux postes de gouverneur, de vice-gouverneur, de r\u00e9gent et de vice-r\u00e9gent, en particulier dans les r\u00e9gions de Papouasie et de Kalimantan. Priez pour que la campagne et le processus \u00e9lectoral soient honn\u00eates et ordonn\u00e9s, et que certains membres de notre congr\u00e9gation soient \u00e9lus.<\/li>\n<\/ul>\n<p>&nbsp;<\/p>\n<p><strong>2) R\u00c9GION AM\u00c9RIQUE DU NORD DE L\u2019UMA<\/strong><\/p>\n<p><strong>\u00c9TATS-UNIS<br \/>\n<\/strong>Rendez gr\u00e2ce au Seigneur pour :<\/p>\n<ul>\n<li>Sa protection des \u00e9glises de l\u2019Alliance et des membres des familles de l\u2019Alliance South Central pendant l\u2019ouragan Beryl, qui a frapp\u00e9 le Texas le 8 juillet. Le district est reconnaissant que la temp\u00eate n\u2019ait pas eu de cons\u00e9quences catastrophiques dans la r\u00e9gion, o\u00f9 il y a 15 \u00e9glises de l\u2019Alliance. Une \u00e9quipe de r\u00e9ponse du district a \u00e9t\u00e9 organis\u00e9e et pr\u00eate \u00e0 s\u2019engager dans les efforts de secours. Les paroisses de l\u2019Alliance dans la r\u00e9gion de Houston ont signal\u00e9 des inondations mineures et des lignes \u00e9lectriques tomb\u00e9es, mais les \u00e9glises n\u2019ont subi aucun dommage.<\/li>\n<\/ul>\n<p>Veuillez prier pour :<\/p>\n<ul>\n<li>Le projet One Alliance Place \u00e0 Reynoldsburg, Ohio, qui a connu une pause momentan\u00e9e qui s\u2019est transform\u00e9e en semaines puis en mois de pri\u00e8re concentr\u00e9e et de discernement. Lors de sa r\u00e9union de juin, le conseil d\u2019administration a vot\u00e9 en faveur d\u2019une nouvelle conception du campus d\u2019Alliance Place. Le nouveau plan r\u00e9duit consid\u00e9rablement les objectifs de collecte de fonds. Par rapport au montant restant \u00e0 collecter, nous pensons qu\u2019il s\u2019agit d\u2019un objectif r\u00e9alisable et d\u2019une gestion avis\u00e9e pour la famille Alliance am\u00e9ricaine. Louons Dieu de ce que les objectifs du d\u00e9m\u00e9nagement de Colorado Springs \u00e0 Columbus sont d\u00e9j\u00e0 en train de se r\u00e9aliser de mani\u00e8re pr\u00e9liminaire. Notre emplacement est plus central, notre personnel est plus diversifi\u00e9 et nous n\u2019avons jamais \u00e9t\u00e9 aussi engag\u00e9s dans une communaut\u00e9 locale.<\/li>\n<li>Les travailleurs internationaux de l\u2019Alliance am\u00e9ricaine qui sont retourn\u00e9s aux Etats-Unis en juillet pour leur s\u00e9minaire sur le minist\u00e8re d\u2019affectation dans les pays d\u2019origine (anciennement HAMS, maintenant connu sous le nom de Connect). Priez pour de bons voyages alors qu\u2019ils font le tour des \u00e9glises afin d\u2019engager la grande famille de l\u2019Alliance am\u00e9ricaine dans l\u2019accomplissement de la Grande Commission du Christ dans les pays du monde entier.<\/li>\n<\/ul>\n<p><strong>CANADA<br \/>\n<\/strong>Veuillez prier pour :<\/p>\n<ul>\n<li>Les ouvriers internationaux qui cherchent \u00e0 se ressourcer pendant l\u2019\u00e9t\u00e9 avant de reprendre leur minist\u00e8re \u00e0 l\u2019automne. Priez pour que chacun trouve du temps seul avec le Seigneur. Priez pour la sagesse, le discernement pour les prochaines \u00e9tapes, la force et l\u2019encouragement pour r\u00e9pondre aux divers besoins qui croisent leur chemin quotidiennement.<\/li>\n<li>Les diff\u00e9rentes \u00e9quipes de ouvriers internationaux qui sont en transition. Certaines font leurs adieux et d\u2019autres accueillent de nouveaux co\u00e9quipiers. Priez pour l\u2019unit\u00e9 et la coh\u00e9sion de chaque \u00e9quipe, pour des transitions en douceur, pour la capacit\u00e9 de construire rapidement une communaut\u00e9, et pour la paix en sachant que Dieu conduira le chemin.<\/li>\n<li>Priez pour Gavin et Nadia, qui discernent les prochaines \u00e9tapes et continuent de partager avec les \u00e9glises du Canada le minist\u00e8re qu\u2019ils ont exerc\u00e9 \u00e0 l\u2019\u00e9tranger. Prions pour la clinique d\u2019orthophonie de la p\u00e9ninsule arabique que Nadia a contribu\u00e9 \u00e0 cr\u00e9er, alors qu\u2019elle cherche \u00e0 pourvoir des postes vacants.<\/li>\n<li>Un atelier de trois jours et un minist\u00e8re de pri\u00e8re pour un groupe de ouvriers internationaux en Asie du Sud-Est pendant leur retraite au d\u00e9but du mois d\u2019ao\u00fbt. Priez pour l\u2019arriv\u00e9e en douceur des ouvriers internationaux, car beaucoup d\u2019entre eux ont \u00e9t\u00e9 touch\u00e9s par une grave inondation r\u00e9cente. Priez pour que Dieu leur parle et ravive leurs \u00e2mes et leurs c\u0153urs afin qu\u2019ils le servent plus efficacement.<\/li>\n<li>La diaspora arabe. Comme d\u2019autres pays, le Canada compte une importante diaspora arabe (environ 1 million de personnes). Ils sont originaires de pays et d\u2019\u00c9tats tels que l\u2019\u00c9gypte, la Syrie, la Jordanie, la Palestine, le Liban et l\u2019Irak. La grande majorit\u00e9 des Arabes sont musulmans. Prions pour que les communaut\u00e9s clandestines de croyants arabes pers\u00e9v\u00e8rent et t\u00e9moignent de l\u2019\u00e9vangile, m\u00eame si elles souffrent et sont pers\u00e9cut\u00e9es. Priez pour une moisson croissante parmi la diaspora arabe musulmane par le biais de r\u00eaves, de visions et d\u2019un t\u00e9moignage chr\u00e9tien fid\u00e8le.<\/li>\n<\/ul>\n<p>&nbsp;<\/p>\n<hr \/>\n<p>&nbsp;<\/p>\n<h2><strong>Pri\u00e8res de l\u2019UMA &#8211; Juillet 2024<\/strong><\/h2>\n<p>&nbsp;<\/p>\n<p><strong>24 juillet 2024<\/strong><\/p>\n<p><strong>R\u00c9GION AFRIQUE DE L\u2019UMA<\/strong><\/p>\n<p><strong>MALI<br \/>\n<\/strong>Veuillez prier pour :<\/p>\n<ul>\n<li>La lib\u00e9ration du pasteur Tite Guindo, qui a \u00e9t\u00e9 enlev\u00e9 par des hommes arm\u00e9s dans la nuit du 9 juillet. Que le Seigneur intervienne pour qu\u2019il soit lib\u00e9r\u00e9 sain et sauf. Prions aussi pour la force de Dieu pour sa femme et ses enfants pendant cette p\u00e9riode difficile.<\/li>\n<li>Le bon d\u00e9roulement des camps bibliques pour les jeunes pendant ces vacances. Que le Seigneur prot\u00e8ge tous les participants.<\/li>\n<li>Les b\u00e2timents d\u2019\u00e9glise en construction, afin que les communaut\u00e9s s\u2019engagent davantage dans l\u2019ach\u00e8vement de ces travaux et apprennent \u00e0 compter sur leurs propres efforts.<\/li>\n<li>La pluie, car la saison hivernale est encore rare et il ne reste qu\u2019un mois pour semer. Que le Seigneur fasse preuve de compassion et de mis\u00e9ricorde pour \u00e9viter une catastrophe humanitaire.<\/li>\n<li>L\u2019approvisionnement et le soutien de centaines de personnes d\u00e9plac\u00e9es.<\/li>\n<\/ul>\n<p><strong>R\u00c9PUBLIQUE D\u00c9MOCRATIQUE DU CONGO (RDC)<br \/>\n<\/strong>Rendez gr\u00e2ce au Seigneur pour :<\/p>\n<ul>\n<li>Les r\u00e9unions du conseil d\u2019administration de tous les d\u00e9partements de l\u2019\u00e9glise qui ont eu lieu \u00e0 la fin de l\u2019ann\u00e9e eccl\u00e9siastique. Ces conseils ont permis d\u2019orienter les actions des d\u00e9partements pour l\u2019ann\u00e9e \u00e0 venir.<\/li>\n<li>Le succ\u00e8s de la croisade d\u2019\u00e9vang\u00e9lisation dans la ville de Muanda, qui a vu la participation de grandes foules et de centaines de personnes qui se sont consacr\u00e9es au Seigneur.<\/li>\n<li>Le succ\u00e8s des \u00e9lections provinciales au Kongo Central, apr\u00e8s quelques tiraillements, et l\u2019installation pacifique d\u2019un gouvernement provincial. C\u2019est dans cette province que se trouve le si\u00e8ge de notre \u00e9glise.<\/li>\n<\/ul>\n<p>Veuillez prier pour :<\/p>\n<ul>\n<li>Le succ\u00e8s d\u2019autres campagnes d\u2019\u00e9vang\u00e9lisation pr\u00e9vues dans les villes de Boma, Matadi et Kinshasa dans les prochains jours, avec des \u00e9vang\u00e9listes venant du Ghana.<\/li>\n<li>La mobilisation de fonds pour soutenir les travailleurs dans les zones \u00e9conomiquement d\u00e9favoris\u00e9es.<\/li>\n<li>Le soutien au pasteur Denis Kombetassie, notre directeur national des missions, qui est rentr\u00e9 sain et sauf apr\u00e8s avoir achev\u00e9 sa mission parmi les peuples de la for\u00eat du Congo profond.<\/li>\n<li>L\u2019accompagnement par l\u2019\u00e9glise des jeunes nouvellement consacr\u00e9s et engag\u00e9s dans le minist\u00e8re en milieu rural.<\/li>\n<\/ul>\n<p><strong>ANGOLA<br \/>\n<\/strong>Rendez gr\u00e2ce au Seigneur pour :<\/p>\n<ul>\n<li>La visite r\u00e9ussie du R\u00e9v. Marcel Bunda, pr\u00e9sident de l\u2019\u00c9glise de l\u2019Alliance de la R\u00e9publique d\u00e9mocratique du Congo, en Angola, du 12 au 17 juin. Le R\u00e9v. Bunda a rendu visite \u00e0 l\u2019\u00c9glise de l\u2019Alliance Chr\u00e9tienne en Angola dans le cadre de la coop\u00e9ration existante entre les \u00e9glises membres de l\u2019UMA. Il a visit\u00e9 l\u2019ancienne station missionnaire de Mboca, fond\u00e9e en 1907, et a pr\u00each\u00e9 \u00e0 l\u2019\u00e9glise Fleuve Jourdain \u00e0 Massabi et \u00e0 l\u2019\u00e9glise l\u2019Eau de Vie \u00e0 Cabinda. Le dimanche 16 juin, le culte de cl\u00f4ture a \u00e9t\u00e9 suivi par des centaines de croyants, des groupes choraux et des entit\u00e9s gouvernementales de la province de Cabinda.<\/li>\n<li>La r\u00e9union des \u00e9glises de l\u2019Alliance de l\u2019Angola, de la RDC et du Congo-Brazzaville qui a eu lieu dans la commune frontali\u00e8re de Massabi le 14 juin. La coop\u00e9ration eccl\u00e9siastique dans les diff\u00e9rents domaines des trois \u00e9glises membres de l\u2019UMA a \u00e9t\u00e9 discut\u00e9e et, en particulier, la Conf\u00e9rence Quadriennale et la comm\u00e9moration du 50e anniversaire de l\u2019UMA en 2025 \u00e0 Kinshasa, en RDC.<\/li>\n<li>L\u2019Assembl\u00e9e G\u00e9n\u00e9rale Extraordinaire des Femmes de l\u2019Alliance en Angola qui s\u2019est tenue \u00e0 l\u2019\u00e9glise Promesses de Dieu du 12 au 14 juin sous le th\u00e8me \u00ab Sois une femme qui reconstruit l\u2019\u0153uvre de Dieu \u00bb. Les participants ont eu l\u2019occasion de faire le bilan des activit\u00e9s de l\u2019ann\u00e9e \u00e9coul\u00e9e et d\u2019en planifier d\u2019autres pour les deux ann\u00e9es \u00e0 venir.<\/li>\n<li>La contribution et l\u2019achat d\u2019un terrain \u00e0 Cafumfo dans la province de Lunda Norte, pour la construction du b\u00e2timent de l\u2019\u00e9glise.<\/li>\n<li>La conversion et le bapt\u00eame de plus de 30 membres en juin dans les \u00e9glises Missio-Dei, Bonne Esp\u00e9rance et Icazo.<\/li>\n<li>Le soutien de l\u2019UMA pour le d\u00e9veloppement de l\u2019agriculture dans le cadre de la deuxi\u00e8me phase du projet COVID-19.<\/li>\n<\/ul>\n<p>Veuillez prier pour :<\/p>\n<ul>\n<li>Les nouveaux convertis et baptis\u00e9s, afin qu\u2019ils restent fid\u00e8les au Seigneur et soient guid\u00e9s par le Saint-Esprit.<\/li>\n<li>La sant\u00e9 des pasteurs et de leurs familles. Priez aussi pour les membres de nos \u00e9glises. Beaucoup d\u2019entre eux souffrent d\u2019hypertension et certains ont \u00e9t\u00e9 victimes d\u2019accidents vasculaires c\u00e9r\u00e9braux.<\/li>\n<li>La direction et la sagesse de Dieu lors de la r\u00e9union du comit\u00e9 ex\u00e9cutif, du 15 au 18 ao\u00fbt \u00e0 l\u2019\u00e9glise Nouveau Nill\u00e9naire \u00e0 Cabinda.<\/li>\n<li>Le congr\u00e8s national de la jeunesse \u00e0 Luanda \u00e0 la fin du mois d\u2019ao\u00fbt. Que Dieu appelle et suscite des jeunes pour le minist\u00e8re de l\u2019\u00e9glise.<\/li>\n<\/ul>\n<p><strong>LIBERIA<br \/>\n<\/strong>Rendez gr\u00e2ce au Seigneur pour :<\/p>\n<ul>\n<li>Le succ\u00e8s de la 42\u00e8me conf\u00e9rence de district de la CMA du Lib\u00e9ria, du 26 au 30 juin \u00e0 Monrovia.<\/li>\n<\/ul>\n<p>Veuillez prier pour :<\/p>\n<ul>\n<li>La r\u00e9ouverture de l\u2019\u00c9cole Secondaire Chr\u00e9tienne et du s\u00e9minaire afin que Dieu puisse diriger davantage d\u2019\u00e9tudiants vers ces deux institutions. Priez \u00e9galement pour les budgets de ces institutions.<\/li>\n<li>Le succ\u00e8s du Sommet du Leadership au Lib\u00e9ria pr\u00e9vu pour le 29 ao\u00fbt \u00e0 Monrovia par l\u2019\u00e9glise nationale de la CMA. Prions \u00e9galement pour nos animateurs qui pr\u00e9parent cette conf\u00e9rence d\u2019une journ\u00e9e.<\/li>\n<li>Francis M. Kollie, le nouveau surintendant de district de la CMA dans le comt\u00e9 de Lofa, qui pr\u00e9voit d\u2019\u00e9tendre son action dans les diff\u00e9rentes villes et villages du district.<\/li>\n<li>Les missionnaires \u00e0 domicile de la CMA dans le comt\u00e9 de Grand Gedeh. Prions pour que Dieu les b\u00e9nisse alors qu\u2019ils atteignent de plus en plus de personnes dans cette partie du pays.<\/li>\n<\/ul>\n<p><strong>C\u00d4TE D\u2019IVOIRE<br \/>\n<\/strong>Rendez gr\u00e2ce au Seigneur pour :<\/p>\n<ul>\n<li>Le succ\u00e8s de la c\u00e9r\u00e9monie de cl\u00f4ture de l\u2019ann\u00e9e acad\u00e9mique \u00e0 l\u2019Institut Biblique de l\u2019Alliance Chr\u00e9tienne \u00e0 Yamoussoukro, au cours de laquelle 63 \u00e9tudiants pasteurs ont re\u00e7u leurs dipl\u00f4mes.<\/li>\n<li>Les trois nouveaux Docteurs en th\u00e9ologie de notre \u00e9glise : R\u00e9v\u00e9rend Serge-Armand Yao, R\u00e9v\u00e9rend Ema Tiecoura, R\u00e9v\u00e9rende Bernadette Ella.<\/li>\n<\/ul>\n<p>Veuillez prier pour :<\/p>\n<ul>\n<li>La r\u00e9ussite de la Convention Nationale de notre \u00c9glise \u00e0 Yamoussoukro, du 5 au 10 ao\u00fbt. Nous attendons 20 000 personnes.<\/li>\n<li>La r\u00e9ussite parfaite des mutations et affectations des pasteurs de l\u2019\u00e9glise au cours du mois d\u2019ao\u00fbt.<\/li>\n<li>La r\u00e9alisation de l\u2019objectif 2024 en ce qui concerne les 12 Grands Travaux du centenaire de notre \u00e9glise en 2030 : l\u2019achat de terrains pour accro\u00eetre le patrimoine foncier, l\u2019ach\u00e8vement du nouveau de l\u2019\u00e9glise de N\u2019Zuessy \u00e0 Yamoussoukro, l\u2019\u00e9quipement de la Maison de la Radio de l\u2019Alliance Chr\u00e9tienne.<\/li>\n<\/ul>\n<p><strong>GABON<br \/>\n<\/strong>Veuillez prier pour :<\/p>\n<ul>\n<li>Le soutien aux missionnaires et \u00e0 leurs familles et le d\u00e9veloppement des champs de mission en Guin\u00e9e \u00e9quatoriale, au Cameroun, \u00e0 S\u00e3o Tom\u00e9 et Pr\u00edncipe, au B\u00e9nin et au Togo.<\/li>\n<li>La conversion et l\u2019affermissement des personnes qui ont re\u00e7u le Christ au cours des deux derni\u00e8res campagnes d\u2019\u00e9vang\u00e9lisation dans le cadre de la mission int\u00e9rieure. Prions pour les sept branches qui ont \u00e9t\u00e9 cr\u00e9\u00e9es notamment dans les provinces de l\u2019Ogoou\u00e9 Maritime et du Haut-Ogoou\u00e9 \u00e0 la suite de ces campagnes. Prions aussi pour que Dieu suscite des responsables pour ces missions.<\/li>\n<li>La r\u00e9gularisation administrative des terrains au Cameroun, ainsi que la r\u00e9cup\u00e9ration du terrain d\u2019Ambam qu\u2019un ancien missionnaire s\u2019\u00e9tait appropri\u00e9 sans autorisation.<\/li>\n<li>La r\u00e9novation du b\u00e2timent du si\u00e8ge des Missions Nationales et la construction d\u2019une maison d\u2019h\u00f4tes \u00e0 Libreville.<\/li>\n<li>La mise \u00e0 disposition par le Seigneur de terrains pour les missions d\u2019Accra au Ghana et de Lom\u00e9 au Togo.<\/li>\n<\/ul>\n<hr \/>\n<p><strong>17 juillet 2024<\/strong><\/p>\n<p><strong>R\u00c9GION CLA (AM\u00c9RIQUE LATINE) DE L\u2019UMA<\/strong><\/p>\n<p><strong>MEXIQUE<br \/>\n<\/strong>Veuillez prier pour :<\/p>\n<ul>\n<li>La guidance de Dieu et la provision financi\u00e8re pour le foyer de secours pour toxicomanes et alcooliques \u00e0 Saltillo, Coahuila, dirig\u00e9 par le couple pastoral Gabriel et Yolanda Charles.<\/li>\n<li>La conf\u00e9rence missionnaire sur le th\u00e8me \u00ab Kairos, prenez la vague \u00bb, et le voyage missionnaire qui suivra \u00e0 Sierra de Chihuahua dans le groupe ethnique Tarahumara, du 9 au 16 ao\u00fbt.<\/li>\n<li>Le couple pastoral Mario et Maricela Rueda, qui g\u00e8rent \u00ab Le Refuge \u00bb \u00e0 Ciudad Juarez Chihuahuas. Priez pour le salut des familles de migrants qui s\u2019y trouvent, afin qu\u2019elles puissent conna\u00eetre le Seigneur J\u00e9sus-Christ.<\/li>\n<li>Le couple pastoral Amey et Lupita, pour que Dieu fournisse les fonds n\u00e9cessaires \u00e0 l\u2019achat du terrain pour la nouvelle \u00e9glise \u00e0 Tlaxcala.<\/li>\n<li>La s\u00e9curit\u00e9 et la protection de nos \u00e9glises au Chiapas. Certaines r\u00e9gions ont \u00e9t\u00e9 touch\u00e9es par le crime organis\u00e9.<\/li>\n<li>Le couple pastoral Guillermo et Alma, pour que Dieu les guide dans la prise de d\u00e9cision de leur minist\u00e8re : pour la sant\u00e9 physique du p\u00e8re d\u2019Alma, Luis Zamora, et pour que Dieu fournisse des responsables et des fonds pour les missions de l\u2019\u00e9glise.<\/li>\n<\/ul>\n<p><strong>VENEZUELA<br \/>\n<\/strong>Veuillez prier pour :<\/p>\n<ul>\n<li>La sant\u00e9 du pasteur Natanael Gil, pr\u00e9sident de la CMA du Venezuela. Il souffre d\u2019une maladie auto-immune appel\u00e9e spondylarthrite ankylosante, une sorte d\u2019arthrite d\u00e9g\u00e9n\u00e9rative qui attaque la colonne vert\u00e9brale et les articulations. Priez \u00e9galement pour sa femme Evelyn, qui doit \u00eatre op\u00e9r\u00e9e d\u2019urgence pour remplacer un genou par une proth\u00e8se. Il s\u2019agit d\u2019un probl\u00e8me g\u00e9n\u00e9tique, et elle a beaucoup de douleurs et de difficult\u00e9s \u00e0 marcher. Natanael et Evelyn comptent sur le Seigneur pour qu\u2019il leur fournisse les ressources financi\u00e8res n\u00e9cessaires au traitement et \u00e0 l\u2019op\u00e9ration.<\/li>\n<li>Le travail d\u2019extension \u00e0 Los Guayos, Valencia, afin que le Seigneur soit glorifi\u00e9 dans cette communaut\u00e9 et que de nombreuses personnes arrivent \u00e0 ses pieds. Il s\u2019agit d\u2019une zone o\u00f9 les ressources sont tr\u00e8s faibles et o\u00f9 la criminalit\u00e9 est importante.<\/li>\n<li>La l\u00e9galisation et le fonctionnement normal de FUNDALFA, notre fondation d\u2019aide aux familles, qui n\u2019est pas encore achev\u00e9e. Prions pour que le Seigneur ouvre les portes et que nous puissions compl\u00e9ter toutes les proc\u00e9dures dans les entit\u00e9s gouvernementales respectives.<\/li>\n<li>Les besoins de notre pays et la tension politique due \u00e0 l\u2019\u00e9lection pr\u00e9sidentielle de ce mois. En tant qu\u2019enfants de Dieu, que notre foi soit renforc\u00e9e et que nous ne perdions pas la paix que nous sentons menac\u00e9e.<\/li>\n<\/ul>\n<p><strong>BR\u00c9SIL<br \/>\n<\/strong>Rendez gr\u00e2ce au Seigneur pour :<\/p>\n<ul>\n<li>Les cinq fr\u00e8res et s\u0153urs qui se pr\u00e9parent au bapt\u00eame au Japon. Nous remercions \u00e9galement Dieu pour la formation \u00e0 l\u2019\u00e9vang\u00e9lisation qui s\u2019est tenue le 7 juillet avec un orateur invit\u00e9 ayant l\u2019exp\u00e9rience du peuple japonais et pour la pratique de l\u2019impact le m\u00eame jour. Nous louons le Seigneur pour le travail de nos missionnaires, le pasteur Luis, Tani et Lucas Ueda, depuis pr\u00e8s de 20 ans au Japon.<\/li>\n<li>Nous r\u00e9pondons \u00e0 nos pri\u00e8res pour de nouveaux responsables qui sont disponibles pour travailler dans le minist\u00e8re.<\/li>\n<li>Le mouvement de jeunesse de l\u2019Alliance br\u00e9silienne avec la F\u00eate de Rue en juin et le tournoi sportif InterAlliances en juillet.<\/li>\n<\/ul>\n<p>Veuillez prier pour :<\/p>\n<ul>\n<li>La famille Albuquerque, nos missionnaires au Portugal. Ils soutiennent l\u2019\u00e9glise de l\u2019Alliance \u00e0 Paredes, tandis que la famille Lima est au Br\u00e9sil pour un temps de repos. Merci de prier pour les projets d\u2019implantation d\u2019une nouvelle \u00e9glise dans la r\u00e9gion m\u00e9tropolitaine de Porto et pour un nouveau projet de voyage \u00e0 court terme avec une \u00e9quipe de sant\u00e9. Priez \u00e9galement pour Claudete, la m\u00e8re du missionnaire Simone Albuquerque, \u00e0 qui l\u2019on a diagnostiqu\u00e9 un cancer.<\/li>\n<li>Les implantations d\u2019\u00e9glises et les \u00e9glises qui se mobilisent pour saturer leurs r\u00e9gions ou de nouvelles r\u00e9gions avec l\u2019\u00e9vangile.<\/li>\n<li>Des pasteurs qui peuvent prendre en charge de nouvelles \u0153uvres ou des \u00e9glises \u00e9tablies dans les mois \u00e0 venir.<\/li>\n<li>Des ressources financi\u00e8res pour investir dans la traduction en portugais et la publication de livres de A. B. Simpson qui serviront de ressources financi\u00e8res et mat\u00e9rielles pour les \u00e9glises et les missions.<\/li>\n<li>Les cours au S\u00e9minaire Th\u00e9ologique A. W. Tozer au cours du second semestre de l\u2019ann\u00e9e : Histoire de l\u2019Alliance, Pastorale de la famille chr\u00e9tienne, Actes, Ecrits apocalyptiques, Th\u00e9ologie de l\u2019Alliance.<\/li>\n<\/ul>\n<p><strong>COLOMBIE<br \/>\n<\/strong>Rendez gr\u00e2ce au Seigneur pour :<\/p>\n<ul>\n<li>Son travail au camp national de jeunes Connexion 2024 : Fighters. Plus de 750 participants ont \u00e9t\u00e9 mis au d\u00e9fi de gagner la bataille contre le malin en \u00e9tant et en faisant des disciples.<\/li>\n<\/ul>\n<p>Veuillez prier pour :<\/p>\n<ul>\n<li>Les ressources \u00e9conomiques pour les activit\u00e9s d\u2019exploration et de vision pour les \u00e9tudiants interculturels du Centre de Formation A. B. Simpson.<\/li>\n<li>La Convention de l\u2019Alliance 2024, du 22 au 25 ao\u00fbt \u00e0 Ebenezer, Circasia, Quindio. Que Dieu fournisse les ressources n\u00e9cessaires pour que nos pasteurs, leaders et serviteurs puissent participer \u00e0 la conf\u00e9rence.<\/li>\n<\/ul>\n<p><strong>PANAMA<br \/>\n<\/strong>Veuillez de prier pour :<\/p>\n<ul>\n<li>La gu\u00e9rison de la plaie du pied infect\u00e9 du pasteur Luis Beltr\u00e1n. Cela fait plus d\u2019un mois qu\u2019il suit divers traitements et la plaie ne s\u2019est pas referm\u00e9e. Que le Seigneur ach\u00e8ve son travail et guide les m\u00e9decins dans le traitement ad\u00e9quat.<\/li>\n<li>Le projet d\u2019\u00e9vang\u00e9lisation de l\u2019\u00e9glise de l\u2019Alliance Fuente de Agua Viva pour atteindre de nouveaux jeunes \u00e0 travers le sport (volley-ball).<\/li>\n<li>Que le Seigneur augmente la vision missionnaire de l\u2019\u00e9glise chinoise Cerra Viento. Prions pour que les membres de l\u2019\u00e9glise aient une passion pour les \u00e2mes et veuillent ob\u00e9ir au commandement du Seigneur d\u2019aller faire des disciples.<\/li>\n<li>La provision de Dieu pour l\u2019acquisition d\u2019une propri\u00e9t\u00e9 pour l\u2019\u00e9glise CMA Brisas del Golf.<\/li>\n<\/ul>\n<p><strong>CUBA<br \/>\n<\/strong>Veuillez prier pour :<\/p>\n<ul>\n<li>Les \u00e9coles bibliques d\u2019\u00e9t\u00e9 qui se d\u00e9roulent dans chacune de nos \u00e9glises.<\/li>\n<li>Quatre nouvelles missions qui seront pr\u00e9sent\u00e9es comme des \u00e9glises de la CMA. Notre processus pour devenir une \u00e9glise doit d\u2019abord passer par la condition des missions et, apr\u00e8s un an, elle est \u00e9valu\u00e9e pour devenir une \u00e9glise. Ces quatre missions seront \u00e9valu\u00e9es par le Conseil d\u2019Administration pour \u00eatre pr\u00e9sent\u00e9es comme de nouvelles \u00e9glises de la CMA.<\/li>\n<li>Formation des responsables et nouveaux responsables pour les nouvelles \u00e9glises. Prions \u00e9galement pour la croissance de nos \u00e9glises.<\/li>\n<\/ul>\n<p><strong>HA\u00cfTI<br \/>\n<\/strong>Veuillez prier pour :<\/p>\n<ul>\n<li>La conf\u00e9rence nationale des femmes, du 23 au 25 ao\u00fbt, et la conf\u00e9rence des jeunes, du 28 au 30 ao\u00fbt. Que Dieu fournisse tout ce qui est n\u00e9cessaire et que le Saint-Esprit soit \u00e0 l\u2019\u0153uvre dans les c\u0153urs de ceux qui y participeront.<\/li>\n<li>Sagesse aux nouveaux membres du gouvernement, afin qu\u2019ils recherchent des solutions qui apporteront la paix et le calme en Ha\u00efti. Les soldats kenyans sont arriv\u00e9s et nous demandons la protection de Dieu pour eux. Que le Seigneur les aide dans leur mission de ramener l\u2019ordre en Ha\u00efti.<\/li>\n<\/ul>\n<p><strong>HONDURAS<br \/>\n<\/strong>Veuillez prier pour :<\/p>\n<ul>\n<li>Que Dieu nous guide et nous b\u00e9nisse avec sagesse dans l\u2019ouverture d\u2019une nouvelle \u00e9glise \u00e0 Colonia Venecia, dans la ville d\u2019Intibuc\u00e1. Que ce projet serve de mod\u00e8le pour l\u2019implantation d\u2019\u00e9glises efficaces, pr\u00e9parant nos responsables \u00e0 \u00e9tendre le minist\u00e8re \u00e0 d\u2019autres villes dans un avenir proche.<\/li>\n<li>Des pasteurs exer\u00e7ant leur minist\u00e8re dans les montagnes d\u2019Intibuc\u00e1 et dans les villes de La Esperanza et de San Pedro Sula. Que Dieu fortifie les disciples qui re\u00e7oivent un enseignement biblique, en leur donnant la force et le courage d\u2019appliquer leurs connaissances et de r\u00e9pandre l\u2019\u00e9vangile, en atteignant les r\u00e9gions \u00e9loign\u00e9es et les groupes non atteints.<\/li>\n<li>L\u2019unit\u00e9 et la collaboration entre les diff\u00e9rentes \u00e9glises et minist\u00e8res dans les villes d\u2019Intibuc\u00e1, La Esperanza, San Pedro Sula et les environs. Puissions-nous travailler ensemble pour atteindre davantage de personnes et \u00e9tablir un solide r\u00e9seau de soutien et de croissance spirituelle.<\/li>\n<li>Les nouveaux programmes de formation de pasteurs et de responsables, tant \u00e0 l\u2019int\u00e9rieur qu\u2019\u00e0 l\u2019ext\u00e9rieur de notre \u00e9glise. Que ces initiatives, qui comprennent des activit\u00e9s d\u2019\u00e9vang\u00e9lisation massives et la formation de nouveaux croyants, soient fructueuses et atteignent un grand nombre de personnes avec le message transformateur du Christ.<\/li>\n<li>Un soutien spirituel et financier pour nous permettre de poursuivre l\u2019expansion et la construction de nouvelles \u00e9glises satellites. Que chaque nouvelle congr\u00e9gation soit un phare de lumi\u00e8re et d\u2019espoir dans ses communaut\u00e9s respectives.<\/li>\n<\/ul>\n<p><strong>CHILIE<br \/>\n<\/strong>Rendez gr\u00e2ce au Seigneur pour :<\/p>\n<ul>\n<li>Nos projets missionnaires dans le pays et \u00e0 l\u2019\u00e9tranger. Tous les missionnaires sont financ\u00e9s par les \u00e9glises locales.<\/li>\n<li>La r\u00e9cente Conf\u00e9rence sur l\u2019\u00c9ducation Chr\u00e9tienne, qui a rassembl\u00e9 des participants de diverses r\u00e9gions du pays.<\/li>\n<\/ul>\n<p>Veuillez prier pour :<\/p>\n<ul>\n<li>La Maison des Enfants, o\u00f9 nous nous occupons d\u2019une quarantaine de filles en situation vuln\u00e9rable.<\/li>\n<li>Les \u00e9glises qui construisent des b\u00e2timents et des installations.<\/li>\n<\/ul>\n<p><strong>BOLIVIE<br \/>\n<\/strong>Rendez gr\u00e2ce au Seigneur pour :<\/p>\n<ul>\n<li>L\u2019arriv\u00e9e du pasteur Rafael Cruz et de sa famille en Bolivie pour soutenir l\u2019ouverture d\u2019une nouvelle \u0153uvre.<\/li>\n<\/ul>\n<p>Prions pour :<\/p>\n<ul>\n<li>L\u2019\u0153uvre dans la ville de Cobija, dans l\u2019Amazonie bolivienne. Que Dieu continue \u00e0 \u00e9tendre son \u0153uvre dans la r\u00e9gion.<\/li>\n<li>Les minist\u00e8res nationaux des femmes, de la jeunesse et des missions pour qu\u2019ils soient la semence d\u2019un mouvement missionnaire.<\/li>\n<\/ul>\n<p><strong>COSTA RICA<br \/>\n<\/strong>Veuillez de prier pour :<\/p>\n<ul>\n<li>La transition pastorale dans l\u2019\u00e9glise CMA de Colima.<\/li>\n<li>La sant\u00e9 physique et \u00e9motionnelle de nos couples pastoraux.<\/li>\n<li>Le d\u00e9but du Programme National de Formation de Disciples intitul\u00e9 Le Chemin de la Croissance.<\/li>\n<li>Le d\u00e9but du Programme National de Formation Minist\u00e9rielle appel\u00e9 La Route du Minist\u00e8re.<\/li>\n<\/ul>\n<hr \/>\n<p><strong>10 juillet 2024<\/strong><\/p>\n<p><strong>R\u00c9GION EMERALD (EUROPE ET MOYEN-ORIENT) DE L\u2019UMA<\/strong><\/p>\n<p><strong>CAMA ZENDING &#8211; PAYS-BAS<\/strong><\/p>\n<p>Veuillez prier pour :<\/p>\n<ul>\n<li>Les plus de 100 jeunes qui partiront en voyage d\u2019Envision cet \u00e9t\u00e9 (en Espagne, au Suriname, en Italie, au Ghana et au Portugal). Priez pour la protection et les moments propices \u00e0 l\u2019apprentissage.<\/li>\n<li>Les personnes qui ont indiqu\u00e9 qu\u2019elles \u00e9taient appel\u00e9es \u00e0 devenir missionnaires, mais qui ne savent pas encore comment s\u2019y prendre. Prions pour la perspicacit\u00e9 et la sagesse.<\/li>\n<li>La sagesse et la perspicacit\u00e9 de Dieu pour nos travailleurs internationaux en ce qui concerne les partenaires locaux avec lesquels ils peuvent travailler sur le terrain.<\/li>\n<li>Notre \u00e9quipe de bureau, pour qui l\u2019ann\u00e9e \u00e9coul\u00e9e a \u00e9t\u00e9 tr\u00e8s difficile et fatigante. Prions pour un \u00e9t\u00e9 reposant et pour que nous ayons assez d\u2019\u00e9nergie pour nous remettre au travail.<\/li>\n<li>Les travailleurs qui sont maintenant de retour aux Pays-Bas. Priez pour qu\u2019ils se reposent et se r\u00e9tablissent. Priez \u00e9galement pour que leurs liens avec les circonscriptions et les \u00e9glises puissent \u00eatre renforc\u00e9s comme il se doit.<\/li>\n<\/ul>\n<p><strong>ESPAGNE<br \/>\n<\/strong>Rendez gr\u00e2ce au Seigneur pour :<\/p>\n<ul>\n<li>Les deux \u00e9glises des Asturies qui ont atteint 50 personnes en seulement trois ans.<\/li>\n<li>L\u2019opportunit\u00e9 d\u2019acheter un b\u00e2timent pour l\u2019\u00e9glise de l\u2019Alliance \u00e0 Sama, dans les Asturies, qui permettra \u00e0 l\u2019\u00e9glise de cro\u00eetre jusqu\u2019\u00e0 trois fois sa taille actuelle. C\u2019est un miracle que nous puissions acheter ce b\u00e2timent \u00e0 un prix aussi bas et avec des paiements progressifs. Priez pour que Dieu nous fournisse les ressources n\u00e9cessaires au paiement de l\u2019acompte et au paiement final dans un an.<\/li>\n<li>Les 16 disciples qui ont \u00e9t\u00e9 r\u00e9cemment baptis\u00e9s \u00e0 l\u2019\u00e9glise de l\u2019Alliance de Barcelone.<\/li>\n<\/ul>\n<p>Merci de prier pour :<\/p>\n<ul>\n<li>L\u2019\u00c9cole International LIFE qui vient de terminer sa septi\u00e8me ann\u00e9e scolaire \u00e0 la gloire de Dieu ! Priez pour le conseil d\u2019administration qui \u00e9value les ajouts aux installations, la transmission \u00e0 un nouveau pr\u00e9sident du conseil d\u2019administration et la n\u00e9cessit\u00e9 d\u2019avoir un membre du personnel \u00e0 temps plein pour les ressources humaines et le d\u00e9veloppement.<\/li>\n<\/ul>\n<p><strong>ITALIE<br \/>\n<\/strong>Veuillez prier pour :<\/p>\n<ul>\n<li>L\u2019\u00c9quipe de M\u00e9diation de l\u2019UMA, qui joue un r\u00f4le cl\u00e9 en soutenant nos chers fr\u00e8res et s\u0153urs sur la voie de la gu\u00e9rison et de la r\u00e9conciliation.<\/li>\n<li>Que Dieu poursuive l\u2019\u0153uvre qu\u2019il accomplit dans le c\u0153ur des gens pour apporter la gu\u00e9rison et la r\u00e9conciliation par la communion et l\u2019amour qui ne viennent que de J\u00e9sus.<\/li>\n<\/ul>\n<p><strong>MINIST\u00c8RES DE LA DIASPORA DE L\u2019ALLIANCE<br \/>\n<\/strong>Rendez gr\u00e2ce au Seigneur pour :<\/p>\n<ul>\n<li>Le succ\u00e8s de la r\u00e9union des Minist\u00e8res de la Diaspora de l\u2019Alliance qui s\u2019est tenue \u00e0 Burbach, en Allemagne, au mois de juin. Tous les travailleurs de l\u2019Alliance ont \u00e9t\u00e9 encourag\u00e9s dans leur minist\u00e8re parmi les peuples de la diaspora alors qu\u2019ils se r\u00e9unissaient dans la communion fraternelle.<\/li>\n<\/ul>\n<p>&nbsp;<\/p>\n<hr \/>\n<p>&nbsp;<\/p>\n<h2><strong>Pri\u00e8res de l\u2019UMA &#8211; Juin 2024<\/strong><\/h2>\n<p>&nbsp;<\/p>\n<p><strong>26 juin 2024<\/strong><\/p>\n<p><strong>1) R\u00c9GION AM\u00c9RIQUE DU NORD DE L\u2019UMA<\/strong><\/p>\n<p><strong>\u00c9TATS-UNIS<br \/>\n<\/strong>Rendez gr\u00e2ce au Seigneur pour :<\/p>\n<ul>\n<li>La r\u00e9ponse g\u00e9n\u00e9reuse \u00e0 la Journ\u00e9e nationale de la Grande Commission, le jeudi 30 mai. \u00c0 ce jour, la famille de l\u2019Alliance am\u00e9ricaine a donn\u00e9 plus de 2 000 000 USD pour envoyer des travailleurs dans les endroits les plus difficiles pour partager l\u2019\u00e9vangile.<\/li>\n<li>La conf\u00e9rence des femmes de l\u2019Alliance, La Rencontre, du 7 au 9 juin. Priez pour que l\u2019Esprit qui a rempli la conf\u00e9rence continue d\u2019impr\u00e9gner de sa pr\u00e9sence les foyers et les \u00e9glises des participantes, et partout o\u00f9 leur influence se fait sentir.<\/li>\n<\/ul>\n<p>Veuillez prier pour :<\/p>\n<ul>\n<li>De nombreux travailleurs internationaux de l\u2019Alliance am\u00e9ricaine en mission \u00e0 l\u2019\u00e9tranger qui attendent leur visa et leur permis de s\u00e9jour ou qui vont bient\u00f4t en faire la demande. Dans certains cas, un miracle est n\u00e9cessaire pour obtenir la permission de retourner dans leur pays d\u2019accueil. Demandez la faveur, la provision et l\u2019intervention de Dieu.<\/li>\n<li>L\u2019\u00e9quipe d\u2019Alliance Kids qui d\u00e9veloppe des programmes d\u2019\u00e9tudes et passe beaucoup de temps \u00e0 voyager. Alliance Kids existe pour \u00e9quiper les leaders de la prochaine g\u00e9n\u00e9ration afin qu\u2019ils soient des disciples r\u00e9silients de J\u00e9sus. Gr\u00e2ce aux ressources, \u00e0 la formation et \u00e0 la connectivit\u00e9, ils apportent des outils de qualit\u00e9 et un engagement pour la formation de la foi chez les enfants.<\/li>\n<\/ul>\n<p><strong>CANADA<br \/>\n<\/strong>Rendez gr\u00e2ce au Seigneur pour :<\/p>\n<ul>\n<li>Les stagiaires Envision de l\u2019automne 2024 qui ont exp\u00e9riment\u00e9 la provision de Dieu \u00e0 travers leurs efforts de collecte de fonds. L\u2019\u00e9quipe prie pour que leur stage de huit mois soit un temps de formation spirituelle profonde pour eux et ceux qui feront partie de ce voyage avec eux, tant au Canada qu\u2019au Mexique.<\/li>\n<li>Joel et Shaylynn Hurst sont arriv\u00e9s au Canada apr\u00e8s avoir termin\u00e9 leur mission de deux ans au Mexique. Alors qu\u2019ils commencent \u00e0 r\u00e9gler les d\u00e9tails de leur prochain d\u00e9m\u00e9nagement en Allemagne, priez pour que leurs pr\u00e9paratifs se d\u00e9roulent sans encombre.<\/li>\n<li>L\u2019arriv\u00e9e de la stagiaire Haleigh \u00e0 Phuket, en Tha\u00eflande. Elle travaillera avec For Freedom International dans le cadre de la formation professionnelle en boulangerie et du JSEM (Semestre de la Justice). Priez pour elle alors qu\u2019elle s\u2019adapte \u00e0 la Tha\u00eflande. Qu\u2019elle soit confirm\u00e9e dans son don et son appel alors qu\u2019elle commence son s\u00e9jour \u00e0 l\u2019\u00e9tranger. Priez pour les \u00e9tudiants du JSEM qui passeront trois mois \u00e0 Phuket, alors qu\u2019ils se pr\u00e9parent spirituellement et \u00e9motionnellement. Priez aussi pour leurs besoins financiers.<\/li>\n<\/ul>\n<p>Veuillez prier pour :<\/p>\n<ul>\n<li>Gavin et Nadia qui discernent la prochaine \u00e9tape et cherchent \u00e0 comprendre la direction de Dieu dans leur vie. Priez pour Gabe pendant son voyage de minist\u00e8re sportif en Asie du Sud-Est, afin qu\u2019il mette ses comp\u00e9tences et sa th\u00e9rapie athl\u00e9tique au service de l\u2019\u00e9quipe dirigeante.<\/li>\n<li>Nos travailleurs internationaux en transition entre leur pays de minist\u00e8re et le Canada. Priez pour la logistique n\u00e9cessaire pour trouver un logement, un v\u00e9hicule, une \u00e9cole et pour remplir les formalit\u00e9s administratives. Priez pour de nombreuses occasions de partager ce que Dieu fait \u00e0 l\u2019\u00e9tranger.<\/li>\n<\/ul>\n<p>&nbsp;<\/p>\n<p><strong>2) R\u00c9GION APAC (ASIE PACIFIQUE) DE L\u2019UMA<\/strong><\/p>\n<p><strong>INDONESIE<br \/>\n<\/strong>Veuillez prier pour :<\/p>\n<ul>\n<li>Les \u00e9glises de 14 minist\u00e8res r\u00e9gionaux d\u2019Indon\u00e9sie qui tiennent leurs r\u00e9unions annuelles de mai \u00e0 juillet. Priez pour le r\u00e9v\u00e9rend Daniel Ronda, pr\u00e9sident de la CMA d\u2019Indon\u00e9sie, ainsi que pour le secr\u00e9taire g\u00e9n\u00e9ral et le tr\u00e9sorier g\u00e9n\u00e9ral qui doivent assister \u00e0 ces r\u00e9unions. Priez pour que ces voyages se d\u00e9roulent en toute s\u00e9curit\u00e9 et que vous soyez en bonne sant\u00e9. Les voyages sont tr\u00e8s fatigants en raison de l\u2019immensit\u00e9 de la zone de minist\u00e8re.<\/li>\n<\/ul>\n<p><strong>COR\u00c9E<br \/>\n<\/strong>Veuillez prier pour :<\/p>\n<ul>\n<li>La formation de nouveaux missionnaires afin qu\u2019ils puissent \u00eatre envoy\u00e9s sur le terrain.<\/li>\n<li>La croissance continue de nos \u00e9glises et l\u2019implantation de nouvelles \u00e9glises.<\/li>\n<li>Le 4e Congr\u00e8s de Lausanne S\u00e9oul-Incheon, du 22 au 28 septembre au Songdo Convention Center \u00e0 Incheon. Nous nous pr\u00e9parons \u00e0 tenir un stand CMA Cor\u00e9e pour faire conna\u00eetre l\u2019UMA et l\u2019APAC. Merci de prier pour que nous ayons les moyens financiers de le faire.<\/li>\n<\/ul>\n<p><strong>MONGOLIE<br \/>\n<\/strong>Veuillez prier pour :<\/p>\n<ul>\n<li>L\u2019unit\u00e9, la coop\u00e9ration et la sagesse de Dieu pour les responsables des \u00e9glises de l\u2019Alliance mongole.<\/li>\n<li>La croissance spirituelle et la protection contre les sectes. Que nous, en tant que croyants, soyons des t\u00e9moins de J\u00e9sus-Christ pour atteindre autant de personnes que possible par notre style de vie et notre comportement.<\/li>\n<li>De bons et honn\u00eates dirigeants qui seront \u00e9lus dans notre parlement le 28 juin.<\/li>\n<\/ul>\n<p><strong>TAIWAN<br \/>\n<\/strong>Rendez gr\u00e2ce au Seigneur pour :<\/p>\n<ul>\n<li>La c\u00e9r\u00e9monie de remise des dipl\u00f4mes du s\u00e9minaire le 16 juin, avec deux dipl\u00f4m\u00e9s.<\/li>\n<li>Les cours de th\u00e9ologie en ligne avec de nombreux participants.<\/li>\n<\/ul>\n<p>Veuillez prier pour :<\/p>\n<ul>\n<li>Deux de nos \u00e9glises qui n\u2019ont toujours pas de pasteur.<\/li>\n<\/ul>\n<p><strong>AUSTRALIE<br \/>\n<\/strong>Veuillez prier pour :<\/p>\n<ul>\n<li>Notre retraite des pasteurs \u00e0 Sydney, du 26 au 29 ao\u00fbt.<\/li>\n<li>Nos pasteurs vietnamiens qui souhaitent participer \u00e0 la conf\u00e9rence de l\u2019APAC \u00e0 Saigon, au Vietnam, en octobre.<\/li>\n<li>Les conventions du Fonds pour la Grande Commission des Missions.<\/li>\n<\/ul>\n<hr \/>\n<p><strong>12 juin 2024<\/strong><\/p>\n<p><strong>R\u00c9GION CLA (AM\u00c9RIQUE LATINE) DE L\u2019UMA<\/strong><\/p>\n<p><strong>COLOMBIE<br \/>\n<\/strong>Rendez gr\u00e2ce au Seigneur pour :<\/p>\n<ul>\n<li>Les Conf\u00e9rences des Femmes de l\u2019Alliance \u00ab Pl\u00e9nitude en Action \u00bb qui ont eu lieu dans plus de 130 \u00e9glises \u00e0 travers le pays au cours du mois de mai.<\/li>\n<\/ul>\n<p>Veuillez prier pour :<\/p>\n<ul>\n<li>La c\u00e9l\u00e9bration des 101 ans de la CMA de Colombie en juin dans toutes nos \u00e9glises. Nous voulons que notre famille de l\u2019Alliance r\u00e9ponde \u00e0 la fid\u00e9lit\u00e9 de Dieu, en \u00e9tant des disciples qui font des disciples tout le temps, et partout.<\/li>\n<li>La protection divine pour la population de la r\u00e9gion de Cauca et des municipalit\u00e9s environnantes, en particulier pour nos \u00e9glises de Morales, Silvia et Miranda. Ces municipalit\u00e9s ont r\u00e9cemment \u00e9t\u00e9 attaqu\u00e9es par des groupes arm\u00e9s.<\/li>\n<\/ul>\n<p><strong>ARGENTINE<br \/>\n<\/strong>Rendez gr\u00e2ce au Seigneur pour :<\/p>\n<ul>\n<li>Le grand nombre d\u2019\u00e9tudiants de notre Institut Biblique Buenos Aires. Plus de 500 fr\u00e8res et s\u0153urs de l\u2019Alliance et d\u2019autres d\u00e9nominations sont form\u00e9s par nos programmes.<\/li>\n<\/ul>\n<p>Veuillez prier pour :<\/p>\n<ul>\n<li>Indig\u00e8nee de formation et de vision de la mission dans une communaut\u00e9 Wichi, un peuple indig\u00e8ne du nord de l\u2019Argentine, dans la province de Salta. Un groupe de 60 volontaires s\u2019est d\u00e9j\u00e0 inscrit pour y participer.<\/li>\n<li>Le soutien financier de nos missionnaires en Asie centrale, en Italie, en Hongrie, en Croatie, en Espagne et en Angleterre. La situation \u00e9conomique de notre pays rend difficile l\u2019envoi des fonds n\u00e9cessaires.<\/li>\n<\/ul>\n<p><strong>VENEZUELA<br \/>\n<\/strong>Veuillez prier pour :<\/p>\n<ul>\n<li>L\u2019assembl\u00e9e de l\u2019\u00e9glise CMA de Chuao, le 12 juin. Elle \u00e9lira un nouveau Conseil d\u2019Administration.<\/li>\n<li>L\u2019activation du minist\u00e8re de la jeunesse dans l\u2019\u00e9glise CMA de Chuao.<\/li>\n<li>La rencontre des femmes le 20 juillet \u00e0 Caracas.<\/li>\n<li>La force physique et spirituelle de notre corps pastoral.<\/li>\n<li>Le travail d\u2019\u00e9vang\u00e9lisation \u00e0 Tinaquillo, dans l\u2019\u00c9tat de Cojedes.<\/li>\n<li>Le processus \u00e9lectoral au Venezuela en juillet.<\/li>\n<\/ul>\n<p><strong>\u00c9QUATEUR<br \/>\n<\/strong>Veuillez prier pour :<\/p>\n<ul>\n<li>La direction et la provision de Dieu pour l\u2019\u00e9quipe organisatrice du Congr\u00e8s National des Femmes, qui se tiendra \u00e0 Cuenca en ao\u00fbt.<\/li>\n<li>Les pr\u00e9paratifs de la Conf\u00e9rence des Femmes Latino-am\u00e9ricaines AMADA et de la Conf\u00e9rence R\u00e9gionale CLA de l\u2019UMA qui se tiendront \u00e0 Guadalajara, au Mexique, en septembre.<\/li>\n<li>L\u2019\u00c9quateur et l\u2019\u00e9quipe de s\u00e9curit\u00e9 nationale qui cherchent des solutions pour assurer la protection de la population face \u00e0 la vague de violence et d\u2019ins\u00e9curit\u00e9 que conna\u00eet le pays.<\/li>\n<li>La situation \u00e9conomique du pays et les moyens de travailler pour les Equatoriens.<\/li>\n<\/ul>\n<p><strong>CHILI<br \/>\n<\/strong>Veuillez prier pour :<\/p>\n<ul>\n<li>Que le Seigneur prenne le contr\u00f4le des situations qui se produisent dans le cadre de la prise en charge des enfants vuln\u00e9rables dans le pays. La CMA Chili concentre son travail dans un foyer pour filles (Hogar de Ni\u00f1as) et fait face aux cons\u00e9quences de la situation du pays.<\/li>\n<li>Que les \u00e9glises proclament avec audace leur foi en J\u00e9sus-Christ et offrent un point de vue biblique sur les diff\u00e9rents besoins auxquels les familles sont confront\u00e9es.<\/li>\n<li>Que le Seigneur guide la classe politique nationale. Certains de ses membres proposent des lois sur le droit \u00e0 l\u2019avortement et l\u2019euthanasie. Prions pour que la raison l\u2019emporte et que, en tant qu\u2019\u00e9glise, nous respections et d\u00e9fendions le caract\u00e8re sacr\u00e9 de la vie.<\/li>\n<\/ul>\n<p><strong>PANAMA<br \/>\n<\/strong>Veuillez prier pour :<\/p>\n<ul>\n<li>Un petit groupe que nous commencerons ce mois-ci dans une communaut\u00e9 rurale appel\u00e9e Zahina. Que Dieu nous remplisse d\u2019amour et de gr\u00e2ce pour eux, et qu\u2019ils re\u00e7oivent l\u2019\u00e9vangile avec plaisir.<\/li>\n<li>Une croissance spirituelle et num\u00e9rique dans les groupes de disciples de l\u2019\u00c9glise Fuente de Agua Viva. Prions aussi pour l\u2019\u00e9vang\u00e9lisation de la localit\u00e9 o\u00f9 le Seigneur les a plac\u00e9s.<\/li>\n<li>L\u2019\u00e9glise de l\u2019Alliance d\u2019Obarrio. Priez pour le discipolat des jeunes, les enseignants de l\u2019\u00e9cole de dimanche, l\u2019\u00e9vang\u00e9lisation dans la r\u00e9gion de Dorado, et un plan de visite pour de nouveaux contacts.<\/li>\n<li>Notre camp d\u2019anglais, du 10 au 14 juin.<\/li>\n<li>L\u2019\u00e9v\u00e9nement \u00ab \u00c9glise d\u2019Impact \u00bb, du 17 au 20 juin, avec des \u00e9glises du Costa Rica, du Salvador, du Guatemala et du Panama comme h\u00f4te. Que le Seigneur nous guide et que nos c\u0153urs soient remplis de son feu pour atteindre les non-croyants et \u00eatre des \u00e9glises centr\u00e9es sur le Christ.<\/li>\n<li>Les \u00e9tudiants du S\u00e9minaire et des Acad\u00e9mies Bibliques. Prions pour qu\u2019ils restent engag\u00e9s dans l\u2019approfondissement de leur connaissance de Dieu.<\/li>\n<\/ul>\n<p><strong>EL SALVADOR<br \/>\n<\/strong>Veuillez prier pour :<\/p>\n<ul>\n<li>Notre voyage missionnaire \u00e0 court terme en ao\u00fbt \u00e0 Isla La Calzada. Nous voyagerons avec un groupe de fr\u00e8res et s\u0153urs de deux \u00e9glises de l\u2019Alliance pour une formation pratique.<\/li>\n<li>Nos petits groupes dans les communaut\u00e9s. Prions pour la multiplication de ces groupes et pour que de nouveaux responsables soient charg\u00e9s de former les nouveaux croyants.<\/li>\n<li>Les activit\u00e9s d\u2019\u00e9vang\u00e9lisation dans nos communaut\u00e9s. Prions pour que les gens ouvrent leur c\u0153ur \u00e0 l\u2019\u00e9vangile.<\/li>\n<li>La formation de nouveaux responsables. Que nos fr\u00e8res et s\u0153urs soient remplis du Saint-Esprit pour travailler dans le minist\u00e8re.<\/li>\n<\/ul>\n<p><strong>HA\u00cfTI<br \/>\n<\/strong>Rendez gr\u00e2ce au Seigneur pour :<\/p>\n<ul>\n<li>Sa fid\u00e9lit\u00e9 au milieu des difficult\u00e9s auxquelles notre pays est confront\u00e9. Les \u00e9glises continuent de s\u2019ouvrir et le travail continue de cro\u00eetre.<\/li>\n<\/ul>\n<p>Veuillez prier pour :<\/p>\n<ul>\n<li>La sagesse et la direction du Seigneur pour les membres du Conseil National d\u2019Administration de l\u2019Alliance. Qu\u2019ils soient fid\u00e8les et continuent \u00e0 faire leur travail avec amour.<\/li>\n<li>Notre pays, et le nouveau Conseil Pr\u00e9sidentiel et son ministre. Prions pour que Dieu leur donne la sagesse et qu\u2019ils puissent construire un gouvernement honn\u00eate et pacifique.<\/li>\n<li>Une nouvelle force pour les gens au milieu de la crise alimentaire. Qu\u2019ils fassent l\u2019exp\u00e9rience avec Dieu comme leur pourvoyeur.<\/li>\n<\/ul>\n<hr \/>\n<p><strong>5 juin 2024<\/strong><\/p>\n<p><strong>R\u00c9GION EMERALD (EUROPE ET MOYEN-ORIENT) DE L\u2019UMA<\/strong><\/p>\n<p><strong>FRANCE<br \/>\n<\/strong>Rendez gr\u00e2ce \u00e0 Dieu pour :<\/p>\n<ul>\n<li>Le bon d\u00e9roulement de l\u2019Assembl\u00e9e G\u00e9n\u00e9rale Annuelle de la famille de l\u2019Alliance en France le 25 mai. Ce fut un moment de c\u00e9l\u00e9bration et d\u2019action de gr\u00e2ce, car Dieu a guid\u00e9 nos pas pour faire briller son amour, sa gr\u00e2ce et sa v\u00e9rit\u00e9 dans toute la France.<\/li>\n<\/ul>\n<p>Merci de prier pour :<\/p>\n<ul>\n<li>Le voyage missionnaire de l\u2019Alliance Fran\u00e7aise pour apporter l\u2019\u00e9vangile au S\u00e9n\u00e9gal, un pays francophone d\u2019Afrique de l\u2019Ouest, du 3 au 15 juin. Le S\u00e9n\u00e9gal a une population de 13 millions d\u2019habitants, dont 94% sont musulmans et seulement 0,14% sont chr\u00e9tiens. Priez pour que Dieu ouvre les c\u0153urs et les esprits \u00e0 l\u2019\u00e9vangile.<\/li>\n<li>Le Festival de Louange de Paris. L\u2019Alliance fran\u00e7aise travaille avec d\u2019autres d\u00e9nominations pour apporter l\u2019\u00e9vangile aux Jeux Olympiques de 2024 \u00e0 Paris \u00e0 travers la musique et la louange. Priez pour les pr\u00e9paratifs du Festival de Louange de Paris afin que les c\u0153urs et les esprits s\u2019ouvrent \u00e0 la bonne nouvelle du prix d\u2019une couronne qui durera \u00e9ternellement.<\/li>\n<\/ul>\n<p><strong>ESPAGNE<br \/>\n<\/strong>Rendez gr\u00e2ce \u00e0 Dieu pour :<\/p>\n<ul>\n<li>L\u2019exposition inaugurale organis\u00e9e par les ouvriers internationaux de l\u2019Alliance \u00e0 Madrid visant \u00e0 inciter les Organisations Non Gouvernementales (ONG) et les fonctionnaires \u00e0 intervenir pour mettre fin \u00e0 la traite des femmes migrantes qui travaillent dans les vastes serres de fraises du sud de l\u2019Espagne. L\u2019\u00e9quipe de l\u2019Alliance a publi\u00e9 son premier po\u00e8me \u00ab Strawberry Girls \u00bb (Les Filles Fraises) et un carnet de croquis en anglais et en espagnol pour l\u2019exposition.<\/li>\n<li>La grande participation \u00e0 la nuit culturelle iranienne avec repas et danse folklorique \u00e0 Madrid, et les nouveaux contacts nou\u00e9s. A et A et A ont invit\u00e9 des amis, et nous prions pour que \u00ab Triple A \u00bb et leurs amis trouvent bient\u00f4t une nouvelle vie en Christ !<\/li>\n<\/ul>\n<p>Merci de prier pour :<\/p>\n<ul>\n<li>La famille du Projet AMOR o\u00f9 la trag\u00e9die a frapp\u00e9 avec la noyade de Hamide, l\u2019un des jeunes hommes du programme. Merci de prier pour son jeune fr\u00e8re, Junior, qui participe \u00e9galement au programme et \u00e0 qui Hamide manque beaucoup. Lui et son fr\u00e8re ont \u00e9t\u00e9 abandonn\u00e9s par leurs parents dans leur pays d\u2019origine et sont partis \u00e0 la recherche d\u2019un avenir. Priez pour Jon et Asun Neff et l\u2019\u00e9quipe d\u2019AMOR alors qu\u2019ils consolent Junior, bien qu\u2019eux-m\u00eames soient en deuil tout en guidant les jeunes hommes \u00e0 travers la vall\u00e9e de l\u2019ombre de la mort.<\/li>\n<\/ul>\n<p><strong>MOBILISATION des Missionsde la R\u00c9GION EMERALD DE L\u2019UMA<br \/>\n<\/strong>Rendez Grace \u00e0 Dieu pour :<\/p>\n<ul>\n<li>La gu\u00e9rison continue de Lucille, la fille d\u2019Eoghan et Brigitte Cosgrave, qui peut maintenant marcher et s\u2019asseoir sans douleur. Priez pour que Dieu continue \u00e0 gu\u00e9rir son corps, donne aux m\u00e9decins la sagesse et la ram\u00e8ne \u00e0 la pleine sant\u00e9.<\/li>\n<\/ul>\n<p><strong>MINIST\u00c8RES DE LA DIASPORA DE L\u2019ALLIANCE (MDA)<br \/>\n<\/strong>Merci de prier pour :<\/p>\n<ul>\n<li>Le rassemblement des Minist\u00e8res de la Diaspora de l\u2019Alliance qui se tient \u00e0 Burbach, en Allemagne, du 3 au 6 juin. Priez pour que les ouvriers de l\u2019Alliance soient encourag\u00e9s dans leur minist\u00e8re parmi les peuples de la diaspora alors qu\u2019ils se r\u00e9unissent en communion.<\/li>\n<\/ul>\n<p><strong>FORMATION DE L\u2019ALLIANCE<br \/>\n<\/strong>Merci de prier pour :<\/p>\n<ul>\n<li>Le groupe d\u2019\u00e9tudiants de l\u2019INFORMA, l\u2019Institut de Formation Minist\u00e9rielle de l\u2019Alliance, qui se rendra en Turquie en septembre dans le cadre du cours sur \u00ab Les Sept \u00c9glises du Livre de l\u2019Apocalypse \u00bb. Prions pour les pr\u00e9paratifs, les dispositions et le financement, ainsi que pour un voyage en toute s\u00e9curit\u00e9.<\/li>\n<\/ul>\n<p><strong>R\u00c9SEAU DE L\u2019\u00c9GLISE DE L\u2019ALLIANCE DE TOUTES LES NATIONS (CAN DE L\u2019ALLIANCE)<br \/>\n<\/strong>Rendez gr\u00e2ce \u00e0 Dieu pour :<\/p>\n<ul>\n<li>L\u2019ouverture du R\u00e9seau International des \u00c9glises Missionnaires (MICN) lors de la Conf\u00e9rence Europ\u00e9enne de Recharge du MICN \u00e0 Rome pour s\u2019engager avec le R\u00e9seau de l\u2019\u00c9glise de l\u2019Alliance de Toutes les Nations.<\/li>\n<\/ul>\n<p>&nbsp;<\/p>\n<hr \/>\n<p>&nbsp;<\/p>\n<h2><strong>Pri\u00e8res de l\u2019UMA &#8211; Mai 2024<\/strong><\/h2>\n<p>&nbsp;<\/p>\n<p><strong>29 mai 2024<\/strong><\/p>\n<p><strong>1) R\u00c9GION APAC (ASIE PACIFIQUE) DE L\u2019UMA<br \/>\n<\/strong>Merci de prier pour :<\/p>\n<ul>\n<li>Notre Conf\u00e9rence R\u00e9gionale Asie-Pacifique qui se tiendra au Vietnam du 28 au 31 octobre. Priez pour que Dieu guide l\u2019\u00e9quipe organisatrice et lui donne de la sagesse. Priez \u00e9galement pour que le Seigneur pourvoie aux besoins de tous les pasteurs et responsables qui participeront \u00e0 la conf\u00e9rence.<\/li>\n<\/ul>\n<p><strong>MYANMAR<br \/>\n<\/strong>Rendez gr\u00e2ce \u00e0 Dieu pour :<\/p>\n<ul>\n<li>Trois nouveaux convertis r\u00e9cemment baptis\u00e9s.<\/li>\n<\/ul>\n<p>Merci de prier pour :<\/p>\n<ul>\n<li>Les fid\u00e8les de l\u2019Alliance. Certaines familles qui ont fui leurs maisons se sont r\u00e9fugi\u00e9es en Inde. Celles qui sont rest\u00e9es sont confront\u00e9es \u00e0 des difficult\u00e9s et \u00e0 des manques de revenus et des p\u00e9nuries en besoins quotidiens. Des combats et des conflits se profilent \u00e0 l\u2019horizon. Merci de prier pour l\u2019intervention de Dieu, la gu\u00e9rison et la restauration.<\/li>\n<\/ul>\n<p><strong>COR\u00c9E<br \/>\n<\/strong>Rendez gr\u00e2ce \u00e0 Dieu pour :<\/p>\n<ul>\n<li>Le nombre d\u2019\u00e9glises de l\u2019Alliance augmente.<\/li>\n<\/ul>\n<p>Merci de prier pour :<\/p>\n<ul>\n<li>Les travaux d\u2019agrandissement de notre bureau national et l\u2019obtention des fonds n\u00e9cessaires.<\/li>\n<li>La CMA Cor\u00e9e pour le partage de sa vision qui est de lancer un minist\u00e8re de collaboration avec les pays de l\u2019APAC.<\/li>\n<li>Le 4\u00e8me Congr\u00e8s de Lausanne S\u00e9oul-Incheon, du 22 au 28 septembre au Songdo Convention Center \u00e0 Incheon. Nous nous pr\u00e9parons \u00e0 tenir un stand CMA-Cor\u00e9e pour faire conna\u00eetre l\u2019UMA et l\u2019APAC. Veuillez prier afin que nous ayons les moyens financiers \u00e0 cet effet.<\/li>\n<\/ul>\n<p><strong>INDONESIE<br \/>\n<\/strong>Merci de prier pour :<\/p>\n<ul>\n<li>Les victimes des inondations \u00e0 Mahakam Ulu, Kalimantan Est. De nombreux membres de notre congr\u00e9gation ont d\u00fb \u00eatre \u00e9vacu\u00e9s vers des terrains plus en hauteurs ou vers des b\u00e2timents d\u2019\u00e9glises. Plus de 500 personnes ont \u00e9t\u00e9 d\u00e9plac\u00e9es et ont besoin d\u2019une aide alimentaire parce qu\u2019elles se trouvent \u00e0 l\u2019int\u00e9rieur du pays. La m\u00eame inondation s\u2019est produite \u00e0 Apau Kayan, Kalimantan du Nord, o\u00f9 deux b\u00e2timents de l\u2019\u00e9glise de l\u2019Alliance \u00e0 Long Sule ont \u00e9t\u00e9 endommag\u00e9s et des maisons ont \u00e9t\u00e9 emport\u00e9es par l\u2019inondation. Priez pour que les membres de l\u2019Eglise touch\u00e9s par cette catastrophe re\u00e7oivent la force et tout le soutien dont ils ont besoin.<\/li>\n<\/ul>\n<p><strong>TAIWAN<br \/>\n<\/strong>Merci de prier pour :<\/p>\n<ul>\n<li>Notre pays, et en particulier pour la ville de Hua-Lian suite au tremblement de terre du 3 avril. Il y a encore de nombreuses r\u00e9pliques. Merci de prier pour que l\u2019Eglise apporte l\u2019espoir et la lumi\u00e8re de J\u00e9sus-Christ aux personnes touch\u00e9es par le tremblement de terre.<\/li>\n<\/ul>\n<p><strong>AUSTRALIE<br \/>\n<\/strong>Merci de prier pour :<\/p>\n<ul>\n<li>Notre nouveau partenariat du minist\u00e8re des Ouvriers Internationaux en Terre Sainte.<\/li>\n<\/ul>\n<p>&nbsp;<\/p>\n<p><strong>2) R\u00c9GION AM\u00c9RIQUE DU NORD DE L\u2019UMA<\/strong><\/p>\n<p><strong>CANADA<br \/>\n<\/strong>Rendez gr\u00e2ce \u00e0 Dieu pour :<\/p>\n<ul>\n<li>La s\u00e9rie de vid\u00e9os que les ouvriers internationaux Kent et Clara ont pr\u00e9par\u00e9e pour les survivants du tremblement de terre au Moyen-Orient. Elle a permis d\u2019ouvrir les c\u0153urs. Notez la r\u00e9ponse d\u2019une personne : \u00ab\u00a0Gr\u00e2ce \u00e0 vos vid\u00e9os, mon \u00e2me a trouv\u00e9 la paix. Je veux suivre de plus pr\u00e8s les enseignements de J\u00e9sus-Christ. Pourriez-vous m\u2019aider dans ce voyage ?\u00a0\u00bb De nombreuses \u00e9glises situ\u00e9es dans les zones touch\u00e9es par le tremblement de terre sont pleines \u00e0 craquer. Les offices sont retransmis en direct et presque chaque semaine, des personnes entrent dans le Royaume.<\/li>\n<li>D\u00e9but mai, l\u2019ouvrier international Nikki Howell a organis\u00e9 avec succ\u00e8s une clinique de la vision dans une \u00e9cole professionnelle pour filles au S\u00e9n\u00e9gal. Un pasteur local est venu raconter l\u2019histoire de J\u00e9sus gu\u00e9rissant un aveugle. Plus de 100 personnes ont vu leur vue \u00e9valu\u00e9e et 50 paires de lunettes ont \u00e9t\u00e9 distribu\u00e9es ! Priez pour que les \u00e9tudiants et les membres de la communaut\u00e9 qui ont particip\u00e9 \u00e0 l\u2019action continuent \u00e0 \u00eatre en contact et \u00e0 avoir un impact.<\/li>\n<\/ul>\n<p>Merci de prier pour nos ouvriers internationaux suivants :<\/p>\n<ul>\n<li>Anne Louie qui est retourn\u00e9e \u00e0 Mexico le 2 mai. Priez pour un bon travail d\u2019\u00e9quipe entre elle et Shiqin Hong alors qu\u2019elles servent des professionnels chinois parlant le mandarin \u00e0 Mexico. Priez pour la direction Divine dans le d\u00e9veloppement du minist\u00e8re du mandarin \u00e0 Mexico.<\/li>\n<li>Les femmes et les enfants r\u00e9fugi\u00e9s y\u00e9m\u00e9nites avec lesquels Janelle est en contact. Beaucoup d\u2019entre eux sont d\u00e9prim\u00e9s et se sentent d\u00e9sesp\u00e9r\u00e9s par rapport \u00e0 leur vie. Priez pour qu\u2019ils fassent une exp\u00e9rience avec J\u00e9sus \u00e0 travers l\u2019aide, l\u2019espoir et la lumi\u00e8re partag\u00e9s par Janelle et d\u2019autres personnes au centre communautaire.<\/li>\n<\/ul>\n<p><strong>\u00c9TATS-UNIS<br \/>\n<\/strong>Merci de prier pour :<\/p>\n<ul>\n<li>Le R\u00e9v\u00e9rend Rosilio Roman III, vice-pr\u00e9sident int\u00e9rimaire des Minist\u00e8res de l\u2019\u00c9glise, suite au retour du R\u00e9v\u00e9rend Terry Smith au minist\u00e8re pastoral. Priez pour Rosilio dans son travaille avec les Minist\u00e8res de l\u2019\u00c9glise pour r\u00e9aliser la vision de l\u2019Alliance des \u00c9tats-Unis qui est d\u2019apporter \u00ab J\u00e9sus tout Entier pour le Monde tout Entier \u00bb. Priez \u00e9galement pour Terry et sa femme, Ruth, qui commencent \u00e0 exercer leur minist\u00e8re \u00e0 la Chapelle de Locust Valley \u00e0 Coopersburg, en Pennsylvanie.<\/li>\n<li>Les voyages de vision de la Jeunesse de l\u2019Alliance (JA). En partenariat avec Envision, une structure sp\u00e9cialis\u00e9e des Missions de l\u2019Alliance, JA offre l\u2019opportunit\u00e9 d\u2019\u00eatre t\u00e9moin de ce que Dieu est en train de faire \u00e0 travers le monde, tout en apprenant de ceux qui travaillent \u00e0 long terme qui dirigent des minist\u00e8res du Royaume sur les sites d\u2019Envision dans le monde entier. Il s\u2019agit de la deuxi\u00e8me s\u00e9rie de voyages de vision vers ces sites des Missions de l\u2019Alliance. Leur but est de donner aux jeunes pasteurs et responsables de l\u2019Alliance l\u2019occasion de d\u00e9couvrir le travail de l\u2019Alliance au niveau local et mondial. Priez pour que Dieu utilise ces exp\u00e9riences pour confirmer son appel \u00e0 ceux qui y participent. Priez \u00e9galement pour Envision qui cherche \u00e0 identifier et \u00e0 former des leaders missionnaires engag\u00e9s dans l\u2019accomplissement de la Grande Commission.<\/li>\n<li>Les camps de vacances. La JA travaille en partenariat avec 18 camps \u00e0 travers les \u00c9tats-Unis. Ces camps d\u00e9veloppent des leaders \u00e9tudiants et offrent des espaces pour rencontrer Dieu dans la nature. Priez pour que les participants fassent l\u2019exp\u00e9rience d\u2019une transformation \u00e0 vie lors de ces \u00e9v\u00e9nements.<\/li>\n<li>Le suivi de ceux qui ont particip\u00e9 \u00e0 la Conf\u00e9rence des Jeunes Adultes de l\u2019Alliance (JAA) du Pacifique. Cette ann\u00e9e, la conf\u00e9rence JAA a eu lieu \u00e0 San Jose, Californie, les 24 et 25 mai, \u00e0 l\u2019\u00e9glise de l\u2019Alliance Chr\u00e9tienne de San Jose. La conf\u00e9rence s\u2019est focalis\u00e9e sur l\u2019approfondissement de la vie en Christ et la recherche d\u2019un but dans le Royaume de Dieu \u00e0 travers l\u2019\u00e9glise locale.<\/li>\n<li>L\u2019Offrande de la Journ\u00e9e de la Grande Commission. C\u2019est l\u2019un des moments cl\u00e9s de la famille de l\u2019Alliance des Etats-Unis qui consiste \u00e0 envoyer de nouveaux ouvriers et soutenir ceux qui sont d\u00e9j\u00e0 actifs dans les endroits les plus difficiles du monde. Les \u00e9glises ont \u00e9t\u00e9 encourag\u00e9es \u00e0 choisir un jour entre le 1er avril et le 30 juin pour permettent \u00e0 leurs fid\u00e8les de faire une offrande. Veuillez prier pour que les membres de l\u2019Alliance des Etats-Unis donnent g\u00e9n\u00e9reusement pour soutenir la plus grande cause sur terre : faire de toutes les nations des disciples.<\/li>\n<li>Les nominations pendant le Conseil 2025 de l\u2019Alliance des Etats-Unis. Veuillez prier pour ce processus tout au long des mois \u00e0 venir. Demandez au Seigneur la sagesse, la direction et le discernement de l\u2019Esprit Saint concernant sa volont\u00e9 dans ces d\u00e9cisions importantes.<\/li>\n<\/ul>\n<hr>\n<p><strong>22 mai 2024<\/strong><\/p>\n<p><strong>R\u00c9GION AFRIQUE DE L\u2019UMA<\/strong><\/p>\n<p><strong>LIBERIA<br \/>\n<\/strong>Louez Dieu pour :<\/p>\n<ul>\n<li>Le succ\u00e8s de la 42\u00e8me convention de l\u2019Association Nationale des Femmes, du 18 au 21 avril \u00e0 Monrovia.<\/li>\n<li>L\u2019ordination du pasteur Francis M. Kollie en tant que nouveau surintendant du district du comt\u00e9 de Lofa, le 5 mai \u00e0 Voinjama City. Prions pour que Dieu le guide, le prot\u00e8ge et lui donne de la sagesse dans son nouveau r\u00f4le.<\/li>\n<li>La gu\u00e9rison du pasteur Joseph W. Karbowhen qui s\u2019est cass\u00e9 les jambes en septembre 2023.<\/li>\n<\/ul>\n<p>Veuillez prier pour :<\/p>\n<ul>\n<li>La sagesse de Dieu pour la s\u0153ur Doris Z. Toe, nouvellement \u00e9lue pr\u00e9sidente de l\u2019Association Nationale des Femmes, et pour son bureau.<\/li>\n<li>La c\u00e9l\u00e9bration du 42\u00e8me anniversaire de la CMA du Lib\u00e9ria, du 20 au 26 mai \u00e0 Monrovia.<\/li>\n<\/ul>\n<p><strong>MALI<br \/>\n<\/strong>Louez Dieu pour :<\/p>\n<ul>\n<li>L\u2019Assembl\u00e9e G\u00e9n\u00e9rale de l\u2019\u00e9glise nationale s\u2019est d\u00e9roul\u00e9e avec succ\u00e8s \u00e0 Koutiala, du 29 f\u00e9vrier au 2 mars, avec la participation des d\u00e9l\u00e9gu\u00e9s des 19 districts.<\/li>\n<\/ul>\n<p>Veuillez prier pour :<\/p>\n<ul>\n<li>L\u2019\u00c9glise de l\u2019Alliance du Mali \u00e0 rester engag\u00e9e apr\u00e8s avoir c\u00e9l\u00e9br\u00e9 son centenaire avec beaucoup de joie. Priez pour qu\u2019elle continue \u00e0 \u00eatre une \u00e9glise missionnaire et \u00e9vang\u00e9lique.<\/li>\n<li>Le r\u00e9confort, la paix et la provision du Seigneur pour les familles de trois serviteurs de Dieu d\u00e9c\u00e9d\u00e9s en l\u2019espace d\u2019un mois.<\/li>\n<li>La construction du si\u00e8ge de notre \u00e9glise. Prions pour que les chr\u00e9tiens se mobilisent pour la r\u00e9ussite de ce chantier.<\/li>\n<li>La s\u00e9curit\u00e9 et la stabilit\u00e9 de la la\u00efcit\u00e9 pr\u00f4n\u00e9e dans la nouvelle constitution du Mali.<\/li>\n<\/ul>\n<p><strong>C\u00d4TE D\u2019IVOIRE<br \/>\n<\/strong>Louez Dieu pour :<\/p>\n<ul>\n<li>Le succ\u00e8s du premier Synode sur l\u2019\u00e9vang\u00e9lisation, qui s\u2019est tenu \u00e0 Yamoussoukro du 25 au 27 avril.<\/li>\n<li>La Journ\u00e9e de l\u2019Unit\u00e9 \u00c9vang\u00e9lique, le 18 mai, \u00e0 laquelle l\u2019\u00e9glise de l\u2019Alliance a particip\u00e9.<\/li>\n<\/ul>\n<p>Veuillez prier pour :<\/p>\n<ul>\n<li>La mise en \u0153uvre effective des r\u00e9solutions du Synode dans les 31 r\u00e9gions administratives de l\u2019\u00e9glise CMA de C\u00f4te d\u2019Ivoire.<\/li>\n<li>L\u2019organisation parfaite de la 13\u00e8me Convention Nationale de notre \u00e9glise qui se tiendra \u00e0 Yamoussoukro du 5 au 10 ao\u00fbt. Prions pour une forte mobilisation de toutes les \u00e9glises afin que l\u2019objectif de 20 000 participants soit atteint.<\/li>\n<\/ul>\n<p><strong>GABON<br \/>\n<\/strong>Louez Dieu pour :<\/p>\n<ul>\n<li>Les synodes r\u00e9gionaux d\u2019avril, qui pr\u00e9c\u00e8dent le synode national, sont couronn\u00e9s de succ\u00e8s. Ces synodes r\u00e9unissent les responsables r\u00e9gionaux pour examiner le travail accompli au cours de l\u2019ann\u00e9e synodale 2023-2024. Chacun des 12 rapports des r\u00e9gions synodales sera examin\u00e9 et \u00e9valu\u00e9 lors du synode national en juillet 2024.<\/li>\n<li>Le Dialogue National Inclusif du mois d\u2019avril, un forum qui a rassembl\u00e9 toutes les forces vives de la nation gabonaise. Le Dialogue a \u00e9t\u00e9 anim\u00e9 par un eccl\u00e9siastique et s\u2019est d\u00e9roul\u00e9 en pr\u00e9sence du pr\u00e9sident national de l\u2019\u00c9glise de l\u2019Alliance du Gabon. Les conclusions de ce forum national sont destin\u00e9es \u00e0 donner une orientation claire aux axes de travail dans tous les secteurs de l\u2019Etat pour les ann\u00e9es \u00e0 venir.<\/li>\n<\/ul>\n<p>Veuillez prier pour :<\/p>\n<ul>\n<li>La mobilisation nationale des \u00e9quipes et des ressources pour une r\u00e9colte abondante pendant le Mois Mondial de l\u2019\u00c9vang\u00e9lisation en mai.<\/li>\n<li>Le bon suivi et la mise en \u0153uvre des r\u00e9solutions du Dialogue National Inclusif Gabonais pour un changement r\u00e9el dans la restauration des institutions \u00e9tatiques, l\u2019am\u00e9lioration des conditions de vie de la population, la bonne gouvernance et la tenue d\u2019\u00e9lections politiques v\u00e9ritablement d\u00e9mocratiques en 2025-2026.<\/li>\n<\/ul>\n<p><strong>BURKINA FASO<br \/>\n<\/strong>Louez Dieu pour :<\/p>\n<ul>\n<li>L\u2019\u00e9quipe d\u2019\u00e9vang\u00e9lisation de l\u2019Alliance du Burkina Faso, dont le programme annuel s\u2019est d\u00e9roul\u00e9 de f\u00e9vrier \u00e0 avril. Dieu a entendu nos pri\u00e8res et tout s\u2019est bien pass\u00e9.<\/li>\n<\/ul>\n<p>Veuillez prier pour :<\/p>\n<ul>\n<li>Le Burkina Faso. Le gouvernement a d\u00e9clar\u00e9 le 15 mai jour f\u00e9ri\u00e9 pour des c\u00e9r\u00e9monies de libations et de pri\u00e8res \u00ab aux anc\u00eatres et aux esprits protecteurs \u00bb. Cette \u00e9dition \u00e9tant la premi\u00e8re, veuillez prier pour que le Saint-Esprit prenne le contr\u00f4le et que toutes les \u0153uvres des t\u00e9n\u00e8bres soient vou\u00e9es \u00e0 l\u2019\u00e9chec, au nom de J\u00e9sus.<\/li>\n<li>Que le gouvernement du Burkina Faso \u00e0 prendre des d\u00e9cisions qui contribueront \u00e0 l\u2019avancement du Royaume de Dieu.<\/li>\n<\/ul>\n<p><strong>\u00c9GLISE DE L\u2019ALLIANCE SOUDANAISE (DIASPORA)<br \/>\n<\/strong>Veuillez prier pour :<\/p>\n<ul>\n<li>Cette fois-ci, nos ouvriers internationaux sont partis en tourn\u00e9e pour une p\u00e9riode prolong\u00e9e. Priez pour que nous puissions vraiment m\u00fbrir et grandir dans notre gestion des 11 \u00e9glises de maison.<\/li>\n<li>Que Dieu am\u00e8ne \u00e0 lui le plus grand nombre possible de nouveaux immigr\u00e9s du Darfour par le biais de notre m\u00e9thode d\u2019approche \u00e0 plusieurs niveaux des perdus ici : 1) Etudes bibliques \u00e0 domicile ; 2) Projections de films \u00e0 domicile ; 3) Un nouveau site web ciblant les Darfouriens perdus dans leur langue maternelle ; 4) R\u00e9unions d\u2019\u00e9glises \u00e0 domicile pour int\u00e9grer les nouveaux croyants et amener les perdus \u00e0 Christ.<\/li>\n<li>Les enregistrements avec notre station de radio partenaire : 1) \u00c9critures dans la langue maternelle du Darfour ; 2) Sermons (actuellement pr\u00e9par\u00e9s par nos responsables dans leur langue) ; 3) \u00c9tudes bibliques pr\u00e9par\u00e9es pour \u00eatre enregistr\u00e9es dans leur langue.<\/li>\n<li>La nourriture doit \u00eatre achet\u00e9e et obtenue en toute s\u00e9curit\u00e9 par les familles de notre peuple entour\u00e9 de milices violentes qui ont pratiqu\u00e9 un g\u00e9nocide sur eux pendant des d\u00e9cennies. Priez pour que le Seigneur lie les puissances des t\u00e9n\u00e8bres qui provoquent la famine et la mort de notre peuple.<\/li>\n<li>Le t\u00e9moignage verbal qui accompagne les dons de nourriture p\u00e9n\u00e9trera les c\u0153urs bris\u00e9s des familles de nos croyants au Darfour.<\/li>\n<li>Des minist\u00e8res de tourn\u00e9e efficaces dans 30 \u00e9glises par nos ouvriers internationaux qui se trouvent actuellement aux \u00c9tats-Unis.<\/li>\n<\/ul>\n<p><strong>B\u00c9NIN<br \/>\n<\/strong>Veuillez prier pour :<\/p>\n<ul>\n<li>Priez pour le Commissaire National, l\u2019ancien Th\u00e9odore M. Assogba, alors qu\u2019il r\u00e9dige le manuel de proc\u00e9dures financi\u00e8res pour l\u2019\u00e9glise nationale. Priez \u00e9galement pour le bureau national et le personnel de ressources de l\u2019\u00e9glise pour la r\u00e9daction des nouveaux statuts et du r\u00e8glement int\u00e9rieur de l\u2019\u00e9glise nationale.<\/li>\n<li>Les sessions de formation des responsables d\u2019\u00e9glise se d\u00e9roulent en mai et juin.<\/li>\n<li>Le projet de construction de l\u2019\u00e9cole biblique.<\/li>\n<li>Le d\u00e9partement des missions nationales et de l\u2019\u00e9vang\u00e9lisation doit prendre ses fonctions et \u00e9laborer un plan strat\u00e9gique national de missions et d\u2019\u00e9vang\u00e9lisation.<\/li>\n<li>L\u2019\u00e9glise doit mettre en place des coordinations nationales pour les minist\u00e8res des hommes, des femmes et des jeunes, ainsi que pour l\u2019\u00e9cole du dimanche.<\/li>\n<li>La provision de Dieu pour que nous puissions acqu\u00e9rir un moyen de transport (une voiture) pour aller dans les villages.<\/li>\n<\/ul>\n<hr>\n<p><strong>15 mai 2024<\/strong><\/p>\n<p><strong>R\u00c9GION CLA (AM\u00c9RIQUE LATINE) DE L\u2019UMA<\/strong><\/p>\n<p><strong>BR\u00c9SIL<br \/>\n<\/strong>Louez Dieu pour :<\/p>\n<ul>\n<li>Les 24 fr\u00e8res et s\u0153urs qui ont \u00e9t\u00e9 baptis\u00e9s au Mozambique le dimanche 5 mai. Ils sont le fruit du travail de nos missionnaires Daniel et Patr\u00edcia Tivane.<\/li>\n<li>Le don que notre s\u00e9minaire th\u00e9ologique a re\u00e7u de l\u2019\u00c9glise de l\u2019Alliance du Japon, notre partenaire minist\u00e9riel depuis de nombreuses ann\u00e9es. Nous sommes reconnaissants de leur amour et de leur investissement dans la vie des nouveaux \u00e9tudiants qui se pr\u00e9parent au minist\u00e8re sacr\u00e9 de la Parole de Dieu.<\/li>\n<\/ul>\n<p>Veuillez prier pour :<\/p>\n<ul>\n<li>La formation des responsables du minist\u00e8re de l\u2019enfance au Mozambique et le d\u00e9but du master du pasteur Daniel Tivane.<\/li>\n<li>La famille Lima, nos missionnaires au Portugal, qui retournera au Br\u00e9sil \u00e0 la fin du mois de juin pour une p\u00e9riode de six semaines. Priez pour que ce soit un temps de repos et de renouveau. Priez ensuite pour eux lors de leur retour au Portugal.<\/li>\n<li>Le plan pour de nouvelles activit\u00e9s en personne au S\u00e9minaire Th\u00e9ologique A. W. Tozer pour compl\u00e9ter le programme d\u2019\u00e9tudes pour cette ann\u00e9e et les ann\u00e9es \u00e0 venir comme un moyen d\u2019enrichir notre communaut\u00e9 et de rapprocher les \u00e9glises et les \u00e9tudiants potentiels. Priez \u00e9galement pour le besoin d\u2019un professionnel ou d\u2019un b\u00e9n\u00e9vole pour aider \u00e0 la diffusion sur les m\u00e9dias sociaux et \u00e0 d\u2019autres t\u00e2ches m\u00e9diatiques.<\/li>\n<li>La r\u00e9gion m\u00e9ridionale du Br\u00e9sil, en particulier l\u2019\u00c9tat du Rio Grande do Sul, qui a \u00e9t\u00e9 frapp\u00e9e par une catastrophe \u00e9cologique ayant entra\u00een\u00e9 de graves inondations et glissements de terrain. Priez pour les \u00e9glises qui accueillent les personnes ayant perdu leur maison, afin qu\u2019elles apportent l\u2019espoir et l\u2019amour de J\u00e9sus-Christ aux personnes touch\u00e9es par cette trag\u00e9die. Priez \u00e9galement pour que Dieu r\u00e9conforte ceux qui ont perdu des \u00eatres chers.<\/li>\n<\/ul>\n<p><strong>GUATEMALA<br \/>\n<\/strong>Veuillez prier pour :<\/p>\n<ul>\n<li>Un nouveau projet missionnaire pour le Belize. Priez pour que le Seigneur nous guide et nous propose des strat\u00e9gies pour l\u2019implantation de l\u2019\u00e9glise hispanique qui a commenc\u00e9 cette ann\u00e9e.<\/li>\n<li>Le projet missionnaire pr\u00e9vu en partenariat avec CAMA Services pour l\u2019ouverture d\u2019une clinique m\u00e9dicale \u00e0 Managua, au Nicaragua.<\/li>\n<li>La proc\u00e9dure judiciaire pour la r\u00e9cup\u00e9ration de certains biens appartenant \u00e0 l\u2019Alliance du Guatemala.<\/li>\n<\/ul>\n<p><strong>COLOMBIE<br \/>\n<\/strong>Veuillez prier pour :<\/p>\n<ul>\n<li>La sant\u00e9 int\u00e9grale du corps pastoral, des responsables et des congr\u00e9gations, en particulier pour ceux dont les probl\u00e8mes physiques se sont aggrav\u00e9s. Que Dieu soit glorifi\u00e9 dans leur vie et qu\u2019ils t\u00e9moignent de sa puissance.<\/li>\n<li>Les Congr\u00e8s des Femmes de l\u2019Alliance \u00ab La pl\u00e9nitude en action \u00bb se tiendront dans tout le pays en mai. Priez pour que Dieu utilise les femmes pasteurs et leaders dans la pr\u00e9dication, la louange, la logistique et plus encore.<\/li>\n<li>Les r\u00e9gions qui sont affect\u00e9es par des temp\u00e9ratures \u00e9lev\u00e9es. Que Dieu \u00e9tende sa main mis\u00e9ricordieuse sur notre pays.<\/li>\n<\/ul>\n<p><strong>PANAMA<br \/>\n<\/strong>Louez Dieu pour :<\/p>\n<ul>\n<li>Les plus de 10 personnes de l\u2019\u00c9glise de l\u2019Alliance Brisas del Golf qui ont \u00e9t\u00e9 baptis\u00e9es le 12 mai. Que ce pas de foi les incite \u00e0 partager l\u2019\u00e9vangile dans leur cercle d\u2019influence.<\/li>\n<li>Le r\u00e9tablissement de la missionnaire Maritza Cumba, qui a subi une op\u00e9ration du genou.<\/li>\n<\/ul>\n<p>Veuillez prier pour :<\/p>\n<ul>\n<li>Le couple missionnaire Miguel et Yngrid Grassals, qui ont d\u00e9m\u00e9nag\u00e9 dans une nouvelle communaut\u00e9. Que Dieu leur ouvre des portes pour qu\u2019ils puissent partager l\u2019\u00e9vangile avec leurs voisins.<\/li>\n<li>Un petit groupe que nous commencerons ce mois-ci dans une communaut\u00e9 rurale appel\u00e9e Zahina. Que Dieu nous remplisse d\u2019amour et de gr\u00e2ce pour eux et qu\u2019ils re\u00e7oivent l\u2019\u00e9vangile avec joie.<\/li>\n<li>L\u2019\u00e9v\u00e9nement \u00ab \u00c9glise d\u2019Impact \u00bb, du 17 au 20 juin, avec les \u00e9glises du Costa Rica, du Salvador, du Guatemala, et du Panama comme h\u00f4te. Que le Seigneur nous guide et que nos c\u0153urs soient remplis de son feu pour atteindre les non-croyants et \u00eatre des \u00e9glises centr\u00e9es sur le Christ.<\/li>\n<\/ul>\n<p><strong>BOLIVIE<br \/>\n<\/strong>Veuillez prier pour :<\/p>\n<ul>\n<li>La Conf\u00e9rence Nationale des Missions du 18 mai, au cours de laquelle le Comit\u00e9 National des Missions sera form\u00e9. Priez pour un renouveau de l\u2019esprit missionnaire dans l\u2019\u00e9glise nationale.<\/li>\n<li>La famille missionnaire qui arrivera en Bolivie pour commencer un nouveau travail.<\/li>\n<\/ul>\n<p><strong>CUBA<br \/>\n<\/strong>Veuillez prier pour :<\/p>\n<ul>\n<li>Le s\u00e9minaire de juin avec la participation du r\u00e9v\u00e9rend David Muthre, Coordinateur R\u00e9gional de l\u2019UMA pour l\u2019Am\u00e9rique latine. Priez pour qu\u2019il puisse venir. Priez \u00e9galement pour les \u00e9tudiants des s\u00e9minaires de tout le pays qui pr\u00e9voient de participer au s\u00e9minaire, en particulier maintenant que les prix ont consid\u00e9rablement augment\u00e9.<\/li>\n<li>Croissance du travail national face aux d\u00e9fis de l\u2019\u00e9conomie.<\/li>\n<\/ul>\n<p><strong>URUGUAY<br \/>\n<\/strong>Veuillez prier pour :<\/p>\n<ul>\n<li>La retraite des pasteurs en juin. Priez pour qu\u2019elle soit un temps d\u2019apprentissage et de restauration.<\/li>\n<li>Les \u00e9glises qui restent sans pasteur. Priez pour que le Seigneur appelle des personnes qui prendront cette responsabilit\u00e9.<\/li>\n<\/ul>\n<p><strong>COSTA RICA<br \/>\n<\/strong>Veuillez prier pour :<\/p>\n<ul>\n<li>Le lancement d\u2019un programme de formation de disciples appel\u00e9 Route de Croissance, qui vise \u00e0 la formation int\u00e9grale des membres de l\u2019Alliance au Costa Rica.<\/li>\n<li>Le lancement d\u2019un programme de formation minist\u00e9rielle appel\u00e9 Route du Minist\u00e8re, qui vise \u00e0 la formation int\u00e9grale d\u2019un nouveau groupe de responsables de l\u2019Alliance au Costa Rica.<\/li>\n<li>La sant\u00e9 spirituelle de l\u2019\u00e9glise CMA au Costa Rica. Que Dieu nous apporte un r\u00e9veil qui nous conduise \u00e0 nous concentrer sur la recherche de sa pr\u00e9sence.<\/li>\n<\/ul>\n<p><strong>HA\u00cfTI<br \/>\n<\/strong>Veuillez prier pour :<\/p>\n<ul>\n<li>La sant\u00e9 de S\u0153ur Ada, qui suit un traitement contre le cancer. Que Dieu la gu\u00e9risse et lui redonne des forces. Ada est l\u2019\u00e9pouse du pr\u00e9sident de l\u2019Alliance du Ha\u00efti.<\/li>\n<li>Les pr\u00e9paratifs des comit\u00e9s des femmes et des jeunes pour les conf\u00e9rences nationales qui se tiendront en ao\u00fbt. Que Dieu leur accorde sa gr\u00e2ce et que tout se passe bien.<\/li>\n<li>Le peuple ha\u00eftien que souffre aux mains des gangs. Ils ont perdu leurs maisons et n\u2019ont plus de nourriture. Prions pour que Dieu leur apporte provision et protection.<\/li>\n<li>Les enfants qui ne peuvent pas aller \u00e0 l\u2019\u00e9cole parce que les gangs l\u2019ont ferm\u00e9e.<\/li>\n<\/ul>\n<p><strong>HONDURAS<br \/>\n<\/strong>Veuillez prier pour :<\/p>\n<ul>\n<li>La nouvelle \u00e9glise satellite que nous ouvrons dans le quartier de Venecia dans la ville d\u2019Intibuc\u00e1. L\u2019objectif de cette nouvelle \u00e9glise est de permettre \u00e0 nos responsables de comprendre la dynamique de l\u2019implantation d\u2019\u00e9glises, car nous esp\u00e9rons atteindre de nouvelles villes dans un avenir proche.<\/li>\n<li>Les pasteurs dans les montagnes d\u2019Intibuc\u00e1 et dans les villes de La Esperanza et San Pedro Sula. Priez pour les disciples qui re\u00e7oivent d\u00e9j\u00e0 des connaissances bibliques, afin qu\u2019ils puissent mettre en pratique ce qu\u2019ils ont appris et porter ensemble la bonne nouvelle \u00e0 d\u2019autres.<\/li>\n<li>Nouveaux projets de formation de pasteurs et de responsables \u00e0 l\u2019int\u00e9rieur et \u00e0 l\u2019ext\u00e9rieur de l\u2019\u00e9glise. Ce projet comprend des activit\u00e9s telles que l\u2019\u00e9vang\u00e9lisation massive et la formation de nouveaux croyants.<\/li>\n<\/ul>\n<p><strong>CHILI<br \/>\n<\/strong>Louez Dieu pour :<\/p>\n<ul>\n<li>Nos 170 pasteurs qui, jour apr\u00e8s jour, prennent soin du troupeau du Seigneur dans toutes les \u00e9glises du pays.<\/li>\n<li>Notre \u00e9quipe de ouvriers internationaux. La sollicitude de Dieu a \u00e9t\u00e9 \u00e9vidente au milieu de leur situation.<\/li>\n<\/ul>\n<p>Veuillez prier pour :<\/p>\n<ul>\n<li>Les divers programmes d\u2019\u00e9vang\u00e9lisation, d\u2019implantation d\u2019\u00e9glises et de missions mis en \u0153uvre par nos \u00e9glises.<\/li>\n<li>Plusieurs de nos pasteurs sont \u00e0 la retraite, dont certains sont \u00e2g\u00e9s.<\/li>\n<\/ul>\n<p><strong>VENEZUELA<br \/>\n<\/strong>Veuillez prier pour :<\/p>\n<ul>\n<li>Que Dieu d\u2019appeler des serviteurs au minist\u00e8re pastoral pour deux de nos \u0153uvres d\u2019extension.<\/li>\n<li>Ouvrir des portes dans les entit\u00e9s gouvernementales pour la mise \u00e0 jour des documents de nos \u00e9glises.<\/li>\n<li>Venezuela et le processus \u00e9lectoral. Prions pour la mis\u00e9ricorde, la paix, la protection et l\u2019accompagnement de chaque citoyen dans l\u2019exercice de son droit de vote.<\/li>\n<\/ul>\n<p><strong>P\u00c9ROU<br \/>\n<\/strong>Veuillez prier pour :<\/p>\n<ul>\n<li>Une nouvelle g\u00e9n\u00e9ration de responsables de jeunesse et de pasteurs form\u00e9s et engag\u00e9s, enracin\u00e9s dans l\u2019Alliance.<\/li>\n<li>Aux parents d\u2019instruire leurs enfants dans la Parole de Dieu et de construire des familles saines pour le t\u00e9moignage d\u2019une soci\u00e9t\u00e9 qui a besoin d\u2019un bon mod\u00e8le familial.<\/li>\n<\/ul>\n<hr>\n<p><strong>8 mai 2024<\/strong><\/p>\n<p><strong>R\u00c9GION EMERALD (EUROPE ET MOYEN-ORIENT) DE L\u2019UMA<br \/>\n<\/strong>Veuillez prier pour :<\/p>\n<ul>\n<li>Les \u00e9glises de l\u2019Alliance dans la r\u00e9gion, qui sont aux prises avec l\u2019impact de la guerre en Terre Sainte. Priez pour que Dieu donne de la sagesse \u00e0 tous les responsables d\u2019\u00e9glises. Satan essaie de prendre le contr\u00f4le et d\u2019emmener beaucoup d\u2019\u00e2mes avec lui, et notre r\u00f4le en tant qu\u2019\u00e9glise, par la puissance du Christ, est de briser les plans et les oppressions de Satan sur la Terre Sainte.<\/li>\n<\/ul>\n<p><strong>MOBILISATION DES MISSIONS DE L\u2019EMERALD DE L\u2019UMA<br \/>\n<\/strong>Louez Dieu pour :<\/p>\n<ul>\n<li>Sa fid\u00e9lit\u00e9 et les ressources qu\u2019il a fournies pour ramener la fille d\u2019Eoghan Cosgrave, Lucille, \u00e0 la maison pour un traitement m\u00e9dical. Priez pour que Dieu continue \u00e0 la gu\u00e9rir, \u00e0 donner de la sagesse \u00e0 ses m\u00e9decins et \u00e0 la ramener en pleine sant\u00e9.<\/li>\n<\/ul>\n<p>Veuillez prier pour :<\/p>\n<ul>\n<li>Eoghan qui se rend aux Etats-Unis pour suivre une formation compl\u00e9mentaire sur le R\u00e9tablissement de la Paix par l\u2019Alliance, afin d\u2019aider au processus de m\u00e9diation dans la communaut\u00e9 de l\u2019Alliance en Italie.<\/li>\n<\/ul>\n<p><strong>CAMA ZENDING &#8211; PAYS-BAS<br \/>\n<\/strong>Veuillez prier pour :<\/p>\n<ul>\n<li>Nos efforts pour commencer un voyage num\u00e9rique avec des ouvriers internationaux qui ont \u00e9t\u00e9 expuls\u00e9s d\u2019un pays d\u2019Asie du Sud-Ouest. Nous cherchons \u00e0 atteindre les habitants de ce pays dans leur langue par le biais d\u2019Internet.<\/li>\n<li>Notre projet de soutenir l\u2019\u00e9glise de l\u2019Alliance \u00e0 Manchester, en Grande-Bretagne, avec une \u00e9quipe d\u2019une \u00e9cole biblique aux Pays-Bas. Priez pour des portes ouvertes, de bons contacts et du plaisir.<\/li>\n<li>Nos fr\u00e8res et s\u0153urs des Pays-Bas, afin qu\u2019ils aient le courage de demander aux missionnaires du Sud mondial de \u00ab venir nous aider \u00bb \u00e0 soutenir les \u00e9glises n\u00e9erlandaises dans leurs efforts pour atteindre leur propre pays. Priez pour que Dieu nous montre un chemin clair vers l\u2019avant, car nous ne faisons qu\u2019apprendre.<\/li>\n<\/ul>\n<p><strong>FRANCE<br \/>\n<\/strong>Louez Dieu pour :<\/p>\n<ul>\n<li>Le succ\u00e8s de la Conf\u00e9rence des Femmes de l\u2019Alliance \u00ab Reconna\u00eetre la voix de Dieu \u00bb qui a eu lieu en avril avec plus de 130 femmes de l\u2019Alliance venues de toute la France.<\/li>\n<\/ul>\n<p>Veuillez prier pour :<\/p>\n<ul>\n<li>L\u2019Assembl\u00e9e G\u00e9n\u00e9rale Annuelle de la famille de l\u2019Alliance en France le 25 mai. Priez pour que Dieu guide nos pas alors que nous cherchons \u00e0 briller de son amour, de sa gr\u00e2ce et de sa v\u00e9rit\u00e9 dans toute la France.<\/li>\n<li>Les pr\u00e9paratifs pour partager la bonne nouvelle de l\u2019\u00e9vangile \u00e0 Paris pendant les Jeux Olympiques. La famille de l\u2019Alliance s\u2019associe \u00e0 la famille \u00e9vang\u00e9lique plus large en France sur le projet du Festival de Louange de Paris dans ce but.<\/li>\n<li>La nouvelle initiative nationale de l\u2019Alliance pour la jeunesse en France et les pr\u00e9paratifs pour r\u00e9unir les responsables de la jeunesse de toutes nos \u00e9glises en novembre.<\/li>\n<\/ul>\n<p><strong>HONGRIE<br \/>\n<\/strong>Louez Dieu pour :<\/p>\n<ul>\n<li>Le temps que les ouvriers internationaux Elisa et Jos\u00e9 Nemet ont pu passer en Argentine en mars et avril, visitant des \u00e9glises et partageant l\u2019\u0153uvre que Dieu accomplit en Hongrie.<\/li>\n<\/ul>\n<p>Veuillez prier pour :<\/p>\n<ul>\n<li>Que le Seigneur continue \u00e0 nous soutenir dans la pr\u00e9dication de l\u2019\u00e9vangile dans les quatre villages o\u00f9 nous travaillons aujourd\u2019hui : Pusztaszabolcs, Adony, Iv\u00e1ncsa et Besny\u0151.<\/li>\n<li>La sagesse de Dieu pour continuer \u00e0 atteindre les perdus et les conduire sur le chemin du Christ dans plus de 20 villages o\u00f9 il n\u2019y a toujours pas de pr\u00e9sence chr\u00e9tienne.<\/li>\n<li>Notre missionnaire Fanny Levicoy, qui retournera en Argentine en juin pour quelques mois. Priez pour que le Seigneur b\u00e9nisse son s\u00e9jour l\u00e0-bas et guide tout pour son retour en Hongrie.<\/li>\n<\/ul>\n<p><strong>ITALIE<br \/>\n<\/strong>Louez Dieu pour :<\/p>\n<ul>\n<li>L\u2019\u00c9quipe de Soutien \u00e0 l\u2019\u00c9tablissement de la Paix de l\u2019Alliance, qui fournit la formation, les conseils et la sagesse n\u00e9cessaires \u00e0 l\u2019\u00e9quipe de m\u00e9diation, alors que nous cherchons \u00e0 soutenir nos fr\u00e8res et s\u0153urs sur la voie de la gu\u00e9rison et de la r\u00e9conciliation.<\/li>\n<\/ul>\n<p><strong>JORDANIE<br \/>\n<\/strong>Veuillez prier pour :<\/p>\n<ul>\n<li>Que la paix r\u00e8gne dans notre pays et que Dieu mette fin \u00e0 la guerre qui affecte toute la r\u00e9gion.<\/li>\n<li>Les difficult\u00e9s auxquelles la Jordanie est confront\u00e9e en raison de la guerre. Nous avons besoin d\u2019une perc\u00e9e \u00e9conomique.<\/li>\n<\/ul>\n<p><strong>PAYS-BAS<br \/>\n<\/strong>Veuillez prier pour :<\/p>\n<ul>\n<li>Les projets d\u2019implantation d\u2019\u00e9glises \u00e0 Leidschendam et Beilen. Nous travaillons avec d\u2019autres \u00e9glises locales et des \u00e9glises de la r\u00e9gion pour voir quel est le plan de Dieu pour la r\u00e9gion. Nous en sommes encore aux premi\u00e8res \u00e9tapes.<\/li>\n<li>L\u2019Assembl\u00e9e G\u00e9n\u00e9rale du 24 mai avec toutes les \u00e9glises de notre communaut\u00e9. Nous discuterons, entre autres, du r\u00e8glement pour les pasteurs et nous voterons pour les nouveaux membres du conseil d\u2019administration.<\/li>\n<\/ul>\n<p><strong>ESPAGNE<br \/>\n<\/strong>Veuillez prier pour :<\/p>\n<ul>\n<li>A &amp; A &amp; A qui posent des questions profondes et se d\u00e9battent avec la confession de J\u00e9sus comme unique Sauveur. L\u2019\u00e9tude de style Alpha Al Massira a \u00e9t\u00e9 le v\u00e9hicule que le Saint-Esprit a utilis\u00e9 pour amener plusieurs Iraniens \u00e0 reconna\u00eetre le Christ comme Seigneur et Dieu. Deux d\u2019entre eux sont proches du Royaume des cieux.<\/li>\n<li>Said dans le projet AMOR et son adaptation aux dispositions et aux r\u00e8gles d\u2019un foyer de groupe, ainsi que son acceptation et son assimilation dans le groupe.<\/li>\n<li>Les n\u00e9gociations pour l\u2019agrandissement de l\u2019\u00e9cole LIFE \u00e0 Tres Cantos (Madrid). Elles sont dans une impasse, ce qui peut \u00eatre la fa\u00e7on dont Dieu ferme cette porte et en ouvre une autre, ou il peut s\u2019agir d\u2019une r\u00e9sistance spirituelle de la part du propri\u00e9taire que Dieu surmontera en adoucissant son c\u0153ur cette semaine.<\/li>\n<\/ul>\n<p><strong>R\u00c9SEAU DE L\u2019\u00c9GLISE DE L\u2019ALLIANCE DE TOUTES LES NATIONS (CAN DE L\u2019ALLIANCE)<br \/>\n<\/strong>Louez Dieu pour :<\/p>\n<ul>\n<li>Le minist\u00e8re du R\u00e9seau International des \u00c9glises Missionnaires (MICN), son ouverture et son soutien \u00e0 la famille de l\u2019Alliance.<\/li>\n<\/ul>\n<p>Veuillez prier pour :<\/p>\n<ul>\n<li>La Conf\u00e9rence Europ\u00e9enne de Recharge du MICN \u00e0 Rome. Nous y parlerons du projet \u00c9glise de l\u2019Alliance de Toutes les Nations.<\/li>\n<\/ul>\n<p><strong>MINISTERES DE LA DIASPORA DE L\u2019ALLIANCE (MDA)<br \/>\n<\/strong>Veuillez prier pour :<\/p>\n<ul>\n<li>Les pr\u00e9paratifs du rassemblement des minist\u00e8res de la diaspora de l\u2019Alliance \u00e0 Burbach, en Allemagne, du 3 au 6 juin. Prions pour les finances afin de maximiser la participation des ouvriers de l\u2019Alliance au rassemblement des MDA.<\/li>\n<\/ul>\n<p><strong>FORMATION DE L\u2019ALLIANCE<br \/>\n<\/strong>Louez Dieu pour :<\/p>\n<ul>\n<li>La volont\u00e9 de l\u2019Alliance en Espagne (FIACME) d\u2019accueillir la nouvelle Conf\u00e9rence sur l\u2019Identit\u00e9 de l\u2019Alliance et la Formation Th\u00e9ologique de la Commission Internationale d\u2019\u00c9ducation Th\u00e9ologique (ICTE) de l\u2019UMA \u00e0 Madrid, les 25 et 26 octobre.<\/li>\n<\/ul>\n<hr>\n<p><strong>1er mai 2024<\/strong><\/p>\n<p><strong>1) R\u00c9GION APAC (ASIE PACIFIQUE) DE L\u2019UMA<\/strong><\/p>\n<p><strong>INDONESIE<br \/>\n<\/strong>Veuillez prier pour :<\/p>\n<ul>\n<li>Notre congr\u00e9gation \u00e0 Enangena-Homeyo en Papouasie centrale. Ils ont subi un glissement de terrain. Sept maisons et une \u00e9cole biblique ont \u00e9t\u00e9 d\u00e9truites, et leurs terres agricoles ont \u00e9galement \u00e9t\u00e9 endommag\u00e9es. Leur vie d\u00e9pend fortement des produits agricoles. L\u2019\u00e9glise nationale s\u2019efforce de leur envoyer une aide alimentaire.<\/li>\n<li>S\u0153ur Yunita, qui se pr\u00e9pare \u00e0 devenir missionnaire au Timor-Oriental. Ce pays faisait autrefois partie de l\u2019Indon\u00e9sie, mais il s\u2019est s\u00e9par\u00e9 en \u2018999 pour devenir un pays ind\u00e9pendant. Nous y avions une \u00e9glise CMA, mais elle n\u2019existe plus. Merci de prier pour de nouveaux plans missionnaires et pour l\u2019implantation d\u2019\u00e9glises au Timor-Oriental. Priez aussi pour notre partenariat avec la CMA Australie dans ce travail.<\/li>\n<li>Le pasteur Kaminus Maniagasi, qui, \u00e0 l\u2019\u00e2ge de 82 ans, continue d\u2019\u00eatre le pasteur d\u2019une congr\u00e9gation isol\u00e9e de l\u2019Alliance dans le village de Fimore, dans le district de Wonti, une \u00eele situ\u00e9e \u00e0 l\u2019extr\u00eame nord de la Papouasie. Prions pour sa sant\u00e9 et son minist\u00e8re, ainsi que pour ceux de sa femme.<\/li>\n<\/ul>\n<p><strong>MYANMAR<br \/>\n<\/strong>Veuillez prier pour :<\/p>\n<ul>\n<li>Le minist\u00e8re de l\u2019\u00e9glise &#8211; pastoral et missionnaire. Priez pour que l\u2019\u00e9glise soit fid\u00e8le et fructueuse au milieu de la guerre civile.<\/li>\n<li>Notre congr\u00e9gation \u00e0 Tuivar, dans le Haut Myanmar. Ils ont r\u00e9cemment fui leurs maisons et se sont r\u00e9fugi\u00e9s dans d\u2019autres villes et r\u00e9gions \u00e9loign\u00e9es \u00e0 cause des affrontements entre l\u2019arm\u00e9e du Myanmar et les r\u00e9volutionnaires. Leurs biens ont \u00e9t\u00e9 cambriol\u00e9s et le b\u00e2timent de l\u2019\u00e9glise a \u00e9t\u00e9 l\u00e9g\u00e8rement endommag\u00e9 par des tirs d\u2019artillerie. La plupart des gens sont maintenant rentr\u00e9s chez eux, mais certains sont toujours d\u00e9plac\u00e9s et d\u2019autres ont fui vers l\u2019Inde. Merci de prier pour que Dieu les r\u00e9conforte, les prot\u00e8ge et les r\u00e9tablisse.<\/li>\n<\/ul>\n<p>&nbsp;<\/p>\n<p><strong>2) R\u00c9GION AM\u00c9RIQUE DU NORD DE L\u2019UMA<\/strong><\/p>\n<p><strong>\u00c9TATS-UNIS<br \/>\n<\/strong>Veuillez prier pour :<\/p>\n<ul>\n<li>Les districts de l\u2019Est espagnol, de l\u2019Ouest des Grands Lacs, de Cor\u00e9e, de l\u2019Alliance du Nord-Ouest, du Pacifique central, des Grands Lacs et du Pacifique Sud, qui se r\u00e9uniront en conf\u00e9rence de district au printemps. Certains districts vont \u00e9lire de nouveaux surintendants de district ; demandez \u00e0 Dieu sa sagesse et sa direction dans ce processus. Priez \u00e9galement pour le repos et l\u2019unit\u00e9 des personnes r\u00e9unies, pour des voyages en toute s\u00e9curit\u00e9 et pour que la volont\u00e9 de Dieu soit faite dans tous les rassemblements.<\/li>\n<li>Repos et rafra\u00eechissement pour le personnel et les responsables des \u00e9glises de l\u2019Alliance \u00e0 travers les Etats-Unis apr\u00e8s la saison de P\u00e2ques tr\u00e8s charg\u00e9e. Prions pour que toutes les activit\u00e9s aient un impact spirituel durable. Priez en particulier pour un suivi significatif des personnes en recherche qui ont assist\u00e9 \u00e0 des services sp\u00e9ciaux et \u00e0 d\u2019autres activit\u00e9s de proximit\u00e9 pendant la Semaine Sainte. Que le nom de J\u00e9sus soit connu et proclam\u00e9 ; que les pasteurs et les travailleurs soient encourag\u00e9s par le fruit de leur travail.<\/li>\n<\/ul>\n<p><strong>CANADA<br \/>\n<\/strong>Veuillez prier pour les Ouvriers Internationaux :<\/p>\n<ul>\n<li>Foster et Ebby qui commencent l\u2019apprentissage de la langue dans leur nouveau pays en Asie. Priez pour la sagesse et la patience afin qu\u2019ils apprennent bien la langue. Ils soumettront bient\u00f4t leur demande de r\u00e9sidence permanente ; priez pour que les autorit\u00e9s acceptent tous les documents.<\/li>\n<li>Que Gavin et Nadia se reposent et r\u00e9cup\u00e8rent pendant qu\u2019ils s\u2019int\u00e8grent \u00e0 la culture canadienne. Priez pour de futures explorations et opportunit\u00e9s professionnelles qui apportent vie, passion et \u00e9quilibre \u00e0 leur famille.<\/li>\n<\/ul>\n<p>&nbsp;<\/p>\n<hr>\n<p>&nbsp;<\/p>\n<h2><strong>Pri\u00e8res de l\u2019UMA &#8211; Avril 2024<\/strong><\/h2>\n<p>&nbsp;<\/p>\n<p><strong>17 avril 2024<\/strong><\/p>\n<p><strong>R\u00c9GION CLA (AM\u00c9RIQUE LATINE) DE L\u2019UMA<\/strong><\/p>\n<p><strong>URUGUAY<br \/>\n<\/strong>Louez Dieu pour :<\/p>\n<ul>\n<li>Les plus de 400 femmes qui ont particip\u00e9 au rassemblement national des femmes \u00e0 Rivera. Ce fut un moment privil\u00e9gi\u00e9 de communion et d\u2019\u00e9dification sous le th\u00e8me \u00ab Restaur\u00e9es par la Foi \u00bb.<\/li>\n<li>Le succ\u00e8s de la convention nationale qui nous a permis de voir ce que le Seigneur fait dans les diff\u00e9rentes congr\u00e9gations.<\/li>\n<\/ul>\n<p>Veuillez prier pour :<\/p>\n<ul>\n<li>Que notre pays connaisse une avanc\u00e9e de l\u2019\u00e9vangile. Des \u00e9tudes r\u00e9centes montrent que l\u2019Uruguay est le pays le moins croyant d\u2019Am\u00e9rique latine. Seuls 5 % sont \u00e9vang\u00e9liques.<\/li>\n<\/ul>\n<p><strong>BR\u00c9SIL<br \/>\n<\/strong>Veuillez prier pour :<\/p>\n<ul>\n<li>Le S\u00e9minaire Th\u00e9ologique A. W. Tozer et la premi\u00e8re r\u00e9union du nouveau conseil d\u2019administration \u00e0 la fin de ce mois. Priez \u00e9galement pour les \u00e9tudiants qui obtiendront leur dipl\u00f4me cette ann\u00e9e et pour ceux qui entameront un nouveau cycle de quatre ans en 2025.<\/li>\n<li>Le D\u00e9partement National des Missions : pour la sant\u00e9, les finances et les d\u00e9fis minist\u00e9riels auxquels sont confront\u00e9s les responsables de ce d\u00e9partement. Prions pour de nouveaux partenariats, tant au niveau des projets que de la fid\u00e9lit\u00e9 aux contributions, afin d\u2019accro\u00eetre la prise en charge des missionnaires sur le terrain. Prions \u00e9galement pour la sagesse, la guidance et la provision de Dieu pour les \u00e9glises d\u2019envoi et leurs pasteurs.<\/li>\n<li>Les mariages des pasteurs, des ministres et des missionnaires. Que Dieu prot\u00e8ge leurs familles des mensonges de l\u2019ennemi \u00e0 leur sujet et au sujet de leurs conjoints.<\/li>\n<li>Les nouveaux projets d\u2019implantation d\u2019\u00e9glises qui d\u00e9marrent dans le sud et le sud-est du Br\u00e9sil.<\/li>\n<\/ul>\n<p><strong>ARGENTINE<br \/>\n<\/strong>Louez Dieu pour :<\/p>\n<ul>\n<li>Sa fid\u00e9lit\u00e9 dans les finances de l\u2019\u00e9glise. M\u00eame au milieu de la crise que traverse notre pays, nous pouvons voir la provision du Seigneur.<\/li>\n<li>La visite en Argentine de la famille Nemet, nos missionnaires en Hongrie. Ils ont eu l\u2019occasion de visiter des \u00e9glises dans toute l\u2019Argentine.<\/li>\n<\/ul>\n<p>Veuillez prier pour :<\/p>\n<ul>\n<li>L\u2019argent dont nous avons besoin pour acqu\u00e9rir des propri\u00e9t\u00e9s pour plusieurs \u00e9glises qui louent des b\u00e2timents. Elles paient des loyers \u00e9lev\u00e9s en raison du taux d\u2019inflation \u00e9lev\u00e9 du pays.<\/li>\n<li>La sant\u00e9 physique de plusieurs membres de nos familles pastorales qui suivent des traitements pour diverses maladies.<\/li>\n<li>La retraite des jeunes et des responsables d\u2019adolescents, les 4 et 5 mai.<\/li>\n<\/ul>\n<p><strong>VENEZUELA<br \/>\n<\/strong>Louez Dieu pour :<\/p>\n<ul>\n<li>La campagne d\u2019\u00e9vang\u00e9lisation de l\u2019\u00e9glise de l\u2019Alliance La Esperanza dans le secteur de Tocuyito, dans l\u2019\u00c9tat de Carabobo.<\/li>\n<\/ul>\n<p>Prions pour :<\/p>\n<ul>\n<li>Les responsables qui se sont engag\u00e9s \u00e0 activer le minist\u00e8re de la jeunesse dans l\u2019\u00e9glise CMA de Chuao.<\/li>\n<li>L\u2019orientation, la direction et la provision de Dieu pour les deux lieux o\u00f9 l\u2019\u00e9glise CMA de Bel\u00e9n (Etat de Carabobo) et l\u2019\u00e9glise CMA de Cartanal (Etat de Miranda) peuvent se rassembler.<\/li>\n<li>Sant\u00e9, conseils, direction et r\u00e9v\u00e9lation pour le corps pastoral de la CMA du Venezuela.<\/li>\n<li>Que le Seigneur ouvre des portes pour la mise \u00e0 jour des documents l\u00e9gaux de plusieurs de nos \u00e9glises aupr\u00e8s des agences gouvernementales.<\/li>\n<li>Prions pour la mis\u00e9ricorde et la gr\u00e2ce de Dieu lors des prochaines \u00e9lections, compte tenu de la crise politique, sociale et \u00e9conomique.<\/li>\n<\/ul>\n<p><strong>PANAMA<br \/>\n<\/strong>Louez Dieu pour :<\/p>\n<ul>\n<li>La retraite spirituelle des \u00e9glises chinoises pendant la semaine sainte, le message du pasteur guat\u00e9malt\u00e8que David Ruiz et le d\u00e9fi qu\u2019il nous a lanc\u00e9.<\/li>\n<\/ul>\n<p>Veuillez prier pour :<\/p>\n<ul>\n<li>Le travail minist\u00e9riel des six pasteurs r\u00e9cemment ordonn\u00e9s \u00e0 l\u2019\u00e9glise de Cerro Viento.<\/li>\n<li>Le minist\u00e8re des hommes de la CMA Brisas del Golf et pour une bonne participation \u00e0 l\u2019\u00e9v\u00e9nement qu\u2019ils organiseront le 27 avril.<\/li>\n<li>Le bapt\u00eame pr\u00e9vu pour le 12 mai, et pour les nouveaux croyants qui feront leur pas de foi public.<\/li>\n<li>La provision et la guidance de Dieu pour le couple missionnaire Miguel et Yngrid Grassals alors qu\u2019ils d\u00e9m\u00e9nagent dans une nouvelle maison.<\/li>\n<li>Que le Seigneur fournisse une propri\u00e9t\u00e9 \u00e0 la CMA Brisas del Golf.<\/li>\n<\/ul>\n<p><strong>CUBA<br \/>\n<\/strong>Veuillez prier pour :<\/p>\n<ul>\n<li>Notre vision REACH 30, qui consiste \u00e0 former 1 000 nouveaux disciples et 350 responsables d\u2019ici le 30e anniversaire de la CMA de Cuba, en novembre 2025.<\/li>\n<li>La logistique et les pr\u00e9paratifs du s\u00e9minaire de juin, avec la participation du r\u00e9v\u00e9rend David Muthre, coordinateur r\u00e9gional de l\u2019UMA pour l\u2019Am\u00e9rique latine.<\/li>\n<li>La construction du si\u00e8ge de la r\u00e9gion Est.<\/li>\n<\/ul>\n<p><strong>COLOMBIE<br \/>\n<\/strong>Veuillez prier pour :<\/p>\n<ul>\n<li>La formation des dix nouveaux \u00e9tudiants du Centre de Formation Interculturelle A. B. Simpson. Priez pour leur engagement et pour les \u00e9glises qui les accompagneront dans ce processus.<\/li>\n<li>Le minist\u00e8re de l\u2019Alliance pour les enfants \u00ab Peque\u00f1os Aliancistas \u00bb dans toute la Colombie. Que le Seigneur garde les enfants des attaques de l\u2019ennemi et qu\u2019ils r\u00e9sistent aux tentations des t\u00e9n\u00e8bres.<\/li>\n<\/ul>\n<p><strong>HA\u00cfTI<br \/>\n<\/strong>Veuillez prier pour :<\/p>\n<ul>\n<li>La sant\u00e9 de S\u0153ur Ada, afin que son traitement contre le cancer soit efficace et qu\u2019elle soit fortifi\u00e9e tout au long du processus. Ada est l\u2019\u00e9pouse du pr\u00e9sident de l\u2019Alliance pour Ha\u00efti.<\/li>\n<li>Une force et une paix nouvelles pour les pasteurs de l\u2019Alliance, afin qu\u2019ils puissent continuer \u00e0 porter l\u2019\u00e9vangile de J\u00e9sus-Christ.<\/li>\n<li>Notre pays dans cette situation catastrophique. Priez pour que ceux qui causent la destruction et le meurtre puissent conna\u00eetre J\u00e9sus. Priez aussi pour que le peuple ha\u00eftien puisse exp\u00e9rimenter la paix de Dieu pendant la crise et qu\u2019il ait la nourriture, l\u2019eau et le carburant dont il a besoin.<\/li>\n<\/ul>\n<p><strong>&nbsp;<\/strong><strong>\u00c9QUATEUR<br \/>\n<\/strong>Veuillez prier pour :<\/p>\n<ul>\n<li>Les \u00c9coles Bibliques de Vacances que les \u00e9glises de la CMA d\u2019Equateur organisent. Priez pour que les enfants, les jeunes et les adultes apprennent l\u2019\u00e9vangile de J\u00e9sus-Christ.<\/li>\n<li>Les pr\u00e9paratifs de la Conf\u00e9rence Nationale des Femmes, qui se tiendra du 8 au 10 ao\u00fbt dans la ville de Cuenca.<\/li>\n<\/ul>\n<p><strong>BOLIVIE<br \/>\n<\/strong>Veuillez prier pour :<\/p>\n<ul>\n<li>Les \u00e9tudiants du nouveau S\u00e9minaire de l\u2019Alliance en Bolivie, afin qu\u2019ils confirment leur d\u00e9vouement au Seigneur.<\/li>\n<li>Qu\u2019une famille missionnaire vienne en Bolivie pour commencer un nouveau travail.<\/li>\n<li>La force spirituelle pour les responsables de l\u2019\u00e9glise qui doivent faire face \u00e0 de nouveaux d\u00e9fis.<\/li>\n<\/ul>\n<p><strong>R\u00c9PUBLIQUE DOMINICAINE<br \/>\n<\/strong>Veuillez prier pour :<\/p>\n<ul>\n<li>Les pasteurs qui n\u2019ont toujours pas de maison ou de b\u00e2timent d\u2019\u00e9glise. Que Dieu ouvre les portes de la b\u00e9n\u00e9diction et touche les gens pour qu\u2019ils soutiennent les pasteurs et les minist\u00e8res de leurs \u00e9glises.<\/li>\n<li>Les jeunes et les musiciens de nos \u00e9glises. Priez pour que Dieu les utilise comme canal de b\u00e9n\u00e9diction, qu\u2019il leur donne la sagesse de continuer \u00e0 grandir en Christ, et qu\u2019il leur donne de nouveaux dons et de nouveaux minist\u00e8res.<\/li>\n<\/ul>\n<hr>\n<p><strong>10 avril 2024<\/strong><\/p>\n<p><strong>R\u00c9GION AFRIQUE DE L\u2019UMA<\/strong><\/p>\n<p><strong>CONGO (BRAZZAVILLE)<br \/>\n<\/strong>Veuillez prier pour :<\/p>\n<ul>\n<li>Le r\u00e9confort de Dieu pour S\u0153ur Claire, l\u2019\u00e9pouse de feu le r\u00e9v\u00e9rend Albert Bilongo, pr\u00e9sident de l\u2019\u00c9glise de l\u2019Alliance du Congo. Il est d\u00e9c\u00e9d\u00e9 le dimanche de P\u00e2ques, le 31 mars, \u00e0 Brazzaville. Le r\u00e9v\u00e9rend Bilongo souffrait de diab\u00e8te et d\u2019hypertension depuis deux mois. Priez aussi pour le confort, la guidance et la sagesse de Dieu pour la CMA du Congo.<\/li>\n<\/ul>\n<p><strong>LIBERIA<br \/>\n<\/strong>Veuillez prier pour :<\/p>\n<ul>\n<li>Le r\u00e9confort de Dieu pour les familles des 16 personnes d\u00e9c\u00e9d\u00e9es r\u00e9cemment dans une coul\u00e9e de boue dans une mine d\u2019or du comt\u00e9 de Rivercess. Certains des travailleurs \u00e9taient membres de l\u2019\u00e9glise de l\u2019Alliance.<\/li>\n<li>La conf\u00e9rence nationale des femmes, du 18 au 21 avril. Prions \u00e9galement pour S\u0153ur Doris Z. Toe, la nouvelle pr\u00e9sidente par int\u00e9rim du minist\u00e8re des femmes au Lib\u00e9ria.<\/li>\n<li>L\u2019ordination du pasteur Francis Kollie le 5 mai en tant que surintendant du district du comt\u00e9 de Lofa de l\u2019association CMA Liberia.<\/li>\n<\/ul>\n<p><strong>ANGOLA<br \/>\n<\/strong>Louez Dieu pour :<\/p>\n<ul>\n<li>La c\u00e9l\u00e9bration b\u00e9nie de l\u2019anniversaire du minist\u00e8re des femmes de l\u2019Alliance de l\u2019Angola, qui s\u2019est d\u00e9roul\u00e9e du 6 au 10 mars dans la province du Za\u00efre.<\/li>\n<li>Le succ\u00e8s de l\u2019\u00ab \u00e9change \u00bb de pasteurs qui ont visit\u00e9 des \u00e9glises dans tout le pays pendant la Semaine Sainte. De nombreuses personnes qui ont entendu le message ont d\u00e9cid\u00e9 de suivre J\u00e9sus. Il y a \u00e9galement eu des t\u00e9moignages sur les merveilles du Seigneur.<\/li>\n<\/ul>\n<p>Veuillez prier pour :<\/p>\n<ul>\n<li>Le pasteur Daniel Ndong\u00e1ni. Il a eu une crise d\u2019hypertension alors qu\u2019il saluait les membres de l\u2019\u00e9glise apr\u00e8s le culte du 29 mars. Il a \u00e9t\u00e9 transport\u00e9 \u00e0 l\u2019H\u00f4pital Central, situ\u00e9 \u00e0 environ 150 km. Son bras et sa jambe gauche sont paralys\u00e9s. Priez pour sa gu\u00e9rison et pour que le Seigneur pourvoie aux besoins de sa famille et de l\u2019\u00e9glise.<\/li>\n<\/ul>\n<p><strong>R\u00c9PUBLIQUE D\u00c9MOCRATIQUE DU CONGO (RDC)<br \/>\n<\/strong>Louez Dieu pour :<\/p>\n<ul>\n<li>Le s\u00e9minaire du minist\u00e8re des femmes de la RDC qui s\u2019est tenu \u00e0 Muanda du 2 au 5 avril sur le th\u00e8me \u00ab Marchez en toute confiance vers ta destin\u00e9e \u00bb. Ce s\u00e9minaire a rassembl\u00e9 plus de 1 400 femmes qui ont suivi les enseignements et se sont engag\u00e9es \u00e0 marcher avec Dieu.<\/li>\n<li>La participation financi\u00e8re de CAMA Zending (Pays-Bas) dans le partenariat missionnaire avec la RDC en Guin\u00e9e. Prions pour que le Seigneur ouvre la voie afin que les ressources soient toujours fournies pour l\u2019avancement de son Royaume \u00e0 travers ce partenariat.<\/li>\n<\/ul>\n<p>Veuillez prier pour :<\/p>\n<ul>\n<li>Le d\u00e9ploiement de deux familles missionnaires dans la province de Mongala, aupr\u00e8s des Pygm\u00e9es, dans le nord de la RDC. Priez pour que le Seigneur garde le r\u00e9v\u00e9rend Denis Kombetassie et son \u00e9pouse, qui accompagnent ces deux familles missionnaires dans une r\u00e9gion \u00e9loign\u00e9e et sans route, \u00e0 plus de 2 000 kilom\u00e8tres du Bureau National. Ce voyage leur prendra plus de deux mois \u00e0 bord des embarcations en bois.<\/li>\n<li>Le Mois de l\u2019\u00c9vang\u00e9lisation en mai, au cours duquel des activit\u00e9s sont organis\u00e9es pour l\u2019implantation de nouvelles \u00e9glises, la croissance et l\u2019\u00e9dification de l\u2019\u00e9glise.<\/li>\n<li>L\u2019ordination de pr\u00e8s de cinquante serviteurs d\u2019une nouvelle g\u00e9n\u00e9ration de vocations en juin. Prions pour que Dieu nous guide et nous donne les moyens de pr\u00e9parer et de r\u00e9ussir cette c\u00e9r\u00e9monie.<\/li>\n<li>Les deux districts du Plateau de Bateke. Les activit\u00e9s religieuses ont repris progressivement dans certains endroits, alors que les groupes rebelles continuent \u00e0 faire des incursions. La plupart des \u00e9glises restent ferm\u00e9es. Prions pour que la paix revienne dans cette r\u00e9gion de l\u2019ouest du pays. Prions \u00e9galement pour la r\u00e9gion dans l\u2019est, o\u00f9 les perspectives de paix dans la r\u00e9gion du Kivu s\u2019\u00e9loignent de jour en jour, et o\u00f9 les souffrances de la population de cette r\u00e9gion ne cessent de cro\u00eetre.<\/li>\n<\/ul>\n<p><strong>BURKINA FASO<br \/>\n<\/strong>Louez Dieu pour :<\/p>\n<ul>\n<li>Sa protection et sa direction pour l\u2019\u00c9quipe Nationale d\u2019\u00c9vang\u00e9lisation depuis le d\u00e9but de son programme annuel.<\/li>\n<li>Le succ\u00e8s de la Convention Nationale de la CMA du Burkina Faso, qui s\u2019est tenue du 25 au 29 mars \u00e0 Ouagadougou.<\/li>\n<\/ul>\n<p>Veuillez prier pour :<\/p>\n<ul>\n<li>Le Mois de la Jeunesse, au cours duquel les jeunes exercent leurs dons et leurs talents dans divers services de l\u2019\u00e9glise, en priant pour le minist\u00e8re parmi les enfants et les jeunes. Demandez au Seigneur de se r\u00e9v\u00e9ler \u00e0 eux et de les utiliser puissamment pour faire avancer son Royaume au Burkina.<\/li>\n<\/ul>\n<hr>\n<p><strong>3 avril 2024<\/strong><\/p>\n<p><strong>R\u00c9GION EMERALD (EUROPE ET MOYEN-ORIENT) DE L\u2019UMA<\/strong><\/p>\n<p><strong>JORDANIE<br \/>\n<\/strong>Veuillez prier pour :<\/p>\n<ul>\n<li>La r\u00e9gion qui est toujours sous pression \u00e0 cause de la guerre. Priez pour que Dieu intervienne et mette fin aux conflits.<\/li>\n<li>Une perc\u00e9e dans l\u2019\u00e9conomie jordanienne. Priez pour que Dieu ouvre de nouvelles opportunit\u00e9s d\u2019investissement.<\/li>\n<li>Un r\u00e9veil dans les \u00e9glises afin qu\u2019elles soient plus que jamais occup\u00e9es \u00e0 l\u2019\u0153uvre du Royaume.<\/li>\n<li>Le taux de ch\u00f4mage et la hausse des prix. Ils ne cessent d\u2019augmenter.<\/li>\n<\/ul>\n<p><strong>GRANDE-BRETAGNE<br \/>\n<\/strong>Veuillez prier pour :<\/p>\n<ul>\n<li>La sant\u00e9 et le bien-\u00eatre du pasteur Mike Baraniak, directeur de la CMA GB, et de sa famille.<\/li>\n<li>Les administrateurs de la CMA GB (David Turpin, Mark Sharman et Tony Benham), qui g\u00e8rent les affaires courantes de l\u2019Alliance en Grande-Bretagne en l\u2019absence de Mike. Prions pour que Dieu leur donne la sagesse, la gr\u00e2ce et l\u2019\u00e9nergie n\u00e9cessaires pour faire face aux nombreuses questions qui se posent.<\/li>\n<li>Les efforts de la CMA GB pour devenir une organisation de parrainage avec le minist\u00e8re de l\u2019Int\u00e9rieur doivent porter leurs fruits afin qu\u2019ils puissent parrainer de nouveaux missionnaires pour servir en Grande-Bretagne.<\/li>\n<\/ul>\n<p><strong>ESPAGNE<br \/>\n<\/strong>Louez Dieu pour :<\/p>\n<ul>\n<li>La r\u00e9cente Assembl\u00e9e G\u00e9n\u00e9rale en Espagne qui a \u00e9t\u00e9 une b\u00e9n\u00e9diction pour tous ceux qui y ont particip\u00e9.<\/li>\n<li>La recherche s\u00e9rieuse qui a lieu lors des r\u00e9unions hebdomadaires d\u2019\u00e9tude biblique organis\u00e9es par les travailleurs internationaux des \u00e9quipes du Minist\u00e8re de la Diaspora de l\u2019Alliance en Espagne. Ils peuvent difficilement contenir leur excitation face aux merveilleuses conversations qu\u2019ils ont eues r\u00e9cemment avec des individus et dans les r\u00e9unions \u00e0 travers <em>le Film de J\u00e9sus, Al Massira et les Evangiles<\/em>.<\/li>\n<li>Les nouveaux membres de Le R\u00e9seau, le groupe international d\u2019\u00e9tudiants chr\u00e9tiens de l\u2019universit\u00e9 de Malaga. Beaucoup sont des jeunes hommes, qui sont soit nouveaux dans la foi, soit en train d\u2019essayer de comprendre les choses. Nous sommes reconnaissants de faire partie de leur cheminement de disciple et nous voulons former une \u00e9tude biblique fondamentale dans ce but. Priez pour Alex, Jonas et Innocent qui en sont \u00e0 diff\u00e9rentes \u00e9tapes de leur foi. Priez aussi pour Wesley qui aide \u00e0 diriger.<\/li>\n<\/ul>\n<p>Veuillez prier pour :<\/p>\n<ul>\n<li>Le directeur de l\u2019\u00c9cole LIFE et le pr\u00e9sident du conseil d\u2019administration, Beno\u00eet Foucault, alors qu\u2019ils n\u00e9gocient la location d\u2019un espace suppl\u00e9mentaire dans leurs locaux actuels et la mise \u00e0 disposition de fonds pour l\u2019expansion. Prions pour que de nouveaux \u00e9tudiants s\u2019inscrivent \u00e0 la suite des r\u00e9centes journ\u00e9es portes ouvertes de l\u2019\u00c9cole LIFE.<\/li>\n<li>Les pr\u00e9paratifs en vue d\u2019accueillir la Conf\u00e9rence de Formation sur l\u2019Identit\u00e9 et la Th\u00e9ologie de l\u2019Alliance, organis\u00e9e par la Commission Internationale d\u2019\u00c9ducation Th\u00e9ologique (ICTE) de l\u2019UMA.<\/li>\n<\/ul>\n<p><strong>FRANCE<br \/>\n<\/strong>Louez Dieu pour :<\/p>\n<ul>\n<li>La nouvelle initiative nationale de l\u2019Alliance pour la jeunesse en France sous la direction de Samuel Kondano et de son \u00e9quipe de volontaires enthousiastes.<\/li>\n<\/ul>\n<p>Veuillez prier pour :<\/p>\n<ul>\n<li>La conf\u00e9rence des femmes de l\u2019Alliance \u00ab Reconna\u00eetre la voix de Dieu \u00bb \u00e0 Limoges, du 5 au 7 avril.<\/li>\n<li>L\u2019oratrice de la conf\u00e9rence, Laura Sharer de l\u2019\u00c9glise de l\u2019Alliance de Salem dans l\u2019Oregon, aux Etats-Unis. Priez pour qu\u2019elle soit inspir\u00e9e par le Saint-Esprit lorsqu\u2019elle partagera les fa\u00e7ons uniques dont nous sommes en relation avec Dieu, et qu\u2019elle fournira aux participants des outils et des occasions d\u2019entendre sa voix.<\/li>\n<\/ul>\n<p><strong>ITALIE<br \/>\n<\/strong>Veuillez prier pour :<\/p>\n<ul>\n<li>La croissance et l\u2019impact du minist\u00e8re de l\u2019Alliance en Italie, alors qu\u2019il \u00e9tend sa port\u00e9e par l\u2019\u00e9tablissement de nouvelles \u00e9glises, en particulier au sein de la communaut\u00e9 de la diaspora latino.<\/li>\n<li>L\u2019\u00e9quipe de m\u00e9diation : pour qu\u2019elle joue un r\u00f4le cl\u00e9 dans la r\u00e9conciliation et la gu\u00e9rison l\u00e0 o\u00f9 c\u2019est n\u00e9cessaire.<\/li>\n<\/ul>\n<p><strong>FORMATION DE L\u2019ALLIANCE<br \/>\n<\/strong>Louez Dieu pour :<\/p>\n<ul>\n<li>L\u2019Institut biblique INFORMA et ses deux programmes qui fonctionnent bien (licence en th\u00e9ologie et dipl\u00f4me en pastorale des jeunes) avec un bon nombre d\u2019\u00e9tudiants.<\/li>\n<\/ul>\n<p>Merci de prier pour :<\/p>\n<ul>\n<li>Le projet du ICTE de d\u00e9velopper une Conf\u00e9rence de Formation sur l\u2019Identit\u00e9 et la Th\u00e9ologie de l\u2019Alliance pour les \u00e9glises nationales de la r\u00e9gion EMERALD, afin d\u2019aider les pasteurs et les implanteurs d\u2019\u00e9glises de l\u2019Alliance \u00e0 faire grandir des \u00e9glises radicalement centr\u00e9es sur le Christ.<\/li>\n<li>Des ressources pour maximiser la participation \u00e0 la conf\u00e9rence de formation parmi tous les travailleurs de l\u2019Alliance parlant espagnol dans la r\u00e9gion EMERALD.<\/li>\n<li>L\u2019Institut biblique INFORMA, qui organisera une conf\u00e9rence sur \u00ab Le r\u00f4le des femmes dans le minist\u00e8re \u00bb (10-11 mai), conduira le module \u00ab Les sept \u00e9glises dans le Livre de l\u2019Apocalypse \u00bb en Turquie (2-12 septembre) et lancera un programme de dipl\u00f4me en missions en janvier 2025.<\/li>\n<\/ul>\n<p><strong>MINIST\u00c8RES DE LA DIASPORA DE L\u2019ALLIANCE (MDA)<br \/>\n<\/strong>Veuillez prier pour :<\/p>\n<ul>\n<li>Les pr\u00e9paratifs du rassemblement des Minist\u00e8res de la Diaspora de l\u2019Alliance \u00e0 Burbach, en Allemagne, du 3 au 6 juin. Priez pour que des ressources soient trouv\u00e9es afin de maximiser la participation des travailleurs de l\u2019Alliance au rassemblement MDA.<\/li>\n<\/ul>\n<p>&nbsp;<\/p>\n<hr>\n<p>&nbsp;<\/p>\n<h2><strong>Pri\u00e8res de l\u2019UMA &#8211; Mars 2024<\/strong><\/h2>\n<p>&nbsp;<\/p>\n<p><strong>20 mars 2024<\/strong><\/p>\n<p><strong>1) R\u00c9GION APAC (ASIE PACIFIQUE) DE L\u2019UMA<\/strong><\/p>\n<p><strong>INDONESIE<br \/>\n<\/strong>Veuillez prier pour :<\/p>\n<ul>\n<li>La r\u00e9union nationale annuelle \u00e0 Surabaya, Java Est, du 30 avril au 3 mai. Au cours de cet \u00e9v\u00e9nement, l\u2019\u00c9glise du Tabernacle de l\u2019\u00c9vangile d\u2019Indon\u00e9sie (CMA Indon\u00e9sie) proc\u00e9dera \u00e0 une \u00e9valuation de ses performances et coordonnera les actions \u00e0 entreprendre l\u2019ann\u00e9e prochaine. 250 responsables d\u2019\u00e9glises de toutes les r\u00e9gions d\u2019Indon\u00e9sie y participeront. Les pasteurs Timothy Her et Thai Hoang de la CMA Vietnam partageront leurs exp\u00e9riences sur l\u2019implication des la\u00efcs dans le minist\u00e8re.<\/li>\n<\/ul>\n<p><strong>TAIWAN<br \/>\n<\/strong>Veuillez prier pour :<\/p>\n<ul>\n<li>Trois de nos \u00e9glises deviennent ind\u00e9pendantes et autonomes cette ann\u00e9e.<\/li>\n<li>La sant\u00e9 du r\u00e9v\u00e9rend Silas Yang, pr\u00e9sident de la CMA Taiwan.<\/li>\n<\/ul>\n<p><strong>MONGOLIE<br \/>\n<\/strong>Veuillez prier pour :<\/p>\n<ul>\n<li>Les bergers de Mongolie. Ils ont \u00e9t\u00e9 confront\u00e9s \u00e0 un froid intense qui a entra\u00een\u00e9 la mort du b\u00e9tail. De nombreuses familles ont \u00e9t\u00e9 confront\u00e9es \u00e0 des p\u00e9nuries de nourriture et de carburant. Priez pour l\u2019\u00c9glise de l\u2019Alliance mongole qui pr\u00e9voit d\u2019aider les bergers \u00e0 surmonter les d\u00e9g\u00e2ts en minimisant les risques. Priez \u00e9galement pour le financement de l\u2019aide et le travail d\u2019\u00e9quipe, et pour que l\u2019\u00e9glise partage l\u2019espoir et l\u2019amour avec les bergers.<\/li>\n<li>La r\u00e9union des membres de l\u2019\u00c9glise de l\u2019Alliance mongole, du 12 au 13 avril.<\/li>\n<\/ul>\n<p>&nbsp;<\/p>\n<p><strong>2) R\u00c9GION CLA (AM\u00c9RIQUE LATINE) DE L\u2019UMA<\/strong><\/p>\n<p><strong>S\u00c9MINAIRES TH\u00c9OLOGIQUES ET INSTITUTS BIBLIQUES<br \/>\n<\/strong>Louez Dieu pour :<\/p>\n<ul>\n<li>Le d\u00e9but de l\u2019ann\u00e9e scolaire \u00e0 l\u2019Institut Biblique Buenos Aires en Argentine. Plus de 400 \u00e9tudiants sont inscrits.<\/li>\n<li>Le d\u00e9but des cours au S\u00e9minaire Th\u00e9ologique de l\u2019Alliance en Uruguay. Priez pour que le Seigneur continue \u00e0 soutenir les \u00e9tudiants, les encourageant \u00e0 grandir dans sa Parole et dans leur foi.<\/li>\n<li>Le d\u00e9but des activit\u00e9s du S\u00e9minaire Th\u00e9ologique de l\u2019Alliance au Chili, qui fonctionne dans trois endroits du pays. De nombreux \u00e9tudiants sont candidats au minist\u00e8re pastoral.<\/li>\n<\/ul>\n<p>Veuillez prier pour :<\/p>\n<ul>\n<li>Le conseil d\u2019administration nouvellement \u00e9lu du S\u00e9minaire Th\u00e9ologique A. W. Tozer au Br\u00e9sil pour les quatre prochaines ann\u00e9es. Que Dieu continue d\u2019y envoyer des \u00e9tudiants pour les former \u00e0 son service.<\/li>\n<li>Que les \u00e9tudiants du S\u00e9minaire et des Acad\u00e9mies Bibliques au Panama restent engag\u00e9s dans l\u2019approfondissement de la connaissance de Dieu.<\/li>\n<\/ul>\n<p><strong>PANAMA<br \/>\n<\/strong>Louez Dieu pour :<\/p>\n<ul>\n<li>La retraite commune des \u00e9glises qui s\u2019est tenue au Panama en f\u00e9vrier sur le th\u00e8me \u00ab Le Chemin de l\u2019Excellence \u00bb. Le Seigneur nous a b\u00e9nis en nous offrant une atmosph\u00e8re de communion et en nous transmettant sa Parole par l\u2019interm\u00e9diaire du pasteur Luis Ma, du minist\u00e8re chinois, et du Dr Mario Barbosa, du minist\u00e8re espagnol.<\/li>\n<\/ul>\n<p>Veuillez prier pour :<\/p>\n<ul>\n<li>Les six pasteurs nouvellement agr\u00e9\u00e9s. Ils ont termin\u00e9 leurs quatre ann\u00e9es de formation et ont pass\u00e9 leurs entretiens et leurs examens \u00e9crits avec le comit\u00e9 d\u2019attribution des licences en f\u00e9vrier. Ils sont maintenant officiellement des ouvriers de l\u2019Alliance au Panama. Priez pour la poursuite de leur formation et leurs futurs minist\u00e8res.<\/li>\n<li>La retraite de la Semaine Sainte de toutes les \u00e9glises chinoises au Panama. Priez pour l\u2019orateur principal, le pasteur David Ruiz, et pour le th\u00e8me \u00ab Un C\u0153ur du Royaume pour la Mission de l\u2019\u00c9glise \u00bb.<\/li>\n<li>Que le Seigneur pourvoie \u00e0 l\u2019acquisition d\u2019une propri\u00e9t\u00e9 pour l\u2019\u00e9glise CMA Brisas del Golf.<\/li>\n<\/ul>\n<p><strong>URUGUAY<br \/>\n<\/strong>Veuillez prier pour :<\/p>\n<ul>\n<li>Le Rencontre National des Femmes, les 25 et 26 mars \u00e0 Rivera. Que ce soit un temps d\u2019\u00e9dification et de communion dans le Seigneur.<\/li>\n<li>Que de nouveaux projets missionnaires soient mis en place dans notre pays.<\/li>\n<li>Que le Seigneur suscite de nouveaux pasteurs et ouvriers pour diriger les \u00e9glises.<\/li>\n<\/ul>\n<p><strong>GUATEMALA<br \/>\n<\/strong>Veuillez prier pour :<\/p>\n<ul>\n<li>Les 20 nouvelles personnes qui suivent le programme Elysien. Ce programme est compos\u00e9 de personnes qui ont ressenti l\u2019appel du Seigneur au minist\u00e8re pastoral et qui se pr\u00e9parent bibliquement et th\u00e9ologiquement au s\u00e9minaire et dans les domaines pratiques par des rencontres avec des pasteurs exp\u00e9riment\u00e9s.<\/li>\n<li>D\u00e9but de nos projets missionnaires au Belize et au Nicaragua.<\/li>\n<\/ul>\n<p><strong>VENEZUELA<br \/>\n<\/strong>Veuillez prier pour :<\/p>\n<ul>\n<li>L\u2019autosuffisance des \u00e9glises de l\u2019Alliance au Venezuela. L\u2019exode des fr\u00e8res et s\u0153urs a encore augment\u00e9, ce qui affecte les revenus des \u00e9glises qui essaient de remplir leurs engagements. Certaines d\u2019entre elles n\u2019ont pas de lieu pour se r\u00e9unir.<\/li>\n<li>Que Dieu suscite de nouveaux responsables pour renforcer le minist\u00e8re de la jeunesse \u00e0 l\u2019\u00e9glise de la CMA de Chuao.<\/li>\n<li>Le projet d\u2019agrandissement du b\u00e2timent de l\u2019\u00e9glise et la campagne d\u2019\u00e9vang\u00e9lisation que la CMA La Esperanza m\u00e8nera en avril.<\/li>\n<li>Fourniture de mat\u00e9riel pour chaque citoyen. Nous souffrons actuellement de coupures de courant continuelles, de l\u2019augmentation des prix du gaz, de l\u2019essence, des transports et d\u2019autres produits de base. Prions en particulier pour notre corps pastoral afin que le Seigneur r\u00e9ponde \u00e0 leurs besoins et renforce leur foi.<\/li>\n<li>Paix et justice au Venezuela. Prions pour qu\u2019il y ait une v\u00e9ritable r\u00e9conciliation entre les diff\u00e9rents groupes gouvernementaux et le peuple v\u00e9n\u00e9zu\u00e9lien. Prions aussi pour la sagesse de chaque \u00e9lecteur lors des \u00e9lections de juillet. Que Dieu touche le c\u0153ur des autorit\u00e9s gouvernementales afin qu\u2019elles prennent des d\u00e9cisions qui apporteront la paix et la prosp\u00e9rit\u00e9 au peuple.<\/li>\n<\/ul>\n<p><strong>BRESIL<br \/>\n<\/strong>Louez Dieu pour :<\/p>\n<ul>\n<li>La pr\u00e9dication de l\u2019\u00e9vangile dans les \u00e9glises par le biais des minist\u00e8res de l\u2019Alliance au Br\u00e9sil et dans le monde entier.<\/li>\n<li>Les pasteurs et les ministres qui se consacrent \u00e0 prendre soin des gens et \u00e0 les \u00e9quiper pour le Royaume.<\/li>\n<\/ul>\n<p>Veuillez prier pour :<\/p>\n<ul>\n<li>La nouvelle direction de notre D\u00e9partement Nationale des Missions, \u00e9lue lors du Conseil \u00e0 la fin du mois de janvier. Priez pour la sagesse, les conseils et le discernement de Dieu.<\/li>\n<li>La sant\u00e9 physique et \u00e9motionnelle, et les ressources financi\u00e8res de nos missionnaires au Portugal, au Mozambique, au Japon, en Asie et au Br\u00e9sil.<\/li>\n<li>Notre vision d\u2019implanter 50 nouvelles \u00e9glises d\u2019ici 2030. Que Dieu continue \u00e0 susciter des ouvriers pour r\u00e9aliser cette vision.<\/li>\n<\/ul>\n<p><strong>ARGENTINE<br \/>\n<\/strong>Veuillez prier pour :<\/p>\n<ul>\n<li>Que le Seigneur appelle une nouvelle g\u00e9n\u00e9ration de ouvriers au minist\u00e8re pastoral.<\/li>\n<li>Nos familles pastorales et nos Provision transculturels. Compte tenu de la situation \u00e9conomique du pays, qu\u2019ils fassent l\u2019exp\u00e9rience de la provision surnaturelle du Seigneur, qui r\u00e9pond \u00e0 tous les besoins.<\/li>\n<li>Provision de l\u2019achat de propri\u00e9t\u00e9s pour nos \u00e9glises en croissance. Les co\u00fbts \u00e9lev\u00e9s des loyers limitent les possibilit\u00e9s de fonctionnement des congr\u00e9gations.<\/li>\n<\/ul>\n<p><strong>EQUATEUR<br \/>\n<\/strong>Veuillez prier pour :<\/p>\n<ul>\n<li>Que Dieu pourvoie aux besoins des \u00e9glises, des pasteurs, des ministres et de leurs familles.<\/li>\n<li>Les journ\u00e9es d\u2019\u00e9vang\u00e9lisation par le biais des \u00c9coles Bibliques de Vacances organis\u00e9es par les \u00e9glises de l\u2019Alliance dans tout le pays.<\/li>\n<li>Les pr\u00e9paratifs du Congr\u00e8s National des Femmes, qui se tiendra du 8 au 10 ao\u00fbt \u00e0 Cuenca.<\/li>\n<li>Les familles touch\u00e9es par les fortes pluies et les glissements de terrain sur la c\u00f4te et dans les hauts plateaux.<\/li>\n<li>L\u2019\u00c9quateur. L\u2019ins\u00e9curit\u00e9 a augment\u00e9 en raison de la criminalit\u00e9 de rue et des groupes de trafiquants de drogue.<\/li>\n<\/ul>\n<p><strong>CHILIE<br \/>\n<\/strong>Louez Dieu pour :<\/p>\n<ul>\n<li>Les conseils nationaux des femmes et des jeunes nouvellement \u00e9lus.<\/li>\n<li>Sa mis\u00e9ricorde et la protection de nos familles de l\u2019Alliance contre les r\u00e9cents incendies de for\u00eat.<\/li>\n<\/ul>\n<p>Veuillez prier pour :<\/p>\n<ul>\n<li>La sant\u00e9 de nos pasteurs retrait\u00e9s.<\/li>\n<li>La saintet\u00e9 dans la vie des membres de nos \u00e9glises et de nos pasteurs.<\/li>\n<\/ul>\n<p><strong>CUBA<br \/>\n<\/strong>Veuillez prier pour :<\/p>\n<ul>\n<li>Les r\u00e9unions nationales de formation des dirigeants et de planification de l\u2019\u00e9ducation, du 2 au 5 avril.<\/li>\n<\/ul>\n<hr \/>\n<p><strong>13 mars 2024<\/strong><\/p>\n<p><strong>1) R\u00c9GION EMERALD (EUROPE ET MOYEN-ORIENT) DE L\u2019UMA<\/strong><\/p>\n<p><strong>TERRE SAINTE<br \/>\n<\/strong>Veuillez prier pour :<\/p>\n<ul>\n<li>La sagesse, la compassion et la patience pour les dirigeants des \u00e9glises de l\u2019Alliance en Terre Sainte.<\/li>\n<li>R\u00e9confort pour ceux qui ont perdu leurs proches. A l\u2019heure actuelle, plus de 30 000 personnes sont probablement mortes rien que dans la bande de Gaza. Cela inclut des milliers d\u2019enfants et de femmes.<\/li>\n<li>La s\u00e9curit\u00e9 des personnes kidnapp\u00e9es et leur retour dans leurs familles. Priez pour ceux qui ont perdu leurs proches du c\u00f4t\u00e9 Isra\u00e9lien.<\/li>\n<li>R\u00e9cup\u00e9ration rapide pour les bless\u00e9s. A l\u2019heure actuelle, il y a probablement plus de 100 000 000 de personnes bless\u00e9es.<\/li>\n<li>Les \u00e9glises (pour la plupart catholiques et orthodoxes) de Gaza sont devenues des refuges pour de nombreuses personnes.<\/li>\n<li>La communaut\u00e9 des croyants d\u2019origine musulmane \u00e0 Gaza (environ 50 \u00e0 notre connaissance).<\/li>\n<li>La s\u00e9curit\u00e9 et le bien-\u00eatre des habitants de Cisjordanie. Priez \u00e9galement pour que l\u2019\u00e9conomie ne s\u2019effondre pas.<\/li>\n<li>Sagesse pour les dirigeants isra\u00e9liens, palestiniens et r\u00e9gionaux.<\/li>\n<\/ul>\n<p>&nbsp;<\/p>\n<p><strong>2) R\u00c9GION AM\u00c9RIQUE DU NORD DE L\u2019UMA<\/strong><\/p>\n<p><strong>CANADA<br \/>\n<\/strong>Louez Dieu avec :<\/p>\n<ul>\n<li>Notre \u00e9quipe en Tha\u00eflande pour l\u2019embauche d\u2019un travailleur social-chr\u00e9tien tha\u00eflandais pour For Freedom International. Continuez \u00e0 prier pour un psychologue chr\u00e9tien tha\u00eflandais et un site pour le refuge. Priez pour les futurs membres de l\u2019\u00e9quipe au Canada, qui se pr\u00e9parent \u00e0 exercer leur minist\u00e8re \u00e0 Phuket. Prions pour la clart\u00e9 et l\u2019orientation dans ce processus.<\/li>\n<\/ul>\n<p>Veuillez prier pour :<\/p>\n<ul>\n<li>Foster et Ebby qui quittent le Canada pour l\u2019Asie centrale, leur nouvelle affectation sur le terrain. Ils auront une escale pour obtenir les documents n\u00e9cessaires et authentifier leurs visas. Priez pour que l\u2019ensemble du processus se d\u00e9roule sans encombre et soit achev\u00e9 rapidement. Priez pour de bons moments de connexion avec les amis, la famille et les \u00e9glises pendant qu\u2019ils attendent les documents.<\/li>\n<li>Que Bob et Karin soient inform\u00e9s de la situation de leur visa en Asie du Sud. Ils sont \u00e0 moins de deux mois de la date d\u2019expiration de leur visa, mais le gouvernement refuse d\u2019accepter leur demande. Priez pour que les bonnes personnes approuvent les nouveaux visas et l\u2019enregistrement de r\u00e9sidence requis sans qu\u2019ils aient \u00e0 quitter le pays.<\/li>\n<li>Le peuple Pachtoune, dont la plupart des membres vivent en Afghanistan et au Pakistan, avec une diaspora r\u00e9sidant dans le Golfe arabe et dans de nombreux pays occidentaux, y compris le Canada. Ils sont musulmans \u00e0 99,9 %. Priez pour que le Seigneur attire \u00e0 lui de nombreux Pachtounes dans le monde entier et pour que les chr\u00e9tiens leur transmettent le message de l\u2019\u00e9vangile, en particulier dans les pays occidentaux.<\/li>\n<\/ul>\n<p><strong>\u00c9TATS-UNIS<br \/>\n<\/strong>Louez Dieu pour :<\/p>\n<ul>\n<li>Dix-sept nouveaux travailleurs internationaux nomm\u00e9s par le conseil d\u2019administration de la CMA am\u00e9ricain en f\u00e9vrier 2024. Ils serviront dans les r\u00e9gions suivantes : Asie-Pacifique, Allemagne, Mexique, Paraguay, Guin\u00e9e, Indon\u00e9sie, Japon, Atlanta (G\u00e9orgie) et S\u00e9n\u00e9gal. En outre, dix-neuf travailleurs internationaux ont \u00e9t\u00e9 nomm\u00e9s lors des r\u00e9unions du conseil d\u2019administration d\u2019octobre et de d\u00e9cembre 2023.<\/li>\n<li>Steve Davids, aum\u00f4nier de l\u2019Alliance dans un minist\u00e8re sp\u00e9cialis\u00e9 et directeur r\u00e9gional d\u2019Awana pour l\u2019Allemagne. Il se r\u00e9jouit de la renaissance du programme \u00e0 la garnison de l\u2019arm\u00e9e am\u00e9ricaine \u00e0 Ansbach. Apr\u00e8s une interruption de cinq ans, Awana est de retour avec un impact sur la communaut\u00e9 ax\u00e9 sur le Royaume. La vision d\u2019Awana est que tous les enfants et les jeunes du monde entier apprennent \u00e0 conna\u00eetre, \u00e0 aimer et \u00e0 servir le Seigneur J\u00e9sus. Plus de 70 enfants de la garnison sont inscrits au programme et de nouvelles demandes d\u2019adh\u00e9sion arrivent chaque semaine. Avec l\u2019approbation du commandant de la garnison, Awana prosp\u00e8re \u00e0 Ansbach, favorisant la croissance spirituelle et les liens communautaires. Louons Dieu pour ce d\u00e9veloppement encourageant. Priez pour un impact spirituel durable sur les participants d\u2019Awana et leurs familles. Priez \u00e9galement pour le personnel b\u00e9n\u00e9vole d\u2019Awana et pour Steve, qui continue \u00e0 soutenir et \u00e0 superviser ce minist\u00e8re vital pour le Royaume.<\/li>\n<\/ul>\n<p>Veuillez prier pour :<\/p>\n<ul>\n<li>Le Bureau de Recrutement et de D\u00e9veloppement des Candidats qui a accueilli un groupe de plus de 50 \u00e9tudiants en pastorale venus de tous les Etats-Unis pour Engage 2024 \u00e0 Columbus, Ohio, les 12 et 13 f\u00e9vrier. Chacun de ces \u00e9tudiants est int\u00e9ress\u00e9 \u00e0 servir dans le minist\u00e8re apr\u00e8s l\u2019obtention de son dipl\u00f4me et a rejoint le personnel du Bureau National am\u00e9ricain pour savoir o\u00f9 ils pourraient s\u2019int\u00e9grer dans la famille de l\u2019Alliance. Ils ont eu l\u2019occasion de s\u2019informer sur l\u2019implantation d\u2019\u00e9glises, l\u2019aum\u00f4nerie de l\u2019Alliance, le minist\u00e8re aupr\u00e8s des jeunes et des enfants, le minist\u00e8re pastoral, les missions, la r\u00e9sidence des \u00e9glises, l\u2019accr\u00e9ditation, et plus encore, et de rencontrer des responsables du Bureau National, des bureaux de district et des \u00e9glises locales. Pour cl\u00f4turer notre s\u00e9jour, ils ont particip\u00e9 \u00e0 des visites de sites \u00e0 One Alliance Place et dans deux \u00e9glises locales de l\u2019Alliance, o\u00f9 ils ont d\u00e9couvert l\u2019action en faveur des r\u00e9fugi\u00e9s et les minist\u00e8res dans les quartiers d\u00e9favoris\u00e9s. Priez pour ces \u00e9tudiants qui continuent \u00e0 suivre l\u2019appel de Dieu dans leur vie.<\/li>\n<li>Les aum\u00f4niers de l\u2019Alliance am\u00e9ricaine qui servent d\u2019agents de changement dans les prisons f\u00e9d\u00e9rales, aidant quelque 150 000 d\u00e9tenus \u00e0 trouver un but spirituel dans des circonstances difficiles. Priez \u00e9galement pour nos aum\u00f4niers institutionnels qui exercent leur minist\u00e8re dans les \u00e9tablissements des \u00c9tats, des comt\u00e9s et des villes. R\u00e9cemment, l\u2019aum\u00f4nier de l\u2019Alliance, Terry Leininger, a lanc\u00e9 un programme de mini-congr\u00e9gation missionnaire en r\u00e9ponse aux d\u00e9fis pos\u00e9s par les fermetures pour cause de pand\u00e9mie. Ce programme de cinq semaines favorise la vie de la congr\u00e9gation par le biais de petits rassemblements ax\u00e9s sur la Parole, la communion, la pri\u00e8re, la proclamation de l\u2019\u00e9vangile et la mission. Au fur et \u00e0 mesure que la congr\u00e9gation grandit, elle se divise en petits groupes pour maintenir l\u2019intimit\u00e9 et faciliter un minist\u00e8re efficace, permettant aux croyants de servir selon leurs dons spirituels et de s\u2019engager dans la proclamation imm\u00e9diate de leur foi. Terry est aum\u00f4nier au p\u00e9nitencier am\u00e9ricain de Lewisburg, en Pennsylvanie. Merci de prier pour un rassemblement de personnes pr\u00eates \u00e0 s\u2019investir dans cette qu\u00eate pour voir des vies chang\u00e9es \u00e9ternellement.<\/li>\n<\/ul>\n<hr \/>\n<p><strong>6 mars 2024<\/strong><\/p>\n<p><strong>R\u00c9GION AFRIQUE DE L\u2019UMA<\/strong><\/p>\n<p><strong>\u00c9GLISE DE L\u2019ALLIANCE SOUDANAISE (DIASPORA)<br \/>\n<\/strong>Louez Dieu pour :<\/p>\n<ul>\n<li>L\u2019accomplissement de sa promesse de construire une \u00e9glise indestructible par sa grande puissance alors que nous utilisons les nouveaux outils de diffusion qu\u2019il a mis entre nos mains : (a) des projections de films \u00e0 domicile ; (b) un nouveau site Internet pour la diffusion ; (c) des programmes radio jusqu\u2019\u00e0 24 heures par jour dans la langue maternelle de notre peuple ; et (d) un nouveau film de l\u2019\u00e9vangile de Jean en cours de r\u00e9alisation.<\/li>\n<\/ul>\n<p>Veuillez prier pour :<\/p>\n<ul>\n<li>Les camions de vivres qui attendent \u00e0 la fronti\u00e8re entre le Darfour et le Tchad, mais qui sont bloqu\u00e9s par les autorit\u00e9s. Priez \u00e9galement pour la protection de la nourriture afin qu\u2019elle parvienne \u00e0 ceux qui meurent de faim au Darfour et qu\u2019elle ne soit pas vol\u00e9e par la milice Janjawed.<\/li>\n<li>Bonne sant\u00e9 pour les deux nouvelles m\u00e8res qui ont d\u00fb subir une c\u00e9sarienne, et pour les b\u00e9b\u00e9s n\u00e9s ces cinq derni\u00e8res semaines. Prions \u00e9galement pour que la troisi\u00e8me maman, qui en est \u00e0 son septi\u00e8me mois, puisse accoucher en toute s\u00e9curit\u00e9.<\/li>\n<li>L\u2019arriv\u00e9e \u00e0 bon port de la fianc\u00e9e d\u2019un de nos anciens du Soudan. Il s\u2019agit d\u2019un voyage tr\u00e8s difficile et co\u00fbteux qui m\u00e9rite une pri\u00e8re s\u00e9rieuse.<\/li>\n<li>Les conditions d\u2019ordination de nos hommes doivent \u00eatre renforc\u00e9es et le processus final doit \u00eatre achev\u00e9, si Dieu le veut, en cette p\u00e9riode de P\u00e2ques.<\/li>\n<\/ul>\n<p><strong>R\u00c9PUBLIQUE D\u00c9MOCRATIQUE DU CONGO (RDC)<br \/>\n<\/strong>Louez Dieu pour :<\/p>\n<ul>\n<li>La r\u00e9surgence des vocations pastorales ce dernier temps dans plusieurs Districts de notre \u00e9glise.<\/li>\n<li>L\u2019implication de nos Districts dans les activit\u00e9s de l\u2019\u00e9vang\u00e9lisation et de la mission qui se sont pass\u00e9es ce dernier temps.<\/li>\n<\/ul>\n<p>Veuillez prier pour :<\/p>\n<ul>\n<li>La consolation de Dieu pour les familles et les \u00e9glises de deux servantes d\u00e9c\u00e9d\u00e9es en f\u00e9vrier : Mme Esther Diau Kuvuna, la veuve pasteur et pr\u00e9sidente de la F\u00e9d\u00e9ration des Femmes Protestantes de la ville de Boma, d\u00e9c\u00e9d\u00e9e des suites d\u2019une maladie, et pour Mme Cl\u00e9mentine Ndelo, \u00e9pouse du coordinateur du comit\u00e9 missionnaire et directrice d\u2019un groupe des chantres de la paroisse de Boma. Mme Ndelo est d\u00e9c\u00e9d\u00e9e de suite d\u2019un accident de circulation.<\/li>\n<li>Le d\u00e9ploiement de deux familles missionnaires dans le champ missionnaire de la Mqongala au d\u00e9but de ce mois.<\/li>\n<li>Notre projet de l\u2019Universit\u00e9 des vacances en vue du renforcement des capacit\u00e9s des serviteurs sur la pastorale et l\u2019\u00e9vang\u00e9lisation. Ce projet est con\u00e7u par l\u2019Universit\u00e9 de l\u2019Alliance Chr\u00e9tienne de la RDC. Il consiste \u00e0 r\u00e9unir pendant les grandes vacances les serviteurs de Dieu tels que les pasteurs, les \u00e9vang\u00e9listes, les responsables de minist\u00e8res, etc. pour des enseignements pratiques en vue de relever leur niveau dans l\u2019exercice des minist\u00e8res. Ces sont les professeurs de cette universit\u00e9 qui donnent ces enseignements. C\u2019est un projet de depuis longtemps, mais qu\u2019on veut mettre en pratique cette ann\u00e9e.<\/li>\n<li>Les pr\u00e9paratifs de la Convocation Quadriennale de l\u2019UMA qui doit avoir lieu \u00e0 Kinshasa en 2025. Que le Seigneur soutienne l\u2019\u00e9quipe qui y travaille en collaboration avec le bureau de l\u2019UMA.<\/li>\n<li>La retraite des pasteurs et \u00e9pouses en juillet.<\/li>\n<li>La paix dans notre pays. La guerre \u00e0 l\u2019Est qui suscite des tensions et agitations qui menacent les relations internationales.<\/li>\n<\/ul>\n<p><strong>CONGO (BRAZZAVILLE)<br \/>\n<\/strong>Veuillez prier pour :<\/p>\n<ul>\n<li>Les serviteurs du Seigneur et leurs familles qui sont malades : Le r\u00e9v\u00e9rend Albert Bilongo, pr\u00e9sident de l\u2019\u00e9glise nationale, qui est actuellement \u00e0 l\u2019h\u00f4pital ; le pasteur Antoine Loudi Ossama, responsable de la paroisse de Mossendjo ; et pour beaucoup d\u2019autres. Prions que le Seigneur leur accorde une prompte gu\u00e9rison.<\/li>\n<li>Que Dieu envoie de jeunes ouvriers dans sa moisson pour implanter de nouvelles \u00e9glises.<\/li>\n<li>Que le Saint-Esprit nous donne la capacit\u00e9 d\u2019accomplir les r\u00e9solutions et recommandations pour la bonne marche de l\u2019\u00e9glise qui ont \u00e9t\u00e9 prises lors de la session du Conseil d\u2019administration \u00e0 Pointe-Noire le 27 janvier.<\/li>\n<\/ul>\n<p><strong>BURKINA FASO<br \/>\n<\/strong>Louez Dieu pour :<\/p>\n<ul>\n<li>Le succ\u00e8s du Conseil National des Pr\u00e9sidents et des Responsables des structures, le 17 f\u00e9vrier.<\/li>\n<\/ul>\n<p>Veuillez prier pour :<\/p>\n<ul>\n<li>Notre \u00e9quipe nationale d\u2019\u00e9vang\u00e9lisation qui ont leur programme annuel qui s\u2019\u00e9tend de f\u00e9vrier \u00e0 avril. Priez aussi pour tous ceux qui travaillent dans ce minist\u00e8re d\u2019\u00e9vang\u00e9lisation. Compte tenu de l\u2019ins\u00e9curit\u00e9 qui r\u00e8gne dans notre pays, que Dieu veille sur eux et dispose favorablement le c\u0153ur de la population non atteint afin que tout le Burkina Faso soit gagn\u00e9 \u00e0 Christ.<\/li>\n<li>La convention de notre \u00e9glise nationale, du 25 au 29 mars \u00e0 Ouagadougou. Que toutes les activit\u00e9s et d\u00e9cisions soient conduites par l\u2019Esprit Saint.<\/li>\n<\/ul>\n<p><strong>GABON<br \/>\n<\/strong>Depuis trois ans, l\u2019\u00c9glise de l\u2019Alliance au Gabon est engag\u00e9e dans un vaste chantier \u00e0 travers plusieurs projets de d\u00e9veloppement de l\u2019\u00e9glise. Certains de ces projets sont d\u00e9j\u00e0 op\u00e9rationnels, d\u2019autres en voie de r\u00e9alisation.<\/p>\n<p>Louez Dieu pour :<\/p>\n<ul>\n<li>Tous ceux qui prient, conseillent et participent effectivement a la mise en \u0153uvre de ces projets.<\/li>\n<li>La soci\u00e9t\u00e9 de transport terrestre interurbain \u00ab Elohim Services \u00bb, d\u00e9j\u00e0 op\u00e9rationnelle.<\/li>\n<li>L\u2019Universit\u00e9 Agricole de l\u2019Alliance, qui est maintenant une r\u00e9alit\u00e9.<\/li>\n<\/ul>\n<p>Veuillez prier pour :<\/p>\n<ul>\n<li>La mobilisation en cours dans le cadre des projets d\u2019investissement de l\u2019\u00e9glise produise encore des r\u00e9sultats concrets et r\u00e9els.<\/li>\n<li>La r\u00e9alisation du projet de cr\u00e9ation de la radiot\u00e9l\u00e9vision \u00ab Elohim Radio\/TV \u00bb. Prions pour que cette radio TV soit un puissant moyen d\u2019annoncer l\u2019\u00e9vangile, de gagner et d\u2019impacter la nation.<\/li>\n<li>Que le Seigneur suscite des ouvriers dans ce secteur des m\u00e9dias pour promouvoir l\u2019annonce des valeurs chr\u00e9tiennes &#8211; des ouvriers qui se distinguent par la qualit\u00e9 de leurs \u00e9missions et par le respect de la d\u00e9ontologie et de l\u2019\u00e9thique dans le traitement de l\u2019information.<\/li>\n<\/ul>\n<p><strong>MALI<br \/>\n<\/strong>Louez Dieu pour :<\/p>\n<ul>\n<li>Le bon d\u00e9roulement de l\u2019Assembl\u00e9e g\u00e9n\u00e9rale de l\u2019\u00e9glise nationale, du 28 f\u00e9vrier au 2 mars \u00e0 Koutiala.<\/li>\n<\/ul>\n<p>Veuillez prier pour :<\/p>\n<ul>\n<li>Que Dieu utilise la situation actuelle du pays pour nous donner une grande ouverture \u00e0 l\u2019\u00e9vangile et pour une bonne r\u00e9colte des \u00e2mes perdues pour Christ.<\/li>\n<li>Le projet de construction du si\u00e8ge. Que le Seigneur suscite une bonne lib\u00e9ralit\u00e9 au sein des fid\u00e8les chr\u00e9tiens.<\/li>\n<li>L\u2019\u00e9quipe nationale d\u2019\u00e9vang\u00e9lisation afin qu\u2019elle puisse ex\u00e9cuter son plan d\u2019action avec foi.<\/li>\n<li>Le dialogue inter-malien afin que la coh\u00e9sion sociale et la paix soit une r\u00e9alit\u00e9. Il s\u2019agit d\u2019un dialogue de r\u00e9conciliation entre le peuple malien pour \u00e9viter la vengeance et le refus de s\u2019accepter mutuellement. Donc le chef de l\u2019\u00c9tat a fix\u00e9 des assises \u00e0 tous les niveaux pour un retour \u00e0 la paix.<\/li>\n<\/ul>\n<p><strong>ANGOLA<br \/>\n<\/strong>Louez Dieu pour :<\/p>\n<ul>\n<li>La c\u00e9l\u00e9bration r\u00e9ussie du 139e anniversaire de l\u2019\u00e9glise nationale. Des pasteurs et des repr\u00e9sentants d\u2019\u00e9glises s\u0153urs, ainsi que des entit\u00e9s traditionnelles et gouvernementales y ont particip\u00e9.<\/li>\n<\/ul>\n<p>Veuillez prier pour :<\/p>\n<ul>\n<li>L\u2019achat d\u2019un terrain pour l\u2019\u00e9glise de Luanda.<\/li>\n<li>Les pasteurs et leurs \u00e9pouses qui visiteront les \u00e9glises de l\u2019Alliance \u00e0 travers le pays, du 25 au 31 mars. Cet \u00ab \u00e9change \u00bb de pasteurs pendant la semaine de P\u00e2ques est une tradition de l\u2019\u00c9glise de l\u2019Alliance en Angola.<\/li>\n<\/ul>\n<p><strong>BENIN<br \/>\n<\/strong>Louez Dieu pour :<\/p>\n<ul>\n<li>La c\u00e9r\u00e9monie d\u2019investiture du 1er pr\u00e9sident de l\u2019\u00c9glise de l\u2019Alliance du B\u00e9nin, le 17 f\u00e9vrier \u00e0 Cotonou. Prions pour la direction, la sagesse et le discernement de Dieu pour le pr\u00e9sident David Sessou et pour le conseil d\u2019administration de l\u2019\u00e9glise nationale.<\/li>\n<\/ul>\n<p>&nbsp;<\/p>\n<hr \/>\n<p>&nbsp;<\/p>\n<h2><strong>Pri\u00e8res de l\u2019UMA &#8211;\u00a0 F\u00e9vrier 2024<\/strong><\/h2>\n<p>&nbsp;<\/p>\n<p><strong>21 f\u00e9vrier 2024<\/strong><\/p>\n<p><strong>R\u00c9GION CLA (AM\u00c9RIQUE LATINE) DE L\u2019UMA<\/strong><\/p>\n<p><strong>ARGENTINE<br \/>\n<\/strong>Veuillez prier pour :<\/p>\n<ul>\n<li>Le d\u00e9but de l\u2019ann\u00e9e scolaire de l\u2019Institut Biblique Buenos Aires. Priez pour le personnel, les professeurs et les \u00e9tudiants.<\/li>\n<li>Le Sommet \u00ab Dans les Bras du P\u00e8re \u00bb de la Formation Chr\u00e9tienne Vivre la Bible, le 2 mars, organis\u00e9 par Publications de l\u2019Alliance. Il sera propos\u00e9 en personne et en ligne pour toute l\u2019Am\u00e9rique latine.<\/li>\n<li>Nos travailleurs sur le terrain : Asie centrale, Italie, Espagne, Croatie, Hongrie et Angleterre.<\/li>\n<li>La situation \u00e9conomique du pays. Que ce soit un temps o\u00f9, en tant qu\u2019\u00c9glise du Christ, nous fassions l\u2019exp\u00e9rience de la provision surnaturelle et surabondante de notre P\u00e8re.<\/li>\n<\/ul>\n<p><strong>HA\u00cfTI<br \/>\n<\/strong>Veuillez prier pour :<\/p>\n<ul>\n<li>Une semaine d\u2019\u00e9vang\u00e9lisation, du 17 au 24 mars. Que ce soit un temps de salut et de b\u00e9n\u00e9diction pour les habitants de Bahon.<\/li>\n<li>La mise \u00e0 disposition d\u2019un terrain \u00e0 L\u00e9ogane et d\u2019un autre \u00e0 Tru Du Nord pour la construction de b\u00e2timents d\u2019\u00e9glise dans les deux villes.<\/li>\n<li>Sagesse pour le Comit\u00e9 de l\u2019Alliance. Qu\u2019ils accomplissent le travail que Dieu a plac\u00e9 entre leurs mains.<\/li>\n<li>Notre pays. Les probl\u00e8mes d\u2019Ha\u00efti augmentent, entra\u00eenant l\u2019ins\u00e9curit\u00e9 et la peur pour toute la soci\u00e9t\u00e9. Prions pour la paix et pour que Dieu nous guide et nous pourvoie pendant cette p\u00e9riode difficile.<\/li>\n<\/ul>\n<p><strong>EL SALVADOR<br \/>\n<\/strong>Louez Dieu pour :<\/p>\n<ul>\n<li>L\u2019alliance strat\u00e9gique de notre \u00e9glise CMA Apopa avec l\u2019ONG Lien d\u2019Amour, qui fournira de la nourriture et une assistance nutritionnelle aux enfants du programme de Cantine pour Enfants de Sabatino.<\/li>\n<\/ul>\n<p>Veuillez prier pour :<\/p>\n<ul>\n<li>Le travail de nos cellules et petits groupes dans les communaut\u00e9s. Priez pour que ces groupes se multiplient et que Dieu suscite de nouveaux leaders pour former les nouveaux croyants.<\/li>\n<li>Que Dieu nous fortifie et nous donne de la force dans notre travail missionnaire. Nous voulons envoyer des personnes pr\u00eacher l\u2019\u00e9vangile dans les pays les moins atteints.<\/li>\n<li>Que le Seigneur nous guide pour ouvrir une nouvelle \u00e9glise dans les cinq prochaines ann\u00e9es au Salvador.<\/li>\n<\/ul>\n<p><strong>COLOMBIE<br \/>\n<\/strong>Louez Dieu pour :<\/p>\n<ul>\n<li>Sa sollicitude et sa protection envers les familles pastorales et les \u00e9glises de la r\u00e9gion du Pacifique qui ont \u00e9t\u00e9 au c\u0153ur du conflit au cours de l\u2019ann\u00e9e 2023.<\/li>\n<li>Les nouveaux champs missionnaires qui ont \u00e9t\u00e9 ouverts dans la r\u00e9gion du Pacifique.<\/li>\n<\/ul>\n<p>Veuillez prier pour :<\/p>\n<ul>\n<li>Les diff\u00e9rentes Assembl\u00e9es R\u00e9gionales qui se tiendront en f\u00e9vrier. Elles sont un pr\u00e9lude \u00e0 l\u2019Assembl\u00e9e Nationale qui se tiendra du 21 au 23 mars au Camp Ebenezer, \u00e0 Circasia, Quind\u00edo.<\/li>\n<li>Notre Centre de Formation Interculturelle A. B. Simpson. Priez pour que les adaptations n\u00e9cessaires \u00e0 ce centre soient financ\u00e9es, pour que les enseignants soient guid\u00e9s avec sagesse et pour que chaque \u00e9tudiant puisse \u00eatre form\u00e9 avec succ\u00e8s.<\/li>\n<\/ul>\n<p><strong>VENEZUELA<br \/>\n<\/strong>Louez Dieu pour :<\/p>\n<ul>\n<li>Sa fid\u00e9lit\u00e9 et sa mis\u00e9ricorde, qui nous permettent de proclamer la bonne nouvelle et de servir la communaut\u00e9 de Los Guayos, dans l\u2019\u00c9tat de Carabobo.<\/li>\n<\/ul>\n<p>Veuillez prier pour :<\/p>\n<ul>\n<li>Des serviteurs engag\u00e9s et pour la fourniture de mat\u00e9riel audiovisuel, de chaises, d\u2019ordinateurs, de microphones, de c\u00e2bles, etc. pour le nouveau travail \u00e0 Los Guayos, dans l\u2019\u00c9tat de Carabobo.<\/li>\n<li>La guidance, la direction et la provision de Dieu pour deux nouveaux endroits o\u00f9 la CMA de Belen (\u00c9tat de Carabobo) et la CMA de Cartanal (\u00c9tat de Miranda) peuvent se rassembler.<\/li>\n<li>La sant\u00e9, la provision, la guidance, la sagesse et la r\u00e9v\u00e9lation pour le corps pastoral de la CMA Venezuela.<\/li>\n<li>Financement des \u00e9glises du Venezuela. L\u2019exode des fr\u00e8res et s\u0153urs continue d\u2019affecter leurs revenus et donc leurs engagements op\u00e9rationnels, administratifs et institutionnels.<\/li>\n<li>Notre pays, le Venezuela. Nous vivons une ann\u00e9e \u00e9lectorale marqu\u00e9e par une grave crise politique, sociale et \u00e9conomique.<\/li>\n<\/ul>\n<p><strong>BR\u00c9SIL<br \/>\n<\/strong>Louez Dieu pour :<\/p>\n<ul>\n<li>Le Conseil National \u00e0 la fin du mois de janvier et l\u2019\u00e9lection du nouveau Conseil d\u2019Administration. Priez pour la sagesse et la direction du Seigneur pour le Conseil National.<\/li>\n<\/ul>\n<p>Veuillez prier pour :<\/p>\n<ul>\n<li>Dieu suscite la prochaine g\u00e9n\u00e9ration de responsables, de pasteurs et de ministres qui r\u00e9pondent \u00e0 l\u2019appel au Br\u00e9sil et dans le monde entier.<\/li>\n<li>Nos projets missionnaires au Portugal, au Japon, en Asie, au Mozambique et au Br\u00e9sil. Prions pour le soutien et la direction.<\/li>\n<li>Des partenariats avec d\u2019autres \u00e9glises et minist\u00e8res au Br\u00e9sil qui peuvent atteindre le peuple br\u00e9silien avec l\u2019\u00e9vangile de J\u00e9sus-Christ.<\/li>\n<\/ul>\n<p><strong>BOLIVIE<br \/>\n<\/strong>Veuillez prier pour :<\/p>\n<ul>\n<li>Le d\u00e9but de la nouvelle ann\u00e9e scolaire au S\u00e9minaire Biblique de l\u2019Alliance en Bolivie. Que le Seigneur mette dans le c\u0153ur des futurs pasteurs et missionnaires le d\u00e9sir de le conna\u00eetre davantage. Prions aussi pour les moyens financiers.<\/li>\n<li>L\u2019arriv\u00e9e du pasteur qui aidera \u00e0 l\u2019implantation d\u2019une nouvelle \u00e9glise en 2024.<\/li>\n<li>Un terrain pour l\u2019\u00e9glise de Quillacollo.<\/li>\n<li>La nouvelle \u0153uvre \u00e0 Cobija, en Amazonie. Que le Seigneur continue \u00e0 ajouter de nouvelles personnes \u00e0 son \u0153uvre.<\/li>\n<li>Les proc\u00e9dures aupr\u00e8s des autorit\u00e9s gouvernementales pour obtenir le statut l\u00e9gal de notre entit\u00e9.<\/li>\n<\/ul>\n<p><strong>URUGUAY<br \/>\n<\/strong>Veuillez prier pour :<\/p>\n<ul>\n<li>Notre Convention Nationale le 23 mars \u00e0 Rivera. Priez pour qu\u2019elle soit un temps de communion, d\u2019\u00e9dification et de perc\u00e9e.<\/li>\n<li>La Rencontre Nationale des Femmes des 25 et 26 mars \u00e0 Rivera.<\/li>\n<li>Que Dieu guide et pourvoie aux besoins de nos trois nouveaux dipl\u00f4m\u00e9s du s\u00e9minaire.<\/li>\n<li>La situation \u00e9conomique de plusieurs de nos \u00e9glises. Prions pour que le Seigneur, notre pourvoyeur, r\u00e9ponde \u00e0 tous les besoins.<\/li>\n<\/ul>\n<p><strong>GUATEMALA<br \/>\n<\/strong>Louez Dieu pour :<\/p>\n<ul>\n<li>L\u2019augmentation du nombre de membres en 2023 et le d\u00e9veloppement de l\u2019infrastructure dans la plupart des \u00e9glises.<\/li>\n<li>L\u2019Assembl\u00e9e G\u00e9n\u00e9rale qui s\u2019est tenue \u00e0 la fin du mois de janvier, au cours de laquelle un nouveau Conseil d\u2019Administration National a \u00e9t\u00e9 \u00e9lu.<\/li>\n<\/ul>\n<p>Veuillez prier pour :<\/p>\n<ul>\n<li>Un projet missionnaire \u00e0 moyen terme qui comprend l\u2019envoi d\u2019un couple pastoral \u00e0 Managua, au Nicaragua.<\/li>\n<\/ul>\n<p><strong>R\u00c9PUBLIQUE DOMINICAINE<br \/>\n<\/strong>Veuillez prier pour :<\/p>\n<ul>\n<li>Que Dieu ouvre des portes pour deux nouvelles \u0153uvres dans les villes d\u2019Azua et de Bonao.<\/li>\n<li>Que le Seigneur suscite de nouveaux ouvriers pour l\u2019\u00e9glise nationale.<\/li>\n<li>La paix pendant l\u2019\u00e9lection des nouvelles autorit\u00e9s gouvernementales.<\/li>\n<\/ul>\n<hr \/>\n<p><strong>14 f\u00e9vrier 2024<\/strong><\/p>\n<p><strong>1) R\u00c9GION AM\u00c9RIQUE DU NORD DE L\u2019UMA<\/strong><\/p>\n<p><strong>ETATS-UNIS<br \/>\n<\/strong>Veuillez prier pour :<\/p>\n<ul>\n<li>Les mobilisateurs des missions des \u00e9glises de l\u2019Alliance \u00e0 travers les Etats-Unis. R\u00e9cemment ils se sont rencontr\u00e9s \u00e0 Columbus, Ohio pour Converge, une rencontre des pasteurs, des leaders des missions et les repr\u00e9sentants des Missions de l\u2019Alliance. Le th\u00e8me de cette ann\u00e9e \u00e9tait \u00ab Innover \u00bb. C\u2019\u00e9tait un temps de s\u2019engager avec des leaders de l\u2019Alliance, collaborer avec des leaders d\u2019autres missions, et recevoir de nouvelles informations pour aider \u00e0 \u00e9lever le niveau de passion pour les missions de l\u2019Alliance parmi les congr\u00e9gations des Etats-Unis. Veuillez prier que comme les participants retournent \u00e0 leurs \u00e9glises, qu\u2019ils soient bien \u00e9quip\u00e9s pour augmenter l\u2019engagement dans les missions.<\/li>\n<\/ul>\n<p><strong>CANADA<br \/>\n<\/strong>Louez Dieu avec :<\/p>\n<ul>\n<li>Foster et Ebby. Ils ont re\u00e7u l\u2019approbation de d\u00e9m\u00e9nager \u00e0 un nouveau pays pour servir le peuple Mint. Entretemps, ils pr\u00e9parent des documents pour leur demande de visa. Priez pour une proc\u00e9dure facile et qu\u2019ils obtiennent les documents n\u00e9cessaires avant leur d\u00e9part en mars.<\/li>\n<li>Wade et Cara. Ils ont pu visiter r\u00e9cemment l\u2019Asie centrale au moment o\u00f9 ils attendent des documents \u00e9crits. Les communaut\u00e9s qu\u2019ils ont vues \u00e9taient si reconnaissantes qu\u2019elles les aient visit\u00e9es, et pour toutes les ann\u00e9es de communion. Priez pour la faveur de Dieu pour les documents n\u00e9cessaires ainsi ils peuvent encore retourner \u00e0 la r\u00e9gion. Louez Dieu que Clara a conduit une s\u00e9ance d\u2019un jour de gu\u00e9rison de trauma pour 13 dames croyantes nationales. Le Saint Esprit a agi de mani\u00e8re visible pour provoquer des perc\u00e9es.<\/li>\n<li>L\u2019Equipe du Japon pour le service d\u2019installation d\u2019Alan et Joan Yin. Priez pour leur transition pour la vie et le minist\u00e8re parmi la Diaspora Chinoise \u00e0 Fukuoka, et pour l\u2019humilit\u00e9 et l\u2019amour comme ils servent avec leurs compagnons de travail, Ken et Winnie.<\/li>\n<\/ul>\n<p>Veuillez prier pour :<\/p>\n<ul>\n<li>J\u00e9r\u00f4me et Morgan, qui sont actuellement au Canada, pour des retours rapides sur leurs visas et qu\u2019on leur accorde des visas \u00e0 long terme. Priez pour leurs gar\u00e7ons comme ils continuent l\u2019\u00e9cole pendant qu\u2019ils sont au Canada, allant de pair avec leurs classes et le travail scolaire \u00e0 l\u2019autre bout du monde. Et priez pour un int\u00e9r\u00eat renouvel\u00e9 dans le mentoring digital comme ils partagent avec les \u00e9glises comment les Canadiens peuvent s\u2019impliquer dans l\u2019\u0153uvre missionnaire dans l\u2019Asie du Sud.<\/li>\n<li>Kaura-lea et Chris Codding comme ils ont termin\u00e9 leur travail en Tha\u00eflande et s\u2019installent au Canada sur les prochains mois. Priez pour toutes les transitions \u00e0 venir.<\/li>\n<\/ul>\n<p>&nbsp;<\/p>\n<p><strong>2) R\u00c9GION APAC (ASIE PACIFIQUE) DE L\u2019UMA<\/strong><\/p>\n<p><strong>MYANMAR<br \/>\n<\/strong>Louez Dieu pour :<\/p>\n<ul>\n<li>Sa protection et sa direction au milieu des combats et difficult\u00e9s en 2023.<\/li>\n<\/ul>\n<p>Veuillez prier pour :<\/p>\n<ul>\n<li>La faveur de Dieu, ses b\u00e9n\u00e9dictions spirituelles et protection dans notre Conf\u00e9rence de District en f\u00e9vrier, et notre Assembl\u00e9e Nationale du 29 f\u00e9vrier au 3 mars, \u00e0 Kalymyo dans la R\u00e9gion de Sagaing, au nord de la Birmanie. Presque 70 d\u00e9l\u00e9gu\u00e9s, dont des pasteurs et des missionnaires, ont pr\u00e9vu d&rsquo;y participer. La guerre civile \u00e0 l\u2019\u00e9chelle nationale devient pire, et la communication et le transport ne sont plus aussi faciles qu\u2019avant. Aussi, tout devient plus cher.<\/li>\n<li>Nos missionnaires au sud de la Birmanie. Priez pour leur s\u00e9curit\u00e9 et fertilit\u00e9 dans le minist\u00e8re. Le r\u00e9gime militaire essaie de forcer d\u2019enr\u00f4ler (ill\u00e9galement) des civiles pour combattre pour eux.<\/li>\n<\/ul>\n<p><strong>TA\u00cfWAN<br \/>\n<\/strong>Veuillez prier pour :<\/p>\n<ul>\n<li>Le Pasteur Yeah, notre nouveau directeur g\u00e9n\u00e9ral assistant. Priez pour la sagesse et la direction de Dieu comme il s\u2019occupe des responsabilit\u00e9s multiples dans la planification et la coordination.<\/li>\n<li>Notre \u00e9glise dans le District de Sanxia. Ils n\u2019ont pas de pasteur, et l\u2019\u00e9glise vit de grandes difficult\u00e9s financi\u00e8res.<\/li>\n<\/ul>\n<hr \/>\n<p><strong>7 f\u00e9vrier 2024<\/strong><\/p>\n<p><strong>R\u00c9GION AFRIQUE DE L\u2019UMA<\/strong><\/p>\n<p><strong>ANGOLA<br \/>\n<\/strong>Veuillez prier pour :<\/p>\n<ul>\n<li>Le r\u00e9confort de Dieu pour le pasteur Poba et sa famille. Sa fille de 7 ans est d\u00e9c\u00e9d\u00e9e r\u00e9cemment apr\u00e8s avoir subi plusieurs interventions m\u00e9dicales.<\/li>\n<li>Le 139e anniversaire de notre \u00e9glise nationale. La c\u00e9l\u00e9bration aura lieu \u00e0 l\u2019\u00e9glise de Necuto le 18 f\u00e9vrier. Priez pour la protection de Dieu pour tous ceux qui y participeront. La c\u00e9l\u00e9bration est en l\u2019honneur de la date de fondation de l\u2019\u00e9glise. Elle marque l\u2019arriv\u00e9e des premiers missionnaires dans la r\u00e9gion de Cabinda, en Angola, le 4 f\u00e9vrier 1885.<\/li>\n<li>L\u2019anniversaire de l\u2019Association Chr\u00e9tienne des Femmes de l\u2019Alliance en Angola (ACMAA), le 8 mars au Centre Missionnaire de Soyo. Les \u00e9glises de l\u2019Alliance des deux Congo participeront \u00e9galement \u00e0 cette c\u00e9l\u00e9bration. Prions pour la protection de Dieu pour tous les participants. L\u2019ACMAA c\u00e9l\u00e8bre les 110 ans du bapt\u00eame de la premi\u00e8re femme, Maria Mundo, dans la mission de Mboca, le 8 mars 1914.<\/li>\n<li>La mobilisation des membres de nos \u00e9glises pour \u00e9vang\u00e9liser les r\u00e9gions \u00e9loign\u00e9es.<\/li>\n<li>Une v\u00e9ritable conversion de l\u2019\u00e9glise \u00e0 une vie spirituelle saine, en particulier l\u2019engagement des jeunes dans l\u2019\u0153uvre du Seigneur.<\/li>\n<\/ul>\n<p><strong>R\u00c9PUBLIQUE D\u00c9MOCRATIQUE DU CONGO (RDC)<br \/>\n<\/strong>Louez Dieu pour :<\/p>\n<ul>\n<li>Le second mandat du R\u00e9v\u00e9rend Marcel Bunda, le pr\u00e9sident de la CMA de la RDC, et pour le Comit\u00e9 de Gestion. Ils prennent des mesures audacieuses pour faire avancer l\u2019\u00e9glise dans la mission et le d\u00e9veloppement des infrastructures.<\/li>\n<\/ul>\n<p>Veuillez prier pour :<\/p>\n<ul>\n<li>Nos travailleurs en Guin\u00e9e qui font face \u00e0 un manque de soutien en raison de l\u2019indisponibilit\u00e9 des fonds des partenaires. Que le Seigneur ouvre la voie \u00e0 leur approvisionnement financier.<\/li>\n<li>Les nombreux jeunes que Dieu appelle, alors que le comit\u00e9 de gestion est confront\u00e9 \u00e0 une crise de jeunes leaders dans les r\u00e9gions \u00e9conomiquement faibles.<\/li>\n<li>Le r\u00e9confort de Dieu pour les familles du R\u00e9v. Thomas Mavungu Nzita et du R\u00e9v. Festis Ndombolo Bindele du District de Boma1. Prions \u00e9galement pour le r\u00e9confort de Dieu pour la famille du Professeur Andr\u00e9 Masiala-ma-Solo de Kinshasa. Les trois hommes sont d\u00e9c\u00e9d\u00e9s des suites de maladies.<\/li>\n<li>Notre programme de soutien aux travailleurs doit \u00eatre adopt\u00e9 par tous les districts eccl\u00e9siastiques.<\/li>\n<\/ul>\n<p><strong>GABON<br \/>\n<\/strong>Louez Dieu pour :<\/p>\n<ul>\n<li>La Conf\u00e9rence Nationale de Pri\u00e8re, du 13 au 15 d\u00e9cembre 2023, sous le th\u00e8me \u00ab la restauration de toutes choses, pour le salut des \u00e2mes et la vie politique et \u00e9conomique du pays \u00bb.<\/li>\n<li>La Campagne Nationale d\u2019\u00c9vang\u00e9lisation, du 18 au 24 d\u00e9cembre 2023, dans tout le pays, sous la direction du pr\u00e9sident Andr\u00e9 Binet.<\/li>\n<\/ul>\n<p>Veuillez prier pour :<\/p>\n<ul>\n<li>Les personnes qui ont mis leur foi en J\u00e9sus-Christ lors de la Campagne Nationale d\u2019\u00c9vang\u00e9lisation pour qu\u2019elles restent dans le Seigneur et qu\u2019elles soient bien prises en charge dans les \u00e9glises de l\u2019Alliance.<\/li>\n<li>Le succ\u00e8s du voyage des membres du Bureau National et de la Direction de la Mission dans les diff\u00e9rents champs missionnaires du B\u00e9nin, du Togo et du Ghana, du 13 f\u00e9vrier au 4 mars. Le nouveau pr\u00e9sident national de l\u2019Alliance au B\u00e9nin sera install\u00e9 \u00e0 Cotonou. Une consultation missionnaire se tiendra \u00e0 Lom\u00e9 avec l\u2019\u00e9glise de l\u2019Alliance du Togo. Un nouveau site de l\u2019Alliance sera inaugur\u00e9 \u00e0 Accra, au Ghana.<\/li>\n<li>La r\u00e9solution de la crise politique au niveau national afin que la paix soit pr\u00e9serv\u00e9e au Gabon.<\/li>\n<\/ul>\n<p><strong>\u00c9GLISE DE L\u2019ALLIANCE SOUDANAISE (DIASPORA)<br \/>\n<\/strong>Louez Dieu pour :<\/p>\n<ul>\n<li>Les progr\u00e8s de notre nouveau groupe de femmes de la FAE qui \u00e9tudient les nouvelles Ecritures dans leur langue maternelle et prient pour les requ\u00eates de pri\u00e8re de la FAE.<\/li>\n<li>Le lancement du livre d\u2019\u00e9tude biblique Le Dieu Vivant de Paul David Washer. Ce livre a suscit\u00e9 des discussions anim\u00e9es et importantes avec nos hommes et correspondait bien \u00e0 l\u2019objectif de la journ\u00e9e : Fixer nos yeux sur J\u00e9sus (H\u00e9breux 12 : 2).<\/li>\n<\/ul>\n<p>Veuillez prier pour :<\/p>\n<ul>\n<li>La protection de Dieu contre les attaques spirituelles sur notre \u00e9glise. Nous avons commenc\u00e9 \u00e0 prier Jean 17 quotidiennement parmi nos six communaut\u00e9s de proximit\u00e9. Nous avons besoin de l\u2019unit\u00e9 parfaite dont J\u00e9sus a parl\u00e9.<\/li>\n<li>Tous les obstacles doivent \u00eatre surmont\u00e9s alors que la nouvelle traduction de l\u2019\u00c9vangile de Jean est transform\u00e9e en sc\u00e9nario de film et enregistr\u00e9e dans la langue maternelle de notre peuple. Merci de prier pour un technicien, un mod\u00e8le de calendrier et un financement.<\/li>\n<li>Deux de nos petites-filles. Sarah, deux ans, est hospitalis\u00e9e en Cor\u00e9e du Sud pour une infection de l\u2019estomac. Hannah a besoin de la compassion du Seigneur.<\/li>\n<li>La famille, en particulier les nouvelles \u00e9pouses de deux de nos hommes qui doivent traverser la fronti\u00e8re pour entrer dans notre pays et notre ville. Cela permettra de construire davantage de familles chr\u00e9tiennes.<\/li>\n<\/ul>\n<p><strong>BURKINA FASO<br \/>\n<\/strong>Louez Dieu pour :<\/p>\n<ul>\n<li>La c\u00e9l\u00e9bration du centenaire de la CMA du Burkina Faso en novembre 2023. Ce fut un merveilleux moment de louange et de communion.<\/li>\n<li>L\u2019inauguration du nouveau b\u00e2timent du bureau national pendant les c\u00e9l\u00e9brations du centenaire.<\/li>\n<\/ul>\n<p>Veuillez prier pour :<\/p>\n<ul>\n<li>La direction de l\u2019Esprit Saint lors de la r\u00e9union du Conseil National des Pr\u00e9sidents et des Responsables des Structures, le 17 f\u00e9vrier.<\/li>\n<li>La paix pour notre pays, et que les personnes d\u00e9plac\u00e9es \u00e0 l\u2019int\u00e9rieur du pays puissent retourner dans leurs villages.<\/li>\n<\/ul>\n<p><strong>LIBERIA<br \/>\n<\/strong>Veuillez prier pour :<\/p>\n<ul>\n<li>La gu\u00e9rison compl\u00e8te du pasteur Joseph W. Karbowhen, tr\u00e9sorier de l\u2019Alliance du Lib\u00e9ria. Il s\u2019est cass\u00e9 les jambes \u00e0 trois endroits lors d\u2019un accident en septembre 2023.<\/li>\n<li>La croissance spirituelle et physique de l\u2019\u00e9glise au Lib\u00e9ria.<\/li>\n<li>La guidance et la sagesse de Dieu pour le nouveau gouvernement du Lib\u00e9ria.<\/li>\n<\/ul>\n<p><strong>C\u00d4TE D\u2019IVOIRE<br \/>\n<\/strong>Louez Dieu pour :<\/p>\n<ul>\n<li>Le succ\u00e8s de l\u2019Assembl\u00e9e G\u00e9n\u00e9rale de l\u2019Association des Femmes de l\u2019\u00c9glise CMA de C\u00f4te d\u2019Ivoire (AFECMACI), et le renouvellement du mandat de la pr\u00e9sidente.<\/li>\n<li>La rencontre annuelle des pasteurs, missionnaires, \u00e9vang\u00e9listes et aum\u00f4niers de l\u2019Alliance, \u00e0 Divo, du 12 au 15 janvier.<\/li>\n<li>Le lancement r\u00e9ussi des pr\u00e9paratifs du centenaire de l\u2019\u00e9glise nationale en 2030 et la mobilisation de toute l\u2019\u00e9glise.<\/li>\n<\/ul>\n<p>Veuillez prier pour :<\/p>\n<ul>\n<li>La r\u00e9alisation du Plan d\u2019Action Op\u00e9rationnel 2024, \u00e9labor\u00e9 par le Bureau Ex\u00e9cutif National.<\/li>\n<\/ul>\n<p>&nbsp;<\/p>\n<hr \/>\n<p>&nbsp;<\/p>\n<h2><strong>Pri\u00e8res de l\u2019UMA &#8211; mars 2024<\/strong><\/h2>\n<p>&nbsp;<\/p>\n<p><strong>13 mars 2024<\/strong><\/p>\n<p><strong>1) R\u00c9GION EMERALD (EUROPE ET MOYEN-ORIENT) DE L\u2019UMA<\/strong><\/p>\n<p><strong>TERRE SAINTE<br \/>\n<\/strong>Veuillez prier pour :<\/p>\n<ul>\n<li>La sagesse, la compassion et la patience pour les dirigeants des \u00e9glises de l\u2019Alliance en Terre Sainte.<\/li>\n<li>R\u00e9confort pour ceux qui ont perdu leurs proches. A l\u2019heure actuelle, plus de 30 000 personnes sont probablement mortes rien que dans la bande de Gaza. Cela inclut des milliers d\u2019enfants et de femmes.<\/li>\n<li>La s\u00e9curit\u00e9 des personnes kidnapp\u00e9es et leur retour dans leurs familles. Priez pour ceux qui ont perdu leurs proches du c\u00f4t\u00e9 Isra\u00e9lien.<\/li>\n<li>R\u00e9cup\u00e9ration rapide pour les bless\u00e9s. A l\u2019heure actuelle, il y a probablement plus de 100 000 000 de personnes bless\u00e9es.<\/li>\n<li>Les \u00e9glises (pour la plupart catholiques et orthodoxes) de Gaza sont devenues des refuges pour de nombreuses personnes.<\/li>\n<li>La communaut\u00e9 des croyants d\u2019origine musulmane \u00e0 Gaza (environ 50 \u00e0 notre connaissance).<\/li>\n<li>La s\u00e9curit\u00e9 et le bien-\u00eatre des habitants de Cisjordanie. Priez \u00e9galement pour que l\u2019\u00e9conomie ne s\u2019effondre pas.<\/li>\n<li>Sagesse pour les dirigeants isra\u00e9liens, palestiniens et r\u00e9gionaux.<\/li>\n<\/ul>\n<p>&nbsp;<\/p>\n<p><strong>2) R\u00c9GION AM\u00c9RIQUE DU NORD DE L\u2019UMA<\/strong><\/p>\n<p><strong>CANADA<br \/>\n<\/strong>Louez Dieu avec :<\/p>\n<ul>\n<li>Notre \u00e9quipe en Tha\u00eflande pour l\u2019embauche d\u2019un travailleur social-chr\u00e9tien tha\u00eflandais pour For Freedom International. Continuez \u00e0 prier pour un psychologue chr\u00e9tien tha\u00eflandais et un site pour le refuge. Priez pour les futurs membres de l\u2019\u00e9quipe au Canada, qui se pr\u00e9parent \u00e0 exercer leur minist\u00e8re \u00e0 Phuket. Prions pour la clart\u00e9 et l\u2019orientation dans ce processus.<\/li>\n<\/ul>\n<p>Veuillez prier pour :<\/p>\n<ul>\n<li>Foster et Ebby qui quittent le Canada pour l\u2019Asie centrale, leur nouvelle affectation sur le terrain. Ils auront une escale pour obtenir les documents n\u00e9cessaires et authentifier leurs visas. Priez pour que l\u2019ensemble du processus se d\u00e9roule sans encombre et soit achev\u00e9 rapidement. Priez pour de bons moments de connexion avec les amis, la famille et les \u00e9glises pendant qu\u2019ils attendent les documents.<\/li>\n<li>Que Bob et Karin soient inform\u00e9s de la situation de leur visa en Asie du Sud. Ils sont \u00e0 moins de deux mois de la date d\u2019expiration de leur visa, mais le gouvernement refuse d\u2019accepter leur demande. Priez pour que les bonnes personnes approuvent les nouveaux visas et l\u2019enregistrement de r\u00e9sidence requis sans qu\u2019ils aient \u00e0 quitter le pays.<\/li>\n<li>Le peuple Pachtoune, dont la plupart des membres vivent en Afghanistan et au Pakistan, avec une diaspora r\u00e9sidant dans le Golfe arabe et dans de nombreux pays occidentaux, y compris le Canada. Ils sont musulmans \u00e0 99,9 %. Priez pour que le Seigneur attire \u00e0 lui de nombreux Pachtounes dans le monde entier et pour que les chr\u00e9tiens leur transmettent le message de l\u2019\u00e9vangile, en particulier dans les pays occidentaux.<\/li>\n<\/ul>\n<p><strong>\u00c9TATS-UNIS<br \/>\n<\/strong>Louez Dieu pour :<\/p>\n<ul>\n<li>Dix-sept nouveaux travailleurs internationaux nomm\u00e9s par le conseil d\u2019administration de la CMA am\u00e9ricain en f\u00e9vrier 2024. Ils serviront dans les r\u00e9gions suivantes : Asie-Pacifique, Allemagne, Mexique, Paraguay, Guin\u00e9e, Indon\u00e9sie, Japon, Atlanta (G\u00e9orgie) et S\u00e9n\u00e9gal. En outre, dix-neuf travailleurs internationaux ont \u00e9t\u00e9 nomm\u00e9s lors des r\u00e9unions du conseil d\u2019administration d\u2019octobre et de d\u00e9cembre 2023.<\/li>\n<li>Steve Davids, aum\u00f4nier de l\u2019Alliance dans un minist\u00e8re sp\u00e9cialis\u00e9 et directeur r\u00e9gional d\u2019Awana pour l\u2019Allemagne. Il se r\u00e9jouit de la renaissance du programme \u00e0 la garnison de l\u2019arm\u00e9e am\u00e9ricaine \u00e0 Ansbach. Apr\u00e8s une interruption de cinq ans, Awana est de retour avec un impact sur la communaut\u00e9 ax\u00e9 sur le Royaume. La vision d\u2019Awana est que tous les enfants et les jeunes du monde entier apprennent \u00e0 conna\u00eetre, \u00e0 aimer et \u00e0 servir le Seigneur J\u00e9sus. Plus de 70 enfants de la garnison sont inscrits au programme et de nouvelles demandes d\u2019adh\u00e9sion arrivent chaque semaine. Avec l\u2019approbation du commandant de la garnison, Awana prosp\u00e8re \u00e0 Ansbach, favorisant la croissance spirituelle et les liens communautaires. Louons Dieu pour ce d\u00e9veloppement encourageant. Priez pour un impact spirituel durable sur les participants d\u2019Awana et leurs familles. Priez \u00e9galement pour le personnel b\u00e9n\u00e9vole d\u2019Awana et pour Steve, qui continue \u00e0 soutenir et \u00e0 superviser ce minist\u00e8re vital pour le Royaume.<\/li>\n<\/ul>\n<p>Veuillez prier pour :<\/p>\n<ul>\n<li>Le Bureau de Recrutement et de D\u00e9veloppement des Candidats qui a accueilli un groupe de plus de 50 \u00e9tudiants en pastorale venus de tous les Etats-Unis pour Engage 2024 \u00e0 Columbus, Ohio, les 12 et 13 f\u00e9vrier. Chacun de ces \u00e9tudiants est int\u00e9ress\u00e9 \u00e0 servir dans le minist\u00e8re apr\u00e8s l\u2019obtention de son dipl\u00f4me et a rejoint le personnel du Bureau National am\u00e9ricain pour savoir o\u00f9 ils pourraient s\u2019int\u00e9grer dans la famille de l\u2019Alliance. Ils ont eu l\u2019occasion de s\u2019informer sur l\u2019implantation d\u2019\u00e9glises, l\u2019aum\u00f4nerie de l\u2019Alliance, le minist\u00e8re aupr\u00e8s des jeunes et des enfants, le minist\u00e8re pastoral, les missions, la r\u00e9sidence des \u00e9glises, l\u2019accr\u00e9ditation, et plus encore, et de rencontrer des responsables du Bureau National, des bureaux de district et des \u00e9glises locales. Pour cl\u00f4turer notre s\u00e9jour, ils ont particip\u00e9 \u00e0 des visites de sites \u00e0 One Alliance Place et dans deux \u00e9glises locales de l\u2019Alliance, o\u00f9 ils ont d\u00e9couvert l\u2019action en faveur des r\u00e9fugi\u00e9s et les minist\u00e8res dans les quartiers d\u00e9favoris\u00e9s. Priez pour ces \u00e9tudiants qui continuent \u00e0 suivre l\u2019appel de Dieu dans leur vie.<\/li>\n<li>Les aum\u00f4niers de l\u2019Alliance am\u00e9ricaine qui servent d\u2019agents de changement dans les prisons f\u00e9d\u00e9rales, aidant quelque 150 000 d\u00e9tenus \u00e0 trouver un but spirituel dans des circonstances difficiles. Priez \u00e9galement pour nos aum\u00f4niers institutionnels qui exercent leur minist\u00e8re dans les \u00e9tablissements des \u00c9tats, des comt\u00e9s et des villes. R\u00e9cemment, l\u2019aum\u00f4nier de l\u2019Alliance, Terry Leininger, a lanc\u00e9 un programme de mini-congr\u00e9gation missionnaire en r\u00e9ponse aux d\u00e9fis pos\u00e9s par les fermetures pour cause de pand\u00e9mie. Ce programme de cinq semaines favorise la vie de la congr\u00e9gation par le biais de petits rassemblements ax\u00e9s sur la Parole, la communion, la pri\u00e8re, la proclamation de l\u2019\u00e9vangile et la mission. Au fur et \u00e0 mesure que la congr\u00e9gation grandit, elle se divise en petits groupes pour maintenir l\u2019intimit\u00e9 et faciliter un minist\u00e8re efficace, permettant aux croyants de servir selon leurs dons spirituels et de s\u2019engager dans la proclamation imm\u00e9diate de leur foi. Terry est aum\u00f4nier au p\u00e9nitencier am\u00e9ricain de Lewisburg, en Pennsylvanie. Merci de prier pour un rassemblement de personnes pr\u00eates \u00e0 s\u2019investir dans cette qu\u00eate pour voir des vies chang\u00e9es \u00e9ternellement.<\/li>\n<\/ul>\n<hr \/>\n<p><strong>6 mars 2024<\/strong><\/p>\n<p><strong>R\u00c9GION AFRIQUE DE L\u2019UMA<\/strong><\/p>\n<p><strong>\u00c9GLISE DE L\u2019ALLIANCE SOUDANAISE (DIASPORA)<br \/>\n<\/strong>Louez Dieu pour :<\/p>\n<ul>\n<li>L\u2019accomplissement de sa promesse de construire une \u00e9glise indestructible par sa grande puissance alors que nous utilisons les nouveaux outils de diffusion qu\u2019il a mis entre nos mains : (a) des projections de films \u00e0 domicile ; (b) un nouveau site Internet pour la diffusion ; (c) des programmes radio jusqu\u2019\u00e0 24 heures par jour dans la langue maternelle de notre peuple ; et (d) un nouveau film de l\u2019\u00e9vangile de Jean en cours de r\u00e9alisation.<\/li>\n<\/ul>\n<p>Veuillez prier pour :<\/p>\n<ul>\n<li>Les camions de vivres qui attendent \u00e0 la fronti\u00e8re entre le Darfour et le Tchad, mais qui sont bloqu\u00e9s par les autorit\u00e9s. Priez \u00e9galement pour la protection de la nourriture afin qu\u2019elle parvienne \u00e0 ceux qui meurent de faim au Darfour et qu\u2019elle ne soit pas vol\u00e9e par la milice Janjawed.<\/li>\n<li>Bonne sant\u00e9 pour les deux nouvelles m\u00e8res qui ont d\u00fb subir une c\u00e9sarienne, et pour les b\u00e9b\u00e9s n\u00e9s ces cinq derni\u00e8res semaines. Prions \u00e9galement pour que la troisi\u00e8me maman, qui en est \u00e0 son septi\u00e8me mois, puisse accoucher en toute s\u00e9curit\u00e9.<\/li>\n<li>L\u2019arriv\u00e9e \u00e0 bon port de la fianc\u00e9e d\u2019un de nos anciens du Soudan. Il s\u2019agit d\u2019un voyage tr\u00e8s difficile et co\u00fbteux qui m\u00e9rite une pri\u00e8re s\u00e9rieuse.<\/li>\n<li>Les conditions d\u2019ordination de nos hommes doivent \u00eatre renforc\u00e9es et le processus final doit \u00eatre achev\u00e9, si Dieu le veut, en cette p\u00e9riode de P\u00e2ques.<\/li>\n<\/ul>\n<p><strong>R\u00c9PUBLIQUE D\u00c9MOCRATIQUE DU CONGO (RDC)<br \/>\n<\/strong>Louez Dieu pour :<\/p>\n<ul>\n<li>La r\u00e9surgence des vocations pastorales ce dernier temps dans plusieurs Districts de notre \u00e9glise.<\/li>\n<li>L\u2019implication de nos Districts dans les activit\u00e9s de l\u2019\u00e9vang\u00e9lisation et de la mission qui se sont pass\u00e9es ce dernier temps.<\/li>\n<\/ul>\n<p>Veuillez prier pour :<\/p>\n<ul>\n<li>La consolation de Dieu pour les familles et les \u00e9glises de deux servantes d\u00e9c\u00e9d\u00e9es en f\u00e9vrier : Mme Esther Diau Kuvuna, la veuve pasteur et pr\u00e9sidente de la F\u00e9d\u00e9ration des Femmes Protestantes de la ville de Boma, d\u00e9c\u00e9d\u00e9e des suites d\u2019une maladie, et pour Mme Cl\u00e9mentine Ndelo, \u00e9pouse du coordinateur du comit\u00e9 missionnaire et directrice d\u2019un groupe des chantres de la paroisse de Boma. Mme Ndelo est d\u00e9c\u00e9d\u00e9e de suite d\u2019un accident de circulation.<\/li>\n<li>Le d\u00e9ploiement de deux familles missionnaires dans le champ missionnaire de la Mqongala au d\u00e9but de ce mois.<\/li>\n<li>Notre projet de l\u2019Universit\u00e9 des vacances en vue du renforcement des capacit\u00e9s des serviteurs sur la pastorale et l\u2019\u00e9vang\u00e9lisation. Ce projet est con\u00e7u par l\u2019Universit\u00e9 de l\u2019Alliance Chr\u00e9tienne de la RDC. Il consiste \u00e0 r\u00e9unir pendant les grandes vacances les serviteurs de Dieu tels que les pasteurs, les \u00e9vang\u00e9listes, les responsables de minist\u00e8res, etc. pour des enseignements pratiques en vue de relever leur niveau dans l\u2019exercice des minist\u00e8res. Ces sont les professeurs de cette universit\u00e9 qui donnent ces enseignements. C\u2019est un projet de depuis longtemps, mais qu\u2019on veut mettre en pratique cette ann\u00e9e.<\/li>\n<li>Les pr\u00e9paratifs de la Convocation Quadriennale de l\u2019UMA qui doit avoir lieu \u00e0 Kinshasa en 2025. Que le Seigneur soutienne l\u2019\u00e9quipe qui y travaille en collaboration avec le bureau de l\u2019UMA.<\/li>\n<li>La retraite des pasteurs et \u00e9pouses en juillet.<\/li>\n<li>La paix dans notre pays. La guerre \u00e0 l\u2019Est qui suscite des tensions et agitations qui menacent les relations internationales.<\/li>\n<\/ul>\n<p><strong>CONGO (BRAZZAVILLE)<br \/>\n<\/strong>Veuillez prier pour :<\/p>\n<ul>\n<li>Les serviteurs du Seigneur et leurs familles qui sont malades : Le r\u00e9v\u00e9rend Albert Bilongo, pr\u00e9sident de l\u2019\u00e9glise nationale, qui est actuellement \u00e0 l\u2019h\u00f4pital ; le pasteur Antoine Loudi Ossama, responsable de la paroisse de Mossendjo ; et pour beaucoup d\u2019autres. Prions que le Seigneur leur accorde une prompte gu\u00e9rison.<\/li>\n<li>Que Dieu envoie de jeunes ouvriers dans sa moisson pour implanter de nouvelles \u00e9glises.<\/li>\n<li>Que le Saint-Esprit nous donne la capacit\u00e9 d\u2019accomplir les r\u00e9solutions et recommandations pour la bonne marche de l\u2019\u00e9glise qui ont \u00e9t\u00e9 prises lors de la session du Conseil d\u2019administration \u00e0 Pointe-Noire le 27 janvier.<\/li>\n<\/ul>\n<p><strong>BURKINA FASO<br \/>\n<\/strong>Louez Dieu pour :<\/p>\n<ul>\n<li>Le succ\u00e8s du Conseil National des Pr\u00e9sidents et des Responsables des structures, le 17 f\u00e9vrier.<\/li>\n<\/ul>\n<p>Veuillez prier pour :<\/p>\n<ul>\n<li>Notre \u00e9quipe nationale d\u2019\u00e9vang\u00e9lisation qui ont leur programme annuel qui s\u2019\u00e9tend de f\u00e9vrier \u00e0 avril. Priez aussi pour tous ceux qui travaillent dans ce minist\u00e8re d\u2019\u00e9vang\u00e9lisation. Compte tenu de l\u2019ins\u00e9curit\u00e9 qui r\u00e8gne dans notre pays, que Dieu veille sur eux et dispose favorablement le c\u0153ur de la population non atteint afin que tout le Burkina Faso soit gagn\u00e9 \u00e0 Christ.<\/li>\n<li>La convention de notre \u00e9glise nationale, du 25 au 29 mars \u00e0 Ouagadougou. Que toutes les activit\u00e9s et d\u00e9cisions soient conduites par l\u2019Esprit Saint.<\/li>\n<\/ul>\n<p><strong>GABON<br \/>\n<\/strong>Depuis trois ans, l\u2019\u00c9glise de l\u2019Alliance au Gabon est engag\u00e9e dans un vaste chantier \u00e0 travers plusieurs projets de d\u00e9veloppement de l\u2019\u00e9glise. Certains de ces projets sont d\u00e9j\u00e0 op\u00e9rationnels, d\u2019autres en voie de r\u00e9alisation.<\/p>\n<p>Louez Dieu pour :<\/p>\n<ul>\n<li>Tous ceux qui prient, conseillent et participent effectivement a la mise en \u0153uvre de ces projets.<\/li>\n<li>La soci\u00e9t\u00e9 de transport terrestre interurbain \u00ab Elohim Services \u00bb, d\u00e9j\u00e0 op\u00e9rationnelle.<\/li>\n<li>L\u2019Universit\u00e9 Agricole de l\u2019Alliance, qui est maintenant une r\u00e9alit\u00e9.<\/li>\n<\/ul>\n<p>Veuillez prier pour :<\/p>\n<ul>\n<li>La mobilisation en cours dans le cadre des projets d\u2019investissement de l\u2019\u00e9glise produise encore des r\u00e9sultats concrets et r\u00e9els.<\/li>\n<li>La r\u00e9alisation du projet de cr\u00e9ation de la radiot\u00e9l\u00e9vision \u00ab Elohim Radio\/TV \u00bb. Prions pour que cette radio TV soit un puissant moyen d\u2019annoncer l\u2019\u00e9vangile, de gagner et d\u2019impacter la nation.<\/li>\n<li>Que le Seigneur suscite des ouvriers dans ce secteur des m\u00e9dias pour promouvoir l\u2019annonce des valeurs chr\u00e9tiennes &#8211; des ouvriers qui se distinguent par la qualit\u00e9 de leurs \u00e9missions et par le respect de la d\u00e9ontologie et de l\u2019\u00e9thique dans le traitement de l\u2019information.<\/li>\n<\/ul>\n<p><strong>MALI<br \/>\n<\/strong>Louez Dieu pour :<\/p>\n<ul>\n<li>Le bon d\u00e9roulement de l\u2019Assembl\u00e9e g\u00e9n\u00e9rale de l\u2019\u00e9glise nationale, du 28 f\u00e9vrier au 2 mars \u00e0 Koutiala.<\/li>\n<\/ul>\n<p>Veuillez prier pour :<\/p>\n<ul>\n<li>Que Dieu utilise la situation actuelle du pays pour nous donner une grande ouverture \u00e0 l\u2019\u00e9vangile et pour une bonne r\u00e9colte des \u00e2mes perdues pour Christ.<\/li>\n<li>Le projet de construction du si\u00e8ge. Que le Seigneur suscite une bonne lib\u00e9ralit\u00e9 au sein des fid\u00e8les chr\u00e9tiens.<\/li>\n<li>L\u2019\u00e9quipe nationale d\u2019\u00e9vang\u00e9lisation afin qu\u2019elle puisse ex\u00e9cuter son plan d\u2019action avec foi.<\/li>\n<li>Le dialogue inter-malien afin que la coh\u00e9sion sociale et la paix soit une r\u00e9alit\u00e9. Il s\u2019agit d\u2019un dialogue de r\u00e9conciliation entre le peuple malien pour \u00e9viter la vengeance et le refus de s\u2019accepter mutuellement. Donc le chef de l\u2019\u00c9tat a fix\u00e9 des assises \u00e0 tous les niveaux pour un retour \u00e0 la paix.<\/li>\n<\/ul>\n<p><strong>ANGOLA<br \/>\n<\/strong>Louez Dieu pour :<\/p>\n<ul>\n<li>La c\u00e9l\u00e9bration r\u00e9ussie du 139e anniversaire de l\u2019\u00e9glise nationale. Des pasteurs et des repr\u00e9sentants d\u2019\u00e9glises s\u0153urs, ainsi que des entit\u00e9s traditionnelles et gouvernementales y ont particip\u00e9.<\/li>\n<\/ul>\n<p>Veuillez prier pour :<\/p>\n<ul>\n<li>L\u2019achat d\u2019un terrain pour l\u2019\u00e9glise de Luanda.<\/li>\n<li>Les pasteurs et leurs \u00e9pouses qui visiteront les \u00e9glises de l\u2019Alliance \u00e0 travers le pays, du 25 au 31 mars. Cet \u00ab \u00e9change \u00bb de pasteurs pendant la semaine de P\u00e2ques est une tradition de l\u2019\u00c9glise de l\u2019Alliance en Angola.<\/li>\n<\/ul>\n<p><strong>BENIN<br \/>\n<\/strong>Louez Dieu pour :<\/p>\n<ul>\n<li>La c\u00e9r\u00e9monie d\u2019investiture du 1er pr\u00e9sident de l\u2019\u00c9glise de l\u2019Alliance du B\u00e9nin, le 17 f\u00e9vrier \u00e0 Cotonou. Prions pour la direction, la sagesse et le discernement de Dieu pour le pr\u00e9sident David Sessou et pour le conseil d\u2019administration de l\u2019\u00e9glise nationale.<\/li>\n<\/ul>\n<hr \/>\n<p>&nbsp;<\/p>\n<h2><strong>Pri\u00e8res de l&rsquo;UMA &#8211; Janvier 2024<\/strong><\/h2>\n<p>&nbsp;<\/p>\n<p><strong>24 janvier 2024<\/strong><\/p>\n<p><strong>R\u00c9GION EMERALD (EUROPE ET MOYEN-ORIENT) DE L\u2019UMA<br \/>\n<\/strong>Louez Dieu pour :<\/p>\n<ul>\n<li>La joie et la communion que le Comit\u00e9 de Coordination R\u00e9gional (CCR) de l\u2019UMA EMERALD a exp\u00e9riment\u00e9 lors de sa r\u00e9union en personne aux Pays-Bas pour planifier les activit\u00e9s dans la r\u00e9gion pour 2024.<\/li>\n<li>La rencontre positive et encourageante que le CCR de l\u2019UMA EMERALD a eue avec l\u2019Unie-ABC pendant son s\u00e9jour aux Pays-Bas.<\/li>\n<li>Les \u00e9glises nationales de l\u2019Alliance des r\u00e9gions EMERALD, CLA et Am\u00e9rique du Nord qui soutiennent l\u2019initiative de la fraternit\u00e9 de l\u2019Alliance en Italie men\u00e9e par la R\u00e9gion EMERALD.<\/li>\n<\/ul>\n<p><strong>JORDANIE<br \/>\n<\/strong>Veuillez prier pour que :<\/p>\n<ul>\n<li>L\u2019\u00e9glise jordanienne prenne sa position en ces temps difficiles et partage avec ceux qui souffrent le salut en J\u00e9sus.<\/li>\n<li>Dieu relance l\u2019\u00e9conomie en Jordanie et que la pauvret\u00e9 diminue.<\/li>\n<li>Le taux de ch\u00f4mage diminue, car beaucoup ne trouvent pas d\u2019emploi en ces temps difficiles.<\/li>\n<\/ul>\n<p><strong>LIBAN<br \/>\n<\/strong>Louez Dieu pour :<\/p>\n<ul>\n<li>L\u2019Institut de Th\u00e9ologie de l\u2019Alliance Chr\u00e9tienne (CAIT) qui a fid\u00e8lement produit plus de 80 dipl\u00f4m\u00e9s au cours des ann\u00e9es et qui g\u00e8re maintenant un programme en ligne couronn\u00e9 de succ\u00e8s.<\/li>\n<\/ul>\n<p>Veuillez prier pour que :<\/p>\n<ul>\n<li>Dieu fournisse des pasteurs aux \u00e9glises qui n\u2019en ont pas actuellement. Priez pour que Dieu appelle et pr\u00e9pare de nouveaux responsables d\u2019\u00e9glise.<\/li>\n<\/ul>\n<p><strong>CAMA ZENDING &#8211; PAYS BAS<br \/>\n<\/strong>Louez Dieu pour que :<\/p>\n<ul>\n<li>Nous avons pu terminer l\u2019ann\u00e9e 2023 avec de bons r\u00e9sultats.<\/li>\n<li>Nous avons pu envoyer une grande quantit\u00e9 d\u2019argent au Maroc pour l\u2019aide apr\u00e8s le tremblement de terre.<\/li>\n<\/ul>\n<p>Veuillez prier pour :<\/p>\n<ul>\n<li>Les travailleurs de CAMA Zending qui servent dans les zones de guerre ou \u00e0 proximit\u00e9 de celles-ci. Priez pour leur courage, leur sagesse et leur f\u00e9condit\u00e9.<\/li>\n<li>Les courageux missionnaires du nord de l\u2019Inde qui ont la possibilit\u00e9 d\u2019implanter des \u00e9glises malgr\u00e9 l\u2019opposition et la pers\u00e9cution.<\/li>\n<li>L\u2019\u00e9glise du S\u00e9n\u00e9gal o\u00f9 se tiendra la conf\u00e9rence Soins de l\u2019\u00c2me. Priez pour que le Saint-Esprit pr\u00e9pare les c\u0153urs des personnes qui viendront.<\/li>\n<\/ul>\n<p><strong>PAYS-BAS<br \/>\n<\/strong>Veuillez prier pour :<\/p>\n<ul>\n<li>L\u2019unit\u00e9 apr\u00e8s la fusion de CAMA Zending et des \u00e9glises baptistes.<\/li>\n<li>Les jeunes g\u00e9n\u00e9rations trouvent leur chemin vers J\u00e9sus et les \u00e9glises locales dans une soci\u00e9t\u00e9 s\u00e9cularis\u00e9e.<\/li>\n<li>Les projets de partenariat missionnaire o\u00f9 les \u00e9glises n\u00e9erlandaises s\u2019associent \u00e0 des implanteurs d\u2019\u00e9glises ailleurs (par exemple en Azerba\u00efdjan).<\/li>\n<li>Nos s\u00e9minaristes et enseignants, afin qu\u2019ils grandissent dans la connaissance de Dieu et qu\u2019ils deviennent des disciples pour diriger nos \u00e9glises.<\/li>\n<\/ul>\n<p><strong>ITALIE<br \/>\n<\/strong>Louez Dieu pour :<\/p>\n<ul>\n<li>Le travail qu\u2019il accomplit dans le c\u0153ur des gens pour apporter la gu\u00e9rison et la r\u00e9conciliation par la communion et l\u2019amour qui ne viennent que de J\u00e9sus.<\/li>\n<\/ul>\n<p>Veuillez prier pour :<\/p>\n<ul>\n<li>La sagesse et l\u2019orientation des responsables de l\u2019UMA qui cherchent \u00e0 encourager et \u00e0 favoriser la communion entre tous les travailleurs et responsables associ\u00e9s de l\u2019Alliance en Italie, et les responsables de l\u2019Alliance li\u00e9s \u00e0 l\u2019Italie.<\/li>\n<li>La prochaine r\u00e9union de l\u2019Alliance pour les travailleurs associ\u00e9s de l\u2019Alliance en Italie qui aura lieu \u00e0 Bologne, le 10 f\u00e9vrier.<\/li>\n<\/ul>\n<p><strong>ESPAGNE<br \/>\n<\/strong>Louez Dieu pour :<\/p>\n<ul>\n<li>La formation de disciples dans les \u00e9quipes de la diaspora en Espagne. Un converti a r\u00e9cemment \u00e9t\u00e9 baptis\u00e9.<\/li>\n<\/ul>\n<p>Veuillez prier pour :<\/p>\n<ul>\n<li>Les personnes qui participent aux rassemblements de foi de chacune des cinq \u00e9quipes de la diaspora en Espagne. Priez pour \u00ab Adam \u00bb et son cheminement de foi. Il a \u00e9t\u00e9 beaucoup expos\u00e9 aux croyants et au message pendant les vacances. Priez pour qu\u2019il voie la v\u00e9rit\u00e9.<\/li>\n<li>L\u2019\u00e9quipe de la diaspora \u00e0 Salt (Girona) qui cherche activement un local \u00e0 louer comme lieu de rencontre et de minist\u00e8re. Priez pour que Dieu vous guide clairement et vous ouvre la porte.<\/li>\n<li>Alba, la missionnaire espagnole au Mexique, qui retourne mardi \u00e0 son travail de traduction de la Bible apr\u00e8s un mois en Espagne. Elle fait de grands progr\u00e8s avec la langue et sa forme \u00e9crite. Dieu a b\u00e9ni Alba avec des hommes et des femmes de paix qui l\u2019aident et la prot\u00e8gent.<\/li>\n<\/ul>\n<p><strong>BULGARIE<br \/>\n<\/strong>Louez Dieu pour :<\/p>\n<ul>\n<li>La famille Lovel qui a dispens\u00e9 une formation sur les dons spirituels, de sorte que presque tous les membres de l\u2019\u00e9glise de Burgas servent d\u00e9sormais avec leurs dons.<\/li>\n<\/ul>\n<p>Veuillez prier pour que :<\/p>\n<ul>\n<li>Dieu fournisse les ressources n\u00e9cessaires pour que l\u2019\u00e9glise prosp\u00e8re et atteigne les personnes non atteintes dans leur communaut\u00e9.<\/li>\n<\/ul>\n<p><strong>FRANCE<br \/>\n<\/strong>Louez Dieu pour :<\/p>\n<ul>\n<li>La mise \u00e0 disposition de nouveaux pasteurs pour les \u00e9glises de l\u2019Alliance dans les r\u00e9gions de Paris et de Toulouse.<\/li>\n<\/ul>\n<p>Veuillez prier pour que :<\/p>\n<ul>\n<li>Dieu ouvre des portes pour que les autorit\u00e9s fran\u00e7aises accordent des visas afin que le nouveau pasteur de l\u2019\u00e9glise de l\u2019Alliance \u00e0 Boulogne-Billancourt puisse \u00eatre uni \u00e0 sa femme et \u00e0 sa fille en France.<\/li>\n<\/ul>\n<p><strong>RESEAU DE L\u00c9GLISE DE TOUTES LES NATIONS DE L\u2019ALLIANCE (CAN DE L\u2019ALLIANCE)<br \/>\n<\/strong>Louez Dieu pour :<\/p>\n<ul>\n<li>L\u2019Alliance Manchester (TAM), une \u00e9glise qui est une famille interculturelle, centr\u00e9e sur J\u00e9sus, partageant la vie ensemble et partageant sa vie avec les autres. C\u2019est un foyer pour les familles, un centre pour les \u00e9tudiants et un refuge pour les r\u00e9fugi\u00e9s o\u00f9 r\u00e8gne la culture de J\u00e9sus.<\/li>\n<\/ul>\n<p>Veuillez prier pour que :<\/p>\n<ul>\n<li>Le R\u00e9seau CAN de l\u2019Alliance se d\u00e9veloppe et que Dieu ouvre des portes aux \u00e9glises CAN de l\u2019Alliance dans la R\u00e9gion EMERALD qui rassemblent des personnes de toutes nations et cultures dans des relations d\u2019amour, unies en Christ, transform\u00e9es par lui pour avoir un impact sur toutes les nations et tous les peuples du monde.<\/li>\n<\/ul>\n<p><strong>MINIST\u00c8RES DE LA DIASPORA DE L\u2019ALLIANCE<br \/>\n<\/strong>Louez Dieu pour :<\/p>\n<ul>\n<li>La Maison du Caf\u00e9 The Giving Tree qui construit des ponts et apporte de l\u2019espoir aux laiss\u00e9s-pour-compte de Manchester, au Royaume-Uni.<\/li>\n<\/ul>\n<p>Veuillez prier pour :<\/p>\n<ul>\n<li>Pour le nouveau projet europ\u00e9en de m\u00e9dias num\u00e9riques qui apporte la bonne nouvelle aux nord-africains en Europe et les met en contact avec d\u2019autres croyants et avec un mouvement de formation de disciples. Cette strat\u00e9gie num\u00e9rique est essentielle pour atteindre les jeunes nord-africains en Europe et les \u00e9quiper pour qu\u2019ils deviennent des disciples reproductibles lorsqu\u2019ils retourneront en Afrique du Nord.<\/li>\n<li>Que Dieu fournisse un g\u00e9rant missionnaire de caf\u00e9 pour la Maison du Caf\u00e9 The Giving Tree \u00e0 Manchester.<\/li>\n<li>Pour que davantage de disciples se joignent au projet et que l\u2019\u00e9glise se multiplie dans la ville de Manchester.<\/li>\n<\/ul>\n<p><strong>DIASPORA DE L\u2019ALLIANCE AFRICAINE<br \/>\n<\/strong>Louez Dieu pour :<\/p>\n<ul>\n<li>L\u2019\u00c9glise de la Diaspora de l\u2019Alliance Africaine \u00e0 Dijon, en France, qui a rejoint la famille de l\u2019Alliance en France et qui a enfin acc\u00e8s \u00e0 un lieu de culte gr\u00e2ce au soutien de l\u2019\u00e9glise de l\u2019Alliance fran\u00e7aise.<\/li>\n<\/ul>\n<p><strong>FORMATION DE L\u2019ALLIANCE<br \/>\n<\/strong>Veuillez prier pour :<\/p>\n<ul>\n<li>Les projets de la Commission Internationale d\u2019\u00c9ducation Th\u00e9ologique de l\u2019UMA (ICTE) de mettre en place une Conf\u00e9rence de Formation \u00e0 la Th\u00e9ologie et \u00e0 l\u2019Identit\u00e9 de l\u2019Alliance pour les \u00e9glises nationales de la R\u00e9gion EMERALD.<\/li>\n<\/ul>\n<hr \/>\n<p><strong>17 janvier 2024<\/strong><\/p>\n<p><strong>R\u00c9GION CLA (AM\u00c9RIQUE LATINE) DE L\u2019UMA<br \/>\n<\/strong>Veuillez prier pour :<\/p>\n<ul>\n<li>La Formation Missionnaire de la R\u00e9gion CLA, du 23 au 26 janvier \u00e0 Lima, au P\u00e9rou. Priez pour la protection et la provision des 200 participants et orateurs.<\/li>\n<\/ul>\n<p><strong>\u00c9QUATEUR<br \/>\n<\/strong>Veuillez prier pour :<\/p>\n<ul>\n<li>La paix pour notre pays. Le conflit interne d\u00fb aux groupes de trafiquants de drogue au cours des derni\u00e8res ann\u00e9es a entra\u00een\u00e9 un taux \u00e9lev\u00e9 de violence dans les rues de tout le pays, et aujourd\u2019hui l\u2019\u00e9quipe de s\u00e9curit\u00e9 nationale affronte ces groupes.<\/li>\n<li>Notre pr\u00e9sident national, Daniel Noboa. Qu\u2019il trouve en J\u00e9sus-Christ le salut et les conseils qui lui permettront de prendre les bonnes d\u00e9cisions pour le bien-\u00eatre du pays.<\/li>\n<li>La s\u00e9curit\u00e9 de nos pasteurs dans les services religieux et l\u2019\u00e9vang\u00e9lisation dans tout le pays.<\/li>\n<li>Notre Assembl\u00e9e de l\u2019\u00c9glise Nationale, du 22 au 24 f\u00e9vrier \u00e0 Quito. Prions pour le r\u00e9v\u00e9rend David Muthre et les organisateurs de cette rencontre.<\/li>\n<li>La situation \u00e9conomique du pays, en particulier pour les petites entreprises, dont certaines ont d\u00fb fermer \u00e0 cause de l\u2019extorsion.<\/li>\n<\/ul>\n<p><strong>COLOMBIE<br \/>\n<\/strong>Veuillez prier pour :<\/p>\n<ul>\n<li>Deux de nos travailleurs qui partent ce mois-ci pour servir la communaut\u00e9 musulmane en Afrique du Nord. Priez pour que l\u2019ensemble du processus migratoire puisse se d\u00e9rouler en toute normalit\u00e9.<\/li>\n<li>La provision et le soutien pour nos pasteurs et missionnaires en Colombie et \u00e0 l\u2019\u00e9tranger.<\/li>\n<li>La retraite nationale de pri\u00e8re et de je\u00fbne, qui se tiendra du 2 au 4 f\u00e9vrier au notre Camp Ebenezer. Prions pour que nos pasteurs soient sensibles \u00e0 la voix et \u00e0 la direction de Dieu en 2024.<\/li>\n<\/ul>\n<p><strong>ARGENTINE<br \/>\n<\/strong>Veuillez prier pour :<\/p>\n<ul>\n<li>Le renouveau et la force des familles pastorales pendant les vacances d\u2019\u00e9t\u00e9.<\/li>\n<li>Le soutien financier et spirituel de chacun de nos missionnaires et de leurs familles sur le terrain.<\/li>\n<li>La situation \u00e9conomique complexe et le climat social dans notre pays. Priez pour que nous soyons, en tant qu\u2019\u00e9glise, une voix d\u2019espoir et de lumi\u00e8re dans les t\u00e9n\u00e8bres.<\/li>\n<\/ul>\n<p><strong>BR\u00c9SIL<br \/>\n<\/strong>Louez Dieu pour :<\/p>\n<ul>\n<li>Que nous avons r\u00e9ussi \u00e0 rembourser une grande partie de la dette que nous avions envers les missionnaires. Nous devons encore vendre un bien immobilier pour y parvenir.<\/li>\n<li>Les personnes atteintes et transform\u00e9es par l\u2019\u00e9vangile en 2023. Prions pour les disciples qui ont commenc\u00e9 leur minist\u00e8re en 2023.<\/li>\n<\/ul>\n<p>Veuillez prier pour :<\/p>\n<ul>\n<li>Le Conseil National de la CMA du Br\u00e9sil, du 29 janvier au 1er f\u00e9vrier, et l\u2019\u00e9lection du Bureau National. Priez aussi pour la sagesse et la direction de Dieu pendant les r\u00e9unions et la communion fraternelle.<\/li>\n<li>Que les pasteurs et les ministres soient pour leurs \u00e9glises des mod\u00e8les de la mani\u00e8re de suivre J\u00e9sus-Christ.<\/li>\n<li>Que davantage de jeunes et de s\u00e9minaristes r\u00e9pondent \u00e0 l\u2019appel de Dieu dans leur vie.<\/li>\n<li>Le projet d\u2019unification des \u00e9glises de la CMA br\u00e9siliennes pour atteindre et influencer les villes o\u00f9 l\u2019Alliance a des minist\u00e8res. Prions pour que de nouveaux ouvriers dans les \u00e9glises locales et de nouveaux implanteurs d\u2019\u00e9glises dans le pays soient form\u00e9s et \u00e9quip\u00e9s. Prions pour les mariages et les familles des pasteurs et des responsables d\u2019\u00e9glises. Priez pour de nouveaux partenariats avec d\u2019autres \u00e9glises et d\u00e9nominations sur la mani\u00e8re de saturer les villes et de travailler ensemble pour le Royaume de Dieu.<\/li>\n<\/ul>\n<p><strong>CHILI<br \/>\n<\/strong>Louez Dieu pour :<\/p>\n<ul>\n<li>Les bapt\u00eames et les camps pour enfants et adolescents que nos \u00e9glises font depuis le d\u00e9but de cette nouvelle ann\u00e9e. L\u2019\u00e9glise a \u00e9t\u00e9 mobilis\u00e9e cet \u00e9t\u00e9.<\/li>\n<li>La provision de Dieu pour soutenir les projets des \u00e9glises locales, les missions \u00e9trang\u00e8res et les divers minist\u00e8res.<\/li>\n<\/ul>\n<p>Veuillez prier pour :<\/p>\n<ul>\n<li>Nos sessions annuelles, le Conseil G\u00e9n\u00e9ral de l\u2019\u00c9glise et la Convention Nationale de l\u2019Union des Femmes. Ces deux derni\u00e8res \u00e9liront leurs nouveaux responsables pour le mandat 2024-2026.<\/li>\n<\/ul>\n<p><strong>URUGUAY<br \/>\n<\/strong>Veuillez prier pour :<\/p>\n<ul>\n<li>La gu\u00e9rison physique des pasteurs et des \u00e9pouses de pasteurs qui traversent des p\u00e9riodes difficiles.<\/li>\n<li>Que le Seigneur suscite de nouveaux pasteurs qui r\u00e9pondent \u00e0 son appel. Nous continuons \u00e0 avoir des \u00e9glises sans pasteurs.<\/li>\n<li>La passion missionnaire qui continue \u00e0 s\u2019\u00e9veiller dans le pays afin que nous puissions fonder de nouvelles \u00e9glises.<\/li>\n<\/ul>\n<p><strong>VENEZUELA<br \/>\n<\/strong>Louez Dieu pour :<\/p>\n<ul>\n<li>Son amour et sa fid\u00e9lit\u00e9 dans les \u00e9preuves.<\/li>\n<\/ul>\n<p>Veuillez prier pour :<\/p>\n<ul>\n<li>L\u2019\u00e9glise de Cartanal. Priez pour leur restauration, leur vie spirituelle, leurs conseils, leur direction et la sagesse de leurs dirigeants. Que le Seigneur les fortifie alors qu\u2019ils traversent la perte de S\u0153ur Caromoto lors d\u2019une r\u00e9cente activit\u00e9 de l\u2019\u00e9glise. Elle \u00e9tait membre fondateur et faisait partie de l\u2019\u00e9quipe pastorale.<\/li>\n<li>Guidance, direction, sagesse et sant\u00e9 g\u00e9n\u00e9rale pour le corps pastoral et le conseil d\u2019administration national.<\/li>\n<li>Le nouveau travail \u00e0 Los Guayos. Prions pour des responsables engag\u00e9s et pour que nous puissions atteindre cette communaut\u00e9 pour le Christ.<\/li>\n<li>La situation \u00e9conomique nationale qui affecte les \u00e9glises et les familles pastorales.<\/li>\n<\/ul>\n<p><strong>HA\u00cfTI<br \/>\n<\/strong>Veuillez prier pour :<\/p>\n<ul>\n<li>La c\u00e9l\u00e9bration du 25e anniversaire de l\u2019\u00e9glise nationale ce mois-ci. Priez pour que Dieu soit glorifi\u00e9 en ce jour et que son peuple soit b\u00e9ni.<\/li>\n<li>Les congr\u00e9gations de Tomasique et Henche. Elles ont d\u00e9j\u00e0 acquis des terrains, mais nous avons besoin de ressources pour construire leurs \u00e9glises.<\/li>\n<li>L\u2019\u00e9glise m\u00e8re de Ouanaminthe qui travaille au sein de l\u2019\u00e9glise. Prions pour que tout soit men\u00e9 \u00e0 bien.<\/li>\n<li>Sagesse pour les pasteurs et les responsables. Que Dieu nous guide dans tout ce que nous faisons.<\/li>\n<\/ul>\n<hr \/>\n<p><strong>10 janvier 2024<\/strong><\/p>\n<p><strong>R\u00c9GION AM\u00c9RIQUE DU NORD DE L&rsquo;UMA<\/strong><\/p>\n<p><strong>\u00c9TATS-UNIS<br \/>\n<\/strong>Veuillez prier pour :<\/p>\n<ul>\n<li>Les Ouvriers Internationaux envoy\u00e9s par les Etats-Unis qui sont maintenant rentr\u00e9s chez eux en Terre Sainte. Priez pour leur s\u00e9curit\u00e9 et pour que Dieu se serve d&rsquo;eux pendant cette p\u00e9riode difficile. Ils voient de nombreuses occasions d&rsquo;aider les isra\u00e9liens et les palestiniens d\u00e9plac\u00e9s, dont beaucoup sont devenus plus ouverts \u00e0 l&rsquo;\u00e9vangile. Priez \u00e9galement pour la s\u00e9curit\u00e9 des enfants de nos travailleurs et pour que la vie revienne \u00e0 la normale autant que possible, compte tenu des r\u00e9alit\u00e9s actuelles.<\/li>\n<li>Projet ReImagine, le v\u00e9hicule pour alimenter One Alliance Place, un d\u00e9veloppement \u00e0 usage mixte de 14 acres \u00e0 Reynoldsburg, Ohio. Il abritera le Bureau National de l&rsquo;Alliance des \u00c9tats-Unis, offrira un lieu de rassemblement accueillant pour la communaut\u00e9 et servira de mod\u00e8le pour changer la position de l&rsquo;engagement de l&rsquo;\u00e9glise dans la soci\u00e9t\u00e9. Priez pour que Dieu continue \u00e0 fournir les fonds n\u00e9cessaires aux d\u00e9penses majeures de construction dans les mois \u00e0 venir.<\/li>\n<\/ul>\n<p><strong>CANADA<br \/>\n<\/strong>Veuillez prier pour :<\/p>\n<ul>\n<li>Indigenous Voices. Il s&rsquo;agit d&rsquo;une Nouvelle Entreprise qui agit comme un catalyseur pour l&rsquo;encouragement des individus et des \u00e9glises existantes. Cette expression en ligne du minist\u00e8re, d\u00e9di\u00e9e au contenu indig\u00e8ne, vise \u00e0 engager les communaut\u00e9s dans les endroits isol\u00e9s et \u00e0 \u00eatre une source d&rsquo;espoir. Prions pour la gu\u00e9rison des communaut\u00e9s autochtones du Canada et pour la r\u00e9conciliation. Que les responsables d&rsquo;\u00e9glise canadiens reconnaissent l&rsquo;importance d&rsquo;une relation juste et d&rsquo;une r\u00e9conciliation avec les peuples autochtones dans le cadre de l&rsquo;histoire de l&rsquo;\u00e9glise au Canada.<\/li>\n<li>Joseph et Paula, sont confront\u00e9s \u00e0 de nombreux d\u00e9fis alors qu&rsquo;ils se pr\u00e9parent \u00e0 partir \u00e0 la campagne l&rsquo;\u00e9t\u00e9 prochain. Le p\u00e8re de Paula a eu un accident vasculaire c\u00e9r\u00e9bral et on lui a diagnostiqu\u00e9 un cancer en phase terminale. Aucun des parents de Paula n&rsquo;est croyant. De plus, le responsable de leur agence d&rsquo;envoi a de graves probl\u00e8mes de sant\u00e9. Demandez le salut, la gu\u00e9rison, la paix, le r\u00e9confort, la sagesse et la direction alors qu&rsquo;ils traversent ces d\u00e9fis et demandez au Seigneur de rendre le chemin clair pour eux.<\/li>\n<li>Wade et Cara, qui attendent au Canada les visas et les formalit\u00e9s administratives pour retourner en Asie Centrale. Priez pour la faveur et la patience alors qu&rsquo;ils sont assis dans l&rsquo;inconnu. Priez pour leur entreprise en Asie Centrale et l&rsquo;homme qui la g\u00e8re.<\/li>\n<li>Katzaire Zee, qui a \u00e9t\u00e9 engag\u00e9e comme ouvrier internationale enti\u00e8rement financ\u00e9e pour un minist\u00e8re au Japon. Priez pour sa demande de visa \u00e0 long terme, qui sera soumise ce mois-ci. Priez pour la faveur et le temps n\u00e9cessaire de Dieu pour son traitement et son approbation. L&rsquo;\u00e9quipe esp\u00e8re qu&rsquo;elle arrive au Japon en mars 2024.<\/li>\n<li>Gary et Sharon Howell. Ils ont entendu le r\u00e9cit d&rsquo;un homme appartenant \u00e0 un groupe de population non atteint au S\u00e9n\u00e9gal qui a re\u00e7u une effusion du Saint-Esprit. Il \u00e9tait auparavant ti\u00e8de dans sa foi et confus dans ses convictions, mais il a maintenant renouvel\u00e9 sa foi et son engagement envers Christ avec z\u00e8le. Priez pour cet homme qui cherche \u00e0 devenir un disciple intentionnel d&rsquo;un croyant de son propre groupe.<\/li>\n<\/ul>\n<p>&nbsp;<\/p>\n<hr \/>\n<p>&nbsp;<\/p>\n<h2><strong>Pri\u00e8res de l\u2019UMA &#8211; D\u00e9cembre 2023<\/strong><\/h2>\n<p>&nbsp;<\/p>\n<p><strong>20 d\u00e9cembre 2023<\/strong><\/p>\n<p><strong>R\u00c9GION EMERALD (EUROPE ET MOYEN-ORIENT) DE L\u2019UMA<br \/>\n<\/strong>Veuillez prier pour :<\/p>\n<ul>\n<li>Les \u00e9glises de l\u2019Alliance dans la r\u00e9gion, confront\u00e9es \u00e0 l\u2019impact de la guerre en Terre Sainte. Priez pour que Dieu donne de la sagesse aux responsables des \u00e9glises. Satan essaie de prendre le contr\u00f4le et d\u2019emporter beaucoup d\u2019\u00e2mes avec lui. Notre r\u00f4le en tant qu\u2019\u00e9glise est de briser tous les plans et toutes les oppressions de Satan sur la Terre Sainte.<\/li>\n<li>Le Comit\u00e9 de Coordination R\u00e9gional de l\u2019UMA EMERALD qui se r\u00e9unira aux Pays-Bas du 18 au 20 janvier 2024. Priez pour que les difficult\u00e9s de voyage soient surmont\u00e9es et que Dieu donne au comit\u00e9 la sagesse n\u00e9cessaire pour planifier les activit\u00e9s dans la r\u00e9gion pour 2024.<\/li>\n<\/ul>\n<p><strong>JORDANIE<br \/>\n<\/strong>Veuillez prier pour :<\/p>\n<ul>\n<li>Que Dieu prot\u00e8ge la Jordanie des cons\u00e9quences de la guerre au Moyen-Orient.<\/li>\n<li>Que Dieu apporte la paix \u00e0 la Jordanie et \u00e0 toute la r\u00e9gion en cette p\u00e9riode de No\u00ebl. Que notre peuple rencontre le Prince de la Paix pendant cette saison b\u00e9nie et que l\u2019\u00e9glise puisse aider les familles dans le besoin.<\/li>\n<li>Les services des \u00e9glises pendant No\u00ebl. Prions pour de nouvelles occasions de partager la bonne nouvelle de J\u00e9sus-Christ.<\/li>\n<\/ul>\n<p><strong>CAMA ZENDING &#8211; PAYS-BAS<br \/>\n<\/strong>Louez Dieu pour :<\/p>\n<ul>\n<li>L\u2019\u00e9quipe du bureau de CAMA Zending, qui est enfin au complet. Tous les postes vacants ont \u00e9t\u00e9 pourvus et nous nous r\u00e9jouissons du travail que nous aurons \u00e0 faire ensemble.<\/li>\n<li>Les nombreuses personnes qui s\u2019arr\u00eatent \u00e0 notre bureau pour explorer la possibilit\u00e9 d\u2019\u00eatre envoy\u00e9es comme missionnaires. C\u2019est une b\u00e9n\u00e9diction extraordinaire.<\/li>\n<li>Les efforts fructueux d\u00e9ploy\u00e9s pour finaliser nos comptes annuels 2022 et l\u2019approbation de ces comptes par le commissaire aux comptes. Ce fut une t\u00e2che difficile en raison de la maladie de longue dur\u00e9e de notre comptable, la seule personne qui connaisse tout de nos finances. Malgr\u00e9 notre manque de connaissances et de capacit\u00e9 \u00e0 v\u00e9rifier les choses, nous avons eu la chance de pouvoir travailler dur pour mener le projet \u00e0 son terme.<\/li>\n<li>Le projet de Partenariat Missionnaire qui \u00e9tablit des relations entre les \u00e9glises n\u00e9erlandaises et les \u00e9glises \u00e0 l\u2019\u00e9tranger sous la direction d\u2019Arie Verduijn. Nous sommes reconnaissants que de nombreuses \u00e9glises soient enthousiastes \u00e0 l\u2019\u00e9gard de cette opportunit\u00e9. De nouveaux partenariats se forment chaque mois.<\/li>\n<\/ul>\n<p>Veuillez prier pour :<\/p>\n<ul>\n<li>Les 11 voyages missionnaires \u00e0 court terme que CAMA Zending organise pour des groupes et des individus. Cela repr\u00e9sente beaucoup de travail. Merci de prier pour une bonne organisation et une bonne coop\u00e9ration avec les \u00e9glises locales.<\/li>\n<\/ul>\n<p><strong>FRANCE<br \/>\n<\/strong>Louez Dieu pour :<\/p>\n<ul>\n<li>Les nouveaux pasteurs qui ont \u00e9t\u00e9 appel\u00e9s \u00e0 servir dans les \u00e9glises de l\u2019Alliance en France. Prions pour que leur installation se passe bien et que les \u00e9glises grandissent dans l\u2019\u00e9vangile de J\u00e9sus-Christ.<\/li>\n<li>Les partenariats qui ont \u00e9t\u00e9 d\u00e9velopp\u00e9s avec CAMA Zending et la CMA d\u2019Australie pour soutenir le couple d\u2019implanteurs d\u2019\u00e9glises de l\u2019Alliance fran\u00e7aise qui \u00e9tablissent une \u00e9glise clandestine dans un pays ferm\u00e9 de la sixi\u00e8me r\u00e9gion.<\/li>\n<\/ul>\n<p>Veuillez prier pour :<\/p>\n<ul>\n<li>Les pasteurs qui partent \u00e0 la retraite : que Dieu leur donne de nouveaux minist\u00e8res pour continuer \u00e0 servir la famille de l\u2019Alliance en France.<\/li>\n<li>La missionnaire de l\u2019Alliance fran\u00e7aise, Amy, qui cherche l\u2019appel de Dieu sur sa vie dans une nouvelle saison. Priez pour que Dieu lui ouvre des portes et lui parle pendant son voyage de vision au Japon.<\/li>\n<\/ul>\n<p><strong>MOBILISATION DES MISSIONS DE L\u2019EMERALD DE L\u2019UMA<br \/>\n<\/strong>Louez Dieu pour :<\/p>\n<ul>\n<li>La participation r\u00e9ussie \u00e0 la Conf\u00e9rence R\u00e9gionale Africaine pour Awana \/ Discovery Land Global \u00e0 Nairobi, Kenya, et pour les nouveaux liens qui ont \u00e9t\u00e9 \u00e9tablis pour d\u00e9velopper des projets missionnaires et un minist\u00e8re de discipolat aupr\u00e8s des enfants en Afrique.<\/li>\n<\/ul>\n<p>Veuillez prier pour :<\/p>\n<ul>\n<li>Un regain de sant\u00e9 pour le fr\u00e8re Eoghan Cosgrave, le Mobilisateur des Missions de l\u2019UMA EMERALD, suite \u00e0 des probl\u00e8mes m\u00e9dicaux survenus lors de ses r\u00e9cents voyages en Afrique.<\/li>\n<\/ul>\n<p><strong>PAYS-BAS<br \/>\n<\/strong>Louez Dieu pour :<\/p>\n<ul>\n<li>Les c\u00e9l\u00e9brations joyeuses de la fusion r\u00e9ussie des \u00e9glises ABC et Unie qui ont eu lieu le 18 novembre.<\/li>\n<li>L\u2019\u00c9glise de l\u2019Alliance irakienne qui a \u00e9t\u00e9 accept\u00e9e comme membre de l\u2019Unie-ABC pendant les c\u00e9l\u00e9brations.<\/li>\n<\/ul>\n<p><strong>\u00a0<\/strong><strong>MACEDONIE<br \/>\n<\/strong>Louez Dieu pour :<\/p>\n<ul>\n<li>L\u2019\u00e9glise implant\u00e9e \u00e0 Skopje, la capitale de la Mac\u00e9doine du Nord. Elle vient de c\u00e9l\u00e9brer son cinqui\u00e8me anniversaire. Dieu a \u00e9t\u00e9 fid\u00e8le, et maintenant nous sommes devenus trop grands pour les locaux avec lesquels nous avons commenc\u00e9.<\/li>\n<\/ul>\n<p>Veuillez prier pour :<\/p>\n<ul>\n<li>La mise \u00e0 disposition de nouveaux locaux. Nous louons actuellement un petit b\u00e2timent \u00e0 la p\u00e9riph\u00e9rie de la ville, et nous voulons nous installer dans la partie urbaine de la ville. Nous avons besoin d\u2019\u00eatre guid\u00e9s par le Seigneur en ce qui concerne l\u2019emplacement et d\u2019avoir des partenaires qui nous aident dans ce pas de foi.<\/li>\n<\/ul>\n<p><strong>ITALIE<br \/>\n<\/strong>Louez Dieu pour :<\/p>\n<ul>\n<li>L\u2019\u00c9glise de l\u2019Alliance d\u2019Anc\u00f4ne qui vient de c\u00e9l\u00e9brer son 13\u00e8me anniversaire gr\u00e2ce \u00e0 la fid\u00e9lit\u00e9 de Dieu au cours des ann\u00e9es. Que Dieu continue \u00e0 b\u00e9nir ce minist\u00e8re et \u00e0 donner force et sagesse au couple pastoral, Mario et Alejandra Pereyra, et \u00e0 pourvoir \u00e0 leurs besoins.<\/li>\n<li>Le 10e anniversaire de l\u2019\u00c9glise de l\u2019Alliance de Porto de Recanati. Prions pour que Dieu continue de b\u00e9nir et d\u2019utiliser cette \u00e9glise et qu\u2019il donne force et sagesse au couple pastoral, Biagio et Filomena Matarese.<\/li>\n<\/ul>\n<p><strong>ESPAGNE<br \/>\n<\/strong>Louez Dieu pour :<\/p>\n<ul>\n<li>L\u2019\u00c9cole International LIFE qui est en train de devenir trop grande pour ses locaux actuels. Pour cette raison, l\u2019\u00e9cole a retard\u00e9 l\u2019inscription des futurs \u00e9tudiants. Prions pour que Dieu donne au Conseil d\u2019Administration la sagesse de discerner les prochaines \u00e9tapes pour l\u2019\u00e9tablissement &#8211; soit l\u2019agrandissement du b\u00e2timent actuel, soit, si Dieu le veut, l\u2019achat d\u2019un terrain et la construction d\u2019un b\u00e2timent plus grand.<\/li>\n<\/ul>\n<p><strong>FORMATION DE L\u2019ALLIANCE &#8211; INFORMA (ESPAGNE)<br \/>\n<\/strong>Louez Dieu pour :<\/p>\n<ul>\n<li>La grande ann\u00e9e qu\u2019INFORMA (L\u2019Institut de Formation Minist\u00e9rielle de l\u2019Alliance en Espagne) a eu en 2023. Nous avons lanc\u00e9 le nouveau programme de Minist\u00e8re de la Jeunesse et nous sommes devenus membre de l\u2019ECTE (Conseil Europ\u00e9en de l\u2019\u00c9ducation Th\u00e9ologique).<\/li>\n<\/ul>\n<hr \/>\n<p><strong>6 d\u00e9cembre 2023<\/strong><\/p>\n<p><strong>R\u00c9GION CLA (AM\u00c9RIQUE LATINE) DE L\u2019UMA<\/strong><\/p>\n<p><strong>CHILI<br \/>\n<\/strong>Louez Dieu pour :<\/p>\n<ul>\n<li>Les \u00e9tudiants qui terminent leurs \u00e9tudes \u00e0 notre s\u00e9minaire. Nous remercions chaque famille et l\u2019\u00e9glise pour leur soutien. Veuillez prier pour ces \u00e9tudiants pour que beaucoup entendent l\u2019appel du Seigneur.<\/li>\n<\/ul>\n<p>Veuillez prier pour :<\/p>\n<ul>\n<li>La direction et la sagesse de Dieu dans de nouveaux leaders et les diacres locaux et ceux du district.<\/li>\n<li>Le renouvellement de la Promesse de Foi, nos missions d\u2019offrandes. Priez pour chaque membre de l\u2019\u00e9glise qui est engag\u00e9 de soutenir nos missionnaires chaque ann\u00e9e.<\/li>\n<li>La sant\u00e9 de la s\u0153ur Soledad Regease et la s\u0153ur Zadia Arriagada, qui ont subi une op\u00e9ration de c\u0153ur.<\/li>\n<li>Nos pasteurs retrait\u00e9s Javiers Gallegos, Julio Maldonado, Jos\u00e9 Leiva, Hugo Ulloa, Domingo Mancilla, et les autres.<\/li>\n<li>Les pasteurs qui doivent \u00eatre transf\u00e9r\u00e9s, et les autres qui entrent dans le minist\u00e8re pastoral. Que ces changements soient guid\u00e9s par le Seigneur dans chaque d\u00e9tail.<\/li>\n<li>Notre R\u00e9union G\u00e9n\u00e9rale en janvier 2024. Que la b\u00e9n\u00e9diction de la r\u00e9union et la planification pour l\u2019avenir nous donne optimisme et joie qui appartiennent au corps de Christ.<\/li>\n<\/ul>\n<p><strong>BR\u00c9SIL<br \/>\n<\/strong>Louez Dieu pour :<\/p>\n<ul>\n<li>Sa direction, sa protection, et sa provision pour le r\u00e9v\u00e9rend J\u00e9r\u00e9mie Warden, le pr\u00e9sident de l\u2019Alliance du Br\u00e9sil, durant ses voyages en octobre (Conf\u00e9rence de CLA &#8211; P\u00e9rou) et de novembre (R\u00e9union des Leaders des Missions &#8211; Lib\u00e9ria). Louez Dieu pour des connections fructueuses avec beaucoup de la famille de l\u2019Alliance des autres pays et de bons entretiens au sujet du travail.<\/li>\n<li>La visite du r\u00e9v\u00e9rend Jeremy Warden \u00e0 nos missionnaires au Portugal. C\u2019\u00e9tait une bonne opportunit\u00e9 de mieux les conna\u00eetre et de r\u00eaver et penser au sujet de l\u2019avenir.<\/li>\n<\/ul>\n<p>Veuillez prier pour :<\/p>\n<ul>\n<li>La sant\u00e9 mentale, \u00e9motionnelle, et spirituelle des travailleurs et les familles de l\u2019\u00e9glise comme nous voyons les gens vivant consid\u00e9rablement avec les cons\u00e9quences de ces maladies.<\/li>\n<li>Les missionnaires qui cherchent des partenaires et soutiens pour rencontrer leurs besoins physiques et minist\u00e9riels.<\/li>\n<li>Les nouveaux missionnaires, des leaders, et les pasteurs pour nos \u00e9glises, nos projets, et membres du comit\u00e9 ex\u00e9cutif de la d\u00e9nomination.<\/li>\n<li>Les nouveaux \u00e9tudiants qui doivent \u00eatre form\u00e9s et \u00e9quip\u00e9s pour le minist\u00e8re dans notre s\u00e9minaire th\u00e9ologique.<\/li>\n<li>La vente d\u2019un appartement qui appartient \u00e0 la d\u00e9nomination pour payer quelques dettes de l\u2019\u00e9glise.<\/li>\n<\/ul>\n<p><strong>COLOMBIE<br \/>\n<\/strong>Louez Dieu pour :<\/p>\n<ul>\n<li>Plus de 1 300 jeunes gens qui ont particip\u00e9 aux Camps R\u00e9gionaux de Jeunes Reconnexion \u00ab La Vie dans l\u2019Esprit \u00bb.<\/li>\n<li>Le congr\u00e8s national de femmes \u00ab Brille 2023 \u00bb et plus de 800 femme qui ont particip\u00e9.<\/li>\n<\/ul>\n<p>Veuillez prier pour :<\/p>\n<ul>\n<li>Une nouvelle g\u00e9n\u00e9ration des leaders pour servir le Seigneur dans leurs \u00e9glises.<\/li>\n<li>La direction de Dieu comme nous renouvelons notre partenariat avec les Minist\u00e8res de Coop\u00e9ration Internationale (ICM) pour 2024.<\/li>\n<\/ul>\n<p><strong>ARGENTINE<br \/>\n<\/strong>Louez Dieu pour :<\/p>\n<ul>\n<li>Sa gr\u00e2ce et sa provision qui nous ont permis d\u2019accomplir les engagements financiers avec nos missionnaires.<\/li>\n<li>La cl\u00f4ture de l\u2019ann\u00e9e scolaire \u00e0 l\u2019Institut Biblique Buenos Aires et ses dipl\u00f4m\u00e9s de cette ann\u00e9e.<\/li>\n<\/ul>\n<p>Veuillez prier pour :<\/p>\n<ul>\n<li>Nos \u00e9glises et nos minist\u00e8res qui planifient leurs activit\u00e9s pour 2024.<\/li>\n<li>Notre pays et le changement du gouvernement le 10 d\u00e9cembre.<\/li>\n<\/ul>\n<p><strong>VENEZUELA<br \/>\n<\/strong>Louez Dieu pour :<\/p>\n<ul>\n<li>Sa bont\u00e9 et son soin pour la CMA de Venezuela. Deux de nos \u00e9glises avaient commenc\u00e9 le processus d\u2019acquisition d\u2019un lieu o\u00f9 elles peuvent fonctionner.<\/li>\n<\/ul>\n<p>Veuillez prier pour :<\/p>\n<ul>\n<li>Notre rencontre nationale des familles pastorales en d\u00e9cembre.<\/li>\n<li>Que Dieu suscite de nouveaux serviteurs qui vont r\u00e9pondre fid\u00e8lement \u00e0 son appel au minist\u00e8re pastoral. Nous avons maintenant trois \u00e9glises qui attendent un pasteur titulaire.<\/li>\n<li>Notre Fondation FUNDALFA, pour que nous finissions le processus de l\u00e9galisation devant les entit\u00e9s gouvernementales. Priez aussi pour la provision de l\u2019\u00e9quipement et de fourniture n\u00e9cessaires pour cette op\u00e9ration.<\/li>\n<li>Notre pays. Priez pour la paix, l\u2019unit\u00e9, la r\u00e9conciliation, et la provision pour beaucoup de familles dans le besoin.<\/li>\n<\/ul>\n<p><strong>URUGUAY<br \/>\n<\/strong>Veuillez prier pour :<\/p>\n<ul>\n<li>La gu\u00e9rison et la force physique pour les pasteurs et leurs \u00e9pouses qui passent par des situations difficiles.<\/li>\n<li>La retraite des pasteurs et des missionnaires du 7 au 9 d\u00e9cembre. Que cela soit un moment d\u2019\u00e9dification et de renouveau.<\/li>\n<\/ul>\n<p><strong>HA\u00cfTI<br \/>\n<\/strong>Veuillez prier pour :<\/p>\n<ul>\n<li>Notre campagne du 25e anniversaire de l\u2019\u00e9glise nationale sous le th\u00e8me : \u00ab \u00c9ben \u00c9zer, jusqu\u2019ici l\u2019\u00c9ternel nous a secourus \u00bb. La campagne commencera le 7 janvier et prendra fin, le dimanche 21 janvier 2024 avec la c\u00e9l\u00e9bration de notre anniversaire.<\/li>\n<li>La bonne communication entre les gouvernements de Ha\u00efti et la R\u00e9publique Dominicaine pour qu\u2019ils trouvent un dialogue de paix et arrivent \u00e0 un accord au milieu de cette crise.<\/li>\n<\/ul>\n<p><strong>GUATEMALA<br \/>\n<\/strong>Veuillez prier pour :<\/p>\n<ul>\n<li>Un nouveau r\u00e9veil dans le c\u0153ur de chaque membre de l\u2019Alliance du Guatemala pour les missions.<\/li>\n<li>La nouvelle g\u00e9n\u00e9ration des pasteurs en formation.<\/li>\n<li>La provision de Dieu pour la construction de nouveaux temples.<\/li>\n<\/ul>\n<p><strong>BOLIVIE<br \/>\n<\/strong>Veuillez prier pour :<\/p>\n<ul>\n<li>L\u2019arriv\u00e9e d\u2019un nouveau pasteur pour commencer un nouveau travail en 2024.<\/li>\n<li>La direction de Dieu pour nos \u00e9glises de se focaliser sur l\u2019implantation des \u00e9glises et les missions.<\/li>\n<li>Le soutien de continuer d\u2019\u00e9tendre le Royaume de Dieu en Bolivie.<\/li>\n<\/ul>\n<p><strong>R\u00c9PUBLIQUE DOMINICAINE<br \/>\n<\/strong>Veuillez prier pour :<\/p>\n<ul>\n<li>Notre assembl\u00e9e de l\u2019\u00e9glise nationale, du 11 au 14 janvier 2024.<\/li>\n<\/ul>\n<hr \/>\n<p>&nbsp;<\/p>\n<h2><strong>Pri\u00e8res de l\u2019UMA &#8211; Novembre 2023<\/strong><\/h2>\n<p>&nbsp;<\/p>\n<p><strong>22 novembre 2023<\/strong><\/p>\n<p><strong>R\u00c9GION AFRIQUE DE L\u2019UMA<\/strong><\/p>\n<p><strong>BURKINA FASO<br \/>\n<\/strong>Veuillez prier pour :<\/p>\n<ul>\n<li>Les c\u00e9l\u00e9brations du centenaire de l\u2019Alliance du Burkina Faso, du 22 au 26 novembre, auxquelles participeront de nombreuses autorit\u00e9s du pays. Priez pour que le Seigneur se r\u00e9v\u00e8le \u00e0 beaucoup et qu\u2019il y ait des conversions.<\/li>\n<li>Que beaucoup d\u2019enfants et de jeunes soient touch\u00e9s par l\u2019\u00e9vangile au Burkina.<\/li>\n<li>Que la paix revienne dans notre pays.<\/li>\n<\/ul>\n<p><strong>LIBERIA<br \/>\n<\/strong>Louez Dieu pour :<\/p>\n<ul>\n<li>Le succ\u00e8s de la R\u00e9union du R\u00e9seau Mondial des Leaders des Missions de l\u2019UMA, du 5 au 8 novembre, et de la Conf\u00e9rence R\u00e9gionale d\u2019Afrique de l\u2019UMA, du 8 au 12 novembre, \u00e0 Monrovia. Les participants sont rentr\u00e9s sains et saufs dans leurs pays respectifs.<\/li>\n<\/ul>\n<p>Veuillez prier pour :<\/p>\n<ul>\n<li>La sant\u00e9 de s\u0153ur Esther B. Liberty, \u00e9pouse du pr\u00e9sident de la CMA Liberia, le r\u00e9v\u00e9rend Roosevelt Zarwulugbo Liberty.<\/li>\n<li>La sant\u00e9 du pasteur Joseph W. Karbowhen, tr\u00e9sorier de la CMA Liberia. Il s\u2019est cass\u00e9 les jambes lors d\u2019un accident sur l\u2019autoroute Buchanan-Monrovia en septembre.<\/li>\n<li>La s\u00e9curit\u00e9 de notre pays. Le second tour des \u00e9lections au Liberia s\u2019est tenu le 14 novembre et a donn\u00e9 lieu \u00e0 des manifestations et \u00e0 des violences.<\/li>\n<\/ul>\n<p><strong>REPUBLIQUE DEMOCRATIQUE DU CONGO (RDC)<br \/>\n<\/strong>Louez Dieu pour :<\/p>\n<ul>\n<li>Nos quatre missionnaires en Guin\u00e9e, car le Seigneur se manifeste dans leur minist\u00e8re et dans leur vie par la mani\u00e8re dont il les utilise dans son travail.<\/li>\n<li>Sa provision et sa sollicitude pour que le pr\u00e9sident de notre \u00e9glise nationale, le r\u00e9v\u00e9rend Marcel Bunda, et deux d\u00e9l\u00e9gu\u00e9s puissent assister \u00e0 la r\u00e9union du des Leaders des Missions et \u00e0 la Conf\u00e9rence R\u00e9gionale d\u2019Afrique de l\u2019UMA au Lib\u00e9ria.<\/li>\n<li>L\u2019am\u00e9lioration de la sant\u00e9 du pasteur Philippe Manzali Tsisi, vice-pr\u00e9sident de notre \u00e9glise nationale, \u00e0 la suite de sa grave maladie et du traitement qu\u2019il a re\u00e7u \u00e0 Kinshasa.<\/li>\n<\/ul>\n<p>Veuillez prier pour :<\/p>\n<ul>\n<li>Les ressources pour nos partenaires missionnaires en Guin\u00e9e afin qu\u2019ils puissent continuer leur travail.<\/li>\n<li>Le r\u00e9confort de Dieu pour les familles du r\u00e9v\u00e9rend Simon Nzuzi Muila, du district de Moanda, et du r\u00e9v\u00e9rend L\u00e9onard Timvu Nsungu, du district de Nlemba. Les deux hommes sont d\u00e9c\u00e9d\u00e9s le mois dernier.<\/li>\n<li>La protection et la guidance du Seigneur pour notre pr\u00e9sident de l\u2019\u00e9glise national, le r\u00e9v\u00e9rend Marcel Bunda, lors de sa visite au Canada ce mois-ci.<\/li>\n<li>Notre Mois des Missions et les activit\u00e9s de collecte de fonds pour les missions qui ont lieu dans tous les districts de l\u2019\u00e9glise.<\/li>\n<li>Que Dieu suscite des serviteurs fid\u00e8les qui s\u2019investissent dans l\u2019avancement de son Royaume.<\/li>\n<li>Notre pays et les \u00e9lections g\u00e9n\u00e9rales pr\u00e9vues en d\u00e9cembre. Priez pour que ces \u00e9lections n\u2019ajoutent pas aux difficult\u00e9s de la population qui souffre de la guerre dans certaines parties du pays. Priez pour que Dieu accorde la paix \u00e0 notre pays.<\/li>\n<li>Les nombreux chr\u00e9tiens qui se pr\u00e9senteront aux \u00e9lections. Que Dieu les aide \u00e0 faire la diff\u00e9rence en se d\u00e9marquant de la corruption et des valeurs anti-chr\u00e9tiennes.<\/li>\n<\/ul>\n<p><strong>ANGOLA<br \/>\n<\/strong>Louez Dieu pour :<\/p>\n<ul>\n<li>Sa protection et ses soins pour nos \u00e9glises qui ont tenu avec succ\u00e8s des assembl\u00e9es r\u00e9gionales \u00e0 Mayombe, Cacongo, Ngoio et Luanda.<\/li>\n<\/ul>\n<p>Veuillez prier pour :<\/p>\n<ul>\n<li>Le r\u00e9confort du Seigneur pour les familles et les \u00e9glises des diaconesses et des diacres d\u00e9c\u00e9d\u00e9s de maladie.<\/li>\n<li>Les groupes qui ont \u00e9t\u00e9 cr\u00e9\u00e9s pour organiser les minist\u00e8res des jeunes, des femmes et des hommes de l\u2019Alliance de l\u2019Angola.<\/li>\n<li>Que Dieu fournisse les fonds n\u00e9cessaires \u00e0 l\u2019achat de trois terrains pour construire de nouveaux temples \u00e0 Soyo, Cafunfo et Madombolo dans les provinces de Cabinda, Lunda Norte et Za\u00efre.<\/li>\n<\/ul>\n<p><strong>\u00c9GLISE DE L\u2019ALLIANCE SOUDANAISE\u00a0 <\/strong><strong>(DIASPORA)<br \/>\n<\/strong>Veuillez prier pour :<\/p>\n<ul>\n<li>L\u2019arriv\u00e9e en toute s\u00e9curit\u00e9 de plusieurs membres de la famille et de nouvelles \u00e9pouses pour nos hommes c\u00e9libataires qui quittent le danger du Soudan pour se rendre dans notre ville.<\/li>\n<li>Que Dieu prot\u00e8ge souverainement nos familles rest\u00e9es au Soudan alors qu\u2019un grand malheur s\u00e9vit dans la capitale et au Darfour m\u00eame.<\/li>\n<li>Le salut des familles et des amis de notre peuple, ici et au Soudan, alors qu\u2019ils partagent l\u2019\u00e9vangile.<\/li>\n<li>La cr\u00e9ation d\u2019un site web efficace et r\u00e9ussi qui est en cours.<\/li>\n<li>Un technicien d\u2019enregistrement et des fonds pour le nouveau film sur l\u2019\u00c9vangile de Jean que nous r\u00e9alisons avec Campus Crusade en France.<\/li>\n<\/ul>\n<p><strong>GABON<br \/>\n<\/strong>Veuillez prier pour :<\/p>\n<ul>\n<li>La Conf\u00e9rence Nationale de Pri\u00e8re sur le th\u00e8me \u00ab La restauration de toutes choses \u00bb, du 13 au 15 d\u00e9cembre. Priez pour que nous assistions \u00e0 une grande mobilisation des chr\u00e9tiens de l\u2019Alliance dans les 12 r\u00e9gions synodales, avec l\u2019implication des responsables d\u2019\u00e9glise.<\/li>\n<li>La Campagne Nationale d\u2019\u00c9vang\u00e9lisation, du 18 au 24 d\u00e9cembre. Que des centaines d\u2019\u00e2mes perdues soient sauv\u00e9es dans chaque r\u00e9gion o\u00f9 la campagne se d\u00e9roulera sous la direction du pr\u00e9sident national de l\u2019Alliance, le r\u00e9v\u00e9rend Andr\u00e9 Binet.<\/li>\n<li>La restauration du pouvoir judiciaire au Gabon face \u00e0 la corruption croissante dans le pays. Que les anciens magistrats et les magistrats nouvellement promus exercent leur sacerdoce en tant que ministres de Dieu, remplis de la crainte du Seigneur. Priez en particulier pour les magistrats chr\u00e9tiens, afin qu\u2019ils soient remplis de sagesse pour rendre la justice qui pla\u00eet \u00e0 Dieu.<\/li>\n<li>La transition politique au Gabon. Le calendrier de la transition r\u00e9cemment annonc\u00e9 doit \u00eatre respect\u00e9, afin que les nouvelles \u00e9lections pr\u00e9sidentielles, l\u00e9gislatives et locales pr\u00e9vues en 2025 puissent se d\u00e9rouler dans de bonnes conditions, et que les nouvelles autorit\u00e9s respectent les lois en vigueur.<\/li>\n<\/ul>\n<hr \/>\n<p><strong>15 novembre 2023<\/strong><\/p>\n<p><strong>R\u00c9GION EMERALD (EUROPE ET MOYEN-ORIENT) DE L\u2019UMA<\/strong><\/p>\n<p><strong>TERRE SAINTE<br \/>\n<\/strong>Louez Dieu avec :<\/p>\n<ul>\n<li>Les croyants de Terre Sainte qui font briller la lumi\u00e8re de J\u00e9sus en ces temps difficiles.<\/li>\n<\/ul>\n<p>Veuillez prier pour :<\/p>\n<ul>\n<li>Paix dans la r\u00e9gion et fin rapide de la guerre.<\/li>\n<li>Les familles qui ont perdu un \u00eatre cher. Priez pour que le Seigneur remplisse leurs c\u0153urs de r\u00e9confort et de paix.<\/li>\n<li>Les croyants dans tout le pays, afin qu\u2019ils aient la paix int\u00e9rieure et qu\u2019ils soient sel et lumi\u00e8re, et que tous leurs besoins \u00e9conomiques et physiques soient satisfaits.<\/li>\n<li>La protection des croyants des deux c\u00f4t\u00e9s. Priez pour que les croyants arabes et les croyants messianiques trouvent l\u2019unit\u00e9 en J\u00e9sus au lieu de la division.<\/li>\n<li>Puisse le Seigneur amener beaucoup de gens \u00e0 le conna\u00eetre, afin qu\u2019ils se repentent et soient sauv\u00e9s.<\/li>\n<\/ul>\n<p><strong>JORDAN<br \/>\n<\/strong>Veuillez prier pour :<\/p>\n<ul>\n<li>L\u2019\u00c9glise en Jordanie, afin que elle soit la lumi\u00e8re et le sel en ces temps difficiles dans notre r\u00e9gion.<\/li>\n<li>Nos \u00e9glises envoient une aide financi\u00e8re \u00e0 notre \u00e9glise de J\u00e9rusalem pour soutenir les personnes et les familles de Gaza qui sont bloqu\u00e9es dans cette r\u00e9gion.<\/li>\n<\/ul>\n<p><strong>MOBILISATION DE LES MISSIONS DE L\u2019EMERALD DE L\u2019UMA<br \/>\n<\/strong>Louez Dieu avec :<\/p>\n<ul>\n<li>Le R\u00e9seau Mondial des Leaders des Missions de l\u2019UMA s\u2019est r\u00e9uni au Lib\u00e9ria, du 5 au 8 novembre, sur le th\u00e8me de la Construction de Partenariats. De nombreux t\u00e9moignages clairs et de grandes le\u00e7ons ont \u00e9t\u00e9 partag\u00e9s sur la mani\u00e8re d\u2019\u00e9liminer les barri\u00e8res culturelles et d\u2019\u00e9viter les erreurs du pass\u00e9 pour cr\u00e9er des partenariats centr\u00e9s sur le Christ qui font avancer le Royaume de Dieu.<\/li>\n<\/ul>\n<p><strong>PORTUGAL<br \/>\n<\/strong>Veuillez prier pour :<\/p>\n<ul>\n<li>La visite du r\u00e9v\u00e9rend Jeremy Warden, pr\u00e9sident du CMA du Br\u00e9sil, aux missionnaires de l\u2019Alliance br\u00e9silienne au Portugal. Priez pour que ce soit un temps de communion, de b\u00e9n\u00e9diction et d\u2019encouragement pour les familles missionnaires qui servent l\u00e0-bas.<\/li>\n<\/ul>\n<p><strong>FRANCE<br \/>\n<\/strong>Louez Dieu avec :<\/p>\n<ul>\n<li>La retraite nationale des pasteurs, qui s\u2019est d\u00e9roul\u00e9e du 6 au 8 novembre, a \u00e9t\u00e9 couronn\u00e9e de succ\u00e8s.<\/li>\n<\/ul>\n<p>Veuillez prier pour :<\/p>\n<ul>\n<li>Le couple de l\u2019Alliance fran\u00e7aise qui implante une \u00e9glise clandestine dans un pays ferm\u00e9 de la sixi\u00e8me r\u00e9gion. L\u2019implantation d\u2019une \u00e9glise dans un pays ferm\u00e9 n\u2019est jamais facile et co\u00fbte cher aux familles qui r\u00e9pondent \u00e0 l\u2019appel de la mission pour partager la bonne nouvelle avec les groupes les moins atteints.<\/li>\n<\/ul>\n<p><strong>ESPAGNE<br \/>\n<\/strong>Louez Dieu avec :<\/p>\n<ul>\n<li>La 5\u00e8me Conf\u00e9rence sur les Missions Interculturelles s\u2019est tenue avec succ\u00e8s les 10 et 11 novembre \u00e0 l\u2019\u00c9glise de l\u2019Alliance du Barcelone sous le th\u00e8me \u00ab Hosanna Au Roi Qui Vient, Achevons la T\u00e2che de Matthieu 24 :14 \u00bb. Le Dr. Miguel Angel Palomino et le r\u00e9v\u00e9rend Tim Westergren \u00e9taient les principaux orateurs de cet \u00e9v\u00e9nement annuel visant \u00e0 stimuler l\u2019int\u00e9r\u00eat croissant pour les missions et \u00e0 encourager ceux qui, dans nos \u00e9glises, ont \u00e9t\u00e9 appel\u00e9s par Dieu \u00e0 aller porter l\u2019\u00e9vangile d\u2019une culture \u00e0 l\u2019autre.<\/li>\n<\/ul>\n<p><strong>FORMATION DE L\u2019ALLIANCE (INFORMA) \u2013 ESPAGNE<br \/>\n<\/strong>Louez Dieu avec :<\/p>\n<ul>\n<li>D\u00e9but du Dipl\u00f4me en Leadership des Jeunes que nous avons lanc\u00e9 en septembre. Quarante-huit \u00e9tudiants sont inscrits au programme. Il s\u2019agit d\u2019un programme de 12 modules sur le Leadership des Jeunes.<\/li>\n<li>La conf\u00e9rence \u00ab Le R\u00f4le de l\u2019Esprit Saint dans l\u2019Eglise \u00bb donn\u00e9e par le Dr. Ernest Klassen du Canada a \u00e9t\u00e9 tr\u00e8s bien accueillie. Cette conf\u00e9rence s\u2019inscrit dans le cadre des activit\u00e9s qu\u2019INFORMA d\u00e9veloppe pour proposer une r\u00e9flexion th\u00e9ologique sur le r\u00f4le de l\u2019Esprit Saint dans l\u2019Eglise.<\/li>\n<\/ul>\n<p>Veuillez prier pour que :<\/p>\n<ul>\n<li>Davantage d\u2019\u00e9tudiants suivent les trois derniers cours du programme de Licence en Th\u00e9ologie et deux cours du programme de Dipl\u00f4me en Leadership des Jeunesse.<\/li>\n<\/ul>\n<hr \/>\n<p><strong>8 novembre 2023<\/strong><\/p>\n<p><strong>R\u00c9GION AM\u00c9RIQUE DU NORD DE L\u2019UMA<\/strong><\/p>\n<p><strong>CANADA<br \/>\n<\/strong>Louez Dieu avec :<\/p>\n<ul>\n<li>Foster et Ebby pour la Soir\u00e9e Familiale de F\u00eate d\u2019Action de Gr\u00e2ce \/ Mi-Automne. Ce fut un grand moment pour leurs amis d\u2019Asie du Sud. Imam, un musulman indien, a m\u00eame dit que J\u00e9sus \u00e9tait le seul proph\u00e8te qui avait ressuscit\u00e9 un homme d\u2019entre les morts, et qu\u2019il voulait \u00eatre un disciple du Christ. Priez pour qu\u2019Imam et sa femme Rachel soient pr\u00eats \u00e0 accepter le Seigneur comme le seul Sauveur.<\/li>\n<\/ul>\n<p>Veuillez prier pour :<\/p>\n<ul>\n<li>Foster et Ebby qui essaient d\u2019aider un ami musulman, Alan, un \u00e9tudiant international qui a des probl\u00e8mes de sant\u00e9 mentale. Il existe une clinique communautaire b\u00e9n\u00e9vole qui pourrait \u00eatre dispos\u00e9e \u00e0 offrir de l\u2019aide \u00e0 Alan. Prier pour qu\u2019il puisse b\u00e9n\u00e9ficier des services de conseil n\u00e9cessaires et voir sa sant\u00e9 mentale s\u2019am\u00e9liorer. Alan est venu \u00e0 la Soir\u00e9e Familiale biblique les quatre derni\u00e8res fois. Priez pour que les paroles de Dieu lui apportent r\u00e9confort et v\u00e9rit\u00e9.<\/li>\n<li>Bryan et Jessyka, qui cherchent \u00e0 nouer et \u00e0 d\u00e9velopper de nouvelles amiti\u00e9s avec des personnes \u00ab Y \u00bb au Canada. Priez pour la sagesse alors qu\u2019ils cherchent \u00e0 savoir jusqu\u2019o\u00f9 s\u2019engager en attendant que Dieu les guide dans leur prochaine affectation ou vocation.<\/li>\n<li>Les arabes du Golfe. Presque tous les arabes du Golfe sont des adeptes de l\u2019islam, \u00e0 l\u2019exception d\u2019environ 300 croyants connus. Le Project Joshua indique \u00e9galement que 78 000 arabes du Golfe vivent au Canada, et qu\u2019ils sont musulmans \u00e0 98,1 %. Priez pour que ceux qui travaillent parmi les arabes du Golfe b\u00e9n\u00e9ficient de faveurs, d\u2019opportunit\u00e9s et d\u2019influence. Priez pour qu\u2019ils puissent partager l\u2019amour de Dieu avec eux et pour les disciples locaux qui sont audacieux et courageux pour faire des disciples. Priez pour que les arabes du Golfe vivant au Canada apprennent \u00e0 conna\u00eetre J\u00e9sus.<\/li>\n<li>Les enfants des ouvriers internationaux qui ont du mal \u00e0 passer des f\u00eates comme F\u00eate d\u2019Action de Gr\u00e2ce et No\u00ebl loin de leur famille \u00e9largie qui leur manque. Priez pour eux pendant ces p\u00e9riodes sp\u00e9ciales de c\u00e9l\u00e9bration, alors qu\u2019ils peuvent avoir le mal du pays. Priez pour que Dieu leur accorde des c\u00e9l\u00e9brations significatives au sein d\u2019une communaut\u00e9 aimante l\u00e0 o\u00f9 ils vivent.<\/li>\n<\/ul>\n<p><strong>\u00c9TATS-UNIS<br \/>\n<\/strong>Veuillez prier pour :<\/p>\n<ul>\n<li>Les ouvriers internationaux qui ont d\u00fb s\u2019\u00e9loigner temporairement des zones de conflit en Terre Sainte. Priez pour que le Saint-Esprit leur donne sagesse et discernement quant au moment de leur retour pour reprendre leurs minist\u00e8res vitaux.<\/li>\n<li>Les Jeunes Adultes de l\u2019Alliance. Il s\u2019agit d\u2019un nouveau mouvement de jeunes adultes de l\u2019Alliance des \u00c9tats-Unis, ax\u00e9 sur l\u2019approfondissement de la vie et dirig\u00e9 par l\u2019\u00e9glise, qui cherche \u00e0 cr\u00e9er une communaut\u00e9 parmi les 18-30 ans et \u00e0 affirmer qu\u2019ils appartiennent au Corps du Christ, qu\u2019ils ont un but unique et significatif et que J\u00e9sus les invite \u00e0 aller plus loin avec lui. Les Jeunes Adultes de l\u2019Alliance ont tenu leur premi\u00e8re conf\u00e9rence le 14 octobre \u00e0 Cleveland, Ohio, o\u00f9 les participants ont c\u00e9l\u00e9br\u00e9 le culte, nou\u00e9 des amiti\u00e9s et particip\u00e9 \u00e0 des activit\u00e9s r\u00e9cr\u00e9atives. Ils ont \u00e9galement b\u00e9n\u00e9fici\u00e9 d\u2019un enseignement approfondi et de discussions honn\u00eates sur la recherche de l\u2019identit\u00e9 en Christ, les dons spirituels, les disciplines spirituelles, la pri\u00e8re de gu\u00e9rison, la vocation et l\u2019appel, l\u2019exploration de la culture de l\u2019\u00e9glise, l\u2019action locale et mondiale, et une session interactive avec le pr\u00e9sident de l\u2019Alliance des \u00c9tats-Unis, John Stumbo. Veuillez prier pour que ce mouvement continue \u00e0 prendre de l\u2019ampleur au sein d\u2019un groupe d\u2019\u00e2ge qui s\u2019est de plus en plus \u00e9loign\u00e9 de l\u2019\u00e9glise.<\/li>\n<li>L\u2019implantation d\u2019\u00e9glises. Plusieurs districts de l\u2019Alliance lancent d\u2019importantes initiatives d\u2019implantation d\u2019\u00e9glises en 2023 et 2024. Beaucoup de ces implantations se feront parmi des personnes n\u00e9glig\u00e9es et priv\u00e9es de leurs droits qui n\u2019ont pas encore fait l\u2019exp\u00e9rience de l\u2019\u00e9treinte aimante de J\u00e9sus. Veuillez prier pour la formation et l\u2019\u00e9quipement des nouveaux et futurs implanteurs d\u2019\u00e9glises multiculturelles. Priez \u00e9galement pour les \u00e9glises de l\u2019Alliance existantes qui s\u2019associent aux efforts d\u2019implantation d\u2019\u00e9glises par la pri\u00e8re, le soutien financier et en offrant des membres de leurs congr\u00e9gations pour servir d\u2019\u00e9quipes de base pour les implantations d\u2019\u00e9glises proches.<\/li>\n<\/ul>\n<hr \/>\n<p><strong>1er novembre 2023<\/strong><\/p>\n<p><strong>R\u00c9GION CLA (AM\u00c9RIQUE LATINE) DE L\u2019UMA<\/strong><\/p>\n<p><strong>CHILI<br \/>\n<\/strong>Louez Dieu pour :<\/p>\n<ul>\n<li>La construction de salles de classe pour remplacer l\u2019\u00e9cole qui a \u00e9t\u00e9 incendi\u00e9e lors des attaques terroristes. Les nouvelles salles de classe apporteront une solution imm\u00e9diate \u00e0 cette \u00e9cole rurale, situ\u00e9e en territoire mapuche.<\/li>\n<li>L\u2019une de nos fondations d\u2019aide sociale, \u00ab Semejantes \u00bb. Elle a livr\u00e9 des centaines de fauteuils roulants, avec le soutien de l\u2019organisation Joni &amp; Friends.<\/li>\n<li>Plusieurs de nos \u00e9glises qui c\u00e9l\u00e8brent plus de 100 ans d\u2019existence.<\/li>\n<li>La reconnaissance publique du 125e anniversaire de la CMA du Chili par le Congr\u00e8s de la R\u00e9publique chilienne.<\/li>\n<\/ul>\n<p>Veuillez prier pour :<\/p>\n<ul>\n<li>Le r\u00e9tablissement des pasteurs et des \u00e9pouses de pasteurs qui suivent un traitement m\u00e9dical, dans l\u2019attente de la volont\u00e9 parfaite du Seigneur.<\/li>\n<li>Notre \u00e9quipe missionnaire \u00e0 l\u2019\u00e9tranger. Que le Seigneur r\u00e9ponde \u00e0 leurs divers besoins.<\/li>\n<li>Les \u00e9glises nationales qui se trouvent dans des zones difficiles d\u2019acc\u00e8s. Priez pour que le Seigneur suscite de nouveaux serviteurs pour ces congr\u00e9gations.<\/li>\n<li>Notre pays. Nous vivons une p\u00e9riode critique pour notre identit\u00e9 nationale. Nous sommes menac\u00e9s par des id\u00e9ologies \u00e9trang\u00e8res aux id\u00e9aux que nous avons d\u00e9fendus pendant des d\u00e9cennies. Prions pour la paix et la r\u00e9conciliation.<\/li>\n<\/ul>\n<p><strong>BR\u00c9SIL<br \/>\n<\/strong>Louez Dieu pour :<\/p>\n<ul>\n<li>La Conf\u00e9rence de l\u2019Alliance de la Jeunesse (CAJ) 2023 en octobre en se concentrant sur les missions sur le th\u00e8me \u00ab Tout de J\u00e9sus pour Tout le Monde \u00bb. Nous consid\u00e9rons le mouvement des jeunes comme la prochaine g\u00e9n\u00e9ration de l\u2019\u00e9glise.<\/li>\n<\/ul>\n<p>Veuillez prier pour :<\/p>\n<ul>\n<li>Le retour de la famille Tivane &#8211; Daniel, Patr\u00edcia et leurs filles &#8211; sur le champ au Mozambique. Priez que Dieu fournisse les ressources financi\u00e8res dont ils ont besoin pour leurs visas et la transition.<\/li>\n<li>Les familles missionnaires et les nouvelles \u00e9tapes du projet au Portugal. Priez pour les ressources n\u00e9cessaires.<\/li>\n<li>Le nouveau mandat de deux ans du conseil d\u2019administration du S\u00e9minaire Th\u00e9ologique A. W. Tozer. Priez pour les nouveaux \u00e9tudiants et ceux qui obtiendront leur dipl\u00f4me en 2024.<\/li>\n<li>Les nouveaux candidats \u00e0 la mission qui \u00e9mergent dans le minist\u00e8re international des sports. Priez pour leurs ressources et le d\u00e9but de la nouvelle \u00e9tape du projet centr\u00e9 sur le football.<\/li>\n<li>Le projet d\u2019unir les \u00e9glises de la ACM br\u00e9silienne afin d\u2019atteindre et d\u2019impacter les villes o\u00f9 l\u2019Alliance a des minist\u00e8res. Priez pour que les nouveaux travailleurs des \u00e9glises locales et des nouveaux implanteurs d\u2019\u00e9glises dans le pays soient form\u00e9s et \u00e9quip\u00e9s. Priez pour les mariages et les familles des pasteurs et des responsables d\u2019\u00e9glises. Priez pour de nouveaux partenariats avec d\u2019autres \u00e9glises et d\u00e9nominations sur la mani\u00e8re de saturer les villes et de travailler ensemble pour le Royaume de Dieu.<\/li>\n<\/ul>\n<p><strong>URUGUAY<br \/>\n<\/strong>Veuillez prier pour :<\/p>\n<ul>\n<li>Que Dieu suscite de nouveaux pasteurs. Nous avons actuellement quatre \u00e9glises qui attendent un pasteur principal.<\/li>\n<li>Que davantage de fr\u00e8res rejoignent le S\u00e9minaire Th\u00e9ologique de l\u2019Alliance en Uruguay (SETAU), qu\u2019a commenc\u00e9 une nouvelle p\u00e9riode d\u2019inscription.<\/li>\n<\/ul>\n<p><strong>ARGENTINE<br \/>\n<\/strong>Veuillez prier pour :<\/p>\n<ul>\n<li>Le soutien aux familles pastorales et missionnaires sur le champ.<\/li>\n<li>L\u2019Assembl\u00e9e Annuelle de l\u2019\u00c9glise de l\u2019Alliance le samedi 11 novembre.<\/li>\n<li>Le processus \u00e9lectoral du pays et la transition vers le nouveau gouvernement.<\/li>\n<li>La situation \u00e9conomique du pays, qui conna\u00eet une d\u00e9valuation constante de la monnaie en raison du processus inflationniste (140% l\u2019ann\u00e9e derni\u00e8re). Cette situation affecte les \u00e9glises et le d\u00e9veloppement des minist\u00e8res.<\/li>\n<\/ul>\n<p><strong>COLOMBIE<br \/>\n<\/strong>Louez Dieu pour :<\/p>\n<ul>\n<li>Le travail d\u2019\u00e9vang\u00e9lisation et de formation de disciples qui a \u00e9t\u00e9 r\u00e9alis\u00e9 en ao\u00fbt et septembre gr\u00e2ce au minist\u00e8re des enfants \u00ab Peque\u00f1os Aliancistas \u00bb.<\/li>\n<\/ul>\n<p>Veuillez prier pour :<\/p>\n<ul>\n<li>Les divers \u00e9v\u00e9nements nationaux qui auront lieu dans les mois \u00e0 venir :\n<ul>\n<li>La Conf\u00e9rence des Femmes de l\u2019Alliance \u00ab Brille 2023 \u00bb en novembre.<\/li>\n<li>Le Camp d\u2019Aventure pour enfants \u00ab Peque\u00f1os Aliancistas \u00bb qui aura lieu en m\u00eame temps que la conf\u00e9rence des femmes en novembre.<\/li>\n<\/ul>\n<\/li>\n<li>L\u2019ordre public dans notre pays. Demandez \u00e0 Dieu de veiller sur les pasteurs et les membres de nos \u00e9glises.<\/li>\n<\/ul>\n<p><strong>PANAMA<br \/>\n<\/strong>Louez Dieu pour :<\/p>\n<ul>\n<li>L\u2019esprit d\u2019unit\u00e9 et de communion dans nos \u00e9glises ; pour la subsistance et la direction de Dieu.<\/li>\n<\/ul>\n<p>Veuillez prier pour :<\/p>\n<ul>\n<li>Les responsables d\u2019\u00e9glises et de minist\u00e8res et leurs programmes de travail.<\/li>\n<li>Les directeurs, les professeurs et les \u00e9tudiants de l\u2019Institut Biblique Th\u00e9ologique en espagnol.<\/li>\n<li>La planification pour 2024 pour les \u00e9glises, en particulier l\u2019\u00e9glise hispanique.<\/li>\n<li>L\u2019\u00e9vang\u00e9lisation et la formation de disciples dans les \u00e9glises.<\/li>\n<li>La paix dans la Ville de Panama, pendant les \u00e9meutes et les manifestations. Que Dieu place une haie de protection autour de la population, des membres de notre \u00e9glise et des propri\u00e9t\u00e9s du conseil.<\/li>\n<\/ul>\n<p><strong>HAITI<br \/>\n<\/strong>Veuillez prier pour :<\/p>\n<ul>\n<li>Les enfants qui n\u2019ont pas pu commencer la nouvelle ann\u00e9e scolaire. Priez pour que Dieu leur fournisse ce dont ils ont besoin.<\/li>\n<li>La direction, le discernement et la sagesse de Dieu pour les dirigeants du bureau national dans tout ce qu\u2019ils font.<\/li>\n<li>Les dirigeants et les responsables du pays. Que Dieu ouvre un canal de dialogue et de communication entre eux et que la situation politique et sociale s\u2019am\u00e9liore.<\/li>\n<li>L\u2019ouverture des fronti\u00e8res entre Ha\u00efti et la R\u00e9publique dominicaine. La fermeture des fronti\u00e8res a entra\u00een\u00e9 des p\u00e9nuries alimentaires, un manque de travail et beaucoup de chaos.<\/li>\n<\/ul>\n<p>&nbsp;<\/p>\n<hr \/>\n<p>&nbsp;<\/p>\n<h2><strong>Pri\u00e8res de l\u2019UMA &#8211; Octobre 2023<\/strong><\/h2>\n<p>&nbsp;<\/p>\n<p><strong>25 octobre 2023<\/strong><\/p>\n<p><strong>R\u00c9GION AFRIQUE DE L\u2019UMA<\/strong><\/p>\n<p><strong>BURKINA FASO<br \/>\n<\/strong>Veuillez prier pour :<\/p>\n<ul>\n<li>La c\u00e9l\u00e9bration du centenaire de l&rsquo;\u00c9glise de l&rsquo;Alliance chr\u00e9tienne au Burkina Faso en novembre 2023.<\/li>\n<li>La protection de Dieu pour tous ceux qui se rendront au Burkina Faso pour la c\u00e9r\u00e9monie du centenaire.<\/li>\n<li>Le retour de la paix dans notre pays et pour les personnes d\u00e9plac\u00e9es. Demandons au Seigneur de fortifier leur foi et de pourvoir \u00e0 tous leurs besoins.<\/li>\n<\/ul>\n<p><strong>MALI<br \/>\n<\/strong>Louez Dieu pour :<\/p>\n<ul>\n<li>Le succ\u00e8s des festivit\u00e9s du centenaire auxquelles ont particip\u00e9 des milliers de chr\u00e9tiens dans la r\u00e9gion de San.<\/li>\n<li>Le bon d\u00e9roulement des camps de jeunes \u00e0 Zamana, Koutiala, N&rsquo;torosso, Kimparana, Sikasso, Yorosso, Mankoina, Sanekuy et Tominian.<\/li>\n<\/ul>\n<p>Veuillez prier pour :<\/p>\n<ul>\n<li>La c\u00e9l\u00e9bration du centenaire du CMA du Mali en novembre 2023. Prier aussi pour le bon voyage de tous ceux qui viendront se r\u00e9jouir avec nous.<\/li>\n<li>La paix dans notre pays.<\/li>\n<\/ul>\n<p><strong>C\u00d4TE D\u2019IVOIRE<br \/>\n<\/strong>Louez Dieu pour :<\/p>\n<ul>\n<li>Le succ\u00e8s de la semaine de la famille, du 9 au 15 octobre. Le samedi 14 octobre, l&rsquo;Eglise CMA du C\u00f4te d&rsquo;Ivoire a organis\u00e9 un d\u00e9fil\u00e9 pour attirer l&rsquo;attention de la nation sur les dangers auxquels la soci\u00e9t\u00e9 ivoirienne est confront\u00e9e si rien n&rsquo;est fait pour revenir au concept biblique de la famille.<\/li>\n<\/ul>\n<p>Veuillez prier pour :<\/p>\n<ul>\n<li>Une Semaine Missionnaire r\u00e9ussie, du 29 octobre au 5 novembre.<\/li>\n<li>Que nous puissions \u00e9quiper la Maison de la Radio et de la T\u00e9l\u00e9vision de l&rsquo;Alliance Chr\u00e9tienne.<\/li>\n<li>Le d\u00e9veloppement du champ missionnaire au Ghana.<\/li>\n<\/ul>\n<p><strong>LIB\u00c9RIA<br \/>\n<\/strong>Veuillez prier pour :<\/p>\n<ul>\n<li>La sant\u00e9 d&rsquo;Esther B. Liberty, l&rsquo;\u00e9pouse du pr\u00e9sident du CMA du Lib\u00e9ria. Esther est actuellement en convalescence \u00e0 la maison.<\/li>\n<li>Le CMA du Lib\u00e9ria, qui accueillera deux conf\u00e9rences de l\u2019UMA : la R\u00e9union du R\u00e9seau Mondial des Leaders des Missions de l\u2019UMA, du 5 au 7 novembre, et la Conf\u00e9rence R\u00e9gionale Afrique, du 8 au 13 novembre, toutes deux \u00e0 Monrovia. Prier pour la sagesse et la force de Dieu pour les comit\u00e9s qui se r\u00e9unissent r\u00e9guli\u00e8rement pour planifier ces \u00e9v\u00e9nements. Prier pour les visas et les finances de ceux qui doivent participer \u00e0 ces conf\u00e9rences.<\/li>\n<li>La paix au Lib\u00e9ria apr\u00e8s les \u00e9lections g\u00e9n\u00e9rales et pr\u00e9sidentielles du 10 octobre.<\/li>\n<\/ul>\n<hr \/>\n<p><strong>11 octobre 2023<\/strong><\/p>\n<p><strong>R\u00c9GION EMERALD (EUROPE ET MOYEN-ORIENT) DE L\u2019UMA<\/strong><\/p>\n<p><strong>ESPAGNE<br \/>\n<\/strong>Louez Dieu pour :<\/p>\n<ul>\n<li>La cinqui\u00e8me Conf\u00e9rence sur les Missions Interculturelles, dont le th\u00e8me \u00e9tait \u00ab Hosanna au Roi Qui Vient, Accomplissons la T\u00e2che \u00bb. Ce th\u00e8me est bas\u00e9 sur Matthieu 24 : 14.<\/li>\n<li>Les petits projets missionnaires qui continuent \u00e0 s\u2019ouvrir dans le nord de l\u2019Espagne, o\u00f9 la pr\u00e9sence \u00e9vang\u00e9lique est la plus faible du pays. Deux projets missionnaires fonctionnent d\u00e9j\u00e0 \u00e0 l\u2019int\u00e9rieur des Asturies. L\u2019un d\u2019eux est un petit groupe qui commence \u00e0 Vigo-Pontevedra et un autre \u00e0 Lal\u00edn en Galice.<\/li>\n<li>L\u2019\u00e9glise de Husca a d\u00e9marr\u00e9 le 9 juillet. Prier pour qu\u2019elle continue \u00e0 grandir pour la gloire de Dieu.<\/li>\n<\/ul>\n<p><strong>FRANCE<br \/>\n<\/strong>Veuillez prier pour :<\/p>\n<ul>\n<li>Les \u00e9glises qui font appel du refus des autorit\u00e9s de leur accorder le statut d\u2019association caritative suite \u00e0 l\u2019entr\u00e9e en vigueur de la nouvelle l\u00e9gislation fran\u00e7aise. Demandez au Seigneur de lever les obstacles et de donner \u00e0 ces \u00e9glises la faveur des autorit\u00e9s.<\/li>\n<li>Les projets de d\u00e9ploiement du programme dynamique de formation de disciples pour enfants \u00ab\u00a0D\u00e9couvrir\u00a0\u00bb dans les \u00e9glises de l\u2019Alliance afin d\u2019atteindre les enfants de France et de leur donner les moyens de partager l\u2019\u00e9vangile.<\/li>\n<\/ul>\n<p><strong>ITALIE<br \/>\n<\/strong>Louez Dieu pour :<\/p>\n<ul>\n<li>La r\u00e9union d\u2019encouragement de l\u2019Alliance qui s\u2019est tenue \u00e0 Bologne le 2 septembre. Louez Dieu pour l\u2019\u0153uvre qu\u2019il accomplit dans le c\u0153ur des gens.<\/li>\n<\/ul>\n<p>Veuillez prier pour :<\/p>\n<ul>\n<li>La sagesse et l\u2019orientation des responsables de l\u2019UMA qui planifient d\u2019autres r\u00e9unions de l\u2019Alliance et une conf\u00e9rence de l\u2019Alliance sur le r\u00e9tablissement de la paix qui cherche \u00e0 encourager et \u00e0 favoriser la communion entre tous les travailleurs et responsables associ\u00e9s \u00e0 l\u2019Alliance en Italie.<\/li>\n<\/ul>\n<p><strong>PAYS-BAS<br \/>\n<\/strong>Louez Dieu pour :<\/p>\n<ul>\n<li>La fusion r\u00e9ussie des \u00e9glises ABC et Unie en une seule entit\u00e9. Prier pour que Dieu soit glorifi\u00e9 \u00e0 travers les c\u00e9l\u00e9brations pr\u00e9vues pour le 18 novembre.<\/li>\n<\/ul>\n<hr \/>\n<p><strong>4 octobre 2023<\/strong><\/p>\n<p><strong>1) R\u00c9GION APAC (ASIE PACIFIQUE) DE L\u2019UMA<\/strong><\/p>\n<p><strong>TA\u00cfWAN<br \/>\n<\/strong>Veuillez prier pour :<\/p>\n<ul>\n<li>La C\u00e9l\u00e9bration de l\u2019Action de Gr\u00e2ce du 70e anniversaire, le 9 octobre.<\/li>\n<li>Notre r\u00e9union annuelle des membres, le 28 octobre. Prier pour que Dieu nous guide et nous donne de la sagesse pour l\u2019\u00e9lection des nouveaux membres du Conseil d\u2019Administration. Prier aussi pour que nous puissions terminer la planification du minist\u00e8re et du budget.<\/li>\n<li>Le s\u00e9minaire sur le minist\u00e8re, du 27 au 29 mars 2024, o\u00f9 nous discuterons des strat\u00e9gies d\u2019implantation d\u2019\u00e9glises.<\/li>\n<\/ul>\n<p><strong>VI\u00caTNAM (NORD)<br \/>\n<\/strong>Louez Dieu pour :<\/p>\n<ul>\n<li>Ses b\u00e9n\u00e9dictions pour l\u2019\u00e9glise du nord du Vi\u00eatnam. Au cours des huit premiers mois de cette ann\u00e9e, 50 nouvelles \u00e9glises ont \u00e9t\u00e9 ajout\u00e9es. Nous louons \u00e9galement Dieu pour l\u2019\u00c9cole Biblique de Th\u00e9ologie de Hanoi, qui fonctionne depuis 10 ans et qui a inscrit 220 personnes \u00e0 six cours pour les \u00e9quiper en vue de servir Dieu.<\/li>\n<\/ul>\n<p>Veuillez prier pour :<\/p>\n<ul>\n<li>Le Retraite d\u2019\u00c9dification Spirituelle pour 800 pasteurs et pr\u00e9dicateurs, les 4 et 5 octobre.<\/li>\n<li>L\u2019Institut Biblique de Hanoi. Il a achet\u00e9 un nouveau b\u00e2timent, mais il lui manque actuellement 650 000 USD.<\/li>\n<\/ul>\n<p>&nbsp;<\/p>\n<p><strong>2) R\u00c9GION AM\u00c9RIQUE DU NORD DE L\u2019UMA<\/strong><\/p>\n<p><strong>CANADA<br \/>\n<\/strong>Louez Dieu pour :<\/p>\n<ul>\n<li>Le temps significatif que Foster et Ebby ont pass\u00e9 avec leurs amis d\u2019Asie du Sud lors de la derni\u00e8re soir\u00e9e familiale, lorsqu\u2019ils ont lu la rencontre de J\u00e9sus avec l\u2019homme poss\u00e9d\u00e9 par un d\u00e9mon. Leurs amis musulmans et hindous ont lu de premi\u00e8re main \u00e0 quel point J\u00e9sus est puissant et compatissant. Que Dieu continue \u00e0 parler \u00e0 leurs amis.<\/li>\n<\/ul>\n<p>Veuillez prier pour :<\/p>\n<ul>\n<li>Des p\u00e9diatres locaux pour rejoindre Ian, notre missionnaire, \u00e0 l\u2019h\u00f4pital en Afrique. Il a fait deux bonnes rencontres lors d\u2019une conf\u00e9rence m\u00e9dicale. Prier pour que ces deux m\u00e9decins qui envisagent de se joindre \u00e0 l\u2019\u0153uvre soient guid\u00e9s et discern\u00e9s.<\/li>\n<li>Le peuple y\u00e9zidi du Moyen-Orient. Environ 1 500 Y\u00e9zidis r\u00e9sident au Canada. Ils pratiquent le y\u00e9zidisme, une religion ethnique monoth\u00e9iste ; seuls 0,25 % d\u2019entre eux seraient consid\u00e9r\u00e9s comme chr\u00e9tiens. Prier pour que les Y\u00e9zidis aient faim de Dieu et que J\u00e9sus se r\u00e9v\u00e8le \u00e0 eux. Priez pour Bryan et Jessyka alors qu\u2019ils s\u2019appr\u00eatent \u00e0 travailler avec les Y\u00e9zidis ici au Canada. Prier pour l\u2019\u00e9tablissement initial de la confiance et la b\u00e9n\u00e9diction au fur et \u00e0 mesure qu\u2019ils d\u00e9veloppent des relations.<\/li>\n<\/ul>\n<p><strong>\u00c9TATS-UNIS<br \/>\n<\/strong>Veuillez prier pour :<\/p>\n<ul>\n<li>Le long processus de deuil qui se poursuit \u00e0 la suite des incendies catastrophiques sur l\u2019\u00eele de Maui. Prier pour les aum\u00f4niers de l\u2019Alliance \u00e0 Hawa\u00ef qui poursuivent leur minist\u00e8re aupr\u00e8s des militaires et des membres des services f\u00e9d\u00e9raux. Prier pour une protection continue et la sagesse sur la fa\u00e7on de diriger la r\u00e9ponse des aum\u00f4niers \u00e0 Maui. Prier \u00e9galement pour que la gr\u00e2ce et la paix de Dieu soutiennent ceux qui ressentent l\u2019angoisse, l\u2019incertitude et la perte. Demandez au Seigneur de se r\u00e9v\u00e9ler comme leur Sauveur, leur Consolateur, leur Soutien, leur Pourvoyeur et leur Gu\u00e9risseur pendant cette p\u00e9riode incroyablement difficile.<\/li>\n<li>Une Acad\u00e9mie Intensive de la Vie Profonde, du 9 au 13 octobre, \u00e0 Vancouver, dans l\u2019\u00c9tat de Washington. L\u2019objectif de cet \u00e9v\u00e9nement est de rassembler des hommes et des femmes soucieux de leur minist\u00e8re et de les reconnecter \u00e0 la conviction fondamentale de CMA selon laquelle la recherche d\u2019une vie plus profonde en Christ conduira \u00e0 un r\u00e9veil spirituel personnel et \u00e0 l\u2019\u00e9chelle de la communaut\u00e9. Veuillez couvrir ce temps de pri\u00e8re pour un impact spirituel durable parmi les participants et une transformation de la communaut\u00e9.<\/li>\n<li>La Campagne <em>maintenant<\/em>. L\u2019Alliance am\u00e9ricaine est entr\u00e9e dans une \u00ab Campagne <strong>maintenant.<\/strong> \u00bb de deux ans, caract\u00e9ris\u00e9e par des risques remplis de foi et une avanc\u00e9e audacieuse de l\u2019\u00e9vangile, faisant confiance \u00e0 Dieu pour :\n<ul>\n<li>Envoi d\u2019un nouveau travailleur international par semaine.<\/li>\n<li>Une nouvelle porte ouverte par an pour les Missions de l\u2019Alliance.<\/li>\n<li>Une nouvelle implantation d\u2019\u00e9glise aux \u00c9tats-Unis par semaine.<\/li>\n<li>Cent millions de dollars collect\u00e9s par an pour lancer et soutenir la pr\u00e9sence de l\u2019\u00e9vangile.<\/li>\n<li>L\u2019ach\u00e8vement du site One Alliance Place qui abritera le bureau national des \u00c9tats-Unis et servira la r\u00e9gion de Columbus, Ohio, et la famille de l\u2019Alliance am\u00e9ricaine.<\/li>\n<\/ul>\n<\/li>\n<\/ul>\n<p>Veuillez prier pour que Dieu soit toujours pr\u00e9sent et qu\u2019il pourvoie \u00e0 l\u2019envoi de nouveaux travailleurs, \u00e0 l\u2019ouverture de nouvelles portes dans le monde, \u00e0 l\u2019implantation de nouvelles \u00e9glises et \u00e0 la collecte des ressources n\u00e9cessaires.<\/p>\n<p>&nbsp;<\/p>\n<hr \/>\n<p>&nbsp;<\/p>\n<h2>Pri\u00e8res de l\u2019UMA &#8211; Septembre 2023<\/h2>\n<p>&nbsp;<\/p>\n<p><strong>27 septembre 2023<\/strong><\/p>\n<p><strong>R\u00c9GION CLA (AM\u00c9RIQUE LATINE) DE L\u2019UMA<\/strong><\/p>\n<p><strong>HA\u00cfTI<br \/>\n<\/strong>Ha\u00efti conna\u00eet une augmentation de la violence caus\u00e9e par des gangs arm\u00e9s dans la capitale, Port-au-Prince. Ces gangs ont pris le contr\u00f4le de la ville et emp\u00eachent la police et le gouvernement de r\u00e9tablir l\u2019ordre. L\u2019Alliance en Ha\u00efti compte 36 \u00e9glises et trois d\u2019entre elles dans la r\u00e9gion de Port-au-Prince ont \u00e9t\u00e9 affect\u00e9es par cette situation, deux \u00e9glises ayant ferm\u00e9 leurs portes par crainte de la violence. La troisi\u00e8me \u00e9glise a subi un incendie qui a endommag\u00e9 une partie de la structure. Malgr\u00e9 tout, les \u00e9glises cherchent \u00e0 se rassembler en petites cellules et \u00e0 poursuivre leur travail d\u2019\u00e9vang\u00e9lisation.<br \/>\nLe r\u00e9v\u00e9rend Fils-Aime Idenaire, pr\u00e9sident de l\u2019Alliance d\u2019Ha\u00efti, nous assure que si la situation dans la capitale affecte l\u2019ensemble du pays, les zones situ\u00e9es en dehors de ses limites, c\u2019est-\u00e0-dire le nord et l\u2019ouest, peuvent fonctionner et poursuivre leurs activit\u00e9s quotidiennes malgr\u00e9 les probl\u00e8mes auxquels ils sont confront\u00e9s en tant que pays. En ao\u00fbt, l\u2019\u00e9glise de Ouanaminthe a organis\u00e9 des conf\u00e9rences pour les jeunes et les femmes, avec une r\u00e9ponse massive des deux groupes et la participation de fr\u00e8res et s\u0153urs de Porto Rico. \u00ab Nous avons \u00e9t\u00e9 surpris par la puissance du minist\u00e8re et touch\u00e9s par l\u2019enseignement. Nous voulons que les prochaines conf\u00e9rences ne durent pas seulement trois jours, mais toute la semaine \u00bb, a d\u00e9clar\u00e9 le pasteur Fils-Aime.<br \/>\nVeuillez prier pour :<\/p>\n<ul>\n<li>Les trois \u00e9glises CMA qui ont \u00e9t\u00e9 d\u00e9truites \u00e0 Port-au-Prince par les gangs. Que Dieu prot\u00e8ge nos fr\u00e8res et s\u0153urs et leur fournisse ce dont ils ont besoin pour continuer le travail.<\/li>\n<li>Les fr\u00e8res et s\u0153urs qui ont d\u00fb abandonner leur maison \u00e0 cause de la violence. Prions pour qu\u2019ils trouvent un endroit s\u00fbr o\u00f9 rester, et pour qu\u2019ils trouvent la direction et la paix au milieu du chaos.<\/li>\n<li>Les pasteurs et les responsables d\u2019\u00e9glise. Prions pour que Dieu les guide dans tout ce qu\u2019ils font, mais surtout pour qu\u2019ils puissent accomplir leur mission malgr\u00e9 les difficult\u00e9s.<\/li>\n<\/ul>\n<p><strong>VENEZUELA<br \/>\n<\/strong>Veuillez prier pour :<\/p>\n<ul>\n<li>La sant\u00e9 du pasteur Natanael Gil, pr\u00e9sident de l\u2019Alliance v\u00e9n\u00e9zu\u00e9lienne. Il souffre depuis longtemps d\u2019une spondylarthrite et, depuis quelque temps, de probl\u00e8mes respiratoires. Prier \u00e9galement pour son \u00e9pouse Evelyn. Apr\u00e8s avoir re\u00e7u le COVID-19, elle a pr\u00e9sent\u00e9 plusieurs s\u00e9quelles, dont des probl\u00e8mes respiratoires continus et importants.<\/li>\n<li>La gu\u00e9rison de Dieu et la fourniture de m\u00e9dicaments pour les pasteurs. Plusieurs d\u2019entre eux ont souffert de diverses maladies. Il y a souvent une p\u00e9nurie de m\u00e9dicaments ou ils sont tr\u00e8s chers.<\/li>\n<li>La mise \u00e0 disposition financi\u00e8re d\u2019un nouveau local \u00e0 louer ou \u00e0 poss\u00e9der pour l\u2019\u00e9glise de l\u2019Alliance de Bethl\u00e9em. Jusqu\u2019\u00e0 pr\u00e9sent, l\u2019\u00e9glise se r\u00e9unissait sur un terrain de sport emprunt\u00e9.<\/li>\n<li>L\u00e9galisation de la Fondation FUNDALFA, afin que nous puissions commencer \u00e0 fournir une assistance m\u00e9dicale, dentaire et \u00e9ducative, ainsi qu\u2019un soutien aux familles, aux couples et aux jeunes de la r\u00e9gion de Los Guayos.<\/li>\n<\/ul>\n<p><strong>EL SALVADOR<br \/>\n<\/strong>Louez Dieu pour :<\/p>\n<ul>\n<li>Nos fr\u00e8res et s\u0153urs de la Communaut\u00e9 d\u2019Adoration et de l\u2019Alliance Apopa qui ont r\u00e9cemment particip\u00e9 \u00e0 notre premi\u00e8re mission \u00e0 court terme en tant qu\u2019\u00e9glise nationale. Nous avons mobilis\u00e9 des membres des deux \u00e9glises pendant quatre jours pour aller soutenir l\u2019\u00e9vang\u00e9lisation et les activit\u00e9s connexes dans de petites congr\u00e9gations \u00e9vang\u00e9liques \u00e0 l\u2019int\u00e9rieur du pays.<\/li>\n<\/ul>\n<p>Veuillez prier pour :<\/p>\n<ul>\n<li>Le plan quinquennal de l\u2019\u00e9glise nationale, en particulier le th\u00e8me relatif \u00e0 l\u2019identit\u00e9 missionnaire que nous mettons nos \u00e9glises au d\u00e9fi d\u2019accomplir dans le cadre de la Grande Commission.<\/li>\n<li>Notre s\u0153ur Jeimy Vigil, responsable de l\u2019\u00e9glise CMA d\u2019Apopa. Elle a commenc\u00e9 ce mois-ci sa formation missionnaire interculturelle de trois mois \u00e0 l\u2019\u00c9cole de Formation Missionnaire Interculturelle Mondiale Vision 800.<\/li>\n<\/ul>\n<p><strong>BOLIVIE<br \/>\n<\/strong>Louez Dieu pour :<\/p>\n<ul>\n<li>Le camp national de jeunes qui s\u2019est tenu \u00e0 Quillacollo. Que Dieu suscite une nouvelle g\u00e9n\u00e9ration de pasteurs et de missionnaires.<\/li>\n<\/ul>\n<p>Veuillez prier pour :<\/p>\n<ul>\n<li>La nouvelle \u0153uvre \u00e0 Cobija, Pando, dans l\u2019Amazonie bolivienne. Demandez \u00e0 Dieu de fortifier ses travailleurs et de donner de la croissance \u00e0 son \u00e9glise.<\/li>\n<li>Le rassemblement national des femmes en novembre 2023 \u00e0 Cochabamba.<\/li>\n<li>Demandez \u00e0 Dieu d\u2019envoyer des ouvriers pour implanter de nouvelles \u00e9glises dans les villes o\u00f9 il n\u2019y a pas encore d\u2019\u00e9glise de l\u2019Alliance.<\/li>\n<\/ul>\n<p><strong>COLOMBIE<br \/>\n<\/strong>Veuillez prier pour :<\/p>\n<ul>\n<li>Notre missionnaire \u00ab MLC \u00bb en Afrique du Nord. Elle est confront\u00e9e \u00e0 de graves probl\u00e8mes de sant\u00e9. Prier pour la gu\u00e9rison divine sur son corps et la paix dans son esprit alors qu\u2019elle fait face \u00e0 cette situation.<\/li>\n<li>Les divers \u00e9v\u00e9nements nationaux qui auront lieu dans les mois \u00e0 venir :<\/li>\n<li>La Conf\u00e9rence des Missions de l\u2019Alliance \u00ab Actes 2023 \u00bb en octobre.<\/li>\n<li>La Conf\u00e9rence des Femmes de l\u2019Alliance \u00ab Brille 2023 \u00bb en novembre.<\/li>\n<li>Le Camp d\u2019Aventure pour enfants \u00ab Peque\u00f1os Aliancistas \u00bb qui aura lieu en m\u00eame temps que la conf\u00e9rence des femmes en novembre.<\/li>\n<li>La Conf\u00e9rence des Jeunes de l\u2019Alliance \u00ab Connect\u00e9 2023 \u00bb en d\u00e9cembre.<\/li>\n<\/ul>\n<p><strong>\u00c9QUATEUR<br \/>\n<\/strong>Veuillez prier pour :<\/p>\n<ul>\n<li>Nos pr\u00e9sidents de district de l\u2019Alliance. Demandez \u00e0 Dieu de les fortifier et de leur donner la sagesse n\u00e9cessaire pour continuer \u00e0 servir avec amour et compassion.<\/li>\n<li>Les enfants de nos \u00e9glises. Priez pour qu\u2019ils soient prot\u00e9g\u00e9s et que leurs parents puissent les \u00e9duquer dans la connaissance du Christ.<\/li>\n<li>La Conf\u00e9rence R\u00e9gionale et le Symposium d\u2019Am\u00e9rique latine qui se tiendront en octobre \u00e0 Lima, au P\u00e9rou.<\/li>\n<\/ul>\n<p><strong>URUGUAY<br \/>\n<\/strong>Veuillez prier pour :<\/p>\n<ul>\n<li>Plusieurs \u00e9glises sans pasteur. Prier pour que le Seigneur suscite des travailleurs pour servir dans ces \u00e9glises.<\/li>\n<li>La sagesse et la guidance de Dieu pour le Conseil d\u2019Administration National dans les d\u00e9cisions importantes qu\u2019il doit prendre dans les mois \u00e0 venir.<\/li>\n<\/ul>\n<p><strong>P\u00c9ROU<br \/>\n<\/strong>Veuillez prier pour :<\/p>\n<ul>\n<li>Une nouvelle g\u00e9n\u00e9ration de jeunes pasteurs, dont le leadership influencera grandement les jeunes de nos \u00e9glises.<\/li>\n<li>Une plus grande port\u00e9e et mise en \u0153uvre du S\u00e9minaire Biblique pour former de nouveaux pasteurs dans toutes les r\u00e9gions du pays.<\/li>\n<li>La force, la sagesse, les soins et la bonne sant\u00e9 pour les familles pastorales de nos \u00e9glises.<\/li>\n<li>Que Dieu b\u00e9nisse les changements g\u00e9n\u00e9rationnels des pasteurs dans l\u2019\u00e9glise nationale.<\/li>\n<\/ul>\n<hr \/>\n<p><strong>20 septembre 2023<\/strong><\/p>\n<p><strong>R\u00c9GION AFRIQUE DE L\u2019UMA<\/strong><\/p>\n<p><strong>R\u00c9PUBLIQUE D\u00c9MOCRATIQUE DU CONGO (RDC)<br \/>\n<\/strong>Louez Dieu pour :<\/p>\n<ul>\n<li>La Conf\u00e9rence R\u00e9gionale des Jeunes de l\u2019Alliance qui s\u2019est tenue \u00e0 Boma, en RDC, en ao\u00fbt. Nous remercions Dieu pour sa protection et sa provision pour les 388 participants de la C\u00f4te d\u2019Ivoire, du Burkina Faso, du Mali, de la Guin\u00e9e, du Gabon, de l\u2019Angola, du Congo-Brazzaville et de la RDC. Priez pour que ces jeunes mettent en pratique ce qu\u2019ils ont appris pendant la conf\u00e9rence et que Dieu les utilise pour faire une diff\u00e9rence l\u00e0 o\u00f9 ils se trouvent.<\/li>\n<li>La visite r\u00e9ussie du r\u00e9v\u00e9rend David Sessou, le pr\u00e9sident de l\u2019\u00c9glise de l\u2019Alliance du B\u00e9nin, qui est venu en RDC pour partager ses exp\u00e9riences dans la mission. Louons Dieu pour sa protection. Le r\u00e9v\u00e9rend Sessou a \u00e9t\u00e9 attaqu\u00e9 et vol\u00e9 alors qu\u2019il quittait le B\u00e9nin.<\/li>\n<\/ul>\n<p>Veuillez prier pour :<\/p>\n<ul>\n<li>Le r\u00e9confort et les soins de Dieu pour les familles du pasteur Shadrack Konde Mbongo de Boma et du pasteur Rudolphe Mfumu Ntoto du District Central de Kinshasa. Tous deux sont d\u00e9c\u00e9d\u00e9s en ao\u00fbt.<\/li>\n<li>Le r\u00e9v\u00e9rend Marcel Bunda, pr\u00e9sident de l\u2019\u00c9glise de l\u2019Alliance de la RDC. Il a pris un cong\u00e9 apr\u00e8s une longue p\u00e9riode de travail intense. Que Dieu fortifie sa sant\u00e9 afin qu\u2019il puisse continuer le travail auquel Dieu l\u2019a appel\u00e9.<\/li>\n<li>La Conf\u00e9rence des Missions avec des participants de tous les Districts de l\u2019\u00c9glise de l\u2019Alliance en RDC, qui sont en train de planifier les activit\u00e9s missionnaires pour cette ann\u00e9e. Que Dieu les guide afin qu\u2019ils travaillent \u00e0 l\u2019avancement du travail missionnaire l\u00e0 o\u00f9 de nouveaux champs s\u2019ouvrent.<\/li>\n<\/ul>\n<p><strong>ANGOLA<br \/>\n<\/strong>Veuillez prier pour :<\/p>\n<ul>\n<li>Les Conf\u00e9rences R\u00e9gionales qui auront lieu dans les r\u00e9gions de Maiombe, Ngoio et Luanda en octobre.<\/li>\n<li>Le d\u00e9but de la nouvelle ann\u00e9e scolaire ce mois-ci. Priez pour la protection de Dieu pour les \u00e9tudiants.<\/li>\n<li>Notre pays. L\u2019instabilit\u00e9 politique caus\u00e9e par les d\u00e9saccords entre les partis politiques affecte le bien-\u00eatre des citoyens. Priez \u00e9galement pour les personnes touch\u00e9es par la crise alimentaire croissante. Beaucoup consid\u00e8rent la poubelle comme une source de nourriture pour passer la journ\u00e9e. De nombreux jeunes sont enclins \u00e0 la criminalit\u00e9, \u00e0 la drogue, \u00e0 la prostitution, etc. en raison du manque d\u2019emploi. Que Dieu aide l\u2019Angola \u00e0 sortir de cette crise.<\/li>\n<li>La r\u00e9gion de Maiombe, au nord de Cabinda. Suite \u00e0 l\u2019invasion des \u00e9l\u00e9phants, la population abandonne les villages car les cultures sont d\u00e9truites.<\/li>\n<\/ul>\n<p><strong>MALI<br \/>\n<\/strong>Veuillez prier pour :<\/p>\n<ul>\n<li>Le r\u00e9confort de Dieu pour le pasteur J\u00e9r\u00e9mie Coulibaly, notre ancien coordinateur des missions. Son fils est d\u00e9c\u00e9d\u00e9 dans un accident.<\/li>\n<li>Plusieurs Camps de Jeunes qui se d\u00e9roulent ce mois-ci. Priez pour les besoins spirituels et la protection de nos jeunes.<\/li>\n<li>La c\u00e9l\u00e9bration du centenaire dans les districts et dans la capitale Bamako, du 16 au 18 novembre.<\/li>\n<li>L\u2019\u00c9glise Chr\u00e9tienne \u00c9vang\u00e9lique. Elle est la seule \u00e0 avoir pu envoyer un missionnaire dans la ville de Djenn\u00e9, fortement islamis\u00e9e.<\/li>\n<\/ul>\n<p><strong>BENIN<br \/>\n<\/strong>Veuillez prier pour :<\/p>\n<ul>\n<li>Les fonds n\u00e9cessaires \u00e0 la construction d\u2019une \u00e9cole biblique o\u00f9 des pasteurs seront form\u00e9s.<\/li>\n<li>La provision financi\u00e8re pour acheter des hectares \u00e0 Djidja pour l\u2019agriculture.<\/li>\n<li>Une voiture pour nous rendre dans les villages pour faire de l\u2019\u00e9vang\u00e9lisation et des missions dans le but d\u2019implanter des \u00e9glises.<\/li>\n<\/ul>\n<p><strong>C\u00d4TE D\u2019IVOIRE<br \/>\n<\/strong>Veuillez prier pour :<\/p>\n<ul>\n<li>La direction, la sagesse et la protection de Dieu pour la semaine de la famille qui aura lieu en octobre.<\/li>\n<\/ul>\n<hr \/>\n<p><strong>6 septembre 2023<\/strong><\/p>\n<p><strong>R\u00c9GION EMERALD (EUROPE ET MOYEN-ORIENT) DE L\u2019UMA<\/strong><\/p>\n<p><strong>CAMA ZENDING &#8211; PAYS-BAS<br \/>\n<\/strong>Veuillez prier pour :<\/p>\n<ul>\n<li>La croissance pour une nouvelle \u00e9glise qui a \u00e9t\u00e9 r\u00e9cemment implant\u00e9e en R\u00e9publique Tch\u00e8que.<\/li>\n<li>Nos missionnaires en Afrique de l\u2019Ouest qui font face \u00e0 des situations politiques difficiles.<\/li>\n<li>Nos missionnaires en Am\u00e9rique du Sud qui planifient de donner une formation de ferme agricole. Priez que cette formation impacte la vie des gens, et que l\u2019amour de Dieu soit visible par cette formation.<\/li>\n<li>La provision et la direction pour nos missionnaires en Espagne.<\/li>\n<li>De nouvelles connexions au Portugal qui vont \u00e9lever l\u2019\u00e9vang\u00e9lisation, l\u2019implantation des \u00e9glises, et une communaut\u00e9 de travail.<\/li>\n<\/ul>\n<p><strong>ESPAGNE<br \/>\n<\/strong>Louez Dieu pour :<\/p>\n<ul>\n<li>Le z\u00e8le des croyants pour atteindre leurs famille, amis, et voisins pour Christ dans les villes mini\u00e8res de montagne de Mieres et Sara \u00e0 Asturias.<\/li>\n<\/ul>\n<p>Veuillez prier pour :<\/p>\n<ul>\n<li>Que Dieu donne \u00e0 la nouvelle \u00c9glise du Phare de l\u2019Esp\u00e9rance \u00e0 Mieres la joie de voir d\u2019autres \u00e0 venir \u00e0 Christ, sp\u00e9cialement parmi les \u00e9tudiants qui arrivent cet automne pour le Coll\u00e8ge d\u2019Ing\u00e9nierie des Mines et de l\u2019Energie.<\/li>\n<li>L\u2019implantation de deux \u00e9glises dans les villes de Mieres et Sara en Asturias. Priez pour leurs d\u00e9fis \u00e9conomiques et physiques \u00e0 faire face.<\/li>\n<li>Le rafra\u00eechissement de l\u2019\u00e9quipe de l\u2019\u00c9cole Internationale LIFE comme ils commencent la longue et t\u00e2che d\u2019amour d\u2019enseigner les enfants d\u2019apprendre l\u2019amour, l\u2019int\u00e9grit\u00e9, la foi et l\u2019excellence dans la nouvelle ann\u00e9e scolaire.<\/li>\n<li>Soravel et Johnny Llanos, les candidats missionnaires de Puerto Rico qui \u00e9tudient \u00e0 l\u2019\u00c9cole LIFE. Ils cherchent la volont\u00e9 de Dieu pour travailler dans l\u2019\u00e9quipe administrative \u00e0 LIFE dans l\u2019avenir.<\/li>\n<\/ul>\n<p><strong>FORMATION DE L\u2019ALLIANCE<br \/>\n<\/strong>Veuillez prier pour INFORMA, l\u2019Institut de Formation Minist\u00e9rielle de l\u2019Alliance :<\/p>\n<ul>\n<li>Le nouveau Dipl\u00f4me sur le Programme de Leadership de la Jeunesse qui va commencer ce mois. Priez que beaucoup de jeunes leaders s\u2019int\u00e9ressent \u00e0 la formation dans cet important domaine de la vie de l\u2019\u00e9glise. Notre premier cours portera sur \u00ab Les Fondamentaux de la Pastorale de la Jeunesse \u00bb.<\/li>\n<li>La prochaine Conf\u00e9rence A. B. Simpson sur \u00ab Le R\u00f4le du Saint Esprit dans l\u2019\u00c9glise \u00bb par le Dr Ernie Klassen du Canada. La conf\u00e9rence se tiendra \u00e0 Barcelone du 8 au 9 septembre.<\/li>\n<li>Les deux cours \u00e0 Madrid et Barcelone ce mois : \u00ab Herm\u00e9neutiques \u00bb avec le R\u00e9v. Timothy Westergren, et \u00ab Th\u00e9ologie III : La Doctrine du Saint-Esprit \u00bb avec le Dr Ernie Klassen.<\/li>\n<\/ul>\n<p><strong>ITALIE<br \/>\n<\/strong>Veuillez prier pour :<\/p>\n<ul>\n<li>La sagesse et la direction comme l\u2019UMA cherche \u00e0 encourager et cultiver la communion parmi tous les ouvriers associ\u00e9s de l\u2019Alliance et les leaders dans et ceux connect\u00e9s avec l\u2019Italie.<\/li>\n<\/ul>\n<p><strong>FRANCE<br \/>\n<\/strong>Veuillez prier pour :<\/p>\n<ul>\n<li>Le nouveau plan des Femmes de l\u2019Alliance en France. C\u2019est pour amener les femmes ensemble pour prier et apprendre comment servir Dieu.<\/li>\n<\/ul>\n<p><strong>TERRE SAINTE<br \/>\n<\/strong>Veuillez prier pour :<\/p>\n<ul>\n<li>La paix dans la Terre Sainte.<\/li>\n<\/ul>\n<hr \/>\n<p>&nbsp;<\/p>\n<h2>Pri\u00e8res de l\u2019UMA &#8211; Ao\u00fbt 2023<\/h2>\n<p>&nbsp;<\/p>\n<p><strong>30 ao\u00fbt 2023<\/strong><\/p>\n<p><strong>R\u00c9GION APAC (ASIE PACIFIQUE) DE L\u2019UMA<br \/>\n<\/strong>Veuillez prier pour :<\/p>\n<ul>\n<li>Le S\u00e9minaire R\u00e9gional de l\u2019APAC sur le Secours et D\u00e9veloppement qui se tiendra \u00e0 Bali, en Indon\u00e9sie, en octobre. Priez pour les leaders et pour les participants comme nous cherchons le Seigneur pour la coop\u00e9ration, la formation, et les opportunit\u00e9s.<\/li>\n<li>La Conf\u00e9rence R\u00e9gionale de l\u2019APAC de l\u2019UMA que nous sommes en train de planifier pour 2024. Le mois prochain, le Comit\u00e9 de Coordination R\u00e9gionale va consid\u00e9rer le pays organisateur et le lieu. Nous voulons nous r\u00e9unir comme une famille de l\u2019Alliance pour cet \u00e9v\u00e9nement.<\/li>\n<\/ul>\n<p><strong>NOUVELLE ZELANDE<br \/>\n<\/strong>Veuillez prier pour :<\/p>\n<ul>\n<li>Notre Semaine Globale d\u2019Impact, du 9 au 16 septembre, avec nos invit\u00e9s sp\u00e9ciaux des Philippines, la famille Lumawag. Priez que nos c\u0153urs soient en accord avec le c\u0153ur de Dieu pour les missions et que nos \u00e9glises soient unies dans leur d\u00e9sir d\u2019atteindre localement et globalement les perdus.<\/li>\n<li>La reconstruction et la r\u00e9novation qui sont en cours \u00e0 l\u2019un de nos principaux b\u00e2timents de l\u2019\u00e9glise. C\u2019\u00e9tait mal endommag\u00e9 \u00e0 l\u2019inondation de janvier.<\/li>\n<\/ul>\n<p><strong>MYANMAR<br \/>\n<\/strong>Louez Dieu pour :<\/p>\n<ul>\n<li>Sa b\u00e9n\u00e9diction, sa protection, et sa provision pour le nouveau b\u00e2timent de l\u2019\u00e9glise de l\u2019Alliance de Hmuntha, m\u00eame au milieu des conflits et de la guerre. Que b\u00e9nisse cette \u00e9glise en atteignant les gens de cette communaut\u00e9 avec son amour.<\/li>\n<\/ul>\n<p>Veuillez prier pour :<\/p>\n<ul>\n<li>Le travail missionnaire et le minist\u00e8re de l\u2019\u00e9glise \u00e0 Myanmar. Le pays fait face \u00e0 beaucoup de difficult\u00e9s &#8211; ins\u00e9curit\u00e9, batailles et rumeurs de la guerre, inflation, et l\u2019augmentation du ch\u00f4mage &#8211; qui cause du vol et d\u2019autres crimes s\u00e9rieux. Priez que Dieu pourvoie aux besoins de l\u2019\u00e9glise de l\u2019Alliance \u00e0 Myanmar pour qu\u2019ils puissent continuer de faire son travail et d\u2019\u00eatre sel et lumi\u00e8re en ces moments.<\/li>\n<\/ul>\n<p><strong>MONGOLIE<br \/>\n<\/strong>Veuillez prier pour :<\/p>\n<ul>\n<li>Le Centre de Formation Leadership du Royaume (Coll\u00e8ge Biblique). Priez que les professeurs, staff, et les \u00e9tudiants soient bien pr\u00e9par\u00e9s pour le nouveau semestre. Priez aussi que les \u00e9tudiants croissent et portent beaucoup de fruits pour la gloire de Dieu.<\/li>\n<li>Les \u00e9glises Mongoles de l\u2019Alliance. Elles ont r\u00e9cemment restructur\u00e9 leur syst\u00e8me d\u2019administration, apportant des changements dans la division de travail et les r\u00f4les de leadership. Veuillez prier que le Seigneur aide le leadership national \u00e0 \u00eatre plus uni et conduit par l\u2019Esprit pour gouverner les \u00e9glises avec sagesse, foi, et humilit\u00e9.<\/li>\n<li>Les gens qui avaient \u00e9t\u00e9 affect\u00e9s par l\u2019inondation dans notre capitale en juillet. Beaucoup ont perdu leurs maisons et tous leurs biens. Priez que Dieu puisse utiliser les chr\u00e9tiens, les \u00e9glises, et les organisations pour aider ceux qui \u00e9taient affect\u00e9s et pour les atteindre avec l\u2019\u00e9vangile.<\/li>\n<\/ul>\n<p><strong>INDONESIE<br \/>\n<\/strong>Les districts d\u2019Agandugume et Lambewi dans la Regence de Puncak, Papua ont exp\u00e9riment\u00e9 une s\u00e9v\u00e8re s\u00e9cheresse. Six personnes sont mortes, et des milliers avaient \u00e9t\u00e9 affect\u00e9s par le manque de tomb\u00e9e de pluie. Tous sont membres de notre \u00e9glise. La s\u00e9cheresse a aussi affect\u00e9 la r\u00e9colte.<\/p>\n<p>Veuillez prier pour :<\/p>\n<ul>\n<li>Le r\u00e9confort de Dieu pour ceux qui ont perdu leurs bien-aim\u00e9s et pour tous qui \u00e9taient affect\u00e9s par la s\u00e9cheresse.<\/li>\n<li>Que Dieu envoie la pluie et donne le n\u00e9cessaire pour la nourriture pour les familles affect\u00e9es.<\/li>\n<li>L\u2019\u00e9glise, pour qu\u2019ils puissent aider les gens qui sont dans le besoin.<\/li>\n<\/ul>\n<hr \/>\n<p><strong>23 ao\u00fbt 2023<\/strong><\/p>\n<p><strong>R\u00c9GION AM\u00c9RIQUE DU NORD <\/strong><strong>DE L\u2019UMA<\/strong><\/p>\n<p><strong>\u00c9TATS-UNIS<br \/>\n<\/strong>Veuillez prier pour :<\/p>\n<ul>\n<li>La retraite des responsables hispaniques \u00e0 Portland, Oregon, du 22 au 24 septembre. Les organisateurs de l\u2019\u00e9v\u00e9nement \u00e9crivent : \u00ab Nous sommes ravis d\u2019inviter nos responsables hispaniques \u00e0 notre deuxi\u00e8me retraite annuelle afin de nous connecter, de prier et d\u2019explorer la r\u00e9gion. Nous entendrons \u00e9galement un expos\u00e9 d\u2019Alliance Peacemaking (Alliance pour la Paix) sur la r\u00e9solution des conflits au sein de l\u2019\u00e9glise d\u2019une mani\u00e8re qui honore Dieu \u00bb.<\/li>\n<li>L\u2019engagement missionnaire de cette ann\u00e9e. Le th\u00e8me est \u00ab maintenant. dans les endroits difficiles \u00bb. L\u2019Alliance am\u00e9ricaine se joint \u00e0 d\u2019autres r\u00e9seaux nationaux d\u2019\u00e9glises de l\u2019Union Mondiale de l\u2019Alliance (UMA) pour lancer une pr\u00e9sence de l\u2019\u00e9vangile l\u00e0 o\u00f9 il n\u2019y en a pas encore. Merci de prier pour les responsables d\u2019\u00e9glises et de missions de l\u2019Alliance alors qu\u2019ils engagent leurs congr\u00e9gations plus pleinement dans notre vision \u00ab Tout de J\u00e9sus pour Tout le Monde \u00bb par le biais de la campagne d\u2019engagement pour les missions.<\/li>\n<li>Maui, Hawa\u00ef. Les incendies de for\u00eat les plus meurtriers depuis plus d\u2019un si\u00e8cle aux \u00c9tats-Unis ont d\u00e9but\u00e9 le 8 ao\u00fbt et se sont propag\u00e9s rapidement, d\u00e9cimant la destination touristique populaire de Lahaina. Bien qu\u2019il n\u2019y ait pas d\u2019\u00e9glise de l\u2019Alliance \u00e0 Maui, l\u2019Alliance a cinq aum\u00f4niers \u00e0 Hawa\u00ef qui participent activement aux op\u00e9rations de secours ou qui sont pr\u00eats \u00e0 apporter leur aide. \u00ab Continuez \u00e0 prier pour nos aum\u00f4niers, les premiers intervenants, les autorit\u00e9s et les organisations de secours qui apportent une aide pratique et un soutien spirituel \u00bb, d\u00e9clare Kevin Pies, directeur ex\u00e9cutif des minist\u00e8res des aum\u00f4niers de l\u2019Alliance. \u00ab Demandez de la sagesse, des conseils dans leurs prises de d\u00e9cision, et une force renouvel\u00e9e alors qu\u2019ils travaillent de longues heures dans le processus de r\u00e9tablissement \u00bb. Priez \u00e9galement pour l\u2019acc\u00e8s aux ressources et aux possibilit\u00e9s de reconstruire des vies, des maisons et des communaut\u00e9s. Interc\u00e9dez \u00e9galement pour les personnes traumatis\u00e9es qui se remettent de leurs blessures et de leurs pertes. Et surtout, priez pour que les survivants trouvent l\u2019esp\u00e9rance en Christ en cette p\u00e9riode de besoins accablants.<\/li>\n<\/ul>\n<p><strong>CANADA<br \/>\n<\/strong>Louez Dieu pour :<\/p>\n<ul>\n<li>Kent et Clara, travailleurs internationaux au Moyen-Orient. Ils rapportent qu\u2019un homme nomm\u00e9 Victory est revenu \u00e0 l\u2019\u00e9glise avec sa femme pour la premi\u00e8re fois depuis l\u2019automne dernier. Luttant contre l\u2019alcool, Victory avait demand\u00e9 la pri\u00e8re. Alors que quatre personnes s\u2019\u00e9taient rassembl\u00e9es autour de lui pour prier, Victory a senti une main sur sa poitrine, a lev\u00e9 les yeux pour voir de qui il s\u2019agissait et a r\u00e9alis\u00e9 qu\u2019il ne s\u2019agissait pas d\u2019une main humaine mais de celle de Dieu. Il a quitt\u00e9 le moment de pri\u00e8re rayonnant du toucher du Seigneur.<\/li>\n<li>Foster et Ebby pour le barbecue de l\u2019\u00e9vang\u00e9lisation. Quelques nouvelles personnes se sont jointes \u00e0 nous, et la session de pri\u00e8re apr\u00e8s le d\u00eener a \u00e9t\u00e9 un moment agr\u00e9able pour prier pour leurs amis musulmans et hindous. Que Dieu r\u00e9v\u00e8le sa puissance miraculeuse \u00e0 leurs amis sud-asiatiques. Leur \u00e9quipe se r\u00e9unira pour \u00e9valuer l\u2019\u00e9v\u00e9nement et d\u00e9cider d\u2019une approche future. Priez pour l\u2019unit\u00e9 et un nouvel engagement pour atteindre ces personnes.<\/li>\n<\/ul>\n<p>Veuillez prier pour :<\/p>\n<ul>\n<li>Gary et Sharon qui retournent au S\u00e9n\u00e9gal apr\u00e8s une mission dans leur pays d\u2019origine. Priez pour qu\u2019ils s\u2019adaptent facilement \u00e0 leur retour et pour qu\u2019ils aient une vision renouvel\u00e9e des strat\u00e9gies et du minist\u00e8re parmi les Peuls et les Wolofs.<\/li>\n<li>Blake et Kathy Penson et pour le couple chilien qui dirige le lancement du nouveau projet de centre culturel. Ce couple et les deux candidats \u00e0 la mission qu\u2019ils encadrent sont dou\u00e9s pour trouver des moyens cr\u00e9atifs de servir la population immigr\u00e9e. Priez pour que de nombreuses nouvelles portes s\u2019ouvrent dans la vie des gens lors de l\u2019ouverture de ce centre culturel. Priez pour la sagesse d\u2019un autre couple chilien qui se pr\u00e9pare \u00e0 ouvrir un caf\u00e9 au centre culturel.<\/li>\n<li>Les Minist\u00e8res de la Famille NorthWind qui cherche \u00e0 accompagner les peuples indig\u00e8nes du nord de l\u2019Ontario. En 2020, New Ventures s\u2019est associ\u00e9 \u00e0 NorthWind pour d\u00e9velopper le Rassemblement NorthWind. Cette r\u00e9union hebdomadaire accueille un groupe diversifi\u00e9 de personnes du centre-ville de Thunder Bay et d\u2019ailleurs pour un repas communautaire, une d\u00e9votion et une \u00e9tude biblique.<\/li>\n<li>Les enfants des travailleurs internationaux qui s\u2019adaptent \u00e0 une nouvelle culture et \u00e0 une nouvelle langue. Priez que le Seigneur leur permette d\u2019apprendre leur nouvelle langue avec facilit\u00e9 et qu\u2019ils se sentent en confiance pour communiquer avec les autres, m\u00eame pendant leur apprentissage. Priez pour qu\u2019ils aient un sentiment d\u2019appartenance m\u00eame lorsque tout semble diff\u00e9rent.<\/li>\n<\/ul>\n<hr \/>\n<p><strong>16 ao\u00fbt 2023<\/strong><\/p>\n<p><strong>R\u00c9GION CLA (AM\u00c9RIQUE LATINE) DE L\u2019UMA<\/strong><\/p>\n<p><strong>COLOMBIE<br \/>\n<\/strong>Veuillez prier pour :<\/p>\n<ul>\n<li>La Convention de l\u2019Alliance, du 17 au 20 ao\u00fbt. Que ce soit l\u2019occasion d\u2019exalter notre Dieu pour les 100 ans de l\u2019\u00c9glise de l\u2019Alliance en Colombie et de profiter de l\u2019unit\u00e9 de notre famille.<\/li>\n<li>Le d\u00e9ploiement de deux travailleurs internationaux en septembre. Ils seront au service des communaut\u00e9s pakistanaises et musulmanes.<\/li>\n<li>Les diff\u00e9rents \u00e9v\u00e9nements nationaux qui auront lieu dans les mois \u00e0 venir :\n<ul>\n<li>La Conf\u00e9rence des Hommes de l\u2019Alliance \u00ab Positionnez-vous 2023 \u00bb en septembre.<\/li>\n<li>La Conf\u00e9rence des Missions de l\u2019Alliance \u00ab Actes 2023 \u00bb en octobre<\/li>\n<li>La Conf\u00e9rence des Femmes de l\u2019Alliance \u00ab Briller 2023 \u00bb en novembre<\/li>\n<li>Le Camp d\u2019Aventure pour Enfants \u00ab Peque\u00f1os Aliancistas \u00bb qui aura lieu en m\u00eame temps que la conf\u00e9rence des femmes en novembre.<\/li>\n<\/ul>\n<\/li>\n<\/ul>\n<p><strong>P\u00c9ROU<br \/>\n<\/strong>Veuillez prier pour :<\/p>\n<ul>\n<li>La retraite des responsables des \u00e9glises de la r\u00e9gion de Hu\u00e1nuco, du 23 au 27 ao\u00fbt.<\/li>\n<li>Le travail des missionnaires p\u00e9ruviens en Europe.<\/li>\n<li>La force et la sagesse de Dieu au nouveau leadership de l\u2019\u00e9glise nationale.<\/li>\n<li>La c\u00e9l\u00e9bration du 50e anniversaire du mouvement \u00ab Lima \u00e0 une Rencontre \u00e0 Dieu \u00bb en octobre.<\/li>\n<li>Les autorit\u00e9s politiques du P\u00e9rou. Que le Seigneur r\u00e9pande sur elles la sagesse afin qu\u2019elles prennent des d\u00e9cisions judicieuses pour le bien de la population.<\/li>\n<\/ul>\n<p><strong>VENEZUELA<br \/>\n<\/strong>Louez Dieu pour :<\/p>\n<ul>\n<li>L\u2019assembl\u00e9e annuelle \u00e0 la fin du mois de juillet. Ce fut un temps d\u2019\u00e9dification et d\u2019unit\u00e9 de leadership.<\/li>\n<\/ul>\n<p>Veuillez prier pour :<\/p>\n<ul>\n<li>La l\u00e9galisation de la Fondation FUNDALFA, afin que nous puissions commencer l\u2019assistance m\u00e9dicale, dentaire et \u00e9ducative, ainsi que le soutien aux familles, aux couples et aux jeunes dans la r\u00e9gion de Los Guayos.<\/li>\n<li>L\u2019achat de mat\u00e9riel de sonorisation et de chaises pour la nouvelle \u00e9glise de Los Guayos.<\/li>\n<li>La r\u00e9activation du minist\u00e8re national de la jeunesse.<\/li>\n<li>La sant\u00e9, la s\u00e9curit\u00e9 financi\u00e8re, l\u2019orientation et la sagesse pour les pasteurs de la CMA du Venezuela.<\/li>\n<\/ul>\n<p><strong>HA\u00cfTI<br \/>\n<\/strong>Louez Dieu pour :<\/p>\n<ul>\n<li>La Conf\u00e9rence Nationale des Femmes, du 4 au 6 ao\u00fbt. Nous nous r\u00e9jouissons dans le Seigneur pour ce temps b\u00e9ni.<\/li>\n<\/ul>\n<p>Veuillez prier pour :<\/p>\n<ul>\n<li>L\u2019\u00e9glise de l\u2019Alliance qui sera implant\u00e9e dans le village de Bettie Ouanaminthe en septembre. Priez pour que les gens aient une soif de Dieu et des c\u0153urs ouverts pour recevoir l\u2019\u00e9vangile. Priez aussi pour que le Seigneur guide et conseille la famille pastorale qui dirigera cette nouvelle \u0153uvre.<\/li>\n<li>L\u2019unit\u00e9 des \u00e9glises de l\u2019Alliance afin que nous puissions continuer \u00e0 renforcer les relations entre nos responsables et nos pasteurs, et ainsi continuer \u00e0 r\u00e9pandre le Royaume des cieux.<\/li>\n<li>Les enfants et les jeunes qui ont re\u00e7u le Christ pour qu\u2019ils grandissent dans la Parole de Dieu et dans leur foi. Prions aussi pour ceux qui n\u2019ont pas encore \u00e9t\u00e9 atteints afin qu\u2019ils puissent conna\u00eetre J\u00e9sus.<\/li>\n<li>Notre pays. Ha\u00efti a besoin d\u2019outils pour surmonter la violence. Prions pour la paix et pour la direction de nos dirigeants afin qu\u2019ils se tournent vers Dieu pour prendre leurs d\u00e9cisions.<\/li>\n<\/ul>\n<p><strong>PANAMA<br \/>\n<\/strong>Louez Dieu pour :<\/p>\n<ul>\n<li>L\u2019esprit d\u2019unit\u00e9 et de communion entre les \u00e9glises du Panama.<\/li>\n<li>Le nouveau couple de missionnaires qui a \u00e9t\u00e9 envoy\u00e9 pour servir de pasteur et susciter de nouveaux responsables parmi la deuxi\u00e8me g\u00e9n\u00e9ration de Chinois au Panama.<\/li>\n<\/ul>\n<p>Veuillez prier pour :<\/p>\n<ul>\n<li>L\u2019\u00e9glise Cerro Viento. Sept fr\u00e8res et s\u0153urs de la congr\u00e9gation chinoise assument la responsabilit\u00e9 du pastorat de cette congr\u00e9gation. Priez pour leur engagement, leur courage et leur sagesse spirituelle.<\/li>\n<li>L\u2019Alliance Brisas del Golf. C\u2019est la seule \u00e9glise 100% hispanique au Panama. Priez pour la sagesse et la direction du Saint-Esprit pour le couple missionnaire Miguel et Yngrid Grassals afin qu\u2019ils puissent continuer \u00e0 \u00eatre les pasteurs de ce troupeau.<\/li>\n<li>Les responsables et les participants des petits groupes \u00ab Maisons de l\u2019Espoir \u00bb. Qu\u2019ils grandissent dans la Parole de Dieu et dans l\u2019unit\u00e9. Prions aussi pour la multiplication des petits groupes.<\/li>\n<li>Les familles de l\u2019\u00e9glise qui doivent quitter le Panama. Que Dieu les guide et qu\u2019elles soient lumi\u00e8re partout o\u00f9 elles iront. Priez aussi pour que le Seigneur nous donne la sagesse de former de nouveaux responsables.<\/li>\n<\/ul>\n<p><strong>CHILI<br \/>\n<\/strong>Louez Dieu pour :<\/p>\n<ul>\n<li>Les fr\u00e8res et s\u0153urs qui ont \u00e9t\u00e9 baptis\u00e9s ces derni\u00e8res semaines.<\/li>\n<li>Sa protection et ses soins pour les familles et les b\u00e2timents de notre \u00e9glise. Ils n\u2019ont pas \u00e9t\u00e9 affect\u00e9s par les r\u00e9centes catastrophes naturelles.<\/li>\n<\/ul>\n<p>Veuillez prier pour :<\/p>\n<ul>\n<li>La sant\u00e9 des pasteurs Luis Roa et Patricio G\u00f3mez et de plusieurs fr\u00e8res.<\/li>\n<li>La reconstruction de notre \u00e9cole qui a \u00e9t\u00e9 incendi\u00e9e lors d\u2019une violente attaque. Les \u00e9tudiants sont maintenant dans des salles de classe temporaires jusqu\u2019\u00e0 ce qu\u2019ils aient un nouveau b\u00e2timent.<\/li>\n<li>La situation morale et financi\u00e8re qui affecte la vie de l\u2019\u00e9glise d\u2019une mani\u00e8re ou d\u2019une autre.<\/li>\n<\/ul>\n<p><strong>CUBA<br \/>\n<\/strong>Veuillez prier pour :<\/p>\n<ul>\n<li>Les \u00c9coles Bibliques de Vacances d\u2019\u00e9t\u00e9 qui se d\u00e9roulent dans nos \u00e9glises ce mois-ci.<\/li>\n<li>Les voyages missionnaires de nos jeunes chaque week-end d\u2019ao\u00fbt pour encourager les \u00e9glises les plus \u00e9loign\u00e9es et les moins saines.<\/li>\n<li>La tourn\u00e9e de toutes nos \u00e9glises en septembre pour encourager, former et recentrer la vision des \u00e9glises saines.<\/li>\n<li>De nouveaux travailleurs pour implanter des \u00e9glises, et les ressources pour les former.<\/li>\n<\/ul>\n<p><strong>ARGENTINE<br \/>\n<\/strong>Veuillez prier pour :<\/p>\n<ul>\n<li>La sant\u00e9 et le soutien spirituel de nos pasteurs et missionnaires.<\/li>\n<li>La retraite pastorale dans la r\u00e9gion de la Patagonie en septembre.<\/li>\n<li>Les programmes d\u2019\u00e9vang\u00e9lisation de nos \u00e9glises.<\/li>\n<li>Le d\u00e9but du second semestre de l\u2019Institut Biblique Buenos Aires. Prions pour les \u00e9tudiants, les enseignants et le personnel.<\/li>\n<\/ul>\n<p><strong>GUATEMALA<br \/>\n<\/strong>Louez Dieu pour :<\/p>\n<ul>\n<li>Les s\u00e9minaires sur l\u2019ADN de l\u2019Alliance qui ont \u00e9t\u00e9 organis\u00e9s pour les pasteurs et les responsables d\u2019\u00e9glise.<\/li>\n<\/ul>\n<p>Veuillez prier pour :<\/p>\n<ul>\n<li>La sagesse de Dieu pour la r\u00e9solution des conflits administratifs dans certaines \u00e9glises de l\u2019int\u00e9rieur du pays.<\/li>\n<li>La provision financi\u00e8re pour nos \u00e9glises.<\/li>\n<\/ul>\n<p><strong>URUGUAY<br \/>\n<\/strong>Louez Dieu pour :<\/p>\n<ul>\n<li>L\u2019envoi de la pluie sur notre pays apr\u00e8s une grave s\u00e9cheresse. L\u2019approvisionnement en eau potable de la capitale du pays a \u00e9t\u00e9 r\u00e9tabli.<\/li>\n<\/ul>\n<p>Veuillez prier pour :<\/p>\n<ul>\n<li>Que Dieu suscite de nouveaux pasteurs. Nous avons actuellement quatre \u00e9glises qui attendent un pasteur principal.<\/li>\n<\/ul>\n<p><strong>BOLIVIE<br \/>\n<\/strong>Veuillez prier pour :<\/p>\n<ul>\n<li>Que Dieu envoie des missionnaires et des pasteurs pour soutenir l\u2019implantation d\u2019\u00e9glises en Bolivie.<\/li>\n<li>La r\u00e9union nationale des femmes en novembre.<\/li>\n<\/ul>\n<hr \/>\n<p><strong>9 ao\u00fbt 2023<\/strong><\/p>\n<p><strong>R\u00c9GION AFRIQUE DE L\u2019UMA<\/strong><\/p>\n<p><strong>CONF\u00c9RENCE NATIONALE DES JEUNES DE L\u2019ALLIANCE<br \/>\n<\/strong>Veuillez prier pour :<\/p>\n<ul>\n<li>La Conf\u00e9rence de la Jeunesse de l\u2019Alliance \u00e0 Boma, RDC, du 14 au 20 ao\u00fbt. Le th\u00e8me est \u00ab Influence ton monde \u00bb. Priez pour la protection et la provision de Dieu pour les d\u00e9l\u00e9gations de plusieurs pays africains qui y participeront.<\/li>\n<\/ul>\n<p><strong>R\u00c9PUBLIQUE D\u00c9MOCRATIQUE DU CONGO (RDC)<br \/>\n<\/strong>Louez Dieu pour :<\/p>\n<ul>\n<li>Le synode de l\u2019\u00e9glise \u00e0 Boma, du 16 au 23 juillet, et le renouveau du Bureau National dirig\u00e9 par le pr\u00e9sident, R\u00e9v. Marcel Bunda Bunda et les membres du Comit\u00e9 de Gestion. La conf\u00e9rence s\u2019est d\u00e9roul\u00e9e sans probl\u00e8me. Un nouveau vice-pr\u00e9sident en charge de l\u2019administration et un nouveau tr\u00e9sorier ont \u00e9t\u00e9 \u00e9lus. Prions pour la sagesse et la protection de Dieu afin que le Bureau National puisse diriger l\u2019\u00e9glise au cours de quatre prochaines ann\u00e9es.<\/li>\n<li>L\u2019installation de deux couples missionnaires en Guin\u00e9e-Conakry. Ils ont \u00e9t\u00e9 envoy\u00e9s par l\u2019\u00e9glise nationale le mois dernier.<\/li>\n<\/ul>\n<p>Veuillez prier pour :<\/p>\n<ul>\n<li>La consolation de Dieu pour les familles des deux d\u00e9l\u00e9gu\u00e9s d\u00e9c\u00e9d\u00e9s pendant le synode : R\u00e9v. Cr\u00e9pin Luzolo de Kinshasa et le M\u00e9decin Becken Bilendo de Kinkonzi.<\/li>\n<li>Les serviteurs qui ont atteint l\u2019\u00e2ge de la retraite mais qui continuent \u00e0 travailler. Que Dieu donne la provision pour leur retraite.<\/li>\n<li>Le projet d\u2019ouverture d\u2019une universit\u00e9 qui pourra permettre le renforcement des capacit\u00e9s des serviteurs \u00e0 travers toute l\u2019\u00e9glise.<\/li>\n<li>La R\u00e9publique D\u00e9mocratique du Congo. Le pays est confront\u00e9 \u00e0 l\u2019ins\u00e9curit\u00e9 et l\u2019inflation galopante. Prions aussi pour les \u00e9lections g\u00e9n\u00e9rales pr\u00e9vues pour la fin de cette ann\u00e9e.<\/li>\n<\/ul>\n<p><strong>LIB\u00c9RIA<br \/>\n<\/strong>Veuillez prier pour :<\/p>\n<ul>\n<li>La sant\u00e9 d\u2019Esther Liberty, l\u2019\u00e9pouse du pr\u00e9sident de la CMA Lib\u00e9ria. Elle a r\u00e9cemment \u00e9t\u00e9 admise \u00e0 l\u2019h\u00f4pital pendant une semaine mais se r\u00e9tablit progressivement.<\/li>\n<li>La CMA Liberia, qui accueillera deux conf\u00e9rences de l\u2019UMA cette ann\u00e9e : la R\u00e9union du R\u00e9seau Mondial des Leaders des Missions, du 5 au 7 novembre, et la Conf\u00e9rence R\u00e9gionale de l\u2019Afrique, du 8 au 12 novembre \u00e0 Monrovia. Priez pour la sagesse et la force de Dieu pour les comit\u00e9s qui se r\u00e9unissent r\u00e9guli\u00e8rement pour planifier ces \u00e9v\u00e9nements. Priez pour les visas et les dispositions financi\u00e8res pour les participants.<\/li>\n<li>La paix au Lib\u00e9ria, alors que le pays se pr\u00e9pare pour les \u00e9lections g\u00e9n\u00e9rales et pr\u00e9sidentielles du 10 octobre.<\/li>\n<\/ul>\n<p><strong>ANGOLA<br \/>\n<\/strong>Louez Dieu pour :<\/p>\n<ul>\n<li>Le voyage de Robert Sanou et Adama Soma en Angola. Ils ont \u00e9t\u00e9 envoy\u00e9s par l\u2019UMA pour former l\u2019\u00e9glise aux principes de l\u2019Agriculture \u00e0 la Mani\u00e8re de Dieu.<\/li>\n<\/ul>\n<p>Veuillez prier pour :<\/p>\n<ul>\n<li>L\u2019\u00e9glise de l\u2019Alliance en Angola soit forte et inspir\u00e9e dans sa mission de t\u00e9moigner de J\u00e9sus, m\u00eame dans les moments difficiles.<\/li>\n<li>La guidance et la sagesse de Dieu pour le nouveau directeur national de la jeunesse de l\u2019Alliance en Angola dans sa mission de r\u00e9organisation du d\u00e9partement.<\/li>\n<li>Notre pays. En raison de la situation critique du trafic d\u2019organes humains, du taux de mortalit\u00e9 \u00e9lev\u00e9 et de l\u2019entr\u00e9e de criminels \u00e9trangers dans le pays, l\u2019ins\u00e9curit\u00e9 de la population s\u2019est consid\u00e9rablement accrue.<\/li>\n<li>Les autorit\u00e9s angolaises ne consid\u00e8rent pas la souffrance de la population comme quelque chose de normal, sans se pr\u00e9occuper des faits r\u00e9els.<\/li>\n<\/ul>\n<p><strong>MALI<br \/>\n<\/strong>Louez Dieu pour :<\/p>\n<ul>\n<li>Le r\u00e9f\u00e9rendum gouvernemental qui a eu lieu en juin. Il a \u00e9t\u00e9 adopt\u00e9 \u00e0 97 %, autorisant la libert\u00e9 religieuse pour tous les chr\u00e9tiens.<\/li>\n<\/ul>\n<p>Veuillez prier pour :<\/p>\n<ul>\n<li>La provision financi\u00e8re et mat\u00e9rielle pour la c\u00e9l\u00e9bration du centenaire de la CMA du Mali en novembre 2023.<\/li>\n<li>Des pluies suffisantes pour que les agriculteurs puissent avoir une bonne r\u00e9colte.<\/li>\n<\/ul>\n<p><strong>B\u00c9NIN<br \/>\n<\/strong>Veuillez prier pour :<\/p>\n<ul>\n<li>La sagesse et la direction de Dieu pour le pr\u00e9sident national, le R\u00e9v. David Sessou, et les membres du Bureau National afin qu\u2019ils dirigent bien l\u2019\u00e9glise au B\u00e9nin.<\/li>\n<li>La provision financi\u00e8re pour l\u2019achat d\u2019une voiture qui sera utilis\u00e9e pour l\u2019\u00e9vang\u00e9lisation et les missions int\u00e9rieures dans les villages du B\u00e9nin.<\/li>\n<li>Que Dieu fournisse les fonds n\u00e9cessaires \u00e0 la construction d\u2019une \u00e9cole biblique pour former les futurs pasteurs.<\/li>\n<\/ul>\n<hr \/>\n<p><strong>2 ao\u00fbt 2023<\/strong><\/p>\n<p><strong>R\u00c9GION EMERALD (EUROPE ET MOYEN-ORIENT) DE L\u2019UMA<br \/>\n<\/strong>Louez Dieu pour :<\/p>\n<ul>\n<li>Le succ\u00e8s du premier Symposium Th\u00e9ologique de l\u2019Alliance sur \u00ab L\u2019Histoire, la Th\u00e9ologie et la Mission de la CMA \u00bb qui s\u2019est tenu en juin \u00e0 Toulouse, en France. Il \u00e9tait organis\u00e9 par la Commission Internationale d\u2019\u00c9ducation Th\u00e9ologique de l\u2019UMA (ICTE). Plus de 50 participants ont \u00e9cout\u00e9 25 articles pr\u00e9sent\u00e9s par des chercheurs des cinq continents et en trois langues : espagnol, fran\u00e7ais et anglais.<\/li>\n<li>Le succ\u00e8s de la Conf\u00e9rence R\u00e9gionale EMERALD de l\u2019UMA, organis\u00e9e par l\u2019\u00c9glise de l\u2019Alliance Nationale Fran\u00e7aise (AECM France), qui s\u2019est tenue en juin \u00e0 Toulouse. Plus de 150 d\u00e9l\u00e9gu\u00e9s du monde entier y ont assist\u00e9 et ont \u00e9t\u00e9 b\u00e9nis par l\u2019enseignement merveilleusement inspir\u00e9 du Dr Stanley John sur \u00ab Leadership Missionnaire \u00e0 l\u2019\u00c8re du Christianisme Mondial \u00bb.<\/li>\n<li>L\u2019\u00e9quipe d\u00e9vou\u00e9e de b\u00e9n\u00e9voles, y compris ceux de l\u2019\u00c9glise de l\u2019Alliance Appleton, de l\u2019\u00c9glise Internationale de Toulouse et de l\u2019AECM France, qui ont contribu\u00e9 \u00e0 faire de ces \u00e9v\u00e9nements un succ\u00e8s.<\/li>\n<\/ul>\n<p><strong>MOBILISATION DE LES MISSIONS DE L\u2019EMERALD DE L\u2019UMA<br \/>\n<\/strong>Louez Dieu pour :<\/p>\n<ul>\n<li>Le lancement du R\u00e9seau \u00c9glise de Toutes les Nations de l\u2019Alliance (CAN de l\u2019Alliance) lors du Symposium Th\u00e9ologique de l\u2019Alliance et de la Conf\u00e9rence EMERALD de l\u2019UMA en France. Il s\u2019agit d\u2019une nouvelle initiative de l\u2019UMA visant \u00e0 encourager l\u2019implantation et la croissance d\u2019\u00e9glises o\u00f9 des personnes de toutes nations, tribus et langues peuvent trouvent un accueil aimant, une famille chaleureuse et une appartenance.<\/li>\n<\/ul>\n<p>Veuillez prier pour :<\/p>\n<ul>\n<li>La Conf\u00e9rence sur les Missions de l\u2019\u00c9glise de l\u2019Alliance au Mexique, du 11 au 13 ao\u00fbt. Fr\u00e8re Eoghan Cosgrave, le Mobilisateur des Missions de l\u2019EMERALD de L\u2019UMA, parlera et animera des ateliers sur la Mobilisation Missionnaire pour aider l\u2019\u00e9glise \u00e0 atteindre des groupes de personnes qui ne connaissent pas encore J\u00e9sus.<\/li>\n<\/ul>\n<p><strong>FORMATION DE L\u2019ALLIANCE<br \/>\n<\/strong>Louez Dieu pour :<\/p>\n<ul>\n<li>Les riches discussions qui ont eu lieu au cours de l\u2019atelier de formation de l\u2019Alliance lors de la Conf\u00e9rence EMERALD de l\u2019UMA. Dieu est clairement \u00e0 l\u2019\u0153uvre alors que de nouvelles orientations se dessinent, tandis que les responsables de l\u2019Alliance et les formateurs travaillent ensemble pour la gloire de Dieu dans notre r\u00e9gion.<\/li>\n<\/ul>\n<p><strong>FRANCE<br \/>\n<\/strong>Louez Dieu pour :<\/p>\n<ul>\n<li>Les nombreuses conversations encourageantes entre les pasteurs de l\u2019Alliance Fran\u00e7aise, les missionnaires et les membres des familles de l\u2019Alliance du monde entier lors de la Conf\u00e9rence EMERALD de l\u2019UMA.<\/li>\n<\/ul>\n<p><strong>ESPAGNE<br \/>\n<\/strong>Louez Dieu pour :<\/p>\n<ul>\n<li>Sa protection pour les divers camps d\u2019enfants et de jeunes pendant l\u2019\u00e9t\u00e9. Louons-le \u00e9galement pour les bonnes nouvelles de l\u2019\u00c9cole B\u00e9thanie de Disciples et de Missions, o\u00f9 de nombreux \u00e9tudiants se sont r\u00e9concili\u00e9s avec Dieu et ont re\u00e7u la gu\u00e9rison de leur \u00e2me.<\/li>\n<\/ul>\n<p>Veuillez prier pour :<\/p>\n<ul>\n<li>Alejandro Betancur, implanteur d\u2019\u00e9glise espagnol, qui a subi une isch\u00e9mie c\u00e9r\u00e9brale momentan\u00e9e (AIT) qui a bri\u00e8vement affect\u00e9 son \u00e9locution. Il est hospitalis\u00e9 pour des tests de diagnostic. Alex est un officier retrait\u00e9 des \u00eeles Canaries, dipl\u00f4m\u00e9 de l\u2019Institut de Formation Minist\u00e9rielle de l\u2019Alliance INFORMA, qui implante avec sa femme Nancy une \u00e9glise \u00e0 Mieres, dans les Asturies.<\/li>\n<li>Leopoldo Ayala, coordinateur des cours INFORMA \u00e0 Barcelone. Il a subi une op\u00e9ration \u00e0 c\u0153ur ouvert. Que le Seigneur garde sa vie et r\u00e9tablisse son c\u0153ur en parfaite sant\u00e9.<\/li>\n<li>La demande de visa de Jorge Tapia et de sa famille, qui ont \u00e9t\u00e9 mandat\u00e9s par l\u2019Alliance chilienne pour implanter des \u00e9glises en Espagne. La proc\u00e9dure a d\u00e9j\u00e0 pris deux ans en raison de la pand\u00e9mie et de la bureaucratie.<\/li>\n<\/ul>\n<p><strong>TERRE SAINTE<br \/>\n<\/strong>Veuillez prier pour :<\/p>\n<ul>\n<li>L\u2019\u00c9glise de l\u2019Alliance en Terre Sainte et sa conf\u00e9rence annuelle, du 4 au 6 ao\u00fbt. Priez pour les \u00e9glises qui se r\u00e9unissent, pour l\u2019orateur et pour un temps de renouveau, de cons\u00e9cration et de communion encourageante.<\/li>\n<li>Paix en Terre Sainte.<\/li>\n<\/ul>\n<p><strong>ITALIE<br \/>\n<\/strong>Veuillez prier pour :<\/p>\n<ul>\n<li>Les pr\u00e9paratifs de la r\u00e9union de communion de l\u2019Alliance \u00e0 Bologne, le 2 septembre. Prions pour la sagesse et l\u2019orientation des responsables de l\u2019UMA, qui cherchent \u00e0 encourager et \u00e0 favoriser la communion entre tous les travailleurs et responsables associ\u00e9s \u00e0 l\u2019Alliance en Italie et en relation avec ce pays.<\/li>\n<\/ul>\n<hr \/>\n<p>&nbsp;<\/p>\n<h2><strong>Pri\u00e8res de l\u2019UMA &#8211; Juillet 2023<\/strong><\/h2>\n<p>&nbsp;<\/p>\n<p><strong>19 juillet 2023<\/strong><\/p>\n<p><strong>1) R\u00c9GION APAC (ASIE PACIFIQUE) DE L\u2019UMA<\/strong><\/p>\n<p><strong>TA\u00cfWAN<br \/>\n<\/strong>Louez Dieu pour :<\/p>\n<ul>\n<li>Le succ\u00e8s des trois camps du 2 au 4 juillet, avec 261 participants.<\/li>\n<\/ul>\n<p>Veuillez prier pour :<\/p>\n<ul>\n<li>Deux membres de notre conseil d\u2019administration national. Ils ont besoin d\u2019un traitement pour un cancer du cerveau et une maladie cardiaque.<\/li>\n<li>La c\u00e9l\u00e9bration du 70e anniversaire de notre action de gr\u00e2ce, du 7 au 9 octobre.<\/li>\n<\/ul>\n<p><strong>JAPON<br \/>\n<\/strong>Louez Dieu pour :<\/p>\n<ul>\n<li>La 73\u00e8me r\u00e9union annuelle de l\u2019\u00c9glise de l\u2019Alliance du Japon, les 30 et 31 mai. Nous avons pu communier pour la premi\u00e8re fois depuis quatre ans et nous avons confirm\u00e9 que nous continuerons \u00e0 construire une \u00e9glise qui \u00e9coute et ob\u00e9it \u00e0 la parole du Seigneur et qui \u00e9vang\u00e9lise en communion avec le Seigneur J\u00e9sus. Un dipl\u00f4m\u00e9 de l\u2019\u00c9cole de Th\u00e9ologie de l\u2019Alliance Japonaise a \u00e9t\u00e9 ordonn\u00e9 professeur adjoint et nomm\u00e9 pasteur associ\u00e9 dans l\u2019\u00e9glise de la r\u00e9gion de Kanto. Cinq membres du conseil d\u2019administration ont \u00e9t\u00e9 \u00e9lus et commencent leur mandat de deux ans.<\/li>\n<li>C\u00e9r\u00e9monie d\u2019inauguration de l\u2019\u00c9cole de Th\u00e9ologie de l\u2019Alliance Japonaise. Un nouvel \u00e9tudiant est inscrit. Veuillez prier pour qu\u2019il consacre sa vie au Seigneur et qu\u2019il \u00e9tudie toutes les mati\u00e8res du s\u00e9minaire.<\/li>\n<\/ul>\n<p>Veuillez prier pour :<\/p>\n<ul>\n<li>La construction du nouveau b\u00e2timent du s\u00e9minaire. Elle a d\u00e9but\u00e9 en juin et devrait s\u2019achever en f\u00e9vrier de l\u2019ann\u00e9e prochaine. Nous pr\u00e9voyons d\u2019utiliser le b\u00e2timent pour divers minist\u00e8res de l\u2019\u00e9glise.<\/li>\n<li>La conf\u00e9rence Miyajima La Vie la Plus Profonde \u00e0 Hiroshima, les 22 et 23 ao\u00fbt. Les orateurs seront le R\u00e9v\u00e9rend Ken Koizumi (orateur principal) et le R\u00e9v\u00e9rend Kuniharu Mandokoro. Le th\u00e8me est \u00ab Vivre par la Foi \u00bb, tir\u00e9 de Romains 1 : 17.<\/li>\n<\/ul>\n<p><strong>INDONESIE<br \/>\n<\/strong>Veuillez prier pour :<\/p>\n<ul>\n<li>Le mouvement du Mois des Missions de l\u2019\u00c9glise de l\u2019Alliance d\u2019Indon\u00e9sie a lieu en ao\u00fbt. Tout au long du mois, chaque \u00e9glise pr\u00eachera sur les missions, priera pour les missionnaires, organisera des s\u00e9minaires sur les missions et fera des offrandes pour les programmes missionnaires en Indon\u00e9sie et \u00e0 l\u2019\u00e9tranger.<\/li>\n<li>L\u2019\u00c9glise de l\u2019Alliance en Indon\u00e9sie. Nous implantons actuellement des \u00e9glises \u00e0 Sumatra et visons 16 nouvelles \u00e9glises d\u2019ici 2026. Nous implantons \u00e9galement des \u00e9glises parmi des groupes de population non atteints autour de la nouvelle capitale de la nation, Nusantara, dans le Kalimantan oriental.<\/li>\n<li>Les nouveaux missionnaires qui ont \u00e9t\u00e9 envoy\u00e9s en Tha\u00eflande pour atteindre le peuple du Myanmar en collaboration avec la CMA Tha\u00eflande. Priez \u00e9galement pour la mission parmi les travailleurs indon\u00e9siens \u00e0 Hong Kong et \u00e0 Ta\u00efwan. Six missionnaires servent actuellement \u00e0 Hong Kong et un \u00e0 Ta\u00efwan.<\/li>\n<\/ul>\n<p><strong>MYANMAR<br \/>\n<\/strong>Veuillez prier pour :<\/p>\n<ul>\n<li>Paix et r\u00e9conciliation au Myanmar.<\/li>\n<li>Les familles missionnaires font de l\u2019\u00e9vang\u00e9lisation parmi les bouddhistes et dans les zones de conflit.<\/li>\n<\/ul>\n<p>&nbsp;<\/p>\n<p><strong>2) R\u00c9GION AM\u00c9RIQUE DU NORD DE L\u2019UMA<\/strong><\/p>\n<p><strong>\u00c9TATS-UNIS<br \/>\n<\/strong><strong>Universit\u00e9 de l\u2019Alliance\/S\u00e9minaire Th\u00e9ologique de l\u2019Alliance<br \/>\n<\/strong>Le 29 juin 2023, le Conseil d\u2019Administration de l\u2019Universit\u00e9 de l\u2019Alliance (AU) a pris la d\u00e9cision difficile de cesser toute offre acad\u00e9mique \u00e0 compter du 1er septembre 2023. L\u2019Alliance d\u00e9plore la perte de cette institution et de son h\u00e9ritage de 140 ans de pr\u00e9paration et d\u2019\u00e9quipement de dizaines de milliers d\u2019hommes et de femmes pour servir fid\u00e8lement le Christ dans le minist\u00e8re professionnel, le gouvernement et le march\u00e9, ici aux \u00c9tats-Unis et dans 90 pays.<br \/>\nVeuillez prier :<\/p>\n<ul>\n<li>Pour les \u00e9tudiants, le corps enseignant et le personnel de l\u2019AU qui recherchent les conseils et la provision de Dieu pour leur prochaine saison de vie et de minist\u00e8re.<\/li>\n<li>Pour les dirigeants du S\u00e9minaire Th\u00e9ologique de l\u2019Alliance qui recherchent la sagesse de Dieu pour soutenir le minist\u00e8re de notre s\u00e9minaire national.<\/li>\n<li>Que Dieu \u00e9quipe et fortifie les \u00e9tablissements d\u2019enseignement sup\u00e9rieur de l\u2019Alliance aux \u00c9tats-Unis et \u00e0 l\u2019\u00e9tranger en vue de la r\u00e9alisation de notre vision \u00ab Tout de J\u00e9sus pour le Monde Entier \u00bb.<\/li>\n<\/ul>\n<p><strong>S\u00e9minaire sur le Minist\u00e8re du Travail \u00e0 Domicile<\/strong><\/p>\n<ul>\n<li>Veuillez prier pour le Minist\u00e8re du Travail \u00e0 Domicile, qui se tiendra du 17 au 22 juillet. Il s\u2019agit d\u2019un \u00e9v\u00e9nement qui aide \u00e0 pr\u00e9parer les travailleurs internationaux de l\u2019Alliance et leurs familles \u00e0 une saison de minist\u00e8re aux Etats-Unis, \u00e0 l\u2019interaction avec des pairs et des dirigeants, et \u00e0 la r\u00e9flexion sur ce que Dieu a fait au milieu d\u2019eux. Priez sp\u00e9cifiquement pour un voyage en toute s\u00e9curit\u00e9 ainsi que pour un temps productif, utile et rafra\u00eechissant pour tous ceux qui participent apr\u00e8s avoir fid\u00e8lement servi le Seigneur dans leur pays d\u2019accueil.<\/li>\n<\/ul>\n<p><a href=\"https:\/\/cmalliance.org\/now\/\" target=\"_blank\" rel=\"noopener\"><strong>The now. Campaign<\/strong><\/a><strong> (La C<\/strong><strong>ampagne maintenant.)<br \/>\n<\/strong>L\u2019Alliance am\u00e9ricaine est entr\u00e9e dans une \u00ab Campagne maintenant. \u00bb de deux ans, caract\u00e9ris\u00e9e par des risques remplis de foi et une avanc\u00e9e audacieuse de l\u2019\u00e9vangile, faisant confiance \u00e0 Dieu pour :<\/p>\n<ul>\n<li>Envoi d\u2019un nouveau travailleur international par semaine.<\/li>\n<li>Une nouvelle porte ouverte par an pour les Missions de l\u2019Alliance.<\/li>\n<li>Une nouvelle implantation d\u2019\u00e9glise aux \u00c9tats-Unis par semaine.<\/li>\n<li>Cent millions de dollars collect\u00e9s par an pour lancer et soutenir la pr\u00e9sence de l\u2019\u00e9vangile.<\/li>\n<li>L\u2019ach\u00e8vement du site One Alliance Place qui abritera le bureau national des \u00c9tats-Unis et servira la r\u00e9gion de Columbus, Ohio, et la famille de l\u2019Alliance am\u00e9ricaine.<\/li>\n<\/ul>\n<p>Veuillez prier pour que Dieu soit toujours pr\u00e9sent et qu\u2019il pourvoie \u00e0 l\u2019envoi de nouveaux travailleurs, \u00e0 l\u2019ouverture de nouvelles portes dans le monde, \u00e0 l\u2019implantation de nouvelles \u00e9glises et \u00e0 la collecte des ressources n\u00e9cessaires.<\/p>\n<hr \/>\n<p><strong>5 juillet 2023<\/strong><\/p>\n<p><strong>R\u00c9GION AFRIQUE DE L\u2019UMA<\/strong><\/p>\n<p><strong>R\u00c9PUBLIQUE D\u00c9MOCRATIQUE DU CONGO (RDC)<br \/>\n<\/strong>Louez Dieu pour :<\/p>\n<ul>\n<li>La s\u00e9rie des retraites pour les pasteurs et \u00e9pouses qui se sont tenues le trimestre pass\u00e9 \u00e0 travers le pays, et pour les t\u00e9moignages r\u00e9sultant de quelques pasteurs au sujet du renouveau, engagement aux relations personnelles avec Dieu, et le profond changement dans leur mani\u00e8re de servir le Seigneur.<\/li>\n<li>Le d\u00e9ploiement missionnaire en Afrique de l\u2019Ouest, qui est maintenant effectif, avec un service d\u2019actions de gr\u00e2ce pour les quatre missionnaires le 2 juillet et leur d\u00e9part le 10 juillet. Priez que Dieu procure pour tous des partenaires de ce projet.<\/li>\n<\/ul>\n<p>Veuillez prier pour :<\/p>\n<ul>\n<li>La reprise des activit\u00e9s de la Maison de Pri\u00e8re qui \u00e9taient suspendues avec la mort du directeur, R\u00e9v. Esa\u00efe Muanda, il y a une ann\u00e9e. Que le Seigneur dirige ces responsables pour choisir le nouveau directeur.<\/li>\n<li>Nos institutions de formation des serviteurs. Que Dieu les aide \u00e0 \u00e9laborer un programme qui guide les apprenants \u00e0 travailler dans des milieux ruraux.<\/li>\n<li>Le Synode G\u00e9n\u00e9ral qui se tiendra \u00e0 Boma, du 16 au 23 juillet, et le renouvellement du bureau national. Que le Seigneur soit \u00e0 l\u2019\u0153uvre et pourvoie \u00e0 tous leurs besoins et garde la sant\u00e9 physique, spirituelle, et \u00e9motionnelle de presque 1 500 d\u00e9l\u00e9gu\u00e9s qui vont s\u2019y rassembler.<\/li>\n<\/ul>\n<p><strong>\u00c9GLISE DE L\u2019ALLIANCE SOUDANAISE<br \/>\n<\/strong>Veuillez prier pour :<\/p>\n<ul>\n<li>Le pays du Soudan. Des milliers ont \u00e9t\u00e9 tu\u00e9s et beaucoup plus bless\u00e9s dans la guerre civile qui y continue.<\/li>\n<li>Que le Seigneur souverain, qui peut changer les mauvaises choses \u00e0 de bonnes, d\u2019intervenir et sauver le nombre maximum des peuples du Darfour \u00e0 l\u2019Ouest du Soudan.<\/li>\n<li>La tribu de Four, qui a \u00e9t\u00e9 la cible des attaques jusqu\u2019\u00e0 maintenant. Priez aussi pour une seconde tribu enti\u00e8rement Musulmane, les Massalits, qui sont maintenant sous attaque. Priez que les Massalits se tournent au Christ comme les Furs l\u2019ont fait.<\/li>\n<li>Que le Saint Esprit soit pr\u00e9sent \u00e0 nos rencontres sp\u00e9ciales de l\u2019\u00e9t\u00e9 pour fortifier et encourager nos quatre \u00e9glises. Un accent sp\u00e9cial sera mis sur la construction des mariages chr\u00e9tiens.<\/li>\n<\/ul>\n<p><strong>MALI<\/strong><\/p>\n<p>Veuillez prier pour :<\/p>\n<ul>\n<li>Un r\u00e9veil \u00e0 l\u2019int\u00e9rieur de notre \u00e9glise nationale durant ce temps difficile d\u2019ins\u00e9curit\u00e9 dans notre pays.<\/li>\n<li>De nouveaux partenaires pour notre ONG appel\u00e9e ODES-MALI pour que nous rencontrions les besoins des populations d\u00e9plac\u00e9es et marginalis\u00e9es.<\/li>\n<li>La provision financi\u00e8re et mat\u00e9rielle pour la c\u00e9l\u00e9bration du centenaire de la CMA Mali en novembre 2023.<\/li>\n<\/ul>\n<p><strong>ANGOLA<br \/>\n<\/strong>Louez Dieu pour :<\/p>\n<ul>\n<li>Sa sagesse et sa direction durant la r\u00e9union du Comit\u00e9 Ex\u00e9cutif National du 25 au 28 mai. Priez pour que le Seigneur aide \u00e0 impl\u00e9menter les nouvelles strat\u00e9gies r\u00e9sum\u00e9es pour le bon fonctionnement de l\u2019\u00e9glise nationale.<\/li>\n<\/ul>\n<p>Veuillez prier pour :<\/p>\n<ul>\n<li>La participation des hommes dans les programmes de l\u2019Association des Hommes Chr\u00e9tiens de l\u2019Alliance en Angola. L\u2019association a fait plusieurs tentatives de bon fonctionnement, mais le niveau organisationnel attendu n\u2019est pas atteint.<\/li>\n<li>La direction, provision et protection de Dieu pour la Conf\u00e9rence de la Jeunesse de l\u2019UMA Afrique \u00e0 Kinshasa, en RDC en ao\u00fbt.<\/li>\n<li>La protection du Seigneur des pasteurs et leurs familles qui \u00e9taient transf\u00e9r\u00e9s \u00e0 d\u2019autres r\u00e9gions.<\/li>\n<li>Les autorit\u00e9s du gouvernement Angolais. Que Dieu touche leurs c\u0153urs pour adopter les mesures n\u00e9cessaires pour le bien-\u00eatre social des citoyens.<\/li>\n<\/ul>\n<p><strong>GABON<br \/>\n<\/strong>Louez Dieu pour :<\/p>\n<ul>\n<li>La bonne direction de notre campagne J\u00e9sus qui gu\u00e9rit. Elle a apport\u00e9 ensemble l\u2019unit\u00e9 du corps de Christ \u00e0 Libreville avec comme orateur Bishop Dag Heward-Mills du Ghana. Nous remercions Dieu pour le salut des \u00e2mes et beaucoup de miracles de gu\u00e9rison.<\/li>\n<\/ul>\n<p>Veuillez prier pour :<\/p>\n<ul>\n<li>La fin des accidents dramatiques dans le pays. Apr\u00e8s les \u00e9v\u00e9nements que le Gabon a exp\u00e9riment\u00e9s ces mois r\u00e9cents comme naufrages de bateau, glissements de terrain, crimes, accidents des routes et rails, etc.., que toutes formes d\u2019idol\u00e2tries pouvant faire appel \u00e0 la col\u00e8re de Dieu disparaissent.<\/li>\n<li>La transparence dans les \u00e9lections prochaines du gouvernement national. Apr\u00e8s beaucoup de trag\u00e9dies enregistr\u00e9es durant les \u00e9lections pass\u00e9es, que les \u00e9lections de cette ann\u00e9e prennent place dans la paix, la justice pour tous les candidats, et dans l\u2019int\u00e9grit\u00e9 des r\u00e9sultats.<\/li>\n<li>La destruction du plan d\u2019enseigner l\u2019homosexualit\u00e9 dans les \u00e9coles du Gabon. Que Dieu pr\u00e9serve le Gabon de cette abomination !<\/li>\n<\/ul>\n<p><strong>LIBERIA<br \/>\n<\/strong>Veuillez prier pour :<\/p>\n<ul>\n<li>La CMA Liberia qui va recevoir deux conf\u00e9rences cette ann\u00e9e : Le R\u00e9seau Mondial des Leaders des Missions de l\u2019UMA du 5 au 7 novembre, et la Conf\u00e9rence R\u00e9gionale de l\u2019Afrique \u00e0 Monrovia du 8 au 12 novembre. Priez pour la sagesse et la force de Dieu pour les comit\u00e9s comme ils se rencontrent r\u00e9guli\u00e8rement pour planifier pour ces \u00e9v\u00e9nements. Priez pour l\u2019obtention des visas et les provisions financi\u00e8res pour les participants.<\/li>\n<li>Le Conseil d\u2019Administration National. Priez que Dieu les rende capables d\u2019impl\u00e9menter les plans qu\u2019ils ont accept\u00e9s \u00e0 la r\u00e9union du conseil en mai. L\u2019une des d\u00e9cisions cl\u00e9s \u00e9tait de r\u00e9nover la maison d\u2019h\u00f4tes et d\u2019autres projets qu\u2019ils pilotent pour le succ\u00e8s de l\u2019accueil de la conf\u00e9rence de l\u2019UMA en novembre. Priez que Dieu pourvoie aux besoins financiers par les membres et d\u2019autres chr\u00e9tiens aimant des gens.<\/li>\n<li>La paix au Liberia comme le pays se pr\u00e9pare pour ses \u00e9lections g\u00e9n\u00e9rales et pr\u00e9sidentielles le 10 octobre.<\/li>\n<\/ul>\n<p><strong>C\u00d4TE D\u2019IVOIRE<br \/>\n<\/strong>Veuillez prier pour :<\/p>\n<ul>\n<li>Le succ\u00e8s de la retraite pastorale du 18 au 21 juillet.<\/li>\n<li>La c\u00e9r\u00e9monie d\u2019investiture du pr\u00e9sident national, le R\u00e9v. No\u00ebl N\u2019Guessan, le 22 juillet.<\/li>\n<li>La c\u00e9r\u00e9monie pour rendre hommage le 23 juillet aux pasteurs qui vont en retraite.<\/li>\n<li>L\u2019acquisition d\u2019un \u00e9quipement pour la Radio de l\u2019Alliance Chr\u00e9tienne.<\/li>\n<\/ul>\n<p>&nbsp;<\/p>\n<hr \/>\n<p>&nbsp;<\/p>\n<h2><strong>Pri\u00e8res de l\u2019UMA \u2013 Juin 2023<\/strong><\/h2>\n<p>&nbsp;<\/p>\n<p><strong>21 juin 2023<\/strong><\/p>\n<p><strong>1) R\u00c9GION APAC (ASIE PACIFIQUE) DE L\u2019UMA<\/strong><\/p>\n<p><strong>MYANMAR<br \/>\n<\/strong>Louez Dieu pour :<\/p>\n<ul>\n<li>Sa protection et sa provision de la CMA Myanmar au milieu de la guerre civile.<\/li>\n<li>Le bapt\u00eame de 25 jeunes gens le mois dernier.<\/li>\n<li>Le bon voyage du pr\u00e9sident, le R\u00e9v. Lian Suan Pau. Il a particip\u00e9 \u00e0 la 57\u00e8me Assembl\u00e9e G\u00e9n\u00e9rale de la CMA Philippines (CAMACOP) \u00e0 Bacolod du 25 au 29 avril.<\/li>\n<\/ul>\n<p>Veuillez prier pour :<\/p>\n<ul>\n<li>Le progr\u00e8s du travail missionnaire \u00e0 Myanmar, et pour le bien-\u00eatre de six familles missionnaires.<\/li>\n<li>Les enfants dans notre pays. Certains retournent \u00e0 l\u2019\u00e9cole pendant que les autres enfants ne peuvent pas avoir une \u00e9ducation formelle \u00e0 cause de la guerre et de la pauvret\u00e9.<\/li>\n<li>La construction de l\u2019\u00e9glise de Hmuntha. Que le Seigneur pourvoie \u00e0 ce dont nous avons besoin pour terminer la construction.<\/li>\n<\/ul>\n<p><strong>TAIWAN<br \/>\n<\/strong>Louez Dieu pour :<\/p>\n<ul>\n<li>Ses soins et protection. Beaucoup de gens ont \u00e9t\u00e9 diagnostiqu\u00e9s avec le COVID-19 mais sont maintenant en bon sant\u00e9.<\/li>\n<\/ul>\n<p>Veuillez prier pour :<\/p>\n<ul>\n<li>Le camp avec trois groupes d\u2019\u00e2ge \u00e0 tenir \u00e0 Taichung du 2 au 4 juillet.<\/li>\n<li>La c\u00e9l\u00e9bration de notre 70\u00e8me anniversaire, du 7 au 9 octobre 2023.<\/li>\n<li>La provision de Dieu pour trois de nos \u00e9glises qui ont des difficult\u00e9s financi\u00e8res.<\/li>\n<\/ul>\n<p>&nbsp;<\/p>\n<p><strong>2) R\u00c9GION AM\u00c9RIQUE DU NORD DE L\u2019UMA<\/strong><\/p>\n<p><strong>ETATS-UNIS<br \/>\n<\/strong>Louez Dieu :<\/p>\n<ul>\n<li>Pour un Conseil de l\u2019Alliance am\u00e9ricaine significatif, percutant et tr\u00e8s fr\u00e9quent\u00e9 \u00e0 Spokane, Washington, fin mai et d\u00e9but juin. Beaucoup ont senti que c\u2019\u00e9tait une rencontre profond\u00e9ment historique, comme les d\u00e9l\u00e9gu\u00e9s n\u2019ont pas seulement \u00e9lu un nouveau vice-pr\u00e9sident corporatif, un secr\u00e9taire corporatif ; et 12 nouveaux membres du Conseil d\u2019Administration de l\u2019Alliance mais ils ont aussi mis \u00e0 jour la Confession de Foi de la CMA pour la premi\u00e8re fois depuis 1966 et ont pris de grandes d\u00e9cisions concernant le r\u00f4le des hommes et des femmes dans le leadership spirituel.<\/li>\n<li>Que les participants sont arriv\u00e9s \u00ab s\u2019attendant \u00bb \u00e0 rencontrer Dieu et \u00e0 recevoir ses encouragements et sa direction. Ils ont partag\u00e9 un culte vibrant et r\u00e9g\u00e9n\u00e9rant l\u2019\u00e2me &#8212; incluant des chants nouvellement sortis de la collection de l\u2019<a href=\"https:\/\/www.allianceworship.com\/\" target=\"_blank\" rel=\"noopener\">Alliance Worship <\/a>&#8212; et de pr\u00e9dications puissantes qui ont affirm\u00e9 la fid\u00e9lit\u00e9 de l\u2019alliance avec Dieu le P\u00e8re, l\u2019amour et la mis\u00e9ricorde de Dieu le Fils, et la pr\u00e9sence et la puissance de Dieu l\u2019Esprit dans leurs vies.<\/li>\n<\/ul>\n<p>Veuillez prier pour :<\/p>\n<ul>\n<li>Les \u00e9glises de l\u2019Alliance des Etats-Unis comme elles travaillent \u00e0 travers les r\u00e9visions port\u00e9es \u00e0 la Confession de Foi et \u00e0 la Structure Organisationnelle. Priez que l\u2019unit\u00e9 de l\u2019Esprit puisse continuer de renforcer notre solidarit\u00e9 en cr\u00e9ant et soutenant une pr\u00e9sence de l\u2019\u00e9vangile significative, avec impact parmi les peuples non atteints dans nos communaut\u00e9s et \u00e0 travers le monde.<\/li>\n<\/ul>\n<p><strong>CANADA<br \/>\n<\/strong>Louez Dieu pour :<\/p>\n<ul>\n<li>Les travailleurs internationaux Bryan et Jessyka, qui servent au Moyen-Orient. Six \u00ab Y \u00bb femmes \u00e9taient d\u00e9livr\u00e9es de la captivit\u00e9 et sont retourn\u00e9es \u00e0 leurs familles. Priez pour leur transition au retour et leur gu\u00e9rison \u00e9motionnelle, physique, mentale, et spirituelle.<\/li>\n<\/ul>\n<p>Veuillez prier pour :<\/p>\n<ul>\n<li>Les enfants de travailleurs internationaux qui vivent dans des zones avec des probl\u00e8mes vari\u00e9s comme la s\u00e9curit\u00e9, la sant\u00e9, ou des activit\u00e9s auxquelles ils n\u2019ont pas acc\u00e8s. Priez que le Seigneur prot\u00e8ge les enfants, sp\u00e9cialement ceux qui vivent dans les zones o\u00f9 il y a eu des d\u00e9sastres naturels ou les gouvernements sont instables. Que Dieu garde les enfants en bonne sant\u00e9 et qu\u2019ils soient capables d\u2019acc\u00e9der \u00e0 n\u2019importe quels soins m\u00e9dicaux. Priez aussi pour les enfants qui vivent dans les pays o\u00f9 il y a beaucoup d\u2019air pollu\u00e9.<\/li>\n<\/ul>\n<hr \/>\n<p><strong>14 juin 2023<\/strong><\/p>\n<p><strong>R\u00c9GION EMERALD (EUROPE ET MOYEN-ORIENT) DE L\u2019UMA<br \/>\n<\/strong>Louez Dieu pour :<\/p>\n<ul>\n<li>Le grand nombre d\u2019enregistrements re\u00e7us pour la Conf\u00e9rence EMERALD de l\u2019UMA et le Symposium Th\u00e9ologique de l\u2019Alliance \u00e0 Toulouse en France, en juin.<\/li>\n<li>Les visas qui ont \u00e9t\u00e9 donn\u00e9s pour les pasteurs qui servent dans les \u00e9glises de l\u2019Alliance au Moyen Orient pour assister \u00e0 la Conf\u00e9rence EMERALD de l\u2019UMA.<\/li>\n<\/ul>\n<p>Veuillez prier pour :<\/p>\n<ul>\n<li>Tous ceux qui voyagent des endroits \u00e9loign\u00e9s pour assister aux \u00e9v\u00e9nements de l\u2019UMA.<\/li>\n<li>Le Symposium Th\u00e9ologique de l\u2019Alliance sur \u00ab L\u2019Histoire, la Th\u00e9ologie et la Mission de la CMA \u00bb, organis\u00e9 par la Commission Internationale d\u2019\u00c9ducation Th\u00e9ologique (ICTE) de l\u2019UMA pour la communaut\u00e9 mondiale de l\u2019Alliance \u00e0 Toulouse en France, du 26 au 27 juin. Priez pour les acad\u00e9miciens, les pasteurs, et les leaders de l\u2019Alliance qui vont pr\u00e9senter des articles qu\u2019ils avaient soumis pour le symposium.<\/li>\n<li>Les d\u00e9tails techniques requis pour que les orateurs qui ne peuvent pas voyager puissent pr\u00e9senter leurs articles en ligne au symposium.<\/li>\n<\/ul>\n<p><strong>MOBILISATION DE LES MISSIONS DE L\u2019EMERALD DE L\u2019UMA<br \/>\n<\/strong>Veuillez Prier pour :<\/p>\n<ul>\n<li>Le lancement du projet \u00c9glise de Toutes les Nations de l\u2019Alliance \u00e0 la Conf\u00e9rence EMERALD de l\u2019UMA. Priez que Dieu pr\u00e9pare les moyens pour ce nouvel outil pour atteindre les nations et \u00e9tendre son Royaume.<\/li>\n<\/ul>\n<p><strong>FRANCE<br \/>\n<\/strong>Louez Dieu pour :<\/p>\n<ul>\n<li>Les volontaires locaux et internationaux qui donnent leur temps, leur \u00e9nergie et leurs ressources pour accueillir les travailleurs de l\u2019Alliance de par le monde \u00e0 Toulouse, France pour participer \u00e0 la Conf\u00e9rence de l\u2019EMERALD de l\u2019UMA et au Symposium Th\u00e9ologique de l\u2019Alliance.<\/li>\n<\/ul>\n<p>Veuillez prier pour :<\/p>\n<ul>\n<li>Les pr\u00e9paratifs des \u00e9glises en France d\u2019accueillir les participants \u00e0 la conf\u00e9rence et au symposium.<\/li>\n<\/ul>\n<p><strong>ESPAGNE<br \/>\n<\/strong>Veuillez prier pour :<\/p>\n<ul>\n<li>Dix couples \u00e0 Tres Cantos qui ont commenc\u00e9 le cours de mariage Alpha de sept semaines. Quelques-uns sont de l\u2019\u00e9glise locale de l\u2019Alliance, avec quelques couples qui ne connaissent pas encore J\u00e9sus.<\/li>\n<\/ul>\n<p><strong>LIBAN<br \/>\n<\/strong>Louez Dieu pour :<\/p>\n<ul>\n<li>L\u2019\u00e9glise de l\u2019Alliance au Liban et la mani\u00e8re qu\u2019elle soutient les \u00e9glises de l\u2019Alliance en Syrie apr\u00e8s le tremblement de terre. Ils sont en train de les aider \u00e0 faire face aux besoins des gens qui ont beaucoup perdu.<\/li>\n<\/ul>\n<p><strong>SYRIE<br \/>\n<\/strong>Veuillez prier pour :<\/p>\n<ul>\n<li>Les volontaires qui travaillent sans rel\u00e2che pour maintenir les quarts du travail 24 heures sur 24 pour servir aux besoins des gens.<\/li>\n<li>Les ressources n\u00e9cessaires pour pouvoir \u00e0 la nourriture, au chauffage et la lumi\u00e8re aux familles qui ont \u00e9t\u00e9 d\u00e9vast\u00e9es par le tremblement de la terre.<\/li>\n<\/ul>\n<hr \/>\n<p><strong>7 juin 2023<\/strong><\/p>\n<p><strong>1) MINIST\u00c8RES DES FEMMES DE L\u2019UMA<br \/>\n<\/strong>Veuillez prier pour :<\/p>\n<ul>\n<li>L\u2019\u00e9v\u00e9nement de Missions et de Pri\u00e8re du 14 juin sur Zoom avec les femmes de l\u2019Alliance \u00e0 travers le monde. Priez pour de bonnes connexions internet et un temps b\u00e9ni d\u2019adoration, de communion, et de pri\u00e8re pour les nations. <a href=\"https:\/\/forms.gle\/jhZKH63pg5dhZzez7\" target=\"_blank\" rel=\"noopener\">Cliquez ici<\/a> pour joindre le minist\u00e8re.<\/li>\n<\/ul>\n<p>&nbsp;<\/p>\n<p><strong>2) R\u00c9GION CLA (AM\u00c9RIQUE LATINE) DE L\u2019UMA<\/strong><\/p>\n<p><strong>CHILI<br \/>\n<\/strong>Louez Dieu pour :<\/p>\n<ul>\n<li>Les \u00e9tudiants de notre S\u00e9minaire Th\u00e9ologique dans trois lieux et deux extensions r\u00e9gionales.<\/li>\n<li>L\u2019ouverture de trois bureaux de la Fondation Educationnelle de l\u2019Alliance \u00e0 Temuco.<\/li>\n<\/ul>\n<p>Veuillez prier pour :<\/p>\n<ul>\n<li>La consolation de Dieu pour les familles de cinq membres de notre \u00e9glise qui sont morts dans un accident de voiture \u00e0 Frutillar, en Chili du Sud.<\/li>\n<li>La sant\u00e9 des Pasteurs Luis Roa et Patricio Gomez, les deux souffrants du cancer.<\/li>\n<li>Les projets d\u2019\u00e9vang\u00e9lisation et de discipulat dans nos \u00e9glises.<\/li>\n<\/ul>\n<p><strong>COLOMBIE<br \/>\n<\/strong>Veuillez prier pour :<\/p>\n<ul>\n<li>Les c\u00e9l\u00e9brations du \u00ab Mois de l\u2019Alliance \u00bb en juin. Que chaque congr\u00e9gation soit d\u00e9fi\u00e9e \u00e0 r\u00e9pandre l\u2019h\u00e9ritage missionnaire et la passion pour Christ transporter dehors le message de l\u2019\u00e9vangile.<\/li>\n<li>La provision et la protection de Dieu pour les pasteurs qui participeront \u00e0 la c\u00e9l\u00e9bration du centenaire de la CMA Colombie en ao\u00fbt.<\/li>\n<\/ul>\n<p><strong>URUGUAY<br \/>\n<\/strong>Veuillez prier pour :<\/p>\n<ul>\n<li>La direction et la provision de Dieu pour l\u2019\u0153uvre missionnaire \u00e0 Ciudad de la Costa, Canelones, qui va commencer en juillet en partenariat avec la Mission des Etats-Unis. Priez que beaucoup de vies soient touch\u00e9es par l\u2019amour du Christ.<\/li>\n<li>L\u2019\u00e9glise de l\u2019Alliance \u00e0 Montevideo. Apr\u00e8s neuf ans d\u2019implantation de l\u2019\u00e9glise en partenariat avec l\u2019Alliance Chilien, le missionnaire Cristian Salgado et sa famille retournent en Chili. Veuillez prier que l\u2019\u00e9glise continue d\u2019avancer et de cro\u00eetre.<\/li>\n<\/ul>\n<p><strong>BR\u00c9SIL<br \/>\n<\/strong>Veuillez prier pour :<\/p>\n<ul>\n<li>Le camp de la jeunesse \u00e0 Sao Paulo du 8 au 11 juin. Que Dieu continue de travailler dans les vies de notre jeunesse et les utilise pour r\u00e9pandre son Royaume.<\/li>\n<li>Que Dieu suscite des partenaires financiers pour la seconde phase du projet du football de l\u2019Asie. Priez aussi pour plus de partenaires pour soutenir l\u2019\u0153uvre missionnaire au Portugal.<\/li>\n<li>Les missionnaires Patricia et Daniel Tivane qui travaillent au Mozambique. Ils sont en mission \u00e0 domicile au Br\u00e9sil pour une ann\u00e9e. Priez pour le minist\u00e8re comme ils visitent les \u00e9glises et terminent la traduction du Nouveau Testament en langue indig\u00e8ne d\u2019une population au Br\u00e9sil.<\/li>\n<li>Un nouveau mouvement du Saint-Esprit dans les \u00e9glises de l\u2019Alliance au Br\u00e9sil.<\/li>\n<li>Plus d\u2019\u00e9tudiants pour le S\u00e9minaire Th\u00e9ologique A. W. Tozer.<\/li>\n<li>La vente d\u2019une propri\u00e9t\u00e9 pour s\u2019acquitter des dettes et pour avoir des ressources pour l\u2019\u00e9glise.<\/li>\n<\/ul>\n<p><strong>EQUATEUR<br \/>\n<\/strong>Veuillez prier pour :<\/p>\n<ul>\n<li>Les Retraites des Femmes du District sous le th\u00e8me \u00ab La Valeur et la Dignit\u00e9 des Femme \u00bb, qui auront lieu \u00e0 des endroits vari\u00e9s en juin et juillet.<\/li>\n<li>La s\u00e9curit\u00e9 des pasteurs dans les voyages d\u2019\u00e9vang\u00e9lisation, sp\u00e9cialement en Amazonie Equatoriale.<\/li>\n<li>Le troisi\u00e8me S\u00e9minaire des Mobilisateurs des Missions \u00e0 Lago Agrio, dans la r\u00e9gion Est du pays, du 14 au 15 juillet.<\/li>\n<li>La situation politique en Equateur et l\u2019\u00e9lection pr\u00e9sidentielle extraordinaire en ao\u00fbt.<\/li>\n<\/ul>\n<p><strong>HA\u00cfTI<br \/>\n<\/strong>Veuillez prier pour :<\/p>\n<ul>\n<li>La formation de nos leaders et pasteurs qui va commencer ce mois. Priez pour la sagesse pour ceux qui vont assister aux ateliers. Priez aussi que les participants soient impact\u00e9s par l\u2019amour et la gr\u00e2ce de Dieu.<\/li>\n<li>La Conf\u00e9rence des Femmes et de la Jeunesse en ao\u00fbt sous le th\u00e8me \u00ab Le Travail de l\u2019\u00c9glise Nous Touche Tous \u00bb.<\/li>\n<li>La sant\u00e9 et la provision. Le Ha\u00efti est un pays avec des ressources rares et sa situation sanitaire continue \u00e0 empirer, causant des \u00e9pid\u00e9mies et beaucoup de maladies. Veuillez prier pour des gens qui souffrent de maladies pour recevoir un traitement m\u00e9dical appropri\u00e9.<\/li>\n<li>Les missionnaires et les pasteurs en Ha\u00efti. Ils ont besoin de nouvelle force et la protection quotidienne de Dieu, car marcher sur les rues est difficile et dangereux, due \u00e0 l\u2019ins\u00e9curit\u00e9 dans notre pays.<\/li>\n<\/ul>\n<p><strong>PANAMA<br \/>\n<\/strong>Veuillez prier pour :<\/p>\n<ul>\n<li>Le Conseil d\u2019Administration de l\u2019Alliance du Panama. Ils travaillent pour devenir une \u00e9glise nationale dans deux ans.<\/li>\n<li>Les sept \u00e9tudiants de l\u2019\u00e9glise chinoise qui ont fini nos trois ann\u00e9es de programme interne de th\u00e9ologie et sont en formation professionnelle maintenant.<\/li>\n<li>La proc\u00e9dure d\u2019immigration des Pasteurs Jesus et Marion Nieto de la zone Espagnole de l\u2019\u00e9glise de Cerro Viento.<\/li>\n<li>L\u2019Eglise Chinoise l\u2019Eau Vivante. La participation a diminu\u00e9 parce que les familles ont quitt\u00e9 pour la Chine et les autres ne sont pas retourn\u00e9es. Priez que le Seigneur encourage les membres de l\u2019\u00e9glise pour que le travail continue de cro\u00eetre pour sa gloire. Priez aussi pour les Pasteurs latino qui ne parlent pas Cantonaise. Que le Seigneur les aide en communicant et en comprenant quand ils rencontrent des fr\u00e8res et s\u0153urs Chinois qui parlent peu d\u2019Espagnole.<\/li>\n<\/ul>\n<p><strong>BOLIVIE<br \/>\n<\/strong>Veuillez prier pour :<\/p>\n<ul>\n<li>Le Camp de la Jeunesse Nationale \u00e0 Quillacollo, du 5 au 7 ao\u00fbt. Priez que Dieu envoie un d\u00e9sir missionnaire parmi les jeunes de nos \u00e9glises.<\/li>\n<li>La direction de Dieu pour les nouveaux \u00e9tudiants qui doivent commencer le S\u00e9minaire Biblique.<\/li>\n<li>Le nouveau travail \u00e0 Cobija, dans l\u2019Amazonie Bolivienne.<\/li>\n<\/ul>\n<p><strong>EL SALVADOR<br \/>\n<\/strong>Veuillez prier pour :<\/p>\n<ul>\n<li>Notre plan de cinq ans pour cr\u00e9er en nos membres de l\u2019\u00e9glise une identit\u00e9 missionnaire. Pour ceci, nous avons tenu un service missionnaire le 28 mai avec la participation de trois s\u0153urs missionnaires de Venezuela.<\/li>\n<li>Des fonds pour que notre leadership puisse participer \u00e0 l\u2019\u00e9v\u00e9nement de la Union de l\u2019Alliance de l\u2019Am\u00e9rique centrale, en Honduras en septembre.<\/li>\n<\/ul>\n<p><strong>ARGENTINE<br \/>\n<\/strong>Veuillez prier pour :<\/p>\n<ul>\n<li>Le renouvellement, l\u2019\u00e9dification, et la communion aux retraites r\u00e9gionaux de nos pasteurs.<\/li>\n<li>Le soutien financier, sanitaire, et spirituel de nos missionnaires en Asie centrale, Hongrie, Italie, Croatie, Espagne, et Angleterre.<\/li>\n<li>Notre pays : crise \u00e9conomique, taux \u00e9lev\u00e9 d\u2019inflation, et l\u2019ann\u00e9e \u00e9lectorale.<\/li>\n<\/ul>\n<p><strong>CUBA<br \/>\n<\/strong>Veuillez prier pour :<\/p>\n<ul>\n<li>Le plein recouvrement du Pasteur Eliud d\u2019une chirurgie de prostate.<\/li>\n<li>Les ressources pour l\u2019\u00e9v\u00e9nement r\u00e9gional des femmes ce mois \u00e0 Havane.<\/li>\n<\/ul>\n<p><strong>VENEZUELA<br \/>\n<\/strong>Veuillez prier pour :<\/p>\n<ul>\n<li>Un nouvel emplacement pour l\u2019\u00e9glise de Connexion Vitale.<\/li>\n<li>La provision financi\u00e8re pour l\u2019achat d\u2019un terrain pour l\u2019\u00e9glise de Yagua.<\/li>\n<li>Des ressources pour l\u2019\u00e9glise de Cartanal pour respecter l\u2019engagement de payer le loyer.<\/li>\n<li>La formation de nouveaux leaders pour servir le Seigneur dans le minist\u00e8re. Priez aussi pour un pasteur pour la nouvelle \u00e9glise \u00e0 Los Guayos.<\/li>\n<\/ul>\n<p>&nbsp;<\/p>\n<hr \/>\n<p>&nbsp;<\/p>\n<h2><strong>Pri\u00e8res de l\u2019UMA \u2013 Mai 2023<\/strong><\/h2>\n<p>&nbsp;<\/p>\n<p><strong>24 mai 2023<\/strong><\/p>\n<p><strong>R\u00c9GION AFRIQUE DE L\u2019UMA<\/strong><\/p>\n<p><strong>MALI<br \/>\n<\/strong>Louez Dieu pour :<\/p>\n<ul>\n<li>Le lancement r\u00e9ussi des festivit\u00e9s du centenaire \u00e0 Sikasso. C\u2019\u00e9tait la premi\u00e8re Station Missionnaire de la CMA au Mali. Cela a commenc\u00e9 en 1923.<\/li>\n<\/ul>\n<p>Veuillez prier pour :<\/p>\n<ul>\n<li>Le voyage du pr\u00e9sident de l\u2019\u00e9glise national Sadrac Diarra aux Etats-Unis. Il va participer au Conseil de l\u2019Alliance \u00e0 Spokane, Washington, du 29 mai au 2 juin.<\/li>\n<li>La c\u00e9l\u00e9bration du centenaire de la CMA Mali en novembre 2023. Le th\u00e8me est \u00ab Enfant de l\u2019Alliance Chr\u00e9tienne, connais tes origines et Vas plus loin \u00bb.<\/li>\n<li>Les d\u00e9plac\u00e9s par la guerre. Qu\u2019ils aient le soutien et soient capables de retourner dans leurs villages.<\/li>\n<li>Le r\u00e9f\u00e9rendum du gouvernement du 18 juin. Priez que la majorit\u00e9 vote en faveur du r\u00e9f\u00e9rendum pour que l\u2019\u00e9glise au Mali soit prot\u00e9g\u00e9e par cette constitution. Une \u00e9bauche de cette constitution contient une transition au s\u00e9cularisme mais c\u2019est oppos\u00e9 par certains politiciens et quelques musulmans qui veulent que l\u2019\u00e9tat soit plus islamique.<\/li>\n<\/ul>\n<p><strong>REPUBLIQUE DEMOCRATIQUE DU CONGO (RDC)<br \/>\n<\/strong>Louez Dieu pour :<\/p>\n<ul>\n<li>La sant\u00e9 de nos pasteurs. Chaque nous t\u00e9moignons de la mort des pasteurs, souvent de tension art\u00e9rielle, diab\u00e8te, AVC, etc. L\u2019\u00e9glise a commenc\u00e9 de prier que la mort de beaucoup de pasteurs puissent cesser, et Dieu a r\u00e9pondu \u00e0 nos pri\u00e8res ! Derni\u00e8rement, beaucoup de pasteurs, m\u00eame les plus vieux, sont en bonne sant\u00e9.<\/li>\n<li>Le travail de construction du quartier g\u00e9n\u00e9ral du D\u00e9partement des Missions. Cela commenc\u00e9 vite et il progresse bien. Priez que Dieu donne des ressources n\u00e9cessaires pour terminer la construction et la sagesse au Comit\u00e9 Missionnaire qui dirige ce travail.<\/li>\n<\/ul>\n<p>Veuillez prier pour :<\/p>\n<ul>\n<li>Nos champs missionnaires. Nous avons des champs missionnaires \u00e0 l\u2019int\u00e9rieur du pays, comme chez les Pygm\u00e9es. Nous avons aussi des champs ext\u00e9rieurs, comme en Zambie et en Guin\u00e9e. Cette ann\u00e9e, nous avons mis notre \u00e9nergie sur le travail en Guin\u00e9e, et nous n\u2019avons pas beaucoup travaill\u00e9 dans ces champs de mission \u00e0 l\u2019int\u00e9rieur du pays. Priez que Dieu nous aide \u00e0 rencontrer les besoins de tous nos missionnaires.<\/li>\n<li>Les s\u00e9minaires sur la traduction de la Bible en langues locales. Les r\u00e9unions se tiendront \u00e0 Lukula, Boma, et Kinshasa, et commencent le mois prochain.<\/li>\n<li>Le Synode G\u00e9n\u00e9ral \u00c9lectif \u00e0 Boma en juillet. Priez pour les 1 500 d\u00e9l\u00e9gu\u00e9s qui sont attendus, et que Dieu pourvoie aux ressources pour eux tous.<\/li>\n<\/ul>\n<p><strong>B\u00c9NIN<br \/>\n<\/strong>Louez Dieu pour :<\/p>\n<ul>\n<li>Le succ\u00e8s des \u00e9lections du premier Conseil National.<\/li>\n<\/ul>\n<p>Veuillez prier pour :<\/p>\n<ul>\n<li>Que le Seigneur donne de la sagesse au pr\u00e9sident David Sessou pour diriger l\u2019\u00e9glise nationale.<\/li>\n<li>Que Dieu suscite plus de serviteurs pour la moisson car nous ne sommes que huit pasteurs.<\/li>\n<li>Que Dieu donne des fonds pour construire une \u00e9cole biblique pour former des futurs pasteurs.<\/li>\n<li>Les ressources pour que nous puissions acheter des hectares pour l\u2019agriculture dans la commune de Djidja.<\/li>\n<li>Que le Seigneur nous donne des moyens pour acheter deux bus dans le but d\u2019ouvrier une structure de transport sur la ligne Cotonou-Parakou.<\/li>\n<\/ul>\n<p><strong>C\u00d4TE D\u2019IVOIRE<br \/>\n<\/strong>Louez Dieu pour :<\/p>\n<ul>\n<li>La r\u00e9ussite de la conf\u00e9rence de l\u2019\u00e9glise nationale du 14 au 15 avril, et la cons\u00e9cration de 76 pasteurs avec huit femmes incluses.<\/li>\n<\/ul>\n<p>Veuillez prier pour :<\/p>\n<ul>\n<li>Le second mandat du pr\u00e9sident No\u00ebl N\u2019Guessan. Que la gloire de la seconde maison soit plus grande que la premi\u00e8re (cf. Ag\u00e9e 2 : 9).<\/li>\n<\/ul>\n<p><strong>\u00c9GLISE DE L\u2019ALLIANCE SOUDANAISE<br \/>\n<\/strong>Veuillez prier pour :<\/p>\n<ul>\n<li>La transition finale de nos gens de la bourse d\u2019\u00e9tudes et les r\u00f4les de l\u2019\u00e9tudiant de la Bible \u00e0 temps plein de certaines de 65 options du minist\u00e8re que nous leur avons sugg\u00e9r\u00e9es.<\/li>\n<li>Beaucoup de leaders chr\u00e9tiens locaux d\u2019\u00eatre une aide gracieuse et efficace \u00e0 notre peuple dans cette m\u00eame transition comme formateurs.<\/li>\n<li>Le travail qui est en cours de pourvoir toute la Bible dans la langue de notre peuple.<\/li>\n<li>Des fruits \u00e9ternels de nos efforts d\u2019\u00e9vang\u00e9lisation hebdomadaire et des \u00e9tudes bibliques domestiques.<\/li>\n<li>Que la paix revienne au Soudan, comme le g\u00e9nocide et l\u2019agitation continuent dans la capitale du Soudan.<\/li>\n<\/ul>\n<p><strong>ANGOLA<br \/>\n<\/strong>Louez Dieu pour :<\/p>\n<ul>\n<li>Le partenariat de notre \u00e9glise nationale avec les Minist\u00e8res de Coop\u00e9ration Internationale (ICM) et pour les appareils audios avec des passages bibliques qu\u2019ils nous ont envoy\u00e9s pour la formation de discipulat.<\/li>\n<\/ul>\n<p>Veuillez prier pour :<\/p>\n<ul>\n<li>La b\u00e9n\u00e9diction et la direction de Dieu \u00e0 la rencontre nationale des femmes de l\u2019Alliance en Angola dans la province de Za\u00efre le mois prochain.<\/li>\n<li>La direction et la sagesse du Seigneur \u00e0 la rencontre du Comit\u00e9 Ex\u00e9cutif National du 25 au 28 mai.<\/li>\n<li>La provision financi\u00e8re du Seigneur pour un de nos \u00e9tudiants \u00e0 l\u2019Universit\u00e9 de l\u2019Alliance Chr\u00e9tienne \u00e0 Abidjan, C\u00f4te d\u2019Ivoire. Il est en train de terminer son niveau cette ann\u00e9e mais n\u2019a pas de bourse.<\/li>\n<li>L\u2019\u0153uvre missionnaire qui a fait ses premiers pas dans la Province Angolaise de Huambo. Priez pour les ressources financi\u00e8res et humaines pour la r\u00e9ussite de la propagation de l\u2019\u00e9vangile dans cette zone.<\/li>\n<li>Les femmes des pasteurs de l\u2019Alliance en Angola qui auront une rencontre avec les femmes des pasteurs du Congo le mois prochain. Priez pour le voyage s\u00e9curis\u00e9 de nos s\u0153urs aussi bien que pour l\u2019arrangement de plusieurs difficult\u00e9s auxquelles elles feront face.<\/li>\n<\/ul>\n<p><strong>BURKINA FASO<br \/>\n<\/strong>Louez Dieu pour :<\/p>\n<ul>\n<li>La r\u00e9ussite de la c\u00e9r\u00e9monie du centenaire tenue dans la plupart des districts.<\/li>\n<li>Le retour des d\u00e9plac\u00e9s internes \u00e0 leur territoire.<\/li>\n<\/ul>\n<p>Veuillez prier pour :<\/p>\n<ul>\n<li>Le Burkina Faso. Depuis 2015, notre pays passe par des temps difficiles dus au terrorisme. La population a souffert de pers\u00e9cution, des villages ont \u00e9t\u00e9 d\u00e9vast\u00e9s. Cela a conduit \u00e0 la fermeture de plusieurs \u00e9glises et le d\u00e9placement de la population de campagnes \u00e0 des endroits un peu plus s\u00e9curis\u00e9s. Priez pour le retour de la paix et pour ces personnes d\u00e9plac\u00e9es, parmi eux nous avons des pasteurs, leurs familles, et les chr\u00e9tiens en g\u00e9n\u00e9ral. Priez que Dieu calme le c\u0153urs et facilite le retour des milliers de gens d\u00e9plac\u00e9s \u00e0 leurs villages.<\/li>\n<li>Que Dieu donne aux autorit\u00e9s de notre gouvernement sagesse et discernement.<\/li>\n<li>Une bonne saison pluvieuse durant l\u2019hiver.<\/li>\n<\/ul>\n<hr \/>\n<p><strong>17 mai 2023<\/strong><\/p>\n<p><strong>1) R\u00c9GION APAC (ASIE PACIFIQUE) DE L\u2019UMA<\/strong><\/p>\n<p><strong>INDON\u00c9SIE<br \/>\n<\/strong>Louez Dieu pour :<\/p>\n<ul>\n<li>La retraite pastorale \u00e0 Jakarta, du 2 au 5 mai. Plus de 600 pasteurs de l\u2019Alliance \u00e0 travers toute l\u2019Indon\u00e9sie a particip\u00e9. Les principaux orateurs \u00e9taient le R\u00e9v. Dr. Dave Smith (\u00c9glise de Fairhaven, Ohio, USA) et le R\u00e9v. Ken Graham (Australie) sur le th\u00e8me \u00ab Cro\u00eetre en Int\u00e9grit\u00e9 \u00bb (1 Tim. 4 : 16). Nous sommes reconnaissants au Seigneur que les pasteurs \u00e9taient fortifi\u00e9s dans leurs minist\u00e8res et leur engagement au mouvement de la mission.<\/li>\n<\/ul>\n<p><strong>TA\u00cfWAN<br \/>\n<\/strong>Louez Dieu pour :<\/p>\n<ul>\n<li>Les 16 d\u00e9l\u00e9gu\u00e9s de Ta\u00efwan qui ont particip\u00e9 \u00e0 la Conf\u00e9rence de l\u2019Union Mondiale de l\u2019Alliance Chinoise (UMAC) \u00e0 Manchester, au Royaume Uni, en mars.<\/li>\n<\/ul>\n<p>Veuillez prier pour :<\/p>\n<ul>\n<li>Le camp missionnaire, du 12 au 13 mai avec le th\u00e8me \u00ab L\u2019\u00c9tape Suivante des Missions \u00bb. Nous avons invit\u00e9 nos missionnaires \u00e0 partager.<\/li>\n<li>La c\u00e9l\u00e9bration du 70\u00e8me anniversaire de la CMA Ta\u00efwan en octobre 2023.<\/li>\n<\/ul>\n<p><strong>MONGOLIE<br \/>\n<\/strong>Veuillez prier pour :<\/p>\n<ul>\n<li>L\u2019\u00e9glise de l\u2019Alliance de la Mongolie qui planifie d\u2019ordonner cinq \u00e0 six dirigeants d\u2019\u00e9glise comme pasteurs cette ann\u00e9e.<\/li>\n<li>La Mongolie. Elle fait face au froid, \u00e0 la temp\u00eate et \u00e0 un printemps frigide cette ann\u00e9e. Un grand nombre de nouveaux de b\u00e9tails est mort. Veuillez demander \u00e0 Dieu d\u2019aider les bergers et leurs familles d\u2019\u00eatre patients et qu\u2019ils mettent leur foi en Dieu pour maintenir leur stabilit\u00e9 \u00e9conomique.<\/li>\n<li>Les familles des bergers. Des feux naturels se sont produits, et beaucoup de tentes &#8212; les habitations portables et circulaires que les familles des bergers utilisent comme maisons &#8212; sont brul\u00e9es. Beaucoup de leurs troupeaux sont morts. Veuillez prier que le Seigneur nous donne l\u2019opportunit\u00e9 de les aider.<\/li>\n<\/ul>\n<p><strong>MYANMAR<br \/>\n<\/strong>Louez Dieu pour :<\/p>\n<ul>\n<li>Sa direction et sa protection. Les membres de l\u2019\u00e9glise de Tuingo ont fui leurs maisons de fa\u00e7on inattendue quand une bataille entre les militaires de Myanmar et des groupes de milices civiles ont \u00e9clat\u00e9 le matin du 31 mars. Les membres de l\u2019\u00e9glise ont \u00e9chapp\u00e9 dans la jungle et pr\u00e8s des villages. Entretemps, le d\u00e9partement des femmes de l\u2019Alliance a tenu une manifestation \u00e9vang\u00e9lique au village de Tuivar qui est \u00e0 c\u00f4t\u00e9 du camp militaire \u00e0 partir duquel de grands cannons ont fait feu plusieurs fois \u00e0 Tuingo et aux rayons d\u2019alentour. La bataille a dur\u00e9 quatre jours et a cess\u00e9 comme la milice civile s\u2019est retir\u00e9e.<\/li>\n<\/ul>\n<p>Veuillez prier pour :<\/p>\n<ul>\n<li>Les r\u00e9fugi\u00e9s de guerre de Tuingo. Les membres de l\u2019\u00e9glise restent aux maisons des parents \u00e0 Tahan pendant que les \u00e9glises et les communaut\u00e9s leur donnent la nourriture. Priez que Dieu gu\u00e9risse leur souffrance, les r\u00e9conforte et garde leurs biens en s\u00e9curit\u00e9. Priez qu\u2019ils puissent retourner bient\u00f4t en s\u00e9curit\u00e9 chez eux.<\/li>\n<li>Les \u00e9glises CMA de Myanmar. Priez que les membres soient fermes et ne perdent pas leur foi. Priez aussi qu\u2019ils puissent trouvent des partenaires d\u00e9vou\u00e9s pour les missions et la croissance de l\u2019\u00e9glise.<\/li>\n<\/ul>\n<p><strong>AUSTRALIE<br \/>\n<\/strong>Veuillez prier pour :<\/p>\n<ul>\n<li>Notre retraite nationale des pasteurs qui se focaliser sur l\u2019atteinte des gens de nos communaut\u00e9s.<\/li>\n<li>Les conf\u00e9rences r\u00e9gionales pour nos pasteurs et membres de Prendre Soin de Votre Ame.<\/li>\n<li>Notre Conseil National comme nous cherchons des opportunit\u00e9s d\u2019envoyer de nouveaux travailleurs internationaux.<\/li>\n<\/ul>\n<p>&nbsp;<\/p>\n<p><strong>2) R\u00c9GION AM\u00c9RIQUE DU NORD DE L\u2019UMA<\/strong><\/p>\n<p><strong>ETATS-UNIS<br \/>\n<\/strong>Louez Dieu pour :<\/p>\n<ul>\n<li>Sa protection des tornades qui ont d\u00e9vast\u00e9 des parties du Sud durant les mois de mars et avril, incluant les Nord de Little Rock, Arkansas, o\u00f9 l\u2019\u00c9glise de l\u2019Alliance est localis\u00e9e \u00e0 Burns Park. Il n\u2019y a pas eu des membres de l\u2019\u00e9glise qui se sont bless\u00e9s ou qui ont perdu leurs vies, et sauf la toiture de l\u2019\u00e9glise qui \u00e9tait endommag\u00e9e. L\u2019\u00e9glise gagne aussi deux maisons sur chaque c\u00f4t\u00e9 de la propri\u00e9t\u00e9. Un arbre a fracass\u00e9 une des toitures pendant que le leader de la jeunesse et son fils \u00e9taient dans la salle suivante, mais ils n\u2019\u00e9taient pas touch\u00e9s. Continuez de prier pour les membres de la communaut\u00e9 qui ont souffert de blessure et de perte. Priez aussi pour l\u2019\u00e9glise \u00e0 Burns Park qui aide ceux qui ont encore besoin de repas et d\u2019autres n\u00e9cessit\u00e9s, ainsi que d\u2019un soutien \u00e9motionnel et de pri\u00e8res. Priez que cette d\u00e9monstration de l\u2019amour du Christ conduise beaucoup de gens \u00e0 croire en lui comme Sauveur.<\/li>\n<\/ul>\n<p>Veuillez prier pour :<\/p>\n<ul>\n<li>Le Conseil G\u00e9n\u00e9ral de l\u2019Alliance des Etats-Unis qui se r\u00e9unit \u00e0 Spokane, Washington du 29 mai au 2 juin. Priez que les participants puissent venir s\u2019attendant \u00e0 la pr\u00e9sence et puissance du Saint-Esprit comme ils se rencontrent pour adorer, se connecter, et c\u00e9l\u00e9brer la vision de l\u2019Alliance des Etats-Unis \u00ab Tout de J\u00e9sus pour Tout le Monde \u00bb. Priez pour la sagesse et le discernement spirituel comme les leaders et les d\u00e9l\u00e9gu\u00e9s revisitent la D\u00e9claration de Foi, discutent les probl\u00e8mes li\u00e9s \u00e0 la politique des hommes et des femmes dans le leadership, et ils \u00e9lisent un nouveau vice-pr\u00e9sident de la corporation, un secr\u00e9taire de la corporation, et des membres du Conseil.<\/li>\n<li>Un d\u00e9versement de g\u00e9n\u00e9rosit\u00e9 \u00e0 la Journ\u00e9e Nationale de la Grande Commission, le 2 juin. Les fonds re\u00e7us seront utilis\u00e9s pour envoyer 50 nouveaux travailleurs internationaux &#8212; et soutenir ceux qui avaient d\u00e9j\u00e0 \u00e9t\u00e9 envoy\u00e9s &#8212; pour servir parmi les perdus, les d\u00e9plac\u00e9s, et les peuples marginalis\u00e9s dans certains endroits plus difficiles dans le monde. Louez Dieu pour plusieurs \u00e9glises de l\u2019Alliance et les amis qui se sont significativement donn\u00e9s pour la collecte des fonds \u00e0 travers les offrandes.<\/li>\n<li>La Multiplication des \u00c9glises. L\u2019initiative de croissance des congr\u00e9gations hispaniques lance un programme de formation des mobilisateurs et pasteurs pour les missions. Il va se focaliser sur l\u2019apprentissage de ce qui fait cro\u00eetre les congr\u00e9gations hispaniques de l\u2019Alliance et identifier les ressources n\u00e9cessaires pour mieux servir les autres congr\u00e9gations ethniques. Priez pour les 45 leaders qui se sont enregistr\u00e9s pour le programme et pour les coaches qui sont des pasteurs actifs dans le minist\u00e8re.<\/li>\n<\/ul>\n<p><strong>CANADA<br \/>\n<\/strong>Veuillez prier pour :<\/p>\n<ul>\n<li>Une \u00e9mergence d\u2019une nouvelle entreprise \u00e0 Surrey, Colombie-Britannique. Priez pour le minist\u00e8re de connexion communautaire de la nouvelle entreprise comme elle aide les \u00e9tudiants internationaux et leurs familles \u00e0 s\u2019\u00e9tablir au Canada. Priez pour les jeunes adultes qui joignent leur \u00e9quipe des leaders. Le pasteur Ben dit : \u00ab Nous leur demandons o\u00f9 ils voient Dieu agir pami nous \u00bb.<\/li>\n<li>Les enfants de nos travailleurs internationaux. Ils font face \u00e0 beaucoup de transitions, si vous arrivez en mission \u00e0 domicile, retourner \u00e0 l\u2019\u00e9tranger, ou revenir au Canada de fa\u00e7on permanente. Ceux qui retournent en permanence peuvent \u00eatre avec la famille ou en dehors de leur famille imm\u00e9diate lors de la graduation. Priez que Dieu dirige les jeunes qui finissent leurs \u00e9tudes cette ann\u00e9e et transiter aux \u00e9coles sup\u00e9rieures en automne.<\/li>\n<\/ul>\n<hr \/>\n<p><strong>10 mai 2023<\/strong><\/p>\n<p><strong>R\u00c9GION EMERALD (EUROPE ET MOYEN-ORIENT) DE L\u2019UMA<br \/>\n<\/strong>Louez Dieu pour :<\/p>\n<ul>\n<li>Le grand nombre d\u2019enregistrements re\u00e7us pour la Conf\u00e9rence EMERALD de l\u2019UMA et le Symposium Th\u00e9ologique de l\u2019Alliance \u00e0 Toulouse en France, en juin.<\/li>\n<\/ul>\n<p>Veuillez prier pour :<\/p>\n<ul>\n<li>Que des fonds soient trouv\u00e9s pour tous ceux qui d\u00e9sirent participer \u00e0 la conf\u00e9rence et au symposium mais manquent des ressources financi\u00e8res.<\/li>\n<li>Que des visas soient d\u00e9livr\u00e9s \u00e0 tous ceux qui les d\u00e9sirent pour voyager pour ces deux \u00e9v\u00e9nements, particuli\u00e8rement pour ceux qui servent dans les \u00e9glises de l\u2019Alliance au Moyen Orient.<\/li>\n<\/ul>\n<p><strong>FRANCE<br \/>\n<\/strong>Louez Dieu pour :<\/p>\n<ul>\n<li>Les volontaires locaux et internationaux qui donnent de leur temps, \u00e9nergie et ressources pour accueillir les travailleurs de l\u2019Alliance de par tout le monde \u00e0 Toulouse, en France pour participer \u00e0 la Conf\u00e9rence EMERALD de l\u2019UMA et au Symposium Th\u00e9ologique de l\u2019Alliance.<\/li>\n<\/ul>\n<p>Veuillez prier pour :<\/p>\n<ul>\n<li>La pr\u00e9paration par les \u00e9glises en France d\u2019accueillir les participants \u00e0 la conf\u00e9rence et au symposium.<\/li>\n<li>L\u2019Assembl\u00e9e G\u00e9n\u00e9rale Extraordinaire de l\u2019AECM France. Beaucoup de changements doivent \u00eatre apport\u00e9s aux Statuts de l\u2019association pour se conformer avec les nouvelles r\u00e9glementations du gouvernement pour les organisations religieuses. Priez pour la sagesse, la compr\u00e9hension et l\u2019unit\u00e9 comme nous cherchons \u00e0 glorifier le nom de Dieu en France.<\/li>\n<\/ul>\n<p><strong>LIBAN<br \/>\n<\/strong>Louez Dieu pour :<\/p>\n<ul>\n<li>L\u2019\u00e9glise de l\u2019Alliance au Liban et la mani\u00e8re qu\u2019elle soutient les \u00e9glises de l\u2019Alliance en Syrie apr\u00e8s le tremblement de terre. Ils sont en train de les aider \u00e0 faire face aux besoins des gens qui ont beaucoup perdu.<\/li>\n<\/ul>\n<p><strong>SYRIE<br \/>\n<\/strong>Louez Dieu pour :<\/p>\n<ul>\n<li>L\u2019\u00e9glise de l\u2019Alliance \u00e0 Alep qui est devenue un refuge, faisant la pastorale aux gens qui ont perdu leurs maisons \u00e0 cause du tremblement de la terre.<\/li>\n<\/ul>\n<p>Veuillez prier pour :<\/p>\n<ul>\n<li>Les volontaires qui travaillent sans rel\u00e2che pour maintenir les quarts du travail 24 heures sur 24 pour servir aux besoins des gens.<\/li>\n<li>Les ressources n\u00e9cessaires pour pouvoir \u00e0 la nourriture, au chauffage et la lumi\u00e8re aux familles qui ont \u00e9t\u00e9 d\u00e9vast\u00e9es par le tremblement de la terre.<\/li>\n<\/ul>\n<hr \/>\n<p><strong>3 mai 2023<\/strong><\/p>\n<p><strong>R\u00c9GION CLA (AM\u00c9RIQUE LATINE) DE L\u2019UMA<\/strong><\/p>\n<p><strong>BOLIVIE<br \/>\n<\/strong>Veuillez prier pour :<\/p>\n<ul>\n<li>La Conf\u00e9rence Nationale des Missions du 19 au 20 mai. Nous voulons promouvoir l\u2019unit\u00e9 au sein de nos \u00e9glises pour joindre nos forces et d\u00e9velopper les projets des missions pour l\u2019extension du Royaume de Dieu. Priez pour chaque participant qu\u2019il soit d\u00e9fi\u00e9 \u00e0 prendre une part active pour accomplir la mission de Dieu.<\/li>\n<li>Les voyages missionnaires \u00e0 court terme que l\u2019\u00e9glise nationale est en train de coordonn\u00e9e. Priez que Dieu \u00e9l\u00e8ve des pasteurs, leaders et des membres de l\u2019\u00e9glise pour participer \u00e0 ces voyages.<\/li>\n<li>La provision de Dieu pour le nouveau travail \u00e0 Cobija, dans la r\u00e9gion dans l\u2019Amazonie bolivienne.<\/li>\n<li>Que le nouveau travail dans la ville de El Alto devienne une r\u00e9alit\u00e9. C\u2019est l\u2019une des villes les plus peupl\u00e9es en Bolivie.<\/li>\n<li>La sant\u00e9, la protection et le soutien de nos pasteurs.<\/li>\n<\/ul>\n<p><strong>PANAMA<br \/>\n<\/strong>Louez Dieu pour :<\/p>\n<ul>\n<li>La croissance de l\u2019\u00e9glise de l\u2019Alliance au Panama.<\/li>\n<\/ul>\n<p>Veuillez prier pour :<\/p>\n<ul>\n<li>La faveur et la gr\u00e2ce de Dieu pour le pasteur Luis Alberto Beltran de l\u2019\u00c9glise de l\u2019Alliance Chinoise Fontaine d\u2019Eau Vivante. Prier pour la sagesse pour guider la congr\u00e9gation et \u00eatre l\u2019instrument de Dieu dans l\u2019extension du Royaume de Dieu parmi la communaut\u00e9 Sino-Panam\u00e9enne.<\/li>\n<li>L\u2019\u00c9glise de l\u2019Alliance Brisas del Golf, pour la sagesse et la multiplication au groupe des leaders, pour les gens qui seront baptis\u00e9s le 7 mai, et aussi pour les programmes d\u2019\u00e9vang\u00e9lisation de la congr\u00e9gation.<\/li>\n<li>La sagesse de Dieu \u00e0 l\u2019assembl\u00e9e de l\u2019\u00e9glise de Cerro Viento.<\/li>\n<li>Le programme de discipolat de l\u2019\u00c9glise Chinoise de Obarrio.<\/li>\n<li>Les \u00e9tapes dont nous avons besoin pour organiser l\u2019\u00e9glise nationale.<\/li>\n<\/ul>\n<p><strong>BR\u00c9SIL<br \/>\n<\/strong>Louez Dieu pour :<\/p>\n<ul>\n<li>Les \u00e9tudiants qui ont commenc\u00e9 un nouveau semestre au S\u00e9minaire Th\u00e9ologique A. W. Tozer.<\/li>\n<\/ul>\n<p>Veuillez prier pour :<\/p>\n<ul>\n<li>Les partenaires financiers pour la seconde phase du projet de football de l\u2019Asie.<\/li>\n<li>Nos missionnaires au Portugal. Priez pour plus de partenaires pour soutenir le travail.<\/li>\n<li>L\u2019encouragement de nos pasteurs et les implanteurs de l\u2019\u00e9glise qui font face au d\u00e9couragement dans le minist\u00e8re.<\/li>\n<li>L\u2019unit\u00e9 des \u00e9glises de l\u2019Alliance au Br\u00e9sil pour atteindre plus de villes et plus de gens avec l\u2019\u00e9vangile.<\/li>\n<li>La vente d\u2019une propri\u00e9t\u00e9 pour s\u2019acquitter de quelques dettes et avoir des ressources pour l\u2019\u00e9glise.<\/li>\n<\/ul>\n<p><strong>VENEZUELA<br \/>\n<\/strong>Veuillez prier pour :<\/p>\n<ul>\n<li>Les familles pastorales : sant\u00e9, provision, direction, et protection particuli\u00e8rement pour le pr\u00e9sident Natanael Gil et sa femme Evelyne.<\/li>\n<li>Que Dieu suscite plus de leaders pour servir dans le minist\u00e8re.<\/li>\n<li>Les minist\u00e8res de discipolat, de l\u2019\u00e9vang\u00e9lisation, de la jeunesse et des enfants dans nos \u00e9glises.<\/li>\n<li>La nouvelle \u00e9glise de l\u2019Alliance \u00e0 Los Guayos, Etat de Carabobo.<\/li>\n<li>La formalisation de la Fondation FUNDALFA, d\u00e9dicac\u00e9e au soin social de la communaut\u00e9.<\/li>\n<\/ul>\n<p><strong>URUGUAY<br \/>\n<\/strong>Louez Dieu pour :<\/p>\n<ul>\n<li>La rencontre nationale des femmes \u00e0 Tranqueras, Rivera. Pr\u00e8s de 350 femmes se sont rencontr\u00e9es pour un moment sp\u00e9cial o\u00f9 elles ont joui de la communion et de l\u2019\u00e9dification.<\/li>\n<\/ul>\n<p>Veuillez prier pour :<\/p>\n<ul>\n<li>Le nouveau Conseil National d\u2019Administration de l\u2019Alliance de l\u2019Uruguay, \u00e9lu \u00e0 la Convention Nationale du 1er avril pour les deux prochaines ann\u00e9es. Qu\u2019ils soient guid\u00e9s et fortifi\u00e9s par le Seigneur.<\/li>\n<li>Un travailleur pour l\u2019Alliance de Vichadero. L\u2019\u00e9glise a \u00e9t\u00e9 sans pasteur pour presque deux ans maintenant.<\/li>\n<li>Le nouveau projet missionnaire \u00e0 Ciudad de la Costa, Canelones.<\/li>\n<\/ul>\n<p><strong>HA\u00cfTI<br \/>\n<\/strong>Veuillez prier pour :<\/p>\n<ul>\n<li>La b\u00e9n\u00e9diction et la direction du Seigneur pour la retraite de nos leaders du 7 au 11 juin.<\/li>\n<li>La protection de Dieu pour l\u2019\u00e9glise de l\u2019Alliance de Port-au-Prince, qui est en train d\u2019\u00eatre vandalis\u00e9e par des gangs.<\/li>\n<li>La protection et la provision de Dieu pour nos travailleurs durant la reconstruction de l\u2019\u00e9glise \u00e0 Capotille.<\/li>\n<li>Notre r\u00eave d\u2019avoir un s\u00e9minaire th\u00e9ologique pour former de nouveaux leaders. Nous demandons des outils pour nous aider et nous soutenir pour l\u2019achever.<\/li>\n<li>La paix et l\u2019unit\u00e9 parmi les pasteurs de l\u2019Alliance en Ha\u00efti, pour que nous puissions travailler comme le corps du Christ et ainsi avoir des \u00e9glises fortes et en bonne sant\u00e9.<\/li>\n<\/ul>\n<p><strong>P\u00c9ROU<br \/>\n<\/strong>Veuillez prier pour :<\/p>\n<ul>\n<li>Les nouveaux croyants qui ont commenc\u00e9 \u00e0 venir \u00e0 l\u2019\u00e9glise apr\u00e8s l\u2019\u00e9vang\u00e9lisation intense r\u00e9alis\u00e9e dans nos \u00e9glises durant la Semaine Sainte. Que le Seigneur continue de montrer son amour et ses soins \u00e0 chacun d\u2019eux.<\/li>\n<li>Le renouveau spirituel dans nos r\u00e9gions. Que le Seigneur montre une vision renouvel\u00e9e \u00e0 ses serviteurs et leur donne la force et la sagesse pour continuer son travail.<\/li>\n<\/ul>\n<p><strong>ARGENTINE<br \/>\n<\/strong>Veuillez prier pour :<\/p>\n<ul>\n<li>La s\u0153ur Monica Barria qui \u00e9tait envoy\u00e9e au champ missionnaire en Espagne en avril.<\/li>\n<li>La sant\u00e9, les finances et les minist\u00e8res de nos familles pastorales. Priez aussi pour les retraites pastorales r\u00e9gionales.<\/li>\n<li>Notre nation : haute inflation, pauvret\u00e9 et \u00e9lection pr\u00e9sidentielle.<\/li>\n<\/ul>\n<p><strong>\u00c9QUATEUR<br \/>\n<\/strong>Veuillez prier pour :<\/p>\n<ul>\n<li>Le d\u00e9but d\u2019une nouvelle p\u00e9riode scolaire du S\u00e9minaire Biblique de l\u2019Alliance de l\u2019\u00c9quateur et les nouvelles extensions \/ centres d\u2019\u00e9tude.<\/li>\n<li>Les familles V\u00e9n\u00e9zu\u00e9liennes qui continuent de vivre dans les rues des villes principales de l\u2019\u00c9quateur, cherchant la nourriture et un gagne-pain financier quotidien.<\/li>\n<li>La situation climatique dans notre nation. Priez que les pluies intenses ne causent pas d\u2019inondations ou n\u2019affectent pas le secteur agricole, parmi d\u2019autres cons\u00e9quences.<\/li>\n<\/ul>\n<p><strong>R=\u00c9EPUBLIQUE DOMINICAINE<br \/>\n<\/strong>Veuillez prier pour :<\/p>\n<ul>\n<li>La sant\u00e9 du pr\u00e9sident Ernesto Rosa et le pasteur Luis Manuel Matos.<\/li>\n<\/ul>\n<p>&nbsp;<\/p>\n<hr \/>\n<p>&nbsp;<\/p>\n<h2><strong>Pri\u00e8res de l\u2019UMA &#8211; Avril 2023<\/strong><\/h2>\n<p>&nbsp;<\/p>\n<p><strong>19 avril 2023<\/strong><\/p>\n<p><strong>1) R\u00c9GION AM\u00c9RIQUE DU NORD DE L\u2019UMA<\/strong><\/p>\n<p><strong>CANADA<br \/>\n<\/strong>Butterfly Way Muskoka se focalise sur l\u2019arriv\u00e9e ensemble des individus et familles qui ont exp\u00e9riment\u00e9 le traumatisme leur offrant du r\u00e9pit dans un environnement de soutien et d\u2019amour. En incorporant nature, animaux et de l\u2019art, le but est de restaurer le calme et commencer le processus de gu\u00e9rison.<br \/>\nVeuillez prier pour :<\/p>\n<ul>\n<li>La clart\u00e9 et la sagesse dans la prise de d\u00e9cision pour Butterfly Way.<\/li>\n<li>Les personnes vuln\u00e9rables dans leur soin.<\/li>\n<\/ul>\n<p><strong>\u00c9TATS-UNIS<\/strong><\/p>\n<ul>\n<li>Beaucoup de gens qui ne fr\u00e9quentent pas normalement une \u00e9glise ont march\u00e9 \u00e0 travers les portes les temples de l\u2019Alliance des \u00c9tats-Unis le dimanche de P\u00e2que et ont entendu le message de la r\u00e9surrection. Nous sommes reconnaissants aux pasteurs et au personnel de l&rsquo;\u00e9glise \u00e0 travers les \u00c9tats-Unis pour toutes les pr\u00e9parations conduisant \u00e0 la Semaine Sainte ; mais dans beaucoup de mani\u00e8res, leur travail leur travail n\u2019a fait que commencer. Veuillez prier pour ces leaders comme ils font le suivi de beaucoup de visiteurs qui peuvent ne pas avoir une \u00e9glise o\u00f9 ils peuvent \u00eatre nourris et disciples dans une communaut\u00e9 d\u2019amour du Christ.<\/li>\n<li>Veuillez prier pour les familles des gens tu\u00e9es pour ceux qui \u00e9taient s\u00e9v\u00e8rement bless\u00e9s par les tornades qui ont ravag\u00e9 les parties du Sud et du Mi-ouest en mars dernier et au d\u00e9but d\u2019avril. Priez aussi pour beaucoup de leaders comme ils continuent d\u2019\u00e9valuer les dommages des propri\u00e9t\u00e9s de l\u2019\u00e9glise et ceux de membres de l\u2019\u00e9glise. R\u00e9jouissez-vous aussi avec la famille de l\u2019Alliance pour la protection de Dieu dans quelques zones les plus affect\u00e9es par de s\u00e9v\u00e8res temp\u00eates.<\/li>\n<li>Les r\u00e9centes mont\u00e9es de violence arm\u00e9e ont afflig\u00e9 les villes am\u00e9ricaines et les communaut\u00e9s, causant plusieurs \u00e0 se sentir en ins\u00e9curit\u00e9 comme ils vont \u00e0 l\u2019\u00e9cole, lieux de travail, et magasins d\u2019usine. Veuillez prier Dieu d\u2019inciter \u00e0 terminer puissamment cette violence. Priez que Dieu intervienne dans la vie de ceux qui souffrent de maladies mentales et d\u2019autres facteurs qui activent cette violence. Priez aussi que les \u00e9glises se trouvant dans des communaut\u00e9s affect\u00e9es pourvoient \u00e0 l\u2019espoir et gu\u00e9rison pour ceux qui vivent dans la peur et la perte comme un r\u00e9sultat de ces \u00e9v\u00e9nements tragiques.<\/li>\n<\/ul>\n<p>&nbsp;<\/p>\n<p><strong>2) R\u00c9GION CLA (AM\u00c9RIQUE LATINE) DE L\u2019UMA<\/strong><\/p>\n<p><strong>COLOMBIE<br \/>\n<\/strong>Louez Dieu pour :<\/p>\n<ul>\n<li>Le programme Plan de Pri\u00e8re 24 Heures en ligne qui a commenc\u00e9 le 1er mars. Plus de 1 000 intercesseurs se sont r\u00e9unis en Zoom, montrant l\u2019unit\u00e9 de l\u2019\u00e9glise par la pri\u00e8re.<\/li>\n<\/ul>\n<p>Veuillez prier pour :<\/p>\n<ul>\n<li>Nos travailleurs qui ont \u00e9t\u00e9 envoy\u00e9s dans diff\u00e9rentes cultures. Priez aussi pour ceux qui seront bient\u00f4t envoy\u00e9s et ceux qui sont en train d\u2019\u00eatre form\u00e9s pour accomplir la mission.<\/li>\n<li>Les camps r\u00e9gionaux de l\u2019Alliance Jeune Reconnexion, qui se tiendront de juin \u00e0 ao\u00fbt, sous le th\u00e8me \u00ab Vie dans l\u2019Esprit \u00bb.<\/li>\n<\/ul>\n<p><strong>GUATEMALA<br \/>\n<\/strong>Louez Dieu pour :<\/p>\n<ul>\n<li>La c\u00e9l\u00e9bration de la Journ\u00e9e des Missions dans nos \u00e9glises le premier dimanche d\u2019avril.<\/li>\n<li>La croissance num\u00e9rique que beaucoup de congr\u00e9gations sont en train d\u2019exp\u00e9rimenter comme elles se remettent des effets des restrictions durant la pand\u00e9mie.<\/li>\n<\/ul>\n<p>Veuillez prier pour :<\/p>\n<ul>\n<li>Les s\u00e9minaires de Secours et D\u00e9veloppement qui sont en train d\u2019\u00eatre tenus dans nos cinq districts avec le travailleur international Thomas McMurray, de CAMA Services (\u00c9tats-Unis).<\/li>\n<li>La direction et la sagesse de Dieu pendant que l\u2019on adapte et met \u00e0 jour les statuts de l\u2019\u00e9glise nationale.<\/li>\n<\/ul>\n<p><strong>EL SALVADOR<br \/>\n<\/strong>Veuillez prier pour :<\/p>\n<ul>\n<li>Le Conseil National d\u2019Administration nouvellement \u00e9lu. Que Dieu les guide d\u2019accomplir son travail selon sa volont\u00e9.<\/li>\n<li>La direction et la sagesse de Dieu comme nous accomplissons notre plan de cinq ans. Nous avons d\u00e9j\u00e0 d\u00e9but\u00e9 avec un des buts : \u00ab L\u2019identit\u00e9 missionnaire dans nos \u00e9glises \u00bb.<\/li>\n<li>La formation missionnaire. Priez que beaucoup de leaders participent et qu\u2019ils soient envoy\u00e9s pour accomplir la Grande Commission.<\/li>\n<li>La faveur de Dieu pour nous d\u2019\u00e9tablir une nouvelle \u00e9glise dans notre pays.<\/li>\n<li>Nos engagements avec deux actions ; une pour les missions et l\u2019autre pour les v\u00e9hicules. Que Dieu nous aide \u00e0 honorer ces engagements en payant nos dettes mensuelles \u00e0 temps.<\/li>\n<\/ul>\n<hr \/>\n<p><strong>12 avril 2023<\/strong><\/p>\n<p><strong>R\u00c9GION AFRIQUE DE L\u2019UMA<\/strong><\/p>\n<p><strong>C\u00d4TE D\u2019IVOIRE<br \/>\n<\/strong>Louez Dieu pour :<\/p>\n<ul>\n<li>La r\u00e9ussite de la c\u00e9r\u00e9monie de la d\u00e9dicace de la Maison de la Radio de l\u2019Alliance Chr\u00e9tienne le 11 mars.<\/li>\n<\/ul>\n<p>Veuillez prier pour :<\/p>\n<ul>\n<li>Les investissements significatifs pour les \u00e9quipements pour que la Maison de la Radio puisse couvrir tout le pays de l\u2019\u00e9vangile.<\/li>\n<li>La direction et la sagesse de Dieu pour notre conf\u00e9rence nationale, et pour l\u2019\u00e9lection du nouveau pr\u00e9sident national de l\u2019\u00e9glise, du 14 au 15 avril.<\/li>\n<li>La c\u00e9r\u00e9monie de la cons\u00e9cration des serviteurs de Dieu, le 16 avril.<\/li>\n<li>Le recouvrement du budget n\u00e9cessaire pour soutenir les serviteurs de Dieu en retraite.<\/li>\n<li>Une bonne sant\u00e9 pour les serviteurs de Dieu en activit\u00e9.<\/li>\n<\/ul>\n<p><strong>REPUBLIQUE DEMOCRATIQUE DU CONGO (DRC)<br \/>\n<\/strong>Louez Dieu pour :<\/p>\n<ul>\n<li>Le s\u00e9minaire d\u2019Initiation au minist\u00e8re transculturel de nos missionnaires \u00e0 Boma, du 20 au 30 mars. Dix missionnaires ont compl\u00e9t\u00e9 la formation et attendent le d\u00e9ploiement dans les semaines qui viennent.<\/li>\n<\/ul>\n<p>Veuillez prier pour :<\/p>\n<ul>\n<li>Que Dieu console la famille du R\u00e9v. Paul Ngoma Nsasi, chef de pool de SEKE-BANZA, d\u00e9c\u00e9d\u00e9 le 17 mars. Priez pour son \u00e9pouse Augustine et ses enfants, Tr\u00e9sor et Gerdrine, qui sont dans la douleur.<\/li>\n<li>Le Comit\u00e9 de Gestion qui travaille pour les retraites des pasteurs dans les pools. Ils vont reprendre apr\u00e8s la semaine pascale.<\/li>\n<li>Les nombreux pasteurs pr\u00eats \u00e0 aller \u00e0 la retraite apr\u00e8s de longues ann\u00e9es du minist\u00e8re. Priez pour la rel\u00e8ve et que les moyens financiers soient pourvus pour eux.<\/li>\n<li>La rencontre du Comit\u00e9 Ex\u00e9cutif Extraordinaire qui va prendre place aux jours qui viennent pour pr\u00e9parer l\u2019ordre du jour de l\u2019Assembl\u00e9e Synodale Elective en juillet.<\/li>\n<\/ul>\n<p><strong>MALI<br \/>\n<\/strong>Louez Dieu pour :<\/p>\n<ul>\n<li>La r\u00e9ouverture de l\u2019\u00e9glise de Dounapin, dans le District de Koro, que le jihadistes ont ferm\u00e9 il y a trois mois.<\/li>\n<li>Les camps des femmes, du 28 mars au 2 avril, dans les districts de Sikasso, Yorosso, San et Bla.<\/li>\n<\/ul>\n<p>Veuillez prier pour :<\/p>\n<ul>\n<li>Les d\u00e9plac\u00e9s des villages de Kani Bonzon, Farako, et Dimakuidaga. Priez qu\u2019ils re\u00e7oivent le soutien n\u00e9cessaire pour couvrir leurs besoins.<\/li>\n<li>La provision financi\u00e8re et mat\u00e9rielle du Seigneur pour l\u2019organisation du centenaire de l\u2019\u00e9glise nationale en novembre 2023.<\/li>\n<\/ul>\n<p><strong>BURKINA FASO<br \/>\n<\/strong>Louez Dieu pour :<\/p>\n<ul>\n<li>Ses soins et protection continus de son \u00c9glise au Burkina Faso.<\/li>\n<\/ul>\n<p>Veuillez prier pour :<\/p>\n<ul>\n<li>La c\u00e9l\u00e9bration du centenaire de la CMA du Burkina Faso en novembre 2023. Priez aussi pour d\u2019autres c\u00e9l\u00e9brations qui ont d\u00e9j\u00e0 commenc\u00e9 dans quelques districts.<\/li>\n<li>La provision de Dieu pour la construction du nouveau si\u00e8ge de l\u2019\u00e9glise nationale, dont la construction sera pr\u00eate en novembre.<\/li>\n<li>Burkina Faso. Depuis 2015, notre pays a connu de temps de difficult\u00e9s due au terrorisme. La population a souffert de la pers\u00e9cution, et des villages ont \u00e9t\u00e9 d\u00e9vast\u00e9s. Cela a conduit \u00e0 la fermeture de plusieurs \u00e9glises et le d\u00e9placement interne de la population des campagnes aux zones un peu plus s\u00e9curis\u00e9es. Priez pour le retour de la paix et de ces personnes d\u00e9plac\u00e9s, parmi eux des pasteurs, leurs familles, et les chr\u00e9tiens en g\u00e9n\u00e9ral. Que le Seigneur fortifie leur foi et pourvoie \u00e0 leurs besoins.<\/li>\n<\/ul>\n<p><strong>LIB\u00c9RIA<br \/>\n<\/strong>Veuillez prier pour :<\/p>\n<ul>\n<li>La CMA Lib\u00e9ria, qui va accueillir la r\u00e9union du R\u00e9seau Mondial des Leaders des Missions de l\u2019UMA et la Conf\u00e9rence R\u00e9gionale de Afrique de l\u2019UMA en novembre 2023 \u00e0 Monrovia. Priez pour la force et la sagesse de Dieu comme diff\u00e9rents comit\u00e9s se rencontrent pour planifier pour ces conf\u00e9rences. Priez aussi les besoins financiers de ces \u00e9v\u00e9nements.<\/li>\n<li>Le S\u00e9minaire Th\u00e9ologique Liberty de l\u2019Alliance, qui a commenc\u00e9 son nouveau trimestre le 1er avril. Priez pour les besoins financiers des \u00e9tudiants et de l\u2019administration. Nous sommes aussi dans le processus de renouveler notre accr\u00e9ditation avec la Commission Nationale sur l\u2019Education Sup\u00e9rieure (NCHE) au Lib\u00e9ria. Ceci est tr\u00e8s important pour la reconnaissance globale du s\u00e9minaire. Priez avec nous pour $5,000 USD pour compl\u00e9ter le processus.<\/li>\n<li>Des \u00e9lections de paix, comme le Lib\u00e9ria est en train de se pr\u00e9parer pour ses \u00e9lections g\u00e9n\u00e9rales et pr\u00e9sidentielles le 10 octobre 2023.<\/li>\n<\/ul>\n<p><strong>ANGOLA<br \/>\n<\/strong>Louez Dieu pour :<\/p>\n<ul>\n<li>La r\u00e9ussite de l\u2019Assembl\u00e9e G\u00e9n\u00e9rale de l\u2019Association des Femmes en mars, o\u00f9 le Conseil G\u00e9n\u00e9ral \u00e9tait r\u00e9\u00e9lu.<\/li>\n<\/ul>\n<p>Veuillez prier pour :<\/p>\n<ul>\n<li>La rencontre du D\u00e9partement G\u00e9n\u00e9ral de l\u2019\u00c9vang\u00e9lisation au Cabinda, du 14 au 16 avril. Priez qu\u2019ils trouvent de nouvelles strat\u00e9gies de prendre l\u2019\u00e9glise d\u2019avancer en \u00e9vang\u00e9lisation.<\/li>\n<li>La direction de Dieu pour la r\u00e9union du Comit\u00e9 Ex\u00e9cutif de la CMA d\u2019Angola qui va bient\u00f4t se tenir.<\/li>\n<\/ul>\n<hr \/>\n<p><strong>5 avril 2023<\/strong><\/p>\n<p><strong>R\u00c9GION EMERALD (EUROPE ET MOYEN-ORIENT) DE L\u2019UMA<br \/>\n<\/strong>Louez Dieu pour :<\/p>\n<ul>\n<li>Beaucoup d\u2019enregistrements re\u00e7us pour la Conf\u00e9rence EMERALD de l\u2019UMA et le Symposium Th\u00e9ologique de l\u2019Alliance \u00e0 Toulouse en France en juin.<\/li>\n<\/ul>\n<p>Veuillez prier :<\/p>\n<ul>\n<li>Que les fonds soient trouv\u00e9s pour ceux qui veulent participer \u00e0 la conf\u00e9rence ou au symposium mais n\u2019ont pas de ressources financi\u00e8res.<\/li>\n<li>Que les visas soient donn\u00e9s \u00e0 ceux qui en ont besoin pour voyager pour ces deux \u00e9v\u00e9nements, particuli\u00e8rement pour ceux qui servent dans les \u00e9glises de l\u2019Alliance au Moyen Orient.<\/li>\n<\/ul>\n<p><strong>JORDANIE ET TERRE SAINTE<br \/>\n<\/strong>Louez Dieu pour :<\/p>\n<ul>\n<li>La r\u00e9ussite de l\u2019Assembl\u00e9e G\u00e9n\u00e9rale Annuelle des \u00e9glises de la CMA de la Jordanie.<\/li>\n<\/ul>\n<p>Veuillez prier pour:<\/p>\n<ul>\n<li>Le R\u00e9v. Munther Shahatit, le pr\u00e9sident national nouvellement \u00e9lu des \u00e9glises de l\u2019Alliance de la Jordanie et Terre Sainte. Priez que Dieu lui donne de la sagesse comme il cherche \u00e0 raffermir les \u00e9glises.<\/li>\n<\/ul>\n<p><strong>PAYS-BAS<br \/>\n<\/strong>Louez Dieu pour :<\/p>\n<ul>\n<li>Les 10 ans de minist\u00e8re de Boudewijn van Schoonhoven comme Directeur de CAMA Zending et son minist\u00e8re continu dans les \u00e9glises internationales.<\/li>\n<\/ul>\n<p>Veuillez prier pour :<\/p>\n<ul>\n<li>CAMA Zending et son nouveau directeur, Jan Wolsheimer, qui a commenc\u00e9 le 1er avril. Priez que Dieu donne \u00e0 Jan la sagesse comme il cherche \u00e9lever et envoyer de nouveaux missionnaires au champ de mission.<\/li>\n<\/ul>\n<p><strong>FRANCE<br \/>\n<\/strong>Louez Dieu pour :<\/p>\n<ul>\n<li>La r\u00e9ussite de la visite du nouveau pr\u00e9sident de l\u2019Alliance fran\u00e7ais, le R\u00e9v. Olivier LO et l\u2019\u00e9quipe de Leadership de l\u2019Alliance fran\u00e7ais au Bureau National, au District de Hmong et les \u00e9glises partenaires aux Etats-Unis. De nouveaux projets et de nouveaux partenariats sont \u00e0 l\u2019horizon pour atteindre les nations en France et au-del\u00e0 pour Christ.<\/li>\n<li>La r\u00e9ussite de la retraite des femmes de l\u2019Alliance fran\u00e7aise en mars avec une participation de plus de 90 femmes. La principale oratrice \u00e9tait Judy Episcopo de l\u2019\u00c9glise de l\u2019Alliance de Appleton.<\/li>\n<\/ul>\n<p><strong>FORMATION DE L\u2019ALLIANCE<br \/>\n<\/strong>Louez Dieu :<\/p>\n<ul>\n<li>Que l\u2019Institut de Formation Minist\u00e9rielle de l\u2019Alliance (INFORMA) a \u00e9t\u00e9 accept\u00e9 comme un membre de ECTE, le Conseil Europ\u00e9en de l\u2019Education Th\u00e9ologique. Le directeur de l\u2019INFORMA, le Dr. Francisco Cerr\u00f3n, a particip\u00e9 \u00e0 l\u2019Assembl\u00e9e et Conf\u00e9rence de ECTE en Chypre.<\/li>\n<\/ul>\n<p>Veuillez prier pour :<\/p>\n<ul>\n<li>Le lancement de nouveaux programmes de formation de l\u2019INFORMA: Pastorale de la Jeunesse, Missions et Education Chr\u00e9tienne.<\/li>\n<li>Le processus de r\u00e9sidence du directeur de l\u2019INFORMA et sa femme comme ils renouvellent leur r\u00e9sidence en Espagne.<\/li>\n<\/ul>\n<p>&nbsp;<\/p>\n<hr \/>\n<p>&nbsp;<\/p>\n<h2><strong>Pri\u00e8res de l\u2019UMA &#8211; Mars 2023<\/strong><\/h2>\n<p>&nbsp;<\/p>\n<p><strong>22 mars 2023<\/strong><\/p>\n<p><strong>R\u00c9GION CLA (AM\u00c9RIQUE LATINE) DE L\u2019UMA<\/strong><\/p>\n<p><strong>CHILI<br \/>\n<\/strong>Louez Dieu pour :<\/p>\n<ul>\n<li>Notre Assembl\u00e9e Nationale qui s\u2019\u00e9tait tenue dans un environnement de l\u2019unit\u00e9 et de communion.<\/li>\n<li>Le temps de vacances d\u2019\u00e9t\u00e9 de nos pasteurs et des membres de l\u2019\u00e9glise en g\u00e9n\u00e9ral.<\/li>\n<li>Ses soins et protection pour notre famille de l\u2019Alliance et nos b\u00e2timents de l\u2019\u00e9glise durant l\u2019incendie dans plusieurs r\u00e9gions. Les \u00e9glises ont \u00e9t\u00e9 une b\u00e9n\u00e9diction en aidant les victimes.<\/li>\n<li>Le soutien de nos pasteurs, leaders et familles de l\u2019\u00e9glise. Apr\u00e8s les ann\u00e9es de la pand\u00e9mie, les activit\u00e9s reprennent lentement, comme: les bapt\u00eames, les classes des enfants, les conf\u00e9rences bibliques et les autres.<\/li>\n<\/ul>\n<p>Veuillez prier pour :<\/p>\n<ul>\n<li>Le d\u00e9but des classes pour nos \u00e9tudiants au S\u00e9minaire Th\u00e9ologique. L\u2019Alliance a quelques \u00e9coles de base, pour lesquelles nous demandons l\u2019aide du Seigneur pour les enseignants, les \u00e9tudiants et les directeurs.<\/li>\n<li>Le R\u00e9v. Ivan Flores, le pr\u00e9sident de la CMA Chili, et le commencement d\u2019une nouvelle p\u00e9riode administrative du Conseil Ex\u00e9cutif National pour la p\u00e9riode de 2023-2025.<\/li>\n<li>Les projets missionnaires qui sont tenus pour l\u2019Europe, \u00e0 cause des proc\u00e9dures \u00e9trang\u00e8res qui pr\u00e9viennent leur autorisation.<\/li>\n<li>L\u2019implantation d\u2019une nouvelle \u00e9glise \u00e0 Ciudad del Este, Paraguay, dirig\u00e9e par l\u2019\u00e9quipe de notre missionnaire.<\/li>\n<li>Nos minist\u00e8res de compassion, comme le Home de nos filles et le minist\u00e8re aux gens vivant avec handicap (Fondation Semejantes).<\/li>\n<li>Notre pays. Mis \u00e0 part l\u2019incendie, la situation politique est instable, affectant sp\u00e9cialement l\u2019\u00e9conomie.<\/li>\n<\/ul>\n<p><strong>COLOMBIE<br \/>\n<\/strong>Veuillez prier pour :<\/p>\n<ul>\n<li>La protection et s\u00e9curit\u00e9 de Dieu pour chaque personne qui va participer \u00e0 notre Assembl\u00e9e Nationale du 23 au 24 mars.<\/li>\n<li>Les 18 \u00e9tudiants du Centre de Formation Interculturel A. B. Simpson, qui sont maintenant dans le processus de formation pour le renforcement pour leur appel missionnaire. Priez que Dieu les guide et les garde durant ce temps.<\/li>\n<li>La vague de l\u2019hiver qui est apparue dans la municipalit\u00e9 de Rosas, Cauca. Que Dieu garde les familles dans cette r\u00e9gion en s\u00e9curit\u00e9.<\/li>\n<\/ul>\n<p><strong>URUGUAY<br \/>\n<\/strong>Veuillez prier pour :<\/p>\n<ul>\n<li>La graduation \u00e0 notre S\u00e9minaire Th\u00e9ologique de l\u2019Alliance, le 31 mars. Priez que cela soit un temps de r\u00e9jouissance et que les laur\u00e9ats suivent l\u2019appel de Dieu pour le servir dans son oeuvre.<\/li>\n<li>La Convention Nationale de l\u2019Alliance le 1er avril. Priez que le Seigneur guide l\u2019\u00e9lection des officiers au niveau national.<\/li>\n<li>La rencontre nationale des femmes de l\u2019Alliance \u00e0 Tranquenas, du 3 au 4 avril. Que cela soit un temps de b\u00e9n\u00e9diction et d\u2019\u00e9dification.<\/li>\n<\/ul>\n<p><strong>EQUATEUR<br \/>\n<\/strong>Veuillez prier pour :<\/p>\n<ul>\n<li>Le R\u00e9v. David Muthre, le pr\u00e9sident de la CMA Equateur, et le nouveau Conseil National d\u2019Administration, \u00e9lu en f\u00e9vrier pour servir pour les prochaines quatre ann\u00e9es.<\/li>\n<li>Nos missionnaires qui servent dans les champs transculturels : Jordanie, Isar\u00ebl, les Pays-Bas, S\u00e9n\u00e9gal et l\u2019Afrique du Nord. Que le Seigneur les guide et les fortifient dans leur travail.<\/li>\n<li>Le nouveau cycle d\u2019\u00e9tudiants du S\u00e9minaire Biblique de l\u2019Alliance de l\u2019Equateur qui commence en avril. Que Dieu ajoute plus de travailleurs pour le servir.<\/li>\n<li>La situation financi\u00e8re des familles equatoriennes et la provision de la nourriture.<\/li>\n<\/ul>\n<p><strong>P\u00c9ROU<br \/>\n<\/strong>Veuillez prier pour :<\/p>\n<ul>\n<li>Les membres du Conseil National d\u2019Administration de la CMA de P\u00e9rou. Que le Seigneur les guide et leur donne la sagesse de conduire notre \u00e9glise nationale selon sa volont\u00e9.<\/li>\n<li>La situation politique au P\u00e9rou. Priez que les canneaux de dialogue soient ouverts et les confrontations dans les villes du sud du P\u00e9rou cessent.<\/li>\n<li>Nos pasteurs dans la r\u00e9gion du Sud. Que le Seigneur les garde et les utilise en ce moment, apportant la paix et le r\u00e9confort \u00e0 cette partie du pays.<\/li>\n<li>La ville de Puno et ses habitants qui ont \u00e9t\u00e9 affect\u00e9s par les p\u00e9nuries dues \u00e0 la gr\u00e8ve de porteurs, aux d\u00e9monstrations et manifestations.<\/li>\n<\/ul>\n<p><strong>ARGENTINE<br \/>\n<\/strong>Veuillez prier pour :<\/p>\n<ul>\n<li>Les pasteurs qui sont sous traitement du cancer.<\/li>\n<li>Les fonds pour l\u2019achat des propri\u00e9t\u00e9s pour les \u00e9glises qui sont en train de louer des b\u00e2timents pour leurs activit\u00e9s.<\/li>\n<li>Un r\u00e9veil de vocation minist\u00e9rielle dans les jeunes g\u00e9n\u00e9rations.<\/li>\n<li>Les ressources pour soutenir nos travailleurs internationaux en Asie centrale, Italie, Hongrie, Croatie, Angleterre et le projet d\u2019Espagne<\/li>\n<li>Nos familles pastorales: sant\u00e9, enfants, mariages, finances et la revitalisation minist\u00e9rielle.<\/li>\n<\/ul>\n<p><strong>REPUBLIQUE DOMINICAINE<br \/>\n<\/strong>Veuillez prier pour :<\/p>\n<ul>\n<li>La sant\u00e9 des pasteurs Juan Alejandro Man\u00e9, F\u00e9lix Daniel Arias et Fidelina Ovalle.<\/li>\n<li>La sagesse et la force spirituelle pour nos pasteurs et nos minist\u00e8res.<\/li>\n<li>La provision financi\u00e8re pour la construction de notre camp.<\/li>\n<li>Le d\u00e9velopement de notre plan de travail en 2023.<\/li>\n<\/ul>\n<p><strong>HA\u00cfTI<br \/>\n<\/strong>Veuillez prier pour :<\/p>\n<ul>\n<li>L\u2019implantation d\u2019une \u00e9glise dans le village du Tour Du Nord.<\/li>\n<li>La campagne d\u2019\u00e9vang\u00e9lisation sous le th\u00e8me \u00ab Le Fils de Dieu a Vers\u00e9 Son Sang pour Nous \u00bb, du 22 au 29 avril.<\/li>\n<li>La construction de trois \u00e9glises localis\u00e9es \u00e0 : Hinche, Cabar\u00e9 et Cap Haitien.<\/li>\n<li>L\u2019achat de terrain pour la construction du bureau national.<\/li>\n<\/ul>\n<p><strong>EL SALVADOR<br \/>\n<\/strong>Veuillez prier pour :<\/p>\n<ul>\n<li>Notre Assembl\u00e9e Nationale. Que le Seigneur nous guide pour choisir les officiers selon sa volont\u00e9, qui vont travailler les deux prochaines ann\u00e9es au Conseil National.<\/li>\n<li>Que le Seigneur suscite de nouveaux pasteurs de notre \u00e9glise de l\u2019Alliance Apopa El Salvador pour relever le d\u00e9fi d\u2019ouvrir de nouvelles \u00e9glises dans notre pays.<\/li>\n<\/ul>\n<hr \/>\n<p><strong>15 mars 2023<\/strong><\/p>\n<p><strong>1) R\u00c9GION AM\u00c9RIQUE DU NORD DE L\u2019UMA<\/strong><\/p>\n<p><strong>ETATS-UNIS<br \/>\n<\/strong>R\u00e9veil de l\u2019Asbury :<br \/>\nLe mercredi 9 f\u00e9vrier, l\u2019Universit\u00e9 d\u2019Asbury \u00e0 Wilmore, Kentucky, a tenu un service de chapelle r\u00e9guli\u00e8rement planifi\u00e9 pour les \u00e9tudiants dirig\u00e9 par Zach Meerkreebs de l\u2019Envision, un minist\u00e8re de l\u2019Alliance Chr\u00e9tienne et Missionnaire des Etats-Unis. A la fin du service, presque 20 \u00e9tudiants rest\u00e8rent \u00e0 l\u2019Auditorium Hughes Memorial cherchant et adorant le Seigneur. Peu apr\u00e8s, des jeunes gens commenc\u00e8rent \u00e0 retourner \u00e0 l\u2019auditorium dans la repentance et la louange. Un mouvement unique de Dieu a continu\u00e9 comme des \u00e9tudiants d\u2019Asbury, l\u2019Universit\u00e9 de Kentucky, plusieurs autres coll\u00e8ges du parage, des \u00e9glises, et la communaut\u00e9 au-del\u00e0 sont venus au campus d\u2019Asbury avec une attente sainte et une curiosit\u00e9 g\u00e9n\u00e9rale. Beaucoup de gens ont donn\u00e9 leurs vies \u00e0 Christ, acceptant l\u2019appel de Dieu pour les nations, et exp\u00e9rimentant de gu\u00e9risons miraculeuses. Les service de pri\u00e8re 24 heures sur 24, 7 jours sur 7 s\u2019est r\u00e9pandu par des m\u00e9dias sociaux et autres sources d\u2019informations.<br \/>\nVeuillez prier pour :<\/p>\n<ul>\n<li>Les pasteurs et leaders dans les coll\u00e8ges et \u00e9glises autour des Etats-Unis qui ont ouvert leurs chapelles et sanctuaires pour le travail du saint-Esprit. Priez pour le discernement, la sagesse, et le repos comme ils continuent de conduire leurs communaut\u00e9s pendant les jours et semaines qui viennent.<\/li>\n<li>Qu\u2019un esprit d\u2019une humilit\u00e9 radicale et de repentance continue de traverser les communaut\u00e9s dans lequel Dieu apporte le r\u00e9veil spirituel. Priez pour le salut, un appel grandissant aux missions mondiales, et la gu\u00e9rison miracle.<\/li>\n<li>Que le nom de J\u00e9sus Christ soit exalt\u00e9 dans beaucoup de communaut\u00e9s comme des vies continuent de changer par cette activit\u00e9 extraordinaire de Dieu.<\/li>\n<\/ul>\n<p>Projet ReImagine :<\/p>\n<ul>\n<li>Continuez de prier pour une r\u00e9ponse audacieuse et g\u00e9n\u00e9reuse au Projet Relmagine. C\u2019est le v\u00e9hicule qui alimentera One Alliance Place, un d\u00e9veloppement \u00e0 usage mixte de 14 acres \u00e0 Reynoldsburg, Ohio, qui va abriter le Bureau National de l\u2019Alliance, offre une place d\u2019accueil pour la communaut\u00e9 et sert comme mod\u00e8le pour changer l\u2019engagement de l\u2019\u00e9glise dans la soci\u00e9t\u00e9. Priez que les fonds n\u00e9cessaires soient lev\u00e9s comme le projet rentre dans la phase trois. Priez aussi pour une faveur continue et un partenariat continu, fructueux avec la ville de Reynoldsburg, aussi bien qu\u2019une communication et coop\u00e9ration claires entre les architectes et les firmes de construction comme ils coordonnent leurs efforts.<\/li>\n<\/ul>\n<p>Evang\u00e9lisation et Implantation des \u00c9glises :<\/p>\n<ul>\n<li>Priez pour les leaders des \u00e9glises de l\u2019Alliance qui ont assist\u00e9 \u00e0 la Conf\u00e9rence Exponentielle Orlando 2023 du 6 au 9 mars. Le th\u00e8me \u00ab Cause des Perdus : Revivre l\u2019Evang\u00e9lisation \u00bb, c\u2019\u00e9tait un appel \u00e0 l\u2019action pour les pasteurs, les implanteurs d\u2019\u00e9glises, et les leaders des minist\u00e8res \u00e0 revitaliser leurs efforts pour partager l\u2019\u00e9vangile et amener les autres \u00e0 Christ. La conf\u00e9rence a pourvu des messages d\u2019inspiration et des outils pratiques pour aider \u00e0 booster la ferveur \u00e9vang\u00e9listique de l\u2019\u00e9glise locale. Priez que les leaders de l\u2019Alliance qui ont assist\u00e9 \u00e0 la conf\u00e9rence restent plus profond\u00e9ment engag\u00e9s et pratiquement \u00e9quipp\u00e9s \u00e0 conduire leurs \u00e9glises en atteignant les perdus et les laisser pour compte dans leurs communaut\u00e9s.<\/li>\n<\/ul>\n<p><strong>CANADA<br \/>\n<\/strong>Louez Dieu pour :<\/p>\n<ul>\n<li>Le nouveau partenariat entre deux \u00e9coles th\u00e9ologiques de l\u2019Alliance Chr\u00e9tienne et Missionnaire: L\u2019Ambrose University au Canada et le Seminario Teologico Alianza au Chili.<\/li>\n<\/ul>\n<p>Veuillez prier pour:<\/p>\n<ul>\n<li>Les 12 \u00e0 15 nouveaux \u00e9tudiants qui vont \u00e9tudier \u00e0 Ambrose en Master au Programme des \u00c9tudes Th\u00e9ologiques. Priez pour ce partenariat dynamique et son potentiel \u00e0 pr\u00e9parer une poign\u00e9e d\u2019\u00e9tudiants chiliens pour un \u00e9ventuel travail de Ph.D. et le progr\u00e8s de l\u2019\u00e9ducation th\u00e9ologique au Chili.<\/li>\n<li>La rencontre de NorthWind, une nouvelle entreprise en marche parmi le peuple indig\u00e8ne \u00e0 travers les Minist\u00e8res de la Famille de NorthWind \u00e0 Thunder Bay, Ontario. Le NorthWind a pourvu des places sacr\u00e9es uniquement d\u00e9sign\u00e9es pour le discipolat pour ceux qui ont \u00e9t\u00e9 laiss\u00e9s vuln\u00e9rables par l\u2019impact des \u00e9coles r\u00e9sidentielles indig\u00e8nes et autres exp\u00e9riences traumatiques. Priez pour les volontaires et staff de NorthWind, comme ils viennent accompagner de beaucoup de circonstances difficiles. Priez pour la sagesse pour faire face au traumatisme qui peut les impacter, et pour le soutien financier et la provision de Dieu pour ce travail.<\/li>\n<\/ul>\n<p>&nbsp;<\/p>\n<p><strong>2) R\u00c9GION APAC (ASIE PACIFIQUE) DE L\u2019UMA<\/strong><\/p>\n<p><strong>MYANMAR<br \/>\n<\/strong>Louez Dieu pour :<\/p>\n<ul>\n<li>Sa protection et ses soins pour nous durant la Conf\u00e9rence du District en f\u00e9vrier et la Rencontre du Conseil G\u00e9n\u00e9ral des Affaires au d\u00e9but de mars, pendant que les difficult\u00e9s et la mis\u00e8re sont au coin.<\/li>\n<\/ul>\n<p>Veuillez prier pour :<\/p>\n<ul>\n<li>Les leaders du district nouvellement \u00e9lus. Que Dieu leur donne sagesse et force comme ils conduisent le peuple de Dieu.<\/li>\n<li>Une famille de missionnaire qui s\u2019est r\u00e9cemment d\u00e9plac\u00e9e \u00e0 la ville de Swe Pyi Tha dans la Cit\u00e9 de Yangon \u00e0 une maison lou\u00e9e. Priez qu\u2019ils s\u2019adaptent bien au nouvel environnement et y apportent des fruits spirituels.<\/li>\n<li>Que Dieu apporte justice, r\u00e9conciliation, et paix parmi les peuples de Myanmar.<\/li>\n<\/ul>\n<p><strong>TA\u00cfWAN<br \/>\n<\/strong>Veuillez prier pour :<\/p>\n<ul>\n<li>Deux de nos \u00e9glises qui n\u2019ont aps de pasteur : \u00e0 Hualien et Pingtung.<\/li>\n<li>La conf\u00e9rence de trois jours \u00e0 Tao-yuan .<\/li>\n<li>La c\u00e9l\u00e9bration du 70\u00e8me anniversaire de l\u2019\u00e9glise nationale de Ta\u00efwan cette ann\u00e9e.<\/li>\n<\/ul>\n<hr \/>\n<p><strong>8 mars 2023<\/strong><\/p>\n<p><strong>R\u00c9GION AFRIQUE DE L\u2019UMA<\/strong><\/p>\n<p><strong>MALI<br \/>\n<\/strong>Louez Dieu pour :<\/p>\n<ul>\n<li>Sa protection et sa direction \u00e0 l\u2019Assembl\u00e9e G\u00e9n\u00e9rale du D\u00e9partement National des Femmes \u00e0 Koutiala, du 21 au 24 f\u00e9vrier.<\/li>\n<\/ul>\n<p>Veuillez prier pour :<\/p>\n<ul>\n<li>La r\u00e9ouverture de l\u2019\u00e9glise de Douna Pen. Les terroristes ont ferm\u00e9 cette \u00e9glise il ya quelques semaines.<\/li>\n<li>L\u2019\u00e9quipe nationale d\u2019\u00e9vang\u00e9lisation d\u2019\u00eatre capable de partager l\u2019\u00e9vangile en d\u00e9pit des moments difficiles. Ils planifient quatre campagnes d\u2019\u00e9vang\u00e9lisation cette ann\u00e9e.<\/li>\n<li>L\u2019Assembl\u00e9e G\u00e9n\u00e9rale de la CMA du Mali. Priez que le Saint-Esprit nous guide durant la prise des d\u00e9cisions majeures pour \u00e9tablir les plans d\u2019action.<\/li>\n<li>La protection des chr\u00e9tiens qui vivent dans la troisi\u00e8me, quatri\u00e8me et la cinqui\u00e8me r\u00e9gions. Ils font face \u00e0 la pers\u00e9cution et l\u2019intimidation. Priez aussi pour la r\u00e9ouverture des \u00e9coles pour que les enfants retournent dans leurs classes.<\/li>\n<\/ul>\n<p><strong>GABON<br \/>\n<\/strong>Louez Dieu pour :<\/p>\n<ul>\n<li>La protection de nos missionnaires et leurs familles au B\u00e9nin, Togo, Cameroun, Guin\u00e9e Equatoriale, et S\u00e3o Tom\u00e9.<\/li>\n<\/ul>\n<p>Veuillez prier pour :<\/p>\n<ul>\n<li>Les finances pour l\u2019achat d\u2019un terrain et la construction de la station missionnaire de B\u00e2ta et un b\u00e2timent de l\u2019\u00e9glise \u00e0 Malabo, les deux en Guin\u00e9e Equatoriale.<\/li>\n<li>Les fonds n\u00e9cessaires pour la construction des b\u00e2timents des \u00e9glises \u00e0 S\u00e2o Tom\u00e9; \u00e0 Lom\u00e9 au Togo; et \u00e0 Accra au Ghana.<\/li>\n<li>Le recrutement et la formation d\u2019un autre missionnaire pour S\u00e3o Tom\u00e9. Priez aussi que les disciples soient fortifi\u00e9s dans leur foi et se multiplient.<\/li>\n<\/ul>\n<p><strong>C\u00d4TE D\u2019IVOIRE<br \/>\n<\/strong>Veuillez prier pour :<\/p>\n<ul>\n<li>La c\u00e9r\u00e9monie d\u2019ouverture de la Maison de la Radio de l\u2019Alliance Chr\u00e9tienne \u00e0 la station missionnaire de Bouak\u00e9, la samedi 11 mars. La station de la radio consid\u00e9rablement contribuer \u00e0 apporter la voix de l\u2019\u00e9vangile aux pays plus \u00e9loign\u00e9s pour \u00e9difier les enfants de Dieu et sauver les \u00e2mes perdues. Ceci est une raison de joie pour toute l\u2019\u00e9glise de la CMA de C\u00f4te d\u2019Ivoire.<\/li>\n<li>La conf\u00e9rence de l\u2019\u00e9glise nationale en avril. Priez aussi pour l\u2019\u00e9lection de nouveaux Directeurs du Conseil National. Que ceci soit une grande opportunit\u00e9 pour consolider et unifier l\u2019\u00e9glise.<\/li>\n<li>La sagesse et la direction de Dieu pour le pr\u00e9sident No\u00ebl N\u2019Guessan pour conduire le Plan Strat\u00e9gique de D\u00e9veloppement P\u00e9renne 2020-2030.<\/li>\n<li>Que le seigneur apporte beaucoup de gens \u00e0 lui \u00e0 travers nos champs missionnaires internes.<\/li>\n<li>Nos missionnaires au Ghana et Togo.<\/li>\n<\/ul>\n<p><strong>REPUBLIQUE DEMOCRATIQUE DU CONGO (RDC)<br \/>\n<\/strong>Veuillez prier pour :<\/p>\n<ul>\n<li>Le d\u00e9ploiement de deux couples missionnaires congolais en Guin\u00e9e. Seules les formalit\u00e9s administratives restent. Que Dieu utilise cette \u00e9quipe dans minist\u00e8re transculturel qui est une nouvelle exp\u00e9rience dans leur vie du minist\u00e8re.<\/li>\n<li>Les pasteurs et leurs \u00e9pouses qui seront dans un long mois de retraite de pri\u00e8re. Que ce temps soit une rencontre personnelle de chacun avec le Seigneur.<\/li>\n<li>Les croisades \u00e9vang\u00e9liques planifi\u00e9es en mars \u00e0 Boma avec les \u00e9quipes de l\u2019\u00ab Ambassade de J\u00e9sus \u00bb du Canada, la CMA de l\u2019Angleterre, et l\u2019\u00c9glise du Christ au Congo. Que Dieu utilise ces croisades pour apporter beaucoup d\u2019\u00e2mes \u00e0 Christ.<\/li>\n<li>Notre chaine TV de l\u2019Alliance nationale \u00e0 Boma. La phase de test technique a pris fin et bient\u00f4t ce sera la phase de production de programme. Priez que Dieu utilise cette chaine comme un instrument d\u2019\u00e9vang\u00e9lisation et renforcer son \u00e9glise. Qu\u2019il \u00e9quipe les travailleurs et pourvoie aux ressources n\u00e9cessaires pour l\u2019avancement de ce minist\u00e8re.<\/li>\n<\/ul>\n<p><strong>ANGOLA<br \/>\n<\/strong>Veuillez prier pour :<\/p>\n<ul>\n<li>Les nouveaux travaux \u00e0 Soyo et Cafundo, dans les provinces de lunda et Zaire en Angola. Priez aussi pour l\u2019acquisition d\u2019un terrain et la construction des b\u00e2timents de l\u2019\u00e9glise \u00e0 ces endroits.<\/li>\n<li>Robert Sanou de l\u2019\u00e9quipe de Secours et D\u00e9veloppement de l\u2019UMA. Il compte venir en Angola pour former des pasteurs et leaders. Priez pour l\u2019approbation de son visa pour qu\u2019il voyage.<\/li>\n<li>Que Dieu sucite de jeunes gens pour pr\u00eaccher l\u2019\u00e9vangile et planter de nouvelles \u00e9glises.<\/li>\n<li>Que Dieu touche les coeurs des autorit\u00e9s angolaises pour reonstruire l\u2019infrastructure de notre station missionnaire. Le b\u00e2timent \u00e9tait d\u00e9truit par les troupes (arm\u00e9es) pendant qu\u2019elles occupaient la mission comme leur quartier g\u00e9n\u00e9ral, et le gouvernement a d\u00e9j\u00e0 promis plusieurs fois de la r\u00e9habiliter.<\/li>\n<\/ul>\n<hr \/>\n<p><strong>1 mars 2023<\/strong><\/p>\n<p><strong>R\u00c9GION EMERALD (EUROPE ET MOYEN-ORIENT) DE L\u2019UMA<br \/>\n<\/strong>Louez Dieu pour :<\/p>\n<ul>\n<li>La r\u00e9ussite de la rencontre du Comit\u00e9 de Coordination R\u00e9gionale d\u2019EMERALD qui s\u2019est tenue aux Pays-Bas en janvier. Louez aussi Dieu pour les connections qui ont \u00e9t\u00e9 faites avec les repr\u00e9sentants de la famille de l\u2019Alliance aux Pays-Bas de ABC-Unie, CAMA Zending et CMAlliance Nederland.<\/li>\n<\/ul>\n<p>Veuillez prier pour :<\/p>\n<ul>\n<li>La Conf\u00e9rence EMERALD de l\u2019UMA et le Symposium Global de la Th\u00e9ologie de l\u2019Alliance \u00e0 Toulouse en France, en juin 2023. Priez pour la planification et l\u2019\u00e9quipe d\u2019organisation.<\/li>\n<li>Les visas \u00e0 \u00eatre d\u00e9livr\u00e9s \u00e0 tous ceux qui en ont besoin pour voyager pour ces deux \u00e9v\u00e9nements.<\/li>\n<li>Les volontaires des \u00e9glises locales qui iront aider \u00e0 la conf\u00e9rence.<\/li>\n<\/ul>\n<p><strong>SYRIE<br \/>\n<\/strong>Louez Dieu pour :<\/p>\n<ul>\n<li>L\u2019\u00e9glise de l\u2019Alliance \u00e0 Alep qui est devenue un refuge pour les gens qui ont perdu leurs maisons \u00e0 case du tremblement de terre. L\u2019\u00e9glise s\u2019occupe des besoins de gens qui ont beaucoup perdu. Le b\u00e2timent de l\u2019\u00e9glise est ouvert 24 heures sur 24, sept jours la semaine pour donner un abri, dela nourrituren et du soutien \u00e9motionnel et spirituel.<\/li>\n<\/ul>\n<p>Veuillez prier pour :<\/p>\n<ul>\n<li>Le pasteur Abdullah et sa famille \u00e0 l\u2019\u00e9glise de l\u2019Alliance \u00e0 Alep. Il est si occup\u00e9 qu\u2019il dort seulement trois \u00e0 quatre heures le jour et n\u2019a pas du temps de voir ses enfants comme il prend soin des besoins de gens qui souffrent.<\/li>\n<li>Les volontaires qui travaillent sans rel\u00e2che pour maintenir des quarts de travail 24 heures sur 24 pour s\u2019occuper des besoins des gens.<\/li>\n<li>Les ressources pour fournir de la nourriture, chauffage et lumi\u00e8re aux familles qui ont \u00e9t\u00e9 d\u00e9vast\u00e9es par le tremblement de terre.<\/li>\n<\/ul>\n<p><strong>FRANCE<br \/>\n<\/strong>Louez Dieu pour :<\/p>\n<ul>\n<li>Le mois des missions nationales de l\u2019Alliance en France en f\u00e9vrier. Beaucoup de cultes des \u00e9glises ont mis l\u2019accent sur les missions et l\u2019implantation des \u00e9glises, d\u00e9fiant chacun \u00e0 \u00eatre un missionnaire l\u00e0 o\u00f9 Dieu vous appelle \u00e0 servir, cr\u00e9ant des relations profondes, des relations d\u2019amour qui refl\u00e8tent l\u2019amour de J\u00e9sus.<\/li>\n<li>La r\u00e9ussite de l\u2019implantation de l\u2019\u00e9glise \u00e0 Cayenne, Guyane fran\u00e7aise, o\u00f9 le missionnaire pasteur Kong Ming Vang enseigne et forme de futures leaders. Louez Dieu pour la famille de l\u2019Alliance du Venezuela qui a maintenant joint l\u2019\u00e9glise.<\/li>\n<\/ul>\n<p>Veuillez prier pour :<\/p>\n<ul>\n<li>La promotion et la formation de nouveaux leaders et pasteurs car il y a un besoin important qui augmente \u00e0 tout moment.<\/li>\n<li>Les volontaires des \u00e9glises locales qui doivent venir pour aider \u00e0 faciliter \u00e0 la Conf\u00e9rence EMERALD de l\u2019UMA et le Symposiume de Th\u00e9ologie de l\u2019Alliance \u00e0 Toulouse en France, en juin 2023.<\/li>\n<\/ul>\n<p><strong>TERRE SAINTE<br \/>\n<\/strong>Eglise de l\u2019Alliance de J\u00e9rusalem<br \/>\nLouez Dieu pour :<\/p>\n<ul>\n<li>L\u2019\u00e9v\u00e9nement de l\u2019\u00e9vang\u00e9lisation de la Redeemers Praise Team en janvier, a donn\u00e9 la possibilit\u00e9 d\u2019entendre le message de l\u2019\u00e9vangile \u00e0 plus de 300 enfants pr\u00e9sents. A la fin de l\u2019\u00e9v\u00e9nement du drame, les h\u00e9ros du jeu ont demand\u00e9 aux enfants de se tenir d\u00e9bout et donner leurs vies \u00e0 J\u00e9sus. La sc\u00e8ne a conduit l\u2019\u00e9quipe organisatrice aux pleurs.<\/li>\n<li>La conf\u00e9rence sp\u00e9ciale de leadership pour des gens qui ne connaissent pas J\u00e9sus tenue dans la r\u00e9gion de Bethlehem. Douze couples nous ont joint du jour au lendemain. La conf\u00e9rence a inclus des sessions sur le Fils de Dieu, la Crucifixion, et l\u2019Authenticit\u00e9 de la Bible.<\/li>\n<\/ul>\n<p>Veuillez prier pour :<\/p>\n<ul>\n<li>La situation politique, que les choses ne vont pas s\u2019intensifier et que nous ne voyions plus d\u2019accidents. Priez pour les mois \u00e0 venir, sp\u00e9cialement Avril quand le Ramadan, la P\u00e2ques et la Pesah qui viennent tous ensemble.<\/li>\n<\/ul>\n<p><strong>HONGRIE<br \/>\n<\/strong>Louez Dieu pour :<\/p>\n<ul>\n<li>Le travail que le Seigneur est en train de faire en Hongrie, sp\u00e9cialement dans l\u2019\u00e9glise de Pusztaszabolcs qui demeure ferme et active. Louez Dieu aussi pour ce qu\u2019il en train de faire dans le groupe de Ivancsa, qui se consolide petit \u00e0 petit.<\/li>\n<\/ul>\n<p>Veuillez prier :<\/p>\n<ul>\n<li>Que le Seigneur continue de guider et b\u00e9nir la ville d\u2019Adony et donne \u00e0 l\u2019\u00e9quipe une place de r\u00e9union pour le groupe la-bas.<\/li>\n<li>Pour que le Seigneur ouvre des portes dans la ville de Besnyo pour permettre bient\u00f4t de tenir des \u00e9v\u00e9nements d\u2019\u00e9vang\u00e9lisation, et de cette fa\u00e7on \u00eatre capable d\u2019atteindre des gens de l\u00e0 avec l\u2019\u00e9vangile.<\/li>\n<li>Pour les 40 jours de je\u00fbne et pri\u00e8re durant les mois d\u2019avril et de mai. Nous planifins de terminer avec un grand \u00e9v\u00e9nement d\u2019\u00e9vang\u00e9lisation. Priez que le Seigneur nous guide en ce moment de recherche de l\u2019unit\u00e9 pour sa pr\u00e9sence, et au-dessus de tout que beaucoup de gens soient capables de rencontrer Christ ou soient r\u00e9concili\u00e9s avec lui.<\/li>\n<\/ul>\n<p><strong>ITALIE<br \/>\n<\/strong>L\u2019\u00e9glise ACMI \u00e0 Ancona<br \/>\nLouez Dieu pour :<\/p>\n<ul>\n<li>Permettre \u00e0 l\u2019\u00e9glise d\u2019\u00eatre de plus en plus impliqu\u00e9e aux missions. Chaque deux mois nous commen\u00e7ons \u00e0 donner nos premi\u00e8res offrandes missionnaires. Ceci est une grande avanc\u00e9e, parce que Dieu est en train de toucher nos coeurs d\u2019\u00eatre une b\u00e9n\u00e9diction pour nos fr\u00e8res et soeurs dans d\u2019autres nations.<\/li>\n<\/ul>\n<p>Veuillez prier pour :<\/p>\n<ul>\n<li>Le missionnaire Fanny Levicoy, d\u2019Argentine, qui sert Dieu en Hongrie et va nous visiter en mars. Nous organisons beaucoup d\u2019activit\u00e9s missionnaires qui vont inclure les enfants, la jeunesse et toute l\u2019\u00e9glise. Nous sommes excit\u00e9s de voir ce que Dieu va faire par ces \u00e9v\u00e9nements missionnaires, et nous prions que Dieu touche des coeurs de toute l\u2019\u00e9glise \u00e0 r\u00e9pondre \u00e0 l\u2019appel et se donner dans les missions.<\/li>\n<li>Notre \u00e9glise fille dans la ville d\u2019Ancona. Ils exp\u00e9rimentent beaucoup de chang\u00e9ments et difficult\u00e9s, nous demandons le conseil et la direction de Dieu pour conna\u00eetre les d\u00e9cisions \u00e0 prendre et comment continuer de suivre sa volont\u00e9.<\/li>\n<li>Les nouveaux groupes de cellules que nous commen\u00e7ons pour atteindre dans notre zone en aussi grand nombre que possible avec l\u2019\u00e9vangile. Que Dieu nous montre le bon moment et les marches \u00e0 suivre.<\/li>\n<\/ul>\n<p><strong>IRAK<br \/>\n<\/strong>L\u2019\u00e9glise de l\u2019Alliance \u00e0 Erbil, Kurdistan<br \/>\nLouez Dieu pour :<\/p>\n<ul>\n<li>Tous les \u00ab Ms \u00bb qui viennent toujours \u00e0 l\u2019\u00e9glise en grand nombre. Nous prions que l\u2019\u00e9glise soit vraiment un mat\u00e9riel spirituel, psychologique et un refuge pour ceux qui cherchent la v\u00e9rit\u00e9 et pour les conduire \u00e0 la personne du Seigneur J\u00e9sus Christ pour qu\u2019ils le connaisse comme leur Sauveur personnel.<\/li>\n<\/ul>\n<p>Veuillez prier pour :<\/p>\n<ul>\n<li>Tous les projets de l\u2019\u00e9glise, comme ils cherchent \u00e0 rencontrer jour apr\u00e8s jour les besoins m\u00e9dicaux et mat\u00e9riels croissants des gens dans le besoin. Le besoin est grand, sp\u00e9cialement \u00e0 la lumi\u00e8re de la crise globale \u00e9conomique et au nombre croissant des refugi\u00e9s qui viennent de la Syrie et des autres villes irakiennes \u00e0 Erbil.<\/li>\n<li>Le nouveau b\u00e2timent de l\u2019\u00e9glise. Priez que Dieu accomplisse chaque besoin avec la puissance de sa gr\u00e2ce.<\/li>\n<li>Les groupes de discipolat et leur croissance. Priez aussi pour les disciples qu\u2019ils croissent dans la connaissance et l\u2019amour du Christ.<\/li>\n<\/ul>\n<p><strong>LIBAN<br \/>\n<\/strong>Louez Dieu pour :<\/p>\n<ul>\n<li>L\u2019\u00e9glise de l\u2019Alliance au Liban et la mani\u00e8re qu\u2019ils soutiennent les \u00e9glises de l\u2019Alliance de Syrie apr\u00e8s le tremblement de terre. Les libanais aident le syriens \u00e0 s\u2019occuper des besoins des gens qui ont beaucoup perdu.<\/li>\n<\/ul>\n<p><strong>RUSSIE<br \/>\n<\/strong>Veuillez prier pour :<\/p>\n<ul>\n<li>Les \u00e9glise de Russie comme elles continuent d\u2019\u00eatre lumi\u00e8re et sel dans un monde fragile, servant des gens qui ont \u00e9t\u00e9 impact\u00e9s par la guerre.<\/li>\n<\/ul>\n<p><strong>MOBILISATION DE LES MISSIONS DE L\u2019EMERALD DE L\u2019UMA<br \/>\n<\/strong>Veuillez prier pour :<\/p>\n<ul>\n<li>La croissance du partenariat entre l\u2019UMA, l\u2019Alliance en Espagne et l\u2019Alliance Canada en d\u00e9veloppant un projet national d\u2019implantation d\u2019\u00e9glise en Espagne.<\/li>\n<li>Les pr\u00e9parations de lancer le Projet \u00ab \u00c9glise de l\u2019Alliance pour Toutes les Nations \u00bb \u00e0 la Conf\u00e9rence EMERALD de l\u2019UMA 2023. Que Dieu pr\u00e9pare la voie pour ce nouvel outil d\u2019atteindre les nations et cro\u00eetre son royaume.<\/li>\n<\/ul>\n<p><strong>ESPAGNE<br \/>\n<\/strong>Veuillez prier pour :<\/p>\n<ul>\n<li>Le \u00ab Projet Espagne \u00bb, le plan de l\u2019Alliance en Espagne d\u2019implanter au moins une \u00e9glise de l\u2019Alliance dans chacune de 50 provinces qui r\u00e9concilie le territoire de l\u2019Espagne. Le plan est d\u2019avoir uen \u00e9glse dans chaque ville pour atteindre des peuples espagnols locaux et toutes les nations en cr\u00e9ant une communaut\u00e9.<\/li>\n<\/ul>\n<p>&nbsp;<\/p>\n<hr \/>\n<p>&nbsp;<\/p>\n<h2><strong>Pri\u00e8res de l\u2019UMA &#8211; F\u00e9vrier 2023<\/strong><\/h2>\n<p>&nbsp;<\/p>\n<p><strong>15 f\u00e9vrier \u00a02023<\/strong><\/p>\n<p><strong>1) R\u00c9GION AM\u00c9RIQUE DU NORD DE L\u2019UMA<\/strong><\/p>\n<p><strong>CANADA<br \/>\n<\/strong>Veuillez prier pour :<\/p>\n<ul>\n<li>L\u2019\u00c9glise de l\u2019Alliance Sion de Montreal. Lanc\u00e9e en avril 2019, la vision de l\u2019\u00c9glise de l\u2019Alliance Sion de Montreal est de voir des gens et familles transform\u00e9s par J\u00e9sus. Ils s\u2019efforcent d\u2019\u00eatre une communaut\u00e9 de foi qui b\u00e2tit une relation forte avec Dieu et les uns les autres. D\u00e9buter d\u2019une rencontre matinale du dimanche, ils ont r\u00e9pandu leur influence par des rencontres de groupes de maison et d\u2019\u00e9v\u00e9nements vari\u00e9s.<\/li>\n<\/ul>\n<p><strong>ETATS-UNIS<br \/>\n<\/strong>Veuillez prier pour :<\/p>\n<ul>\n<li>La gu\u00e9rison et la restauration des communaut\u00e9s qui ont \u00e9t\u00e9 d\u00e9vast\u00e9es par des intemp\u00e9ries s\u00e9v\u00e8res et violence de pistolet. La Californie a souffert beaucoup de ces trag\u00e9dies les mois pass\u00e9s. Priez pour les districts de l\u2019Alliance des Etats-Unis et les \u00e9glises comme ils offrent la pr\u00e9sence gu\u00e9rissante de Christ \u00e0 ceux qui ont \u00e9t\u00e9 impact\u00e9s par ces \u00e9v\u00e9nements.<\/li>\n<li>Les \u00e9glises de l\u2019Alliance des Etats-Unis et les sites d\u2019Envision bas\u00e9s aux Etats-Unis comme ils continuent de rencontrer les besoins immenses de la croissance des immigrants et les populations r\u00e9fugi\u00e9es. Prier pour les \u00e9glises de l\u2019Alliance \u00e9tablies de chercher des moyens d\u2019ouvrir leurs installations hygi\u00e9niques aux congr\u00e9gations des immigrants. Priez aussi pour l&rsquo;expansion des minist\u00e8res ASL (Anglais comme Seconde Langue) et d\u2019autres services vitaux qui aideront \u00e0 accueillir les gens d\u00e9plac\u00e9s et sous-estim\u00e9s dans des communaut\u00e9s chr\u00e9tiennes d\u2019amour et de soutien.<\/li>\n<li>Une r\u00e9ponse audacieuse et g\u00e9n\u00e9reuse au Projet Relmagine. Ceci est une initiative r\u00e9pandue n\u00e9e de la d\u00e9localisation du Bureau National de l\u2019Alliance, voulue non seulement pour \u00e9tendre la pr\u00e9sence de la venue de Christ \u00e0 la ville de Reynoldsburg et la plus grande Columbus, r\u00e9gion de Ohio, mais aussi de pr\u00e9server et de renforcer la plus vie profonde et les distinctives missionnaire et multiculturelle de l\u2019Alliance dans ses communaut\u00e9s et \u00e0 travers le monde. Priez pour une faveur et un partenariat continue et fructueux avec la ville de Reynoldsburg. Priez aussi pour une bonne communication et coop\u00e9ration entre les firmes de construction alors qu\u2019elles coordonnent leurs efforts pour la premi\u00e8re phase de la construction d&rsquo;Alliance Place, un b\u00e2timent \u00e0 usage mixte de quatre \u00e9tages et de 12 000 m\u00e8tres carr\u00e9s qui servira l\u2019Alliance et l\u2019ensemble de la communaut\u00e9 locale.<\/li>\n<li>Les plus de 200 jeunes travailleurs qui se sont recemment rencontr\u00e9s \u00e0 Columbus, Ohio pour un \u00e9v\u00e9nement Mise \u00e0 jour des jeunes de l\u2019Alliance. La rencontre a pourvu des opportunit\u00e9s pour ces leaders de partager des id\u00e9es et perspectives, prendre soin des \u00e2mes les unes des autres, et d\u2019\u00eatre \u00e9quip\u00e9s dans les domaines d\u2019intelligence culturelle, engagement missionnaire, et l\u2019\u00e9vang\u00e9lisation. Priez que ces leaders de prochaine g\u00e9n\u00e9ration continuent de se sentir renouvell\u00e9s, inspir\u00e9s, soutenus et \u00e9quip\u00e9s comme ils forment la prochaine g\u00e9n\u00e9ration des disciples de Christ.<\/li>\n<\/ul>\n<p>&nbsp;<\/p>\n<p><strong>2) R\u00c9GION APAC (ASIE PACIFIQUE) DE L\u2019UMA<\/strong><\/p>\n<p><strong>MONGOLIE<br \/>\n<\/strong>Veuillez prier pour :<\/p>\n<ul>\n<li>Les \u00e9glises de l\u2019Alliance de Mongolie d\u2019\u00eatre activ\u00e9es pour l\u2019\u00e9vang\u00e9lisation et de cro\u00eetre fructueusement. Priez aussi que les minist\u00e8res de la jeunesse et des jeunes adultes puissent \u00e9vang\u00e9liser efficacement.<\/li>\n<li>Les bergers mongoliens. En Mongolie, presque 30% de la population sont des bergers qui \u00e9l\u00e8vent de b\u00e9tail pour vivre. En 2022, soixante pour cent des r\u00e9gions de Gobi \u00e9taient sous la s\u00e9cheresse et, comme r\u00e9sultat, les bergers devaient se d\u00e9placer \u00e0 de diff\u00e9rents endroits cherchant des p\u00e2turages verts. L\u2019hiver \u00e9tait particuli\u00e8rement une saison de d\u00e9fi pour eux. Priez que les \u00e9glises soient disponibles pour \u00e9vang\u00e9liser les bergers et trouvent des coeurs ouverts \u00e0 l\u2019\u00e9vangile.<\/li>\n<\/ul>\n<p><strong>THAILANDE<br \/>\n<\/strong>Veuillez prier pour :<\/p>\n<ul>\n<li>Narong et Thing, des missionnaires envoy\u00e9s par la CMA de Vietnam (Nord), qui sont en train de conduire le minist\u00e8re d\u2019implantation d\u2019\u00e9glises parmi les Vietnamiens de la diaspora \u00e0 Nkhon Phanom. Depuis leur arriv\u00e9e, deux \u00e9glises ont \u00e9t\u00e9 implat\u00e9es &#8211; \u00e0 Nakhon Phanom et Mokdahan. Veuillez prier pour l\u2019expansion de ce minist\u00e8re aux provinces de Nong Khai, Udon Thani, et Sakon Nakhon.<\/li>\n<li>Than Tun comme il dirige le minist\u00e8re d\u2019implantation des \u00e9glises parmi les Birmans de la diaspora \u00e0 Bangkok. Il travaille en partenariat avec l\u2019\u00c9glise Baptiste Union et avec le soutien de Queency Wauran de la CMA Indon\u00e9sie, qui a joint l\u2019\u00e9quipe l\u2019an pass\u00e9. Priez pour le projet d\u2019implantation d\u2019une nouvelle \u00e9glise parmi les Birmans sur l\u2019Ile de Kho Samui, au sud de Thailande.<\/li>\n<\/ul>\n<hr \/>\n<p><strong>8 f\u00e9vrier \u00a02023<\/strong><\/p>\n<p><strong>1) R\u00c9GION EMERALD (EUROPE ET MOYEN-ORIENT) DE L\u2019UMA<\/strong><\/p>\n<p><strong>SYRIE<br \/>\n<\/strong>Veuillez prier pour :<\/p>\n<ul>\n<li>Les pays de la Syrie et de la Turquie qui ont connu une s\u00e9rie de s\u00e9ismes violents depuis le 6 f\u00e9vrier 2023.<\/li>\n<li>L\u2019\u00c9glise de l\u2019Alliance de Syrie, qui est ouverte 24 heures sur 24, 7 jours sur 7 et travaille jour et nuit \u00e0 pleine capacit\u00e9, essayant de r\u00e9pondre efficacement aux besoins apparus soudainement dans la situation d\u00e9sesp\u00e9r\u00e9e d\u00e9j\u00e0 connue avant cette catastrophe.<\/li>\n<li>La protection de Dieu et la gu\u00e9rison de ceux qui souffrent.<\/li>\n<li>Les besoins imm\u00e9diats : abri temporaire, nourriture, m\u00e9dicaments, chauffage.<\/li>\n<li>Le pr\u00e9sident Edward Awabdeh et les pasteurs et dirigeants de l\u2019\u00c9glise de l\u2019Alliance de Syrie, par la gr\u00e2ce, la sagesse et la force de Dieu.<\/li>\n<\/ul>\n<p>Si vous souhaitez contribuer au travail de secours en Syrie, cliquez sur <a href=\"https:\/\/awf.world\/fr\/donner\/\" target=\"_blank\" rel=\"noopener\">Syria Relief<\/a> ou contactez <a href=\"mailto:office@awf.world\" target=\"_blank\" rel=\"noopener\">office@awf.world<\/a><\/p>\n<p>&nbsp;<\/p>\n<p><strong>2) R\u00c9GION CLA (AM\u00c9RIQUE LATINE) DE L\u2019UMA<\/strong><\/p>\n<p><strong>EQUATEUR<br \/>\n<\/strong>Veuillez prier pour :<\/p>\n<ul>\n<li>Notre assembl\u00e9e nationale avec le th\u00e8me \u00ab Actes du Saint-Esprit \u00bb, \u00e0 Guayaquil du 23 au 25 f\u00e9vrier. Priez aussi pour l\u2019\u00e9lection du nouveau Conseil National d\u2019Administration.<\/li>\n<li>Le nouveau cycle d\u2019\u00e9tudiants du S\u00e9minaire Biblique de l\u2019Alliance de l\u2019Equateur, qui commence le 17 avril. Que Dieu ajoute plus d\u2019\u00e9tudiants qui souhaitent se pr\u00e9parer avec excellence dans leur service au Seigneur.<\/li>\n<li>Notre pays. Le taux \u00e9lev\u00e9 du crime qui a \u00e9merg\u00e9 en ces mois recents en Equateur a r\u00e9sult\u00e9 \u00e0 plusieurs meurtres violents et des blessures \u00e0 d\u2019autres.<\/li>\n<\/ul>\n<p><strong>GUATEMALA<br \/>\n<\/strong>Louez Dieu pour :<\/p>\n<ul>\n<li>Sa direction pour ex\u00e9cuter chaque d\u00e9cision prise \u00e0 l\u2019assembl\u00e9e g\u00e9n\u00e9rale du 28 janvier.<\/li>\n<\/ul>\n<p>Veuillez prier pour :<\/p>\n<ul>\n<li>Le pasteur Braulio Lares et sa famille. Ils ont perdu tous leurs biens dans un incendie.<\/li>\n<li>Les nouvelles \u00e9glises qui sont en train d\u2019\u00eatre implant\u00e9es. Que la gr\u00e2ce de Dieu atteigne beaucoup de gens dans ces villes \u00e0 l\u2019int\u00e9rieur du pays.<\/li>\n<\/ul>\n<p><strong>BOLIVIE<br \/>\n<\/strong>Veuillez prier pour :<\/p>\n<ul>\n<li>Le nouveau travail \u00e0 Cobija : que beaucoup de gens soient atteints avec l\u2019\u00e9vangile dans l\u2019Amazonie Bolivienne.<\/li>\n<li>Le dynamisme et la vision pour les nouveaux minist\u00e8res nationaux : Missions, Femmeset Jeunesse.<\/li>\n<li>Une place plus large pour l\u2019Alliance \u00e0 Santa Cruz de la Sierra, pour pr\u00eacher et enseigner la Parole de Dieu.<\/li>\n<li>Le future travail dans la ville de EI Alto, La Paz pour atteindre une des villes les plus peupl\u00e9es en Bolivie avec l\u2019\u00e9vangile.<\/li>\n<li>Les pasteurs qui sont en train d\u2019\u00eatre form\u00e9s, pour que Dieu les fortifie et les guide dans les endroits o\u00f9 ils vont servir.<\/li>\n<\/ul>\n<p><strong>COLOMBIE<br \/>\n<\/strong>Veuillez prier pour :<\/p>\n<ul>\n<li>La c\u00e9l\u00e9bration du centenaire de l\u2019Alliance de Colombie cette ann\u00e9e et la Convention de l\u2019Alliance du 17 au 20 ao\u00fbt. Que le nom de notre Seigneur J\u00e9sus christ soit glorifi\u00e9 en Colombie.<\/li>\n<li>La provision pour nos pasteurs et missionnaires en Colombie et \u00e0 l\u2019\u00e9tranger.<\/li>\n<li>La construction de l\u2019extension de l\u2019auditorium au Camp Ebenezer. Priez que nous obtenions des fonds et autorisations n\u00e9cessaires.<\/li>\n<\/ul>\n<p><strong>URUGUAY<br \/>\n<\/strong>Veuillez prier pour :<\/p>\n<ul>\n<li>L\u2019ouverturede nouveaux travaux cette ann\u00e9e. Que le Seigneur ouvre la porte et guide l\u2019\u00e9glise nationale et le D\u00e9partement National des Missions d\u2019avancer ensemble dans les endroits non encore atteints avec l\u2019\u00e9vangile dans notre pays.<\/li>\n<li>Que Dieu sucite des hommes et des femmes pour commencer une formation formelle dans notre s\u00e9minaire th\u00e9ologique, ainsi nous pouvons avoir plus de pasteurs et leaders pour servir dans les \u00e9glises et le champ missionnaire.<\/li>\n<li>Un pasteur pour l\u2019\u00e9glise de l\u2019Alliance de Vichadero qui reste sans un pasteur.<\/li>\n<li>La pluie. Notre pays fait face \u00e0 une s\u00e9v\u00e8re s\u00e9cheresse, laquelle a caus\u00e9 l\u2019incendie, des pertes de r\u00e9colte, et la mort des animaux. Le manque de nourriture et de l\u2019eau affecte l\u2019\u00e9conomie.<\/li>\n<\/ul>\n<p><strong>BR\u00c9SIL<br \/>\n<\/strong>Veuillez prier pour :<\/p>\n<ul>\n<li>Le soutien pour les missionnaires du D\u00e9partement des Missions de l\u2019Alliance Br\u00e9silienne en Asie, Japon, Portugal, Mozambique, et Br\u00e9sil.<\/li>\n<li>La direction et la provision de Dieu pour les \u00e9tudiants qui vont commencer les \u00e9tudes au S\u00e9minaire Th\u00e9ologique A. W.Tozer ce mois.<\/li>\n<li>Nos pasteurs et implanteurs de l\u2019\u00e9glise. Que le Seigneur leur donne la sagesse de conduire l\u2019\u00e9glise avec gr\u00e2ce et humilit\u00e9.<\/li>\n<li>Le Br\u00e9sil apr\u00e8s la transition du gouvernement. Priez que la volont\u00e9 de Dieu soit faite.<\/li>\n<\/ul>\n<p><strong>ARGENTINE<br \/>\n<\/strong>Veuillez prier pour :<\/p>\n<ul>\n<li>Le soutien spirituel et \u00e9conomique pour les familles de nos missionnaires dans le champ.<\/li>\n<li>Un r\u00e9veil de l\u2019appel au minist\u00e8re pastoral et les missions.<\/li>\n<li>Les finances et la sant\u00e9 de nos familles pastorales.<\/li>\n<li>Les pr\u00e9parations et la coordination de la nouvelle ann\u00e9e scolaire de notre Institut Biblique Buenos Aires.<\/li>\n<li>Les projets d\u2019expansion de nos \u00e9glises.<\/li>\n<\/ul>\n<p><strong>EL SALVADOR<br \/>\n<\/strong>Veuillez prier pour :<\/p>\n<ul>\n<li>La direction de Dieu et sa provision pour que nous ouvrions une troisi\u00e8me \u00e9glise de l\u2019Alliance dans notre pays cette ann\u00e9e.<\/li>\n<li>El Salvador. Notre pays \u00e9prouve une p\u00e9riode exceptionnelle pour nos droits constitutionnels. C\u2019\u00e9tait de passer deux semaines, mais nous sommes maintenant dans des conditions pour plus que six mois. Priez pour la sagesse des autorit\u00e9s du gouvernement d\u2019annuler ce processus.<\/li>\n<\/ul>\n<p><strong>R\u00c9PUBLIQUE DOMINICAINE<br \/>\n<\/strong>Louez Dieu pour :<\/p>\n<ul>\n<li>L\u2019assembl\u00e9e nationale que nous avions au d\u00e9but de janvier.<\/li>\n<\/ul>\n<p>Veuillez prier pour :<\/p>\n<ul>\n<li>De nouveaux ouvriers et pour la croissance de nos \u00e9glises.<\/li>\n<\/ul>\n<p><strong>HONDURAS<br \/>\n<\/strong>Veuillez prier pour :<\/p>\n<ul>\n<li>Les pr\u00e9paratifs pour le Congr\u00e8s de l\u2019Am\u00e9rique centrale qui se tiendra ici en Honduras en septembre.<\/li>\n<\/ul>\n<hr \/>\n<p><strong>1 f\u00e9vrier \u00a02023<\/strong><\/p>\n<p><strong>R\u00c9GION AFRIQUE DE L\u2019UMA<\/strong><\/p>\n<p><strong>REPUBLIQUE DEMOCRATIQUE DU CONGO (RDC)<br \/>\n<\/strong>Veuillez prier pour :<\/p>\n<ul>\n<li>Le d\u00e9ploiement de deux couples missionnaires en Guin\u00e9e ce mois.<\/li>\n<li>La consolation de Dieu pour les familles attrist\u00e9es de nos membres d\u2019\u00e9glises de Kinshasa. Priez aussi pour ceux qui ont perdu des terrains et des biens mat\u00e9riels durant les pluies torrentielles en d\u00e9cembre, lesquelles ont caus\u00e9 plus d\u2019une centaine des morts et des dommages \u00e9normes.<\/li>\n<li>La paix dans l\u2019Est de la RDC qui est sous la menace des terroristes qui ont tu\u00e9 des chr\u00e9tiens dans une \u00e9glise protestante \u00e0 Kasindi dans le territoire de Beni. Priez que cette situation n\u2019affecte pas la foi des enfants de Dieu.<\/li>\n<\/ul>\n<p><strong>MALI<br \/>\n<\/strong>Veuillez prier pour :<\/p>\n<ul>\n<li>La gu\u00e9rison du Pasteur Sim\u00e9on Demb\u00e9l\u00e9, le premier directeur de l\u2019Institut Biblique de Baramba. Il est malade depuis six mois.<\/li>\n<li>La lib\u00e9ration du village Dounapin de la pression des jihadistes dans la r\u00e9gion de Bandiagara.<\/li>\n<li>Que les chr\u00e9tiens demeurent engag\u00e9s \u00e0 leur foi au Seigneur malgr\u00e9 les menaces terroristes.<\/li>\n<\/ul>\n<p><strong>ANGOLA<br \/>\n<\/strong>Veuillez prier pour :<\/p>\n<ul>\n<li>Les \u00e9glises qui sont en train d\u2019\u00eatre implant\u00e9es dans les villes de Mbanza-Congo et Soyo, dans la province du Za\u00efre, en Angola.<\/li>\n<li>La direction et la provision de Dieu pour l\u2019Assembl\u00e9e G\u00e9n\u00e9rales des Femmesde l\u2019Alliance en Angola (ACMAA) en mars.<\/li>\n<li>Notre \u00e9tudiant nouvellement dipl\u00f4m\u00e9 en th\u00e9ologie de l\u2019Institut Biblique en C\u00f4te d\u2019Ivoire. Que Dieu le guide dans sa nouvelle t\u00e2che.<\/li>\n<\/ul>\n<p><strong>C\u00d4TE D\u2019IVOIRE<br \/>\n<\/strong>Veuillez prier pour :<\/p>\n<ul>\n<li>La sagesse et la direction de Dieu pour l\u2019\u00e9lection du nouveau pr\u00e9sident de la CMA C\u00f4te d\u2019Ivoire pour les quatre prochaines ann\u00e9es.<\/li>\n<li>Mme Aim\u00e9e-Chantal N\u2019Guessam, la nouvelle directrice de l\u2019Institut Biblique de l\u2019Alliance de C\u00f4te d\u2019Ivoire.<\/li>\n<li>Les travaux de finissage sur la Maison de la Radio et la d\u00e9dicace pr\u00e9vue pour ce mois.<\/li>\n<\/ul>\n<p><strong>BURKINA FASO<br \/>\n<\/strong>Veuillez prier pour :<\/p>\n<ul>\n<li>L\u2019organisation de l\u2019anniversaire du centenaire de l\u2019Alliance du Burkina Faso en novembre 2023.<\/li>\n<li>Des fonds pour la construction du nouveau quartier g\u00e9n\u00e9ral de l\u2019\u00e9glise nationale.<\/li>\n<li>Les \u00e9glises qui \u00e9taient ferm\u00e9es \u00e0 cause de la pers\u00e9cution.<\/li>\n<li>La s\u00e9curit\u00e9 et la provision pour plus d\u2019un million des personnes d\u00e9plac\u00e9es. Priez aussi pour la gu\u00e9rison des victimes du traumatisme.<\/li>\n<li>Le retour de la paix au Burkina Faso.<\/li>\n<\/ul>\n<p><strong>BENIN<br \/>\n<\/strong>Veuillez prier pour :<\/p>\n<ul>\n<li>L\u2019Eglise de l\u2019Alliance Chr\u00e9tienne et Missionnaire du B\u00e9nin, qui \u00e9lira son premier pr\u00e9sident national en 2023. Jusqu\u2019aujourd\u2019hui, l\u2019\u00e9glise est dirig\u00e9e par une \u00e9quipe ex\u00e9cutive install\u00e9e par le bureau national du Gabon, la m\u00e8re de cette station missionnaire. Priez que Dieu choisisse celui qu\u2019il veut pour diriger l\u2019\u00e9glise nationale pour les cinq prochaines ann\u00e9es.<\/li>\n<\/ul>\n<p>&nbsp;<\/p>\n<hr \/>\n<p>&nbsp;<\/p>\n<h2><strong>Pri\u00e8res de l\u2019UMA &#8211; Janvier 2023<\/strong><\/h2>\n<p>&nbsp;<\/p>\n<p><strong>25 janvier 2023<\/strong><\/p>\n<p><strong>R\u00c9GION EMERALD (EUROPE ET MOYEN-ORIENT) DE L\u2019UMA<\/strong><\/p>\n<p>Veuillez prier pour :<\/p>\n<ul>\n<li>Le Comit\u00e9 de Coordination R\u00e9gional de l\u2019EMERALD qui se r\u00e9unira aux Pays-Bas \u00e0 la fin du mois pour finaliser les pr\u00e9paratifs pour la Conf\u00e9rence de l\u2019EMERALD de l\u2019UMA et le Symposium Global de la Th\u00e9ologie de l\u2019Alliance qui se tiendra \u00e0 Toulouse, France en juin 2023.<\/li>\n<\/ul>\n<p><strong>ESPAGNE<br \/>\n<\/strong>Louez Dieu pour :<\/p>\n<ul>\n<li>Alca\u00f1iz, une ville dans la province de Teruel. L\u2019\u00e9glise de l\u2019Alianza de Fe de Zaragoza est en train de faire un effort de commencer l\u00e0 une nouvelle oeuvre en 2023. Priez que cette nouvelle \u00e9glise soit lumi\u00e8re et sel pour beaucoup d\u2019espagnols et des \u00e9trangers pour la gloire de Dieu.<\/li>\n<\/ul>\n<p>Veuillez prier pour :<\/p>\n<ul>\n<li>Les nouveaux travaux qui commencent au nord de l\u2019Espagne en 2023.<\/li>\n<li>L\u2019\u00e9glise de l\u2019Alliance de l\u2019Espagne d\u2019\u00eatre en mesure de soutenir financi\u00e8rement leur premier missionnaire dans la traduction de la Bible.<\/li>\n<li>Que le Seigneur nous donne la gr\u00e2ce d\u2019\u00eatre un comme lui et le P\u00e8re sont un.<\/li>\n<\/ul>\n<p><strong>FRANCE<br \/>\n<\/strong>Veuillez prier pour :<\/p>\n<ul>\n<li>Les missionnaires de l\u2019Alliance de France d\u2019\u00eatre encourag\u00e9s et rayonnants dans leur minist\u00e8re. Priez aussi que ceci ait un impact dans les \u00e9glises pour raviver et maintenir le soutien et produire de nouveaux travailleurs pour servir.<\/li>\n<li>Les nouveaux programes qui doivent \u00eatre d\u00e9velopp\u00e9s pour pr\u00e9parer des leaders de l\u2019\u00e9glise. Priez que plus de gens r\u00e9pondent \u00e0 l\u2019appel d\u2019\u00eatre form\u00e9s aux Instituts Bibliques pour servir le Seigneur.<\/li>\n<li>L\u2019\u00e9glise nationale et les \u00e9glises de l\u2019Alliance en France comme elles s\u2019adaptent \u00e0 la nouvelle situation cr\u00e9\u00e9e par la l\u00e9gislation qui renforce la supervision du gouvernement sur l\u2019administration et les finances des associations religieuses. Beaucoup de changements d\u00e9taill\u00e9s doivent \u00eatre apport\u00e9s aux statuts, arr\u00eat\u00e9s et pratiques comptables dans le but de se conformer \u00e0 la nouvelle l\u00e9gislation.<\/li>\n<\/ul>\n<p><strong>ITALIE<br \/>\n<\/strong>Louez Dieu pour :<\/p>\n<ul>\n<li>Les leaders des \u00e9glises qui se r\u00e9unissent chaque mois sur Zoom pour partager et prier ensemble pour l\u2019avancement du Royaume de Dieu.<\/li>\n<li>Les fr\u00e8res et soeurs qui se sont rencontr\u00e9s en d\u00e9cembre pour prier les uns pour les autres :\n<ul>\n<li>Rome : Vigil de pri\u00e8re, pour une cl\u00f4ture de l\u2019ann\u00e9e et chaque activit\u00e9 li\u00e9e \u00e0 cela.<\/li>\n<li>Beyond Simple Alliance Church:\n<ul>\n<li>Repas d\u2019actions de gr\u00e2ce et activit\u00e9s \u00e9vang\u00e9liques durant la saison de No\u00ebl.<\/li>\n<li>Pour la sant\u00e9 et la force pour le couple responsable pour ce minist\u00e8re.<\/li>\n<li>Pour les finances, l\u2019engagement et la croissance spirituelle de chaque membre.<\/li>\n<\/ul>\n<\/li>\n<li>Bologne :<\/li>\n<li>Pour le leadership de l\u2019\u00e9glise.<\/li>\n<li>Pour chaque famille de d\u00e9velopper une maison de service (la lecture de la Parole).<\/li>\n<li>Pour chaque homme d\u2019\u00eatre le pr\u00eatre de sa maison.<\/li>\n<li>Milan :<\/li>\n<li>Chaque jeune r\u00e9fugi\u00e9 qui doit retourner \u00e0 son pays. Priez que Dieu transforme sa vie et le couvrir de son amour.<\/li>\n<li>Pour la sagesse de guider les leaders \u00e0 d\u00e9velopper le minist\u00e8re de r\u00e9fugi\u00e9 en Italie.<\/li>\n<li>Pour les activit\u00e9s du d\u00eener et du d\u00e9jeuner pour partager l\u2019\u00e9vangile et atteindre des vies pour Christ.<\/li>\n<li>Porto Recanati :<\/li>\n<li>Pour la c\u00e9l\u00e9bration de son anniversaire.<\/li>\n<li>Pour chaque membre de l\u2019\u00e9glise, pour que la pr\u00e9sence du Christ soit manifest\u00e9e.<\/li>\n<\/ul>\n<\/li>\n<\/ul>\n<p>Veuillez prier pour :<\/p>\n<ul>\n<li>L\u2019unit\u00e9 de toutes les \u00e9glises de l\u2019Alliance en Italie.<\/li>\n<li>Que Dieu donne aux \u00e9glises italiennes l\u2019opportunit\u00e9 et les ressources pour d\u00e9velopper les mat\u00e9riels d\u2019enseignement en langue italienne.<\/li>\n<\/ul>\n<hr \/>\n<p><strong>11 janvier 2023<\/strong><\/p>\n<p><strong>1) R\u00c9GION APAC (ASIE PACIFIQUE) DE L\u2019UMA<\/strong><\/p>\n<p><strong>CAMBODGE<br \/>\n<\/strong>Veuillez prier pour :<\/p>\n<ul>\n<li>La c\u00e9l\u00e9bration du centenaire de la CMA du Cambodge \u00e0 Phnom Penh du 26 au 28 janvier. Priez pour la protection et des voyages s\u00e9curis\u00e9s pour tous les participants et pour des moments b\u00e9nis d\u2019adoration et de communion.<\/li>\n<\/ul>\n<p><strong>MYANMAR<br \/>\n<\/strong>Veuillez prier pour :<\/p>\n<ul>\n<li>Le missionnaire Ram Thiang Hlima et sa famille. En novembre ils devaient quitter leur maison de location au canton de Mingalardon, Yangon, parce que l\u2019arm\u00e9e de Myanmar a reclam\u00e9 le village et les zones aux alentours d\u2019\u00eatre leurs propri\u00e9t\u00e9s. Les Hlimas ont quitt\u00e9 pour Hle Suh, un village dans le canton de Yetashi, dans la r\u00e9gion de Bago, pr\u00e8s de 250 km de Yangon. Priez qu\u2019ils puissent bien s\u2019ajuster \u00e0 ce nouvel emplacement et qu\u2019ils produisent des fruits spirituels.<\/li>\n<li>Le village de Tt Kun. Chaque ann\u00e9e l\u2019\u00e9glise de l\u2019Alliance tient un camp, mais les militaires sont rentr\u00e9s dans le village et ont pris tout ce qu\u2019ils ont. Les villageois \u00e9taient boudhistes et se sont convertis au christianisme. Priez qu\u2019ils restent fermes dans leur foi en J\u00e9sus Christ malgr\u00e9 l\u2019opposition.<\/li>\n<li>La paix et la restauration de Myanmar. Que la nouvelle ann\u00e9e apporte gu\u00e9rison et r\u00e9conciliation au peuple et \u00e0 la nation.<\/li>\n<\/ul>\n<p><strong>MONGOLIE<br \/>\n<\/strong>Veuillez prier pour :<\/p>\n<ul>\n<li>Nos pasteurs et leaders des \u00e9glises pour cro\u00eetre en foi, sagesse, et en minist\u00e8re.<\/li>\n<li>Les \u00e9glises de l\u2019Alliance de Mongolie de s\u2019activer pour l\u2019\u00e9vang\u00e9lisation et \u00eatre fructueuses. Priez aussi que la jeunesse et les minist\u00e8res de jeunes adultes \u00e9vang\u00e9lisesnt efficacement.<\/li>\n<li>Les bergers mongoliens. En Mongolie, pr\u00e8s de 30% de la population sont des \u00e9leveurs de b\u00e9tail qui vivent de cela. Selon la pr\u00e9vision de temps, il y a une probabilit\u00e9 d\u2019avoir un hiver tr\u00e8s froid \u00e0 travers le pays. Veuillez prier que les \u00e9glises soient disponibles d\u2019\u00e9vang\u00e9liser les bergers et trouvent des coeurs ouverts \u00e0 l\u2019\u00e9vangile.<\/li>\n<li>Le partenariat avec les \u00e9glises de l\u2019Alliance de la Cor\u00e9e du Sud et Philippines \u00e0 bien s\u2019\u00e9tablir et soient b\u00e9n\u00e9fique mutuellement.<\/li>\n<li>L\u2019\u00e9conomie mongolienne d\u2019\u00eatre stable, pour que les citoyens croissent leur revenu.<\/li>\n<\/ul>\n<p>&nbsp;<\/p>\n<p><strong>2) R\u00c9GION AM\u00c9RIQUE DU NORD DE L\u2019UMA<\/strong><\/p>\n<p><strong>ETATS-UNIS<br \/>\n<\/strong>Veuillez prier pour :<\/p>\n<ul>\n<li>Le suivi et discipolat efficaces des visiteurs et nouveaux croyants qui se sont pr\u00e9sent\u00e9s aux services de No\u00ebl dans les \u00e9glises de l\u2019Alliance aux Etas-Unis. Priez que l\u2019\u00e9quipe de l\u2019\u00e9glise, des leaders la\u00efcs et les croyants matures restent sensibles \u00e0 la promptitude du Saint-Esprit d\u2019\u00e9vang\u00e9liser ceux qui cherchent encore l\u2019embrassement de l\u2019amour d\u2019Emmanuel.<\/li>\n<li>Les \u00e9glises de l\u2019Alliance des Etas-Unis et les sites envisag\u00e9s aux Etats-Unis comme elles continuent de rencontrer des besoins immenses d\u2019augmentation des populations des immigrants et r\u00e9fugiers. Priez pour les \u00e9glises \u00e9tablies de l\u2019Alliance de chercher des moyens d\u2019ouvrir leurs installations aux congr\u00e9gations des immigrants. Priez aussi pour l\u2019expansion des minist\u00e8res ASL (l\u2019anglais comme seconde langue) et d\u2019autres services vitaux qui aident \u00e0 accueillir les gens d\u00e9plac\u00e9s et n\u00e9glig\u00e9s dans des communaut\u00e9s chr\u00e9tiennes d\u2019amour, de soutien.<\/li>\n<li>Une odacieuse et g\u00e9n\u00e9reuse r\u00e9ponse au Projet Relmagine, une initiative extensive n\u00e9e en dehors du d\u00e9m\u00e9nagement du Bureau National de l\u2019Alliance. L\u2019intention \u00e9tait non seulement d\u2019\u00e9tendre la bienvenue de la pr\u00e9sence du Christ \u00e0 la plus grande zone de Columbus, Ohio, mais aussi de pr\u00e9server et augmenter la vie profonde, les caract\u00e9ristiques missionnaires et multiculturelles de l&rsquo;Alliance dans ses communaut\u00e9s des Etats-Unis et partout dans le monde.<\/li>\n<\/ul>\n<p><strong>CANADA<\/strong><\/p>\n<ul>\n<li>Dieu est en train de faire une nouvelle chose \u00e0 Whitby, Ontario ! Whitby est une ville au centre de la R\u00e9gion de Durham au nord du bord du Lac Ontario. Avec plus d\u2019une population de 10 000 chinois, il y a un besoin croissant pour une \u00e9glise des Mandarins dans le parage. Ceci est l\u2019appel auquel le nouvelle entreprise de l\u2019Alliance Chinoise de Whithby, conduit par David Pan, est en train de r\u00e9pondre. Priez pour la gr\u00e2ce de Dieu comme ils lancent cette nouvelle entreprise.<\/li>\n<\/ul>\n<p>&nbsp;<\/p>\n<hr \/>\n<p>&nbsp;<\/p>\n<h2><strong>Pri\u00e8res de l\u2019UMA \u2013Decembre 2022<\/strong><\/h2>\n<p>&nbsp;<\/p>\n<p><strong>21 d\u00e9cembre 2022<\/strong><\/p>\n<p><strong>R\u00c9GION CLA (AM\u00c9RIQUE LATINE) DE L\u2019UMA<\/strong><\/p>\n<p><strong>COLOMBIE<br \/>\n<\/strong>Louez Dieu pour :<\/p>\n<ul>\n<li>Plus de 400 pasteurs et leaders qui \u00e9taient r\u00e9unis \u00e0 notre convention de l\u2019Alliance en novembre avec le th\u00e8me \u00ab Souffle de Vie \u00bb! Nous louons Dieu pour avoir donn\u00e9 \u00e0 notre leadership un nouveau souffle de vie, pour son amour et sa provision, et le renouvellement de notre vision.<\/li>\n<\/ul>\n<p>Veuillez prier pour :<\/p>\n<ul>\n<li>La protection de nos pasteurs et leurs congr\u00e9gations dans la r\u00e9gion de Cauca. Ils ont \u00e9t\u00e9 affect\u00e9s par le d\u00e9sordre public.<\/li>\n<li>La provision et le soutien du processus de construction de notre camp d\u2019Ebenezer.<\/li>\n<\/ul>\n<p><strong>EQUATEUR<br \/>\n<\/strong>Veuillez prier pour :<\/p>\n<ul>\n<li>La famille Vera Aguilar qui a voyag\u00e9 en Isra\u00ebl le 9 novembre pour continuer leur travail missionnaire dans ce pays.<\/li>\n<li>L\u2019Assembl\u00e9e Nationale de l\u2019Alliance de l\u2019Equateur qui se tiendra \u00e0 Guayaquil du 23 au 25 f\u00e9vrier 2023. Priez aussi pour le nouveau Conseil d\u2019Administration qui sera \u00e9lu \u00e0 cet \u00e9v\u00e9nement.<\/li>\n<\/ul>\n<p><strong>CHILI<br \/>\n<\/strong>Louez Dieu pour :<\/p>\n<ul>\n<li>Le renouvellement de l\u2019offrande missionnaire \u00ab Promesse de la Foi \u00bb, qui soutient actuellement 26 projets missionnaires au Chili et \u00e0 l\u2019\u00e9tranger, sp\u00e9cialement dans la six\u00e8me r\u00e9gion.<\/li>\n<li>Sa fid\u00e9lit\u00e9 de 125 ans de l\u2019Alliance au Chili. Nous luons Dieu pour les missionnaires Weiss et Dawson, qui \u00e9taient des pionniers non seulement de l\u2019Alliance, mais aussi de l\u2019\u00e9vangile dans la r\u00e9gion du sud du Chili.<\/li>\n<li>Les nouveaux croyants et les gens baptis\u00e9s que le Seigneur a apport\u00e9s \u00e0 nos \u00e9glises en 2022.<\/li>\n<\/ul>\n<p>Veuillez prier pour :<\/p>\n<ul>\n<li>Les pasteurs et leurs familles qui vont commencer de nouvelles fonctions pastorales dans de nouvelles \u00e9glises dans les prochains mois. L\u2019une d\u2019elles est la famille Figueroa Ulloa avec leurs trois enfants. Ils iront comme pasteurs \u00e0 la r\u00e9gion de Palena pour y renforcer le minist\u00e8re.<\/li>\n<li>La direction et la sagesse de Dieu pendant notre assembl\u00e9e nationale en janvier 2023.<\/li>\n<\/ul>\n<p><strong>ARGENTINE<br \/>\n<\/strong>Veuillez prier pour :<\/p>\n<ul>\n<li>Un temps de repops et de renouvellement pour nos familles pastorales durant les vacances.<\/li>\n<li>La soeur Monica Barria. Priez que son visa pour l\u2019Espagne soit bient\u00f4t approuv\u00e9 pour qu\u2019elle commence son minist\u00e8re dabs ce pays.<\/li>\n<li>Le soutien \u00e9conomique, spirituel et \u00e9motionnel de nos familles missionnaires.<\/li>\n<\/ul>\n<p><strong>PANAMA<br \/>\n<\/strong>Louez Dieu pour :<\/p>\n<ul>\n<li>L\u2019installation du R\u00e9v. Luis Beltran comme pasteur titulaire de l\u2019\u00e9glise Chinoise de la CMA \u00ab Fuente de Agua Viva \u00bb.<\/li>\n<li>La provision des ressources du Seigneur pour que nous soyons capables de contribuer \u00e0 la nourriture et l\u2019achat des billets retour de plusieurs personnes au Venezuela bloqu\u00e9s au Panama, ainsi leur montrer l\u2019amour de Dieu en paroles et en actions.<\/li>\n<\/ul>\n<p>Veuillez prier pour :<\/p>\n<ul>\n<li>La provision financi\u00e8re pour que nous soyons \u00e0 m\u00eame d\u2019acheter le b\u00e2timent o\u00f9 notre \u00e9glise se r\u00e9unit depuis ces quatre derni\u00e8res ann\u00e9es.<\/li>\n<\/ul>\n<p><strong>URUGUAY<br \/>\n<\/strong>Louez Dieu :<\/p>\n<ul>\n<li>Qu\u2019apr\u00e8s plusieurs ann\u00e9es nous \u00e9tions capables de tenir une retraite nationale pour les pasteurs et missionnaires dans notre pays. C\u2019\u00e9tait un moment sp\u00e9cial de communion et d\u2019\u00e9dification dans la Parole.<\/li>\n<li>Pour la provision de ressources mat\u00e9rielles pour terminer la construction de la maison pastorale \u00e0 l\u2019\u00e9glise de l\u2019Alliance de Salto.<\/li>\n<\/ul>\n<p>Veuillez prier pour :<\/p>\n<ul>\n<li>L\u2019\u00e9glise de Santa Isabel \u00e0 Rivera. Que Dieu pourvoie aux fonds n\u00e9cessaires pour la construction d\u2019un nouveau b\u00e2timent de l\u2019\u00e9glise o\u00f9 nous pouvons nous r\u00e9unir et r\u00e9aliser de diff\u00e9rentes activit\u00e9s qui sont limit\u00e9es dans le b\u00e2timent actuel.<\/li>\n<li>L\u2019\u00e9glise de l\u2019Alliance Vichadero \u00e0 Rivera. Ils sont sans pasteur pour plus d\u2019un an. Un pasteur d\u2019une autre congr\u00e9gation soutien cette \u00e9glise comme il le peut, mais il vit tr\u00e8s loin. Veuillez prier que le Seigneur donne un pasteur \u00e0 temps plein pour cette \u00e9glise.<\/li>\n<\/ul>\n<p><strong>R\u00c9PUBLIQUE DOMINICAINE<br \/>\n<\/strong>Veuiller prier pour :<\/p>\n<ul>\n<li>Nos familles des pasteurs, sp\u00e9cialement pour le Pasteur Daniel Arias qui est malade.<\/li>\n<li>L\u2019Assembl\u00e9e Nationale de la CMA Dominicaine, qui se tiendra du 12 au 15 janvier 2023.<\/li>\n<\/ul>\n<p><strong>P\u00c9ROU<br \/>\n<\/strong>Veuillez prier pour :<\/p>\n<ul>\n<li>Notre \u00e9glise nationale. Que Dieu guide et b\u00e9nisse les nouveaux Conseils d\u2019Administration national et r\u00e9gional pour diriger notre d\u00e9nomination \u00e0 de nouveaux et meilleurs moments.<\/li>\n<li>Nos \u00e9glises locales. Que Dieu donne une vision, passion et force renouvell\u00e9es \u00e0 nos \u00e9glises pour continuer d\u2019\u00e9tendre son royaume du P\u00e9rou jusqu\u2019aux extr\u00e9mit\u00e9s de la terre.<\/li>\n<\/ul>\n<p><strong>HAITI<br \/>\n<\/strong>Veuillez prier pour :<\/p>\n<ul>\n<li>La restauration, d\u00e9livrance et conversion durant la campagne d\u2019\u00e9vang\u00e9lisation \u00ab J\u00e9sus la Vraie Voie \u00bb, qui se tiendra \u00e0 la CMA Ouanaminthe du 1 au 15 janvier 2023. Priez aussi pour les pr\u00e9dicateurs pour que Dieu les utilise avec onction et puissance &#8211; sp\u00e9cialement ceux qui viendront des Etats-Unis.<\/li>\n<\/ul>\n<p><strong>EL SALVADOR<br \/>\n<\/strong>Veuillez prier pour :<\/p>\n<ul>\n<li>Le Pasteur Jo\u00ebl Fuentes qui va diriger une \u00e9glise que nous comptons ouvrir en 2023.<\/li>\n<li>La provision de Dieu d\u2019une de nos \u00e9glises \u00e0 San Salvador d\u2019\u00eatre capable d\u2019acheter leur propre place.<\/li>\n<\/ul>\n<p><strong>BOLIVIE<br \/>\n<\/strong>Veuillez prier pour :<\/p>\n<ul>\n<li>La direction de Dieu dans le choix des dirigeants pour commencer une nouvelle \u0153uvre dans la ville de El Alto en 2023. Priez aussi pour l\u2019\u00e9quipe missionnaire qui va implanter une nouvelle \u00e9glise \u00e0 Cobija l\u2019ann\u00e9e prochaine.<\/li>\n<li>L\u2019\u00e9glise de l\u2019Alliance de Santa Cruz da la Sierra. Ils ont besoin d\u2019une plus grande facilit\u00e9 pour r\u00e9aliser des activit\u00e9s. Priez pour la provision des ressources pour louer un nouvel endroit.<\/li>\n<\/ul>\n<hr \/>\n<p><strong>7 decembre 2022<\/strong><\/p>\n<p><strong>R\u00c9GION EMERALD (EUROPE ET MOYEN-ORIENT) DE L\u2019UMA<br \/>\n<\/strong>Louez Dieu pour :<\/p>\n<ul>\n<li>La recente rencontre Zoom de leaders nationaux de l\u2019Alliance de la R\u00e9gion EMERALD. Nous avons re\u00e7u des nouvelles encourageantes des \u00e9glises de comment Dieu est clairement en train de travailler dans notre r\u00e9gion, construisant son \u00c9glise, malgr\u00e9 des temps difficiles. La rencontre fut un temps b\u00e9ni de comunion parmi les leaders nationaux.<\/li>\n<\/ul>\n<p><strong>HONGRIE<br \/>\n<\/strong>Veuillez prier pour :<\/p>\n<ul>\n<li>Le d\u00eener \u00e9vang\u00e9lique du 9 d\u00e9cembre. Nous avons invit\u00e9 les autorit\u00e9s et les repr\u00e9sentants de diff\u00e9rents domaines publics et de service \u00e0 la communaut\u00e9 de la ville de Pusztaszabolcs. Priez que le message du Christ atteigne chaque coeur.<\/li>\n<li>La f\u00eate de l\u2019Avent que les autorit\u00e9s de la ville organisent chaque ann\u00e9e. Nous avons \u00e9t\u00e9 invit\u00e9s \u00e0 conduire la c\u00e9l\u00e9bration le dimanche 11 d\u00e9cembre, comme les repr\u00e9sentants de la seule \u00e9glise chr\u00e9tienne \u00e9vang\u00e9lique dans la ville. Priez que nous puissions \u00eatre une b\u00e9n\u00e9diction \u00e0 la communaut\u00e9 et que nous d\u00e9livrions le message du salut.<\/li>\n<li>Aux jouirs conduisant \u00e0 No\u00ebl nous allons donner des dons aux enfants des parents dans le besoin dans quatre villages o\u00f9 il n\u2019y a pas d\u2019\u00e9glise. Priez que nous soyons capables de partager l\u2019\u00e9vangile avec chaque famille.<\/li>\n<\/ul>\n<p><strong>ESPAGNE<br \/>\n<\/strong>Louez Dieu pour :<\/p>\n<ul>\n<li>En 2019, Dieu a boug\u00e9 le coeur de Jon et Mariasun Neff pour r\u00e9pondre \u00e0 la crise juv\u00e9nile des immigrants \u00e0 Malaga qui ont quitt\u00e9 la rue \u00e0 leur 18\u00e8me anniversaire. Ce mois de d\u00e9cembre, trois ans plus tard, le premier de cinq sera dipl\u00f4m\u00e9 du Projet AMOR, le programme r\u00e9sidant que les Neffs ont initi\u00e9 pour loger, former, faire le mentoring et discipler des jeunes gens venus de l\u2019Afrique. Ils ont tous des papiers, du travail et logement, et ont \u00e9t\u00e9 pr\u00e9sent\u00e9s \u00e0 J\u00e9sus le Messie.<\/li>\n<\/ul>\n<p>Veuillez prier pour :<\/p>\n<ul>\n<li>Le discernement pour les Neffs et Nichlases comme ils choisissent et accueillent les douze autres jeunes hommes pour la prochaine cohorte au Projet AMOR.<\/li>\n<li>Le nouveau conseil consultatif de l\u2019Institut de Formation Minist\u00e9rielle de l\u2019Alliance (INFORMA) comme ils se rencontrent pour la premi\u00e8re fois pour donner des orientations. Les membres sont le Dr Francisco Cerron, recteur ; le R\u00e9v. Aristide Flores, pr\u00e9sident de l\u2019\u00e9glise nationale ; le R\u00e9v. Jorge Jimenez, membre du conseil national ; et le R\u00e9v. Tim Westergren, directeur des missions de l\u2019Alliance en Espagne.<\/li>\n<\/ul>\n<p><strong>TERRE SAINTE<br \/>\n<\/strong>Louez Dieu pour :<\/p>\n<ul>\n<li>Le nouveau centre \u00e0 l\u2019Ouest de la Banque pour atteindre les gens avec handicap. Ils pr\u00e9parent 12% de la population.<\/li>\n<li>Les cours en ligne en Anglais qui sont disponibles our tout le monde dans l\u2019\u00e9glise \u00e0 travers le monde pour leur enseigner comment partager leur foi avec les \u00ab Ms \u00bb.<\/li>\n<\/ul>\n<p>Veuillez prier pour :<\/p>\n<ul>\n<li>Les nouveaux croyants comme ils cherchent \u00e0 comprendre leur foi. Beaucoup d\u2019ensignement sont disponibles, mais c\u2019est souvent un casse-t\u00eate pour ceux qui sont nouveaux devant la Parole de Dieu.<\/li>\n<\/ul>\n<p><strong>PAYS-BAS<br \/>\n<\/strong>Veuillez prier pour :<\/p>\n<ul>\n<li>L\u2019unit\u00e9 aux niveaux finals du processus de fusion de l\u2019\u00e9glise ABC avec l\u2019Union Baptiste des Pays-Bas.<\/li>\n<li>La promotion des partenariats missionnaires dans notre pays, soutenu par CAMA Mission et les Baptistes Europ\u00e9ens. Nous visons de cr\u00e9er des partenariats entre nos \u00e9glises et les \u00e9quipes d\u2019implantation des \u00e9glises dans d\u2019autres pays.<\/li>\n<li>La r\u00e9union du conseil de l\u2019EMERALD de l\u2019UMA en janvier aux Pays-Bas.<\/li>\n<\/ul>\n<p><strong>JORDANIE<br \/>\n<\/strong>Louez Dieu pour :<\/p>\n<ul>\n<li>De nouvelles gens qui remplissent les \u00e9glises jordaniennes de la CMA depuis la pand\u00e9mie.<\/li>\n<\/ul>\n<p>Veuillez prier pour :<\/p>\n<ul>\n<li>Le R\u00e9v. Munther Shahatit, le coordinateur de la r\u00e9gion EMERALD de l\u2019UMA. Il est en train d\u2019\u00eatre envoy\u00e9 du Deuxi\u00e8me Cercle comme missionnaire pour diriger l\u2019\u00e9glise de Yediot \u00e0 l\u2019\u00e9cole de AAJ.<\/li>\n<\/ul>\n<p><strong>FRANCE<br \/>\n<\/strong>Louez Dieu pour :<\/p>\n<ul>\n<li>La retraite annuelle des pasteurs et les \u00e9v\u00e9nements de communion r\u00e9gionale qui ont pris place en novembre. C\u2019\u00e9tait de merveilleux moments de communion avec une claire direction pour l\u2019avenir de la famille de l\u2019Alliance en France.<\/li>\n<\/ul>\n<p><strong>GRANDE BRETAGNE<br \/>\n<\/strong>Louez Dieu pour :<\/p>\n<ul>\n<li>La restoration de la sant\u00e9 du R\u00e9v. Mike Baraniak, le pr\u00e9sident de la CMA GB.<\/li>\n<\/ul>\n<p>Veuillez prier pour :<\/p>\n<ul>\n<li>La direction et l\u2019\u00e9nergie renouvell\u00e9es pour la gestion du comit\u00e9 de la CMA GB.<\/li>\n<\/ul>\n<p><strong>IRAK<br \/>\n<\/strong>L\u2019\u00c9glise de l\u2019Alliance \u00e0 Erbil, Kurdistan<br \/>\nLouez Dieu pour :<\/p>\n<ul>\n<li>Les gens qui viennent \u00e0 Christ de plusieurs nations et groupes de gens \u00e0 Erbil.<\/li>\n<li>Les 74 volontaires \u00e0 plein temps qui servent de fa\u00e7ons diverses et qui dirigents des groupes de discipolat.<\/li>\n<\/ul>\n<p>Veuillez prier pour :<\/p>\n<ul>\n<li>La croissance plus profonde en Christ parmi les disciples.<\/li>\n<li>Les nouveaux leaders qui dirigent les groupes de discipolat.<\/li>\n<\/ul>\n<p><strong>MINIST\u00c8RES DE LA DIASPORA DE L\u2019ALLIANCE (MDA)<br \/>\n<\/strong>Veuillez prier pour :<\/p>\n<ul>\n<li>Le lancement du nouveau cycle d\u2019implantation de l\u2019\u00e9glise parmi les Minist\u00e8res de la Diaspora de l\u2019Alliance \u00e0 travers l\u2019Europe.<\/li>\n<\/ul>\n<p><strong>DIASPORA DE L\u2019ALLIANCE AFRICAINE<br \/>\n<\/strong>Louez Dieu pour :<\/p>\n<ul>\n<li>La nouvelle communaut\u00e9 Congolaise de l\u2019Alliance \u00e0 Dijon, France, qui cherche \u00e0 implanter une \u00e9glise avec le soutien de l\u2019\u00e9glise nationale de l\u2019Alliance de France (AECM France).<\/li>\n<\/ul>\n<p><strong>FORMATION DE L\u2019ALLIANCE<br \/>\n<\/strong>Veuillez prier pour :<\/p>\n<ul>\n<li>L\u2019Institut de Th\u00e9ologie de l\u2019Alliance Chr\u00e9tienne (CAIT) au Liban comme ils construisent et offre une formation en ligne et hybride des cours en Arabe sous leur nouveau directeur, Daniel Hutton. Ils travail avec le soutien de Yazan Fakhoury \u00e0 partir de la CMA Jordanie.<\/li>\n<\/ul>\n<hr \/>\n<p>&nbsp;<\/p>\n<h2><strong>Pri\u00e8res de l\u2019UMA\u00a0 \u2013 Novembre 2022<\/strong><\/h2>\n<p>&nbsp;<\/p>\n<p><strong>30 novembre 2022<\/strong><\/p>\n<p><strong>1) <\/strong><strong>R\u00c9GION APAC (ASIE PACIFIQUE) DE L\u2019UMA<\/strong><\/p>\n<p><strong>INDONESIE<br \/>\n<\/strong>Le 21 n ovembre, un tremblement de terre magnitude 5.6 a frapp\u00e9 Java Ouest dans une zone grandement peupl\u00e9e par les musulmans. Plus de 61 900 personnes \u00e9taient d\u00e9plac\u00e9es, 271 personnes sont mortes, et 56 320 maisons endommag\u00e9es. Veuillez prier pour :<\/p>\n<ul>\n<li>La Fondation Kemah Peduli Indon\u00e9sie (Service de Secours sous CMA Indon\u00e9sie), qui est en train de travailler avec CAMA Services en Indon\u00e9sie. Ils sont en train de donner une r\u00e9ponse au d\u00e9sastre des minist\u00e8res en envoyant de l\u2019aide et des volontaires. Prier pour des volontaires de manifester le vrai amour au peuple, sp\u00e9cialement ceux qui ne peuvent pas \u00eatre atteints par l\u2019assistance du gouvernement.<\/li>\n<\/ul>\n<p>&nbsp;<\/p>\n<p><strong>2) R\u00c9GION AFRIQUE DE L\u2019UMA<\/strong><\/p>\n<p><strong>REPUBLIQUE DEMOCRATIQUE DU CONGO (RDC)<br \/>\n<\/strong>Louez Dieu pour :<\/p>\n<ul>\n<li>La r\u00e9ussite du voyage en Espagne du R\u00e9v. Marcel Bunda, le pr\u00e9sident de l\u2019Alliance en RDC. Il a particip\u00e9 \u00e0 la Conf\u00e9rence des Missions de l\u2019\u00c9glise de la CMA Espagne \u00e0 Madrid.<\/li>\n<\/ul>\n<p>Veuillez priez pour :<\/p>\n<ul>\n<li>Les campagnes de pri\u00e8re et lev\u00e9e des fonds pour la Mission dans les \u00e9glises de la RDC.<\/li>\n<li>Les missionnaires qui iront bient\u00f4t en Guin\u00e9e. Priez aussi que nous peuissions finaliser l\u2019accord avec les partenaires qui vont collaborer avec nous dans ce projet.<\/li>\n<li>Que la violence cesse dans les duex Districts Eccl\u00e9siastiques du Plateau de Bateke et la r\u00e9gion autour de Kinshasa o\u00f9 les \u00e9glises sont ferm\u00e9es due aux tueries \u00e9thniques.<\/li>\n<li>Le soutien financier et mat\u00e9riel pour les familles des pasteurs de l\u2019Alliance et les membres de l\u2019\u00e9glise du Plateau de Bateke qui ont tout perdu.<\/li>\n<\/ul>\n<p><strong>C\u00d4TE D\u2019IVOIRE<br \/>\n<\/strong>Louez Dieu pour :<\/p>\n<ul>\n<li>Le bon d\u00e9roulement de la campagne d\u2019\u00e9vang\u00e9lisation appel\u00e9e \u00ab La C\u00f4te pour Christ \u00bb.<\/li>\n<li>La conversion des \u00e2mes durant les deux premi\u00e8res \u00e9tapes de la campagne \u00e0 Songon et Fresco.<\/li>\n<\/ul>\n<p>Veuillez prier pour :<\/p>\n<ul>\n<li>La finition de la Maison de la Radion de l\u2019Alliance Chr\u00e9tienne. Presque 70% de travail sont termin\u00e9s.<\/li>\n<li>Les fonds qui sont en train d\u2019\u00eatre lev\u00e9s pour la construction des b\u00e2timents de l\u2019\u00e9glise, pour le travail sur les champs demission, \u00e9quipper la maison de la radio, et \u00e9quiper l\u2019Equipe Nationale de l\u2019Evang\u00e9lisation.<\/li>\n<\/ul>\n<p><strong>MALI<br \/>\n<\/strong>Veuillez prier pour :<\/p>\n<ul>\n<li>Un remplacement doux du directeur g\u00e9n\u00e9ral du Centre Protestant d\u2019Assistance M\u00e9dicale (CPAM), l\u2019ONG est dirig\u00e9e par l\u2019Alliance du Mali.<\/li>\n<li>Les fammilles qui ont perdu leurs parents \u00e0 l\u2019explosion de bombes dans le District de Zemana.<\/li>\n<li>La provision financi\u00e8re pour la c\u00e9l\u00e9bration de notre centenaire.<\/li>\n<li>Que le Seigneur \u00e9pargne le Mali des conflits religieux. Beaucoup de confrotations ont pris place ces r\u00e9centes semaines.<\/li>\n<\/ul>\n<p><strong>GABON<br \/>\n<\/strong>Louez Dieu pour :<\/p>\n<ul>\n<li>Que nous \u00e9tions capables de pr\u00e9senter le film <em>J\u00e9sus<\/em> pour la premi\u00e8re fois dans la langue locale Gisir. Cent cinquante-deux personnes ont particip\u00e9 et 21 ont pri\u00e9 pour accepter le Seigneur. Que Dieu soit lou\u00e9 !<\/li>\n<\/ul>\n<p>&nbsp;<\/p>\n<p><strong>3) R\u00c9GION AMERIQUE DU NORD DE L\u2019UMA<\/strong><\/p>\n<p><strong>ETAS-UNIS<br \/>\n<\/strong>Veuillez prier pour :<\/p>\n<ul>\n<li>Les \u00e9glises de l\u2019Alliance des Etats-Unis comme elles continuent d\u2019atteindre et prendre soin de continuelles vagues des refugiers et immigrants \u00e9tant accueillies dans nos villes et communaut\u00e9s<\/li>\n<li>Ceux qui \u00e9taient affect\u00e9s par l\u2019Ouragan Nicole sur la c\u00f4te Est de Floride. Quelques maisons c\u00f4ti\u00e8res sont perdues. Priez pour les familles des bien-aim\u00e9s, pour ceux qui \u00e9taient bless\u00e9s, et pour les gens dont les maisons \u00e9taient endommag\u00e9es ou d\u00e9truites. Priez aussi pour les \u00e9glises de l\u2019Alliance comme elles atteignent et aident ceux qui sont impact\u00e9s.<\/li>\n<li>Un esprit de g\u00e9n\u00e9rosit\u00e9 parmi les gens de l\u2019Alliance comme nous nous approchons de la saison des dons de la fin d\u2019ann\u00e9e. L\u2019Offrande de No\u00ebl de l\u2019Alliance invite les \u00e9glises am\u00e9ricaines et les particuliers de soutenir et \u00e9quiper les travailleurs internationaux de l\u2019Alliance pour proclamer <em>L\u2019amour Est Ici <\/em>parmi ceux qui n\u2019ont pas encore entendu la bonne nouvelle de grande joie.<\/li>\n<li>Les \u00e9glises \u00e0 travers les Etats-Unis en cons\u00e9quence de recentes \u00e9lections, sp\u00e9cifiquement que les croyants seront mod\u00e8les de l\u2019unit\u00e9 et bont\u00e9. Priez que les membres de familles de l\u2019Alliance cherchent \u00e0 \u00eatre sel et lumi\u00e8re comme ils dirigent des r\u00e9alit\u00e9s politiques complexes et tendant \u00e0 la division.<\/li>\n<\/ul>\n<p>&nbsp;<\/p>\n<hr \/>\n<p><strong>16 novembre 2022<\/strong><\/p>\n<p><strong>R\u00c9GION APAC (ASIE PACIFIQUE) DE L\u2019UMA<\/strong><\/p>\n<p><strong>TAIWAN<br \/>\n<\/strong>Louez Dieu pour :<\/p>\n<ul>\n<li>La c\u00e9r\u00e9monie de collation des grades acad\u00e9miques au S\u00e9minaire Th\u00e9ologique de l\u2019Alliance de Taiwan le 29 octobre. C\u2019\u00e9tait report\u00e9 \u00e0 cause de la pand\u00e9mie.<\/li>\n<li>Le congr\u00e8s des membres de l\u2019Union de l\u2019\u00c9glise de l\u2019Alliance de Taiwan, le 30 octobre. Le plan du minist\u00e8re et le budget pour l\u2019ann\u00e9e prochaine ont \u00e9t\u00e9 finalis\u00e9s et approuv\u00e9s.<\/li>\n<\/ul>\n<p>Veuillez prier pour :<\/p>\n<ul>\n<li>La gu\u00e9rison de nos pasteurs qui ont la COVID-19.<\/li>\n<li>Nos \u00e9glises. Les rencontres et les finances ont \u00e9t\u00e9 affect\u00e9es par la pand\u00e9mie.<\/li>\n<\/ul>\n<p><strong>MYANMAR<br \/>\n<\/strong>Louez Dieu pour :<\/p>\n<ul>\n<li>Le bapt\u00eame de deux jeunes hommes \u00e0 l\u2019\u00e9glise de l\u2019Alliance de Tuingo en octobre.<\/li>\n<li>La visite et le minist\u00e8re r\u00e9ussis des Femmes de l\u2019Alliance du District de Tahan dans six \u00e9glises locales d\u00e9but novembre.<\/li>\n<\/ul>\n<p>Veuillez prier :<\/p>\n<ul>\n<li>Que nous puissions acheter trois maisons ou appartements dans de diff\u00e9rents champs de mission dans la ville de Yangon pour diriger le travail missionnaire efficacement et perp\u00e9tuellement.<\/li>\n<li>Que nous puissions payer de meilleurs salaires aux missionaires. Actuellement, les salaires ne rencontrent pas les besoins de familles \u00e0 cause de l\u2019inflation.<\/li>\n<\/ul>\n<p><strong>INDONESIE<br \/>\n<\/strong>Veuillez prier pour :<\/p>\n<ul>\n<li>Les missionnaires \u00e0 l\u2019\u00e9tranger qui travaillent dans diff\u00e9rents pays: sept missionnaires servent la diaspora indon\u00e9sienne travailleurs migrants \u00e0 Hong Kong et Taiwan; Mme Queency qui aborde les Burmans \u00e0 partir de Myanmar \u00e0 Bangkok en collaboration avec la CMA Thailand.<\/li>\n<li>Nos plans d\u2019envoyer un missionnaire \u00e0 Timor Leste. Nous avons d\u00e9j\u00e0 fait une visite pour commencer. Priez pour les missionnaires qui seront envoy\u00e9s.<\/li>\n<\/ul>\n<p><strong>MONGOLIE<br \/>\n<\/strong>Veuillez prier pour :<\/p>\n<ul>\n<li>Les nouvelles \u00e9glises \u00e0 implanter dans des provinces comme Zavkhan, Ovorkhangai et Selenge (Javkhlant).<\/li>\n<li>La croissance du minist\u00e8re de la jeunesse de l\u2019\u00e9glise de l\u2019Alliance de Mongolie.<\/li>\n<li>Le minist\u00e8re de secours et du d\u00e9veloppement plus fructueux et efficace par l\u2019\u00e9glise de l\u2019Alliance de Mongolie.<\/li>\n<li>Le d\u00e9veloppement des projets missionnaires en dehors de la Mongolie.<\/li>\n<li>Le centre actuel de CAMA de devenir un centre de formation \u00e9ducationnelle.<\/li>\n<\/ul>\n<p><strong>HONG KONG<br \/>\n<\/strong>Louez Dieu pour :<\/p>\n<ul>\n<li>Le 70\u00e8me anniversaire de l\u2019\u00e9glise de l\u2019Alliance du Point Nord qui a \u00e9t\u00e9 une forte \u00e9glise missionnaire et un grand soutien du minist\u00e8re de l\u2019UMA.<\/li>\n<\/ul>\n<p>Veuillez prier pour :<\/p>\n<ul>\n<li>La paix, la stabilit\u00e9 et la justice \u00e0 Hong Kong. Que les chr\u00e9tiens soient un canal de la paix de Dieu. Que le Seigneur b\u00e9nisse les peuples de Hong Kong, sp\u00e9cialement les jeunes gens, et les rende capables de sortir de l\u2019impuissance, du chagrin, et du desespoir.<\/li>\n<li>Le leadership et les pasteurs de l\u2019Union de l\u2019\u00c9glise de l\u2019Alliance Chr\u00e9tienne et Missionaire de Hong Kong. Ils font face \u00e0 de grands d\u00e9fis comme l\u2019exode de la population de ville s\u2019accel\u00e8re. Cela affecte aussi l\u2019adh\u00e9sion \u00e0 l\u2019\u00e9glise.<\/li>\n<\/ul>\n<p><strong>JAPON<br \/>\n<\/strong>Veuillez prier pour :<\/p>\n<ul>\n<li>Le Japon, un des pays avec une libert\u00e9 de religion qui a une population \u00e9vang\u00e9lique de moins de 0.5%. Priez pour des travailleurs de l\u2019Alliance de l\u2019Argentine, Br\u00e9sil, Canada, P\u00e9rou, Philippines, Taiwan et \u00c9tats Unis servant au Japon.<\/li>\n<li>La construction d\u2019un nouveau b\u00e2timent pour le s\u00e9minaire et le bureau national de l\u2019Alliance. Le b\u00e2timent aura des doirtoires des hommes, salles de r\u00e9union, et des salles polyvalentes. Priez que le plan de la construction se fasse en douceur, et que le budget soit approuv\u00e9 au prochain conseil annuel.<\/li>\n<\/ul>\n<hr \/>\n<p><strong>9 novembre 2022<\/strong><\/p>\n<p><strong>R\u00c9GION CLA (AM\u00c9RIQUE LATINE) DE L\u2019UMA<\/strong><\/p>\n<p><strong>COLOMBIE<br \/>\n<\/strong>Louez Dieu pour :<\/p>\n<ul>\n<li>Sa direction et sagesse pour le Conseil National d\u2019Administration et le Conseil Minist\u00e9riel comme ils r\u00e9alisent le plan strat\u00e9gique pour les trois prochaines ann\u00e9es. Nous prions que cela soit une grande b\u00e9n\u00e9diction pour notre famille de l\u2019Alliance en Colombie.<\/li>\n<\/ul>\n<p>Veuillez prier pour :<\/p>\n<ul>\n<li>Notre Convention 2022 de l\u2019Alliance du 17 au 20 novembre, avec le th\u00e8me, \u00ab Soufle de Vie \u00bb. Que le Seigneur pr\u00e9pare les coeurs des participants et que cela soit un temps de grande b\u00e9n\u00e9diction.<\/li>\n<li>Les \u00e9tudiants du Centre de Formation Interculturelle A. B. Simpson. Ils font leur stage professionnel dans diff\u00e9rentes places en Colombie (Cauca, Risaralda, Narino at Amazone) et au P\u00e9rou. Priez que Dieu leur accorde gr\u00e2ce, sagesse et un temps d\u2019enrichissement spirituel; minist\u00e9riel et personnel dans l\u2019accomplissement de la Grande Commission.<\/li>\n<\/ul>\n<p><strong>BR\u00c9SIL<br \/>\n<\/strong>Louez Dieu pour :<\/p>\n<ul>\n<li>La conf\u00e9rence de la jeunesse en octobre qui a mis ensemble 122 jeunes gens avec le th\u00e8me \u00ab \u00ab L\u2019\u00e9go Transform\u00e9 \u00bb. Priez que que Dieu continue de travailler et utiliser nos jeunes gens pour atteindre cette g\u00e9n\u00e9ration \u00e0 venir.<\/li>\n<\/ul>\n<p>Veuillez prier pour :<\/p>\n<ul>\n<li>Le congr\u00e8s national des femmes du 12 au 15 novembre. Priez pour des voyages s\u00e9curis\u00e9s pour toutes les participantes et pour un temps b\u00e9ni d\u2019adoration, de communion, d\u2019enseignement de la Parole de Dieu et de la pri\u00e8re.<\/li>\n<li>Le S\u00e9minaire Th\u00e9ologique A. W. Tozer. Ils ont un nouveau programme pour atteindre plus de jeunes gens qui sont int\u00e9ress\u00e9s \u00e0 approfondir leur marche avec Christ.<\/li>\n<li>Les missionnaires Patricia et Daniel Tivane. Ils vont retourner de la Mozambique au Br\u00e9sil en d\u00e9cembre pour une p\u00e9riode des \u00e9tudes et un temps avec la famille.<\/li>\n<li>L\u2019\u00e9quipe missionnaire au Portugal. Ils sont en train de mener des recherches poue mieux comprendre la ville \/ r\u00e9gion pour implanter une nouvelle \u00e9glise et de faire cro\u00eetre l\u2019\u00e9glise dans la ville de Paredes.<\/li>\n<li>Que Dieu suscite des partenaires pour le projet de l\u2019Asie.<\/li>\n<li>Notre pays, qui est divis\u00e9 \u00e0 cause du r\u00e9sultat de l\u2019\u00e9lection pr\u00e9sidentielle du 30 octobre. Ceci cause des protestaions et des immobilisations qui affectent le pays. Que Dieu, dans sa souverainet\u00e9, guide le gouvernement en ces jours et ann\u00e9es \u00e0 venir. Priez aussi pour nos pasteurs qui doivent pa\u00eetre les \u00e9glises les \u00e9glises qui sont divis\u00e9es par l\u2019\u00e9lection.<\/li>\n<\/ul>\n<p><strong>VENEZUELA<br \/>\n<\/strong>Veuillez prier pour :<\/p>\n<ul>\n<li>Le pasteur Nunez et sa famille. Apr\u00e8s 25 ans de service ministriel au Venezuela, ils retournent \u00e0 leur pays, le Chili. Que le Seigneur les guide et les fortifie. Priez aussi pour l\u2019\u00e9glise de l\u2019Alliance EI Encuentro Biblico durant cette transition. Que Dieu guide, prot\u00e8ge, donne de la sagesse, et la r\u00e9v\u00e9lation au nouveau pasteur.<\/li>\n<li>La sant\u00e9 physique et financi\u00e8re de nos familles pastorales. Que le Seigneur pourvoie \u00e0 tout ce dont elles ont besoin et donne la paix au milieu des difficult\u00e9s.<\/li>\n<li>La provion des ressources n\u00e9cessaires pour avancer dans la reconstruction et l\u2019op\u00e9ration de la Fondation pour la Famille (FUNDALFA). Priez aussi pour la nouvelle \u00e9glise qui va fonctionner dans le m\u00eame local.<\/li>\n<li>La provision des ressources humaines et financi\u00e8res pour le travail \u00e0 Guayos et \u00e0 Cumaca, les deux dans l\u2019\u00e9tat de Carabobo.<\/li>\n<\/ul>\n<p><strong>PANAMA<br \/>\n<\/strong>Louez Dieu pour :<\/p>\n<ul>\n<li>La croissance des \u00e9glises chinoises. Nous avons pris les premi\u00e8res \u00e9tapes pour impl\u00e9menter les r\u00e8gles internes des \u00e9glises au Panama.<\/li>\n<\/ul>\n<p>Veuillez prier pour :<\/p>\n<ul>\n<li>La sagesse et la sant\u00e9 pour le couple missionnaire Miguel et Yngrid Grassals. Ils conduisent l\u2019implantation de l\u2019\u00e9glise de l\u2019Alliance Brisas del Golf.<\/li>\n<li>Pour que le Seigneur suscite un couple pour soutenir l\u2019oeuvre au Panama.<\/li>\n<li>Notre \u00e9glise. Les propri\u00e9taires ont re\u00e7u une offre de vendre les premices l\u2019\u00e9glise \u00e9tait en train d\u2019utiliser les quatre derni\u00e8res ann\u00e9es. Priez que le Seigneur donne gr\u00e2ce au propi\u00e9taire et aide l\u2019\u00e9glise \u00e0 faire face \u00e0 ce d\u00e9fi de la foi.<\/li>\n<li>Le Panama est un pont migratoire et commercial. Priez que le Seigneur nous donne de la sagesse, compassion et la provision \u00e0 rencontrer les besoins des migrants dans une extr\u00eame pauvret\u00e9. Qu\u2019ils sentent l\u2019amour de Dieu \u00e0 leur transit \u00e0 travers le Panama.<\/li>\n<\/ul>\n<p><strong>URUGUAY<br \/>\n<\/strong>Louez Dieu pour :<\/p>\n<ul>\n<li>La provision des ressources pour compl\u00e9ter la construction de la maison pastorale \u00e0 Salto.<\/li>\n<\/ul>\n<p>Veuillez prier pour :<\/p>\n<ul>\n<li>La sant\u00e9 du pasteur Andr\u00e9s Ripoll.<\/li>\n<li>Un travailleur pour l\u2019\u00e9glise \u00e0 Vichadero.<\/li>\n<li>La provision des fonds pour la construction d\u2019un nouveau b\u00e2timent pour l\u2019\u00e9glise de l\u2019Alliance Santa Isabel.<\/li>\n<li>Que le Seigneur fortifie les membres de l\u2019Alliance Mandubi. Ils sont dans le processus d\u2019une transition pastorale.<\/li>\n<\/ul>\n<p><strong>EL SALVADOR<br \/>\n<\/strong>Veuillez prier pour :<\/p>\n<ul>\n<li>Le pasteur Jo\u00eal Fuentes. Il a \u00e9t\u00e9 invit\u00e9 \u00e0 \u00eatre le pasteur de la nouvelle oeuvre qui est planifi\u00e9e de commencer en 2023. Que le Seigneur confirme sa volont\u00e9.<\/li>\n<li>Que Dieu suscite beaucoup d\u2019\u00e9tudiants de nos \u00e9glises pour \u00e9tudier \u00e0 SEMMCA (S\u00e9minaire Minist\u00e9riel du Centre Am\u00e9ricain de l\u2019Alliance).<\/li>\n<li>Une unit\u00e9 profonde, croissante et forte parmi nos \u00e9glises qui font de nous plus forts.<\/li>\n<li>Le nouveau bureau national de l\u2019\u00e9glise \u00e0 \u00eatre \u00e9lue au d\u00e9but de 2023. Que Dieu nous donne des gens corrects.<\/li>\n<\/ul>\n<p><strong>BOLIVIE<br \/>\n<\/strong>Veuillez prier pour :<\/p>\n<ul>\n<li>Que Dieu nous ouvre des portes pour d\u00e9buter une nouvelle oeuvre \u00e0 Cobija et \u00e0 EI Alto.<\/li>\n<li>La pers\u00e9v\u00e9rance des \u00e9tudiants dans l\u2019acad\u00e9mie biblique locale.<\/li>\n<li>Le transfert de l\u2019\u00e9glise de l\u2019Alliance de Santa Cruz \u00e0 une nouvelle place.<\/li>\n<li>La situation politique due au recensement \u00e0 Santa Cruz de la Sierra.<\/li>\n<\/ul>\n<p><strong>CUBA<br \/>\n<\/strong>Veuillez prier pour :<\/p>\n<ul>\n<li>Notre retraite de la famille pastorale \u00e0 tenir du 7 au 11 novembre.<\/li>\n<li>La gu\u00e9rison du pasteur Eliud qui a des probl\u00e8mes de prostate.<\/li>\n<\/ul>\n<hr \/>\n<p><strong>2 novembre 2022<\/strong><\/p>\n<p><strong>R\u00c9GION EMERALD (EUROPE ET MOYEN-ORIENT) DE L\u2019UMA<br \/>\n<\/strong>Veuillez prier pour :<\/p>\n<ul>\n<li>La Conf\u00e9rence de l\u2019UMA EMERALD et le Symposium Global de la Th\u00e9ologie de l\u2019Alliance qui se tiendra \u00e0 Toulouse en France en juin 2023.<\/li>\n<\/ul>\n<p><strong>MINIST\u00c8RES DE LA DIASPORA DE L\u2019ALLIANCE (MDA)<br \/>\n<\/strong>Louez Dieu pour :<\/p>\n<ul>\n<li>La rencontre des pasteurs des MDA en octobre. Une vision d\u2019implantation d\u2019\u00e9glise \u00e9tait lanc\u00e9e, et des rapports \u00e9taient donn\u00e9s sur toute l\u2019Europe.<\/li>\n<li>Tout ce qu\u2019il est en train de faire parmi les immigrants musulmans et les r\u00e9fugi\u00e9s.<\/li>\n<\/ul>\n<p>Veuillez prier pour :<\/p>\n<ul>\n<li>L\u2019\u00e9glise des Arabes qu\u2019on implante \u00e0 Berlin, Allemagne.<\/li>\n<li>L\u2019\u00e9glise de maison \u00e0 Granollers, Espagne et pour l\u2019\u00e9glise \u00e0 Marseille, France qui sont en train d\u2019\u00eatre implant\u00e9es parmi les croyants d\u2019origine musulmane.<\/li>\n<li>Plus d\u2019ouvriers \u00e0 envoyer \u00e0 Milan, Italie et Manchester, Royaume Uni.<\/li>\n<li>Les musulmans qui font le discipolat \u00e0 Malaga, Madrid, et Salt, Espagne. Priez pour les ouvriers qui marchent \u00e0 d\u2019eux.<\/li>\n<\/ul>\n<p><strong>ESPAGNE<br \/>\n<\/strong>Louez Dieu pour :<\/p>\n<ul>\n<li>La c\u00e9r\u00e9monie de collation des grades de cinq \u00e9tudiants de l\u2019Institut Biblique de l\u2019Alliance INFORMA \u00e0 Madrid le 22 octobre.<\/li>\n<li>La 4\u00e8me Conf\u00e9rence Nationale des Missions de l\u2019Alliance qui s\u2019est tenue \u00e0 Granada en octobre. Le th\u00e8me \u00e9tait le r\u00f4le de l\u2019\u00e9glise locale dans les missions interculturelles comme l\u2019\u00e9glise d\u2019accueil. La conf\u00e9rence avait le privil\u00e8ge d\u2019entendre de la d\u00e9l\u00e9gation de la R\u00e9publique D\u00e9mocratique du Congo, la plus grande \u00e9glise nationale de l\u2019Alliance de la r\u00e9gion de l\u2019Afrique.<\/li>\n<\/ul>\n<p>Veuillez prier pour :<\/p>\n<ul>\n<li>Les trois derniers cours INFORMA \u00e0 Madrid, Barcelona, et Canarias. Priez que les \u00e9tudiants soient b\u00e9nis par le Seigneur comme l\u2019ann\u00e9e acad\u00e9mique arrive \u00e0 la fin.<\/li>\n<li>Le nouveau directeur INFORMA, Dr Francisco Cerron, comme il pr\u00e9pare les cours et le professeurs pour l\u2019ann\u00e9e qui vient. Que Dieu lui accorde de la sagesse.<\/li>\n<li>Les nouveaux pas dans l\u2019Institut de Formation de l\u2019Alliance pour Europe et le Programme de Formation de l\u2019\u00c9cole du Minist\u00e8re.<\/li>\n<\/ul>\n<p><strong>HONGRIE<br \/>\n<\/strong>Louez Dieu pour:<\/p>\n<ul>\n<li>L\u2019oeuvre missionnaire \u00e0 Pusztaszabolcs, o\u00f9 le Seigneur nous a permis d\u2019\u00e9tablir une \u00e9glise de l\u2019Alliance. Celle-ci est la seule \u00e9glise chr\u00e9tienne \u00e9vang\u00e9lique dans cette ville et plus de 20 entourant les villages.<\/li>\n<li>Les portes qui ont \u00e9t\u00e9 ouvertes dans la ville de Belolannisz pour enseigner la Bible comme un des cours des \u00e9coles. Veuillez prier qu\u2019\u00e0 travers cette opportunit\u00e9 nous seons capables d\u2019atteindre plus de gens avec l\u2019\u00e9vangile.<\/li>\n<\/ul>\n<p>Veuillez prier pour :<\/p>\n<ul>\n<li>Les missionnaires Argentins Elisa et Jose Nemet, qui supervisent le travail en Hongrie. Que le Seigneur continue de renouveler leur force. Priez aussi pour la missionnaire Fanny Levicoy. Elle est aussi de l\u2019Argentine et elle a joint l\u2019\u00e9quipe il y a quelques mois.<\/li>\n<li>La ville d\u2019Adony. Nous avons tenu notre premier \u00e9v\u00e9nement \u00e9vang\u00e9listique l\u00e0-bas en septembre. Priez pour ceux qui ont entendu l\u2019\u00e9vangile, pour que bient\u00f4t nous puissions encore nous rencontrer.<\/li>\n<li>Le premier \u00e9v\u00e9nement \u00e9vang\u00e9listique \u00e0 tenir au village de Besnyo le 4 novembre.Priez pour ceux qui vont entendre le message de Christ pour la premi\u00e8re fois, que la semence tombe sur un bon sol et produise du bon fruit.<\/li>\n<li>Les visites que nous faisons chaque 15 jours au village d\u2019Ivancsa pour partager l\u2019\u00e9vangile dans uns home des vieillards. Plusieurs ont d\u00e9j\u00e0 pris la d\u00e9cision de suivre Christ. Priez pour ces nouveaux croyants, leurs familles, et que nous puissions partager l\u2019\u00e9vangile avec plus des gens dans ce village.<\/li>\n<\/ul>\n<p><strong>ITALIE<br \/>\n<\/strong>\u00c9glise de l\u2019Alliance d\u2019Ancona<br \/>\nLouez Dieu pour :<\/p>\n<ul>\n<li>Le fructueux camp missionnaire de la jeunesse qui \u00e9tait tenu en septembre. C\u2019\u00e9tait une exp\u00e9rience \u00e9difiante et une grande b\u00e9n\u00e9diction.<\/li>\n<\/ul>\n<p>Veuillez prier pour :<\/p>\n<ul>\n<li>Les nouvelles personnes, inclus jeunes gar\u00e7ons et couples adultes, avec lesquels nous avons partag\u00e9 le message de l\u2019\u00e9vangile et qui commencent \u00e0 se r\u00e9ferer \u00e0 Dieu et qui sont en train d\u2019\u00eatre enseign\u00e9s. Qu\u2019ils arrivent \u00e0 le conna\u00eetre et \u00e0 apprendre plus sur lui.<\/li>\n<li>Le service social que nous r\u00e9alisons une fois le mois avec l\u2019aide de l\u2019Etat, avec lequel nous distribuons des boites de nourriture aux familles dans le besoin. Chaque mois nous sommes en contact avec pr\u00e8s de 1 000 personnes pour la distribution, et beaucoup de familles qui re\u00e7oivent la nourriture sont des immigrants, principalement d\u2019origine musulmane. Veuillez prier qu\u2019\u00e0 travers ce service nous puissions partager l\u2019\u00e9vangile et que beaucoup viennent \u00e0 Dieu. C\u2019est une grande opportunit\u00e9 de parler \u00e0 si beaucoup de gens de diff\u00e9rentes cultures, langues, et religions, avec beaucoup de besoins tant mat\u00e9riels que spirituels. Que Dieu nous donne la sagesse et les mots justes.<\/li>\n<\/ul>\n<p><strong>FRANCE<br \/>\n<\/strong>Louez Dieu pour :<\/p>\n<ul>\n<li>Beaucoup de communaut\u00e9s de la diaspora de l\u2019Alliance en France qui ont habilit\u00e9 des leaders pour servir avec l\u2019\u00e9glise nationale de l\u2019Alliance.<\/li>\n<\/ul>\n<p>Veuillez prier pour :<\/p>\n<ul>\n<li>Le nouveau pr\u00e9sident national de l\u2019Alliance, R\u00e9v. Olivier LO. Priez que Dieu l\u2019oigne du Saint-Esprit et lui donne sagesse et force. Priez pour sa femme et sa famille comme elles le soutiennent dans cet important r\u00f4le d\u2019aider \u00e0 apporter la bonne nouvelle \u00e0 toute la France et toutes les nations.<\/li>\n<li>La retraite annuelle des pasteurs en novembre et les \u00e9v\u00e9nements r\u00e9gionaux de communion. L\u2019orateur principal sera le Dr Denis Episcopo de l\u2019\u00e9glise de l\u2019Alliance de Appleton.<\/li>\n<\/ul>\n<p><strong>IRAK<br \/>\n<\/strong>\u00c9glise de l\u2019Alliance \u00e0 Erbil, Kurdistan<br \/>\nLouez Dieu :<\/p>\n<ul>\n<li>Que le travail de la construction du nouveau b\u00e2timent de l\u2019\u00e9glise a finalement commenc\u00e9 apr\u00e8s trois ans.<\/li>\n<\/ul>\n<p>Veuillez prier pour :<\/p>\n<ul>\n<li>Les services de discipolat et pour les nouveaux leaders des groupes de discipolat.<\/li>\n<li>Que le Seigneur donne les finances n\u00e9cessaires pour compl\u00e9ter la construction du nouveau b\u00e2timent de l\u2019\u00e9glise.<\/li>\n<\/ul>\n<p>&nbsp;<\/p>\n<hr \/>\n<p>&nbsp;<\/p>\n<h2><strong>Pri\u00e8res de l\u2019UMA \u2013 Octobre 2022<\/strong><\/h2>\n<p>&nbsp;<\/p>\n<p><strong>26 octobre 2022<\/strong><\/p>\n<p><strong>1) R\u00c9GION APAC (ASIE PACIFIQUE) DE L\u2019UMA<\/strong><\/p>\n<p><strong>MYANMAR<br \/>\n<\/strong>Louez Dieu pour :<\/p>\n<ul>\n<li>Le bapt\u00eame de 22 jeunes \u00e0 l\u2019\u00e9glise de l\u2019Alliance de Tuivar, Kalaymyo.<\/li>\n<li>L\u2019\u00e9vang\u00e9lisation faite par les missionnaires parmi les incroyants au milieu d\u2019une crise nationale.<\/li>\n<\/ul>\n<p>Veuillez prier pour :<\/p>\n<ul>\n<li>La s\u00e9curit\u00e9 et le bien-\u00eatre du R\u00e9v. Lal Duh Chuanga, pr\u00e9sident de l\u2019\u00e9glise de l\u2019Alliance de Myanmar. Il assistera \u00e0 la Conf\u00e9rence R\u00e9gionale de l\u2019APAC \u00e0 S\u00e9oul en Cor\u00e9e du Sud en novembre.<\/li>\n<li>La sagesse et une bonne coop\u00e9ration pour le Comit\u00e9 des Femmes de l\u2019Alliance nouvellement \u00e9lu.<\/li>\n<\/ul>\n<p><strong>TAIWAN<br \/>\n<\/strong>Veuillez prier pour :<\/p>\n<ul>\n<li>Nos trois \u00e9glises qui donnent des repas aux vieux et personnes vivant seules. Priez aussi pour la gu\u00e9rison de quelques serviteurs de l\u2019\u00e9glise qui ont \u00e9t\u00e9 diagnostiqu\u00e9s avec la COVID-19. Ils \u00e9taient en train de distribuer la nourriture, et sans eux il est difficile de continuer cette oeuvre.<\/li>\n<li>Le soin et la provision de Dieu pour les pasteurs dans les villages \u00e9loign\u00e9s qui n\u2019ont pas de salaire suffisant pour couvrir leurs besoins vitaux.<\/li>\n<li>La sant\u00e9 du R\u00e9v. Silas Yang, le pr\u00e9sident de la CMA Taiwan. Il souffre d\u2019hydroc\u00e9phalie.<\/li>\n<\/ul>\n<p><strong>INDONESIE<br \/>\n<\/strong>Veuillez prier pour :<\/p>\n<ul>\n<li>Les missionnaires \u00e0 l\u2019\u00e9tranger qui travaillent dans diff\u00e9rents pays: sept missionnaires servent la diaspora indon\u00e9sienne travailleurs migrants \u00e0 Hong Kong et Taiwan; Mme Queency qui aborde les Burmans \u00e0 partir de Myanmar \u00e0 Bangkok en collaboration avec la CMA Thailand.<\/li>\n<li>Nos plans d\u2019envoyer un missionnaire \u00e0 Timor Leste. Nous avons d\u00e9j\u00e0 fait une visite pour commencer. Priez pour les missionnaires qui seront envoy\u00e9s.<\/li>\n<\/ul>\n<p><strong>2) R\u00c9GION AM\u00c9RIQUE DU NORD DE L\u2019UMA<\/strong><\/p>\n<p><strong>ETATS UNIS<br \/>\n<\/strong>Veuillez prier pour :<\/p>\n<ul>\n<li>Les \u00e9glises et les familles \u00e0 Porto Rico impact\u00e9s par l\u2019ouragan Fiona en septembre. Le personnel de l\u2019Alliance de secours de catastrophes \u00e9taient mobilis\u00e9s \u00e0 aider beaucoup d\u2019\u00e9glises de l\u2019Alliance affect\u00e9es par les orages. Entretemps, les \u00e9glises de l\u2019Alliance continuent d\u2019identifier les moyens d\u2019aider les nombreuses familles qui ont perdu des maisons, leurs commerces, et possessions. Priez pour ces familles et pour les communaut\u00e9s qui ont souffert de la perte de leurs agricultures.Priez aussi pour les \u00e9glises de l\u2019Alliance comme elles reparent leurs toilettes et atteignent ceux qui sont affect\u00e9s dans leurs communaut\u00e9s.<\/li>\n<li>Le mercredi 28 septembre, l\u2019oragan Ian a frapp\u00e9 la C\u00f4te du Golfe de Floride avec la cat\u00e9gorie des vents 4-5 et la temp\u00eate a surgi, laissant des millions de gens sans \u00e9lectricit\u00e9, sans eau potable, travaillant sur les syst\u00e8mes des eaux us\u00e9es. La Communaut\u00e9 de Retraite Shell Point, un minist\u00e8re sans profit de l\u2019Alliance \u00e0 Fort Myers, \u00e9tait frapp\u00e9 durement par l\u2019orage. Approximativement avec 2 500 r\u00e9sidants et plus de 1 200 employ\u00e9s, Shell Point est le meilleur vaste site de retraite dans l\u2019\u00e9tat de Floride. Veuillez prier pour le personnel comme ils font face \u00e0 un long chemin de reconstruction et les ressources financiaires n\u00e9cessaires pour le faire. Priez aussi pour une restauration rapide de la propri\u00e9t\u00e9 de Shell Point et les r\u00e9sidences qui \u00e9taient inond\u00e9es ou endomag\u00e9es.<\/li>\n<li>Les 16 congr\u00e9gations de l\u2019Alliance en Floride qui \u00e9taient affect\u00e9es \u00e0 des degr\u00e9s vari\u00e9s par le vent ou l\u2019inondation. Apr\u00e8s des efforts massifs de nettoyage par le personnel du district et les volontaires, toutes les installations des \u00e9glises sauf deux \u00e9taient capables d\u2019\u00eatre occup\u00e9es jusqu\u2019\u00e0 mi-octobre. Ces deux ont connu un important dommage, et il reste \u00e0 d\u00e9terminer ce qui sera fait avec chaque b\u00e2timent. Heureusement, il n\u2019y avait pas de perte en vie humaine ou de blessure s\u00e9rieuse pour quiconque \u00e9tait associ\u00e9 avec les congr\u00e9gations de l\u2019Alliance. Dieu \u00e9tait mis\u00e9ricordieux.<\/li>\n<li>Le besoin de l\u2019assistance financi\u00e8re. Beaucoup de ces congr\u00e9gations n\u2019ont pas eu \u00ab vent \u00bb de couverture d\u00fb \u00e0 des prix exhorbitants. Comme r\u00e9sultat, le district est en train lever des fonds pour soulager les efforts en cours et voir la toiture compl\u00e8tement repar\u00e9e d\u00e8s que possible. Veuillez prier pour ces effots et les fonds n\u00e9cessaires pour les compl\u00e9ter.<\/li>\n<\/ul>\n<p><strong>CANADA<br \/>\n<\/strong>Veuillez prier pour :<\/p>\n<ul>\n<li>Le Centre Roxy. Il est utilis\u00e9 comme un espace pour des gens orient\u00e9s et multifonctionnel fournissant la connexion avec des gens vivant en Action, Ontario. Le centre est utilis\u00e9 pour des activit\u00e9s diverses servanr la communaut\u00e9, comme \u00ab Heure du Caf\u00e9 \u00bb, cours hebdomadaires Alpha, location de tables de cotravail, et les opportunit\u00e9s des volontaires des \u00e9l\u00e8ves de l\u2019\u00e9cole secondaire. Priez pour la protection spirituelle des leaders et que Dieu continue d\u2019affiner la vision et les buts du Centre Roxy.<\/li>\n<\/ul>\n<p><strong>3) R\u00c9GION AFRIQUE DE L\u2019UMA<\/strong><\/p>\n<p><strong>LIBERIA<br \/>\n<\/strong>Veuillez prier pour :<\/p>\n<ul>\n<li>Notre S\u00e9minaire de l\u2019Alliance, qui va commencer son nouveau trimestre en novembre. Priez pour les besoins financiers des \u00e9tudiants parce que beaucoup d\u2019entre eux doivent de l\u2019argent \u00e0 l\u2019\u00e9cole.<\/li>\n<li>La Conf\u00e9rence Nationale de l\u2019Alliance qui doit \u00eatre tenue \u00e0 Monrovia, du 5 au 11 d\u00e9cembre. Priez pour les orateurs et les participants qui seront en train de voyager \u00e0 partir de nombreux pays.<\/li>\n<li>Notre Minist\u00e8re National des Femmes. Pendant leur derni\u00e8re conf\u00e9rence, les femmes se sont engag\u00e9es elles-m\u00eames \u00e0 soutenir les missions et le d\u00e9veloppement de les \u00e9glises locales.<\/li>\n<li>L\u2019Alliance du District du Comt\u00e9 de Lofa et ses dirigeants. Le Conseil d\u2019Administration National a d\u00e9clar\u00e9 le Comt\u00e9 de Lofa comme l\u2019un de ses districts. Nous louons le Seigneur pour l\u2019unit\u00e9 de l\u2019\u00e9glise de l\u2019Alliance.<\/li>\n<li>La Conf\u00e9rence R\u00e9gionale de l\u2019UMA Afrique qui est pr\u00e9vue de se tenir \u00e0 Monrovia, du 8 au 13 novembre 2023. Priez pour la sagesse et la force de Dieu pour les comit\u00e9s d\u2019organisation.<\/li>\n<\/ul>\n<p><strong>MALI<br \/>\n<\/strong>Louez Dieu pour :<\/p>\n<ul>\n<li>Sa protection d\u2019une attaque terroriste contre notre \u00e9glise de Douna Pin. Les terroristes ont d\u00e9clar\u00e9 que l\u2019\u00e9glise n\u2019\u00e9tait pas permise d\u2019adorer \u00e0 ce moment-l\u00e0. Nous avons demand\u00e9 \u00e0 toutes les \u00e9glises locales d\u2019interc\u00e9der pour eux. Gloire \u00e0 Dieu parce que quand les terroristes sont retourn\u00e9s au village, ils n\u2019ont pas fait aucun mal.<\/li>\n<\/ul>\n<p>Veuillez prier pour :<\/p>\n<ul>\n<li>La protection de Dieu pour nos \u00c9coles Bibliques des attaques par l\u2019ennemi durant cette ann\u00e9e 2022-2023.<\/li>\n<\/ul>\n<p><strong>GABON<br \/>\n<\/strong>Veuillez prier pour :<\/p>\n<ul>\n<li>La provision pour l\u2019achat d\u2019un camion de type Canter pour le Mouvement des Hommes de l\u2019Alliance au Gabon.<\/li>\n<li>Les fonds n\u00e9cessaires pour la r\u00e9habilitation en pav\u00e9s de la voie menant au Centre de Formation Th\u00e9ologique de l\u2019Alliance Chretienne.<\/li>\n<li>Que Dieu ouvre la porte pour l\u2019am\u00f4nerie nationale de l\u2019Alliance de travailler dans les \u00e9coles publiques au Gabon. Les \u00e9coles font face \u00e0 beaucoup de probl\u00e8mes de drogues, violence, et d\u00e9bauche sexuelle, et nous voulons montrer l\u2019amour de Dieu pour transformer la soci\u00e9t\u00e9.<\/li>\n<\/ul>\n<hr>\n<p><strong>12 octobre 2022<\/strong><\/p>\n<p><strong>R\u00c9GION CLA (AM\u00c9RIQUE LATINE) DE L\u2019UMA<br \/>\n<\/strong>Louez Dieu pour:<\/p>\n<ul>\n<li>Sa b\u00e9n\u00e9diction, direction, protection et provision durant la Conf\u00e9rence des Femmes Latino-am\u00e9ricaines Amada, la r\u00e9union du R\u00e9seau Mondial des Leaders des Missions de l\u2019UMA, et l\u2019Assembl\u00e9e et Symposium Latino-am\u00e9ricain, tenue en Colombie la derni\u00e8re semaine de septembre.<\/li>\n<\/ul>\n<p><strong>COLOMBIE<br \/>\n<\/strong>Veuillez prier pour:<\/p>\n<ul>\n<li>La direction et la sagesse du Seigneur aux r\u00e9unions du conseil minist\u00e9riel pour structurer le plan strat\u00e9gique de l\u2019Alliance de la Colombie pour les ann\u00e9es \u00e0 venir.<\/li>\n<li>Le Congr\u00e8s des Missions de l\u2019Alliance Nationale \u00ab Actes 2022 \u00bb, \u00e0 Popayan,du 14 au 17 octobre. Nous nous attendons \u00e0 la participation de 150 membres de l\u2019Alliance.<\/li>\n<li>Notre convention annuelle de l\u2019Alliance, en Arm\u00e9nie du 17 au 20 novembre.<\/li>\n<\/ul>\n<p><strong>CHILI<br \/>\n<\/strong>Louez Dieu pour:<\/p>\n<ul>\n<li>La possibilit\u00e9 de rencontrer encore des gens dans nos \u00e9glises apr\u00e8s la pand\u00e9mie, sans restrictions qui limitent la participation de l\u2019\u00e9glise.<\/li>\n<li>Les minist\u00e8res vari\u00e9s qui sont en train d\u2019\u00eatre ex\u00e9cut\u00e9s dans nos \u00e9glises locales: Ecoles du Dimanche, et les Minist\u00e8res des Femmes, de Jeunesse et des Hommes. Priez aussi pour nos minis\u00e8teres externes: Home des Mineurs, Minist\u00e8re parmi les gens vivant avec handicap (SEMEJANTES), \u00e9ducation chr\u00e9tienne nationale, les \u00e9coles publiques, le s\u00e9minaire th\u00e9ologique, les peuples indig\u00e8nes, et nos 25 projets missionnaires nationaux et internationaux.<\/li>\n<\/ul>\n<p>Veuillez prier pour:<\/p>\n<ul>\n<li>Nos \u00e9quipes des missions servant dans la Sixi\u00e8me R\u00e9gion.<\/li>\n<li>Le voyage de vision pour les missions du R\u00e9v. Iv\u00e1n Flores (pr\u00e9sident national), R\u00e9v. Jorge Barra (directeur national des missions), et d\u2019autres membres de l\u2019\u00e9glise en Europe et en Asie \u00e0 partir de mi-octobre. Ils vont visiter leurs travailleurs internationaux pour les encourager et les soutenir.<\/li>\n<li>Notre \u00e9glise fille \u00e0 Ciudad del Este, au Paraguay, dirig\u00e9e par Jorge Vasconcelos, un missionnaire chilien. Ils sont en train d\u2019implanter une nouvelle \u00e9glise dans une communaut\u00e9 form\u00e9e par des gens \u00e0 pr\u00e9dominance arabe.<\/li>\n<li>Nos \u00e9glises situ\u00e9es dans les territoires indig\u00e8nes qui sont victimes des violence et m\u00e9pris de la foi chr\u00e9tienne.<\/li>\n<li>Notre s\u00e9minaire th\u00e9ologique de l\u2019Alliance, qui continue \u00e0 pr\u00e9parer les g\u00e9n\u00e9rations prochaines des pasteurs pour nos deux quartiers g\u00e9n\u00e9raux et deux extensions. Que le Seigneur nous donne beaucoup de serviteurs !<\/li>\n<li>Nos \u00e9glises et pasteurs \u00e0 travers la Chilie.<\/li>\n<li>Notre pays. Nous vivons une crise politique.<\/li>\n<\/ul>\n<p><strong>BR\u00c9SIL<br \/>\n<\/strong>Veuillez prier pour:<\/p>\n<ul>\n<li>Les \u00e9tudiants qui sont en train de terminer leur niveau de licence au S\u00e9minaire Th\u00e9ologique A. W. Tozer. Nous remercions pour leurs vies et demandons la direction de Dieu dans leur minist\u00e8re.<\/li>\n<li>Les projets missionnaires de notre D\u00e9partement National des Missions. Priez aussi pour la sagesse et la direction de Dieu pour tout celui qui est impliqu\u00e9 dans le Projet Asie.<\/li>\n<li>La Conf\u00e9rence de la Jeunesse de l\u2019Alliance, \u00e0 Sao Paulo, le 22 octobre. Que Dieu continue de susciter des jeunes et leaders voulant vivre pour lui.<\/li>\n<li>Le second tour de l\u2019\u00e9lection pr\u00e9sidentielle, le 30 octobre. Que la volont\u00e9 de Dieu soit faite au Br\u00e9sil.<\/li>\n<li>Nos pasteurs et nos \u00e9glises durant cette \u00e9lection. Que l\u2019unit\u00e9 et l\u2019amour soient plus \u00e9vidents parmi les membres de l\u2019\u00e9glise.<\/li>\n<\/ul>\n<p><strong>\u00c9QUATEUR<br \/>\n<\/strong>Veuillez prier pour:<\/p>\n<ul>\n<li>Les pasteurs de l\u2019Alliance de l\u2019\u00c9quateur. Que Dieu renouvelle leur force et leur pourvoie de la sagesse pour conduire chaque \u00e9glise locale et qu\u2019ils continuent \u00e0 faire l\u2019oeuvre de l\u2019\u00e9vang\u00e9lisation.<\/li>\n<li>La direction et la provision pour la famille missionnaire Vera Aguil. Ils vont retourner en Isra\u00ebl en novembre pour continuer leur travail interculturel.<\/li>\n<li>Notre pays. Les cas d\u2019extorsions sont survenus derni\u00e8rement dans beaucoup de secteurs en Equateur par les trafiquants des drogues, c\u2019est qui a affect\u00e9 les affaires et les familles, et causant la peur dans la population. Priez aussi pour plus de justice et un meilleur contr\u00f4le dans les prisons.<\/li>\n<\/ul>\n<p><strong>PANAMA<br \/>\n<\/strong>Louez Dieu pour:<\/p>\n<ul>\n<li>L\u2019oeuvre de l\u2019Alliance dans la ville de Panama parmi les fr\u00e8res et soeurs hispaniques et chinois. Nous remercions pour l\u2019activit\u00e9 \u00e9vang\u00e9lique commune que nous avons accompli dans un parc.<\/li>\n<li>Le couple de pasteurs Nieto, d\u2019origine Venezuelienne. Ils sont de la seconde g\u00e9n\u00e9ration des pasteurs de la zone de l\u2019\u00e9glise de Cerro Viento.<\/li>\n<li>Les missionnaires Miguel et Yngrid Grassals. Ils conduisent l\u2019implantation de l\u2019\u00e9glise de l\u2019Alliance Brisas del Golf.<\/li>\n<\/ul>\n<p>Veuillez prier pour:<\/p>\n<ul>\n<li>La grossesse de Marion et son \u00e9tablissement au Panama.<\/li>\n<li>La sagesse et la sant\u00e9 pour la famille Grassals. Priez aussi l\u2019extension de l\u2019accord missionnaire, qui leur permettra de continuer leur travail au Panama sur les quatre prochaines ann\u00e9es.<\/li>\n<li>Que le Seigneur suscite un couple pour soutenir l\u2019oeuvre au Panama.<\/li>\n<li>Pour la directon de Dieu dans le dernier trimestre de l\u2019ann\u00e9e. Priez aussi que le Seigneur nous donne de la sagesse en planifiant pour 2023.<\/li>\n<li>Les membres de l\u2019\u00e9glise de s\u2019engager financi\u00e8rement pour que le travail devienne autonome.<\/li>\n<li>Le leadership jeune de l\u2019\u00e9glise et les serviteurs dans chaque minist\u00e8re. Qu\u2019ils mettent en pratique ce qu\u2019ils ont appris.<\/li>\n<li>Dans la ville de Panama beaucoup s\u2019identifient au christianisme, mais en r\u00e9alit\u00e9, il y a beaucoup de d\u00e9votions, qui sont un grad d\u00e9fi pour notre jeune \u00e9glise. Priez que ceux qui fr\u00e9quentent notre \u00e9glise aient une vraie rencontre avec J\u00e9sus Christ.<\/li>\n<\/ul>\n<p><strong>ARGENTINE<br \/>\n<\/strong>Veuillez prier pour:<\/p>\n<ul>\n<li>La convention des pasteurs et l\u2019assembl\u00e9e de l\u2019\u00e9glise nationale qui se tiendra \u00e0 Buenos Aires du 11 au 12 novembre.<\/li>\n<li>Le soutien de nos missionnaires interculturels.<\/li>\n<li>Les diff\u00e9rents projets d\u2019aide sociale r\u00e9alis\u00e9s par nos \u00e9glises locales.<\/li>\n<li>La situation socio-\u00e9conomque en Argentine. Que nous, comme une \u00c9glise chr\u00e9tienne, puissions apporter l\u2019encouragement que le Seigneur donne \u00e0 travers sa parole aux gens sans espoir.<\/li>\n<\/ul>\n<p><strong>CUBA<br \/>\n<\/strong>Veuillez prier pour:<\/p>\n<ul>\n<li>La retraite des familles pastorales du 7 au 11 novembre.<\/li>\n<li>Que Dieu ouvre les portes pour la CMA du Cuba au milieu de la crise financi\u00e8re et sociale. Nous prions qu\u2019il y ait plus d\u2019\u00e9glises d\u2019autres pays s\u2019impliquent \u00e0 l\u2019oeuvre missionnaire au Cuba.<\/li>\n<li>Le s\u00e9minaire th\u00e9ologique et les fonds n\u00e9cessaires pour permettre d\u2019enseigner diff\u00e9rents cours dans chaque r\u00e9gion.<\/li>\n<li>La r\u00e9gion ouest de l\u2019\u00eele qui \u00e9tait affect\u00e9e par l\u2019ouragan Ian. Priez pour le soutien et la provision au milieu de beaucoup de limitations.<\/li>\n<\/ul>\n<p><strong>VENEZUELA<br \/>\n<\/strong>Veuillez prier pour:<\/p>\n<ul>\n<li>Le progr\u00e8s dans la reconstruction et l\u2019op\u00e9ration de la Fondation pour la Famille (FUNDALFA). Priez aussi que le Seigneur pourvoie aux fonds pour la nouvelle \u00e9glise qui devra fonctionner dans le m\u00eame local.<\/li>\n<li>L\u2019implantation de deux nouvelles \u00e9glises, l\u2019une dans la ville de Los Guayos, et l\u2019autre \u00e0 Cumaca, les deux dans l\u2019\u00c9tat de Carabobo. Que le Seigneur pourvoie les ressources financi\u00e8res et humaines n\u00e9cessaires.<\/li>\n<li>La sant\u00e9, la protection, la direction, et la sagesse au conseil d\u2019administration national pour accomplir la responsabilit\u00e9 que le Seigneur leur a donn\u00e9e.<\/li>\n<li>La sant\u00e9 de nos pasteurs et leurs familles.<\/li>\n<li>La situation \u00e9conomique, politique, et sociale du Venezuela.<\/li>\n<\/ul>\n<p><strong>URUGUAY<br \/>\n<\/strong>Veuillez prier pour:<\/p>\n<ul>\n<li>La provision des resoources pour la construction d\u2019un nouveau b\u00e2timent de l\u2019\u00e9glise \u00e0 Santa Isabel. Priez aussi pour les fonds n\u00e9cessaires pour compl\u00e9ter la construction d\u2019une maison pastorale \u00e0 Salto.<\/li>\n<li>La sagesse pour les membres du conseil d\u2019administration dans les d\u00e9cisions qu\u2019ils ont besoin de prendre.<\/li>\n<li>Que le Seigneur soit glorif\u00e9e dans la rencontre des femmes dans l\u2019\u00e9glise de l\u2019Alliance de Salto.<\/li>\n<li>La force et la gu\u00e9rison pour le Pasteur Andr\u00e9s Ripoll de l\u2019\u00e9glise de l\u2019Alliance de Chuy. Il continue \u00e0 faire face aux complications li\u00e9es \u00e0 la sant\u00e9.<\/li>\n<li>Que Dieu suscite un travailleur pour l\u2019Alliance de Vichadero.<\/li>\n<\/ul>\n<p><strong>HONDURAS<br \/>\n<\/strong>Veuillez prier pour:<\/p>\n<ul>\n<li>La protection et la provision de Dieu pour nos pasteurs, sp\u00e9cialement pour ceux qui sont dans les communaut\u00e9s indig\u00e8nes.<\/li>\n<li>La nouvelle \u00e9glise implant\u00e9e de l\u2019Alianza las Brisas. Priez que le groupe croisse et soit capable d\u2019avoir leur propre b\u00e2timent \u00e0 l\u2019avenir.<\/li>\n<li>La direction et la provision de Dieu pour le travail de notre missionnaire au Cuba et au Venezuela.<\/li>\n<\/ul>\n<p><strong>EL SALVADOR<br \/>\n<\/strong>Veuillez prier pour:<\/p>\n<ul>\n<li>La direction de Dieu au sujet de la possibilit\u00e9 de commencer une nouvelle \u00e9glise en 2023 avec le soutien de l\u2019Alliance des Etats Unis.<\/li>\n<li>Le besoin de l\u2019une de nos \u00e9glises d\u2019acheter un terrain pour la construction d\u2019un b\u00e2timent d\u2019une \u00e9glise.<\/li>\n<li>La sagesse de Dieu pour terminer notre plan de cinq ans et son ex\u00e9cution en 2023.<\/li>\n<\/ul>\n<p><strong>GUATEMALA<br \/>\n<\/strong>Veuillez prier pour:<\/p>\n<ul>\n<li>Le renforcement du leadership de notre \u00e9glise nationale.<\/li>\n<li>La nouvelle g\u00e9n\u00e9ration des pasteurs qui sont en train d\u2019\u00eatre form\u00e9s pour entrer dans le minist\u00e8re les prochaines cinq ann\u00e9es.<\/li>\n<li>Les nouvelles \u00e9glises qui sont en train d\u2019\u00eatre implant\u00e9es \u00e0 Chumila Ixla l et La Gomera Escuintla.<\/li>\n<\/ul>\n<p><strong>R\u00c9PUBLIQUE DOMINICAINE<br \/>\n<\/strong>Veuillez prier pour:<\/p>\n<ul>\n<li>La gu\u00e9rison de plusieurs pasteurs qui sont malades, incluant les Pasteurs Mane, Ernesto et Daniel.<\/li>\n<li>Un r\u00e9veil spirituel dans la CMA Dominicaine.<\/li>\n<li>La paix entre la R\u00e9publique Dominicaine et le Ha\u00efti.<\/li>\n<\/ul>\n<hr>\n<p><strong>5 octobre 2022<\/strong><\/p>\n<p><strong>R\u00c9GION EMERALD (EUROPE ET MOYEN ORIENT) DE L\u2019UMA<\/strong><\/p>\n<p><strong>ESPAGNE<br \/>\n<\/strong>Louez Dieu pour :<\/p>\n<ul>\n<li>Les \u00e9tudiants de l\u2019Institut Biblique INFORMA qui apprennent comment il est \u00e9difiant personnellement d\u2019\u00e9tudier de mani\u00e8re inductive la parole de Dieu pour se nourrir eux-m\u00eames et les autres.<\/li>\n<\/ul>\n<p>Veuillez prier pour :<\/p>\n<ul>\n<li>L\u2019\u00eele de La Palma qui souffre encore des effets de l\u2019\u00e9ruption volcanique qui ont commenc\u00e9 il y a une ann\u00e9e et ont continu\u00e9 jusqu\u2019au jour de No\u00ebl. Cela a chang\u00e9 la destin\u00e9e de beaucoup de gens sur l\u2019\u00eele. Cela a ruin\u00e9 les moyens subsistance de 10 000 r\u00e9sidants avec une ville, Porto Naos, qui est compl\u00e8tement coup\u00e9e et dont les r\u00e9sidants ne peuvent plus retourner d\u00fb aux gaz toxiques.<\/li>\n<li>Le R\u00e9v. Aristides Flores et sa femme Milagro de l\u2019\u00e9glise de l\u2019Alliance de La Palma. L\u2019\u00e9glise tient bon malgr\u00e9 l\u2019\u00e9migration de beaucoup \u00e0 cause du volcan. Priez pour la croissance et le discipolat dans l\u2019\u00e9glise locale de l\u2019Alliance \u00e0 Los Llanos de Ariadne comme le r\u00f4le du R\u00e9v. Flores comme le pr\u00e9sident national de l\u2019\u00e9glise de l\u2019Alliance de l\u2019Espagne.<\/li>\n<\/ul>\n<p><strong>FRANCE<br \/>\n<\/strong>Louez Dieu pour :<\/p>\n<ul>\n<li>La transition r\u00e9ussie du leadership de l\u2019\u00e9glise nationale de l\u2019Alliance avec le nouveau pr\u00e9sident, le R\u00e9v. Olivier LO \u00e0 partir du 1er octobre.<\/li>\n<\/ul>\n<p><strong>MINIST\u00c8RES DE LA DIASPORA DE L\u2019ALLIANCE (MDA)<br \/>\n<\/strong>Veuillez prier pour :<\/p>\n<ul>\n<li>La planification et la r\u00e9union conduites par l\u2019Esprit pour la rencontre des MDA qui se tiendra en Gr\u00e8ce du 7 au 11 octobre.<\/li>\n<li>Les nouveaux ouvriers \u00e0 commissionner parmi les musulmans en Gr\u00e8ce, en Italie, et au Royaume Uni. Il y a beaucoup d\u2019opportunit\u00e9s, les ouvriers sont peu nombreux.<\/li>\n<\/ul>\n<p>&nbsp;<\/p>\n<hr>\n<p>&nbsp;<\/p>\n<h2><strong>Pri\u00e8res de l\u2019UMA \u2013 Septembre 2022<\/strong><\/h2>\n<p>&nbsp;<\/p>\n<p><strong>28 septembre 2022<\/strong><\/p>\n<p><strong>R\u00c9GION AM\u00c9RIQUE DU NORD DE L\u2019UMA<\/strong><\/p>\n<p><strong>\u00c9TATS-UNIS<br \/>\n<\/strong>Veuillez prier pour :<\/p>\n<ul>\n<li>Le Porto Rico \u00e9tait frapp\u00e9 par l\u2019Ouragan Fiona le 19 septembre. La partie sud \u00e9tait frapp\u00e9e par une forte pluie et vent, cependant toute l\u2019\u00eele a exp\u00e9riment\u00e9 une pluie sans fin. Cela a cr\u00e9\u00e9 des inondations dans les bas-fonds et les \u00e9boulements dans les r\u00e9gions de montagne. L\u2019\u00e9quipe de l\u2019Alliance de secours de catastrophes \u00e9tait mobilis\u00e9e pour aider les nombreuses \u00e9glises affect\u00e9es par les orages. Priez pour ceux dont les maisons \u00e9taient endommag\u00e9es, pour les fermes communautaires qui ont souffert de la perte de leur agriculture. Priez aussi pour les \u00e9glises de l\u2019Alliance comme elles atteignent ceux qui sont affect\u00e9s dans leurs communaut\u00e9s.<\/li>\n<li>La rencontre Collective de Multiplication des \u00c9glises qui se tiendra \u00e0 Columbus, Ohio, \u00e0 mi-octobre. Priez que les directeurs de districts des \u00e9glises de multiplication et l\u2019\u00e9quipe du bureau national aient un fructuex temps de partage des id\u00e9es et des strat\u00e9gies qui vont conduire \u00e0 plus d\u2019\u00e9glises qui seront implant\u00e9es dans des communaut\u00e9s assoiff\u00e9es de l\u2019\u00e9vangile \u00e0 travers les Etats Unis.<\/li>\n<li>Pr\u00e8s de 200 nouveaux ouvriers de l\u2019Alliance qui \u00e9taient pr\u00e9sents \u00e0 la conf\u00e9rence Resonate au d\u00e9but d\u2019ao\u00fbt. Priez que ces nouveaux ouvriers soient rendus capables dans leurs minist\u00e8res locaux et soient encourag\u00e9s dans leur passion de vivre la vision <em>Tout de J\u00e9sus pour Tout le Monde<\/em> hors de la CMA des Etats Unis. Comme l\u2019Alliance continue de d\u00e9velopper des leaders parmi des groupes divers au sein des Etats Unis, priez sp\u00e9cialement pour la qualit\u00e9 de la traduction de la langue et les services d\u2019interpr\u00e9tation, incluant le vietnamien, l\u2019espagnol et la langue des signes am\u00e9ricaine.<\/li>\n<\/ul>\n<hr>\n<p><strong>21 septembre 2022<\/strong><\/p>\n<p><strong>R\u00c9GION APAC (ASIE PACIFIQUE) DE L\u2019UMA<\/strong><\/p>\n<p><strong>MYANMAR<br \/>\n<\/strong>Veuillez prier pour :<\/p>\n<ul>\n<li>La s\u00e9curit\u00e9 de trois pasteurs qui vont conduire la formation de trois jours dans leurs \u00e9glises en octobre.<\/li>\n<li>La s\u00e9curit\u00e9 et l\u2019audace pour les familles des missionnaires qui proclament l\u2019\u00e9vangile dans les parties plus basses de Myanmar.<\/li>\n<li>La construction d\u2019un nouveau b\u00e2tiement de l\u2019\u00e9glise \u00e0 Saw-bua Ye-shin dans le Nord de Myanmar.<\/li>\n<li>La gu\u00e9rison et restauration du pays au milieu de la guerre civile et crise \u00e9conomique. Des milliers de gens sont tu\u00e9s, arr\u00eat\u00e9s et tortur\u00e9s, et beaucoup deviennent sans domiciles et devaient fuir dans la jungle.<\/li>\n<li>La fermet\u00e9 des gens de l\u2019Alliance durant la crise \u00e9co-socio-politique. Qu\u2019ils refl\u00e8tent leur foi en J\u00e9sus Christ.<\/li>\n<\/ul>\n<p><strong>JAPON<br \/>\n<\/strong>Louez Dieu pour :<\/p>\n<ul>\n<li>L\u2019ouverture d\u2019une s\u00e9rie de Conf\u00e9rence, \u00ab La Joie de la Th\u00e9ologie \u00bb, \u00e0 la Facult\u00e9 de Th\u00e9ologie de l\u2019Alliance du Japon en juillet.<\/li>\n<li>La conf\u00e9rence de la vie plus profonde de Miyajima \u00e0 Hiroshima en ao\u00fbt. Le th\u00e8me \u00e9tait \u00ab Compter sur la Parole de la Gr\u00e2ce du Seigneur \u00bb. Nous remercions le Seigneur pour les 37 personnes participantes et pour celles qui ont suivi la conf\u00e9rence en ligne.<\/li>\n<\/ul>\n<p>Veuillez prier pour :<\/p>\n<ul>\n<li>La construction d\u2019un nouveau b\u00e2timent pour le s\u00e9minaire de l\u2019Alliance et le bureau national. Le b\u00e2timent comprendra un dortoir des hommes, une salle des r\u00e9unions, et des salles polyvalentes. Priez que le plan de construction se fasse doucement, et que le budget soit approuv\u00e9 au prochain conseil annuel.<\/li>\n<\/ul>\n<p><strong>MONGOLIE<br \/>\n<\/strong>Veuillez prier pour :<\/p>\n<ul>\n<li>Le minist\u00e8re de la jeunesse et pour l\u2019\u00e9cole de dimanche des enfants dans nos \u00e9glises.<\/li>\n<li>Le tout premier \u00e9v\u00e9nement de cons\u00e9cration des pasteurs de l\u2019\u00e9glise de l\u2019Alliance de Mongolie. Veuillez prier pour de nouveaux pasteurs et pour la croissance de nos \u00e9glises, et qu\u2019elles portent beaucoup de fruits pour la gloire de Dieu.<\/li>\n<li>Les six nouvelles \u00e9glises de maisons que nous voulons implanter dans les 12 prochains mois.<\/li>\n<li>Le corps du Christ Mongolien qui a juste accueilli une croisade d\u2019\u00e9vang\u00e9lisation publique soutenue par l\u2019Association Evang\u00e9lique de Billy Graham. Veuillez prier pour la croissance de nouveaux croyants dans leur foi et qu\u2019ils soient enseign\u00e9s.<\/li>\n<li>Les m\u00e9nages des bergers \u00e0 Gobi. Ils changent de village pour chercher de meilleur p\u00e2turage \u00e0 cause de la s\u00e9cheresse et du manque de l\u2019herbe pour le b\u00e9tail. Veuillez prier que les familles de bergers puissent passer le prochain hiver sans difficult\u00e9 de perdre leur b\u00e9tail.<\/li>\n<\/ul>\n<p><strong>PHILIPPINES<br \/>\n<\/strong>Veuillez prier pour :<\/p>\n<ul>\n<li>Le R\u00e9v. Eduardo Cajes, le pr\u00e9sident de la CMA Philippine (CAMACOP). Il visite les six r\u00e9gions de l\u2019Alliance ce mois pour \u00eatre en contact avec notre peuple dans le champ. Priez pour une bonne sant\u00e9 et la protection du Seigneur durant les voyages.<\/li>\n<li>L\u2019Assembl\u00e9e G\u00e9n\u00e9rale du CAMACOP, qui se tiendra \u00e0 Bacolod City, du 25 au 29 avril 2023, avec le th\u00e8me \u00ab Soyez Vrai \u00bb, bas\u00e9 sur 2 Thessaloniciens 1;11-12.<\/li>\n<\/ul>\n<p><strong>NOUVELLE ZELANDE<br \/>\n<\/strong>Veuillez prier pour :<\/p>\n<ul>\n<li>La Semaine d\u2019Impact Global, du 1er au 8 octobre, et la c\u00e9l\u00e9bration du 50\u00e8me anniversaire de l\u2019Alliance de la Nouvelle Zelande.<\/li>\n<\/ul>\n<p><strong>TAIWAN<br \/>\n<\/strong>Veuillez priez pour :<\/p>\n<ul>\n<li>La Conf\u00e9rence des D\u00e9l\u00e9gu\u00e9s des Membres le 29 octobre. Nous discuterons et d\u00e9ciderons de trois importantes choses: la constructin d\u2019un complexe qui va abriter l\u2019\u00e9glise de Taipei, le bureau national, et la facult\u00e9 de th\u00e9ologie; si\u00e8ge du secr\u00e9tariat g\u00e9n\u00e9ral, et la c\u00e9l\u00e9bration du 70\u00e8me anniversaire de l\u2019\u00e9glise de l\u2019Alliance de Taiwan en 2023.<\/li>\n<\/ul>\n<p><strong>INDONESIE<\/strong><\/p>\n<p>Le gouvernement indon\u00e9sien se pr\u00e9pare \u00e0 d\u00e9placer la capitale de l\u2019Indon\u00e9sie de Jakarta \u00e0 la ville de Nusantara \u00e0 Kalimantan Est en 2024. Veuillez prier pour :<\/p>\n<ul>\n<li>L\u2019\u00e9glise Indon\u00e9sienne de Gospel Tabernacle (CMA Indon\u00e9sie). Ils sont en train de faire des efforts d\u2019implanter de nouvelles \u00e9glises parmi les groupes non atteints \u00e0 la ville de Nursantara.<\/li>\n<li>Le plan de d\u00e9placer le bureau du quartier g\u00e9n\u00e9ral \u00e0 la nouvelle capitale dans le futur.<\/li>\n<\/ul>\n<hr>\n<p><strong>14 septembre 2022<\/strong><\/p>\n<p><strong>1) R\u00c9GION CLA (AM\u00c9RIQUE LATINE) DE L\u2019UMA<\/strong><\/p>\n<p><strong>VENEZUELA<br \/>\n<\/strong>Veuillez prier pour :<\/p>\n<ul>\n<li>La sant\u00e9 du Pasteur Natana\u00ebl Gil et sa femme Evelyn. Il est le pr\u00e9sident de la CMA de Venezuela.<\/li>\n<li>Les pasteurs, dirigeants et serviteurs de nos \u00e9glises. Que le Seigneur continue de les pr\u00e9parer et qu\u2019ils soient sensibles \u00e0 l\u2019appel de Dieu.<\/li>\n<li>La force, provision et protection pour nos travailleurs qui servent dans les domaines de missions, \u00e9vang\u00e9lisation et discipolat.<\/li>\n<li>La rencontre des couples ALMA. Priez que les vies soient transform\u00e9es, et que les mariages soient restaur\u00e9s. Priez aussi pour l\u2019\u00e9quipe qui va travailler, que le Seigneur leur accorde sagesse, joie et amour de servir.<\/li>\n<\/ul>\n<p><strong>HONDURAS<br \/>\n<\/strong>Veuillez priez pour :<\/p>\n<ul>\n<li>Les familles pastorales, sp\u00e9cialement pour le Pasteur Antonio Trejo, son \u00e9pouse Glenda et leurs six enfants. Ils travaillent dans une agglom\u00e9ration indig\u00e8ne d\u2019Asacualpa.<\/li>\n<li>Les mat\u00e9riels d\u2019\u00e9tude pour enseigner les groupes des peuples indig\u00e8nes.<\/li>\n<li>L\u2019\u00e9vang\u00e9lisation porte-\u00e0-porte que notre jeunesse planifie de r\u00e9aliser ce mois. Priez que le Seigneur ouvre beaucoup de coeurs \u00e0 recevoir sa Parole.<\/li>\n<li>La famille du Pasteur Mayer Murillo, pr\u00e9sident de l\u2019Alliance de Hondura. Que la volont\u00e9 de Dieu soit toujours faite dans leurs vies.<\/li>\n<li>Que l\u2019\u00e9glise nationale obtienne des statuts l\u00e9gaux au nom de l\u2019Alliance de Honduras aussi vite que possible pour \u00eatre capable de faire des choses au nom de l\u2019entit\u00e9 l\u00e9gale.<\/li>\n<\/ul>\n<p><strong>COLOMBIE<br \/>\n<\/strong>Veuillez prier pour :<\/p>\n<ul>\n<li>Les \u00e9v\u00e9nements qui auront lieu \u00e0 la fin de ce mois en Colombie: Le Congr\u00e8s des Femmes latino-Am\u00e9ricaines Amada, le Symposium et l\u2019Assembl\u00e9e de la R\u00e9gion Latino-Am\u00e9ricaine, et la R\u00e9union Mondial des Leaders des Missions de l\u2019UMA.<\/li>\n<li>La provision pour ceux qui participeront \u00e0 ces \u00e9v\u00e9nements.<\/li>\n<li>La protection pour les voyages a\u00e9riens et terrestres des participants et des orateurs.<\/li>\n<li>Chaque rencontre, pour que cela soit un moment b\u00e9ni d\u2019apprentissage et de communion.<\/li>\n<\/ul>\n<p><strong>PANAMA<br \/>\n<\/strong>Louez Dieu pour :<\/p>\n<ul>\n<li>Sa fid\u00e9lit\u00e9 depuis le commencement du travail au Panama et pour le soutien de l\u2019\u00e9glise Chinoise.<\/li>\n<\/ul>\n<p>Veuillez prier pour :<\/p>\n<ul>\n<li>La sagesse pour les pasteurs des \u00e9glises de l\u2019Alliance au Panama.<\/li>\n<li>Les minist\u00e8res des \u00e9glises Chinoises et Hispaniques pour qu\u2019elles atteignent les communaut\u00e9s o\u00f9 elles sont.<\/li>\n<li>Les missionnaires Miguel et Yngrid Grassals. Ils conduisent l\u2019implantation de l\u2019\u00e9glise de l\u2019Alliance de Brisas del Golf. Priez pour leur sant\u00e9, la sagesse, et que le Seigneur pourvoie plus des leaders pour soutenir l\u2019oeuvre.<\/li>\n<li>Les groupes d\u2019\u00e9vang\u00e9lisation et de discipolat, pour qu\u2019ils portent beaucoup de fruits.<\/li>\n<li>Les membres \u00e0 s\u2019engager financi\u00e8rement pour que l\u2019\u00e9glise devienne autonome.<\/li>\n<li>Notre travail parmi les immigrants. Que le Seigneur nous donne gr\u00e2ce et sagesse pour rencontrer leurs besoins.<\/li>\n<li>Les jeunes dirigeants de l\u2019\u00e9glise de Brisas del Golf. Que le Seigneur mette dans leurs coeurs le d\u00e9sire de conduire les minist\u00e8res de l\u2019\u00e9glise.<\/li>\n<\/ul>\n<p><strong>BR\u00c9SIL<br \/>\n<\/strong>Veuillez prier pour :<\/p>\n<ul>\n<li>Le S\u00e9minaire Th\u00e9ologique A. W. Tozer. Prier pour plus d\u2019\u00e9tudiants et pour la planification pour l\u2019ann\u00e9e prochaine.<\/li>\n<li>Le d\u00e9partement national des missions. Priez pour les besoins physiques, \u00e9motionnels, et spirituels de nos missionnaires.<\/li>\n<li>Le voyage d\u2019un de nos pasteurs en Mozambique en novembre. Priez aussi pour la provision financi\u00e8re pour l\u2019achat des Bibles qui seront donn\u00e9es pour le dicipolat et l\u2019\u00e9vang\u00e9lisation de la jeunesse et des adultes de l\u2019\u00e9glise de l\u2019Alliance en Mozambique.<\/li>\n<li>Les enfants de nos missionnaires, pasteurs et dirigeants de l\u2019\u00e9glise.<\/li>\n<li>Notre pays et l\u2019\u00e9lection pr\u00e9sidentielle en octobre. Que le Seigneur donne sagesse et discernement au peuple en choisissant le nouveau dirigeant de la nation.<\/li>\n<\/ul>\n<p><strong>EQUATEUR<br \/>\n<\/strong>Veuillez prier pour :<\/p>\n<ul>\n<li>La s\u00e9curit\u00e9 de nos pasteurs durant leurs campagnes d\u2019\u00e9vang\u00e9lisation \u00e0 travers le pays.<\/li>\n<li>Les gens sans domicile, sp\u00e9cialement les migrants Colombiens et Venezueliens qui vivent dans les rues de l\u2019Equateur.<\/li>\n<li>Nos missionnaires : la famille Conzalez Arias au S\u00e9n\u00e9gal, la famille Brito Raymer en Jordanie, et Vera Aguilar, qui est pr\u00eat \u00e0 retourner en Israel.<\/li>\n<li>Notre pays. L\u2019ins\u00e9curit\u00e9 a accru ces recents mois, sp\u00e9cialement dans les provinces de Guayas, Manabi et Esmeralda, d\u00fb au traffic de la drogue et le conflit entre les cartels.<\/li>\n<\/ul>\n<p><strong>URUGUAY<br \/>\n<\/strong>Veuillez prier pour :<\/p>\n<ul>\n<li>La sant\u00e9 du Pasteur Andr\u00e9s Ripoll de l\u2019\u00e9glise de l\u2019Alliance de Chuy.<\/li>\n<li>Un travailleur pour l\u2019Alliance de Vichadero<\/li>\n<li>La direction et sagesse du Seigneur pour le Conseil d\u2019administration Nationale au sujet des d\u00e9cisions qu\u2019ils doivent prendre<\/li>\n<li>Les ressources financi\u00e8res pour la construction d\u2019un nouveau b\u00e2timent pour l\u2019\u00e9glise de l\u2019Alliance de Santa Isabel \u00e0 Rivera.<\/li>\n<li>La provision des fonds n\u00e9cessaires pour finir la construction de l\u2019habitation du pasteur de l\u2019Alliance de Salto.<\/li>\n<\/ul>\n<p><strong>CUBA<br \/>\n<\/strong>Veuillez prier pour :<\/p>\n<ul>\n<li>La sant\u00e9 du Pasteur Eliud Dominguez qui souffre des probl\u00e8mes de prostate.<\/li>\n<li>La r\u00e9union de planification des minist\u00e8res nationaux du 14 au 15 septembre 2022.<\/li>\n<li>L\u2019\u00e9v\u00e9nement des pasteurs et dirigeants du Minist\u00e8re des Femmes (MIMAD) du 17 au 18 septembre 2022.<\/li>\n<\/ul>\n<p><strong>ARGENTINE<br \/>\n<\/strong>Veuillez prier pour :<\/p>\n<ul>\n<li>Le soutien de l\u2019oeuvre missionnaire en Italie, Hongrie, Croitie, Kyrgystan, Angleterre, et le projet de l\u2019Espagne.<\/li>\n<li>La croissance continue de nos congr\u00e9gations et pour les nouveaux ouvriers.<\/li>\n<li>La situation politique et socio\u00e9conomique de notre pays. Que nous soyons, comme l\u2019\u00e9glise du Christ, des agents de paix dont notre soci\u00e9t\u00e9 a besoin.<\/li>\n<\/ul>\n<p><strong>P\u00c9ROU<br \/>\n<\/strong>Veuillez prier pour:<\/p>\n<ul>\n<li>Notre \u00e9glise nationale. Que le Seigneur donne la sagesse et guide notre nouveau conseil d\u2019administration dans les plans et deseins que Dieu a pour la CMA du P\u00e9rou. Priez aussi pour l\u2019unit\u00e9 de l\u2019\u00e9glise. Que le Saint Esprit guide les membres de notre \u00e9glise \u00e0 vivre des vies consacr\u00e9es, pour la b\u00e9n\u00e9diction des familles, de l\u2019\u00e9glise, et de notre pays.<\/li>\n<li>Notre pays. Que Dieu verse sa gr\u00e2ce et sa mis\u00e9ricorde sur les authorit\u00e9s de notre gouvernement pour le b\u00e9n\u00e9fice de notre peuple. Priez aussi pour un r\u00e9veil spirituel dans chaque famille p\u00e9ruvienne, conduisant le pays vers la r\u00e9conciliation avec Dieu et les uns les autres.<\/li>\n<\/ul>\n<p><strong>BOLIVIE<br \/>\n<\/strong>Veuillez prier pour :<\/p>\n<ul>\n<li>Les nouvelles \u00e9glises \u00e0 implanter en Bolivie.<\/li>\n<li>La direction et la sagesse de Dieu pour le leadership national.<\/li>\n<li>La formation de nouveaux pasteurs et dirigeants par le S\u00e9minaire Biblique (SEBAP).<\/li>\n<li>Albin et Stefany Salewsky, missionnaires en Tunisie.<\/li>\n<\/ul>\n<p><strong>EL SALVADOR<br \/>\n<\/strong>Veuillez prier pour :<\/p>\n<ul>\n<li>La direction de Dieu sur la possibilit\u00e9 de commencer une nouvelle \u00e9glise en 2023 avec le soutien de l\u2019Alliance des Etats-Unis.<\/li>\n<li>Le besoin d\u2019une de nos \u00e9glises d\u2019acheter un terrain pour la construction d\u2019un b\u00e2timent de l\u2019\u00e9glise.<\/li>\n<li>La sagesse du Seigneur pour terminer notre plan quinqu\u00e9nal et son impl\u00e9mentation jusqu\u2019en 2023.<\/li>\n<\/ul>\n<p><strong>R\u00c9PUBLIQUE DOMINICAINE<br \/>\n<\/strong>Veuillez prier pour :<\/p>\n<ul>\n<li>Le recouvrement total de la sant\u00e9 du Pasteur Ernesto Rosa, pr\u00e9sident de la CMA Dominicaine.<\/li>\n<li>L\u2019implantation de nouvelles \u00e9glises dans les provinces non atteintes de notre pays.<\/li>\n<li>Les nouveaux missionnaires qui sont en train d\u2019\u00eatre pr\u00e9par\u00e9s \u00e0 \u00eatre envoy\u00e9s au champ missionnaire.<\/li>\n<li>La sagesse et force \u00e0 nos pasteurs de continuer \u00e0 faire l\u2019oeuvre de Dieu.<\/li>\n<\/ul>\n<p>&nbsp;<\/p>\n<p><strong>2) MINIST\u00c8RES DES FEMMES DE L\u2019UMA<br \/>\n<\/strong>Veuillez prier pour:<\/p>\n<ul>\n<li>L\u2019\u00e9v\u00e9nement des Minist\u00e8res des Femmes Leaders de l\u2019UMA sur Zoom du 17 septembre. Priez pour les femmes leaders de partout dans le monde qui seront \u00e0 cette r\u00e9union. Priez aussi pour de moments b\u00e9nis d\u2019adoration, d\u2019\u00e9coute de la Parole de Dieu et de pri\u00e8re l\u2019une pour l\u2019autre. <a href=\"https:\/\/bit.ly\/Minist\u00e8res-des-Femmes\" target=\"_blank\" rel=\"noopener\">Inscrivez-vous<\/a> aujourd\u2019hui et impliquez-vous dans ce minist\u00e8re.<\/li>\n<\/ul>\n<hr>\n<p><strong>September 7, 2022<\/strong><\/p>\n<p><strong>R\u00c9GION EMERALD (EUROPE ET MOYEN-ORIENT) DE L\u2019UMA<\/strong><\/p>\n<p><strong>IRAK<br \/>\n<\/strong>\u00c9glise de l\u2019Alliance \u00e0 Erbil, Kurdistan<br \/>\nLouez Dieu pour :<\/p>\n<ul>\n<li>Le fait que nous sommes b\u00e9nis d\u2019\u00eatre dans un cercle de pri\u00e8re qui unit toutes les \u00e9glises de l\u2019Alliance dans le monde.<\/li>\n<li>Le fait que la construction a finalement commenc\u00e9 sur le nouveau b\u00e2timent apr\u00e8s trois ans de pri\u00e8re.<\/li>\n<\/ul>\n<p>Veuillez prier pour :<\/p>\n<ul>\n<li>L\u2019\u00e9quipe qui travaille sur la construction. Que Dieu pourvoie les ressources requises pour compl\u00e9ter le travail \u00e0 temps.<\/li>\n<li>Le minist\u00e8re de discipulat. Priez pour la protetion et la sagesse de Dieu pour les dirigeants des groupes de discipulat, et pour les \u00e9tudiants.<\/li>\n<li>Le suivi des centaines de nouveaux croyants, et pour les interviews avec des gens qui cherchent Christ, qui arrivent chaque jour.<\/li>\n<li>La protection de l\u2019\u00e9quipe qui sert, pour les \u00e9tudiants pour la croissance dans la Parole de Dieu, et pour les nouveaux croyants pour tenir fermes en Christ.<\/li>\n<\/ul>\n<p><strong>ESPAGNE<br \/>\n<\/strong>Louez Dieu pour :<\/p>\n<ul>\n<li>Le fait qu\u2019il garde les portes ouvertes pour servir les enfants des travailleurs migrants dans la \u00ab Mer de Plastiques \u00bb greenhouses en Almer\u00eda. Beaucoup d\u2019enfants ont particip\u00e9 au club d\u2019enfants hebdomadaire avec un contenu d\u2019\u00c9cole Biblique de Vacances, et l\u2019\u00e9quipe a present\u00e9 l\u2019\u00e9vangile \u00e0 beaucoup de parents, aussi.<\/li>\n<\/ul>\n<p>Veuillez prier pour :<\/p>\n<ul>\n<li>La provision pour ceux que Dieu appelle pour annoncer l\u2019\u00e9vangile parmi les esclaves et exploit\u00e9s, \u00ab pour porter de bonnes nouvelles aux malheureux ; Il m\u2019a envoy\u00e9 pour gu\u00e9rir ceux qui ont le coeur bris\u00e9, pour proclamer aux captifs la libert\u00e9, et aux prisonniers la d\u00e9livrance ; Pour publier une ann\u00e9e de gr\u00e2ce de l\u2019\u00c9ternel, et un jour de vengeance de notre Dieu ; Pour consoler tous les afflig\u00e9s \u00bb (Esaie 61 : 1, 2).<\/li>\n<li>Les jeunes gens qui sont dans la sph\u00e8res d\u2019influence de l\u2019Alliance des \u00e9quipes de la diaspora : six dans le projet de la maison AMOR, plus d\u2019une douzaine dans le programme de mentoring SALT, et un dans le stage professionnel \u00e0 Terrassa.<\/li>\n<\/ul>\n<p><strong>ITALIE<br \/>\n<\/strong>\u00c9glise de l\u2019Alliance ACMI \u00e0 Ancona<br \/>\nLouez Dieu pour :<\/p>\n<ul>\n<li>Les bap\u00eames que nous avons recememment c\u00e9l\u00e9br\u00e9s ensemble avec notre \u00e9glise fille. Priez pour les nouvelles \u00e2mes qui ont d\u00e9cid\u00e9 de se faire baptiser, pour qu\u2019elles marchent et grandissent fermement en Christ.<\/li>\n<\/ul>\n<p>Veuillez prier pour :<\/p>\n<ul>\n<li>Que l\u2019\u00e9glise ait un coeur missionnaire, se consacrant pleinement dans les missions et, participant \u00e0 l\u2019intercession, information, collaboration et dans le soutien spirituel et mat\u00e9riel des missionnaires dans le champ.<\/li>\n<li>Le camp missionnaire des adolescents et jeunes gens que nous allons r\u00e9alis\u00e9 avec les missionnaires \u00e0 partir de la Colombie. Que Dieu touche des coeurs pour les pr\u00e9parer et les former, et qu\u2019ils se donnent eux-m\u00eames \u00e0 la mission de mani\u00e8re pratique.<\/li>\n<li>L\u2019\u00e9cole du dimanche des enfants, qui a r\u00e9cemment eu une le\u00e7on avec un th\u00e8me missionnaire, apr\u00e8s lequel chaque enfant a pri\u00e9 pour une nation sp\u00e9cifique durant la semaine. Que Dieu les pr\u00e9pare d\u00e9j\u00e0 \u00e0 cet \u00e2ge pour \u00eatre impliqu\u00e9 et consacr\u00e9 en faisant les missions.<\/li>\n<li>Le programme missionnaire de la radio que sommes en train de conduire une fois le mois. Que continue de guider ce programme, pour que beaucoup arrivent \u00e0 conna\u00eetre Christ. Priez aussi que beaucoup plus de gens soient inform\u00e9s et impliqu\u00e9s dans l\u2019oeuvre missionnaire.<\/li>\n<li>Notre \u00e9glise fille en Ancona. C\u2019est une \u00e9glise latine qui coop\u00e8re avec nous dans l\u2019oeuvre de Dieu dans ce pays. Nous allons bient\u00f4t partager un service missionnaire.<\/li>\n<\/ul>\n<p><strong>FRANCE<br \/>\n<\/strong>Louez Dieu pour :<\/p>\n<ul>\n<li>Les missionnaires Fran\u00e7ais Hmong qui sont arriv\u00e9s en toute s\u00e9curit\u00e9 en Thailande. Ils vont encourager l\u2019\u00e9glise Hmong de l\u00e0 pour atteindre leur propre peuple.<\/li>\n<\/ul>\n<p>Veuillez prier pour :<\/p>\n<ul>\n<li>Le leadership de transition de l\u2019\u00e9glise nationale de l\u2019Alliance et le nouveau pr\u00e9sident, Pasteur Olivier LO, qui va assumer sa nouvelle position en octobre.<\/li>\n<\/ul>\n<p><strong>MINIST\u00c8RES DE LA DIASPORA DE L\u2019ALLIANCE (MDA)<br \/>\n<\/strong>Louez Dieu pour :<\/p>\n<ul>\n<li>Beaucoup de croyants d\u2019origine musulmane qui sont en train de se conduire en confiance dans leur nouvelle foi chr\u00e9tienne.<\/li>\n<li>Beaucoup de partenaires de pri\u00e8re et financiers qui soutiennent les ouvriers MDA et les programmes d\u2019\u00e9vang\u00e9lisation.<\/li>\n<li>L\u2019opportunit\u00e9 pour les pasteurs de MDA de se rassembler en octobre 2022.<\/li>\n<\/ul>\n<p>Veuillez prier :<\/p>\n<ul>\n<li>Que les croyants en J\u00e9sus ne tombent pas dans la confusion !<\/li>\n<li>Que les musulmans r\u00e9alisent la v\u00e9rit\u00e9 du verset : \u00ab Quiconque croit en lui ne sera point confus \u00bb (Romains 10 : 11).<\/li>\n<li>Pour plus d\u2019ouvriers pour Milan (Italie) et Manchester (Grande-Bretagne).<\/li>\n<li>Pour plusieurs familles qui ont transitionn\u00e9 \u00e0 un \u00ab s\u00e9jour dans le pays d\u2019origine \u00bb et qui ont temporairement quitt\u00e9 leur lieu du minist\u00e8re. Demandez \u00e0 Dieu de les rafra\u00eechir et de les utiliser pour susciter la conscience et le soutien pour le minist\u00e8re parmi les musulmans en Europe.<\/li>\n<\/ul>\n<p>&nbsp;<\/p>\n<hr>\n<p>&nbsp;<\/p>\n<h2><strong>Pri\u00e8res de l&rsquo;UMA &#8211; Ao\u00fbt 2022<\/strong><\/h2>\n<p>&nbsp;<\/p>\n<p><strong>31 ao\u00fbt 2022<\/strong><\/p>\n<p><strong>R\u00c9GION AFRIQUE DE L\u2019UMA<\/strong><\/p>\n<p><strong>REPUBLIQUE DEMOCRATIQUE DU CONGO<br \/>\n<\/strong>Louez Dieu pour :<\/p>\n<ul>\n<li>Sa direction et sa sagesse durant le Synode de l\u2019Eglise Nationale \u00e0 Boma du 11 au 21 ao\u00fbt.<\/li>\n<li>Les Minist\u00e8res des La\u00efcs, des Femmes et des Jeunes de l\u2019Alliance Chr\u00e9tienne au Congo qui ont renouvel\u00e9 leur bureau durant le synode.<\/li>\n<\/ul>\n<p>Veuillez prier pour :<\/p>\n<ul>\n<li>La famille du R\u00e9v. Henri Empio Likibo du District du Plateau de Bateke. Il d\u00e9c\u00e9d\u00e9 d\u2019un accident de v\u00e9hicule pendant qu\u2019il venait au synode. Que Dieu r\u00e9conforte son \u00e9pouse, ses enfants, et l\u2019\u00e9glise du Plateau de Bateke.<\/li>\n<li>L\u2019\u00e9pouse du R\u00e9v. Vangu du District de Kavuzi. Elle souffre un choc cranien apr\u00e8s un accident de moto durant le synode, et l\u2019intervention chirurgicale co\u00fbte $5 000 USD. Priez que l\u2019\u00e9glise trouve les moyens financiers pour l\u2019op\u00e9ration.<\/li>\n<li>Que l\u2019Esprit du Seigneur renouvelle et fortifie ses serviteurs d\u2019aller de l\u2019avant dans sa mission durant les assembl\u00e9es g\u00e9n\u00e9rales dans tous les 60 Districts, et la Province du Katanga.<\/li>\n<li>La direction et la sagesse de Dieu pour le comit\u00e9 de gestion qui va choisir les candidats missionnaires qui seront envoy\u00e9s en Afrique de l\u2019Ouest. Priez aussi que toutes les ressources soient pourvues.<\/li>\n<li>Le travail du b\u00e9tonnage sur la route menant au quartier g\u00e9n\u00e9ral de l\u2019\u00e9glise \u00e0 Boma 1, travail qui est r\u00e9alis\u00e9 par les contributions des membres de l\u2019\u00e9glise. Priez pour le besoin de plus de $70 000 USD pour finir ce travail.<\/li>\n<li>Les deux Districts du Plateau de Bateke font face \u00e0 une guerre ethnique entre les peuples T\u00e9ke et Yaka. Ce conflit a d\u00e9j\u00e0 caus\u00e9 des morts, des maisons incendi\u00e9es, des villages entiers ras\u00e9s et des familles d\u00e9pourvues de tout.<\/li>\n<\/ul>\n<p><strong>ANGOLA<br \/>\n<\/strong>Louez Dieu pour :<\/p>\n<ul>\n<li>La r\u00e9ussite de l\u2019Assembl\u00e9e G\u00e9n\u00e9rale de la CMA de l\u2019Angola tenue du 2 au 7 ao\u00fbt avec le th\u00e8me \u00ab Il a paru bon au Saint Esprit et \u00e0 nous \u00bb (Actes 15 : 28). Dieu a agi puissamment parmi nous et toutes les sessions et decisions \u00e9taient prises dans une atmosph\u00e8re de paix et d\u2019accalmie.<\/li>\n<\/ul>\n<p>Veuillez prier pour :<\/p>\n<ul>\n<li>Que Dieu guide, capacite et fortifie l\u2019\u00e9quipe nouvellement \u00e9lue \u00e0 conduire l\u2019\u00e9glise nationale \u00e0 la lumi\u00e8re du Saint Esprit durant les quatre prochaines ann\u00e9es.<\/li>\n<li>Que Dieu suscite des hommes et de femmes capables de soutenir ou de sponsoriser l\u2019oeuvre missionnaire en Angola.<\/li>\n<li>La protection de Dieu pour l\u2019\u00e9quipe qui sera envoy\u00e9e \u00e0 la province de Malange pour y implanter une nouvelle \u00e9glise.<\/li>\n<li>Notre pays. Nous faisons face \u00e0 un temps de difficult\u00e9 politique: l\u2019arriv\u00e9e de la d\u00e9pouille mortelle de l\u2019ancien pr\u00e9sident, d\u00e9c\u00e9d\u00e9 en Espagne, et les \u00e9lections g\u00e9n\u00e9rales o\u00f9 les partis historiques n\u2019aimeraient pas \u00e9chouer, avec des menaces d\u2019une guerre.<\/li>\n<\/ul>\n<p><strong>MALI<br \/>\n<\/strong>Veuillez prier pour :<\/p>\n<ul>\n<li>Le pasteur Emmanuel Goita, qui a \u00e9t\u00e9 kidnapp\u00e9 par les jihaistes. Il souffre d\u2019un cancer de foie. Que le Seigneur accorde une gu\u00e9rison miraculeuse pour sa gloire.<\/li>\n<li>Plusieurs camps de jeunesse qui se tiendront du 29 ao\u00fbt au 15 septembre dans diverses lieux: Yorosso, Kimparana, Tominian, N Torosso, Koporo Pen et Koutiala.<\/li>\n<li>Le s\u00e9minaire avec tous les missionnaires locaux de l\u2019\u00e9glise de la CMA.<\/li>\n<li>La provision financi\u00e8re de Dieu et sa direction pour la planification de notre c\u00e9l\u00e9bration du centenaire.<\/li>\n<li>Que le Seigneur donne une solution aux 7 hectares de terrain qui nous ont caus\u00e9 beacoup de probl\u00e8mes.<\/li>\n<li>L\u2019intervention du Seigneur afin d\u2019\u00e9viter une escalade entre le Mali et la C\u00f4te d\u2019Ivoire a cause des militaires inculp\u00e9s au Mali. Priez que la stabilit\u00e9 revienne entre ces deux pays.<\/li>\n<\/ul>\n<hr \/>\n<p><strong>17 ao\u00fbt 2022<\/strong><\/p>\n<p><strong>1) <\/strong><strong>R\u00c9GION AFRIQUE DE L\u2019UMA<\/strong><\/p>\n<p><strong>BURKINA FASO<br \/>\n<\/strong>Veuillez prier pour :<\/p>\n<ul>\n<li>La famille du R\u00e9v\u00e9rend Thomas Traore, ancien pr\u00e9sident de l&rsquo;Eglise ACM du Burkina Faso, d\u00e9c\u00e9d\u00e9 le 15 ao\u00fbt 2022, \u00e0 la suite d\u2019une maladie canc\u00e9reuse. Priez aussi pour la famille de l&rsquo;Alliance au Burkina Faso, qui a perdu un leader qui \u00e9tait une source de sagesse et d&rsquo;encouragement.<\/li>\n<\/ul>\n<p><strong>2) R\u00c9GION APAC (ASIE PACIFIQUE) DE L\u2019UMA<\/strong><\/p>\n<p><strong>PAPOUASIE NOUVELLE GUIN\u00c9E<br \/>\n<\/strong>Veuillez prier pour :<\/p>\n<ul>\n<li>La famille d&rsquo;un pasteur qui a \u00e9t\u00e9 abattu par un groupe arm\u00e9 inconnu le 16 juillet 2022 \u00e0 Nduga, en Papouasie. Priez pour sa famille et l&rsquo;\u00e9glise qu&rsquo;il a laiss\u00e9e derri\u00e8re lui. La population est toujours expos\u00e9e au conflit entre l&rsquo;arm\u00e9e et les groupes s\u00e9paratistes papous. Dans cette r\u00e9gion, de nombreux membres de l&rsquo;\u00e9glise Gospel Tabernacle, une \u00e9glise ACM indon\u00e9sienne, ont \u00e9t\u00e9 victimes. En raison de ce conflit de longue date, des milliers de personnes cherchent encore aujourd&rsquo;hui refuge dans la for\u00eat.<\/li>\n<\/ul>\n<p><strong>3) R\u00c9GION AM\u00c9RIQUE DU NORD DE L\u2019UMA<\/strong><\/p>\n<p><strong>\u00c9TATS-UNIS<br \/>\n<\/strong>Veuillez prier pour :<\/p>\n<ul>\n<li>Conf\u00e9rence Life 2022 : plus de 4 500 adolescents ont particip\u00e9 \u00e0 la conf\u00e9rence de la jeunesse LIFE 2022 \u00e0 Orlando, en Floride, au d\u00e9but du mois de juillet. Priez pour que le suivi et la formation des disciples des \u00e9tudiants dont le c\u0153ur a \u00e9t\u00e9 touch\u00e9 par la pr\u00e9sence de l&rsquo;Esprit soient couronn\u00e9s de succ\u00e8s. Priez pour qu&rsquo;ils tiennent bon face aux plans de l&rsquo;ennemi visant \u00e0 \u00e9branler leur foi. Priez sp\u00e9cifiquement pour que Dieu continue \u00e0 diriger les pas de plus de 400 \u00e9tudiants qui ont r\u00e9pondu \u00e0 l&rsquo;appel au minist\u00e8re \u00e0 plein temps et que leurs communaut\u00e9s de foi les entourent et les encouragent dans leur appel.<\/li>\n<li>Inondations dans le Kentucky : Fin juillet, l&rsquo;est du Kentucky a \u00e9t\u00e9 frapp\u00e9 par de violentes temp\u00eates qui ont provoqu\u00e9 des glissements de terrain, des coul\u00e9es de boue et des inondations soudaines. Plus de trois douzaines de personnes sont mortes et des centaines sont port\u00e9es disparues. Cinq \u00e9glises de l&rsquo;Alliance ont \u00e9t\u00e9 touch\u00e9es par les fortes pluies. L&rsquo;une de ces \u00e9glises a \u00e9t\u00e9 endommag\u00e9e par des inondations de 16 pouces, tandis qu&rsquo;un pasteur retrait\u00e9 de l&rsquo;Alliance a subi de graves dommages \u00e0 sa maison et a perdu ses deux voitures et son petit commerce. Veuillez prier pour ces familles, ces \u00e9glises et ces communaut\u00e9s qui sont confront\u00e9es \u00e0 des d\u00e9fis importants \u00e0 la suite de cette catastrophe.<\/li>\n<li>Conf\u00e9rence Resonate : Priez pour ceux qui ont particip\u00e9 \u00e0 Resonate, une orientation de l&rsquo;Alliance pour les travailleurs nouvellement licenci\u00e9s des \u00c9tats-Unis et de Porto Rico, qui a eu lieu d\u00e9but ao\u00fbt. Pr\u00e8s de 200 nouveaux travailleurs se sont r\u00e9unis \u00e0 Columbus, Ohio, pour entrer en contact avec des responsables nationaux et des coll\u00e8gues d&rsquo;autres districts g\u00e9ographiques et ethniques. Priez pour que ces nouveaux travailleurs soient renforc\u00e9s dans leurs minist\u00e8res locaux et encourag\u00e9s dans leur passion pour vivre la vision de l&rsquo;Alliance am\u00e9ricaine ACM \u00ab Tout de J\u00e9sus pour tout le monde \u00bb. Alors que l&rsquo;Alliance continue \u00e0 former des leaders parmi les diff\u00e9rents groupes aux Etats-Unis, priez tout particuli\u00e8rement pour la qualit\u00e9 des services d&rsquo;interpr\u00e9tation, notamment en vietnamien, en espagnol et en langue des signes am\u00e9ricaine !<\/li>\n<li>Le district Hmong : Les dirigeants du district Hmong, dont le surintendant de district Lantzia Thao et sa femme, Aimee.<\/li>\n<\/ul>\n<p>Louez Dieu pour :<\/p>\n<ul>\n<li>Le district Hmong : R\u00e9cemment, Lantzia a partag\u00e9 : \u00ab\u00a0Louons Dieu d&rsquo;avoir conduit le district Hmong \u00e0 \u00eatre plus fort gr\u00e2ce \u00e0 trois initiatives : LOVE (relations), LAUNCH (am\u00e9lioration de la technologie), et LEAD (leadership de la prochaine g\u00e9n\u00e9ration). Gr\u00e2ce \u00e0 elles, nous sommes plus forts et plus proches de Dieu, des ACM et les uns des autres. Veuillez prier pour les trois objectifs que Dieu a mis sur nos c\u0153urs : REACH IN (cultiver l&rsquo;\u00e9glise &#8211; 2023), REACH OUT (engager la communaut\u00e9 &#8211; 2024), et REACH OVER (mobiliser la mission &#8211; 2025)\u00a0\u00bb.<\/li>\n<\/ul>\n<hr \/>\n<p><strong>10 ao\u00fbt 2022<\/strong><\/p>\n<p><strong>R\u00c9GION CLA (AM\u00c9RIQUE LATINE) DE L\u2019UMA<\/strong><\/p>\n<p><strong>URUGUAY<br \/>\n<\/strong>Veuillez prier pour :<\/p>\n<ul>\n<li>Le r\u00e9tablissement de la sant\u00e9 du pasteur Andr\u00e9s Ripoll et de son \u00e9pouse, pasteur de l&rsquo;\u00e9glise Alianza Chuy de Rocha.<\/li>\n<li>L&rsquo; Alliance Vichadero, \u00e0 Rivera. Que le Seigneur envoie un ouvrier qui puisse prendre en charge le travail.<\/li>\n<li>Les missions, ce week-end prochain sera la relance de la promesse de la foi de contribuer aux missions. Prions pour que dans tout le pays il y ait un bon compromis.<\/li>\n<li>Ressources pour la construction d&rsquo;un nouveau temple pour l&rsquo;\u00e9glise Alianza Santa Isabel \u00e0 Rivera. Priez que Dieu fournisse ce qui est n\u00e9cessaire pour mener \u00e0 bien ce travail.<\/li>\n<\/ul>\n<p><strong>COLOMBIE<br \/>\n<\/strong>Veuillez prier pour :<\/p>\n<ul>\n<li>Fourniture et soutien dans la logistique des \u00e9v\u00e9nements qui auront lieu en Colombie en septembre\u00a0: Congr\u00e8s des femmes latino-am\u00e9ricaines Amada 2022, Assembl\u00e9e et Symposium de CLA et R\u00e9union mondiale des responsables de missions de l&rsquo;AWF.<\/li>\n<\/ul>\n<ul>\n<li>La construction du temple de Leticia, Amazonas. Priez pour la mise \u00e0 disposition d&rsquo;un temple s\u00fbr, agr\u00e9able, grand et polyvalent pour servir la communaut\u00e9, les ouvriers et ceux qui doivent \u00eatre ajout\u00e9s \u00e0 l&rsquo;\u00e9glise du Christ.<\/li>\n<li>Le nouveau gouvernement dirig\u00e9 par Gustavo Petro. Pour l&rsquo;ordre public, en particulier dans les endroits o\u00f9 la vie des civils, des policiers et des militaires est menac\u00e9e. Priez pour que l&rsquo;\u00e9glise reste forte et constante.<\/li>\n<\/ul>\n<p><strong>BR\u00c9SIL<br \/>\n<\/strong>Louez Dieu pour :<\/p>\n<ul>\n<li>La retraite des jeunes de l&rsquo;ACA et le bon d\u00e9roulement de la restructuration propos\u00e9e du S\u00e9minaire Th\u00e9ologique A.W. Tozer.<\/li>\n<\/ul>\n<p>Veuillez prier pour :<\/p>\n<ul>\n<li>Le missionnaire Danilo, du Portugal, est actuellement au Br\u00e9sil pour aider \u00e0 soigner sa m\u00e8re hospitalis\u00e9e. Priez que Dieu la gu\u00e9risse et prenne soin d&rsquo;elle et de sa famille en ce moment.<\/li>\n<li>Les missionnaires Patr\u00edcia et Daniel ont besoin de ressources financi\u00e8res pour renouveler leurs visas.<\/li>\n<li>Les missionnaires Rom\u00e1rio et Jaqueline et pour le soutien apport\u00e9 au Projet Asie.<\/li>\n<li>\u00c9tudiants et enseignants commen\u00e7ant leur deuxi\u00e8me semestre au S\u00e9minaire Th\u00e9ologique A.W. Tozer. Priez que Dieu continue d&rsquo;appeler et d&rsquo;\u00e9veiller de nouveaux \u00e9tudiants au s\u00e9minaire.<\/li>\n<\/ul>\n<p><strong>CUBA<br \/>\n<\/strong>Veuillez prier pour :<\/p>\n<ul>\n<li>Pasteur Iv\u00e1n Pe\u00f1a, secr\u00e9taire national, qui a la dengue, et S\u0153ur Yoandra Hern\u00e1ndez, la tr\u00e9sori\u00e8re nationale qui a des probl\u00e8mes de sant\u00e9. Priez pour son r\u00e9tablissement et sa restauration.<\/li>\n<li>\u00c9coles bibliques d&rsquo;\u00e9t\u00e9. En ao\u00fbt, toutes les \u00e9glises feront leur \u00e9cole biblique. Le mois d&rsquo;aout.<\/li>\n<li>Le nouveau code de la famille. Cela va \u00e0 l&rsquo;encontre des principes bibliques, \u00e9thiques et moraux et est sur le point d&rsquo;\u00eatre approuv\u00e9 le 26 ao\u00fbt. Priez pour une non-acceptation.<\/li>\n<li>La provision de Dieu en ressources et strat\u00e9gies \u00e9conomiques pour le budget national et sa r\u00e9duction et ses limites.<\/li>\n<\/ul>\n<p><strong>CHILI<br \/>\n<\/strong>Louez Dieu pour :<\/p>\n<ul>\n<li>Les pasteurs et les missionnaires, qui, malgr\u00e9 les niveaux \u00e9lev\u00e9s de contamination par le virus, Dieu a pris soin d&rsquo;eux et jusqu&rsquo;\u00e0 pr\u00e9sent il n&rsquo;y a aucune perte \u00e0 d\u00e9plorer.<\/li>\n<\/ul>\n<p>Veuillez prier pour :<\/p>\n<ul>\n<li>La Maison des Enfants (Hogar de Menores). Chaque ann\u00e9e au mois d&rsquo;ao\u00fbt, l&rsquo;\u00e9glise nationale l\u00e8ve une offrande dans tout le pays pour venir en aide au Hogar de Menores. Priez pour les filles qui sont enti\u00e8rement prises en charge, viennent de foyers vuln\u00e9rables et sont sous la garde de nos fr\u00e8res. C&rsquo;est un travail que ACM du Chili r\u00e9alise depuis plus de 50 ans.<\/li>\n<li>Minist\u00e8res nationaux des hommes, des femmes et de la jeunesse. Ces d\u00e9partements d&rsquo;\u00e9glise sont dans toutes les \u00e9glises locales et sont dirig\u00e9s par des conseils nationaux, qui sont les bras actifs de chaque congr\u00e9gation. Priez pour la direction du Seigneur pour les dirigeants locaux et nationaux.<\/li>\n<li>Le minist\u00e8re de l&rsquo;\u00e9ducation de l&rsquo;\u00e9glise nationale compte cinq \u00e9coles rurales, dont la grande majorit\u00e9 se trouve dans les communaut\u00e9s indig\u00e8nes mapuche. Priez que chaque enfant soit guid\u00e9 dans les voies du Seigneur et mis sur le chemin d&rsquo;une vie d&rsquo;esp\u00e9rance.<\/li>\n<li>Journ\u00e9e minist\u00e9rielle des vocations. Le 14 ao\u00fbt, les \u00e9glises locales prient et demandent au Seigneur d&rsquo;appeler les futurs ouvriers nationaux et internationaux. Priez que de nouveaux ouvriers soient appel\u00e9s au minist\u00e8re lors de cet \u00e9v\u00e9nement.<\/li>\n<li>La prochaine Assembl\u00e9e G\u00e9n\u00e9rale, l&rsquo;\u00e9lection du Bureau Ex\u00e9cutif se tiendra pour la p\u00e9riode 2023-2025. Prier pour Dieux conseils et sagesse en ce moment.<\/li>\n<li>En raison de la situation de violence dans le pays. Priez pour que Dieu contr\u00f4le la situation.<\/li>\n<\/ul>\n<p><strong>COSTA RICA<br \/>\n<\/strong>Veuillez prier pour :<\/p>\n<ul>\n<li>Pour chaque pasteur afin que Dieu puisse continuer \u00e0 le guider dans le renforcement et le d\u00e9veloppement des \u00e9glises dont il a la charge.<\/li>\n<li>Pour les finances, que Dieu continue \u00e0 fournir ce qui est n\u00e9cessaire pour r\u00e9pondre aux engagements financiers de chaque \u00e9glise et de l&rsquo;\u00e9glise nationale.<\/li>\n<li>Pour les programmes de formation et d&rsquo;\u00e9vang\u00e9lisation, chaque \u00e9glise r\u00e9alise pour consolider les membres et gagner de nouvelles vies pour Christ.<\/li>\n<\/ul>\n<p><strong>BOLIVIE<br \/>\n<\/strong>Veuillez prier pour :<\/p>\n<ul>\n<li>Les 35 \u00e9tudiants de l&rsquo;Acad\u00e9mie Biblique Locale, dans l&rsquo;\u00c9glise Avanc\u00e9e de Santa Cruz de la Sierra, peuvent pers\u00e9v\u00e9rer et grandir pendant l&rsquo;enseignement.<\/li>\n<li>Pour les \u00e9tudiants du S\u00e9minaire Biblique SEBAP, que Dieu continue \u00e0 les instruire et \u00e0 les former \u00e0 assumer davantage de leadership.<\/li>\n<li>Pour un temple appropri\u00e9 pour l&rsquo;avance de Santa Cruz, que Dieu nous guide pour prendre des d\u00e9cisions sur cette question.<\/li>\n<li>Pour que l&rsquo;unit\u00e9 de l&rsquo;\u00c9glise r\u00e9solve avec maturit\u00e9 toute difficult\u00e9 \u00e0 l&rsquo;int\u00e9rieur et \u00e0 l&rsquo;ext\u00e9rieur de la famille spirituelle.<\/li>\n<li>Pour un temple propre \u00e0 l&rsquo;\u00c9glise de Quillacollo.<\/li>\n<li>Pour les malades de nos \u00c9glises, pour un prompt r\u00e9tablissement de leur sant\u00e9.<\/li>\n<\/ul>\n<p><strong>ARGENTINE<br \/>\n<\/strong>Veuillez prier pour :<\/p>\n<ul>\n<li>En raison de la situation socio-\u00e9conomique en Argentine qui g\u00e9n\u00e8re plusieurs fronts \u00e0 affronter.<\/li>\n<li>Le travail d&rsquo;aide sociale que r\u00e9alisent les \u00e9glises.<\/li>\n<li>Disposition pour les missionnaires dans le domaine interculturel et les familles pastorales.<\/li>\n<li>Pour les opportunit\u00e9s de pr\u00eacher l&rsquo;\u00e9vangile \u00e0 des moments o\u00f9 il n&rsquo;y a pas d&rsquo;espoir pour les gens.<\/li>\n<li>Disposition pour les \u00e9glises qui louent des lieux de r\u00e9union.<\/li>\n<li>Pour les nouveaux travaux qui commencent dans diff\u00e9rentes parties du pays.<\/li>\n<\/ul>\n<p><strong>P\u00c9ROU<br \/>\n<\/strong>Veuillez prier pour :<\/p>\n<ul>\n<li>La situation politique et sociale critique du pays. Priez que Dieu leur donne une voie sage pour sortir de ce chaos social.<\/li>\n<li>Le ACM du P\u00e9rou. Que Dieu permette qu&rsquo;en ces temps durs et difficiles, l&rsquo;\u00c9glise continue de cro\u00eetre r\u00e9guli\u00e8rement et globalement et continue d&rsquo;\u00eatre sage en \u00e9tant lumi\u00e8re et sel pour tout le pays.<\/li>\n<\/ul>\n<p><strong>R\u00c9PUBLIQUE DOMINICAINE<br \/>\n<\/strong>Veuillez prier pour :<\/p>\n<ul>\n<li>Pour la sant\u00e9 des bergers, certains d&rsquo;entre eux sont malades.<\/li>\n<li>Nouveaux pasteurs pour le travail. Priez que Dieu fournisse de nouveaux ouvriers.<\/li>\n<\/ul>\n<hr \/>\n<p><strong>3 ao\u00fbt 2022<\/strong><\/p>\n<p><strong>R\u00c9GION EMERALD (EUROPE ET MOYEN-ORIENT) DE L\u2019UMA<\/strong><\/p>\n<p><strong>SYRIE<br \/>\n<\/strong>Veuillez prier pour :<\/p>\n<ul>\n<li>Le r\u00e9confort de Dieu pour la famille du R\u00e9v\u00e9rend Issam Farah, son \u00e9pouse Nahed et ses fils, Ibrahim et John. Sa mort soudaine est une grande perte pour l&rsquo;Alliance en Syrie et dans la r\u00e9gion environnante. Le R\u00e9v\u00e9rend Farah \u00e9tait un homme bon, avec une foi forte et solide. Calme et s\u00fbr, il apportait de la joie \u00e0 tous ceux qui l&rsquo;entouraient.<\/li>\n<\/ul>\n<p><strong>MINISTERES DE LA DIASPORA DE L\u2019ALLIANCE (MDA)<br \/>\n<\/strong>Louez Dieu pour :<\/p>\n<ul>\n<li>Les musulmans qui se tournent vers J\u00e9sus, et pour les petits rassemblements de croyants d&rsquo;origine musulmane en Europe.<\/li>\n<li>De nouveaux travailleurs qui ont rejoint l&rsquo;\u0153uvre du Royaume parmi les musulmans en Europe.<\/li>\n<li>Les \u00e9glises locales europ\u00e9ennes qui tendent la main aux migrants musulmans.<\/li>\n<li>L&rsquo;occasion pour les responsables MDA de se r\u00e9unir en octobre 2022.<\/li>\n<\/ul>\n<p>Veuillez prier pour :<\/p>\n<ul>\n<li>De nombreux immigrants musulmans qui se rendent dans leur pays d&rsquo;origine pendant l&rsquo;\u00e9t\u00e9. Demandez \u00e0 Dieu que cela les am\u00e8ne \u00e0 \u00eatre d\u00e9sillusionn\u00e9s par l&rsquo;Islam.<\/li>\n<li>Davantage d&rsquo;ouvriers dans le champ de r\u00e9colte des musulmans d&rsquo;Europe. Priez pour que les \u00e9glises locales soient renforc\u00e9es dans leur travail de proximit\u00e9.<\/li>\n<li>Nos fr\u00e8res et s\u0153urs qui viennent d&rsquo;un milieu musulman, afin qu&rsquo;ils restent fermes dans leur foi chr\u00e9tienne. Priez que leurs c\u0153urs croient et que leurs bouches confessent J\u00e9sus-Christ comme Seigneur (Romains 10 :10).<\/li>\n<li>Le rassemblement MDA qui aura lieu en Gr\u00e8ce, du 7 au 11 octobre.<\/li>\n<\/ul>\n<p><strong>ESPAGNE<br \/>\n<\/strong>Louez Dieu pour :<\/p>\n<ul>\n<li>L&rsquo;\u00e9glise de Tenerife qui est inaugur\u00e9e ce week-end.<\/li>\n<\/ul>\n<p>Veuillez prier pour :<\/p>\n<ul>\n<li>L&rsquo;\u00e9glise de l&rsquo;Alliance \u00e0 Badalona, une banlieue de Barcelone, o\u00f9 servent les missionnaires portoricains Jos\u00e9 et Sonia Mart\u00ednez. L&rsquo;\u00e9glise a d\u00fb quitter brusquement le lieu qu&rsquo;elle louait pr\u00e9c\u00e9demment et n&rsquo;a pas \u00e9t\u00e9 en mesure de trouver quelque chose que la congr\u00e9gation pouvait se payer. Veuillez prier pour qu&rsquo;ils puissent trouver un lieu ad\u00e9quat \u00e0 louer pour le culte du dimanche.<\/li>\n<li>Les habitants qui font face \u00e0 la menace des incendies de montagne qui s&rsquo;abattent sur la ville de Los Realejos, \u00e0 Tenerife, dans les \u00eeles Canaries.<\/li>\n<\/ul>\n<p><strong>FRANCE<br \/>\n<\/strong>Louez Dieu pour :<\/p>\n<ul>\n<li>Le partenariat dynamique centr\u00e9 sur la mission entre l&rsquo;AECM France et une \u00e9glise de l&rsquo;Alliance dans le Wisconsin, aux \u00c9tats-Unis, lors de la r\u00e9cente visite du pr\u00e9sident de l&rsquo;Alliance Fran\u00e7aise, le R\u00e9v\u00e9rend Michel Viguier.<\/li>\n<\/ul>\n<p>Veuillez prier pour :<\/p>\n<ul>\n<li>La transition de l&rsquo;envoi des missionnaires fran\u00e7ais Hmong en Tha\u00eflande, qui renforceront l&rsquo;\u00e9glise Hmong sur place pour atteindre leur peuple.<\/li>\n<li>La retraite pastorale annuelle en octobre.<\/li>\n<\/ul>\n<p><strong>ALLEMAGNE<br \/>\n<\/strong>Louez Dieu pour :<\/p>\n<ul>\n<li>Le partenariat des missions de l&rsquo;Alliance dans l&rsquo;\u00e9glise de l&rsquo;Alliance \u00e0 Waren aide les r\u00e9fugi\u00e9s ukrainiens qui ont rejoint l&rsquo;\u00e9glise.<\/li>\n<\/ul>\n<p><strong>GRANDE BRETAGNE<br \/>\n<\/strong>Veuillez prier pour :<\/p>\n<ul>\n<li>Une unit\u00e9 compatissante entre les pasteurs de nos \u00e9glises et un soutien mutuel dans la pri\u00e8re.<\/li>\n<\/ul>\n<p>&nbsp;<\/p>\n<hr \/>\n<p>&nbsp;<\/p>\n<h2><strong>Pri\u00e8res de l\u2019UMA &#8211; Juillet 2022<\/strong><\/h2>\n<p>&nbsp;<\/p>\n<p><strong>27 juillet 2022<\/strong><\/p>\n<p><strong>R\u00c9GION AM\u00c9RIQUE DU NORD DE L\u2019UMA<\/strong><\/p>\n<p><strong>CANADA<br \/>\n<\/strong>Louez Dieu pour :<\/p>\n<ul>\n<li>Les nombreux responsables de l\u2019Alliance qui a pu se r\u00e9unir \u00e0 Calgary en juillet pour se recentrer et s\u2019inspirer de l\u2019engagement du Canada comme champ de mission gr\u00e2ce \u00e0 l\u2019\u00e9v\u00e9nement \u00ab Au Canada \u00bb. Beaucoup se sont \u00e9galement r\u00e9unis pour partager du temps, prendre des d\u00e9cisions importantes et \u00eatre encourag\u00e9s ensemble en tant que leaders de l\u2019Alliance \u00e0 l\u2019assembl\u00e9e g\u00e9n\u00e9rale.<\/li>\n<\/ul>\n<p><strong>\u00c9TATS-UNIS<br \/>\n<\/strong>Veuillez prier pour :<\/p>\n<ul>\n<li>Alliance Kids : Le nouveau programme Alliance Kids Discovery Land a \u00e9t\u00e9 publi\u00e9. Ce programme fournit un contenu hebdomadaire sur les missions de l\u2019Alliance afin que les enfants de l\u2019Alliance \u00e0 travers le pays puissent apprendre l\u2019ADN la CMA, entendre parler des projets de l\u2019Alliance et du travail international, et voir comment ils peuvent aussi participer \u00e0 la Grande Commission. Priez pour que le programme d\u2019\u00e9tudes engage davantage les enfants et les travailleurs aupr\u00e8s des enfants dans la vision de l\u2019Alliance aux \u00c9tats-Unis : tout de J\u00e9sus pour le monde entier. Priez aussi pour les travailleurs de l\u2019enfance qui aident les enfants \u00e0 risque \u00e0 faire face aux pressions auxquelles eux et leurs familles sont confront\u00e9s quotidiennement.<\/li>\n<li>Les Jeunes de l\u2019Alliance : Plus de 6 000 adolescents et jeunes ont particip\u00e9 \u00e0 la conf\u00e9rence des jeunes LIFE 2022 \u00e0 Orlando, en Floride, d\u00e9but juillet. Le th\u00e8me de la conf\u00e9rence \u00e9tait J\u00e9sus est Plus Grand que Tout &#8211; y compris le pouvoir, l\u2019argent, la c\u00e9l\u00e9brit\u00e9, les privil\u00e8ges, la r\u00e9putation, les adeptes des m\u00e9dias sociaux et l\u2019adversit\u00e9 personnelle. Cinquante s\u00e9minaires propos\u00e9s tout au long de la semaine ont \u00e9t\u00e9 con\u00e7us pour apporter un soutien spirituel et une connexion plus profonde avec J\u00e9sus. Les jeunes ont \u00e9galement eu l\u2019occasion de servir la communaut\u00e9 du centre de la Floride par le biais de projets de service et de s\u2019immerger dans une exp\u00e9rience de justice &#8211; une simulation qui a permis aux jeunes de reconna\u00eetre les probl\u00e8mes d\u2019esclavage dans le monde. En outre, ils ont particip\u00e9 \u00e0 une exp\u00e9rience de mission qui les a mis au d\u00e9fi de r\u00e9pondre \u00e0 l\u2019appel de Dieu sur leur vie et d\u2019apporter l\u2019\u00e9vangile \u00e0 leurs communaut\u00e9s. Le vendredi soir, pendant le service principal, le pr\u00e9sident John Stumbo a partag\u00e9 son t\u00e9moignage de gu\u00e9rison et a lanc\u00e9 un appel au minist\u00e8re. Plus de 400 jeunes ont r\u00e9pondu \u00e0 l\u2019appel au minist\u00e8re \u00e0 plein temps ! Continuez \u00e0 prier pour ces jeunes, en particulier pour qu\u2019ils soient entour\u00e9s d\u2019une communaut\u00e9 qui encourage leur appel au minist\u00e8re et que Dieu continue \u00e0 diriger leurs pas. Priez pour un suivi et une formation r\u00e9ussie des jeunes dont le c\u0153ur a \u00e9t\u00e9 touch\u00e9 par la pr\u00e9sence de l\u2019Esprit. Priez pour qu\u2019ils tiennent bon face \u00e0 toute man\u0153uvre de l\u2019ennemi visant \u00e0 \u00e9branler leur foi.<\/li>\n<li>Travailleurs Internationaux : Une centaine de travailleurs internationaux bas\u00e9s aux \u00c9tats-Unis sont r\u00e9cemment rentr\u00e9s dans leur pays pour leur mission d\u2019origine. Interc\u00e9dez pour ces travailleurs internationaux et leurs enfants alors qu\u2019ils s\u2019adaptent \u00e0 la vie aux \u00c9tats-Unis et pour qu\u2019ils puissent se reposer et se ressourcer. Priez aussi pour des visites d\u2019\u00e9glises efficaces et de bonnes connexions avec leur corps local de croyants. Priez aussi pour les travailleurs internationaux en r\u00e9sidence dans chaque Coll\u00e8ge de l\u2019Alliance. Ces travailleurs ont consacr\u00e9 leur ann\u00e9e d\u2019affectation \u00e0 l\u2019encadrement des \u00e9tudiants sur le campus et au d\u00e9veloppement de l\u2019appel \u00e0 la mission dans leur vie.<\/li>\n<\/ul>\n<hr \/>\n<p><strong>13 juillet 2022<\/strong><\/p>\n<p><strong>R\u00c9GION AFRIQUE DE L\u2019UMA<\/strong><\/p>\n<p><strong>ANGOLA<br \/>\n<\/strong>Veuillez prier pour :<\/p>\n<ul>\n<li>L\u2019Assembl\u00e9e G\u00e9n\u00e9rale de la CMA d\u2019Angola, du 2 au 7 ao\u00fbt. Priez pour les pasteurs qui seront consacr\u00e9s au minist\u00e8re et pour l\u2019\u00e9lection du nouveau conseil d\u2019administration national. Que le Seigneur guide leurs d\u00e9cisions et montre sa volont\u00e9 \u00e0 l\u2019\u00e9glise.<\/li>\n<li>L\u2019\u00e9lection pr\u00e9sidentielle en Angola, le 24 ao\u00fbt. Priez pour une \u00e9lection pacifique et pour que Dieu guide le peuple dans le choix du nouveau dirigeant du pays.<\/li>\n<\/ul>\n<p><strong>C\u00d4TE D\u2019IVOIRE<br \/>\n<\/strong>Veuillez prier pour :<\/p>\n<ul>\n<li>Le R\u00e9v\u00e9rend No\u00ebl N\u2019Guessan, le pr\u00e9sident de la CMA de C\u00f4te d\u2019Ivoire. Il sera l\u2019orateur principal de la 12e Convention Nationale de l\u2019\u00c9glise, du 8 au 13 ao\u00fbt. Priez pour que son enseignement ait un r\u00e9el impact sur la vie de l\u2019\u00e9glise.<\/li>\n<li>La direction et la sagesse de Dieu pour l\u2019\u00e9lection de la nouvelle pr\u00e9sidente de l\u2019Association des Femmes Pasteurs et des \u00c9pouses de Pasteurs pour les quatre prochaines ann\u00e9es.<\/li>\n<li>Le d\u00e9marrage effectif de l\u2019Assurance sant\u00e9 des serviteurs et servantes de Dieu en juillet.<\/li>\n<li>La disponibilit\u00e9 de moyens financiers pour les serviteurs de Dieu qui prennent leur retraite.<\/li>\n<li>La gu\u00e9rison des pasteurs et des dirigeants qui sont en cong\u00e9 pour cause de maladie.<\/li>\n<\/ul>\n<p><strong>R\u00c9PUBLIQUE D\u00c9MOCRATIQUE DU CONGO (RDC)<br \/>\n<\/strong>Veuillez prier pour :<\/p>\n<ul>\n<li>Le r\u00e9confort de Dieu pour les familles et les \u00e9glises des six pasteurs d\u00e9c\u00e9d\u00e9s en juin.<\/li>\n<li>Le Synode de l\u2019\u00c9glise Nationale \u00e0 Boma, du 11 au 21 ao\u00fbt. Que le Seigneur fournisse les ressources n\u00e9cessaires \u00e0 l\u2019organisation, garde les d\u00e9l\u00e9gu\u00e9s et guident les travaux par son Saint-Esprit.<\/li>\n<li>Les Minist\u00e8res des La\u00efcs, des Femmes et des Jeunes. Ils renouvelleront leurs fonctions pendant le synode. Que l\u2019Esprit de Dieu les guide dans leurs d\u00e9cisions et leurs actions.<\/li>\n<li>la Radio et T\u00e9l\u00e9vision de l\u2019Alliance \u00e0 Boma, qui est en phase d\u2019essai. Qu\u2019elle devienne un outil puissant de plus pour la proclamation de l\u2019\u00e9vangile.<\/li>\n<li>La r\u00e9ouverture de l\u2019imprimerie \u00e9vang\u00e9lique \u00e0 Boma. Le comit\u00e9 de gestion de l\u2019\u00e9glise veut en faire une imprimerie moderne au service de l\u2019\u00e9glise.<\/li>\n<li>L\u2019Est de la RDC qui est toujours en guerre contre le terrorisme. Priez pour le gouvernement qui \u0153uvre pour que la paix revienne dans cette partie du pays.<\/li>\n<\/ul>\n<hr \/>\n<p><strong>6 juillet 2022<\/strong><\/p>\n<p><strong>1) R\u00c9GION APAC (ASIE PACIFIQUE) DE L\u2019UMA<\/strong><\/p>\n<p><strong>MYANMAR<br \/>\n<\/strong>Veuillez prier pour:<\/p>\n<ul>\n<li>Le pays du Myanmar. La guerre civile qui dure depuis longtemps a affect\u00e9 le pays de nombreuses fa\u00e7ons. La situation a \u00e9t\u00e9 aggrav\u00e9e par la pand\u00e9mie de COVID-19 et le coup d\u2019\u00c9tat militaire de 2021. Veuillez prier pour la paix et la fin de la guerre civile. Priez aussi pour la population et les membres de l\u2019\u00e9glise qui sont confront\u00e9s \u00e0 de nombreux probl\u00e8mes et difficult\u00e9s.<\/li>\n<li>Le travail missionnaire. Il a \u00e9t\u00e9 plus difficile d\u2019atteindre les bouddhistes et de les amener au Christ car le pays est confront\u00e9 \u00e0 toutes sortes de probl\u00e8mes et de soul\u00e8vements. N\u00e9anmoins, les missionnaires du Myanmar CMA continuent \u00e0 travailler sur le terrain de la mission. Nous avons d\u00fb louer des maisons et des appartements pour que certains d\u2019entre eux aient un endroit o\u00f9 rester et organiser des cultes. Veuillez prier pour des partenaires qui nous aideront \u00e0 acheter des maisons, afin que nous puissions \u00e9tendre notre travail.<\/li>\n<li>L\u2019\u00e9glise. Que les membres de notre \u00e9glise continuent \u00e0 rester fermes dans leur foi et \u00e0 grandir dans la gr\u00e2ce et la connaissance de J\u00e9sus-Christ. Priez pour que Dieu pourvoie aux besoins de ceux qui sont dans le besoin. Priez aussi pour la construction de nouveaux b\u00e2timents d\u2019\u00e9glise.<\/li>\n<\/ul>\n<p><strong>INDON\u00c9SIE<br \/>\n<\/strong>Veuillez prier pour :<\/p>\n<ul>\n<li>Le minist\u00e8re des cours bibliques pour adultes et des histoires bibliques pour enfants de l\u2019\u00e9glise de l\u2019Alliance Siloam dans le district de Timika, en Papouasie. Priez pour qu\u2019ils mettent leur foi en J\u00e9sus-Christ et grandissent dans la connaissance de la Parole de Dieu.<\/li>\n<\/ul>\n<p>&nbsp;<\/p>\n<p><strong>2) MINIST\u00c8RES DES FEMMES DE L\u2019UMA<\/strong><\/p>\n<p>Veuillez prier pour :<\/p>\n<ul>\n<li>La r\u00e9union de Pri\u00e8re et de Missions du Minist\u00e8re des Femmes de l\u2019UMA, le 13 juillet sur Zoom. Priez pour les femmes du monde entier qui participeront \u00e0 cette r\u00e9union. Priez aussi pour un temps b\u00e9ni de louange, d\u2019\u00e9coute de la Parole de Dieu sur la raison pour laquelle nous prions pour les nations et passons du temps en pri\u00e8re pour les groupes de personnes les moins atteintes dans le monde. <a href=\"https:\/\/docs.google.com\/forms\/d\/e\/1FAIpQLSfd629zSJ5aCb--a2bDAJiCKW4shkxZOTqiTtEygCdjh2IdlA\/viewform\" target=\"_blank\" rel=\"noopener\">Inscrivez-vous d\u00e8s aujourd\u2019hui<\/a> et impliquez-vous dans ce minist\u00e8re !<\/li>\n<\/ul>\n<p>&nbsp;<\/p>\n<hr \/>\n<p>&nbsp;<\/p>\n<h2><strong>Pri\u00e8res de l\u2019UMA &#8211; Juin 2022<\/strong><\/h2>\n<p>&nbsp;<\/p>\n<p><strong>29 juin 2022<\/strong><\/p>\n<p><strong>R\u00c9GION CLA (AM\u00c9RIQUE LATINE) DE L\u2019UMA<\/strong><\/p>\n<p><strong>ARGENTINE<br \/>\n<\/strong>Veuillez prier pour :<\/p>\n<ul>\n<li>La missionnaire Fanny Levicoy qui est partie le 21 juin pour servir en Hongrie pendant deux ans. Priez pour son adaptation et son soutien dans cette nouvel emplacement.<\/li>\n<li>La missionnaire M\u00f3nica Barr\u00eda et les pr\u00e9paratifs de son d\u00e9part pour servir avec l\u2019Alliance en Espagne.<\/li>\n<li>Le soutien financier pour nos missionnaires en Asie centrale, Hongrie, Croatie, Italie et Angleterre.<\/li>\n<li>Que Dieu renforce nos \u00e9glises et nos familles pastorales en cette p\u00e9riode de crise \u00e9conomique et sociale en Argentine.<\/li>\n<\/ul>\n<p><strong>CUBA<br \/>\n<\/strong>Veuillez prier pour :<\/p>\n<ul>\n<li>Le pasteur Ricardo Oliva et sa famille. Ils ont perdu leurs biens dans l\u2019incendie dans sa maison. Que le Seigneur subvienne \u00e0 leurs besoins et apporte la paix dans leur c\u0153ur.<\/li>\n<li>Les familles du pasteur Isa\u00edas Chac\u00f3n et du pasteur Gertrudis Betancourt. Leurs enfants sont confront\u00e9s \u00e0 des probl\u00e8mes de sant\u00e9.<\/li>\n<li>L\u2019\u00e9lection du nouveau Conseil d\u2019Administration National de l\u2019Alliance de Cuba, du 5 au 7 juillet.<\/li>\n<\/ul>\n<p><strong>&nbsp;<\/strong><strong>URUGUAY<br \/>\n<\/strong>Veuillez prier pour :<\/p>\n<ul>\n<li>La sant\u00e9 du pasteur Andr\u00e9s Ripoll de l\u2019\u00c9glise de l\u2019Alliance Chuy. Il traverse une situation de sant\u00e9 complexe. Priez pour son r\u00e9tablissement.<\/li>\n<li>La formation des missionnaires nationaux, le 18 juillet, dans le but de r\u00e9activer le d\u00e9partement des missions nationales.<\/li>\n<li>Un pasteur pour l\u2019\u00e9glise de Vichadero, \u00e0 Rivera.<\/li>\n<\/ul>\n<p><strong>COLOMBIE<br \/>\n<\/strong>Veuillez prier pour :<\/p>\n<ul>\n<li>Les \u00e9v\u00e9nements qui auront lieu en Colombie en septembre : La Conf\u00e9rence des Femmes d\u2019Am\u00e9rique latine Amada, l\u2019Assembl\u00e9e et le Symposium du CLA, et la R\u00e9union Mondial des Leaders des Missions de l\u2019UMA. Priez pour les \u00e9quipes organisatrices et pour que Dieu pourvoie et prot\u00e8ge tous les participants.<\/li>\n<li>Les donateurs qui ont \u00e0 c\u0153ur de faire conna\u00eetre J\u00e9sus souhaitent collaborer au projet de l\u2019\u00c9cole Missionnaire Barista. Nous avons besoin de 15 000 USD pour adapter le site de stage. Priez aussi pour l\u2019inscription des candidats int\u00e9ress\u00e9s par la formation de barista pour servir dans des endroits ferm\u00e9s \u00e0 l\u2019\u00e9vangile.<\/li>\n<li>L\u2019\u0153uvre missionnaire \u00e0 Leticia, en Amazonie. Nous avons besoin d\u2019un b\u00e2timent s\u00fbr, spacieux et polyvalent pour servir la communaut\u00e9, accueillir les missionnaires et, surtout, un lieu pour recevoir les nouveaux croyants.<\/li>\n<\/ul>\n<p><strong>\u00c9QUATEUR<br \/>\n<\/strong>Veuillez prier pour :<\/p>\n<ul>\n<li>Le pasteur David Muthre, pr\u00e9sident de la R\u00e9gion CLA, et les pr\u00e9paratifs des \u00e9v\u00e9nements r\u00e9gionaux en Colombie en septembre : Assembl\u00e9e et Symposium du CLA et Conf\u00e9rence des Femmes Amada.<\/li>\n<li>Les pr\u00e9sidents de district et les comit\u00e9s de travail de l\u2019Alliance. Ils ont visit\u00e9 et conseill\u00e9 les membres des \u00e9glises dans tout le pays et ont apport\u00e9 de la nourriture aux fr\u00e8res et s\u0153urs les plus d\u00e9munis.<\/li>\n<li>Notre pays. Certains groupes protestent dans les rues contre le gouvernement. Cela a donn\u00e9 lieu \u00e0 des violences, des pillages et des troubles. Priez pour qu\u2019ils parviennent \u00e0 un accord qui ram\u00e8ne la paix dans le pays.<\/li>\n<\/ul>\n<p><strong>VENEZUELA<br \/>\n<\/strong>Veuillez prier pour :<\/p>\n<ul>\n<li>R\u00e9tablissement complet de la sant\u00e9 des pasteurs Natanael Gil, Evelyn Gil, Olga Gil, Nayibe Chirino.<\/li>\n<li>Sant\u00e9 physique et spirituelle, force, conseils et sagesse pour nos familles pastorales.<\/li>\n<li>La formation de nouveaux leaders pour servir le Seigneur dans le minist\u00e8re.<\/li>\n<li>La r\u00e9activation des minist\u00e8res de la jeunesse, des couples et des femmes.<\/li>\n<li>La reconstruction des installations de la Fondation pour la Famille (FUNDALFA) \u00e0 Los Guayos, Carabobo. Priez aussi pour l\u2019ach\u00e8vement du b\u00e2timent de l\u2019\u00e9glise au m\u00eame endroit.<\/li>\n<\/ul>\n<p><strong>P\u00c9ROU<br \/>\n<\/strong>Veuillez prier pour :<\/p>\n<ul>\n<li>Les conf\u00e9rences missionnaires et les c\u00e9l\u00e9brations qui ont lieu ce mois-ci pour l\u2019anniversaire de l\u2019\u00e9glise nationale.<\/li>\n<li>Nos \u00e9glises. Que Dieu continue \u00e0 prot\u00e9ger, guider et b\u00e9nir nos pasteurs, nos dirigeants, nos membres et nos missionnaires en ces temps difficiles.<\/li>\n<li>Un r\u00e9veil spirituel. Que les membres de nos \u00e9glises vivent des vies consacr\u00e9es qui refl\u00e8tent Dieu dans leurs familles et dans la soci\u00e9t\u00e9.<\/li>\n<\/ul>\n<p><strong>BR\u00c9SIL<br \/>\n<\/strong>Veuillez prier pour :<\/p>\n<ul>\n<li>Les missionnaires de l\u2019Alliance br\u00e9silienne au Portugal, au Japon, au Mozambique et au Br\u00e9sil. Priez aussi pour les partenariats et les fonds n\u00e9cessaires pour le Projet Tha\u00eflande\/Asie.<\/li>\n<li>Les jeunes qui ont donn\u00e9 leur vie au Christ lors du camp de jeunesse, du 16 au 19 juin.<\/li>\n<li>La sagesse et le discernement dans la gestion des finances de l\u2019Alliance br\u00e9silienne.<\/li>\n<\/ul>\n<p><strong>PANAMA<br \/>\n<\/strong>Veuillez prier pour :<\/p>\n<ul>\n<li>Les jeunes dirigeants de l\u2019\u00e9glise. Que le Seigneur leur donne de la stabilit\u00e9 et de la cr\u00e9ativit\u00e9 dans le minist\u00e8re et un rafra\u00eechissement du Saint-Esprit.<\/li>\n<li>La direction et la provision de Dieu, afin que nous puissions \u00eatre plus cr\u00e9atifs pour atteindre les gens dans la communaut\u00e9.<\/li>\n<li>Le groupe des missions \u00e0 court terme du District Hispanique de l\u2019Est de la CMA des \u00c9tats-Unis, qui nous rendra visite en juillet.<\/li>\n<\/ul>\n<hr>\n<p><strong>22 juin 2022<\/strong><\/p>\n<p><strong>R\u00c9GION EMERALD (EUROPE ET MOYEN-ORIENT) DE L\u2019UMA<\/strong><\/p>\n<p>Louez Dieu pour :<\/p>\n<ul>\n<li>Le succ\u00e8s de la Conf\u00e9rence de l\u2019EMERALD de l\u2019UMA au Moyen-Orient en mai et la joie de pouvoir se retrouver tous ensemble pour la premi\u00e8re fois en trois ans.<\/li>\n<li>Les ressources qui ont \u00e9t\u00e9 fournies pour faire venir les pasteurs de l\u2019Alliance d\u2019Egypte, d\u2019Irak, du Liban et de Syrie \u00e0 la conf\u00e9rence. Leur pr\u00e9sence a \u00e9t\u00e9 une b\u00e9n\u00e9diction pour tous, et ils sont rentr\u00e9s chez eux encourag\u00e9s par leurs fr\u00e8res et s\u0153urs de l\u2019Alliance.<\/li>\n<li>L\u2019enseignement biblique solide sur \u00ab Les missions dans un monde en constante \u00e9volution \u00bb et les ateliers de la conf\u00e9rence qui ont rassembl\u00e9 tout le monde dans la fraternit\u00e9 en apprenant les uns des autres.<\/li>\n<li>Les responsables de nos \u00e9glises s\u0153urs de deux pays qui sont en conflit. Ils ont pu assister \u00e0 la conf\u00e9rence et se r\u00e9unir en tant que fr\u00e8res en Christ pour conduire la famille de l\u2019Alliance de l\u2019EMERALD \u00e0 c\u00e9l\u00e9brer la Sainte C\u00e8ne.<\/li>\n<\/ul>\n<p>Veuillez prier pour :<\/p>\n<ul>\n<li>Que la famille de l\u2019Alliance de l\u2019EMERALD soit capable de mettre en pratique ce que nous avons appris sur les missions lors de la conf\u00e9rence.<\/li>\n<li>Que Dieu ouvre les c\u0153urs dans toute l\u2019Europe pour subvenir aux besoins (logement, nourriture et transport) des r\u00e9fugi\u00e9s et des personnes fuyant la guerre en Ukraine.<\/li>\n<li>Que Dieu fournisse des personnes pour aimer et prendre soin des r\u00e9fugi\u00e9s et des personnes d\u00e9plac\u00e9es \u00e0 l\u2019int\u00e9rieur du pays.<\/li>\n<\/ul>\n<p><strong>JORDANIE<br \/>\n<\/strong>Louez Dieu pour :<\/p>\n<ul>\n<li>L\u2019\u00e9quipe de coordination locale qui a fait de notre r\u00e9cent rassemblement de l\u2019EMERALD un succ\u00e8s.<\/li>\n<\/ul>\n<p><strong>MINIST\u00c8RES DE LA DIASPORA DE L\u2019ALLIANCE<br \/>\n<\/strong>Louez Dieu pour :<\/p>\n<ul>\n<li>L\u2019arriv\u00e9e tant attendue de Matt et Alicia Moroney et de leurs quatre enfants \u00e0 Barcelone, en Espagne, le 8 juin. Ils rejoindront nos Minist\u00e8res de la Diaspora de l\u2019Alliance en Europe pour partager l\u2019amour du P\u00e8re avec les peuples immigr\u00e9s en Espagne.<\/li>\n<\/ul>\n<p><strong>ESPAGNE<br \/>\n<\/strong>Veuillez prier pour :<\/p>\n<ul>\n<li>Les familles Vazquez et Tapia du Chili. Elles aideront l\u2019Alliance espagnole \u00e0 implanter davantage d\u2019\u00e9glises. Priez pour que leurs visas soient bient\u00f4t approuv\u00e9s. Cela prend plus de temps que pr\u00e9vu.<\/li>\n<li>L\u2019\u00c9cole Internationale LIFE qui termine l\u2019ann\u00e9e scolaire le 24 juin. Nous louons Dieu pour quatre enseignants potentiels qui pr\u00e9voient de venir pour le semestre d\u2019automne. Nous demandons \u00e0 Dieu que le nombre d\u2019inscriptions d\u00e9passe 70 \u00e9tudiants. Priez aussi pour plusieurs des enseignants et des futurs enseignants qui sont confront\u00e9s \u00e0 des probl\u00e8mes personnels difficiles, notamment des probl\u00e8mes familiaux et de sant\u00e9, des luttes personnelles et des d\u00e9ficits financiers. Ces probl\u00e8mes sont plus difficiles \u00e0 affronter lorsqu\u2019on est s\u00e9par\u00e9 de sa famille et de son syst\u00e8me de soutien familial.<\/li>\n<\/ul>\n<p><strong>FRANCE<br \/>\n<\/strong>Louez Dieu pour :<\/p>\n<ul>\n<li>Le R\u00e9v\u00e9rend Olivier Lo, qui a \u00e9t\u00e9 \u00e9lu pr\u00e9sident de la CMA France. Il prendra ses nouvelles fonctions en octobre. Priez que Dieu lui donne la sagesse et la gr\u00e2ce alors qu\u2019il cherche \u00e0 diriger la famille de l\u2019Alliance en France.<\/li>\n<\/ul>\n<p>Veuillez prier pour :<\/p>\n<ul>\n<li>Les pr\u00e9paratifs de l\u2019envoi des missionnaires fran\u00e7ais Hmong en Tha\u00eflande pour renforcer l\u2019\u00e9glise sur place et atteindre le peuple Hmong.<\/li>\n<\/ul>\n<p><strong>IRAQ<br \/>\n<\/strong>\u00c9glise de l\u2019Alliance \u00e0 Erbil, au Kurdistan<br \/>\nLouez Dieu pour :<\/p>\n<ul>\n<li>Les formalit\u00e9s administratives pour la construction de l\u2019\u00e9glise se d\u00e9roulent bien, et la construction devrait commencer bient\u00f4t. Veuillez continuer \u00e0 prier pour le nouveau b\u00e2timent de l\u2019\u00e9glise.<\/li>\n<\/ul>\n<p>Veuillez prier pour :<\/p>\n<ul>\n<li>Que le Seigneur am\u00e8ne plus de serviteurs pour l\u2019\u00e9quipe de louange et d\u2019adoration, et l\u2019\u00e9quipe de l\u2019\u00e9cole du dimanche, comme une b\u00e9n\u00e9diction pour l\u2019\u00e9glise.<\/li>\n<li>Pour que l\u2019\u00e9quipe des m\u00e9dias soit plus active et passionn\u00e9e dans le partage de l\u2019\u00e9vangile en ligne.<\/li>\n<li>Que le Saint-Esprit travaille dans la vie des disciples dans les petits groupes, afin qu\u2019ils deviennent des croyants m\u00fbrs et impliqu\u00e9s dans l\u2019expansion du Royaume.<\/li>\n<\/ul>\n<p><strong>GRANDE BRETAGNE<br \/>\n<\/strong>Veuillez prier pour :<\/p>\n<ul>\n<li>La Conf\u00e9rence Annuelle de la CMA Grande Bretagne \u00e0 Ashby, le 2 juillet, avec le R\u00e9v\u00e9rend Milad Dagher comme orateur principal.<\/li>\n<\/ul>\n<p><strong>MOBILISATION DE LES MISSIONS DE L\u2019EMERALD DE L\u2019UMA<br \/>\n<\/strong>Veuillez prier pour :<\/p>\n<ul>\n<li>Les partenariats qui se dessinent dans la r\u00e9gion pour mobiliser les missionnaires afin d\u2019apporter la bonne nouvelle aux nations, notamment en Afrique du Nord.<\/li>\n<\/ul>\n<p><strong>DIASPORA DE L\u2019ALLIANCE AFRICAINE<br \/>\n<\/strong>Louez Dieu pour :<\/p>\n<ul>\n<li>Les pr\u00e9paratifs pour \u00e9tendre le projet de Minist\u00e8re de la Diaspora de l\u2019Alliance Africaine \u00e0 l\u2019Am\u00e9rique du Nord, en partenariat avec les \u00e9glises de l\u2019Alliance sur place.<\/li>\n<li>Le soutien financier du Minist\u00e8re de la Diaspora de l\u2019Alliance Africaine.<\/li>\n<\/ul>\n<hr>\n<p><strong>15 juin 2022<\/strong><\/p>\n<p><strong>R\u00c9GION APAC (ASIE PACIFIQUE) DE L\u2019UMA<\/strong><\/p>\n<p><strong>INDON\u00c9SIE<br \/>\n<\/strong>Veuillez prier pour :<\/p>\n<ul>\n<li>La missionnaire Queency Wauran. Elle a \u00e9t\u00e9 envoy\u00e9e par l\u2019\u00c9glise de l\u2019Alliance d\u2019Indon\u00e9sie en Tha\u00eflande, pour atteindre les Birmans vivant \u00e0 Bangkok. Nous remercions le r\u00e9v\u00e9rend Sanguansak Worawat, le pr\u00e9sident de la CMA Tha\u00eflande pour cette bonne coop\u00e9ration.<\/li>\n<\/ul>\n<p><strong>AUSTRALIE<br \/>\n<\/strong>Veuillez prier pour :<\/p>\n<ul>\n<li>L\u2019unit\u00e9 et le sens de la rencontre avec le Seigneur lors de notre retraite nationale des pasteurs.<\/li>\n<li>Nos implantations d\u2019\u00e9glises. Priez pour qu\u2019elles continuent \u00e0 s\u2019engager dans leurs communaut\u00e9s locales et \u00e0 construire des ponts pour se connecter.<\/li>\n<li>La r\u00e9vision de notre programme de missions et les nouvelles opportunit\u00e9s de coop\u00e9rer dans les missions avec nos partenaires de l\u2019APAC.<\/li>\n<\/ul>\n<p><strong>INDE<br \/>\n<\/strong>Veuillez prier pour :<\/p>\n<ul>\n<li>Une nouvelle visite du Seigneur dans les \u00e9glises de l\u2019Alliance afin que les \u00e9glises et les dirigeants soient renouvel\u00e9s et unis. Priez aussi pour un esprit d\u2019unit\u00e9 et de coop\u00e9ration entre les leaders spirituels afin de faire avancer les \u00e9glises de l\u2019Alliance avec une nouvelle vision et un nouvel engagement.<\/li>\n<li>Le Maharashtra Bible College (MBC). Des milliers de pasteurs, d\u2019\u00e9vang\u00e9listes et de responsables d\u2019\u00e9glise ont \u00e9t\u00e9 form\u00e9s dans ce coll\u00e8ge. Il est maintenant en difficult\u00e9, car l\u2019ancien directeur, le r\u00e9v\u00e9rend Sanjay Chaudhari, est d\u00e9c\u00e9d\u00e9 r\u00e9cemment et la pand\u00e9mie a oblig\u00e9 le coll\u00e8ge \u00e0 fermer. Priez pour le conseil d\u2019administration du MBC qui fait confiance au Seigneur pour fournir un directeur comp\u00e9tent et engag\u00e9, ainsi que du personnel enseignant et des fonds pour soutenir le coll\u00e8ge.<\/li>\n<li>Partenariats et mise en r\u00e9seau des minist\u00e8res de l\u2019Alliance dans diff\u00e9rentes r\u00e9gions de l\u2019Inde afin d\u2019\u00e9tablir un esprit de compr\u00e9hension mutuelle et de coop\u00e9ration.<\/li>\n<li>Protection contre la s\u00e9v\u00e8re vague de chaleur qui touche le centre et l\u2019ouest de l\u2019Inde, o\u00f9 se situe la majeure partie de notre travail en Alliance. En outre, la menace croissante d\u2019une r\u00e9surgence du virus Corona dans de nombreuses villes de l\u2019Inde est une pr\u00e9occupation de pri\u00e8re, car l\u2019Alliance a perdu de nombreux pasteurs et dirigeants lors des pr\u00e9c\u00e9dentes vagues.<\/li>\n<li>Le pays voisin de l\u2019Inde, le Sri Lanka. Ce pays traverse une crise \u00e9conomique et politique qui affecte des millions de vies. Des milliers de personnes ont travers\u00e9 la mer et se sont r\u00e9fugi\u00e9es en Inde. Priez pour que l\u2019\u00e9glise en Inde ait la sagesse de r\u00e9pondre de mani\u00e8re appropri\u00e9e \u00e0 cette crise.<\/li>\n<li>Notre pays traverse de graves conflits communautaires qui affectent l\u2019harmonie et la paix entre les communaut\u00e9s. Priez pour la sagesse et la gr\u00e2ce pour les dirigeants politiques et religieux afin qu\u2019ils dirigent le pays dans la bonne direction.<\/li>\n<\/ul>\n<p><strong>MYANMAR<br \/>\n<\/strong>Veuillez prier pour :<\/p>\n<ul>\n<li>Le pays du Myanmar. La situation s\u2019est aggrav\u00e9e depuis le coup d\u2019\u00c9tat militaire de 2021. La population et les membres de l\u2019\u00e9glise sont confront\u00e9s \u00e0 de nombreux probl\u00e8mes et difficult\u00e9s dans leur vie quotidienne.<\/li>\n<li>Les \u00e9glises de l\u2019Alliance trouvent des moyens d\u2019aider les gens. Elles distribuent de la nourriture et aident autant qu\u2019elles le peuvent.<\/li>\n<li>L\u2019intervention de Dieu dans la situation du pays et que l\u2019\u00e9glise soit le sel et la lumi\u00e8re au milieu de cette crise.<\/li>\n<\/ul>\n<p><strong>TA\u00cfWAN<br \/>\n<\/strong>Veuillez prier pour :<\/p>\n<ul>\n<li>Nos \u00e9glises. Nous avions pr\u00e9vu un camp d\u2019\u00e9t\u00e9, mais en raison de l\u2019augmentation des cas de COVID-19, nous avons d\u00fb l\u2019annuler. C\u2019est la troisi\u00e8me ann\u00e9e cons\u00e9cutive que nous ne sommes pas en mesure d\u2019organiser ce camp, en raison de la pand\u00e9mie. Priez pour que nos \u00e9glises tiennent bon et ne se laissent pas d\u00e9courager par cette situation difficile.<\/li>\n<\/ul>\n<hr>\n<p><strong>8 juin 2022<\/strong><\/p>\n<p><strong>R\u00c9GION AFRIQUE DE L\u2019UMA<\/strong><\/p>\n<p><strong>R\u00c9PUBLIQUE D\u00c9MOCRATIQUE DU CONGO (RDC)<br \/>\n<\/strong>Veuillez prier pour :<\/p>\n<ul>\n<li>R\u00e9v\u00e9rend Marcel Bunda Bunda, le pr\u00e9sident de l\u2019Alliance en RDC. Il a re\u00e7u des invitations pour visiter des \u00e9glises s\u0153urs en Espagne et au Canada. Que Dieu le prot\u00e8ge lors de ces voyages et lui facilite l\u2019obtention du visa et les pr\u00e9paratifs de voyage.<\/li>\n<li>Les jeunes de nos \u00e9glises. La crise socio-\u00e9conomique a particuli\u00e8rement touch\u00e9 nos jeunes, qui se trouvent parfois embarrass\u00e9s entre le service de Dieu et la lutte pour la survie.<\/li>\n<li>Les membres de notre \u00e9glise. Priez que malgr\u00e9 la crise \u00e9conomique, ils ne perdent pas l\u2019esprit de don pour continuer \u00e0 \u00eatre une b\u00e9n\u00e9diction pour nos fr\u00e8res et s\u0153urs.<\/li>\n<li>Le comit\u00e9 de gestion de l\u2019\u00e9glise nationale alors qu\u2019il organise des consultations \u00e0 la base en vue du prochain synode. Priez pour que les d\u00e9cisions prises lors de ce synode fassent avancer l\u2019\u0153uvre de Dieu dans notre nation. Priez \u00e9galement pour les minist\u00e8res des la\u00efcs, des femmes et de la jeunesse qui \u00e9liront de nouveaux responsables au cours de ces prochaines sessions.<\/li>\n<li>Le succ\u00e8s du d\u00e9partement d\u2019\u00e9vang\u00e9lisation pour faire avancer le travail d\u2019implantation de nouvelles \u00e9glises.<\/li>\n<li>L\u2019\u00e9glise de l\u2019Alliance Boma 2. La construction d\u2019une \u00e9glise progresse mais n\u00e9cessite beaucoup de ressources. Il pourrait s\u2019agir de la premi\u00e8re m\u00e9ga-\u00e9glise de l\u2019Alliance en RDC.<\/li>\n<li>Notre pays. L\u2019Est est toujours en guerre contre le terrorisme, et aujourd\u2019hui la menace de guerre est encore plus persistante avec la d\u00e9t\u00e9rioration des relations avec notre pays voisin, le Rwanda. Priez pour que Dieu apporte la paix dans cette r\u00e9gion.<\/li>\n<\/ul>\n<p><strong>GABON<br \/>\n<\/strong>Veuillez prier pour :<\/p>\n<ul>\n<li>L\u2019enregistrement du film <em>J\u00e9sus<\/em> en huit langues du Gabon avec l\u2019aide des techniciens de Campus pour Christ Etats-Unis.<\/li>\n<li>Davantage de m\u00e9decins pour l\u2019h\u00f4pital de Bongolo de l\u2019Alliance Chr\u00e9tienne au Gabon. Priez aussi pour un approvisionnement r\u00e9gulier en m\u00e9dicaments abordables.<\/li>\n<li>L\u2019achat de bus pour la soci\u00e9t\u00e9 de transport terrestre de l\u2019Alliance au Gabon, qui sera lanc\u00e9e en juin 2022. Prions \u00e9galement pour les contributions financi\u00e8res de nos \u00e9glises.<\/li>\n<li>L\u2019officialisation de la la Facult\u00e9 de Th\u00e9ologie de l\u2019Alliance Chr\u00e9tienne du Gabon (FTACG)et la migration vers l\u2019Universit\u00e9 Priv\u00e9e de l\u2019Alliance Chr\u00e9tienne du Gabon (l\u2019UPAC).<\/li>\n<li>La construction du b\u00e2timent de l\u2019acad\u00e9mie des femmes et les \u00e9quipements n\u00e9cessaires \u00e0 la formation des femmes, notamment des machines \u00e0 coudre, un r\u00e9frig\u00e9rateur, un cong\u00e9lateur, des fournitures de couture et d\u2019autres mat\u00e9riaux.<\/li>\n<li>L\u2019achat des terrains pour les \u00e9glises de l\u2019Alliance \u00e0 Parakou, au B\u00e9nin, et \u00e0 Lom\u00e9, au Togo.<\/li>\n<\/ul>\n<p><strong>C\u00d4TE D\u2019IVOIRE<br \/>\n<\/strong>Veuillez prier pour :<\/p>\n<ul>\n<li>Le succ\u00e8s des c\u00e9r\u00e9monies de cl\u00f4ture de l\u2019ann\u00e9e acad\u00e9mique dans nos instituts de formation : l\u2019Institut Biblique de l\u2019Alliance Chr\u00e9tienne de Yamoussoukro, le 25 juin, et l\u2019Ecole Biblique de l\u2019Alliance Chr\u00e9tienne, le 18 juin.<\/li>\n<li>L\u2019Assembl\u00e9e g\u00e9n\u00e9rale des \u00e9pouses de pasteurs et des femmes pasteurs, du 6 au 10 juillet. Priez pour le succ\u00e8s des travaux et pour le renouvellement des instances dirigeantes de cette association qui ont servi fid\u00e8lement l\u2019\u00e9glise.<\/li>\n<li>La Convention Nationale de l\u2019\u00c9glise, du 8 au 13 ao\u00fbt. Priez pour le comit\u00e9 d\u2019organisation, les orateurs et les participants. Que ce soit un temps de renouveau spirituel pour l\u2019\u00e9glise.<\/li>\n<li>La Maison de la Radio de l\u2019Alliance Chr\u00e9tienne. Priez pour la suite des travaux de construction et l\u2019acquisition de mat\u00e9riaux de qualit\u00e9 pour son fonctionnement.<\/li>\n<li>Le succ\u00e8s du projet d\u2019Assurance maladie des Serviteurs de Dieu de l\u2019\u00c9glise.<\/li>\n<\/ul>\n<p><strong>MALI<br \/>\n<\/strong>Veuillez prier pour :<\/p>\n<ul>\n<li>La s\u00e9curit\u00e9 des \u00e9quipes d\u2019\u00e9vang\u00e9lisation qui voyagent \u00e0 travers le pays pour gagner des \u00e2mes perdues.<\/li>\n<li>Le Centre Protestant d\u2019Assistance au Mali (CPAM). Il est en p\u00e9riode de transition et aura un nouveau conseil d\u2019administration d\u2019ici fin 2022.<\/li>\n<li>Notre ONG d\u00e9nomm\u00e9e Organisme de Development pour l\u2019Esperance au Mali (ODE). Priez pour qu\u2019elle puisse b\u00e9n\u00e9ficier des fonds de leurs partenaires pour faire face au travail sur le terrain et puisse recruter d\u2019autres agents pour \u00e9toffer le personnel.<\/li>\n<li>Des b\u00e2timents d\u2019\u00e9glise comme lieux pour adorer le Seigneur cela pour marquer le centenaire de l\u2019\u00e9glise nationale.<\/li>\n<li>De bonnes pluviom\u00e9trie pendant cette p\u00e9riode d\u2019 hivernage. Priez pour que Dieu ouvre les \u00e9cluses des cieux pour notre pays.<\/li>\n<\/ul>\n<p><strong>ANGOLA<br \/>\n<\/strong>Veuillez prier pour :<\/p>\n<ul>\n<li>La guidance et la sagesse de Dieu lors de la Conf\u00e9rence R\u00e9gionale de Ngoio, du 17 au 19 juin, \u00e0 Cabinda.<\/li>\n<li>Notre pays. La crise \u00e9conomique a particuli\u00e8rement touch\u00e9 les plus vuln\u00e9rables, qui n\u2019ont souvent pas les moyens d\u2019acheter leur panier alimentaire de base.<\/li>\n<\/ul>\n<p>&nbsp;<\/p>\n<p><strong>R\u00c9GION AM\u00c9RIQUE DU NORD DE L\u2019UMA<\/strong><\/p>\n<p><strong>CANADA<br \/>\n<\/strong>Veuillez prier pour :<\/p>\n<ul>\n<li>L\u2019Assembl\u00e9e G\u00e9n\u00e9rale, du 5 au 8 juillet. C\u2019est un moment o\u00f9 la famille de l\u2019Alliance canadienne se r\u00e9unit en personne et en ligne dans la fraternit\u00e9 et la communaut\u00e9. Priez pour que le Saint-Esprit agisse dans nos \u00e9glises. Le th\u00e8me \u00ab Tout ce qui est J\u00e9sus \u00bb nous guidera dans notre culte, notre apprentissage et nos discussions.<\/li>\n<\/ul>\n<p><strong>\u00c9TATS-UNIS<br \/>\n<\/strong>Veuillez prier pour :<\/p>\n<ul>\n<li>Une r\u00e9ponse forte \u00e0 l\u2019Offrande du Jour de la Grande Commission. Ces fonds aideront les travailleurs internationaux de l\u2019Alliance \u00e0 rester pr\u00e9sents parmi les peuples non atteints et n\u00e9glig\u00e9s dans les r\u00e9gions spirituellement d\u00e9sol\u00e9es du monde.<\/li>\n<li>La retraite prochaine et la transition des dirigeants et du personnel des Missions de l\u2019Alliance. Veuillez prier pour l\u2019int\u00e9gration des nouveaux dirigeants et pour que Dieu appelle et \u00e9quipe des personnes pour occuper des postes cl\u00e9s au sein du bureau national dans les mois \u00e0 venir.<\/li>\n<li>Plusieurs conf\u00e9rences de district aux \u00c9tats-Unis auront lieu au cours des prochains mois. Priez pour que les pr\u00e9paratifs de chaque \u00e9v\u00e9nement se d\u00e9roulent sans encombre et que tous les pr\u00e9sentateurs et participants soient physiquement et spirituellement pr\u00eats \u00e0 rencontrer Dieu et \u00e0 discerner sa direction dans leurs minist\u00e8res locaux et mondiaux. Priez en particulier pour les conversations li\u00e9es \u00e0 la politique qui seront facilit\u00e9es par l\u2019\u00e9quipe nationale. Priez pour que les participants \u00e0 la conf\u00e9rence participent pleinement aux conversations qui fa\u00e7onneront l\u2019avenir dans la poursuite de la vision de l\u2019Alliance am\u00e9ricaine : Tout de J\u00e9sus pour le monde entier.<\/li>\n<\/ul>\n<hr>\n<p><strong>1er juin 2022<\/strong><\/p>\n<p><strong>R\u00c9GION CLA (AM\u00c9RIQUE LATINE) DE L\u2019UMA<\/strong><\/p>\n<p><strong>COLOMBIE<br \/>\n<\/strong>Veuillez prier pour :<\/p>\n<ul>\n<li>Le Mois de l\u2019Alliance. C\u2019est une c\u00e9l\u00e9bration pour rendre gr\u00e2ce \u00e0 Dieu de nous avoir permis de le servir pendant 99 ans depuis le d\u00e9but de l\u2019Alliance en Colombie. Priez pour que nous continuions \u00e0 former des hommes et des femmes passionn\u00e9s par J\u00e9sus.<\/li>\n<li>La direction et la provision de Dieu pour les \u00e9v\u00e9nements qui se tiendront en Colombie en septembre : Congr\u00e8s des Femmes d\u2019Am\u00e9rique latine Amada 6, Assembl\u00e9e et Symposium de la CLA, et R\u00e9union Mondial des Leaders de Mission de l\u2019UMA.<\/li>\n<li>Nos \u00e9glises. Les fortes pluies et le maintien de l\u2019ordre public ont affect\u00e9 notre travail missionnaire. Certains b\u00e2timents de nos \u00e9glises ont \u00e9t\u00e9 d\u00e9t\u00e9rior\u00e9s et les responsables ont d\u00fb quitter les lieux en raison de menaces.<\/li>\n<\/ul>\n<p><strong>URUGUAY<br \/>\n<\/strong>Veuillez prier pour :<\/p>\n<ul>\n<li>L\u2019implantation d\u2019\u00e9glise de l\u2019Alliance de Sur. L\u2019Alliance chilienne a soutenu cette nouvelle implantation d\u2019\u00e9glise et a r\u00e9cemment transmis la responsabilit\u00e9 au pasteur Herbeth Vega, d\u2019Uruguay. Priez pour que le Seigneur continue de b\u00e9nir ce travail.<\/li>\n<li>Le pasteur Andr\u00e9s Ripoll. Il traverse une situation de sant\u00e9 complexe. Priez pour sa gu\u00e9rison et sa force.<\/li>\n<li>L\u2019\u00e9glise de l\u2019Alliance Santa Isabel \u00e0 Rivera. Ils veulent construire une \u00e9glise plus spacieuse car celle qui existe est trop petite pour leurs besoins. Priez pour la sagesse de Javier Sampayo, qui est le pasteur de cette \u00e9glise, et pour que le Seigneur fournisse les ressources n\u00e9cessaires.<\/li>\n<li>L\u2019Alliance Vichadero. Priez que le Seigneur suscite un ouvrier pour cette \u00e9glise, car ils n\u2019ont pas eu de pasteur depuis longtemps.<\/li>\n<\/ul>\n<p><strong>\u00c9QUATEUR<br \/>\n<\/strong>Veuillez prier pour :<\/p>\n<ul>\n<li>Les pr\u00e9sidents de district de l\u2019Alliance de l\u2019\u00c9quateur et les comit\u00e9s de travail. Ils ont visit\u00e9, conseill\u00e9 et apport\u00e9 de la nourriture aux fr\u00e8res et s\u0153urs les plus d\u00e9munis.<\/li>\n<li>La retraite nationale pour les pasteurs et leurs familles en ao\u00fbt. Que le Seigneur apporte un renouveau spirituel \u00e0 nos familles de pasteurs.<\/li>\n<li>Des enfants et des jeunes \u00e9quatoriens. Ils ont repris les cours en pr\u00e9sentiel au d\u00e9but du mois de mai. Priez que le Seigneur leur fournisse tout ce dont ils ont besoin pour \u00e9tudier et qu\u2019il les prot\u00e8ge de l\u2019ins\u00e9curit\u00e9 qui r\u00e8gne dans les rues en raison de la violence croissante dans notre pays.<\/li>\n<li>Notre nation. Il y a eu un taux \u00e9lev\u00e9 de morts violentes ces derniers mois, en raison des r\u00e9seaux de trafic de drogue, en particulier dans les provinces de Guayas, Manab\u00ed et Esmeraldas.<\/li>\n<li>L\u2019\u00e9conomie du pays. La p\u00e9nurie d\u2019emplois a particuli\u00e8rement touch\u00e9 les jeunes professionnels r\u00e9cemment dipl\u00f4m\u00e9s des universit\u00e9s.<\/li>\n<\/ul>\n<p><strong>PANAMA<br \/>\n<\/strong>Veuillez prier pour :<\/p>\n<ul>\n<li>Les missionnaires Miguel et Yngrid Grassals. Ils ont dirig\u00e9 l\u2019implantation de l\u2019\u00e9glise de l\u2019Alliance Brisas Del Golf. Priez pour leur sant\u00e9 et pour que le Seigneur fournisse davantage de leaders pour soutenir le travail.<\/li>\n<li>Nos membres doivent s\u2019engager financi\u00e8rement afin que l\u2019\u00e9glise puisse devenir autonome. Le travail au Panama a \u00e9t\u00e9 soutenu par les \u00e9glises locales et nationales, dont certaines ont retir\u00e9 leur soutien.<\/li>\n<li>Les jeunes leaders de notre \u00e9glise. Puissent-ils mettre en pratique ce qu\u2019ils ont appris lors d\u2019une r\u00e9cente formation sur le d\u00e9fi que repr\u00e9sente le passage \u00e0 l\u2019\u00e9tape suivante de la croissance.<\/li>\n<li>Que Dieu utilise et guide chaque fr\u00e8re et s\u0153ur dans l\u2019expansion de son Royaume au Panama. L\u2019\u00e9glise de l\u2019Alliance Brisas Del Golf est ins\u00e9r\u00e9e dans une communaut\u00e9 professionnelle de classe moyenne de plus de 10 000 familles avec tr\u00e8s peu d\u2019\u00e9glises, et l\u2019Alliance est la seule dans ce quartier.<\/li>\n<li>Une vraie rencontre avec J\u00e9sus pour ceux qui viennent dans notre \u00e9glise. \u00c0 Panama City, beaucoup s\u2019identifient au christianisme, mais en r\u00e9alit\u00e9, il y a beaucoup de religiosit\u00e9, ce qui a \u00e9t\u00e9 un v\u00e9ritable d\u00e9fi pour notre jeune \u00e9glise.<\/li>\n<\/ul>\n<p><strong>VENEZUELA<br \/>\n<\/strong>Veuillez prier pour :<\/p>\n<ul>\n<li>Chaque membre de la famille de l\u2019Alliance au Venezuela. Qu\u2019ils puissent grandir dans la connaissance et l\u2019amour du Seigneur pour atteindre les communaut\u00e9s qui nous entourent avec l\u2019\u00e9vangile.<\/li>\n<li>La sant\u00e9, la sagesse, les conseils, le discernement et la force spirituelle pour nos pasteurs afin de guider les membres de l\u2019\u00e9glise dans la Parole de Dieu.<\/li>\n<li>Le d\u00e9marrage de petits groupes \u00e0 l\u2019\u00e9glise de l\u2019Alliance de Maracay. Priez aussi pour les nouveaux croyants et pour que l\u2019\u00e9glise puisse atteindre la communaut\u00e9.<\/li>\n<li>Un nouvel endroit pour que l\u2019\u00e9glise de l\u2019Alliance de Yagua et Belen puisse tenir ses services.<\/li>\n<\/ul>\n<p><strong>EL SALVADOR<br \/>\n<\/strong>Veuillez prier pour :<\/p>\n<ul>\n<li>Notre S\u00e9minaire Minist\u00e9rielle de l\u2019Alliance d\u2019Am\u00e9rique centrale, r\u00e9cemment lanc\u00e9. Priez pour qu\u2019il y ait davantage d\u2019\u00e9tudiants afin que nous puissions toucher davantage de personnes pour Christ dans la r\u00e9gion d\u2019Am\u00e9rique centrale.<\/li>\n<li>Notre premier congr\u00e8s post-pand\u00e9mie en pr\u00e9sentiel de l\u2019Alliance d\u2019Am\u00e9rique centrale, au Salvador, en septembre. Priez pour que cet \u00e9v\u00e9nement soit une b\u00e9n\u00e9diction pour toute la r\u00e9gion.<\/li>\n<li>Pour une de nos \u00e9glises qui a besoin d\u2019un endroit plus grand pour continuer \u00e0 se d\u00e9velopper.<\/li>\n<li>La stabilit\u00e9 politique du pays. Que la polarisation actuelle soit r\u00e9solue par des moyens d\u00e9mocratiques.<\/li>\n<\/ul>\n<p><strong>BOLIVIE<br \/>\n<\/strong>Veuillez prier pour :<\/p>\n<ul>\n<li>La guidance de Dieu dans les d\u00e9cisions prises lors de l\u2019Assembl\u00e9e Nationale de l\u2019Alliance de Bolivie, le 28 mai, \u00e0 Cochabamba.<\/li>\n<li>Que Dieu de suscite de nouveaux pasteurs et missionnaires, afin que le travail en Bolivie et les champs missionnaires \u00e0 l\u2019\u00e9tranger puissent se d\u00e9velopper.<\/li>\n<\/ul>\n<p>&nbsp;<\/p>\n<hr>\n<p>&nbsp;<\/p>\n<h2><strong>Pri\u00e8res de l\u2019UMA &#8211; Mai 2022<\/strong><\/h2>\n<p>&nbsp;<\/p>\n<p><strong>18 mai 2022<\/strong><\/p>\n<p><strong>R\u00c9GION EMERALD (EUROPE ET MOYEN-ORIENT) DE L\u2019UMA<br \/>\n<\/strong>Louez Dieu pour :<\/p>\n<ul>\n<li>Les membres de l\u2019Alliance dans la r\u00e9gion EMERALD et la famille mondiale de l\u2019UMA, qui ont donn\u00e9 g\u00e9n\u00e9reusement \u00e0 l\u2019appel pour l\u2019Ukraine afin de soutenir nos \u00e9glises de l\u2019Alliance qui s\u2019occupent de ceux qui souffrent.<\/li>\n<\/ul>\n<p><strong>RUSSIE<br \/>\n<\/strong>Veuillez prier pour :<\/p>\n<ul>\n<li>L\u2019\u00e9glise de l\u2019Alliance russe \u00e0 Burgas, en Bulgarie, qui s\u2019occupe des r\u00e9fugi\u00e9s ukrainiens qui ont fui le conflit.<\/li>\n<li>Les \u00e9glises et les chr\u00e9tiens. Ils s\u2019occupent de 300 \u00e0 400 r\u00e9fugi\u00e9s qui arrivent chaque jour de la zone de conflit apr\u00e8s avoir v\u00e9cu dans des sous-sols pendant un \u00e0 deux mois sous un danger constant.<\/li>\n<\/ul>\n<p><strong>JORDANIE<br \/>\n<\/strong>Veuillez prier pour :<\/p>\n<ul>\n<li>La protection et la provision de Dieu pour les participants \u00e0 la r\u00e9union de l&rsquo;EMERALD de l\u2019UMA en Jordanie, du 25 au 27 mai.<\/li>\n<\/ul>\n<p><strong>MINIST\u00c8RES DE LA DIASPORA DE L\u2019ALLIANCE (MDA)<br \/>\n<\/strong>Veuillez prier pour :<\/p>\n<ul>\n<li>Le suivi des opportunit\u00e9s d\u2019\u00e9vang\u00e9lisation maintenant que le mois de Ramadan est termin\u00e9. Priez \u00e9galement pour les ministres du MDA alors que l\u2019action aupr\u00e8s des musulmans revient \u00e0 la normale.<\/li>\n<li>Davantage de travailleurs pour r\u00e9pondre \u00e0 l\u2019appel \u00e0 servir parmi les musulmans d\u2019Europe.<\/li>\n<li>L\u2019implantation d\u2019\u00e9glises et \u00e9tudes bibliques parmi la diaspora musulmane \u00e0 Malaga, Salt et Canovelles (Espagne) ; Marseille et Paris (France) ; Manchester (Angleterre) et Berlin (Allemagne).<\/li>\n<\/ul>\n<p><strong>ESPAGNE<br \/>\n<\/strong>Veuillez prier pour :<\/p>\n<ul>\n<li>Le Dr Francisco Cerr\u00f3n, qui prendra officiellement sa fonction de nouveau recteur de l\u2019Institut de Formation INFORMA en mai.<\/li>\n<li>La transition du leadership d\u2019INFORMA, afin que cette \u00e9cole th\u00e9ologique s\u2019approfondisse et se renforce.<\/li>\n<li>L\u2019\u00e9quipe de Madrid qui travaille parmi les immigrants alors qu\u2019elle termine les travaux de r\u00e9novation du centre minist\u00e9riel. Ils attendent la parole de l\u2019avocat et de la mairie pour devenir une association culturelle officielle. Demandez au Seigneur de faciliter le processus afin qu\u2019il soit en place en septembre, et qu\u2019ils puissent ouvrir officiellement les portes et commencer les cours.<\/li>\n<\/ul>\n<p><strong>GRANDE BRETAGNE<br \/>\n<\/strong>Veuillez prier pour :<\/p>\n<ul>\n<li>Le r\u00e9v\u00e9rend Mike Baraniak, le directeur de l\u2019ACM de Grande-Bretagne. Il souffre de probl\u00e8mes de sant\u00e9 depuis quelques mois. Veuillez prier pour que Dieu gu\u00e9risse son corps et donne de la force \u00e0 Mike et Catherine alors qu\u2019ils traversent ces temps difficiles.<\/li>\n<li>Le nouveau centre minist\u00e9riel et le caf\u00e9 \u00ab The Giving Tree \u00bb \u00e0 Manchester. Que le Seigneur fournisse les ressources n\u00e9cessaires.<\/li>\n<\/ul>\n<p><strong>FRANCE<br \/>\n<\/strong>Louez Dieu pour :<\/p>\n<ul>\n<li>La direction fid\u00e8le que le pr\u00e9sident de l\u2019Alliance, le r\u00e9v\u00e9rend Michel Viguier, a donn\u00e9e \u00e0 la famille ACM en France pendant de nombreuses ann\u00e9es, alors qu\u2019il se pr\u00e9pare \u00e0 quitter ce r\u00f4le.<\/li>\n<\/ul>\n<p>Veuillez prier pour :<\/p>\n<ul>\n<li>La transition de leadership dans l\u2019\u00e9glise nationale fran\u00e7aise. Priez pour que Dieu indique le chemin \u00e0 suivre pour la nouvelle \u00e9quipe de direction.<\/li>\n<\/ul>\n<p><strong>PORTUGAL<br \/>\n<\/strong>Veuillez prier pour :<\/p>\n<ul>\n<li>La nouvelle \u00e9quipe d\u2019implantation d\u2019\u00e9glise dans la ville de Porto. Priez que la famille Albuquerque puisse trouver un logement ad\u00e9quat dans la ville d\u2019ici juillet.<\/li>\n<li>Sagesse pour l\u2019\u00e9glise de l\u2019Alliance Paredes qui cherche \u00e0 devenir une \u00e9glise organis\u00e9e cette ann\u00e9e.<\/li>\n<li>Nous avons r\u00e9cemment d\u00e9couvert qu\u2019il y a environ 20 r\u00e9fugi\u00e9s ukrainiens (enfants, jeunes et femmes) dans notre communaut\u00e9 ou \u00e0 proximit\u00e9. Veuillez prier pour que nous sachions comment leur venir en aide, car il semble qu\u2019ils ne re\u00e7oivent pas beaucoup de soutien de la part du gouvernement local.<\/li>\n<\/ul>\n<p><strong>IRAQ<br \/>\n<\/strong>Veuillez prier pour l\u2019\u00c9glise de l\u2019Alliance \u00e0 Erbil, au Kurdistan :<\/p>\n<ul>\n<li>Les fr\u00e8res et s\u0153urs issus d\u2019un milieu musulman. Ils sont confront\u00e9s \u00e0 des attaques sociales et spirituelles constantes.<\/li>\n<li>Nos nouveaux groupes de disciples. Ce minist\u00e8re inclura une vari\u00e9t\u00e9 de tribus et de races de diff\u00e9rents milieux.<\/li>\n<li>Nos minist\u00e8res hebdomadaires. Ils sont en pleine expansion et nous avons besoin de plus de volontaires, en particulier pour les minist\u00e8res de l\u2019\u00e9cole du dimanche, les jeunes et d\u2019aide humanitaire.<\/li>\n<li>Le d\u00e9but de la construction du nouveau b\u00e2timent de l\u2019\u00e9glise, d\u2019autant plus que le chemin n\u2019a pas \u00e9t\u00e9 facile et que nous avons d\u00fb faire face \u00e0 de nombreux obstacles sur la route.<\/li>\n<\/ul>\n<p><strong>DIASPORA DE L\u2019ALLIANCE AFRICAINE<br \/>\n<\/strong>Louez Dieu pour :<\/p>\n<ul>\n<li>La visite r\u00e9ussie du r\u00e9v\u00e9rend Marcel Bunda, pr\u00e9sident de l\u2019ACM de la R\u00e9publique D\u00e9mocratique du Congo, et du r\u00e9v\u00e9rend Denis Kombetassie, directeur des missions de l\u2019ACM de la R\u00e9publique D\u00e9mocratique du Congo, aux communaut\u00e9s congolaises de la Diaspora de l\u2019Alliance Africaine en Europe et leurs contacts avec la famille de l\u2019Alliance de France.<\/li>\n<\/ul>\n<p><strong>MOBILISATION DE LE MISSIONS DE L\u2019EMERALD DE L\u2019UMA<br \/>\n<\/strong>Veuillez prier pour :<\/p>\n<ul>\n<li>Eoghan Cosgrave dans son r\u00f4le de mobilisateur de mission de l\u2019UMA pour la r\u00e9gion EMERALD. Priez que le Seigneur pourvoie \u00e0 ses besoins et \u00e0 ceux de sa famille.<\/li>\n<\/ul>\n<hr \/>\n<p><strong>11 mai 2022<\/strong><\/p>\n<p><strong>R\u00c9GION AFRIQUE DE L\u2019UMA<\/strong><\/p>\n<p><strong>R\u00c9PUBLIQUE D\u00c9MOCRATIQUE DU CONGO (RDC)<br \/>\n<\/strong>Veuillez prier pour :<\/p>\n<ul>\n<li>L\u2019\u00e9glise de l\u2019Alliance en RDC, qui a vu la mort de sept pasteurs en quatre mois. Que Dieu r\u00e9conforte leurs familles et les membres de l\u2019\u00e9glise.<\/li>\n<li>Pour nos \u00e9glises dans les zones rurales. Elles ont \u00e9t\u00e9 menac\u00e9es par des charlatans, qui entrent parfois dans les \u00e9glises en croyant les d\u00e9livrer de la sorcellerie. Que Dieu \u00e9pargne l\u2019\u00e9glise de cette situation qui peut conduire \u00e0 des troubles, d\u2019autant plus que certaines autorit\u00e9s administratives locales soutiennent ces charlatans. Priez particuli\u00e8rement pour le district de Kuimba qui a connu ce genre de troubles.<\/li>\n<li>Le Comit\u00e9 de Gestion de l\u2019\u00c9glise. Ils ont d\u00e9cid\u00e9 d\u2019envoyer des travailleurs dans les zones rurales en proie \u00e0 des sectes et \u00e0 des croyances n\u00e9fastes afin de faire des disciples parmi les personnes qui y vivent. Cela n\u00e9cessite plus de 70 000 USD par an, alors que la collecte de fonds pour ce premier trimestre a rapport\u00e9 20 000 USD. Veuillez prier pour que le Seigneur fournisse le fonds restant.<\/li>\n<li>Le Programme d\u2019Implantation d\u2019\u00c9glises en milieu urbain, qui cible la population de la classe moyenne.<\/li>\n<li>L\u2019\u00e9lection des Gouverneurs de Province en RDC en g\u00e9n\u00e9ral, et en particulier de la Province du Kongo Central, o\u00f9 se trouve le si\u00e8ge de ACM. La campagne \u00e9lectorale prend l\u2019allure d\u2019une bataille entre groupes socioculturels. Priez pour qu\u2019elle ne provoque pas de troubles sociaux. Priez aussi pour que Dieu suscite des dirigeants qui craignent le Seigneur et \u0153uvrent pour le bien-\u00eatre de la population.<\/li>\n<\/ul>\n<p><strong>MALI<br \/>\n<\/strong>Veuillez prier pour :<\/p>\n<ul>\n<li>Les 19 \u00e9tudiants qui viennent de terminer la phase th\u00e9orique dans les instituts bibliques et qui seront envoy\u00e9s pour travailler dans les \u00e9glises locales.<\/li>\n<li>Un enseignant pour l\u2019Institut Biblique Bethel \u00e0 Koutiala.<\/li>\n<li>L\u2019installation du nouveau directeur de l\u2019\u00e9cole biblique pour jeunes filles de Baramba.<\/li>\n<li>L\u2019atelier sur le renforcement des capacit\u00e9s en agriculture, du 9 au 13 mai \u00e0 Koutiala Bethel.<\/li>\n<li>Une bonne mobilisation et participation de l\u2019\u00e9glise nationale \u00e0 la c\u00e9l\u00e9bration de notre centenaire.<\/li>\n<\/ul>\n<p><strong>R\u00c9PUBLIQUE DU CONGO<br \/>\n<\/strong>Louez Dieu pour :<\/p>\n<ul>\n<li>Les \u00e9glises qui sont implant\u00e9es. Que Dieu utilise ces nouvelles \u00e9glises pour \u00eatre une b\u00e9n\u00e9diction et pour atteindre les gens avec l\u2019\u00e9vangile dans ces communaut\u00e9s,<\/li>\n<\/ul>\n<p>Veuillez prier pour :<\/p>\n<ul>\n<li>La retraite nationale des couples de pasteurs est pr\u00e9vue pour la troisi\u00e8me semaine de juin \u00e0 Mossendjo, dans le sud-ouest du pays.<\/li>\n<li>La conf\u00e9rence nationale des femmes en ao\u00fbt.<\/li>\n<li>Le service de cons\u00e9cration d\u2019un serviteur de Dieu au minist\u00e8re pastoral \u00e0 l\u2019Ile Mbamou, au bord du fleuve Congo.<\/li>\n<\/ul>\n<p><strong>ANGOLA<br \/>\n<\/strong>Veuillez prier pour :<\/p>\n<ul>\n<li>Les trois projets communautaires d\u2019\u00e9glise qui se sont mis en \u0153uvre avec le soutien financier de l\u2019UMA : deux projets d\u2019implantation d\u2019\u00e9glise \u00e0 Cabinda et un projet de coupe et de couture \u00e0 Luanda.<\/li>\n<li>L\u2019Assembl\u00e9e G\u00e9n\u00e9rale de l\u2019Alliance de l\u2019Angola en ao\u00fbt.<\/li>\n<li>L\u2019\u00e9lection pr\u00e9sidentielle dans notre pays en ao\u00fbt. Qu\u2019il y est un climat de paix avant, pendant et apr\u00e8s l\u2019\u00e9lection.<\/li>\n<\/ul>\n<hr \/>\n<p><strong>4 mai 2022<\/strong><\/p>\n<p><strong>R\u00c9GION CLA (AM\u00c9RIQUE LATINE) DE L\u2019UMA<\/strong><\/p>\n<p><strong>URUGUAY<br \/>\n<\/strong>Veuillez prier pour :<\/p>\n<ul>\n<li>Le pasteur Jos\u00e9 Rampa et son \u00e9pouse Estela Saldivia. Ils sont pasteurs de l\u2019\u00e9glise Mandub\u00ed de l\u2019Alliance \u00e0 Rivera. L\u2019\u00e9glise traverse une p\u00e9riode financi\u00e8rement difficile et fournie de gros efforts. Priez aussi pour le pasteur Duverley Techera qui soutient cette congr\u00e9gation.<\/li>\n<li>L\u2019Alliance Vichadero \u00e0 Rivera. Que le Seigneur envoie un ouvrier pour \u00eatre pasteur de cette \u00e9glise. Des fr\u00e8res de l\u2019\u00e9glise Bethel soutiennent cette \u00e9glise depuis plus d\u2019un an, mais la congr\u00e9gation a besoin de son propre pasteur.<\/li>\n<li>Le pasteur Herbeth Vega, qui a commenc\u00e9 \u00e0 diriger l\u2019\u00e9glise de l\u2019Alliance du Sud \u00e0 Montevideo. Que le Seigneur lui donne, ainsi qu\u2019\u00e0 sa famille, la sagesse n\u00e9cessaire pour mener \u00e0 bien cette t\u00e2che.<\/li>\n<li>Le pasteur missionnaire Cristian Salgado de l\u2019Alliance du Chili. Il est en train d\u2019implanter une nouvelle \u00e9glise. Priez pour lui et sa famille dans cette nouvelle phase.<\/li>\n<li>Le couple missionnaire Peter et Laura Marshall prennent leur retraite de l\u2019\u00e9glise de Salto et vont retourner aux \u00c9tats-Unis. Priez que le Seigneur les aide pendant la transition. Priez aussi pour le fr\u00e8re Robert Noble qui reprendra la rel\u00e8ve.<\/li>\n<li>La sant\u00e9 du fr\u00e8re Andr\u00e9s Ripoll, de l\u2019\u00e9glise de l\u2019Alliance \u00e0 Chuy. Il a eu une s\u00e9rie de complications.<\/li>\n<\/ul>\n<p><strong>COLOMBIE<br \/>\n<\/strong>Louez Dieu pour :<\/p>\n<ul>\n<li>Les responsables des \u00e9glises de l\u2019Alliance de Colombie et d\u2019Equateur qui ont particip\u00e9 \u00e0 la formation \u00ab Hablemos Alianza 2022 \u00bb (\u00ab Parlons Alliance 2022 \u00bb), du 22 au 24 avril. Qu\u2019ils appliquent ce qu\u2019ils ont appris dans leurs \u00e9glises locales.<\/li>\n<\/ul>\n<p>Veuillez prier pour :<\/p>\n<ul>\n<li>L\u2019\u00e9glise de Leticia, en Amazonie. Le b\u00e2timent est d\u00e9t\u00e9rior\u00e9 en raison des fortes pluies qui frappent l\u2019Amazonie, ce qui rend impossible la r\u00e9alisation des activit\u00e9s de formation de disciples et des cultes. Les fr\u00e8res des communaut\u00e9s indig\u00e8nes Ticuna, Uitotos et Cocamas qui sont atteints par nos missionnaires s\u2019y retrouvent. Ce lieu est essentiel pour atteindre ce que l\u2019on appelle la \u00ab Fen\u00eatre Verte \u00bb, c\u2019est-\u00e0-dire les groupes ethniques les moins atteints de l\u2019Amazonie et de l\u2019Orinoquia, dans la zone \u00e0 triple fronti\u00e8re entre la Colombie, le Br\u00e9sil et le P\u00e9rou. Veuillez prier pour que Dieu fournisse les 50 000 USD n\u00e9cessaires \u00e0 la reconstruction de l\u2019\u00e9glise.<\/li>\n<li>Notre pays aura des \u00e9lections pr\u00e9sidentielles cette ann\u00e9e. Priez pour que Dieu ait piti\u00e9 de notre nation et place la bonne personne pour gouverner la Colombie.<\/li>\n<\/ul>\n<p><strong>\u00c9QUATEUR<br \/>\n<\/strong>Veuillez prier pour :<\/p>\n<ul>\n<li>Le cycle acad\u00e9mique du S\u00e9minaire Biblique de l\u2019Alliance de l\u2019\u00c9quateur, qui a d\u00e9but\u00e9 le 18 avril. Que chaque \u00e9tudiant pers\u00e9v\u00e8re et soit fid\u00e8le \u00e0 son appel \u00e0 servir Dieu.<\/li>\n<li>Notre retraite nationale des femmes. Le th\u00e8me sera \u00ab B\u00e2tir un mur pour : Prendre soin des familles et des g\u00e9n\u00e9rations \u00bb, du 31 juin au 2 juillet, dans la province de Tungurahua.<\/li>\n<li>La s\u00e9curit\u00e9 de nos pasteurs lors de leurs tourn\u00e9es d\u2019\u00e9vang\u00e9lisation \u00e0 travers le pays.<\/li>\n<li>Notre pays. Le taux de violence a augment\u00e9 ces derniers mois, en raison des r\u00e9seaux de micro-trafic et des combats entre bandes criminelles. Cela a entra\u00een\u00e9 la mort d\u2019enfants et d\u2019adolescents.<\/li>\n<\/ul>\n<p><strong>BR\u00c9SIL<br \/>\n<\/strong>Louez Dieu pour :<\/p>\n<ul>\n<li>Les pasteurs qui ont \u00e9t\u00e9 ordonn\u00e9s et accr\u00e9dit\u00e9s au cours de l\u2019ann\u00e9e derni\u00e8re. Que Dieu les utilise et leur donne la sagesse pour mener \u00e0 bien son \u0153uvre.<\/li>\n<\/ul>\n<p>Veuillez prier pour :<\/p>\n<ul>\n<li>Que le Seigneur utilise et guide chaque responsable des minist\u00e8res de l\u2019Alliance br\u00e9silienne pour l\u2019expansion du royaume de Dieu au Br\u00e9sil et dans les nations : D\u00e9partement des Missions Nationales, Projet d\u2019Implantation d\u2019\u00c9glises (Focus Missionnel), S\u00e9minaire Th\u00e9ologique A.W. Tozer, \u00c9cole de Pri\u00e8re, Minist\u00e8re National des Femmes et Jeunesse de l\u2019Alliance.<\/li>\n<li>La prochaine g\u00e9n\u00e9ration de jeunes dirigeants que Dieu suscite dans nos \u00e9glises.<\/li>\n<li>Sagesse et discernement pour l\u2019\u00e9glise nationale dans la gestion des finances. La crise \u00e9conomique, l\u2019inflation croissante et le taux de ch\u00f4mage \u00e9lev\u00e9 dans notre pays ont entra\u00een\u00e9 de nombreux d\u00e9fis pour les \u00e9glises et pour le travail missionnaire.<\/li>\n<\/ul>\n<p><strong>CHILI<br \/>\n<\/strong>Louez Dieu pour :<\/p>\n<ul>\n<li>Les 125 ans de l\u2019Alliance au Chili. Des c\u00e9l\u00e9brations d\u2019action de gr\u00e2ce ont eu lieu dans les \u00e9glises de tout le pays.<\/li>\n<\/ul>\n<p>Veuillez prier pour :<\/p>\n<ul>\n<li>Deux missionnaires ont \u00e9t\u00e9 envoy\u00e9s dans un pays \u00e0 acc\u00e8s restreint. Que le Seigneur les aide dans cette transition et dans leur adaptation \u00e0 leur nouvelle culture.<\/li>\n<li>Les \u00e9glises qui reprennent les activit\u00e9s en personne apr\u00e8s deux ans de pand\u00e9mie. Priez pour que Dieu donne aux pasteurs la sagesse et l\u2019amour n\u00e9cessaires pour aider les membres qui se sont refroidis spirituellement et ne veulent pas retourner \u00e0 l\u2019\u00e9glise.<\/li>\n<li>La situation de notre pays. Il y a beaucoup d\u2019instabilit\u00e9 politique et de conflits en cours.<\/li>\n<\/ul>\n<p><strong>P\u00c9ROU<br \/>\n<\/strong>Veuillez prier pour :<\/p>\n<ul>\n<li>L\u2019\u00e9glise. Prions pour que le Seigneur met en chaque membre d\u2019avoir faim et soif de lui. Que la pri\u00e8re, l\u2019\u00e9tude de la Bible et les autres disciplines spirituelles soient notre arme principale face \u00e0 l\u2019adversit\u00e9 afin que nous puissions atteindre et b\u00e9nir ceux qui souffrent.<\/li>\n<li>Notre pays. Que le Seigneur gu\u00e9risse notre pays. Priez aussi pour nos autorit\u00e9s, pour qu\u2019il y ait une unit\u00e9 et qu\u2019elles puissent l\u00e9gif\u00e9rer en faveur du peuple.<\/li>\n<\/ul>\n<p><strong>R\u00c9PUBLIQUE DOMINICAINE<br \/>\n<\/strong>Veuillez prier pour :<\/p>\n<ul>\n<li>R\u00e9confort pour la famille du pasteur Jos\u00e9 Reyes. Il est d\u00e9c\u00e9d\u00e9 r\u00e9cemment.<\/li>\n<li>Sagesse de Dieu pour le Conseil d\u2019Administration National de l\u2019Alliance dominicaine.<\/li>\n<li>L\u2019implantation d\u2019\u00e9glises dans les provinces sans \u00e9glises \u00e9vang\u00e9liques.<\/li>\n<\/ul>\n<p><strong>CUBA<br \/>\n<\/strong>Veuillez prier pour :<\/p>\n<ul>\n<li>Les familles de nos pasteurs et surtout pour leurs enfants.<\/li>\n<li>La construction des b\u00e2timents de l\u2019\u00e9glise \u00e0 Aguadas et Guant\u00e1namo.<\/li>\n<li>Nos groupes de culte pour pouvoir acheter de nouveaux instruments de musique.<\/li>\n<\/ul>\n<p>&nbsp;<\/p>\n<hr \/>\n<p>&nbsp;<\/p>\n<h2>Pri\u00e8res<strong> de l\u2019UMA \u2013 Avril 2022<\/strong><\/h2>\n<p>&nbsp;<\/p>\n<p><strong>20 avril 2022<\/strong><\/p>\n<p><strong>R\u00c9GION EMERALD (EUROPE ET MOYEN-ORIENT) DE L\u2019UMA<\/strong><\/p>\n<p>Louez Dieu pour :<\/p>\n<ul>\n<li>La fraternit\u00e9 entre les dirigeants de l\u2019Alliance nationale lors d\u2019une r\u00e9cente r\u00e9union r\u00e9gionale de Zoom.<\/li>\n<\/ul>\n<p>Veuillez prier pour :<\/p>\n<ul>\n<li>La r\u00e9union de la R\u00e9gion EMERALD de l\u2019UMA en Jordanie, du 25 au 27 mai. Priez que des ressources soient trouv\u00e9es pour permettre aux pasteurs qui ont des fonds limit\u00e9s (en particulier au Moyen-Orient) de participer. Priez \u00e9galement pour l\u2019\u00e9quipe locale en Jordanie charg\u00e9e d\u2019accueillir les participants.<\/li>\n<\/ul>\n<p><strong>UKRAINE<br \/>\n<\/strong>Veuillez prier pour :<\/p>\n<ul>\n<li>La libert\u00e9 de l\u2019Ukraine et la fin de la guerre.<\/li>\n<li>Les \u00e9glises qui se trouvent maintenant dans un territoire occup\u00e9 par l\u2019arm\u00e9e russe. Priez pour que Dieu b\u00e9nisse nos pasteurs et responsables qui sont rest\u00e9s dans leur ville natale pour exercer un minist\u00e8re aupr\u00e8s des autres.<\/li>\n<li>Nos pasteurs et responsables qui sont partis en Ukraine occidentale ou se sont r\u00e9fugi\u00e9s dans un autre pays. Priez pour que nous ne perdions pas le contact avec eux, et qu\u2019ils trouvent de nouveaux lieux pour administrer leur minist\u00e8re l\u00e0 o\u00f9 ils se trouvent actuellement.<\/li>\n<li>Les membres de nos \u00e9glises qui sont devenus des r\u00e9fugi\u00e9s. Qu\u2019ils trouvent de bonnes \u00e9glises o\u00f9 aller.<\/li>\n<li>Nos \u00e9glises, alors que nous nous occupons de ceux qui souffrent \u00e0 cause de la guerre. Une de nos \u00e9glises a ferm\u00e9 ses portes et le pasteur est parti \u00e0 l\u2019ouest avec sa famille. Priez pour que nous vivions la vision missionnaire en cette p\u00e9riode de changement et de guerre dans notre pays.<\/li>\n<li>La sant\u00e9 du pr\u00e9sident national de Alliance Chr\u00e9tienne et Missionnaire Ukraine. Il est tr\u00e8s stress\u00e9 et tombe souvent malade. Il a du mal \u00e0 dormir, mais le minist\u00e8re continue et il y a beaucoup \u00e0 faire, difficile pour lui de trouver du temps pour se reposer.<\/li>\n<\/ul>\n<p><strong>RUSSIE<br \/>\n<\/strong>Veuillez prier pour :<\/p>\n<ul>\n<li>L\u2019\u00e9glise de l\u2019Alliance russe \u00e0 Burgas, en Bulgarie, qui s\u2019occupe des r\u00e9fugi\u00e9s ukrainiens qui ont fui le conflit.<\/li>\n<\/ul>\n<p><strong>GRANDE BRETAGNE<br \/>\n<\/strong>Veuillez prier pour :<\/p>\n<ul>\n<li>Le R\u00e9v\u00e9rend Mike Baraniak, le directeur de l\u2019ACM de Grande-Bretagne. Il souffre de probl\u00e8mes de sant\u00e9 depuis quelques mois. Veuillez prier pour qu\u2019il obtienne bient\u00f4t un rendez-vous avec un cardiologue et un chirurgien cardiothoracique.<\/li>\n<li>Les administrateurs de la mission. Que Dieu leur donne sagesse et discernement alors qu\u2019ils assument certaines des responsabilit\u00e9s du directeur pendant qu\u2019il est malade.<\/li>\n<li>L\u2019unit\u00e9 entre les pasteurs de nos \u00e9glises et le soutien mutuel dans la pri\u00e8re.<\/li>\n<li>Le travail de \u00e9vang\u00e9lisme \u00e0 Manchester et la logistique de sa gestion. Remercions Dieu pour les nouvelles personnes qui r\u00e9pondent \u00e0 ce travail.<\/li>\n<\/ul>\n<p><strong>MINIST\u00c8RES DE LA DIASPORA DE L\u2019ALLIANCE<br \/>\n<\/strong>Veuillez prier pour le projet A.M.O.R. (Assistance aux Migrants et\/ou aux R\u00e9fugi\u00e9s) \u00e0 Malaga, dans le sud de l\u2019Espagne :<\/p>\n<ul>\n<li>Que toutes les notions, id\u00e9es ou enseignements faussement pr\u00e9con\u00e7us soient \u00e9radiqu\u00e9s par la puissance transformatrice de l\u2019\u00e9vangile, apportant une r\u00e9v\u00e9lation profonde et le salut aux jeunes hommes de l\u2019A.M.O.R.<\/li>\n<li>La faveur du gouvernement et des employeurs. Deux des hommes ont un permis de s\u00e9jour, mais l\u2019un d\u2019entre eux a besoin d\u2019un emploi ; trois se sont r\u00e9cemment qualifi\u00e9s et ont demand\u00e9 un permis de s\u00e9jour ; un attend son passeport, qui est ind\u00fbment retard\u00e9.<\/li>\n<li>L\u2019obtention d\u2019un emploi l\u00e9gal qui permettra aux hommes de devenir ind\u00e9pendants et de s\u2019int\u00e9grer pleinement dans la soci\u00e9t\u00e9 espagnole.<\/li>\n<li>Trouver un propri\u00e9taire dispos\u00e9 \u00e0 nous permettre de louer un autre appartement et d\u2019accueillir d\u2019autres gar\u00e7ons. C\u2019est le plus grand obstacle que nous rencontrons. Nous en avons besoin pour aller de l\u2019avant et aider davantage de jeunes hommes.<\/li>\n<li>Des travailleurs \u00e0 plein temps parlant couramment l\u2019espagnol, particuli\u00e8rement comp\u00e9tents dans les domaines de l\u2019administration et de la comptabilit\u00e9.<\/li>\n<li>Le Seigneur doit faire en sorte que les finances continuent d\u2019arriver afin que le projet puisse se poursuivre.<\/li>\n<\/ul>\n<p><strong>IRAK<br \/>\n<\/strong>Veuillez prier pour l\u2019\u00e9glise de l\u2019Alliance \u00e0 Erbil, au Kurdistan :<\/p>\n<ul>\n<li>Pour de nouveaux groupes de disciples pour les Syriens d\u2019origine musulmane. Ce nouveau minist\u00e8re inclura une vari\u00e9t\u00e9 de tribus et de races de diff\u00e9rents milieux.<\/li>\n<li>Pour l\u2019expansion des minist\u00e8res hebdomadaires et l\u2019augmentation du nombre de b\u00e9n\u00e9voles, en particulier l\u2019\u00e9cole du dimanche, les jeunes et les minist\u00e8res d\u2019aide humanitaire.<\/li>\n<li>Pour le d\u00e9but de la construction du nouveau b\u00e2timent de l\u2019\u00e9glise. Cela n\u2019a pas \u00e9t\u00e9 facile, avec de nombreux obstacles sur le chemin.<\/li>\n<\/ul>\n<hr>\n<p><strong>13 avril 2022<\/strong><\/p>\n<p><strong>1) R\u00c9GION D\u2019AFRIQUE DE L&rsquo;UMA<\/strong><\/p>\n<p><strong>LIB\u00c9RIA<br \/>\n<\/strong>Veuillez prier pour :<\/p>\n<ul>\n<li>L&rsquo;\u00e9glise de l\u2019ACM du Lib\u00e9ria, qui se pr\u00e9pare \u00e0 accueillir la Conf\u00e9rence r\u00e9gionale africaine de l\u2019UMA \u00e0 Monrovia. Nous rendons gr\u00e2ce \u00e0 Dieu pour la visite du R\u00e9v\u00e9rend Joel Moriba Onivogui, secr\u00e9taire g\u00e9n\u00e9ral de l\u2019UMA, et la r\u00e9union tenue avec les dirigeants lib\u00e9riens. Veuillez prier pour les comit\u00e9s de planification, pour la sagesse et la force de Dieu car ils se r\u00e9unissent r\u00e9guli\u00e8rement pour planifier la conf\u00e9rence.<\/li>\n<li>L&rsquo;unit\u00e9 des \u00e9glises de l&rsquo;Alliance. Pendant la visite du R\u00e9v\u00e9rend Joel Moriba Onivogui, il a amen\u00e9 le Pasteur Elijah Guilavogui, qui a aid\u00e9 \u00e0 implanter les \u00e9glises dans le comt\u00e9 de Lofa. Apr\u00e8s cette rencontre, nous avons commenc\u00e9 \u00e0 parrainer le pasteur Elijah. Il a visit\u00e9 les \u00e9glises de ce comt\u00e9 pour expliquer la nouvelle direction de l&rsquo;\u00e9glise ACM au Lib\u00e9ria. Les pasteurs pr\u00e9voient de rencontrer les responsables de l&rsquo;\u00e9glise nationale d\u00e8s que possible. Priez pour l&rsquo;unit\u00e9 et pour l&rsquo;implantation de la nouvelle \u00e9glise.<\/li>\n<li>La conf\u00e9rence nationale des femmes, du 21 au 24 avril \u00e0 Monrovia. Priez pour le comit\u00e9 de planification et pour le succ\u00e8s de la conf\u00e9rence.<\/li>\n<\/ul>\n<p><strong>R\u00c9PUBLIQUE DU CONGO<br \/>\n<\/strong>Louez Dieu pour :<\/p>\n<ul>\n<li>L&rsquo;\u00e9lection du Bureau national de l&rsquo;\u00c9glise de l&rsquo;Alliance de la R\u00e9publique du Congo. Le R\u00e9v\u00e9rend Albert Bilongo a \u00e9t\u00e9 r\u00e9\u00e9lu comme pr\u00e9sident de l&rsquo;\u00e9glise nationale.<\/li>\n<\/ul>\n<p>Veuillez prier pour&nbsp;:<\/p>\n<ul>\n<li>La paix, l&rsquo;unit\u00e9 et la r\u00e9alisation des objectifs de l&rsquo;\u00e9glise nationale au cours des quatre prochaines ann\u00e9es.<\/li>\n<li>L&rsquo;audace dans la proclamation de l&rsquo;\u00e9vangile. Que nos \u00e9glises soient des instruments dans les mains de Dieu pour atteindre les \u00e2mes perdues.<\/li>\n<li>Nouvel \u00e9lan de croissance du nombre de disciples. Priez pour que Dieu renforce les membres de nos \u00e9glises dans leur marche avec le Seigneur J\u00e9sus-Christ. Que le Saint-Esprit donne un v\u00e9ritable engagement et la puissance n\u00e9cessaire pour former, encadrer et motiver une g\u00e9n\u00e9ration de nouveaux disciples pour la gloire de Dieu.<\/li>\n<li>Que Dieu suscite des hommes et des femmes pour servir les membres de notre \u00e9glise et les communaut\u00e9s qui font face \u00e0 des difficult\u00e9s.<\/li>\n<\/ul>\n<p><strong>R\u00c9PUBLIQUE D\u00c9MOCRATIQUE DU CONGO (RDC)<br \/>\n<\/strong>Veuillez prier pour :<\/p>\n<ul>\n<li>Le r\u00e9confort de Dieu pour les familles du R\u00e9v\u00e9rend Isaac Tsava Mbenza, de Boma, et du R\u00e9v\u00e9rend Georges Luemba Nguvulu, de Moanda. Les deux sont d\u00e9c\u00e9d\u00e9s la m\u00eame semaine.<\/li>\n<li>Le R\u00e9v\u00e9rend Marcel Bunda, pr\u00e9sident de l\u2019ACM du Congo &#8211; RDC, et le R\u00e9v\u00e9rend Denis Kombetassie, directeur des missions de l\u2019ACM du Congo &#8211; RDC. Ils sont en tourn\u00e9e en Europe depuis plus d&rsquo;un mois pour visiter les communaut\u00e9s de la diaspora de l&rsquo;Alliance africaine. Priez pour la protection divine de Dieu pendant leur s\u00e9jour et pour qu\u2019ils aient de bon contact avec les responsables d&rsquo;\u00e9glise.<\/li>\n<li>La sant\u00e9 du R\u00e9v\u00e9rend Esa\u00efe Muanda Ndungi, chef du D\u00e9partement national de la pri\u00e8re. Priez aussi pour que le Seigneur ouvre des portes pour ses traitements \u00e0 l&rsquo;\u00e9tranger.<\/li>\n<li>Le projet de transformer deux \u00c9glises locales en m\u00e9ga-\u00e9glises pour en faire de grands instruments d&rsquo;\u00e9vang\u00e9lisation et de mobiliser des ressources pour les missions.<\/li>\n<li>L&rsquo;assembl\u00e9e g\u00e9n\u00e9rale du Synode, du 25 au 31 juillet \u00e0 Boma. Que le Seigneur guide ses serviteurs sur les d\u00e9cisions \u00e0 prendre. Priez aussi pour que des ressources soient fournies pour l&rsquo;organisation de cet \u00e9v\u00e9nement.<\/li>\n<li>La R\u00e9publique D\u00e9mographique du Congo (RDC) \u00e9t\u00e9 confront\u00e9 \u00e0 des tueries dans l&rsquo;Est par des groupes terroristes. Priez pour le gouvernement qui combat ces groupes afin de r\u00e9tablir la paix au sein de la population.<\/li>\n<\/ul>\n<p><strong>C\u00d4TE D&rsquo;IVOIRE<br \/>\n<\/strong>Veuillez prier pour :<\/p>\n<ul>\n<li>Le R\u00e9v\u00e9rend No\u00ebl N&rsquo;Guessan, le pr\u00e9sident de l\u2019ACM &#8211; C\u00f4te d&rsquo;Ivoire, qui a perdu sa m\u00e8re le 14 mars. Prions pour que Dieu le r\u00e9conforte et aussi pour l&rsquo;organisation fun\u00e9raire du 6 au 7 mai.<\/li>\n<li>La conf\u00e9rence sur les missions de la jeunesse, du 14 au 18 avril, dans le nord du pays. Priez pour le comit\u00e9 d&rsquo;organisation et pour le salut des nombreuses personnes dans cette r\u00e9gion majoritairement musulmane.<\/li>\n<\/ul>\n<p><strong>GABON<br \/>\n<\/strong>Veuillez prier pour :<\/p>\n<ul>\n<li>Le nouveau plan strat\u00e9gique de l&rsquo;\u00e9glise et les voyages des comit\u00e9s techniques.<\/li>\n<li>La mise en place d&rsquo;un bouclier de pri\u00e8re nationale dans toutes les r\u00e9gions.<\/li>\n<li>L&rsquo;\u00c9tat mette en place une strat\u00e9gie efficace pour lutter contre la destruction des plantations des agriculteurs par les \u00e9l\u00e9phants.<\/li>\n<\/ul>\n<p>&nbsp;<\/p>\n<p><strong>2) R\u00c9GION <\/strong><strong>AM\u00c9RIQUE DU NORD<\/strong><strong> DE L&rsquo;UMA<\/strong><\/p>\n<p><strong>\u00c9TATS-UNIS<br \/>\n<\/strong>Veuillez prier pour :<\/p>\n<ul>\n<li>Les \u00e9glises \u00e0 la recherche d&rsquo;une nouvelle orientation. R\u00e9cemment, plus de 30 pasteurs et responsables de l&rsquo;Alliance des \u00c9tats-Unis ont \u00e9t\u00e9 form\u00e9s pour devenir des consultants certifi\u00e9s pour les \u00e9glises qui cherchent une nouvelle direction dans leur minist\u00e8re. Priez pour que ces hommes et ces femmes, appel\u00e9s \u00e0 discerner, \u00e9quiper et accompagner dans des contextes difficiles, aient l&rsquo;autorit\u00e9 de l&rsquo;Esprit.<\/li>\n<li>La multiplication des \u00e9glises. Priez pour les plus de 150 travailleurs de l&rsquo;Alliance, implanteurs d&rsquo;\u00e9glises et leaders qui se sont r\u00e9unis le mois dernier \u00e0 Exponentiel 2022 \u00e0 Orlando, Floride. Prions pour que ce qu&rsquo;ils ont appris et v\u00e9cu \u00e0 la conf\u00e9rence les inspire \u00e0 renouveler leurs efforts de multiplication et de formation de disciples dans leurs communaut\u00e9s.<\/li>\n<li>Les minist\u00e8res pour les sourds d&rsquo;Envision. Envision, l&rsquo;une des quatre structures sp\u00e9cialis\u00e9es de l&rsquo;Alliance Missions, identifie et d\u00e9veloppe des leaders missionnaires par le biais d&rsquo;opportunit\u00e9s de missions \u00e0 court terme et de strat\u00e9gies minist\u00e9rielles innovantes. Envision a r\u00e9cemment lanc\u00e9 un site pour les sourds afin de cr\u00e9er un plus grand acc\u00e8s \u00e0 l&rsquo;\u00e9vangile pour les personnes sourdes, mais aussi de mobiliser les croyants sourds dans le minist\u00e8re de l&rsquo;\u00e9vangile. Priez pour les responsables du site Envision, David et Aleah Nishizaki, qui dirigent ce minist\u00e8re vital. On estime que seuls deux pour cent des 72 millions de personnes sourdes dans le monde connaissent J\u00e9sus.<\/li>\n<\/ul>\n<hr>\n<p><strong>6 avril 2022<\/strong><\/p>\n<p><strong>R\u00c9GION CLA (AM\u00c9RIQUE LATINE) DE L\u2019UMA<\/strong><\/p>\n<p><strong>COLOMBIE<br \/>\n<\/strong>Louez Dieu pour :<\/p>\n<ul>\n<li>Sa pr\u00e9sence et ses conseils lors de notre assembl\u00e9e nationale en mars. Nous avons pass\u00e9 un moment b\u00e9ni avec la direction pastorale pour l\u2019avancement de l\u2019\u00e9glise du Christ en Colombie.<\/li>\n<\/ul>\n<p>Veuillez prier pour :<\/p>\n<ul>\n<li>L\u2019\u00c9cole Nationale des Missions qui aura lieu dans la triple zone frontali\u00e8re de la Colombie, du Br\u00e9sil et du P\u00e9rou, du 11 au 17 avril. Priez que Dieu fournisse les ressources n\u00e9cessaires \u00e0 ceux qui seront form\u00e9s aux principes du travail missionnaire.<\/li>\n<li>Les derniers pr\u00e9paratifs pour envoyer nos travailleurs Alex, Patricia et Amanda en Guin\u00e9e. Priez pour les conseils, les soins et la provision de Dieu.<\/li>\n<li>\u00ab Hablemos Alianza 2022 \u00bb (\u00ab Parlons Alliance 2022 \u00bb), 22-24 avril. Il s\u2019agit d\u2019une formation th\u00e9orique-pratique pour les minist\u00e8res de louange et d\u2019adoration, de la danse, du th\u00e9\u00e2tre, du son et des communications, entre autres. Priez que les \u00e9glises locales et nationales \u00e0 travers l\u2019Am\u00e9rique latine puissent envoyer leurs dirigeants pour renforcer leurs minist\u00e8res.<\/li>\n<\/ul>\n<p><strong>\u00c9QUATEUR<br \/>\n<\/strong>Veuillez prier pour :<\/p>\n<ul>\n<li>Le couple missionnaire Brito Raymer, qui a quitt\u00e9 l\u2019\u00c9quateur en mars pour retourner au Moyen-Orient afin de poursuivre son travail d\u2019implantation d\u2019\u00e9glises parmi les musulmans.<\/li>\n<li>Les sans-abri, en particulier les migrants colombiens et v\u00e9n\u00e9zu\u00e9liens qui vivent dans les rues de l\u2019\u00c9quateur \u00e0 la recherche de leur subsistance quotidienne.<\/li>\n<li>Les plus de 800 victimes du s\u00e9isme de magnitude 6,0 survenu le samedi 26 mars dans la province d\u2019Esmeraldas.<\/li>\n<li>Les personnes touch\u00e9es par les pluies intenses que les r\u00e9gions c\u00f4ti\u00e8res et de la Sierra de l\u2019\u00c9quateur ont connues ces derniers mois. La pluie a gravement endommag\u00e9 les routes terrestres et provoqu\u00e9 des inondations et des glissements de terrain.<\/li>\n<\/ul>\n<p><strong>CUBA<br \/>\n<\/strong>Veuillez prier pour :<\/p>\n<ul>\n<li>La sant\u00e9 du pasteur Eliud, qui souffre de probl\u00e8mes de prostate.<\/li>\n<li>Le r\u00e9tablissement de la s\u0153ur Emna, qui a subi une intervention chirurgicale pour une hernie discale. Elle est l\u2019\u00e9pouse du pasteur Mario Fern\u00e1ndez, recteur de notre s\u00e9minaire th\u00e9ologique.<\/li>\n<li>La s\u0153ur Mayumi, l\u2019\u00e9pouse de notre secr\u00e9taire national. Elle souffre d\u2019asthme bronchique s\u00e9v\u00e8re.<\/li>\n<li>La commission \u00e9lectorale qui choisit les candidats au Conseil National d\u2019Administration.<\/li>\n<\/ul>\n<p><strong>BR\u00c9SIL<br \/>\n<\/strong>Veuillez prier pour :<\/p>\n<ul>\n<li>La r\u00e9union du nouveau Conseil d\u2019Administration National pour discuter des probl\u00e8mes quotidiens de l\u2019\u00e9glise et pour prier, planifier et projeter la direction de l\u2019Alliance br\u00e9silienne pour les 10 prochaines ann\u00e9es. Priez pour que la sagesse de Dieu fasse plus de disciples et soutienne et implante plus d\u2019\u00e9glises.<\/li>\n<li>Que Dieu suscite des pasteurs, des dirigeants et des jeunes qui accepteront l\u2019appel \u00e0 implanter de nouvelles \u00e9glises dans les ann\u00e9es \u00e0 venir.<\/li>\n<\/ul>\n<p>Louez Dieu pour :<\/p>\n<ul>\n<li>La diminution des d\u00e9c\u00e8s et des restrictions de COVID-19 au Br\u00e9sil ces derni\u00e8res semaines.<\/li>\n<\/ul>\n<p><strong>ARGENTINE<br \/>\n<\/strong>Veuillez prier pour :<\/p>\n<ul>\n<li>Le soutien financier de nos missionnaires. Malgr\u00e9 la d\u00e9valuation du peso argentin, nous avons pu tenir notre engagement aupr\u00e8s des missionnaires sur le terrain (Asie Centrale, Hongrie, Italie, Croatie et Angleterre).<\/li>\n<li>La c\u00e9l\u00e9bration du centenaire de l\u2019Institut Biblique Buenos Aires cette ann\u00e9e.<\/li>\n<li>L\u2019ach\u00e8vement des travaux du nouveau si\u00e8ge national de l\u2019Alliance.<\/li>\n<\/ul>\n<p><strong>BOLIVIE<br \/>\n<\/strong>Veuillez prier pour :<\/p>\n<ul>\n<li>La formation de nouveaux leaders et pasteurs de l\u2019Alliance bolivienne.<\/li>\n<li>L\u2019implantation de nouvelles \u00e9glises et la croissance des \u00e9glises existantes.<\/li>\n<li>La Conf\u00e9rence Nationale des Missions, le 23 avril. Que Dieu inspire l\u2019\u00e9glise bolivienne au travail missionnaire interculturel.<\/li>\n<\/ul>\n<p><strong>CHILI<br \/>\n<\/strong>Louez Dieu pour :<\/p>\n<ul>\n<li>Les 125 ans de l\u2019Alliance Chr\u00e9tienne et Missionnaire au Chili, c\u00e9l\u00e9br\u00e9s en 2022.<\/li>\n<\/ul>\n<p>Veuillez prier pour :<\/p>\n<ul>\n<li>Le t\u00e9moignage de notre Foyer pour Mineurs dans la ville de Santiago, au service des filles en situation de vuln\u00e9rabilit\u00e9.<\/li>\n<li>Le d\u00e9but de l\u2019ann\u00e9e acad\u00e9mique dans notre s\u00e9minaire th\u00e9ologique. En 2021, nous avons f\u00eat\u00e9 nos 100 ans et nous voulons continuer \u00e0 pr\u00e9parer les serviteurs de Dieu pour le futur minist\u00e8re.<\/li>\n<li>Notre \u00e9quipe minist\u00e9rielle au Chili et \u00e0 l\u2019\u00e9tranger.<\/li>\n<li>La situation politique dans notre pays. Le nouveau gouvernement travaille sur une nouvelle constitution, et certaines propositions violent nos principes de foi. Priez pour que l\u2019avenir de notre nation soit la paix et la libert\u00e9 d\u2019exercer la foi.<\/li>\n<li>Les nombreux malades du COVID-19 et d\u2019autres maladies.<\/li>\n<\/ul>\n<p><strong>HONDURAS<br \/>\n<\/strong>Veuillez prier pour :<\/p>\n<ul>\n<li>Chaque pasteur dans les communaut\u00e9s indig\u00e8nes. Le d\u00e9fi est grand et ils se sentent souvent d\u00e9courag\u00e9s par la situation difficile. Que Dieu leur donne la force et les guide pour faire pa\u00eetre le peuple.<\/li>\n<li>La premi\u00e8re rencontre nationale des jeunes de l\u2019Alliance hondurienne le 17 avril.<\/li>\n<\/ul>\n<p><strong>EL SALVADOR<br \/>\n<\/strong>Veuillez prier pour :<\/p>\n<ul>\n<li>La provision de Dieu pour un terrain pour l\u2019une de nos \u00e9glises qui a besoin de plus d\u2019espace pour continuer \u00e0 cro\u00eetre.<\/li>\n<li>Notre planification quinquennale, qui comprend l\u2019implantation d\u2019une nouvelle \u00e9glise.<\/li>\n<li>Notre premier congr\u00e8s l\u2019Alliance centram\u00e9ricaine en personne post-pand\u00e9mique, du 19 au 22 septembre \u00e0 San Salvador. Que ce soit un moment de renforcement et de b\u00e9n\u00e9diction pour toute la r\u00e9gion.<\/li>\n<\/ul>\n<p>&nbsp;<\/p>\n<hr>\n<p>&nbsp;<\/p>\n<h2>Pri\u00e8res de l<strong>\u2019<\/strong>UMA &#8211; Mars 2022<\/h2>\n<p>&nbsp;<\/p>\n<p>&nbsp;<\/p>\n<p><strong>16 mars 2022<\/strong><\/p>\n<p><strong>1) R\u00c9GION EMERALD (EUROPE ET MOYEN-ORIENT) DE L\u2019UMA<\/strong><\/p>\n<p><strong>UKRAINE<br \/>\n<\/strong>Avant la guerre actuelle, cinquante pour cent des membres de l\u2019\u00c9glise de l\u2019Alliance en Ukraine \u00e9taient des Personnes D\u00e9plac\u00e9es \u00e0 l\u2019Int\u00e9rieur de leur propre pays (PDI). Maintenant, ce nombre est beaucoup plus \u00e9lev\u00e9. Diverses organisations de l\u2019Alliance participent activement aux efforts de secours pour soutenir les \u00c9glises de l\u2019Alliance en Ukraine. Si vous souhaitez envoyer des dons \u00e0 cet effort, veuillez <a href=\"https:\/\/awf.world\/fr\/donner\/\" target=\"_blank\" rel=\"noopener\">cliquer ici<\/a>, en le d\u00e9signant au secours de l\u2019Ukraine.<\/p>\n<p>Veuillez prier pour :<\/p>\n<ul>\n<li>La protection des croyants et des dirigeants des \u00e9glises de l\u2019Alliance.<\/li>\n<li>La protection physique, spirituelle et psychologique des personnes touch\u00e9es par ce conflit.<\/li>\n<li>La fin de la guerre et l\u2019\u00e9tablissement de la paix.<\/li>\n<li>Avoir de l\u2019audace dans les occasions de partager l\u2019\u00e9vangile.<\/li>\n<li>La gu\u00e9rison du traumatisme des personnes d\u00e9plac\u00e9es \u00e0 l\u2019int\u00e9rieur de leur propre pays PDI et du fardeau psychologique.<\/li>\n<\/ul>\n<p>&nbsp;<\/p>\n<p><strong>2) R\u00c9GION APAC (ASIE PACIFIQUE) DE L\u2019UMA<\/strong><\/p>\n<p><strong>PHILIPPINES<br \/>\n<\/strong>Veuillez prier pour :<\/p>\n<ul>\n<li>Les programmes de r\u00e9habilitation des \u00e9glises endommag\u00e9es par le typhon Rai (Odette). L\u2019Alliance des Philippines accueille les dons \u00e0 ce programme. Quatre-vingt-dix b\u00e2timents d\u2019\u00e9glise ont besoin de r\u00e9parations pour un co\u00fbt moyen de 500 $ US chacun.<\/li>\n<\/ul>\n<p>&nbsp;<\/p>\n<p><strong>3) R\u00c9GION AFRIQUE DE L\u2019UMA<\/strong><\/p>\n<p><strong>C\u00d4TE D\u2019IVOIRE<br \/>\n<\/strong>Veuillez prier pour :<\/p>\n<ul>\n<li>Un renouveau physique et spirituel pour le R\u00e9v\u00e9rend No\u00ebl N\u2019Guessan, le pr\u00e9sident de la CMA de C\u00f4te d\u2019Ivoire, alors qu\u2019il voyage \u00e0 travers le pays pour encourager les pasteurs \u00e0 continuer \u00e0 travailler fid\u00e8lement pour le Seigneur.<\/li>\n<li>Les pasteurs, les dirigeants et les membres comprennent et s\u2019approprient la vision de l\u2019\u00e9glise pour l\u2019ann\u00e9e 2022 \u2013 \u00ab Restaurer la gloire de Dieu \u00bb \u2013 en prenant soin les uns des autres par une communion sinc\u00e8re au sein de nos \u00e9glises.<\/li>\n<li>Les travaux de construction de la Maison de la Radio de l\u2019Alliance Chr\u00e9tienne. Priez pour la protection des travailleurs, et pour les ressources financi\u00e8res et mat\u00e9rielles pour continuer le projet.<\/li>\n<li>Les \u00c9tats G\u00e9n\u00e9raux du Social en pr\u00e9paration. Priez pour que l\u2019\u00e9glise CMA puisse penser sa politique sociale dans le domaine de l\u2019\u00e9ducation (\u00c9cole, Universit\u00e9), de la sant\u00e9 et de la lutte contre la pauvret\u00e9 au sein et en dehors de l\u2019\u00e9glise.<\/li>\n<\/ul>\n<p><strong>GUIN\u00c9E<br \/>\n<\/strong>Veuillez prier pour :<\/p>\n<ul>\n<li>Les trois membres du Bureau du Conseil National de l\u2019\u00c9glise qui organisent la Conf\u00e9rence Nationale de l\u2019\u00c9glise, du 5 au 8 avril, dans la ville de N\u2019Zao, dans le sud de la Guin\u00e9e. Priez que le Saint-Esprit guide cette conf\u00e9rence. Priez \u00e9galement pour que tous les d\u00e9l\u00e9gu\u00e9s voyagent en toute s\u00e9curit\u00e9.<\/li>\n<li>Le R\u00e9v\u00e9rend Isaac Thea et son \u00e9quipe qui accueilleront et prendront soin de tous les d\u00e9l\u00e9gu\u00e9s pendant la conf\u00e9rence.<\/li>\n<li>La sagesse et les conseils de Dieu pour l\u2019\u00e9lection du nouveau Comit\u00e9 Ex\u00e9cutif National pour les cinq prochaines ann\u00e9es.<\/li>\n<\/ul>\n<p><strong>GABON<br \/>\n<\/strong>Veuillez prier pour :<\/p>\n<ul>\n<li>La Croisade d\u2019\u00c9vang\u00e9lisation \u00ab Op\u00e9ration Andr\u00e9 \u00bb qui se tiendra dans la r\u00e9gion de Ngounie dans le nord, du 23 au 30 mai.<\/li>\n<li>L\u2019ouverture d\u2019une agence de voyage en juin et l\u2019achat de quatre bus pour le transport trans-urbain dans le cadre du nouveau plan de d\u00e9veloppement de l\u2019\u00e9glise.<\/li>\n<li>La lev\u00e9e des restrictions sanitaires li\u00e9es au COVID-19 et pour la reprise d\u2019une bonne activit\u00e9 \u00e9conomique.<\/li>\n<\/ul>\n<p><strong>MALI<br \/>\n<\/strong>Veuillez prier pour :<\/p>\n<ul>\n<li>Le plan de l\u2019\u00e9glise pour gagner 6 000 nouveaux convertis et renforcer la communaut\u00e9 cette ann\u00e9e.<\/li>\n<li>La commission d\u2019organisation du Centenaire. Que Dieu les guide dans leurs pr\u00e9paratifs. Priez pour un \u00e9v\u00e9nement r\u00e9ussi.<\/li>\n<li>La protection de Dieu pour les missionnaires nationaux qui ont \u00e9t\u00e9 envoy\u00e9s.<\/li>\n<li>La lev\u00e9e des sanctions contre le Mali.<\/li>\n<\/ul>\n<p><strong>ANGOLA<br \/>\n<\/strong>Veuillez prier pour :<\/p>\n<ul>\n<li>La direction et la sagesse de Dieu en pr\u00e9paration de l\u2019Assembl\u00e9e G\u00e9n\u00e9rale de l\u2019\u00c9glise nationale en ao\u00fbt.<\/li>\n<\/ul>\n<hr>\n<p><strong>9 mars 2022<\/strong><\/p>\n<p><strong>1) R\u00c9GION EMERALD (EUROPE ET MOYEN-ORIENT) DE L\u2019UMA<\/strong><\/p>\n<p><strong>UKRAINE<br \/>\n<\/strong>Avant la guerre actuelle, cinquante pour cent des membres de l\u2019\u00c9glise de l\u2019Alliance en Ukraine \u00e9taient des Personnes D\u00e9plac\u00e9es \u00e0 l\u2019Int\u00e9rieur de leur propre pays (PDI). Maintenant, ce nombre est beaucoup plus \u00e9lev\u00e9. Diverses organisations de l\u2019Alliance participent activement aux efforts de secours pour soutenir les \u00c9glises de l\u2019Alliance en Ukraine. Si vous souhaitez envoyer des dons \u00e0 cet effort, veuillez <a href=\"https:\/\/awf.world\/fr\/donner\/\" target=\"_blank\" rel=\"noopener\">cliquer ici<\/a>, en le d\u00e9signant au secours de l\u2019Ukraine.<\/p>\n<p>Veuillez prier pour :<\/p>\n<ul>\n<li>La protection des croyants et des dirigeants des \u00e9glises de l\u2019Alliance.<\/li>\n<li>La protection physique, spirituelle et psychologique des personnes touch\u00e9es par ce conflit.<\/li>\n<li>La fin de la guerre et l\u2019\u00e9tablissement de la paix.<\/li>\n<li>Avoir de l\u2019audace dans les occasions de partager l\u2019\u00e9vangile.<\/li>\n<li>La gu\u00e9rison du traumatisme des personnes d\u00e9plac\u00e9es \u00e0 l\u2019int\u00e9rieur de leur propre pays PDI et du fardeau psychologique.<\/li>\n<\/ul>\n<p>&nbsp;<\/p>\n<p><strong>2) R\u00c9GION APAC (ASIE PACIFIQUE) DE L\u2019UMA<\/strong><\/p>\n<p><strong>N\u00c9PAL<br \/>\n<\/strong>Veuillez prier pour :<\/p>\n<ul>\n<li>La famille de notre fr\u00e8re bien-aim\u00e9 Bikash Adhikari, ancien secr\u00e9taire g\u00e9n\u00e9ral de la CMA de N\u00e9pal, d\u00e9c\u00e9d\u00e9 le 4 mars \u00e0 Katmandou. Il \u00e9tait de retour au N\u00e9pal apr\u00e8s avoir suivi un traitement COVID-19 pendant plusieurs mois dans un h\u00f4pital de Delhi, en Inde. Veuillez continuer \u00e0 prier pour Bijata, la femme de Bikash, pour ses enfants, pour le R\u00e9v\u00e9rend Kosh Bilash Adhikari, son p\u00e8re et fondateur de la CMA de N\u00e9pal, et pour sa famille.<\/li>\n<\/ul>\n<p><strong>TA\u00cfWAN<br \/>\n<\/strong>Veuillez prier pour :<\/p>\n<ul>\n<li>Le R\u00e9v\u00e9rend Silas Yang, pr\u00e9sident de l\u2019Union de l\u2019\u00c9glise de l\u2019Alliance de Taiwan. La deuxi\u00e8me intervention chirurgicale pour remplacer un tube de drainage dans son cerveau s\u2019est bien d\u00e9roul\u00e9e. S\u2019il vous pla\u00eet, priez pour son r\u00e9tablissement complet.<\/li>\n<li>L\u2019implantation de nouvelles \u00e9glises et les liens avec la communaut\u00e9.<\/li>\n<\/ul>\n<p><strong>AUSTRALIE<br \/>\n<\/strong>Veuillez prier pour :<\/p>\n<ul>\n<li>La nouvelle structure de gouvernance pour les travailleurs achev\u00e9e au Conseil national en f\u00e9vrier et pour une transition harmonieuse.<\/li>\n<li>Les nouveaux travailleurs qui seront envoy\u00e9s en f\u00e9vrier 2023. Priez pour l\u2019unit\u00e9 dans les relations et le soutien de ces nouveaux travailleurs.<\/li>\n<\/ul>\n<p><strong>PHILIPPINES<br \/>\n<\/strong>Veuillez prier pour :<\/p>\n<ul>\n<li>Les programmes de r\u00e9habilitation des \u00e9glises et des maisons des familles qui ont \u00e9t\u00e9 endommag\u00e9es par le typhon Rai (Odette). L\u2019Alliance des Philippines accueille les dons \u00e0 ce programme. Le co\u00fbt moyen de la r\u00e9paration d\u2019un b\u00e2timent est de 5 000 USD.<\/li>\n<li>Le Forum R\u00e9gional des Pasteurs et les d\u00e9l\u00e9gations des \u00e9glises locales. Priez pour la protection contre le COVID-19 et la s\u00e9curit\u00e9 de leurs d\u00e9placements.<\/li>\n<li>Les 175 clients du programme CAMA Livelihood en aide aux familles \u00e9conomiquement touch\u00e9es par la pand\u00e9mie de COVID-19. Priez pour le salut de ceux qui ne connaissent pas encore le Seigneur.<\/li>\n<\/ul>\n<p>&nbsp;<\/p>\n<p><strong>3) R\u00c9GION AM\u00c9RIQUE DU NORD DE L\u2019UMA<\/strong><\/p>\n<p><strong>\u00c9TATS-UNIS<br \/>\n<\/strong>Veuillez prier pour :<\/p>\n<ul>\n<li>Investir dans les futurs dirigeants d\u2019\u00e9glise. En f\u00e9vrier, 50 \u00e9tudiants du minist\u00e8re de cinq coll\u00e8ges de l\u2019Alliance ont effectu\u00e9 un voyage de vision au bureau national de Columbus, Ohio, pour en savoir plus sur la famille de l\u2019Alliance et ses valeurs, pour rencontrer des dirigeants nationaux et de district et pour explorer leurs prochaines \u00e9tapes dans le minist\u00e8re. Priez que ces leaders \u00e9mergents augmentent leur engagement avec la grande famille de l\u2019Alliance et discernent leurs pas vers l\u2019accr\u00e9ditation et le service.<\/li>\n<li>La multiplication des \u00e9glises. Priez pour les plus de 150 travailleurs de l\u2019Alliance, implanteurs d\u2019\u00e9glises et dirigeants qui se r\u00e9uniront \u00e0 Exponential 2022 \u00e0 Orlando, en Floride, du 7 au 10 mars. Priez que les participants s\u2019engagent de tout c\u0153ur dans la vision d\u2019une multiplication saine et de la formation de disciples qui insufflera un mouvement d\u2019implantation d\u2019\u00e9glises de l\u2019Alliance aux \u00c9tats-Unis.<\/li>\n<li>LIFE 2022. Priez pour les \u00e9glises, les jeunes leaders et les \u00e9tudiants qui pr\u00e9voient d\u2019assister \u00e0 LIFE 2022 \u00e0 Orlando, en Floride, en juillet. LIFE c\u00e9l\u00e9brera son 60e anniversaire cet \u00e9t\u00e9 en encourageant et en incitant les jeunes de l\u2019Alliance des \u00c9tats-Unis et du monde entier \u00e0 approfondir leur compr\u00e9hension de la grandeur de J\u00e9sus. Le th\u00e8me de la conf\u00e9rence est \u00ab&nbsp;J\u00e9sus est plus grand que tout&nbsp;\u00bb, qui d\u00e9coule de Colossiens 1 : 15-22 et est un mot opportun pour cette g\u00e9n\u00e9ration car elle fait face \u00e0 d\u2019importantes pressions individuelles, culturelles et mondiales. Priez pour les \u00e9tudiants alors qu\u2019ils collectent des fonds et pr\u00e9parent leur c\u0153ur pour l\u2019\u00e9v\u00e9nement.<\/li>\n<\/ul>\n<p><strong>CANADA<br \/>\n<\/strong>Veuillez prier pour :<\/p>\n<ul>\n<li>Le R\u00e9v\u00e9rend Damien Lee, le nouveau vice-pr\u00e9sident d\u2019International Ventures, qui a commenc\u00e9 \u00e0 travailler le 1er mars. Priez pour une transition harmonieuse et que Dieu continue \u00e0 faire bouger le d\u00e9partement des Minist\u00e8res mondiaux.<\/li>\n<li>D\u00e9fendre la dignit\u00e9. Ils ont organis\u00e9 le webinaire \u00ab Prot\u00e9ger les enfants \u00e0 l\u2019\u00e8re de la pornographie en ligne \u00bb le 8 mars. Priez pour que les gens soient touch\u00e9s par ce qu\u2019ils apprennent sur les cons\u00e9quences de l\u2019exposition des enfants \u00e0 la pornographie et sur la mani\u00e8re dont nous pouvons les prot\u00e9ger du mal.<\/li>\n<li>L\u2019\u00e9quipe de planification de l\u2019<a href=\"https:\/\/awf.world\/fr\/events\/assemblee-generale-cma-canada\/\" target=\"_blank\" rel=\"noopener\">Assembl\u00e9e G\u00e9n\u00e9rale<\/a> alors qu\u2019elle anticipe son rassemblement semestriel des \u00e9glises \u00e0 travers le Canada en juillet. Priez pour la clart\u00e9 et la cr\u00e9ativit\u00e9 dans la logistique, la coordination des intervenants.<\/li>\n<\/ul>\n<hr>\n<p><strong>2 mars 2022<\/strong><\/p>\n<p><strong>1) R\u00c9GION EMERALD (EUROPE ET MOYEN-ORIENT) DE L\u2019UMA<\/strong><\/p>\n<p><strong>UKRAINE<br \/>\n<\/strong>Veuillez prier pour :<\/p>\n<ul>\n<li>La protection des croyants et des dirigeants des \u00e9glises de l\u2019Alliance.<\/li>\n<li>La protection physique, spirituelle et psychologique des personnes touch\u00e9es par ce conflit.<\/li>\n<li>La fin de la guerre et l\u2019\u00e9tablissement de la paix.<\/li>\n<li>Avoir de l\u2019audace dans les occasions de partager l\u2019\u00e9vangile.<\/li>\n<li>La gu\u00e9rison du traumatisme des personnes d\u00e9plac\u00e9es \u00e0 l\u2019int\u00e9rieur de leur propre pays PDI et du fardeau psychologique.<\/li>\n<\/ul>\n<p>&nbsp;<\/p>\n<p><strong>2) R\u00c9GION CLA (AM\u00c9RIQUE LATINE) DE L\u2019UMA<\/strong><\/p>\n<p><strong>BR\u00c9SIL<br \/>\n<\/strong>Louez Dieu pour :<\/p>\n<ul>\n<li>Le conseil de l\u2019Alliance br\u00e9silienne qui s\u2019est tenu en janvier et le pr\u00e9sident nouvellement \u00e9lu de l\u2019\u00e9glise nationale, le r\u00e9v\u00e9rend Jeremy Warden.<\/li>\n<\/ul>\n<p>Veuillez prier pour :<\/p>\n<ul>\n<li>Le nouveau conseil d\u2019administration \u00e9lu au conseil national de l\u2019\u00e9glise (Jeremy Warden, Andr\u00e9 Souza, Wilson Ferrante, Jones Soares et Fernando Pedro). Priez pour la direction et la sagesse de Dieu pour cette \u00e9quipe alors qu\u2019elle dirigera l\u2019Alliance br\u00e9silienne pour les deux prochaines ann\u00e9es.<\/li>\n<li>L\u2019unit\u00e9 des \u00e9glises, des pasteurs et des missionnaires afin qu\u2019il y ait une atmosph\u00e8re familiale.<\/li>\n<li>Les pasteurs nouvellement accr\u00e9dit\u00e9s et ordonn\u00e9s. Que Dieu les utilise pour sa gloire et prot\u00e8ge leurs mariages et leurs familles.<\/li>\n<li>Le Br\u00e9sil. Les fortes pluies depuis le d\u00e9but de l\u2019ann\u00e9e dans la r\u00e9gion sud-est du pays ont tu\u00e9 plus de 250 personnes et laiss\u00e9 des centaines de sans-abris. Priez pour le confort des familles. Puisse l\u2019\u00e9glise br\u00e9silienne apporter l\u2019espoir et montrer l\u2019amour de Dieu \u00e0 ces personnes en paroles et en actes.<\/li>\n<\/ul>\n<p><strong>URUGUAY<br \/>\n<\/strong>Veuillez prier pour :<\/p>\n<ul>\n<li>Le fr\u00e8re Robert Noble, alors qu\u2019il termine ses \u00e9tudes au s\u00e9minaire. Il a \u00e9galement pris en charge le travail de l\u2019\u00e9glise de l\u2019Alliance Salto. Jusqu\u2019\u00e0 pr\u00e9sent, il a eu le soutien d\u2019un couple missionnaire, mais ils partiront bient\u00f4t, et Robert devra continuer la t\u00e2che sans eux. Priez qu\u2019il puisse terminer ses \u00e9tudes et d\u00e9velopper un minist\u00e8re fructueux. Priez aussi que le Seigneur fournisse des ressources financi\u00e8res pour terminer la construction d\u2019une maison pastorale.<\/li>\n<li>Le couple missionnaire am\u00e9ricain Randy et Alicia Clarke. Ils ont \u00e9t\u00e9 l\u2019un des premiers missionnaires de l\u2019Alliance envoy\u00e9s en Uruguay en 2000, mais ils sont ensuite retourn\u00e9s aux \u00c9tats-Unis. L\u2019ann\u00e9e derni\u00e8re, ils sont revenus en Uruguay. \u00c0 la demande de l\u2019\u00e9glise nationale, ils reprennent une \u00e9glise \u00e0 Montevideo pour trois ans dans le but de soutenir un nouveau travailleur pour rester en charge de l\u2019\u00e9glise. Veuillez prier pour que le Seigneur les aide dans ce processus.<\/li>\n<li>Le fr\u00e8re Javier Sampayo. Il vient de commencer \u00e0 diriger l\u2019\u00e9glise de l\u2019Alliance Santa Isabel \u00e0 Rivera. Priez que Dieu le guide et le prot\u00e8ge ainsi que sa famille.<\/li>\n<li>L\u2019\u00e9lection de la nouvelle \u00e9quipe du D\u00e9partement des Missions Nationales.<\/li>\n<\/ul>\n<p><strong>CUBA<br \/>\n<\/strong>Veuillez prier pour :<\/p>\n<ul>\n<li>La sant\u00e9 de s\u0153ur Emna, qui attend une op\u00e9ration pour une hernie discale. Elle est l\u2019\u00e9pouse du pasteur Mario Fern\u00e1ndez, recteur de notre s\u00e9minaire th\u00e9ologique.<\/li>\n<li>Le r\u00e9tablissement de notre s\u0153ur Rosi, qui s\u2019est fait amputer la jambe. Elle est l\u2019\u00e9pouse du pasteur Eleonardo Cabrera.<\/li>\n<li>La premi\u00e8re rencontre nationale de notre s\u00e9minaire th\u00e9ologique, du 7 au 12 mars, et pour le premier Conseil pastoral.<\/li>\n<\/ul>\n<p><strong>BOLIVIE<br \/>\n<\/strong>Veuillez prier pour :<\/p>\n<ul>\n<li>Albin et Stefanie, missionnaires du projet Alliance franco-bolivienne, qui sont dans leur premi\u00e8re ann\u00e9e de travail en Afrique du Nord.<\/li>\n<li>La formation de nouveaux pasteurs et responsables d\u2019\u00e9glises dans l\u2019Alliance bolivienne. Priez \u00e9galement pour la continuit\u00e9 de l\u2019Accord de Coop\u00e9ration des S\u00e9minaires Bibliques entre les \u00e9glises de l\u2019Alliance du P\u00e9rou et de la Bolivie.<\/li>\n<li>L\u2019Alliance de Bolivie alors qu\u2019elle travaille \u00e0 organiser les registres des membres d\u2019\u00e9glise et des minist\u00e8res, pour avoir des \u00e9glises plus efficaces dans l\u2019accomplissement de la Grande Commission.<\/li>\n<li>L\u2019unit\u00e9, la justice et l\u2019harmonie entre les Boliviens, face \u00e0 la forte division politique dans le pays. Certains dirigeants politiques de l\u2019opposition ont \u00e9t\u00e9 accus\u00e9s et emprisonn\u00e9s par le gouvernement actuel.<\/li>\n<\/ul>\n<p><strong>COLOMBIE<br \/>\n<\/strong>Veuillez prier pour :<\/p>\n<ul>\n<li><a href=\"https:\/\/awf.world\/fr\/events\/assemblee-nationale-cma-colombie\/\" target=\"_blank\" rel=\"noopener\">L\u2019Assembl\u00e9e Nationale<\/a> qui se tiendra en personne les 25 et 26 mars. Que Dieu guide l\u2019\u00e9quipe organisatrice charg\u00e9e des pr\u00e9paratifs. Priez aussi pour la protection et la sant\u00e9 des d\u00e9l\u00e9gu\u00e9s.<\/li>\n<li>L\u2019\u00c9cole Nationale des Missions qui aura lieu dans la triple zone frontali\u00e8re de la Colombie, du Br\u00e9sil et du P\u00e9rou, du 11 au 17 avril. Priez que Dieu fournisse les ressources n\u00e9cessaires \u00e0 ceux qui seront form\u00e9s aux principes du travail missionnaire.<\/li>\n<li>Le r\u00e9tablissement de l\u2019ordre public en Colombie, en particulier dans les \u00c9tats de Valle, Cauca et Pac\u00edfico. Il y a eu une gr\u00e8ve arm\u00e9e de groupes ill\u00e9gaux, et cela affecte le travail des \u00e9glises et le bien-\u00eatre de la soci\u00e9t\u00e9.<\/li>\n<\/ul>\n<p><strong>ARGENTINE<br \/>\n<\/strong>Veuillez prier pour :<\/p>\n<ul>\n<li>La c\u00e9l\u00e9bration du 125e anniversaire de l\u2019\u00e9glise de la CMA d\u2019Argentine. Louez Dieu pour l\u2019h\u00e9ritage qu\u2019ils ont re\u00e7u des missionnaires et priez pour l\u2019h\u00e9ritage des g\u00e9n\u00e9rations futures.<\/li>\n<li>L\u2019Institut Biblique de Buenos Aires. Cette ann\u00e9e, ils c\u00e9l\u00e9breront 100 ans de minist\u00e8re, formant des ouvriers pour le royaume de Dieu. Priez qu\u2019ils continuent \u00e0 honorer la vision de ceux qui ont commenc\u00e9 ce minist\u00e8re.<\/li>\n<\/ul>\n<p><strong>VENEZUELA<br \/>\n<\/strong>Veuillez prier pour :<\/p>\n<ul>\n<li>Que Dieu renforce la foi de chaque pasteur et chef d\u2019\u00e9glise pendant cette p\u00e9riode difficile.<\/li>\n<li>La provision \u00e9conomique des familles pastorales.<\/li>\n<li>Un soutien financier et de la sagesse pour les dirigeants des \u00e9glises de Coro, Yagua et Bel\u00e9n alors qu\u2019ils envisagent d\u2019avoir leurs propres \u00e9glises.<\/li>\n<li>Des provisions afin de terminer la r\u00e9novation des locaux o\u00f9 une fondation fonctionnera pour aider la communaut\u00e9.<\/li>\n<\/ul>\n<p>&nbsp;<\/p>\n<hr>\n<p>&nbsp;<\/p>\n<h2>Pri\u00e8res de l<strong>\u2019<\/strong>UMA &#8211; F\u00e9vrier 2022<\/h2>\n<p>&nbsp;<\/p>\n<p><strong>23 f\u00e9vrier 2022<\/strong><\/p>\n<p><strong>R\u00c9GION EMERALD (EUROPE ET MOYEN-ORIENT) DE L\u2019UMA<br \/>\n<\/strong>Louez Dieu pour :<\/p>\n<ul>\n<li>Le succ\u00e8s du webinaire de l\u2019ADN de l\u2019Alliance qui a eu lieu en janvier avec plus de 30 participants.<\/li>\n<li>La premi\u00e8re cohorte de test de l\u2019\u00c9cole Europ\u00e9enne du Minist\u00e8re qui a d\u00e9but\u00e9 le 31 janvier avec neuf \u00e9tudiants de toute l\u2019Europe. La formation est organis\u00e9e et facilit\u00e9e par le Centre du Minist\u00e8re de l\u2019Alliance pour le D\u00e9veloppement du Leadership.<\/li>\n<\/ul>\n<p>Veuillez prier pour :<\/p>\n<ul>\n<li>Les pr\u00e9paratifs de la r\u00e9union d&rsquo;EMERALD de l\u2019UMA en Jordanie, du 25 au 27 mai. Priez aussi pour l\u2019\u00e9quipe locale responsable d\u2019accueillir tous les participants.<\/li>\n<li>Les \u00e9tudiants de la cohorte de test de l\u2019\u00c9cole de Minist\u00e8re alors qu\u2019ils en apprennent davantage sur Dieu, approfondissent leur foi et apprennent \u00e0 devenir des leaders de l\u2019Alliance.<\/li>\n<li>Que le travail du programme de l\u2019\u00c9cole de Minist\u00e8re r\u00e9ponde aux besoins des \u00e9glises de l\u2019Alliance en Europe.<\/li>\n<\/ul>\n<p><strong>UKRAINE<br \/>\n<\/strong>Louez Dieu pour :<\/p>\n<ul>\n<li>La journ\u00e9e de je\u00fbne et de pri\u00e8re pour l\u2019Ukraine qui a eu lieu dans les \u00e9glises de l\u2019Alliance. Ils prient pour la paix, afin qu\u2019il n\u2019y ait pas de guerre et que des milliers de vies soient sauv\u00e9es.<\/li>\n<\/ul>\n<p>Veuillez prier pour :<\/p>\n<ul>\n<li>Que le Seigneur ait piti\u00e9 de l\u2019Ukraine.<\/li>\n<li>Que les tensions actuelles entre la Russie et l\u2019Ukraine ne d\u00e9g\u00e9n\u00e8rent pas en un nouveau conflit arm\u00e9.<\/li>\n<li>Que Dieu am\u00e8ne beaucoup de personnes \u00e0 la repentance en Ukraine. Priez que les gens se tournent vers le Seigneur pour exp\u00e9rimenter la libert\u00e9 qui n\u2019est possible que par J\u00e9sus-Christ !<\/li>\n<\/ul>\n<p><strong>GRANDE BRETAGNE<br \/>\n<\/strong>Louez Dieu pour :<\/p>\n<ul>\n<li>Les nouveaux convertis pendant les fermetures de COVID-19.<\/li>\n<li>Le renforcement et l\u2019habilitation de Dieu pour ceux qui luttent contre des maladies dans nos communaut\u00e9s, et pour leur fid\u00e9lit\u00e9 et leur d\u00e9sir de voir le Seigneur glorifi\u00e9 \u00e0 travers leur t\u00e9moignage.<\/li>\n<\/ul>\n<p>Veuillez prier pour :<\/p>\n<ul>\n<li>Le R\u00e9v\u00e9rend Mike Baraniak, directeur de la CMA Grande-Bretagne. Il souffre de probl\u00e8mes de sant\u00e9 depuis quelques mois. Priez que Dieu gu\u00e9risse son corps et lui donne de la force, ainsi qu\u2019\u00e0 sa femme Catherine, en ces temps difficiles.<\/li>\n<li>La main-d\u2019\u0153uvre et les finances n\u00e9cessaires pour nous permettre d\u2019atteindre la diaspora au Royaume-Uni.<\/li>\n<li>La direction future de l\u2019Alliance au Royaume-Uni.<\/li>\n<li>Notre t\u00e9moignage personnel : qu\u2019il montre le Christ aux gens et qu\u2019ils se tournent vers lui.<\/li>\n<\/ul>\n<p><strong>ESPAGNE<br \/>\n<\/strong>Louez Dieu avec l\u2019\u00e9glise de l\u2019Alliance \u00e0 La Palma pour :<\/p>\n<ul>\n<li>Les merveilles de ce qu\u2019il fait \u00e0 La Palma, apportant la vie apr\u00e8s l\u2019\u00e9ruption volcanique.<\/li>\n<li>Les trois minist\u00e8res qui ont \u00e9t\u00e9 lanc\u00e9s en janvier pour encourager l\u2019\u00e9glise :<\/li>\n<\/ul>\n<ol>\n<li>Minist\u00e8re de l\u2019\u00c9quipe de Louange : L\u2019\u00e9glise forme un groupe de jeunes avec des talents musicaux pour servir le Seigneur. Il y a un grand d\u00e9sir de conduire la congr\u00e9gation \u00e0 adorer Dieu.<\/li>\n<li>Minist\u00e8re des Jeunes : Cet espace a \u00e9t\u00e9 ouvert afin que les jeunes de l\u2019\u00e9glise puissent se rencontrer et aborder des questions d\u2019une grande importance pour cet \u00e2ge.<\/li>\n<li>Minist\u00e8re de l\u2019\u00c9cole Biblique : Il y a un grand besoin pour l\u2019\u00e9glise d\u2019en savoir plus sur Dieu et de le conna\u00eetre dans une mani\u00e8re intime. L\u2019enseignement des \u00c9critures est quelque chose de fondamental pour la croissance spirituelle. Louez Dieu pour les fr\u00e8res et s\u0153urs qui souhaitent maintenant se faire baptiser apr\u00e8s avoir suivi le cours \u00ab V\u00e9rit\u00e9s Fondamentales \u00bb.<\/li>\n<\/ol>\n<p>Veuillez prier pour :<\/p>\n<ul>\n<li>L\u2019\u00e9glise de La Palma. L\u2019\u00e9ruption du volcan a port\u00e9 un coup dur, de nombreux fr\u00e8res quittant l\u2019\u00eele apr\u00e8s avoir tout perdu.<\/li>\n<li>Le d\u00e9ficit budg\u00e9taire de l\u2019\u00e9glise. Cela est d\u00fb au manque de fr\u00e8res craignant Dieu qui ont \u00e9t\u00e9 forc\u00e9s de quitter l\u2019\u00eele. Le d\u00e9ficit s\u2019est \u00e9galement produit parce que l\u2019\u00e9glise a d\u00fb aider ceux qui n\u2019avaient pas de nourriture ou assez pour payer leur loyer. Les dons des chr\u00e9tiens du monde entier ont permis de r\u00e9pondre \u00e0 ce besoin.<\/li>\n<\/ul>\n<p><strong>IRAK<br \/>\n<\/strong>Merci de prier pour l\u2019\u00c9glise de l\u2019Alliance \u00e0 Erbil, Kurdistan :<\/p>\n<ul>\n<li>Pour les nouveaux groupes de disciples. Ce nouveau minist\u00e8re comprendra une vari\u00e9t\u00e9 de tribus et de races d\u2019horizons diff\u00e9rents.<\/li>\n<li>Pour l\u2019expansion des minist\u00e8res hebdomadaires et plus de b\u00e9n\u00e9voles, en particulier les minist\u00e8res de l\u2019\u00e9cole du dimanche, de la jeunesse et de l\u2019aide humanitaire.<\/li>\n<li>Pour le d\u00e9but de la construction de la nouvelle \u00e9glise. Cela n\u2019a pas \u00e9t\u00e9 facile avec de nombreux obstacles en cours de route.<\/li>\n<\/ul>\n<p><strong>FRANCE<br \/>\n<\/strong>Louez Dieu pour :<\/p>\n<ul>\n<li>L\u2019arriv\u00e9e r\u00e9ussie du pasteur missionnaire Kong Ming Vang \u00e0 Cayenne en Guyane fran\u00e7aise pour renforcer les \u00e9glises l\u00e0-bas et former des dirigeants.<\/li>\n<\/ul>\n<p>Veuillez prier pour :<\/p>\n<ul>\n<li>Que Dieu suscite des ouvriers et des dirigeants en France, en particulier pour les nombreuses \u00e9glises qui n\u2019ont pas de pasteur.<\/li>\n<\/ul>\n<p><strong>DIASPORA DE L\u2019ALLIANCE AFRICAINE<br \/>\n<\/strong>Louez Dieu pour :<\/p>\n<ul>\n<li>La nouvelle communaut\u00e9 de l\u2019Alliance du Gabon qui a commenc\u00e9 \u00e0 Fr\u00e9jus dans le sud de la France et leur lien avec le pasteur Jean Kra.<\/li>\n<\/ul>\n<p>Veuillez prier pour :<\/p>\n<ul>\n<li>Les pr\u00e9paratifs visant \u00e0 \u00e9tendre le minist\u00e8re de la diaspora de l\u2019Alliance africaine \u00e0 l\u2019Am\u00e9rique du Nord en partenariat avec les \u00e9glises de l\u2019Alliance l\u00e0-bas.<\/li>\n<\/ul>\n<p><strong>PAYS-BAS<br \/>\n<\/strong>Louez Dieu pour :<\/p>\n<ul>\n<li>La publication de la biographie d\u2019A. B. Simpson, par le R\u00e9v\u00e9rend David P. Jones, en n\u00e9erlandais. Puisse ce livre contribuer \u00e0 \u00e9lever de nouveaux ouvriers, missionnaires et implanteurs d\u2019\u00e9glises aux Pays-Bas.<\/li>\n<li>L\u2019\u00e9quipe qui a traduit et \u00e9dit\u00e9 la publication : Rocco Rausch, Jan Schippers, Marijke Volgers-van Wijk, Els Gootjes et Margaretha Coornstra van Sitos Tekstwerk.<\/li>\n<\/ul>\n<hr \/>\n<p><strong>16 f\u00e9vrier 2022<\/strong><\/p>\n<p><strong>R\u00c9GION AFRIQUE DE L\u2019UMA<\/strong><\/p>\n<p><strong>R\u00c9PUBLIQUE D\u00c9MOCRATIQUE DU CONGO (RDC)<br \/>\n<\/strong>Veuillez prier pour :<\/p>\n<ul>\n<li>Le R\u00e9v. Marcel Bunda (pr\u00e9sident national de la CMA de la RDC) et le R\u00e9v. Denis Kombetassie (directeur r\u00e9gional du D\u00e9partement des Missions). Ils pr\u00e9voient de visiter les \u00e9glises de la diaspora africaine en Europe en mars. Priez pour le processus de visa pour le Royaume-Uni, qui devrait prendre jusqu\u2019\u00e0 six semaines. Que cette visite soit un moment \u00e9clairant et unificateur pour nos fr\u00e8res et s\u0153urs.<\/li>\n<li>La sant\u00e9 du R\u00e9v\u00e9rend Isa\u00efe Muanda Ndungi. Il n\u2019a pas encore compl\u00e8tement r\u00e9cup\u00e9r\u00e9 de l\u2019infection du foie et attend une deuxi\u00e8me op\u00e9ration.<\/li>\n<li>La retraite des pasteurs, des \u00e9pouses et veuves des pasteurs, du 14 au 21 f\u00e9vrier. L\u2019\u00e9v\u00e9nement aura lieu dans tous les districts de l\u2019\u00e9glise nationale. Que le Seigneur aide ses serviteurs \u00e0 d\u00e9velopper une vie plus profonde en lui.<\/li>\n<li>La formation en entreprenariat f\u00e9minin qui se d\u00e9roule actuellement \u00e0 Boma. Que le minist\u00e8re des femmes et les participants soient abondamment b\u00e9nis.<\/li>\n<li>L\u2019organisation du s\u00e9minaire d\u2019\u00e9vang\u00e9lisation des peuples non atteints par le couple R\u00e9v. Jonathan Ritchey et Dr Jessie Ritchey \u00e0 Boma en mai.<\/li>\n<li>La pr\u00e9paration des missionnaires qui se rendront en Afrique de l\u2019Ouest cette ann\u00e9e alors que le Comit\u00e9 Missionnaire travaille \u00e0 leur d\u00e9ploiement.<\/li>\n<li>La pluie. Il n\u2019a pas plu ces derniers temps dans la Province du Kongo Central, au sud-ouest du pays. Les habitants de cette r\u00e9gion vivent de l\u2019agriculture. Cette s\u00e9cheresse menace de paralyser la saison des r\u00e9coltes agricoles dans un pays confront\u00e9 \u00e0 une crise alimentaire.<\/li>\n<\/ul>\n<p><strong>C\u00d4TE D\u2019IVOIRE<br \/>\n<\/strong>Veuillez prier pour :<\/p>\n<ul>\n<li>La <a href=\"https:\/\/awf.world\/fr\/events\/facebook-live-avec-serge-armand-yao\/\" target=\"_blank\" rel=\"noopener\">diffusion en direct sur Facebook de l\u2019UMA<\/a> avec le R\u00e9v\u00e9rend Serge-Armand Yao, qui aura lieu le mardi 22 f\u00e9vrier 2022 \u00e0 18 h 00 GMT. Priez pour que nous disposions d\u2019une bonne connexion internet pour en savoir plus sur le pasteur.<\/li>\n<li>Les membres du Bureau Ex\u00e9cutif National et les Surintendants de R\u00e9gions. Ils auront un s\u00e9minaire de formation sur l\u2019\u00e9vang\u00e9lisation et l\u2019engagement missionnaire, du 21 au 25 f\u00e9vrier. Puisse le Seigneur renouveler la passion pour les \u00e2mes perdues dans le c\u0153ur de ces leaders cl\u00e9s.<\/li>\n<li>Le directeur du D\u00e9partement de l\u2019\u00c9vang\u00e9lisation et de la Mission. Il visite nos champs missionnaires pour \u00e9valuer les besoins en infrastructure. Nous avons 110 champs de mission et 80 % d\u2019entre eux n\u2019ont pas de lieux de culte b\u00e2ti. Priez que le Seigneur pourvoit aux besoins pour la construction de lieux de culte.<\/li>\n<li>La c\u00e9r\u00e9monie de pose de la premi\u00e8re pierre de la Maison de la Radio de l\u2019Alliance Chr\u00e9tienne le samedi 26 f\u00e9vrier. Que le Seigneur fournisse les moyens de construction et d\u2019\u00e9quipement pour en faire un puissant moyen d\u2019\u00e9vang\u00e9lisation pour le monde musulman dans le nord du pays.<\/li>\n<\/ul>\n<p><strong>MALI<br \/>\n<\/strong>Veuillez prier pour :<\/p>\n<ul>\n<li>Que le Seigneur renforce le Comit\u00e9 Ex\u00e9cutif National. Le fr\u00e8re Jean Douba Thienou est d\u00e9c\u00e9d\u00e9 subitement le 4 janvier. Il \u00e9tait membre du Conseil National. Priez pour le r\u00e9confort de Dieu pour sa famille.<\/li>\n<li>Que les communaut\u00e9s chr\u00e9tiennes \u00e9vang\u00e9liques restent fermes dans leur foi en cette p\u00e9riode d\u2019ins\u00e9curit\u00e9 et de COVID-19.<\/li>\n<li>L\u2019engagement des \u00e9glises locales dans la pri\u00e8re pour vivre un r\u00e9veil pour la grande moisson du Seigneur.<\/li>\n<li>Le bon d\u00e9roulement de <a href=\"https:\/\/awf.world\/fr\/events\/assemblee-generale-cma-mali\/\" target=\"_blank\" rel=\"noopener\">l\u2019Assembl\u00e9e G\u00e9n\u00e9rale de l\u2019\u00e9glise nationale<\/a>, du 3 au 5 mars, \u00e0 Koutiala.<\/li>\n<li>Que le projet d\u2019agriculture de l\u2019\u00e9glise r\u00e9ussisse.<\/li>\n<\/ul>\n<p><strong>GABON<br \/>\n<\/strong>Veuillez prier pour :<\/p>\n<ul>\n<li>L\u2019\u00e9quipe nouvellement \u00e9lue du Bureau National. Priez pour le nouveau pr\u00e9sident, le R\u00e9v\u00e9rend Andr\u00e9 Philibert Binet et la mise en \u0153uvre harmonieuse de la nouvelle vision dans toutes les r\u00e9gions synodales et les \u00e9glises locales.<\/li>\n<li>L\u2019\u00e9quipe de la nouvelle \u00e9vang\u00e9lisation et des missions dirig\u00e9e par le R\u00e9v. Jean Blaise Makaya et les d\u00e9fis de la mission gabonaise \u00e0 Sao Tom\u00e9, au Togo et au Ghana.<\/li>\n<li>Le renouvellement de la vision nationale d\u2019ouverture des \u00e9glises de maison v\u00e9cue au plus fort de la pand\u00e9mie pour avoir des \u00e9glises et des chr\u00e9tiens authentiques au Gabon.<\/li>\n<\/ul>\n<p><strong>ANGOLA<br \/>\n<\/strong>Louez Dieu pour :<\/p>\n<ul>\n<li>Le 137e anniversaire de l\u2019\u00c9glise de l\u2019Alliance Chr\u00e9tienne d\u2019Angola, c\u00e9l\u00e9br\u00e9 le 4 f\u00e9vrier. Les premiers missionnaires de la CMA sont arriv\u00e9s dans le pays en 1885 et, le 14 f\u00e9vrier 1992, l\u2019Alliance d\u2019Angola a re\u00e7u la reconnaissance du gouvernement.<\/li>\n<\/ul>\n<p>Veuillez prier pour :<\/p>\n<ul>\n<li>Les \u00e9tudiants de la CMA d\u2019Angola \u00e0 la Facult\u00e9 de Th\u00e9ologie de l\u2019Alliance en C\u00f4te d\u2019Ivoire. Priez pour la provision de Dieu pour leur soutien \u00e0 la formation et leur logement.<\/li>\n<\/ul>\n<hr \/>\n<p><strong>9 f\u00e9vrier 2022<\/strong><\/p>\n<p><strong>1) R\u00c9GION APAC (ASIE PACIFIQUE) DE L\u2019UMA<\/strong><\/p>\n<p><strong>TAIWAN<br \/>\n<\/strong>Veuillez prier pour :<\/p>\n<ul>\n<li>Le R\u00e9v\u00e9rend Silas Yang, pr\u00e9sident de l\u2019Union de l\u2019\u00c9glise de l\u2019Alliance de Taiwan, qui se remet bien d\u2019une op\u00e9ration effectu\u00e9e le 7 f\u00e9vrier pour drainer le liquide c\u00e9r\u00e9bral infect\u00e9. Une deuxi\u00e8me chirurgie c\u00e9r\u00e9brale est pr\u00e9vue dans les deux \u00e0 trois semaines pour remplacer un tube de drainage qui \u00e9tait \u00e0 l\u2019origine de l\u2019infection du liquide c\u00e9r\u00e9bral. Veuillez prier pour une deuxi\u00e8me op\u00e9ration r\u00e9ussie et son r\u00e9tablissement complet.<\/li>\n<\/ul>\n<p>&nbsp;<\/p>\n<p><strong>2) R\u00c9GION CLA (AM\u00c9RIQUE LATINE) DE L\u2019UMA<\/strong><\/p>\n<p><strong>CUBA<br \/>\n<\/strong>Veuillez prier pour :<\/p>\n<ul>\n<li>La r\u00e9cup\u00e9ration de s\u0153ur Norbelis, \u00e9pouse du pasteur Jorge Luis Pe\u00f1a de l\u2019\u00e9glise de Guant\u00e1namo. Priez aussi pour le pasteur Iv\u00e1n Gustavo Pe\u00f1a Cruz, secr\u00e9taire national de la CMA de Cuba. Il souffre de probl\u00e8mes de sant\u00e9 depuis plusieurs semaines, en raison de COVID-19.<\/li>\n<li>Les missionnaires qui sont form\u00e9s au Centre de Formation Missionnaire. Ils se r\u00e9uniront du 8 au 12 f\u00e9vrier pour d\u00e9finir des strat\u00e9gies et des objectifs pour de nouveaux projets missionnaires. Que le Saint-Esprit leur donne la sagesse et les guide.<\/li>\n<li>La premi\u00e8re rencontre nationale de notre s\u00e9minaire th\u00e9ologique, du 7 au 12 mars. Priez aussi pour le Conseil des pasteurs, o\u00f9 tous les pasteurs de l\u2019Alliance cubaine se r\u00e9uniront. Priez que Dieu fournisse les moyens n\u00e9cessaires pour le transport et la logistique.<\/li>\n<\/ul>\n<p><strong>COLOMBIE<br \/>\n<\/strong>Veuillez prier pour :<\/p>\n<ul>\n<li>Nos travailleurs internationaux : Violeta*, Amanda Rojas et la famille Meneses Forero (Alex, Patricia et Evan). Ils se pr\u00e9parent \u00e0 se rendre sur le terrain de la mission au cours du premier semestre 2022. Priez pour le processus de visa, pour les dispositions financi\u00e8res et pour les conseils et la protection de Dieu. *<em>Nom chang\u00e9 pour des raisons de s\u00e9curit\u00e9.<\/em><\/li>\n<\/ul>\n<p><strong>BOLIVIE<br \/>\n<\/strong>Veuillez prier pour :<\/p>\n<ul>\n<li>La b\u00e9n\u00e9diction de Dieu pour le pasteur Juan Quinteros alors qu\u2019il commence son minist\u00e8re \u00e0 l\u2019\u00c9glise de l\u2019Alliance de Cochabamba.<\/li>\n<li>La formation des pasteurs et des dirigeants de la CMA bolivien au cours de cette ann\u00e9e.<\/li>\n<\/ul>\n<p><strong>P\u00c9ROU<br \/>\n<\/strong>Veuillez prier pour :<\/p>\n<ul>\n<li>Nos pasteurs et dirigeants. Que cette ann\u00e9e soit une ann\u00e9e de nouveaux d\u00e9parts et une vision renouvel\u00e9e pour nos \u00e9glises et minist\u00e8res locaux.<\/li>\n<li>Les assembl\u00e9es de l\u2019\u00e9glise. Que Dieu guide les conseils d\u2019administration de l\u2019\u00e9glise nationale et les \u00e9glises r\u00e9gionales et locales lors de ces assembl\u00e9es. Priez aussi pour un esprit d\u2019unit\u00e9.<\/li>\n<li>L\u2019\u00e9vang\u00e9lisation et les missions. Priez que Dieu continue \u00e0 nous permettre d\u2019avancer et de grandir pour implanter des \u00e9glises dans toutes les provinces du pays et continuer \u00e0 envoyer des missionnaires \u00e0 l\u2019\u00e9chelle nationale et internationale.<\/li>\n<li>Notre pays. Que le Seigneur guide nos autorit\u00e9s gouvernementales vers sa volont\u00e9. Priez aussi pour le peuple p\u00e9ruvien, que nous verrons des temps meilleurs.<\/li>\n<\/ul>\n<p><strong>VENEZUELA<br \/>\n<\/strong>Veuillez prier pour :<\/p>\n<ul>\n<li>L\u2019\u00e9glise nationale. Puisse-t-il y avoir une recherche plus profonde de Dieu. Priez aussi pour que la croissance spirituelle de l\u2019\u00e9glise atteigne les gens avec le message du salut.<\/li>\n<li>La sant\u00e9 de nos pasteurs et familles d\u2019\u00e9glise. Plusieurs d\u2019entre eux sont touch\u00e9s par le COVID-19 et d\u2019autres maladies.<\/li>\n<li>Notre gouvernement. Puissent-ils conna\u00eetre J\u00e9sus-Christ comme leur Seigneur et Sauveur.<\/li>\n<\/ul>\n<p><strong>ARGENTINE<br \/>\n<\/strong>Veuillez prier pour :<\/p>\n<ul>\n<li>Nos familles pastorales. La troisi\u00e8me vague de COVID-19 avec la variante Omicron a affect\u00e9 la sant\u00e9 de nombreuses personnes.<\/li>\n<li>Nos \u00e9glises. Que Dieu nous donne la sagesse de servir son peuple en ces temps difficiles.<\/li>\n<li>Notre pays. L\u2019incertitude de l\u2019\u00e9conomie et la possibilit\u00e9 que le pays tombe en d\u00e9faut ont apport\u00e9 l\u2019ins\u00e9curit\u00e9 au peuple argentin. Priez pour que nos autorit\u00e9s gouvernementales travaillent au nom du peuple.<\/li>\n<\/ul>\n<p><strong>EL SALVADOR<br \/>\n<\/strong>Veuillez prier pour :<\/p>\n<ul>\n<li>La sagesse de Dieu pour nos dirigeants alors qu\u2019ils pr\u00e9parent le plan quinquennal de l\u2019\u00e9glise nationale.<\/li>\n<li>Notre plan d\u2019\u00e9tablir la premi\u00e8re nouvelle \u0153uvre dans les cinq prochaines ann\u00e9es.<\/li>\n<li>La provision de transport pour les jeunes et les enfants d\u2019un programme local.<\/li>\n<li>Le processus d\u2019int\u00e9gration de nos pasteurs dans le syst\u00e8me national de s\u00e9curit\u00e9 sociale.<\/li>\n<\/ul>\n<p>&nbsp;<\/p>\n<hr \/>\n<p>&nbsp;<\/p>\n<h2>Pri\u00e8res de l\u2019UMA \u2013 Janvier 2022<\/h2>\n<p>&nbsp;<\/p>\n<p><strong>26 janvier 2022<\/strong><\/p>\n<p><strong>1) R\u00c9GION APAC (ASIE PACIFIQUE) DE L\u2019UMA<\/strong><\/p>\n<p><strong>N\u00c9PAL<\/strong><br \/>\nVeuillez prier pour :<\/p>\n<ul>\n<li>Le R\u00e9v\u00e9rend Bikash Adhikari, Secr\u00e9taire g\u00e9n\u00e9ral de la CMA N\u00e9pal. Il est dans l\u2019unit\u00e9 de soins intensifs de Delhi, en Inde, depuis fin novembre avec COVID-19. Il est maintenant conscient et a commenc\u00e9 \u00e0 manger une petite quantit\u00e9 d\u2019aliments compos\u00e9s. La r\u00e9cup\u00e9ration de ses poumons est encore lente. Merci de prier pour une gu\u00e9rison compl\u00e8te. Priez aussi pour sa femme Bijata, qu\u2019elle soit fortifi\u00e9e dans le Seigneur.<\/li>\n<\/ul>\n<p><strong>BIRMANIE<\/strong><br \/>\nVeuillez prier pour :<\/p>\n<ul>\n<li>La Birmanie. La situation s\u2019est aggrav\u00e9e depuis le coup d\u2019\u00c9tat militaire de 2021. Nous rencontrons des probl\u00e8mes et des difficult\u00e9s dans notre vie quotidienne.\\<\/li>\n<li>Les habitants des villages de Mual Zawl et Hakha Lay. Les militaires ont br\u00fbl\u00e9 leurs maisons ainsi que les \u00e9glises. Certaines personnes ont \u00e9t\u00e9 tu\u00e9es, d\u2019autres ont \u00e9t\u00e9 arr\u00eat\u00e9es et tous leurs biens ont \u00e9t\u00e9 emport\u00e9s. De nombreuses personnes ont d\u00fb fuir et se r\u00e9fugient dans la jungle.<\/li>\n<li>Que les \u00e9glises de l\u2019Alliance trouvent des moyens d\u2019aider les gens. Ils ont distribu\u00e9 de la nourriture et aid\u00e9 autant qu\u2019ils le pouvaient.<\/li>\n<li>L\u2019intervention de Dieu dans la situation du pays et que l\u2019\u00e9glise soit sel et lumi\u00e8re au milieu de cette crise.<\/li>\n<\/ul>\n<p><strong>PHILIPPINES<\/strong><br \/>\nLe typhon Rai (Odette) a \u00e9t\u00e9 le quinzi\u00e8me et le plus puissant typhon \u00e0 frapper les Philippines en 2021. Le mois dernier, ce typhon a renvers\u00e9 des arbres, d\u00e9truit des postes \u00e9lectriques et de communication et provoqu\u00e9 des inondations et des glissements de terrain g\u00e9n\u00e9ralis\u00e9s. Les \u00c9glises de l\u2019Alliance Chr\u00e9tienne et Missionnaire des Philippines (CAMACOP) ont signal\u00e9 dans six districts que les \u00e9glises et les maisons des membres avaient besoin de r\u00e9parations imm\u00e9diates. Veuillez prier pour :<\/p>\n<ul>\n<li>Nos fr\u00e8res et s\u0153urs aux Philippines. Puisse le Seigneur les r\u00e9conforter et subvenir aux besoins de l\u2019\u00e9glise locale alors qu\u2019elle s\u2019avance pour venir en aide aux personnes dans le besoin.<\/li>\n<\/ul>\n<p>&nbsp;<\/p>\n<p><strong>2) R\u00c9GION AM\u00c9RIQUE DU NORD DE L\u2019UMA<\/strong><\/p>\n<p><strong>\u00c9TATS-UNIS<\/strong><br \/>\nVeuillez prier pour :<\/p>\n<ul>\n<li>Le renouveau alors que la famille de l\u2019Alliance am\u00e9ricaine commence l\u2019ann\u00e9e avec 40 jours de pri\u00e8re. Priez pour un r\u00e9veil \u00e0 la gloire du Christ, la pr\u00e9sence et la puissance de son Esprit, son invitation \u00e0 le rejoindre en mission dans le monde, et notre anticipation de son retour glorieux.<\/li>\n<li>Les \u00e9glises qui ont \u00e9t\u00e9 implant\u00e9es au cours de l\u2019ann\u00e9e \u00e9coul\u00e9e. Priez pour un leadership la\u00efc fort pour mener \u00e0 bien les minist\u00e8res d\u2019\u00e9vang\u00e9lisation et de formation de disciples qui sont si vitaux aux premi\u00e8res \u00e9tapes de la vie de l\u2019\u00e9glise.<\/li>\n<li>Les \u00e9glises de l\u2019Alliance qui aident \u00e0 la r\u00e9installation des r\u00e9fugi\u00e9s afghans et d\u2019autres populations immigr\u00e9es entrant dans leurs communaut\u00e9s. Priez pour que J\u00e9sus soit proclam\u00e9 et adopt\u00e9 alors que ces \u00e9glises apportent une aide tangible \u00e0 ces nouvelles populations.<\/li>\n<li>Le personnel du Bureau National de l\u2019Alliance des \u00c9tats-Unis alors qu\u2019ils recommencent \u00e0 travailler ensemble dans leur immeuble de bureaux temporaire dans la grande r\u00e9gion de Columbus, Ohio. Priez \u00e9galement pour les dirigeants du Bureau National alors qu\u2019ils travaillent avec des architectes, des urbanistes et des entrepreneurs pour la conception et le d\u00e9veloppement de la nouvelle installation polyvalente qui servira \u00e0 la fois l\u2019Alliance et la grande communaut\u00e9 de Columbus.<\/li>\n<\/ul>\n<p><strong>CANADA<\/strong><br \/>\nVeuillez prier pour :<\/p>\n<ul>\n<li>Les dirigeants de Nouvelles Entreprises alors qu\u2019ils continuent \u00e0 d\u00e9velopper des communaut\u00e9s, \u00e0 avoir un impact sur leurs quartiers et \u00e0 faire preuve de foi.<\/li>\n<li>Le d\u00e9partement des Minist\u00e8res mondiaux alors qu\u2019ils anticipent un changement de leadership. Le nouveau vice-pr\u00e9sident de Entreprises internationales entre en fonction le 1er mars.<\/li>\n<li>D\u00e9fendre la Dignit\u00e9. L\u2019\u00e9quipe de planification du Sommet canadien sur l\u2019exploitation sexuelle continue de se r\u00e9unir et de planifier le sommet au printemps 2023. Le th\u00e8me est \u00ab Inspirer le Changement \u00bb.<\/li>\n<\/ul>\n<hr>\n<p><strong>19 janvier 2022<\/strong><\/p>\n<p><strong>R\u00c9GION AFRIQUE DE L\u2019UMA<\/strong><\/p>\n<p><strong>GUIN\u00c9E<br \/>\n<\/strong>Veuillez prier pour :<\/p>\n<ul>\n<li>La famille Iffono. Dieu a rappel\u00e9 chez lui le pasteur Robert Iffono. Il \u00e9tait Secr\u00e9taire Administratif du Comit\u00e9 Ex\u00e9cutif National de l\u2019\u00e9glise et directeur de l\u2019Alliance biblique universelle en Guin\u00e9e. Priez pour le r\u00e9confort de Dieu pour l\u2019\u00e9pouse du pasteur, Anne et leurs cinq enfants.<\/li>\n<li>Le Comit\u00e9 Ex\u00e9cutif National et le Bureau du Conseil National de l\u2019\u00c9glise. Que Dieu les guide et leur donne la sagesse alors qu\u2019ils travaillent pour sa gloire pendant le reste de leur mandat. Priez aussi pour les \u00e9lections du conseil en avril 2022.<\/li>\n<li>Le Conseil Ex\u00e9cutif de l\u2019\u00e9glise et le Bureau du Conseil de Secours et de D\u00e9veloppement. Ils entament une tourn\u00e9e de 21 jours dans les districts de l\u2019int\u00e9rieur de la Guin\u00e9e. Ils pr\u00e9voient de visiter les communaut\u00e9s locales et de r\u00e9fl\u00e9chir aux actions futures. Priez pour la protection de Dieu et pour un voyage en toute s\u00e9curit\u00e9.<\/li>\n<\/ul>\n<p><strong>R\u00c9PUBLIQUE D\u00c9MOCRATIQUE DU CONGO<br \/>\n<\/strong>Louez Dieu pour :<\/p>\n<ul>\n<li>La campagne de collecte de fonds r\u00e9ussie pour soutenir les pasteurs travaillant dans des \u00e9glises locales \u00e0 faible revenu. L\u2019\u00e9v\u00e9nement a produit trois mois de soutien pour ces pasteurs.<\/li>\n<\/ul>\n<p>Veuillez prier pour :<\/p>\n<ul>\n<li>Le r\u00e9confort et la provision de Dieu pour les familles des pasteurs d\u00e9c\u00e9d\u00e9s r\u00e9cemment : le R\u00e9v\u00e9rend Jean-Pierre Mayunda Tsumbu Nzelele, Pr\u00e9sident honoraire de l\u2019\u00c9glise de l\u2019Alliance de la RDC, et le R\u00e9v\u00e9rend Benjamin Khote Ngimbi, surintendant du district de Tombo. Lui et sa femme sont morts \u00e0 une semaine d\u2019intervalle.<\/li>\n<li>Le R\u00e9v\u00e9rend Isaiah Muanda Ndungi, chef du d\u00e9partement national de pri\u00e8re. Il souffre d\u2019une infection du foie. Il a subi une op\u00e9ration au laser et en aura bient\u00f4t besoin d\u2019une deuxi\u00e8me. Priez que Dieu fournisse les fonds n\u00e9cessaires pour la proc\u00e9dure de 3 500 $.<\/li>\n<li><a href=\"https:\/\/awf.world\/fr\/events\/assemblee-executive-de-lalliance-de-la-rdc\/\" target=\"_blank\" rel=\"noopener\">L\u2019Assembl\u00e9e Ex\u00e9cutive<\/a>&nbsp;de l\u2019\u00e9glise, les 20 et 21 janvier \u00e0 Boma. Priez que l\u2019Esprit de Dieu guide les dirigeants dans la pr\u00e9paration de 2022.<\/li>\n<li>Le D\u00e9partement des Missions alors qu\u2019ils se pr\u00e9parent \u00e0 envoyer des missionnaires en Guin\u00e9e cette ann\u00e9e.<\/li>\n<li>Les \u00e9glises du sud-est de la RDC et le champ missionnaire \u00e0 Mongala. Ils ont besoin de plus de travailleurs. Priez que le Seigneur fournisse les moyens de former les habitants.<\/li>\n<\/ul>\n<p><strong>MALI<br \/>\n<\/strong>Veuillez prier pour :<\/p>\n<ul>\n<li>Le R\u00e9v\u00e9rend Daouda Zonou dans son nouveau r\u00f4le de directeur du Institut Biblique Bethel \u00e0 Koutiala.<\/li>\n<li>Le D\u00e9partement des Femmes. Ils construisent un centre multifonctionnel \u00e0 Sanakoroba.<\/li>\n<li>Le projet de construction du si\u00e8ge du Comit\u00e9 Ex\u00e9cutif National. Priez \u00e9galement que le Seigneur accorde la sagesse au comit\u00e9 alors qu\u2019il g\u00e8re les affaires de l\u2019\u00e9glise nationale de mani\u00e8re transparente.<\/li>\n<li>Que le Seigneur renforce l\u2019\u00e9glise pendant la crise des sanctions inflig\u00e9es par la Communaut\u00e9 \u00c9conomique des \u00c9tats de l\u2019Afrique de l\u2019Ouest (CEDEAO) et l\u2019Union \u00e9conomique et mon\u00e9taire ouest-africaine (UEMOA) contre le Mali.<\/li>\n<\/ul>\n<p><strong>C\u00d4TE D\u2019IVOIRE<br \/>\n<\/strong>Veuillez prier pour :<\/p>\n<ul>\n<li>Que les pasteurs et les membres d\u2019\u00e9glise revendiquent la vision de cette ann\u00e9e. Le th\u00e8me pour 2022 est \u00ab Restaurer la Gloire de Dieu en prenant soin les uns des autres \u00bb.<\/li>\n<li>Le R\u00e9v\u00e9rend No\u00ebl N\u2019Guessan, pr\u00e9sident de la CMA de C\u00f4te d\u2019Ivoire, alors qu\u2019il entame une tourn\u00e9e de visites dans 30 r\u00e9gions administratives. Puisse cette tourn\u00e9e pr\u00e9parer les \u00e9glises \u00e0 l\u2019\u00e9vang\u00e9lisation et \u00e0 la croissance des communaut\u00e9s locales.<\/li>\n<li>La construction de la Maison de la Radio de l\u2019Alliance Chr\u00e9tienne. Priez que les gens viennent \u00e0 Christ \u00e0 travers ce minist\u00e8re radiophonique.<\/li>\n<\/ul>\n<p><strong>ANGOLA<br \/>\n<\/strong>Louez Dieu pour :<\/p>\n<ul>\n<li>S\u0153ur Ester, qui est maintenant de retour chez elle, apr\u00e8s avoir subi des soins de sant\u00e9 au Congo RDC pendant plusieurs mois. Elle est l\u2019\u00e9pouse du R\u00e9v\u00e9rend Alberto Guala, pr\u00e9sident de la CMA d\u2019Angola.<\/li>\n<\/ul>\n<p>Veuillez prier pour :<\/p>\n<ul>\n<li>La manifestation de la puissance de Dieu en faveur de certains de nos employ\u00e9s d\u2019\u00e9glise qui sont touch\u00e9s par des maladies.<\/li>\n<\/ul>\n<hr>\n<p><strong>12 janvier 2022<\/strong><\/p>\n<p><strong>R\u00c9GION EMERALD (EUROPE ET MOYEN-ORIENT) DE L\u2019UMA<br \/>\n<\/strong>Veuillez prier pour :<\/p>\n<ul>\n<li>Les pr\u00e9paratifs du&nbsp;<a href=\"https:\/\/awf.world\/fr\/events\/webinaire-sur-ladn-de-lalliance-region-emerald-4\/\" target=\"_blank\" rel=\"noopener\">webinaire sur l\u2019ADN de l\u2019Alliance<\/a> en anglais organis\u00e9 par la r\u00e9gion EMERALD qui aura lieu les 20-21 et 27-28 janvier. Que notre identit\u00e9 familiale en J\u00e9sus-Christ soit renforc\u00e9e \u00e0 travers ce webinaire.<\/li>\n<li>La cohorte de test de l\u2019\u00c9cole du Minist\u00e8re pour l\u2019Europe que la r\u00e9gion EMERALD de l\u2019UMA lancera le fin janvier 2022. Le Centre pour le D\u00e9veloppement du Leadership de l\u2019Alliance souhaite rendre ce programme de formation de haute qualit\u00e9 disponible dans diff\u00e9rentes langues et cultures \u00e0 travers le monde. Priez aussi pour que le recrutement de la cohorte d\u2019\u00e9tudiants se passe bien.<\/li>\n<\/ul>\n<p><strong>FRANCE<br \/>\n<\/strong>Veuillez prier pour :<\/p>\n<ul>\n<li>Les pr\u00e9paratifs du nouveau projet d\u2019implantation d\u2019\u00e9glise dans la ville de Cholet dans l\u2019ouest de la France.<\/li>\n<li>Les pr\u00e9paratifs pour l\u2019envoi du pasteur missionnaire Kong Ming Vang \u00e0 Cayenne, en Guyane, pour y renforcer les \u00e9glises et former des leaders.<\/li>\n<\/ul>\n<p><strong>MOBILISATION DE LES MISSIONS DE L\u2019EMERALD DE L\u2019UMA<br \/>\n<\/strong>Louez Dieu pour le projet de Mobilisation de les Missions de l\u2019EMERALD de l\u2019UMA alors que nous cherchons \u00e0 :<\/p>\n<ul>\n<li>Encourager les \u00e9glises nationales de l\u2019Alliance \u00e0 se mobiliser pour les missions \u00e0 travers l\u2019implantation d\u2019\u00e9glises, les affaires en tant que missions et le secours et d\u00e9veloppement.<\/li>\n<li>Encourager les r\u00e9seaux d\u2019implantation d\u2019\u00e9glises dans toute la r\u00e9gion.<\/li>\n<li>Identifier et coordonner les occasions des missions et de partenariat dans la r\u00e9gion EMERALD.<\/li>\n<\/ul>\n<p><strong>MINIST\u00c8RES DE LA DIASPORA DE L\u2019ALLIANCE<br \/>\n<\/strong>Louez Dieu pour :<\/p>\n<ul>\n<li>La souverainet\u00e9 de Dieu pour permettre aux immigrants et aux r\u00e9fugi\u00e9s d\u2019entrer en Europe.<\/li>\n<li>Les musulmans qui choisissent de suivre J\u00e9sus.<\/li>\n<li>Les \u00e9glises en Europe qui sont motiv\u00e9es pour atteindre les immigrants et les r\u00e9fugi\u00e9s.<\/li>\n<\/ul>\n<p>Veuillez prier pour :<\/p>\n<ul>\n<li>Que les immigrants et r\u00e9fugi\u00e9s musulmans entendent l\u2019\u00e9vangile et rencontrent J\u00e9sus.<\/li>\n<li>Nos fr\u00e8res et s\u0153urs dans la foi qui viennent d\u2019un milieu musulman. Priez pour qu\u2019ils soient fortifi\u00e9s dans l\u2019Esprit et qu\u2019ils pers\u00e9v\u00e8rent.<\/li>\n<li>Que l\u2019\u00e9glise europ\u00e9enne aime ses voisins musulmans et proclame l\u2019\u00e9vangile en paroles et en actes.<\/li>\n<\/ul>\n<p><strong>DIASPORA DE L\u2019ALLIANCE AFRICAINE<br \/>\n<\/strong>Louez Dieu pour :<\/p>\n<ul>\n<li>Le succ\u00e8s du minist\u00e8re de la Diaspora de l\u2019Alliance Africaine sous la direction du Pr. Jean Kra.<\/li>\n<\/ul>\n<p>Veuillez prier pour :<\/p>\n<ul>\n<li>Le soutien financier de ce minist\u00e8re.<\/li>\n<\/ul>\n<p>&nbsp;<\/p>\n<hr>\n<p>&nbsp;<\/p>\n<h2>Pri\u00e8res de l&rsquo;UMA &#8211; D\u00e9cembre 2021<\/h2>\n<p>&nbsp;<\/p>\n<p><strong>9 d\u00e9cembre, 2021<\/strong><\/p>\n<p><strong>R\u00c9GION CLA (AM\u00c9RIQUE LATINE) DE L\u2019UMA<\/strong><\/p>\n<p><strong>CUBA<br \/>\n<\/strong>Veuillez prier pour :<\/p>\n<ul>\n<li>La c\u00e9l\u00e9bration du <a href=\"https:\/\/awf.world\/fr\/events\/26e-anniversaire-de-lalliance-cubaine\/\" target=\"_blank\" rel=\"noopener\">26e anniversaire<\/a> de l&rsquo;\u00c9glise de l&rsquo;Alliance de Cuba, le 19 d\u00e9cembre.<\/li>\n<li>Le processus de l\u00e9galisation de l&rsquo;\u00e9glise nationale devant les autorit\u00e9s gouvernementales.<\/li>\n<li>Des strat\u00e9gies et des ressources pour l&rsquo;extension du s\u00e9minaire biblique.<\/li>\n<li>L&rsquo;acquisition et la construction de nouveaux lieux de rencontre pour nos congr\u00e9gations ; la plupart des r\u00e9unions ont lieu dans les maisons de nos pasteurs.<\/li>\n<\/ul>\n<p><strong>COLOMBIE<br \/>\n<\/strong>Veuillez prier pour :<\/p>\n<ul>\n<li>Les travailleuses internationales Amanda Rojas et la famille Meneses Forero (Alex, Patricia et Evan). Ils s&rsquo;appr\u00eatent \u00e0 se rendre en Guin\u00e9e au premier semestre 2022. Priez aussi pour Violeta*, qui s&rsquo;appr\u00eate \u00e0 partir de l&rsquo;ann\u00e9e prochaine pour travailler avec le peuple pachtoune. Priez pour que les visas soient approuv\u00e9s pour tous. <em>*Nom chang\u00e9 pour des raisons de s\u00e9curit\u00e9.<\/em><\/li>\n<li>Le projet missionnaire \u00ab Ventana Verde \u00bb (Fen\u00eatre verte), o\u00f9 nous cherchons \u00e0 apporter l&rsquo;\u00e9vangile aux communaut\u00e9s les moins touch\u00e9es en Colombie.<\/li>\n<li>Le Seigneur \u00e9l\u00e8ve des missionnaires pour travailler \u00e0 Tarapac\u00e1, dans la r\u00e9gion amazonienne. Nous recherchons un jeune couple d\u00e9sireux d&rsquo;aller y faire des disciples.<\/li>\n<\/ul>\n<p><strong>CHILI<br \/>\n<\/strong>Veuillez prier pour :<\/p>\n<ul>\n<li>La sagesse et la direction de Dieu pour les nouveaux directeurs de district \u00e9lus par l&rsquo;Alliance chilienne pour la p\u00e9riode 2022-2024.<\/li>\n<li>Les nouveaux travailleurs internationaux qui ont \u00e9t\u00e9 envoy\u00e9s dans la zone Eurasie.<\/li>\n<li>L&rsquo;accent mis sur notre minist\u00e8re en 2022, \u00ab Grandir dans l&rsquo;amour et une nouvelle force dans l&rsquo;\u00e9vang\u00e9lisation int\u00e9grale \u00bb, qui guidera toutes nos activit\u00e9s locales et nationales.<\/li>\n<li>Les \u00e9lections pr\u00e9sidentielles chiliennes du 14 d\u00e9cembre. Nous demandons au Seigneur de nous lib\u00e9rer de la polarisation et des politiques lib\u00e9rales et antichr\u00e9tiennes.<\/li>\n<\/ul>\n<p><strong>\u00c9QUATEUR<br \/>\n<\/strong>Veuillez prier pour :<\/p>\n<ul>\n<li>La planification et les pr\u00e9paratifs de l&rsquo;\u00e9cole biblique de vacances 2022 de la CMA de l&rsquo;\u00c9quateur.<\/li>\n<li>Le d\u00e9partement de la mission nationale de l&rsquo;Alliance \u00e9quatorienne. Ils travaillent pour recruter et envoyer des candidats missionnaires l&rsquo;ann\u00e9e prochaine.<\/li>\n<li>La s\u00e9curit\u00e9 et la protection du peuple \u00e9quatorien. Des conflits arm\u00e9s ont eu lieu dans les prisons \u00e9quatoriennes, entra\u00eenant des morts violentes et l&rsquo;ins\u00e9curit\u00e9 dans les rues.<\/li>\n<\/ul>\n<p><strong>VENEZUELA<br \/>\n<\/strong>Veuillez prier pour :<\/p>\n<ul>\n<li>La force, l&rsquo;orientation, la direction et la sant\u00e9 des familles pastorales des \u00e9glises de l&rsquo;Alliance v\u00e9n\u00e9zu\u00e9lienne. Priez que l&rsquo;usure physique et \u00e9motionnelle quotidienne de la situation dans notre pays n&rsquo;affecte pas la vie spirituelle de nos pasteurs et dirigeants.<\/li>\n<li>L&rsquo;expansion et l&rsquo;efficacit\u00e9 des petits groupes dans nos \u00e9glises.<\/li>\n<\/ul>\n<p><strong>BOLIVIE<br \/>\n<\/strong>Veuillez prier pour&nbsp;:<\/p>\n<ul>\n<li>La b\u00e9n\u00e9diction du Seigneur pour les nouveaux dirigeants et les programmes de formation des pasteurs que la CMA de Bolivie r\u00e9alise.<\/li>\n<li>La protection de Dieu pour nos pasteurs et membres d&rsquo;\u00e9glise face au taux croissant d&rsquo;infections au COVID-19 dans notre pays.<\/li>\n<li>La s\u00e9curit\u00e9 du peuple bolivien. Plusieurs lois que le gouvernement actuel cherchait \u00e0 faire adopter ont soulev\u00e9 des tensions politiques.<\/li>\n<\/ul>\n<p><strong>P\u00c9ROU<br \/>\n<\/strong>Veuillez prier pour&nbsp;:<\/p>\n<ul>\n<li>Un grand r\u00e9veil dans notre pays. Pour qu&rsquo;il y ait une v\u00e9ritable brisure spirituelle, une vie de pri\u00e8re croissante et fructueuse et une grande diffusion de l&rsquo;\u00e9vangile.<\/li>\n<li>Les autorit\u00e9s gouvernementales de notre pays. Que le Seigneur les guide vers sa volont\u00e9.<\/li>\n<\/ul>\n<p><strong>HONDURAS<br \/>\n<\/strong>Veuillez prier pour :<\/p>\n<ul>\n<li>La provision de Dieu pour nos familles pastorales travaillant parmi les communaut\u00e9s indig\u00e8nes.<\/li>\n<li>Les jeunes et les enfants de notre pays qui n&rsquo;ont pas les ressources n\u00e9cessaires pour \u00e9tudier en ligne. Priez pour qu&rsquo;ils puissent retourner en classe \u00e0 l&rsquo;\u00e9cole.<\/li>\n<\/ul>\n<p><strong>ARGENTINE<br \/>\n<\/strong>Veuillez prier pour&nbsp;:<\/p>\n<ul>\n<li>L&rsquo;ach\u00e8vement des travaux du nouveau si\u00e8ge national de l&rsquo;Alliance et de l&rsquo;Institut biblique de Buenos Aires.<\/li>\n<li>Le d\u00e9fi de l&rsquo;\u00e9glise chr\u00e9tienne face aux besoins sociaux caus\u00e9s par la pand\u00e9mie.<\/li>\n<\/ul>\n<p><strong>R\u00c9PUBLIQUE DOMINICAINE<br \/>\n<\/strong>Veuillez prier pour&nbsp;:<\/p>\n<ul>\n<li>L\u2019<a href=\"https:\/\/awf.world\/fr\/events\/assemblee-nationale-cma-republique-dominicaine\/\" target=\"_blank\" rel=\"noopener\">Assembl\u00e9e nationale<\/a> de l&rsquo;Alliance dominicaine, 14-15 janvier 2022.<\/li>\n<\/ul>\n<p><strong>GUATEMALA<br \/>\n<\/strong>Veuillez prier pour&nbsp;:<\/p>\n<ul>\n<li>Les pasteurs \u00e2g\u00e9s qui ont des probl\u00e8mes physiques.<\/li>\n<li>L&rsquo;<a href=\"https:\/\/awf.world\/fr\/events\/assemblee-generale-cma-guatemala\/\" target=\"_blank\" rel=\"noopener\">assembl\u00e9e g\u00e9n\u00e9rale<\/a> de l&rsquo;\u00e9glise nationale, le 29 janvier 2022. Que Dieu donne la sagesse et guide les participants dans l&rsquo;\u00e9lection du nouveau conseil d&rsquo;administration.<\/li>\n<\/ul>\n<p><strong>COSTA RICA<br \/>\n<\/strong>Veuillez prier pour&nbsp;:<\/p>\n<ul>\n<li>La planification des \u00e9glises de l&rsquo;Alliance du Costa Rica pour la nouvelle ann\u00e9e. Puissent ces plans \u00eatre r\u00e9alis\u00e9s et remplir le but d&rsquo;\u00e9tendre le royaume de Dieu.<\/li>\n<\/ul>\n<hr>\n<p><strong>1 d\u00e9cembre, 2021<\/strong><\/p>\n<p><strong>R\u00c9GION EMERALD (EUROPE &amp; MOYEN-ORIENT) DE L\u2019UMA<\/strong><\/p>\n<p><strong>ESPAGNE<br \/>\n<\/strong>Louez Dieu pour :<\/p>\n<ul>\n<li>L\u2019\u00e9glise de l\u2019Alliance dans la ville d\u2019Ariane de los Llanos. Avec le soutien de l\u2019Alliance Nationale de l\u2019\u00c9glise d\u2019Espagne (FIACME), ils ont distribu\u00e9 de l\u2019aide aux familles touch\u00e9es par l\u2019\u00e9ruption du volcan. Que Dieu utilise les chr\u00e9tiens comme instruments d\u2019amour et ouvre le c\u0153ur de beaucoup \u00e0 lui-m\u00eame \u00e0 travers cette catastrophe.<\/li>\n<\/ul>\n<p>Veuillez prier pour :<\/p>\n<ul>\n<li>Tous les habitants de l\u2019\u00eele canarienne de La Palma o\u00f9 un volcan en sommeil a \u00e9clat\u00e9 soudainement le 19 septembre. Quelque 200 maisons ont d\u00e9j\u00e0 \u00e9t\u00e9 incendi\u00e9es et environ 5 000 habitants \u00e9vacu\u00e9s.<\/li>\n<li>Toutes les \u00e9glises de l\u2019Alliance, qui ont perdu un nombre important de membres qui ont d\u00fb partir en raison de l\u2019impact de l\u2019\u00e9ruption continue.<\/li>\n<li>Les familles qui ont perdu leur maison mais qui ont encore des versements hypoth\u00e9caires \u00e0 faire. Priez aussi pour les gens qui sont dans le d\u00e9ni et qui n\u2019accepteront pas qu\u2019ils n\u2019aient plus rien apr\u00e8s avoir investi du temps et de l\u2019argent pour acheter une maison.<\/li>\n<\/ul>\n<p><strong>FRANCE<br \/>\n<\/strong>Louez Dieu pour :<\/p>\n<ul>\n<li>Les premiers missionnaires boliviens-fran\u00e7ais qui partiront ce mois-ci pour le champ missionnaire en Afrique du Nord.<\/li>\n<\/ul>\n<p>Veuillez prier pour :<\/p>\n<ul>\n<li>Les \u00e9glises de l\u2019Alliance en France alors qu\u2019elles s\u2019adaptent \u00e0 la nouvelle loi fran\u00e7aise sur l\u2019activit\u00e9 religieuse, adopt\u00e9e en r\u00e9action \u00e0 l\u2019islam radical. Il impose des charges et des co\u00fbts accrus aux \u00e9glises \u00e9vang\u00e9liques et restreint certaines libert\u00e9s dont les \u00e9glises ont joui jusqu\u2019\u00e0 pr\u00e9sent.<\/li>\n<li>La famille d\u2019implantation d\u2019\u00e9glises franco-marocaines en Afrique du Nord alors qu\u2019elle suit fid\u00e8lement l\u2019appel de Dieu. Priez aussi pour que le Seigneur subvienne \u00e0 leurs besoins mat\u00e9riels.<\/li>\n<li>Les missionnaires Hmong de France qui n\u2019ont pas pu partir pour leur mission en Asie du Sud-Est. Priez \u00e9galement pour la direction de Dieu alors que la famille de l\u2019Alliance s\u2019efforce de trouver une solution pour leur d\u00e9ploiement.<\/li>\n<\/ul>\n<p><strong>GRANDE BRETAGNE<br \/>\n<\/strong>Louez Dieu pour :<\/p>\n<ul>\n<li>La mise \u00e0 disposition d\u2019un nouveau centre de minist\u00e8re appel\u00e9 \u00ab The Giving Tree \u00bb pour l\u2019Alliance de Manchester. Ils ont obtenu les cl\u00e9s en janvier et ont travaill\u00e9 sur la r\u00e9paration du lieu.<\/li>\n<li>Amin qui a \u00e9t\u00e9 baptis\u00e9 r\u00e9cemment apr\u00e8s avoir \u00e9t\u00e9 pers\u00e9v\u00e9rant pendant la pand\u00e9mie en assistant \u00e0 nos services Zoom. Il a \u00e9t\u00e9 baptis\u00e9 au bon moment, apr\u00e8s avoir retrouv\u00e9 sa femme et ses deux gar\u00e7ons apr\u00e8s deux ans \u00e0 attendre qu\u2019ils soient autoris\u00e9s \u00e0 entrer au Royaume-Uni.<\/li>\n<\/ul>\n<p>Veuillez prier pour :<\/p>\n<ul>\n<li>Un mouvement du Saint-Esprit parmi les \u00e9tudiants universitaires de Manchester. Priez \u00e9galement pour Seth qui a rejoint l\u2019\u00e9quipe d\u2019implantation d\u2019\u00e9glises \u00e0 Manchester et qui a la passion d\u2019atteindre les \u00e9tudiants universitaires de la ville.<\/li>\n<li>La provision de Dieu pour le travail qui est fait \u00e0 l\u2019Alliance Manchester. L\u2019\u00e9glise a demand\u00e9 trois subventions diff\u00e9rentes, qui pourraient aider \u00e0 poursuivre la formation de barista et \u00e0 employer du personnel pour g\u00e9rer le caf\u00e9 afin qu\u2019il puisse, esp\u00e9rons-le, ouvrir en janvier 2022.<\/li>\n<li>La force et le renouveau spirituel des dirigeants de l\u2019Alliance Manchester. Deux d\u2019entre eux ont des emplois la\u00efques \u00e0 temps plein, d\u2019autres sont en cong\u00e9 dans les foyers et de nouveaux rejoignent \u00e9galement l\u2019\u00e9quipe.<\/li>\n<\/ul>\n<p><strong>UKRAINE<br \/>\n<\/strong>Veuillez prier pour :<\/p>\n<ul>\n<li>La formation de la nouvelle association d\u2019\u00e9glises en Ukraine. Priez aussi pour une conf\u00e9rence qui aura lieu le 4 d\u00e9cembre, au cours de laquelle cette adh\u00e9sion des \u00e9glises deviendra officielle.<\/li>\n<li>Les deux nouvelles implantations d\u2019\u00e9glises qui commencent dans la partie orientale du pays.<\/li>\n<li>Sant\u00e9 et force pour Steve et Christina, et Mike et Joanne, les Travailleurs Internationaux de l\u2019Alliance (TIs) d\u2019un autre pays de l\u2019UMA.<\/li>\n<li>Les dirigeants de trois nouveaux groupes potentiels \u00e0 Kiev, pour qu\u2019ils travaillent avec les personnes d\u00e9plac\u00e9es \u00e0 l\u2019int\u00e9rieur de leur pays.<\/li>\n<\/ul>\n<p><strong>PORTUGAL<br \/>\n<\/strong>Louez Dieu pour :<\/p>\n<ul>\n<li>L\u2019arriv\u00e9e de deux nouvelles familles \u00e0 ajouter \u00e0 notre \u00e9quipe du Portugal. Les Camara (TIs des \u00c9tats-Unis) sont arriv\u00e9s en ao\u00fbt et les Albuquerque (TIs du Br\u00e9sil) sont arriv\u00e9s en octobre.<\/li>\n<\/ul>\n<p>Veuillez prier pour :<\/p>\n<ul>\n<li>Les Camara qui \u00e9tudient la langue. Leurs quatre enfants \u00e9tudient dans une \u00e9cole priv\u00e9e portugaise. C\u2019est une courbe d\u2019apprentissage abrupte.<\/li>\n<li>La direction et l\u2019unit\u00e9 d\u2019esprit alors que la nouvelle \u00e9quipe se forme et fait des plans pour voir un nouvel effort d\u2019implantation d\u2019\u00e9glise dans une zone proche de la ville de Porto.<\/li>\n<li>Charlotte Hisle (TI des \u00c9tats-Unis) et les Albuquerque pour qu\u2019ils trouvent un bon logement dans ou \u00e0 proximit\u00e9 de la zone cible. Ils sont confront\u00e9s \u00e0 une faible disponibilit\u00e9 de maisons\/appartements et les prix sont \u00e9lev\u00e9s.<\/li>\n<\/ul>\n<p><strong>MOBILISATION DE LA MISSION EMERALD DE L\u2019UMA<br \/>\n<\/strong>Veuillez prier pour :<\/p>\n<ul>\n<li>Eoghan Cosgrave dans son r\u00f4le de Mobilisateur de la Mission de l\u2019UMA pour la r\u00e9gion EMERALD. Que le Seigneur pourvoira \u00e0 lui et \u00e0 sa famille.<\/li>\n<\/ul>\n<p>&nbsp;<\/p>\n<hr>\n<p>&nbsp;<\/p>\n<h2>Pri\u00e8res de l\u2019UMA \u2013 Novembre 2021<\/h2>\n<p>&nbsp;<\/p>\n<p><strong>24 novembre 2021<\/strong><\/p>\n<p><strong>1) R\u00c9GION AM\u00c9RIQUE DU NORD DE L\u2019UMA<\/strong><\/p>\n<p><strong>CANADA<br \/>\n<\/strong>Louez Dieu pour :<\/p>\n<ul>\n<li>Le Centre du Minist\u00e8re National. Le personnel est revenu au bureau \u00e0 temps partiel. Priez pour qu\u2019ils s\u2019adaptent bien \u00e0 leur nouvel espace de travail et que Dieu continue d\u2019\u00eatre honor\u00e9 \u00e0 travers leurs travaux.<\/li>\n<li>Envision Canada. Greenhouse, leur r\u00e9cent lancement de programme de mentorat, a \u00e9t\u00e9 un succ\u00e8s. Priez pour les mentors et les mentor\u00e9s qui font partie du programme, qu\u2019ils d\u00e9veloppent des relations solides et grandissent ensemble. Priez aussi alors qu\u2019ils se pr\u00e9parent \u00e0 lancer la saison printani\u00e8re de la serre.<\/li>\n<\/ul>\n<p>Veuillez prier pour :<\/p>\n<ul>\n<li>Le Conseil d\u2019Administration de l\u2019Alliance du Canada dont le pr\u00e9sident, le R\u00e9v\u00e9rend David Hearn, a r\u00e9cemment d\u00e9missionn\u00e9. Priez pour plus de clart\u00e9 et de conseils pour les prochaines \u00e9tapes. Priez \u00e9galement avec David Hearn et sa femme Agnes alors qu\u2019il quitte son r\u00f4le.<\/li>\n<li>Les \u00e9glises \u00e0 travers le Canada alors qu\u2019elles anticipent la saison de l\u2019Avent. Que ce soit un moment de croissance spirituelle pendant que les gens se pr\u00e9parent \u00e0 c\u00e9l\u00e9brer la naissance du Christ.<\/li>\n<\/ul>\n<p><strong>\u00c9TATS UNIS<br \/>\n<\/strong>Veuillez prier pour :<\/p>\n<ul>\n<li>Des efforts pour identifier, recruter et \u00e9quiper la prochaine g\u00e9n\u00e9ration d\u2019implanteurs d\u2019\u00e9glises pour aider \u00e0 r\u00e9pondre aux besoins spirituels et physiques croissants de communaut\u00e9s urbaines, suburbaines et rurales de plus en plus diversifi\u00e9es.<\/li>\n<li>La traduction de mat\u00e9riels de formation cl\u00e9s qui permettront aux dirigeants des \u00e9glises ethniques \u00e9mergentes d\u2019atteindre des dizaines de personnes n\u00e9glig\u00e9es qui continuent d\u2019arriver de r\u00e9gions turbulentes du monde.<\/li>\n<li>Les 50 nouveaux travailleurs internationaux qui ont \u00e9t\u00e9 envoy\u00e9s en 2021 alors qu\u2019ils s\u2019\u00e9tablissent parmi ceux qu\u2019ils ont \u00e9t\u00e9 envoy\u00e9s pour servir dans les communaut\u00e9s n\u00e9cessiteuses du monde entier.<\/li>\n<li>Les \u00e9glises de l\u2019Alliance alors qu\u2019elles cherchent \u00e0 trouver des moyens pratiques d\u2019aider \u00e0 r\u00e9installer les r\u00e9fugi\u00e9s et les immigrants dans une d\u00e9monstration de l\u2019attention et de la compassion du Christ.<\/li>\n<li>Les efforts des \u00e9glises pour aider les familles qui continuent d\u2019\u00eatre affect\u00e9es par l\u2019impact physique, \u00e9motionnel et financier de COVID-19.<\/li>\n<\/ul>\n<p>&nbsp;<\/p>\n<p><strong>2) R\u00c9GION AFRIQUE DE L\u2019UMA<\/strong><\/p>\n<p><strong>MALI<br \/>\n<\/strong>Veuillez prier pour :<\/p>\n<ul>\n<li>La nouvelle ann\u00e9e scolaire (2021-2022) de notre Institut Biblique. Que le Seigneur prot\u00e8ge et guide nos \u00e9tudiants.<\/li>\n<li>Que les serviteurs de Dieu restent fermes et r\u00e9confortent les gens pendant cette p\u00e9riode de pers\u00e9cution et d\u2019ins\u00e9curit\u00e9.<\/li>\n<li>La protection continue de Dieu de nos \u00e9glises locales qui sont sous les menaces djihadistes.<\/li>\n<li>L\u2019assembl\u00e9e nationale en d\u00e9cembre. Elle d\u00e9cidera de l\u2019avenir du pays.<\/li>\n<li>La lib\u00e9ration des otages pris par les groupes extr\u00e9mistes au Mali.<\/li>\n<\/ul>\n<p><strong>C\u00d4TE D\u2019IVOIRE<br \/>\n<\/strong>Veuillez prier pour :<\/p>\n<ul>\n<li>Le succ\u00e8s du projet d\u2019assurance maladie des serviteurs de Dieu, \u00e0 partir de janvier 2022.<\/li>\n<li>Des fonds pour la construction et l\u2019\u00e9quipement de la Maison de la Radio de l\u2019Alliance Chr\u00e9tienne (RAC).<\/li>\n<li>L\u2019organisation de la Convention Nationale en ao\u00fbt 2022.<\/li>\n<\/ul>\n<p><strong>ANGOLA<br \/>\n<\/strong>Veuillez prier pour :<\/p>\n<ul>\n<li>La protection et la direction de Dieu pour l\u2019\u00e9glise implant\u00e9e dans la province de Za\u00efre en Angola.<\/li>\n<li>Les ouvriers de l\u2019\u00e9glise qui ont \u00e9t\u00e9 transf\u00e9r\u00e9s \u00e0 de nouveaux endroits.<\/li>\n<li>Les \u00e9lections en Angola en 2022. Que Dieu prenne le contr\u00f4le de tout, \u00e9vitant les conflits agressifs qui pourraient entra\u00eener des attaques arm\u00e9es.<\/li>\n<\/ul>\n<hr>\n<p><strong>10 novembre 2021<\/strong><\/p>\n<p><strong>R\u00c9GION CLA (AM\u00c9RIQUE LATINE) DE L\u2019UMA<\/strong><\/p>\n<p><strong>\u00c9QUATEUR<br \/>\n<\/strong>Nous remercions Dieu pour l\u2019honneur d\u2019accueillir la Convocation Quadriennale de l\u2019UMA 2021 du 19 au 24 octobre dans les villes de Guayaquil et Milagro. Ce fut une b\u00e9n\u00e9diction pour notre famille mondiale de l\u2019Alliance.<\/p>\n<p>Veuillez prier pour :<\/p>\n<ul>\n<li>Les pr\u00e9sidents de district et les comit\u00e9s de travail de la CMA de l\u2019\u00c9quateur. Ils visitent, conseillent et apportent de la nourriture aux fr\u00e8res et s\u0153urs dans le besoin.<\/li>\n<li>La protection de Dieu dans tous les services en personne et activit\u00e9s de minist\u00e8re qui sont men\u00e9es dans les \u00e9glises de l\u2019Alliance \u00e9quatorienne.<\/li>\n<\/ul>\n<p><strong>COLOMBIE<br \/>\n<\/strong>Veuillez prier pour :<\/p>\n<ul>\n<li>La&nbsp;<a href=\"https:\/\/awf.world\/fr\/events\/convention-nationale-de-lalliance-colombienne\/\" target=\"_blank\" rel=\"noopener\">Convention Nationale<\/a> de l\u2019Alliance colombienne, du 16 au 21 novembre. Priez aussi pour la protection de Dieu. Que le Saint-Esprit touche la vie de ceux qui se connecteront en ligne et de ceux qui y assisteront en personne.<\/li>\n<li>L\u2019ordre public \u00e0 Tolima et Caquet\u00e1 et dans la r\u00e9gion du Pacifique. Que le Seigneur prot\u00e8ge la population des groupes violents qui inqui\u00e8tent et entravent le travail de l\u2019\u00e9glise.<\/li>\n<\/ul>\n<p><strong>ARGENTINE<br \/>\n<\/strong>Veuillez prier pour :<\/p>\n<ul>\n<li>L\u2019ach\u00e8vement des travaux du nouveau b\u00e2timent du si\u00e8ge de l\u2019Alliance et de l\u2019Institut biblique.<\/li>\n<li>Les \u00e9lections l\u00e9gislatives dans notre pays le 14 novembre.<\/li>\n<\/ul>\n<p><strong>CUBA<br \/>\n<\/strong>Veuillez prier pour :<\/p>\n<ul>\n<li>Le soutien financier de nos familles pastorales.<\/li>\n<li>Des strat\u00e9gies et des ressources pour que nos \u00e9glises puissent effectuer des services en personne. Le gouvernement impose des mesures sanitaires et d\u2019isolement strictes, ce qui am\u00e8ne beaucoup de difficult\u00e9s \u00e0 nos \u00e9glises car les locaux sont petits.<\/li>\n<li>L\u2019acquisition de terrain et la construction de nouvelles \u00e9glises pour nos congr\u00e9gations.<\/li>\n<li>Les familles cubaines. Le gouvernement veut approuver le mariage homosexuel dans le nouveau Code de la Famille.<\/li>\n<li>Le d\u00e9but de l\u2019ann\u00e9e scolaire. De nombreux enfants sont absents faute de vaccination.<\/li>\n<\/ul>\n<p><strong>GUATEMALA<br \/>\n<\/strong>Veuillez prier pour :<\/p>\n<ul>\n<li>La sant\u00e9 des pasteurs \u00e2g\u00e9s qui ont servi le Seigneur pendant des d\u00e9cennies.<\/li>\n<li>La nouvelle g\u00e9n\u00e9ration de pasteurs qui se pr\u00e9parent \u00e0 diriger le minist\u00e8re dans les \u00e9glises locales de l\u2019Alliance.<\/li>\n<li>Un r\u00e9veil pour les missions dans nos \u00e9glises.<\/li>\n<\/ul>\n<p><strong>CHILI<br \/>\n<\/strong>Veuillez prier pour :<\/p>\n<ul>\n<li>Les nouveaux dirigeants qui seront \u00e9lus lors des prochaines sessions d\u2019affaires dans nos cinq districts. Que le Saint-Esprit nous guide pour choisir les bonnes personnes.<\/li>\n<li>Notre Maison pour Mineurs (<em>Hogar de Menores<\/em>), qui s\u2019occupe des filles vuln\u00e9rables. Nous avons \u00e9t\u00e9 victimes d\u2019attaques malveillantes de la part de personnes qui harc\u00e8lent les filles et les conduisent sur de mauvais chemins. Que le Seigneur aide notre personnel et prot\u00e8ge chaque fille que nous servons au foyer.<\/li>\n<li>Notre \u00e9quipe de travailleurs internationaux \u2013 pour ceux qui sont sur le terrain depuis des ann\u00e9es et ceux qui se pr\u00e9parent \u00e0 participer \u00e0 de nouveaux projets. Jusqu\u2019en janvier 2022, nous enverrons sept nouveaux travailleurs \u00e0 l\u2019\u00e9tranger, la plupart dans la Sixi\u00e8me R\u00e9gion.<\/li>\n<li>Le conflit autochtone dans certaines r\u00e9gions du pays. Notre \u00e9glise nationale cr\u00e9e une fondation pour les peuples autochtones afin d\u2019aider notre soci\u00e9t\u00e9.<\/li>\n<li>La sant\u00e9 de nos pasteurs \u00e0 la retraite, dont beaucoup sont \u00e2g\u00e9s.<\/li>\n<\/ul>\n<p><strong>R\u00c9PUBLIQUE DOMINICAINE<br \/>\n<\/strong>Veuillez prier pour :<\/p>\n<ul>\n<li>Notre&nbsp;<a href=\"https:\/\/awf.world\/fr\/events\/assemblee-nationale-cma-republique-dominicaine\/\" target=\"_blank\" rel=\"noopener\">assembl\u00e9e nationale<\/a> qui se tiendra les 14 et 15 janvier 2022.<\/li>\n<\/ul>\n<p>&nbsp;<\/p>\n<hr>\n<p>&nbsp;<\/p>\n<h2>Pri\u00e8res de l\u2019UMA \u2013 Septembre 2021<\/h2>\n<p>&nbsp;<\/p>\n<p><strong>28 septembre 2021<\/strong><\/p>\n<p><strong>R\u00c9GION EMERALD (EUROPE et MOYEN-ORIENT) DE L\u2019UMA<br \/>\n<\/strong>Veuillez prier pour :<\/p>\n<ul>\n<li>Que des visas soient d\u00e9livr\u00e9s afin que les pasteurs et les travailleurs de l\u2019Alliance du Moyen-Orient puissent assister \u00e0 la Convocation Quadriennale de l\u2019UMA.<\/li>\n<\/ul>\n<p><strong>ESPAGNE<br \/>\n<\/strong>Veuillez prier pour :<\/p>\n<ul>\n<li>Tous les habitants de l\u2019\u00eele canarienne de La Palma, o\u00f9 un volcan en sommeil a \u00e9clat\u00e9 soudainement le 19 septembre. Quelque 200 maisons ont d\u00e9j\u00e0 \u00e9t\u00e9 incendi\u00e9es et environ 5 000 habitants \u00e9vacu\u00e9s.<\/li>\n<li>L\u2019\u00e9glise de l\u2019Alliance dans la ville d\u2019Ariane de los Llanos, \u00e0 3 km du volcan.<\/li>\n<li>La protection du Pasteur Aristide Flores et de la congr\u00e9gation face \u00e0 cette menace mortelle.<\/li>\n<\/ul>\n<p><strong>UKRAINE<br \/>\n<\/strong>Veuillez prier pour :<\/p>\n<ul>\n<li>La formation d\u2019une nouvelle association d\u2019\u00e9glises en Ukraine qui finira par faire partie de l\u2019UMA.<\/li>\n<li>La planification d\u2019une conf\u00e9rence g\u00e9n\u00e9rale de cette association d\u2019\u00e9glises dans l\u2019est de l\u2019Ukraine en novembre.<\/li>\n<li>L\u2019occasion d\u2019acqu\u00e9rir un b\u00e2timent comme bureau pour cette nouvelle association d\u2019\u00e9glises, ainsi que pour que l\u2019une des \u00e9glises locales de Kiev puisse se r\u00e9unir.<\/li>\n<li>Lena G., une missionnaire des \u00e9glises ukrainiennes servant dans la r\u00e9gion des montagnes du Caucase dans le sud de la Russie.<\/li>\n<li>La formation de deux \u00e9quipes de mission \u00e0 court terme pour servir au Kenya et en Bulgarie \u00e0 l\u2019\u00e9t\u00e9 2022.<\/li>\n<\/ul>\n<p><strong>FRANCE<br \/>\n<\/strong>Veuillez prier pour :<\/p>\n<ul>\n<li>Les premiers missionnaires Hmong de France qui partiront ce mois-ci pour des missions en Asie du Sud-Est.<\/li>\n<\/ul>\n<p><strong>MINIST\u00c8RES DE LA DIASPORA DE L\u2019ALLIANCE<br \/>\n<\/strong>Louez Dieu pour :<\/p>\n<ul>\n<li>Sa souverainet\u00e9 pour permettre aux immigrants et aux r\u00e9fugi\u00e9s d\u2019entrer en Europe.<\/li>\n<li>Les musulmans qui choisissent de suivre J\u00e9sus.<\/li>\n<li>Les \u00c9glises en Europe qui sont motiv\u00e9es pour atteindre les immigrants et les r\u00e9fugi\u00e9s.<\/li>\n<\/ul>\n<p>Veuillez prier pour :<\/p>\n<ul>\n<li>Que les immigrants et r\u00e9fugi\u00e9s musulmans entendent l\u2019\u00e9vangile et rencontrent J\u00e9sus.<\/li>\n<li>Nos fr\u00e8res et s\u0153urs dans la foi qui viennent d\u2019un milieu musulman. Priez aussi pour qu\u2019ils soient fortifi\u00e9s dans l\u2019Esprit et qu\u2019ils pers\u00e9v\u00e8rent.<\/li>\n<li>Les \u00e9glises europ\u00e9ennes aiment leurs voisins musulmans et proclament l\u2019\u00e9vangile en paroles et en actes.<\/li>\n<\/ul>\n<p><strong>GRANDE BRETAGNE<br \/>\n<\/strong>Louez Dieu :<\/p>\n<ul>\n<li>L\u2019\u00e9glise de l\u2019Alliance ait pu se r\u00e9unir chaque semaine par Zoom pendant la pand\u00e9mie de COVID-19. Les participants viennent de Londres (10), Coventry (3), Darlington (1), Barcelone (13), Madrid (2), Japon (1), P\u00e9rou (17) et Argentine (1).<\/li>\n<\/ul>\n<p>Veuillez prier pour :<\/p>\n<ul>\n<li>L\u2019\u00e9glise hispanophone Vida y Familia (Vie et Famille) \u00e0 Londres et pour le Pasteur Fernando Castro.<\/li>\n<li>Les plans pour reprendre la r\u00e9union en personne ce mois-ci.<\/li>\n<\/ul>\n<hr \/>\n<p><strong>22 septembre 2021<\/strong><\/p>\n<p><strong>1) R\u00c9GION APAC (ASIE-PACIFIQUE) DE L\u2019UMA<\/strong><\/p>\n<p><strong>CONF\u00c9RENCE R\u00c9GIONALE DE L\u2019APAC<br \/>\n<\/strong>Veuillez prier pour :<\/p>\n<ul>\n<li>Le Comit\u00e9 de Coordination R\u00e9gional de l\u2019APAC \u00e9lu lors de la Conf\u00e9rence R\u00e9gionale tenue les 2-3 septembre : Ken Graham (coordinateur r\u00e9gional), Lai Ka Lai, Roland Lumawag, Bikash Adhikari, Daniel Ronda, Eduardo Cajes, Mac Nguyen Huu et Phuoc Truong Thai.<\/li>\n<\/ul>\n<p><strong>R\u00c9SEAU MONDIAL DES FEMMES DE L\u2019ALLIANCE DE L\u2019UMA<br \/>\n<\/strong>Louez Dieu pour :<\/p>\n<ul>\n<li>Les 70 femmes du monde entier qui ont rejoint le voyage de pri\u00e8re virtuelle le 8 septembre, pr\u00e9parant la voie \u00e0 la Convocation Quadriennale de l\u2019UMA.<\/li>\n<\/ul>\n<p><strong>INDE<br \/>\n<\/strong>Veuillez prier pour :<\/p>\n<ul>\n<li>Le r\u00e9v\u00e9rend Yakob Ingle, pr\u00e9sident du Synode du Maharashtra. Son m\u00e9decin l\u2019a inform\u00e9 de la n\u00e9cessit\u00e9 d\u2019une intervention chirurgicale sur ses yeux. Priez aussi pour la provision financi\u00e8re n\u00e9cessaire \u00e0 la chirurgie.<\/li>\n<\/ul>\n<p><strong>NOUVELLE-Z\u00c9LANDE<br \/>\n<\/strong>Veuillez prier pour :<\/p>\n<ul>\n<li>La Semaine Annuelle d\u2019Impact Mondial des \u00c9glises de l\u2019Alliance de Nouvelle-Z\u00e9lande, qui se tiendra du 30 octobre au 6 novembre. Priez \u00e9galement pour la sagesse et les conseils de Dieu au r\u00e9v\u00e9rend Andrew Marshall, pr\u00e9sident des \u00c9glises de l\u2019Alliance de Nouvelle-Z\u00e9lande, et \u00e0 son \u00e9quipe alors qu\u2019ils se pr\u00e9parent pour cet \u00e9v\u00e9nement.<\/li>\n<\/ul>\n<p>&nbsp;<\/p>\n<p><strong>2) R\u00c9GION AM\u00c9RIQUE DU NORD DE L\u2019UMA<\/strong><\/p>\n<p><strong>\u00c9TATS UNIS<br \/>\n<\/strong>Louez Dieu pour :<\/p>\n<ul>\n<li>La vente de la propri\u00e9t\u00e9 de Colorado Springs du Bureau National de l\u2019Alliance am\u00e9ricaine \u00e0 une organisation engag\u00e9e dans le soin continu des membres de sa communaut\u00e9.<\/li>\n<\/ul>\n<p>Veuillez prier pour :<\/p>\n<ul>\n<li>Que les \u00e9glises de l\u2019Alliance am\u00e9ricaine continuent de trouver et de saisir des opportunit\u00e9s pour aider les personnes d\u00e9vast\u00e9es par l\u2019ouragan Ida.<\/li>\n<li>Les \u00e9glises de l\u2019Alliance alors qu\u2019elles se pr\u00e9parent \u00e0 l\u2019afflux de r\u00e9fugi\u00e9s afghans. Priez \u00e9galement pour que les \u00e9glises trouvent des moyens pratiques d\u2019aider \u00e0 r\u00e9installer les r\u00e9fugi\u00e9s et les immigrants de mani\u00e8re \u00e0 montrer l\u2019attention et la compassion de Christ.<\/li>\n<li>Le personnel du Bureau National dans les diff\u00e9rentes \u00e9tapes du d\u00e9m\u00e9nagement \u00e0 Columbus, Ohio. Priez \u00e9galement pour ceux qui continueront \u00e0 servir \u00e0 distance et pour ceux qui restent dans le Colorado afin de rechercher de nouvelles opportunit\u00e9s d\u2019emploi.<\/li>\n<li>Que la pr\u00e9sence du Bureau National de l\u2019Alliance en Ohio se caract\u00e9rise non seulement par son engagement continu envers ses \u00e9glises am\u00e9ricaines et ses minist\u00e8res mondiaux, mais aussi par son souci des personnes n\u00e9glig\u00e9es et mal desservies dans sa propre communaut\u00e9.<\/li>\n<\/ul>\n<p>&nbsp;<\/p>\n<p><strong>3) R\u00c9GION AFRIQUE DE L\u2019UMA<\/strong><\/p>\n<p><strong>UNION PANAFRICAINE DES FEMMES DE L\u2019ALLIANCE<br \/>\n<\/strong>Veuillez prier pour :<\/p>\n<ul>\n<li>Les cinq s\u0153urs qui ont \u00e9t\u00e9 test\u00e9es positives pour COVID-19 lors de l\u2019assembl\u00e9e g\u00e9n\u00e9rale tenue du 1er au 5 septembre \u00e0 Cotonou, au B\u00e9nin, et sont en quarantaine. Priez pour la protection de Dieu, un prompt r\u00e9tablissement et un soutien spirituel et financier.<\/li>\n<\/ul>\n<p><strong>MALI<br \/>\n<\/strong>Veuillez prier pour :<\/p>\n<ul>\n<li>Les \u00e9glises de la r\u00e9gion nord-est. Puissent-ils continuer \u00e0 \u00eatre forts sous la pression des djihadistes. Priez aussi que Dieu les fortifie et leur donne de l\u2019espoir.<\/li>\n<li>La s\u00e9curit\u00e9 du peuple malien. La s\u00e9curit\u00e9 du Mali se d\u00e9t\u00e9riore de jour en jour.<\/li>\n<\/ul>\n<p><strong>CONGO (BRAZZAVILLE)<br \/>\n<\/strong>Veuillez prier pour :<\/p>\n<ul>\n<li>La provision de Dieu pour le d\u00e9ploiement r\u00e9ussi de ses serviteurs dans les champs missionnaires \u00e0 travers le pays. Puisse le Saint-Esprit apporter une nouvelle impulsion, et puissions-nous, \u00e0 travers cette \u0153uvre d\u2019\u00e9vang\u00e9lisation et de mission, atteindre les objectifs du mandat du Christ.<\/li>\n<\/ul>\n<p><strong>ANGOLA<br \/>\n<\/strong>Veuillez prier pour :<\/p>\n<ul>\n<li>La direction et la sagesse de Dieu aux fr\u00e8res de l\u2019est du pays qui ont \u00e9t\u00e9 promus pasteurs auxiliaires.<\/li>\n<li>Pour le confinement des cas de COVID-19 apr\u00e8s la mise en place d\u2019une barri\u00e8re sanitaire \u00e0 Luanda.<\/li>\n<\/ul>\n<hr \/>\n<p><strong>8 septembre 2021<\/strong><\/p>\n<p><strong>R\u00c9GION CLA (AM\u00c9RIQUE LATINE) DE L\u2019UMA<\/strong><\/p>\n<p><strong>\u00c9QUATEUR<br \/>\n<\/strong>Veuillez prier pour :<\/p>\n<ul>\n<li>Les jeunes de l&rsquo;Alliance de l&rsquo;\u00c9quateur. Ils tiendront bient\u00f4t leur convention nationale de 2021 sur le th\u00e8me \u00ab\u00a0Renaissance \u00bb.<\/li>\n<li>Le D\u00e9partement National des Missions Mondiales. Le projet Afrique de l&rsquo;Ouest est en marche, avec l&rsquo;arriv\u00e9e r\u00e9cente de la famille Gonzales Arias, qui soutient les missions dans ce lieu.<\/li>\n<li>Chacune des 335 \u00e9glises de l&rsquo;Alliance qui continuent \u00e0 faire des dons aux pauvres depuis le d\u00e9but de la pand\u00e9mie jusqu&rsquo;\u00e0 aujourd&rsquo;hui.<\/li>\n<li>Les pr\u00e9sidents des districts de la CMA et les comit\u00e9s de travail. Que le Seigneur les fortifie spirituellement et physiquement et guide toutes les activit\u00e9s pr\u00e9vues.<\/li>\n<li>Les pr\u00e9paratifs que l&rsquo;Alliance de l&rsquo;\u00c9quateur \u2013 et en particulier l&rsquo;\u00c9glise Centrale de Milagro \u2013 fait pour organiser la Quadriennale de l&rsquo;UMA en octobre.<\/li>\n<\/ul>\n<p><strong>BOLIVIE<br \/>\n<\/strong>Louez Dieu pour :<\/p>\n<ul>\n<li>La conf\u00e9rence sur le th\u00e8me \u00ab Une \u00e9glise militante en temps de confusion \u00bb, organis\u00e9e le 21 ao\u00fbt par Zoom. Les orateurs \u00e9taient le Pasteur Cristian Salgado et le Pasteur Ramiro Machicado. Prions pour que cette premi\u00e8re conf\u00e9rence sur l&rsquo;apolog\u00e9tique dans l&rsquo;Alliance bolivienne puisse conduire \u00e0 une formation plus pouss\u00e9e sur ce sujet dans nos \u00e9glises.<\/li>\n<\/ul>\n<p>Veuillez prier pour\u00a0:<\/p>\n<ul>\n<li>La formation des dirigeants et des pasteurs de l&rsquo;Alliance bolivienne \u00e0 travers le s\u00e9minaire biblique et les programmes de pr\u00e9paration dans les \u00e9glises locales.<\/li>\n<li>La protection de Dieu pour nos pasteurs, dirigeants et membres d&rsquo;\u00e9glise en raison des risques de contagion par COVID-19.<\/li>\n<li>De nouveaux projets d&rsquo;implantation d&rsquo;\u00e9glises dans les r\u00e9gions o\u00f9 il n&rsquo;y a pas de travail de l&rsquo;Alliance.<\/li>\n<li>La situation politique en Bolivie en raison de l&rsquo;arrestation de plusieurs dirigeants politiques de l&rsquo;opposition et des divisions existantes dans le pays.<\/li>\n<\/ul>\n<p><strong>VENEZUELA<br \/>\n<\/strong>Veuillez prier pour\u00a0:<\/p>\n<ul>\n<li>Les programmes d&rsquo;\u00e9vang\u00e9lisation et de formation de disciples qui sont d\u00e9velopp\u00e9s dans l&rsquo;\u00e9glise. Que le Seigneur donne une moisson abondante et am\u00e8ne de nouveaux ouvriers \u00e0 sa moisson.<\/li>\n<li>Les membres de nos congr\u00e9gations et leurs familles. Que le Seigneur les lib\u00e8re de la contagion de COVID-19 et apporte force et gu\u00e9rison \u00e0 ceux qui sont infect\u00e9s ou qui ont d&rsquo;autres maladies.<\/li>\n<li>L&rsquo;\u00e9quipe minist\u00e9rielle de Coro. Que Dieu les guide et leur fournisse les moyens, le lieu et les ressources dans la pr\u00e9paration de la c\u00e9l\u00e9bration du 13e anniversaire de l&rsquo;\u00e9glise.<\/li>\n<li>Les bapt\u00eames en octobre. Que le Seigneur fortifie la foi et prot\u00e8ge les fr\u00e8res et s\u0153urs qui seront baptis\u00e9s.<\/li>\n<li>Le Conseil d&rsquo;Administration National et les pasteurs de l&rsquo;Alliance du Venezuela. Priez pour des conseils, de la sagesse, de la direction et de la sant\u00e9, ainsi que pour la force physique, \u00e9motionnelle et spirituelle.<\/li>\n<li>Paix, mis\u00e9ricorde et salut pour le Venezuela. Priez \u00e9galement pour la provision, le confort et la force des familles dans les r\u00e9gions touch\u00e9es par les inondations.<\/li>\n<\/ul>\n<p><strong>BR\u00c9SIL<br \/>\n<\/strong>Veuillez prier pour\u00a0:<\/p>\n<ul>\n<li>Le D\u00e9partement National des Missions de l&rsquo;Alliance Br\u00e9silienne : soutien financier et sant\u00e9 physique et \u00e9motionnelle du couple missionnaire Andr\u00e9 et T\u00e2nia. Priez \u00e9galement pour la famille Albuquerque qui rejoindra bient\u00f4t l&rsquo;\u00e9quipe des missions au Portugal. Puissent leurs visas \u00eatre approuv\u00e9s \u00e0 temps et puissent-ils r\u00e9unir les fonds n\u00e9cessaires.<\/li>\n<li>S\u00e9minaire Th\u00e9ologique A. W. Tozer : que Dieu am\u00e8ne de nouveaux \u00e9tudiants et qu&rsquo;ils aient les ressources financi\u00e8res n\u00e9cessaires pour le d\u00e9veloppement du s\u00e9minaire.<\/li>\n<li>Le D\u00e9partement d&rsquo;Implantation d&rsquo;\u00c9glises (Missional Focus) : pour Santos Espillco et le travail qu&rsquo;il fait avec les enfants de la ville de Sorocaba \u00e0 l&rsquo;int\u00e9rieur de l&rsquo;\u00e9tat de S\u00e3o Paulo. Priez aussi pour Leandro et l&rsquo;\u00e9glise que lui et son \u00e9quipe implantent dans une \u00e9cole de la ville de Diadema, dans la r\u00e9gion m\u00e9tropolitaine de S\u00e3o Paulo.<\/li>\n<\/ul>\n<p><strong>ARGENTINE<br \/>\n<\/strong>Veuillez prier pour\u00a0:<\/p>\n<ul>\n<li>Les \u00e9glises de l&rsquo;Alliance en Argentine. Pour le moment, ils jouissent de certaines libert\u00e9s pour effectuer des activit\u00e9s et des services en personne.<\/li>\n<li>La sagesse pour les pasteurs qui prennent soin des personnes endeuill\u00e9es.<\/li>\n<li>La paix dans notre nation lors des \u00e9lections primaires l\u00e9gislatives qui auront lieu ce mois-ci.<\/li>\n<li>L&rsquo;\u00e9glise soit l&rsquo;instrument de Dieu pour apporter un r\u00e9veil spirituel \u00e0 notre pays.<\/li>\n<\/ul>\n<p><strong>P\u00c9ROU<br \/>\n<\/strong>Veuillez prier pour\u00a0:<\/p>\n<ul>\n<li>Que le Seigneur renouvelle notre vision de l&rsquo;avenir de l&rsquo;\u00e9glise nationale, r\u00e9gionale et locale. Qu&rsquo;il nous permette de r\u00e9aliser cette vision, selon sa volont\u00e9.<\/li>\n<li>Que la pr\u00e9sence de Dieu soit per\u00e7ue au milieu de tout ce qui se passe maintenant et qui se passera au P\u00e9rou dans les ann\u00e9es \u00e0 venir.<\/li>\n<li>Les autorit\u00e9s gouvernementales de notre pays. Pour le bien du peuple, que le Seigneur leur accorde la sagesse dans chaque d\u00e9cision qu&rsquo;ils prennent.<\/li>\n<\/ul>\n<p><strong>HONDURAS<br \/>\n<\/strong>Veuillez prier pour\u00a0:<\/p>\n<ul>\n<li>Les pasteurs des communaut\u00e9s indig\u00e8nes. Que le Seigneur continue de les encourager \u00e0 continuer le travail.<\/li>\n<li>Les \u00e9glises dans les diff\u00e9rentes r\u00e9gions des villes. Puissent-ils grandir et \u00eatre autonomes.<\/li>\n<li>De nouveaux dirigeants qui travaillent avec les jeunes et pour les nouveaux enseignants d&rsquo;\u00e9tudes bibliques.<\/li>\n<li>La provision de Dieu pour un projet de construction d&rsquo;une \u00e9cole du dimanche et d&rsquo;un bureau pastoral.<\/li>\n<\/ul>\n<hr \/>\n<p><strong>1er septembre 2021<\/strong><\/p>\n<p><strong>R\u00c9GION EMERALD (EUROPE ET MOYEN-ORIENT) DE L\u2019UMA<br \/>\n<\/strong>Veuillez prier pour :<\/p>\n<ul>\n<li>La mobilisation des \u00e9glises nationales de l\u2019Alliance dans la r\u00e9gion pour assister \u00e0 la Convocation Quadriennale de l\u2019UMA en \u00c9quateur afin que toutes nos \u00e9glises nationales y soient repr\u00e9sent\u00e9es.<\/li>\n<\/ul>\n<p><strong>MOBILISATION MISSIONNAIRE DE L\u2019EMERALD DE L\u2019UMA<br \/>\n<\/strong>Veuillez prier pour :<\/p>\n<ul>\n<li>La conf\u00e9rence missionnaire de l\u2019Alliance espagnole en septembre aux Canaries. Priez pour que cela soit le catalyseur de nombreuses autres conf\u00e9rences missionnaires nationales dans toute la r\u00e9gion.<\/li>\n<\/ul>\n<p><strong>MINIST\u00c8RE DE LA DIASPORA DE L\u2019ALLIANCE<br \/>\n<\/strong>Veuillez prier pour :<\/p>\n<ul>\n<li>La nouvelle vague de r\u00e9fugi\u00e9s afghans qui arrivent maintenant en Europe. Priez aussi pour le minist\u00e8re des \u00e9glises de l\u2019Alliance et des ouvriers parmi eux.<\/li>\n<\/ul>\n<p><strong>IRAK (\u00c9GLISE DE L\u2019ALLIANCE D\u2019ERBIL)<br \/>\n<\/strong>Louez Dieu pour :<\/p>\n<ul>\n<li>La paperasse qui se passe bien pour le nouveau b\u00e2timent de l\u2019\u00e9glise. Merci de continuer \u00e0 prier pour ce nouveau b\u00e2timent.<\/li>\n<\/ul>\n<p>Veuillez prier pour :<\/p>\n<ul>\n<li>Les \u00e9quipes de l\u2019adoration et des m\u00e9dias. Priez que le Seigneur am\u00e8ne de nouvelles personnes pour servir de b\u00e9n\u00e9diction pour l\u2019\u00e9glise.<\/li>\n<li>Les jeunes de cette g\u00e9n\u00e9ration qui ne sont pas toujours pr\u00e9sents.<\/li>\n<li>Le discipulat en petits groupes. Que le Saint-Esprit \u0153uvre dans la vie des disciples pour qu\u2019ils deviennent des croyants m\u00fbrs impliqu\u00e9s dans l\u2019extension du royaume.<\/li>\n<li>Les r\u00e9fugi\u00e9s syriens. Beaucoup sont ouverts d\u2019esprit et veulent entendre parler de J\u00e9sus, mais peu de travailleurs sont disponibles. Priez que le Seigneur de la moisson envoie des ouvriers. Priez aussi pour leurs besoins physiques et psychologiques.<\/li>\n<\/ul>\n<p><strong>RUSSIE<br \/>\n<\/strong>Veuillez prier pour :<\/p>\n<ul>\n<li>Les nombreuses familles de l\u2019\u00e9glise qui ont \u00e9t\u00e9 touch\u00e9es par la pand\u00e9mie.<\/li>\n<li>Le peuple russe qui est profond\u00e9ment touch\u00e9 par la derni\u00e8re vague de COVID-19. Plus de 5 000 personnes meurent chaque semaine.<\/li>\n<\/ul>\n<p><strong>FRANCE<br \/>\n<\/strong>Louez Dieu pour :<\/p>\n<ul>\n<li>Le minist\u00e8re revitalis\u00e9 du centre \u00ab Oasis des Cultures \u00bb pour les r\u00e9fugi\u00e9s \u00e0 Toulouse, o\u00f9 les membres de plusieurs \u00e9glises se sont r\u00e9unis pour aider les r\u00e9fugi\u00e9s et partager la Parole de Dieu.<\/li>\n<\/ul>\n<p>Veuillez prier pour :<\/p>\n<ul>\n<li>Les familles et les enfants de l\u2019\u00e9glise. Plusieurs \u00e9glises n\u2019ont pas suffisamment d\u2019espace pour organiser des activit\u00e9s d\u2019\u00e9cole du dimanche conform\u00e9ment aux r\u00e8gles gouvernementales COVID-19.<\/li>\n<li>Les \u00e9glises de l\u2019Alliance en France alors qu\u2019elles se pr\u00e9parent pour la nouvelle ann\u00e9e scolaire.<\/li>\n<\/ul>\n<p><strong>GRANDE BRETAGNE<br \/>\n<\/strong>Vida y Familia (Vie et Famille) est une \u00e9glise hispanophone bas\u00e9e \u00e0 Londres. Ils se sont rencontr\u00e9s via Zoom pendant la pand\u00e9mie et ont maintenant un rassemblement mondial qui comprend des personnes du Royaume-Uni, d\u2019Espagne, du Japon, du P\u00e9rou et d\u2019Argentine.<br \/>\nVeuillez prier pour :<\/p>\n<ul>\n<li>Isabel de Londres, Christian de Barcelone et Eleuterio &amp; Belisario du P\u00e9rou. Ils ont r\u00e9pondu \u00e0 l\u2019\u00e9vangile et cherchent Christ dans leur vie.<\/li>\n<li>Les plans dans les mois \u00e0 venir pour d\u00e9marrer un groupe d\u2019\u00e9tude de la Bible en anglais, revenir en personne le dimanche et organiser deux r\u00e9unions de fraternit\u00e9 dans le nord et le sud de Londres.<\/li>\n<\/ul>\n<p>Nous vous demandons de prier pour ce qui suit pour notre famille d\u2019\u00e9glise : aimer Dieu par-dessus tout ; aimer tout le monde comme le fait J\u00e9sus-Christ ; \u00eatre une \u00e9glise en pri\u00e8re ; avoir faim et soif de la Parole de Dieu ; \u00eatre rempli du Saint-Esprit.<\/p>\n<p>&nbsp;<\/p>\n<hr \/>\n<p>&nbsp;<\/p>\n<h2><strong>Pri\u00e8res de l\u2019UMA \u2013 Ao\u00fbt 2021<\/strong><\/h2>\n<p>&nbsp;<\/p>\n<p><strong>25 ao\u00fbt 2021<\/strong><\/p>\n<p><strong>R\u00c9GION AFRIQUE DE L\u2019UMA<\/strong><\/p>\n<p><strong>MALI<br \/>\n<\/strong>Veuillez prier pour :<\/p>\n<ul>\n<li>L\u2019Assembl\u00e9e G\u00e9n\u00e9rale de l\u2019\u00e9glise nationale, du 8 au 11 septembre, \u00e0 Koutiala. Priez aussi pour la s\u00e9curit\u00e9 de tous les participants.<\/li>\n<li>La tenue de camps bibliques pour les jeunes dans de nombreux districts. Puissent-ils se d\u00e9rouler en paix en ao\u00fbt et septembre.<\/li>\n<li>La gestion des fonds re\u00e7us de l\u2019UMA pour le soutien des pasteurs en difficult\u00e9. Que Dieu soit glorifi\u00e9 pour l\u2019aide re\u00e7ue.<\/li>\n<\/ul>\n<p><strong>LIB\u00c9RIA<br \/>\n<\/strong>Veuillez prier pour :<\/p>\n<ul>\n<li>La direction et la protection de Dieu en raison de l\u2019\u00e9mergence d\u2019une nouvelle variante de COVID-19. Les \u00e9glises sont autoris\u00e9es \u00e0 se r\u00e9unir en personne, mais le protocole sanitaire n\u2019autorise qu\u2019une vingtaine de personnes par service. Priez aussi pour que les membres soient renforc\u00e9s pour assister aux diff\u00e9rents services que nos \u00e9glises organisent chaque dimanche.<\/li>\n<li>Le S\u00e9minaire Th\u00e9ologique de la Libert\u00e9 (CMA) qui a form\u00e9 les pasteurs de la Grande Commission. Priez aussi pour les nouveaux \u00e9tudiants et enseignants, et pour les besoins financiers du s\u00e9minaire et des \u00e9tudiants.<\/li>\n<li>L\u2019association nationale des femmes de l\u2019\u00c9glise CMA au Lib\u00e9ria. Ils ont tenu leur 39e conf\u00e9rence annuelle du 12 au 15 ao\u00fbt. Priez pour le plan des femmes de visiter toutes les \u00e9glises du Lib\u00e9ria avant leur prochaine conf\u00e9rence en 2022. Priez \u00e9galement pour les dirigeants car ils veulent aider le projet de construction de l\u2019\u00e9glise du si\u00e8ge.<\/li>\n<li>L\u2019audace de l\u2019\u00e9glise de l\u2019Alliance du Lib\u00e9ria \u00e0 pr\u00eacher l\u2019\u00e9vangile. Priez aussi pour que les membres des Religieux Traditionnels Africains de notre pays acceptent J\u00e9sus-Christ comme Seigneur.<\/li>\n<li>Le projet d\u2019implantation d\u2019\u00e9glises de l\u2019\u00e9glise nationale et le programme de formation missionnaire \u00e0 domicile dans notre s\u00e9minaire. Priez pour que plus d\u2019hommes et de femmes soient form\u00e9s pour implanter de nouvelles \u00e9glises dans notre pays.<\/li>\n<\/ul>\n<p><strong>R\u00c9PUBLIQUE D\u00c9MOCRATIQUE DU CONGO (RDC)<br \/>\n<\/strong>Louez Dieu pour :<\/p>\n<ul>\n<li>Le succ\u00e8s de l\u2019Assembl\u00e9e G\u00e9n\u00e9rale Synodale de l\u2019\u00e9glise de l\u2019Alliance de la RDC qui s\u2019est tenue \u00e0 Boma du 13 au 15 ao\u00fbt. Gr\u00e2ce \u00e0 la direction de Dieu, ils ont r\u00e9ussi \u00e0 faire six jours de travail en deux.<\/li>\n<\/ul>\n<p>Veuillez prier pour :<\/p>\n<ul>\n<li>La gu\u00e9rison de deux leaders qui n\u2019ont pu assister \u00e0 l\u2019Assembl\u00e9e G\u00e9n\u00e9rale Synodale pour des raisons de sant\u00e9 : Mme Alphonsine Bunda, Responsable du D\u00e9partement du Social, et le R\u00e9v\u00e9rend Isaiah Muanda, Responsable du D\u00e9partement de la Pri\u00e8re. Tous deux suivent un traitement \u00e0 Kinshasa. Priez aussi pour que Dieu apporte la gu\u00e9rison aux membres malades dans nos \u00e9glises.<\/li>\n<li>La crise des vocations dans l\u2019\u00e9glise de la RDC dans les zones rurales. Que Dieu suscite des hommes et des femmes pr\u00eats \u00e0 le servir dans les zones rurales du pays.<\/li>\n<li>Les Assembl\u00e9es G\u00e9n\u00e9rales de tous les districts eccl\u00e9siastiques. Les r\u00e9unions auront lieu du 13 au 19 septembre dans toute l\u2019\u00e9glise nationale. Que tous les ouvriers des districts renouvellent leur engagement de service envers Dieu.<\/li>\n<li>Le bien-\u00eatre physique, \u00e9motionnel et social des familles victimes de l\u2019\u00e9ruption volcanique du Mont Nyiragongo.<\/li>\n<\/ul>\n<ul>\n<li>Le programme de formation des serviteurs locaux dans les colonies des provinces du Katanga et du Kwilu, qui d\u00e9butera dans les prochains mois.<\/li>\n<li>La guerre contre le terrorisme \u00e0 l\u2019Est. Ils sont toujours confront\u00e9s \u00e0 un contexte politique difficile. Priez aussi pour la s\u00e9curit\u00e9, la paix et le r\u00e9confort de Dieu pour les familles dont les proches sont morts dans ce conflit.<\/li>\n<\/ul>\n<p><strong>CONGO (BRAZZAVILLE)<br \/>\n<\/strong>Louez Dieu pour :<\/p>\n<ul>\n<li>Sa protection et paix lors de la c\u00e9l\u00e9bration du 61e anniversaire de l\u2019ind\u00e9pendance de la R\u00e9publique du Congo le dimanche 15 ao\u00fbt.<\/li>\n<\/ul>\n<p>Veuillez prier pour :<\/p>\n<ul>\n<li>Que tous les Congolais soient unis, quel que soit leur groupe ethnique, langue, religion, r\u00e9gion ou district g\u00e9ographique.<\/li>\n<li>Que les serviteurs de Dieu travaillent pour soulager la douleur du peuple. Que le corps du Christ soit impliqu\u00e9 dans le partage de la bonne nouvelle de la d\u00e9livrance totale de la division et de l\u2019inimiti\u00e9.<\/li>\n<li>L\u2019\u00e9mergence de l\u2019amour congolais pour le travail. Que Dieu renouvelle la vision des gens de d\u00e9velopper l\u2019expertise dans notre pays. Et puissent-ils r\u00e9aliser la promotion de l\u2019\u00e9galit\u00e9 des chances.<\/li>\n<li>Des initiatives visant \u00e0 cr\u00e9er de nouveaux emplois. Que la courbe du ch\u00f4mage cesse de monter et se stabilise avec une nouvelle perspective de hausse des taux d\u2019emploi.<\/li>\n<li>Que Dieu d\u00e9livre le Congo du cycle de la pauvret\u00e9, du sous-d\u00e9veloppement et de la propagation des maladies tropicales. Que les peuples \u00e9prouvent une nouvelle envie d\u2019avancer dans un d\u00e9veloppement int\u00e9gral et durable.<\/li>\n<li>Que Dieu utilise son \u00e9glise comme un outil de d\u00e9veloppement holistique. Puissent les chr\u00e9tiens faire briller la lumi\u00e8re de J\u00e9sus et \u00eatre source de changement dans leurs communaut\u00e9s.<\/li>\n<\/ul>\n<p><strong>ANGOLA<br \/>\n<\/strong>Veuillez prier pour :<\/p>\n<ul>\n<li>L\u2019assembl\u00e9e g\u00e9n\u00e9rale de l\u2019Alliance d\u2019Angola, du 23 au 29 ao\u00fbt. Que Dieu guide les d\u00e9cisions et apporte une atmosph\u00e8re de paix et d\u2019unit\u00e9.<\/li>\n<li>La direction et la protection de Dieu pour ceux qui se rendront en \u00c9quateur pour assister \u00e0 la Convocation quadriennale de l\u2019AWF. Priez aussi pour que les fronti\u00e8res des pays s\u2019ouvrent afin qu\u2019ils puissent voyager en toute s\u00e9curit\u00e9.<\/li>\n<li>Les soins et la protection du Seigneur pour les \u00e9tudiants et les enseignants. La nouvelle ann\u00e9e scolaire va bient\u00f4t commencer, malgr\u00e9 l\u2019augmentation des cas de COVID-19.<\/li>\n<li>S\u0153ur Ester, qui s\u2019est rendue en RDC pour subir un traitement \u00e0 l\u2019h\u00f4pital. Elle est l\u2019\u00e9pouse du Pasteur Alberto Guala, pr\u00e9sident de l\u2019Alliance d\u2019Angola.<\/li>\n<li>La direction et la sagesse de Dieu aux autorit\u00e9s gouvernementales dans la lutte contre la corruption dans notre pays.<\/li>\n<\/ul>\n<hr>\n<p><strong>18 ao\u00fbt 2021<\/strong><\/p>\n<p><strong>1) R\u00c9GION APAC (ASIE-PACIFIQUE) DE L\u2019UMA<\/strong><\/p>\n<p><strong>VI\u00caTNAM (SUD)<br \/>\n<\/strong>Le Vi\u00eatnam fait face \u00e0 la quatri\u00e8me et la plus f\u00e9roce vague de COVID-19. Le gouvernement a pu contr\u00f4ler les trois premiers vagues bien. Mais, au cours des trois derniers mois, le nombre de personnes infect\u00e9es et d\u00e9c\u00e9d\u00e9es a consid\u00e9rablement augment\u00e9. L\u2019\u00e9glise de la CMA (au sud) dirige un Institut de Bible et de Th\u00e9ologie avec environ 300 \u00e9tudiants. Ils ont arr\u00eat\u00e9 les activit\u00e9s scolaires depuis le d\u00e9but de cette nouvelle vague de COVID-19. Cependant, les \u00e9l\u00e8ves, les enseignants et le personnel n\u2019ont pas pu rentrer chez eux et sont rest\u00e9s en quarantaine dans le dortoir de l\u2019\u00e9cole. Sur un total de 306 personnes, 287 ont \u00e9t\u00e9 infect\u00e9es par le coronavirus et deux \u00e9tudiants sont d\u00e9c\u00e9d\u00e9s. La situation s\u2019est am\u00e9lior\u00e9e ces derni\u00e8res semaines et la phase la plus dangereuse de la maladie est derri\u00e8re nous. S\u2019il vous pla\u00eet, joignez-vous \u00e0 nous pour prier pour :<\/p>\n<ul>\n<li>La pleine r\u00e9cup\u00e9ration des \u00e9tudiants et du personnel du s\u00e9minaire. Que le Seigneur les gu\u00e9risse physiquement, \u00e9motionnellement et spirituellement en pr\u00e9paration de leur minist\u00e8re pendant cette p\u00e9riode incertaine.<\/li>\n<li>Les projets de secours et les efforts de l\u2019\u00e9glise pour aider la communaut\u00e9 souffrant \u00e0 cause de COVID-19 et de la mauvaise situation \u00e9conomique.<\/li>\n<li>Les politiques gouvernementales de lutte contre le COVID-19 : syst\u00e8me de sant\u00e9, vaccination et justice pour les pauvres.<\/li>\n<li>La foi des croyants et les changements n\u00e9cessaires de l\u2019\u00e9glise pour nourrir leurs membres pendant cette p\u00e9riode difficile.<\/li>\n<\/ul>\n<p><strong>UNION DE L\u2019ALLIANCE NATIONALE DE L\u2019INDE (NAFI)<br \/>\n<\/strong>Louez Dieu pour :<\/p>\n<ul>\n<li>Le succ\u00e8s de la conf\u00e9rence virtuelle de NAFI qui s\u2019est tenue du 9 au 10 ao\u00fbt sur Zoom avec le th\u00e8me \u00ab&nbsp;Festival d\u2019Adoration&nbsp;\u00bb. La conf\u00e9rence a r\u00e9uni plus de 100 pasteurs et dirigeants de l\u2019Alliance de tous les synodes indiens, de Calcutta, des membres des \u00e9glises de la CMA en Inde ainsi que d\u2019autres pays.<\/li>\n<\/ul>\n<p><strong>CONF\u00c9RENCE R\u00c9GIONALE DE L\u2019APAC<br \/>\n<\/strong>Veuillez prier pour :<\/p>\n<ul>\n<li>La conf\u00e9rence r\u00e9gionale virtuelle de l\u2019APAC qui se tiendra les 2-3 septembre.<\/li>\n<li>La direction et la sagesse de Dieu pour l\u2019\u00e9lection du nouveau coordinateur r\u00e9gional et des membres du comit\u00e9 de coordination r\u00e9gional.<\/li>\n<li>Que l\u2019effusion de la pr\u00e9sence du Saint-Esprit se manifeste sur les orateurs invit\u00e9s alors qu\u2019ils partagent la Parole de Dieu.<\/li>\n<li>Une bonne connexion internet pour tous les participants.<\/li>\n<\/ul>\n<p>&nbsp;<\/p>\n<p><strong>2) R\u00c9GION NORD-AM\u00c9RICAINE DE L\u2019UMA<\/strong><\/p>\n<p><strong>CANADA<br \/>\n<\/strong>Veuillez prier pour :<\/p>\n<ul>\n<li>Nos professeurs et leur retour \u00e0 l\u2019\u00e9cole. Priez aussi pour nos \u00e9l\u00e8ves, car ils peuvent \u00eatre anxieux \u00e0 cause de la nouvelle ann\u00e9e scolaire qui approche. Que les enseignants et les \u00e9l\u00e8ves passent une ann\u00e9e b\u00e9nie pleine d\u2019apprentissage avec un minimum d\u2019interruptions de COVID-19.<\/li>\n<li>Nos \u00e9glises alors qu\u2019elles s\u2019attendent \u00e0 pouvoir accueillir plus de personnes dans leurs b\u00e2timents. Priez aussi pour tous les Canadiens qui sont nerveux \u00e0 l\u2019id\u00e9e d\u2019aller \u00e0 l\u2019\u00e9glise en personne. Priez pour la gr\u00e2ce et la compr\u00e9hension de leurs pairs, et pour la courage alors qu\u2019ils naviguent pour rejoindre la communaut\u00e9 des croyants.<\/li>\n<li>Nos travailleurs internationaux qui sont en mission \u00e0 domicile. Puissent-ils pouvoir profiter de ce temps pour se reconnecter et se ressourcer. Priez aussi pour les transitions auxquelles ils sont confront\u00e9s et pour qu\u2019ils continuent \u00e0 voir la main de Dieu se d\u00e9placer dans leur vie.<\/li>\n<\/ul>\n<p><strong>\u00c9TATS UNIS<br \/>\n<\/strong>Louez Dieu pour :<\/p>\n<ul>\n<li>Le grand nombre de nos travailleurs internationaux qui ont pu retourner \u00e0 leur lieu de travail. Nous en avons encore quelques d\u2019eux qui ne peuvent pas revenir en raison des restrictions COVID-19. Priez pour la sagesse sur la fa\u00e7on de proc\u00e9der et que les restrictions soient bient\u00f4t lev\u00e9es afin que nos travailleurs puissent retourner aupr\u00e8s des personnes qu\u2019ils aiment.<\/li>\n<\/ul>\n<hr>\n<p><strong>11 ao\u00fbt 2021<\/strong><\/p>\n<p><strong>R\u00c9GION CLA (AM\u00c9RIQUE LATINE) DE L\u2019UMA<\/strong><\/p>\n<p><strong>CHILI<\/strong><br \/>\nLouez Dieu pour :<\/p>\n<ul>\n<li>La c\u00e9l\u00e9bration du centenaire de notre S\u00e9minaire Th\u00e9ologique. C\u2019est un centre de formation et de sp\u00e9cialisation pour les futurs pasteurs, responsables et missionnaires. Leur th\u00e8me est Cent ans &#8211; \u00e0 Dieu soit la gloire !<\/li>\n<li>L\u2019influence sociale que notre \u00e9glise nationale a \u00e0 travers la Fondation pour l\u2019\u00c9ducation (\u00e9coles rurales), la Maison des Enfants et la Fondation Semejantes (sers aux personnes ayant des capacit\u00e9s physiques diff\u00e9rentes).<\/li>\n<li>Notre corps pastoral, qui sert du nord au sud. Ils ont eu des p\u00e9riodes d\u2019entra\u00eenement virtuelles \u00e9difiantes.<\/li>\n<li>Beaucoup de nos \u00e9glises qui ont aid\u00e9 \u00e0 nourrir et \u00e0 soigner les personnes dans le besoin \u00e0 la suite de la pand\u00e9mie.<\/li>\n<li>Les \u00e9glises qui ont pu construire de nouveaux temples pendant la pand\u00e9mie.<\/li>\n<li>La situation COVID-19 plus contr\u00f4l\u00e9e avec un pourcentage \u00e9lev\u00e9 de personnes vaccin\u00e9es.<\/li>\n<\/ul>\n<p>Veuillez prier pour :<\/p>\n<ul>\n<li>La \u00ab Journ\u00e9e des vocations minist\u00e9rielles \u00bb, qui sera c\u00e9l\u00e9br\u00e9e le 15 ao\u00fbt. Que le Seigneur continue d\u2019appeler les ouvriers dont l\u2019\u00e9glise a besoin.<\/li>\n<li>Le d\u00e9part d\u2019une nouvelle \u00e9quipe missionnaire vers les pays de la Sixi\u00e8me R\u00e9gion. Puissent-ils trouver des portes ouvertes pour s\u2019installer dans leurs lieux de destination.<\/li>\n<li>Les familles qui pleurent leurs proches d\u00e9c\u00e9d\u00e9s du COVID-19 et d\u2019autres maladies.<\/li>\n<li>La situation politique et sociale dans notre pays. Une convention constitutionnelle \u00e9labore une nouvelle constitution. Priez aussi pour que cela n\u2019entrave pas le travail des \u00e9glises et que les valeurs familiales et personnelles soient pr\u00e9serv\u00e9es.<\/li>\n<li>Les probl\u00e8mes ethniques, produits d\u2019approches id\u00e9ologiques, qui incluent \u00e9galement la vision spirituelle du monde.<\/li>\n<\/ul>\n<p><strong>BOLIVIE<\/strong><br \/>\nVeuillez prier pour :<\/p>\n<ul>\n<li>La conf\u00e9rence sur l\u2019apolog\u00e9tique chr\u00e9tienne et sur le r\u00f4le de l\u2019\u00e9glise bolivienne face \u00e0 l\u2019id\u00e9ologie du sexe, qui se tiendra le 21 ao\u00fbt.<\/li>\n<li>La formation biblique de nos membres d\u2019\u00e9glise \u00e0 travers des programmes d\u2019\u00e9tudes th\u00e9ologiques par extension.<\/li>\n<li>La formation de nouveaux dirigeants et pasteurs \u00e0 travers le S\u00e9minaire Biblique de l\u2019Alliance dans les modules qui seront r\u00e9alis\u00e9s cette ann\u00e9e.<\/li>\n<li>La paix dans notre pays. Il y a des tensions politiques en raison de la poursuite des dirigeants politiques oppos\u00e9s au gouvernement.<\/li>\n<\/ul>\n<p><strong>VENEZUELA<\/strong><br \/>\nVeuillez prier pour :<\/p>\n<ul>\n<li>Notre corps pastoral. Que le Seigneur nous donne sagesse, discernement et conseils en ces temps difficiles.<\/li>\n<li>La croissance spirituelle des croyants, en particulier pour les jeunes et les enfants de nos \u00e9glises.<\/li>\n<li>La sant\u00e9 et la protection en ces temps. Surtout pour le r\u00e9tablissement total du pasteur V\u00edctor N\u00fa\u00f1ez et de sa famille, du pasteur Ricardo Valladares, des s\u0153urs Coromoto Pinder et Flor de Lindo, et du fr\u00e8re Celso Padilla.<\/li>\n<li>Une place pour nos \u00e9glises \u00e0 Yagua, Cartanal et Belen.<\/li>\n<li>Le d\u00e9marrage de l\u2019\u00c9cole pour la famille et du Coll\u00e8ge de Pri\u00e8re dans les prochains mois.<\/li>\n<li>La stabilit\u00e9 politique et \u00e9conomique au Venezuela.<\/li>\n<\/ul>\n<p><strong>COLOMBIE<\/strong><br \/>\nLouez Dieu :<\/p>\n<ul>\n<li>Que, malgr\u00e9 la crise mondiale caus\u00e9e par la pand\u00e9mie, nous avons pu continuer \u00e0 avancer en tant qu\u2019\u00e9glise dans la r\u00e9alisation de plusieurs de nos objectifs.<\/li>\n<\/ul>\n<p>Veuillez prier pour :<\/p>\n<ul>\n<li>Le projet missionnaire \u00e0 Leticia, en Amazonie. Que le Seigneur nous guide selon sa volont\u00e9 et fournisse tous les moyens n\u00e9cessaires pour le travail l\u00e0-bas. Priez aussi pour que le Saint-Esprit nous remplisse de sa gr\u00e2ce afin que nous puissions travailler ensemble \u00e0 l\u2019extension de son royaume dans la r\u00e9gion amazonienne.<\/li>\n<li>Le soutien, les soins et la protection lors des \u00e9v\u00e9nements nationaux en personne que nous aurons.<\/li>\n<\/ul>\n<p><strong>BR\u00c9SIL<\/strong><br \/>\nVeuillez prier pour :<\/p>\n<ul>\n<li>Le missionnaire Andr\u00e9 Souza et sa famille. Pour un soutien financier, pour la sant\u00e9 \u00e9motionnelle de la famille et pour sa fille Let\u00edcia, qui ira \u00e0 l\u2019universit\u00e9 dans une autre ville.<\/li>\n<li>La direction du D\u00e9partement des Missions de l\u2019Alliance br\u00e9silienne. Que Dieu les remplisse de sagesse et de discernement.<\/li>\n<li>Que Dieu suscite de nouveaux implanteurs d\u2019\u00e9glises et pour le d\u00e9veloppement de nouveaux projets d\u2019implantation d\u2019\u00e9glises. Priez aussi pour l\u2019encouragement et l\u2019audace de ceux qui dirigent un projet d\u2019implantation d\u2019\u00e9glises.<\/li>\n<li>Le d\u00e9but des cours du deuxi\u00e8me semestre au S\u00e9minaire Th\u00e9ologique A. W. Tozer. Que les \u00e9tudiants et les enseignants aient un temps de croissance spirituelle. Priez aussi pour les nouveaux \u00e9tudiants.<\/li>\n<\/ul>\n<p><strong>\u00c9QUATEUR<\/strong><br \/>\nLouez Dieu pour :<\/p>\n<ul>\n<li>Le d\u00e9veloppement du processus de vaccination COVID-19 qui a \u00e9t\u00e9 effectu\u00e9 en \u00c9quateur.<\/li>\n<\/ul>\n<p>Veuillez prier pour :<\/p>\n<ul>\n<li>Les \u00e9tudiants du S\u00e9minaire Biblique Alliance, qui ont d\u00e9j\u00e0 commenc\u00e9 le nouveau cycle d\u2019\u00e9tudes en mode virtuel. Certains n\u2019ont pas pu entrer en raison de la situation \u00e9conomique. Que le Seigneur leur fournisse toutes les ressources, la force et la sagesse n\u00e9cessaires pour continuer avec d\u00e9termination dans leur appel.<\/li>\n<li>Tous des \u00e9v\u00e9nements en ligne, tels que des temps de pri\u00e8re, des conf\u00e9rences et des formations avec les jeunes et les femmes de l\u2019Alliance dans notre pays.<\/li>\n<li>La fourniture de mat\u00e9riel pour les \u00e9glises qui font continuellement des dons de nourriture et des offrandes aux fr\u00e8res avec des ressources limit\u00e9es.<\/li>\n<li>La r\u00e9activation totale de l\u2019\u00e9conomie en \u00c9quateur. Que les entreprises et les commerces se stabilisent financi\u00e8rement et ouvrent de nouveaux emplois pour ceux qui sont actuellement au ch\u00f4mage.<\/li>\n<\/ul>\n<p><strong>ARGENTINE<\/strong><br \/>\nVeuillez prier pour :<\/p>\n<ul>\n<li>La derni\u00e8re \u00e9tape des travaux de r\u00e9novation du nouveau si\u00e8ge de l\u2019Alliance de l\u2019Argentine et de l\u2019Institut Biblique de Buenos Aires.<\/li>\n<li>Les pr\u00e9paratifs du conseil annuel de l\u2019Alliance de l\u2019Argentine o\u00f9 un nouveau conseil sera \u00e9lu pour le prochain mandat.<\/li>\n<li>Les \u00e9glises \u00e0 ce stade de la pand\u00e9mie, avec les progr\u00e8s de la vaccination et plus de libert\u00e9 pour les activit\u00e9s en personne.<\/li>\n<li>La situation socio-\u00e9conomique et les prochaines \u00e9lections l\u00e9gislatives en Argentine.<\/li>\n<\/ul>\n<p><strong>PERU<\/strong><br \/>\nVeuillez prier pour :<\/p>\n<ul>\n<li>Que Dieu accorde un r\u00e9veil sans pr\u00e9c\u00e9dent dans notre pays. Qu\u2019il y ait un v\u00e9ritable brisement spirituel, une vie de pri\u00e8re croissante et fructueuse, et une grande diffusion de l\u2019\u00e9vangile.<\/li>\n<li>Que l\u2019\u00c9glise soit l\u2019instrument d\u2019une fraternit\u00e9 nationale renouvel\u00e9e et vraie au milieu de la polarisation caus\u00e9e par les forces politiques et sociales.<\/li>\n<li>Que la souverainet\u00e9, la mis\u00e9ricorde, la bont\u00e9 et la justice de Dieu pr\u00e9valent sur tout int\u00e9r\u00eat personnel ou partisan.<\/li>\n<\/ul>\n<p><strong>EL SALVADOR<\/strong><br \/>\nVeuillez prier pour :<\/p>\n<ul>\n<li>Les installations ad\u00e9quates et propres de nos \u00e9glises, afin qu\u2019elles puissent surmonter les limitations actuelles. Priez aussi pour la construction de trois salles de classe dans l\u2019une de nos \u00e9glises, la Maison de Pri\u00e8re pour l\u2019\u00c9cole Biblique pour Enfants et la formation de disciples.<\/li>\n<li>La cr\u00e9ation du premier Institut Th\u00e9ologique de l\u2019Alliance centram\u00e9ricaine. Cet institut formera des serviteurs d\u2019au moins six pays de la r\u00e9gion.<\/li>\n<li>La sagesse et les conseils du Saint-Esprit pour le processus qui a d\u00e9j\u00e0 commenc\u00e9 pour amener un nouveau pasteur et toute sa congr\u00e9gation \u00e0 faire partie de la CMA d\u2019El Salvador.<\/li>\n<li>Que Dieu \u00e9l\u00e8ve des hommes et des femmes qui seront des leaders spirituelles et pastorales pour les nouvelles g\u00e9n\u00e9rations.<\/li>\n<\/ul>\n<p><strong>HONDURAS<\/strong><br \/>\nVeuillez prier pour :<\/p>\n<ul>\n<li>Un plan d\u2019\u00e9vang\u00e9lisation strat\u00e9gique en cette nouvelle p\u00e9riode qui nous rapproche des gens et nous permet de partager l\u2019\u00e9vangile.<\/li>\n<li>L\u2019enseignement et la formation spirituelle dans les nouvelles villes. Nous formons un groupe de personnes \u00e0 San Pedro et \u00e0 San Juan. Notre plan est d\u2019y implanter des \u00e9glises \u00e0 l\u2019avenir.<\/li>\n<li>Que Dieu prenne soin de chaque pasteur dans les zones rurales. Priez aussi pour les ressources pour le mat\u00e9riel d\u2019\u00e9tude et pour les dirigeants que nous enverrons pour soutenir nos pasteurs dans les communaut\u00e9s voisines.<\/li>\n<\/ul>\n<hr>\n<p><strong>3 ao\u00fbt 2021<\/strong><\/p>\n<p><strong>R\u00c9GION EMERALD (EUROPE ET MOYEN-ORIENT) DE L\u2019UMA<\/strong><\/p>\n<ul>\n<li>Veuillez prier pour les pr\u00e9paratifs du webinaire sur l\u2019ADN de l\u2019Alliance en anglais organis\u00e9 par la r\u00e9gion EMERALD de l\u2019UMA. Il est pr\u00e9vu qu\u2019il ait lieu \u00e0 l\u2019automne.<\/li>\n<\/ul>\n<p><strong>MOBILISATION MISSIONNAIRE DE LA R\u00c9GION EMERALD DE L\u2019UMA<\/strong><\/p>\n<ul>\n<li>Louez Dieu, car les fronti\u00e8res de l\u2019Europe se sont enfin ouvertes et les travailleurs de l\u2019Alliance qui attendaient peuvent venir servir avec la famille de l\u2019Alliance en Europe.<\/li>\n<\/ul>\n<p><strong>SYRIE<\/strong><br \/>\nLouez Dieu pour :<\/p>\n<ul>\n<li>Les 800 enfants qui se r\u00e9unissent chaque semaine (quatre rencontres avec 200 enfants, de 6 \u00e0 14 ans) \u00e0 l\u2019\u00e9glise de la CMA de Homs pour \u00e9couter la Parole de Dieu. L\u2019\u00e9glise de Homs conna\u00eet une croissance, avec deux nouvelles implantations d\u2019\u00e9glises, malgr\u00e9 la pand\u00e9mie et les difficult\u00e9s \u00e9conomiques.<\/li>\n<\/ul>\n<p>Veuillez prier pour :<\/p>\n<ul>\n<li>La sagesse et l\u2019encouragement des pasteurs et des dirigeants de l\u2019Alliance Chr\u00e9tienne et Missionnaire de Syrie. Que l\u2019\u00e9glise soit un canal de b\u00e9n\u00e9diction et un instrument d\u2019intervention divine dans la communaut\u00e9.<\/li>\n<li>Les jeunes adultes qui souffrent en raison du taux de ch\u00f4mage \u00e9lev\u00e9 et des difficult\u00e9s \u00e9conomiques cr\u00e9\u00e9es par la pand\u00e9mie.<\/li>\n<\/ul>\n<p><strong>LIBAN<\/strong><br \/>\nVeuillez prier pour :<\/p>\n<ul>\n<li>La situation \u00e9conomique au Liban qui est catastrophique et les gens sont d\u00e9prim\u00e9s et anxieux. Priez que l\u2019\u00e9glise et les croyants saisissent le moment pour partager l\u2019esp\u00e9rance que nous avons en Christ et la paix de Dieu pour remplir le pays.<\/li>\n<li>Une onction sp\u00e9ciale du Saint-Esprit pour les \u00e9quipes visitant les gens chez eux pour prier avec eux et r\u00e9pondre \u00e0 leurs besoins en les r\u00e9confortant dans l\u2019amour de Dieu et sa provision pour eux.<\/li>\n<li>Les dirigeants de l\u2019\u00e9glise, les pasteurs, les anciens, les ministres \u00e0 quelque titre que ce soit. Que le Seigneur les remplisse de joie et de paix afin de ne pas \u00eatre aspir\u00e9s dans le mode de s\u2019inqui\u00e9ter pour l\u2019avenir comme le font tous ceux qui les entourent. Priez aussi pour que leur paix soit remarqu\u00e9e par beaucoup.<\/li>\n<li>La s\u00e9curit\u00e9 de tous ceux qui soutiennent les n\u00e9cessiteux dans l\u2019\u00e9glise et pour la s\u00e9curit\u00e9 des magasins d\u2019alimentation et des bureaux.<\/li>\n<li>Que les gens ont besoin de produits alimentaires essentiels (chers), de m\u00e9dicaments (p\u00e9nurie), d\u2019\u00e9lectricit\u00e9 (coupures de courant fr\u00e9quentes). Priez pour que les services essentiels d\u2019eau potable et d\u2019\u00e9lectricit\u00e9 alternative minimum continuent.<\/li>\n<li>Que Dieu guide les dirigeants politiques afin qu\u2019ils aient l\u2019amour de Dieu remplissant leurs c\u0153urs de paix et de sagesse pour former un gouvernement et sauver ce qui peut \u00eatre sauv\u00e9.<\/li>\n<li>Au moins un tiers du personnel m\u00e9dical au Liban a quitt\u00e9 le pays et le syst\u00e8me est sur le point de s\u2019effondrer : services, \u00e9quipements, m\u00e9dicaments, fournitures, financement. Les compagnies d\u2019assurance luttent pour survivre et faire fonctionner le syst\u00e8me. Veuillez prier pour que le Seigneur accorde une sagesse et une endurance particuli\u00e8res aux m\u00e9decins et aux infirmi\u00e8res qui essaient toujours d\u2019aider. Priez aussi pour que la derni\u00e8re vague de COVID-19 s\u2019arr\u00eate afin de ne pas submerger le syst\u00e8me m\u00e9dical.<\/li>\n<\/ul>\n<p><strong>ESPAGNE<\/strong><br \/>\nVeuillez prier pour :<\/p>\n<ul>\n<li>Les activit\u00e9s d&rsquo;\u00e9vang\u00e9lisation dans les Asturies en ao\u00fbt. Nos \u00e9glises de l\u2019Alliance dans d\u2019autres r\u00e9gions d\u2019Espagne envoient des \u00e9quipes de sensibilisation pour partager la Parole de Dieu. Priez aussi pour l\u2019ouverture des c\u0153urs, la provision pour les frais de voyage et la b\u00e9n\u00e9diction de Dieu sur les Asturies.<\/li>\n<li>INFORMA, l\u2019Institut de Formation Minist\u00e9rielle de l\u2019Alliance en Espagne et pour la nouvelle \u00e9quipe de direction suite au d\u00e9part de Steve Irvin, l\u2019actuel directeur qui prend sa retraite. Priez aussi pour un nouveau directeur, un doyen et les autres impliqu\u00e9s dans ce s\u00e9minaire qui enseigne en Espagne et \u00e0 l\u2019\u00e9tranger.<\/li>\n<li>La conf\u00e9rence missionnaire de l\u2019Alliance espagnole qui aura lieu aux \u00eeles Canaries en septembre. Que le Seigneur guide le comit\u00e9 organisateur et que les conf\u00e9renciers soient en s\u00e9curit\u00e9 dans leurs d\u00e9placements.<\/li>\n<\/ul>\n<p><strong>FRANCE<\/strong><br \/>\nVeuillez prier pour :<\/p>\n<ul>\n<li>Les \u00e9glises de l\u2019Alliance en France alors que le gouvernement fran\u00e7ais, en r\u00e9action \u00e0 l\u2019islam radical, a officiellement vot\u00e9 une nouvelle loi sur les activit\u00e9s religieuses. Cela placera des charges et des co\u00fbts accrus sur les \u00e9glises \u00e9vang\u00e9liques. Il restreindra \u00e9galement certaines libert\u00e9s dont jouissent actuellement les \u00e9glises.<\/li>\n<li>Que la sagesse parmi les dirigeants des \u00e9glises de l\u2019Alliance en France r\u00e9agisse avec sagesse \u00e0 cette nouvelle loi et s\u2019adapte bien aux changements qu\u2019elle n\u00e9cessite.<\/li>\n<\/ul>\n<p><strong>GRANDE BRETAGNE<\/strong><\/p>\n<p>Implantation d\u2019\u00e9glises et \u00e9vang\u00e9lisation<\/p>\n<p>Louez Dieu pour :<\/p>\n<ul>\n<li>La nouvelle \u00e9glise qui a commenc\u00e9 \u00e0 Redcar \u00e0 travers le minist\u00e8re de Claude Muya. Remerciez Dieu pour les services de bapt\u00eame qui ont eu lieu, ce qui a amen\u00e9 d\u2019autres \u00e0 venir \u00e0 Christ.<\/li>\n<\/ul>\n<p>Veuillez prier pour :<\/p>\n<ul>\n<li>Le projet de l\u2019Alliance de Manchester (TAM) alors que les pr\u00e9paratifs sont en cours pour que le Giving Tree Cafe puisse \u00eatre ouvert.<\/li>\n<li>Que Dieu fournisse toutes les ressources n\u00e9cessaires et que tout soit termin\u00e9 \u00e0 temps pour que le Giving Tree Cafe puisse \u00eatre ouvert au public.<\/li>\n<\/ul>\n<p>\u00c9glise de l\u2019Alliance chinoise de Londres (LCAC)<\/p>\n<p>Louez Dieu pour :<\/p>\n<ul>\n<li>Le R\u00e9v\u00e9rend Keith Chiu de Hong Kong, qui a rejoint le personnel en tant que pasteur du minist\u00e8re chinois.<\/li>\n<\/ul>\n<p>Veuillez prier pour :<\/p>\n<ul>\n<li>Le R\u00e9v\u00e9rend Brad Chu qui a repris le r\u00f4le de pasteur principal du LCAC du R\u00e9v\u00e9rend Augustine Fung.<\/li>\n<li>Les nouvelles familles d\u2019immigrants r\u00e9cemment arriv\u00e9es de Hong Kong. Cela a eu un grand impact, en particulier pour l\u2019\u00e9cole du dimanche de nos enfants o\u00f9 le nombre d\u2019enfants a tripl\u00e9.<\/li>\n<li>Que les d\u00e9fis s\u2019adaptent \u00e0 l\u2019augmentation de l\u2019\u00e9cole du dimanche de nos enfants. Nous avons besoin de plus de b\u00e9n\u00e9voles pour diriger les classes et d\u2019espace pour diviser les enfants en classes plus petites.<\/li>\n<li>La sagesse pour les pasteurs et les diacres afin de d\u00e9velopper la communaut\u00e9 et les aspects d\u2019apprentissage au cours de l\u2019ann\u00e9e \u00e0 venir. Priez \u00e9galement pour le LCAC alors qu\u2019ils se concentrent sur la reconstruction de leur sens de la communaut\u00e9 avec des cours d\u2019\u00e9ducation chr\u00e9tienne approfondie.<\/li>\n<\/ul>\n<p>&nbsp;<\/p>\n<hr>\n<p>&nbsp;<\/p>\n<h2><strong>Pri\u00e8res de l\u2019UMA \u2013 Juillet 2021<\/strong><\/h2>\n<p>&nbsp;<\/p>\n<p><strong>28 juillet 2021<\/strong><\/p>\n<p><strong>1) R\u00c9GION APAC (ASIE PACIFIQUE) DE l\u2019UMA<\/strong><\/p>\n<p><strong>VIETNAM (SUD)<\/strong><\/p>\n<ul>\n<li>Priez pour les \u00e9tudiants, les professeurs et les travailleurs de l\u2019Institut vietnamien de Bible et de Th\u00e9ologie (CMA), situ\u00e9 \u00e0 Ho Chi Minh-Ville. Sur les 306 \u00e9tudiants vivant dans les dortoirs, 285 ont \u00e9t\u00e9 infect\u00e9s par COVID-19.<\/li>\n<li>Un \u00e9tudiant de 29 ans, appartenant \u00e0 un groupe minoritaire, est d\u00e9c\u00e9d\u00e9 la nuit derni\u00e8re. Sept \u00e9tudiants sont actuellement hospitalis\u00e9s dans un \u00e9tat critique.<\/li>\n<\/ul>\n<p>&nbsp;<\/p>\n<p><strong>2) R\u00c9GION AM\u00c9RIQUE DU NORD DE L\u2019UMA<\/strong><\/p>\n<p><strong>CANADA<\/strong><\/p>\n<p><em>Defend Dignity<\/em> (D\u00e9fendre la Dignit\u00e9) milite pour des politiques et des lois qui r\u00e9duisent l\u2019exploitation sexuelle. Ils nous demandent de prier :<\/p>\n<ul>\n<li>Pour leur campagne \u00ab Choisissez le Changement \u00bb, qui demande aux entreprises de r\u00e9duire la facilit\u00e9 d\u2019acc\u00e8s aux images violentes et sexuellement explicites.<\/li>\n<li>Pour leur plaidoyer aupr\u00e8s du gouvernement, alors qu\u2019ils s\u2019efforcent de maintenir en place les lois mod\u00e8les d\u2019\u00e9galit\u00e9 du Canada sur la prostitution et de soutenir les lois propos\u00e9es pour lutter contre les pratiques nocifs de l\u2019industrie de la pornographie.<\/li>\n<li>Que les gens soient d\u00e9sireux d\u2019utiliser leur voix pour faire une diff\u00e9rence. Et que les organisations et les l\u00e9gislateurs <em>Defend Dignity<\/em> tendent la main seraient pr\u00eats \u00e0 changer.<\/li>\n<\/ul>\n<p>Les dirigeants de Nouvelles Entreprises lancent de nouvelles initiatives de mission dans tout le pays.<\/p>\n<ul>\n<li>Priez pour que nos dirigeants aient de l\u2019\u00e9nergie et de l\u2019enthousiasme alors qu\u2019ils naviguent dans de nouveaux minist\u00e8res.<\/li>\n<\/ul>\n<p>Les feux de for\u00eat se propagent dans toute la province de la Colombie-Britannique.<\/p>\n<ul>\n<li>Priez pour que les pompiers soient en mesure d\u2019\u00e9teindre les incendies en toute s\u00e9curit\u00e9 et que les gens soient en s\u00e9curit\u00e9.<\/li>\n<\/ul>\n<p><strong>\u00c9TATS UNIS<\/strong><\/p>\n<p>La transition du bureau national vers l\u2019Ohio est en cours. De nombreuses familles ont d\u00e9j\u00e0 d\u00e9m\u00e9nag\u00e9. Certains essaient encore de trouver un logement dans la r\u00e9gion de Columbus, en raison de la p\u00e9nurie de logements. D\u2019autres s\u2019installent dans leurs nouvelles communaut\u00e9s et d\u2019autres feront la transition en 2022. L\u2019immeuble de bureaux temporaire de Reynoldsburg devait \u00eatre pr\u00eat en ao\u00fbt, mais en raison de certains retards impr\u00e9vus, nous envisageons maintenant de l\u2019avoir pr\u00eat vers la fin de l\u2019ann\u00e9e. Merci de prier pour :<\/p>\n<ul>\n<li>Ceux qui vivent cette transition, car nous sommes fatigu\u00e9s et parfois d\u00e9pass\u00e9s.<\/li>\n<li>Certains d\u2019entre nous qui ont laiss\u00e9 leur famille au Colorado, d\u2019autres sont \u00e0 la recherche d\u2019un logement et simplement du bien-\u00eatre g\u00e9n\u00e9ral de nos esprits.<\/li>\n<li>Le changement peut \u00eatre difficile, m\u00eame lorsque c\u2019est pour une raison qui honore Dieu. Puissent les c\u0153urs \u00eatre rafra\u00eechis et un sentiment d\u2019excitation inculqu\u00e9 alors que nous nous tournons vers tout ce que Dieu a en r\u00e9serve pour l\u2019Alliance \u00e0 Colombus.<\/li>\n<\/ul>\n<p>Un r\u00e9seau d\u2019\u00e9glises de l\u2019Alliance en Afrique est confront\u00e9 \u00e0 de nombreux d\u00e9fis en raison de l\u2019ins\u00e9curit\u00e9 croissante dans le pays. Merci de prier pour :<\/p>\n<ul>\n<li>Ceux qui sont directement impliqu\u00e9s dans l\u2019aide aux personnes d\u00e9plac\u00e9es.<\/li>\n<li>Un jeune homme qui a besoin de la lumi\u00e8re du Christ pour briller dans sa vie.<\/li>\n<li>Que rien n\u2019emp\u00eache les travailleurs de l\u2019Alliance de partager l\u2019\u00e9vangile dans la prison locale.<\/li>\n<\/ul>\n<hr \/>\n<p><strong>21 juillet 2021<\/strong><\/p>\n<p><strong>R\u00c9GION AFRIQUE DE L\u2019UMA<\/strong><\/p>\n<p><strong>ANGOLA<br \/>\n<\/strong>Veuillez prier pour :<\/p>\n<ul>\n<li>Les pr\u00e9paratifs de <a href=\"https:\/\/awf.world\/fr\/events\/lassemblee-generale-de-la-cma-dangola\/\" target=\"_blank\" rel=\"noopener\">l\u2019Assembl\u00e9e G\u00e9n\u00e9rale de la CMA d\u2019Angola<\/a> qui se tiendra \u00e0 la Mission de Mboca, du 24 au 29 ao\u00fbt. Que Dieu nous guide et nous donne la sagesse avant, pendant et apr\u00e8s l\u2019assembl\u00e9e.<\/li>\n<li>La provision financi\u00e8re du Seigneur pour le voyage en \u00c9quateur, pour assister \u00e0 la Conf\u00e9rence <a href=\"https:\/\/awf.world\/fr\/events\/convocation-quadriennale-2020-2\/\" target=\"_blank\" rel=\"noopener\">Quadriennale de l\u2019UMA<\/a>. Que Dieu l\u00e8ve tous les obstacles et difficult\u00e9s caus\u00e9s par le COVID 19.<\/li>\n<li>L\u2019\u00e9conomie du pays. Que Dieu qualifie les autorit\u00e9s gouvernementales pour qu\u2019elles gouvernent avec sagesse au nom du peuple.<\/li>\n<li>Le r\u00e9confort de Dieu au R\u00e9v\u00e9rend Andr\u00e9 Conga da Costa dont l\u2019\u00e9pouse est d\u00e9c\u00e9d\u00e9e le 25 juin.<\/li>\n<\/ul>\n<p><strong>BURKINA FASO<br \/>\n<\/strong>Veuillez prier pour :<\/p>\n<ul>\n<li>La paix et la s\u00e9curit\u00e9 pour notre pays. Priez \u00e9galement pour le retour des familles dans leurs foyers apr\u00e8s avoir \u00e9t\u00e9 d\u00e9plac\u00e9es \u00e0 cause des attaques terroristes.<\/li>\n<li>La r\u00e9ouverture de nos \u00e9glises, qui sont ferm\u00e9es en raison de la pand\u00e9mie.<\/li>\n<li>Le R\u00e9v\u00e9rend Job Dao, le nouveau pr\u00e9sident \u00e9lu de l\u2019\u00e9glise de l\u2019Alliance au Burkina Faso. Que Dieu lui donne la sagesse et le guide ainsi que les nouveaux membres du bureau.<\/li>\n<li>L\u2019organisation et la c\u00e9l\u00e9bration du centenaire de l\u2019\u00e9glise en 2023.<\/li>\n<li>La construction du si\u00e8ge de l\u2019\u00e9glise dans le cadre de la c\u00e9l\u00e9bration du centenaire.<\/li>\n<\/ul>\n<p><strong>CONGO (BRAZZAVILLE)<br \/>\n<\/strong>Louez le Seigneur pour :<\/p>\n<ul>\n<li>Le bon d\u00e9roulement de la formation missionnaire sur le discipulat local, qui s\u2019est tenue du 5 au 7 juillet \u00e0 Mossendjo, dans le sud-ouest du Congo. Que le Seigneur continue d\u2019inspirer ses serviteurs de cette localit\u00e9 foresti\u00e8re, \u00e0 s\u2019engager pleinement dans la f\u00e9condit\u00e9 des talents re\u00e7us du Seigneur J\u00e9sus-Christ.<\/li>\n<li>La bonne pr\u00e9paration des services de cons\u00e9cration des pasteurs \u00e0 Pointe-Noire (18 juillet) et \u00e0 Brazzaville (25 juillet). Le bon d\u00e9roulement de ces deux \u00e9v\u00e9nements est l\u2019\u0153uvre de la gr\u00e2ce de Dieu. Que le Seigneur suscite, \u00e9quipe et envoie une nouvelle g\u00e9n\u00e9ration d\u2019ouvriers dans sa moisson.<\/li>\n<\/ul>\n<p>Veuillez prier pour :<\/p>\n<ul>\n<li>La provision de Dieu pour le d\u00e9ploiement r\u00e9ussi de ses serviteurs dans les branches missionnaires du pays. Que le Saint-Esprit donne un nouvel \u00e9lan, et puissions-nous, par cette bonne \u0153uvre d\u2019\u00e9vang\u00e9lisation et de mission, atteindre les objectifs selon le Christ.<\/li>\n<li>La 9e Assembl\u00e9e G\u00e9n\u00e9rale de la CMA du Congo (Brazzaville) en septembre 2021 et pour le renouvellement de ses instances dirigeantes. Continuons de prier pour que cela se passe dans une atmosph\u00e8re de paix, de fraternit\u00e9 et d\u2019unit\u00e9. Puissent tous les serviteurs de Dieu \u00eatre soumis \u00e0 sa volont\u00e9 pour l\u2019\u0153uvre \u00e0 laquelle ils ont \u00e9t\u00e9 appel\u00e9s.<\/li>\n<li>La R\u00e9publique du Congo alors que le pays s\u2019appr\u00eate \u00e0 c\u00e9l\u00e9brer son 61e anniversaire d\u2019ind\u00e9pendance le 15 ao\u00fbt. Priez \u00e9galement pour le redressement de la situation \u00e9conomique du pays, qui a subi les cons\u00e9quences de la baisse des prix du p\u00e9trole et de la r\u00e9cente pand\u00e9mie de COVID-19. Et priez pour que Dieu suscite une nouvelle dynamique de cr\u00e9ation et de promotion de l\u2019emploi.<\/li>\n<\/ul>\n<p><strong>LIB\u00c9RIA<br \/>\n<\/strong>Veuillez prier pour :<\/p>\n<ul>\n<li>L\u2019Assembl\u00e9e de l\u2019Alliance Chr\u00e9tienne du Lib\u00e9ria (LCAA). Priez pour la direction, la sagesse et la protection de Dieu pour le conseil d\u2019administration national de la CMA alors qu\u2019il dirige les activit\u00e9s de l\u2019\u00e9glise au cours des deux prochaines ann\u00e9es.<\/li>\n<li>L\u2019Association nationale des femmes de la CMA du Lib\u00e9ria. Ils organiseront une conf\u00e9rence nationale des femmes au cours de la premi\u00e8re semaine d\u2019ao\u00fbt. Dans le sillage de la deuxi\u00e8me vague croissante de COVID-19, o\u00f9 la distanciation sociale, le lavage des mains et le respect des protocoles de sant\u00e9 deviennent l\u2019ordre, nous avons besoin de vos pri\u00e8res alors que le peuple de Dieu se rassemble pour la formation, priant pour l\u2019\u00e9glise nationale, notre nation et le monde.<\/li>\n<li>Les projets agricoles de l\u2019UMA au Lib\u00e9ria, \u00e0 la fois pour les communaut\u00e9s et les b\u00e9n\u00e9ficiaires pendant cette pand\u00e9mie. Que Dieu garde nos projets et nos gens en s\u00e9curit\u00e9. Priez aussi pour l\u2019\u00e9tape de la r\u00e9colte et pour que ces projets am\u00e9liorent la vie des membres de l\u2019\u00e9glise et de la communaut\u00e9.<\/li>\n<li>Le leadership du travail de Secours et de D\u00e9veloppement (R&amp;D) de l\u2019UMA au Lib\u00e9ria. Nous remercions Dieu pour la formation en R&amp;D parrain\u00e9e par l\u2019UMA et men\u00e9e par le Dr Robert Sanou du 8 au 9 juin. Cet atelier a \u00e9t\u00e9 une b\u00e9n\u00e9diction pour bon nombre de nos dirigeants. Priez pour que nous puissions mettre en \u0153uvre tout ce que nous avons appris lors de la formation.<\/li>\n<li>Le seul s\u00e9minaire de l\u2019Alliance au Lib\u00e9ria et ses \u00e9tudiants. Le S\u00e9minaire de Th\u00e9ologie de la Libert\u00e9 a commenc\u00e9 ses cours de deuxi\u00e8me semestre le 1er mars 2021, avec peu d\u2019\u00e9tudiants. Priez aussi pour l\u2019inscription et les besoins financiers des \u00e9tudiants.<\/li>\n<\/ul>\n<p><strong>MALI<br \/>\n<\/strong>Veuillez prier pour :<\/p>\n<ul>\n<li>La vie du missionnaire Jean Dao. Il travaille parmi l\u2019ethnie Dafing \u00e0 Baye dans le cercle Banka. Les djihadistes le menacent. Priez que Dieu le garde en s\u00e9curit\u00e9.<\/li>\n<li>Les croyants de Baye. Les djihadistes les forcent \u00e0 porter des croix pour \u00e9viter les abus et les punitions.<\/li>\n<li>L\u2019Assembl\u00e9e G\u00e9n\u00e9rale de la CMA du Mali la premi\u00e8re semaine d\u2019octobre \u00e0 Koutiala. Priez pour que cet \u00e9v\u00e9nement soit une b\u00e9n\u00e9diction pour tous les participants.<\/li>\n<li>Le peuple malien. Dans six des huit districts du pays, ils ont beaucoup souffert aux mains des groupes arm\u00e9s.<\/li>\n<li>Que le gouvernement de transition respecte et pr\u00e9serve le r\u00e9gime la\u00efc actuel. Priez aussi pour les autorit\u00e9s afin que Dieu les guide.<\/li>\n<\/ul>\n<p><strong>R\u00c9PUBLIQUE D\u00c9MOCRATIQUE DU CONGO (RDC)<br \/>\n<\/strong>Veuillez prier pour :<\/p>\n<ul>\n<li>L\u2019Assembl\u00e9e G\u00e9n\u00e9rale Synodale de l\u2019Alliance en RDC. Elle \u00e9tait pr\u00e9vue du 19 au 25 juillet, mais a d\u00fb \u00eatre report\u00e9e \u00e0 la mi-ao\u00fbt. La date est encore incertaine, car le gouvernement n\u2019a pas encore lev\u00e9 l\u2019interdiction des grands rassemblements en raison de la pand\u00e9mie. Prions aussi pour que les pouvoirs publics r\u00e9pondent positivement \u00e0 la demande d\u2019organiser cette Assembl\u00e9e en ao\u00fbt prochain. Et priez pour que les croyants ne se d\u00e9couragent pas en se pr\u00e9parant pour cette assembl\u00e9e \u00e0 cause de l\u2019incertitude de sa date.<\/li>\n<li>Les familles de nombreux membres de notre \u00e9glise pendant cette troisi\u00e8me vague de la pand\u00e9mie de COVID-19. Priez pour la protection du Seigneur, d\u2019autant plus que la lenteur de la campagne de vaccination en RDC n\u2019a pas convaincu la population de son efficacit\u00e9.<\/li>\n<li>L\u2019Est de la RDC, o\u00f9 les violences contre les populations civiles continuent, malgr\u00e9 les mesures prises par le gouvernement pour faire cesser les violences.<\/li>\n<li>Le projet d\u2019amendement \u00e0 la loi \u00e9lectorale en cours d\u2019examen au parlement de la RDC. Certains y voient un moyen de permettre \u00e0 la fraude de se produire. Priez pour que cela n\u2019ajoute pas davantage aux troubles sociaux et aux politiques actuels.<\/li>\n<li>Que l\u2019\u00e9glise reste fid\u00e8le pendant les troubles sociaux et \u00e9conomiques. Que le peuple reste ferme dans sa foi en Dieu et renouvelle son engagement dans la pri\u00e8re et la mission.<\/li>\n<\/ul>\n<hr \/>\n<p><strong>14 juillet 2021<\/strong><\/p>\n<p><strong>R\u00c9GION APAC (ASIE-PACIFIQUE) DE L\u2019UMA<\/strong><\/p>\n<p>Un projet de partenariat missionnaire est en cours d\u2019\u00e9laboration pour envoyer un travailleur international d\u2019Indon\u00e9sie pour servir parmi les travailleurs migrants birmans \u00e0 Bangkok, en Tha\u00eflande. Veuillez pour ce partenariat et pour la r\u00e9ussite de ce projet.<\/p>\n<p><strong>UNION DE L\u2019ALLIANCE NATIONALE DE L\u2019INDE (NAFI)<br \/>\n<\/strong>Veuillez prier pour :<\/p>\n<ul>\n<li>Le <a href=\"https:\/\/awf.world\/fr\/events\/reunion-virtuelle-de-nafi\/\" target=\"_blank\" rel=\"noopener\">rassemblement virtuel de la NAFI<\/a>, du 9 au 10 ao\u00fbt. Les pasteurs, les dirigeants et les membres de l\u2019Alliance indienne se joindront \u00e0 la c\u00e9l\u00e9bration et remerciement pour la gr\u00e2ce de Dieu au milieu de la pand\u00e9mie.<\/li>\n<li>Un processus de discernement centr\u00e9 sur Dieu afin d\u2019initier des projets d\u2019implantation d\u2019\u00e9glises et missionnaires parmi les personnes les moins atteintes en Inde.<\/li>\n<li>Une connexion internet stable pour tous les participants.<\/li>\n<\/ul>\n<p><strong>INDON\u00c9SIE<br \/>\n<\/strong>\u00ab La deuxi\u00e8me vague de pand\u00e9mie de COVID-19 affecte gravement l\u2019Indon\u00e9sie, en particulier dans la r\u00e9gion de Java \u00bb, a d\u00e9clar\u00e9 Daniel Ronda, pr\u00e9sident de la CMA d\u2019Indon\u00e9sie. Il nous demande de prier pour :<\/p>\n<ul>\n<li>La protection de Dieu pour la famille de l\u2019Alliance et la gu\u00e9rison de ceux qui ont \u00e9t\u00e9 infect\u00e9s. Priez sp\u00e9cialement pour la gu\u00e9rison de David et Tania Paksoal, jeunes leaders de l\u2019\u00e9glise de l\u2019Alliance indon\u00e9sienne. Ils sont en isolement\/quarantaine \u00e0 domicile.<\/li>\n<\/ul>\n<p><strong>JAPON<br \/>\n<\/strong>L\u2019\u00c9glise de l\u2019Alliance japonaise (JAC) devait tenir son 71e Concile annuel le 15 juillet \u00e0 Hiroshima. Cependant, en raison de la menace de propagation du COVID-19, l\u2019\u00e9v\u00e9nement sera report\u00e9 au mois d\u2019ao\u00fbt. D\u2019autres activit\u00e9s, telles que la Conf\u00e9rence sur la Vie Plus Profonde et la s\u00e9rie de conf\u00e9rences ouvertes parrain\u00e9es par l\u2019\u00c9cole de Th\u00e9ologie de l\u2019Alliance japonaise, doivent \u00e9galement \u00eatre report\u00e9es. Veuillez prier pour :<\/p>\n<ul>\n<li>La sagesse de Dieu dans les pr\u00e9paratifs du concile. Priez \u00e9galement pour que d\u2019ici ao\u00fbt la situation du COVID-19 se soit am\u00e9lior\u00e9e afin que l\u2019\u00e9v\u00e9nement puisse se tenir en personne.<\/li>\n<li>Les pr\u00e9paratifs de la formation des pasteurs via Zoom, les 28 et 29 septembre. Que chaque pasteur vienne avec un c\u0153ur pr\u00eat \u00e0 participer avec enthousiasme et passion.<\/li>\n<li>Les membres de plusieurs \u00e9glises des r\u00e9gions de Kanto, Hiroshima et Fukuoka afin qu\u2019ils puissent se r\u00e9unir \u00e0 nouveau \u00e0 l\u2019\u00e9glise pour le culte. Ils n\u2019ont pas pu se r\u00e9unir en mai et en juin en raison des mesures prises pour stopper la propagation du coronavirus.<\/li>\n<\/ul>\n<p><strong>MONGOLIE<br \/>\n<\/strong>Veuillez prier pour :<\/p>\n<ul>\n<li>Que le gouvernement mongol, le Parlement et le pr\u00e9sident travaillent avec diligence, sagesse et justice pour prendre les bonnes d\u00e9cisions pour le peuple. Priez \u00e9galement pour que tout le syst\u00e8me de corruption et de pots-de-vin soit \u00e9limin\u00e9. Et priez pour que les besoins financiers des personnes en situation de pauvret\u00e9 soient satisfaits et que les enfants soient prot\u00e9g\u00e9s contre les crimes et le harc\u00e8lement familial.<\/li>\n<li>Les \u00e9glises qui ont d\u00fb fermer les portes pendant longtemps en raison de la pand\u00e9mie. \u00c0 cause de cela, les croyants deviennent faibles dans leur foi et beaucoup sont \u00e9galement confront\u00e9s \u00e0 des difficult\u00e9s financi\u00e8res.<\/li>\n<li>Que les projets d\u2019\u00e9vang\u00e9lisation des bergers portent leurs fruits. Priez aussi pour que les habitants des provinces d\u2019Uvurkhangai et de Dundgovi se tournent vers le Seigneur.<\/li>\n<li>Que Dieu ouvre les portes de l\u2019\u00e9vang\u00e9lisation et permette aux \u00e9glises et aux organisations chr\u00e9tiennes de partager l\u2019\u00e9vangile.<\/li>\n<\/ul>\n<hr \/>\n<p><strong>7 juillet 2021<\/strong><\/p>\n<p><strong>R\u00c9GION CLA (AM\u00c9RIQUE LATINE) DE L\u2019UMA<\/strong><\/p>\n<p><strong>ARGENTINE<\/strong><br \/>\nVeuillez prier pour :<\/p>\n<ul>\n<li>La sagesse en cette nouvelle p\u00e9riode de travail minist\u00e9riel dans les \u00e9glises, avec des ouvertures, des capacit\u00e9s et des restrictions limit\u00e9es.<\/li>\n<li>La sant\u00e9 des familles pastorales et des membres d\u2019\u00e9glise.<\/li>\n<li>Les autorit\u00e9s gouvernementales et la classe politique de notre nation au milieu d\u2019une ann\u00e9e \u00e9lectorale et de la pand\u00e9mie.<\/li>\n<li>L\u2019\u00e9conomie fragile du pays qui affecte les familles de l\u2019\u00e9glise et le travail minist\u00e9riel.<\/li>\n<\/ul>\n<p><strong>BOLIVIE<\/strong><br \/>\nVeuillez prier pour :<\/p>\n<ul>\n<li>Les nouveaux dirigeants et pasteurs de nos \u00e9glises. Que le Seigneur nous permette de les former \u00e0 travers le s\u00e9minaire biblique et les programmes locaux dans les \u00e9glises pour faire face aux nouveaux d\u00e9fis de la croissance et de l\u2019implantation d\u2019\u00e9glises en Bolivie.<\/li>\n<li>La b\u00e9n\u00e9diction du Seigneur sur le s\u00e9minaire d\u2019apolog\u00e9tique chr\u00e9tienne qui aura lieu le 21 ao\u00fbt 2021.<\/li>\n<li>Le soin de nos pasteurs et membres d\u2019\u00e9glise face au danger de contagion par COVID-19.<\/li>\n<li>La situation politique et \u00e9conomique en Bolivie en raison des tensions r\u00e9sultant de l\u2019arrestation de plusieurs dirigeants oppos\u00e9s au gouvernement actuel. Priez aussi pour la crise caus\u00e9e par la pand\u00e9mie.<\/li>\n<\/ul>\n<p><strong>COLOMBIE<\/strong><br \/>\nVeuillez prier pour :<\/p>\n<ul>\n<li>La paix et la protection de plusieurs municipalit\u00e9s de Cauca, Nari\u00f1o et Huila, qui sont assi\u00e9g\u00e9es et harcel\u00e9es par des groupes arm\u00e9s ill\u00e9gaux.<\/li>\n<li>Les pasteurs et leurs familles qui sont au milieu de ce conflit. Que Dieu les fortifie et que nos \u00e9glises soient des lieux de b\u00e9n\u00e9diction et d\u2019esp\u00e9rance au milieu des difficult\u00e9s.<\/li>\n<\/ul>\n<p><strong>COSTA RICA<\/strong><br \/>\nVeuillez prier pour :<\/p>\n<ul>\n<li>La c\u00e9l\u00e9bration virtuelle du <a href=\"https:\/\/awf.world\/fr\/events\/50e-anniversaire-de-lalliance-du-costa-rica-celebration-virtuelle\/\" target=\"_blank\" rel=\"noopener\">50e anniversaire de l\u2019Alliance du Costa Rica<\/a> le 18 juillet.<\/li>\n<li>La direction de Dieu alors que les \u00e9glises planifient pour la seconde moiti\u00e9 de cette ann\u00e9e. Priez surtout pour savoir comment continuer \u00e0 travailler au milieu de la pand\u00e9mie.<\/li>\n<li>La provision du Seigneur pour les fr\u00e8res et s\u0153urs qui contribuent, afin que les \u00e9glises puissent couvrir leurs budgets et soutenir les membres qui sont en crise financi\u00e8re.<\/li>\n<\/ul>\n<p><strong>CUBA<\/strong><br \/>\nVeuillez prier pour :<\/p>\n<ul>\n<li>Les familles cubaines. Le gouvernement veut imposer l\u2019id\u00e9ologie du genre comme mati\u00e8re dans le syst\u00e8me \u00e9ducatif \u00e0 Cuba.<\/li>\n<li>La vaccination contre le COVID-19 dans toutes les sph\u00e8res de la population cubaine.<\/li>\n<li>Les personnes touch\u00e9es par la pand\u00e9mie. Cela inclut certains de nos pasteurs. Priez aussi pour que notre Seigneur apporte paix et r\u00e9confort aux proches de ceux qui sont morts.<\/li>\n<li>Le soutien \u00e9conomique de nos familles pastorales.<\/li>\n<li>L\u2019acquisition et la construction de nouveaux lieux de rencontre (\u00e9glises) pour nos congr\u00e9gations.<\/li>\n<\/ul>\n<p><strong>\u00c9QUATEUR<\/strong><br \/>\nLouez Dieu pour :<\/p>\n<ul>\n<li>Le temps du renouveau spirituel lors de la conf\u00e9rence virtuelle des femmes Amada 5. Le th\u00e8me \u00e9tait \u00ab En s\u00e9curit\u00e9 en temps de crise \u00bb. L\u2019\u00e9v\u00e9nement a eu lieu le samedi 26 juin et a r\u00e9uni environ 3 500 femmes de toute l\u2019Am\u00e9rique latine.<\/li>\n<\/ul>\n<p>Veuillez prier pour :<\/p>\n<ul>\n<li>Les pr\u00e9paratifs en cours de l\u2019Alliance de l\u2019\u00c9quateur, et en particulier de l\u2019\u00c9glise de l\u2019Alliance centrale de Milagro, pour la <a href=\"https:\/\/awf.world\/fr\/events\/convocation-quadriennale-2020-2\/\" target=\"_blank\" rel=\"noopener\">Quadriennale de l\u2019UMA<\/a> en octobre 2021.<\/li>\n<li>Le soutien financier quotidien des pasteurs, ministres, missionnaires et autres serviteurs du Seigneur. Que Dieu leur fournisse tout ce dont ils ont besoin.<\/li>\n<li>Les diff\u00e9rentes \u00e9glises qui se r\u00e9unissent d\u00e9j\u00e0 en personne pour organiser des services et des cours bibliques pour enfants.<\/li>\n<li>Les familles v\u00e9n\u00e9zu\u00e9liennes qui restent dans les rues des principales villes d\u2019\u00c9quateur \u00e0 la recherche de nourriture et d\u2019un soutien financier quotidien.<\/li>\n<li>La protection contre les r\u00e9seaux de trafic de drogue qui se d\u00e9ploient dans le pays, notamment dans les provinces de Manab\u00ed, El Oro, Guayas et Pichincha.<\/li>\n<\/ul>\n<p><strong>GUATEMALA<\/strong><br \/>\nVeuillez prier pour :<\/p>\n<ul>\n<li>Que Dieu suscite de nouveaux dirigeants et pasteurs qui seront form\u00e9s pour servir dans les \u00e9glises locales.<\/li>\n<li>La provision du Seigneur pour les \u00e9glises qui ont des projets de construction au milieu de la pand\u00e9mie.<\/li>\n<li>Les membres de nos \u00e9glises locales qui n\u2019ont pas acc\u00e8s \u00e0 Internet et ne peuvent pas assister aux services en personne. Puissent-ils se tenir forts dans la Parole de Dieu et \u00eatre des t\u00e9moins fid\u00e8les \u00e0 leurs foyers.<\/li>\n<\/ul>\n<p><strong>P\u00c9ROU<\/strong><br \/>\nVeuillez prier pour :<\/p>\n<ul>\n<li>Que le Seigneur guide les autorit\u00e9s gouvernementales \u00e0 prendre les meilleures d\u00e9cisions en faveur du peuple p\u00e9ruvien.<\/li>\n<li>Tout le pays soit guid\u00e9 par le vrai chemin de la r\u00e9conciliation et de la fraternit\u00e9, au-del\u00e0 des diff\u00e9rences des \u00e9lections pr\u00e9sidentielles.<\/li>\n<li>L\u2019\u00e9glise chr\u00e9tienne soit l\u2019instrument de b\u00e9n\u00e9diction et de r\u00e9conciliation dont le P\u00e9rou a besoin en ces temps de crise sanitaire, \u00e9conomique et sociale.<\/li>\n<\/ul>\n<p><strong>VENEZUELA<\/strong><br \/>\nVeuillez prier pour :<\/p>\n<ul>\n<li>Que le Seigneur envoie de nouveaux disciples pour le travail de l\u2019\u00e9glise \u00e0 Salamanque, dans l\u2019\u00c9tat de Miranda.<\/li>\n<li>La fourniture d\u2019un terrain, d\u2019une maison ou d\u2019un entrep\u00f4t pour l\u2019expansion des travaux \u00e0 Yagua, dans l\u2019\u00c9tat de Carabobo.<\/li>\n<li>La sant\u00e9, la force et l\u2019orientation des familles pastorales et de chaque membre de nos \u00e9glises. Priez sp\u00e9cialement pour Natalie Gil, qui a re\u00e7u un diagnostic de cancer. Elle est la fille du pr\u00e9sident de l\u2019Alliance Natanael Gil.<\/li>\n<li>La croissance spirituelle et l\u2019engagement de chaque croyant. Priez aussi pour les fr\u00e8res et s\u0153urs qui seront bient\u00f4t baptis\u00e9s.<\/li>\n<li>Une diffusion plus grande et meilleure avec le message de l\u2019\u00e9vangile aux communaut\u00e9s.<\/li>\n<\/ul>\n<p>&nbsp;<\/p>\n<hr \/>\n<p>&nbsp;<\/p>\n<h2><strong>Pri\u00e8res de l\u2019UMA \u2013&nbsp;&nbsp;<\/strong><strong>Juin 2021<\/strong><\/h2>\n<p>&nbsp;<\/p>\n<p><strong>30 juin 2021<\/strong><\/p>\n<p><strong>R\u00c9GION EMERALD (EUROPE ET MOYEN ORIENT) DE L\u2019UMA<\/strong><\/p>\n<p><strong>ESPAGNE<br \/>\n<\/strong>Louez Dieu pour :<\/p>\n<ul>\n<li>L\u2019Alliance d\u2019Espagne, car ils ont vu la main de Dieu sur chacune de leurs congr\u00e9gations pendant cette pand\u00e9mie. Notre Seigneur a \u00e9t\u00e9 fid\u00e8le et a pris soin de chacun d\u2019eux. En cons\u00e9quence, l\u2019Alliance d\u2019Espagne est d\u00e9sormais une f\u00e9d\u00e9ration plus unie, avec des objectifs communs et avec un esprit de soutien mutuel, d\u00e9sireuse d\u2019aller de l\u2019avant.<\/li>\n<\/ul>\n<p>Veuillez prier pour :<\/p>\n<ul>\n<li>La nouvelle \u00e9glise implant\u00e9e dans les Asturies par le pasteur Jos\u00e9 Mederos. Priez aussi pour que le Seigneur fournisse les ressources spirituelles et mat\u00e9rielles pour qu\u2019une \u00e9glise forte soit implant\u00e9e dans le nord de l\u2019Espagne.<\/li>\n<li>Les nouveaux ouvriers ordonn\u00e9s et licenci\u00e9s par l\u2019Alliance d\u2019Espagne. Que notre Seigneur les utilise pour sa gloire.<\/li>\n<li>L\u2019\u00e9quipe de mission. Puissent-ils continuer \u00e0 travailler avec \u00e9lan et passion pour fortifier nos \u00e9glises, fournir une aide \u00e9vang\u00e9lique et r\u00e9pandre l\u2019\u00e9vangile \u00e0 ce monde dans le besoin.<\/li>\n<\/ul>\n<p><strong>GRANDE BRETAGNE<br \/>\n<\/strong>La CMA GB nous demande de prier pour certains de leurs partenaires de mission en Europe, et en particulier pour Bernard et Nada Mikulic, qui servent dans une \u00e9cole biblique \u00e0 Mostar, en Bosnie-Herz\u00e9govine :<\/p>\n<ul>\n<li>L\u2019\u00e9cole biblique a surv\u00e9cu \u00e0 cette p\u00e9riode de pand\u00e9mie, mais parce que l\u2019\u00e9cole n\u2019a pas pu ouvrir normalement, Bernard et Nada sont sans revenus.<\/li>\n<li>Remerciez Dieu pour les \u00e9tudiants qui sont rest\u00e9s fid\u00e8les, \u00e9tudiant via Zoom. Un \u00e9tudiant de Split, en Croatie, dit que l\u2019\u00e9cole biblique lui a \u00e9t\u00e9 d\u2019une grande aide pour rester avec le Seigneur, puisque les \u00e9glises et toutes les autres activit\u00e9s ont \u00e9t\u00e9 ferm\u00e9es.<\/li>\n<li>Remerciez Dieu d\u2019avoir ouvert des portes pour aider diff\u00e9rentes \u00e9glises dans le besoin, comme \u00e0 Sibenik, en Croatie, o\u00f9 une \u00e9glise baptiste qui n\u2019a pas de pasteur est aid\u00e9e.<\/li>\n<li>Priez que Dieu fournisse une direction pour \u00ab&nbsp;mission en tant qu\u2019entreprise \u00bb afin qu\u2019il puisse trouver un bon mod\u00e8le d\u2019affaires pour aider les missionnaires \u00e0 rester dans le minist\u00e8re et aussi \u00e0 \u00eatre capables de travailler.<\/li>\n<\/ul>\n<p><strong>RUSSIE<br \/>\n<\/strong>Veuillez prier pour :<\/p>\n<ul>\n<li>La Russie, qui fait toujours face \u00e0 des difficult\u00e9s importantes avec la pand\u00e9mie de COVID-19.<\/li>\n<li>La protection des \u00e9glises et des travailleurs familiaux de l\u2019Alliance en Russie.<\/li>\n<li>Ceux qui sont en premi\u00e8re ligne, qu\u2019ils soient m\u00e9decins ou infirmi\u00e8res.<\/li>\n<li>Le gouvernement alors qu\u2019il d\u00e9ploie des mesures pour limiter la progression du virus et prot\u00e9ger les populations locales.<\/li>\n<li>Ceux qui sont anxieux, non seulement concernant les probl\u00e8mes de sant\u00e9, mais aussi concernant le travail, les finances, la solitude, l\u2019isolement des familles, etc.<\/li>\n<\/ul>\n<p><strong>UKRAINE<br \/>\n<\/strong>Louez Dieu pour :<\/p>\n<ul>\n<li>La conf\u00e9rence fructueuse des pasteurs, qui a eu lieu \u00e0 Kiev la semaine derni\u00e8re. La famille de l\u2019Alliance s\u2019est r\u00e9unie pour marcher et enseigner avec les \u00e9glises d\u2019Ukraine.<\/li>\n<\/ul>\n<p>Veuillez prier pour :<\/p>\n<ul>\n<li>L\u2019Ukraine, un pays plein d\u2019histoire et de culture.<\/li>\n<li>Le projet de cr\u00e9er une \u00e9glise nationale officielle de l\u2019Alliance en Ukraine. Priez aussi pour toutes les \u00e9tapes qui doivent \u00eatre prises tout en maintenant l\u2019unit\u00e9 sous l\u2019Esprit Saint.<\/li>\n<\/ul>\n<hr>\n<p><strong>22 juin 2021<\/strong><\/p>\n<p><strong>1) R\u00c9GION AFRIQUE DE L\u2019UMA<\/strong><\/p>\n<p><strong>ANGOLA<br \/>\n<\/strong>Veuillez prier pour :<\/p>\n<ul>\n<li>La direction de Dieu pour l\u2019Assembl\u00e9e g\u00e9n\u00e9rale de l\u2019Alliance d\u2019Angola, qui aura lieu en ao\u00fbt \u00e0 la Mission de Mboca.<\/li>\n<li>La paix et l\u2019unit\u00e9 parmi les ouvriers de l\u2019\u00e9glise.<\/li>\n<li>L\u2019expansion de l\u2019\u00e9glise \u00e0 la province de Cunene et au-del\u00e0.<\/li>\n<li>Que Dieu remue les c\u0153urs des autorit\u00e9s gouvernementales pour r\u00e9habiliter la Mission de Mboca, selon les promesses qu\u2019elles ont faites.<\/li>\n<\/ul>\n<p><strong>CONGO (BRAZZAVILLE)<br \/>\n<\/strong>Louez le Seigneur pour :<\/p>\n<ul>\n<li>Le bon d\u00e9roulement de la Journ\u00e9e Mondiale de l\u2019\u00c9vang\u00e9lisation le samedi 29 mai 2021. De nombreuses personnes ont accept\u00e9 notre Seigneur J\u00e9sus-Christ lors de cet \u00e9v\u00e9nement. Priez que Dieu continue de b\u00e9nir les ouvriers impliqu\u00e9s dans le discipulat, le bapt\u00eame et l\u2019int\u00e9gration de nos nouveaux fr\u00e8res et s\u0153urs en Christ.<\/li>\n<li>La conf\u00e9rence virtuelle sur \u00ab Le r\u00f4le de l\u2019\u00c9glise dans la conqu\u00eate des grandes villes pour Christ \u00bb tenue le jeudi 10 juin 2021. Ce fut un succ\u00e8s et une grande b\u00e9n\u00e9diction. Les participants \u00e9taient des ministres de la zone Afrique centrale (R\u00e9publique du Congo, R\u00e9publique D\u00e9mocratique du Congo, Zambie, Gabon et R\u00e9publique Centre-Africaine).<\/li>\n<\/ul>\n<p>Veuillez prier pour :<\/p>\n<ul>\n<li>Les pr\u00e9paratifs de deux services de cons\u00e9cration pour les nouveaux pasteurs \u00e0 Pointe-Noire (18 juillet) et Brazzaville (25 juillet). Priez pour que ces deux \u00e9v\u00e9nements se passent bien et que le Seigneur suscite une nouvelle g\u00e9n\u00e9ration d\u2019ouvriers pour sa Grande Commission.<\/li>\n<li>L\u2019Assembl\u00e9e G\u00e9n\u00e9rale de l\u2019Alliance Chr\u00e9tienne et Missionnaire du Congo en septembre 2021, et pour le renouvellement des instances dirigeantes. Priez aussi pour que tout se passe bien, pour la fraternit\u00e9 et l\u2019unit\u00e9. Que tous les serviteurs de Dieu soient guid\u00e9s par sa volont\u00e9 de faire le travail qu\u2019il a pour chacun d\u2019eux.<\/li>\n<li>La provision de Dieu pour le d\u00e9ploiement r\u00e9ussi de ses serviteurs dans les branches missionnaires \u00e0 travers la R\u00e9publique du Congo. Que le Saint-Esprit donne un nouvel \u00e9lan, et puissions-nous, \u00e0 travers cette \u0153uvre d\u2019\u00e9vang\u00e9lisation et de mission, atteindre les objectifs fix\u00e9s par Christ.<\/li>\n<li>La r\u00e9cup\u00e9ration de la situation \u00e9conomique nationale dans notre pays. Elle a subi les cons\u00e9quences de la baisse des prix du p\u00e9trole et de la r\u00e9cente pand\u00e9mie de COVID-19. Priez que Dieu inspire une nouvelle dynamique de cr\u00e9ation et de promotion de l\u2019emploi.<\/li>\n<\/ul>\n<p><strong>GUIN\u00c9E<br \/>\n<\/strong>Louez Dieu pour :<\/p>\n<ul>\n<li>La protection de ses serviteurs de la Direction Nationale de Mission et d\u2019\u00c9vang\u00e9lisation, et pour la direction des Mouvements et des D\u00e9partements. Ils ont termin\u00e9 un voyage missionnaire de 10 jours le 1er juin. Ce fut une excellente occasion d\u2019encourager nos missionnaires et leurs familles, et de recevoir des nouvelles mises \u00e0 jour afin que nous puissions prier plus efficacement pour eux.<\/li>\n<li>La c\u00e9r\u00e9monie r\u00e9ussie de pose de la premi\u00e8re pierre de la reconstruction de l\u2019\u00c9glise de l\u2019Alliance de Dorata le 8 mai. Cette \u00e9glise a \u00e9t\u00e9 saccag\u00e9e et incendi\u00e9e en mars 2020. Au cours de la c\u00e9r\u00e9monie, Satan a tent\u00e9 de perturber la c\u00e9l\u00e9bration, mais L\u2019Esprit de Dieu l\u2019a plac\u00e9 sous son autorit\u00e9 et la c\u00e9r\u00e9monie s\u2019est bien termin\u00e9e pour la gloire de Dieu.<\/li>\n<\/ul>\n<p>Veuillez prier pour :<\/p>\n<ul>\n<li>Les travaux de l\u2019assembl\u00e9e g\u00e9n\u00e9rale constitutive de la nouvelle ONG (Organisation Non Gouvernementale) de l\u2019\u00c9glise Nationale de l\u2019Alliance de Guin\u00e9e le 1er juillet. Le nouveau Conseil d\u2019Administration et le Bureau Ex\u00e9cutif seront pr\u00e9sents \u00e0 cette assembl\u00e9e. Priez pour la protection des d\u00e9l\u00e9gu\u00e9s pendant leur voyage. Priez \u00e9galement pour la coop\u00e9ration pendant le travail.<\/li>\n<\/ul>\n<p><strong>R\u00c9PUBLIQUE D\u00c9MOCRATIQUE DU CONGO (RDC)<br \/>\n<\/strong>Veuillez prier pour :<\/p>\n<ul>\n<li>Que Dieu suscite de nouveaux leaders parmi les jeunes des zones rurales o\u00f9 les serviteurs \u00e2g\u00e9s et fatigu\u00e9s prennent leur retraite. La crise de vocation est persistante, surtout dans les zones rurales.<\/li>\n<li>Le synode de l\u2019\u00e9glise, pr\u00e9vu du 19 au 25 juillet 2021. Il aura lieu alors que la troisi\u00e8me vague de COVID-19 augmente de fa\u00e7on exponentielle avec de nouvelles variantes, plus agressives que les premi\u00e8res.<\/li>\n<li>Les autorit\u00e9s gouvernementales qui ont pris des mesures pour fermer les bars, restaurants et espaces culturels. Priez pour qu\u2019ils ne soient pas oblig\u00e9s de fermer \u00e9galement des \u00e9glises, des \u00e9coles et des universit\u00e9s.<\/li>\n<li>Les familles de nos pasteurs d\u2019\u00e9glise qui sont touch\u00e9s par cette troisi\u00e8me vague de COVID-19. Lors des deux premi\u00e8res vagues, les familles des pasteurs ont \u00e9t\u00e9 moins touch\u00e9es, mais maintenant elles sont d\u00e9j\u00e0 plus d\u2019une dizaine.<\/li>\n<li>Nos s\u0153urs et fr\u00e8res de l\u2019est du pays. Ils font toujours face \u00e0 des massacres, notamment dans les provinces de l\u2019Ituri et du Nord-Kivu, o\u00f9 les gens vivent sans la certitude de se r\u00e9veiller le lendemain.<\/li>\n<li>Les victimes du volcan Nyiragongo \u00e0 Goma. Surtout pour ceux qui ont perdu leurs proches. Merci \u00e9galement de prier pour ceux qui ont vu leurs maisons incendi\u00e9es et pour ceux qui errent parce qu\u2019ils manquent de nourriture et d\u2019abri \u00e0 cause de cette crise.<\/li>\n<li>Les pasteurs et dirigeants de l\u2019Alliance de la RDC qui souhaitent participer \u00e0 la Convocation <a href=\"https:\/\/awf.world\/fr\/events\/convocation-quadriennale-2020-2\/\" target=\"_blank\" rel=\"noopener\">Quadriennale de l\u2019UMA<\/a> en \u00c9quateur. Que Dieu leur fournisse les moyens n\u00e9cessaires pour voyager.<\/li>\n<\/ul>\n<p>&nbsp;<\/p>\n<p><strong>2) R\u00c9GION AM\u00c9RIQUE DU NORD DE L\u2019UMA<\/strong><\/p>\n<p><strong>CANADA<br \/>\n<\/strong>Veuillez prier pour :<\/p>\n<ul>\n<li>Nos \u00e9glises et les chr\u00e9tiens canadiens alors que nous cherchons \u00e0 discerner les prochaines \u00e9tapes autour de la r\u00e9conciliation \u00e0 la lumi\u00e8re de la d\u00e9couverte de 215 corps d\u2019enfants retrouv\u00e9s dans un pensionnat \u00e0 Kamloops, en Colombie-Britannique. Priez pour la sagesse et l\u2019humilit\u00e9, car nous aimons bien nos voisins et communaut\u00e9s autochtones.<\/li>\n<li>Nos communaut\u00e9s musulmanes apr\u00e8s un r\u00e9cent crime haineux \u00e0 London, en Ontario, qui a tu\u00e9 quatre personnes. Priez pour nos voisins musulmans alors qu\u2019ils y font face, et priez en particulier pour le gar\u00e7on de neuf ans qui a perdu sa famille.<\/li>\n<li>Envision Canada alors qu\u2019ils viennent de lancer Envision Greenhouse, un programme ax\u00e9 sur l\u2019\u00e9tablissement de relations de mentorat significatives. Priez pour que cela encourage des relations disciplinaires nouvelles et passionnantes entre les leaders \u00e9mergents et les personnes passionn\u00e9es par leur mentorat.<\/li>\n<li>La patience et la sant\u00e9 continue des Canadiens qui attendent toujours leurs vaccins.<\/li>\n<\/ul>\n<p><strong>\u00c9TATS-UNIS<br \/>\n<\/strong>C\u2019est un mois de d\u00e9m\u00e9nagement pour beaucoup d\u2019entre nous qui vont \u00e0 l\u2019Ohio. \u00c0 la sortie de notre conseil et \u00e0 la fin de l\u2019emballage de nos maisons et bureaux, il y a beaucoup de stress et de suivi des d\u00e9tails. Veuillez prier :<br \/>\n&#8211; Que les d\u00e9tails de l\u2019emballage se rejoignent.<br \/>\n&#8211; Que nous puissions bien finir au bureau (cela inclut d\u2019emballer ce dont nous avons besoin dans nos bureaux).<br \/>\n&#8211; Pour les \u00e9motions de quitter la famille et les amis (certains d\u2019entre nous sont ici depuis 32 ans).<br \/>\n&#8211; Pour ceux qui ont choisi de ne pas d\u00e9m\u00e9nager, c\u2019est toujours un processus \u00e9motionnel de voir des amis d\u00e9m\u00e9nager et de devoir trouver un nouvel emploi.<\/p>\n<ul>\n<li>Veuillez prier pour Porto Rico alors que nous entrons dans la saison des ouragans. Les rapports m\u00e9t\u00e9orologiques indiquent qu\u2019il peut s\u2019agir d\u2019une saison charg\u00e9e et dangereuse. Priez pour que le Seigneur prot\u00e8ge l\u2019\u00eele.<\/li>\n<\/ul>\n<hr>\n<p><strong>16 juin 2021<\/strong><\/p>\n<p><strong>1) R\u00c9SEAU MONDIAL DES FEMMES DE L\u2019ALLIANCE DE L\u2019UMA<br \/>\n<\/strong>Louez Dieu pour :<\/p>\n<ul>\n<li>La r\u00e9union du R\u00e9seau Mondial des Femmes de l\u2019Alliance de l\u2019UMA qui s\u2019est tenue le 9 juin. Ce comit\u00e9 se r\u00e9unit une fois par mois par Zoom pour partager la Parole de Dieu et prier les unes pour les autres et pour la famille de l\u2019Alliance \u00e0 travers le monde. Ce mois-ci, ils ont lanc\u00e9 l\u2019invitation \u00e0 d\u2019autres dirigeants de l\u2019Alliance et plus de 70 femmes, des cinq r\u00e9gions de l\u2019UMA, y ont particip\u00e9.<\/li>\n<li>\u00ab Cette r\u00e9union virtuelle est la perc\u00e9e divine que Dieu a fait parmi le minist\u00e8re des femmes dans l\u2019Alliance. Par la pri\u00e8re pour les groupes de personnes non atteints et pour les besoins de chaque r\u00e9gion, Dieu a uni nos c\u0153urs et notre vision dans une mission : \u00eatre des t\u00e9moins de l\u2019amour de Dieu pour les autres et partager ce qu\u2019il a fait dans nos vies \u00bb, a d\u00e9clar\u00e9 Priskila Paksoal, pr\u00e9sidente de l\u2019Alliance des Femmes de l\u2019Asie-Pacifique (APAW).<\/li>\n<li>Monika Breault, directrice des Minist\u00e8res des Femmes dans le district du Saint-Laurent, Canada, a d\u00e9clar\u00e9 : \u00ab Les deux femmes du Canada qui se sont jointes \u00e0 notre r\u00e9union ont \u00e9t\u00e9 tellement b\u00e9nies. Elles se sont rendu compte qu\u2019elles manquaient de camaraderie entre femmes ! \u00bb.<\/li>\n<\/ul>\n<p>Veuillez prier pour :<\/p>\n<ul>\n<li>Que la connexion les unes avec les autres continue et que nous puissions atteindre plus de femmes de l\u2019Alliance afin d\u2019\u00e9tendre le r\u00e9seau mondial.<\/li>\n<li>La sagesse, les conseils et le discernement de Dieu pour le comit\u00e9 du R\u00e9seau Mondial des Femmes de l\u2019Alliance de l\u2019UMA alors qu\u2019elles pr\u00e9parent les ateliers qui se tiendront pendant la&nbsp;<a href=\"https:\/\/awf.world\/fr\/events\/convocation-quadriennale-2020-2\/\" target=\"_blank\" rel=\"noopener\">Quadriennale<\/a> en \u00c9quateur en octobre 2021.<\/li>\n<li>Toutes les femmes qui participeront \u00e0 la&nbsp;<a href=\"https:\/\/awf.world\/fr\/events\/convocation-quadriennale-2020-2\/\" target=\"_blank\" rel=\"noopener\">Quadriennale<\/a>. Que ce soit l\u2019occasion de se connecter avec des s\u0153urs d\u2019autres pays pour partager leurs exp\u00e9riences et s\u2019encourager les unes les autres.<\/li>\n<\/ul>\n<p>&nbsp;<\/p>\n<p><strong>2) R\u00c9GION APAC (ASIE-PACIFIQUE) DE L\u2019UMA<\/strong><\/p>\n<p><strong>AUSTRALIE<br \/>\n<\/strong>Veuillez prier pour :<\/p>\n<ul>\n<li>Une connexion accrue avec nos nombreuses opportunit\u00e9s culturelles d\u2019\u00e9glise.<\/li>\n<li>Notre personnel \u00e0 l\u2019\u00e9tranger alors qu\u2019il cherche \u00e0 retourner en Australie pour un cong\u00e9.<\/li>\n<li>Le temps de notre Promesse de Foi alors que nous cherchons \u00e0 continuer \u00e0 soutenir tous nos travailleurs.<\/li>\n<li>Notre programme de d\u00e9veloppement du leadership.<\/li>\n<\/ul>\n<p><strong>CAMBODGE<\/strong><\/p>\n<ul>\n<li>Les \u00e9glises ne sont toujours pas autoris\u00e9es \u00e0 se r\u00e9unir en personne le dimanche. Veuillez prier pour que la diffusion en direct en ligne continue d\u2019avoir une bonne participation. Priez aussi pour que la passion de chaque croyant pour adorer Dieu ne diminue pas, m\u00eame si les services sont virtuels.<\/li>\n<li>De nombreuses personnes n\u2019ont pas assez de ressources pour vivre \u00e0 cause de la pand\u00e9mie. La direction de l\u2019\u00e9glise essaie de collecter des fonds pour acheter de la nourriture pour les familles n\u00e9cessiteuses, chr\u00e9tiennes et non-chr\u00e9tiennes. Priez que Dieu fournisse les fonds n\u00e9cessaires pour que les \u00e9glises puissent continuer \u00e0 apporter de l\u2019aide aux n\u00e9cessiteux.<\/li>\n<\/ul>\n<p><strong>COR\u00c9E DU SUD<br \/>\n<\/strong>Veuillez prier pour :<\/p>\n<ul>\n<li><a href=\"https:\/\/awf.world\/fr\/events\/assemblee-generale-annuelle-de-leglise-de-lalliance-de-coree\/\" target=\"_blank\" rel=\"noopener\">L&rsquo;Assembl\u00e9e G\u00e9n\u00e9rale Annuelle de l\u2019\u00c9glise de l\u2019Alliance de Cor\u00e9e<\/a> les 12 et 13 juillet 2021. Veuillez prier pour la sagesse et les conseils pour l\u2019\u00e9quipe qui pr\u00e9pare et planifie les d\u00e9tails du rassemblement.<\/li>\n<\/ul>\n<p><strong>MONGOLIE<br \/>\n<\/strong>Veuillez prier pour :<\/p>\n<ul>\n<li>Le minist\u00e8re nomade de la CMA de Mongolie. Ils veulent tendre la main aux bergers qui vivent dans des provinces \u00e9loign\u00e9es. Priez pour que l\u2019\u00e9vangile les atteigne et que beaucoup puissent venir \u00e0 Christ.<\/li>\n<li>Les minist\u00e8res de mission soient productifs et fructueux.<\/li>\n<li>Tous les pasteurs, dirigeants d\u2019\u00e9glise et missionnaires soient unis et coop\u00e8rent les uns avec les autres.<\/li>\n<li>Le pr\u00e9sident de la CMA de Mongolie, le R\u00e9v\u00e9rend Lhawgasuren Munkhuu, qui a \u00e9t\u00e9 r\u00e9\u00e9lu pour un autre mandat. Priez pour la direction et la sagesse de Dieu pour lui et sa famille.<\/li>\n<li>Un bon d\u00e9but pour le minist\u00e8re aupr\u00e8s des toxicomanes.<\/li>\n<li>Les minist\u00e8res des jeunes et des enfants dans nos \u00e9glises et pour que Dieu suscite de nouveaux dirigeants au sein des \u00e9glises.<\/li>\n<li>La politique mongole et pour que l\u2019\u00e9conomie se stabilise et soit forte.<\/li>\n<\/ul>\n<p><strong>N\u00c9PAL<br \/>\n<\/strong>Veuillez prier pour :<\/p>\n<ul>\n<li>La direction de Dieu pour les dirigeants de l\u2019Alliance au N\u00e9pal. L\u2019\u00e9glise de Lalitpur doit quitter la propri\u00e9t\u00e9, car le propri\u00e9taire reprendra la zone que l\u2019\u00e9glise a lou\u00e9e. Priez que le Seigneur leur donne la bonne place.<\/li>\n<li>L\u2019\u00e9glise de l\u2019Alliance \u00e0 Katmandou. Ils devront d\u00e9m\u00e9nager dans un nouvel endroit parce que les probl\u00e8mes avec le propri\u00e9taire augmentent. Veuillez prier pour que l\u2019\u00e9glise puisse avoir son propre terrain et son propre b\u00e2timent.<\/li>\n<li>La vie spirituelle de chaque membre de l\u2019\u00e9glise \u00e0 Katmandou. Ils se r\u00e9unissent en ligne, mais beaucoup ne peuvent pas y assister en raison de probl\u00e8mes de connexion internet.<\/li>\n<li>Les pasteurs, les dirigeants et les implanteurs d\u2019\u00e9glises dans diff\u00e9rentes parties du N\u00e9pal. De nombreux membres des \u00e9glises de village pr\u00e9sentent des signes et des sympt\u00f4mes similaires \u00e0 ceux du COVID-19, mais ne peuvent pas \u00eatre test\u00e9s en raison du manque de tests et d\u2019\u00e9tablissements de sant\u00e9. Priez aussi pour leur s\u00e9curit\u00e9.<\/li>\n<li>Les enfants du N\u00e9pal. Ils vivent des moments difficiles parce qu\u2019ils ne peuvent pas jouer \u00e0 l\u2019ext\u00e9rieur.<\/li>\n<li>Les dirigeants de l\u2019\u00e9glise nationale alors qu\u2019ils pr\u00e9parent la planification strat\u00e9gique pour la croissance et la durabilit\u00e9.<\/li>\n<\/ul>\n<p><strong>THA\u00cfLANDE<br \/>\n<\/strong>Veuillez prier pour :<\/p>\n<ul>\n<li>Le r\u00e9tablissement complet du R\u00e9v\u00e9rend Sanguansak Worawat, pr\u00e9sident de la CMA de Tha\u00eflande. Il est tomb\u00e9 d\u2019un escalier \u00e9lev\u00e9 le mois dernier et ne peut toujours pas marcher bien.<\/li>\n<\/ul>\n<hr>\n<p><strong>9 juin 2021<\/strong><\/p>\n<p><strong>R\u00c9GION CLA (AM\u00c9RIQUE LATINE) DE L\u2019UMA<\/strong><\/p>\n<p><strong>ARGENTINE<\/strong><br \/>\nVeuillez prier pour :<\/p>\n<ul>\n<li>Les pr\u00e9paratifs de l\u2019<a href=\"https:\/\/awf.world\/fr\/events\/rassemblement-en-ligne-des-femmes-de-cla-amada-5\/\" target=\"_blank\" rel=\"noopener\">AMADA 5<\/a>, la Conf\u00e9rence des Femmes de l\u2019Alliance Latino-am\u00e9ricaine, qui se tiendra virtuellement le 26 juin. Cette ann\u00e9e, l\u2019Argentine est le pays h\u00f4te, avec le soutien de la CLA.<\/li>\n<li>Un renouveau dans le c\u0153ur des gens. La dur\u00e9e prolong\u00e9e de la pand\u00e9mie, les restrictions, l\u2019incertitude, ont g\u00e9n\u00e9r\u00e9 d\u00e9couragement et fardeau. Que l\u2019\u00e9glise soit un canal de b\u00e9n\u00e9diction et porte le message de l\u2019\u00e9vangile pour apporter l\u2019espoir.<\/li>\n<li>Les \u00e9glises. En ce moment, beaucoup de contagion de la deuxi\u00e8me vague de COVID-19 est enregistr\u00e9e dans les familles pastorales et les membres de nos \u00e9glises. Priez aussi pour les finances des \u00e9glises.<\/li>\n<li>La sagesse pour que l\u2019\u00e9glise continue d\u2019\u00eatre dynamique et pertinente dans chaque communaut\u00e9, avec des minist\u00e8res efficaces dans l\u2019accomplissement de l\u2019appel du Seigneur.<\/li>\n<\/ul>\n<p><strong>BOLIVIE<\/strong><br \/>\nVeuillez prier pour :<\/p>\n<ul>\n<li>La situation du COVID-19 en Bolivie. Les r\u00e9gions de Cochabamba et de Santa Cruz sont fortement touch\u00e9es et de nombreux membres et familles de nos \u00e9glises dans ces r\u00e9gions sont infect\u00e9s. Certains sont hospitalis\u00e9s et nous avons \u00e9galement eu quelques d\u00e9c\u00e8s.<\/li>\n<li>La formation de nouveaux responsables et pasteurs via le s\u00e9minaire.<\/li>\n<\/ul>\n<p><strong>COLOMBIE<br \/>\n<\/strong>Veuillez prier pour :<strong><br \/>\n<\/strong><\/p>\n<ul>\n<li>Les c\u00e9l\u00e9brations nationales et locales du \u00ab Mois de l\u2019Alliance \u00bb. Puisse Dieu b\u00e9nir la vie d nos pasteurs et servir le c\u0153ur de chacun des membres de leur congr\u00e9gation.<\/li>\n<li>La paix et la protection de plusieurs municipalit\u00e9s de Cauca, Nari\u00f1o et Huila. Ils sont assi\u00e9g\u00e9s et harcel\u00e9s par des groupes arm\u00e9s ill\u00e9gaux. Que Dieu fortifie les pasteurs dans ces lieux, et que nos \u00e9glises soient des lieux de b\u00e9n\u00e9diction et d\u2019esp\u00e9rance au milieu de cette situation.<\/li>\n<li>La conciliation dans les manifestations qui ont lieu dans diverses r\u00e9gions de la Colombie, blocage des routes principales. Les violents affrontements entre les manifestants et les autorit\u00e9s gouvernementales ont fait plus de 60 morts, des centaines de bless\u00e9s et de disparus, et des arrestations arbitraires. Prions pour que Dieu r\u00e9tablisse l\u2019ordre public. Cela affecte l\u2019\u00e9conomie, les approvisionnements et la sant\u00e9.<\/li>\n<\/ul>\n<p><strong>CUBA<\/strong><br \/>\nVeuillez prier pour :<\/p>\n<ul>\n<li>Que Dieu nous donne des strat\u00e9gies et des ressources pour continuer \u00e0 \u00e9tendre son royaume \u00e0 Cuba au milieu de ces temps d\u2019isolement.<\/li>\n<li>Que nos \u00e9glises grandissent spirituellement et en saintet\u00e9, pour continuer \u00e0 partager l\u2019\u00e9vangile de notre Seigneur J\u00e9sus.<\/li>\n<li>Le soutien financier de nos pasteurs afin qu\u2019ils puissent continuer \u00e0 faire le travail pastoral.<\/li>\n<li>Les ressources humaines et financi\u00e8res pour la pr\u00e9paration des nouveaux travailleurs. Priez aussi pour le travail d\u2019enseignement dans les \u00e9glises locales et les minist\u00e8res nationaux.<\/li>\n<\/ul>\n<p><strong>\u00c9QUATEUR<\/strong><br \/>\nVeuillez prier pour :<\/p>\n<ul>\n<li>Tous les pr\u00e9paratifs que l\u2019Alliance de l\u2019\u00c9quateur effectue pour accueillir la <a href=\"https:\/\/awf.world\/fr\/events\/convocation-quadriennale-2020-2\/\" target=\"_blank\" rel=\"noopener\">Quadriennale de l\u2019UMA<\/a> en octobre 2021.<\/li>\n<li>La <a href=\"https:\/\/awf.world\/fr\/events\/seminaire-de-mise-a-jour-ministerielle-cla-2021-2\/\" target=\"_blank\" rel=\"noopener\">Mise \u00e0 Jour Minist\u00e9rielle 2021<\/a>, qui a commenc\u00e9 le 7 juin. Que ce soit un moment b\u00e9ni et \u00e9difiant pour toute la famille de l\u2019Alliance latino-am\u00e9ricaine.<\/li>\n<li>Chaque foyer qui a perdu un \u00eatre cher. Puissent-ils trouver r\u00e9confort, paix et force en Dieu pour faire face \u00e0 la douleur.<\/li>\n<li>Le processus de vaccination COVID-19 qui se d\u00e9roule dans les principales villes d\u2019\u00c9quateur. Priez aussi pour les \u00e9quipes m\u00e9dicales et sanitaires qui travaillent de longues heures pour atteindre l\u2019objectif.<\/li>\n<li>La r\u00e9activation totale de l\u2019\u00e9conomie de notre pays afin que les entreprises et le commerce puissent se stabiliser financi\u00e8rement et ouvrir de nouveaux emplois.<\/li>\n<li>Le nouveau pr\u00e9sident de la R\u00e9publique de l\u2019\u00c9quateur, Guillermo Lasso et son cabinet administratif. Que Dieu les guide et leur donne la sagesse de prendre des d\u00e9cisions \u00e9clair\u00e9es pour gouverner le pays.<\/li>\n<li>Le nouveau gouvernement national et les proc\u00e8s des affaires de corruption au milieu de l\u2019urgence sanitaire et \u00e9conomique que notre pays conna\u00eet.<\/li>\n<\/ul>\n<p><strong>GUATEMALA<\/strong><br \/>\nLouez Dieu pour :<\/p>\n<ul>\n<li>Les \u00e9glises qui sont implant\u00e9es dans diff\u00e9rentes parties du pays, malgr\u00e9 la pand\u00e9mie.<\/li>\n<\/ul>\n<p>Veuillez prier pour :<\/p>\n<ul>\n<li>Que le Seigneur fortifie les veuves des pasteurs d\u00e9c\u00e9d\u00e9s de COVID-19.<\/li>\n<li>La provision de Dieu pour les familles des pasteurs qui ont des besoins financiers.<\/li>\n<\/ul>\n<p><strong>P\u00c9ROU<br \/>\n<\/strong>Veuillez prier pour l\u2019\u00e9glise :<\/p>\n<ul>\n<li>Afin que Dieu continue \u00e0 garder dans le c\u0153ur de ses enfants la priorit\u00e9 d\u2019\u00e9tendre son royaume et d\u2019interc\u00e9der pour notre nation.<\/li>\n<li>Que Dieu nous permette de vivre le plus grand r\u00e9veil de l\u2019histoire du P\u00e9rou.<\/li>\n<\/ul>\n<p>Veuillez prier pour le pays :<\/p>\n<ul>\n<li>Que la souverainet\u00e9 et la volont\u00e9 de Dieu s\u2019accomplissent au P\u00e9rou. Que Dieu apporte la paix, la foi et l\u2019esp\u00e9rance dans la vie de tous les P\u00e9ruviens.<\/li>\n<li>Une restauration des relations interpersonnelles entre tous les P\u00e9ruviens. Ces relations ont \u00e9t\u00e9 affaiblies par les r\u00e9centes \u00e9lections pr\u00e9sidentielles.<\/li>\n<\/ul>\n<p><strong>R\u00c9PUBLIQUE DOMINICAINE<\/strong><br \/>\nVeuillez prier pour :<\/p>\n<ul>\n<li>La sant\u00e9 de plusieurs pasteurs d\u2019\u00e9glise qui ont COVID-19.<\/li>\n<li>La r\u00e9alisation des objectifs et des projets de l\u2019Alliance en R\u00e9publique Dominicaine.<\/li>\n<li>Un r\u00e9veil spirituel dans notre pays.<\/li>\n<li>Une provision financi\u00e8re afin que nous puissions continuer \u00e0 soutenir les missions.<\/li>\n<\/ul>\n<p><strong>VENEZUELA<\/strong><br \/>\nLouez Dieu pour :<\/p>\n<ul>\n<li>L\u2019unit\u00e9 de l\u2019\u00c9glise du Christ qui nous a permis de mener des activit\u00e9s d\u2019\u00e9vang\u00e9lisation dans diff\u00e9rents secteurs de l\u2019\u00c9tat de Carabobo.<\/li>\n<\/ul>\n<p>Veuillez prier pour :<\/p>\n<ul>\n<li>Toutes les personnes qui ont r\u00e9pondu \u00e0 l\u2019appel et accept\u00e9 le Seigneur lors de nos activit\u00e9s d\u2019\u00e9vang\u00e9lisation. Puissent-ils grandir dans la connaissance de Dieu.<\/li>\n<li>La sant\u00e9 physique, \u00e9motionnelle et spirituelle de nos pasteurs et dirigeants. Priez sp\u00e9cialement pour le pasteur Ricardo Valladares, qui est hospitalis\u00e9.<\/li>\n<li>La provision \u00e9conomique de notre corps pastoral, de nos dirigeants et de notre troupeau.<\/li>\n<li>Que tous les chr\u00e9tiens vivent une vie spirituelle plus profonde et consacr\u00e9e dans l\u2019ob\u00e9issance \u00e0 la Parole de Dieu afin que nous puissions exercer une influence dans notre environnement.<\/li>\n<li>Nos autorit\u00e9s gouvernementales. Que le Seigneur leur donne la sagesse et les guide pour qu\u2019ils soient des instruments entre ses mains.<\/li>\n<li>Nos autorit\u00e9s gouvernementales. Que le Seigneur leur donne la sagesse et les guide pour qu\u2019ils soient des instruments entre ses mains.<\/li>\n<li>Le r\u00e9confort, la force et la paix pour tous ceux qui ont perdu des membres de leur famille.<\/li>\n<li>Le processus de vaccination COVID-19 qui vient de commencer au Venezuela. Priez pour que toute la population ait acc\u00e8s aux vaccins.<\/li>\n<\/ul>\n<hr>\n<p><strong>2 juin 2021<\/strong><\/p>\n<p><strong>R\u00c9GION EMERALD (EUROPE ET MOYEN-ORIENT) DE L\u2019UMA<br \/>\n<\/strong>Louez Dieu pour :<strong><br \/>\n<\/strong><\/p>\n<ul>\n<li>La r\u00e9union en ligne des dirigeants des \u00e9glises nationales de l\u2019EMERALD qui a eu lieu le lundi 17 mai. C\u2019\u00e9tait un moment de partage de ce que Dieu fait dans notre r\u00e9gion et de pri\u00e8re les uns pour les autres.<\/li>\n<\/ul>\n<p>Veuillez prier pour :<\/p>\n<ul>\n<li>Les pr\u00e9paratifs du webinaire sur l\u2019ADN de l\u2019Alliance en anglais organis\u00e9 par la R\u00e9gion EMERALD. Il est maintenant pr\u00e9vu pour l\u2019automne.<\/li>\n<\/ul>\n<p><strong>MOBILISATION DE LA MISSION DE L\u2019EMERALD DE L\u2019UMA<br \/>\n<\/strong>Veuillez prier pour :<strong><br \/>\n<\/strong><\/p>\n<ul>\n<li>Que les fronti\u00e8res de l\u2019Europe s\u2019ouvrent compl\u00e8tement afin que les travailleurs familiaux de l\u2019Alliance qui attendaient puissent venir et servir avec la famille de l\u2019Alliance en Europe.<\/li>\n<\/ul>\n<p><strong>MINIST\u00c8RES DE LA DIASPORA DE L\u2019ALLIANCE (MDA)<br \/>\n<\/strong>Veuillez prier pour :<\/p>\n<ul>\n<li>La deuxi\u00e8me \u00e9dition du&nbsp;<a href=\"https:\/\/awf.world\/fr\/events\/diaspora-cma-afrique-webinaire\/\" target=\"_blank\" rel=\"noopener\">webinaire sur la Diaspora CMA Afrique<\/a> le 26 juin sur le th\u00e8me \u00ab L\u2019Eglise face au(x) d\u00e9fi(s) de l\u2019interculturalit\u00e9 \u00bb. C\u2019est dans un esprit de communion fraternelle, de partages de t\u00e9moignages et de contributions \u00e9difiantes que nous tenterons de r\u00e9pondre \u00e0 cette question : comment vivons-nous cette interculturalit\u00e9 dans les \u00e9glises?<\/li>\n<\/ul>\n<p><strong>ESPAGNE<br \/>\n<\/strong>Veuillez prier pour :<strong><br \/>\n<\/strong><\/p>\n<ul>\n<li>Alba Mart\u00ednez N\u00fa\u00f1ez, la premi\u00e8re missionnaire envoy\u00e9e par l\u2019Alliance espagnole. Elle a \u00e9t\u00e9 commissionn\u00e9e dans son \u00e9glise locale le 15 mai. Alba est partie pour le Mexique le 18 mai pour rejoindre une \u00e9quipe de traduction de la Bible avec Wycliffe. C\u2019est un grand pas en avant alors que les \u00e9glises de l\u2019Alliance en Espagne deviennent des \u00e9glises d\u2019envoi.<\/li>\n<\/ul>\n<p><strong>FRANCE<br \/>\n<\/strong>Veuillez prier pour :<strong><br \/>\n<\/strong><\/p>\n<ul>\n<li>Les \u00e9glises de l\u2019Alliance en France. Le gouvernement fran\u00e7ais, en r\u00e9action \u00e0 l\u2019islamisme radical, est en train de finaliser une nouvelle loi sur les activit\u00e9s religieuses. Cela placera des charges et des co\u00fbts accrus sur les \u00e9glises \u00e9vang\u00e9liques. Il restreindra \u00e9galement certaines libert\u00e9s dont jouissent actuellement les \u00e9<\/li>\n<\/ul>\n<p><strong>GRANDE BRETAGNE<br \/>\n<\/strong>Centre Minist\u00e9riel de Manchester \u00ab The Giving Tree \u00bb<strong><br \/>\n<\/strong><\/p>\n<ul>\n<li>Les restrictions du gouvernement britannique s\u2019assouplissant, nous avons donc pu nous rencontrer au centre minist\u00e9riel, toujours avec certaines limitations. Priez pour que le Seigneur utilise ce lieu pour b\u00e9nir le nombre consid\u00e9rable d\u2019immigrants qui vivent autour de nous. C\u2019est l\u2019un des quartiers les plus d\u00e9favoris\u00e9s de la ville avec une grande population de communaut\u00e9s sud-asiatiques et moyen-orientales.<\/li>\n<li>Cet automne prochain, nous aurons un grand nombre d\u2019\u00e9tudiants universitaires internationaux et locaux de retour \u00e0 Manchester pour commencer ce nouveau trimestre. Nous esp\u00e9rons pouvoir ouvrir le Caf\u00e9 pour entrer en contact avec la population \u00e9tudiante et relancer notre sensibilisation des \u00e9tudiants pour cette ann\u00e9e \u00e0 venir. Veuillez prier pour que nous puissions ouvrir le Caf\u00e9 d\u2019ici le 1er septembre. Priez pour que le Seigneur fournisse un bon nombre de volontaires pour s\u2019engager \u00e0 atteindre ces \u00e9tudiants.<\/li>\n<li>L\u2019un des plus grands besoins du centre minist\u00e9riel est la main-d\u2019\u0153uvre pour pouvoir ex\u00e9cuter une vari\u00e9t\u00e9 de projets de minist\u00e8re pour la communaut\u00e9. Veuillez prier pour un ministre multiculturel des enfants, qui peut \u00eatre le pionnier d\u2019un projet de sensibilisation au centre. De plus, nous avons un besoin urgent d\u2019un gestionnaire d\u2019immeuble qui pourrait coordonner toutes les op\u00e9rations minist\u00e9rielles au sein du centre.<\/li>\n<li>Nous sommes si reconnaissants que Dieu ait pourvu de mani\u00e8re miraculeuse pour le centre. Nous avons encore des besoins financiers pour am\u00e9nager le Caf\u00e9, et finir de r\u00e9parer le b\u00e2timent. Priez que le Seigneur subvienne \u00e0 tous ces besoins alors que nous nous pr\u00e9parons \u00e0 ouvrir les portes du centre au public.<\/li>\n<\/ul>\n<p><strong>PAYS-BAS<br \/>\n<\/strong>Une \u00e9quipe de l\u2019Alliance n\u00e9erlandaise travaille \u00e0 la traduction de \u00ab A. B. \u00bb par David Jones. L\u2019objectif est de publier une version n\u00e9erlandaise du livre avant le d\u00e9but de la nouvelle saison.<strong><br \/>\n<\/strong><\/p>\n<ul>\n<li>Priez pour ce projet de foi o\u00f9 les livres seront donn\u00e9s \u00e0 tous ceux qui veulent se plonger dans l\u2019histoire d\u2019A. B. Simpson.<\/li>\n<li>Priez pour des ressources pour finaliser ce projet et qu\u2019il puisse \u00eatre utile \u00e0 la famille de l\u2019Alliance n\u00e9erlandophone.<\/li>\n<\/ul>\n<p><strong>TERRE SAINTE<br \/>\n<\/strong>Veuillez prier pour :<strong><br \/>\n<\/strong><\/p>\n<ul>\n<li>Les \u00e9glises de l\u2019Alliance en Terre Sainte alors qu\u2019elles cherchent \u00e0 briller pour J\u00e9sus, malgr\u00e9 le conflit et la destruction qui se sont produits r\u00e9cemment.<\/li>\n<li>Le Seigneur garde le c\u0153ur de nos fr\u00e8res et s\u0153urs palestiniens afin qu\u2019ils n\u2019aient pas des c\u0153urs amers qui paralysent les croyants.<\/li>\n<li>Les chr\u00e9tiens (moins de 1 000) qui sont confront\u00e9s \u00e0 tant de d\u00e9vastations et de difficult\u00e9s \u00e0 Gaza.<\/li>\n<li>Cinq \u00e9tudiants, et en particulier pour les familles des professeurs et du personnel du <em>Bethlehem Bible College<\/em>, le seul coll\u00e8ge biblique en Palestine.<\/li>\n<\/ul>\n<p>&nbsp;<\/p>\n<hr>\n<p>&nbsp;<\/p>\n<h2><strong>Pri\u00e8res de l\u2019UMA &#8211; Mai 2021<\/strong><\/h2>\n<p>&nbsp;<\/p>\n<p><strong>26 mai 2021<\/strong><\/p>\n<p><strong>1) R\u00c9GION AFRIQUE DE L\u2019UMA<\/strong><\/p>\n<p><strong>ANGOLA<br \/>\n<\/strong>Louez Dieu pour :<strong><br \/>\n<\/strong><\/p>\n<ul>\n<li>L\u2019achat du terrain pour la construction de l\u2019\u00e9glise dans la province de Benguela. C\u2019\u00e9tait le r\u00e9sultat des efforts du conseil de l\u2019\u00e9glise et de certains membres qui ont donn\u00e9 des fonds \u00e0 cette fin. Nous remercions \u00e9galement les fr\u00e8res et s\u0153urs de notre famille mondiale de l\u2019Alliance qui ont pri\u00e9 avec nous pour cette demande.<\/li>\n<\/ul>\n<p>Veuillez prier pour :<\/p>\n<ul>\n<li>Que Dieu intervienne dans les nouvelles variantes de COVID-19 qui augmentent la propagation du virus.<\/li>\n<li>Les pr\u00e9paratifs de l\u2019Assembl\u00e9e G\u00e9n\u00e9rale de l\u2019\u00c9glise de l\u2019Alliance Chr\u00e9tienne d\u2019Angola, qui se tiendra \u00e0 la mission de Mboca en ao\u00fbt 2021. Priez aussi pour la direction et les dispositions de Dieu pour toutes les pr\u00e9parations, pour les d\u00e9cisions \u00e0 prendre et pour les arrangements de voyage des d\u00e9l\u00e9gu\u00e9s.<\/li>\n<li>La Convocation Quadriennale de l\u2019UMA en \u00c9quateur en octobre 2021. Que les cas de COVID-19 diminuent et que Dieu ouvre les fronti\u00e8res de notre pays qui restent ferm\u00e9es. Priez aussi pour la provision et le soin de Dieu pour tous les d\u00e9l\u00e9gu\u00e9s qui se rendront en \u00c9quateur.<\/li>\n<\/ul>\n<p><strong>CONGO (BRAZZAVILLE)<br \/>\n<\/strong>Veuillez prier pour :<strong><br \/>\n<\/strong><\/p>\n<ul>\n<li>Que l\u2019\u00e9glise du Congo retourne \u00e0 sa mission premi\u00e8re en tant que t\u00e9moins et ambassadeurs de J\u00e9sus-Christ dans notre pays et au-del\u00e0. Priez \u00e9galement pour qu\u2019une nouvelle g\u00e9n\u00e9ration d\u2019hommes et de femmes int\u00e8gres se l\u00e8ve.<\/li>\n<li>Que chaque membre du corps du Christ soit humble et exp\u00e9rimente la gr\u00e2ce de Dieu. Puissions-nous utiliser les ressources dont nous disposons comme outils pour plaire \u00e0 Dieu \u00e0 travers notre service.<\/li>\n<li>Que Dieu inspire une nouvelle g\u00e9n\u00e9rosit\u00e9 \u00e0 chaque membre de l\u2019\u00e9glise congolaise. Que chacun accorde la priorit\u00e9 aux besoins des autres pour le salut des Congolais.<\/li>\n<li>Tous les projets du Pr\u00e9sident de la R\u00e9publique. Son mandat a \u00e9t\u00e9 renouvel\u00e9 le 24 mars 2021. Que Dieu lui permette, ainsi qu\u2019\u00e0 son nouveau gouvernement, de r\u00e9ussir. Priez \u00e9galement pour que les Congolais r\u00e9ussissent dans l\u2019appropriation et la gestion des projets du nouveau gouvernement, nomm\u00e9 le 15 mai.<\/li>\n<li>Que Dieu lib\u00e8re notre pays de la corruption, des anti-valeurs, de la pauvret\u00e9 et du sous-d\u00e9veloppement qui est devenu cyclique.<\/li>\n<\/ul>\n<p><strong>GABON<br \/>\n<\/strong>Veuillez prier pour :<strong><br \/>\n<\/strong><\/p>\n<ul>\n<li>Le r\u00e9confort et l\u2019encouragement de Dieu aux familles de l\u2019\u00e9glise qui ont perdu des \u00eatres chers, y compris la famille de notre Directeur de Mission. Que le Seigneur, dans sa mis\u00e9ricorde, mette fin au cycle de morts enregistr\u00e9 dans l\u2019\u00e9glise nationale.<\/li>\n<li>Le prochain Synode National pr\u00e9vu en juillet 2021. Il sera marqu\u00e9 par le renouvellement des membres du bureau national, de l\u2019audit interne national et la mise en place du Conseil des Sages. Priez pour que nous ayons ces \u00e9lections dans les meilleures conditions logistiques, d\u2019organisation et de communication internet.<\/li>\n<li>Mission Nationale : Que le d\u00e9fi de l\u2019implantation d\u2019\u00e9glises soit relev\u00e9. Priez surtout pour la r\u00e9alisation de l\u2019objectif national de gagner 4 000 nouveaux disciples au sein des \u00e9glises de l\u2019Alliance au Gabon.<\/li>\n<li>Mission Internationale : Que le Seigneur \u00e9l\u00e8ve plus de donateurs pour acheter des terres au Togo, \u00e0 Parakou au nord du B\u00e9nin et \u00e0 Sao Tom\u00e9 pour la construction de nouvelles \u00e9glises. Priez \u00e9galement pour le d\u00e9veloppement du nouveau champ missionnaire au Ghana et la tenue de la conf\u00e9rence d\u2019\u00e9vang\u00e9lisation pr\u00e9vue dans ce pays.<\/li>\n<\/ul>\n<p><strong>GUIN\u00c9E<br \/>\n<\/strong>Louez Dieu pour :<strong><br \/>\n<\/strong><\/p>\n<ul>\n<li>La protection de ses servantes. Un groupe d\u2019agresseurs arm\u00e9s appel\u00e9s \u00ab coupeurs de route \u00bb a attaqu\u00e9 les responsables des femmes des \u00c9glises de la Zone de la Basse-C\u00f4te. Elles revenaient d\u2019un s\u00e9minaire de formation biblique \u00e0 Gu\u00e9ck\u00e9dou, \u00e0 700 km de la capitale Conakry, lorsque l\u2019attaque a eu lieu. Heureusement, elles n\u2019ont pas \u00e9t\u00e9 bless\u00e9es.<\/li>\n<\/ul>\n<p>Veuillez prier pour :<\/p>\n<ul>\n<li>Que la gr\u00e2ce et la force de Dieu soient r\u00e9pandues sur tous nos missionnaires transculturels. Les directeurs du D\u00e9partement de la Mission-\u00c9vang\u00e9lisation leur rendront visite du 24 mai au 6 juin.<\/li>\n<li>Que Dieu fournisse les ressources n\u00e9cessaires \u00e0 la reconstruction du temple de Dorota dans la municipalit\u00e9 de N\u2019Z\u00e9r\u00e9kor\u00e9. Cette \u00e9glise de 2 000 si\u00e8ges a \u00e9t\u00e9 attaqu\u00e9e et incendi\u00e9e par des manifestants politiques lors des \u00e9lections l\u00e9gislatives et r\u00e9f\u00e9rendaires du 22 mars 2020.<\/li>\n<li>Le plan d\u2019action de relance du Bureau National de Secours et de D\u00e9veloppement de l\u2019Alliance de Guin\u00e9e. Deux d\u00e9l\u00e9gu\u00e9s de la CMA africaine, le Dr Robert Sanou et D\u00e9sir\u00e9 Kakou, ont particip\u00e9 \u00e0 la formation Secours et D\u00e9veloppement.<\/li>\n<\/ul>\n<p><strong>MALI<br \/>\n<\/strong>Veuillez prier pour :<strong><br \/>\n<\/strong><\/p>\n<ul>\n<li>Le nouveau Comit\u00e9 Ex\u00e9cutif National afin que le Seigneur nous donne sa sagesse pour conduire son peuple dans l\u2019amour et dans un esprit de discernement.<\/li>\n<li>Les retrait\u00e9s de l\u2019\u00e9glise nationale. Ils ont cr\u00e9\u00e9 le R\u00e9seau Caleb, qui vise \u00e0 renforcer le travail missionnaire dans notre pays et la Diaspora. Priez pour un rel\u00e2chement de la pression islamique et pour la transition, afin qu\u2019elle ne bascule pas dans l\u2019impasse.<\/li>\n<li>Que les \u00e9glises soutiennent le travail missionnaire et les activit\u00e9s des dirigeants.<\/li>\n<\/ul>\n<p><strong>R\u00c9PUBLIQUE D\u00c9MOCRATIQUE DU CONGO (RDC)<br \/>\n<\/strong>Veuillez prier pour :<strong><br \/>\n<\/strong><\/p>\n<ul>\n<li><a href=\"https:\/\/awf.world\/fr\/events\/assemblee-generale-synodale-de-leglise-de-lalliance-de-la-rdc\/\" target=\"_blank\" rel=\"noopener\">L\u2019Assembl\u00e9e G\u00e9n\u00e9rale Synodale<\/a>&nbsp;de l\u2019\u00c9glise de l\u2019Alliance de la RDC, qui aura lieu \u00e0 Boma, du 19 au 25 juillet 2021. Priez aussi que les \u00e9glises trouvent un moyen d\u2019envoyer tous les d\u00e9l\u00e9gu\u00e9s invit\u00e9s.<\/li>\n<li>Que l\u2019\u00e9glise nationale trouve des moyens de soutenir les pasteurs qui travaillent dans les \u00e9glises des communaut\u00e9s \u00e0 faible revenu. Depuis le d\u00e9but de la pand\u00e9mie, ce soutien est devenu de plus en plus faible. Priez pour que les plus grandes \u00e9glises soient dispos\u00e9es \u00e0 les soutenir. Priez aussi pour certains des b\u00e9n\u00e9voles qui n\u2019ont plus les moyens qu\u2019ils avaient auparavant ou qui ont perdu leur emploi.<\/li>\n<li>Le projet d\u2019envoyer des missionnaires de la RDC en Guin\u00e9e en septembre. Que Dieu fournisse les moyens n\u00e9cessaires et ouvre toutes les portes.<\/li>\n<li>Nos institutions th\u00e9ologiques. Il y a une crise de vocation dans l\u2019\u00e9glise en g\u00e9n\u00e9ral, et les institutions ne re\u00e7oivent pas beaucoup d\u2019\u00e9tudiants. Priez aussi pour notre Universit\u00e9 de l\u2019Alliance au Congo, afin que les parents trouvent un moyen de payer les frais de scolarit\u00e9. Il est de plus en plus difficile de les payer.<\/li>\n<li>Notre institut de th\u00e9ologie \u00e0 Kinshasa, o\u00f9 le conflit avec les occupants ill\u00e9gaux de nos terres se poursuit. Que le Seigneur intervienne pour que la justice fasse sortir ces occupants ill\u00e9gaux de notre terre.<\/li>\n<\/ul>\n<p>&nbsp;<\/p>\n<p><strong>2) R\u00c9GION AM\u00c9RIQUE DU NORD DE L\u2019UMA<\/strong><\/p>\n<p><strong>CANADA<br \/>\n<\/strong>Louez Dieu pour :<strong><br \/>\n<\/strong><\/p>\n<ul>\n<li>Nos dirigeants de New Venture qui atteignent de nouvelles personnes dans leurs communaut\u00e9s. Que les r\u00e9cents \u00e9pisodes de podcast \u00ab New Waters \u00bb aient un impact positif sur les gens.<\/li>\n<li>D\u00e9fendre la Dignit\u00e9 (Defend Dignity), leur Sommet Canadien sur l\u2019Exploitation Sexuelle s\u2019est bien d\u00e9roul\u00e9. Priez pour que les personnes qui y ont particip\u00e9 soient pouss\u00e9es \u00e0 continuer \u00e0 apprendre et \u00e0 faire une diff\u00e9rence positive dans leurs communaut\u00e9s.<\/li>\n<\/ul>\n<p>Veuillez prier pour :<\/p>\n<ul>\n<li>La fin de l\u2019ann\u00e9e acad\u00e9mique pour nos \u00e9tudiants. Priez surtout pour les \u00e9tudiants qui sont en ligne &#8211; pour l\u2019\u00e9nergie et la capacit\u00e9 de concentration.<\/li>\n<li>Une \u00e9nergie renouvel\u00e9e, la paix et des id\u00e9es cr\u00e9atives pour nos travailleurs internationaux. Beaucoup d\u2019entre eux sont confront\u00e9s \u00e0 des quarantaines et des restrictions strictes pour le COVID-19.<\/li>\n<li>Une patience continue, car de nombreux Canadiens attendent toujours d\u2019\u00eatre vaccin\u00e9s.<\/li>\n<li>Brem Frentz, vice-pr\u00e9sident de Venture pour l\u2019Alliance au Canada et secr\u00e9taire du conseil d\u2019administration de l\u2019UMA. On lui a r\u00e9cemment diagnostiqu\u00e9 une forme agressive de cancer. Priez pour une gu\u00e9rison compl\u00e8te, pour la paix et la confiance. Priez aussi pour sa femme, Donna et pour leur famille qui soutient Brem.<\/li>\n<\/ul>\n<p><strong>\u00c9TATS-UNIS<br \/>\n<\/strong>Veuillez prier pour :<strong><br \/>\n<\/strong><\/p>\n<p>Notre Conseil Annuel :<\/p>\n<ul>\n<li>Pour la pr\u00e9paration de notre Conseil, qui se r\u00e9unit \u00e0 Nashville, Tennessee, du 31 mai au 3 juin.<\/li>\n<li>Puissions-nous \u00eatre en mesure de nous rencontrer et d\u2019adorer ensemble sans que le COVID-19 n\u2019interf\u00e8re.<\/li>\n<li>Que ce temps soit adorant et que les d\u00e9cisions prises pour notre organisation soient ce que Dieu d\u00e9sire.<\/li>\n<li>Pour les conseils de Dieu dans la planification, et pour la sagesse et la force de ceux qui rassemblent toutes les parties mobiles.<\/li>\n<\/ul>\n<p>Le d\u00e9m\u00e9nagement de notre bureau national :<\/p>\n<ul>\n<li>Le d\u00e9m\u00e9nagement de notre b\u00e2timent principal cet \u00e9t\u00e9. Les gens encore \u00e0 Colorado Springs auront besoin d\u2019un espace de travail temporaire, et ceux qui ont d\u00e9m\u00e9nag\u00e9 \u00e0 Columbus, dans l\u2019Ohio, auront \u00e9galement besoin d\u2019un espace temporaire.<\/li>\n<li>Les gens qui vendent leur maison \u00e0 Colorado Springs et qui ach\u00e8tent des maisons \u00e0 Columbus, Ohio. Avec tout cela en cours et en travaillant sur le d\u00e9m\u00e9nagement aussi, il y a beaucoup \u00e0 faire pour les gens.<\/li>\n<\/ul>\n<hr>\n<p><strong>19 mai 2021<\/strong><\/p>\n<p><strong>R\u00c9GION APAC (ASIE-PACIFIQUE) DE L\u2019UMA<\/strong><\/p>\n<p><strong>BIRMANIE<\/strong><\/p>\n<p>Veuillez prier pour :<\/p>\n<ul>\n<li>Le pays de la Birmanie. Apr\u00e8s 100 jours de r\u00e9gime militaire avec le recul, la situation politique ne semble pas s\u2019\u00eatre am\u00e9lior\u00e9e. Le R\u00e9v\u00e9rend Lal Chuanga, pr\u00e9sident de la CMA la Birmanie, a d\u00e9clar\u00e9 : <em>\u00ab R\u00e9cemment, j\u2019ai visit\u00e9 nos \u00e9glises locales pour v\u00e9rifier l\u2019\u00e9tat de la population. Les \u00e9glises sont confront\u00e9es quotidiennement \u00e0 des difficult\u00e9s pour r\u00e9pondre \u00e0 leurs besoins. Trouver du travail reste un d\u00e9fi de taille. \u00bb.<\/em><\/li>\n<li>Que Dieu fortifie et encourage le c\u0153ur des croyants \u00e0 lui faire confiance en cette p\u00e9riode difficile. Priez aussi pour une provision divine pour tous leurs besoins mat\u00e9riels.<\/li>\n<\/ul>\n<p><strong>INDE<\/strong><\/p>\n<p>Veuillez prier pour :<\/p>\n<p>1) Synode du Gujarat<\/p>\n<ul>\n<li>La situation de nos \u00e9glises CMA. L\u2019un des pasteurs est d\u00e9c\u00e9d\u00e9 du COVID-19 et de nombreux membres d\u2019\u00e9glise sont toujours dans les h\u00f4pitaux ou en quarantaine \u00e0 domicile.<\/li>\n<li>La protection et la gu\u00e9rison de Dieu sur les croyants infect\u00e9s.<\/li>\n<li>Le r\u00e9confort de Dieu aux familles dont les proches sont d\u00e9c\u00e9d\u00e9s.<\/li>\n<li>Les dirigeants du gouvernement indien g\u00e8rent la situation du COVID-19 avec sagesse, en particulier en fournissant des aides m\u00e9dicales telles que l\u2019oxyg\u00e8ne, les vaccins, les lits d\u2019h\u00f4pitaux et autres.<\/li>\n<\/ul>\n<p>2) Synode de la ville du Maharashtra<\/p>\n<ul>\n<li>Les familles endeuill\u00e9es de deux membres de l\u2019\u00c9glise Bombay Bible Fellowship qui sont morts du COVID-19. Tous deux \u00e9taient des convertis hindous. Leurs conjoints suivent toujours la religion hindoue. Veuillez prier pour que l\u2019Esprit du Seigneur touche leur c\u0153ur et qu\u2019ils connaissent \u00e9galement le Seigneur.<\/li>\n<li>Les personnes touch\u00e9es par le COVID-19 dans la ville de Mumbai. En raison de l\u2019\u00e9paisse densit\u00e9 de population, le gouvernement doit relever de nombreux d\u00e9fis pour contr\u00f4ler la propagation du coronavirus. Priez pour les gens qui vivent dans des bidonvilles o\u00f9 la distance sociale est un grand d\u00e9fi.<\/li>\n<\/ul>\n<p><strong>JAPON<\/strong><\/p>\n<p>Veuillez prier pour :<\/p>\n<ul>\n<li>Le <a href=\"https:\/\/awf.world\/fr\/events\/conseil-annuel-en-ligne-de-leglise-de-lalliance-du-japon\/\" target=\"_blank\" rel=\"noopener\">conseil annuel de l\u2019\u00e9glise de l\u2019Alliance japonaise<\/a>, du 25 au 26 mai. Il \u00e9tait pr\u00e9vu de se tenir en personne \u00e0 Hiroshima, mais en raison de l\u2019augmentation des cas de COVID-19, le conseil sera en ligne.<\/li>\n<li>La rencontre nationale des jeunes qui a \u00e9t\u00e9 report\u00e9e \u00e0 l\u2019ann\u00e9e prochaine.<\/li>\n<\/ul>\n<p><strong>MONGOLIE<\/strong><\/p>\n<p>Veuillez prier pour :<\/p>\n<ul>\n<li>Nos plans d\u2019implantation d\u2019\u00e9glises dans trois districts.<\/li>\n<li>Les minist\u00e8res sportifs que nous pr\u00e9voyons de commencer.<\/li>\n<li>Que les minist\u00e8res des jeunes, des jeunes adultes et des enfants soient plus productifs et fructueux.<\/li>\n<li>Le d\u00e9veloppement des missions et de l\u2019\u00e9vang\u00e9lisation dans nos \u00e9glises.<\/li>\n<\/ul>\n<p><strong>N\u00c9PAL<\/strong><\/p>\n<p>Veuillez prier pour :<\/p>\n<ul>\n<li>Le centre d\u2019isolement que la CMA du N\u00e9pal a commenc\u00e9 \u00e0 servir de nombreuses personnes. Le syst\u00e8me de sant\u00e9 du N\u00e9pal s\u2019est effondr\u00e9 et nous faisons de notre mieux pour soutenir la population.<\/li>\n<li>La bonne gestion du centre d\u2019isolement. Priez \u00e9galement pour que nous puissions collecter suffisamment de fonds pour le faire fonctionner.<\/li>\n<li>La s\u00e9curit\u00e9 des pasteurs, des dirigeants, des membres d\u2019\u00e9glise et des travailleurs \u00e9trangers. Selon Bikash Adhikari, secr\u00e9taire ex\u00e9cutif de la CMA du N\u00e9pal&nbsp;: <em>\u00ab Mon professeur est d\u00e9c\u00e9d\u00e9 r\u00e9cemment. De nombreuses personnes viennent au centre d\u2019isolement pour avoir besoin d\u2019une unit\u00e9 de soins intensifs, mais nous n\u2019avons pas d\u2019installations de soins intensifs au centre d\u2019isolement. Nous prions et demandons \u00e0 Dieu de gu\u00e9rir le N\u00e9pal. \u00bb.<\/em><\/li>\n<li>La fourniture de nourriture et de m\u00e9dicaments aux travailleurs salari\u00e9s, aux pauvres, aux personnes handicap\u00e9es et \u00e0 leurs familles.<\/li>\n<\/ul>\n<p><strong>PHILIPPINES<\/strong><\/p>\n<p>Louez Dieu pour :<\/p>\n<ul>\n<li>Le succ\u00e8s de l\u2019Assembl\u00e9e G\u00e9n\u00e9rale de la CMA Philippines (CAMACOP) qui s\u2019est tenue du 27 au 30 avril. Plus de 4 000 d\u00e9l\u00e9gu\u00e9s ont rejoint cet \u00e9v\u00e9nement en ligne.<\/li>\n<li>La r\u00e9\u00e9lection du R\u00e9v\u00e9rend Eduardo Cajes \u00e0 la pr\u00e9sidence de la CAMACOP.<\/li>\n<\/ul>\n<p>Veuillez prier pour :<\/p>\n<ul>\n<li>Les conseils et la sagesse de Dieu pour le R\u00e9v\u00e9rend Cajes dans la nomination et le choix de son \u00e9quipe au niveau national et de district.<\/li>\n<li>Que tous les dirigeants du gouvernement du pays aient un esprit d\u2019unit\u00e9 pour lutter efficacement contre le COVID-19, en particulier dans le d\u00e9ploiement de la vaccination contre le COVID-19.<\/li>\n<\/ul>\n<hr>\n<p><strong>12 mai 2021<\/strong><\/p>\n<p><strong>R\u00c9GION CLA (AM\u00c9RIQUE LATINE) DE L\u2019UMA<\/strong><\/p>\n<p><strong>ARGENTINE<br \/>\n<\/strong>Veuillez prier pour :<strong><br \/>\n<\/strong><\/p>\n<ul>\n<li>Nos \u00e9glises et nos minist\u00e8res pastoraux. Pour la sagesse, pour continuer avec la t\u00e2che en cette p\u00e9riode d\u2019incertitude.<\/li>\n<li>Les gens viennent au Seigneur et re\u00e7oivent le salut.<\/li>\n<li>Le peuple argentin : la contagion par COVID-19 augmente et il n\u2019y a pas de plan de vaccination pour toute la population.<\/li>\n<li>La situation \u00e9conomique du pays : 42 % de la population en situation de pauvret\u00e9 ; 60 % des enfants vivent en dessous du seuil de pauvret\u00e9 ; des niveaux \u00e9lev\u00e9s d\u2019inflation ; d\u00e9valuation constante de la monnaie.<\/li>\n<li>Les \u00e9lections l\u00e9gislatives du pays cette ann\u00e9e.<\/li>\n<\/ul>\n<p><strong>BOLIVIE<br \/>\n<\/strong>Veuillez prier pour :<strong><br \/>\n<\/strong><\/p>\n<ul>\n<li>La formation de nouveaux leaders et pasteurs en Bolivie par le biais du S\u00e9minaire Biblique SEBAP en partenariat avec l\u2019Alliance du P\u00e9rou.<\/li>\n<li>Le soin divin des pasteurs et des \u00e9glises face aux menaces du COVID-19.<\/li>\n<li>La situation politique d\u00e9licate dans notre pays en raison de la pers\u00e9cution des opposants par l\u2019administration gouvernementale actuelle.<\/li>\n<\/ul>\n<p><strong>BR\u00c9SIL<br \/>\n<\/strong>Veuillez prier pour :<strong><br \/>\n<\/strong><\/p>\n<ul>\n<li>Le S\u00e9minaire Th\u00e9ologique A. W. Tozer :<br \/>\n&#8211; Nouveaux \u00e9tudiants, nouveaux enseignants et pers\u00e9v\u00e9rance dans le syst\u00e8me de classe virtuelle.<br \/>\n&#8211; Nous remercions le Seigneur pour notre capacit\u00e9 \u00e0 nous adapter \u00e0 cette nouvelle fa\u00e7on d\u2019apprendre et d\u2019enseigner.<\/li>\n<\/ul>\n<ul>\n<li>Le D\u00e9partement d\u2019Implantation d\u2019\u00c9glises (Missional Focus) :<br \/>\n&#8211; La transition de deux implantations en \u00e9glises organis\u00e9es.<br \/>\n&#8211; Les \u00e9glises implant\u00e9es ont un impact avec l\u2019\u00c9vangile de J\u00e9sus-Christ sur les villes o\u00f9 elles sont situ\u00e9es.<br \/>\n&#8211; Pour que les planteurs puissent \u00e9quiper et motiver leur groupe de base d\u2019implantation d\u2019\u00e9glises.<\/li>\n<\/ul>\n<ul>\n<li>Le D\u00e9partement National des Missions :<br \/>\n&#8211; La sagesse de Dieu pour la direction du d\u00e9partement dans la gestion de ce moment difficile d\u2019ajustement financier des projets missionnaires.<br \/>\n&#8211; Plus d\u2019implication des \u00e9glises locales dans la Promesse de Foi pour soutenir financi\u00e8rement nos missionnaires.<br \/>\n&#8211; Nous remercions Dieu que tout s\u2019est bien pass\u00e9 avec le retour au Br\u00e9sil de notre famille missionnaire qui \u00e9tait en Tha\u00eflande. Priez pour qu\u2019ils puissent \u00e9lever de nouveaux partenaires pour obtenir le soutien n\u00e9cessaire qui leur permettra de retourner en Asie et de continuer le minist\u00e8re des sports.<br \/>\n&#8211; Louez le Seigneur pour les dix ans de minist\u00e8re de notre famille missionnaire au Portugal. Quelques Portugais \u00e9tudient la Bible et donnent leur vie au Christ.<br \/>\n&#8211; Priez pour notre famille missionnaire au Mozambique et l\u2019\u00e9quipe locale. M\u00eame avec la pand\u00e9mie, le nombre de personnes venant aux services religieux a augment\u00e9. Ainsi, ils ont commenc\u00e9 deux autres services du dimanche. Maintenant, ils ont trois c\u00e9l\u00e9brations chaque dimanche : une \u00e0 la campagne et deux dans le village.<\/li>\n<\/ul>\n<p><strong>CHILI<br \/>\n<\/strong>Louez Dieu pour :<strong><br \/>\n<\/strong><\/p>\n<ul>\n<li>Son souci de chacun de nos membres d\u2019\u00e9glise, encore plus maintenant que la pand\u00e9mie est \u00e0 son pire.<\/li>\n<li>Les \u00e9lections de nos dirigeants d\u2019\u00e9glises nationales. Nous remercions le Seigneur pour tous les hommes et femmes dou\u00e9s qui ont engag\u00e9 leur vie pour servir l\u2019\u00e9glise.<\/li>\n<li>Le 124e anniversaire de l\u2019\u00e9glise nationale de l\u2019Alliance au Chili en avril. Plusieurs \u00e9glises locales c\u00e9l\u00e8brent \u00e9galement plus de 100 ans de minist\u00e8re.<\/li>\n<\/ul>\n<p>Veuillez prier pour :<\/p>\n<ul>\n<li>Le Seigneur continue de fortifier l\u2019\u00e9glise. Depuis plus d\u2019un an maintenant, toutes nos \u00e9glises, s\u00e9minaires et minist\u00e8res sont ferm\u00e9s, mais chaque foyer est devenu un centre de culte et de rayonnement chr\u00e9tien.<\/li>\n<li>Nos pasteurs nationaux et notre \u00e9quipe missionnaire. Priez aussi pour tous nos projets \u00e0 l\u2019\u00e9tranger, en particulier pour ceux qui vont bient\u00f4t d\u00e9marrer dans la Sixi\u00e8me R\u00e9gion.<\/li>\n<li>Nos minist\u00e8res parachutistes tels que : la Maison des Mineurs, la Fondation pour l\u2019\u00c9ducation et ses \u00e9coles, le Minist\u00e8re des Handicap\u00e9s (Semejantes) et des Autochtones. Chacun d\u2019eux a continu\u00e9 de servir au milieu de la pand\u00e9mie, atteignant ceux qui en avaient le plus besoin.<\/li>\n<\/ul>\n<p><strong>COLOMBIE<br \/>\n<\/strong>Veuillez prier pour :<strong><br \/>\n<\/strong><\/p>\n<ul>\n<li>Le S\u00e9minaire Biblique de l\u2019Alliance en Colombie. Priez pour que tous les \u00e9tudiants puissent terminer leur formation. Priez \u00e9galement pour que le s\u00e9minaire puisse finaliser les accords d\u2019\u00e9largissement de son offre \u00e9ducative au sein de notre famille Alliance.<\/li>\n<li>La paix et la protection des municipalit\u00e9s de notre pays assi\u00e9g\u00e9es par des groupes arm\u00e9s ill\u00e9gaux.<br \/>\n&#8211; Pour la force de nos pasteurs et dirigeants qui font un travail minist\u00e9riel dans ces lieux.<br \/>\n&#8211; Pour nos \u00e9glises, afin qu\u2019elles soient des lieux de b\u00e9n\u00e9diction et d\u2019esp\u00e9rance au milieu des difficult\u00e9s.<\/li>\n<\/ul>\n<ul>\n<li>Notre travailleur international, qui d\u00e9m\u00e9nagera aux Emirats Arabes Unis. Que le Seigneur guide et b\u00e9nisse tous les pr\u00e9paratifs et l\u2019ex\u00e9cution du voyage : permis l\u00e9gaux, aucune entrave \u00e0 l\u2019entr\u00e9e dans le pays et provision financi\u00e8re. Veuillez prier \u00e9galement pour une entr\u00e9e et une sortie r\u00e9ussies de notre ouvrier Yamid Nene \u00e0 Leticias, Amazon. Que Dieu lui permette de d\u00e9velopper son travail minist\u00e9riel dans ce lieu.<\/li>\n<\/ul>\n<p><strong>GUATEMALA<\/strong><\/p>\n<ul>\n<li>Remerciements \u00e0 Dieu que la plupart des \u00e9glises de la CMA au Guatemala ont pu rouvrir.<\/li>\n<li>Priez pour la protection des cultes en personne dans nos \u00e9glises.<\/li>\n<li>Priez pour la fourniture de travail \u00e0 tous ceux qui sont au ch\u00f4mage en raison de la pand\u00e9mie.<\/li>\n<\/ul>\n<p><strong>P\u00c9ROU<\/strong><\/p>\n<ul>\n<li>Veuillez prier pour nos \u00e9glises de l\u2019Alliance :<br \/>\n&#8211; Puisse l\u2019onction du Saint-Esprit et la vision de Dieu continuer \u00e0 soutenir et \u00e0 guider nos pasteurs et les dirigeants de l\u2019\u00e9glise locale.<br \/>\n&#8211; Pour que les membres de nos \u00e9glises locales vivent dans la saintet\u00e9 et soient des instruments de b\u00e9n\u00e9diction en tant que disciples de J\u00e9sus-Christ.<br \/>\n&#8211; Puisse le Seigneur pourvoir aux besoins mat\u00e9riels, \u00e9motionnels et spirituels de chaque famille pendant cette p\u00e9riode de pand\u00e9mie.<\/li>\n<\/ul>\n<ul>\n<li>Veuillez prier pour notre pays :<br \/>\n&#8211; Puisse la souverainet\u00e9 de Dieu pr\u00e9valoir en cette p\u00e9riode d\u2019\u00e9lection pr\u00e9sidentielle au P\u00e9rou.<br \/>\n&#8211; Pour que la gr\u00e2ce, la mis\u00e9ricorde et la faveur de Dieu continuent d\u2019\u00eatre exp\u00e9riment\u00e9es dans chaque famille p\u00e9ruvienne. Que Dieu fournisse du travail, de la nourriture et de la sant\u00e9 \u00e0 ceux qui en ont besoin.<br \/>\n&#8211; Que le jugement et la justice du Seigneur continuent \u00e0 se manifester contre toute corruption, crime et violence qui ont lieu dans le pays.<\/li>\n<\/ul>\n<p><strong>R\u00c9PUBLIQUE DOMINICAINE<br \/>\n<\/strong>Veuillez prier pour :<strong><br \/>\n<\/strong><\/p>\n<ul>\n<li>La b\u00e9n\u00e9diction et les provisions de Dieu pour les plans et projets de l\u2019Alliance en R\u00e9publique Dominicaine.<\/li>\n<li>Que Dieu \u00e9veille la passion de son peuple pour atteindre les perdus.<\/li>\n<li>Des provisions pour les missions.<\/li>\n<\/ul>\n<p><strong>VENEZUELA<br \/>\n<\/strong>Veuillez prier pour :<strong><br \/>\n<\/strong><\/p>\n<ul>\n<li>La sant\u00e9 de Yoleida de Suarez, l\u2019\u00e9pouse du pasteur Jorge Luis Suarez de la CMA de Maraca. Puisse-t-elle \u00eatre gu\u00e9rie et retrouver une coordination normale de l\u2019esprit, de l\u2019\u00e9criture, de la motricit\u00e9 et de la parole.<\/li>\n<li>La c\u00e9l\u00e9bration du 50e anniversaire de l\u2019Alliance Chr\u00e9tienne et Missionnaire du Venezuela en juillet. Que Dieu b\u00e9nisse la c\u00e9l\u00e9bration de cette date importante dans l\u2019\u00e9glise.<\/li>\n<li>Fournir du travail \u00e0 de nombreux fr\u00e8res sans emploi qui n\u2019ont pas d\u2019\u00e9pargne pour subvenir aux besoins de leur famille.<\/li>\n<li>Les fr\u00e8res qui ont peur au milieu de cette pand\u00e9mie. Que Dieu remplisse leur c\u0153ur de paix et de s\u00e9curit\u00e9.<\/li>\n<li>La mise \u00e0 disposition d\u2019un local ou d\u2019un entrep\u00f4t sur une avenue principale de la ville pour l\u2019\u00e9glise de l\u2019Alliance de Yagua.<\/li>\n<li>Des directives et des provisions du Seigneur pour ouvrir une \u00e9glise fille de la CMA de Yagua dans la municipalit\u00e9 de Guacara.<\/li>\n<li>Les enfants de nos membres d\u2019\u00e9glise. Certains vivent avec des membres de leur famille, car leurs parents sont hors du pays.<\/li>\n<li>La sagesse et la direction de Dieu pour le corps pastoral de la CMA au Venezuela. Puissent-ils rester fermes dans l\u2019accomplissement des desseins du Seigneur.<\/li>\n<\/ul>\n<hr>\n<p><strong>5 mai 2021<\/strong><\/p>\n<p><strong>R\u00c9GION EMERALD (EUROPE &amp; MOYEN-ORIENT) DE L\u2019UMA<br \/>\n<\/strong>Veuillez prier pour :<strong><br \/>\n<\/strong><\/p>\n<ul>\n<li>La&nbsp;<a href=\"https:\/\/awf.world\/fr\/events\/reunion-des-dirigeants-de-leglise-nationale-de-luma-emerald\/\" target=\"_blank\" rel=\"noopener\">r\u00e9union des dirigeants de l\u2019\u00e9glise nationale de l\u2019EMERALD<\/a> lundi 17 mai.<\/li>\n<li>D\u00e9veloppement d\u2019un Institut de Formation de l\u2019Alliance pour toute l\u2019Europe.<\/li>\n<li>Pr\u00e9paration du webinaire sur l\u2019ADN de l\u2019Alliance en anglais en juillet. Le webinaire est organis\u00e9 par la r\u00e9gion EMERALD et l\u2019ICTE (la Commission Internationale d\u2019\u00c9ducation Th\u00e9ologique).<\/li>\n<\/ul>\n<p><strong>MOBILISATION DE LA MISSION DE L\u2019EMERALD DE L\u2019UMA<br \/>\n<\/strong>Veuillez prier pour le nouveau projet de Mobilisation de la Mission de l\u2019EMERALD de l\u2019UMA alors que nous cherchons \u00e0 :<strong><br \/>\n<\/strong><\/p>\n<ul>\n<li>Encourager les \u00e9glises de l\u2019Alliance nationale \u00e0 se mobiliser pour des missions par l\u2019implantation d\u2019\u00e9glises, les entreprises comme missions et l\u2019aide et le d\u00e9veloppement.<\/li>\n<li>Encourager les r\u00e9seaux d\u2019implantation d\u2019\u00e9glises dans toute la r\u00e9gion.<\/li>\n<li>Identifier et coordonner les opportunit\u00e9s de mission et de partenariat dans la r\u00e9gion.<\/li>\n<li>Et priez pour Eoghan Cosgrave alors qu\u2019il commence son nouveau r\u00f4le le 1er juin en tant que mobilisateur de mission pour la r\u00e9gion EMERALD. Puisse le Seigneur pourvoir \u00e0 lui et \u00e0 sa famille.<\/li>\n<\/ul>\n<p><strong>MINIST\u00c8RES DE DIASPORA L\u2019ALLIANCE<br \/>\n<\/strong>Veuillez prier pour :<strong><br \/>\n<\/strong><\/p>\n<ul>\n<li>Les immigrants et r\u00e9fugi\u00e9s musulmans entendent l\u2019\u00c9vangile et rencontrent J\u00e9sus.<\/li>\n<li>Que nos MBB (croyants d\u2019origine musulmane) soient fortifi\u00e9s dans l\u2019Esprit.<\/li>\n<li>Que l\u2019\u00c9glise europ\u00e9enne aime ses voisins musulmans.<\/li>\n<li>Une profonde \u00e9motion spirituelle dans le c\u0153ur et l\u2019esprit des musulmans alors qu\u2019ils c\u00e9l\u00e8brent le Ramadan (13 avril-12 mai).<\/li>\n<li>Que les disciples du Christ soient audacieux dans leur t\u00e9moignage de J\u00e9sus.<\/li>\n<\/ul>\n<p><strong>ESPAGNE<br \/>\n<\/strong>Veuillez prier pour :<strong><br \/>\n<\/strong><\/p>\n<ul>\n<li>Le travailleur international canadien Pablo Pap\u00e1vero et sa famille. Sa m\u00e8re est d\u00e9c\u00e9d\u00e9e subitement la semaine derni\u00e8re d\u2019une crise cardiaque chez elle en Argentine. Pablo n\u2019a pas pu voyager, et il n\u2019a pas non plus de chances de le faire dans un proche avenir, \u00e0 cause de COVID-19. Priez pour le salut de ses fr\u00e8res et s\u0153urs qui n\u2019ont pas encore confi\u00e9 leur vie au Christ.<\/li>\n<li>La famille d\u2019Enrique M\u00e9ndez, missionnaire de l\u2019Alliance p\u00e9ruvienne en Espagne. Ils pleurent de loin la mort de sa m\u00e8re du COVID-19 la semaine derni\u00e8re.<\/li>\n<\/ul>\n<p><strong>FRANCE<br \/>\n<\/strong>Veuillez prier pour :<strong><br \/>\n<\/strong><\/p>\n<ul>\n<li>L\u2019\u00c9glise de l\u2019Alliance nationale alors qu\u2019elle cherche \u00e0 recruter un nouveau pr\u00e9sident et secr\u00e9taire g\u00e9n\u00e9ral pour son minist\u00e8re en France.<\/li>\n<li>La famille de Ya Choua Ly, un dirigeant senior des \u00e9glises de l\u2019Alliance Hmong en France. Ya Choua est mort de COVID-19.<\/li>\n<\/ul>\n<p><strong>GRANDE BRETAGNE<br \/>\n<\/strong>Louez Dieu pour :<strong><br \/>\n<\/strong><\/p>\n<ul>\n<li>Comment le Seigneur nous a miraculeusement ouvert une nouvelle porte pour servir les gens de Redcar. Six personnes sont faites disciples et trois sont en pr\u00e9paration pour le bapt\u00eame.<\/li>\n<\/ul>\n<p>Veuillez prier pour :<\/p>\n<ul>\n<li>L\u2019\u00c9glise des Minist\u00e8res GBS (\u00c9vangile, enseignement biblique et bien-\u00eatre social) \u00e0 Enfield et Stevenage, Royaume-Uni, et pour le pasteur Claude Muya.<\/li>\n<li>Les r\u00e9unions de r\u00e9veil et le bapt\u00eame pr\u00e9vus pour Redcar en juin. Priez pour que nous puissions atteindre un grand nombre de personnes et en voir beaucoup donner leur vie au Seigneur J\u00e9sus-Christ. Priez pour que toutes les restrictions COVID-19 soient lev\u00e9es pour permettre que cela se produise.<\/li>\n<li>Les nombreux membres d\u2019\u00e9glise qui ont perdu des \u00eatres chers pendant la pand\u00e9mie. Priez pour que nous puissions renforcer chaque individu et chaque famille alors qu\u2019ils tentent de se r\u00e9tablir.<\/li>\n<\/ul>\n<p>&nbsp;<\/p>\n<hr>\n<p>&nbsp;<\/p>\n<h2><strong>Pri\u00e8res de l\u2019UMA &#8211; Avril 2021<\/strong><\/h2>\n<p>&nbsp;<\/p>\n<p><strong>26 avril 2021<\/strong><\/p>\n<p><strong>R\u00c9GION AM\u00c9RIQUE DU NORD DE L\u2019UMA<\/strong><\/p>\n<p>Veuillez prier pour :<\/p>\n<p><strong>CANADA<\/strong><\/p>\n<ul>\n<li>Le vaccin COVID-19 a connu des retards impr\u00e9vus. Priez pour la patience pour les personnes qui attendent pour \u00eatre vaccin\u00e9es. Priez pour la sant\u00e9 continue des Canadiens partout au pays.<\/li>\n<li>Chefs de New Venture \u00e0 travers le Canada qui travaillent avec des \u00e9tudiants internationaux. Priez pour que les \u00e9tudiants soient atteints par les minist\u00e8res qui sont sur leurs campus. Priez aussi pour les \u00e9tudiants qui se pr\u00e9parent \u00e0 leurs examens.<\/li>\n<li>Gu\u00e9rison compl\u00e8te pour Brem Frentz, le vice-pr\u00e9sident de Venture pour l\u2019Alliance au Canada. Brem a r\u00e9cemment re\u00e7u un diagnostic d\u2019une forme agressive de cancer. Priez aussi pour sa femme, Donna et leur famille qui soutiennent Brem.<\/li>\n<li>Notre centre minist\u00e9riel national alors que nous nous adaptons \u00e0 notre nouvel immeuble de bureaux \u00e0 Toronto. Priez pour notre personnel qui continue de travailler \u00e0 domicile pendant la pand\u00e9mie.<\/li>\n<li>\u00ab Defend Dignity \u00bb alors qu\u2019ils continuent de se pr\u00e9parer pour leur Sommet canadien sur l\u2019Exploitation Sexuelle. Priez pour que cet \u00e9v\u00e9nement soit l\u2019occasion d\u2019\u00e9duquer et de connecter les gens.<\/li>\n<\/ul>\n<p><strong>\u00c9TATS-UNIS<\/strong><\/p>\n<ul>\n<li>D\u00e9m\u00e9nagement de notre b\u00e2timent principal cet \u00e9t\u00e9. Les gens encore \u00e0 Colorado Springs auront besoin d\u2019un espace de travail temporaire, et ceux qui ont d\u00e9m\u00e9nag\u00e9 \u00e0 Columbus, dans l\u2019Ohio, auront \u00e9galement besoin d\u2019un espace temporaire.<\/li>\n<li>Les gens qui vendent des maisons, ach\u00e8tent des maisons \u00e0 Columbus, dans l\u2019Ohio, etc. Avec tout ce qui pr\u00e9c\u00e8de et qui travaillent ensuite \u00e0 d\u00e9m\u00e9nager aussi, c\u2019est beaucoup \u00e0 transporter pour les gens.<\/li>\n<\/ul>\n<p>Pour notre\u00a0<a href=\"https:\/\/awf.world\/fr\/events\/conseil-dalliance-des-etats-unis\/\" target=\"_blank\" rel=\"noopener\">Conseil Annuel \u00e0 Nashville<\/a> :<\/p>\n<ul>\n<li>La pr\u00e9paration de notre Conseil, qui se r\u00e9unit fin mai \u00e0 Nashville.<\/li>\n<li>Puissions-nous \u00eatre en mesure de nous rencontrer et d\u2019adorer ensemble sans que le COVID-19 n\u2019interf\u00e8re.<\/li>\n<li>Que ce temps soit adorant et que les d\u00e9cisions prises pour notre organisation soient ce que Dieu d\u00e9sire.<\/li>\n<li>Pour les conseils de Dieu sur la planification, la sagesse et la force pour ceux qui assemblent les pi\u00e8ces en mouvements.<\/li>\n<\/ul>\n<p>Pour nos Travailleurs Internationaux :<\/p>\n<ul>\n<li>Beaucoup d\u2019entre eux commencent \u00e0 rentrer chez eux pour leurs missions \u00e0 domicile.<\/li>\n<li>S\u00e9curit\u00e9 pour ceux qui voyagent.<\/li>\n<li>Que les modalit\u00e9s de logement collaborent pour chaque famille.<\/li>\n<li>Que les mois \u00e0 la maison soient un moment de renouveau spirituel et de rafra\u00eechissement.<\/li>\n<li>Plusieurs membres du personnel de Colorado Springs ont contract\u00e9 le COVID-19. Heureusement, personne n\u2019a \u00e9t\u00e9 gravement malade. Que le reste continue d\u2019\u00eatre en bonne sant\u00e9.<\/li>\n<\/ul>\n<hr \/>\n<h3><strong>21 avril 2021<\/strong><\/h3>\n<p><strong>R\u00c9GION AFRIQUE DE L&rsquo;UMA<\/strong><\/p>\n<p><strong>ANGOLA<\/strong><\/p>\n<p>Louez Dieu pour :<\/p>\n<ul>\n<li>La retraite des pasteurs, du 9 au 11 avril, avec 23 pasteurs. Ils ont abord\u00e9 ces sujets : le leadership chr\u00e9tien, la coop\u00e9ration dans le minist\u00e8re, les devoirs d&rsquo;un pasteur, le don minist\u00e9riel contamin\u00e9, l&rsquo;\u00e9thique pastorale et la d\u00e9ontologie, et la solitude, et la solidarit\u00e9.<\/li>\n<\/ul>\n<p>Veuillez prier pour :<\/p>\n<ul>\n<li>Dieu pour guider les conf\u00e9rences r\u00e9gionales de l&rsquo;\u00c9glise de l&rsquo;Alliance d&rsquo;Angola, qui auront lieu en avril et mai.<\/li>\n<li>Unit\u00e9 entre les ouvriers et les membres de l&rsquo;\u00e9glise.<\/li>\n<li>Les gens doivent continuer \u00e0 suivre les mesures de bios\u00e9curit\u00e9. Les cas de COVID-19 sont toujours \u00e9lev\u00e9s, mais de nombreuses personnes ne suivent plus les protocoles.<\/li>\n<\/ul>\n<p><strong>CONGO (BRAZZAVILLE)<\/strong><\/p>\n<p>Louez Dieu pour :<\/p>\n<ul>\n<li>Paix avant, pendant et apr\u00e8s les \u00e9lections pr\u00e9sidentielles du 21 mars. Puisse cette paix perdurer sur tout le territoire national.<\/li>\n<\/ul>\n<p>Veuillez prier pour :<\/p>\n<ul>\n<li>Le travail missionnaire dans la r\u00e9gion de Kouilou en partenariat avec les missionnaires de la CMA des \u00c9tats-Unis. Priez pour que l&rsquo;\u00e9vangile atteigne d&rsquo;autres r\u00e9gions, telles que le Pool, le Niari, la Bouenza et les Plateaux.<\/li>\n<li>Le d\u00e9roulement de la cons\u00e9cration de trois pasteurs, pr\u00e9vue en juillet 2021.<\/li>\n<li>La reprise de l\u2019\u00e9conomie affaiblie du pays. Elle a \u00e9t\u00e9 affect\u00e9e par la baisse du prix du p\u00e9trole et par la pand\u00e9mie COVID-19.<\/li>\n<\/ul>\n<p><strong>R\u00c9PUBLIQUE DEMOCRATIQUE DU CONGO<\/strong><\/p>\n<ul>\n<li>Le champ missionnaire de Ndola en Zambie, o\u00f9 travaille notre missionnaire Paul Kongolo. Son permis de s\u00e9jour a expir\u00e9, car il ne pouvait pas payer 300 $ pour le changer en biom\u00e9trie. \u00c0 pr\u00e9sent, les autorit\u00e9s du pays lui demandent de recommencer le processus. Cela co\u00fbtera plus de 2 000 $. Nous vous demandons de prier pour :<\/li>\n<li>Que Dieu fournisse le montant n\u00e9cessaire pour le permis de s\u00e9jour de Paul.<\/li>\n<li>La protection de Paul et pour qu\u2019il ne subisse pas de menaces \u00e0 cause des \u00e9lections pr\u00e9sidentielles qui auront lieu avant l\u2019ach\u00e8vement de ces documents.<\/li>\n<li>Que le Seigneur \u00e9l\u00e8ve de bonnes personnes qui peuvent aider \u00e0 construire un lieu de culte confortable dans la r\u00e9gion de Ndola.<\/li>\n<li>Des ressources pour que d&rsquo;autres implantations d&rsquo;\u00e9glises commencent dans ce domaine.<\/li>\n<li>Le r\u00e9v\u00e9rend Marcel Bunda Bunda, le pr\u00e9sident national de la CMA qui a souvent des probl\u00e8mes de sant\u00e9. Les tests COVID-19 qu&rsquo;il a effectu\u00e9s ont montr\u00e9 des r\u00e9sultats contradictoires. Un laboratoire a \u00e9t\u00e9 test\u00e9 positif, mais le lendemain, trois autres laboratoires ont d\u00e9clar\u00e9 que l&rsquo;analyse \u00e9tait n\u00e9gative. Puisse-t-il trouver r\u00e9confort et conseils en Dieu.<\/li>\n<li>Le comit\u00e9 de gestion de l&rsquo;\u00e9glise. Ils sont charg\u00e9s de superviser le processus d&rsquo;accueil de tous les pasteurs qui sont retourn\u00e9s \u00e0 l&rsquo;\u00e9glise. Que Dieu facilite leur adaptation et leur collaboration avec d&rsquo;autres travailleurs.<\/li>\n<\/ul>\n<hr \/>\n<h3><strong>14 avril 2021<\/strong><\/h3>\n<p><strong>1) GU\u00c9RISON<\/strong><\/p>\n<p>Veuillez prier pour la gu\u00e9rison de :<\/p>\n<ul>\n<li>Brem Frentz, secr\u00e9taire de l\u2019ExCom de l\u2019UMA et vice-pr\u00e9sident de Venture CMA Canada, d\u2019une forme agressive de cancer de la prostate.<\/li>\n<li>Rajesh Patole, directeur ex\u00e9cutif de l\u2019ACA et AM (Inde), du COVID-19.<\/li>\n<li>Yakob Ingle, pr\u00e9sident du Synode du Maharashtra (Inde), des probl\u00e8mes avec ses yeux. Il a besoin d\u2019une intervention chirurgicale urgente.<\/li>\n<li>Natanael Gil, pr\u00e9sident de l\u2019Alliance du Venezuela, et de son \u00e9pouse Eveyn, tous deux de COVID-19.<\/li>\n<\/ul>\n<p>&nbsp;<\/p>\n<p><strong>2) R\u00c9GION APAC (ASIE-PACIFIQUE) DE L\u2019UMA<\/strong><\/p>\n<p>Veuillez prier pour :<\/p>\n<ul>\n<li>Les rassemblements nationaux suivants<\/li>\n<\/ul>\n<p style=\"padding-left: 60px;\"><a href=\"https:\/\/awf.world\/fr\/events\/conseil-general-de-la-cma-indonesie\/\" target=\"_blank\" rel=\"noopener\">&#8211; Conseil g\u00e9n\u00e9ral de la Gereja Kemah Injil Indonesia (CMA d\u2019Indon\u00e9sie)<\/a> \u00e0 Jayapura, Papouasie, du 13 au 16 avril (en personne et en ligne).<br \/>\n&#8211;\u00a0<a href=\"https:\/\/awf.world\/fr\/events\/assemblee-generale-de-camacop-philippines\/\" target=\"_blank\" rel=\"noopener\">Assembl\u00e9e g\u00e9n\u00e9rale des \u00c9glises Chr\u00e9tiennes et Missionnaires de l\u2019Alliance des Philippines (CAMACOP)<\/a>, 27-30 avril (en ligne).<\/p>\n<ul>\n<li>Que l\u2019onction de Dieu soit sur ses serviteurs qui serviront le peuple, et pour la direction et la sagesse de Dieu pour les comit\u00e9s qui se pr\u00e9parent aux \u00e9v\u00e9nements.<\/li>\n<li>La protection et le voyage en toute s\u00e9curit\u00e9 pour ceux qui assisteront en personne et une bonne et forte connexion Internet pour tous les participants qui y assisteront virtuellement.<\/li>\n<li>Que la pr\u00e9sence de Dieu enveloppe l\u2019\u00e9v\u00e9nement, en particulier lors de l\u2019\u00e9lection du pr\u00e9sident et des dirigeants nationaux (Indon\u00e9sie et Philippines).<\/li>\n<\/ul>\n<p><strong>INDON\u00c9SIE<\/strong><\/p>\n<ul>\n<li>Les personnes qui ont \u00e9t\u00e9 touch\u00e9es par les glissements de terrain dans l\u2019est de l\u2019Indon\u00e9sie la semaine derni\u00e8re. Le nombre de morts est pass\u00e9 \u00e0 140 et des dizaines sont toujours port\u00e9s disparus, alors que la pluie continue de marteler la r\u00e9gion. Plusieurs familles des \u00e9glises de l\u2019Alliance de la r\u00e9gion ont vu leurs maisons endommag\u00e9es. Les \u00e9glises de l\u2019Alliance en Indon\u00e9sie collectent des fonds pour aider ces familles avec des dons de v\u00eatements, de nourriture et d\u2019argent.<\/li>\n<\/ul>\n<p><strong>BIRMANIE<\/strong><\/p>\n<ul>\n<li>Le pays de Birmanie. La situation politique ne s\u2019am\u00e9liore pas. Des manifestations de masse se poursuivent depuis que l\u2019arm\u00e9e a pris le contr\u00f4le le 1er f\u00e9vrier. Selon l\u2019un de nos dirigeants de l\u2019Alliance a Birmanie, les \u00e9glises ne peuvent pas organiser de services le dimanche. Les gens ne peuvent toujours pas travailler et les prix des marchandises montent en fl\u00e8che. Ils mangent et utilisent ce qu\u2019ils avaient \u00e9conomis\u00e9 auparavant.<\/li>\n<li>La protection de Dieu sur les \u00e9glises et les pasteurs de Tahan, Kalemyo, o\u00f9 se trouvent la plupart des \u00e9glises de l\u2019Alliance. La plupart des meurtres ont eu lieu dans cette r\u00e9gion.<\/li>\n<li>S\u00e9curit\u00e9 de toutes les minorit\u00e9s ethniques qui fuient les frappes a\u00e9riennes.<\/li>\n<li>Les chr\u00e9tiens ne doivent pas perdre espoir, mais continuer \u00e0 faire confiance \u00e0 Dieu pour leur r\u00e9confort et leur force au milieu de cette crise politique.<\/li>\n<li>L\u2019intervention de Dieu pour une solution politique qui n\u2019entra\u00eenera pas de guerre civile.<\/li>\n<\/ul>\n<hr \/>\n<h3>7 avril, 2021<\/h3>\n<p><strong>R\u00c9GION CLA (AM\u00c9RIQUE LATINE) DE L\u2019UMA<\/strong><\/p>\n<p>Veuillez prier pour :<\/p>\n<p><strong>BOLIVIE<\/strong><\/p>\n<ul>\n<li>La formation biblico-th\u00e9ologique des nouveaux dirigeants et pasteurs au S\u00e9minaire biblique, qui d\u00e9butera en avril. Que Dieu b\u00e9nisse ces nouveaux dirigeants d\u2019\u00e9glise.<\/li>\n<li>L\u2019accomplissement de la Grande Commission de l\u2019Alliance de la Bolivie. Que les \u00c9glises soient fid\u00e8les \u00e0 la parole de Dieu et vou\u00e9es \u00e0 l\u2019\u00e9dification de nos membres. Puissions-nous former des membres, des dirigeants et des serviteurs avec une vocation \u00e9vang\u00e9lique et des missions interculturelles.<\/li>\n<li>La protection et la gu\u00e9rison de Dieu pour les pasteurs et les membres de nos \u00e9glises face \u00e0 la pand\u00e9mie COVID 19.<\/li>\n<\/ul>\n<p><strong>BR\u00c9SIL<\/strong><\/p>\n<ul>\n<li>Le D\u00e9partement d\u2019Implantation d\u2019\u00c9glises (Missional Focus) : priez pour la formation des leaders. Priez aussi pour que Dieu suscite davantage d\u2019implanteurs d\u2019\u00e9glises et pour la formation de ces nouveaux ouvriers.<\/li>\n<li>D\u00e9partement des Missions : priez pour la restructuration de tous les projets missionnaires. Priez aussi pour la sant\u00e9 physique et \u00e9motionnelle de nos missionnaires.<\/li>\n<li>S\u00e9minaire Th\u00e9ologique A. W. Tozer : que Dieu fasse entrer de nouveaux \u00e9tudiants et qu\u2019ils s\u2019adaptent au syst\u00e8me de classe virtuelle. Priez pour les ressources financi\u00e8res n\u00e9cessaires pour le s\u00e9minaire.<\/li>\n<\/ul>\n<p><strong>CHILI<\/strong><\/p>\n<ul>\n<li>Nous remercions le Seigneur pour le r\u00e9tablissement de nos pasteurs et fr\u00e8res du COVID-19. Plusieurs ont \u00e9t\u00e9 infect\u00e9s, mais beaucoup se sont r\u00e9tablis.<\/li>\n<li>Priez pour la paix dans les territoires autochtones o\u00f9 des violences ont eu lieu, y compris des agressions et l\u2019incendie de maisons et d\u2019\u00e9glises. Cela a entra\u00een\u00e9 de graves cons\u00e9quences sociales, y compris des assassinats.<\/li>\n<li>La situation de l\u2019immigration, avec beaucoup d\u2019entrer dans le pays. Certaines \u00e9glises aident ces immigrants \u00e0 se nourrir et \u00e0 se loger. L\u2019une des \u00e9glises a cr\u00e9\u00e9 un refuge pour les femmes migrantes.<\/li>\n<li>Les congr\u00e9gations du nord du pays. En raison du consum\u00e9risme et du paganisme, l\u2019\u00e9vang\u00e9lisation est lente et difficile. Que le Seigneur donne une vision claire \u00e0 chacune des \u00e9glises de cette r\u00e9gion.<\/li>\n<li>Notre s\u00e9minaire th\u00e9ologique qui c\u00e9l\u00e8bre cette ann\u00e9e son 100e anniversaire avec le slogan \u00ab \u00c0 Dieu soit la gloire \u00bb. Louez le Seigneur pour tous les pasteurs et dirigeants qui ont \u00e9t\u00e9 form\u00e9s au s\u00e9minaire et servent fid\u00e8lement le Seigneur.<\/li>\n<li>L\u2019\u00e9glise progresse gr\u00e2ce aux r\u00e9seaux sociaux et aux \u00e9missions de radio, qui ont \u00e9t\u00e9 leurs principaux canaux de diffusion. Nos b\u00e2timents d\u2019\u00e9glise ont \u00e9t\u00e9 totalement ferm\u00e9s pendant un an en raison de la pand\u00e9mie.<\/li>\n<\/ul>\n<p><strong>COLOMBIE<\/strong><\/p>\n<ul>\n<li>Les r\u00e9sidents de diverses provinces de Colombie. Ils ont \u00e9t\u00e9 touch\u00e9s par la pr\u00e9sence de groupes arm\u00e9s ill\u00e9gaux, qui ont intensifi\u00e9 les combats, le recrutement forc\u00e9 de jeunes et le meurtre de r\u00e9sidents. Dans certains cas, ils ont affect\u00e9 les communaut\u00e9s avec confinement et d\u00e9placement massif.<\/li>\n<li>La protection divine et le r\u00e9confort du Saint-Esprit pour ceux qui ont \u00e9t\u00e9 affect\u00e9s par ces groupes arm\u00e9s. Priez pour que les jeunes soient renvoy\u00e9s chez eux. Que la paix de Dieu abonde dans ces communaut\u00e9s. Puisse notre famille de l\u2019Alliance dans ces lieux \u00eatre fortifi\u00e9e dans sa foi.<\/li>\n<li>Les victimes de ces conflits arm\u00e9s. Priez aussi pour les auteurs. Que toutes les racines de violence, de duret\u00e9 de c\u0153ur et d\u2019impuret\u00e9 qui ont assombri les esprits soient d\u00e9truites. Puisse-t-il y avoir une v\u00e9ritable repentance qui leur permette de conna\u00eetre la gr\u00e2ce de Dieu.<\/li>\n<\/ul>\n<p><strong>COSTA RICA<\/strong><\/p>\n<ul>\n<li>Le nouveau conseil d\u2019administration de l\u2019\u00e9glise nationale. Ils ont \u00e9t\u00e9 nomm\u00e9s pour aider les \u00e9glises \u00e0 s\u2019\u00e9tendre et \u00e0 se d\u00e9velopper cette ann\u00e9e.<\/li>\n<li>Dieu pour guider nos pasteurs et leurs \u00e9quipes, alors qu\u2019il y a plus de libert\u00e9 pour se rencontrer en personne.<\/li>\n<li>Les projets d\u2019\u00e9vang\u00e9lisation. Que Dieu aide \u00e0 \u00e9tablir des strat\u00e9gies ad\u00e9quates pour continuer \u00e0 atteindre les gens pour le Christ au milieu de cette pand\u00e9mie.<\/li>\n<\/ul>\n<p><strong>\u00c9QUATEUR<\/strong><\/p>\n<ul>\n<li>Les r\u00e9gions de Costa et Sierra de l\u2019\u00c9quateur. Ils ont vu une augmentation des cas de COVID-19 ces derniers jours et ont d\u00fb subir de nouvelles restrictions impos\u00e9es par le gouvernement national.<\/li>\n<li>La sant\u00e9 et le soutien financier de nos pasteurs, missionnaires et dirigeants en g\u00e9n\u00e9ral qui sont infect\u00e9s par le coronavirus.<\/li>\n<li>La protection de Dieu contre l\u2019augmentation en \u00c9quateur des meurtres commis par le crime organis\u00e9 et les groupes de trafiquants de drogue.<\/li>\n<li>Provision mat\u00e9rielle aux immigr\u00e9s v\u00e9n\u00e9zu\u00e9liens. Certains vivent dans la rue et d\u2019autres dans de petits centres de r\u00e9fugi\u00e9s.<\/li>\n<\/ul>\n<p><strong>P\u00c9ROU<\/strong><\/p>\n<ul>\n<li>Un r\u00e9veil spirituel dans l\u2019\u00e9glise au P\u00e9rou. Que Dieu nous aide \u00e0 pr\u00eacher sa parole dans toutes les villes de notre pays. Puissions-nous \u00eatre sel et lumi\u00e8re pour le peuple p\u00e9ruvien qui a tant besoin du Christ.<\/li>\n<li>Les \u00e9lections pr\u00e9sidentielles et l\u00e9gislatives dans notre pays le 11 avril. Que le Seigneur donne la sagesse et la responsabilit\u00e9 au peuple p\u00e9ruvien d\u2019\u00e9lire des dirigeants honn\u00eates, qui recherchent vraiment le bien-\u00eatre du pays.<\/li>\n<\/ul>\n<p><strong>R\u00c9PUBLIQUE DOMINICAINE<\/strong><\/p>\n<ul>\n<li>Tous les minist\u00e8res de l\u2019\u00c9glise de l\u2019Alliance dominicaine. Que Dieu donne la sagesse et la vision \u00e0 nos pasteurs et dirigeants.<\/li>\n<li>Un r\u00e9veil spirituel dans nos \u00e9glises.<\/li>\n<\/ul>\n<p><strong>VENEZUELA<\/strong><\/p>\n<ul>\n<li>La sant\u00e9 du pr\u00e9sident de l\u2019Alliance du Venezuela, le pasteur Natanael Gil et son \u00e9pouse Evelyn.<\/li>\n<li>La provision spirituelle et mat\u00e9rielle des foyers v\u00e9n\u00e9zu\u00e9liens.<\/li>\n<li>Un pasteur pour notre \u00e9glise CMA Catia.<\/li>\n<li>Les \u00e9glises CMA au Venezuela. Puissent-ils continuer \u00e0 soutenir les familles de l\u2019\u00e9glise avec la parole de Dieu.<\/li>\n<li>L\u2019\u00e9glise doit \u00eatre fortifi\u00e9e dans la foi pour \u00eatre des instruments de Dieu pour pr\u00eacher l\u2019\u00e9vangile \u00e0 tous.<\/li>\n<\/ul>\n<p>&nbsp;<\/p>\n<hr \/>\n<p>&nbsp;<\/p>\n<h2><span style=\"color: #000000;\"><strong>Pri\u00e8res de l\u2019UMA &#8211; Mars 2021<\/strong><\/span><\/h2>\n<p>&nbsp;<\/p>\n<h3><span style=\"color: #000000;\">31 mars 2021<\/span><\/h3>\n<p><span style=\"color: #000000;\"><strong>1) R\u00c9GION DE APAC (ASIE-PACIFIQUE) DE L\u2019UMA<\/strong><\/span><\/p>\n<p><span style=\"color: #000000;\">Veuillez prier pour :<\/span><\/p>\n<p><strong>BIRMANIE<\/strong><\/p>\n<ul>\n<li>Le pays de Birmanie. Plus de 100 manifestants pacifiques ont \u00e9t\u00e9 tu\u00e9s par les forces de s\u00e9curit\u00e9 samedi 27 mars, devenant le jour le plus meurtrier depuis le coup d&rsquo;\u00c9tat militaire du 1er f\u00e9vrier. Priez pour que la paix soit r\u00e9tablie et que la justice pr\u00e9vale.<\/li>\n<li>Protection et force pour la famille de l&rsquo;Alliance exer\u00e7ant son minist\u00e8re au Birmanie. Priez pour que l\u2019\u00c9glise de l\u2019Alliance puisse \u00eatre l\u2019instrument de Dieu pour apporter r\u00e9confort et r\u00e9conciliation, et une voix proph\u00e9tique en cette p\u00e9riode de troubles sociaux.<\/li>\n<\/ul>\n<p>&nbsp;<\/p>\n<p><strong>2) R\u00c9GION EMERALD (EUROPE ET MOYEN-ORIENT) DE L\u2019UMA<\/strong><\/p>\n<p>Veuillez prier pour :<\/p>\n<p><strong>MINIST\u00c8RES DE LA DIASPORA DE L\u2019ALLIANCE (MDA)<\/strong><\/p>\n<p>Louez Dieu pour :<\/p>\n<ul>\n<li>Les nombreux ministres MDA qui se sont compl\u00e8tement remis du COVID-19.<\/li>\n<li>Un groupe de croyants d\u2019origine musulmane en Espagne qui se r\u00e9unissent le dimanche pour le culte.<\/li>\n<li>Faire progresser le royaume du Christ au sein de la Diaspora musulmane en Europe.<\/li>\n<\/ul>\n<p>Veuillez prier pour :<\/p>\n<ul>\n<li>La&nbsp;<a href=\"https:\/\/awf.world\/fr\/events\/diaspora-cma-afrique-visioconference-la-foi-mise-a-lepreuve-dun-contexte-nouveau\/\" target=\"_blank\" rel=\"noopener\">conf\u00e9rence en ligne<\/a> sur la Diaspora CMA Afrique le 3 avril sur le th\u00e8me \u00ab La foi mise \u00e0 l\u2019\u00e9preuve dans un nouveau contexte \u00bb.<\/li>\n<li>Le discipulat des nouveaux croyants. Beaucoup traversent des circonstances difficiles (cancer, opposition familiale, ch\u00f4mage, etc.) et souvent sans communaut\u00e9 forte. Priez pour que les croyants qui les enseignent soient patients, remplis de gr\u00e2ce et sages.<\/li>\n<li>Les efforts d\u2019\u00e9vang\u00e9lisation \u00e0 travers les minist\u00e8res centraux, les histoires bibliques, les m\u00e9dias sociaux et les amiti\u00e9s quotidiennes pour porter leurs fruits.<\/li>\n<li>Que Dieu suscite des ministres de l\u2019Alliance afin qu\u2019ils servent dans de nouveaux endroits europ\u00e9ens au sein de la diaspora musulmane.<\/li>\n<\/ul>\n<p><strong>ESPAGNE<\/strong><\/p>\n<p>Louez Dieu pour :<\/p>\n<ul>\n<li>L\u2019\u00e9glise nationale de l\u2019Alliance d\u2019Espagne. Ils ont approuv\u00e9 le soutien pour l\u2019envoi de leur premier missionnaire interculturel. Nous nous r\u00e9jouissons dans le Seigneur pour son appel \u00e0 la vie d\u2019Alba. Nous louons le Seigneur pour ce pas en avant pour l\u2019\u00e9glise et sa vision de conduire Christ dans les nations.<\/li>\n<li>Pasteur Pepe Mederos et son \u00e9pouse Loli qui ont quitt\u00e9 les \u00eeles Canaries pour servir dans l\u2019une des r\u00e9gions d\u2019Espagne les moins touch\u00e9es par l\u2019\u00c9vangile.<\/li>\n<\/ul>\n<p>Veuillez prier pour :<\/p>\n<ul>\n<li>Alba et son processus de visa alors qu\u2019elle se pr\u00e9pare \u00e0 partir dans les semaines \u00e0 venir pour servir de traductrice biblique au Mexique.<\/li>\n<li>L\u2019\u00e9glise nationale de l\u2019Alliance d\u2019Espagne qui a approuv\u00e9 le soutien \u00e0 la nouvelle implantation d\u2019\u00e9glises dans les Asturies, dans le nord de l\u2019Espagne.<\/li>\n<li>Les 50 \u00e9tudiants de l\u2019Institut de Formation Minist\u00e9riel INFORMA. Ils ont r\u00e9cemment termin\u00e9 des cours dans trois modules importants et travaillent sur leurs devoirs.<\/li>\n<li>Les \u00e9tudiants qui ont des membres de leur famille dans leur pays d\u2019origine &#8211; Guin\u00e9e \u00e9quatoriale, \u00c9quateur, Venezuela et P\u00e9rou &#8211; qui sont en soins intensifs (unit\u00e9s de soins intensifs) avec COVID-19 ou qui sont d\u00e9c\u00e9d\u00e9s.<\/li>\n<\/ul>\n<p><strong>FRANCE<\/strong><\/p>\n<ul>\n<li>Le nouveau couple d\u2019entrepreneurs et collaborateurs du D\u00e9partement National des Missions de l\u2019Alliance chilienne, Alejandro et Carolina Bra\u00f1ez. Ils sont r\u00e9cemment arriv\u00e9s dans la r\u00e9gion bordelaise pour y installer une ferme qui servira de base aux missionnaires de l\u2019Alliance chilienne travaillant en Europe et la Sixi\u00e8me R\u00e9gion.<\/li>\n<li>Que Dieu apporte des solutions \u00e0 tous les probl\u00e8mes logistiques rencontr\u00e9s par les Bra\u00f1ez : logement, acquisition de ferme, papiers de r\u00e9sidence, v\u00e9hicule et assurance, etc.<\/li>\n<li>Louez Dieu pour l\u2019\u00e9quipe locale des missions de l\u2019Alliance qui soutient les Bra\u00f1ez dans leur adaptation \u00e0 un nouveau pays, une nouvelle culture et un nouveau mode de vie.<\/li>\n<\/ul>\n<p><strong>GRANDE BRETAGNE<\/strong><\/p>\n<p>Louez Dieu pour :<\/p>\n<ul>\n<li>Sa fid\u00e9lit\u00e9 et ses b\u00e9n\u00e9dictions pour les services d\u2019adoration et pour l\u2019\u0153uvre que le Seigneur accomplit dans le c\u0153ur de tant de membres de notre \u00e9glise.<\/li>\n<li>Le nombre de personnes du monde entier qui nous ont rejoint en ligne r\u00e9cemment le dimanche matin.<\/li>\n<\/ul>\n<p>Veuillez prier pour :<\/p>\n<ul>\n<li>La diffusion en direct de l\u2019\u00e9glise \u00e0 domicile \u00e0 Cardiff, au Pays de Galles. Ils diffusent en direct leurs services depuis 2017 avec un abonnement en ligne de plus de 5 000.<\/li>\n<li>Notre fraternit\u00e9, localement et dans le monde, pour vivre pour la gloire de Dieu et conna\u00eetre la pr\u00e9sence intime du Seigneur.<\/li>\n<li>Le salut de tous les incroyants qui regardent les services en ligne. Que le nom du Seigneur soit \u00e9lev\u00e9 parmi les non-sauv\u00e9s.<\/li>\n<li>La sagesse et l\u2019occasion d\u2019atteindre notre communaut\u00e9 locale avec l\u2019amour de J\u00e9sus, par des moyens qui l\u2019honorent.<\/li>\n<li>Le r\u00e9veil pour retourner dans nos terres et nos nations, et pour une puissante visite du Saint-Esprit parmi nous.<\/li>\n<\/ul>\n<p><strong>IRAK<\/strong><\/p>\n<p>Veuillez prier pour ces demandes de l\u2019\u00c9glise de l\u2019Alliance \u00e0 Erbil, au Kurdistan :<\/p>\n<ul>\n<li>Le nouveau b\u00e2timent de l\u2019\u00e9glise : que nous puissions r\u00e9soudre les obstacles qui nous emp\u00eachent de commencer \u00e0 construire.<\/li>\n<li>Les nouveaux croyants qui ont re\u00e7u l\u2019\u00c9vangile : pour grandir et partager l\u2019\u00c9vangile avec les autres.<\/li>\n<li>Notre \u00e9quipe m\u00e9diatique : pour \u00eatre plus active et passionn\u00e9e dans le partage de l\u2019\u00c9vangile en ligne.<\/li>\n<\/ul>\n<hr>\n<h3><span style=\"color: #000000;\">24 mars 2021<\/span><\/h3>\n<p><span style=\"color: #000000;\"><strong>1) R\u00c9GION DE APAC (ASIE-PACIFIQUE) DE L\u2019UMA<\/strong><\/span><\/p>\n<p><span style=\"color: #000000;\">Veuillez prier pour :<\/span><\/p>\n<p><span style=\"color: #000000;\"><strong>INDE<\/strong><\/span><\/p>\n<ul>\n<li><span style=\"color: #000000;\">Le R\u00e9v\u00e9rend Rajesh Patole, directeur ex\u00e9cutif de l\u2019Association de l\u2019\u00c9glise de l\u2019Alliance (ACA) et Minist\u00e8res de l\u2019Alliance de l\u2019Inde. Il est maintenant \u00e0 l\u2019h\u00f4pital avec COVID-19. Veuillez prier pour la gu\u00e9rison et la provision de Dieu.<\/span><\/li>\n<li><span style=\"color: #000000;\">Le R\u00e9v\u00e9rend Yakob Ingle, pr\u00e9sident du Synode Maharashtra de l\u2019Inde. Son m\u00e9decin l\u2019a inform\u00e9 de la n\u00e9cessit\u00e9 d\u2019une intervention chirurgicale sur ses yeux. Priez pour la provision financi\u00e8re n\u00e9cessaire pour la chirurgie.<\/span><\/li>\n<\/ul>\n<p><strong>MONGOLIE<\/strong><\/p>\n<ul>\n<li>L\u2019\u00c9glise de l\u2019Alliance de Mongolie et les familles nomades vivant dans le d\u00e9sert de Gobi. Le week-end dernier, l\u2019ouest de la Mongolie a \u00e9t\u00e9 frapp\u00e9 par de fortes temp\u00eates de poussi\u00e8re et de neige. Plus de 600 personnes se sont perdues et dix ont \u00e9t\u00e9 tu\u00e9es. Afin de les aider, l\u2019\u00c9glise de l\u2019Alliance Nationale avait pr\u00e9vu de mettre en \u0153uvre son \u00ab Projet de Secours pour les Pasteurs de la S\u00e9cheresse de Gobi \u00bb \u00e0 la fin de ce mois. Mais cela est incertain pour le moment en raison de la quarantaine due \u00e0 l\u2019augmentation des cas de COVID-19.<\/li>\n<\/ul>\n<p>&nbsp;<\/p>\n<p><span style=\"color: #000000;\"><strong>2) R\u00c9GION AFRIQUE DE L\u2019UMA<\/strong><\/span><\/p>\n<p><span style=\"color: #000000;\">Veuillez prier pour :<\/span><\/p>\n<p><span style=\"color: #000000;\"><strong>ANGOLA<\/strong><\/span><\/p>\n<ul>\n<li><span style=\"color: #000000;\">Les b\u00e2timents de l\u2019\u00e9glise en Angola. Les b\u00e2timents, y compris les \u00e9glises de l\u2019Alliance, sont attaqu\u00e9s et vandalis\u00e9s par des bandits.<\/span><\/li>\n<li><span style=\"color: #000000;\">Nos \u00e9tudiants angolais au S\u00e9minaire Th\u00e9ologique d\u2019Abidjan, C\u00f4te d\u2019Ivoire. Nous continuons \u00e0 demander \u00e0 Dieu d\u2019ouvrir les portes pour leurs besoins financiers et leur \u00e9ducation.<\/span><\/li>\n<li><span style=\"color: #000000;\">La construction d\u2019une autre \u00e9glise dans la capitale du pays, Luanda. Priez aussi pour l\u2019achat d\u2019un terrain dans la province de Benguela pour construire une \u00e9glise.<\/span><\/li>\n<\/ul>\n<p><span style=\"color: #000000;\"><strong>R\u00c9PUBLIQUE D\u00c9MOCRATIQUE DU CONGO<\/strong><\/span><\/p>\n<p><span style=\"color: #000000;\">Nous remercions Dieu pour :<\/span><\/p>\n<ul>\n<li><span style=\"color: #000000;\">La fin du conflit de plus de dix ans qui s\u00e9parait l\u2019\u00c9glise de l\u2019Alliance nationale de la RDC du district de Kinkonzi. La vieille station missionnaire, le grand h\u00f4pital et le plus ancien Institut Biblique, se trouvent dans ce quartier. Ils sont maintenant de retour sous la direction du Bureau National.<\/span><\/li>\n<li><span style=\"color: #000000;\">La cons\u00e9cration de dix serviteurs le dimanche 14 mars \u00e0 Kinkonzi. Ils renforceront la pastorale dans cette r\u00e9gion, longtemps rest\u00e9e isol\u00e9e.<\/span><\/li>\n<li><span style=\"color: #000000;\">La c\u00e9r\u00e9monie de sortie en retraite de Monseigneur Jean-Pierre Mayunda Nzelele, ancien Pr\u00e9sident national de l\u2019Alliance, dimanche 21 mars \u00e0 Boma.<\/span><\/li>\n<\/ul>\n<p><span style=\"color: #000000;\">Veuillez prier pour :<\/span><\/p>\n<ul>\n<li><span style=\"color: #000000;\">La libert\u00e9 de culte dont nous jouissons en RDC. Il a \u00e9t\u00e9 mal utilis\u00e9 par les personnes qui ne suivent pas les mesures de distanciation. M\u00eame si la quarantaine ici est termin\u00e9e, cela pourrait pousser le gouvernement \u00e0 un nouveau confinement.<\/span><\/li>\n<li><span style=\"color: #000000;\">Notre projet d\u2019envoyer des missionnaires congolais en Guin\u00e9e. Cela devrait avoir lieu cette ann\u00e9e. Que le Seigneur fournisse tous les fonds n\u00e9cessaires.<\/span><\/li>\n<li><span style=\"color: #000000;\">Le projet de construction de l\u2019amphith\u00e9\u00e2tre de Boma. Nous l\u2019utiliserions pour les grands rassemblements \u00e9vang\u00e9liques. Cela pourrait ouvrir la voie \u00e0 la cr\u00e9ation de la premi\u00e8re m\u00e9ga-\u00e9glise de l\u2019Alliance en RDC.<\/span><\/li>\n<\/ul>\n<p><span style=\"color: #000000;\"><strong>GABON<\/strong><\/span><\/p>\n<ul>\n<li><span style=\"color: #000000;\">La fin de la crise financi\u00e8re affectant la Direction Nationale d\u2019\u00c9vang\u00e9lisation et Mission. Priez aussi pour le d\u00e9veloppement et l\u2019autonomie des champs missionnaires.<\/span><\/li>\n<li><span style=\"color: #000000;\">La reconnaissance administrative des champs missionnaires des \u00c9glises Nationales. Priez aussi pour les missionnaires et leur pers\u00e9v\u00e9rance dans l\u2019\u0153uvre au Gabon et dans toute l\u2019Afrique.<\/span><\/li>\n<li><span style=\"color: #000000;\">La forme et la tenue des grandes r\u00e9unions nationales et en particulier le synode pour le renouvellement du Bureau National pr\u00e9vu pour la fin de l\u2019ann\u00e9e synodale 2020-2021.<\/span><\/li>\n<li><span style=\"color: #000000;\">Humilit\u00e9 et sagesse pour ceux qui sont au pouvoir qui g\u00e8rent le COVID-19 avec toutes ses cons\u00e9quences sanitaires et \u00e9conomiques. Priez \u00e9galement pour le bon choix des solutions vaccinales.<\/span><\/li>\n<li><span style=\"color: #000000;\">Que Dieu aidera les gens et les retiendra de toutes les formes de provocation et de violence. Ils souffrent \u00e9conomiquement en raison du couvre-feu prolong\u00e9 et de la fermeture de certaines entreprises.<\/span><\/li>\n<\/ul>\n<p><span style=\"color: #000000;\"><strong>GUIN\u00c9E<\/strong><\/span><\/p>\n<ul>\n<li><span style=\"color: #000000;\">Le leadership de notre Mission CMA Guin\u00e9e (EPEG) et son programme de visite et d\u2019encouragement pour les missionnaires transculturels. Il se d\u00e9roule du 15 au 25 mars.<\/span><\/li>\n<li><span style=\"color: #000000;\"><a href=\"https:\/\/awf.world\/fr\/events\/assemblee-nationale-de-la-cma-en-guinee\/\" target=\"_blank\" rel=\"noopener\">Le Conseil National de l\u2019EPEG &#8211; CMA de Guin\u00e9e<\/a>&nbsp;(7-10 avril \u00e0 Kankan).&nbsp;Priez pour la sagesse et l\u2019humilit\u00e9 dans les d\u00e9bats et la prise des d\u00e9cisions.<\/span><\/li>\n<li><span style=\"color: #000000;\">L\u2019Association des femmes de l\u2019Alliance a report\u00e9 sa conf\u00e9rence nationale, qui aurait eu lieu en f\u00e9vrier. Elles envisagent la possibilit\u00e9 de la tenir en avril. Priez pour une bonne prise de d\u00e9cision par le bureau des femmes et le Comit\u00e9 Ex\u00e9cutif National.<\/span><\/li>\n<li><span style=\"color: #000000;\">Le d\u00e9partement de la Mission de l\u2019Alliance de Guin\u00e9e \u00e9tudie certaines r\u00e9gions o\u00f9 la pr\u00e9sence chr\u00e9tienne fait encore d\u00e9faut. Ils aimeraient envoyer de nouveaux missionnaires dans ces r\u00e9gions. Priez pour la direction et la sagesse de Dieu dans cet effort.<\/span><\/li>\n<\/ul>\n<p>&nbsp;<\/p>\n<p><span style=\"color: #000000;\"><strong>3) R\u00c9GION AM\u00c9RIQUE DU NORD DE L\u2019UMA<\/strong><\/span><\/p>\n<p><span style=\"color: #000000;\"><strong>\u00c9TATS-UNIS<\/strong><\/span><\/p>\n<p><span style=\"color: #000000;\">Nos travailleurs internationaux de l\u2019Alliance am\u00e9ricaine nous demandent de prier pour :<\/span><\/p>\n<ul>\n<li><span style=\"color: #000000;\">S\u00e9n\u00e9gal, Afrique de l\u2019Ouest. Alors que les choses se calment ces derniers jours ou deux, les manifestations politiques sont devenues violentes. Priez pour la protection de nos travailleurs, la tranquillit\u00e9 d\u2019esprit pour leurs enfants et pour que Dieu continue d\u2019apporter la paix dans cette situation. C\u2019est aussi une excellente occasion d\u2019amener les gens \u00e0 Christ.<\/span><\/li>\n<li><span style=\"color: #000000;\">Nos travailleurs internationaux lorsqu\u2019ils g\u00e8rent leur travail et le stress du COVID-19. Alors que les choses semblent s\u2019am\u00e9liorer aux \u00c9tats-Unis et dans certains pays d\u2019outre-mer, il y a encore beaucoup de bouleversements et d\u2019inconnus. Il est difficile d\u2019\u00eatre dans un pays \u00e9tranger avec une maladie aussi difficile qui contr\u00f4le la vie quotidienne.<\/span><\/li>\n<\/ul>\n<p><span style=\"color: #000000;\">Bureau National de la CMA :<\/span><\/p>\n<ul>\n<li><span style=\"color: #000000;\">Ceux du Bureau National de Colorado Springs, Colorado. Les employ\u00e9s vendent leur maison et entament le processus de r\u00e9installation. Un bon nombre de familles d\u00e9m\u00e9nageront ce printemps et cet \u00e9t\u00e9.<\/span><\/li>\n<li><span style=\"color: #000000;\">La transition de l\u2019espace de d\u00e9m\u00e9nagement alors que nous sommes en train de vendre notre immeuble \u00e0 Colorado Springs. Il y a beaucoup de d\u00e9tails \u00e0 couvrir, avec des probl\u00e8mes d\u2019espacement pour le travail une fois que nous devons sortir du b\u00e2timent.<\/span><\/li>\n<li><span style=\"color: #000000;\">Notre ancien employ\u00e9 du Bureau National, Mark, qui est aux soins intensifs apr\u00e8s avoir subi un triple pontage. C\u2019\u00e9tait soudain et s\u00e9rieux. Priez pour sa femme, Dian, alors qu\u2019elle essaie d\u2019\u00eatre forte \u00e0 travers cette \u00e9preuve.<\/span><\/li>\n<\/ul>\n<hr>\n<h3><span style=\"color: #000000;\"><strong>10 mars 2021<\/strong><\/span><\/h3>\n<p><span style=\"color: #000000;\"><strong>R\u00c9GION CLA (AM\u00c9RIQUE LATINE) DE L\u2019UMA<\/strong><\/span><\/p>\n<p><span style=\"color: #000000;\">Veuillez prier pour :<\/span><\/p>\n<p><span style=\"color: #000000;\"><strong>ARGENTINE<\/strong><\/span><\/p>\n<ul>\n<li><span style=\"color: #000000;\">Le d\u00e9veloppement du minist\u00e8re des \u00e9glises, face aux limitations exig\u00e9es par les protocoles COVID-19.<\/span><\/li>\n<li><span style=\"color: #000000;\">La sagesse du corps pastoral en ces temps complexes.<\/span><\/li>\n<li><span style=\"color: #000000;\">L\u2019avancement du plan de vaccination face \u00e0 la menace d\u2019une deuxi\u00e8me vague de COVID-19. Puisse le vaccin atteindre les bonnes personnes et sans corruption politique.<\/span><\/li>\n<li><span style=\"color: #000000;\">La sagesse pour le gouvernement et les dirigeants, face \u00e0 la situation politique et sociale difficile et tendue de notre pays.<\/span><\/li>\n<\/ul>\n<p><span style=\"color: #000000;\"><strong>BOLIVIE<\/strong><\/span><\/p>\n<ul>\n<li><span style=\"color: #000000;\">L\u2019accomplissement de la Grande Commission dans l\u2019Alliance de la Bolivie. Que les \u00e9glises soient fid\u00e8les \u00e0 la parole de Dieu et vou\u00e9es \u00e0 l\u2019\u00e9dification de nos membres. Puissions-nous former des membres, des dirigeants et des serviteurs avec une vocation \u00e9vang\u00e9lique et des missions interculturelles.<\/span><\/li>\n<li><span style=\"color: #000000;\">La formation biblique-th\u00e9ologique des nouveaux dirigeants et pasteurs en Bolivie \u00e0 travers le nouveau leadership dans leurs \u00e9glises locales. Pour la formation, nous avons un accord de coop\u00e9ration avec le s\u00e9minaire de notre \u00e9glise s\u0153ur de l\u2019Alliance au P\u00e9rou.<\/span><\/li>\n<li><span style=\"color: #000000;\">Les soins de sant\u00e9 et les besoins financiers des pasteurs et des membres de l\u2019\u00e9glise pendant la pand\u00e9mie COVID-19.<\/span><\/li>\n<\/ul>\n<p><span style=\"color: #000000;\"><strong>BR\u00c9SIL<\/strong><\/span><\/p>\n<ul>\n<li><span style=\"color: #000000;\">Le retour de la famille (nos missionnaires en Tha\u00eflande) en mars. Priez pour les questions financi\u00e8res et \u00e9motionnelles li\u00e9es \u00e0 ce retour.<\/span><\/li>\n<li><span style=\"color: #000000;\">La famille Albuquerque, qui part pour le Portugal au milieu de l\u2019ann\u00e9e. Priez pour que tous les probl\u00e8mes de documentation et gouvernementaux soient r\u00e9solus. Priez \u00e9galement pour leur soutien financier n\u00e9cessaire.<\/span><\/li>\n<li><span style=\"color: #000000;\">Le S\u00e9minaire Th\u00e9ologique A. W. Tozer \u00e0 Sao Paulo. Que Dieu fasse entrer de nouveaux \u00e9tudiants et que nous nous adaptions au syst\u00e8me de classe virtuelle. Priez pour les ressources financi\u00e8res n\u00e9cessaires pour le s\u00e9minaire.<\/span><\/li>\n<li><span style=\"color: #000000;\">Le D\u00e9partement d\u2019Implantation d\u2019\u00c9glises (Focus Missionnaire). Priez pour les mariages des planteurs et leurs familles et pour le discipulat en cours.<\/span><\/li>\n<\/ul>\n<p><span style=\"color: #000000;\"><strong>CUBA<\/strong><\/span><\/p>\n<ul>\n<li><span style=\"color: #000000;\">La fin de la pand\u00e9mie \u00e0 Cuba afin que l\u2019Alliance puisse mener \u00e0 bien ses programmes eccl\u00e9siaux.<\/span><\/li>\n<li><span style=\"color: #000000;\">Le renforcement spirituel de l\u2019\u00e9glise cubaine.<\/span><\/li>\n<li><span style=\"color: #000000;\">La sagesse du conseil d\u2019administration pour mener \u00e0 bien le programme d\u2019\u00e9glises saines et se multipliant.<\/span><\/li>\n<\/ul>\n<p><span style=\"color: #000000;\"><strong>\u00c9QUATEUR<\/strong><\/span><\/p>\n<ul>\n<li><span style=\"color: #000000;\">La sagesse et la force pour le r\u00e9v\u00e9rend David Muthre, qui a \u00e9t\u00e9 r\u00e9\u00e9lu pr\u00e9sident de l\u2019\u00e9glise nationale pour un nouveau mandat de deux ans. Nous remercions le Seigneur pour la r\u00e9union fructueuse de l\u2019Assembl\u00e9e Nationale de la CMA de l\u2019\u00c9quateur, les 19, 20 et 27 f\u00e9vrier.<\/span><\/li>\n<li><span style=\"color: #000000;\">La sant\u00e9 et le soutien des pasteurs, des missionnaires et des dirigeants en g\u00e9n\u00e9ral de l\u2019Alliance de l\u2019\u00c9quateur qui sont infect\u00e9s par le coronavirus.<\/span><\/li>\n<li><span style=\"color: #000000;\">Les activit\u00e9s de sensibilisation des \u00e9glises de l\u2019Alliance de l\u2019\u00c9quateur. Que beaucoup trouvent le salut en J\u00e9sus-Christ.<\/span><\/li>\n<li><span style=\"color: #000000;\">Les \u00e9lections pr\u00e9sidentielles de l\u2019\u00c9quateur (le deuxi\u00e8me tour \u00e9lectoral) le 11 avril.<\/span><\/li>\n<\/ul>\n<p><span style=\"color: #000000;\"><strong>P\u00c9ROU<\/strong><\/span><\/p>\n<ul>\n<li><span style=\"color: #000000;\">Un r\u00e9veil spirituel dans l\u2019\u00e9glise au P\u00e9rou. Cela nous incite \u00e0 continuer \u00e0 apporter la v\u00e9rit\u00e9 du Seigneur dans tout notre pays.<\/span><\/li>\n<li><span style=\"color: #000000;\">Les prochaines \u00e9lections pr\u00e9sidentielles et l\u00e9gislatives dans notre pays le 11 avril. Que le Seigneur nous donne la sagesse et guide le peuple p\u00e9ruvien pour \u00e9lire des dirigeants honn\u00eates, qui recherchent vraiment le bien-\u00eatre du pays.<\/span><\/li>\n<\/ul>\n<p><span style=\"color: #000000;\"><strong>VENEZUELA<\/strong><\/span><\/p>\n<ul>\n<li><span style=\"color: #000000;\">L\u2019\u00e9glise nationale de l\u2019Alliance au Venezuela et notre corps pastoral. Que Dieu nous donne la sagesse et tout ce dont nous avons besoin pour continuer \u00e0 guider et \u00e0 prendre soin de chaque membre. Que le Seigneur accorde \u00e0 son \u00e9glise les outils pour faire des disciples, \u00e9vang\u00e9liser et pr\u00eacher sa parole \u00e0 tout moment.<\/span><\/li>\n<li><span style=\"color: #000000;\">L\u2019intervention de Dieu au Venezuela o\u00f9 des id\u00e9ologies contraires aux \u00c9critures affectent des vies et des familles. Puisse Dieu r\u00e9pandre sa gr\u00e2ce, sa mis\u00e9ricorde, son salut, sa justice et son jugement.<\/span><\/li>\n<li><span style=\"color: #000000;\">Que Dieu guide chaque disciple pour qu\u2019il accomplisse son dessein dans sa vie. Puissent-ils \u00eatre un instrument de b\u00e9n\u00e9diction et d\u2019influence pour leurs familles, leurs communaut\u00e9s et leur pays.<\/span><\/li>\n<li><span style=\"color: #000000;\">La protection, l\u2019approvisionnement et la b\u00e9n\u00e9diction de tous les migrants v\u00e9n\u00e9zu\u00e9liens. Que le Seigneur soutienne, garde et fournisse les ressources n\u00e9cessaires \u00e0 chaque famille de notre pays.<\/span><\/li>\n<\/ul>\n<hr>\n<h3><span style=\"color: #000000;\"><strong>3 mars 2021<\/strong><\/span><\/h3>\n<p><span style=\"color: #000000;\"><strong>1) COMIT\u00c9 EX\u00c9CUTIF DE L\u2019UMA<\/strong><\/span><\/p>\n<p><span style=\"color: #000000;\">Veuillez prier pour :<\/span><\/p>\n<ul>\n<li><span style=\"color: #000000;\">La sant\u00e9 du R\u00e9v\u00e9rend Brem Frentz, secr\u00e9taire du Comit\u00e9 Ex\u00e9cutif de l\u2019UMA et vice-pr\u00e9sident de Venture (CMA du Canada), qui a \u00e9t\u00e9 diagnostiqu\u00e9 la semaine derni\u00e8re avec une forme agressive de cancer. Priez pour l\u2019intervention de Dieu et la gu\u00e9rison compl\u00e8te de notre fr\u00e8re bien-aim\u00e9.<\/span><\/li>\n<li><span style=\"color: #000000;\">Le discernement spirituel et la sagesse pour le Comit\u00e9 Ex\u00e9cutif de l\u2019UMA. Priez pour que les d\u00e9cisions soient prises lors de sa r\u00e9union du 5 mars, en particulier concernant la convocation Quadriennale de l\u2019UMA.<\/span><\/li>\n<\/ul>\n<p>&nbsp;<\/p>\n<p><span style=\"color: #000000;\"><strong>2) R\u00c9GION AM\u00c9RIQUE DU NORD DE L\u2019UMA<\/strong><\/span><\/p>\n<p><span style=\"color: #000000;\">Veuillez prier pour :<\/span><\/p>\n<p><span style=\"color: #000000;\"><strong>CANADA<\/strong><\/span><\/p>\n<ul>\n<li><span style=\"color: #000000;\">Notre nation et nos \u00e9glises alors que nous pr\u00e9voyons P\u00e2ques pendant le car\u00eame. Priez pour que les gens grandissent dans leur relation avec le Christ alors qu\u2019ils se pr\u00e9parent \u00e0 c\u00e9l\u00e9brer qu\u2019il est ressuscit\u00e9.<\/span><\/li>\n<li><span style=\"color: #000000;\">Notre projet en Asie du Sud. Priez pour que nos partenariats soient renforc\u00e9s et que beaucoup plus de gens soient d\u00e9sireux d\u2019en apprendre plus sur J\u00e9sus.<\/span><\/li>\n<li><span style=\"color: #000000;\">Les efforts de la D\u00e9fense de la Dignit\u00e9, qui vise \u00e0 mettre fin \u00e0 l\u2019exploitation sexuelle au Canada. Ils sont le soutien d\u00e9sign\u00e9 pour les victimes canadiennes anglophones de Pornhub. Priez pour la gu\u00e9rison des victimes d\u2019exploitation sexuelle.<\/span><\/li>\n<li><span style=\"color: #000000;\">La sant\u00e9 de nos travailleurs qui sont partout dans le monde. Priez pour qu\u2019ils soient prot\u00e9g\u00e9s du COVID-19 et qu\u2019ils puissent continuer \u00e0 r\u00e9pandre l\u2019\u00e9vangile.<\/span><\/li>\n<li><span style=\"color: #000000;\">Sagesse pour les New Ventures s\u2019engageant \u00e0 accueillir les nouveaux Canadiens et \u00e0 servir les groupes de personnes vuln\u00e9rables au Canada. Priez aussi pour la croissance et la collaboration pour le minist\u00e8re dans la r\u00e9gion du Nord de l\u2019Ontario.<\/span><\/li>\n<li><span style=\"color: #000000;\">Notre \u00e9quipe du Centre national du minist\u00e8re alors que nous emm\u00e9nageons dans notre nouveau bureau \u00e0 Toronto.<\/span><\/li>\n<\/ul>\n<p><span style=\"color: #000000;\"><strong>\u00c9TATS-UNIS<\/strong><\/span><\/p>\n<ul>\n<li><span style=\"color: #000000;\">Certaines \u00e9glises de l\u2019Alliance en Afrique se trouvent dans des r\u00e9gions o\u00f9 les gens pratiquent les religions traditionnelles. C\u2019est la p\u00e9riode de l\u2019ann\u00e9e o\u00f9 des sacrifices sont exig\u00e9s et les chr\u00e9tiens sont menac\u00e9s s\u2019ils refusent de participer. Priez pour que les pasteurs locaux aient la sagesse d\u2019encourager les membres d\u2019\u00e9glise et d\u2019\u00eatre des personnes influentes dans leurs villages, m\u00eame parmi ceux qui pratiquent d\u2019autres religions.<\/span><\/li>\n<li><span style=\"color: #000000;\">Amadou est un jeune homme qui souffre de dystrophie musculaire. Le personnel de l\u2019h\u00f4pital pr\u00e9voit de le renvoyer chez lui aupr\u00e8s de sa famille. Priez pour que sa foi et sa passion pour la Bonne Nouvelle soient un t\u00e9moignage dans son village, qui n\u2019a pas de pr\u00e9sence \u00e9vang\u00e9lique.<\/span><\/li>\n<li><span style=\"color: #000000;\">Interc\u00e9dez pour les enfants des travailleurs de l\u2019Alliance en Indon\u00e9sie &#8211; sp\u00e9cifiquement pour leur s\u00e9curit\u00e9 et leur engagement pr\u00e9coce envers le Seigneur.<\/span><\/li>\n<li><span style=\"color: #000000;\">Une implantation d\u2019\u00e9glises de migrants cherche des moyens d\u2019avoir un plus grand impact sur la population migrante de sa ville. Priez pour la sagesse, l\u2019autonomisation et les ressources. Demandez \u00e0 Dieu d\u2019accro\u00eetre l\u2019influence des croyants et de guider leurs efforts selon son plan.<\/span><\/li>\n<li><span style=\"color: #000000;\">Un couple de travailleurs de l\u2019Alliance en Asie \u00e9crit : \u00ab S\u2019il vous pla\u00eet, continuez \u00e0 prier pour notre \u00e9glise m\u00e8re alors qu\u2019ils poursuivent l\u2019achat d\u2019un terrain et d\u2019un b\u00e2timent. \u00bb. Demandez \u00e0 Dieu de conduire la congr\u00e9gation au bon lieu. \u00ab Comme dans de nombreuses \u00e9glises du monde entier, leurs dons locaux ont \u00e9t\u00e9 durement touch\u00e9s par la pand\u00e9mie COVID, mais ils font confiance \u00e0 Dieu pour sa provision. Nous et eux, sommes tr\u00e8s reconnaissants pour tous les cadeaux qui sont venus de l\u2019\u00e9tranger pour leur programme de construction. \u00bb<\/span><\/li>\n<li><span style=\"color: #000000;\">Le bureau national de la CMA des \u00c9tats-Unis \u00e0 Colorado Springs, Colorado, envisage de d\u00e9m\u00e9nager \u00e0 Columbus, Ohio. Certains membres du personnel ont d\u00e9j\u00e0 vendu leur maison et d\u00e9m\u00e9nageront dans l\u2019Ohio au printemps. D\u2019autres d\u00e9m\u00e9nageront cet \u00e9t\u00e9. Veuillez prier pour les nombreux d\u00e9tails qui doivent \u00eatre consolid\u00e9s non seulement pour les familles individuelles, mais aussi pour la vente de la propri\u00e9t\u00e9 existante.<\/span><\/li>\n<\/ul>\n<p>&nbsp;<\/p>\n<p><span style=\"color: #000000;\"><strong>3) R\u00c9GION EMERALD (EUROPE &amp; MOYEN-ORIENT) DE L\u2019UMA<\/strong><\/span><\/p>\n<p><span style=\"color: #000000;\">Veuillez prier pour :<\/span><\/p>\n<p><span style=\"color: #000000;\"><strong>FORMATION R\u00c9GIONALE DE L\u2019EMERALD<\/strong><\/span><\/p>\n<ul>\n<li><span style=\"color: #000000;\">Le webinaire sur l\u2019ADN de l\u2019Alliance en arabe le 6 mars (17 h 00 \u00e0 20 h 00, heure normale de Palestine), organis\u00e9 par la r\u00e9gion EMERALD.<\/span><\/li>\n<li><span style=\"color: #000000;\">Pr\u00e9parations du Dr Jack Sara et d\u2019Amer Fakhoury pour diriger et enseigner le webinaire.<\/span><\/li>\n<li><span style=\"color: #000000;\">Que toutes les \u00e9glises de l\u2019Alliance arabe au Moyen-Orient et en Europe puissent y assister.<\/span><\/li>\n<li><span style=\"color: #000000;\">Que la technologie et les connexions Internet fonctionnent bien ce jour-l\u00e0.<\/span><\/li>\n<\/ul>\n<p><span style=\"color: #000000;\"><strong>ESPAGNE<\/strong><\/span><\/p>\n<ul>\n<li><span style=\"color: #000000;\">La force de Dieu pour les \u00e9glises et les dirigeants de nos congr\u00e9gations. De nouvelles missions et projets d\u2019implantation d\u2019\u00e9glises voient le jour au sein de l\u2019Alliance espagnole.<\/span><\/li>\n<li><span style=\"color: #000000;\">L\u2019unit\u00e9 entre les \u00e9glises afin de vous unir dans des projets qui profitent \u00e0 l\u2019avancement du royaume de Dieu.<\/span><\/li>\n<li><span style=\"color: #000000;\">L\u2019Institut de formation minist\u00e9rielle de l\u2019Alliance INFORMA. Ils recherchent un nouveau recteur apr\u00e8s le d\u00e9part du missionnaire Steve Irvin qui a rempli cette fonction. Force et provision pour les \u00e9tudiants. Expansion du minist\u00e8re d\u2019enseignement de notre Institut \u00e0 la fois \u00e0 l\u2019int\u00e9rieur et \u00e0 l\u2019ext\u00e9rieur de l\u2019Espagne.<\/span><\/li>\n<\/ul>\n<p><span style=\"color: #000000;\"><strong>FRANCE<\/strong><\/span><\/p>\n<ul>\n<li><span style=\"color: #000000;\">Les \u00e9glises de l\u2019Alliance en France. En r\u00e9action \u00e0 l\u2019islam radical, le gouvernement fran\u00e7ais envisage une nouvelle loi sur les activit\u00e9s religieuses qui augmentera les charges et les co\u00fbts des \u00e9glises \u00e9vang\u00e9liques. Cela peut \u00e9galement restreindre certaines libert\u00e9s dont les \u00e9glises jouissent actuellement. Priez pour que le gouvernement fran\u00e7ais choisisse avec sagesse et n\u2019impose pas des charges et des restrictions suppl\u00e9mentaires aux \u00e9glises \u00e9vang\u00e9liques.<\/span><\/li>\n<\/ul>\n<p><span style=\"color: #000000;\"><strong>GRANDE BRETAGNE<\/strong><\/span><\/p>\n<ul>\n<li><span style=\"color: #000000;\">L\u2019Alliance Manchester. Ils ont lou\u00e9 un b\u00e2timent pour \u00e9tendre leur minist\u00e8re parmi les diff\u00e9rentes cultures et \u00e9tudiants de la ville.<\/span><\/li>\n<li><span style=\"color: #000000;\">Les partenaires potentiels qui s\u2019engageront dans le projet de faire avancer l\u2019\u00e9vangile parmi les nations de Manchester.<\/span><\/li>\n<li><span style=\"color: #000000;\">Les anciens et les membres de l\u2019\u00e9glise alors qu\u2019ils franchissent ce pas de foi.<\/span><\/li>\n<li><span style=\"color: #000000;\">Une provision pour les co\u00fbts permanents d\u2019un tel projet.<\/span><\/li>\n<\/ul>\n<p><strong style=\"color: #000000;\">IRAK (\u00c9GLISE DE L\u2019ALLIANCE ERBIL)<\/strong><\/p>\n<ul>\n<li><span style=\"color: #000000;\">Formation au leadership en petits groupes. Priez pour la maturit\u00e9, la vision et les r\u00eaves et les dirigeants pour trouver leurs appels.<\/span><\/li>\n<li><span style=\"color: #000000;\">Suivi de nouveaux croyants. De nombreux nouveaux croyants doivent \u00eatre servis et pris en charge. Priez pour que les croyants m\u00fbrs assument la responsabilit\u00e9 d\u2019\u00e9lever les jeunes.<\/span><\/li>\n<li><span style=\"color: #000000;\">Formation et visites d\u2019\u00e9vang\u00e9lisation. Priez pour que le mouvement dans l\u2019\u00e9glise sorte et atteigne les perdus, en particulier la majorit\u00e9 des Kurdes et des \u00ab M \u00bb.<\/span><\/li>\n<li><span style=\"color: #000000;\">La situation difficile sans salaire pour les fonctionnaires. La situation est difficile, car de nombreuses familles n\u2019ont pas les moyens de subvenir m\u00eame \u00e0 leurs besoins essentiels.<\/span><\/li>\n<li><span style=\"color: #000000;\">Les r\u00e9fugi\u00e9s syriens. Beaucoup sont ouverts d\u2019esprit et veulent entendre parler de J\u00e9sus, mais peu d\u2019ouvriers sont disponibles. Priez que le Seigneur de la moisson envoie des ouvriers. Priez \u00e9galement pour leurs besoins physiques et psychologiques.<\/span><\/li>\n<\/ul>\n<p><span style=\"color: #000000;\"><strong>JORDAN (\u00c9GLISE MAFRAQ ALLIANCE)<\/strong><\/span><\/p>\n<ul>\n<li><span style=\"color: #000000;\">L\u2019unit\u00e9 entre tous les travailleurs de longue dur\u00e9e.<\/span><\/li>\n<li><span style=\"color: #000000;\">Un soutien suffisant pour les besoins du minist\u00e8re et les besoins des travailleurs en 2021.<\/span><\/li>\n<li><span style=\"color: #000000;\">Plus d\u2019audace pour atteindre les perdus et pour que les nouveaux croyants partagent la bonne nouvelle avec leur propre peuple.<\/span><\/li>\n<li><span style=\"color: #000000;\">Que la sagesse et l\u2019audace du pasteur Nour et de sa famille soient toujours un excellent exemple.<\/span><\/li>\n<\/ul>\n<p><span style=\"color: #000000;\"><strong>TERRE SAINTE<\/strong><\/span><\/p>\n<ul>\n<li><span style=\"color: #000000;\">Dov et Olga Bikas et l\u2019\u00e9quipe du Minist\u00e8re d\u2019Aviv \u00e0 Tel-Aviv. Ils aident les toxicomanes de la rue, les alcooliques et les prostitu\u00e9es \u00e0 r\u00e9pondre \u00e0 leurs besoins fondamentaux tels que la nourriture et les v\u00eatements.<\/span><\/li>\n<li><span style=\"color: #000000;\">Oleg, la directrice du centre de r\u00e9adaptation, qui est revenu \u00e0 la drogue et a quitt\u00e9 le minist\u00e8re. Maintenant, elle semble de nouveau perdue, peut-\u00eatre m\u00eame dans un \u00e9tat pire qu\u2019avant.<\/span><\/li>\n<li><span style=\"color: #000000;\">L\u2019\u00e9quipe du Minist\u00e8re d\u2019Aviv. Cette situation est douloureuse pour tous. Ils ont aim\u00e9 et fait confiance \u00e0 Oleg et ont vu de vrais et beaux changements en elle quand elle est devenue croyante.<\/span><\/li>\n<li><span style=\"color: #000000;\">Les r\u00e9habilit\u00e9s, car ce fut un choc pour eux aussi. Oleg \u00e9tait leur exemple et leur leader, mais, Dieu soit lou\u00e9, personne n\u2019est retourn\u00e9 \u00e0 la drogue.<\/span><\/li>\n<li><span style=\"color: #000000;\">Que le Seigneur envoie le bon candidat, car Dov recherche une personne qui remplacera Oleg en tant que directrice de la r\u00e9adaptation.<\/span><\/li>\n<li><span style=\"color: #000000;\">Le refuge pour femmes, pour les femmes et les enfants qui s\u2019y trouvent et pour l\u2019\u00e9quipe.<\/span><\/li>\n<li><span style=\"color: #000000;\">La sensibilisation \u00e0 Tel Aviv. Que le centre de r\u00e9adaptation soit enfin en mesure de d\u00e9placer ses activit\u00e9s \u00e0 l\u2019int\u00e9rieur pour de meilleures conversations et une meilleure camaraderie avec les toxicomanes de la rue. De plus, pour que plus d\u2019entre eux d\u00e9cident de commencer la r\u00e9adaptation.<\/span><\/li>\n<li><span style=\"color: #000000;\">La sensibilisation \u00e0 Tel Aviv. Que le centre de r\u00e9adaptation soit enfin en mesure de d\u00e9placer ses activit\u00e9s \u00e0 l\u2019int\u00e9rieur pour de meilleures conversations et une meilleure camaraderie avec les toxicomanes de la rue. De plus, pour que plus d\u2019entre eux d\u00e9cident de commencer la r\u00e9adaptation.<\/span><\/li>\n<\/ul>\n<p>&nbsp;<\/p>\n<hr>\n<p>&nbsp;<\/p>\n<h2><strong>Pri\u00e8res de l\u2019UMA &#8211; F\u00e9vrier 2021<\/strong><\/h2>\n<p>&nbsp;<\/p>\n<h3><strong>24 f\u00e9vrier<\/strong>&nbsp;2021<\/h3>\n<p><strong>1) R\u00c9GION APAC (ASIE-PACIFIQUE) DE L\u2019UMA<\/strong><\/p>\n<p>Merci de prier pour :<\/p>\n<p><strong>BIRMANIE<\/strong><\/p>\n<ul>\n<li>La Birmanie qui est devenue silencieuse trois semaines apr\u00e8s que l\u2019arm\u00e9e de la Birmanie a eu pris le contr\u00f4le du pays lors d\u2019un coup d\u2019\u00c9tat. L\u2019arm\u00e9e a d\u00e9tenu des dirigeants d\u00e9mocratiquement \u00e9lus tout en inventant des accusations pour les retenir. Les manifestants se sont rassembl\u00e9s dans la plus grande ville de Birmanie malgr\u00e9 la menace de la junte au pouvoir d\u2019utiliser la force meurtri\u00e8re contre les personnes qui se joignent \u00e0 la gr\u00e8ve g\u00e9n\u00e9rale. Priez pour que les manifestations ne se r\u00e9v\u00e8lent pas \u00eatre une situation sanglante.<\/li>\n<li>Que l\u2019Alliance \u00e0 la Birmanie soit le canal de Dieu pour proclamer la droiture et la justice. Priez pour la protection de Dieu sur son peuple.<\/li>\n<\/ul>\n<p><strong>JAPON<\/strong><\/p>\n<ul>\n<li>Le samedi soir, 13 f\u00e9vrier, un tremblement de terre de 7,1 a secou\u00e9 la r\u00e9gion qui avait \u00e9t\u00e9 durement touch\u00e9e il y a 10 ans. Le mois prochain marquera le 10e anniversaire de ce tremblement de terre. Beaucoup revivent ces souvenirs. Priez pour la famille de l\u2019Alliance au Japon.<\/li>\n<\/ul>\n<p><strong>UNION NATIONALE DE L\u2019ALLIANCE DE L\u2019INDE (NAFI)<\/strong><\/p>\n<ul>\n<li>Le comit\u00e9 ad hoc de la NAFI a tenu des r\u00e9unions Zoom les 15 et 22 f\u00e9vrier pour la premi\u00e8re fois depuis l\u2019\u00e9closion de la pand\u00e9mie de COVID-19. Priez pour que l\u2019Alliance en Inde puisse coop\u00e9rer pour faire des missions et implanter des \u00e9glises parmi les personnes non atteintes et mettre en \u0153uvre les projets de d\u00e9veloppement de la phase deux de la R\u00e9ponse Mondiale de l\u2019UMA au COVID-19.<\/li>\n<\/ul>\n<p><strong>AUSTRALIE<\/strong><\/p>\n<ul>\n<li>La CMA Australie a tenu sa r\u00e9union du conseil du 4 au 6 f\u00e9vrier. Louez Dieu pour le succ\u00e8s de l\u2019\u00e9v\u00e9nement. Priez pour l\u2019onction et la sagesse de Dieu sur le R\u00e9v\u00e9rend Ken Graham qui a \u00e9t\u00e9 \u00e9lu pour un autre mandat de trois ans en tant que pr\u00e9sident de la CMA Australie.<\/li>\n<\/ul>\n<p><strong>INDON\u00c9SIE<\/strong><\/p>\n<ul>\n<li>La pr\u00e9paration du&nbsp;<a href=\"https:\/\/awf.world\/fr\/events\/conseil-general-de-la-cma-indonesie\/\" target=\"_blank\" rel=\"noopener\">Conseil G\u00e9n\u00e9ral<\/a> de Gereja Kemah Injil Indonesia (CMA Indon\u00e9sie) pr\u00e9vu du 13 au 16 avril 2021 \u00e0 Jayapura, en Papouasie.<\/li>\n<li>La protection et les fonds n\u00e9cessaires pour les pasteurs et les dirigeants qui assisteront au conseil.<\/li>\n<li>R\u00e9v\u00e9rend Daniel Ronda, pr\u00e9sident de la CMA Indon\u00e9sie. Qu\u2019il soit rempli de l\u2019onction et de la sagesse de Dieu.<\/li>\n<\/ul>\n<p>&nbsp;<\/p>\n<p><strong>2) R\u00c9GION AFRIQUE DE L\u2019UMA<\/strong><\/p>\n<p>Merci de prier pour :<\/p>\n<p><strong>UNION DES FEMMES DE L\u2019ALLIANCE PANAFRICAINE<\/strong><\/p>\n<ul>\n<li>L\u2019Union des Femmes de l\u2019Alliance Panafricaine tiendra une r\u00e9union en ligne le 5 mars. Une vingtaine de femmes du comit\u00e9 ex\u00e9cutif et de dirigeants nationaux participeront du Mali, du Burkina Faso, de la C\u00f4te d\u2019Ivoire, de la Guin\u00e9e, du Gabon, du Congo-RDC, du Congo-Brazzaville et l\u2019Angola. Chaque pays partagera ses nouvelles et comment les activit\u00e9s se sont poursuivies pendant cette p\u00e9riode COVID-19. Veuillez prier pour la sagesse et la direction de Dieu afin de d\u00e9cider quel pays accueillera la prochaine conf\u00e9rence r\u00e9gionale des femmes.<\/li>\n<li>Les femmes doivent rester fid\u00e8les \u00e0 leur mandat malgr\u00e9 la maladie. Priez pour qu\u2019ils puissent engager plus de femmes dans la pri\u00e8re.<\/li>\n<\/ul>\n<p><strong>ANGOLA<\/strong><\/p>\n<ul>\n<li>Le pays qui a plong\u00e9 dans une vague de violence en raison de crises \u00e9conomiques, politiques et sociales.<\/li>\n<li>L\u2019implantation de l\u2019\u00e9glise dans la province de Lunda Norte, \u00e0 l\u2019est de l\u2019Angola.<\/li>\n<li>Il y a des rumeurs sur l\u2019utilisation de pratiques cach\u00e9es par certains travailleurs de l\u2019\u00e9glise. Priez que Dieu d\u00e9truise ces pratiques.<\/li>\n<li>Il y a une entr\u00e9e ill\u00e9gale d\u2019\u00e9trangers dans le pays, m\u00eame avec les fronti\u00e8res ferm\u00e9es. Cela entra\u00eene une augmentation des cas de COVID-19, ainsi que de la violence &#8211; un danger pour la soci\u00e9t\u00e9 en g\u00e9n\u00e9ral. Priez que Dieu permette au gouvernement de contr\u00f4ler cette situation.<\/li>\n<\/ul>\n<p><strong>R\u00c9PUBLIQUE D\u00c9MOCRATIQUE DU CONGO<\/strong><\/p>\n<ul>\n<li>Remerciez Dieu pour la politique \u00ab z\u00e9ro conflit \u00bb dans l\u2019\u00e9glise pr\u00e9conis\u00e9e par le nouveau comit\u00e9 de gestion. Elle a permis \u00e0 l\u2019ancien pr\u00e9sident, le r\u00e9v\u00e9rend Jean-Pierre Mayunda Nzelele, et \u00e0 ceux qui sont partis avec lui de revenir.<\/li>\n<li>La cons\u00e9cration de dix serviteurs. Elle aura lieu \u00e0 l\u2019ancienne station missionnaire de Kinkonzi le 14 mars 2021. Les serviteurs ont \u00e9t\u00e9 form\u00e9s pendant leur p\u00e9riode de s\u00e9paration.<\/li>\n<li>La retraite du r\u00e9v\u00e9rend Jean-Pierre Mayunda Nzelele. La c\u00e9r\u00e9monie est pr\u00e9vue le 21 mars 2021. Puisse l\u2019\u00e9glise se mobiliser en l\u2019honneur de l\u2019ancien pr\u00e9sident.<\/li>\n<li>L\u2019Assembl\u00e9e G\u00e9n\u00e9rale du Synode pr\u00e9vue pour juillet 2021.<\/li>\n<li>L\u2019Institut biblique du pays de Kimini \u00e0 Kinshasa. Il a \u00e9t\u00e9 ill\u00e9galement occup\u00e9 et les autorit\u00e9s locales n\u2019ont pas aid\u00e9. Priez pour que l\u2019\u00e9glise remporte le proc\u00e8s et r\u00e9cup\u00e8re la propri\u00e9t\u00e9.<\/li>\n<li>Le missionnaire Paul Kongolo \u00e0 Ndola, Zambie. En raison de la crise du COVID-19, il a toujours des probl\u00e8mes de paperasse et de documentation. Que Dieu r\u00e8gle rapidement cette situation afin qu\u2019il puisse continuer l\u2019\u0153uvre du Seigneur dans la paix.<\/li>\n<\/ul>\n<p><strong>GABON<\/strong><\/p>\n<ul>\n<li>De nombreux Gabonais font du mal aux autres et \u00e0 eux-m\u00eames \u00e0 cause des crises financi\u00e8res. Priez pour que Dieu guide les autorit\u00e9s et pour ses b\u00e9n\u00e9dictions continues.<\/li>\n<li>Le Seigneur doit donner aux dirigeants eccl\u00e9siastiques la sagesse de cr\u00e9er un programme de soutien pour les membres d\u2019\u00e9glise impliqu\u00e9s dans les affaires sociales et politiques (maires, d\u00e9put\u00e9s, s\u00e9nateurs, etc.). Que les lois et les valeurs du royaume de Dieu pr\u00e9valent au Gabon.<\/li>\n<li>Les lois \u00e0 promulguer pour lutter contre la prostitution et la d\u00e9pravation morale. Priez pour le salut des enfants, des jeunes et des familles au Gabon.<\/li>\n<li>Que le gouvernement traite les personnes, les \u00e9glises et les autres organisations de la m\u00eame mani\u00e8re face \u00e0 la situation du COVID-19. Priez pour que Dieu donne aux autorit\u00e9s la sagesse d\u2019\u00e9viter les troubles sociaux.<\/li>\n<li>Que Dieu touche le c\u0153ur des \u00c9glises avec la volont\u00e9 de donner leur d\u00eeme et leurs dons volontaires. Que le Seigneur ouvre les cieux pour que son peuple dans tous les champs de mission au Cameroun, \u00e0 Sao Tom\u00e9 et Principe, en Guin\u00e9e \u00e9quatoriale, au B\u00e9nin, au Togo et au Ghana, re\u00e7oive r\u00e9guli\u00e8rement un soutien financier.<\/li>\n<\/ul>\n<hr>\n<h3><strong>10 f\u00e9vrier<\/strong>&nbsp;2021<\/h3>\n<p><strong>R\u00c9GION CLA (AM\u00c9RIQUE LATINE) DE L\u2019UMA<\/strong><\/p>\n<p>Veuillez prier pour les demandes suivantes de la R\u00e9gion CLA (Am\u00e9rique latine) de l\u2019UMA :<\/p>\n<p><strong>SITUATION PAND\u00c9MIQUE DU COVID-19<\/strong><\/p>\n<ul>\n<li>Argentine, Bolivie, Chili et \u00c9quateur : veuillez prier pour les pasteurs et les membres de nos \u00e9glises qui ont \u00e9t\u00e9 touch\u00e9s par le COVID-19. Priez sp\u00e9cialement pour ceux qui ont perdu des \u00eatres chers. Puissent-ils trouver r\u00e9confort, paix et force en Dieu pour affronter la douleur.<\/li>\n<li>Chili : nous louons le Seigneur pour sa sollicitude envers les pasteurs, les missionnaires et les familles de nos \u00e9glises. Dieu nous prot\u00e8ge, malgr\u00e9 l\u2019aggravation de la pand\u00e9mie dans notre pays.<\/li>\n<li>Uruguay : priez pour les services et les minist\u00e8res de nos \u00e9glises locales de l\u2019Alliance. Dans certaines villes, les cultes en personne ne sont pas autoris\u00e9s, afin d\u2019\u00e9viter la propagation du nouveau coronavirus.<\/li>\n<\/ul>\n<p><strong>ARGENTINE<\/strong><\/p>\n<ul>\n<li>Priez pour la situation \u00e9conomique, sociale et politique de notre pays. Nous sommes dans une ann\u00e9e \u00e9lectorale pour les d\u00e9put\u00e9s et les s\u00e9nateurs du Congr\u00e8s National.<\/li>\n<li>Nous vous demandons de prier pour les minist\u00e8res de nos congr\u00e9gations et pour un renouvellement de ceux qui h\u00e9sitent dans leur foi.<\/li>\n<li>Nous louons Dieu pour que son \u00e9glise continue de cro\u00eetre. Beaucoup de gens abandonnent leur vie au Seigneur J\u00e9sus et se font baptiser.<\/li>\n<\/ul>\n<p><strong>BOLIVIE<\/strong><\/p>\n<ul>\n<li>Veuillez prier pour la continuit\u00e9 et le progr\u00e8s de la formation des nouveaux dirigeants et pasteurs de l\u2019Alliance de la Bolivie en 2021.<\/li>\n<li>Priez pour nos plans d\u2019implantation de nouvelles \u00e9glises en Bolivie.<\/li>\n<\/ul>\n<p><strong>BR\u00c9SIL<\/strong><\/p>\n<ul>\n<li>Veuillez prier pour la sant\u00e9 \u00e9motionnelle et physique de nos missionnaires et de leurs familles. Priez pour la direction du d\u00e9partement de mission, pour la sagesse dans la gestion des ressources disponibles et la foi dans la collecte de nouveaux fonds.<\/li>\n<li>Priez pour le retour de nos missionnaires en Tha\u00eflande en mars. Priez pour les questions financi\u00e8res et \u00e9motionnelles li\u00e9es \u00e0 ce retour.<\/li>\n<li>Veuillez prier pour le S\u00e9minaire Th\u00e9ologique A. W. Tozer \u00e0 S\u00e3o Paulo. Priez pour les \u00e9tudiants qui ont commenc\u00e9 les cours en ligne ce mois-ci. Puissent-ils influencer leurs \u00e9glises et le monde avec l\u2019\u00c9vangile. Priez \u00e9galement que Dieu am\u00e8ne de nouveaux \u00e9tudiants au s\u00e9minaire.<\/li>\n<li>Priez pour chaque implanteur d\u2019\u00e9glises et leurs familles, ainsi que pour que les nouveaux planteurs travaillent dans les projets d\u2019implantation d\u2019\u00e9glises de l\u2019Alliance br\u00e9silienne. Priez aussi pour la sagesse de lever des ressources financi\u00e8res pour soutenir ces projets.<\/li>\n<\/ul>\n<p><strong>CHILI<\/strong><\/p>\n<ul>\n<li>Nous remercions le Seigneur pour la c\u00e9l\u00e9bration en ligne de notre assembl\u00e9e nationale. Elle s\u2019est tenue du 20 au 23 janvier, avec la participation de tous nos pasteurs et d\u00e9l\u00e9gu\u00e9s d\u2019\u00e9glise. Nous avons revu les plans \u00e9tablis pour pr\u00e9parer l\u2019avenir. Nous voulons investir davantage dans les missions, l\u2019implantation d\u2019\u00e9glises et l\u2019\u00e9ducation biblico-th\u00e9ologique.<\/li>\n<li>Nous remercions le Seigneur qu\u2019en temps de pand\u00e9mie, les ressources financi\u00e8res n\u2019ont pas diminu\u00e9. Cela nous a permis de maintenir nos contributions missionnaires et d\u2019aider les autres.<\/li>\n<li>Priez pour que nous puissions envoyer de nouveaux missionnaires internationaux.<\/li>\n<li>Priez pour la continuit\u00e9 des cours en ligne de notre s\u00e9minaire th\u00e9ologique de l\u2019Alliance, qui f\u00eate en 2021 ses 100 ans. Toute gloire soit \u00e0 Dieu !<\/li>\n<li>Priez pour la solution des troubles sociaux dans nos communaut\u00e9s autochtones. Priez \u00e9galement pour notre pays, surtout en cette saison des feux de for\u00eat.<\/li>\n<\/ul>\n<p><strong>\u00c9QUATEUR<\/strong><\/p>\n<ul>\n<li>Priez pour l\u2019Assembl\u00e9e nationale de l\u2019Alliance de l\u2019\u00c9quateur, qui se tiendra en ligne les 19 et 20 f\u00e9vrier. Le 27 f\u00e9vrier, l\u2019assembl\u00e9e se r\u00e9unira en personne, pour l\u2019\u00e9lection du pr\u00e9sident national de l\u2019Alliance de l\u2019\u00c9quateur.<\/li>\n<li>Priez pour les divers services et r\u00e9unions en personne que certaines de nos \u00e9glises tiennent. Que le Seigneur les prot\u00e8ge et que son nom soit glorifi\u00e9 \u00e0 tout moment.<\/li>\n<li>Priez pour la r\u00e9activation totale de l\u2019\u00e9conomie \u00e9quatorienne, afin que les entreprises et les entreprises puissent se stabiliser financi\u00e8rement. Priez pour que des nouvelles sources de revenus puissent \u00eatre ouvertes aux personnes qui ont perdu leur emploi.<\/li>\n<\/ul>\n<p><strong>P\u00c9ROU<\/strong><\/p>\n<ul>\n<li>Priez pour le P\u00e9rou. Que le Seigneur apporte le soutien n\u00e9cessaire aux m\u00e9nages qui ont \u00e9t\u00e9 touch\u00e9s par le manque d\u2019emploi. Beaucoup ont d\u00fb fermer leur entreprise en raison des mesures impos\u00e9es par le nouveau gouvernement.<\/li>\n<li>Nous vous demandons de prier pour les \u00e9lections pr\u00e9sidentielles et l\u00e9gislatives d\u2019avril. Que le Seigneur guide le peuple p\u00e9ruvien pour qu\u2019il assume un v\u00e9ritable patriotisme et qu\u2019il devienne consciencieux dans l\u2019\u00e9lection de dignes repr\u00e9sentants. Que la nouvelle direction ait comme priorit\u00e9 la stabilit\u00e9 et la croissance du pays.<\/li>\n<li>Priez pour l\u2019\u00e9glise au P\u00e9rou. Puisse le Seigneur utiliser son peuple comme canal de b\u00e9n\u00e9diction pour ceux qui sont dans le besoin en cette p\u00e9riode d\u2019incertitude dans notre pays. Que Dieu nous fournisse les ressources spirituelles et mat\u00e9rielles n\u00e9cessaires pour que nous continuions d\u2019accomplir l\u2019\u0153uvre d\u2019apporter l\u2019\u00c9vangile \u00e0 ceux qui ne le connaissent pas encore.<\/li>\n<\/ul>\n<p><strong>VENEZUELA<\/strong><\/p>\n<ul>\n<li>Priez pour notre corps pastoral. Puissions-nous \u00eatre remplis de sagesse, de discernement et de conseils du Seigneur en ces temps. Rejoignez-nous dans la pri\u00e8re pour un nouveau pasteur pour notre \u00e9glise CMA Catia.<\/li>\n<li>Priez pour les jeunes et les enfants de nos \u00e9glises et de notre pays. Priez aussi pour la croissance spirituelle de notre troupeau.<\/li>\n<li>Priez pour la sant\u00e9 et la protection de Dieu en ces temps &#8211; sp\u00e9cialement pour le r\u00e9tablissement total du pr\u00e9sident de l\u2019Alliance du Venezuela, le pasteur Natanael Gil et son \u00e9pouse Evelyn.<\/li>\n<li>Priez pour la stabilit\u00e9 politique et \u00e9conomique au Venezuela.<\/li>\n<\/ul>\n<hr>\n<h3><strong>3 f\u00e9vrier<\/strong>&nbsp;2021<\/h3>\n<p><strong>R\u00c9GION EMERALD (EUROPE ET MOYEN-ORIENT) DE L\u2019UMA<\/strong><\/p>\n<p>Veuillez prier pour les demandes suivantes de la R\u00e9gion EMERALD (Europe et Moyen-Orient) de l\u2019UMA :<\/p>\n<p><strong>MINIST\u00c8RES DE DIASPORA DE L\u2019ALLIANCE (MDA)<\/strong><\/p>\n<ul>\n<li>\u00ab \u00c9xito \u00bb, un programme r\u00e9sidentiel de disciple pour des MBB (<em>Muslim Background Believers<\/em> &#8211; croyants d\u2019origine musulmane) se poursuit dans sa phase pilote. Merci de prier pour que ceux qui participent actuellement au programme grandissent dans leur foi, dans l\u2019acquisition de la langue espagnole et la formation professionnelle. Priez \u00e9galement pour les dirigeants qui d\u00e9veloppent le programme. Il y a plus des MBB qui ont le besoin et sont int\u00e9ress\u00e9s \u00e0 se joindre.<\/li>\n<li>Veuillez prier pour nos fr\u00e8res et s\u0153urs MBB qui sont \u00e0 divers stades de la formation de disciple. Priez pour qu\u2019ils connaissent la voix du bon berger et continuent \u00e0 le suivre.<\/li>\n<li>Plusieurs agents et partenaires des Minist\u00e8res de Diaspora de l\u2019Alliance (MDA) se remettent du COVID-19. Veuillez prier pour un r\u00e9tablissement complet de la sant\u00e9.<\/li>\n<li>Le changement des restrictions gouvernementales rend le minist\u00e8re en personne, les cours et les r\u00e9unions difficiles \u00e0 travers l\u2019Europe. Priez pour que les ministres du MDA d\u00e9pendent du Saint-Esprit pour la cr\u00e9ativit\u00e9, la sagesse et la paix.<\/li>\n<li>Veuillez prier pour avoir de l\u2019audace dans le t\u00e9moignage et la proclamation verbale de l\u2019\u00c9vangile parmi tous les projets du MDA. Puisse le royaume de J\u00e9sus avancer parmi les musulmans d\u2019Europe pour la gloire de notre Sauveur.<\/li>\n<\/ul>\n<p><strong>PARTENARIATS DES MISSIONS DE L\u2019UMA<\/strong><\/p>\n<ul>\n<li>Louons Dieu pour la fondation que l\u2019Alliance chilienne a cr\u00e9\u00e9e pour faire des affaires en tant que mission en Europe, en Afrique du Nord et au Moyen-Orient, en partenariat avec d\u2019autres membres de la famille de l\u2019Alliance.<\/li>\n<li>Priez que Dieu b\u00e9nisse les partenariats entre l\u2019Alliance au Chili, en Colombie et la r\u00e9gion EMERALD de l\u2019UMA alors qu\u2019ils cherchent \u00e0 cr\u00e9er un r\u00e9seau de caf\u00e9s colombiens pour atteindre les perdus.<\/li>\n<\/ul>\n<p><strong>ESPAGNE<\/strong><\/p>\n<ul>\n<li>La pand\u00e9mie COVID-19 poursuit son cours brutal. En raison du manque de ma\u00eetrise de soi des gens \u00e0 No\u00ebl et au Nouvel An, la contagiosit\u00e9 a consid\u00e9rablement augment\u00e9. Les Unit\u00e9s de Soins Intensifs et les services COVID-19 de l\u2019h\u00f4pital sont d\u00e9bord\u00e9s et atteignent chaque semaine de nouveaux records d\u2019infections et de d\u00e9c\u00e8s proportionnels. Priez que Dieu donne aux autorit\u00e9s la sagesse et les strat\u00e9gies dans la lutte contre cette maladie. Priez \u00e9galement pour que les gens suivent les restrictions et que la population soit bient\u00f4t vaccin\u00e9e.<\/li>\n<li>Nous vous demandons de prier pour l\u2019\u00e9quipe de Terrassa, o\u00f9 huit sur dix ont attrap\u00e9 le COVID-19. Priez sp\u00e9cialement pour Kara Dry, stagiaire d\u2019Envision, qui souffre d\u2019asthme, et pour la missionnaire v\u00e9n\u00e9zu\u00e9lienne Xiomara Cassese.<\/li>\n<\/ul>\n<p><strong>FRANCE<\/strong><\/p>\n<ul>\n<li>Louez Dieu pour les ateliers de vision qui se d\u00e9roulent dans les \u00e9glises de l\u2019Alliance et pour le conseil national qui recherche la volont\u00e9 de Dieu pour l\u2019Alliance en France.<\/li>\n<li>Priez pour Emy, la missionnaire fran\u00e7aise hmong, alors qu\u2019elle construit son r\u00e9seau de partenariat pour retourner dans un pays ferm\u00e9 d\u2019Asie pour continuer \u00e0 atteindre un groupe de personnes non atteint l\u00e0-bas.<\/li>\n<\/ul>\n<p><strong>GRANDE BRETAGNE<\/strong><\/p>\n<ul>\n<li>Veuillez prier pour tous ceux qui vivent dans un foyer vuln\u00e9rable et pour ceux qui sont d\u00e9bord\u00e9s, seuls et perdus.<\/li>\n<li>Priez pour ceux qui sont d\u00e9connect\u00e9s des autres et qui ont accept\u00e9 cela comme leur \u00ab nouvelle normalit\u00e9 \u00bb. Priez aussi pour ceux qui recherchent des m\u00e9canismes d\u2019adaptation malsains, et pour ceux qui font face \u00e0 l\u2019anxi\u00e9t\u00e9 et s\u2019inqui\u00e8tent pour l\u2019avenir. Beaucoup posent de grandes questions sur la vie, par exemple&nbsp;: \u00ab Il ne peut y avoir de Dieu si cela se produit \u00bb. Priez pour que l\u2019\u00e9glise soit sel et lumi\u00e8re pour ces gens.<\/li>\n<li>Veuillez prier pour Keith et Flora Chiu (le nouveau pasteur de l\u2019\u00c9glise de l\u2019Alliance Chinoise de Londres) alors qu\u2019ils trouvent une maison pour s\u2019installer et continuer leur minist\u00e8re \u00e0 Harrow.<\/li>\n<\/ul>\n<p><strong>IRAK (\u00c9GLISE DE L\u2019ALLIANCE D\u2019ERBIL)<\/strong><\/p>\n<ul>\n<li>Priez pour l\u2019onction, la force et la direction du Seigneur pour construire une culture de pri\u00e8re, d\u2019adoration et de louange dans l\u2019\u00e9glise.<\/li>\n<li>Priez pour la croissance des \u00e9quipes de louange et des m\u00e9dias. Que le Seigneur invite de nouvelles personnes \u00e0 ces minist\u00e8res, comme une b\u00e9n\u00e9diction pour l\u2019\u00e9glise. Priez pour que l\u2019\u00e9glise atteigne les jeunes de cette g\u00e9n\u00e9ration.<\/li>\n<li>Louez Dieu pour que la paperasse pour la construction de l\u2019\u00e9glise se passe bien. Nous vous demandons de continuer \u00e0 prier pour cette nouvelle \u00e9glise.<\/li>\n<li>Priez pour le discipulat en petit groupe. Que le Saint-Esprit \u0153uvre dans la vie des disciples pour devenir des croyants m\u00fbrs et \u00eatre impliqu\u00e9s dans l\u2019extension du royaume.<\/li>\n<\/ul>\n<p><strong>JORDANIE (\u00c9GLISE DE L\u2019ALLIANCE DE MAFRAQ)<\/strong><\/p>\n<ul>\n<li>Priez pour que le Seigneur de la moisson envoie plus de travailleurs \u00e0 long terme et plus de volontaires \u00e0 court terme pour pr\u00eacher l\u2019\u00e9vangile et atteindre les perdus.<\/li>\n<li>Priez pour la sagesse de trouver une grande parcelle de terrain et un soutien financier pour l\u2019acheter pour de multiples projets de sensibilisation. Cette vision est centr\u00e9e sur les enfants, les \u00e9tudiants universitaires et les personnes \u00e2g\u00e9es. Ce projet comprendra \u00e9galement un petit centre de retraite et un minist\u00e8re parmi les chr\u00e9tiens nominaux.<\/li>\n<li>Priez pour la protection de plus de 50 travailleurs \u00e0 long terme de diff\u00e9rents pays et organisations. Que le Seigneur les prot\u00e8ge du coronavirus et donne l\u2019unit\u00e9 au sein de leurs familles.<\/li>\n<li>Veuillez prier pour des r\u00e8gles de visa plus faciles en Jordanie pour les non-Jordaniens.<\/li>\n<\/ul>\n<p><strong>PAYS-BAS<\/strong><\/p>\n<p>Priez pour la fusion des \u00e9glises ABC et Unie, et sp\u00e9cifiquement pour ce qui suit alors que le processus de fusion avance :<\/p>\n<ul>\n<li>L\u2019unit\u00e9 comme J\u00e9sus-Christ nous le demande, m\u00eame si (ou surtout parce que) les congr\u00e9gations impliqu\u00e9es sont assez diverses et la fusion est un processus \u00e9motionnel.<\/li>\n<li>Laissez continuellement la parole nous \u00e9clairer, guid\u00e9s par l\u2019Esprit de Dieu. Gardez \u00e0 l\u2019esprit et propagez l\u2019importance de la mission du local \u00e0 l\u2019international.<\/li>\n<li>Communication entre les congr\u00e9gations, et entre le conseil et les congr\u00e9gations, puisque nous nous engageons \u00e0 nous soutenir les uns les autres en tant que disciples de notre Seigneur.<\/li>\n<\/ul>\n<p><strong>PORTUGAL<\/strong><\/p>\n<ul>\n<li>L\u2019\u00e9quipe du Portugal Alliance s\u2019agrandira cette ann\u00e9e. Nous attendons une nouvelle famille des \u00c9tats-Unis et une famille du Br\u00e9sil. Priez pour l\u2019approbation de la documentation, leur arriv\u00e9e en toute s\u00e9curit\u00e9 (au milieu de l\u2019ann\u00e9e) et la vision d\u2019un minist\u00e8re \u00e9largi ici dans la r\u00e9gion nord du pays.<\/li>\n<li>Le pays est actuellement en quarantaine tr\u00e8s restrictive. Priez pour que notre \u00e9quipe d\u2019implantation d\u2019\u00e9glises trouve des moyens innovants de d\u00e9velopper efficacement l\u2019implantation d\u2019\u00e9glises dans la ville de Paredes (pr\u00e8s de la ville de Porto).<\/li>\n<\/ul>\n<p><strong>RUSSIE<\/strong><\/p>\n<ul>\n<li>Louons Dieu pour que le camp pour enfants de Gorniy Rodnick ait \u00e9t\u00e9 sauv\u00e9 de la fermeture, en partie gr\u00e2ce \u00e0 la participation de la famille \u00e9largie de l\u2019UMA. Priez que Dieu prot\u00e8ge les campeurs des dangers que repr\u00e9sente le COVID-19.<\/li>\n<li>Priez pour nos pasteurs et travailleurs de l\u2019Alliance. La nouvelle loi russe sur la libert\u00e9 de conscience et d\u2019association religieuse emp\u00eache les pasteurs form\u00e9s en dehors de la F\u00e9d\u00e9ration de Russie de pr\u00eacher dans une \u00e9glise ou m\u00eame de diriger des groupes d\u2019\u00e9tude biblique \u00e0 domicile. Priez pour que des solutions soient trouv\u00e9es afin que tous les pasteurs et travailleurs de l\u2019Alliance en Russie puissent continuer dans leur minist\u00e8re.<\/li>\n<\/ul>\n<p>&nbsp;<\/p>\n<hr>\n<p>&nbsp;<\/p>\n<h2><strong>Pri\u00e8res de l\u2019UMA<\/strong> &#8211; Janvier 2021<\/h2>\n<p>&nbsp;<\/p>\n<h3>27 janvier 2021<\/h3>\n<p><strong>1) R\u00c9GION AFRIQUE DE L\u2019UMA<\/strong><\/p>\n<p>Veuillez prier pour les demandes suivantes de la R\u00e9gion Afrique de l\u2019UMA :<\/p>\n<p><strong>ANGOLA<\/strong><\/p>\n<ul>\n<li>Que Dieu nous aide et nous guide en 2021. Priez pour les nombreux d\u00e9fis que nous avons cette ann\u00e9e, tels que : l\u2019Assembl\u00e9e g\u00e9n\u00e9rale de l\u2019Alliance de l\u2019Angola en ao\u00fbt ; la formation de nouvelles \u00e9quipes qui peuvent contribuer \u00e0 l\u2019\u0153uvre du Seigneur ; strat\u00e9gies et ressources pour l\u2019expansion de l\u2019\u00e9glise ; partager l\u2019\u00e9vangile en dehors des lieux habituels (\u00e9glises) pendant cette pand\u00e9mie, avec de vraies conversions ; et la conclusion de projets en cours.<\/li>\n<li>Priez pour la sant\u00e9 de nos travailleurs, y compris le pasteur Andr\u00e9 Conga da Costa (ancien pr\u00e9sident de l\u2019\u00e9glise nationale) et son \u00e9pouse, qui servent dans la mission de Mboca. Priez aussi pour l\u2019encouragement de nos pasteurs et dirigeants face \u00e0 la pand\u00e9mie.<\/li>\n<li>Priez pour notre pays. Que le traitement des personnes face au COVID-19 soit \u00e9quitable. Demandez l\u2019intervention du Seigneur contre cette pand\u00e9mie.<\/li>\n<\/ul>\n<p><strong>R\u00c9PUBLIQUE D\u00c9MOCRATIQUE DU CONGO<\/strong><\/p>\n<ul>\n<li>L\u2019\u00c9glise de l\u2019Alliance en RDC remercie Dieu pour sa protection lors de la retraite de leurs pasteurs. Plus de 1 300 pasteurs et leurs \u00e9pouses se sont rassembl\u00e9s \u00e0 Tshela, Muanda et Kinshasa. Au cours des r\u00e9unions, 92 membres ont \u00e9t\u00e9 consacr\u00e9s \u00e0 la pastorale. S\u2019il vous pla\u00eet, priez pour ces nouveaux pasteurs alors qu\u2019ils commencent leur minist\u00e8re dans les zones rurales.<\/li>\n<li>Priez pour le programme de soins du pasteur. En raison de la crise \u00e9conomique actuelle dans le pays, l\u2019\u00e9glise a du mal \u00e0 recueillir le soutien des pasteurs actifs et retrait\u00e9s. M\u00eame avec certains donnant leur d\u00eeme et des dons volontaires, il y a encore beaucoup de ministres et de travailleurs sous-pay\u00e9s.<\/li>\n<li>Priez pour le soutien financier de nos missionnaires. L\u2019\u00c9glise nationale pr\u00e9voit d\u2019organiser une collecte de fonds pour les missions en f\u00e9vrier &#8211; le mois des missions. Veuillez prier pour que le Seigneur nous donne des strat\u00e9gies de collecte de fonds.<\/li>\n<li>Priez pour les \u00e9glises de la diaspora en Afrique de l\u2019Ouest. Ils font face \u00e0 de nombreux d\u00e9fis en raison de la pand\u00e9mie et de ses cons\u00e9quences. Prions pour que Dieu continue \u00e0 les soutenir alors qu\u2019ils propagent sa parole.<\/li>\n<li>Malgr\u00e9 le changement de r\u00e9gime, le pays reste politiquement instable. Priez pour la s\u00e9curit\u00e9 des gens face \u00e0 cette instabilit\u00e9 lors d\u2019une deuxi\u00e8me vague meurtri\u00e8re de la pand\u00e9mie COVID-19.<\/li>\n<li>Priez pour la direction de l\u2019\u00e9glise. Ils con\u00e7oivent un programme de soutien pour les membres impliqu\u00e9s sur le plan socio-politique, tels que les d\u00e9put\u00e9s, les s\u00e9nateurs, les fonctionnaires et autres. Puissent-ils garder le Christ dans leur c\u0153ur et ne pas perdre espoir.<\/li>\n<\/ul>\n<p><strong>\u00c9GLISE DE L\u2019ALLIANCE DU SOUDANAIS (AFRIQUE DU NORD)<\/strong><\/p>\n<ul>\n<li>Priez pour la s\u00e9lection des a\u00een\u00e9s \u00e0 encadrer l\u2019ann\u00e9e prochaine. Pendant ce temps, l\u2019ADN de la CMA leur sera inculqu\u00e9 et ils pourront entrer dans le minist\u00e8re ordonn\u00e9 avec nos quatre unions de l\u2019Alliance.<\/li>\n<li>Les 42 \u00e9tudiants actuellement en bourse avec nous termineront leurs \u00e9tudes et rempliront leur engagement de servir avec l\u2019Alliance. Priez pour que la soumission finale de tous les documents et la planification puissent \u00eatre faites pour l\u2019obtention du dipl\u00f4me de nos \u00e9tudiants de l\u2019une de nos cinq \u00e9coles bibliques en partenariat avec nous.<\/li>\n<li>Priez pour qu\u2019Adella soit fortifi\u00e9e et qu\u2019elle re\u00e7oive de la sagesse alors qu\u2019elle dirige cinq \u00e9quipes de traducteurs mettant la parole \u00e9ternelle dans leur langue et cr\u00e9ant un livre d\u2019histoires bibliques de 102 histoires. Priez aussi qu\u2019Adella soit aid\u00e9e par le Seigneur pour maintenir la discipline dans la pri\u00e8re et l\u2019exercice.<\/li>\n<li>Priez pour la protection contre le Coronavirus pour toutes nos unions et pour nous.<\/li>\n<li>Priez pour l\u2019obtention de visas pour l\u2019ann\u00e9e prochaine et au-del\u00e0.<\/li>\n<\/ul>\n<p>&nbsp;<\/p>\n<p><strong>2) R\u00c9GION AM\u00c9RIQUE DU NORD DE L\u2019UMA<\/strong><\/p>\n<p>Veuillez prier pour les demandes suivantes de la R\u00e9gion Am\u00e9rique du Nord de l\u2019UMA :<\/p>\n<p><strong>CANADA<\/strong><\/p>\n<ul>\n<li>Priez pour la large disponibilit\u00e9 et la distribution efficace des vaccins COVID-19 \u00e0 travers le pays. \u00c0 ce jour, les canaux d\u2019approvisionnement n\u2019ont pas fourni ce que le gouvernement canadien a demand\u00e9 et command\u00e9. Le personnel des services essentiels et les personnes \u00e2g\u00e9es et les plus vuln\u00e9rables sont les personnes prioritaires aux premiers stades de la vaccination.<\/li>\n<li>La deuxi\u00e8me vague de COVID-19 a \u00e9t\u00e9 beaucoup plus grave que la premi\u00e8re vague. Priez pour que nos \u00e9glises et nos pasteurs re\u00e7oivent beaucoup de sagesse et de gr\u00e2ce de Dieu alors qu\u2019ils man\u0153uvrent principalement \u00e0 travers les services de la plateforme Zoom pendant ces jours difficiles.<\/li>\n<li>Priez pour le pr\u00e9sident de l\u2019Alliance David Hearn (qui en est maintenant \u00e0 son troisi\u00e8me et dernier mandat de quatre ans) et son \u00e9quipe au centre national du minist\u00e8re \u00e0 Toronto. Priez aussi pour son \u00e9quipe de six surintendants de district. Priez pour que le mouvement de renouveau qui a commenc\u00e9 dans l\u2019Alliance progresse avec une onction et un remplissage encore plus profonds de l\u2019Esprit de Dieu.<\/li>\n<li>Nous demandons la pri\u00e8re pour les efforts continus visant \u00e0 d\u00e9velopper des structures plus efficaces, de plus grands efforts dans les plates-formes de technologie num\u00e9rique et vivre dans la vie plus profonde du sacrifice de soi. En m\u00eame temps, nous voulons donner la priorit\u00e9 \u00e0 la multiplication des disciples engag\u00e9s dans la mission. Nous voulons \u00e9galement lancer de nouvelles initiatives d\u2019implantation d\u2019\u00e9glises que nous appelons \u00ab New Ventures \u00bb (nouvelles entreprises).<\/li>\n<li>Priez pour le JMC en ligne &#8211; Joint Mission Conference (conf\u00e9rence de mission conjointe) &#8211; qui est pr\u00e9vu pour les 2 et 3 juillet. Le but de cette conf\u00e9rence est de faire progresser les missions dans notre g\u00e9n\u00e9ration en tant que mouvement d\u2019Actes 1 : 8 de personnes amenant l\u2019acc\u00e8s \u00e0 J\u00e9sus l\u00e0 o\u00f9 peu ou aucun n\u2019a entendu. Priez pour nos plus de 100 \u00e9glises ethniques chinoises qui jouent le r\u00f4le cl\u00e9 dans la coordination de cet \u00e9v\u00e9nement tous les deux ans.<\/li>\n<li>Nous nous r\u00e9jouissons du nouveau personnel de mission. Ils ont \u00e9t\u00e9 envoy\u00e9s dans leurs premi\u00e8res affectations en janvier, dans des groupes populaires en Irak et au S\u00e9n\u00e9gal. Priez que le Seigneur de la moisson suscite beaucoup plus de travailleurs internationaux dans nos \u00e9glises canadiennes pour travailler \u00e0 la r\u00e9alisation de la Grande Commission.<\/li>\n<li>Priez pour les efforts de D\u00e9fense de la Dignit\u00e9 qui cherche \u00e0 mettre fin \u00e0 l\u2019exploitation sexuelle au Canada. Un lobbying fid\u00e8le du gouvernement canadien pour maintenir des lois appropri\u00e9es sur la prostitution est en jeu.<\/li>\n<\/ul>\n<p><strong>\u00c9TATS-UNIS<\/strong><\/p>\n<ul>\n<li>Notre bureau principal du Colorado Springs, Colorado, envisage de d\u00e9m\u00e9nager \u00e0 Columbus, Ohio. Certains membres du personnel ont d\u00e9j\u00e0 vendu leur maison et d\u00e9m\u00e9nageront en Ohio au printemps ; d\u2019autres d\u00e9m\u00e9nageront cet \u00e9t\u00e9. Merci de prier pour les nombreux d\u00e9tails qui doivent \u00eatre r\u00e9unis non seulement pour les familles individuelles, mais aussi pour la vente de notre propri\u00e9t\u00e9.<\/li>\n<li>Une de nos employ\u00e9es vient de perdre son fr\u00e8re \u00e0 cause du COVID-19. Priez pour que Diane et sa famille ressentent la paix et la joie au milieu de cette p\u00e9riode difficile. Son fr\u00e8re a laiss\u00e9 une femme et deux fils.<\/li>\n<li>Priez pour Katherine, une femme enceinte qui a \u00e9t\u00e9 hospitalis\u00e9e peu avant No\u00ebl avec le COVID-19 et une pneumonie de stade quatre. Elle a r\u00e9cemment \u00e9t\u00e9 lib\u00e9r\u00e9e de l\u2019USI (unit\u00e9 de soins intensifs) et s\u2019est am\u00e9lior\u00e9e, m\u00eame si elle a encore un long r\u00e9tablissement \u00e0 venir. Son m\u00e9decin \u00e9tait \u00e9tonn\u00e9 qu\u2019elle ait pu quitter l\u2019USI sans avoir besoin d\u2019une c\u00e9sarienne. Veuillez continuer \u00e0 prier pour une gu\u00e9rison compl\u00e8te et un accouchement en toute s\u00e9curit\u00e9.<\/li>\n<li>Beaucoup de nos travailleurs de l\u2019Alliance tentent de retourner sur le terrain. Avec des exigences COVID-19 plus strictes, maintenant, c\u2019est beaucoup plus compliqu\u00e9. Demandez la faveur et l\u2019intervention de Dieu.<\/li>\n<\/ul>\n<hr \/>\n<h3>20 janvier 2021<\/h3>\n<p><strong>R\u00c9GION DE APAC (ASIE-PACIFIQUE) DE L\u2019UMA<\/strong><\/p>\n<p>Veuillez prier pour les demandes suivantes de la R\u00e9gion APAC (Asie-Pacifique) de l\u2019UMA :<\/p>\n<p><strong>INDON\u00c9SIE<\/strong><\/p>\n<ul>\n<li>Priez pour l\u2019Indon\u00e9sie, qui compte la plus grande population musulmane du monde. Sur la population totale de 272 millions d\u2019habitants, 170 millions (62,3 %) ne sont pas atteints. Les \u00e9vang\u00e9liques repr\u00e9sentent 3,2 % de la population.<\/li>\n<li>Priez pour la pr\u00e9paration du Conseil g\u00e9n\u00e9ral de Gereja Kemah Injil d\u2019Indon\u00e9sie (CMA d\u2019Indon\u00e9sie) qui se tiendra \u00e0 Jayapura, Papouasie, du 13 au 16 avril 2021. Ce sera un rassemblement de tous les pasteurs et dirigeants nationaux. Cet \u00e9v\u00e9nement se tiendra \u00e0 la fois sur place et en ligne. Priez pour la pr\u00e9paration des besoins, ainsi qu\u2019une bonne connexion Internet. Priez \u00e9galement pour l\u2019\u00e9lection du nouveau pr\u00e9sident de la CMA d\u2019Indon\u00e9sie. Que Dieu puisse lever la bonne personne pour servir pendant les cinq prochaines ann\u00e9es.<\/li>\n<li>Priez que Dieu donne la sagesse et le pouvoir au gouvernement indon\u00e9sien de g\u00e9rer la crise caus\u00e9e par cette pand\u00e9mie mondiale. Le nombre de victimes du coronavirus en Indon\u00e9sie augmente. Les h\u00f4pitaux sont pleins et il n\u2019y a plus de chambres disponibles. L\u2019Indon\u00e9sie a commenc\u00e9 son programme de vaccination le 13 janvier. Veuillez prier pour que le vaccin atteigne la population, y compris les endroits \u00e9loign\u00e9s dispers\u00e9s sur plus de 11 000 \u00eeles habit\u00e9es.<\/li>\n<li>Priez pour le r\u00e9confort des familles de deux travailleurs de l\u2019Alliance indon\u00e9sienne, d\u00e9c\u00e9d\u00e9s de COVID-19. Priez \u00e9galement pour la gu\u00e9rison et la protection de Dieu sur des centaines de pasteurs et de membres de l\u2019Alliance infect\u00e9s.<\/li>\n<li>Priez pour la s\u00e9curit\u00e9 de nos missionnaires \u00e0 Taiwan et \u00e0 Hong Kong. Priez pour la protection de Dieu sur leur vie afin qu\u2019ils restent en bonne sant\u00e9 et \u00e0 l\u2019abri du COVID.<\/li>\n<\/ul>\n<p><strong>JAPON<\/strong><\/p>\n<ul>\n<li>Priez pour le Japon, l\u2019un des rares pays \u00e0 libert\u00e9 de religion qui a une population \u00e9vang\u00e9lique de moins de 0,5 %. Priez pour les travailleurs de l\u2019Alliance d\u2019Argentine, du Br\u00e9sil, du Canada, du P\u00e9rou, des Philippines, de Ta\u00efwan et des \u00c9tats-Unis servant au Japon.<\/li>\n<li>Priez pour les deux r\u00e9unions du conseil d\u2019administration de l\u2019\u00c9glise de l\u2019Alliance du Japon (JAC) qui se tiendront en ligne les 26 janvier et 22 mars. Priez pour l\u2019onction et la sagesse de Dieu sur chaque membre du conseil afin que la vision de Dieu pour l\u2019\u00c9glise nationale se r\u00e9alise.<\/li>\n<li>Priez pour la pr\u00e9paration et les r\u00e9sultats fructueux de la r\u00e9union en ligne du conseil d\u2019administration conjoint de l\u2019\u00c9glise de l\u2019Alliance du Japon (JAC) et de la Mission de l\u2019Alliance du Japon (JAM) qui se tiendra le 23 mars. Priez pour l\u2019unit\u00e9 d\u2019esprit et d\u2019esprit parmi tous les dirigeants alors qu\u2019ils coop\u00e8rent pour l\u2019expansion du minist\u00e8re de l\u2019\u00c9glise au Japon.<\/li>\n<li>Priez pour que Dieu am\u00e8ne de nouveaux \u00e9tudiants \u00e0 \u00e9tudier \u00e0 l\u2019\u00c9cole de Th\u00e9ologie de l\u2019Alliance du Japon \u00e0 Hiroshima ce printemps.<\/li>\n<li>Priez pour la protection de Dieu de nos congr\u00e9gations dans tout le pays pendant cette pand\u00e9mie de COVID-19.<\/li>\n<\/ul>\n<p><strong>N\u00c9PAL<\/strong><\/p>\n<ul>\n<li>Priez pour le N\u00e9pal qui a une population \u00e9vang\u00e9lique petite mais croissante. Plus de 90 % de la population n\u2019est pas touch\u00e9e.<\/li>\n<li>Priez pour que Dieu soutienne et encourage les pasteurs non-form\u00e9s \u00e0 assumer la responsabilit\u00e9 des 15 minist\u00e8res d\u2019implantation d\u2019\u00e9glises de village face \u00e0 des d\u00e9fis financiers. Priez pour que la sagesse de Dieu guide Bikash Adhikari, secr\u00e9taire g\u00e9n\u00e9ral de la CMA du N\u00e9pal, dans la cr\u00e9ation de strat\u00e9gies pour collecter des fonds pour r\u00e9pondre aux besoins de leurs pasteurs de village.<\/li>\n<li>Louez Dieu pour trois nouvelles \u00e9glises locales qui souhaitent rejoindre la CMA du N\u00e9pal. Priez pour un processus et une communication harmonieuse lors de l\u2019incorporation de ces \u00e9glises \u00e0 l\u2019Alliance au N\u00e9pal.<\/li>\n<li>Priez pour l\u2019unit\u00e9 et la vision des missionnaires CMA de diff\u00e9rents pays qui travaillent au N\u00e9pal en \u00e9troite coordination avec la CMA du N\u00e9pal.<\/li>\n<\/ul>\n<hr \/>\n<h3>14 janvier 2021<\/h3>\n<p><strong>1) R\u00c9GION DE APAC (ASIE-PACIFIQUE) DE L\u2019UMA<\/strong><\/p>\n<p>Veuillez prier pour les demandes suivantes de la R\u00e9gion APAC (Asie-Pacifique) de l\u2019UMA :<\/p>\n<p><strong>TA\u00cfWAN<\/strong><\/p>\n<ul>\n<li>L\u2019Union de l\u2019\u00e9glise de l\u2019Alliance de Taiwan a \u00e9lu un nouveau pr\u00e9sident, le R\u00e9v\u00e9rend Silas Yang, ainsi que de nouveaux membres du conseil d\u2019administration. Veuillez prier pour une transition et un transfert en douceur des responsabilit\u00e9s et autres questions de leadership national.<\/li>\n<li>Priez pour la sagesse de Dieu alors que la nouvelle direction se r\u00e9unit pour discuter d\u2019un don corporatif, de la r\u00e9vision des statuts de l\u2019association et des amendements aux r\u00e8glements de la Deuxi\u00e8me Association.<\/li>\n<li>Priez pour la direction et l\u2019unit\u00e9 de Dieu pour la nouvelle \u00e9quipe de direction de l\u2019Union des \u00c9glises de l\u2019Alliance de Taiwan en tant que membre co-organisateur de la Conf\u00e9rence mondiale des bourses de l\u2019Alliance chinoise en 2021.<\/li>\n<\/ul>\n<p><strong>MONGOLIE<\/strong><\/p>\n<ul>\n<li>Priez pour la mise en \u0153uvre du \u00ab Projet de Secours de Gobi Drought Shepherd \u00bb dans le cadre de la R\u00e9ponse Mondiale de l\u2019UMA au COVID-19. Le COVID-19 s\u2019est r\u00e9pandu dans les villes de Mongolie depuis novembre 2020, mais heureusement aucun d\u00e9c\u00e8s n\u2019a \u00e9t\u00e9 enregistr\u00e9. De plus, la r\u00e9gion mongole m\u00e9ridionale de Gobi est en p\u00e9riode de s\u00e9cheresse depuis l\u2019ann\u00e9e derni\u00e8re. C\u2019est la premi\u00e8re s\u00e9cheresse en 80 ans. Les familles d\u2019\u00e9leveurs de la r\u00e9gion de Gobi ont perdu leurs troupeaux ; m\u00eame les chameaux, les animaux les plus r\u00e9sistants, meurent.<\/li>\n<li>Priez pour l\u2019\u00e9glise CMA de Mongolie qui envisage de d\u00e9marrer une nouvelle \u00e9glise dans la r\u00e9gion du sud de Gobi.<\/li>\n<li>Priez pour une transition et un transfert en douceur des responsabilit\u00e9s et autres questions de leadership national.<\/li>\n<\/ul>\n<p>&nbsp;<\/p>\n<p><strong>2) R\u00c9GION AFRIQUE DE L\u2019UMA<\/strong><\/p>\n<p>Veuillez prier pour les demandes suivantes de la r\u00e9gion Afrique de l\u2019UMA :<\/p>\n<p><strong>LIBERIA<\/strong><\/p>\n<ul>\n<li>Priez pour quatre de nos \u00e9tudiants qui fr\u00e9quentent le s\u00e9minaire de l\u2019Alliance (S\u00e9minaire Th\u00e9ologique de Libert\u00e9) au Liberia. Ils prient pour 200 USD chacun pour terminer leur inscription. En outre, le s\u00e9minaire prie pour quatre ordinateurs de bureau pour la biblioth\u00e8que et trois ordinateurs portables pour l\u2019administration.<\/li>\n<li>Priez pour que Dieu \u00e9l\u00e8ve plus de pasteurs pour nos \u00e9glises au Liberia. L\u2019occasion d\u2019implanter de nouvelles \u00e9glises dans chaque cit\u00e9 et ville est possible. Nous croyons que par nos pri\u00e8res collectives, le Seigneur de la moisson appellera des ouvriers pour sa propre gloire.<\/li>\n<li>Priez pour l\u2019encouragement de nos pasteurs dans les villages et les villes. Ils traversent des probl\u00e8mes financiers dus au coronavirus. En priant ensemble, nous croyons que Dieu les fortifiera continuellement dans l\u2019accomplissement de leurs devoirs d\u2019enseignement, de pr\u00e9dication et d\u2019\u00e9vang\u00e9lisation.<\/li>\n<li>Priez pour le lyc\u00e9e chr\u00e9tien de Monrovia. Gr\u00e2ce \u00e0 l\u2019aide de l\u2019\u00e9glise CMA nationale au Liberia, l\u2019\u00e9cole offrait des d\u00e9jeuners gratuits \u00e0 tous les \u00e9l\u00e8ves, car la plupart des parents ne peuvent pas se permettre un petit-d\u00e9jeuner le matin pour leurs enfants. L\u2019inscription avant le coronavirus \u00e9tait de 1250 \u00e9tudiants. Mais en raison de la pand\u00e9mie et de ses contraintes financi\u00e8res, l\u2019\u00e9glise nationale a conclu apr\u00e8s de nombreuses pri\u00e8res que Dieu fournirait pour que le programme d\u2019alimentation gratuite puisse continuer.<\/li>\n<li>Priez pour l\u2019enseignement, les discussions et les diverses d\u00e9cisions prises par la convention tenue \u00e0 Monrovia au si\u00e8ge de l\u2019\u00e9glise CMA des Croyants du 7 au 13 d\u00e9cembre 2020. Parmi les nombreuses d\u00e9cisions, l\u2019\u00e9glise nationale a accept\u00e9 de former cinq personnes \u00e0 devenir apprentis missionnaires.<\/li>\n<\/ul>\n<p>&nbsp;<\/p>\n<hr \/>\n<p>&nbsp;<\/p>\n<h2>Pri\u00e8res de l\u2019UMA &#8211; D\u00e9cembre 2020<\/h2>\n<p>&nbsp;<\/p>\n<h3><strong>9 d\u00e9cembre 2020<\/strong><\/h3>\n<p><strong>R\u00c9GION CLA (AM\u00c9RIQUE LATINE) DE L\u2019UMA<\/strong><\/p>\n<p>Veuillez prier pour les demandes suivantes de la R\u00e9gion CLA (Am\u00e9rique latine) de l\u2019UMA\u00a0:<\/p>\n<p><strong>COSTA RICA<\/strong><\/p>\n<ul>\n<li>Pour la sant\u00e9 de quelques-uns de nos pasteurs. Puissent-ils \u00e9prouver le pouvoir de gu\u00e9rison de Dieu dans leur corps.<\/li>\n<li>Pour les finances des \u00e9glises. En raison de la pand\u00e9mie, plusieurs d\u2019entre eux ont \u00e9t\u00e9 touch\u00e9s et luttent pour soutenir leurs pasteurs.<\/li>\n<li>Pour le processus d\u2019\u00e9lection du nouveau Conseil d\u2019Administration au d\u00e9but de l\u2019ann\u00e9e prochaine.<\/li>\n<li>Pour les plans des \u00e9glises pour l\u2019ann\u00e9e \u00e0 venir. Que Dieu donne la sagesse aux \u00e9quipes de direction pour faire les projections.<\/li>\n<\/ul>\n<p><strong>GUATEMALA<\/strong><\/p>\n<ul>\n<li>Pour la protection, afin que la r\u00e9ouverture des b\u00e2timents de l\u2019\u00e9glise soit une b\u00e9n\u00e9diction pour tous ceux qui y assisteront. Priez \u00e9galement qu\u2019il n\u2019y ait pas de nouvelles \u00e9pid\u00e9mies de coronavirus.<\/li>\n<li>Pour la provision financi\u00e8re de Dieu pour nos \u00e9glises, en particulier celles qui ont des projets de construction et\/ou d\u2019aide sociale.<\/li>\n<li>Que le S\u00e9minaire Biblique de l\u2019Alliance du Guatemala puisse continuer \u00e0 former nos dirigeants, m\u00eame virtuellement.<\/li>\n<\/ul>\n<p><strong>P\u00c9ROU<\/strong><\/p>\n<ul>\n<li>Pour notre pays : apr\u00e8s les r\u00e9cents conflits politiques et sociaux qui ont polaris\u00e9 le pays, que notre Dieu apporte la paix, l\u2019harmonie et l\u2019espoir au peuple p\u00e9ruvien. Que le Seigneur prenne le contr\u00f4le de toute cette situation en \u00e9radiquant la corruption, l\u2019immoralit\u00e9 et toute intention d\u2019imposer des id\u00e9ologies contre la vie, la famille et les principes chr\u00e9tiens.<\/li>\n<li>Pour l\u2019\u00e9glise au P\u00e9rou : que notre Dieu fournisse \u00e0 son \u00e9glise tout ce dont elle a besoin et dont elle a besoin pour continuer \u00e0 \u00eatre un instrument de paix, d\u2019amour et de r\u00e9conciliation dans tout le pays.<\/li>\n<\/ul>\n<p><strong>VENEZUELA<\/strong><\/p>\n<ul>\n<li>Nous remercions Dieu pour ses soins, sa provision et sa fid\u00e9lit\u00e9 \u00e0 chacune des familles de l\u2019Alliance au Venezuela.<\/li>\n<li>Que le Seigneur apporte une gu\u00e9rison physique et spirituelle \u00e0 chaque personne malade. Puissent-ils voir la main de Dieu bouger au milieu de leur situation.<\/li>\n<li>Pour le confort et la force des familles qui ont subi des pertes et de celles qui sont s\u00e9par\u00e9es en raison de la migration. Pour les migrants v\u00e9n\u00e9zu\u00e9liens qui souffrent de discrimination et\/ou de pers\u00e9cution.<\/li>\n<li>Puissions-nous \u00eatre intentionnels dans la recherche de la pr\u00e9sence de Dieu et abandonner avec confiance tous les fardeaux spirituels, \u00e9motionnels et physiques sur son tr\u00f4ne de gr\u00e2ce.<\/li>\n<li>Pour la sagesse et la direction du Saint-Esprit pour le corps pastoral au Venezuela, particuli\u00e8rement en ces temps.<\/li>\n<li>Que Dieu montre sa gr\u00e2ce et sa mis\u00e9ricorde pour le peuple v\u00e9n\u00e9zu\u00e9lien face \u00e0 une crise aussi aigu\u00eb due au manque d\u2019eau potable, d\u2019\u00e9lectricit\u00e9, de gaz, de carburant, de m\u00e9dicaments, de services publics, etc.<\/li>\n<\/ul>\n<hr \/>\n<h3><strong>2 d\u00e9cembre 2020<\/strong><\/h3>\n<p><strong>R\u00c9GION EMERALD (EUROPE ET MOYEN-ORIENT) DE L\u2019UMA<\/strong><\/p>\n<p>Veuillez prier pour les demandes suivantes de la R\u00e9gion EMERALD (Europe et Moyen-Orient) de l\u2019UMA :<\/p>\n<p><strong>ESPAGNE<\/strong><\/p>\n<ul>\n<li>Louons Dieu pour avoir \u00e9pargn\u00e9 la vie du travailleur international canadien Peter Reichert pendant sa crise cardiaque et son pontage. Il va bien physiquement et spirituellement pendant ce qu\u2019il appelle cette \u00ab saison cach\u00e9e \u00bb.<\/li>\n<li>Louez Dieu pour avoir \u00e9pargn\u00e9 du COVID-19 la vie de nombreux travailleurs de l\u2019Alliance, pasteurs, membres d\u2019\u00e9glises et divers autres membres d\u2019\u00e9glises locales.<\/li>\n<li>Louons Dieu pour avoir fait avancer les \u00e9glises de l\u2019Alliance au cours de ce dernier mois \u00e0 travers les classes INFORMA et la remise des dipl\u00f4mes, l\u2019\u00c9cole des Missions de Bethany et la deuxi\u00e8me conf\u00e9rence nationale des missions.<\/li>\n<\/ul>\n<p><strong>FRANCE<\/strong><\/p>\n<ul>\n<li>Louons Dieu pour les nouveaux travailleurs de MBB (Muslim Background Believers &#8211; Croyants d\u2019Origine Musulmane) qui rejoignent la famille Alliance en France pour partager la bonne nouvelle entre toutes les nations. \u00ab La famille de l\u2019Alliance, qui est si ouverte et concentr\u00e9e sur le partage de l\u2019\u00c9vangile entre toutes les nations, est exactement o\u00f9 Dieu m\u2019a appel\u00e9 \u00e0 servir \u00bb &#8211; citation d\u2019un travailleur de MBB.<\/li>\n<li>Louons Dieu pour l\u2019implantation r\u00e9ussie d\u2019\u00e9glises multi-culturelles \u00e0 Marseille parmi les MBB. Ils pr\u00e9voient quatre autres bapt\u00eames pour la fin de la quarantaine.<\/li>\n<li>Louons Dieu pour la nouvelle implantation d\u2019\u00e9glises \u00e0 Cholet, dans l\u2019ouest de la France, o\u00f9 les \u00e9glises fran\u00e7aises Hmong travaillent en partenariat.<\/li>\n<li>Louez Dieu pour T et B, un couple Hmong fran\u00e7ais qui se pr\u00e9pare \u00e0 se rendre sur le terrain missionnaire dans un pays ferm\u00e9 d\u2019Asie pour partager l\u2019\u00e9vangile avec le peuple Hmong l\u00e0-bas.<\/li>\n<\/ul>\n<p><strong>GRANDE BRETAGNE<\/strong><\/p>\n<p>L\u2019Alliance Manchester (TAM) est en train de n\u00e9gocier la location d\u2019un immeuble \u00e0 Manchester en vue d\u2019\u00e9tendre le minist\u00e8re parmi les diff\u00e9rentes cultures et \u00e9tudiants de la ville. Il s\u2019agit d\u2019un d\u00e9veloppement majeur, et nous vous demandons de prier :<\/p>\n<ul>\n<li>que les n\u00e9gociations et le travail juridique se fassent d\u2019une mani\u00e8re honorant Dieu.<\/li>\n<li>pour les anciens et l\u2019\u00e9glise, alors qu\u2019ils franchissent ce pas de foi.<\/li>\n<li>pour qu\u2019une provision soit prise pour couvrir les co\u00fbts continus d\u2019un tel projet.<\/li>\n<\/ul>\n<p><strong>LIBAN<\/strong><\/p>\n<p>Louons Dieu pour la fa\u00e7on dont Il a mobilis\u00e9 la famille d\u2019\u00e9glises de l\u2019Alliance mondiale pour qu\u2019elle donne g\u00e9n\u00e9reusement pour soutenir les r\u00e9parations des \u00e9glises de l\u2019Alliance et de l\u2019Institut de Th\u00e9ologie de l\u2019Alliance Chr\u00e9tienne (CAIT) suite \u00e0 l\u2019explosion dans le port de Beyrouth. La r\u00e9ponse a \u00e9t\u00e9 si encourageante :<\/p>\n<ul>\n<li>Jordanie et Terre Sainte : 20 000 USD<\/li>\n<li>Appel de l\u2019UMA : 7 116 USD<\/li>\n<li>France : 10 285 euros<\/li>\n<li>Pays-Bas : 10 000 euros<\/li>\n<li>Allemagne : 8 000 euros<\/li>\n<li>Grande-Bretagne : 4 000 livres sterling<\/li>\n<\/ul>\n<p><strong>PAYS-BAS<\/strong><\/p>\n<ul>\n<li>Priez pour la fusion des \u00e9glises ABC et Unie qui a officiellement eu lieu le 18 novembre. Priez pour que cette nouvelle union d\u2019\u00e9glises Unie-ABC soit b\u00e9nie alors qu\u2019elle fait progresser l\u2019\u00c9vangile aux Pays-Bas et dans le monde entier \u00e0 travers des missions en partenariat avec CAMA Zending.<\/li>\n<\/ul>\n<p><strong>RUSSIE<\/strong><\/p>\n<ul>\n<li>Louons Dieu pour le soutien financier qui est arriv\u00e9 de la CMA de la Grande-Bretagne et de l\u2019EMERALD de l\u2019UMA pour soutenir l\u2019implantation d\u2019\u00e9glises \u00e0 Burgas, en Bulgarie. Veuillez continuer \u00e0 prier pour un soutien financier, car il y a encore un manque \u00e0 gagner pour couvrir tous les co\u00fbts de fonctionnement du projet.<\/li>\n<\/ul>\n<p>&nbsp;<\/p>\n<hr \/>\n<p>&nbsp;<\/p>\n<h2>Pri\u00e8res de l\u2019UMA &#8211; Novembre 2020<\/h2>\n<p>&nbsp;<\/p>\n<h3>25 novembre 2020<\/h3>\n<p><strong>1) R\u00c9GION AFRIQUE DE L\u2019UMA<\/strong><\/p>\n<p>Veuillez prier pour les demandes suivantes de la R\u00e9gion Afrique de l\u2019UMA :<\/p>\n<p><strong>ANGOLA<\/strong><\/p>\n<ul>\n<li>Priez pour le R\u00e9v\u00e9rend Alberto Guala, pr\u00e9sident de l\u2019Alliance de l\u2019Angola. Il est malade et souffre de paludisme et d\u2019hypertension. Priez que Dieu le gu\u00e9risse.<\/li>\n<li>Priez pour le pasteur Leonardo Gomes, de l\u2019\u00c9glise du Bon Pasteur, qui a \u00e9t\u00e9 test\u00e9 positif au COVID-19. Que Dieu manifeste sa puissance de gu\u00e9rison.<\/li>\n<li>Priez pour nos deux \u00e9tudiants en th\u00e9ologie au centre th\u00e9ologique de l\u2019Alliance en C\u00f4te d\u2019Ivoire. En raison de difficult\u00e9s financi\u00e8res pour payer les frais de scolarit\u00e9, ils courent le risque de perdre l\u2019ann\u00e9e scolaire. Nous louons Dieu pour le don envoy\u00e9 par un fr\u00e8re des \u00c9tats-Unis, mais la bourse n\u2019a pas suffi \u00e0 couvrir toutes les d\u00e9penses. Le montant total requis pour les deux \u00e9tudiants est de 26 000 $ (USD), ce qui correspond \u00e0 deux ann\u00e9es d\u2019\u00e9tudes. Priez que le Seigneur fournisse les fonds n\u00e9cessaires.<\/li>\n<li>Priez pour la vie morale, mat\u00e9rielle et financi\u00e8re des travailleurs de l\u2019Alliance angolaise pendant cette p\u00e9riode critique. La pand\u00e9mie entrave l\u2019acc\u00e8s \u00e0 la nourriture, \u00e0 l\u2019assistance m\u00e9dicale et aux m\u00e9dicaments, ainsi qu\u2019\u00e0 la libre circulation \u00e0 l\u2019int\u00e9rieur du pays.<\/li>\n<\/ul>\n<p><strong>MALI<\/strong><\/p>\n<ul>\n<li>Priez pour le renouvellement des comit\u00e9s, d\u00e9partements et districts des \u00e9glises locales de l\u2019\u00c9glise de l\u2019Alliance du Mali pendant les mois de novembre et d\u00e9cembre 2020. Priez aussi pour les \u00e9lections du Comit\u00e9 ex\u00e9cutif national en mars 2021.<\/li>\n<li>Priez pour le soutien financier de quatre missionnaires de l\u2019agence missionnaire de la CMA du Mali.<\/li>\n<li>Priez pour le fonctionnement du Centre Protestant d\u2019Assistance M\u00e9dicale (CPAM) qui a \u00e9t\u00e9 fortement affect\u00e9 par la quarantaine de COVID-19.<\/li>\n<li>Priez pour le pr\u00e9sident de transition et le gouvernement du Mali suite \u00e0 la d\u00e9mission du pr\u00e9sident de la R\u00e9publique le 18 ao\u00fbt 2020. Priez pour les \u00e9glises et les personnes d\u00e9plac\u00e9es \u00e0 l\u2019int\u00e9rieur du pays en raison d\u2019un manque de s\u00e9curit\u00e9 dans le nord et le centre du Mali.<\/li>\n<\/ul>\n<p>&nbsp;<\/p>\n<p><strong>2) R\u00c9GION D\u2019AM\u00c9RIQUE DU NORD DE L\u2019UMA<\/strong><\/p>\n<p>Veuillez prier pour les demandes suivantes de la R\u00e9gion d\u2019Am\u00e9rique du Nord de l\u2019UMA :<\/p>\n<p><strong>CANADA<\/strong><\/p>\n<ul>\n<li>La deuxi\u00e8me vague de COVID-19 a frapp\u00e9 le Canada avec vengeance. Un nombre record de cas sont signal\u00e9s \u00e0 travers le pays et dans certaines r\u00e9gions, des quarantaines sont de nouveau mises en \u0153uvre. Au milieu de cela, l\u2019\u00e9conomie est \u00e0 la tra\u00eene et de nombreuses personnes sont confront\u00e9es \u00e0 des difficult\u00e9s financi\u00e8res car elles ont perdu leur emploi.<\/li>\n<li>La migration internationale a atteint des niveaux records ces derni\u00e8res ann\u00e9es et, avant le COVID-19, les \u00e9tudiants internationaux ont afflu\u00e9 dans le pays. Le plus grand nombre d\u2019\u00e9tudiants par appartenance ethnique est originaire du deuxi\u00e8me pays le plus peupl\u00e9 d\u2019Asie du Sud. Avec un nouvel accent dans toute l\u2019Alliance canadienne pour se concentrer sur les quelque deux millions de personnes qui sont au Canada, ainsi que le lancement de nouveaux partenariats en Asie du Sud, nous prions pour un mouvement d\u2019engagement oint du Saint-Esprit dans les deux directions. Un projet pilote est mis en place pour former des disciples d\u2019Asie du Sud par des moyens num\u00e9riques. Cela permettra aux gens de l\u2019Alliance de tout notre pays de s\u2019engager \u00e0 atteindre les nations m\u00eame pendant cette pand\u00e9mie mondiale.<\/li>\n<li>Beaucoup de nos \u00e9glises et pasteurs sont de plus en plus fatigu\u00e9s de vivre dans les incertitudes et les changements qu\u2019ils doivent man\u0153uvrer. Ils luttent contre le d\u00e9couragement et la fatigue. Il y a \u00e9galement eu une attrition notable de nos travailleurs internationaux en 2020. Priez pour un nouveau renouvellement du corps, de l\u2019\u00e2me et de l\u2019esprit pour nos travailleurs.<\/li>\n<li>Louez Dieu pour l\u2019innovation qui se produit gr\u00e2ce aux m\u00e9thodes et strat\u00e9gies de communication num\u00e9rique. Cela s\u2019av\u00e8re efficace et efficient.<\/li>\n<li>Louons Dieu pour avoir repens\u00e9 la fa\u00e7on dont nous nous engageons \u00e0 faire des disciples partout dans l\u2019Alliance canadienne.<\/li>\n<li>Les deux derni\u00e8res ann\u00e9es ont vu les fondations d\u2019un mouvement de renouveau \u00e0 la base \u00e0 travers des rencontres du Saint-Esprit et des \u00e9v\u00e9nements Soul Care (soins de l\u2019\u00e2me). Priez pour que ceux-ci se poursuivent et soient de plus en plus impr\u00e9gn\u00e9s d\u2019engagement missionnaire pour amener l\u2019acc\u00e8s \u00e0 J\u00e9sus l\u00e0 o\u00f9 peu ou aucun n\u2019a entendu. L\u2019engagement missionnaire et la formation de disciples sont des composants int\u00e9gr\u00e9s du christianisme dynamique de base. Que la pr\u00e9sence divine et multiple de Dieu soit puissamment lib\u00e9r\u00e9e dans toute Son \u00e9glise.<\/li>\n<\/ul>\n<p><strong>\u00a0<\/strong><\/p>\n<p><strong>\u00c9TATS UNIS<\/strong><\/p>\n<ul>\n<li>Plusieurs travailleurs en affectation \u00e0 domicile ont \u00e9t\u00e9 confront\u00e9s \u00e0 des retards dans leurs d\u00e9parts et retours. Cela comprend un travailleur qui a s\u00e9journ\u00e9 aux \u00c9tats-Unis pour s\u2019occuper des d\u00e9tails li\u00e9s au d\u00e9c\u00e8s de son p\u00e8re. Priez pour un rafra\u00eechissement spirituel et \u00e9motionnel et contre le d\u00e9couragement.<\/li>\n<li>Avec les f\u00eates de fin d\u2019ann\u00e9e et l\u2019augmentation du nombre de COVID-19, priez pour que les gens puissent g\u00e9rer les jours difficiles \u00e0 venir.<\/li>\n<li>Les \u00e9glises souhaitent que ce soit une saison sp\u00e9ciale, et No\u00ebl est toujours le moment id\u00e9al pour rejoindre nos voisins. Avec le COVID-19 compliquant les choses, priez pour la sagesse alors que les \u00e9glises trouvent des moyens cr\u00e9atifs d\u2019atteindre leurs communaut\u00e9s.<\/li>\n<li>Priez pour une sensibilisation pr\u00e9vue prochainement dans une ville sans \u00e9glise. Les nouvelles restrictions COVID-19 compliquent la planification, qui est en suspens depuis pr\u00e8s de six mois.<\/li>\n<li>Le COVID-19 en touche plusieurs au bureau national de la CMA. Nous sommes descendus \u00e0 25% de la capacit\u00e9 autoris\u00e9e dans le b\u00e2timent. Priez pour que l\u2019\u00e9quipe ne soit pas d\u00e9courag\u00e9e mais trouve des moyens d\u2019\u00eatre productive et cr\u00e9ative alors que nous continuons notre travail.<\/li>\n<li>Le mois dernier, nous vous avons demand\u00e9 de prier pour la r\u00e9union des dirigeants qui a eu lieu dans l\u2019Ohio afin de d\u00e9cider o\u00f9 d\u00e9placer le bureau national de la CMA. Louez Dieu pour sa direction et sa sagesse en guidant nos dirigeants dans la d\u00e9cision de d\u00e9m\u00e9nager \u00e0 Columbus, Ohio.<\/li>\n<\/ul>\n<hr \/>\n<h3>19 novembre 2020<\/h3>\n<p><strong>1) R\u00c9GION APAC (ASIE-PACIFIQUE) DE L\u2019UMA<\/strong><\/p>\n<p>Veuillez prier pour les demandes suivantes de la R\u00e9gion APAC (Asie-Pacifique) de l\u2019UMA :<\/p>\n<p><strong>PHILIPPINES<\/strong><\/p>\n<ul>\n<li>Priez pour les Philippines, qui ont \u00e9t\u00e9 durement touch\u00e9es par les r\u00e9cents typhons qui se sont succ\u00e9d\u00e9.<\/li>\n<li>Priez pour la CMA des Philippines (CAMACOP). \u00c0 Mindoro, 34 familles ont \u00e9t\u00e9 touch\u00e9es par le typhon Quinta et ont re\u00e7u une assistance pour leurs besoins de base tels que la nourriture et les produits d\u2019\u00e9picerie. Dix-huit maisons ont \u00e9t\u00e9 partiellement endommag\u00e9es. Notre \u00e9glise partenaire \u00e0 Hong Kong a fait un don g\u00e9n\u00e9reux pour la reconstruction des propri\u00e9t\u00e9s endommag\u00e9es et des sources de revenus pour nos fr\u00e8res l\u00e0-bas. \u00c0 Bicol, dix \u00e9glises CAMACOP ont \u00e9t\u00e9 fortement endommag\u00e9es et trois moins gravement endommag\u00e9es. Au total, 878 familles de 33 communaut\u00e9s de Bicol figuraient parmi les personnes touch\u00e9es.<\/li>\n<\/ul>\n<p><strong>LES FEMMES DE L\u2019ALLIANCE ASIE PACIFIQUE (APAW)<\/strong><\/p>\n<ul>\n<li>En remerciement \u00e0 Dieu pour le premier anniversaire de Connexion de Pri\u00e8re de l\u2019APAW, le Comit\u00e9 des Femmes de l\u2019Alliance Asie-Pacifique organisera une\u00a0<a href=\"https:\/\/awf.world\/fr\/events\/celebration-de-louange-et-de-priere-des-femmes-de-lalliance-asie-pacifique\/\" target=\"_blank\" rel=\"noopener\">C\u00e9l\u00e9bration de Louange et de Pri\u00e8re<\/a> virtuelle le 28 novembre. Cette c\u00e9l\u00e9bration en ligne sera suivie par des femmes de l\u2019Alliance dans cette r\u00e9gion et d\u2019autres ainsi que par l\u2019Union Mondiale de l\u2019Alliance.<\/li>\n<li>Priez pour l\u2019unit\u00e9 d\u2019esprit, la concentration et les conseils de Dieu pour le comit\u00e9 APAW dans les pr\u00e9paratifs en cours.<\/li>\n<li>Priez pour de bonnes connexions Internet pour toutes les femmes participantes et pour que l\u2019onction de Dieu de joie remplisse chaque c\u0153ur.<\/li>\n<\/ul>\n<p><strong>JAPON<\/strong><\/p>\n<ul>\n<li>Priez pour le s\u00e9minaire de l\u2019\u00e9cole du dimanche qui devait se tenir \u00e0 Tokyo le 3 novembre et qui a d\u00fb \u00eatre report\u00e9 \u00e0 l\u2019ann\u00e9e prochaine en raison du coronavirus.<\/li>\n<li>Priez pour la r\u00e9union du Conseil d\u2019Administration de l\u2019\u00c9glise de l\u2019Alliance du Japon qui se tiendra par Zoom le 1er d\u00e9cembre.<\/li>\n<\/ul>\n<p>&nbsp;<\/p>\n<p><strong>2) R\u00c9GION EMERALD (EUROPE ET MOYEN-ORIENT) DE L\u2019UMA<\/strong><\/p>\n<p>Veuillez prier pour les demandes suivantes de la R\u00e9gion EMERALD (Europe et Moyen-Orient) de l\u2019UMA :<\/p>\n<p><strong>TERRE SAINTE<\/strong><\/p>\n<ul>\n<li>Priez pour un pasteur palestinien nouvellement nomm\u00e9 dans une grande ville au nord de la Cisjordanie. Il a \u00e9t\u00e9 nomm\u00e9 \u00e0 l\u2019\u00e9quipe de direction de cette congr\u00e9gation internationale et locale.<\/li>\n<li>Priez pour l\u2019\u00e9glise nouvellement \u00e9tablie \u00e0 Bethl\u00e9em. La petite mais dynamique congr\u00e9gation de l\u2019Alliance se d\u00e9veloppe sous la direction de Jack et Madleine Sara.<\/li>\n<li>Priez pour la protection de nos fid\u00e8les pendant la pand\u00e9mie de COVID-19 et pour que le pays n\u2019entre pas dans une autre quarantaine.<\/li>\n<li>Priez pour la situation \u00e9conomique du peuple. Apr\u00e8s la derni\u00e8re quarantaine et la perte du tourisme, beaucoup ont du mal \u00e0 survivre.<\/li>\n<li>Priez pour l\u2019\u00e9quipe de direction des \u00e9glises de l\u2019Alliance en Terre Sainte. Ils ont besoin de la sagesse pour g\u00e9rer les probl\u00e8mes difficiles \u00e0 r\u00e9soudre.<\/li>\n<\/ul>\n<hr \/>\n<h3>11 novembre 2020<\/h3>\n<p><strong>R\u00c9GION CLA (AM\u00c9RIQUE LATINE) DE L\u2019UMA<\/strong><\/p>\n<p>Veuillez prier pour les demandes suivantes de la R\u00e9gion CLA (Am\u00e9rique latine) de l\u2019UMA :<\/p>\n<p><strong>ARGENTINE<\/strong><\/p>\n<ul>\n<li>Pour la sagesse afin que l\u2019\u00c9glise continue \u00e0 partager l\u2019\u00c9vangile au milieu des crises. Puissions-nous \u00eatre une \u00c9glise qui manifeste l\u2019amour de notre Seigneur aux gens.<\/li>\n<li>Pour que nous puissions continuer \u00e0 soutenir nos missionnaires.<\/li>\n<li>Pour l\u2019arr\u00eat de l\u2019augmentation des infections au COVID-19 et pour la fragilit\u00e9 de l\u2019\u00e9conomie argentine.<\/li>\n<\/ul>\n<p><strong>BOLIVIE<\/strong><\/p>\n<ul>\n<li>Que Dieu suscite de nouveaux dirigeants et pasteurs pour nos \u00e9glises en Bolivie.<\/li>\n<li>Que Dieu apporte un r\u00e9veil spirituel dans toutes nos \u00e9glises.<\/li>\n<li>Que Dieu guide le nouveau gouvernement national de Bolivie vers des d\u00e9cisions justes, sans corruption ni abus de pouvoir.<\/li>\n<\/ul>\n<p><strong>CHILI<\/strong><\/p>\n<ul>\n<li>Pour la sant\u00e9 spirituelle de nos \u00e9glises et de leurs pasteurs. Apr\u00e8s plusieurs mois dans cette pand\u00e9mie, il y a une manifestation de peur, de stress et de d\u00e9sespoir.<\/li>\n<li>En raison de la r\u00e9surgence du COVID-19 dans notre pays, nous avons de nombreuses familles de l\u2019Alliance infect\u00e9es. Il y a de nouvelles p\u00e9riodes de quarantaine.<\/li>\n<li>Pour la paix dans les foyers qui ont perdu des \u00eatres chers.<\/li>\n<li>Pour les prochaines conventions de district. Tout se fera par vid\u00e9o-conf\u00e9rence. Que le Seigneur nous aide et nous guide.<\/li>\n<li>Pour la paix pour faire face \u00e0 ces temps. Puisse-t-il nous conduire \u00e0 m\u00e9diter sur nos chemins. Examinons-nous devant le Seigneur ! \u00ab L\u2019\u00c9ternel marchera Lui-m\u00eame devant toi, Il sera Lui-m\u00eame avec toi, Il ne te d\u00e9laissera point, Il ne t\u2019abandonnera point ; ne crains point, et ne t\u2019effraie point. \u00bb Deut\u00e9ronome 31 : 8.<\/li>\n<\/ul>\n<p><strong>CUBA<\/strong><\/p>\n<ul>\n<li>Pour la situation \u00e9conomique de notre pays et les changements qui en d\u00e9couleront d\u00e9sormais.<\/li>\n<li>Pour l\u2019unit\u00e9 de la CMA de Cuba et le maintien des minist\u00e8res. Que la vision que Dieu nous a donn\u00e9e, de promouvoir et de r\u00e9aliser des \u00e9glises saines et multipli\u00e9es, soit au centre de tous nos pasteurs.<\/li>\n<li>Pour chaque district et son conseil d\u2019administration, d\u00e9velopper et planifier des strat\u00e9gies et des objectifs dirig\u00e9s par le Saint-Esprit. Priez pour que nos pasteurs grandissent chaque jour en caract\u00e8re pour \u00eatre plus semblables \u00e0 J\u00e9sus.<\/li>\n<li>Qu\u2019apr\u00e8s tant de mois sans pouvoir se rassembler dans les \u00e9glises, maintenant que les services en personne peuvent avoir lieu \u00e0 nouveau, le r\u00e9veil du Seigneur a rempli le c\u0153ur de chaque croyant.<\/li>\n<\/ul>\n<p><strong>P\u00c9ROU<\/strong><\/p>\n<ul>\n<li>Pour l\u2019\u00c9glise \u00e9vang\u00e9lique du P\u00e9rou : que l\u2019Esprit de Dieu guide son \u00c9glise dans la r\u00e9ouverture de ses b\u00e2timents ce mois-ci. Puissions-nous \u00eatre prudents et responsables en nous conformant \u00e0 tous les r\u00e8glements \u00e9dict\u00e9s par le gouvernement.<\/li>\n<li>Puisse le Seigneur continuer \u00e0 prendre soin, \u00e0 guider et \u00e0 b\u00e9nir son peuple et \u00e0 nous permettre de continuer \u00e0 r\u00e9pandre son royaume \u00e0 travers le P\u00e9rou et le monde.<\/li>\n<li>Pour notre pays : que le Seigneur permette \u00e0 l\u2019activit\u00e9 \u00e9conomique au P\u00e9rou de red\u00e9marrer. Priez pour que des emplois soient cr\u00e9\u00e9s pour les nombreux P\u00e9ruviens qui se sont retrouv\u00e9s au ch\u00f4mage en raison de la fermeture de petites et grandes entreprises pendant la pand\u00e9mie. Que le Seigneur b\u00e9nisse les familles p\u00e9ruviennes et fournisse ce qui est n\u00e9cessaire, en particulier aux foyers les plus n\u00e9cessiteux.<\/li>\n<\/ul>\n<p><strong>R\u00c9PUBLIQUE DOMINICAINE<\/strong><\/p>\n<ul>\n<li>Pour nos missionnaires, Brandon et Ricardo, que Dieu les aide dans leur travail en ces temps de pand\u00e9mie. Pour Fanny, une missionnaire chinoise, qui n\u2019a pas pu rentrer dans son pays. Pour Miguel et Ingrid Grassals, missionnaires dominicains au Panama, que Dieu les b\u00e9nisse et les garde. Pour Daniel King, un missionnaire cor\u00e9en, que Dieu le fortifie dans son \u0153uvre d\u2019implantent d\u2019\u00e9glises.<\/li>\n<li>Pour que Dieu fournisse les ressources n\u00e9cessaires \u00e0 l\u2019ach\u00e8vement de la construction de notre camp de l\u2019Alliance.<\/li>\n<li>Pour que Dieu dirige le conseil d\u2019administration national et de district en ces temps de pand\u00e9mie.<\/li>\n<\/ul>\n<p><strong>VENEZUELA<\/strong><\/p>\n<ul>\n<li>Puisse le peuple de Dieu au Venezuela rester ferme et fortifi\u00e9 dans sa foi.<\/li>\n<li>Pour des portes ouvertes pour la pr\u00e9dication de l\u2019\u00c9vangile et pour de nouvelles strat\u00e9gies.<\/li>\n<li>Pour la sagesse et la prudence dans la r\u00e9ouverture de nos b\u00e2timents d\u2019\u00e9glise, pour suivre les directives donn\u00e9es par les autorit\u00e9s.<\/li>\n<li>Pour la CMA au Venezuela, afin que nous soyons sel et lumi\u00e8re au milieu de tout ce qui se passe dans notre pays.<\/li>\n<li>Pour l\u2019aide de Dieu face \u00e0 la crise des services publics, comme le manque d\u2019\u00e9lectricit\u00e9, d\u2019eau, de gaz, d\u2019essence, de communication et de transport. Priez pour que la crise \u00e9conomique ait un changement favorable pour les citoyens.<\/li>\n<\/ul>\n<hr \/>\n<h3>4 novembre 2020<\/h3>\n<p><strong>1) R\u00c9GION EMERALD (EUROPE &amp; MOYEN-ORIENT) DE L\u2019UMA<\/strong><\/p>\n<p>Veuillez prier pour les demandes suivantes de la R\u00e9gion EMERALD (Europe et Moyen-Orient) de l\u2019UMA :<\/p>\n<p><strong>LES MINIST\u00c8RES DE LA DIASPORA DE L\u2019ALLIANCE<\/strong><\/p>\n<ul>\n<li>Priez pour que les ouvriers parmi les musulmans soient audacieux dans leur t\u00e9moignage et sages dans leurs d\u00e9cisions. Priez pour ceux qui sont touch\u00e9s directement et indirectement par le coronavirus et les restrictions gouvernementales.<\/li>\n<li>La communaut\u00e9 est importante pour les nouveaux croyants d\u2019origine musulmane, mais avec les restrictions du COVID-19, beaucoup sont isol\u00e9s. Priez pour leur croissance dans la foi et pour la paix et la provision de Dieu.<\/li>\n<li>Priez pour que les \u00e9glises locales en Europe voient les immigr\u00e9s musulmans comme une opportunit\u00e9 pour que J\u00e9sus soit connu. Priez pour les conseils et la direction de Dieu pour certaines congr\u00e9gations qui cherchent \u00e0 atteindre les communaut\u00e9s d\u2019immigrants. Priez \u00e9galement pour la paix de Dieu et les provisions pour les pasteurs et les dirigeants d\u2019\u00c9glise pendant la pand\u00e9mie.<\/li>\n<li>Priez pour l\u2019avancement du Royaume dans les r\u00e9gions n\u00e9cessiteuses d\u2019Italie et de Gr\u00e8ce.<\/li>\n<\/ul>\n<p><strong>ALLEMAGNE<\/strong><\/p>\n<ul>\n<li>Louons Dieu pour les 8 000 euros recueillis par l\u2019Alliance allemande (MAKD) pour le travail que le pasteur Charbel Malak accomplit parmi les personnes durement touch\u00e9es par l\u2019explosion \u00e0 Beyrouth il y a quelques mois.<\/li>\n<li>Priez pour Shoin Go, le pasteur du projet chinois \u00e0 Mayence\/Francfort, qui rencontre des probl\u00e8mes avec la prolongation de son permis de s\u00e9jour. Nous esp\u00e9rons et prions que les officiels se prononcent bient\u00f4t en sa faveur.<\/li>\n<li>Priez pour l\u2019examen d\u2019ordination orale de Christian Lukas le 20 novembre. Il est le seul pasteur de jeunesse allemand dans une \u00e9glise chinoise en Allemagne \u00e0 travailler parmi les r\u00e9sidents de la deuxi\u00e8me g\u00e9n\u00e9ration.<\/li>\n<li>Priez pour la r\u00e9union d\u2019affaires annuelle en ligne le 21 novembre.<\/li>\n<li>Priez pour les \u00e9glises et les projets MAKD alors qu\u2019ils s\u2019adaptent aux nouvelles limitations du COVID-19. L\u2019espace de r\u00e9union est un gros probl\u00e8me pour tous \u00e0 l\u2019approche de l\u2019hiver.<\/li>\n<\/ul>\n<p><strong>ESPAGNE<\/strong><\/p>\n<ul>\n<li>Priez pour la missionnaire colombienne Martha Bernal de Vega, une enseignante de sixi\u00e8me dans une \u00e9cole internationale de Terrassa. L\u2019\u00e9cole a perdu des professeurs sp\u00e9cialis\u00e9s, donc la pression sur les professeurs principaux a augment\u00e9.<\/li>\n<li>Louez le Seigneur pour l\u2019obtention du dipl\u00f4me de six \u00e9tudiants de notre institut de formation minist\u00e9rielle, INFORMA. Priez pour les hommes et les femmes qui ont veill\u00e9 \u00e0 se pr\u00e9senter comme des ouvriers approuv\u00e9s par Dieu, avec int\u00e9grit\u00e9 et un t\u00e9moignage fid\u00e8le de la parole de v\u00e9rit\u00e9.<\/li>\n<li>Priez pour la Conf\u00e9rence des Missions Nationales de l\u2019Alliance d\u2019Espagne (FIACME) que se tienne en ligne les 13 et 14 novembre sur le th\u00e8me \u00ab Mais vous recevrez une puissance \u00bb (Actes 1 : 8).<\/li>\n<\/ul>\n<p><strong>FRANCE<\/strong><\/p>\n<ul>\n<li>Priez pour les \u00e9glises de l\u2019Alliance en France qui sont \u00e0 nouveau confront\u00e9es \u00e0 un verrouillage en raison de la deuxi\u00e8me vague de COVID-19 qui frappe durement le pays. Priez que Dieu nous donne la sagesse pour red\u00e9marrer la vie de l\u2019\u00e9glise et pour que nos services d\u2019adoration soient aussi normaux que possible.<\/li>\n<li>Louons Dieu pour l\u2019implantation r\u00e9ussie d\u2019\u00e9glises multiculturelles \u00e0 Marseille parmi les MBB (<em>Muslim Background Believers<\/em> &#8211; Croyants d\u2019Origine Musulmane). Il est pass\u00e9 \u00e0 30 personnes en moins de deux mois.<\/li>\n<li>Louez Dieu pour la retraite r\u00e9ussie des pasteurs de l\u2019Alliance qui a eu lieu en ligne pour la toute premi\u00e8re fois.<\/li>\n<\/ul>\n<p><strong>GRANDE BRETAGNE<\/strong><\/p>\n<ul>\n<li>Priez pour les d\u00e9fis actuels auxquels notre population immigrante est confront\u00e9e. Nous appr\u00e9cierions vos pri\u00e8res pour les membres europ\u00e9ens et les amis proches qui font face \u00e0 des temps incertains avec le potentiel Brexit sans accord.<\/li>\n<li>Priez pour que le Seigneur donne \u00e0 l\u2019Alliance Manchester (TAM) des moyens cr\u00e9atifs d\u2019atteindre les habitants de la ville de Manchester.<\/li>\n<\/ul>\n<p><strong>LIBAN<\/strong><\/p>\n<ul>\n<li>L\u2019explosion de Beyrouth le 4 ao\u00fbt a endommag\u00e9 plusieurs b\u00e2timents, dont l\u2019Institut de Th\u00e9ologie de l\u2019Alliance Chr\u00e9tienne (CAIT), des \u00e9glises, des minist\u00e8res et des bureaux.<\/li>\n<li>Le pasteur Charbel Malak, doyen acad\u00e9mique du CAIT, remercie la famille mondiale de l\u2019Alliance pour ses pri\u00e8res, ses dons et son soutien. Il \u00e9crit : \u00ab Nous avons pu r\u00e9parer environ 182 maisons endommag\u00e9es. Nous avons distribu\u00e9 environ 44 Bibles et nous avons vu trois personnes venir \u00e0 Christ. Tous re\u00e7oivent quotidiennement un message vid\u00e9o de la Parole de Dieu, que j\u2019enregistre et que j\u2019envoie. \u00bb.<\/li>\n<\/ul>\n<p><strong>PORTUGAL<\/strong><\/p>\n<ul>\n<li>Des restrictions de voyage sont en place au Portugal, ne permettant pas aux r\u00e9sidents de quitter leur comt\u00e9 \u00e0 cause de la deuxi\u00e8me vague de COVID-19. Priez pour que Dieu dirige notre \u00e9glise alors que nous retournons aux minist\u00e8res en ligne. Priez aussi pour la protection physique de nos membres d\u2019\u00e9glise.<\/li>\n<li>Priez pour Fernando, le premier homme baptis\u00e9 de l\u2019\u00e9glise de l\u2019Alliance de Paredes. Il souffre de polyarthrite rhumato\u00efde et est sous oxyg\u00e8ne pour une maladie pulmonaire. Il a \u00e9t\u00e9 mis en soins palliatifs. Il a besoin d\u2019un miracle.<\/li>\n<li>Nous esp\u00e9rons recevoir deux familles missionnaires de l\u2019Alliance en juillet 2021, une br\u00e9silienne et une am\u00e9ricaine pour travailler au Portugal. Priez que Dieu nous dirige dans la pr\u00e9paration de la logistique de leur arriv\u00e9e, y compris de nouvelles strat\u00e9gies. Priez \u00e9galement que Dieu les pr\u00e9pare et les pourvoie dans leurs pays respectifs.<\/li>\n<\/ul>\n<p><strong>RUSSIE<\/strong><\/p>\n<ul>\n<li>Priez pour l\u2019implantation d\u2019\u00e9glises \u00e0 Burgas, en Bulgarie et pr\u00e9voyez leur soutien financier. En raison du manque de fonds, la dette de loyer augmente et, pour le moment, ils doivent quatre mois de paiement au propri\u00e9taire.<\/li>\n<\/ul>\n<p>&nbsp;<\/p>\n<p><strong>2) R\u00c9GION AFRIQUE DE L\u2019UMA<\/strong><\/p>\n<p>Veuillez prier pour les demandes suivantes de la R\u00e9gion Afrique de l\u2019UMA :<\/p>\n<p><strong>LIB\u00c9RIA<\/strong><\/p>\n<ul>\n<li>Louez Dieu pour la r\u00e9ouverture de la CMA du Liberia Liberty Theological Seminary \u00e0 Monrovia le 1er octobre. Priez que le Seigneur fournisse les ressources financi\u00e8res pour couvrir le budget du s\u00e9minaire. Nous prions \u00e9galement pour que les missionnaires enseignent au s\u00e9minaire et \u00e9tablissent des partenariats avec n\u2019importe quel pays de l\u2019Alliance dans cette entreprise.<\/li>\n<li>Louons Dieu pour un atelier d\u2019une journ\u00e9e sur l\u2019ADN de l\u2019Alliance organis\u00e9 par la CMA du Lib\u00e9ria le 9 octobre. Cet atelier a r\u00e9uni 115 dirigeants. Le pr\u00e9sident Roosevelt Zarwulugbo Liberty \u00e9tait l\u2019orateur principal. Priez que les dirigeants enseignent \u00e9galement l\u2019importance des Quatre Piliers de l\u2019\u00c9vangile et de la Vie Plus Profonde dans leurs \u00e9glises.<\/li>\n<li>Priez pour une r\u00e9union de quatre jours de pri\u00e8re pour le district, pr\u00e9vue pour la deuxi\u00e8me semaine de novembre dans l\u2019\u00e9glise Zeewroh des croyants. Priez pour la provision de Dieu pour les membres de ce district qui pr\u00e9voient d\u2019y assister.<\/li>\n<li>Louez Dieu que nous exp\u00e9rimentions l\u2019unit\u00e9 dans l\u2019\u00c9glise de l\u2019Alliance au Lib\u00e9ria. Priez pour la sagesse et la direction de Dieu alors que nous tendons la main aux quelques membres qui se retiennent pour retourner \u00e0 l\u2019\u00e9glise.<\/li>\n<li>Priez pour le lyc\u00e9e chr\u00e9tien de Monrovia. L\u2019\u00e9cole fait partie du syst\u00e8me scolaire de l\u2019\u00c9glise des croyants au Lib\u00e9ria. Outre les frais de scolarit\u00e9 gratuits, l\u2019\u00e9cole offre \u00e9galement un d\u00e9jeuner gratuit \u00e0 tous les \u00e9l\u00e8ves, car la plupart des parents ne peuvent pas se permettre un petit-d\u00e9jeuner pour leurs enfants. Nous prions pour que Dieu fasse un miracle pour que le programme d\u2019alimentation gratuite continue.<\/li>\n<li>Priez pour la conf\u00e9rence annuelle qui se tiendra du 7 au 13 d\u00e9cembre et pour les membres qui pr\u00e9voient d\u2019y assister. Priez \u00e9galement pour ceux qui pourraient ne pas \u00eatre en mesure de participer en raison de la pand\u00e9mie et du mauvais \u00e9tat des routes. Nos conf\u00e9renciers ont besoin de vos pri\u00e8res, car ils ont \u00e9t\u00e9 mis au d\u00e9fi d\u2019enseigner sur le th\u00e8me \u00ab La Foi en Temps de Crise \u00bb.<\/li>\n<\/ul>\n<p>&nbsp;<\/p>\n<hr \/>\n<p>&nbsp;<\/p>\n<h2><strong>Pri\u00e8res de l\u2019UMA &#8211; Octo<\/strong><strong>bre 2020<\/strong><\/h2>\n<p>&nbsp;<\/p>\n<h3><strong>28 octobre 2020<\/strong><\/h3>\n<p><strong>1) R\u00c9GION APAC (ASIE-PACIFIQUE) DE L\u2019UMA <\/strong><\/p>\n<p>Veuillez prier pour les demandes suivantes de la R\u00e9gion APAC (Asie-Pacifique) de l\u2019UMA :<\/p>\n<p><strong>CAMBODGE<\/strong><\/p>\n<ul>\n<li>Inondations massives au Cambodge. Veuillez prier pour que les eaux se retirent, car cela peut affecter la r\u00e9colte du riz (leur principale source de revenus et de nourriture). De plus, les pluies apportent des serpents et des maladies transmises par les moustiques (dengue, paludisme, etc.).<\/li>\n<li>Nous louons Dieu pour ses soins, sa protection et ses dispositions durant cette p\u00e9riode difficile de la pand\u00e9mie du COVID-19. Nous louons Dieu d\u2019avoir pu collecter des fonds pour soutenir les familles dans le besoin pendant cette p\u00e9riode.<\/li>\n<li>Nous louons Dieu pour l\u2019occasion de partager l\u2019amour du Christ via les services d\u2019adoration en ligne.<\/li>\n<li>Veuillez prier pour le travail des \u00e9glises de l\u2019Alliance, du comit\u00e9 national des \u00e9glises et des quatre comit\u00e9s r\u00e9gionaux desservant 230 \u00e9glises de l\u2019Alliance au Cambodge.<\/li>\n<\/ul>\n<p><strong>N\u00c9PAL<\/strong><\/p>\n<ul>\n<li>En raison de la pand\u00e9mie de COVID-19, il y a une p\u00e9nurie de lits et de ventilateurs en USI (unit\u00e9 de soins intensifs) dans notre capitale, Katmandou. Priez pour que le gouvernement d\u00e9veloppe des strat\u00e9gies appropri\u00e9es pour lutter contre le COVID-19 et fasse preuve de leadership de serviteur. Des gens meurent sans traitement et de faim, et plus de 300 personnes se sont suicid\u00e9es depuis le d\u00e9but du confinement au N\u00e9pal.<\/li>\n<li>Nous avons des difficult\u00e9s avec notre \u00e9glise lou\u00e9e. Le propri\u00e9taire construit une grande maison sur la m\u00eame propri\u00e9t\u00e9 et nous demande de partir, m\u00eame si nous louons l\u2019immeuble depuis 10 ans. Priez pour que cette situation soit bient\u00f4t r\u00e9solue ; priez pour la direction de Dieu si nous devons rester dans ce b\u00e2timent ou d\u00e9m\u00e9nager. Nous avons commenc\u00e9 \u00e0 prier pour notre propre \u00e9glise.<\/li>\n<li>Notre minist\u00e8re eccl\u00e9sial travaille avec le gouvernement provincial pour lutter contre le COVID-19. Veuillez prier pour notre partenariat avec eux afin que nous puissions \u00eatre des t\u00e9moins vivants du Christ.<\/li>\n<li>Louez le Seigneur pour plus de 30 personnes qui sont venues au Christ \u00e0 travers nos minist\u00e8res ces derniers mois.<\/li>\n<li>Nos congr\u00e9gations dans les villages se portent bien et se r\u00e9unissent dans des \u00e9glises de maison. Priez pour qu\u2019ils continuent \u00e0 grandir dans leur foi et dans leur amour pour le Christ. Priez \u00e9galement pour la situation financi\u00e8re de nos dirigeants d\u2019\u00e9glise.<\/li>\n<li>Priez pour l\u2019ann\u00e9e scolaire et les cours en ligne puisque les \u00e9coles sont ferm\u00e9es. Toute l\u2019\u00e9ducation se fait en ligne et les enfants deviennent d\u00e9pendants des t\u00e9l\u00e9phones portables. Nous nous effor\u00e7ons de fournir un soutien \u00e9ducatif aux enfants.<\/li>\n<\/ul>\n<p><strong>NOUVELLE-Z\u00c9LANDE<\/strong><\/p>\n<ul>\n<li>Priez pour notre Semaine de l\u2019Impact Mondial du 7 au 14 novembre. Nos partenaires mondiaux \u00e9tant dans l\u2019impossibilit\u00e9 de participer en raison de la fermeture de nos fronti\u00e8res, nous pr\u00e9voyons toujours d\u2019en faire un moment significatif en utilisant la technologie pour nous connecter \u00e0 travers les oc\u00e9ans.<\/li>\n<li>Priez pour l\u2019un de nos pasteurs qui est bloqu\u00e9 aux \u00c9tats-Unis et ne peut pas se rendre en Nouvelle-Z\u00e9lande. Priez pour la r\u00e9ouverture des fronti\u00e8res aux d\u00e9tenteurs de visa comme le pasteur Tyler.<\/li>\n<\/ul>\n<p><strong>PHILIPPINES<\/strong><\/p>\n<ul>\n<li>Louez le Seigneur pour 83 nouvelles \u00e9glises qui ont \u00e9t\u00e9 implant\u00e9es cette ann\u00e9e malgr\u00e9 la pand\u00e9mie.<\/li>\n<li>Priez pour la r\u00e9union de fin d\u2019ann\u00e9e du Conseil National d\u2019Administration en novembre, la pr\u00e9sentation et l\u2019approbation d\u2019un budget 2021, la pr\u00e9sentation finale du programme de l\u2019Assembl\u00e9e g\u00e9n\u00e9rale, les rapports minist\u00e9riels de fin d\u2019ann\u00e9e, etc.<\/li>\n<li>Priez pour la sagesse de Dieu alors que nous planifions et pr\u00e9parons deux \u00e9v\u00e9nements majeurs en ligne : les Conf\u00e9rences de District (janvier-mars 2021) et l\u2019Assembl\u00e9e G\u00e9n\u00e9rale (27-30 avril 2021).<\/li>\n<li>Priez pour que les dirigeants actuels des \u00e9glises nationales puissent atteindre leurs objectifs et programmes pendant ces sept derniers mois de leur mandat. Priez \u00e9galement pour la volont\u00e9 et la direction de Dieu quant \u00e0 savoir qui seront les officiers \u00e0 \u00e9lire d\u2019ici la fin avril 2021.<\/li>\n<li>Priez pour le pouvoir de maintien de Dieu pour tous les ouvriers et dirigeants d\u2019\u00c9glise afin que les minist\u00e8res que Dieu leur a confi\u00e9s continuent \u00e0 prosp\u00e9rer et \u00e0 porter beaucoup de fruits, malgr\u00e9 les limites et les restrictions de la pand\u00e9mie.<\/li>\n<\/ul>\n<p>&nbsp;<\/p>\n<p><strong>2) R\u00c9GION AFRIQUE DE L\u2019UMA<\/strong><\/p>\n<p>Veuillez prier pour les demandes suivantes de la R\u00e9gion Afrique de l\u2019UMA :<\/p>\n<p><strong>ANGOLA<\/strong><\/p>\n<ul>\n<li>Louons Dieu pour la r\u00e9union du Comit\u00e9 Ex\u00e9cutif de l\u2019Alliance de l\u2019Angola qui a eu lieu du 16 au 18 octobre. Que Dieu nous aide et nous guide dans la mise en \u0153uvre des d\u00e9cisions qui ont \u00e9t\u00e9 prises.<\/li>\n<li>Priez pour l\u2019expansion de l\u2019\u00c9glise de l\u2019Alliance dans notre pays.<\/li>\n<li>Priez pour deux fr\u00e8res de l\u2019Alliance en Angola qui \u00e9tudient la th\u00e9ologie au centre th\u00e9ologique de l\u2019Alliance en C\u00f4te d\u2019Ivoire. Ils pourraient perdre leurs bourses par manque de ressources financi\u00e8res. Priez que le Seigneur fournisse les fonds n\u00e9cessaires.<\/li>\n<li>Priez pour la r\u00e9habilitation de la mission Mboca, qui est compromise en raison de la d\u00e9t\u00e9rioration des infrastructures du b\u00e2timent.<\/li>\n<li>Priez pour que le partenariat des \u00e9glises de l\u2019Alliance avec l\u2019ICM (Minist\u00e8res de Coop\u00e9ration Internationale) soit renforc\u00e9.<\/li>\n<li>Les cas de COVID-19 sont en augmentation dans notre pays. Priez pour que Dieu habilite le gouvernement angolais et fournisse les ressources n\u00e9cessaires en r\u00e9ponse \u00e0 la pand\u00e9mie.<\/li>\n<\/ul>\n<p><strong>GABON<\/strong><\/p>\n<ul>\n<li>En raison de nos p\u00e9ch\u00e9s abominables d\u2019incr\u00e9dulit\u00e9, d\u2019injustice, de corruption, d\u2019homosexualit\u00e9, d\u2019orgies sexuelles et de crimes de toutes sortes, nous nous repentons devant Dieu et prions pour une nation o\u00f9 chaque acte et d\u00e9cision publics est pris dans la crainte du Seigneur et pour le puits-\u00eatre de tous.<\/li>\n<li>Priez pour que le gouvernement soit honn\u00eate et respecte la constitution du pays qui reconna\u00eet le r\u00f4le important jou\u00e9 par les communaut\u00e9s religieuses, en particulier l\u2019\u00c9glise du Gabon qui \u0153uvre pour le salut, l\u2019\u00e9ducation, la sant\u00e9 et la prosp\u00e9rit\u00e9 de chaque citoyen.<\/li>\n<li>Notre pays traverse une crise aigu\u00eb, qui se manifeste par la rupture du consensus autour de la gestion de la pand\u00e9mie COVID-19 et les positions unilat\u00e9rales prises par le gouvernement actuel contre la communaut\u00e9 religieuse. Prions pour l\u2019unit\u00e9 renforc\u00e9e du Corps du Christ et la r\u00e9v\u00e9lation de nouvelles strat\u00e9gies pour l\u2019expansion du Royaume de Dieu au Gabon. Priez aussi pour une influence plus forte de l\u2019\u00c9glise dans toutes les institutions du pays ainsi que pour une direction plus marqu\u00e9e de l\u2019Alliance Chr\u00e9tienne et Missionnaire.<\/li>\n<li>Priez pour un consensus fort parmi les communaut\u00e9s religieuses et la reprise sereine des activit\u00e9s dans la crainte de Dieu. Que Dieu incline le c\u0153ur de ceux qui gouvernent dans la direction de sa volont\u00e9.<\/li>\n<li>Priez pour que les portes de l\u2019approvisionnement soient ouvertes aux besoins du peuple et que la s\u00e9curit\u00e9 et la paix de Dieu soient accord\u00e9es \u00e0 tous au Gabon.<\/li>\n<\/ul>\n<p>&nbsp;<\/p>\n<p><strong>3) R\u00c9GION D\u2019AM\u00c9RIQUE DU NORD DE L\u2019UMA<\/strong><\/p>\n<p>Veuillez prier pour les demandes suivantes de la R\u00e9gion d\u2019Am\u00e9rique du Nord de l\u2019UMA :<\/p>\n<p><strong>\u00c9TATS UNIS<\/strong><\/p>\n<ul>\n<li>Priez pour la CMA alors qu\u2019ils d\u00e9cident o\u00f9 d\u00e9m\u00e9nager &#8211; une d\u00e9cision importante. Beaucoup de dirigeants se r\u00e9unissent cette semaine dans l\u2019Ohio pour, esp\u00e9rons-le, prendre une d\u00e9cision.<\/li>\n<li>Nos \u00e9glises de l\u2019ouest de la Pennsylvanie en ont plusieurs qui souffrent de crises cardiaques et d\u2019accidents vasculaires c\u00e9r\u00e9braux, de COVID-19 et de fractures. Priez pour qu\u2019ils ne se d\u00e9couragent pas, mais sachent qu\u2019ils sont pris en charge et pour lesquels on prie.<\/li>\n<li>Alors que l\u2019Alliance cherche \u00e0 continuer d\u2019\u00e9largir la port\u00e9e de l\u2019\u00c9vangile, les dons aux minist\u00e8res de l\u2019Alliance permettent \u00e0 nos travailleurs de transmettre le message vivifiant du Christ aux personnes perdues dans nos quartiers et dans le monde. Veuillez prier pour que le peuple de Dieu donne g\u00e9n\u00e9reusement pour aider \u00e0 faire en sorte que ceux sans espoir puissent exp\u00e9rimenter Son \u00e9treinte aimante.<\/li>\n<\/ul>\n<hr \/>\n<h3><strong>14 octobre 2020<\/strong><\/h3>\n<p><strong>R\u00c9GION CLA (AM\u00c9RIQUE LATINE) DE L\u2019UMA<\/strong><\/p>\n<p>Veuillez prier pour les demandes suivantes de la R\u00e9gion CLA (Am\u00e9rique latine) de l\u2019UMA :<\/p>\n<p><strong>VENEZUELA<\/strong><\/p>\n<ul>\n<li>Puissions-nous en tant que nation reconna\u00eetre nos p\u00e9ch\u00e9s de corruption, y renoncer et nous repentir devant Dieu en pri\u00e8re. Nous prions pour une nation o\u00f9 chaque acte et d\u00e9cision publique est transparent et pour le bien-\u00eatre de tous. Que la crainte du Seigneur soit sur chaque personne en autorit\u00e9.<\/li>\n<li>Que chaque croyant ait la sagesse, la puret\u00e9, la force de caract\u00e8re et la croissance de sa foi pour comprendre que nous ne devons pas prendre de raccourcis face \u00e0 la crise aigu\u00eb que traverse notre pays. Prions pour que les portes de l\u2019approvisionnement soient ouvertes aux besoins du peuple et que la paix de Dieu r\u00e8gne dans le c\u0153ur des V\u00e9n\u00e9zu\u00e9liens.<\/li>\n<li>Pour les minist\u00e8res de l\u2019\u00c9glise qui se d\u00e9veloppent au milieu de toute cette crise. Priez pour la gr\u00e2ce et la sagesse de Dieu, et pour que son peuple prononce hardiment la parole de la v\u00e9rit\u00e9 afin que chaque jour encore plus de personnes soient sauv\u00e9es. En tant que peuple de Dieu, puissions-nous aimer la v\u00e9rit\u00e9 qui nous rend libres et annoncer aux autres la joie de notre esp\u00e9rance et \u00e9lever un cri pour les d\u00e9sesp\u00e9r\u00e9s, les opprim\u00e9s et les captifs.<\/li>\n<li>Pour la pr\u00e9paration de l\u2019\u00e9glise \u00e0 reprendre ses r\u00e9unions et services en personne.<\/li>\n<\/ul>\n<p><strong>ARGENTINE<\/strong><\/p>\n<ul>\n<li>Pour l\u2019am\u00e9lioration de la situation financi\u00e8re en Argentine et pour la sant\u00e9 physique et \u00e9motionnelle de nos \u00e9glises, pasteurs et dirigeants.<\/li>\n<li>Pour la diminution des infections au COVID-19. L\u2019Argentine est sixi\u00e8me au monde en nombre d\u2019infections.<\/li>\n<li>Pour l\u2019am\u00e9lioration de la situation \u00e9conomique du pays. Il y a eu une augmentation de 41 % de la pauvret\u00e9 en g\u00e9n\u00e9ral et une augmentation de 56 % parmi les enfants.<\/li>\n<li>Pour la situation climatique en Argentine. Elle a \u00e9t\u00e9 affect\u00e9e par des s\u00e9cheresses dans le nord du pays et des incendies de for\u00eat dans 11 provinces.<\/li>\n<\/ul>\n<p><strong>BOLIVIE<\/strong><\/p>\n<ul>\n<li>Que Dieu \u00e9l\u00e8ve des dirigeants, des missionnaires et des pasteurs dans nos \u00e9glises.<\/li>\n<li>Que Dieu nous guide dans l\u2019implantation de nouvelles \u00e9glises en Bolivie.<\/li>\n<li>Pour la direction et la protection de Dieu en ce mois de tensions politiques dues aux \u00e9lections pr\u00e9sidentielles et au milieu de la pand\u00e9mie de COVID 19.<\/li>\n<\/ul>\n<p><strong>COLOMBIE<\/strong><\/p>\n<ul>\n<li>Pour la protection et le soin des pasteurs, qui exercent leur travail minist\u00e9riel dans les zones o\u00f9 op\u00e8rent des groupes violents. Priez aussi pour les congr\u00e9gations.<\/li>\n<li>Pour le renouveau spirituel et la restauration de nos membres d\u2019\u00e9glise qui se sont retir\u00e9s des activit\u00e9s de l\u2019\u00e9glise et ont diminu\u00e9 leur relation avec Dieu pendant cette p\u00e9riode de pand\u00e9mie.<\/li>\n<li>Pour un bon soutien et la mise en \u0153uvre du programme de D\u00e9veloppement de la Jeunesse gr\u00e2ce au travail d\u2019\u00e9quipe de nos minist\u00e8res de la jeunesse et de l\u2019enfance de l\u2019Alliance au profit des adolescents.<\/li>\n<\/ul>\n<p><strong>P\u00c9ROU<\/strong><\/p>\n<ul>\n<li>Pour renforcer l\u2019\u0153uvre de Dieu dans notre pays \u00ab pour d\u00e9truire les \u0153uvres du diable \u00bb (1 Jean 3 : 8b) afin que la v\u00e9rit\u00e9 pr\u00e9vale dans toutes les puissances de l\u2019\u00c9tat. Que les id\u00e9ologies et les philosophies oppos\u00e9es au christianisme soient ralenties, afin que tous les P\u00e9ruviens puissent avoir une vraie rencontre avec Dieu.<\/li>\n<li>Que Dieu nous aide \u00e0 \u00e9tablir une nouvelle Fraternit\u00e9 nationale des \u00c9glises pour la b\u00e9n\u00e9diction de notre nation. Priez pour un \u00e9veil spirituel dans toutes les \u00e9glises du P\u00e9rou, o\u00f9 nous pouvons \u00eatre t\u00e9moins de l\u2019\u0153uvre de Dieu dans la vie de tous les membres (pasteurs, dirigeants, fr\u00e8res et nouveaux croyants) : \u00ab &#8230; Sanctifiez-vous, car demain l\u2019\u00c9TERNEL fera des prodiges au milieu de vous. \u00bb (Josu\u00e9 3 : 5).<\/li>\n<\/ul>\n<hr \/>\n<h3><strong>7 octobre 2020<\/strong><\/h3>\n<p><strong>1) R\u00c9GION D\u2019AM\u00c9RIQUE DU NORD DE L\u2019UMA<\/strong><\/p>\n<p>Veuillez prier pour les demandes suivantes de la R\u00e9gion d\u2019Am\u00e9rique du Nord de l\u2019UMA :<\/p>\n<p><strong>CANADA<\/strong><\/p>\n<ul>\n<li>Priez pour notre famille d\u2019\u00e9glises pendant la deuxi\u00e8me vague de COVID-19 qui prend de l\u2019ampleur. Encore une fois, cela aura des implications sur les rassemblements publics et priv\u00e9s. Certaines de nos \u00e9glises n\u2019ont toujours pas commenc\u00e9 \u00e0 se rassembler en personne pour les cultes. L\u2019impact a \u00e9t\u00e9 significatif et nombreux de nos pasteurs subissent une pression et un stress extr\u00eames. De nombreuses \u00e9glises ont saisi l\u2019occasion d\u2019innover et certaines grandissent m\u00eame dans ces circonstances.<\/li>\n<li>Bien que certains de nos travailleurs internationaux aient d\u00fb retourner au Canada en raison de la pand\u00e9mie et de son impact sur les missions, d\u2019autres ont des environnements assez stables et sont tr\u00e8s engag\u00e9s dans des minist\u00e8res relationnels r\u00e9guliers.<\/li>\n<li>Le Pr\u00e9sident David Hearn invite la famille de l\u2019Alliance \u00e0 parler de la vision et de la mission du CMA en organisant une s\u00e9rie de 10 \u00ab Cercles d\u2019\u00c9coute \u00bb du 13 au 19 octobre et\/ou en r\u00e9pondant \u00e0 un sondage anonyme en ligne.<\/li>\n<li>Priez pour les deux jours de r\u00e9unions de l\u2019\u00c9quipe d\u2019Impact qui impliqueront les surintendants des districts canadiens ainsi que les d\u00e9veloppeurs r\u00e9gionaux du 6 au 7 octobre.<\/li>\n<li>Les dons au fonds mondial d\u2019avance de janvier \u00e0 ao\u00fbt de cette ann\u00e9e sont en baisse d\u2019environ 11 % par rapport aux niveaux pr\u00e9vus. Cependant, nous louons Dieu pour le don sacrificiel des \u00e9glises pendant la pand\u00e9mie mondiale.<\/li>\n<li>Priez pour une s\u00e9rie de r\u00e9unions qui ont lieu entre le personnel du centre national du minist\u00e8re pour lutter contre le racisme, l\u2019injustice et l\u2019\u00e9glise.<\/li>\n<li>Priez pour la vision, la structure organisationnelle et la clart\u00e9 pour l\u2019expansion des minist\u00e8res du march\u00e9 afin d\u2019aider \u00e0 amener l\u2019acc\u00e8s \u00e0 J\u00e9sus l\u00e0 o\u00f9 peu ou aucun n\u2019a entendu l\u2019\u00c9vangile.<\/li>\n<\/ul>\n<p><strong>\u00c9TATS UNIS<\/strong><\/p>\n<ul>\n<li>Continuez \u00e0 prier pour les \u00e9glises et les pasteurs alors qu\u2019ils naviguent en rassemblant leurs congr\u00e9gations sous les restrictions de la pand\u00e9mie COVID-19. Priez pour de nouvelles occasions qui viendront de cette p\u00e9riode difficile et \u00e9prouvante.<\/li>\n<li>Des incendies de for\u00eat massifs dans l\u2019ouest des \u00c9tats-Unis ont br\u00fbl\u00e9 des millions d\u2019acres et des milliers de maisons. Priez pour la pluie. Priez aussi pour les \u00e9glises de l\u2019Alliance et leurs membres alors qu\u2019ils apportent un minist\u00e8re d\u2019espoir dans ces lieux.<\/li>\n<li>En Afrique de l\u2019Ouest, priez pour la protection de l\u2019\u00c9glise et des travailleurs internationaux au milieu des activit\u00e9s extr\u00e9mistes croissantes. Priez aussi pour l\u2019avanc\u00e9e de l\u2019\u00c9vangile malgr\u00e9 le danger auquel les gens sont confront\u00e9s.<\/li>\n<li>Priez pour le conseil d\u2019administration et le pr\u00e9sident John Stumbo alors qu\u2019ils se r\u00e9unissent \u00e0 la fin d\u2019octobre.<\/li>\n<li>Priez pour les \u00e9lections nationales am\u00e9ricaines du 3 novembre.<\/li>\n<\/ul>\n<p>&nbsp;<\/p>\n<p><strong>2) R\u00c9GION AFRIQUE DE L\u2019UMA<\/strong><\/p>\n<p>Veuillez prier pour les demandes suivantes de la R\u00e9gion Afrique de l\u2019UMA :<\/p>\n<p><strong>R\u00c9PUBLIQUE D\u00c9MOCRATIQUE DU CONGO<\/strong><\/p>\n<ul>\n<li>Priez pour les prochaines retraites pastorales avec 712 couples pastoraux et 93 pasteurs nouvellement ordonn\u00e9s pr\u00e9sents. En raison de mesures de distanciation sociale, la retraite sera organis\u00e9e dans trois sites : Tshela (4-12 octobre), Muanda (18-25 octobre) et Kinshasa (1\u20138 novembre).<\/li>\n<li>Priez pour l\u2019\u00e9quipe de mobilisation des missions alors qu\u2019elle planifie le mois des missions, qui se tiendra en f\u00e9vrier 2021. Priez pour un plus grand engagement dans les missions des \u00e9glises locales et de leurs membres.<\/li>\n<li>Priez pour le pr\u00e9sident Marcel Bunda Bunda. Que le Seigneur continue d\u2019inspirer les dirigeants de l\u2019\u00c9glise Nationale \u00e0 planifier et \u00e0 r\u00e9aliser un travail qui m\u00e8ne \u00e0 une vie plus profonde, \u00e0 la croissance de l\u2019\u00c9glise et \u00e0 l\u2019engagement missionnaire.<\/li>\n<li>Priez pour l\u2019\u00e9tat de droit dans notre pays. Comme nous le disons, \u00ab la justice \u00e9l\u00e8ve une nation \u00bb.<\/li>\n<\/ul>\n<p>&nbsp;<\/p>\n<hr \/>\n<p>&nbsp;<\/p>\n<h2><strong>Pri\u00e8res de l\u2019UMA &#8211; Se<\/strong><strong>ptembre 2020<\/strong><\/h2>\n<p>&nbsp;<\/p>\n<h3><strong>30 septembre 2020<\/strong><\/h3>\n<p><strong>R\u00c9GION EMERALD (EUROPE &amp; MOYEN-ORIENT) DE L\u2019UMA <\/strong><\/p>\n<p>Veuillez prier pour les demandes suivantes de la R\u00e9gion EMERALD (Europe et Moyen-Orient) de l\u2019UMA :<\/p>\n<p><strong>ALLEMAGNE<\/strong><\/p>\n<ul>\n<li>Priez pour les pr\u00e9paratifs d\u2019un s\u00e9minaire ADN de l\u2019Alliance qui a \u00e9t\u00e9 report\u00e9 au printemps 2021 \u00e0 Berlin avec le Dr Marco Wittenberg et Rocco Rausch.<\/li>\n<\/ul>\n<p><strong>ESPAGNE<\/strong><\/p>\n<ul>\n<li>Louons Dieu que Peter Reichert, un travailleur de CMA Canada, soit sorti seulement cinq jours apr\u00e8s une chirurgie \u00e0 c\u0153ur ouvert ! Il est en voie de gu\u00e9rison. Veuillez prier pour que ses r\u00e9cents \u00e9pisodes de calculs r\u00e9naux ne reviennent pas pendant sa r\u00e9adaptation.<\/li>\n<li>Louons Dieu que les familles Papavero et Layfield aient trouv\u00e9 et emm\u00e9nag\u00e9 dans des logements bien plac\u00e9s pour leurs missions minist\u00e9rielles \u00e0 Madrid et \u00e0 Malaga et pr\u00e8s de celle-ci, respectivement. Priez pour qu\u2019ils puissent faire de leurs maisons un foyer pour eux-m\u00eames et pour les autres, en offrant l\u2019hospitalit\u00e9 du Royaume \u00e0 ceux qu\u2019ils rencontrent.<\/li>\n<li>Louons Dieu que la thrombose dans les jambes de Marci Foucault, travailleuse de l\u2019Alliance Missions, se soit stabilis\u00e9e avec des chaussettes de compression chaudes. Priez pour la gu\u00e9rison avant son rendez-vous le 2 octobre avec le sp\u00e9cialiste !<\/li>\n<li>Priez pour le d\u00e9but des cours \u00e0 LIFE International School cette semaine. En tant qu\u2019\u00e9cole chr\u00e9tienne priv\u00e9e, elle a le potentiel de mod\u00e9liser des pratiques s\u00fbres pour notre communaut\u00e9 et d\u2019autres \u00e9coles pendant la pand\u00e9mie. Priez pour les nouveaux enseignants, Doreen Riedel et Samantha Johnson, et remerciez pour l\u2019arriv\u00e9e de l\u2019approbation de visa de Leah Heneveld.<\/li>\n<\/ul>\n<p><strong>FRANCE<\/strong><\/p>\n<ul>\n<li>Louons Dieu pour les \u00e9glises de l\u2019Alliance en France qui ont lev\u00e9 plus de 6 000 euros pour soutenir les \u00e9glises de l\u2019Alliance au Liban.<\/li>\n<li>Priez que Dieu nous donne la sagesse pour red\u00e9marrer la vie de l\u2019\u00e9glise et que ce soit aussi normal que possible pendant nos services de culte, malgr\u00e9 la deuxi\u00e8me vague de COVID-19 qui frappe durement la France.<\/li>\n<li>La deuxi\u00e8me vague de COVID-19 a conduit \u00e0 l\u2019annulation des services traditionnels de l\u2019Union de l\u2019Alliance R\u00e9gionale qui ont lieu chaque automne dans toute la France. Veuillez prier pour les pr\u00e9paratifs de l\u2019Union Nationale de l\u2019Alliance virtuelle qui aura lieu en ligne le 8 novembre.<\/li>\n<li>Veuillez prier pour les pr\u00e9paratifs de la Retraite annuelle des Pasteurs de l\u2019Alliance qui aura lieu en ligne pour la premi\u00e8re fois (du 27 au 29 octobre).<\/li>\n<\/ul>\n<p><strong>GRANDE BRETAGNE<\/strong><\/p>\n<ul>\n<li>Louez le Seigneur pour les encouragements et la r\u00e9ponse des membres en ligne \u00e0 la diffusion en direct de Home Church (HCLS), Cardiff. Le Seigneur a b\u00e9ni son \u0153uvre dans et par le biais de la diffusion en direct de Home Church et nous lui rendons tous les remerciements et les louanges.<\/li>\n<li>Remerciez Dieu que le processus l\u00e9gal d\u2019acquisition de l\u2019appartement de \u00ab retraite \u00bb \u00e0 bail pour Alexis et Ada, le couple pastoral de la North London Alliance Church, approche de sa phase finale. Priez pour qu\u2019il puisse \u00eatre termin\u00e9 en douceur pour un d\u00e9m\u00e9nagement dans quelques semaines avant la mi-octobre.<\/li>\n<\/ul>\n<p><strong>IRAK (\u00c9GLISE ERBIL)<\/strong><\/p>\n<p>Louange \u00e0 Dieu, nous sommes tr\u00e8s b\u00e9nis d\u2019\u00eatre dans ce cercle de pri\u00e8re qui unit toutes les \u00e9glises de l\u2019Alliance dans le monde. Il nous fait plaisir de partager avec vous nos demandes de pri\u00e8re afin que vous vous joignez \u00e0 nous dans la pri\u00e8re :<\/p>\n<ul>\n<li>Louez Dieu que la paperasse pour la construction de l\u2019\u00e9glise se passe tr\u00e8s bien. Merci de continuer \u00e0 prier pour le nouveau b\u00e2timent de l\u2019\u00e9glise, afin de r\u00e9soudre les obstacles qui nous emp\u00eachent de commencer la construction. Comme il est \u00e9crit dans Romains 8 : 28, \u00ab Nous savons, du reste, que toutes choses concourent au bien de ceux qui aiment Dieu, de ceux qui sont appel\u00e9s selon son dessein. \u00bb<\/li>\n<li>Priez pour que les membres de l\u2019\u00e9glise grandissent et entrent dans une nouvelle profondeur de fraternit\u00e9.<\/li>\n<li>Priez pour les nouveaux croyants qui ont re\u00e7u l\u2019\u00c9vangile, qu\u2019ils grandissent et livrent l\u2019\u00c9vangile aux autres. Romains 8 : 29 dit : \u00ab Car ceux qu\u2019il a connus d\u2019avance, il les a aussi pr\u00e9destin\u00e9s \u00e0 \u00eatre semblables \u00e0 l\u2019image de son Fils, afin que son Fils f\u00fbt le premier-n\u00e9 entre plusieurs fr\u00e8res. \u00bb<\/li>\n<li>Priez pour que notre \u00e9quipe m\u00e9diatique soit plus active et passionn\u00e9e dans le partage de l\u2019\u00c9vangile en ligne. Dans la langue irakienne, nous devons \u00eatre \u00ab comme le feu au sommet d\u2019une montagne \u00bb.<\/li>\n<\/ul>\n<p><strong>LIBAN<\/strong><\/p>\n<ul>\n<li>Louons Dieu pour les \u00e9glises de l\u2019Alliance en Europe et dans le monde qui ont r\u00e9pondu \u00e0 l\u2019appel \u00e0 soutenir les \u00e9glises de l\u2019Alliance au Liban.<\/li>\n<\/ul>\n<p><strong>PAYS-BAS<\/strong><\/p>\n<ul>\n<li>Louez Dieu pour les quatre \u00e9glises de l\u2019Alliance aux Pays-Bas qui ont recueilli un soutien substantiel (une \u00e9glise a recueilli plus de 6 000 euros) pour les \u00e9glises de l\u2019Alliance au Liban.<\/li>\n<li>Louez Dieu pour les nouveaux ouvriers que Dieu appelle \u00e0 servir dans le domaine de la mission avec CAMA Zending.<\/li>\n<\/ul>\n<p><strong>RUSSIE<\/strong><\/p>\n<ul>\n<li>Priez pour la Russie o\u00f9 plus d\u2019un million de personnes ont attrap\u00e9 le coronavirus. Il est plus actif que jamais dans le pays.<\/li>\n<\/ul>\n<hr \/>\n<h3><strong>23 septembre 2020<\/strong><\/h3>\n<p><strong>R\u00c9GION APAC (ASIE-PACIFIQUE) DE L\u2019UMA<\/strong><\/p>\n<p>Veuillez prier pour les demandes suivantes de la R\u00e9gion APAC (Asie-Pacifique) de l\u2019UMA :<\/p>\n<p><strong>INDE (SYNODE GUJARAT)<\/strong><\/p>\n<p>Le nombre de personnes qui se sont suicid\u00e9es dans l\u2019\u00c9tat du Gujarat a augment\u00e9 en raison des effets mentaux du COVID-19. Certaines de ces personnes appartenaient \u00e0 la communaut\u00e9 chr\u00e9tienne. En r\u00e9ponse, le Comit\u00e9 du Synode du Gujarat organise un webinaire pour les pasteurs de l\u2019Alliance et les dirigeants d\u2019\u00e9glises afin qu\u2019ils deviennent des assistants en soutenant et en aidant leurs propres peuple et communaut\u00e9s \u00e0 surmonter les effets n\u00e9fastes de la pand\u00e9mie. Merci de prier pour :<\/p>\n<ul>\n<li>Le comit\u00e9 de travail doit \u00eatre uni dans la pr\u00e9paration efficace du webinaire.<\/li>\n<li>Le succ\u00e8s de cet \u00e9v\u00e9nement virtuel et la pleine coop\u00e9ration des pasteurs, et surtout une ouverture spirituelle aux non-croyants qui seront invit\u00e9s \u00e0 se joindre au webinaire. Ces non-croyants sont les r\u00e9cipiendaires de la distribution alimentaire du projet de R\u00e9ponse de l\u2019UMA COVID-19.<\/li>\n<li>Sagesse et conseils pour le R\u00e9v\u00e9rend Yakub qui dirigera l\u2019organisation du webinaire.<\/li>\n<\/ul>\n<p><strong>INDON\u00c9SIE<\/strong><\/p>\n<ul>\n<li>La propagation du COVID-19 est encore \u00e9lev\u00e9e en Indon\u00e9sie et certains de nos pasteurs ont \u00e9t\u00e9 infect\u00e9s. Priez pour la gu\u00e9rison de Dieu pour ceux qui sont positifs au COVID-19 et pour la protection de tout le peuple de Dieu en Indon\u00e9sie.<\/li>\n<li>Toutes les \u00e9glises sont d\u00e9j\u00e0 de retour dans les b\u00e2timents de l\u2019\u00e9glise pour le culte. Priez pour que les minist\u00e8res num\u00e9riques atteignent les enfants et les personnes \u00e2g\u00e9es, qui ne sont pas encore autoris\u00e9s \u00e0 assister \u00e0 des services de culte en personne.<\/li>\n<li>Que les pasteurs des villages et des r\u00e9gions \u00e9loign\u00e9es utilisent la situation pand\u00e9mique pour une approche plus holistique dans les minist\u00e8res tels que le d\u00e9veloppement communautaire, l\u2019agriculture, etc.<\/li>\n<\/ul>\n<p><strong>MONGOLIE<\/strong><\/p>\n<ul>\n<li>Pour que les dirigeants d\u2019\u00e9glises soient renforc\u00e9s dans l\u2019unit\u00e9 et pour la croissance spirituelle.<\/li>\n<li>Puisse la pastorale des jeunes \u00eatre renforc\u00e9e, et de nombreux nouveaux dirigeants de jeunesse se former dans l\u2019\u00c9glise de l\u2019Alliance de Mongolie (MAC).<\/li>\n<li>La propri\u00e9t\u00e9 actuelle qui appartenait au Centre international CAMA est sur le point d\u2019\u00eatre c\u00e9d\u00e9e \u00e0 l\u2019\u00c9glise de l\u2019Alliance de Mongolie officiellement et l\u00e9galement. Cependant, un probl\u00e8me li\u00e9 \u00e0 la l\u00e9gislation mongole en mati\u00e8re de transfert de propri\u00e9t\u00e9 s\u2019est pos\u00e9. En cons\u00e9quence, il est possible que MAC doive payer un certain montant au gouvernement. Veuillez prier pour que MAC re\u00e7oive la propri\u00e9t\u00e9 sans probl\u00e8me et ne paie aucun frais.<\/li>\n<li>MAC envisage d\u2019implanter de nouvelles \u00e9glises dans les provinces de Selenge, Uvurkhangai et Zavkhan, o\u00f9 le bouddhisme est fort parmi les habitants. Veuillez prier pour un minist\u00e8re d\u2019implantation d\u2019\u00e9glises fructueux.<\/li>\n<li>Dans certaines provinces mongoles, il y a eu une s\u00e9cheresse cet \u00e9t\u00e9. En cons\u00e9quence, de nombreux animaux sont morts par manque de p\u00e2turages et les bergers se sentent d\u00e9prim\u00e9s. Priez pour que les \u00e9glises visitent les bergers des provinces et les encouragent avec la Parole de Dieu.<\/li>\n<li>Priez pour l\u2019objectif 2020-2021 du MAC de pr\u00e9parer les ouvriers au minist\u00e8re de l\u2019\u00c9glise tel qu\u2019il est \u00e9crit dans \u00c9ph\u00e9siens 4 : 12, \u00ab pour le perfectionnement des saints en vue de l\u2019\u0153uvre du minist\u00e8re et de l\u2019\u00e9dification du corps de Christ \u00bb.<\/li>\n<\/ul>\n<p><strong>THA\u00cfLANDE<\/strong><\/p>\n<p><strong>Tha\u00eflande CMA (TCMA)<\/strong><\/p>\n<p>Louons Dieu pour la conf\u00e9rence annuelle de la Tha\u00eflande CMA qui s\u2019est tenue les 2 et 3 septembre. La conf\u00e9rence \u00e9tait initialement pr\u00e9vue pour mars 2020, mais a \u00e9t\u00e9 d\u00e9plac\u00e9e en septembre en raison de la pand\u00e9mie de COVID-19. Deux cent deux repr\u00e9sentants de toute la Tha\u00eflande ont assist\u00e9 \u00e0 la r\u00e9union. Le point culminant a \u00e9t\u00e9 l\u2019ordination et l\u2019installation des pasteurs et des ouvriers. Merci de prier pour :<\/p>\n<ul>\n<li>L\u2019\u00e9quipe de direction de TCMA pour mettre en \u0153uvre avec succ\u00e8s le plan national de l\u2019\u00e9glise qui a \u00e9t\u00e9 pr\u00e9sent\u00e9.<\/li>\n<li>Planification et organisation r\u00e9ussies de la Conf\u00e9rence des Pasteurs en janvier 2021.<\/li>\n<li>L\u2019esprit d\u2019unit\u00e9 qu\u2019il deviendra plus fort et plus profond parmi les \u00e9glises de l\u2019Alliance en Tha\u00eflande.<\/li>\n<li>R\u00e9v\u00e9rend Sanguansak Worawat, le pr\u00e9sident national, que Dieu puisse l\u2019aider, lui donner la sagesse et la force pour diriger la TCMA.<\/li>\n<\/ul>\n<p><strong>Implantation d\u2019\u00c9glises vietnamo-tha\u00eflandaises en Tha\u00eflande<\/strong><\/p>\n<p>Au milieu de la pand\u00e9mie COVID-19, le minist\u00e8re d\u2019implantation d\u2019\u00e9glises parmi les Vietnamiens-Tha\u00eflandais dans les provinces de Nakhon Panom et Mukdahan ne s\u2019est pas arr\u00eat\u00e9. L\u2019\u00e9vang\u00e9lisation, l\u2019adoration et le discipulat sont toujours en cours. Veuillez prier pour ce qui suit :<\/p>\n<ul>\n<li>La disposition de Dieu pour r\u00e9pondre aux besoins financiers de Narong et Thinh, un couple missionnaire vietnamien dont le soutien ext\u00e9rieur a \u00e9t\u00e9 affect\u00e9 par la pand\u00e9mie COVID-19.<\/li>\n<li>La protection de Dieu, alors que Narong et Thinh voyagent de Nakhon Panon \u00e0 Mukdahan, un minist\u00e8re d\u2019implantation d\u2019\u00e9glises nouvellement ouvert.<\/li>\n<li>Que tous ceux qui vont \u00e0 l\u2019\u00e9glise et sont disciplin\u00e9s grandissent spirituellement.<\/li>\n<\/ul>\n<hr \/>\n<h3><strong>9 septembre 2020<\/strong><\/h3>\n<p><strong>R\u00c9GION CLA (AM\u00c9RIQUE LATINE) DE L\u2019UMA<\/strong><\/p>\n<p>Veuillez prier pour les demandes suivantes de la R\u00e9gion CLA (Am\u00e9rique latine) de l\u2019UMA :<\/p>\n<p><strong>ARGENTINE<\/strong><\/p>\n<ul>\n<li>Pour la protection des membres de l\u2019\u00e9glise en raison de la propagation accrue de COVID-19.<\/li>\n<li>Pour les changements dans la gestion du gouvernement, ce qui rend difficile l\u2019envoi de devises \u00e9trang\u00e8res pour soutenir les missionnaires.<\/li>\n<li>Pour que la sagesse continue de pr\u00eacher l\u2019\u00e9vangile du royaume au milieu des crises actuelles.<\/li>\n<li>Pour l\u2019\u00e9conomie et la cat\u00e9gorie politique du pays, qui est divis\u00e9e et ne tient pas compte des besoins r\u00e9els de la population.<\/li>\n<\/ul>\n<p><strong>BOLIVIE<\/strong><\/p>\n<ul>\n<li>Que Dieu suscite de nouveaux pasteurs et missionnaires de nos \u00e9glises, pleinement engag\u00e9s dans la Grande Commission.<\/li>\n<li>Pour l\u2019Alliance d\u2019implanter bient\u00f4t de nouvelles \u00e9glises en Bolivie.<\/li>\n<\/ul>\n<p><strong>BR\u00c9SIL<\/strong><\/p>\n<ul>\n<li>Pour le nouveau directeur du S\u00e9minaire Th\u00e9ologique A. W. Tozer, le R\u00e9v\u00e9rend Wilson Ferrante Junior, et le nouveau Conseil d\u2019Administration : qu\u2019ils ont la sagesse de d\u00e9velopper des strat\u00e9gies et des actions pour la formation de nouveaux dirigeants.<\/li>\n<li>Pour la r\u00e9organisation et le r\u00e9ajustement du travail du D\u00e9partement des Missions de l\u2019Alliance Br\u00e9silienne, afin qu\u2019ils aient de la sagesse dans la mise en \u0153uvre des strat\u00e9gies d\u00e9j\u00e0 \u00e9labor\u00e9es, et que les membres de nos \u00e9glises continuent de contribuer avec la Promesse de Foi pour le soutien de nos missionnaires aux champs.<\/li>\n<li>Pour la r\u00e9organisation et le r\u00e9ajustement des \u0153uvres du Focus Missionnaire, afin que les nouvelles \u00e9glises qui sont implant\u00e9es et\/ou qui naissent puissent comprendre correctement la r\u00e9alit\u00e9 o\u00f9 elles sont ins\u00e9r\u00e9es.<\/li>\n<li>Pour le Conseil National des CMA Br\u00e9siliens (Acembras), qu\u2019ils puissent avoir de la sagesse et une sensibilit\u00e9 spirituelle dans l\u2019\u00e9laboration du plan d\u2019action 2030 de l\u2019Alliance Br\u00e9silienne.<\/li>\n<\/ul>\n<p><strong>CUBA<\/strong><\/p>\n<ul>\n<li>Pour la famille de l\u2019Alliance \u00e0 Cuba, car dans de nombreux endroits, nos \u00e9glises ne peuvent toujours pas se rassembler.<\/li>\n<li>Pour la situation \u00e9conomique du pays qui est de plus en plus difficile. Pour obtenir de la nourriture et des produits d\u2019hygi\u00e8ne personnelle, vous devez faire la queue et parfois attendre des jours pour les obtenir.<\/li>\n<li>Pour les familles pastorales afin qu\u2019elles aient au moins les bases pour subvenir \u00e0 leurs besoins et \u00e0 ceux de leurs familles en ce moment. L\u2019argent entrant \u00e0 Cuba pour le travail pastoral est tr\u00e8s limit\u00e9 et nous n\u2019avons pas de ressources budg\u00e9taires.<\/li>\n<li>Que le Seigneur garde chaque famille de croyants du COVID-19.<\/li>\n<\/ul>\n<p><strong>\u00c9QUATEUR<\/strong><\/p>\n<ul>\n<li>Pour chaque foyer \u00e9quatorien qui a perdu des \u00eatres chers : puissent-ils trouver la consolation en Dieu, la paix et la force n\u00e9cessaire pour affronter leur douleur.<\/li>\n<li>Pour la r\u00e9activation totale de l\u2019\u00e9conomie \u00e9quatorienne, pour que les entreprises et les entreprises se stabilisent financi\u00e8rement et pour cr\u00e9er de nouveaux emplois pour ceux qui sont actuellement au ch\u00f4mage.<\/li>\n<li>Pour les divers services en personne que certaines \u00e9glises de l\u2019Alliance \u00e9quatorienne organisent dans la r\u00e9gion c\u00f4ti\u00e8re. Que le Seigneur les prot\u00e8ge et que son nom soit glorifi\u00e9 \u00e0 tout moment.<\/li>\n<li>Pour les pr\u00e9sidents de district et les comit\u00e9s de travail \u00e9quatoriens CMA qui effectuent des visites, des conseils et apportent de la nourriture aux fr\u00e8res qui en ont le plus besoin.<\/li>\n<\/ul>\n<p><strong>GUATEMALA<\/strong><\/p>\n<ul>\n<li>Puisse l\u2019\u00c9vangile de J\u00e9sus-Christ continuer \u00e0 \u00eatre proclam\u00e9 malgr\u00e9 les restrictions gouvernementales, qui limitent les rencontres en personne.<\/li>\n<li>Pour le r\u00e9confort et la force du Seigneur pour les familles pastorales et les \u00e9glises dont les pasteurs ont \u00e9t\u00e9 appel\u00e9s en pr\u00e9sence du Seigneur ces derni\u00e8res semaines.<\/li>\n<li>Que l\u2019\u00c9glise de l\u2019Alliance du Guatemala continue d\u2019accomplir son travail dans chaque communaut\u00e9.<\/li>\n<li>Pour la fourniture \u00e9conomique des \u00e9glises locales et des familles pastorales.<\/li>\n<\/ul>\n<p><strong>P\u00c9ROU<\/strong><\/p>\n<ul>\n<li>Pour notre pays, cela continue de faire face \u00e0 une crise sanitaire, une nouvelle \u00e9tape de r\u00e9cession \u00e9conomique, de corruption et un grand besoin spirituel. Nous voyons cela comme une grande crise aujourd\u2019hui, mais cela peut \u00eatre un grand t\u00e9moignage \u00e0 l\u2019avenir.<\/li>\n<li>Pour notre \u00e9glise nationale : que le Seigneur nous permette de voir la nouvelle g\u00e9n\u00e9ration occuper le devant de la sc\u00e8ne en tant que missionnaires, pasteurs, dirigeants et membres consacr\u00e9s, devenant les canaux d\u2019un nouvel \u00e9veil spirituel. Priez que le Seigneur leur donne une grande vision, une onction et une passion afin qu\u2019ils puissent partager sa Parole et l\u2019amour et la mis\u00e9ricorde de notre Dieu dans tous les coins du pays et du monde. Nous aspirons \u00e0 des temps meilleurs pour le P\u00e9rou, \u00e0 travers les hommes et les femmes consacr\u00e9es que Dieu a parmi nous.<\/li>\n<\/ul>\n<p><strong>VENEZUELA<\/strong><\/p>\n<ul>\n<li>Demandons mis\u00e9ricorde et salut pour le Venezuela. Priez pour la paix au milieu de cette crise. Priez pour l\u2019emploi, la nourriture, les m\u00e9dicaments et la s\u00e9curit\u00e9 pour chaque foyer.<\/li>\n<li>Pour les familles pastorales : que leur foi se fortifie \u00e0 tout moment. Pour la mise \u00e0 disposition de notre corps pastoral.<\/li>\n<li>Pour nos projets de mission en Turquie et dans l\u2019ethnie Warao (Venezuela).<\/li>\n<li>Pour une utilisation appropri\u00e9e et judicieuse de la technologie et des r\u00e9seaux sociaux pour apporter le message du salut et de l\u2019espoir \u00e0 tous.<\/li>\n<\/ul>\n<hr \/>\n<h3><strong>2 septembre 2020<\/strong><\/h3>\n<p><strong>R\u00c9GION EMERALD (EUROPE ET MOYEN-ORIENT) DE L\u2019UMA<\/strong><\/p>\n<p>Veuillez prier pour les demandes suivantes de la R\u00e9gion EMERALD de l\u2019UMA :<\/p>\n<p><strong>ESPAGNE<\/strong><\/p>\n<ul>\n<li>Pour Mar\u00eda Gracia (Maia) Z\u00fa\u00f1iga, la fille des missionnaires p\u00e9ruviens Juan et Patty Z\u00fa\u00f1iga. Elle est heureusement enceinte de son deuxi\u00e8me enfant, mais on lui a ordonn\u00e9 de s\u2019aliter compl\u00e8tement.<\/li>\n<li>Pour Marci Foucault, travailleuse d\u2019Alliance Missions, qui lutte contre une thrombose au bas de la jambe. Elle a termin\u00e9 un mois de vaccins anticoagulants. Priez que Dieu dissout tous les caillots.<\/li>\n<li>Pour le pasteur de l\u2019Alliance Jos\u00e9 \u00ab Pepe \u00bb Mederos, sa femme Loli et son fils Neftal\u00edl alors qu\u2019ils d\u00e9m\u00e9nagent cette semaine des \u00eeles Canaries vers les montagnes des Asturies pour implanter une nouvelle \u00e9glise pr\u00e8s de sa capitale, Oviedo.<\/li>\n<\/ul>\n<p><strong>FRANCE<\/strong><\/p>\n<p><strong>\u00c9glises locales<\/strong><\/p>\n<ul>\n<li>Il est d\u00e9sormais possible pour les \u00e9glises de se r\u00e9unir, avec un nombre restreint conform\u00e9ment \u00e0 des r\u00e8gles strictes en mati\u00e8re de sant\u00e9 et de s\u00e9curit\u00e9. Veuillez prier que Dieu nous donne (1) la sagesse pour red\u00e9marrer la vie de l\u2019\u00e9glise, (2) pour la vie de l\u2019\u00e9glise qui est aussi normale que possible pendant nos services d\u2019adoration (la Table du Seigneur, les bapt\u00eames, les t\u00e9moignages, l\u2019\u00e9cole du dimanche, l\u2019offrande, etc.), et (3) pour nos minist\u00e8res des jeunes et des groupes de maison.<\/li>\n<li>Priez pour le renouveau spirituel de nos membres et la vraie communion malgr\u00e9 la situation actuelle.<\/li>\n<li>Pour que la cr\u00e9ativit\u00e9 spirituelle atteigne les perdus.<\/li>\n<\/ul>\n<p><strong>AECM France<\/strong><\/p>\n<ul>\n<li>Feuille de route 2019-2024. Priez pour que chacun trouve sa place et son r\u00f4le dans la nouvelle structure organisationnelle.<\/li>\n<li>Pour le renouveau spirituel de nos \u00e9glises pour implanter de nouvelles \u00e9glises.<\/li>\n<li>Que le Seigneur enverra des ouvriers pour la moisson. Matthieu 9 : 38 dit : \u00ab Priez donc sinc\u00e8rement le Seigneur de la moisson d\u2019envoyer des ouvriers dans sa moisson. \u00bb<\/li>\n<\/ul>\n<p><strong>GRANDE BRETAGNE<\/strong><\/p>\n<ul>\n<li>Priez pour Alexis et Ada, le couple pastoral de l\u2019\u00c9glise de l\u2019Alliance de North London, et leur candidature pour un appartement de retraite.<\/li>\n<\/ul>\n<p><strong>IRAK (\u00c9GLISE ERBIL)<\/strong><\/p>\n<ul>\n<li>Pour la croissance des membres de l\u2019\u00e9glise et une nouvelle profondeur dans les relations fraternelles.<\/li>\n<li>Pour une renaissance pour les serviteurs se concentrant sur le minist\u00e8re de discipulat pour construire un corps puissant et r\u00e9el. Nous avons \u00e9galement une demande de pri\u00e8re sp\u00e9ciale pour le Conseil de l\u2019\u00c9glise d\u2019Erbil pour la sagesse dans l\u2019administration, la r\u00e9solution des probl\u00e8mes, la recherche de moyens judicieux dans la planification strat\u00e9gique de l\u2019\u00e9glise, le suivi et la mise en \u0153uvre de ces plans.<\/li>\n<li>Que nous pouvons atteindre de nombreux incroyants gr\u00e2ce au minist\u00e8re num\u00e9rique et investir dans l\u2019utilisation des m\u00e9dias sociaux pour atteindre le plus grand nombre de personnes.<\/li>\n<li>Pour la construction du nouveau b\u00e2timent de l\u2019\u00e9glise malgr\u00e9 les difficult\u00e9s que nous avons rencontr\u00e9es avec certaines personnes du gouvernement. Ils r\u00e9agissent tr\u00e8s lentement afin de retarder l\u2019approbation des accords et d\u2019accomplir le travail parce qu\u2019ils appartiennent au parti islamique.<\/li>\n<li>Pour nos familles et pour que le Seigneur nous donne la force et la sagesse de diriger l\u2019\u00e9glise.<\/li>\n<\/ul>\n<p><strong>LIBAN<\/strong><\/p>\n<p>L\u2019explosion qui s\u2019est produite \u00e0 Beyrouth le 4 ao\u00fbt a endommag\u00e9 plusieurs b\u00e2timents, dont l\u2019Institut de Th\u00e9ologie de l\u2019Alliance Chr\u00e9tienne (CAIT), des \u00e9glises, des minist\u00e8res et des bureaux. Les r\u00e9parations sont estim\u00e9es \u00e0 pr\u00e8s de 400 000 USD. Merci de prier avec nous :<\/p>\n<ul>\n<li>Pour la ville de Beyrouth et toutes les familles qui ont \u00e9t\u00e9 touch\u00e9es par l\u2019explosion.<\/li>\n<li>Pour l\u2019impact positif que les \u00e9glises de l\u2019Alliance peuvent avoir sur les communaut\u00e9s qui ont \u00e9t\u00e9 d\u00e9vast\u00e9es par l\u2019explosion.<\/li>\n<li>Que Dieu fournira les ressources n\u00e9cessaires pour r\u00e9parer l\u2019Institut de Th\u00e9ologie de l\u2019Alliance Chr\u00e9tienne (CAIT), les \u00e9glises, les minist\u00e8res et les bureaux, ainsi que les maisons endommag\u00e9es des familles d\u2019\u00e9glise.<\/li>\n<li>Pour le pays du Liban, o\u00f9 les graves d\u00e9fis sociaux et financiers auxquels le pays est confront\u00e9 ont \u00e9t\u00e9 aggrav\u00e9s par l\u2019explosion.<\/li>\n<li>Pour les familles de r\u00e9fugi\u00e9s au Liban qui sont dans le besoin.<\/li>\n<\/ul>\n<p>&nbsp;<\/p>\n<hr \/>\n<p>&nbsp;<\/p>\n<h2><strong>Pri\u00e8res de l\u2019UMA &#8211; Ao\u00fbt 2020<\/strong><\/h2>\n<p>&nbsp;<\/p>\n<h3><strong>27 ao\u00fbt 2020<\/strong><\/h3>\n<p><strong>1) R\u00c9GION AFRIQUE DE L\u2019UMA<\/strong><\/p>\n<p>Veuillez prier pour les demandes suivantes de la R\u00e9gion Afrique de l\u2019UMA :<\/p>\n<p><strong>ANGOLA<\/strong><\/p>\n<ul>\n<li>Pour deux \u00e9tudiants en th\u00e9ologie en C\u00f4te d\u2019Ivoire sans bourse, afin que, par la gr\u00e2ce de Dieu, ils puissent les recevoir.<\/li>\n<li>En raison des co\u00fbts \u00e9lev\u00e9s, le gouvernement a d\u00e9cid\u00e9 que les patients atteints de COVID-19 restent \u00e0 domicile, \u00e0 l\u2019exception des cas graves. Que Dieu leur fournisse les ressources dont ils ont besoin et leur permettent de prendre les bonnes d\u00e9cisions en ce moment critique.<\/li>\n<li>Pour les conseils et la direction du Seigneur lors de la r\u00e9union du Comit\u00e9 Ex\u00e9cutif de l\u2019\u00c9glise de l\u2019Alliance Chr\u00e9tienne d\u2019Angola (ICAA), qui aura lieu \u00e0 la Mission de Mboca, du 24 au 27 septembre.<\/li>\n<li>Que Dieu donne sagesse et discernement au gouvernement et aux dirigeants angolais pour faire face \u00e0 la crise dans notre pays, qui cause la faim et d\u2019autres probl\u00e8mes.<\/li>\n<\/ul>\n<p><strong>LIB\u00c9RIA<\/strong><\/p>\n<ul>\n<li>Pour notre mois de pri\u00e8re, organis\u00e9 par les membres d\u2019\u00e9glise dans chaque district du 1er au 21 septembre. Chaque surintendant de district et son comit\u00e9 planifient et supervisent ce rassemblement de pri\u00e8re des saints. Veuillez prier pour qu\u2019il n\u2019y ait pas de quarantaine pand\u00e9mique au cours de ce mois, car notre gouvernement apporte des changements spontan\u00e9s \u00e0 mesure que les cas de coronavirus augmentent.<\/li>\n<li>Priez pour la mis\u00e9ricorde de voyage pour l\u2019\u00e9quipe nationale de secours. Apr\u00e8s leur r\u00e9cente distribution, qui a b\u00e9n\u00e9fici\u00e9 \u00e0 625 personnes, l\u2019\u00e9quipe vise les comt\u00e9s de Grand Bassa et de Rivercess pour une distribution la semaine prochaine. Le prochain objectif sera le comt\u00e9 de Nimba la deuxi\u00e8me semaine de septembre et le comt\u00e9 de Grand Gedeh la troisi\u00e8me semaine. Puisque les routes dans ces comt\u00e9s sont tr\u00e8s mauvaises \u00e0 cette p\u00e9riode de l\u2019ann\u00e9e, nous demandons vos pri\u00e8res et votre sagesse alors que les \u00e9quipes travaillent aux c\u00f4t\u00e9s des \u00e9glises qui ont soumis des projets pour des distributions.<\/li>\n<li>Pour Jonathan Williams, Directeur de Mission de l\u2019\u00c9glise Nationale. En se rendant \u00e0 l\u2019\u00e9glise, il a \u00e9t\u00e9 impliqu\u00e9 dans un accident qui a entra\u00een\u00e9 la mort d\u2019un homme. Alors que nous priions pour la direction de Dieu, l\u2019affaire a \u00e9t\u00e9 retir\u00e9e du tribunal, mais Jonathan devra verser des indemnit\u00e9s de d\u00e9part requises par la loi. Priez pour des dispositions financi\u00e8res face \u00e0 cette situation inattendue. Le Seigneur a d\u00e9j\u00e0 commenc\u00e9 un miracle en donnant un c\u0153ur bienveillant \u00e0 la veuve du d\u00e9funt et \u00e0 la famille de l\u2019homme.<\/li>\n<li>Priez pour le Comit\u00e9 des Statuts, qui a \u00e9t\u00e9 mis en place et mandat\u00e9 par le Comit\u00e9 Ex\u00e9cutif National pour r\u00e9diger de nouveaux statuts et une constitution pour le travail de l\u2019Alliance au Lib\u00e9ria. Le comit\u00e9 a besoin de la sagesse de Dieu pour r\u00e9diger ces documents importants et pour une adoption sans heurts par l\u2019Assembl\u00e9e nationale.<\/li>\n<li>Pour les conseils et la sagesse de Dieu, le seul S\u00e9minaire de l\u2019Alliance au Lib\u00e9ria pr\u00e9voit de rouvrir le 1er septembre 2020. L\u2019institution prie pour (1) les missionnaires qui sont des \u00e9ducateurs de se joindre \u00e0 eux pour former le peuple lib\u00e9rien et (2) pour les besoins financiers du s\u00e9minaire.<\/li>\n<\/ul>\n<p>&nbsp;<\/p>\n<p><strong>2) R\u00c9GION AM\u00c9RIQUE DU NORD DE L\u2019UMA<\/strong><\/p>\n<p>Veuillez prier pour les demandes suivantes de la R\u00e9gion Am\u00e9rique du Nord de l\u2019UMA :<\/p>\n<p><strong>CANADA<\/strong><\/p>\n<ul>\n<li>Pour le R\u00e9v\u00e9rend David Hearn qui a \u00e9t\u00e9 confirm\u00e9 massivement par une \u00e9lection num\u00e9rique pour servir un troisi\u00e8me et dernier mandat de quatre ans \u00e0 la pr\u00e9sidence de la CMA Canada. Priez pour que son \u00e9quipe discerne la volont\u00e9 de Dieu et l\u2019\u0153uvre du Saint-Esprit pour guider les dirigeants de mani\u00e8re responsable et honorant Dieu au cours des quatre prochaines ann\u00e9es.<\/li>\n<li>Pour le bon timing et les ressources suffisantes pour envoyer notre prochain groupe de nouveaux Travailleurs Internationaux dans divers endroits o\u00f9 nous \u00ab apportons l\u2019acc\u00e8s \u00e0 J\u00e9sus l\u00e0 o\u00f9 peu ou aucun n\u2019a entendu ! \u00bb.<\/li>\n<li>Pour le Projet Jaffray, un appel annuel \u00e0 l\u2019automne qui mobilise nos \u00e9glises pour qu\u2019elles grandissent dans leur capacit\u00e9 \u00e0 savoir qui sont les peuples les moins atteints qui ont besoin d\u2019acc\u00e9der \u00e0 l\u2019\u00c9vangile et parmi lesquels J\u00e9sus ne s\u2019est pas encore fait conna\u00eetre dans leur langue ou leur culture. Cette ann\u00e9e, nous cherchons \u00e0 mobiliser des nouvelles initiatives parmi les Touaregs et les Peuls du Niger, les Az\u00e9ri d\u2019Asie centrale et les Asiatiques du Sud.<\/li>\n<li>Pour de nouveaux efforts pendant COVID-19 pour mettre en place des plans pour septembre et apr\u00e8s. Priez aussi pour les plans de minist\u00e8re de l\u2019\u00c9glise et la planification budg\u00e9taire qui permettent \u00e0 notre \u00e9glise canadienne de faire des progr\u00e8s significatifs m\u00eame lorsque les dons ont diminu\u00e9 de 20 %.<\/li>\n<li>Qu\u2019une plus grande partie de notre jeune g\u00e9n\u00e9ration \u00e9mergente sera appel\u00e9e par l\u2019Esprit de Dieu \u00e0 la passion et \u00e0 l\u2019engagement parmi les nations qui n\u2019ont pas entendu l\u2019\u00c9vangile. Priez aussi pour les immigrants r\u00e9cents et les \u00e9tudiants internationaux qui sont venus au Canada.<\/li>\n<li>Pour le d\u00e9m\u00e9nagement dans un nouveau bureau \u00e0 Toronto en octobre, et pour que nos \u00e9glises reprennent des services en face-\u00e0-face actifs \u00e9tant donn\u00e9 les d\u00e9fis de l\u2019\u00e9loignement physique et du travail \u00e0 domicile pendant les quarantaines qui sont encore en vigueur dans certaines parties de notre pays.<\/li>\n<\/ul>\n<p><strong>\u00c9TATS UNIS<\/strong><\/p>\n<ul>\n<li>Nous sommes reconnaissants des dons fid\u00e8les des membres de l\u2019Alliance am\u00e9ricaine aux Fonds de la Grande Commission. Bien que le don soit inf\u00e9rieur au budget, nous sommes reconnaissants que ce ne soit pas aussi grave que cela pourrait \u00eatre \u00e0 cause de la situation COVID-19. Priez pour un don continu et bon.<\/li>\n<li>Priez pour les \u00e9glises qui organisent des services de culte en personne et en ligne. Priez \u00e9galement pour que les limitations actuelles r\u00e9sultant des directives COVID-19 poussent les \u00e9glises vers de nouveaux niveaux d\u2019innovation et de nouvelles occasions pour se connecter avec des personnes qui normalement n\u2019assisteraient pas \u00e0 un service religieux.<\/li>\n<li>Nous avons de nombreux travailleurs internationaux, y compris du personnel nouvellement nomm\u00e9 aux \u00c9tats-Unis, incapables d\u2019entrer dans leur pays de service en raison des restrictions COVID-19. Priez pour eux pendant cette p\u00e9riode d\u2019incertitude et pour qu\u2019ils puissent bient\u00f4t partir \u00e0 l\u2019\u00e9tranger.<\/li>\n<li>Il y a une menace croissante des groupes extr\u00e9mistes en Afrique de l\u2019Ouest. Priez pour la protection de l\u2019\u00c9glise et des travailleurs internationaux qui servent avec eux et pour l\u2019avancement de l\u2019\u00c9vangile malgr\u00e9 le danger.<\/li>\n<li>Priez pour John Stumbo et son \u00e9quipe de direction alors qu\u2019ils d\u00e9m\u00e9nagent le bureau national des \u00c9tats-Unis de Colorado Springs vers une ville du Midwest. Le d\u00e9m\u00e9nagement pourrait commencer d\u00e8s l\u2019\u00e9t\u00e9 2021.<\/li>\n<\/ul>\n<hr>\n<h3><strong>19 ao\u00fbt 2020<\/strong><\/h3>\n<p><strong>R\u00c9GION APAC (ASIE-PACIFIQUE) DE L\u2019UMA<\/strong><\/p>\n<p>Veuillez prier pour les demandes suivantes de la R\u00e9gion APAC (Asie-Pacifique) de l\u2019UMA :<\/p>\n<p><strong>AUSTRALIE<\/strong><\/p>\n<ul>\n<li>Que le Seigneur dirige les \u00e9tapes des dirigeants du Conseil National dans la recherche de diff\u00e9rentes options et initiatives de mission.<\/li>\n<li>Pour la protection divine du peuple par Dieu, alors que le virus COVID-19 r\u00e9appara\u00eet dans l\u2019\u00c9tat de Victoria.<\/li>\n<li>\u00c9glise de l\u2019Alliance des Fidji<br \/>\n&#8211; Louez Dieu pour le bapt\u00eame de 47 Fidjiens dans un village. Les villageois voisins sont venus \u00e9couter et assister \u00e0 cette c\u00e9l\u00e9bration. Priez pour ceux qui sont venus \u00e0 la foi apr\u00e8s que notre \u00c9quipe de Jeunes de l\u2019Alliance y soit all\u00e9e en mission.<br \/>\n&#8211; S\u2019il vous pla\u00eet, priez pour notre \u00e9quipe missionnaire pour une bonne sant\u00e9 et pour l\u2019amour du Christ pour les perdus dans leur c\u0153ur.<br \/>\n&#8211; Veuillez prier pour nos pasteurs de l\u2019Alliance \u00e0 Navakaka (\u00e9glise du village) pour la direction de Dieu afin qu\u2019ils puissent diriger humblement comme Dieu le veut.<br \/>\n&#8211; Enfin, priez pour nos Fidjiens qui ont perdu leur emploi et pour les familles de ceux qui sont morts du virus COVID-19.<\/li>\n<\/ul>\n<p><strong>INDE (SYNODE MAHARASHTRA)<\/strong><\/p>\n<ul>\n<li>Pour la situation actuelle en Inde en raison du nombre croissant de cas de COVID-19. Priez pour que le Seigneur prot\u00e8ge Son peuple.<\/li>\n<li>Pour les implanteurs d\u2019\u00e9glises missionnaires qui travaillent dans les zones urbaines. En raison de certains d\u00e9fis au sein du synode, certains travaux d\u2019implantation d\u2019\u00e9glises s\u2019\u00e9taient arr\u00eat\u00e9s et certains \u00e9taient difficiles \u00e0 soutenir. Priez pour que tous les implanteurs d\u2019\u00e9glises exp\u00e9rimentent la provision de Dieu pour continuer leur minist\u00e8re au milieu des d\u00e9fis auxquels ils sont confront\u00e9s.<\/li>\n<li>Pour le R\u00e9v\u00e9rend Yakob Ingle, Pr\u00e9sident du Synode du Maharashtra. Son m\u00e9decin l\u2019a inform\u00e9 de la n\u00e9cessit\u00e9 d\u2019une intervention chirurgicale sur ses yeux. Priez pour la provision financi\u00e8re n\u00e9cessaire pour la chirurgie.<\/li>\n<\/ul>\n<p><strong>NOUVELLE-Z\u00c9LANDE<\/strong><\/p>\n<ul>\n<li>Pour la sagesse et la direction de Dieu pour le nouveau Tr\u00e9sorier National, en donnant le leadership au minist\u00e8re financier des \u00c9glises de l\u2019Alliance de Nouvelle-Z\u00e9lande.<\/li>\n<li>Pour un rassemblement merveilleux et agr\u00e9able en tant que famille d\u2019\u00e9glise pour notre plus grande \u00e9glise qui dit au revoir \u00e0 son pasteur principal.<\/li>\n<\/ul>\n<p><strong>PHILIPPINES<\/strong><\/p>\n<ul>\n<li>Le pays entre dans une sorte de \u00ab r\u00e9cession technique \u00bb provoqu\u00e9e par la pand\u00e9mie, et la croissance du PIB (Produit Int\u00e9rieur Brut) a diminu\u00e9 au cours des deux derniers trimestres. Priez pour l\u2019intervention de Dieu afin que la crise sanitaire ne nuise pas davantage \u00e0 l\u2019\u00e9conomie philippine, en particulier parmi ceux qui perdent leur emploi.<\/li>\n<li>Que les dirigeants du gouvernement continuent de s\u2019unir, de rester concentr\u00e9s et d\u2019avoir la sagesse de r\u00e9duire le nombre de cas de COVID-19 et de cr\u00e9er une strat\u00e9gie pour relancer l\u2019\u00e9conomie.<\/li>\n<li>Priez pour la faveur de Dieu sur les affaires de la communaut\u00e9 chr\u00e9tienne et la protection des emplois de Ses enfants.<\/li>\n<\/ul>\n<p><strong>THA\u00cfLANDE<\/strong><\/p>\n<ul>\n<li>Pour les missionnaires vietnamiens Ajarn Narongrit et Ajarn Ting, qui \u00e9tendent leur minist\u00e8re \u00e0 la province de Mukdahan. Priez pour que les Vietnamiens qui vivent dans cette r\u00e9gion s\u2019ouvrent \u00e0 l\u2019\u00c9vangile.<\/li>\n<li>Pour le couple missionnaire birman Lagyi Sin Nang et Sarawut Sikrinpacdekun, qui ont perdu leur fils Nathan il y a deux mois. Priez pour plus de puissance et de force pour faire le minist\u00e8re parmi leur propre peuple, et pour que plus de Birmans en Tha\u00eflande entendent et r\u00e9pondent \u00e0 l\u2019\u00c9vangile.<\/li>\n<li>Pour Mme Praiwan Worawat, \u00e9pouse du pr\u00e9sident de la CMA Tha\u00eflande, car elle a l\u2019intention de visiter et d\u2019encourager les femmes, et en particulier les leaders, dans chaque district TC&amp;MA. Priez pour une bonne sant\u00e9, la mis\u00e9ricorde et la protection de Dieu pendant les voyages.<\/li>\n<\/ul>\n<hr>\n<h3><strong>12 ao\u00fbt 2020<\/strong><\/h3>\n<p><strong>1) SIXI\u00c8ME R\u00c9GION DE L\u2019UMA<\/strong><\/p>\n<p>Veuillez prier pour les demandes suivantes de la Sixi\u00e8me R\u00e9gion de l\u2019UMA :<\/p>\n<p><strong>LIBAN<\/strong><\/p>\n<p>Suivant l\u2019explosion d\u00e9vastatrice du port de Beyrouth, qui a endommag\u00e9 les b\u00e2timents de l\u2019\u00c9glise de l\u2019Alliance Chr\u00e9tienne \u00c9vang\u00e9lique \u00e0 Karantina et de l\u2019Institut de Th\u00e9ologie de l\u2019Alliance Chr\u00e9tienne (CAIT &#8211; Christian Alliance Institute of Theology), veuillez prier :<\/p>\n<ul>\n<li>Pour la gu\u00e9rison physique de ceux qui sont bless\u00e9s, pour la gu\u00e9rison \u00e9motionnelle de ceux qui ont perdu des \u00eatres chers et pour la force spirituelle de tous les membres de l\u2019\u00e9glise qui tendent la main \u00e0 la communaut\u00e9 bless\u00e9e.<\/li>\n<li>Pour le R\u00e9v\u00e9rend Milad Dagher, pasteur de l\u2019\u00e9glise et pr\u00e9sident du CAIT, et pour le R\u00e9v\u00e9rend Sami Dagher, fondateur et ministre de l\u2019\u00e9glise, pour le discernement spirituel et la force.<\/li>\n<li>Pour la facult\u00e9, les \u00e9tudiants et le personnel du CAIT, pour la sagesse, le courage et la vision.<\/li>\n<li>Pour tout le pays, car ils font face \u00e0 trop de d\u00e9fis ces jours-ci en plus de cette explosion.<\/li>\n<\/ul>\n<p><strong>L\u2019UNION DE L\u2019ALLIANCE SOUDANAISE<\/strong><\/p>\n<ul>\n<li>Pour que les dirigeants soudanais terminent leur formation th\u00e9ologique dans les \u00e9coles bibliques.<\/li>\n<li>Pour qu\u2019ils poursuivent leurs \u00e9tudes en histoire et th\u00e9ologie de l\u2019Alliance apr\u00e8s le s\u00e9minaire donn\u00e9 par l\u2019un des jeunes chercheurs de l\u2019AWF. Priez pour que les dirigeants utilisent le mat\u00e9riel de formation fourni par l\u2019orateur, y compris les mod\u00e8les d\u2019organisation pouvant \u00eatre adapt\u00e9s \u00e0 leurs param\u00e8tres.<\/li>\n<li>Pour que les dirigeants soient encadr\u00e9s par une \u00e9quipe de l\u2019Alliance en Afrique du Nord pour l\u2019obtention du permis et l\u2019ordination.<\/li>\n<li>Pour que la Parole de Dieu continue d\u2019\u00eatre traduite dans la langue maternelle.<\/li>\n<li>Pour que les unions \u00e9tablis existent en association avec des liens solides avec les \u00e9glises de l\u2019UMA du Moyen-Orient.<\/li>\n<\/ul>\n<p>&nbsp;<\/p>\n<p><strong>2) R\u00c9GION CLA (AM\u00c9RIQUE LATINE) DE L\u2019UMA<\/strong><\/p>\n<p>Veuillez prier pour les demandes suivantes de la R\u00e9gion CLA (Am\u00e9rique latine) de l\u2019UMA :<\/p>\n<p><strong>ARGENTINE<\/strong><\/p>\n<ul>\n<li>Pour la situation dans les \u00e9glises : finances, pers\u00e9v\u00e9rance, engagement, sagesse pour s\u2019adapter \u00e0 la \u00ab nouvelle normalit\u00e9 \u00bb. Puissions-nous \u00eatre l\u2019\u00e9glise qui est dans le c\u0153ur de Dieu en ces temps. Priez pour le soutien des ouvriers et des \u00e9glises qui louent des chambres pour leurs activit\u00e9s.<\/li>\n<li>Pour les fr\u00e8res et s\u0153urs des \u00e9glises qui ont re\u00e7u un diagnostic de COVID-19.<\/li>\n<li>Le soutien des missionnaires : la d\u00e9valuation du peso argentin, plus les taxes qui ont \u00e9t\u00e9 impos\u00e9es sur les devises \u00e9trang\u00e8res. Cela a cr\u00e9\u00e9 le besoin de doubler le montant des pesos pour le soutien financier de nos missionnaires, mais cela n\u2019a pas augment\u00e9 le pouvoir d\u2019achat en Argentine.<\/li>\n<li>Pour le stade de la pand\u00e9mie dans lequel nous vivons. Selon les sp\u00e9cialistes, nous traversons la p\u00e9riode la plus critique. Priez pour le syst\u00e8me de sant\u00e9, les professionnels de la sant\u00e9 et pour la sant\u00e9 \u00e9motionnelle de la population.<\/li>\n<li>Pour la situation \u00e9conomique : ch\u00f4mage, inflation, ins\u00e9curit\u00e9, faillite d\u2019entreprises et d\u2019entreprises.<\/li>\n<\/ul>\n<p><strong>COLOMBIE<\/strong><\/p>\n<ul>\n<li>Pour la croissance des espaces institutionnels num\u00e9riques que nous avons organis\u00e9s aupr\u00e8s du Conseil d\u2019Administration National pour toute notre famille de l\u2019Alliance, tels que la D\u00e9votion Familiale de l\u2019Alliance (Devocional Familiar Alianza), Aube avec Dieu (Amanecer con Dios), et les Enfants de l\u2019Alliance dans un Mission (Peque\u00f1os Aliancistas en una Misi\u00f3n), entre autres.<\/li>\n<li>Pour le soutien et les soins des personnes dans les \u00e9glises situ\u00e9es dans les municipalit\u00e9s o\u00f9 il n\u2019y a pas de pr\u00e9sence du virus. Ils pr\u00e9parent et adaptent les mesures de bios\u00e9curit\u00e9 en vue de leur r\u00e9ouverture.<\/li>\n<li>Pour la protection au milieu de la vague hivernale qui provoque des barrages routiers et des glissements de terrain dans la r\u00e9gion de Tolima et Meta. Celles-ci affectent plusieurs familles de l\u2019Alliance.<\/li>\n<li>Pour la r\u00e9alisation de notre Convention de l\u2019Alliance Nationale, qui sera diffus\u00e9e via Internet en ao\u00fbt. Que Dieu fournisse toutes les ressources n\u00e9cessaires pour que nous puissions atteindre les gens de l\u2019Alliance en Colombie et dans le monde.<\/li>\n<\/ul>\n<p><strong>COSTA RICA<\/strong><\/p>\n<ul>\n<li>Pour la situation \u00e9conomique de beaucoup de nos membres d\u2019\u00e9glise qui ont perdu leur emploi ou ont vu leurs heures de travail r\u00e9duites.<\/li>\n<li>Pour le processus de r\u00e9ouverture des \u00e9glises. Tous sont dans la zone orange, o\u00f9 il y a eu une reprise du COVID-19.<\/li>\n<li>Pour que la sagesse de Dieu guide nos dirigeants d\u2019\u00e9glises nationales afin qu\u2019ils sachent comment aider les \u00e9glises et les pasteurs dans cette \u00e9tape dans laquelle nous nous trouvons.<\/li>\n<li>Pour le salut des personnes qui sont atteintes par la diffusion en ligne et pour que Dieu nous donne la meilleure strat\u00e9gie pour les disciple.<\/li>\n<li>Pour la sagesse de Dieu pour le gouvernement de savoir comment guider le pays face aux probl\u00e8mes qui surviennent et qui r\u00e9sulteront de cette crise.<\/li>\n<\/ul>\n<p><strong>\u00c9QUATEUR<\/strong><\/p>\n<ul>\n<li>Pour le soutien \u00e9conomique de nos pasteurs de l\u2019Alliance en \u00c9quateur dont les maisons sont affect\u00e9es par cette situation difficile dans laquelle nous nous trouvons.<\/li>\n<li>Pour les espaces bibliques num\u00e9riques que les \u00e9glises de la CMA \u00c9quateur d\u00e9veloppent. Que le Seigneur guide chaque serviteur dans la sagesse pour proclamer la Parole de Vie partout.<\/li>\n<li>Pour les enseignants, le personnel administratif et les \u00e9tudiants de le S\u00e9minaire Biblique de l\u2019Alliance de l\u2019\u00c9quateur, qui d\u00e9veloppent leur ann\u00e9e scolaire en mode virtuel. Que Dieu leur fournisse la sagesse et toutes les ressources n\u00e9cessaires.<\/li>\n<li>Pour l\u2019\u00e9conomie de l\u2019\u00c9quateur, en particulier dans le domaine des exportations de produits. Ils ont \u00e9t\u00e9 grandement affect\u00e9s par la pand\u00e9mie.<\/li>\n<li>Pour la communaut\u00e9 Huaorani de l\u2019Amazonie \u00e9quatorienne. Ils connaissent une augmentation des infections au COVID-19. Priez pour que les mesures pr\u00e9ventives n\u00e9cessaires puissent \u00eatre mises en \u0153uvre.<\/li>\n<\/ul>\n<p><strong>P\u00c9ROU<\/strong><\/p>\n<ul>\n<li>Pour l\u2019\u00c9glise Chr\u00e9tienne \u00c9vang\u00e9lique du P\u00e9rou, afin que, dans cette pand\u00e9mie et crise sociale, Dieu produise le plus grand r\u00e9veil spirituel de l\u2019histoire de notre pays.<\/li>\n<li>Que Dieu b\u00e9nisse le gouvernement du P\u00e9rou pour qu\u2019il puisse avoir une rencontre avec Dieu : du pr\u00e9sident de la r\u00e9publique \u00e0 ceux qui ont une autorit\u00e9 ou une responsabilit\u00e9 dans le pays.<\/li>\n<li>Pour un nouveau gouvernement dans notre pays qui honore Dieu et valorise la famille et la vie.<\/li>\n<\/ul>\n<p><strong>VENEZUELA<\/strong><\/p>\n<ul>\n<li>Pour des \u00e9glises saines, croissantes et reproductives, et pour l\u2019utilisation de la technologie pour transmettre le message du salut et de l\u2019esp\u00e9rance, et pour la formation de nouveaux leaders et pasteurs.<\/li>\n<li>Pour la force physique et \u00e9motionnelle des familles pastorales, des serviteurs et des gens en g\u00e9n\u00e9ral.<\/li>\n<li>Pour nos missionnaires David Sarmiento (Triple Fronti\u00e8re), Aristides Flores (La Palma, Espagne) et Loreanny Carpio (Projet Turquie).<\/li>\n<li>Pour le Venezuela, chaque jour de nouveaux cas surviennent, et le nombre de d\u00e9c\u00e8s par le COVID-19 et diff\u00e9rentes pathologies augmentent, tout cela au milieu d\u2019une crise aigu\u00eb dans le secteur sanitaire et \u00e9conomique.<\/li>\n<li>Pour la fourniture d\u2019emplois, de nourriture et de s\u00e9curit\u00e9 dans chaque foyer.<\/li>\n<\/ul>\n<p>&nbsp;<\/p>\n<hr>\n<p>&nbsp;<\/p>\n<h2>Pri\u00e8res de l\u2019UMA \u2013 Juillet 2020<\/h2>\n<p>&nbsp;<\/p>\n<h3>29 juillet 2020<\/h3>\n<p><strong>R\u00c9GION EMERALD (EUROPE &amp; MOYEN-ORIENT) DE L\u2019UMA<\/strong><\/p>\n<p>Veuillez prier pour les demandes suivantes de la R\u00e9gion EMERALD de l\u2019UMA :<\/p>\n<p><strong>ESPAGNE<\/strong><\/p>\n<ul>\n<li>Priez pour la sagesse pastorale pour adapter nos mod\u00e8les d\u2019\u00e9glise aux nouvelles circonstances apport\u00e9es par la pand\u00e9mie.<\/li>\n<li>Cherchez Dieu pour un r\u00e9veil spirituel dans nos \u00e9glises afin que la ferveur \u00e9vang\u00e9lique ne disparaisse pas en raison des restrictions de la pand\u00e9mie.<\/li>\n<li>Demandez l\u2019autonomisation des foyers et des \u00e9glises pour l\u2019avancement de la pr\u00e9dication.<\/li>\n<li>Priez pour que plus de dirigeants dirigent des \u00e9glises, une multiplication d\u2019\u00e9glises et l\u2019implantation de nouvelles congr\u00e9gations dans les endroits en Espagne o\u00f9 il n\u2019y a pas de pr\u00e9sence chr\u00e9tienne.<\/li>\n<li>Rendez gr\u00e2ce \u00e0 Dieu pour la vie de nos pasteurs et dirigeants qui ont \u00e9t\u00e9 sauv\u00e9s pendant la pand\u00e9mie.<\/li>\n<\/ul>\n<p><strong>FRANCE<\/strong><\/p>\n<p>R\u00e9ouverture des Lieux de Cultes<\/p>\n<ul>\n<li>Le gouvernement fran\u00e7ais a autoris\u00e9 la r\u00e9ouverture des \u00e9glises selon des r\u00e8gles d\u2019hygi\u00e8ne et de s\u00e9curit\u00e9 tr\u00e8s strictes limitant le nombre de personnes (1 personne\/4 m\u00b2).<\/li>\n<li>Les \u00e9glises sont donc oblig\u00e9s d\u2019\u00e9tablir une pr\u00e9inscription pour chaque dimanche. Toutefois plusieurs restent craintifs pour assister au culte.<\/li>\n<li>Les \u00e9glises s\u2019organisent pour avoir leurs cultes en direct sur leur cha\u00eene YouTube, ce qui demande \u00e0 la fois comp\u00e9tence et investissement dans l\u2019achat de mat\u00e9riel. Un d\u00e9fi pour certaines \u00e9glises. D\u2019autres continuent tout simplement leurs cultes sur Zoom !<\/li>\n<li>Merci de prier que nos \u00e9glises restent unies, solidaires et en marche avec le Seigneur.<\/li>\n<li>Prions que le Seigneur utilise ces cultes pour atteindre et toucher des c\u0153urs !<\/li>\n<\/ul>\n<p>Finances<\/p>\n<ul>\n<li>La plupart de nos \u00e9glises ont vu leurs offrandes diminu\u00e9es. \u00c0 cela s\u2019ajoute la perte d\u2019emploi d\u00fb \u00e0 la crise \u00e9conomique.<\/li>\n<\/ul>\n<p>Guyane Fran\u00e7aise<\/p>\n<ul>\n<li>La Guyane est particuli\u00e8rement touch\u00e9e par le COVID-19. Prions que le Seigneur prot\u00e8ge la population et nos \u00e9glises.<\/li>\n<\/ul>\n<p>Gouvernement<\/p>\n<ul>\n<li>La Parole nous demande de prier pour les autorit\u00e9s de nos pays. Prions que Dieu leur accorde de la sagesse pour g\u00e9rer la situation \u00e9conomique, sociale et sanitaire.<\/li>\n<\/ul>\n<p>Propagation de l\u2019\u00c9vangile<\/p>\n<ul>\n<li>Prions que nos \u00e9glises restent attach\u00e9es pleinement \u00e0 leur Sauveur et Seigneur ! Qu\u2019elles trouvent avec imagination des fa\u00e7ons de g\u00e9rer ce temps de crise !<\/li>\n<li>Priez pour que ces moments que nous vivons soient l\u2019occasion de partager l\u2019\u00e9vangile avec puissance parmi nos familles, amis, voisins, coll\u00e8gues de travail, etc.<\/li>\n<\/ul>\n<p><strong>GRANDE BRETAGNE<\/strong><\/p>\n<ul>\n<li>Alors que les \u00e9glises rouvrent, priez pour la sagesse de s\u2019installer conform\u00e9ment aux directives afin que tous restent en s\u00e9curit\u00e9.<\/li>\n<li>Priez pour les pasteurs alors qu\u2019ils continuent de servir dans des circonstances restrictives.<\/li>\n<li>Priez pour les besoins financiers auxquels certains pasteurs sont confront\u00e9s.<\/li>\n<li>Priez pour une r\u00e9union hebdomadaire Zoom des dirigeants que nous cherchons \u00e0 mettre en place pour rester connect\u00e9s.<\/li>\n<li>Priez que nous soyons diligents dans la pri\u00e8re \u00e0 la fois individuellement et collectivement.<\/li>\n<li>Priez pour que l\u2019\u00e9vangile soit diffus\u00e9 par les diff\u00e9rentes \u00e9glises et leurs minist\u00e8res associ\u00e9s.<\/li>\n<\/ul>\n<p><strong>PAYS-BAS<\/strong><\/p>\n<ul>\n<li>Le Seigneur a entendu nos pri\u00e8res, que nous prions \u00e0 10 h 02 chaque jour (selon Luc 10 : 2) pour que nous voyions le Seigneur envoyer plus d\u2019ouvriers. Il est le Seigneur de la moisson, alors veuillez prier avec nous pour les 60+ missionnaires de CAMA Zending, afin qu\u2019ils r\u00e9coltent chacun une moisson.<\/li>\n<li>Priez pour la famille du missionnaire CAMA Zending en Espagne, Maarten Slot, dont le beau-p\u00e8re a subi une op\u00e9ration au cerveau pour un an\u00e9vrisme. Malheureusement, l\u2019analyse montre des dommages irr\u00e9parables. Priez pour la m\u00e8re de Maarten et sa famille en attendant le diagnostic et l\u2019intervention de Dieu.<\/li>\n<\/ul>\n<hr \/>\n<h3>22 juillet 2020<\/h3>\n<p><strong>R\u00c9GION AFRIQUE DE L\u2019UMA<\/strong><\/p>\n<p>Veuillez prier pour les demandes suivantes de la R\u00e9gion Afrique de l\u2019UMA :<\/p>\n<p><strong>ANGOLA<\/strong><\/p>\n<ul>\n<li>Priez que Dieu \u00e9tablisse et renouvelle la vie spirituelle de l\u2019\u00c9glise angolaise, des familles et des travailleurs.<\/li>\n<li>Priez pour la situation \u00e9conomique et financi\u00e8re de nos \u00e9glises et pour que les membres soient fid\u00e8les dans leurs contributions financi\u00e8res.<\/li>\n<li>Priez pour notre pays, l\u2019augmentation des d\u00e9c\u00e8s et l\u2019apparition de nouveaux cas de COVID-19, qui peuvent contraindre le gouvernement \u00e0 d\u00e9cr\u00e9ter un nouvel \u00e9tat d\u2019urgence.<\/li>\n<\/ul>\n<p><strong>GABON<\/strong><\/p>\n<ul>\n<li>Priez pour que le Seigneur \u00e9tende l\u2019\u00c9glise \u00e0 des pays tels que la Guin\u00e9e \u00e9quatoriale, le Cameroun, S\u00e3o Tom\u00e9 et Pr\u00edncipe, le Togo, le B\u00e9nin et d\u2019autres. Que le Seigneur nous ouvre des portes dans tous ces pays afin que nous puissions acheter des terrains \u00e0 construire. Priez aussi pour la r\u00e9gularisation administrative afin d\u2019exercer librement la mission.<\/li>\n<li>Le 30 juin 2020, le gouvernement gabonais a adopt\u00e9 une loi d\u00e9p\u00e9nalisant l\u2019homosexualit\u00e9. Veuillez prier pour que l\u2019\u00c9glise au Gabon assume son r\u00f4le de sel de la terre et de lumi\u00e8re du monde pour dissuader les adeptes de cette pratique p\u00e9cheresse.<\/li>\n<li>Gr\u00e2ce au Seigneur, l\u2019Alliance du Gabon (EACMG) a acquis un site de 58 hectares. Prions pour qu\u2019ils voient leurs partenariats, investissements et projets sociaux prendre vie et que tout cela glorifie notre Dieu. Veuillez \u00e9galement prier pour que leur propri\u00e9t\u00e9 du terrain soit garantie &#8211; ce qui est tr\u00e8s souhait\u00e9.<\/li>\n<li>Priez pour que toutes les \u00e9glises et leurs dirigeants s\u2019engagent totalement et continuellement dans la centralisation financi\u00e8re. La vision \u00ab Justice pour Tous dans l\u2019EACMG \u00bb supervise le bon fonctionnement des institutions de l\u2019\u00c9glise, la coh\u00e9rence des salaires pastoraux et la prise en charge des veuves et des orphelins, entre autres.<\/li>\n<\/ul>\n<p><strong>GUIN\u00c9E<\/strong><\/p>\n<ul>\n<li>Priez pour l\u2019engagement du gouvernement guin\u00e9en \u00e0 reconstruire le b\u00e2timent de l\u2019\u00e9glise Dorota de 2000 places dans la ville de N\u2019z\u00e9r\u00e9kor\u00e9, afin que les constructions puissent commencer avant la fin de 2020 et que l\u2019\u00e9glise puisse tenir des offices et mener ses activit\u00e9s en toute s\u00e9curit\u00e9. Le b\u00e2timent a br\u00fbl\u00e9 le 22 mars 2020, lors de manifestations socio-politiques. Pour plus de d\u00e9tails <a href=\"https:\/\/awf.world\/fr\/awf-news\/leglise-cma-en-guinee-est-brulee-la-persecution-sintensifie-dans-les-pays-dafrique-de-louest\/\" target=\"_blank\" rel=\"noopener\">cliquer ici<\/a>.<\/li>\n<li>Priez pour que la population obtienne des ressources financi\u00e8res suffisantes pour l\u2019acquisition de terrains afin d\u2019implanter de nombreuses nouvelles communaut\u00e9s dans la ville de Grand-Conakry, longue de 86 km, avec 3 000 000 d\u2019habitants.<\/li>\n<li>Priez pour que les nouveaux missionnaires colombiens de l\u2019Alliance arrivent et s\u2019installent dans la r\u00e9gion du Fouta-Djallon. Priez pour que les arrangements administratifs, mat\u00e9riels, organisationnels et autres ne soient pas retard\u00e9s ou entrav\u00e9s. Priez pour leur adaptation \u00e0 la culture et au climat.<\/li>\n<li>Priez que Dieu fournisse des ressources financi\u00e8res suppl\u00e9mentaires pour l\u2019ach\u00e8vement du si\u00e8ge administratif de l\u2019\u00e9glise. Priez pour les dirigeants qui se sont r\u00e9solus \u00e0 donner \u00e0 l\u2019\u00e9glise un si\u00e8ge administratif, \u00e0 abriter les diff\u00e9rents bureaux minist\u00e9riels (femmes, jeunes, hommes) et les d\u00e9partements de l\u2019\u00e9glise (enfants, pri\u00e8re, couples, la voix de l\u2019\u00c9vangile, sauvetage protestant, etc. .).<\/li>\n<li>Priez pour la protection divine en cette p\u00e9riode de r\u00e9ouverture des \u00e9glises et la continuation du culte et des activit\u00e9s spirituelles. Priez pour qu\u2019une foi et une confiance profondes pr\u00e9sideront ces moments de reprise des activit\u00e9s spirituelles dans le respect absolu des gestes des barri\u00e8res sanitaires.<\/li>\n<\/ul>\n<p><strong>LIB\u00c9RIA<\/strong><\/p>\n<ul>\n<li>Priez pour la sagesse et la direction du D\u00e9partement de Secours et de D\u00e9veloppement COB-Alliance de l\u2019\u00c9glise de l\u2019Alliance Nationale alors qu\u2019ils travaillent aux c\u00f4t\u00e9s des \u00e9glises locales pour r\u00e9pondre au COVID-19 dans leurs communaut\u00e9s. La principale distribution de nourriture est pr\u00e9vue pour la derni\u00e8re semaine de ce mois.<\/li>\n<li>Priez pour les membres de notre \u00e9glise alors qu\u2019ils traversent cette crise mortelle du coronavirus. Le taux de ch\u00f4mage actuellement dans le pays est de 90 %. Chaque famille a besoin d\u2019aide en termes de nourriture, de paiement de son loyer, d\u2019hypoth\u00e8ques, etc. Ceux qui \u00e9taient en affaires voient ces entreprises s\u2019effondrer.<\/li>\n<li>Priez pour la force et la sagesse de nos pasteurs de l\u2019Alliance et de nos dirigeants d\u2019\u00e9glises alors qu\u2019ils travaillent avec le peuple de Dieu dans les \u00e9glises et les communaut\u00e9s et s\u2019occupent de leurs besoins personnels. Priez \u00e9galement pour l\u2019unit\u00e9 entre les \u00e9glises de l\u2019Alliance au Lib\u00e9ria.<\/li>\n<li>Priez pour la gu\u00e9rison de Mme Esther Bantoe-Liberty. Elle est l\u2019\u00e9pouse du pr\u00e9sident national, le R\u00e9v\u00e9rend Dr. Roosevelt Dzorwulu Bo Liberty. Esther a failli mourir le 10 juillet dernier, mais Dieu nous l\u2019a rendue. Elle souffrait de diab\u00e8te et d\u2019hypertension et le Seigneur l\u2019a gu\u00e9rie il y a plus de trois ans. Le rapport m\u00e9dical le plus r\u00e9cent a r\u00e9v\u00e9l\u00e9 qu\u2019elle souffrait d\u2019une sorte d\u2019infection. Le m\u00e9decin a prescrit certains m\u00e9dicaments.<\/li>\n<\/ul>\n<p><strong>R\u00c9PUBLIQUE D\u00c9MOCRATIQUE DU CONGO (RDC)<\/strong><\/p>\n<ul>\n<li>Priez pour l\u2019ordination de 74 pasteurs pour renforcer les missions dans le pays.<\/li>\n<li>Priez pour les pr\u00e9paratifs du mois des missions en rapport avec l\u2019\u00e9tat d\u2019urgence caus\u00e9 par le COVID-19. Priez pour la situation financi\u00e8re des fid\u00e8les qui soutiennent l\u2019\u00e9vang\u00e9lisation et les missions dans le monde.<\/li>\n<li>Priez pour l\u2019\u00e9veil des chr\u00e9tiens afin que la foi chr\u00e9tienne ne disparaisse pas. La croissance de l\u2019islam dans la partie inf\u00e9rieure du fleuve, dans la province centrale du Congo, constitue une menace pour le christianisme.<\/li>\n<li>Priez pour l\u2019efficacit\u00e9 de l\u2019\u00e9glise \u00e0 travers les services de culte des familles en cette p\u00e9riode o\u00f9 les b\u00e2timents de l\u2019\u00e9glise sont ferm\u00e9s.<\/li>\n<li>Priez pour notre pays qui, en plus de la pand\u00e9mie, traverse un moment de tension politique et sociale.<\/li>\n<\/ul>\n<hr \/>\n<h3>15 juillet 2020<\/h3>\n<p><strong>1) R\u00c9GION APAC (ASIE PACIFIQUE) DE L\u2019UMA<\/strong><\/p>\n<p>Merci de prier pour les demandes suivantes de la r\u00e9gion APAC (Asie-Pacifique) de l\u2019UMA :<\/p>\n<p><strong>1) R\u00c9GION APAC (ASIE PACIFIQUE) DE L\u2019UMA<\/strong><\/p>\n<p>Merci de prier pour les demandes suivantes de la R\u00e9gion APAC (Asie-Pacifique) de l\u2019UMA :<\/p>\n<p><strong>THA\u00cfLANDE<\/strong><\/p>\n<ul>\n<li>Apr\u00e8s onze jours depuis l\u2019incident tragique, b\u00e9b\u00e9 Nathan est maintenant avec le Seigneur. Nathan est le fils d\u2019un an d\u2019un couple de missionnaires en Tha\u00eflande, qui a \u00e9t\u00e9 gri\u00e8vement bless\u00e9 apr\u00e8s qu\u2019un haut-parleur est tomb\u00e9 sur lui lors d\u2019un r\u00e9cent culte. Donnons nos condol\u00e9ances aux membres de la famille, soutenons et prions pour eux que Dieu les guide et les r\u00e9conforte en ce moment.<\/li>\n<\/ul>\n<p><strong>PROJET DE R\u00c9PONSE AU COVID-19 DE L\u2019UMA<\/strong><\/p>\n<ul>\n<li>Louez Dieu que les financements n\u00e9cessaires aient \u00e9t\u00e9 re\u00e7us par ceux qui r\u00e9alisent les projets de r\u00e9ponse au COVID-19. La CMA de Myanmar a distribu\u00e9 des paquets de nourriture \u00e0 120 familles.<\/li>\n<li>Priez aussi pour la protection divine de Dieu de tous ceux qui feront la distribution de nourriture. Priez pour qu\u2019ils n\u2019aient pas d\u2019accident ou n\u2019attrapent pas le virus.<\/li>\n<\/ul>\n<p>&nbsp;<\/p>\n<p><strong>2) R\u00c9GION CLA (AM\u00c9RIQUE LATINE) DE L\u2019UMA<\/strong><\/p>\n<p>Merci de prier pour les demandes suivantes de la R\u00e9gion CLA (Am\u00e9rique latine) de l\u2019UMA :<\/p>\n<p><strong>BR\u00c9SIL<\/strong><\/p>\n<ul>\n<li>Priez pour les dirigeants du S\u00e9minaire Th\u00e9ologique A. W. Tozer qui adaptent leur minist\u00e8re \u00e0 une soci\u00e9t\u00e9 chr\u00e9tienne de plus en plus num\u00e9ris\u00e9e avec plus d\u2019\u00e9glises loin de son si\u00e8ge. Nous demandons la sagesse du Seigneur pour offrir du mat\u00e9riel d\u2019apprentissage \u00e0 distance, l\u2019admission\/formation d\u2019enseignants pour cette nouvelle r\u00e9alit\u00e9 et le d\u00e9veloppement de disciplines qui englobent un christianisme missionnaire contemporain.<\/li>\n<li>Priez pour ceux qui \u00e9laborent le Plan Strat\u00e9gique de l\u2019Alliance Chr\u00e9tienne et Missionnaire br\u00e9silienne (ACEMBRAS), qui vise 2030.<\/li>\n<li>Priez pour ceux qui sont isol\u00e9s par COVID-19 et ne savent pas utiliser la technologie moderne (principalement les personnes \u00e2g\u00e9es et les jeunes enfants).<\/li>\n<li>Priez pour que les yeux spirituels voient les occasions de cette \u00ab nouvelle normalit\u00e9 \u00bb.<\/li>\n<\/ul>\n<hr \/>\n<h3>7 juillet 2020<\/h3>\n<p><strong>1) R\u00c9GION APAC (ASIE PACIFIQUE) DE L\u2019UMA<\/strong><\/p>\n<p>Merci de prier pour les demandes suivantes de la r\u00e9gion APAC (Asie-Pacifique) de l\u2019UMA :<\/p>\n<p><strong>INDE<\/strong><\/p>\n<ul>\n<li>Des \u00e9quipes et des volontaires pour aider les personnes n\u00e9cessiteuses et pauvres vers des projets COVID-19 et une situation post COVID-19. Soutien financier via COVID-19, ainsi que pour les minist\u00e8res et les partenariats.<\/li>\n<li>Le minist\u00e8re CMA en Inde : unit\u00e9, sagesse, discernement, disposition financi\u00e8re et faveur de Dieu pour les pasteurs et dirigeants CMA ; les travailleurs de CMA en Inde du Nord ; des minist\u00e8res ferm\u00e9s \u00e0 rouvrir ; les propri\u00e9t\u00e9s de CMA doivent \u00eatre s\u00e9curis\u00e9es et prot\u00e9g\u00e9es et \u00eatre utilis\u00e9es pour b\u00e9nir les minist\u00e8res CMA.<\/li>\n<li>Pour les Partenaires Chr\u00e9tiens, pour que les co-entreprises et les projets soient planifi\u00e9s et \u00e0 mettre en \u0153uvre d\u00e8s que possible ; les relations avec les partenaires doivent \u00eatre gu\u00e9ries, restaur\u00e9es et renforc\u00e9es.<\/li>\n<\/ul>\n<p>&nbsp;<\/p>\n<p><strong>2) R\u00c9GION CLA (AM\u00c9RIQUE LATINE) DE L\u2019UMA<\/strong><\/p>\n<p>Merci de prier pour les demandes suivantes de la r\u00e9gion CLA (Am\u00e9rique latine) de l\u2019UMA :<\/p>\n<p><strong>ARGENTINE<\/strong><\/p>\n<ul>\n<li>Pour l\u2019adaptation des \u00e9glises, sans perte d\u2019efficacit\u00e9, aux diff\u00e9rentes \u00e9tapes de la quarantaine.<\/li>\n<li>Pour la situation \u00e9conomique du pays (ch\u00f4mage, inflation, situations de d\u00e9faut imminentes avec les cr\u00e9anciers) et la sant\u00e9 physique et \u00e9motionnelle de la population.<\/li>\n<li>Pour les familles des pasteurs (sant\u00e9, finances, minist\u00e8res) et pour la situation \u00e9conomique des \u00e9glises, en particulier celles qui louent des b\u00e2timents pour leurs activit\u00e9s.<\/li>\n<\/ul>\n<p><strong>BOLIVIE<\/strong><\/p>\n<ul>\n<li>Pour la sant\u00e9 des membres et des familles de nos \u00e9glises de Bolivie affect\u00e9es par COVID-19.<\/li>\n<li>Pour la sagesse dans les actions de nos \u00e9glises, pour donner espoir et consolation \u00e0 nos membres. Priez \u00e9galement pour l\u2019influence de notre d\u00e9nomination en Bolivie.<\/li>\n<\/ul>\n<p><strong>COLOMBIE<\/strong><\/p>\n<ul>\n<li>Pour des dispositions financi\u00e8res alors que nos \u00e9glises se pr\u00e9parent aux ajustements et protocoles de s\u00e9curit\u00e9 n\u00e9cessaires \u00e0 la r\u00e9ouverture des \u00e9glises. Que Dieu nous donne prudence et diligence pour r\u00e9pondre \u00e0 ce d\u00e9fi.<\/li>\n<li>Pour la gr\u00e2ce et le soutien de Dieu pour la gestion du d\u00e9partement des relations et des projets afin d\u2019aider les \u00e9glises dans leur minist\u00e8re et leur travail social.<\/li>\n<li>Pour les provisions et le bien-\u00eatre des personnes qui sont actuellement dans notre auberge \u00e0 Ipiales, Nari\u00f1o. R\u00e9cemment, un b\u00e9b\u00e9 est n\u00e9 \u00e0 cet endroit et nous esp\u00e9rons que Dieu fournira tout ce qui est n\u00e9cessaire pour lui et sa famille.<\/li>\n<li>Pour que le c\u0153ur g\u00e9n\u00e9reux de 100 donateurs parrains contribue 50 000 pesos colombiens (environ 12 USD) par mois pendant 24 mois pour le soutien de 10 nouveaux \u00e9tudiants du Centre de Formation Interculturelle A. B. Simpson.<\/li>\n<li>Pour la sant\u00e9 physique et \u00e9motionnelle de nos travailleurs au Panama, les travailleurs en pr\u00e9paration pour aller en Guin\u00e9e et le peuple \u00ab P \u00bb, ainsi que pour les \u00e9tudiants du centre de formation A. B. Simpson. Que Dieu apporte la paix dans leur c\u0153ur au milieu de cette pand\u00e9mie.<\/li>\n<\/ul>\n<p><strong>P\u00c9ROU<\/strong><\/p>\n<ul>\n<li>Que Dieu continue de donner \u00e0 l\u2019\u00c9glise p\u00e9ruvienne l\u2019occasion de continuer \u00e0 grandir en g\u00e9n\u00e9rosit\u00e9, en aidant ceux qui ont le moins en cette p\u00e9riode de pand\u00e9mie.<\/li>\n<li>Que Dieu continue d\u2019\u00e9lever une nouvelle g\u00e9n\u00e9ration dans l\u2019\u00c9glise p\u00e9ruvienne qui Lui soit plus consacr\u00e9e et qui sera la cause d\u2019un renouveau national avec des r\u00e9sultats mondiaux.<\/li>\n<li>Que Dieu continue d\u2019\u00e9largir la vision et la passion de l\u2019\u00c9glise p\u00e9ruvienne pour investir davantage dans la mission et l\u2019\u00e9vang\u00e9lisation du P\u00e9rou et du monde.<\/li>\n<\/ul>\n<p><strong>VENEZUELA<\/strong><\/p>\n<ul>\n<li>Que la population r\u00e9agisse et puisse voir et venir au Christ pour recevoir la paix que Lui seul peut donner. Pour les emplois, la nourriture et la s\u00e9curit\u00e9 dans chaque maison.<\/li>\n<li>Que la CMA au Venezuela peut \u00eatre un canal pour une \u00e9vang\u00e9lisation efficace et engag\u00e9e anim\u00e9e par le Saint-Esprit. Pour la sant\u00e9, l\u2019approvisionnement et la protection du corps pastoral, de la direction et du troupeau en g\u00e9n\u00e9ral. Pour la formation de nouveaux dirigeants et pasteurs.<\/li>\n<li>Pour le retour en toute s\u00e9curit\u00e9 dans le pays de ceux qui sont bloqu\u00e9s dans d\u2019autres pays en raison de la situation d\u2019urgence. Pour le pasteur Natanael Gil (pr\u00e9sident de l\u2019Alliance du Venezuela) et son \u00e9pouse qui sont bloqu\u00e9s depuis quatre mois \u00e0 Lima, au P\u00e9rou.<\/li>\n<li>Pour la prochaine r\u00e9ouverture des \u00e9glises : que le Seigneur guide l\u2019\u00e9glise sur les protocoles de s\u00e9curit\u00e9 qui doivent \u00eatre adopt\u00e9s ; pour la prudence et la responsabilit\u00e9 de chaque citoyen.<\/li>\n<\/ul>\n<p>&nbsp;<\/p>\n<hr \/>\n<p>&nbsp;<\/p>\n<h2>Pri\u00e8res de l\u2019UMA &#8211; Juin 2020<\/h2>\n<p>&nbsp;<\/p>\n<h3><strong>29 juin 2020<\/strong><\/h3>\n<h3 style=\"text-align: center;\"><strong>DEMANDE DE PRI\u00c8RE URGENTE<\/strong><\/h3>\n<p style=\"text-align: center;\"><strong>Le fils d\u2019un an d\u2019un travailleur de l\u2019Alliance en Tha\u00eflande est gravement bless\u00e9<\/strong><\/p>\n<p>S\u2019il vous pla\u00eet, priez pour Nathan qui a \u00e9t\u00e9 bless\u00e9 dans un accident lors du dernier service dominical et qui est maintenant \u00e0 l\u2019h\u00f4pital dans un \u00e9tat critique. Nathan est le fils d\u2019un an de Sarawut et Shing-Ni qui implantent une \u00e9glise parmi les migrants birmans \u00e0 Bangkok.<\/p>\n<p>Hier, dimanche 28 juin, alors que se d\u00e9roulait le culte de l\u2019\u00e9glise Grace Community Mission (GMC) de Bangkok, le grand orateur sonore est tomb\u00e9 par accident sur la t\u00eate du fils des travailleurs birmans alors qu\u2019il \u00e9tait allong\u00e9 sur le sol. Le fils, Nathan, qui a un an et 16 jours, est actuellement \u00e0 l\u2019h\u00f4pital et est dans un \u00e9tat tr\u00e8s critique (50-50). La nuit derni\u00e8re, il a \u00e9t\u00e9 op\u00e9r\u00e9, mais le m\u00e9decin n\u2019a pas confirm\u00e9 qu\u2019il reviendrait \u00e0 son \u00e9tat normal. La m\u00e8re, Shing Ni, et le p\u00e8re, Sarawut, travaillent tous les deux avec le R\u00e9v\u00e9rend &amp; Mme Than Tun, un couple de missionnaires birmans soutenu par l\u2019UMA en partenariat avec la CMA de Tha\u00eflande. Le r\u00e9v\u00e9rend Than Tun est le planteur d\u2019\u00e9glises de l\u2019\u00e9glise GMC \u00e0 Bangkok parmi les travailleurs migrants birmans. Veuillez prier pour que le miracle de Dieu gu\u00e9risse le b\u00e9b\u00e9 Nathan, pour le r\u00e9confort et l\u2019encouragement des parents et pour la provision financi\u00e8re pour les frais m\u00e9dicaux de la famille.<\/p>\n<p>R\u00e9v\u00e9rend Worawat Sanguansak (Pr\u00e9sident de la CMAT)<\/p>\n<p>&nbsp;<\/p>\n<p><strong>R\u00c9GION EMERALD (EUROPE &amp; MOYEN-ORIENT) DE L\u2019UMA<\/strong><\/p>\n<p>Merci de prier pour les demandes suivantes de la R\u00e9gion EMERALD de l\u2019UMA:<\/p>\n<p><strong>ESPAGNE<\/strong><\/p>\n<ul>\n<li>Priez pour l\u2019\u00e9quipe de Terrassa, car la ville leur a demand\u00e9 d\u2019organiser un camp de jour tout l\u2019\u00e9t\u00e9 pour aider les enfants immigr\u00e9s nord-africains dont les parents n\u2019\u00e9taient pas en mesure d\u2019aider les enfants \u00e0 faire leurs devoirs pendant la quarantaine.<\/li>\n<li>Le Seigneur de la moisson a envoy\u00e9 des ouvriers dans les champs. Veuillez prier pour que nous nous tournions maintenant vers lui pour nous enseigner de nouvelles fa\u00e7ons d\u2019apporter les gerbes, alors que nous changeons radicalement notre approche de l\u2019\u00e9vang\u00e9lisation, du discipulat et du service.<\/li>\n<\/ul>\n<p><strong>FRANCE<\/strong><\/p>\n<ul>\n<li>Louez Dieu pour le tout premier service de culte en ligne de l\u2019Alliance Nationale (1 864 vues), qui a eu lieu le dimanche 31 mai de la Pentec\u00f4te, c\u00e9l\u00e9brant la diversit\u00e9 de la Famille de l\u2019Alliance en France.<\/li>\n<li>Louez Dieu pour le tout premier \u00e9v\u00e9nement de pri\u00e8re en ligne de l\u2019Alliance Nationale fran\u00e7aise qui a eu lieu le lundi 1er juin de la Pentec\u00f4te et o\u00f9 tous les participants ont pri\u00e9 dans leur langue maternelle.<\/li>\n<li>Priez pour les \u00e9glises de France qui ouvrent pour les services religieux conform\u00e9ment aux r\u00e8gles strictes de sant\u00e9 publique.<\/li>\n<\/ul>\n<p><strong>LIBAN<\/strong><\/p>\n<ul>\n<li>Priez pour la CMA au Liban alors qu\u2019ils soutiennent les \u00e9glises locales face aux d\u00e9fis de la pand\u00e9mie COVID-19 et aux graves d\u00e9fis sociaux et financiers auxquels le pays du Liban est confront\u00e9.<\/li>\n<\/ul>\n<p><strong>RUSSIE<\/strong><\/p>\n<ul>\n<li>Priez pour un miracle pour sauver le camp de Gorni Rodnik, sur la c\u00f4te de la mer Noire, que l\u2019\u00c9glise de l\u2019Alliance Nationale Russe (ECMU) a utilis\u00e9 pour atteindre des milliers d\u2019enfants au cours des 21 derni\u00e8res ann\u00e9es. Le camp n\u2019a atteint qu\u2019un tiers de son objectif de financement (3 millions de roubles &#8211; 41000 USD) au 5 juin, mais ECMU a fait un acte de foi en ouvrant le camp le 1er juillet, faisant confiance \u00e0 la provision de Dieu pour leurs besoins. Pour plus de d\u00e9tails <a href=\"https:\/\/awf.world\/fr\/awf-news\/appel-pour-sauver-les-installations-du-camp-de-gorni-rodnik-en-russie\/\" target=\"_blank\" rel=\"noopener\">cliquer ici<\/a><u>.<\/u><\/li>\n<\/ul>\n<hr \/>\n<h3><strong>04 juin 2020<\/strong><\/h3>\n<p><strong>1) COMIT\u00c9 EX\u00c9CUTIF DE L\u2019UMA<\/strong><\/p>\n<p>Merci de prier pour les demandes suivantes du Comit\u00e9 Ex\u00e9cutif de l\u2019UMA :<\/p>\n<ul>\n<li>Priez pour la sagesse et le discernement alors que le Comit\u00e9 Ex\u00e9cutif de l\u2019UMA se r\u00e9unit le 5 juin (vendredi) pour rechercher la volont\u00e9 de Dieu collectivement. Le principal sujet de discussion est la viabilit\u00e9 du respect du calendrier de la Convocation quadriennale de l\u2019UMA.<\/li>\n<li>Priez pour les prochaines \u00e9tapes de la R\u00e9ponse Globale de l\u2019UMA \u00e0 COVID-19. Priez pour la sagesse et les conseils de Dieu alors que le groupe de travail de Secours et de D\u00e9veloppement de l\u2019UMA discute et d\u00e9cide, lors d\u2019une r\u00e9union le 8 juin (lundi), quels projets de secours soumis par les \u00e9glises Nationales de l\u2019Alliance seront mis en \u0153uvre.<\/li>\n<\/ul>\n<p>&nbsp;<\/p>\n<p><strong>2) <\/strong><strong>R\u00c9GION CLA (AM\u00c9RIQUE LATINE) de l\u2019UMA<\/strong><\/p>\n<p>Merci de prier pour les demandes suivantes de la R\u00e9gion CLA (Am\u00e9rique latine) de l\u2019UMA :<\/p>\n<p><strong>\u00c9QUATEUR<\/strong><\/p>\n<ul>\n<li>Pour le pr\u00e9sident de la R\u00e9publique de l\u2019\u00c9quateur et toute la population \u00e9quatorienne, afin qu\u2019ils aient une rencontre rapproch\u00e9e avec J\u00e9sus-Christ et que les autorit\u00e9s soient guid\u00e9es par le Seigneur pour prendre de sages d\u00e9cisions en faveur de la nation.<\/li>\n<li>Pour la population de l\u2019\u00c9quateur infect\u00e9e par COVID-19, en particulier pour les pasteurs, les ministres responsables et les membres des \u00e9glises de l\u2019Alliance de l\u2019\u00c9quateur : que le Seigneur assure la gu\u00e9rison de leur corps et l\u2019encouragement de leur c\u0153ur.<\/li>\n<li>Pour les \u00c9quatoriens qui ont perdu des \u00eatres chers \u00e0 cause du COVID-19 et d\u2019autres maladies : puissent-ils trouver une consolation en Dieu, des provisions et de la force pour faire face \u00e0 la douleur.<\/li>\n<\/ul>\n<p>&nbsp;<\/p>\n<p><strong>3) <\/strong><strong>R\u00c9GION APAC (ASIE PACIFIQUE) DE L\u2019UMA<\/strong><\/p>\n<p>Merci de prier pour les demandes suivantes de la R\u00e9gion APAC (Asie-Pacifique) de l\u2019UMA :<\/p>\n<p><strong>FIDJI<\/strong><\/p>\n<ul>\n<li>Priez pour notre nation, en particulier nos deux principaux dirigeants : notre Premier ministre et procureur g\u00e9n\u00e9ral. Nous demandons des pri\u00e8res pour un leadership fid\u00e8le et loyal.<\/li>\n<li>Priez pour les gens, dont beaucoup ont perdu leur emploi \u00e0 cause de COVID-19 et sont en lock-out. Priez sp\u00e9cifiquement pour le personnel du tourisme et de FIJI Airways.<\/li>\n<li>Priez pour l\u2019\u00e9glise, que Dieu ouvre l\u2019esprit des gens aux enseignements de la parole de Dieu et qu\u2019ils croient en la parole de Dieu, vivent une vie digne de l\u2019appel de Dieu et aient une vraie repentance \u00e0 servir Lui de tout c\u0153ur.<\/li>\n<li>Priez pour les pasteurs et les dirigeants d\u2019\u00e9glise : pour la force renouvelante de Dieu chaque jour et pour les guider alors qu\u2019ils servent les congr\u00e9gations.<\/li>\n<\/ul>\n<p><strong>INDE ET MYANMAR<\/strong><\/p>\n<ul>\n<li>Priez pour CMA Myanmar et nos \u00e9glises de l\u2019Alliance en Inde. Selon les dirigeants, de nombreuses \u00e9glises ont du mal \u00e0 r\u00e9pondre \u00e0 leurs besoins essentiels en raison de la crise sanitaire actuelle. Beaucoup d\u2019entre eux ont perdu leur emploi et ne peuvent plus travailler. Merci de prier pour la touche sp\u00e9ciale de r\u00e9confort de Dieu et pour une joie int\u00e9rieure dans notre famille d\u2019Alliance affect\u00e9e.<\/li>\n<\/ul>\n<p><strong>COR\u00c9E DU SUD<\/strong><\/p>\n<ul>\n<li>CMA Cor\u00e9e tiendra son 3e Conseil g\u00e9n\u00e9ral du 26 au 27 juin. Nous avons officiellement chang\u00e9 le nom de la d\u00e9nomination de Alliance Church in Korea en CMA Korea. Veuillez prier pour qu\u2019il ne soit pas affect\u00e9 par COVID-19.<\/li>\n<li>CMA Korea loue actuellement des bureaux et, heureusement, nous sommes en pleine expansion et avons besoin de plus d\u2019espace. Nous prions pour acheter un immeuble.<\/li>\n<\/ul>\n<p><strong>THA\u00cfLANDE<\/strong><\/p>\n<ul>\n<li>Priez pour nos \u00e9glises CMA qui ne peuvent pas ouvrir en ce moment en raison de la pand\u00e9mie. Nous avons des services d\u2019adoration en ligne. Priez pour que cette situation COVID-19 se termine bient\u00f4t.<\/li>\n<li>Priez pour les besoins financiers de l\u2019\u00e9glise. Comme les membres ne peuvent pas faire leurs offrandes, cela a affect\u00e9 la situation financi\u00e8re de nos \u00e9glises. Beaucoup de nos pasteurs dans le nord du pays \u00e9prouvent des difficult\u00e9s financi\u00e8res. Priez pour que Dieu pourvoie \u00e0 tous leurs besoins.<\/li>\n<li>Priez pour le leadership de la TCMA et pour que son plan de travail avance. Pour l\u2019instant, tout semble interrompu un instant, mais nous en profitons pour partager secours et biens entre les familles les moins fortun\u00e9es.<\/li>\n<\/ul>\n<p>&nbsp;<\/p>\n<p><strong>4) R\u00c9GION D\u2019AM\u00c9RIQUE DU NORD DE L\u2019UMA<\/strong><\/p>\n<p>Merci de prier pour les demandes suivantes de la R\u00e9gion Am\u00e9rique du Nord de l\u2019UMA :<\/p>\n<p><strong>CANADA<\/strong><\/p>\n<ul>\n<li>La CMA du Canada a annul\u00e9 presque toutes nos r\u00e9unions mondiales et les plans de voyage correspondants jusqu\u2019\u00e0 la fin de 2020. Nous avons toujours les r\u00e9unions Quadriennale de l\u2019UMA en priorit\u00e9 sur notre calendrier pour octobre, mais nous nous demandons si ces r\u00e9unions seront en mesure d\u2019aller de l\u2019avant \u00e9tant donn\u00e9 les nombreux pays qui n\u2019ont m\u00eame pas encore atteint le pic des infections par ce virus mortel. Priez pour les r\u00e9unions du Comit\u00e9 Ex\u00e9cutif de l\u2019UMA qui abordent ce d\u00e9tail le 22 juin 2020.<\/li>\n<li>Notre province de l\u2019Alberta, plaque tournante majeure pour nos \u00e9glises de l\u2019Alliance plus grandes et plus fortes, conna\u00eet une crise de proportions gigantesques en raison du ralentissement \u00e9conomique et de la r\u00e9cession dans l\u2019industrie p\u00e9troli\u00e8re et gazi\u00e8re. De nombreux Albertains ont perdu leur emploi et \u00e9prouvent de l\u2019anxi\u00e9t\u00e9 et de la peur. Priez contre la peur et pour la recherche d\u2019emplois et la reprise \u00e9conomique.<\/li>\n<li>Chaque mois pendant COVID-19, l\u2019Alliance canadienne a organis\u00e9 une heure de pri\u00e8re num\u00e9rique nationale \u00ab Raise a Hallelujah \u00bb (\u00e9lever un all\u00e9luia) pendant une heure mettant en vedette l\u2019adoration, la louange, la pri\u00e8re et des histoires de ce que Dieu fait au milieu de nous et \u00e0 travers nous \u00e0 l\u2019ext\u00e9rieur du Canada. La participation \u00e0 ces \u00e9v\u00e9nements a \u00e9t\u00e9 inspirante. Nos \u00e9glises se pr\u00e9parent \u00e0 de nouvelles fa\u00e7ons d\u2019engager les autres avec l\u2019\u00c9vangile et d\u2019\u00eatre en mission. Priez pour le renouveau collectif, le r\u00e9veil et pour la sagesse et le discernement avec l\u2019objectif clair de voir les mouvements de formation de disciples se multiplier.<\/li>\n<li>L\u2019Assembl\u00e9e G\u00e9n\u00e9rale, qui devait se d\u00e9rouler pendant la majeure partie de la semaine de juin, va maintenant \u00eatre repens\u00e9e et dans un format tr\u00e8s diff\u00e9rent. Nous aurons des s\u00e9ances d\u2019affaires ainsi que l\u2019\u00e9lection du bureau du pr\u00e9sident de notre titulaire David Hearn. Personne ne rivalise avec David, et s\u2019il est confirm\u00e9, il entamerait en juillet sa neuvi\u00e8me ann\u00e9e en tant que pr\u00e9sident. Il est \u00e9ligible pour un mandat global de douze ans.<\/li>\n<li>Le Venture in Mission (l\u2019entreprise en mission) pouss\u00e9 \u00e0 \u00eatre \u00ab en Mission pour Tout le Monde, Partout et Tout le Temps \u00bb se d\u00e9veloppe dans notre famille d\u2019\u00e9glises. Nous explorons des partenariats tr\u00e8s dynamiques, qui sont temporairement suspendus en raison de COVID-19 : nous demandons \u00e0 Dieu comment nous pouvons r\u00e9pondre \u00e0 des besoins \u00e0 l\u2019ext\u00e9rieur du Canada qui sont plus importants que les besoins \u00e0 l\u2019int\u00e9rieur de notre pays.<\/li>\n<li>Priez pour un esprit de g\u00e9n\u00e9rosit\u00e9 \u00e0 travers la nation du Canada et en particulier \u00e0 travers nos \u00e9glises \u00e9vang\u00e9liques pour saisir les occasions qui sont si incroyables d\u2019\u00eatre des \u00e9glises \u00e0 mission \u00e9quilibr\u00e9e d\u2019Actes 1 : 8, engageant les gens \u00e0 J\u00e9rusalem, en Jud\u00e9e, en Samarie et dans des endroits de grande envergure \u00e0 travers le globe. Le Canada compte plus de deux millions de migrants qui s\u2019installent au pays dans le cadre de l\u2019exode des immigrants, des r\u00e9fugi\u00e9s, des migrants r\u00e9guliers r\u00e9cemment arriv\u00e9s et des \u00e9tudiants internationaux. Priez pour que nous saisissons la vague d\u2019occasions parmi ces gens que Dieu a destin\u00e9s \u00e0 faire leur chemin vers le Canada et nomm\u00e9s pour un temps comme celui-ci dans notre nation.<\/li>\n<li>Louez Dieu pour un nouveau d\u00e9but d\u2019\u00e9glise hispanophone qui comptait en moyenne 25 personnes avant COVID-19 et sert maintenant plus de 100 personnes gr\u00e2ce \u00e0 l\u2019engagement num\u00e9rique pendant la pand\u00e9mie. Nous louons \u00e9galement Dieu pour les nombreuses fa\u00e7ons dont notre personnel international voit Dieu ouvrir des portes cr\u00e9atives pour partager la foi dans toutes nos r\u00e9gions.<\/li>\n<\/ul>\n<p>&nbsp;<\/p>\n<hr \/>\n<p>&nbsp;<\/p>\n<h2><strong>Pri\u00e8res de l\u2019UMA &#8211; Mai 2020<\/strong><\/h2>\n<p>&nbsp;<\/p>\n<h3><strong>28 mai 2020<\/strong><\/h3>\n<p><strong>R\u00c9GION DE L\u2019EMERALD DE L\u2019UMA (EUROPE ET MOYEN-ORIENT)<\/strong><\/p>\n<p>Merci de prier pour les demandes suivantes de la r\u00e9gion de l\u2019EMERALD de l\u2019UMA :<\/p>\n<p><strong>ESPAGNE<\/strong><\/p>\n<ul>\n<li>Priez pour les pasteurs et les \u00e9quipes de culte musical, afin qu\u2019ils puissent \u00e0 nouveau utiliser les b\u00e2timents de leurs \u00e9glises pour diffuser des services de culte \u00e0 leurs congr\u00e9gations. Veuillez prier pour que nous ob\u00e9issions \u00e0 la volont\u00e9 de Dieu en J\u00e9sus-Christ afin que nous nous r\u00e9jouissions toujours, prions sans cesse et remercions en toutes circonstances (1 Th. 5 : 16-18).<\/li>\n<li>Priez pour qu\u2019un r\u00e9veil spirituel ait lieu dans l\u2019\u00e9glise espagnole qui transformerait de fa\u00e7on spectaculaire l\u2019Espagne \u00e0 tous les niveaux de la soci\u00e9t\u00e9 et demandez \u00e0 Dieu de bouger profond\u00e9ment les \u00e9glises espagnoles dans les communaut\u00e9s avec des voisins nord-africains.<\/li>\n<li>Priez pour les missionnaires d\u2019Am\u00e9rique latine affili\u00e9s \u00e0 l\u2019Alliance et servant en Espagne, qui sont particuli\u00e8rement touch\u00e9s par la pand\u00e9mie dans leur pays d\u2019origine. En plus des pertes tragiques, leurs \u00e9glises d\u2019envoi sont \u00e9conomiquement d\u00e9vast\u00e9es et ne sont pas en mesure de soutenir leurs travailleurs dans le domaine de la mission, comme ils le souhaitent.<\/li>\n<\/ul>\n<p><strong>FRANCE<\/strong><\/p>\n<ul>\n<li>Priez pour le tout premier service d\u2019adoration en ligne de l\u2019Alliance Nationale qui doit avoir lieu le dimanche de Pentec\u00f4te, le 31 mai, et o\u00f9 la diversit\u00e9 de la famille de l\u2019Alliance en France sera c\u00e9l\u00e9br\u00e9e.<\/li>\n<li>Priez pour le tout premier \u00e9v\u00e9nement de pri\u00e8re en ligne de l\u2019Alliance Nationale fran\u00e7aise qui aura lieu le lundi de Pentec\u00f4te le 1er juin et o\u00f9 tous les participants prieront dans leur langue maternelle.<\/li>\n<\/ul>\n<p><strong>GRANDE-BRETAGNE<\/strong><\/p>\n<ul>\n<li>Priez pour le nouveau cours de formation de disciples \u00e0 l\u2019\u00c9glise de l\u2019Alliance de Manchester, permettant aux gens au sein de l\u2019\u00e9glise de se multiplier, s\u2019attendant \u00e0 ce que Dieu fasse de plus grandes choses \u00e0 travers chacun d\u2019eux. Pour qu\u2019ils sortent avec foi, croyant que c\u2019est le moment qu\u2019il a con\u00e7u pour qu\u2019ils soient plus fructueux.<\/li>\n<li>Priez que la direction de l\u2019\u00e9glise avec un c\u0153ur priant fasse des pr\u00e9parations r\u00e9fl\u00e9chies pour le plan de sortie de la fermeture de l\u2019\u00e9glise en faisant la volont\u00e9 de Dieu.<\/li>\n<\/ul>\n<p><strong>PAYS-BAS<\/strong><\/p>\n<ul>\n<li>Pendant la crise de Corona, de nombreux services religieux sont diffus\u00e9s en ligne et regard\u00e9s chez les membres. Cela signifie que certains membres de la famille qui ne vont normalement pas \u00e0 l\u2019\u00e9glise regardent aussi. Priez pour qu\u2019ils d\u00e9couvrent l\u2019amour de Dieu et aspirent \u00e0 mieux conna\u00eetre J\u00e9sus.<\/li>\n<li>M\u00eame si les r\u00e8gles sont assouplies, la distanciation sociale sera tr\u00e8s probablement maintenue, ce qui signifie que les gens doivent rester s\u00e9par\u00e9s d\u2019au moins 1,5 m. Cela c\u2019est tr\u00e8s compliqu\u00e9 de r\u00e9aliser dans nos \u00e9glises, l\u2019\u00e9cole du dimanche, les \u00e9tudes bibliques et les petits groupes. Merci de prier pour la sagesse et la cr\u00e9ativit\u00e9.<\/li>\n<\/ul>\n<p><strong>RUSSIE<\/strong><\/p>\n<ul>\n<li>Priez pour un miracle pour sauver le camp de Gorni Rodnik, sur la c\u00f4te de la mer Noire, que l\u2019\u00c9glise de l\u2019Alliance Nationale Russe (ECMU) a utilis\u00e9 pour atteindre des milliers d\u2019enfants au cours des 21 derni\u00e8res ann\u00e9es. L\u2019installation devra fermer en raison des d\u00e9fis de la pand\u00e9mie de COVID-19, \u00e0 moins qu\u2019ils puissent lever 3 millions de roubles (41 000 US $) d\u2019ici le 5 juin.\u00a0<a href=\"https:\/\/awf.world\/fr\/awf-news\/appel-pour-sauver-les-installations-du-camp-de-gorni-rodnik-en-russie\/\" target=\"_blank\" rel=\"noopener\">Cliquez ici<\/a>\u00a0pour plus de d\u00e9tails.<\/li>\n<\/ul>\n<hr \/>\n<h3><strong>20 mai 2020<\/strong><\/h3>\n<p><strong>1) <\/strong><strong>R\u00c9GION CLA (AM\u00c9RIQUE LATINE)<\/strong><\/p>\n<p>Merci de prier pour les demandes suivantes de la R\u00e9gion CLA de l\u2019UMA :<\/p>\n<p><strong>BR\u00c9SIL<\/strong><\/p>\n<ul>\n<li>Priez qu\u2019il y ait une attitude de tous les membres de l\u2019Alliance envers un minist\u00e8re dans les villes du Br\u00e9sil. Qu\u2019ils prennent des initiatives pour s\u2019impliquer dans notre mission dans le monde : que chaque homme, chaque femme et chaque enfant ait l\u2019occasion d\u2019entendre l\u2019\u00c9vangile sur diff\u00e9rents fronts et de diff\u00e9rentes mani\u00e8res.<\/li>\n<li>Priez que Dieu poursuive l\u2019\u0153uvre de sanctification en J\u00e9sus par le Saint-Esprit dans son \u00c9glise, en particulier dans sa direction, en ces temps d\u2019adversit\u00e9.<\/li>\n<li>Priez pour la r\u00e9duction de l\u2019instabilit\u00e9 politique et \u00e9conomique au Br\u00e9sil.<\/li>\n<\/ul>\n<p><strong>COLOMBIE<\/strong><\/p>\n<ul>\n<li>Que la provision de Dieu ne manque jamais, qu\u2019Il fournit ce qui est n\u00e9cessaire et prot\u00e8ge l\u2019\u00e9conomie, aussi bien pour les congr\u00e9gations que pour les pasteurs et le personnel.<\/li>\n<li>Pour que Dieu rende disponibles des alli\u00e9s strat\u00e9giques qui profitent \u00e0 l\u2019\u00e9glise locale, r\u00e9gionale, nationale et internationale.<\/li>\n<li>Que les entit\u00e9s financi\u00e8res et les locataires peuvent conclure des accords avec les paiements et les engagements \u00e9conomiques de nos bureaux et de nos membres en g\u00e9n\u00e9ral.<\/li>\n<li>Que, au milieu de cette situation, l\u2019\u00e9glise ne perd pas son message, mais au contraire, qu\u2019il y aura un r\u00e9veil spirituel dans l\u2019unit\u00e9 qui apportera un r\u00e9veil.<\/li>\n<li>Que Dieu donne de la cr\u00e9ativit\u00e9, de la compr\u00e9hension et des connaissances dans l\u2019utilisation des outils et des ressources technologiques qui sont \u00e0 notre disposition pour continuer les programmes de l\u2019\u00e9glise et pour Lui pour prot\u00e9ger notre famille de l\u2019Alliance.<\/li>\n<\/ul>\n<p><strong>CUBA<\/strong><\/p>\n<ul>\n<li>Priez pour notre nation, car, ici aussi, le virus a provoqu\u00e9 l\u2019effondrement de l\u2019\u00e9conomie ; la nourriture est devenue rare et les gens sont d\u00e9sesp\u00e9r\u00e9s.<\/li>\n<li>Priez pour l\u2019\u00e9glise nationale qui a subi les attaques de ce virus, car ne pas se rassembler a apport\u00e9 un refroidissement spirituel.<\/li>\n<li>Priez pour les pasteurs et les dirigeants de nos \u00e9glises et le reste des d\u00e9nominations afin qu\u2019ils puissent faire leur travail sous la direction du Saint-Esprit.<\/li>\n<\/ul>\n<p><strong>\u00c9QUATEUR<\/strong><\/p>\n<ul>\n<li>Nous remercions le Seigneur pour le pasteur David Muthre, pr\u00e9sident de la CLA, et sa famille, car au cours des derni\u00e8res semaines, leur sant\u00e9 s\u2019est consid\u00e9rablement am\u00e9lior\u00e9e et ils accomplissent leurs activit\u00e9s habituelles. Au cours des prochains jours, les tests COVID-19 seront compl\u00e9t\u00e9s pour d\u00e9terminer s\u2019ils ont toujours le virus.<\/li>\n<li>Pour les pasteurs, leurs familles et les \u00e9glises de la CMA de l\u2019\u00c9quateur. Ils traversent des moments difficiles. La pand\u00e9mie a provoqu\u00e9 une situation \u00e9conomique critique pour r\u00e9pondre \u00e0 leurs besoins essentiels. Que Dieu dans sa provision infinie fournisse des ressources opportunes.<\/li>\n<li>Pour les nouvelles mesures de s\u00e9curit\u00e9 et de sant\u00e9 que le gouvernement national a mises en place pour passer progressivement de l\u2019isolement \u00e0 la distanciation sociale. Priez pour que tous les \u00c9quatoriens respectent pleinement ces directives.<\/li>\n<li>Pour l\u2019\u00e9conomie de l\u2019\u00c9quateur et les personnes qui ont perdu leur emploi et ont \u00e9t\u00e9 ajout\u00e9es au taux de ch\u00f4mage. Priez que Dieu leur accorde un revenu pour subvenir aux besoins de leurs familles et leur donner la paix.<\/li>\n<\/ul>\n<p>&nbsp;<\/p>\n<p><strong>2) <\/strong><strong>R\u00c9GION APAC (ASIE PACIFIQUE) DE L\u2019UMA<\/strong><\/p>\n<p>Merci de prier pour les demandes suivantes de la R\u00e9gion APAC de l\u2019UMA :<\/p>\n<p><strong>INDE<\/strong><\/p>\n<ul>\n<li>Priez pour que la propagation du nouveau coronavirus soit contenue, en particulier dans les grandes villes o\u00f9 la population indienne est concentr\u00e9e.<\/li>\n<li>Priez pour la provision de Dieu aux \u00e9glises locales de l\u2019Alliance qui distribuent de la nourriture dans les villages du Gujarat et du Maharashtra.<\/li>\n<li>Priez pour les secours imm\u00e9diats n\u00e9cessaires dans les r\u00e9gions les plus pauvres de l\u2019Inde (nourriture et m\u00e9dicaments).<\/li>\n<li>Priez pour la sant\u00e9 et le bien-\u00eatre \u00e9motionnel des pasteurs de l\u2019Alliance qui exercent leur minist\u00e8re sous le stress.<\/li>\n<\/ul>\n<p><strong>INDON\u00c9SIE<\/strong><\/p>\n<ul>\n<li>Priez pour les 40 pasteurs et leurs familles dans les \u00e9glises CMA de Kalimantan qui ont COVID-19. En plus de la maladie, ils souffrent de la stigmatisation associ\u00e9e au virus.<\/li>\n<li>Priez pour le projet de secours visant \u00e0 aider les villages et les petites communaut\u00e9s \u00e0 acheter des semences pour l\u2019agriculture de subsistance et les petites entreprises agro-alimentaires.<\/li>\n<li>Priez pour les \u00e9glises \u00e0 travers l\u2019Indon\u00e9sie, en particulier les petites congr\u00e9gations, car elles sont confront\u00e9es \u00e0 des d\u00e9fis \u00e9conomiques dus la pand\u00e9mie. La mise en quarantaine pose un d\u00e9fi pour les finances des \u00e9glises, car de nombreuses personnes n\u2019utilisent pas les virements bancaires.<\/li>\n<\/ul>\n<hr \/>\n<h3><strong>6 mai 2020<\/strong><\/h3>\n<p><strong>1) R\u00c9GION APAC (ASIE PACIFIQUE) DE L\u2019UMA<\/strong><\/p>\n<p>Merci de prier pour les demandes suivantes de la R\u00e9gion APAC de l\u2019UMA :<\/p>\n<p><strong>INDE<\/strong><\/p>\n<ul>\n<li>La situation en Inde due la COVID-19 devient plus dangereuse, en particulier dans la ville de Mumbai et l\u2019\u00c9tat du Maharashtra. Le nombre de patients \u00e9volue rapidement et le nombre de d\u00e9c\u00e8s augmente. Merci de prier pour la gu\u00e9rison, le contr\u00f4le de la propagation de la maladie et pour la coop\u00e9ration des citoyens dans la distanciation sociale.<\/li>\n<li>Les personnes qui \u00e9taient venues chercher un emploi \u00e0 Mumbai sont devenues sans emploi et sans abri et meurent sans nourriture. Ils ont d\u00e9sesp\u00e9r\u00e9ment besoin de retourner dans leur province, mais en raison du verrouillage, les trains et autres moyens de transport ne sont pas disponibles. Cela a entra\u00een\u00e9 une tension suppl\u00e9mentaire et des pressions politiques et \u00e9conomiques dans la ville de Mumbai. Lors d\u2019une foule qui lynchait le 16 avril dans le village de Dhanu, deux pr\u00eatres hindous de petite taille et leur chauffeur ont \u00e9t\u00e9 tu\u00e9s par plus de 1 000 personnes. Quelque 120 personnes ont \u00e9t\u00e9 arr\u00eat\u00e9es. Merci de prier pour la paix et la justice dans la ville.<\/li>\n<li>Merci de prier pour la s\u00e9curit\u00e9 des dirigeants chr\u00e9tiens, des communaut\u00e9s, des \u00e9glises, des \u00e9coles et des biens des chr\u00e9tiens.<\/li>\n<li>Un de nos anciens pasteurs de l\u2019Alliance, le R\u00e9v\u00e9rend Madhukar Surwade et Mme Beena Surwade de Pune ont \u00e9t\u00e9 test\u00e9s positifs. Veuillez prier pour eux.<\/li>\n<\/ul>\n<p><strong>MONGOLIE<\/strong><\/p>\n<ul>\n<li>Rejoignons le Pr\u00e9sident de l\u2019\u00c9glise Nationale Mongole Lxavgasuren (nom anglais Luke) et les \u00e9glises de l\u2019Alliance alors qu\u2019ils se r\u00e9unissent en ligne et dans de petits rassemblements pour prier pendant cette crise.<\/li>\n<li>Quelques chr\u00e9tiens se r\u00e9unissent avec leurs familles pour lire les \u00c9critures et prier pour les autres et pour que le pays retrouve la foi et la sant\u00e9 alors que la peur de cette pand\u00e9mie se propage.<\/li>\n<\/ul>\n<p>&nbsp;<\/p>\n<p><strong>2) R\u00c9GION AFRIQUE DE L\u2019UMA<\/strong><\/p>\n<p>Merci de prier pour les demandes suivantes de la R\u00e9gion Afrique de l\u2019UMA :<\/p>\n<p><strong>LIBERIA<\/strong><\/p>\n<p>Veuillez informer la famille de l\u2019UMA que le coronavirus se trouve au Liberia. Actuellement, nous avons plus de 150 cas confirm\u00e9s, 18 d\u00e9c\u00e8s et 45 qui se sont r\u00e9tablis. Le gouvernement du Liberia a ordonn\u00e9 un verrouillage pendant deux semaines ; il s\u2019est termin\u00e9 la semaine derni\u00e8re. Mais parce que le virus se propage rapidement dans le pays, le gouvernement a d\u00e9clar\u00e9 l\u2019\u00e9tat d\u2019urgence, a annonc\u00e9 un nouveau verrouillage de 14 jours et un commandement de rester \u00e0 la maison de 46 jours &#8211; un total de 60 jours. Nos \u00e9glises sont ferm\u00e9es. Pendant les 14 premiers jours de verrouillage, le gouvernement n\u2019a pas fourni de nourriture aux personnes dans le besoin. Le deuxi\u00e8me verrouillage de 14 jours est en cours, mais le gouvernement n\u2019a pas encore fourni de nourriture. Priez pour que Dieu :<\/p>\n<ul>\n<li>renforcez le leadership de l\u2019\u00e9glise alors que nous servons les saints et \u00e9vang\u00e9lisons pendant cette p\u00e9riode cruciale.<\/li>\n<li>donner de la sagesse au gouvernement lib\u00e9rien face \u00e0 la crise des coronavirus.<\/li>\n<li>rouvrez notre s\u00e9minaire. Cette institution de formation des pasteurs a \u00e9t\u00e9 ferm\u00e9e \u00e0 la suite de la longue guerre civile au Liberia. L\u2019\u00e9cole a \u00e9t\u00e9 rouverte le 2 mars 2020, mais maintenant elle est, de nouveau ferm\u00e9e, en raison du coronavirus.<\/li>\n<\/ul>\n<p>&nbsp;<\/p>\n<p><strong>3) R\u00c9GION CLA (AM\u00c9RIQUE LATINE)<\/strong><\/p>\n<p>Merci de prier pour les demandes suivantes de la R\u00e9gion CLA de l\u2019UMA :<\/p>\n<p><strong>BR\u00c9SIL<\/strong><\/p>\n<ul>\n<li>Priez pour les pasteurs, les ministres, les planteurs d\u2019\u00e9glises, les missionnaires et leurs familles pendant cette p\u00e9riode d\u2019adversit\u00e9 et dans les difficult\u00e9s qui se pr\u00e9senteront pour que, gr\u00e2ce \u00e0 des initiatives de pastorale mutuelle, de soins et de mentorat, nous puissions coop\u00e9rer pour la sant\u00e9 des familles, des \u00e9glises, missions mondiales et implantation d\u2019\u00e9glises au Br\u00e9sil.<\/li>\n<li>Priez pour l\u2019unit\u00e9 biblique aux fins que le Seigneur a pour l\u2019Alliance Nationale Br\u00e9silienne (ACEMBRAS). Priez pour que, dans le repentir et l\u2019humilit\u00e9, nous puissions nous entraider, prier et planifier ensemble, coop\u00e9rer avec ce que Dieu fait dans la vocation des personnes, revitaliser et implanter de nouvelles \u00e9glises pour l\u2019avancement de Son Royaume sur terre.<\/li>\n<li>Priez pour les personnes les plus vuln\u00e9rables au COVID-19 dans nos communaut\u00e9s.<\/li>\n<li>Priez pour le d\u00e9veloppement de la vision ACEMBRAS 2030, sur laquelle nous voulons travailler davantage cette ann\u00e9e.<\/li>\n<\/ul>\n<p><strong>COLOMBIE<\/strong><\/p>\n<ul>\n<li>Priez que Dieu donne la sagesse de c\u0153ur et la direction \u00e0 chaque conseil d\u2019administration et qu\u2019ils avancent tout en faisant face aux difficult\u00e9s qui ont surgi dans la fermeture des \u00e9glises en raison des restrictions de d\u00e9placement.<\/li>\n<li>Priez que Dieu prot\u00e8ge la sant\u00e9 de toutes les familles de l\u2019Alliance.<\/li>\n<li>Priez que Dieu accomplisse des miracles \u00e9conomiques dans les \u00e9glises et de cette mani\u00e8re nous pouvons continuer \u00e0 \u00eatre l\u2019\u00e9glise sur tous les fronts.<\/li>\n<li>Priez que Dieu renforce notre quartier g\u00e9n\u00e9ral, qu\u2019il ne faiblisse pas dans la pr\u00e9dication de l\u2019\u00c9vangile et dans les activit\u00e9s de la maison.<\/li>\n<li>Priez pour que nous puissions mener des mouvements d\u2019\u00e9vang\u00e9lisation depuis nos maisons et que le c\u0153ur de ceux qui ne connaissent pas le Seigneur J\u00e9sus soit sensible \u00e0 la Parole de Dieu.<\/li>\n<li>Priez que Dieu prot\u00e8ge les travailleurs qui sont isol\u00e9s dans les pays o\u00f9 ils exercent leur mission. Que Dieu pourvoie et continue d\u2019apporter de l\u2019espoir \u00e0 ceux qui les entourent au milieu des difficult\u00e9s.<\/li>\n<\/ul>\n<p><strong>P\u00c9ROU<\/strong><\/p>\n<p>Pour notre pays :<\/p>\n<ul>\n<li>Le secteur de la sant\u00e9 s\u2019est effondr\u00e9 en raison de la pand\u00e9mie ; la corruption se poursuit au milieu de la crise ; la pauvret\u00e9 et l\u2019extr\u00eame pauvret\u00e9 ont \u00e9t\u00e9 expos\u00e9es ; les gens meurent de faim. Priez \u00e9galement pour le gouvernement et les autorit\u00e9s du P\u00e9rou.<\/li>\n<\/ul>\n<p>Pour notre \u00e9glise nationale :<\/p>\n<ul>\n<li>Nous voyons nos \u00ab premiers soldats bless\u00e9s et tr\u00e8s affect\u00e9s \u00bb et nous constatons que nous pouvons faire beaucoup avec un peu.<\/li>\n<li>Priez que la pr\u00e9sence de Dieu nous fortifie et pourvoie \u00e0 tous les besoins en ce moment.<\/li>\n<\/ul>\n<p>Pour l\u2019avenir de notre pays :<\/p>\n<ul>\n<li>Priez pour plus de pasteurs, de dirigeants et de membres consacr\u00e9s, avec plus de ressources technologiques pour \u00e9tendre le Royaume de Dieu et que de nombreuses portes s\u2019ouvrent pour pr\u00eacher l\u2019\u00c9vangile au P\u00e9rou et dans le monde.<\/li>\n<\/ul>\n<p>&nbsp;<\/p>\n<hr \/>\n<p>&nbsp;<\/p>\n<h2>Pri\u00e8res de l\u2019UMA &#8211; Avril 2020<\/h2>\n<p>&nbsp;<\/p>\n<h3><strong>29 avril 2020<\/strong><\/h3>\n<p><strong>R\u00c9GION DE L\u2019EMERALD DE L\u2019UMA (EUROPE ET MOYEN-ORIENT)<\/strong><\/p>\n<p>Merci de prier pour les demandes suivantes de la r\u00e9gion de l\u2019EMERALD de l\u2019UMA :<\/p>\n<p><strong>L\u2019EMERALD DE L&rsquo;UMA<\/strong><\/p>\n<ul>\n<li>Priez que les \u00e9glises et les travailleurs de l\u2019Alliance en Allemagne, Belgique, Bosnie, Bulgarie, Espagne, Finlande, France, Grande-Bretagne, Irak, Italie, Jordanie, Kosovo, Kowe\u00eft, Liban, Mac\u00e9doine, Pays-Bas, Pologne, Portugal, R\u00e9publique Tch\u00e8que, Russie et Terre Sainte peut \u00eatre un instrument de b\u00e9n\u00e9diction pour leurs communaut\u00e9s.<\/li>\n<li>Priez pour les pasteurs de l\u2019Alliance et les chefs d\u2019\u00e9glise alors qu\u2019ils s\u2019engagent dans de nouvelles m\u00e9thodes, telles que les services de diffusion en direct et les groupes de cellules virtuelles, pour maintenir la croissance communautaire et spirituelle dans nos \u00e9glises.<\/li>\n<li>Priez pour les membres de l\u2019\u00e9glise de l\u2019Alliance qui se tournent vers les autres et les encouragent, en cas de besoin face \u00e0 cette situation difficile (Romains 15 : 2).<\/li>\n<\/ul>\n<p><strong>MISSIONS DE L\u2019EMERALD<\/strong><\/p>\n<ul>\n<li>Priez pour le projet de mission Emerald \u00e0 Burgas, en Bulgarie, et le soutien financier suppl\u00e9mentaire n\u00e9cessaire (200 \u20ac\/mois) pour assurer la durabilit\u00e9 du projet et le bien-\u00eatre du couple missionnaire Andrei et Tanya.<\/li>\n<\/ul>\n<p><strong>DIASPORA DE L\u2019ALLIANCE AFRICAINE<\/strong><\/p>\n<ul>\n<li>Priez pour le soutien financier du minist\u00e8re de la diaspora de l\u2019Alliance africaine.<\/li>\n<\/ul>\n<p><strong>ESPAGNE<\/strong><\/p>\n<ul>\n<li>Priez pour le pays d\u2019Espagne, qui conna\u00eet le deuxi\u00e8me taux de mortalit\u00e9 le plus \u00e9lev\u00e9 parmi les personnes infect\u00e9es par le virus dans la r\u00e9gion (23 521 d\u00e9c\u00e8s au 27 avril), et que les gens se tourneront vers Dieu en ce moment.<\/li>\n<li>Louez Dieu pour le fait que plusieurs travailleurs et membres de l\u2019\u00c9glise qui \u00e9taient tr\u00e8s gravement malades soient revenus du bord de la mort par la pri\u00e8re. Ils auront un long chemin \u00e0 parcourir pour se r\u00e9tablir compl\u00e8tement.<\/li>\n<li>Priez pour un travailleur international qui a r\u00e9cemment renou\u00e9 avec douze femmes avec lesquelles elle a \u00e9tudi\u00e9 la langue. Elle demande de la sagesse pour consid\u00e9rer le c\u0153ur de Dieu concernant ces douze : pour voir ce qu\u2019il leur donne et pour t\u00e9moigner du Messie.<\/li>\n<li>Priez pour la protection de Dieu pour les travailleurs agricoles immigr\u00e9s en Andalousie. Il existe \u00e9galement un nombre consid\u00e9rable d\u2019Africains subsahariens pris dans les conditions horribles de la \u00ab mer de plastique \u00bb, les serres en plastique r\u00e9parties dans deux provinces le long de la c\u00f4te sud.<\/li>\n<\/ul>\n<p><strong>FRANCE<\/strong><\/p>\n<ul>\n<li>Priez pour l\u2019AGA AECM France qui aura lieu le 9 mai par vid\u00e9oconf\u00e9rence.<\/li>\n<\/ul>\n<p><strong>ITALIE<\/strong><\/p>\n<ul>\n<li>Priez pour le pays d\u2019Italie, car il conna\u00eet le taux de mortalit\u00e9 le plus \u00e9lev\u00e9 parmi les personnes infect\u00e9es par le virus dans la r\u00e9gion (26 977 d\u00e9c\u00e8s au 27 avril), et que les gens se tournent vers Dieu en ce moment.<\/li>\n<li>Priez que Dieu b\u00e9nisse la famille de l\u2019Alliance en Italie et renforce son unit\u00e9.<\/li>\n<\/ul>\n<p><strong>JORDANIE<\/strong><\/p>\n<ul>\n<li>Priez pour le pasteur Nour et l\u2019\u00e9glise de l\u2019Alliance Mafraq alors qu\u2019ils continuent de partager la compassion de Dieu avec les r\u00e9fugi\u00e9s syriens \u00e0 Mafraq malgr\u00e9 le verrouillage.<\/li>\n<\/ul>\n<p><strong>PAYS-BAS<\/strong><\/p>\n<ul>\n<li>Priez pour le processus d\u2019unification de notre d\u00e9nomination ABC (<strong>A<\/strong>lliance des \u00e9glises <strong>B<\/strong>aptistes libres et<strong> C<\/strong>AMA-Parousia) avec l\u2019Union baptiste. Priez que ce processus approfondisse nos valeurs de foi et notre approche pour renforcer des \u00e9glises saines.<\/li>\n<\/ul>\n<p><strong>SYRIE<\/strong><\/p>\n<p>Merci de prier pour :<\/p>\n<ul>\n<li>la s\u00e9curit\u00e9 des \u00e9glises locales de l\u2019Alliance dans les zones d\u2019instabilit\u00e9.<\/li>\n<li>que les gens recherchent Dieu et se tournent vers lui en cas de besoin.<\/li>\n<li>les pr\u00e9paratifs des c\u00e9l\u00e9brations du centenaire de l\u2019Alliance syrienne en 2020.<\/li>\n<\/ul>\n<p><strong>R\u00c9PONSE \u00c0 LA PAND\u00c9MIE COVID-19<\/strong><\/p>\n<ul>\n<li>Par-dessus tout, aimons-nous profond\u00e9ment par la pri\u00e8re, car nous reconnaissons que le Seigneur \u0153uvre pour notre bien et sa gloire (Romains 8 : 28).<\/li>\n<li>Priez pour ceux qui sont en premi\u00e8re ligne, qu\u2019ils soient m\u00e9decins ou soignants.<\/li>\n<li>Priez pour les gouvernements qui d\u00e9ploient des mesures pour limiter la progression du virus et prot\u00e9ger les populations locales.<\/li>\n<li>Priez pour ceux qui sont anxieux, non seulement pour les probl\u00e8mes de sant\u00e9, mais aussi pour le travail, les finances, la solitude, l\u2019isolement loin des familles, etc.<\/li>\n<\/ul>\n<hr \/>\n<h3><strong>15 avril 2020<\/strong><\/h3>\n<p><strong>1) FAMILLE MONDIALE DE L\u2019ALLIANCE ET COVID-19<\/strong><\/p>\n<ul>\n<li>Merci de prier pour le r\u00e9v\u00e9rend David Muthre, Coordinateur R\u00e9gional de l\u2019UMA pour l\u2019Am\u00e9rique latine et Pr\u00e9sident de la CMA de l\u2019\u00c9quateur, alors qu\u2019il est sous traitement pour COVID-19. Le diagnostic a \u00e9t\u00e9 confirm\u00e9 vendredi dernier et il se sent bien. Isabel, sa femme et Michelle, sa fille a\u00een\u00e9e, suivent \u00e9galement un traitement \u00e0 domicile.<\/li>\n<li>Merci de prier pour nos fr\u00e8res et s\u0153urs de la Famille Mondiale de l\u2019Alliance qui sont infect\u00e9s par le nouveau coronavirus. Jusqu\u2019\u00e0 pr\u00e9sent, nous avons connaissance de tels cas au Br\u00e9sil, au Chili, en \u00c9quateur, en Espagne, aux \u00c9tats-Unis, en France, en Italie et au P\u00e9rou.<\/li>\n<\/ul>\n<p>&nbsp;<\/p>\n<p><strong>2) R\u00c9GION DE L\u2019AM\u00c9RIQUE DU NORD DE L\u2019UMA<\/strong><\/p>\n<p>Merci de prier pour les demandes suivantes de la R\u00e9gion de l\u2019Am\u00e9rique du Nord de l\u2019UMA :<\/p>\n<ul>\n<li>Priez pour la famille de l\u2019Alliance aux \u00c9tats-Unis, en particulier pour ceux qui vivent \u00e0 New York, qui sont grandement touch\u00e9s par la pand\u00e9mie de COVID-19.<\/li>\n<li>\u00c0 l\u2019instar des missionnaires pionniers de la CMA qui ont exerc\u00e9 leur autorit\u00e9 sur les maladies et toutes sortes de maux, veuillez prier avec audace et pers\u00e9v\u00e9rance pour la fin de la pand\u00e9mie de COVID-19 en Am\u00e9rique du Nord et dans le monde entier.<\/li>\n<li>D\u00e9clarez que c\u2019est une saison de grande opportunit\u00e9, de provision surnaturelle et de perc\u00e9e spirituelle pour l\u2019\u00c9glise mondiale.<\/li>\n<\/ul>\n<p>&nbsp;<\/p>\n<p><strong>3) R\u00c9GION APAC (ASIE PACIFIQUE) DE L\u2019UMA<\/strong><\/p>\n<p>Merci de prier pour les demandes suivantes de la R\u00e9gion APAC de l\u2019UMA :<\/p>\n<ul>\n<li>En raison de la pand\u00e9mie du virus COVID-19, les pasteurs des petites \u00e9glises sont financi\u00e8rement affect\u00e9s. Priez pour l\u2019intervention divine de Dieu o\u00f9 ses ouvriers conna\u00eetront son abondante provision mat\u00e9rielle au milieu de cette crise sanitaire. Priez pour que toutes Ses \u00e9glises de la r\u00e9gion soient \u00e9pargn\u00e9es des effets d\u00e9vastateurs du virus. Les pays de la r\u00e9gion continuent de signaler davantage de cas et de d\u00e9c\u00e8s dus au COVID-19.<\/li>\n<li>De plus en plus de pays de la r\u00e9gion s\u2019\u00e9veillent spirituellement \u00e0 cause du virus COVID-19. Les \u00e9glises se r\u00e9unissent pour prier pour la gu\u00e9rison de Dieu dans tous les pays touch\u00e9s par le virus. Priez pour que le Royaume de Dieu naisse dans le c\u0153ur de chaque personne qui n\u2019a pas encore eu d\u2019exp\u00e9rience personnelle avec le Seigneur J\u00e9sus-Christ.<\/li>\n<li>Priez pour que la sagesse de Dieu guide tous les chefs de gouvernement de chaque pays de la r\u00e9gion Asie-Pacifique pour r\u00e9pondre efficacement aux personnes en crise ainsi que la coop\u00e9ration de la population \u00e0 toutes les directives du gouvernement.<\/li>\n<\/ul>\n<p>&nbsp;<\/p>\n<p><strong>4) R\u00c9GION AFRIQUE DE L\u2019UMA<\/strong><\/p>\n<p>Merci de prier pour les demandes suivantes de la R\u00e9gion Afrique de l\u2019UMA :<\/p>\n<p>Les effets collat\u00e9raux et les cons\u00e9quences financi\u00e8res et spirituelles, sont incalculables. Pour cela, nous demandons \u00e0 toute la famille de l\u2019Alliance de prier pour :<\/p>\n<ul>\n<li>Tous les serviteurs de Dieu et les dirigeants afin que le Seigneur leur accorde la sagesse pour g\u00e9rer la crise.<\/li>\n<li>Les fid\u00e8les afin que le Seigneur les soutiennent et garde leur foi tout au long de cette epreuve.<\/li>\n<\/ul>\n<hr \/>\n<h3><strong>8 avril 2020<\/strong><\/h3>\n<p><strong>R\u00c9GION CLA DE L\u2019UMA (AM\u00c9RIQUE LATINE)<\/strong><\/p>\n<p>Merci de prier pour les demandes suivantes de la R\u00e9gion CLA de l\u2019UMA:<\/p>\n<ul>\n<li>Que la Parole de Dieu traverse librement les nations, atteignant les perdus et les s\u00e9par\u00e9s. Puissions-nous tirer le meilleur parti des opportunit\u00e9s offertes par les r\u00e9seaux sociaux et la technologie pour continuer d\u2019annoncer l\u2019\u00c9vangile depuis chez nous.<\/li>\n<li>Pour des soins divins lors de la crise du coronavirus dans nos pays et dans nos \u00e9glises. Priez pour les personnes les plus vuln\u00e9rables au COVID-19 dans nos communaut\u00e9s.<\/li>\n<li>Priez que Dieu continue l\u2019\u0153uvre de sanctification en J\u00e9sus par le Saint-Esprit dans Son \u00c9glise en ces temps d\u2019adversit\u00e9.<\/li>\n<li>Prions pour les \u00e9conomies des pays. Au milieu d\u2019une crise \u00e9conomique et d\u2019un ch\u00f4mage \u00e9lev\u00e9, les effets de la pand\u00e9mie peuvent \u00eatre d\u00e9vastateurs pour la sant\u00e9 et l\u2019\u00e9conomie de divers secteurs de la soci\u00e9t\u00e9, y compris les \u00e9glises.<\/li>\n<\/ul>\n<p><strong>ARGENTINE<\/strong><\/p>\n<ul>\n<li>Corps pastoral : pour que la sagesse de Dieu couvre spirituellement les congr\u00e9gations \u00e0 ce moment o\u00f9 il n\u2019est pas possible de se rencontrer physiquement.<\/li>\n<li>Pour les travailleurs argentins \u00e0 l\u2019\u00e9tranger : Asie centrale, Italie, Hongrie, Croatie, Angleterre. Pour leur sant\u00e9 et leur soutien.<\/li>\n<li>Congr\u00e9gations : pers\u00e9v\u00e9rance, foi et esp\u00e9rance en Dieu.<\/li>\n<\/ul>\n<p><strong>BOLIVIE<\/strong><\/p>\n<ul>\n<li>Pour la d\u00e9finition de l\u2019implantation d\u2019\u00e9glises en Bolivie.<\/li>\n<li>Pour la continuit\u00e9 de la formation des dirigeants et pasteurs en Bolivie, malgr\u00e9 la crise du nouveau coronavirus.<\/li>\n<\/ul>\n<p><strong>BR\u00c9SIL<\/strong><\/p>\n<ul>\n<li>Priez qu\u2019il y ait une attitude de tous les membres de l\u2019Alliance envers un minist\u00e8re dans les villes du Br\u00e9sil. Qu\u2019ils prennent des initiatives pour s\u2019impliquer dans notre mission dans le monde : que chaque homme, chaque femme et chaque enfant ait la possibilit\u00e9 d\u2019entendre l\u2019\u00c9vangile sur diff\u00e9rents fronts et de diff\u00e9rentes mani\u00e8res.<\/li>\n<li>Priez pour l\u2019unit\u00e9 biblique. Priez qu\u2019avec repentance et humilit\u00e9, nous puissions nous entraider, prier et planifier ensemble, coop\u00e9rer avec ce que Dieu fait dans la vocation des gens, revitaliser et implanter de nouvelles \u00e9glises pour l\u2019avancement de son royaume sur terre.<\/li>\n<\/ul>\n<p><strong>CHILI<\/strong><\/p>\n<ul>\n<li>Priez pour notre \u00e9quipe missionnaire \u00e0 l\u2019\u00e9tranger. Puissent-ils \u00eatre soign\u00e9s et prot\u00e9g\u00e9s.<\/li>\n<li>Priez pour nos a\u00een\u00e9s. La saison froide arrive bient\u00f4t et ils sont tr\u00e8s vuln\u00e9rables au COVID-19. Une de nos \u00e9glises pleure le d\u00e9c\u00e8s d\u2019une femme a\u00een\u00e9e.<\/li>\n<li>Priez pour notre s\u00e9minaire th\u00e9ologique et ses deux extensions. Ils poursuivent leur programme acad\u00e9mique via des plateformes Internet.<\/li>\n<\/ul>\n<p><strong>COLOMBIE<\/strong><\/p>\n<p>Prions pour :<\/p>\n<ul>\n<li>La protection de nos pasteurs qui continuent \u00e0 exercer leur travail minist\u00e9riel dans les zones o\u00f9 op\u00e8rent des groupes arm\u00e9s.<\/li>\n<li>Priez pour des projets de travail social et d\u2019\u00e9vang\u00e9lisation dans les communaut\u00e9s de l\u2019Amazonie colombienne et o\u00f9 nos missionnaires serviront.<\/li>\n<li>Priez pour une personne avec une vocation et une passion pour agir en tant que coordinateur du minist\u00e8re de la jeunesse de la Jeune Alliance dans la r\u00e9gion de Valle.<\/li>\n<li>Demandez une solution rapide au ch\u00f4mage \u00e0 dur\u00e9e ind\u00e9termin\u00e9e qui se d\u00e9veloppe dans les communaut\u00e9s paysannes de Caquet\u00e1.<\/li>\n<\/ul>\n<p><strong>EQUATEUR<\/strong><\/p>\n<ul>\n<li>Priez pour les pasteurs des \u00e9glises de l\u2019Alliance qui servent leurs membres et proclament J\u00e9sus-Christ au milieu de la pand\u00e9mie. Priez surtout pour les \u00e9glises de la r\u00e9gion de Guaya, dont la capitale Guayaquil accueillera la Convocation Quadriennale, o\u00f9 la situation de pand\u00e9mie est la plus critique. De nombreuses personnes meurent dans cette r\u00e9gion, y compris des membres de diverses \u00e9glises de l\u2019Alliance.<\/li>\n<li>Priez pour la famille du pasteur David Muthre, pr\u00e9sident de la CMA \u00c9quateur et de la CLA, et surtout pour sa femme Isabel, qui a re\u00e7u hier la confirmation qu\u2019elle avait contract\u00e9 COVID-19 apr\u00e8s avoir subi des tests de laboratoire. Elle ne pr\u00e9sente pas le cas le plus agressif, pour lequel elle n\u2019a pas besoin d\u2019\u00eatre hospitalis\u00e9e, mais restera en traitement \u00e0 domicile.<\/li>\n<\/ul>\n<p><strong>P\u00c9ROU<\/strong><\/p>\n<ul>\n<li>Pour la sagesse de nos autorit\u00e9s gouvernementales, r\u00e9gionales et de district, afin qu\u2019en ces temp difficile, elles prennent les meilleures d\u00e9cisions.<\/li>\n<li>Pour les professionnels de la sant\u00e9, militaires, policiers et autres travailleurs qui servent le pays en ces temps de crise, mettant leur sant\u00e9 et leur s\u00e9curit\u00e9 en danger.<\/li>\n<li>Pour la c\u00e9l\u00e9bration du JOUR DU JE\u00dbNE ET DE LA PRI\u00c8RE : P\u00c9ROU, J\u00c9SUS-CHRIST EST L\u2019UNIQUE ESPOIR, qui aura lieu le dimanche 12 avril. Cet \u00e9v\u00e9nement r\u00e9unira le peuple chr\u00e9tien \u00e9vang\u00e9lique du P\u00e9rou.<\/li>\n<\/ul>\n<p>&nbsp;<\/p>\n<hr \/>\n<p>&nbsp;<\/p>\n<h2>Pri\u00e8res de l\u2019UMA &#8211; Mars 2020<\/h2>\n<p>&nbsp;<\/p>\n<h3><strong>25 mars 2020<\/strong><\/h3>\n<p><strong>R\u00c9GION DE L\u2019EMERALD (EUROPE &amp; MOYEN-ORIENT) DE L\u2019UMA<\/strong><\/p>\n<p>Merci de prier pour les demandes suivantes de la r\u00e9gion de l\u2019EMERALD de l\u2019UMA :<\/p>\n<p><strong>R\u00c9PONSE AU PAND\u00c9MIE DU COVID-19<\/strong><\/p>\n<ul>\n<li>Nous savons, du reste, que toutes choses concourent au bien de ceux qui aiment Dieu, de ceux qui sont appel\u00e9s selon son dessein (Romains 8 : 28).<\/li>\n<li>Priez pour ceux qui sont en premi\u00e8re ligne, qu\u2019ils soient m\u00e9decins ou soignants.<\/li>\n<li>Priez pour les gouvernements qui d\u00e9ploient des mesures pour limiter la progression du virus et prot\u00e9ger les populations locales.<\/li>\n<li>Priez pour ceux qui sont inquiets, non seulement pour les probl\u00e8mes de sant\u00e9, mais aussi pour le travail, les finances, la solitude, l\u2019isolement loin de leur famille, etc.<\/li>\n<\/ul>\n<p><strong>EMERALD DE L\u2019AWF<\/strong><\/p>\n<ul>\n<li>Priez pour toutes les \u00e9glises de l\u2019Alliance de la r\u00e9gion qui ont d\u00fb s\u2019adapter \u00e0 cette nouvelle situation, o\u00f9 les rassemblements et les services religieux sont d\u00e9sormais interdits dans plusieurs pays.<\/li>\n<li>Priez pour toutes les \u00e9glises de l\u2019Alliance de la r\u00e9gion qui ont d\u00fb s\u2019adapter \u00e0 cette nouvelle situation, o\u00f9 les rassemblements et les services religieux sont d\u00e9sormais interdits dans plusieurs pays.<\/li>\n<li>Priez pour les membres d\u2019\u00e9glise de l\u2019Alliance qui tendent la main aux autres et les encouragent en cas de besoin face \u00e0 cette situation difficile (Romains 15 : 2).<\/li>\n<li>Priez pour que les \u00e9glises de l\u2019Alliance en France, en Allemagne, en Grande-Bretagne, en Italie, en Jordanie, au Liban, aux Pays-Bas, en Russie, en Syrie et en Espagne puissent \u00eatre une lumi\u00e8re brillante pour J\u00e9sus en ces temps difficiles alors qu\u2019elles soutiennent les \u00e9glises locales face aux d\u00e9fis de la pand\u00e9mie de COVID-19.<\/li>\n<\/ul>\n<p><strong>MISSIONS DE L\u2019EMERALD<\/strong><\/p>\n<ul>\n<li>Priez pour le projet de missions de l\u2019EMERALD \u00e0 Burgas, en Bulgarie et le soutien financier suppl\u00e9mentaire requis (200 \u20ac\/mois) pour assurer la durabilit\u00e9 du projet et le bien-\u00eatre du couple missionnaire Andrei et Tanya.<\/li>\n<\/ul>\n<p><strong>DIASPORA DE L\u2019ALLIANCE AFRICAINE<\/strong><\/p>\n<ul>\n<li>Priez pour le soutien financier du minist\u00e8re de la diaspora de l\u2019Alliance africaine.<\/li>\n<\/ul>\n<p><strong>GRANDE BRETAGNE<\/strong><\/p>\n<ul>\n<li>Louez Dieu pour le S\u00e9minaire sur l\u2019ADN de l\u2019Alliance qui s\u2019est d\u00e9roul\u00e9 avec succ\u00e8s du 3 au 4 mars avec Rocco Rausch.<\/li>\n<li>Priez pour les pr\u00e9paratifs de la conf\u00e9rence CMA GB (7-9 juin), o\u00f9 le pasteur Milad Dagher du Liban sera le conf\u00e9rencier principal, et que la situation actuelle s\u2019am\u00e9liore pour que la conf\u00e9rence puisse se poursuivre.<\/li>\n<\/ul>\n<p><strong>ITALIE<\/strong><\/p>\n<ul>\n<li>Priez pour le pays d\u2019Italie, car il fait face au taux de mortalit\u00e9 le plus \u00e9lev\u00e9 parmi ceux infect\u00e9s par le virus (6 077 \u00a0d\u00e9c\u00e8s au 24 mars), et que les gens se tournent vers Dieu en ce moment.<\/li>\n<li>Priez pour l\u2019unit\u00e9 et la sagesse parmi les dirigeants des \u00c9glises de l\u2019Alliance en Italie. Priez que Dieu b\u00e9nisse la famille de l\u2019Alliance en Italie et renforce son unit\u00e9.<\/li>\n<\/ul>\n<p><strong>JORDANIE<\/strong><\/p>\n<ul>\n<li>Louez Dieu pour la r\u00e9union annuelle du Conseil des CMA en Jordanie et en Terre Sainte le vendredi 28 f\u00e9vrier. Priez pour le pr\u00e9sident et le Comit\u00e9 Ex\u00e9cutif qui ont \u00e9t\u00e9 \u00e9lus lors de la r\u00e9union annuelle.<\/li>\n<\/ul>\n<p><strong>LIBAN<\/strong><\/p>\n<ul>\n<li>Priez pour le Liban, qui conna\u00eet des troubles sociaux importants et priez pour les autorit\u00e9s qui cherchent \u00e0 trouver des solutions pour apaiser la col\u00e8re exprim\u00e9e.<\/li>\n<li>Priez pour la protection des \u00e9glises de l\u2019Alliance au Liban en ces temps instables.<\/li>\n<\/ul>\n<p><strong>PAYS-BAS<\/strong><\/p>\n<ul>\n<li>Priez pour le processus d\u2019unification de notre d\u00e9nomination ABC (<strong>A<\/strong>lliance des \u00e9glises Libres-<strong>B<\/strong>aptistes et <strong>C<\/strong>ama-Parousia) avec la Baptist-Union. Priez que ce processus approfondisse nos valeurs de foi et notre approche pour renforcer des \u00e9glises saines.<\/li>\n<li>Priez pour les pr\u00e9paratifs de la Conf\u00e9rence Annuelle des Dirigeants, qui doit avoir lieu du 20 au 22 avril et que la situation actuelle s\u2019am\u00e9liore pour que la conf\u00e9rence puisse se poursuivre.<\/li>\n<\/ul>\n<p><strong>SYRIE<\/strong><\/p>\n<p>Merci de prier pour :<\/p>\n<ul>\n<li>la s\u00e9curit\u00e9 des \u00e9glises locales de l\u2019Alliance dans les zones d\u2019instabilit\u00e9 ;<\/li>\n<li>que les gens recherchent Dieu et se tournent vers lui en cas de besoin ;<\/li>\n<li>les pr\u00e9paratifs des c\u00e9l\u00e9brations du centenaire de l\u2019Alliance syrienne en 2020.<\/li>\n<\/ul>\n<p><strong>ESPAGNE<\/strong><\/p>\n<ul>\n<li>Priez pour le pays d\u2019Espagne, car il conna\u00eet le deuxi\u00e8me taux de mortalit\u00e9 le plus \u00e9lev\u00e9 parmi les personnes infect\u00e9es par le virus en Europe (2 696 d\u00e9c\u00e8s au 24 mars), et que les gens se tourneront vers Dieu en ce moment.<\/li>\n<li>Priez pour quatre \u00e9glises de l\u2019Alliance qui ont \u00e9t\u00e9 directement touch\u00e9es par la contagion du COVID-19 (deux \u00e9glises \u00e0 Madrid et deux \u00e0 Barcelone). Plusieurs membres sont malades, pour la plupart b\u00e9nins, mais quelques-uns sont hospitalis\u00e9s.<\/li>\n<\/ul>\n<hr \/>\n<h3><strong>11 mars 2020<\/strong><\/h3>\n<p><strong>1) UNION MONDIALE DE L\u2019ALLIANCE (UMA)<\/strong><\/p>\n<p><strong>R\u00e9union ICTE, 17-20 mars \u00e0 Amsterdam, Pays-Bas :<\/strong><\/p>\n<ul>\n<li>Veuillez prier pour la sagesse spirituelle lors de la r\u00e9union de la Commission Internationale de l\u2019\u00c9ducation Th\u00e9ologique de l\u2019UMA (ICTE) pour discuter de la D\u00e9claration Quadriennale, s\u00e9lectionner les r\u00e9cipiendaires du Prix de Th\u00e9ologie de l\u2019UMA et planifier des \u00e9v\u00e9nements futurs tels que l\u2019Initiative des Jeunes \u00c9tudiants pour 2021, les symposiums th\u00e9ologiques et le Cours d\u2019histoire et de th\u00e9ologie de l\u2019Alliance.<\/li>\n<\/ul>\n<p><strong>R\u00e9union du Comit\u00e9 Ex\u00e9cutif, 23-28 mars :<\/strong><\/p>\n<ul>\n<li>Veuillez prier pour le discernement spirituel et la vision alors que le Comit\u00e9 Ex\u00e9cutif de l\u2019UMA cherche la direction de Dieu pour travailler au renforcement de l\u2019identit\u00e9 de l\u2019Alliance et \u00e0 la coop\u00e9ration pour l\u2019accomplissement de la Grande Commission dans le monde.<\/li>\n<\/ul>\n<p>&nbsp;<\/p>\n<p><strong>2) R\u00c9GION DE L\u2019APAC (ASIE-PACIFIQUE) DE L\u2019UMA<\/strong><\/p>\n<p>Merci de prier pour les demandes suivantes de la r\u00e9gion de l\u2019APAC de l\u2019UMA :<\/p>\n<p><strong>Conseil Annuel de la CMA de Tha\u00eflande du 27 au 29 mars :<\/strong><\/p>\n<ul>\n<li>Priez pour que l\u2019onction sp\u00e9ciale de Dieu soit sur tous les participants et conf\u00e9renciers, leur donnant le c\u0153ur de glorifier Dieu et de se stimuler les uns les autres avec des paroles de sagesse et d\u2019encouragement.<\/li>\n<\/ul>\n<p><strong>Voyage de Vision au Bangladesh du 16 au 19 avril :<\/strong><\/p>\n<ul>\n<li>Priez pour un r\u00e9sultat fructueux de ce voyage en vue de l\u2019avancement du royaume de Dieu de ce pays. Priez que le Seigneur nous donne Ses yeux divins et Son c\u0153ur aimant pour voir et embrasser le but qu\u2019Il a pr\u00e9par\u00e9 pour nous.<\/li>\n<li>Priez pour notre s\u00e9curit\u00e9 tout en engageant ou en visitant diff\u00e9rentes zones du minist\u00e8re avec notre h\u00f4te.<\/li>\n<\/ul>\n<p><strong>S\u00e9minaire\/Formation Distinctif de l\u2019Alliance \u00e0 Bangkok, Tha\u00eflande, du 21 au 24 avril :<\/strong><\/p>\n<ul>\n<li>Priez pour Peter Laughlin et David Paksoal pour la sagesse de Dieu et l\u2019\u00e9mancipation de l\u2019Esprit alors qu\u2019ils dirigent l\u2019\u00e9v\u00e9nement.<\/li>\n<li>Priez pour que Dieu prot\u00e8ge tous les participants des effets continus du Coronavirus.<\/li>\n<li>Priez pour les ressources financi\u00e8res abondantes de Dieu pour l\u2019\u00e9v\u00e9nement, ainsi que pour les participants.<\/li>\n<\/ul>\n<hr \/>\n<h3><strong>4 mars 2020<\/strong><\/h3>\n<p><strong>R\u00c9GION D\u2019AM\u00c9RIQUE DU NORD DE L\u2019UMA<\/strong><\/p>\n<p>Veuillez prier pour les demandes suivantes de la R\u00e9gion d\u2019Am\u00e9rique du Nord de l\u2019UMA :<\/p>\n<p><strong>\u00c9tats-Unis<\/strong><\/p>\n<ul>\n<li>L\u2019ann\u00e9e 2020 est pleine de conversations et d\u2019\u00e9v\u00e9nements pour la CMA am\u00e9ricaine. Le pr\u00e9sident de l\u2019Alliance am\u00e9ricaine, John Stumbo, pr\u00e9side une cinquantaine de conversations aux \u00c9tats-Unis concernant les changements et les mises \u00e0 jour de nombreuses facettes de la camaraderie et de l\u2019engagement missionnaire de l\u2019Alliance. Veuillez prier pour le Dr Stumbo et le conseil d\u2019administration de la CMA am\u00e9ricaine dans ces processus.<\/li>\n<li>Sept conf\u00e9rences \u00ab Seek \u00bb (Chercher) se tiendront aux \u00c9tats-Unis en 2020. Les conf\u00e9rences <em>Seek <\/em>sont des \u00e9v\u00e9nements \u00ab Vie Plus Profonde et Missions \u00bb de deux jours ax\u00e9s sur le renouvellement des c\u0153urs pour J\u00e9sus et ses objectifs. Priez pour une effusion de l\u2019Esprit de Dieu lors de ces \u00e9v\u00e9nements.<\/li>\n<li>Dieu ouvre des portes dans les missions de l\u2019Alliance am\u00e9ricaine. Dans plusieurs r\u00e9gions du monde longtemps sous-desservies, de nouvelles possibilit\u00e9s et une r\u00e9activit\u00e9 s\u2019ouvrent parmi les peuples les moins atteints. Nous nous r\u00e9jouissons des nouveaux croyants qui sont parmi les premiers disciples du Christ parmi leur peuple. Nous demandons \u00e0 Dieu plus de telles portes ouvertes.<\/li>\n<\/ul>\n<p><strong>Rapport de pri\u00e8re pour la CMA Canada<\/strong><\/p>\n<ul>\n<li>2020 a commenc\u00e9 avec plusieurs d\u00e9fis importants que l\u2019\u00e9glise canadienne doit relever. Comme nous sommes tr\u00e8s conscients en lisant les jours et les heures, que nous devons nous attendre \u00e0 des \u00e9preuves, \u00e0 la douleur et \u00e0 la souffrance, les deux derniers mois ont pos\u00e9 plusieurs probl\u00e8mes mondiaux importants qui, bien que non concentr\u00e9s au Canada ou sur le Canada, ont eu un impact consid\u00e9rable sur notre personnel de mission et les efforts combin\u00e9s de nos \u00e9glises canadiennes, appelant \u00e0 des efforts accrus pour \u00eatre dans l\u2019intercession de pri\u00e8re.<\/li>\n<\/ul>\n<p><strong>Agitation au Moyen-Orient<\/strong><\/p>\n<ul>\n<li>Une de nos \u00e9quipes \u00e9tait relativement proche d\u2019un site d\u2019attaque. Cela a pr\u00e9cipit\u00e9 la d\u00e9cision des minist\u00e8res mondiaux et des membres de l\u2019\u00e9quipe de partir pour une p\u00e9riode de deux semaines avant de revenir aux minist\u00e8res r\u00e9guliers sur le terrain. Nous sommes remplis d\u2019\u00e9loges sur le fait que le potentiel d\u2019escalade a \u00e9t\u00e9 \u00e9vit\u00e9.<\/li>\n<\/ul>\n<p><strong>Le Virus COVID-19<\/strong><\/p>\n<ul>\n<li>L\u2019\u00e9glise de l\u2019Alliance au Canada compte plus de 100 \u00e9glises et congr\u00e9gations chinoises. Beaucoup de ces \u00e9glises signalent une forte diminution de leur fr\u00e9quentation, craignant que ce virus ne soit pas transmis par une personne qui \u00e9tait potentiellement expos\u00e9e au virus lors d\u2019un voyage \u00e0 l\u2019\u00e9tranger. Beaucoup de nos \u00e9glises chinoises ont des membres qui ont des amis et des familles en Asie qui ont \u00e9t\u00e9 expos\u00e9s \u00e0 des verrouillages et \u00e0 des mesures de quarantaine. Bien que nos minist\u00e8res mondiaux comptent un nombre important d\u2019employ\u00e9s internationaux travaillant dans les zones de l\u2019\u00e9pid\u00e9mie de COVID-19, tous \u00e9taient providentiellement de retour au Canada en affectation \u00e0 domicile ou pour participer au forum annuel sur le terrain. Veuillez prier pour les nombreuses personnes qui sont profond\u00e9ment touch\u00e9es par cette crise sanitaire mondiale.<\/li>\n<\/ul>\n<p><strong>D\u00e9c\u00e8s soudain d\u2019un Travailleur International bien-aim\u00e9<\/strong><\/p>\n<ul>\n<li>Le 12 f\u00e9vrier, Darcy, un employ\u00e9 de march\u00e9 de l\u2019une de nos \u00e9quipes au Moyen-Orient, est d\u00e9c\u00e9d\u00e9 subitement apr\u00e8s un jogging matinal. Il avait r\u00e9cemment eu 44 ans et laisse derri\u00e8re lui une famille endeuill\u00e9e de quatre enfants, sa ch\u00e8re \u00e9pouse Kris et ses co\u00e9quipiers. Deux c\u00e9r\u00e9monies comm\u00e9moratives ont eu lieu en m\u00e9moire d\u2019une vie bien v\u00e9cue, une au pays et la deuxi\u00e8me au cours de la semaine derni\u00e8re au Canada. Veuillez prier pour la famille, les amis et les proches et pour notre \u00e9glise canadienne qui a perdu un membre tr\u00e8s engag\u00e9 appel\u00e9 \u00e0 donner acc\u00e8s \u00e0 J\u00e9sus l\u00e0 o\u00f9 peu ou aucun n\u2019a entendu.<\/li>\n<\/ul>\n<p><strong>Demandes de pri\u00e8re suppl\u00e9mentaires pour notre s\u00e9rie semestrielle de r\u00e9unions cl\u00e9s sur le leadership<\/strong><\/p>\n<ul>\n<li>L\u2019\u00c9quipe de Direction des Minist\u00e8res Mondiaux se r\u00e9unit du 4 au 8 mars pour des r\u00e9unions li\u00e9es \u00e0 notre programme de missions \u00e0 Toronto.<\/li>\n<li>L\u2019\u00c9quipe Mondiale de Leadership d\u2019une trentaine de dirigeants se r\u00e9unira en mars \u00e0 Toronto \u00e0 notre Centre du Minist\u00e8re National.<\/li>\n<li>L\u2019ITeam (\u00c9quipe d\u2019Impact des Leaders R\u00e9gionaux et de District) se r\u00e9unit \u00e9galement en mars pour des r\u00e9unions cl\u00e9s.<\/li>\n<li>Priez pour un sens fort de la pr\u00e9sence, de la sagesse et du discernement de Dieu pour entendre et ob\u00e9ir \u00e0 la voix de l\u2019Esprit de Dieu et pour une communion et une vision remplies de foi pour l\u2019impact du Royaume dans nos cinq r\u00e9gions int\u00e9gr\u00e9es.<\/li>\n<\/ul>\n<p><strong>Prochain sommet conjoint US\/CDN <em>Envision<\/em> (Envisage \u00c9tats-Unis et Canad\u00e1) \u00e0 New York &#8211; 11-14 mai 2020<\/strong><\/p>\n<ul>\n<li>Priez pour cette conf\u00e9rence de leadership de quatre jours qui offre aux jeunes leaders un espace o\u00f9 ils peuvent collaborer et \u00eatre \u00e9quip\u00e9s. C\u2019est pour les jeunes leaders qui sont passionn\u00e9s par le fait que leur \u00e9glise locale soit impliqu\u00e9e dans la mission et qui veulent \u00eatre inspir\u00e9s pour une plus grande vision du Royaume de Dieu.<\/li>\n<li>Priez pour un agenda oint par le Saint-Esprit, en particulier les messages, les temps d\u2019adoration et le d\u00e9fi cr\u00e9atif pour les missions.<\/li>\n<li>Priez pour que l\u2019impact et le d\u00e9veloppement transformationnel aient lieu.<\/li>\n<\/ul>\n<p><strong>Assembl\u00e9e G\u00e9n\u00e9rale Canadienne, 16-19 juin 2020<\/strong><\/p>\n<ul>\n<li>Priez pour une c\u00e9l\u00e9bration dynamique de \u00ab Toutes choses J\u00e9sus \u00bb. Priez alors que l\u2019Alliance au Canada se rassemble pour une semaine de reconnexion, d\u2019adoration, d\u2019\u00e9coute de la Parole de Dieu, de pri\u00e8re et de discernement, et de discussions et de prises de d\u00e9cisions saines sur les principaux sujets d\u2019affaires.<\/li>\n<\/ul>\n<p>&nbsp;<\/p>\n<hr \/>\n<p>&nbsp;<\/p>\n<h2>Pri\u00e8res de l\u2019UMA &#8211; F\u00e9vrier 2020<\/h2>\n<p>&nbsp;<\/p>\n<h3><strong>26 f\u00e9vrier 2020<\/strong><\/h3>\n<p><strong>R\u00c9GION AWF EMERALD (EUROPE ET MOYEN-ORIENT) DE L&rsquo;UMA<\/strong><\/p>\n<p>Merci de prier pour les demandes suivantes de la R\u00e9gion EMERALD de l&rsquo;UMA :<\/p>\n<p><strong>EMERALD DE L\u2019UMA<\/strong><\/p>\n<ul>\n<li>Priez pour la r\u00e9union du Comit\u00e9 R\u00e9gional de Coordination (CRC) d\u2019EMERALD qui aura lieu \u00e0 Amman du 17 au 18 mars, que le CRC suivra l\u00e0 o\u00f9 Dieu m\u00e8ne.<\/li>\n<li>Priez pour le Projet de Missions d\u2019EMERALD \u00e0 Burgas, en Bulgarie, et le soutien financier suppl\u00e9mentaire qui est n\u00e9cessaire (200 \u20ac\/mois) pour assurer la durabilit\u00e9 du projet et le bien-\u00eatre du couple missionnaire, Andrei et Tanya.<\/li>\n<\/ul>\n<p><strong>DIASPORA DE L\u2019ALLIANCE AFRICAINE<\/strong><\/p>\n<ul>\n<li>Priez pour les demandes de visa de Denis Kombetassie, directeur des missions au Centre \u00c9vang\u00e9lique de l\u2019Alliance du Congo (CEAC), alors qu\u2019il pr\u00e9voit de visiter les \u00e9glises de la diaspora en Grande-Bretagne, en France et en Belgique.<\/li>\n<\/ul>\n<p><strong>FRANCE<\/strong><\/p>\n<ul>\n<li>Priez pour l\u2019\u00c9glise de l\u2019Alliance nationale fran\u00e7aise (AECM France) qui soutient les \u00e9glises locales face aux d\u00e9fis de la transition (renouvellement pastoral, d\u00e9veloppement de la vision, etc.).<\/li>\n<li>Priez pour les pr\u00e9paratifs de la r\u00e9union annuelle de l\u2019AECM France qui se tiendra \u00e0 Paris le 4 avril.<\/li>\n<li>Priez pour le nouveau projet \u00e0 Marseille d\u2019implantation d\u2019une \u00e9glise internationale, qui aura trois langues principales (anglais, fran\u00e7ais et arabe), et les r\u00e9unions de d\u00e9veloppement du projet qui auront lieu en mars.<\/li>\n<\/ul>\n<p><strong>ALLEMAGNE<\/strong><\/p>\n<ul>\n<li>Priez pour les pr\u00e9paratifs d\u2019un s\u00e9minaire sur l\u2019ADN de l\u2019Alliance qui aura lieu \u00e0 Berlin en mars avec le Dr Marco Wittenberg et Rocco Rausch.<\/li>\n<\/ul>\n<p><strong>GRANDE-BRETAGNE<\/strong><\/p>\n<ul>\n<li>Priez pour les pr\u00e9paratifs d\u2019un s\u00e9minaire sur l\u2019ADN de l\u2019Alliance qui aura lieu du 2 au 5 mars avec Rocco Rausch, l\u2019un des jeunes chercheurs de l\u2019UMA form\u00e9es l\u2019ann\u00e9e derni\u00e8re.<\/li>\n<li>Priez pour les pr\u00e9paratifs de la conf\u00e9rence ACM GB en juin o\u00f9 le pasteur Milad Dagher du Liban sera le conf\u00e9rencier principal.<\/li>\n<li>Priez pour les dirigeants des minist\u00e8res multi-ethniques en Grande-Bretagne : Fernando et Maria Castro (Londres &#8211; espagnol), Juan Carlos et Genna Parodi (Manchester &#8211; anglais, arabe, espagnol), Krys et Agnes Wlodarczyk (polonaise).<\/li>\n<\/ul>\n<p><strong>ITALIE<\/strong><\/p>\n<ul>\n<li>Priez pour l\u2019unit\u00e9 et la sagesse parmi les dirigeants des \u00c9glises de l\u2019Alliance en Italie. Priez que Dieu b\u00e9nisse la famille de l\u2019Alliance en Italie et renforce son unit\u00e9.<\/li>\n<\/ul>\n<p><strong>JORDANIE<\/strong><\/p>\n<ul>\n<li>Priez pour le Conseil de l\u2019ACM en Jordanie et en Terre Sainte alors qu\u2019ils se r\u00e9unissent le vendredi 28 f\u00e9vrier pour la r\u00e9union annuelle du Conseil. Le Pr\u00e9sident et le Comit\u00e9 Ex\u00e9cutif seront \u00e9lus pour une p\u00e9riode de trois ans \u00e0 venir.<\/li>\n<\/ul>\n<p><strong>LIBAN<\/strong><\/p>\n<ul>\n<li>Priez pour le Liban, qui traverse des troubles sociaux importants et priez pour les autorit\u00e9s qui cherchent \u00e0 trouver des solutions pour apaiser la col\u00e8re exprim\u00e9e.<\/li>\n<li>Priez pour la protection des \u00e9glises de l\u2019Alliance au Liban en ces temps instables.<\/li>\n<\/ul>\n<p><strong>PAYS-BAS<\/strong><\/p>\n<ul>\n<li>Priez pour le processus d\u2019unification de notre d\u00e9nomination ABC (<strong>A<\/strong>lliance des \u00e9glises Libres-<strong>B<\/strong>aptistes et <strong>C<\/strong>ama-Parousia) avec la Baptist-Union. Priez que ce processus approfondisse nos valeurs de foi et notre approche pour renforcer des \u00e9glises saines.<\/li>\n<li>Priez pour les pr\u00e9paratifs de la conf\u00e9rence annuelle du leadership qui aura lieu du 20 au 22 avril.<\/li>\n<\/ul>\n<p><strong>RUSSIE<\/strong><\/p>\n<ul>\n<li>Priez pour la protection continue de l\u2019Institut Biblique de l\u2019Alliance. Louez Dieu pour le fait que l\u2019Institut Biblique de l\u2019Alliance a gagn\u00e9 son proc\u00e8s pour conserver sa licence d\u2019institut d\u2019enseignement.<\/li>\n<\/ul>\n<p><strong>SYRIE<\/strong><\/p>\n<ul>\n<li>Priez pour la s\u00e9curit\u00e9 des \u00e9glises locales de l\u2019Alliance dans les zones d\u2019instabilit\u00e9, pour que les gens cherchent Dieu et se tournent vers lui en cas de besoin.<\/li>\n<li>Priez pour les pr\u00e9paratifs des c\u00e9l\u00e9brations du centenaire de l\u2019Alliance syrienne en 2020.<\/li>\n<\/ul>\n<p><strong>ESPAGNE<\/strong><\/p>\n<ul>\n<li>Priez pour le renouvellement de la r\u00e9sidence des missionnaires de l\u2019Alliance internationale en service en Espagne. Les questions de r\u00e9sidence pour les professionnels religieux ont \u00e9t\u00e9 transf\u00e9r\u00e9es du Minist\u00e8re de la Justice au Bureau de la Pr\u00e9sidence sous le nouveau gouvernement de coalition. Que Dieu accorde la faveur aux travailleurs de l\u2019Alliance aux yeux du bureau du vice-pr\u00e9sident qui r\u00e9gira leur pr\u00e9sence en Espagne.<\/li>\n<\/ul>\n<p><strong>MISSIONS DE L\u2019ALLIANCE AM\u00c9RICAINE<\/strong><\/p>\n<ul>\n<li>Remercions Dieu pour le s\u00e9minaire de formation Inventaire de D\u00e9ploiement des Forces qui a eu lieu \u00e0 Kandern, en Allemagne et prions pour que les comp\u00e9tences acquises soient utilis\u00e9es pour d\u00e9velopper des \u00e9quipes de direction dans toute notre r\u00e9gion.<\/li>\n<li>Priez pour la nouvelle \u00e9quipe de soins aux membres des missions de l\u2019Alliance et leur minist\u00e8re pour soutenir les missionnaires de l\u2019Alliance am\u00e9ricaine dans la r\u00e9gion.<\/li>\n<\/ul>\n<p>&nbsp;<\/p>\n<hr>\n<p>&nbsp;<\/p>\n<h2>Pri\u00e8res de l\u2019UMA &#8211; Janvier 2020<\/h2>\n<p>&nbsp;<\/p>\n<h3><strong>23 janvier 2020<\/strong><\/h3>\n<p><strong>1) R\u00c9GION AWF EMERALD (EUROPE ET MOYEN-ORIENT)<\/strong><\/p>\n<p>Merci de prier pour les demandes suivantes de la R\u00e9gion EMERALD de l&rsquo;UMA:<\/p>\n<p><strong>DIASPORA DE L\u2019ALLIANCE AFRICAINE<\/strong><\/p>\n<ul>\n<li>Priez pour le minist\u00e8re de la diaspora de l\u2019Alliance africaine \u00e0 Paris alors que le pasteur Jean Kra tend la main \u00e0 nos fr\u00e8res et s\u0153urs de l\u2019Alliance en r\u00e9gion parisienne.<\/li>\n<li>Priez pour la visite du Secre\u00e9taire de l\u2019EMERALD, Eoghan Cosgrave et du Pr\u00e9sident de la CMA GB, Mike Baraniak, au Centre Evang\u00e9lique de l\u2019Alliance (CEA) \u00e0 Londres. Le but de la visite est de soutenir et d\u2019encourager l\u2019\u00e9glise de l\u2019Alliance africaine \u00e0 Londres.<\/li>\n<\/ul>\n<p><strong>IRAK<\/strong><\/p>\n<ul>\n<li>Merci de prier pour la situation actuelle en Irak, les manifestations se poursuivent depuis octobre dernier. Plus de 400 ont \u00e9t\u00e9 tu\u00e9s et 20 000 bless\u00e9s. Priez pour la s\u00e9curit\u00e9 des \u00e9glises.<\/li>\n<li>Merci de prier pour l\u2019\u00e9glise de l\u2019Alliance \u00e0 Erbil, o\u00f9 la construction du nouveau b\u00e2timent de l\u2019\u00e9glise commencera bient\u00f4t. Que le Seigneur nous aide pour que nous ayons un lieu qui puisse \u00eatre une base de minist\u00e8re pour le Kurdistan, l\u2019Irak et le Moyen-Orient.<\/li>\n<\/ul>\n<p><strong>JORDANIE<\/strong><\/p>\n<ul>\n<li>Priez pour le Conseil du CMA en Jordanie et en Terre Sainte alors qu\u2019ils se r\u00e9unissent le vendredi 28 f\u00e9vrier 2020 pour la r\u00e9union annuelle du Conseil. Le pr\u00e9sident et le comit\u00e9 ex\u00e9cutif seront \u00e9lus pour une p\u00e9riode de trois ans \u00e0 venir.<\/li>\n<li>Priez pour le leadership et la sagesse du Saint-Esprit \u00e0 la gloire du nom du Seigneur J\u00e9sus-Christ.<\/li>\n<\/ul>\n<p><strong>LIBAN<\/strong><\/p>\n<ul>\n<li>Priez pour le Liban, qui fait face \u00e0 des manifestations de masse de jeunes et priez pour les autorit\u00e9s qui cherchent \u00e0 trouver des solutions pour apaiser la col\u00e8re exprim\u00e9e.<\/li>\n<li>Priez pour la protection des \u00e9glises de l\u2019Alliance au Liban en ces temps instables.<\/li>\n<\/ul>\n<p><strong>SYRIE<\/strong><\/p>\n<p>Merci de prier pour :<\/p>\n<ul>\n<li>la s\u00e9curit\u00e9 des \u00e9glises locales de l\u2019Alliance dans les zones d\u2019instabilit\u00e9.<\/li>\n<li>les gens recherchent Dieu et se tournent vers lui en cas de besoin.<\/li>\n<li>les pr\u00e9paratifs des c\u00e9l\u00e9brations du centenaire de l\u2019Alliance syrienne en 2020.<\/li>\n<\/ul>\n<p><strong>ESPAGNE<\/strong><\/p>\n<ul>\n<li>Priez pour le renouvellement de la r\u00e9sidence des missionnaires de l\u2019Alliance internationale en service en Espagne. Les questions de r\u00e9sidence pour les professionnels religieux ont \u00e9t\u00e9 transf\u00e9r\u00e9es du minist\u00e8re de la Justice au bureau de la pr\u00e9sidence sous le nouveau gouvernement de coalition. Que Dieu accorde la faveur aux travailleurs de l\u2019Alliance aux yeux du bureau du vice-pr\u00e9sident qui r\u00e9gira leur pr\u00e9sence en Espagne.<\/li>\n<li>Priez pour le Dr Sonia Maldonado cette semaine, car elle prend un repos obligatoire lors de la r\u00e9daction des cours et de la pr\u00e9paration du programme en raison d\u2019une tendinite douloureuse. Demandez au P\u00e8re de soulager l\u2019inflammation de ses \u00e9paules et de ses bras.<\/li>\n<\/ul>\n<p><strong>MISSIONS DE L\u2019ALLIANCE<\/strong><\/p>\n<ul>\n<li>Merci de prier pour le s\u00e9minaire de formation Inventaire de D\u00e9ploiement des Forces qui se tiendra \u00e0 Kandern, en Allemagne, du 15 au 16 f\u00e9vrier, et que les comp\u00e9tences acquises soient utilis\u00e9es pour d\u00e9velopper des \u00e9quipes de direction dans toute la r\u00e9gion.<\/li>\n<\/ul>\n<p><strong>FRANCE<\/strong><\/p>\n<ul>\n<li>Priez pour l\u2019\u00c9glise de l\u2019Alliance nationale fran\u00e7aise (AECM France) qui soutient les \u00e9glises locales face aux d\u00e9fis de la transition (renouvellement pastoral, d\u00e9veloppement de la vision, etc.).<\/li>\n<li>Priez pour la mise en \u0153uvre r\u00e9ussie de la feuille de route de l\u2019Alliance pour la France pour les cinq prochaines ann\u00e9es.<\/li>\n<li>Priez pour les pr\u00e9paratifs de la r\u00e9union annuelle de l\u2019AECM France qui se tiendra \u00e0 Paris le 4 avril.<\/li>\n<\/ul>\n<p><strong>ALLEMAGNE<\/strong><\/p>\n<ul>\n<li>Priez pour les pr\u00e9paratifs d\u2019un s\u00e9minaire sur l\u2019ADN de l\u2019Alliance qui aura lieu \u00e0 Berlin en mars 2020 avec le Dr Marco Wittenberg et Rocco Rausch.<\/li>\n<\/ul>\n<p><strong>GRANDE BRETAGNE<\/strong><\/p>\n<ul>\n<li>Priez pour la sagesse des dirigeants alors qu\u2019ils cherchent la direction du Seigneur pour voir son royaume \u00e9tendu en GB \u00e0 travers les minist\u00e8res de l\u2019Alliance.<\/li>\n<li>Priez pour les pr\u00e9paratifs de la conf\u00e9rence CMA GB en juin 2020 o\u00f9 le pasteur Milad Dagher du Liban sera le conf\u00e9rencier principal.<\/li>\n<li>Priez pour les dirigeants des minist\u00e8res multi-ethniques en Grande-Bretagne : Fernando et Maria Castro (Londres &#8211; espagnol), Juan Carlos et Genna Parodi (Manchester &#8211; anglais, arabe, espagnol), Krys et Agnes Wlodarczyk (polonaise).<\/li>\n<\/ul>\n<p><strong>ITALIE<\/strong><\/p>\n<ul>\n<li>Priez pour l\u2019unit\u00e9 et la sagesse parmi les dirigeants des \u00c9glises de l\u2019Alliance en Italie. Priez que Dieu b\u00e9nisse la famille de l\u2019Alliance en Italie et renforce son unit\u00e9.<\/li>\n<\/ul>\n<p><strong>PAYS-BAS<\/strong><\/p>\n<ul>\n<li>S\u2019il vous pla\u00eet, priez pour le processus d\u2019unification de la d\u00e9nomination ABC (<strong>A<\/strong>lliance des \u00c9glises <strong>B<\/strong>aptistes Libres et <strong>C<\/strong>ama-Parousia) avec l\u2019Union baptiste. Priez que ce processus approfondisse leurs valeurs de foi et leur approche pour renforcer des \u00e9glises saines.<\/li>\n<li>Priez pour les pr\u00e9paratifs de la conf\u00e9rence annuelle sur le leadership qui aura lieu du 20 au 22 avril.<\/li>\n<\/ul>\n<p><strong>RUSSIE<\/strong><\/p>\n<ul>\n<li>Priez pour la protection continue de l\u2019Institut Biblique de l\u2019Alliance. Louez Dieu que l\u2019Institut Biblique de l\u2019Alliance ait gagn\u00e9 son proc\u00e8s pour conserver sa licence d\u2019institut d\u2019enseignement.<\/li>\n<\/ul>\n<p>&nbsp;<\/p>\n<p><strong>2) R\u00c9GION APAC (ASIE PACIFIQUE) DE L&rsquo;UMA<\/strong><\/p>\n<p>Merci de prier pour les demandes suivantes de la R\u00e9gion APAC de l&rsquo;UMA :<\/p>\n<p><strong>AUSTRALIE<\/strong><\/p>\n<ul>\n<li>Merci de prier pour le 51e Conseil g\u00e9n\u00e9ral annuel du CMA d\u2019Australie (5-8 f\u00e9vrier). Le th\u00e8me du conseil est \u00ab Ensemble \u00bb et les principaux intervenants sont John Dickson et Jura Yanagihara. Notre famille Alliance en Australie est une \u00e9glise nationale multi-ethnique et sert sous la devise \u00ab Une mission avec les \u00e9glises. Notre appel est d\u2019atteindre tout le monde, partout, tout le temps \u00bb. Priez pour le renouveau spirituel et le discernement alors que l\u2019\u00e9glise avance pour accomplir la mission donn\u00e9e par Dieu.<\/li>\n<\/ul>\n<hr \/>\n<h3><strong>17 janvier 2020<\/strong><\/h3>\n<p><strong>CONFERENCE NAFI (L\u2019ALLIANCE NATIONALE INDIENNE) \u2013 REGION APAC (ASIE-PACIFIQUE) DE L\u2019UMA<\/strong><\/p>\n<p>Veuillez prier pour le r\u00e9veil, la perc\u00e9e spirituelle et une passion plus profonde pour les missions alors que plus de 120 pasteurs et dirigeants de l\u2019Alliance se r\u00e9unissent au Centre de Formation de l\u2019Alliance \u00e0 Ahmedabad, Gujarat, Inde, du 27 au 30 janvier. Aman Gupta (CMA d\u2019Australie) et Jon Mitchell (Ecole de Pri\u00e8re) sont les principaux orateurs de l\u2019\u00e9v\u00e9nement.<\/p>\n<p><strong>SEMAINE DE FORMATION A L\u2019ENTRAINEMENT MISSIONNAIRE &#8211; REGION CLA (AMERIQUE LATINE) DE L&rsquo;UMA<\/strong><\/p>\n<p>Merci de prier pour cette semaine de formation pour les candidats missionnaires de la r\u00e9gion. Environ 80 candidats de l\u2019Argentine, du Chili, de la Colombie, de l\u2019\u00c9quateur, du P\u00e9rou et de l\u2019Uruguay participeront \u00e0 cette formation qui se tiendra du 28 janvier au 2 f\u00e9vrier au camp de l\u2019Alliance en Arm\u00e9nie, en Colombie. Jura Yanagihara (UMA), David Muthre (CLA) et Tim Crouch (CMA des \u00c9tats-Unis) sont parmi les conf\u00e9renciers.<\/p>\n<p><strong>BRESIL<\/strong><\/p>\n<p>Priez pour le Conseil g\u00e9n\u00e9ral Br\u00e9silien de la CMA qui se tiendra \u00e0 Campinas du 27 au 30 janvier. La CMA br\u00e9silien propose un ambitieux projet d\u2019implantation d\u2019\u00e9glises pour construire une base solide pour poursuivre l\u2019\u0153uvre missionnaire.<\/p>\n<p><strong>CHILI<\/strong><\/p>\n<p>Cette semaine, l\u2019Assembl\u00e9e g\u00e9n\u00e9rale 2020 de la CMA Chili se tient \u00e0 Temuco, un lieu o\u00f9 les pasteurs et les d\u00e9l\u00e9gu\u00e9s de tout le Chili se rencontrent pour partager, dialoguer et prendre des d\u00e9cisions qui concernent l\u2019\u00c9glise Nationale. De plus, cette ann\u00e9e, il y aura l\u2019\u00e9lection d\u2019un nouveau conseil ex\u00e9cutif. Pour tout cela, nous prions pour que le Seigneur guide tout ce qui se passera.<\/p>\n<p><strong>CUBA<\/strong><\/p>\n<p>Veuillez prier pour l\u2019unit\u00e9 du CMA de Cuba alors que son nouveau pr\u00e9sident, Liusbel Utrera, a accept\u00e9 le r\u00f4le actuel de naviguer dans une transition soudaine de leadership. Priez pour les pasteurs et les dirigeants alors qu\u2019ils servent les congr\u00e9gations existantes et implantent de nouvelles \u00e9glises. L\u2019effort d\u2019implantation d\u2019\u00e9glises a \u00e9t\u00e9 men\u00e9 \u00e0 Cuba avec le soutien de la CMA du Canada, du P\u00e9rou et du Chili.<\/p>\n<p><strong>\u00a0<\/strong><strong>\u00c9TATS-UNIS D\u2019AMERIQUE<\/strong><\/p>\n<p>L\u2019Alliance \u00e0 Porto Rico demande des pri\u00e8res, car l\u2019\u00eele a subi la s\u00e9rie de tremblements de terre la plus dommageable en plus de 100 ans. De nombreuses personnes se reconstruisent encore apr\u00e8s la destruction d\u00e9vastatrice de l\u2019ouragan Maria en 2017. Le peuple de Porto Rico a beaucoup souffert et a besoin de nos pri\u00e8res. Aucune victime pour les membres de l\u2019\u00e9glise de l\u2019Alliance et les temples de l\u2019\u00eele n\u2019a \u00e9t\u00e9 signal\u00e9e jusqu\u2019\u00e0 pr\u00e9sent.<\/p>\n<hr \/>\n<h3><strong>10 janvier 2020<\/strong><\/h3>\n<p><strong>1) R\u00c9GION DE L\u2019AFRIQUE DE L&rsquo;UMA<\/strong><\/p>\n<p>Merci de prier pour les demandes suivantes de la R\u00e9gion de l\u2019Afrique de l\u2019UMA :<\/p>\n<p><strong>AFRIQUE DU NORD<\/strong><\/p>\n<ul>\n<li>Merci de prier pour la formation sur la Th\u00e9ologie et l\u2019Histoire de l\u2019Alliance qui se d\u00e9roulera en langue arabe en Afrique du Nord les 16 et 17 janvier pour les futurs pasteurs de l\u2019Alliance. Armer, pasteur du CMA jordanien qui a particip\u00e9 au premier \u00ab Programme des Jeunes \u00c9tudiants de l\u2019Alliance \u00bb l\u2019ann\u00e9e derni\u00e8re, sera le conf\u00e9rencier. Les organisateurs sont tr\u00e8s heureux de cette possibilit\u00e9.<\/li>\n<\/ul>\n<p><strong>B\u00c9NIN<\/strong><\/p>\n<ul>\n<li>S\u2019il vous pla\u00eet, priez pour la premi\u00e8re consultation r\u00e9gionale de la mission UMA Afrique qui se tiendra \u00e0 Cotonou, B\u00e9nin, du 22 au 25 janvier. Ce sera une merveilleuse occasion pour les pr\u00e9sidents et leaders de mission de la r\u00e9gion de partager et de discerner ensemble comment le Seigneur dirige pour qu\u2019ils \u00e9tendent leur travail missionnaire.<\/li>\n<li>S\u2019il vous pla\u00eet, priez pour le pays du B\u00e9nin et les trois \u00e9glises de l\u2019Alliance qui y ont \u00e9t\u00e9 implant\u00e9es par le biais du minist\u00e8re des CMA du Gabon. Les missionnaires gabonais au B\u00e9nin se concentrent sur les groupes de personnes suivants : Font (sud), Goun (sud et est), Yoruba, Adja, Mina et Pariba.<\/li>\n<\/ul>\n<p>&nbsp;<\/p>\n<p><strong>2) R\u00c9GION CLA (AM\u00c9RIQUE LATINE) DE L&rsquo;UMA<\/strong><\/p>\n<p>Merci de prier pour les demandes suivantes de la r\u00e9gion CLA (Am\u00e9rique latine) de l\u2019UMA :<\/p>\n<p><strong>R\u00c9PUBLIQUE DOMINICAINE<\/strong><\/p>\n<ul>\n<li>Priez pour les c\u00e9l\u00e9brations du 50e anniversaire du CMA de la R\u00e9publique Dominicaine qui se tiendra du 9 au 15 janvier. Le th\u00e8me de la c\u00e9l\u00e9bration est \u00ab L\u2019\u00c9glise Qui Prie \u00bb. Que le Seigneur accorde une grande gr\u00e2ce et une force \u00e0 l\u2019\u00e9glise pour continuer \u00e0 grandir dans la connaissance de notre Seigneur J\u00e9sus-Christ et faire des disciples \u00e0 l\u2019int\u00e9rieur et \u00e0 l\u2019ext\u00e9rieur du pays.<\/li>\n<\/ul>\n<p><strong>P\u00c9ROU<\/strong><\/p>\n<ul>\n<li>Pour un renouveau spirituel profond et durable dans l\u2019Alliance Chr\u00e9tienne et Missionnaire du P\u00e9rou, des pasteurs \u00e0 leurs nouveaux croyants.<\/li>\n<li>Pour la stabilit\u00e9 politique, \u00e9conomique, sociale et spirituelle au P\u00e9rou. Que la justice supr\u00eame et infinie, la v\u00e9rit\u00e9, la gr\u00e2ce et la mis\u00e9ricorde de J\u00e9sus-Christ soient avec notre pays, jusqu\u2019\u00e0 son retour.<\/li>\n<\/ul>\n<p><strong>VENEZUELA<\/strong><\/p>\n<ul>\n<li>Que le Seigneur prenne le contr\u00f4le de la situation politique du pays, elle devient, chaque jour, plus radicale. L\u2019\u00e9conomie est de plus en plus d\u00e9primante, il y a une dollarisation silencieuse qui a conduit \u00e0 l\u2019hyperinflation. La situation \u00e9conomique emp\u00eache la population d\u2019acqu\u00e9rir les m\u00e9dicaments et la nourriture sur les march\u00e9s en raison des co\u00fbts \u00e9lev\u00e9s.<\/li>\n<li>Que la population r\u00e9agisse au milieu des difficult\u00e9s et puisse voir et se tourner vers le Christ.<\/li>\n<li>Que nous, l\u2019\u00e9glise, pouvons \u00eatre des canaux pour une \u00e9vang\u00e9lisation efficace et engag\u00e9e. Que nous pouvons voir beaucoup de nouveaux croyants dans nos \u00e9glises.<\/li>\n<li>Pour que la migration diminue. Nos \u00e9glises disent au revoir \u00e0 beaucoup de leurs dirigeants et fr\u00e8res engag\u00e9s dans les minist\u00e8res. Priez pour de nouveaux pasteurs et dirigeants.<\/li>\n<li>Pour que les familles des pasteurs r\u00e9pondent \u00e0 leurs besoins essentiels. Priez pour la sant\u00e9 de nos pasteurs et familles et de nos congr\u00e9gations.<\/li>\n<\/ul>\n<p><strong>BOLIVIE<\/strong><\/p>\n<ul>\n<li>Pour une pacification rapide de la Bolivie, apr\u00e8s la crise politique.<\/li>\n<li>Pour la formation de nouveaux dirigeants et pasteurs dans l\u2019\u00c9glise de l\u2019Alliance en Bolivie.<\/li>\n<li>Pour l\u2019implantation de nouvelles \u00e9glises de l\u2019Alliance en Bolivie.<\/li>\n<\/ul>\n<p><strong>ARGENTINE<\/strong><\/p>\n<ul>\n<li>Un probl\u00e8me inqui\u00e9tant en Argentine concerne l\u2019\u00e9conomie. Un \u00ab stock \u00bb a de nouveau \u00e9t\u00e9 impos\u00e9 pour acheter et vendre des devises \u00e9trang\u00e8res. Actuellement, vous ne pouvez acheter que USD 200 par personne. Cela signifie que les missionnaires n\u2019ont pas assez d\u2019argent pour subvenir \u00e0 leurs besoins, car ils ont besoin d\u2019argent pour payer le loyer, l\u2019\u00e9cole et les services publics. Il y a des missionnaires d\u2019autres agences qui songent \u00e0 retourner dans leur pays d\u2019origine \u00e0 cause de cela.<\/li>\n<\/ul>\n<p><strong>CHILI<\/strong><\/p>\n<ul>\n<li>Priez pour la crise sociale et politique \u00e0 laquelle notre pays est confront\u00e9, avec des actions tr\u00e8s violentes et polaris\u00e9es.<\/li>\n<li>Que Dieu apporte la paix \u00e0 notre pays par des changements qui r\u00e9pondent aux besoins de nombreuses personnes qui souffrent.<\/li>\n<li>Que Dieu donne gr\u00e2ce et sensibilit\u00e9 \u00e0 Son \u00e9glise pour faire face \u00e0 ce moment.<\/li>\n<\/ul>\n<p>&nbsp;<\/p>\n<hr \/>\n<p>&nbsp;<\/p>\n<h2>Pri\u00e8res de l\u2019UMA \u2013 Novembre 2019<\/h2>\n<p>&nbsp;<\/p>\n<h3><strong>8 novembre 2019<\/strong><\/h3>\n<p><strong>1) R\u00c9GION DE L\u2019APAC (ASIE-PACIFIQUE) DE L&rsquo;UMA<\/strong><\/p>\n<p><strong>\u00a0<\/strong>Merci de prier pour les demandes suivantes de la r\u00e9gion de l\u2019APAC (Asie-Pacifique) de l\u2019UMA :<\/p>\n<p><strong>CONF\u00c9RENCE DES FEMMES DE L\u2019ALLIANCE ASIE-PACIFIQUE (APAW)<\/strong><\/p>\n<ul>\n<li>Plus de 200 femmes se r\u00e9uniront \u00e0 Cebu, aux Philippines, pour la Conf\u00e9rence et Voyage de Pri\u00e8re des Femmes de l\u2019Alliance Asie-Pacifique (APAW), qui se d\u00e9roulera du 14 au 18 novembre 2019, repr\u00e9sentant neuf des 14 pays de la r\u00e9gion APAC.<\/li>\n<li>Priez pour que tous les d\u00e9l\u00e9gu\u00e9s fassent l\u2019exp\u00e9rience de la mis\u00e9ricorde de Dieu et pour une fraternit\u00e9 chaleureuse et m\u00e9morable au sein de la diversit\u00e9.<\/li>\n<li>Priez pour une b\u00e9n\u00e9diction sp\u00e9ciale pendant le voyage de pri\u00e8re dans l\u2019\u00eele de Cebu, Bohol et Siquijor. Priez pour la victoire spirituelle et la couverture divine de Dieu sur tous les d\u00e9l\u00e9gu\u00e9s qui s\u2019engageront dans un combat spirituel. Priez pour le beau temps aussi.<\/li>\n<\/ul>\n<p><strong>PHILIPPINES<\/strong><\/p>\n<p>Continuez de prier pour nos fr\u00e8res et s\u0153urs de la r\u00e9gion de Mindanao, Philippines, affect\u00e9s par le s\u00e9isme :<\/p>\n<ul>\n<li>Le 31 octobre, un autre s\u00e9isme de magnitude 6,5 s\u2019est produit \u00e0 Mindanao, ce qui a intensifi\u00e9 les d\u00e9g\u00e2ts caus\u00e9s par le s\u00e9isme pr\u00e9c\u00e9dent. Plus de b\u00e2timents se sont effondr\u00e9s et des personnes ont \u00e9t\u00e9 bless\u00e9es. De temps en temps, des tremblements ou des r\u00e9pliques se faisaient sentir.<\/li>\n<li>Pour les dons, cliquez ici :\u00a0<a href=\"https:\/\/awf.world\/fr\/donner\/\" target=\"_blank\" rel=\"noopener\">http:\/\/awf.world\/fr\/donner\/<\/a> (Veuillez vous r\u00e9f\u00e9rer \u00e0 \u00ab <strong>Tremblement de terre \u00e0 Mindanao<\/strong> \u00bb).<\/li>\n<\/ul>\n<hr \/>\n<p><strong>2) R\u00c9GION CLA (AMERIQUE LATINE) DE L&rsquo;UMA<\/strong><\/p>\n<p>Merci de prier pour les demandes suivantes de la r\u00e9gion CLA (Am\u00e9rique latine) de l\u2019UMA :<\/p>\n<ul>\n<li>Priez pour les pays d\u2019Am\u00e9rique du Sud (Argentine, Bolivie, Chili, \u00c9quateur) qui font face \u00e0 des manifestations, \u00e0 la violence et \u00e0 des troubles sociaux.<\/li>\n<li>Priez que les gouvernements de ces pays soient bien avis\u00e9s de r\u00e9pondre aux besoins de leur peuple et que l\u2019\u00e9glise porte les marques du Royaume de Dieu, promouvant la paix et aidant les plus d\u00e9munis.<\/li>\n<\/ul>\n<p><strong>CHILI<\/strong><\/p>\n<p>Le 29 octobre, une autre \u00e9glise a \u00e9t\u00e9 incendi\u00e9e \u00e0 la suite des manifestations qui se sont d\u00e9roul\u00e9es dans le pays, cette fois dans la r\u00e9gion de Victoria, \u00e0 El Salto. Cette \u00e9glise avait \u00e9t\u00e9 reconstruite il y a un peu plus d\u2019un an gr\u00e2ce aux efforts consid\u00e9rables d\u00e9ploy\u00e9s par l\u2019\u00e9glise locale, au milieu de ses grandes contraintes financi\u00e8res, puisqu\u2019elle se situe dans une zone rurale. Priez pour nos fr\u00e8res et la situation dans le pays. Que Dieu puisse \u00e9lever son peuple pour promouvoir la paix dans chaque lieu.<\/p>\n<p><strong>VENEZUELA<\/strong><\/p>\n<ul>\n<li>Pour la crise politique et \u00e9conomique du pays et la migration de nombreuses personnes, ce qui affecte \u00e9galement l\u2019\u00e9glise. Puisse cette crise \u00eatre l\u2019occasion pour beaucoup de conna\u00eetre le Christ.<\/li>\n<\/ul>\n<p><strong>\u00c9QUATEUR<\/strong><\/p>\n<p>Priez pour la Retraite Nationale des Pasteurs et des Familles de l\u2019Alliance en \u00c9quateur ait lieu du 8 au 10 novembre sur le th\u00e8me \u00ab Une vie qui plaise \u00e0 Dieu \u00bb.<\/p>\n<ul>\n<li>Que les pasteurs et leurs familles re\u00e7oivent un renouveau spirituel du Seigneur et glorifient le nom du Christ en tout temps ;<\/li>\n<li>Pour que l\u2019unit\u00e9 et la joie soient maintenues parmi ses serviteurs et qu\u2019ils puissent continuer \u00e0 \u00eatre des foyers qui construisent notre soci\u00e9t\u00e9 ;<\/li>\n<li>Pour que Dieu pourvoie et prot\u00e8ge le voyage que les participants des diff\u00e9rentes r\u00e9gions du pays entreprendront pour se rendre au lieu de la r\u00e9union.<\/li>\n<\/ul>\n<p>Le 21 octobre, Jair, neuf ans, fils de missionnaires de l\u2019Alliance au S\u00e9n\u00e9gal, Jairo Mu\u00f1oz et Leila da Silva, a subi une op\u00e9ration \u00e0 l\u2019appendicite qui a provoqu\u00e9 des vomissements et une infection. Il a fallu intervenir pour la deuxi\u00e8me fois, on a alors d\u00e9couvert qu\u2019un des points de suture internes \u00e9tait l\u00e2che et avait entra\u00een\u00e9 une obstruction intestinale, ce qui a aggrav\u00e9 le cas clinique du gar\u00e7on. Il a donc d\u00fb \u00eatre transf\u00e9r\u00e9 au Portugal, dans une clinique de Lisbonne, dans de meilleures conditions. Actuellement, les tests effectu\u00e9s ont montr\u00e9 que Jair avait une fistule qui s\u00e9cr\u00e9tait, il reste donc hospitalis\u00e9 sous administration d\u2019antibiotiques. Aujourd\u2019hui, Jair effectuera d\u2019autres tests afin que nous sachions s\u2019il devra subir une troisi\u00e8me op\u00e9ration ou non. Priez pour la gu\u00e9rison, pour une provision financi\u00e8re pour couvrir les montants d\u00e9pens\u00e9s en traitement et transfert et pour la paix dans le c\u0153ur des parents.<\/p>\n<p>&nbsp;<\/p>\n<hr \/>\n<p>&nbsp;<\/p>\n<h2>Pri\u00e8res de l\u2019UMA &#8211; Octobre 2019<\/h2>\n<h2><\/h2>\n<h3><strong>29 octobre 2019<\/strong><\/h3>\n<p style=\"text-align: center;\"><strong>DEMANDE DE PRI\u00c8RE URGENTE<\/strong><\/p>\n<p style=\"text-align: center;\"><strong>APPEL \u00c0 L\u2019AIDE POUR LES VICTIMES DU S\u00c9ISME DE MINDANAO (PHILIPPINES)<\/strong><\/p>\n<p>Le Pr\u00e9sident Eduardo Cajes (CAMACOP) nous a envoy\u00e9 la demande de pri\u00e8re suivante. Merci de prier pour nos fr\u00e8res de la r\u00e9gion de Mindanao touch\u00e9s par le s\u00e9isme.<\/p>\n<p>Un s\u00e9isme de magnitude 6,3 a secou\u00e9 plusieurs r\u00e9gions de Mindanao le 16 octobre dernier, enregistr\u00e9 \u00e0 23 km \u00e0 l\u2019ouest de Makilala, dans le nord de Cotabato \u00e0 19h37. La plus forte intensit\u00e9 a \u00e9t\u00e9 ressentie \u00e0 Kidapawan City, \u00e0 Tulunan et \u00e0 M\u2019lang dans le North Cotabato, ainsi qu\u2019\u00e0 Davao City et \u00e0 General Santos City. Au moins sept personnes seraient mortes et 215 bless\u00e9es.<\/p>\n<p>Selon des reportages, des centaines de r\u00e9pliques, dont certaines d\u2019une magnitude aussi grande que 5,3 et 5,2, ont continu\u00e9 \u00e0 se faire sentir dans de nombreux endroits de Mindanao.<\/p>\n<p>Beaucoup de nos fr\u00e8res et s\u0153urs chr\u00e9tiens, plus pr\u00e9cis\u00e9ment \u00e0 Magsaysay, Davao del Sur, sont encore sous le choc des effets du tremblement de terre. \u00c0 ce jour, cinq r\u00e9gions n\u00e9cessitent une aide urgente :<\/p>\n<ol>\n<li>L\u2019\u00c9glise CAMACOP (les \u00c9glises de l\u2019Alliance Chr\u00e9tienne et Missionnaire des Philippines) situ\u00e9e dans le Haut Malawanit, \u00e0 Magsaysay, Davao del Sur, a besoin de plus de <strong>P350K<\/strong> <strong>(US$ 7,000)<\/strong> pour r\u00e9parer son b\u00e2timent endommag\u00e9, qui \u00e9tait consid\u00e9r\u00e9 comme dangereux \u00e0 utiliser en raison de nombreuses fissures sur ses murs. Quatre membres d\u2019\u00e9glise ont signal\u00e9 que leurs maisons avaient \u00e9t\u00e9 partiellement endommag\u00e9es.<\/li>\n<li>\u00c0 Bacungan, Magsaysay, Davao del Sur, l\u2019\u00e9glise et le presbyt\u00e8re (r\u00e9sidence du pasteur) ont \u00e9galement \u00e9t\u00e9 d\u00e9clar\u00e9s dangereux pour l\u2019utilisation, en raison des dommages causes aux fondations. Le montant estim\u00e9 pour reconstruire l\u2019\u00e9glise, le presbyt\u00e8re et la salle de confort est d\u2019environ <strong>P430K <\/strong><strong>(US$ 8,400)<\/strong>. Les maisons de 36 membres ont \u00e9galement \u00e9t\u00e9 gravement endommag\u00e9es.<\/li>\n<li>Une autre zone de Magsaysay, Davao del Sur, \u00e9galement touch\u00e9e, est \u00e1 Balnate. Le b\u00e2timent de l\u2019\u00e9glise s\u2019est compl\u00e8tement effondr\u00e9e. Ils ont besoin d\u2019au moins <strong>P200K<\/strong> <strong>(US$ 3,900)<\/strong> pour construire un nouveau b\u00e2timent.\u00a0 Cette \u00e9glise est compos\u00e9e de 13 familles.<\/li>\n<li>Dans le Bas-Magsaysay, notre \u00e9glise CAMACOP a \u00e9galement besoin de <strong>P400K<\/strong> <strong>(US$ 7,800)<\/strong> pour construire un nouveau b\u00e2timent, car l\u2019\u00e9glise, y compris la r\u00e9sidence du pasteur, s\u2019est compl\u00e8tement effondr\u00e9e. Il y a 35 familles qui adorent dans cette \u00e9glise.<\/li>\n<li>Toujours dans la r\u00e9gion de Magsaysay, la salle de session et les salles de confort de l\u2019\u00c9cole Biblique des Pasteurs de l\u2019Alliance (APBS) ne sont pas non plus utilisables en raison de fissures, certaines parties se sont effondr\u00e9es. Ils ont besoin d\u2019au moins <strong>P150K<\/strong> <strong>(US$ 2,900)<\/strong> pour ce projet.<\/li>\n<li>Le Coll\u00e8ge Biblique de l\u2019Alliance du Mt. Apo (MAABC), situ\u00e9 \u00e0 Bulatucan, a \u00e9galement subi de l\u00e9gers dommages et doit \u00eatre r\u00e9par\u00e9.<\/li>\n<\/ol>\n<p><strong>COMMENT POUVEZ-VOUS AIDER :<\/strong> S\u2019il vous pla\u00eet, priez pour les familles touch\u00e9es, pour le r\u00e9confort de Dieu et pour sa provision face \u00e0 leurs besoins. Priez pour les r\u00e9parations et \/ ou la construction des b\u00e2timents d\u2019\u00e9glise &#8211; fourniture de mat\u00e9riaux de construction <strong>(environ 1,5M &#8211; US$ 30,000)<\/strong>, du co\u00fbt de la main-d\u2019\u0153uvre et d\u2019un lieu temporaire mais s\u00fbr pour l\u2019\u00e9glise et les maisons des membres, tandis que des travaux de construction sont en cours. La plupart d\u2019entre eux r\u00e9sident dans des maisons de fortune ou dans les salles barangay. Des assistances ont \u00e9t\u00e9 apport\u00e9es aux membres touch\u00e9s.<\/p>\n<p>Pour les dons, cliquez ici: <a href=\"https:\/\/awf.world\/fr\/donner\/\" target=\"_blank\" rel=\"noopener\">http:\/\/awf.world\/fr\/donner\/<\/a> (veuillez vous reporter \u00e0 \u00ab <strong>S\u00e9isme de Mindanao<\/strong>\u00a0\u00bb).<\/p>\n<hr \/>\n<h3><strong>25 octobre 2019<\/strong><\/h3>\n<p><strong>1) R\u00c9GION AFRIQUE DE L&rsquo;UMA<\/strong><\/p>\n<p><strong>DIASPORA DE L\u2019ALLIANCE AFRICAINE<\/strong><\/p>\n<ul>\n<li>Priez pour le pasteur Jean Kra et sa famille alors qu\u2019ils s\u2019installent \u00e0 Paris et s\u2019adaptent \u00e0 une nouvelle culture tr\u00e8s diff\u00e9rente pour eux.<\/li>\n<li>Remercier Dieu pour la visite r\u00e9ussie du secr\u00e9taire d\u2019EMERALD, M. Eoghan Cosgrave, au Centre \u00c9vang\u00e9lique de l\u2019Alliance (CEA) \u00e0 Bruxelles pour soutenir et encourager la seule \u00e9glise de l\u2019Alliance en Belgique. Les dirigeants de l\u2019ACE ont renouvel\u00e9 leur engagement envers la famille de l\u2019Alliance et ont h\u00e2te de travailler sur des projets ensemble.<\/li>\n<\/ul>\n<p><strong>ANGOLA<\/strong><\/p>\n<ul>\n<li>Prier pour la retraite des pasteurs et la r\u00e9union du comit\u00e9 ex\u00e9cutif de l\u2019\u00e9glise de l\u2019Alliance nationale d\u2019Angola qui se tiendra \u00e0 Luanda du 28 octobre au 2 novembre.<\/li>\n<\/ul>\n<p><strong>ACTION DE GR\u00c2CES<\/strong><\/p>\n<ul>\n<li>Nous louons Dieu pour le r\u00e9tablissement de la sant\u00e9 du r\u00e9v\u00e9rend Celestin Koffi, Coordinateur R\u00e9gional Afrique de l\u2019UMA, apr\u00e8s la chirurgie de la cataracte.<\/li>\n<\/ul>\n<p>&nbsp;<\/p>\n<p><strong>2) R\u00c9GION D\u2019EMERALD (Europe et Moyen-Orient) DE L&rsquo;UMA<\/strong><\/p>\n<p><strong>ALLIANCE DIASPORA MINISTERE (ADM)<\/strong><\/p>\n<ul>\n<li>Remercions Dieu pour la conf\u00e9rence r\u00e9ussie de ADM qui s\u2019est d\u00e9roul\u00e9e en Espagne (9-13 octobre), o\u00f9 le Dr Rob Reimer a anim\u00e9 un s\u00e9minaire \u00ab Soul Care \u00bb avec une merveilleuse camaraderie et le partage de nouvelles id\u00e9es pour la croissance d\u2019ADM.<\/li>\n<li>Priez pour le nouveau projet Medlink qui prend forme, mobilisant les \u00e9glises du Moyen-Orient pour les missions et d\u00e9veloppant des partenariats dans le domaine des missions ADM en Europe.<\/li>\n<\/ul>\n<p><strong>FRANCE<\/strong><\/p>\n<ul>\n<li>Priez pour le Dr Martin Sanders alors qu\u2019il se pr\u00e9pare \u00e0 animer deux journ\u00e9es de s\u00e9minaires \u00ab Multiplication de Leaders \u00bb \u00e0 Paris et \u00e0 Toulouse les 25 et 26 octobre.<\/li>\n<li>Priez pour la retraite conjointe des pasteurs de l\u2019AECM et le forum de terrain ACM (28 octobre-1er novembre), o\u00f9 Rick Stein d\u2019Alliance Peacemakers formera les travailleurs de l\u2019Alliance en France sur la r\u00e9solution des conflits sur la base des principes bibliques.<\/li>\n<li>Priez pour le d\u00e9veloppement du projet d\u2019implantation d\u2019\u00e9glises \u00e0 Marseille, o\u00f9 la famille Alliance a pour vision d\u2019implanter une \u00e9glise internationale, multiculturelle et multilingue. Priez pour les familles missionnaires de l\u2019Alliance qui servent d\u00e9j\u00e0 \u00e0 Marseille.<\/li>\n<\/ul>\n<p><strong>ALLEMAGNE<\/strong><\/p>\n<ul>\n<li>Priez pour les pr\u00e9paratifs d\u2019un s\u00e9minaire de l\u2019Alliance sur l\u2019ADN qui se tiendra \u00e0 Berlin en f\u00e9vrier 2020 avec le Dr Marco Wittenberg et le Pr. Rocco Rausch.<\/li>\n<\/ul>\n<p><strong>GRANDE BRETAGNE<\/strong><\/p>\n<ul>\n<li>Priez pour la sagesse des dirigeants, qu\u2019ils cherchent la direction du Seigneur pour voir son royaume \u00e9tendu en Grande-Bretagne par l\u2019interm\u00e9diaire des minist\u00e8res de l\u2019Alliance.<\/li>\n<li>Priez pour les \u00e9glises chinoises qui cherchent \u00e0 faire conna\u00eetre J\u00e9sus.<\/li>\n<li>Priez pour les responsables des minist\u00e8res multiethniques en Grande-Bretagne : Fernando et Maria Castro (Londres &#8211; espagnol), Juan Carlos et Genna Parod (Manchester &#8211; anglais, arabe, espagnol), Krys et Agnes Wlodarczyk (polonais).<\/li>\n<\/ul>\n<p><strong>TERRE SAINTE<\/strong><\/p>\n<ul>\n<li>Priez pour les c\u00e9l\u00e9brations du 40e anniversaire du <em>Bethlehem Bible College<\/em> (BBC) qui auront lieu les 1er et 2 novembre. Remercions Dieu de la mani\u00e8re dont il a pr\u00e9par\u00e9 le BBC \u00e0 former des chr\u00e9tiens palestiniens et d\u2019autres \u00e0 servir le Christ dans le monde et \u00e0 modeler Christ \u00e1 travers le d\u00e9veloppement de la communaut\u00e9.<\/li>\n<\/ul>\n<p><strong>IRAK<\/strong><\/p>\n<ul>\n<li>Pour que Dieu apporte la paix dans le pays.<\/li>\n<li>Pour que le t\u00e9moignage de l\u2019\u00e9glise soit la lumi\u00e8re et le sel dans la communaut\u00e9.<\/li>\n<li>Pour la protection de l\u2019\u00e9glise en Irak face \u00e0 la pers\u00e9cution.<\/li>\n<li>Veuillez-vous joindre \u00e0 la pri\u00e8re pour la construction du nouveau b\u00e2timent de l\u2019\u00e9glise de l\u2019Alliance Chr\u00e9tienne et Missionnaire d\u2019Erbil, dirig\u00e9e par le pasteur Malath, sur le terrain de 2 000 m2 qu\u2019ils viennent d\u2019acheter.<\/li>\n<\/ul>\n<p><strong>ITALIE<\/strong><\/p>\n<ul>\n<li>Priez pour l\u2019unit\u00e9 et la sagesse parmi les dirigeants des \u00e9glises de l\u2019Alliance en Italie. Priez pour que Dieu b\u00e9nisse la famille de l\u2019Alliance en Italie et renforce leur unit\u00e9.<\/li>\n<\/ul>\n<p><strong>LIBAN<\/strong><\/p>\n<ul>\n<li>Priez pour le Liban, qui vit des manifestations massives de jeunes gens, et priez pour que les autorit\u00e9s cherchent des solutions pour apaiser la col\u00e8re exprim\u00e9e.<\/li>\n<li>Priez pour la protection des \u00e9glises de l\u2019Alliance au Liban en ces temps instables.<\/li>\n<\/ul>\n<p><strong>PAYS-BAS<\/strong><\/p>\n<ul>\n<li>Merci de prier pour le processus d\u2019unification de notre \u00e9glise ABC (<strong>A<\/strong>lliance des Eglises <strong>B<\/strong>aptistes libres et des \u00e9glises <strong>C<\/strong>ama-Parousia) avec l\u2019Union Baptiste. Priez pour que ce processus approfondisse leurs valeurs religieuses et leur approche pour renforcer des \u00e9glises saines.<\/li>\n<li>Le 2 novembre, ils c\u00e9l\u00e9breront leur annuelle Journ\u00e9e Nationale de la Mission et de l\u2019\u00c9vang\u00e9lisation. Priez que ces 150 personnes puissent venir, \u00eatre inspir\u00e9es et repartir avec de nouvelles pens\u00e9es stimulantes pour donner la priorit\u00e9 au Grand Commandement dans leurs vies et leurs \u00e9glises.<\/li>\n<\/ul>\n<p><strong>SYRIE<\/strong><\/p>\n<p>Trois \u00e9glises de l\u2019Alliance dans le nord de la Syrie sont situ\u00e9es dans la zone chaude de l\u2019invasion turque, deux d\u2019entre elles se trouvent \u00e0 moins de 30 km de la fronti\u00e8re. Les \u00e9glises locales de l\u2019Alliance ont maintenu leur pr\u00e9sence pour aider les personnes dans le besoin alors qu\u2019elles fuient les violences sous menace de mort. Environ 300 000 personnes ont \u00e9t\u00e9 d\u00e9plac\u00e9es depuis le d\u00e9but de l\u2019invasion.<\/p>\n<p>Merci de prier pour :<\/p>\n<ul>\n<li>La s\u00e9curit\u00e9 des \u00e9glises locales de l\u2019Alliance qui aident ceux qui en ont besoin ;<\/li>\n<li>Sagesse pour les pasteurs et pour le pr\u00e9sident de l\u2019\u00e9glise nationale Syrienne, le R\u00e9v\u00e9rend Edward Awabdeh ;<\/li>\n<li>D\u2019autres \u00e9glises et les 100 000 chr\u00e9tiens arabes, arm\u00e9niens et kurdes du nord de la Syrie confront\u00e9s \u00e0 des d\u00e9placements volontaires ou forc\u00e9s en raison de l\u2019agression et de l\u2019occupation \u00e9trang\u00e8re ;<\/li>\n<li>Les gens doivent chercher Dieu et se tourner vers Lui quand ils en ont besoin.<\/li>\n<\/ul>\n<hr \/>\n<h3><strong>16 octobre 2019<\/strong><\/h3>\n<p><strong>1) R\u00c9GION D\u2019EMERALD (Europe et Moyen-Orient) DE L&rsquo;UMA<\/strong><\/p>\n<p style=\"text-align: center;\"><strong>MISE \u00c0 JOUR DE PRI\u00c8RE URGENTE<\/strong><\/p>\n<p style=\"text-align: center;\"><strong>\u00c9GLISES ALLIANCE EN SYRIE<\/strong><\/p>\n<p>Nous avons re\u00e7u du pasteur Edward Awabdeh, pr\u00e9sident de l\u2019Eglise de l\u2019Alliance syrienne, cette suivante mise \u00e0 jour et urgente de pri\u00e8re :<\/p>\n<p>\u00ab J\u2019appr\u00e9cie profond\u00e9ment votre c\u0153ur et vos pri\u00e8res, c\u2019est une situation difficile, nous continuons de faire confiance au Seigneur et \u00e0 ses promesses, nous avons besoin de vos pri\u00e8res car nous avons besoin de la main de notre Seigneur pour intervenir dans la situation. Nous avons trois grandes \u00e9glises dans cette r\u00e9gion, c\u2019est certainement pr\u00e9occupant. Cependant, je suis heureux de pouvoir annoncer une bonne nouvelle. Les Kurdes ont conclu un accord avec notre gouvernement qui permettra \u00e0 l\u2019arm\u00e9e syrienne de prendre le contr\u00f4le de la fronti\u00e8re syrienne avec la Turquie, dans l\u2019espoir que cette pr\u00e9sence assurera aux Turcs des fronti\u00e8res s\u00fbres sans qu\u2019il y ait plus de combats et d\u2019effusion de sang.<\/p>\n<p>Cependant, il est urgent de prier pour un autre type de catastrophe: de vastes \u00e9tendues de champs et de bois proches de nombreux villages dans la r\u00e9gion appel\u00e9e Christian Valley sont en feu et de nombreuses maisons sont menac\u00e9es avec une capacit\u00e9 limit\u00e9e de combattre un tel incendie a cette \u00e9chelle.<\/p>\n<p>Merci de prier pour la s\u00e9curit\u00e9 de nos fr\u00e8res et s\u0153urs dans cette r\u00e9gion et pour une intervention divine.<\/p>\n<p>Nous vivons dans une partie du monde profond\u00e9ment agit\u00e9e, nous avons tr\u00e8s bien appris que notre paix ne vient que d\u2019en haut, nous faisons confiance \u00e0 la souverainet\u00e9 et \u00e0 la bont\u00e9 de notre Seigneur.<\/p>\n<p>\u00c7a fait du bien de pouvoir partager nos besoins avec vous. \u00bb<\/p>\n<p>Dans le Christ,<br \/>\nPasteur Edward Awabdeh<\/p>\n<p>&nbsp;<\/p>\n<p><strong>2) R\u00c9GION APAC (Asie-Pacifique) DE L&rsquo;UMA<\/strong><\/p>\n<p><strong>R\u00e9union du N\u00e9pal &#8211; 18-21 octobre 2019<\/strong><\/p>\n<p>Les dirigeants de l\u2019UMA se r\u00e9uniront au N\u00e9pal pour rencontrer l\u2019\u00e9quipe de direction du minist\u00e8re de Beautiful Gate et les missionnaires engag\u00e9s dans ce pays. Merci de prier pour que la r\u00e9union apporte un r\u00e9sultat positif pour la poursuite de l\u2019\u00e9vangile au N\u00e9pal et cr\u00e9e un partenariat strat\u00e9gique avec une unit\u00e9 harmonieuse. Merci de prier pour que la sagesse de Dieu soit sur le r\u00e9v\u00e9rend Jura Yanagihara alors qu\u2019il dirige cette r\u00e9union. Priez aussi pour la mis\u00e9ricorde itin\u00e9rante de Dieu.<\/p>\n<hr \/>\n<h3><strong>4 octobre 2019<\/strong><\/h3>\n<p>Merci de prier pour la demande suivante de la R\u00e9gion de l\u2019APAC de l\u2019UMA (Asie Pacifique) :<\/p>\n<p><strong>R\u00c9GION DE L\u2019APAC<\/strong><\/p>\n<ul>\n<li>Priez pour la sagesse et le discernement lors de la r\u00e9union du Comit\u00e9 de Coordination R\u00e9gional de l\u2019APAC de l\u2019UMA \u00e0 Hiroshima, au Japon, du 7 au 11 octobre.<\/li>\n<\/ul>\n<p>Merci de prier pour le minist\u00e8re des \u00c9glises de l\u2019Alliance dans la R\u00e9gion EMERALD (Europe et Moyen-Orient) :<\/p>\n<p><strong>PARTENARIAT AVEC LE DOMAINE NORD-AFRICAIN<\/strong><\/p>\n<ul>\n<li>Priez pour la formation biblique et minist\u00e9rielle en cours des croyants issus de milieux non-chr\u00e9tiens, afin qu\u2019ils deviennent des pasteurs de l\u2019Alliance \u00e9quip\u00e9s pour exercer leur minist\u00e8re aupr\u00e8s de leur propre peuple en Afrique du Nord. Prions pour qu\u2019un partenariat solide avec les dirigeants de l\u2019Alliance au Moyen-Orient puisse \u00eatre d\u00e9velopp\u00e9 pour \u00e9tablir et g\u00e9rer un programme de certification, de licence et d\u2019ordination pour ces hommes, en utilisant la langue r\u00e9gionale majoritaire du Moyen-Orient.<\/li>\n<\/ul>\n<p><strong>MINIST\u00c8RE DE LA DIASPORA DE L\u2019ALLIANCE<\/strong><\/p>\n<p>Priez pour la conf\u00e9rence du Minist\u00e8re de la Diaspora de l\u2019Alliance qui aura lieu en Espagne (9-13 octobre) et o\u00f9 le Dr Rob Reimer sera le conf\u00e9rencier :<\/p>\n<ul>\n<li><strong>\u00c9quipe de Planification<\/strong> &#8211; Il y a beaucoup de d\u00e9tails \u00e0 la r\u00e9union d\u2019octobre. Priez pour une bonne communication, une provision financi\u00e8re et \u00ab que nous fassions notre travail comme pour le Seigneur et non pour les hommes \u00bb.<\/li>\n<li><strong>Conf\u00e9rencier <\/strong>&#8211; Rob Reimer parlera du \u00ab Soin de l\u2019\u00c2me \u00bb. Priez sp\u00e9cifiquement pour qu\u2019il demeure dans l\u2019Esprit pendant qu\u2019il se pr\u00e9pare. Priez pour ceux qui s\u2019occupent de ses enfants pendant que lui et sa femme assistent \u00e0 la conf\u00e9rence. Priez que le Seigneur le soutienne et le rafra\u00eechit.<\/li>\n<li><strong>\u00c9quipe des Enfants<\/strong> &#8211; Priez sp\u00e9cifiquement pour que les huit adultes venant de Redlands, en Californie, conduisent les enfants plus pr\u00e8s de J\u00e9sus. Priez pour l\u2019unit\u00e9 de leur \u00e9quipe, des moyens financiers pour ceux qui en manquent et des c\u0153urs touch\u00e9s par les v\u00e9rit\u00e9s qu\u2019ils vont transmettre aux enfants.<\/li>\n<li><strong>Participants<\/strong> &#8211; Plus de 70 sont inscrits pour venir. Priez pour eux alors qu\u2019ils prennent des dispositions pour quitter les maisons, les familles et les minist\u00e8res. Priez pour une provision financi\u00e8re et pour que les c\u0153urs ouverts re\u00e7oivent du Seigneur.<\/li>\n<\/ul>\n<p><strong>\u00a0<\/strong><strong>FRANCE<\/strong><\/p>\n<ul>\n<li>Priez pour la retraite conjointe des pasteurs de l\u2019AECM et le Forum de Terrain du CMA (28 octobre &#8211; 1er novembre), o\u00f9 Rick Stein de l\u2019Alliance Peacemakers (Alliance des Pacificateurs) formera les travailleurs de l\u2019Alliance en France \u00e0 la r\u00e9solution de conflits fond\u00e9s sur les principes bibliques.<\/li>\n<li>Priez pour le d\u00e9veloppement du projet de plantation d\u2019\u00e9glises \u00e0 Marseille, o\u00f9 la famille Alliance a la vision de cr\u00e9er une \u00e9glise internationale, multiculturelle et multilingue. Priez pour les familles missionnaires de l\u2019Alliance qui servent d\u00e9j\u00e0 \u00e0 Marseille.<\/li>\n<li>Priez pour la mise en \u0153uvre de la nouvelle feuille de route 2019-2024 pour la famille de l\u2019Alliance en France alors que nous recherchons la vision et la volont\u00e9 de Dieu pour son \u00c9glise en France.<\/li>\n<li>Priez pour que les dirigeants des \u00c9glises de l\u2019Alliance fran\u00e7aise soient form\u00e9s afin d\u2019aider la famille de l\u2019Alliance \u00e0 se d\u00e9velopper et \u00e0 communiquer plus efficacement l\u2019\u00c9vangile.<\/li>\n<\/ul>\n<p><strong>\u00a0<\/strong><strong>GRANDE BRETAGNE<\/strong><\/p>\n<ul>\n<li>En tant qu\u2019Alliance (GB), nous sommes tr\u00e8s reconnaissants envers le Seigneur de l\u2019occasion qui lui est offerte de servir dans de nombreuses nations et nous formons des partenariats avec d\u2019autres membres de la famille de l\u2019Alliance dans le monde.<\/li>\n<li>Priez pour la sagesse des dirigeants alors que nous recherchons la direction du Seigneur pour voir Son royaume \u00e9tendu en Grande-Bretagne par l\u2019interm\u00e9diaire des minist\u00e8res de l\u2019Alliance.<\/li>\n<li>Priez pour le travail avec les hispanophones \u00e0 Londres dirig\u00e9 par Fernando et Maria Castro.<\/li>\n<li>Priez pour le d\u00e9veloppement de l\u2019Alliance \u00e0 Manchester (The Alliance) alors qu\u2019ils cherchent \u00e0 atteindre la ville sous la direction de Juan Carlos et Genna Parodi.<\/li>\n<li>Priez pour les \u00e9glises chinoises qui cherchent \u00e0 faire conna\u00eetre J\u00e9sus.<\/li>\n<li>Priez pour plus de croissance dans notre minist\u00e8re polonais \u00e0 travers Krys et Agnes Wlodarczyk.<\/li>\n<\/ul>\n<p><strong>\u00a0<\/strong><strong>PAYS-BAS<\/strong><\/p>\n<ul>\n<li>Cet automne, nous esp\u00e9rons faire un autre grand pas en avant dans le processus d\u2019unification de notre \u00e9glise de d\u00e9nomination ABC (<strong>A<\/strong>lliance des \u00e9glises <strong>B<\/strong>aptistes-libres et <strong>C<\/strong>ama-parousia) avec l\u2019Union Baptiste. Priez cela pour la gloire du Seigneur et l\u2019impact de nos \u00e9glises et de nos membres dans la soci\u00e9t\u00e9 ; nous sommes dispos\u00e9s \u00e0 nous sentir un peu g\u00ean\u00e9s lorsque les choses changent pour tout le monde. La bonne chose est que ce processus approfondit nos valeurs de foi et notre approche pour renforcer des \u00e9glises saines.<\/li>\n<li>Le 2 novembre, nous c\u00e9l\u00e9brerons notre Journ\u00e9e Nationale Annuelle sur la Mission et l\u2019\u00c9vang\u00e9lisation. Priez que 150 personnes puissent venir, \u00eatre inspir\u00e9es et repartir avec de nouvelles pens\u00e9es stimulantes pour donner la priorit\u00e9 au Grand Commandement dans nos vies et nos \u00e9glises.<\/li>\n<li>Tandis que certaines \u00e9glises recherchent un pasteur, que le Saint-Esprit conduise les anciens, les \u00e9glises et les personnes \u00e9quip\u00e9es qui aiment J\u00e9sus, afin que les postes vacants soient pourvus.<\/li>\n<\/ul>\n<p><strong>\u00a0<\/strong><\/p>\n<hr \/>\n<p>&nbsp;<\/p>\n<h2>Pri\u00e8res de l\u2019UMA \u2013 Septembre 2019<\/h2>\n<p>&nbsp;<\/p>\n<h4><strong>27 septembre 2019<\/strong><\/h4>\n<p>Merci de prier pour le minist\u00e8re des \u00c9glises de l\u2019Alliance dans la r\u00e9gion EMERALD (Europe et Moyen-Orient) :<\/p>\n<p><strong>EMERALD (Europe &amp; Moyen-Orient) DE L&rsquo;UMA<\/strong><\/p>\n<ul>\n<li>Priez pour la sagesse de Dieu pour le Comit\u00e9 de Coordination R\u00e9gional de l\u2019EMERALD alors qu\u2019il s\u2019efforce de faire d\u2019EMERALD une plateforme de partenariat et de fraternit\u00e9 centr\u00e9s sur le Royaume au sein de la famille de l\u2019Alliance r\u00e9gionale pour la r\u00e9alisation de la Grande Commission.<\/li>\n<\/ul>\n<p><strong>EMERALD MISSIONS<\/strong><\/p>\n<ul>\n<li>Priez pour le Projet de Mission ECMU-EMERALD en Bulgarie et Tatiana Andrey Mamayev, que des ressources soient trouv\u00e9es afin que la famille puisse renouveler ses permis de s\u00e9jour et poursuivre son minist\u00e8re.<\/li>\n<li>Remercions Dieu pour l\u2019\u00e9glise nationale de l\u2019Alliance en France (AECM France), qui a d\u00e9cid\u00e9 de participer au soutien financier du Projet de Missions ECMU-EMERALD en Bulgarie.<\/li>\n<\/ul>\n<p><strong>DIASPORA DE L\u2019ALLIANCE AFRICAINE<\/strong><\/p>\n<ul>\n<li>Priez pour le projet de la Diaspora de l\u2019Alliance africaine de l\u2019UMA en France et en Europe et le minist\u00e8re du Pasteur Jean Kra au sein de la Diaspora de l\u2019Alliance africaine.<\/li>\n<li>Priez pour le secr\u00e9taire d\u2019EMERALD, M. Eoghan Cosgrave, qui se rendra au Centre \u00c9vang\u00e9lique de l\u2019Alliance \u00e0 Bruxelles le 29 septembre pour soutenir et encourager la seule \u00e9glise de l\u2019Alliance en Belgique.<\/li>\n<\/ul>\n<p><strong>LES MISSIONS DE L\u2019ALLIANCE CMA DES \u00c9TATS-UNIS DANS LA R\u00c9GION DE L\u2019EMERALD<\/strong><\/p>\n<ul>\n<li>Merci de prier pour Ed et Julie Mangham alors qu\u2019ils prennent leur nouveau r\u00f4le en tant que Couple de Dirigeants des Missions R\u00e9gionales de l\u2019Alliance CMA des \u00c9tats-Unis dans la R\u00e9gion de l\u2019EMERALD et pour leur famille alors qu\u2019ils s\u2019installent dans leur nouvelle vie en Europe.<\/li>\n<\/ul>\n<p><strong>L\u2019IRAK<\/strong><\/p>\n<ul>\n<li>Pour que Dieu apporte la paix dans le pays.<\/li>\n<li>Pour que le t\u00e9moignage de l\u2019\u00e9glise soit l\u00e9ger et sal\u00e9 dans la communaut\u00e9.<\/li>\n<li>Pour la protection de l\u2019\u00e9glise en Irak face \u00e0 la pers\u00e9cution.<\/li>\n<\/ul>\n<p>Pri\u00e8re du pasteur Malath pour l\u2019\u00c9glise de l\u2019Alliance \u00e0 Erbil :<\/p>\n<ul>\n<li>Priez pour la construction de la nouvelle \u00e9glise sans aucun obstacle. En fait, l\u2019\u00e9glise de l\u2019Alliance CMA d\u2019Erbil a achet\u00e9 2 000 m\u00b2 de m\u00e8tres carr\u00e9s, car elle pensait que l\u2019\u00e9glise devait poss\u00e9der son propre b\u00e2timent au lieu d\u2019un b\u00e2timent lou\u00e9. Dieu du ciel aidera Lui-m\u00eame l\u2019\u00e9glise d\u2019Erbil \u00e0 r\u00e9ussir\u202f; donc, ils vont se lever et construire\u202f! Ils auront confiance en Sa parole et croiront en le Souverain Seigneur qui a toujours tenu Ses promesses. Veuillez vous joindre \u00e0 l\u2019\u00e9glise d\u2019Erbil pour prier pour la construction du nouveau b\u00e2timent de l\u2019\u00e9glise.<\/li>\n<li>Priez pour que les nouveaux dirigeants soient remplis de l\u2019esprit de sagesse par la volont\u00e9 de Dieu.<\/li>\n<\/ul>\n<p><strong>L\u2019ITALIE<\/strong><\/p>\n<ul>\n<li>Priez pour l\u2019unit\u00e9 et la sagesse parmi les dirigeants des \u00e9glises de l\u2019Alliance en Italie. Priez pour que Dieu b\u00e9nisse la famille de l\u2019Alliance en Italie et renforce leur unit\u00e9.<\/li>\n<\/ul>\n<p><strong>L\u2019ESPAGNE<\/strong><\/p>\n<ul>\n<li>Gloire \u00e0 Dieu pour la Conf\u00e9rence Nationale de Missions de la FIACME \u00ab Levez vos yeux \u00bb.<\/li>\n<li>Que Dieu \u00e9tablisse une jeunesse forte dans les \u00e9glises et met en place un leadership pour guider ces jeunes.<\/li>\n<li>Que Dieu suscite une nouvelle g\u00e9n\u00e9ration de leaders nationaux qui prolongent le travail d\u2019\u00e9vang\u00e9lisation en Espagne.<\/li>\n<li>Priez pour le travail accompli par la Mission de l\u2019Alliance des \u00c9tats-Unis et du Canada dans l\u2019\u00e9vang\u00e9lisation des musulmans en Espagne. Que Dieu donne la sagesse aux missionnaires et que la mis\u00e9ricorde de Dieu soit vue.<\/li>\n<li>Priez pour Alba, qui est membre de notre \u00e9glise d\u2019alliance en Grenade. Elle a \u00e9tudi\u00e9 la linguistique avec Wycliffe et est pr\u00eate \u00e0 aller o\u00f9 le Seigneur l\u2019a pr\u00e9par\u00e9e. Que Dieu la guide, ainsi que Wycliffe, dans ce placement. Elle doit \u00e9galement mobiliser son propre soutien et esp\u00e8re pouvoir y aller cet automne.<strong>\u00a0<\/strong><\/li>\n<\/ul>\n<hr \/>\n<h4><strong>13 septembre 2019<\/strong><\/h4>\n<p>Merci de prier pour les demandes suivantes de la r\u00e9gion APAC (Asie-Pacifique) de l&rsquo;UMA :<\/p>\n<p><strong>R\u00c9GION APAC<\/strong><\/p>\n<ul>\n<li>Comit\u00e9 de Coordination R\u00e9gional APAC : R\u00e9union du 8-11 octobre 2019 \u00e0 Hiroshima, au Japon. Priez pour la faveur de Dieu sur ceux qui ont besoin de visas. Priez \u00e9galement pour une r\u00e9union et une fraternit\u00e9 fructueux avec les dirigeants et les travailleurs de notre \u00c9glise de l\u2019Alliance Japonaise.<\/li>\n<li>Femmes de l\u2019Alliance Asie-Pacifique (APAW) : Pr\u00e9paration de la conf\u00e9rence APAW \u00e0 Cebu, aux Philippines, du 14 au 18 novembre 2019. Priez pour que l\u2019\u00e9quipe APAW puisse travailler efficacement pour pr\u00e9parer tous les d\u00e9tails de l\u2019\u00e9v\u00e9nement. Consid\u00e9rant les distances g\u00e9ographiques, priez pour qu\u2019il y ait une communication claire entre les membres de l\u2019\u00e9quipe. Louange \u00e0 Dieu pour les 180 femmes d\u00e9j\u00e0 inscrites \u00e0 ce rassemblement.<\/li>\n<li>Voyage du r\u00e9v\u00e9rend Roland Lumawag en Cor\u00e9e (du 27 septembre au 1er octobre 2019) : Priez pour les discussions sur le partenariat de minist\u00e8re entre l\u2019AWF, l\u2019\u00c9glise de la Cor\u00e9e (ACK) et l\u2019agence de mission Cor\u00e9e et ses Voisins (KHN).<\/li>\n<\/ul>\n<p><strong>INDON\u00c9SIE<\/strong><\/p>\n<ul>\n<li>Priez pour les milliers de personnes \u00e0 Nduga qui ont \u00e9t\u00e9 d\u00e9plac\u00e9es de leurs foyers \u00e0 cause de l\u2019op\u00e9ration militaire indon\u00e9sienne commenc\u00e9e en d\u00e9cembre 2018 pour combattre les groupes rebelles en Papouasie. Notre peuple a souffert \u00e0 cause de ce conflit. La plupart d\u2019entre eux sont membres des \u00e9glises de l\u2019alliance. Priez pour une solution pacifique \u00e0 Nduga en Papouasie.<\/li>\n<li>Priez aussi pour le processus de r\u00e9cup\u00e9ration dans les villes de Papouasie. Les \u00e9meutes r\u00e9centes \u00e9taient dues au racisme et aux \u00e9tudiants de Papouasie \u00e0 Java. En r\u00e9ponse, des milliers de Papous ont organis\u00e9 des manifestations pour r\u00e9clamer justice, mais les manifestants ont commenc\u00e9 \u00e0 br\u00fbler des bureaux du gouvernement et des magasins. Priez que le gouvernement central g\u00e8re les \u00e9meutes avec sagesse.<\/li>\n<\/ul>\n<p><strong>\u00a0<\/strong><strong>HONG KONG<\/strong><\/p>\n<ul>\n<li>S\u2019il vous pla\u00eet, priez pour Hong Kong. Que Dieu fasse des chr\u00e9tiens d\u2019Hong Kong un canal de sa paix. Que Dieu b\u00e9nisse les Hongkongais, en particulier les jeunes, pour qu\u2019ils se retirent de l\u2019impuissance, du chagrin et du d\u00e9sespoir. Que Dieu nous conduise \u00e0 vivre et \u00e0 parler de la bont\u00e9 de Dieu dans nos propres vies et qu\u2019il nous b\u00e9nisse de persister dans la bont\u00e9 et la ma\u00eetrise de soi pendant ces jours difficiles. Que Dieu b\u00e9nisse Hong Kong.<\/li>\n<\/ul>\n<p><strong>\u00a0<\/strong><strong>INDE &#8211; SYNODE DU GUJARAT<\/strong><\/p>\n<p>Priez pour les projets suivants du Synode du Gujarat :<\/p>\n<ul>\n<li>Pour planter une \u00c9glise de l\u2019Alliance dans la ville de Nadiad au Gujarat.<\/li>\n<li>\u00c9vang\u00e9liser les villages autour d\u2019Agawada o\u00f9 nous avons r\u00e9cemment plant\u00e9 une \u00e9glise.<\/li>\n<li>Pour la r\u00e9novation de l\u2019internat de Dholka et pour que plus d\u2019\u00e9l\u00e8ves s\u2019inscrivent \u00e0 l\u2019\u00e9cole.<\/li>\n<li>Pour la r\u00e9novation du Centre de Conf\u00e9rences de l\u2019Alliance de Mahemdabad et de deux bungalows o\u00f9 nos missionnaires ont v\u00e9cu pendant des ann\u00e9es.<\/li>\n<li>Pour payer des salaires suffisants \u00e0 nos pasteurs.<\/li>\n<li>Pour motiver les jeunes \u00e0 rejoindre le minist\u00e8re pastoral avec le Synode du Gujarat.<\/li>\n<li>Pour que toutes les \u00e9glises s\u2019impliquent activement dans les missions et l\u2019\u00e9vang\u00e9lisation.<\/li>\n<li>Pour organiser des formations pour les pasteurs et les missionnaires.<\/li>\n<\/ul>\n<p><strong>NOUVELLE-Z\u00c9LANDE<\/strong><\/p>\n<p>Priez pour l\u2019Alliance N\u00e9o-z\u00e9landaise pour sa Semaine de l\u2019Impact Mondial, du 11 au 19 octobre 2019. Puisse le peuple de Dieu recevoir son inspiration divine pour servir dans le monde entier tout au long de la vie de Keith et Annette Bennet, missionnaires servant en Inde. Les deux sont envoy\u00e9s par l\u2019\u00c9glise de l\u2019Alliance N\u00e9o-z\u00e9landaise. Priez \u00e9galement pour que le programme et les activit\u00e9s de la semaine soient remplis de c\u00e9l\u00e9brations et de support des \u00e9glises.<br \/>\nPour plus d\u2019informations, acc\u00e9dez \u00e0\u00a0<a href=\"https:\/\/www.facebook.com\/pg\/Alliance-Churches-of-New-Zealand-602887573071314\/about\/?ref=page_internal\" target=\"_blank\" rel=\"noopener\">https:\/\/www.facebook.com\/pg\/Alliance-Churches-of-New-Zealand<\/a><\/p>\n<hr \/>\n<h4><strong>6 septembre 2019<\/strong><\/h4>\n<p>Nous demandons vos pri\u00e8res concernant ces demandes de la R\u00e9gion de l\u2019Am\u00e9rique Latine (CLA) de l&rsquo;UMA :<\/p>\n<p><strong>ARGENTINE<\/strong><\/p>\n<ul>\n<li>Pour la crise politique financi\u00e8re qui affecte le pays et est transf\u00e9r\u00e9e \u00e0 l\u2019\u00e9glise.<\/li>\n<li>Pour les pressions sociales concernant l\u2019id\u00e9ologie de genre, l\u2019avortement et l\u2019\u00e9ducation sexuelle id\u00e9ologique.<\/li>\n<li>Pour la g\u00e9n\u00e9ration de nouveaux ouvriers.<\/li>\n<\/ul>\n<p><strong>BOLIVIE<\/strong><\/p>\n<ul>\n<li>Pour le nouveau travail dans la ville d\u2019Oruro.<\/li>\n<li>Pour la r\u00e9organisation du D\u00e9partement des Missions trans-culturelles dans l\u2019\u00c9glise Nationale et pour la formation et l\u2019envoi de missionnaires trans-culturels.<\/li>\n<li>Pour l\u2019implantation de nouvelles \u00e9glises et la formation de nouveaux dirigeants et pasteurs.<\/li>\n<li>Pour la famille missionnaire Gonz\u00e1lez Arias (Luis Felipe et Rixa et leurs enfants Josaphat, Abigail, Risa et Priscila). Ils ont travaill\u00e9 pendant 12 ans \u00e0 la construction de l\u2019\u00e9glise CMA \u00e0 Calacoto, La Paz, et se pr\u00e9parent actuellement \u00e0 se rendre au S\u00e9n\u00e9gal.<\/li>\n<\/ul>\n<p><strong>BR\u00c9SIL<\/strong><\/p>\n<ul>\n<li>Pour la direction de Dieu dans la plantation d\u2019\u00e9glises et le d\u00e9veloppement de la mission.<\/li>\n<li>Pour la formation de nouveaux leaders.<\/li>\n<li>Pour le discernement spirituel pour le changement du Conseil d\u2019Administration National l\u2019ann\u00e9e prochaine.<\/li>\n<li>Pour le gouvernement du pays qui ne parvient pas \u00e0 joindre les efforts pour la croissance.<\/li>\n<\/ul>\n<p><strong>CHILI<\/strong><\/p>\n<ul>\n<li>Pour l\u2019\u00e9laboration du plan national d\u2019\u00c9ducation Chr\u00e9tienne.<\/li>\n<li>Pour l\u2019\u00e9lection du nouveau Conseil Ex\u00e9cutif National le janvier prochain.<\/li>\n<\/ul>\n<p><strong>CUBA<\/strong><\/p>\n<ul>\n<li>Pour le processus de l\u00e9galisation de l\u2019Alliance \u00e0 Cuba et l\u2019autosuffisance de l\u2019\u00e9glise.<\/li>\n<li>Pour la plantation de nouvelles \u00e9glises dans le pays.<\/li>\n<li>Pour le d\u00e9veloppement continu de la pr\u00e9paration des leaders et de leur formation en s\u00e9minaires.<\/li>\n<li>Pour les familles du pays et les taux \u00e9lev\u00e9s de divorce, d\u2019avortement et de dysfonctionnements familiaux qui existent actuellement.<\/li>\n<\/ul>\n<p><strong>PARAGUAY<\/strong><\/p>\n<ul>\n<li>Pour la replantation de l\u2019\u00e9glise d\u2019Asunci\u00f3n et le travail des pasteurs Segundo et Patricia Llanos.<\/li>\n<li>Pour une propri\u00e9t\u00e9 pour l\u2019Alliance Ministerial Institute (Institut Minist\u00e9riel de l\u2019Alliance).<\/li>\n<li>Pour plus de couples pastoraux.<\/li>\n<\/ul>\n<p><strong>\u00a0<\/strong><strong>R\u00c9PUBLIQUE DOMINICAINE<\/strong><\/p>\n<ul>\n<li>Pour la croissance de l\u2019\u00e9glise nationale.<\/li>\n<li>Pour la croissance des missions.<\/li>\n<\/ul>\n<p><strong>VENEZUELA<\/strong><\/p>\n<ul>\n<li>Pour la crise politique et \u00e9conomique dans le pays et la migration de nombreuses personnes, qui affectent \u00e9galement l\u2019\u00e9glise. Puisse cette crise \u00eatre l\u2019occasion pour beaucoup viens \u00e0 conna\u00eetre le Christ.<\/li>\n<\/ul>\n<p>&nbsp;<\/p>\n<hr \/>\n<p>&nbsp;<\/p>\n<h2>Pri\u00e8res de l\u2019UMA \u2013 Ao\u00fbt 2019<\/h2>\n<p>&nbsp;<\/p>\n<p><strong>EMERALD (Europe et Moyen-Orient)<\/strong><\/p>\n<ul>\n<li>Priez pour la sagesse de Dieu pour le Comit\u00e9 de Coordination R\u00e9gional de l\u2019EMERALD alors qu\u2019il s\u2019efforce de faire de l\u2019EMERALD une plateforme de partenariat et de fraternit\u00e9 centr\u00e9s sur le Royaume au sein de la famille de l\u2019Alliance dans la r\u00e9gion, en vue de l\u2019accomplissement de la Grande Commission.<\/li>\n<\/ul>\n<p><strong>FRANCE<\/strong><\/p>\n<ul>\n<li>Priez pour la mise en \u0153uvre de la nouvelle vision 2019-2024 pour la famille de l\u2019Alliance en France alors que nous cherchons ensemble la vision de Dieu et la volont\u00e9 de Son \u00e9glise en France pour les cinq prochaines ann\u00e9es.<\/li>\n<li>Priez pour que des leaders se l\u00e8vent dans \u00c9glises de l\u2019Alliance fran\u00e7aise afin d\u2019aider la famille de l\u2019Alliance \u00e0 se d\u00e9velopper et \u00e0 communiquer plus efficacement l\u2019\u00c9vangile.<\/li>\n<\/ul>\n<p><strong>GRANDE BRETAGNE<\/strong><\/p>\n<ul>\n<li>En tant qu\u2019Alliance (GB), nous sommes tr\u00e8s reconnaissants envers le Seigneur de l\u2019occasion qui lui est offerte de servir dans de nombreuses nations et nous formons des partenariats avec d\u2019autres membres de la famille de l\u2019Alliance dans le monde.<\/li>\n<li>Pri\u00e8re de remerciement pour la conf\u00e9rence annuelle r\u00e9ussie de juin o\u00f9 le conf\u00e9rencier principal \u00e9tait Sunder Krishnan.<\/li>\n<li>Priez pour la sagesse des dirigeants alors que nous recherchons la direction du Seigneur pour que Son royaume soit \u00e9tendu en Grande-Bretagne par les minist\u00e8res de l\u2019Alliance.<\/li>\n<li>Priez pour le travail avec les hispanophones \u00e0 Londres dirig\u00e9 par Fernando et Maria Castro.<\/li>\n<li>Priez pour la croissance de l\u2019Alliance Manchester, alors qu\u2019ils cherchent \u00e0 atteindre la ville sous la direction de Juan Carlos et Genna Parodi.<\/li>\n<li>Priez pour les \u00e9glises chinoises qui cherchent \u00e0 faire conna\u00eetre J\u00e9sus.<\/li>\n<li>Priez pour la croissance future de notre minist\u00e8re polonais par le biais de Krys et Agnes Wlodarczyk.<\/li>\n<\/ul>\n<p><strong>PAYS-BAS<\/strong><\/p>\n<ul>\n<li>Cet automne, nous esp\u00e9rons faire un autre grand pas en avant dans le processus d\u2019unification de notre \u00e9glise d\u00e9nomination ABC (<strong>A<\/strong>lliance des \u00c9glises <strong>B<\/strong>aptistes Libres et <strong>C<\/strong>ama-Parousie) avec l\u2019Union Baptiste. Priez que pour la gloire du Seigneur et l\u2019impact de nos \u00e9glises et de nos membres dans la soci\u00e9t\u00e9, nous soyons dispos\u00e9s \u00e0 nous sentir un peu inconfortables lorsque les choses changent pour tout le monde. La bonne chose est que ce processus approfondit nos valeurs de foi et notre approche sur la mani\u00e8re de renforcer des \u00e9glises saines.<\/li>\n<li>Le 2 novembre, nous c\u00e9l\u00e9brerons notre Journ\u00e9e Nationale Annuelle sur la Mission et l\u2019\u00c9vang\u00e9lisation. Priez que 150 personnes puissent venir, \u00eatre inspir\u00e9es et renvoy\u00e9es avec de nouvelles pens\u00e9es stimulantes pour donner la priorit\u00e9 au Grand Commandement dans nos vies et nos \u00e9glises.<\/li>\n<li>Alors que certaines \u00e9glises recherchent un pasteur, que le Saint-Esprit conduise \u00e0 la fois les anciens et l\u2019\u00e9glise et les personnes \u00e9quip\u00e9es qui aiment pleinement J\u00e9sus, afin que les postes vacants soient remplis.<\/li>\n<\/ul>\n<p><strong>\u00c9QUATEUR<\/strong><\/p>\n<ul>\n<li>Priez pour le Seconde S\u00e9minaire pour les Mobilisateurs de Mission et la Huiti\u00e8me Conf\u00e9rence Nationale pour les Missions Mondiales de la CMA de l\u2019\u00c9quateur qui se tiendra du 29 au 31 ao\u00fbt \u00e0 Quito. Le th\u00e8me est \u00ab Des Disciples en Bonne Sant\u00e9 Atteignant le Monde \u00bb.<\/li>\n<\/ul>\n<p><strong>P\u00c9ROU<\/strong><\/p>\n<ul>\n<li>Priez pour la Premi\u00e8re Conf\u00e9rence Internationale pour le D\u00e9veloppement d\u2019\u00c9glises en Bonne Sant\u00e9, qui se tiendra du 26 au 30 ao\u00fbt \u00e0 Lima, sous le parrainage de LED (Lima \u00e0 Une Rencontre avec Dieu). David Muthre et Javier Cortazar (Coordinateurs R\u00e9gionaux actuels et anciens de l\u2019UMA CLA) et le pr\u00e9sident de l\u2019UMA, Jura Yanagihara, font partie des orateurs.<\/li>\n<\/ul>\n<p><strong>EMERALD (Europe &amp; Moyen-Orient) &amp; MISSIONS<\/strong><\/p>\n<ul>\n<li>Priez pour le Projet de Mission ECMU-EMERALD en Bulgarie et Tatiana Andrey Mamayev, que des ressources soient trouv\u00e9es afin que la famille puisse renouveler ses permis de s\u00e9jour et poursuivre son minist\u00e8re.<\/li>\n<li>Priez pour George Berberian et son minist\u00e8re en Turquie. Prions pour qu\u2019un soutien financier soit trouv\u00e9 afin qu\u2019il puisse continuer son minist\u00e8re l\u00e0-bas.<\/li>\n<li>Priez pour le projet de la Diaspora de l\u2019Alliance africaine de l\u2019AWF en France et en Europe et le minist\u00e8re du Pasteur Jean Kra au sein de la Diaspora de l\u2019Alliance africaine.<\/li>\n<li>Priez pour la Conf\u00e9rence ADM &#8211; (Alliance Diaspora Ministry) Alliance des Minist\u00e8res de la Diaspora qui se tiendra en Espagne (du 9 au 13 octobre) et \u00e0 laquelle le Dr Rob Reimer sera le conf\u00e9rencier.<\/li>\n<\/ul>\n<p><strong>L\u2019ITALIE<\/strong><\/p>\n<ul>\n<li>Une pri\u00e8re de remerciement pour les nombreux repr\u00e9sentants des \u00e9glises de l\u2019Alliance en Italie qui ont particip\u00e9 \u00e0 la Conf\u00e9rence de l\u2019EMERALD. Priez pour que Dieu b\u00e9nisse la famille de l\u2019Alliance en Italie et renforce leur unit\u00e9.<\/li>\n<\/ul>\n<p><strong>ESPAGNE<\/strong><\/p>\n<ul>\n<li>Que Dieu suscite une jeunesse forte dans les \u00e9glises et un leadership pour guider ces jeunes.<\/li>\n<li>Que Dieu suscite une nouvelle g\u00e9n\u00e9ration de leaders nationaux qui prolongent le travail d\u2019\u00e9vang\u00e9lisation en Espagne.<\/li>\n<li>Priez pour le travail accompli par la Mission de l\u2019Alliance des \u00c9tats-Unis et du Canada dans l\u2019\u00e9vang\u00e9lisation des musulmans en Espagne. Que Dieu donne la sagesse aux missionnaires et que la mis\u00e9ricorde de Dieu soit vue.<\/li>\n<li>Priez pour Alba, qui est membre de notre \u00c9glise de l\u2019Alliance \u00e0 Grenade. Elle a \u00e9tudi\u00e9 la linguistique avec Wycliffe et est pr\u00eate \u00e0 aller o\u00f9 le Seigneur l\u2019a pr\u00e9par\u00e9e. Que Dieu la guide avec Wycliffe dans ce placement. Elle doit \u00e9galement mobiliser son propre soutien et esp\u00e8re pouvoir y aller cet automne.<\/li>\n<\/ul>\n<p><strong>Conf\u00e9rence des Missions Nnationales de la FIACME &#8211; Septembre 2019 &#8211; \u00ab L\u00e8ve Les Yeux \u00bb<\/strong><\/p>\n<ul>\n<li>Priez pour la premi\u00e8re Semaine de Missions de la FIACME (Alliance Nationale en Espagne), du 8 au 15 septembre, et pour le comit\u00e9 organisant cet \u00e9v\u00e9nement. Priez aussi pour que le Seigneur pourvoie financi\u00e8rement.<\/li>\n<li>Demandez au Seigneur d\u2019inspirer notre peuple \u00e0 s\u2019impliquer intentionnellement dans des missions transculturelles par la pri\u00e8re, en faisant des sacrifices et en envoyant des ouvriers d\u2019une culture \u00e0 l\u2019autre.<\/li>\n<li>Priez pour Munther Shahatit, le Coordinateur R\u00e9gional de l\u2019AWF pour l\u2019EMERALD, et pour Martin Chaaya, ainsi que pour tous les autres orateurs de la conf\u00e9rence qui se pr\u00e9parent pour leurs ateliers et pour la pr\u00e9dication de la Parole. Priez que le Seigneur les guide et les remplisse du Saint-Esprit alors qu\u2019ils partagent ce que le Seigneur a mis dans leur c\u0153ur.<\/li>\n<li>Le 13 et le 14 septembre, \u00e9levez au Seigneur le rassemblement de la concentration d\u2019\u00e9glises, \u00e0 l\u2019\u00c9glise Alianza de Amor (Alliance de l\u2019Amour) de Madrid. Priez qu\u2019ils puissent \u00ab voir \u00bb les nations qui n\u2019ont pas encore entendu l\u2019\u00e9vangile.<\/li>\n<\/ul>\n<p>&nbsp;<\/p>\n<hr \/>\n<p>&nbsp;<\/p>\n<h2>Pri\u00e8res de l\u2019UMA &#8211; Juin 2019<\/h2>\n<p>&nbsp;<\/p>\n<p><strong>ICTE (Commission Internationale d\u2019\u00c9ducation Th\u00e9ologique)<\/strong><\/p>\n<ul>\n<li>Priez pour la r\u00e9union inaugurale du Programme de Jeunes \u00c9tudiants de l\u2019UMA qui se tiendra du 24 au 28 juin sur le Campus de l\u2019Universit\u00e9 Nyack \u00e0 New-York. Priez pour l\u2019effusion du Saint-Esprit sur le conf\u00e9rencier, Dr Bernie Van de Walle et les participants, deux de chaque r\u00e9gion de l\u2019UMA.<\/li>\n<\/ul>\n<p><strong>ESPAGNE<\/strong><\/p>\n<ul>\n<li>L\u2019Alliance en Espagne organisera cinq r\u00e9unions du \u00ab Ecole de Pri\u00e8re \u00bb en juin et juillet (Madrid, Barcelone, Saragosse, les \u00eeles Canaries et Alicante). Priez que Dieu rassemble son \u00e9glise avec le pouvoir de la pri\u00e8re.<\/li>\n<li>Priez pour l\u2019unit\u00e9 des 24 \u00e9glises qui composent l\u2019Alliance en Espagne. Du 15 au 17 novembre, ils ont programm\u00e9 une retraite pour les pasteurs et les dirigeants nationaux. Que Dieu renforce et d\u00e9fie l\u2019\u00e9glise.<\/li>\n<li>Que Dieu suscite des jeunes forts dans les \u00e9glises, des dirigeants pour guider ces jeunes et une nouvelle g\u00e9n\u00e9ration de dirigeants nationaux qui \u0153uvrent dans le domaine de l\u2019\u00e9vang\u00e9lisation en Espagne.<\/li>\n<li>Pour le travail accompli par l\u2019Alliance Mission des \u00c9tats-Unis et du Canada dans l\u2019\u00e9vang\u00e9lisation des musulmans en Espagne. Que Dieu donne la sagesse aux missionnaires et que la mis\u00e9ricorde de Dieu soit vue.<\/li>\n<\/ul>\n<p><strong>FRANCE<\/strong><\/p>\n<ul>\n<li>Priez pour la mise en \u0153uvre de la nouvelle feuille de route 2019-2024 pour la famille de l\u2019Alliance en France, qui cherche ensemble la vision et la volont\u00e9 de Dieu pour son \u00e9glise en France pour les cinq prochaines ann\u00e9es.<\/li>\n<li>Priez pour le projet de la Diaspora de l\u2019Alliance africaine de l\u2019UMA en France et en Europe et le minist\u00e8re du Pasteur Jean Kra au sein de la Diaspora de l\u2019Alliance africaine.<\/li>\n<\/ul>\n<p><strong>GRANDE BRETAGNE<\/strong><\/p>\n<ul>\n<li>Priez pour la Conf\u00e9rence GB pendant ce week-end (du 21 au 23 juin). Le conf\u00e9rencier est Sunder Krishnan, et Eoghan Cosgrave dirigera les s\u00e9ances de mission. Priez pour les activit\u00e9s de sensibilisation pr\u00e9vues pour le samedi apr\u00e8s-midi \u00e0 Manchester.<\/li>\n<li>Priez pour la sagesse en tant que dirigeants de l\u2019Alliance en Grande-Bretagne, ministres dans de nombreux pays. Qu\u2019ils cherchent la direction du Seigneur pour voir Son royaume \u00e9tendu en Grande-Bretagne par l\u2019interm\u00e9diaire des minist\u00e8res de l\u2019Alliance.<\/li>\n<li>Priez pour le travail avec les hispano-phones \u00e0 Londres dirig\u00e9 par Fernando et Maria Castro.<\/li>\n<li>Priez pour la croissance de l\u2019Alliance Manchester, alors qu\u2019ils cherchent \u00e0 atteindre la ville multiculturelle sous la direction de Juan Carlos et Genna Parodi. Ils ont subi un deuil familial \u00e0 cette \u00e9poque.<\/li>\n<li>Priez pour le d\u00e9veloppement ult\u00e9rieur du minist\u00e8re polonais par Krys et Agnes Wlodarczyk.<\/li>\n<\/ul>\n<p><strong>ITALIE<\/strong><\/p>\n<ul>\n<li>Pri\u00e8re d\u2019action de gr\u00e2ce pour les nombreux repr\u00e9sentants des \u00e9glises de l\u2019Alliance en Italie ayant particip\u00e9 \u00e0 la Conf\u00e9rence EMERALD. Priez pour que Dieu b\u00e9nisse la famille de l\u2019Alliance en Italie et renforce leur unit\u00e9.<\/li>\n<\/ul>\n<p>&nbsp;<\/p>\n<hr \/>\n<p>&nbsp;<\/p>\n<h2><strong>Pri\u00e8res de l\u2019UMA &#8211; Mai 2019<\/strong><\/h2>\n<p>&nbsp;<\/p>\n<p><strong>AM\u00c9RIQUE LATINE (CLA)<\/strong><\/p>\n<p>S\u2019il vous pla\u00eet, priez pour :<\/p>\n<ul>\n<li>L\u2019Assembl\u00e9e et la Conf\u00e9rence de des Missions du CLA se tiendra au Guatemala en septembre. Que le Seigneur pr\u00e9pare le lieu qui accueillera cet \u00e9v\u00e9nement important pour la r\u00e9gion de l\u2019Am\u00e9rique Latine.<\/li>\n<li>L\u2019\u00c9glise de l\u2019Alliance en Colombie. Puisse le Seigneur renforcer et apporter sa sagesse au milieu des diverses actions qu\u2019ils d\u00e9veloppent en tant qu\u2019\u00c9glise nationale.<\/li>\n<li>L\u2019\u00c9glise de l\u2019Alliance au Venezuela. Ces jours-ci, une partie de l\u2019aide \u00e9conomique fournie par les \u00c9glises de l\u2019Alliance de pays d\u2019Am\u00e9rique Latine a \u00e9t\u00e9 envoy\u00e9e. Que le Seigneur leur donne la force du ciel au milieu de la crise dans le pays.<\/li>\n<\/ul>\n<p><strong>\u00a0<\/strong><strong>RUSSIE<\/strong><\/p>\n<ul>\n<li>Merci de prier pour la Conf\u00e9rence Nationale et les c\u00e9l\u00e9brations du 25e Anniversaire de l\u2019\u00c9glise de l\u2019Alliance Nationale en Russie qui se d\u00e9roulera du 23 au 25 mai \u00e0 Novorossiisk. Le r\u00e9v\u00e9rend Munther Shahatit (Coordinateur R\u00e9gional de l\u2019UMA pour la r\u00e9gion EMERALD) et M. Eoghan Cosgrave (Secr\u00e9taire de l\u2019UMA pour la r\u00e9gion EMERALD) assisteront aux deux \u00e9v\u00e9nements.<\/li>\n<\/ul>\n<p><strong>GRANDE BRETAGNE<\/strong><\/p>\n<ul>\n<li>Merci de prier pour la Conf\u00e9rence CMA GB 2019 qui se tiendra en partenariat avec l\u2019\u00c9glise Chinoise de l\u2019Alliance en Manchester, les 21 et 23 juin.<\/li>\n<li>N\u2019oubliez pas les points de pri\u00e8re suivants \u00e0 l\u2019approche de la date de la conf\u00e9rence :<br \/>\n1. Pour tous les arrangements qui doivent \u00eatre faits pour pr\u00e9parer cet \u00e9v\u00e9nement ;<br \/>\n2. Pour le r\u00e9v\u00e9rend Sunder Krishnan, alors qu\u2019il se pr\u00e9pare \u00e0 \u00eatre parmi nous et que le Seigneur l\u2019utilisera comme il nous enseigne la parole de Dieu ;<br \/>\n3. Pour l\u2019\u00e9vang\u00e9lisation planifi\u00e9e pour samedi apr\u00e8s-midi ;<br \/>\n4. Que J\u00e9sus soit glorifi\u00e9 pendant la r\u00e9union de la famille de l\u2019Alliance GB.<\/li>\n<\/ul>\n<p><strong>ARGENTINE<\/strong><\/p>\n<ul>\n<li>Le D\u00e9partement des Missions du CMA d\u2019Argentine tiendra la r\u00e9union nationale des missions 2019 du 24 au 26 mai \u00e0 General Pico, dans la province de La Pampa, sur le th\u00e8me \u00ab Une G\u00e9n\u00e9ration Visionnaire \u00bb. Unissons-nous dans la pri\u00e8re pour accomplir la Mission de Dieu et porter la Bonne Nouvelle aux extr\u00e9mit\u00e9s de la terre !<\/li>\n<\/ul>\n<p><strong>\u00c9TATS-UNIS<\/strong><\/p>\n<ul>\n<li>Priez pour que le Conseil de l\u2019Alliance des \u00c9tats-Unis se tienne \u00e0 Orlando, en Floride, du 28 mai au 2 juin 2019. Le th\u00e8me du Conseil 2019 est \u00ab Au-del\u00e0 \u00bb.<br \/>\n\u00ab Je sens que l\u2019Esprit nous pousse \u00e0 nous mettre au d\u00e9fi d\u2019aller au-del\u00e0 de nos limites actuelles et plus important encore, au-del\u00e0 de tout ce qui pourrait nous retenir dans notre relation avec J\u00e9sus. Je suis d\u00e9sireux d\u2019explorer ensemble o\u00f9 Dieu nous m\u00e8ne ensuite. Merci de prier avec moi pour que la pr\u00e9sence du Saint-Esprit nous accueille pendant que nous nous r\u00e9unissons pour chercher son \u0153uvre renouvelante en nous, parmi nous et par nous. \u00bb \u2014 John Stumbo, pr\u00e9sident du CMA des \u00c9tats-Unis<\/li>\n<\/ul>\n<p><strong>INDE<\/strong><\/p>\n<ul>\n<li>Priez pour la r\u00e9union de l\u2019Alliance Nationale de l\u2019Inde (NAFI) qui se tiendra \u00e0 Mumbai du 27 au 30 mai 2019.<\/li>\n<li>Les pasteurs de l\u2019Alliance se r\u00e9uniront pour partager, prier et planifier les prochaines \u00e9tapes pour les initiatives de plantation d\u2019\u00e9glises dans les zones urbaines et parmi les groupes les moins atteints, ainsi que les groupes de personnes non atteintes.<\/li>\n<\/ul>\n<p>&nbsp;<\/p>\n<hr \/>\n<p>&nbsp;<\/p>\n<h2>Pri\u00e8res de l&rsquo;UMA &#8211; Avril 2019<\/h2>\n<p>&nbsp;<\/p>\n<p><strong>VENEZUELA<\/strong><\/p>\n<ul>\n<li>Priez pour notre famille de l&rsquo;Alliance au Venezuela qui proclame avec compassion la Bonne Nouvelle du salut aux personnes qui vivent une catastrophe sociale et \u00e9conomique.<\/li>\n<li>Priez pour que l&rsquo;aide humanitaire contenant les biens essentiels puisse atteindre les personnes qui en ont besoin.<\/li>\n<\/ul>\n<p>&nbsp;<strong>GABON<\/strong><\/p>\n<ul>\n<li>L&rsquo;\u00c9glise de l&rsquo;Alliance Chr\u00e9tienne et Missionnaire du Gabon nous demande de prier pour la repentance des gens et leur retour \u00e0 Dieu, comme il est \u00e9crit dans 2 Chroniques 7:14, et pour la diffusion de l&rsquo;\u00c9vangile parmi les musulmans, les animistes et les pa\u00efens.<\/li>\n<li>Ils prieront pour leur pays du 17 au 19 avril 2019 et nous demanderons de les rejoindre, demandant \u00e0 Dieu son soutien et son contr\u00f4le tout au long de l&rsquo;\u00e9v\u00e9nement.<\/li>\n<\/ul>\n<p>&nbsp;<strong>PHILIPPINES<\/strong><\/p>\n<ul>\n<li>Merci de prier pour la 55e Assembl\u00e9e G\u00e9n\u00e9rale des \u00c9glises de l&rsquo;Alliance Chr\u00e9tienne et Missionnaire des Philippines (CAMACOP), tenue du 23 au 28 avril 2019. Priez pour la s\u00e9curit\u00e9 et la protection de la r\u00e9union et pour la nouvelle onction de Dieu sur le r\u00e9v\u00e9rend Stephen Elliot, orateur principal de l&rsquo;\u00e9v\u00e9nement.<\/li>\n<\/ul>\n<p>&nbsp;<strong>REGION AWF EMERALD (Europe et Moyen-Orient)<\/strong><\/p>\n<ul>\n<li>Priez pour les derniers pr\u00e9paratifs de la Conf\u00e9rence R\u00e9gionale et de la Pr\u00e9-Conf\u00e9rence de l&rsquo;AWF EMERALD 2019 qui se tiendra \u00e0 Francfort, en Allemagne (du 1er au 4 mai), ainsi que pour la mobilisation des \u00e9glises nationales. Priez pour les visas et la disponibilit\u00e9 des ressources pour tous ceux qui souhaitent y assister.<\/li>\n<li>Priez pour l&rsquo;onction spirituelle des conf\u00e9renciers de la Conf\u00e9rence EMERALD, les pasteurs Steve Fowler et Rob Bashioum, ainsi que pour les conf\u00e9renciers du Symposium de Th\u00e9ologie de l&rsquo;Alliance, les docteurs Bernie Van de Walle, Marco Wittenberg et Jack Sara.<\/li>\n<\/ul>\n<p>&nbsp;<strong>ALLEMAGNE<\/strong><\/p>\n<ul>\n<li>Priez pour le r\u00e9v\u00e9rend Vernon Rehmann et la famille Alliance en Allemagne alors qu&rsquo;ils se pr\u00e9parent \u00e0 accueillir la Conf\u00e9rence AWF EMERALD 2019 (du 1er au 4 mai) et \u00e0 fournir tout le soutien logistique n\u00e9cessaire \u00e0 la Conf\u00e9rence et aux r\u00e9unions du Comit\u00e9 Ex\u00e9cutif de l&rsquo;AWF (du 25 au 27 avril) et R\u00e9seau des Chefs de Mission (28-29 avril).<\/li>\n<\/ul>\n<p>&nbsp;<strong>INDE<\/strong><\/p>\n<ul>\n<li>Priez pour la r\u00e9union de l&rsquo;Alliance Nationale de l&rsquo;Inde (NAFI) qui se tiendra \u00e0 Mumbai du 27 au 30 mai 2019.<\/li>\n<li>Les pasteurs de l&rsquo;Alliance se r\u00e9uniront pour partager, prier et planifier les prochaines \u00e9tapes pour les initiatives de plantation d&rsquo;\u00e9glises dans les zones urbaines et parmi les groupes de population les moins atteints et les moins atteints.<\/li>\n<\/ul>\n<p>&nbsp;<strong>AUSTRALIE<\/strong><\/p>\n<ul>\n<li>Priez pour les \u00e9glises en bonne sant\u00e9\/en croissance\/ reproductrices.<\/li>\n<li>Priez pour les familles pastorales et ouvri\u00e8res officielles, pour leur force spirituelle et \u00e9motionnelle.<\/li>\n<li>Priez pour les besoins des \u00e9glises.<\/li>\n<li>Priez pour les \u00e9glises locales qui cherchent \u00e0 atteindre leurs communaut\u00e9s.<\/li>\n<\/ul>\n<\/div>\n<\/div>\n<\/div><\/div><\/div><div id=\"pgc-22689-1-2\"  class=\"panel-grid-cell panel-grid-cell-empty\" ><\/div><\/div><\/div><div id=\"pg-22689-2\"  class=\"panel-grid panel-has-style\" ><div class=\"so-parallax siteorigin-panels-stretch panel-row-style panel-row-style-for-22689-2\" data-stretch-type=\"full\" ><img fetchpriority=\"high\" decoding=\"async\" width=\"1366\" height=\"768\" src=\"https:\/\/awf.world\/wp-content\/uploads\/2019\/04\/fondo-footer-fundacion.png\" class=\"attachment-full size-full\" alt=\"\" data-siteorigin-parallax=\"true\" loading=\"eager\" srcset=\"https:\/\/awf.world\/wp-content\/uploads\/2019\/04\/fondo-footer-fundacion.png 1366w, https:\/\/awf.world\/wp-content\/uploads\/2019\/04\/fondo-footer-fundacion-300x169.png 300w, https:\/\/awf.world\/wp-content\/uploads\/2019\/04\/fondo-footer-fundacion-768x432.png 768w, https:\/\/awf.world\/wp-content\/uploads\/2019\/04\/fondo-footer-fundacion-1024x576.png 1024w\" sizes=\"(max-width: 1366px) 100vw, 1366px\" \/><div id=\"pgc-22689-2-0\"  class=\"panel-grid-cell panel-grid-cell-empty\" ><\/div><div id=\"pgc-22689-2-1\"  class=\"panel-grid-cell\" ><div id=\"panel-22689-2-1-0\" class=\"so-panel widget widget_sow-editor panel-first-child panel-last-child\" data-index=\"3\" ><div\n\t\t\t\n\t\t\tclass=\"so-widget-sow-editor so-widget-sow-editor-base\"\n\t\t\t\n\t\t>\n<div class=\"siteorigin-widget-tinymce textwidget\">\n\t<div class=\"donation-text\">Votre soutien aide le minist\u00e8re de la Alliance World Fellowship dans des endroits o\u00f9 l\u2019\u00c9vangile n\u2019a pas encore \u00e9t\u00e9 pr\u00each\u00e9 dans le monde. <\/div>\n<\/div>\n<\/div><\/div><\/div><div id=\"pgc-22689-2-2\"  class=\"panel-grid-cell panel-grid-cell-mobile-last\" ><div id=\"panel-22689-2-2-0\" class=\"so-panel widget widget_sow-editor panel-first-child panel-last-child\" data-index=\"4\" ><div\n\t\t\t\n\t\t\tclass=\"so-widget-sow-editor so-widget-sow-editor-base\"\n\t\t\t\n\t\t>\n<div class=\"siteorigin-widget-tinymce textwidget\">\n\t<p><a href=\"http:\/\/awf.world\/fr\/donner\/\"><\/p>\n<div class=\"boton-1-2019\">faire un don<\/div>\n<p><\/a><\/p>\n<\/div>\n<\/div><\/div><\/div><div id=\"pgc-22689-2-3\"  class=\"panel-grid-cell panel-grid-cell-empty\" ><\/div><\/div><\/div><\/div>","protected":false},"excerpt":{"rendered":"<p>C&rsquo;est ce que nous prions pour ce mois-ci<\/p>\n","protected":false},"author":15,"featured_media":0,"parent":0,"menu_order":0,"comment_status":"closed","ping_status":"closed","template":"","meta":{"inline_featured_image":false,"ngg_post_thumbnail":0,"_EventAllDay":false,"_EventTimezone":"","_EventStartDate":"","_EventEndDate":"","_EventStartDateUTC":"","_EventEndDateUTC":"","_EventShowMap":false,"_EventShowMapLink":false,"_EventURL":"","_EventCost":"","_EventCostDescription":"","_EventCurrencySymbol":"","_EventCurrencyCode":"","_EventCurrencyPosition":"","_EventDateTimeSeparator":"","_EventTimeRangeSeparator":"","_EventOrganizerID":[],"_EventVenueID":[],"_OrganizerEmail":"","_OrganizerPhone":"","_OrganizerWebsite":"","_VenueAddress":"","_VenueCity":"","_VenueCountry":"","_VenueProvince":"","_VenueState":"","_VenueZip":"","_VenuePhone":"","_VenueURL":"","_VenueStateProvince":"","_VenueLat":"","_VenueLng":"","_VenueShowMap":false,"_VenueShowMapLink":false,"footnotes":""},"class_list":["post-22689","page","type-page","status-publish","hentry"],"_links":{"self":[{"href":"https:\/\/awf.world\/fr\/wp-json\/wp\/v2\/pages\/22689","targetHints":{"allow":["GET"]}}],"collection":[{"href":"https:\/\/awf.world\/fr\/wp-json\/wp\/v2\/pages"}],"about":[{"href":"https:\/\/awf.world\/fr\/wp-json\/wp\/v2\/types\/page"}],"author":[{"embeddable":true,"href":"https:\/\/awf.world\/fr\/wp-json\/wp\/v2\/users\/15"}],"replies":[{"embeddable":true,"href":"https:\/\/awf.world\/fr\/wp-json\/wp\/v2\/comments?post=22689"}],"version-history":[{"count":0,"href":"https:\/\/awf.world\/fr\/wp-json\/wp\/v2\/pages\/22689\/revisions"}],"wp:attachment":[{"href":"https:\/\/awf.world\/fr\/wp-json\/wp\/v2\/media?parent=22689"}],"curies":[{"name":"wp","href":"https:\/\/api.w.org\/{rel}","templated":true}]}}