{"id":18173,"date":"2017-05-24T06:55:40","date_gmt":"2017-05-24T11:55:40","guid":{"rendered":"http:\/\/awf.world\/education-theologique\/"},"modified":"2025-05-16T15:53:04","modified_gmt":"2025-05-16T18:53:04","slug":"education-theologique","status":"publish","type":"page","link":"https:\/\/awf.world\/fr\/education-theologique\/","title":{"rendered":"\u00c9ducation Th\u00e9ologique"},"content":{"rendered":"<div id=\"pl-18173\"  class=\"panel-layout\" ><div id=\"pg-18173-0\"  class=\"panel-grid panel-has-style\" ><div class=\"siteorigin-panels-stretch panel-row-style panel-row-style-for-18173-0\" data-stretch-type=\"full\" ><div id=\"pgc-18173-0-0\"  class=\"panel-grid-cell\" ><div id=\"panel-18173-0-0-0\" class=\"so-panel widget widget_sow-image panel-first-child panel-last-child\" data-index=\"0\" ><div\n\t\t\t\n\t\t\tclass=\"so-widget-sow-image so-widget-sow-image-default-c67d20f9f743-18173\"\n\t\t\t\n\t\t>\n<div class=\"sow-image-container\">\n\t\t<img \n\tsrc=\"https:\/\/awf.world\/wp-content\/uploads\/2022\/06\/french-blanco-300x60.png\" width=\"300\" height=\"60\" srcset=\"https:\/\/awf.world\/wp-content\/uploads\/2022\/06\/french-blanco-300x60.png 300w, https:\/\/awf.world\/wp-content\/uploads\/2022\/06\/french-blanco-1024x206.png 1024w, https:\/\/awf.world\/wp-content\/uploads\/2022\/06\/french-blanco-768x155.png 768w, https:\/\/awf.world\/wp-content\/uploads\/2022\/06\/french-blanco-1536x309.png 1536w, https:\/\/awf.world\/wp-content\/uploads\/2022\/06\/french-blanco-2048x412.png 2048w\" sizes=\"(max-width: 300px) 100vw, 300px\" title=\"french blanco\" alt=\"AWF\" \t\tclass=\"so-widget-image\"\/>\n\t<\/div>\n\n<\/div><\/div><\/div><\/div><\/div><div id=\"pg-18173-1\"  class=\"panel-grid panel-has-style\" ><div class=\"lsow-row siteorigin-panels-stretch panel-row-style panel-row-style-for-18173-1\" data-stretch-type=\"full\" ><div id=\"pgc-18173-1-0\"  class=\"panel-grid-cell\" ><div id=\"panel-18173-1-0-0\" class=\"so-panel widget widget_sow-editor panel-first-child\" data-index=\"1\" ><div\n\t\t\t\n\t\t\tclass=\"so-widget-sow-editor so-widget-sow-editor-base\"\n\t\t\t\n\t\t>\n<div class=\"siteorigin-widget-tinymce textwidget\">\n\t<div style=\"width: 95.6px; height: 0; margin: 67.5px 152.8px 0 134.3px; border: solid 2px #1d1d1b;\"><\/div>\n<\/div>\n<\/div><\/div><div id=\"panel-18173-1-0-1\" class=\"so-panel widget widget_sow-editor\" data-index=\"2\" ><div\n\t\t\t\n\t\t\tclass=\"so-widget-sow-editor so-widget-sow-editor-base\"\n\t\t\t\n\t\t>\n<div class=\"siteorigin-widget-tinymce textwidget\">\n\t<h2 style=\"margin: 0px 2.8px 0 134.3px; font-size: 25px;\">Commission d'\u00c9ducation Th\u00e9ologique<\/h2>\n<\/div>\n<\/div><\/div><div id=\"panel-18173-1-0-2\" class=\"so-panel widget widget_sow-editor\" data-index=\"3\" ><div\n\t\t\t\n\t\t\tclass=\"so-widget-sow-editor so-widget-sow-editor-base\"\n\t\t\t\n\t\t>\n<div class=\"siteorigin-widget-tinymce textwidget\">\n\t<p style=\"margin: 0px 2.8px 0 134.3px; font-size: 16px;\">La Commission Internationale d'\u00c9ducation Th\u00e9ologique de l'UMA cherche \u00e0 identifier, d\u00e9velopper et proposer des sujets qui d\u00e9finissent l'identit\u00e9 et la mission de l'Alliance, enracin\u00e9s dans notre histoire, notre pens\u00e9e et notre th\u00e9ologie.<\/p>\n<p>&nbsp;<\/p>\n<p style=\"margin: 0px 2.8px 0 134.3px; font-size: 16px;\">Propose des strat\u00e9gies pour une approche syst\u00e9mique de l'\u00e9ducation.<\/p>\n<\/div>\n<\/div><\/div><div id=\"panel-18173-1-0-3\" class=\"so-panel widget widget_sow-editor panel-last-child\" data-index=\"4\" ><div\n\t\t\t\n\t\t\tclass=\"so-widget-sow-editor so-widget-sow-editor-base\"\n\t\t\t\n\t\t>\n<div class=\"siteorigin-widget-tinymce textwidget\">\n\t<div style=\"width: 95.6px; height: 0; margin: 0px 152.8px 0 134.3px; border: solid 2px #1d1d1b;\"><\/div>\n<\/div>\n<\/div><\/div><\/div><div id=\"pgc-18173-1-1\"  class=\"panel-grid-cell\" ><div id=\"panel-18173-1-1-0\" class=\"so-panel widget widget_sow-image panel-first-child panel-last-child\" data-index=\"5\" ><div\n\t\t\t\n\t\t\tclass=\"so-widget-sow-image so-widget-sow-image-default-4e6925654b7a-18173\"\n\t\t\t\n\t\t>\n<div class=\"sow-image-container\">\n\t\t<img \n\tsrc=\"https:\/\/awf.world\/wp-content\/uploads\/2021\/10\/frances.png\" width=\"309\" height=\"208\" srcset=\"https:\/\/awf.world\/wp-content\/uploads\/2021\/10\/frances.png 309w, https:\/\/awf.world\/wp-content\/uploads\/2021\/10\/frances-300x202.png 300w, https:\/\/awf.world\/wp-content\/uploads\/2021\/10\/frances-272x182.png 272w\" sizes=\"(max-width: 309px) 100vw, 309px\" title=\"franc\u00e9s\" alt=\"\" \t\tclass=\"so-widget-image\"\/>\n\t<\/div>\n\n<\/div><\/div><\/div><\/div><\/div><div id=\"pg-18173-2\"  class=\"panel-grid panel-has-style\" ><div class=\"lsow-row siteorigin-panels-stretch panel-row-style panel-row-style-for-18173-2\" data-stretch-type=\"full\" ><div id=\"pgc-18173-2-0\"  class=\"panel-grid-cell\" ><div id=\"panel-18173-2-0-0\" class=\"so-panel widget widget_sow-editor panel-first-child\" data-index=\"6\" ><div\n\t\t\t\n\t\t\tclass=\"so-widget-sow-editor so-widget-sow-editor-base\"\n\t\t\t\n\t\t>\n<div class=\"siteorigin-widget-tinymce textwidget\">\n\t<div style=\"width: 95.6px; height: 0; margin: 67.5px 0px 0 0px; border: solid 2px #1d1d1b;\">&nbsp;<\/div>\n<\/div>\n<\/div><\/div><div id=\"panel-18173-2-0-1\" class=\"so-panel widget widget_sow-editor\" data-index=\"7\" ><div\n\t\t\t\n\t\t\tclass=\"so-widget-sow-editor so-widget-sow-editor-base\"\n\t\t\t\n\t\t>\n<div class=\"siteorigin-widget-tinymce textwidget\">\n\t<h2 style=\"margin: 0px 2.8px 0 0px; font-size: 25px;\">Commission d'\u00c9ducation Th\u00e9ologique<\/h2>\n<\/div>\n<\/div><\/div><div id=\"panel-18173-2-0-2\" class=\"so-panel widget widget_sow-editor\" data-index=\"8\" ><div\n\t\t\t\n\t\t\tclass=\"so-widget-sow-editor so-widget-sow-editor-base\"\n\t\t\t\n\t\t>\n<div class=\"siteorigin-widget-tinymce textwidget\">\n\t<p style=\"margin: 0px 2.8px 0 0px; font-size: 16px;\">La Commission Internationale d'\u00c9ducation Th\u00e9ologique de l'UMA cherche \u00e0 identifier, d\u00e9velopper et proposer des sujets qui d\u00e9finissent l'identit\u00e9 et la mission de l'Alliance, enracin\u00e9s dans notre histoire, notre pens\u00e9e et notre th\u00e9ologie.<\/p>\n<p>&nbsp;<\/p>\n<p style=\"margin: 0px 2.8px 0 0px; font-size: 16px;\">Propose des strat\u00e9gies pour une approche syst\u00e9mique de l'\u00e9ducation.<\/p>\n<\/div>\n<\/div><\/div><div id=\"panel-18173-2-0-3\" class=\"so-panel widget widget_sow-editor panel-last-child\" data-index=\"9\" ><div\n\t\t\t\n\t\t\tclass=\"so-widget-sow-editor so-widget-sow-editor-base\"\n\t\t\t\n\t\t>\n<div class=\"siteorigin-widget-tinymce textwidget\">\n\t<div style=\"width: 95.6px; height: 0; margin: 0px 0px 0 0px; border: solid 2px #1d1d1b;\">&nbsp;<\/div>\n<\/div>\n<\/div><\/div><\/div><div id=\"pgc-18173-2-1\"  class=\"panel-grid-cell\" ><div id=\"panel-18173-2-1-0\" class=\"so-panel widget widget_sow-image panel-first-child panel-last-child\" data-index=\"10\" ><div\n\t\t\t\n\t\t\tclass=\"so-widget-sow-image so-widget-sow-image-default-c67d20f9f743-18173\"\n\t\t\t\n\t\t>\n<div class=\"sow-image-container\">\n\t\t<img \n\tsrc=\"https:\/\/awf.world\/wp-content\/uploads\/2021\/09\/Grupo-199.png\" width=\"309\" height=\"208\" srcset=\"https:\/\/awf.world\/wp-content\/uploads\/2021\/09\/Grupo-199.png 309w, https:\/\/awf.world\/wp-content\/uploads\/2021\/09\/Grupo-199-300x202.png 300w, https:\/\/awf.world\/wp-content\/uploads\/2021\/09\/Grupo-199-272x182.png 272w\" sizes=\"(max-width: 309px) 100vw, 309px\" title=\"Theological Education\" alt=\"Theological Education\" \t\tclass=\"so-widget-image\"\/>\n\t<\/div>\n\n<\/div><\/div><\/div><\/div><\/div><div id=\"pg-18173-3\"  class=\"panel-grid panel-has-style\" ><div class=\"siteorigin-panels-stretch panel-row-style panel-row-style-for-18173-3\" data-stretch-type=\"full\" ><div id=\"pgc-18173-3-0\"  class=\"panel-grid-cell\" ><div id=\"panel-18173-3-0-0\" class=\"so-panel widget widget_sow-image panel-first-child panel-last-child\" data-index=\"11\" ><div\n\t\t\t\n\t\t\tclass=\"so-widget-sow-image so-widget-sow-image-default-e4c2d9f6c920-18173\"\n\t\t\t\n\t\t>\n<div class=\"sow-image-container\">\n\t\t<img \n\tsrc=\"https:\/\/awf.world\/wp-content\/uploads\/2021\/09\/Grupo-200@2x.png\" width=\"200\" height=\"200\" srcset=\"https:\/\/awf.world\/wp-content\/uploads\/2021\/09\/Grupo-200@2x.png 296w, https:\/\/awf.world\/wp-content\/uploads\/2021\/09\/Grupo-200@2x-150x150.png 150w\" sizes=\"(max-width: 200px) 100vw, 200px\" title=\"Theological Education\" alt=\"Theological Education\" \t\tclass=\"so-widget-image\"\/>\n\t<\/div>\n\n<\/div><\/div><\/div><div id=\"pgc-18173-3-1\"  class=\"panel-grid-cell\" ><div id=\"panel-18173-3-1-0\" class=\"so-panel widget widget_sow-editor panel-first-child\" data-index=\"12\" ><div\n\t\t\t\n\t\t\tclass=\"so-widget-sow-editor so-widget-sow-editor-base\"\n\t\t\t\n\t\t>\n<div class=\"siteorigin-widget-tinymce textwidget\">\n\t<h2 style=\"font-size: 25px;\">R\u00e9pertoire de l'UMA<br \/>\nCommission d'\u00c9ducation Th\u00e9ologique<\/h2>\n<\/div>\n<\/div><\/div><div id=\"panel-18173-3-1-1\" class=\"so-panel widget widget_sow-editor\" data-index=\"13\" ><div\n\t\t\t\n\t\t\tclass=\"so-widget-sow-editor so-widget-sow-editor-base\"\n\t\t\t\n\t\t>\n<div class=\"siteorigin-widget-tinymce textwidget\">\n\t<p style=\"font-size: 13px; padding: 0px 150px 0px 0px; margin: -40px 0px 0px 0px;\">L'objectif du r\u00e9pertoire de l'UMA est de fournir une liste d'informations pertinentes pour la famille mondiale de l'Alliance. Cette collection de documents historiques, de ressources g\u00e9n\u00e9rales, et d'articles populaires et intellectuels, a \u00e9t\u00e9 compil\u00e9e pour offrir \u00e0 l'UMA un espace pratique pour explorer l'histoire et la pens\u00e9e de notre mouvement. Lire la suite\u2026<\/p>\n<\/div>\n<\/div><\/div><div id=\"panel-18173-3-1-2\" class=\"so-panel widget widget_sow-editor panel-last-child\" data-index=\"14\" ><div\n\t\t\t\n\t\t\tclass=\"so-widget-sow-editor so-widget-sow-editor-base\"\n\t\t\t\n\t\t>\n<div class=\"siteorigin-widget-tinymce textwidget\">\n\t<p><a class=\"boton-degrade\" style=\"font-weight: Bold; color: #ffffff; width: 109px; height: 29px; margin: 1.6px 239.6px 0 0px; padding: 7.3px 8.3px 8.7px 12.2px; border-radius: 14.5px; background-image: linear-gradient(108deg, rgba(48, 64, 143, 0.95) -132%, rgba(46, 193, 226, 0.95) 58%);\" href=\"https:\/\/awf.world\/fr\/consult\/\" target=\"_blank\" rel=\"noopener\"><strong>Aller sur le r\u00e9pertoire >&gt;<\/strong><\/a><\/p>\n<\/div>\n<\/div><\/div><\/div><\/div><\/div><div id=\"pg-18173-4\"  class=\"panel-grid panel-has-style\" ><div class=\"siteorigin-panels-stretch panel-row-style panel-row-style-for-18173-4\" data-stretch-type=\"full\" ><div id=\"pgc-18173-4-0\"  class=\"panel-grid-cell\" ><div id=\"panel-18173-4-0-0\" class=\"so-panel widget widget_sow-image panel-first-child panel-last-child\" data-index=\"15\" ><div\n\t\t\t\n\t\t\tclass=\"so-widget-sow-image so-widget-sow-image-default-c67d20f9f743-18173\"\n\t\t\t\n\t\t>\n<div class=\"sow-image-container\">\n\t\t<img \n\tsrc=\"https:\/\/awf.world\/wp-content\/uploads\/2021\/09\/Grupo-200@2x.png\" width=\"200\" height=\"200\" srcset=\"https:\/\/awf.world\/wp-content\/uploads\/2021\/09\/Grupo-200@2x.png 296w, https:\/\/awf.world\/wp-content\/uploads\/2021\/09\/Grupo-200@2x-150x150.png 150w\" sizes=\"(max-width: 200px) 100vw, 200px\" title=\"Theological Education\" alt=\"Theological Education\" \t\tclass=\"so-widget-image\"\/>\n\t<\/div>\n\n<\/div><\/div><\/div><div id=\"pgc-18173-4-1\"  class=\"panel-grid-cell\" ><div id=\"panel-18173-4-1-0\" class=\"so-panel widget widget_sow-editor panel-first-child\" data-index=\"16\" ><div\n\t\t\t\n\t\t\tclass=\"so-widget-sow-editor so-widget-sow-editor-base\"\n\t\t\t\n\t\t>\n<div class=\"siteorigin-widget-tinymce textwidget\">\n\t<h2 style=\"font-size: 25px;\">R\u00e9pertoire de l'UMA<br \/>\nCommission d'\u00c9ducation Th\u00e9ologique<\/h2>\n<\/div>\n<\/div><\/div><div id=\"panel-18173-4-1-1\" class=\"so-panel widget widget_sow-editor\" data-index=\"17\" ><div\n\t\t\t\n\t\t\tclass=\"so-widget-sow-editor so-widget-sow-editor-base\"\n\t\t\t\n\t\t>\n<div class=\"siteorigin-widget-tinymce textwidget\">\n\t<p style=\"font-size: 13px; padding: 0px 0px 0px 0px; margin: -40px 0px 0px 0px; text-align: justify;\">L'objectif du r\u00e9pertoire de l'UMA est de fournir une liste d'informations pertinentes pour la famille mondiale de l'Alliance. Cette collection de documents historiques, de ressources g\u00e9n\u00e9rales, et d'articles populaires et intellectuels, a \u00e9t\u00e9 compil\u00e9e pour offrir \u00e0 l'UMA un espace pratique pour explorer l'histoire et la pens\u00e9e de notre mouvement. Lire la suite\u2026<\/p>\n<\/div>\n<\/div><\/div><div id=\"panel-18173-4-1-2\" class=\"so-panel widget widget_sow-editor panel-last-child\" data-index=\"18\" ><div\n\t\t\t\n\t\t\tclass=\"so-widget-sow-editor so-widget-sow-editor-base\"\n\t\t\t\n\t\t>\n<div class=\"siteorigin-widget-tinymce textwidget\">\n\t<p><a class=\"boton-degrade\" style=\"font-weight: Bold; color: #ffffff; width: 109px; height: 29px; margin: auto; padding: 7.3px 8.3px 8.7px 12.2px; border-radius: 14.5px; background-image: linear-gradient(108deg, rgba(48, 64, 143, 0.95) -132%, rgba(46, 193, 226, 0.95) 58%);\" href=\"https:\/\/awf.world\/repository\/\" target=\"_blank\" rel=\"noopener\"><strong>Aller sur le r\u00e9pertoire >&gt;<\/strong><\/a><\/p>\n<\/div>\n<\/div><\/div><\/div><\/div><\/div><div id=\"pg-18173-5\"  class=\"panel-grid panel-has-style\" ><div class=\"siteorigin-panels-stretch panel-row-style panel-row-style-for-18173-5\" data-stretch-type=\"full\" ><div id=\"pgc-18173-5-0\"  class=\"panel-grid-cell\" ><div id=\"panel-18173-5-0-0\" class=\"so-panel widget widget_sow-editor panel-first-child\" data-index=\"19\" ><div class=\"panel-widget-style panel-widget-style-for-18173-5-0-0\" ><div\n\t\t\t\n\t\t\tclass=\"so-widget-sow-editor so-widget-sow-editor-base\"\n\t\t\t\n\t\t>\n<div class=\"siteorigin-widget-tinymce textwidget\">\n\t<div style=\"width: 300.4px; height: 0; border: solid 0.5px #00192e;\">&nbsp;<\/div>\n<\/div>\n<\/div><\/div><\/div><div id=\"panel-18173-5-0-1\" class=\"so-panel widget widget_sow-editor\" data-index=\"20\" ><div class=\"panel-widget-style panel-widget-style-for-18173-5-0-1\" ><div\n\t\t\t\n\t\t\tclass=\"so-widget-sow-editor so-widget-sow-editor-base\"\n\t\t\t\n\t\t>\n<div class=\"siteorigin-widget-tinymce textwidget\">\n\t<h2 style=\"font-size: 20px;\">Nouvelles<\/h2>\n<\/div>\n<\/div><\/div><\/div><div id=\"panel-18173-5-0-2\" class=\"so-panel widget widget_sow-editor panel-last-child\" data-index=\"21\" ><div class=\"panel-widget-style panel-widget-style-for-18173-5-0-2\" ><div\n\t\t\t\n\t\t\tclass=\"so-widget-sow-editor so-widget-sow-editor-base\"\n\t\t\t\n\t\t>\n<div class=\"siteorigin-widget-tinymce textwidget\">\n\t<div id=\"wpv-view-layout-28503\" class=\"js-wpv-view-layout js-wpv-layout-responsive js-wpv-view-layout-28503\" data-viewnumber=\"28503\" data-pagination=\"{&quot;id&quot;:28503,&quot;query&quot;:&quot;normal&quot;,&quot;type&quot;:&quot;disabled&quot;,&quot;effect&quot;:&quot;fade&quot;,&quot;duration&quot;:500,&quot;speed&quot;:5,&quot;pause_on_hover&quot;:&quot;disabled&quot;,&quot;stop_rollover&quot;:&quot;false&quot;,&quot;cache_pages&quot;:&quot;enabled&quot;,&quot;preload_images&quot;:&quot;enabled&quot;,&quot;preload_pages&quot;:&quot;enabled&quot;,&quot;preload_reach&quot;:1,&quot;spinner&quot;:&quot;builtin&quot;,&quot;spinner_image&quot;:&quot;https:\/\/awf.world\/wp-content\/plugins\/wp-views\/embedded\/res\/img\/ajax-loader.gif&quot;,&quot;callback_next&quot;:&quot;&quot;,&quot;manage_history&quot;:&quot;enabled&quot;,&quot;has_controls_in_form&quot;:&quot;disabled&quot;,&quot;infinite_tolerance&quot;:&quot;0&quot;,&quot;max_pages&quot;:1,&quot;page&quot;:1,&quot;base_permalink&quot;:&quot;\/fr\/wp-json\/wp\/v2\/pages\/18173?wpv_view_count=28503&amp;wpv_paged=WPV_PAGE_NUM&quot;,&quot;loop&quot;:{&quot;type&quot;:&quot;&quot;,&quot;name&quot;:&quot;&quot;,&quot;data&quot;:[],&quot;id&quot;:0}}\" data-permalink=\"\/fr\/wp-json\/wp\/v2\/pages\/18173?wpv_view_count=28503\">\n<div class=\"relacionado \">\n<div class=\"row\">\n<div class=\"col-sm-10 col-xs-10 col-md-10 col-lg-10\">\n<div class=\"row relacionado-line\">\n<div class=\"col-sm-4 col-xs-4 col-md-4 col-lg-4\"> <img loading=\"lazy\" decoding=\"async\" class=\"attachment-600x387 size-600x387\" src=\"https:\/\/awf.world\/wp-content\/uploads\/2026\/01\/Theological-Cooperation-CLA_2025-wpv_600x387.jpeg\" width=\"600\" height=\"387\" alt=\"S\u00e9minaires de l\u2019Alliance en Am\u00e9rique latine\" \/>\n      \t<\/div>\n<div class=\"col-sm-8 col-xs-8 col-md-8 col-lg-8\">\n<h3> <a href=\"https:\/\/awf.world\/fr\/awf-news\/seminaires-de-lalliance-en-amerique-latine\/\">Les S\u00e9minaires de l\u2019Alliance en Am\u00e9rique latine Font Progresser l\u2019Education Th\u00e9ologique par la Coop\u00e9ration<\/a> <\/h3>\n<div class=\"autor\">Par: Miguel \u00c1ngel Palomino et Eunice Ron Mateo <\/div>\n<\/p><\/div>\n<\/p><\/div>\n<\/p><\/div>\n<div class=\"col-sm-2 col-xs-2 col-md-2 col-lg-2\">\n    <\/div>\n<\/p><\/div>\n<\/div>\n<div class=\"relacionado \">\n<div class=\"row\">\n<div class=\"col-sm-10 col-xs-10 col-md-10 col-lg-10\">\n<div class=\"row relacionado-line\">\n<div class=\"col-sm-4 col-xs-4 col-md-4 col-lg-4\"> <img loading=\"lazy\" decoding=\"async\" class=\"attachment-600x387 size-600x387\" src=\"https:\/\/awf.world\/wp-content\/uploads\/2025\/11\/AWF-Quadrennial_Alliance-DNA-Workshop_2025-102-wpv_600x387.jpg\" width=\"600\" height=\"387\" alt=\"Alliance Leaders Reflect on the Yamoussoukro Declaration\" \/>\n      \t<\/div>\n<div class=\"col-sm-8 col-xs-8 col-md-8 col-lg-8\">\n<h3> <a href=\"https:\/\/awf.world\/fr\/awf-news\/dirigeants-de-lalliance-reflechissent-a-la-declaration-de-yamoussoukro\/\">Les Dirigeants de l\u2019Alliance R\u00e9fl\u00e9chissent a la D\u00e9claration de Yamoussoukro et aux Th\u00e8mes Cl\u00e9s d\u2019un Curriculum Unifi\u00e9 de l\u2019Alliance<\/a> <\/h3>\n<div class=\"autor\">Par: Peter Laughlin <\/div>\n<\/p><\/div>\n<\/p><\/div>\n<\/p><\/div>\n<div class=\"col-sm-2 col-xs-2 col-md-2 col-lg-2\">\n    <\/div>\n<\/p><\/div>\n<\/div>\n<div class=\"relacionado \">\n<div class=\"row\">\n<div class=\"col-sm-10 col-xs-10 col-md-10 col-lg-10\">\n<div class=\"row relacionado-line\">\n<div class=\"col-sm-4 col-xs-4 col-md-4 col-lg-4\"> <img loading=\"lazy\" decoding=\"async\" class=\"attachment-600x387 size-600x387\" src=\"https:\/\/awf.world\/wp-content\/uploads\/2025\/08\/Alliance-Theological-Symposium-2026_Social-Media-Banner_Website2-wpv_600x387.jpg\" width=\"600\" height=\"387\" alt=\"2e Symposium Th\u00e9ologique de l\u2019Alliance sur\u00a0\u00ab Vie Profonde et Perspectives de la Mission \u00bb,\u00a04-5 mai 2026, Izmir, T\u00fcrkiye\" \/>\n      \t<\/div>\n<div class=\"col-sm-8 col-xs-8 col-md-8 col-lg-8\">\n<h3> <a href=\"https:\/\/awf.world\/fr\/awf-news\/2e-symposium-theologique-de-lalliance\/\">Symposium Th\u00e9ologique de l\u2019Alliance sur Vie Profonde et Perspectives de la Mission<\/a> <\/h3>\n<div class=\"autor\">Par: Peter Laughlin <\/div>\n<\/p><\/div>\n<\/p><\/div>\n<\/p><\/div>\n<div class=\"col-sm-2 col-xs-2 col-md-2 col-lg-2\">\n    <\/div>\n<\/p><\/div>\n<\/div>\n<div class=\"relacionado \">\n<div class=\"row\">\n<div class=\"col-sm-10 col-xs-10 col-md-10 col-lg-10\">\n<div class=\"row relacionado-line\">\n<div class=\"col-sm-4 col-xs-4 col-md-4 col-lg-4\"> <img loading=\"lazy\" decoding=\"async\" class=\"attachment-600x387 size-600x387\" src=\"https:\/\/awf.world\/wp-content\/uploads\/2025\/06\/Young-Scholars-Program_New-York_USA_2025-0601-scaled-wpv_600x387.jpg\" width=\"600\" height=\"387\" alt=\"Programme pour Jeunes \u00c9tudiants de l'UMA \u00e0 New York\" \/>\n      \t<\/div>\n<div class=\"col-sm-8 col-xs-8 col-md-8 col-lg-8\">\n<h3> <a href=\"https:\/\/awf.world\/fr\/awf-news\/programme-pour-jeunes-etudiants-de-luma\/\">Les Jeunes \u00c9tudiants de l\u2019Alliance se R\u00e9unissent \u00e0 New York pour une Formation Mondiale Transformatrice<\/a> <\/h3>\n<div class=\"autor\">Par: Peter Laughlin et Eunice Ron Mateo <\/div>\n<\/p><\/div>\n<\/p><\/div>\n<\/p><\/div>\n<div class=\"col-sm-2 col-xs-2 col-md-2 col-lg-2\">\n    <\/div>\n<\/p><\/div>\n<\/div>\n<\/div>\n<\/div>\n<\/div><\/div><\/div><\/div><div id=\"pgc-18173-5-1\"  class=\"panel-grid-cell\" ><div id=\"panel-18173-5-1-0\" class=\"so-panel widget widget_siteorigin-panels-builder panel-first-child panel-last-child\" data-index=\"22\" ><div class=\"panel-widget-style panel-widget-style-for-18173-5-1-0\" ><div id=\"pl-w63dd8112887dc\"  class=\"panel-layout\" ><div id=\"pg-w63dd8112887dc-0\"  class=\"panel-grid panel-no-style\" ><div id=\"pgc-w63dd8112887dc-0-0\"  class=\"panel-grid-cell\" ><div id=\"panel-w63dd8112887dc-0-0-0\" class=\"so-panel widget widget_sow-editor panel-first-child\" data-index=\"0\" ><div\n\t\t\t\n\t\t\tclass=\"so-widget-sow-editor so-widget-sow-editor-base\"\n\t\t\t\n\t\t>\n<div class=\"siteorigin-widget-tinymce textwidget\">\n\t<h2 style=\"font-size: 35px;\">L\u2019ADN de l\u2019Alliance et l\u2019\u00c9ducation Th\u00e9ologique<\/h2>\n<\/div>\n<\/div><\/div><div id=\"panel-w63dd8112887dc-0-0-1\" class=\"so-panel widget widget_sow-editor\" data-index=\"1\" ><div\n\t\t\t\n\t\t\tclass=\"so-widget-sow-editor so-widget-sow-editor-base\"\n\t\t\t\n\t\t>\n<div class=\"siteorigin-widget-tinymce textwidget\">\n\t<div style=\"  width: 100%; height: 0;\n  border: 1px solid #cecece \">&nbsp;<\/div>\n<\/div>\n<\/div><\/div><div id=\"panel-w63dd8112887dc-0-0-2\" class=\"so-panel widget widget_sow-editor panel-last-child\" data-index=\"2\" ><div\n\t\t\t\n\t\t\tclass=\"so-widget-sow-editor so-widget-sow-editor-base\"\n\t\t\t\n\t\t>\n<div class=\"siteorigin-widget-tinymce textwidget\">\n\t<p>Renforcer l\u2019ADN de l\u2019Alliance signifie que chacun croyant expriment une vie plus profonde en Christ et est d\u00e9plac\u00e9 en les missions comme r\u00e9sultat de la transformation op\u00e9r\u00e9e pour l\u2019ouvre du Saint-Esprit. Cela apportera l\u2019unit\u00e9 et l\u2019identit\u00e9 \u00e0 l\u00b4\u00e9glise et permettant aux membres \u00e0 grandir et \u00e0 m\u00fbrit comme une \u00e9glise en mission.<\/p>\n<p>La Commission Internationale d\u2019\u00c9ducation Th\u00e9ologique (ICTE) a travaill\u00e9 sur des initiatives telles que les S\u00e9minaires\/Webinaires des Distinctifs de l\u2019Alliance, le programme des Jeunes \u00c9tudiants de l\u2019UMA, le Prix de Th\u00e9ologie de l\u2019UMA, le Symposium de Th\u00e9ologie de l\u2019Alliance, le R\u00e9pertoire Th\u00e9ologique de l\u2019UMA et d\u2019autres projets qui ont jou\u00e9 en r\u00f4le d\u00e9terminant dans le renforcement de l\u2019ADN en tout au long du CMA. La r\u00e9ponse massivement positive \u00e0 cette initiative confirme le besoin de l\u2019inversion pour renforcer l\u2019esprit de l\u2019Alliance dans notre mouvement.<\/p>\n<\/div>\n<\/div><\/div><\/div><\/div><\/div><\/div><\/div><\/div><\/div><\/div><div id=\"pg-18173-6\"  class=\"panel-grid panel-has-style\" ><div class=\"siteorigin-panels-stretch panel-row-style panel-row-style-for-18173-6\" data-stretch-type=\"full\" ><div id=\"pgc-18173-6-0\"  class=\"panel-grid-cell\" ><div id=\"panel-18173-6-0-0\" class=\"so-panel widget widget_sow-editor panel-first-child\" data-index=\"23\" ><div class=\"panel-widget-style panel-widget-style-for-18173-6-0-0\" ><div\n\t\t\t\n\t\t\tclass=\"so-widget-sow-editor so-widget-sow-editor-base\"\n\t\t\t\n\t\t>\n<div class=\"siteorigin-widget-tinymce textwidget\">\n\t<div style=\"width: 300.4px; height: 0; border: solid 0.5px #00192e;\">&nbsp;<\/div>\n<\/div>\n<\/div><\/div><\/div><div id=\"panel-18173-6-0-1\" class=\"so-panel widget widget_sow-editor\" data-index=\"24\" ><div class=\"panel-widget-style panel-widget-style-for-18173-6-0-1\" ><div\n\t\t\t\n\t\t\tclass=\"so-widget-sow-editor so-widget-sow-editor-base\"\n\t\t\t\n\t\t>\n<div class=\"siteorigin-widget-tinymce textwidget\">\n\t<h2 style=\"font-size: 20px;\">Nouvelles<\/h2>\n<\/div>\n<\/div><\/div><\/div><div id=\"panel-18173-6-0-2\" class=\"so-panel widget widget_sow-editor panel-last-child\" data-index=\"25\" ><div class=\"panel-widget-style panel-widget-style-for-18173-6-0-2\" ><div\n\t\t\t\n\t\t\tclass=\"so-widget-sow-editor so-widget-sow-editor-base\"\n\t\t\t\n\t\t>\n<div class=\"siteorigin-widget-tinymce textwidget\">\n\t<div id=\"wpv-view-layout-28503\" class=\"js-wpv-view-layout js-wpv-layout-responsive js-wpv-view-layout-28503\" data-viewnumber=\"28503\" data-pagination=\"{&quot;id&quot;:28503,&quot;query&quot;:&quot;normal&quot;,&quot;type&quot;:&quot;disabled&quot;,&quot;effect&quot;:&quot;fade&quot;,&quot;duration&quot;:500,&quot;speed&quot;:5,&quot;pause_on_hover&quot;:&quot;disabled&quot;,&quot;stop_rollover&quot;:&quot;false&quot;,&quot;cache_pages&quot;:&quot;enabled&quot;,&quot;preload_images&quot;:&quot;enabled&quot;,&quot;preload_pages&quot;:&quot;enabled&quot;,&quot;preload_reach&quot;:1,&quot;spinner&quot;:&quot;builtin&quot;,&quot;spinner_image&quot;:&quot;https:\/\/awf.world\/wp-content\/plugins\/wp-views\/embedded\/res\/img\/ajax-loader.gif&quot;,&quot;callback_next&quot;:&quot;&quot;,&quot;manage_history&quot;:&quot;enabled&quot;,&quot;has_controls_in_form&quot;:&quot;disabled&quot;,&quot;infinite_tolerance&quot;:&quot;0&quot;,&quot;max_pages&quot;:1,&quot;page&quot;:1,&quot;base_permalink&quot;:&quot;\/fr\/wp-json\/wp\/v2\/pages\/18173?wpv_view_count=28503&amp;wpv_paged=WPV_PAGE_NUM&quot;,&quot;loop&quot;:{&quot;type&quot;:&quot;&quot;,&quot;name&quot;:&quot;&quot;,&quot;data&quot;:[],&quot;id&quot;:0}}\" data-permalink=\"\/fr\/wp-json\/wp\/v2\/pages\/18173?wpv_view_count=28503\">\n<div class=\"relacionado \">\n<div class=\"row\">\n<div class=\"col-sm-10 col-xs-10 col-md-10 col-lg-10\">\n<div class=\"row relacionado-line\">\n<div class=\"col-sm-4 col-xs-4 col-md-4 col-lg-4\"> <img loading=\"lazy\" decoding=\"async\" class=\"attachment-600x387 size-600x387\" src=\"https:\/\/awf.world\/wp-content\/uploads\/2026\/01\/Theological-Cooperation-CLA_2025-wpv_600x387.jpeg\" width=\"600\" height=\"387\" alt=\"S\u00e9minaires de l\u2019Alliance en Am\u00e9rique latine\" \/>\n      \t<\/div>\n<div class=\"col-sm-8 col-xs-8 col-md-8 col-lg-8\">\n<h3> <a href=\"https:\/\/awf.world\/fr\/awf-news\/seminaires-de-lalliance-en-amerique-latine\/\">Les S\u00e9minaires de l\u2019Alliance en Am\u00e9rique latine Font Progresser l\u2019Education Th\u00e9ologique par la Coop\u00e9ration<\/a> <\/h3>\n<div class=\"autor\">Par: Miguel \u00c1ngel Palomino et Eunice Ron Mateo <\/div>\n<\/p><\/div>\n<\/p><\/div>\n<\/p><\/div>\n<div class=\"col-sm-2 col-xs-2 col-md-2 col-lg-2\">\n    <\/div>\n<\/p><\/div>\n<\/div>\n<div class=\"relacionado \">\n<div class=\"row\">\n<div class=\"col-sm-10 col-xs-10 col-md-10 col-lg-10\">\n<div class=\"row relacionado-line\">\n<div class=\"col-sm-4 col-xs-4 col-md-4 col-lg-4\"> <img loading=\"lazy\" decoding=\"async\" class=\"attachment-600x387 size-600x387\" src=\"https:\/\/awf.world\/wp-content\/uploads\/2025\/11\/AWF-Quadrennial_Alliance-DNA-Workshop_2025-102-wpv_600x387.jpg\" width=\"600\" height=\"387\" alt=\"Alliance Leaders Reflect on the Yamoussoukro Declaration\" \/>\n      \t<\/div>\n<div class=\"col-sm-8 col-xs-8 col-md-8 col-lg-8\">\n<h3> <a href=\"https:\/\/awf.world\/fr\/awf-news\/dirigeants-de-lalliance-reflechissent-a-la-declaration-de-yamoussoukro\/\">Les Dirigeants de l\u2019Alliance R\u00e9fl\u00e9chissent a la D\u00e9claration de Yamoussoukro et aux Th\u00e8mes Cl\u00e9s d\u2019un Curriculum Unifi\u00e9 de l\u2019Alliance<\/a> <\/h3>\n<div class=\"autor\">Par: Peter Laughlin <\/div>\n<\/p><\/div>\n<\/p><\/div>\n<\/p><\/div>\n<div class=\"col-sm-2 col-xs-2 col-md-2 col-lg-2\">\n    <\/div>\n<\/p><\/div>\n<\/div>\n<div class=\"relacionado \">\n<div class=\"row\">\n<div class=\"col-sm-10 col-xs-10 col-md-10 col-lg-10\">\n<div class=\"row relacionado-line\">\n<div class=\"col-sm-4 col-xs-4 col-md-4 col-lg-4\"> <img loading=\"lazy\" decoding=\"async\" class=\"attachment-600x387 size-600x387\" src=\"https:\/\/awf.world\/wp-content\/uploads\/2025\/08\/Alliance-Theological-Symposium-2026_Social-Media-Banner_Website2-wpv_600x387.jpg\" width=\"600\" height=\"387\" alt=\"2e Symposium Th\u00e9ologique de l\u2019Alliance sur\u00a0\u00ab Vie Profonde et Perspectives de la Mission \u00bb,\u00a04-5 mai 2026, Izmir, T\u00fcrkiye\" \/>\n      \t<\/div>\n<div class=\"col-sm-8 col-xs-8 col-md-8 col-lg-8\">\n<h3> <a href=\"https:\/\/awf.world\/fr\/awf-news\/2e-symposium-theologique-de-lalliance\/\">Symposium Th\u00e9ologique de l\u2019Alliance sur Vie Profonde et Perspectives de la Mission<\/a> <\/h3>\n<div class=\"autor\">Par: Peter Laughlin <\/div>\n<\/p><\/div>\n<\/p><\/div>\n<\/p><\/div>\n<div class=\"col-sm-2 col-xs-2 col-md-2 col-lg-2\">\n    <\/div>\n<\/p><\/div>\n<\/div>\n<div class=\"relacionado \">\n<div class=\"row\">\n<div class=\"col-sm-10 col-xs-10 col-md-10 col-lg-10\">\n<div class=\"row relacionado-line\">\n<div class=\"col-sm-4 col-xs-4 col-md-4 col-lg-4\"> <img loading=\"lazy\" decoding=\"async\" class=\"attachment-600x387 size-600x387\" src=\"https:\/\/awf.world\/wp-content\/uploads\/2025\/06\/Young-Scholars-Program_New-York_USA_2025-0601-scaled-wpv_600x387.jpg\" width=\"600\" height=\"387\" alt=\"Programme pour Jeunes \u00c9tudiants de l'UMA \u00e0 New York\" \/>\n      \t<\/div>\n<div class=\"col-sm-8 col-xs-8 col-md-8 col-lg-8\">\n<h3> <a href=\"https:\/\/awf.world\/fr\/awf-news\/programme-pour-jeunes-etudiants-de-luma\/\">Les Jeunes \u00c9tudiants de l\u2019Alliance se R\u00e9unissent \u00e0 New York pour une Formation Mondiale Transformatrice<\/a> <\/h3>\n<div class=\"autor\">Par: Peter Laughlin et Eunice Ron Mateo <\/div>\n<\/p><\/div>\n<\/p><\/div>\n<\/p><\/div>\n<div class=\"col-sm-2 col-xs-2 col-md-2 col-lg-2\">\n    <\/div>\n<\/p><\/div>\n<\/div>\n<\/div>\n<\/div>\n<\/div><\/div><\/div><\/div><div id=\"pgc-18173-6-1\"  class=\"panel-grid-cell\" ><div id=\"panel-18173-6-1-0\" class=\"so-panel widget widget_siteorigin-panels-builder panel-first-child panel-last-child\" data-index=\"26\" ><div class=\"panel-widget-style panel-widget-style-for-18173-6-1-0\" ><div id=\"pl-w63dd7de8a2904\"  class=\"panel-layout\" ><div id=\"pg-w63dd7de8a2904-0\"  class=\"panel-grid panel-no-style\" ><div id=\"pgc-w63dd7de8a2904-0-0\"  class=\"panel-grid-cell\" ><div id=\"panel-w63dd7de8a2904-0-0-0\" class=\"so-panel widget widget_sow-editor panel-first-child\" data-index=\"0\" ><div\n\t\t\t\n\t\t\tclass=\"so-widget-sow-editor so-widget-sow-editor-base\"\n\t\t\t\n\t\t>\n<div class=\"siteorigin-widget-tinymce textwidget\">\n\t<h2 style=\"font-size: 20px;\">L\u2019ADN de l\u2019Alliance et l\u2019\u00c9ducation Th\u00e9ologique<\/h2>\n<\/div>\n<\/div><\/div><div id=\"panel-w63dd7de8a2904-0-0-1\" class=\"so-panel widget widget_sow-editor\" data-index=\"1\" ><div\n\t\t\t\n\t\t\tclass=\"so-widget-sow-editor so-widget-sow-editor-base\"\n\t\t\t\n\t\t>\n<div class=\"siteorigin-widget-tinymce textwidget\">\n\t<div style=\"  width: 100%; height: 0;\n  border: 1px solid #cecece \">&nbsp;<\/div>\n<\/div>\n<\/div><\/div><div id=\"panel-w63dd7de8a2904-0-0-2\" class=\"so-panel widget widget_sow-editor panel-last-child\" data-index=\"2\" ><div\n\t\t\t\n\t\t\tclass=\"so-widget-sow-editor so-widget-sow-editor-base\"\n\t\t\t\n\t\t>\n<div class=\"siteorigin-widget-tinymce textwidget\">\n\t<p>Renforcer l\u2019ADN de l\u2019Alliance signifie que chacun croyant expriment une vie plus profonde en Christ et est d\u00e9plac\u00e9 en les missions comme r\u00e9sultat de la transformation op\u00e9r\u00e9e pour l\u2019ouvre du Saint-Esprit. Cela apportera l\u2019unit\u00e9 et l\u2019identit\u00e9 \u00e0 l\u00b4\u00e9glise et permettant aux membres \u00e0 grandir et \u00e0 m\u00fbrit comme une \u00e9glise en mission.<\/p>\n<p>La Commission Internationale d\u2019\u00c9ducation Th\u00e9ologique (ICTE) a travaill\u00e9 sur des initiatives telles que les S\u00e9minaires\/Webinaires des Distinctifs de l\u2019Alliance, le programme des Jeunes \u00c9tudiants de l\u2019UMA, le Prix de Th\u00e9ologie de l\u2019UMA, le Symposium de Th\u00e9ologie de l\u2019Alliance, le R\u00e9pertoire Th\u00e9ologique de l\u2019UMA et d\u2019autres projets qui ont jou\u00e9 en r\u00f4le d\u00e9terminant dans le renforcement de l\u2019ADN en tout au long du CMA. La r\u00e9ponse massivement positive \u00e0 cette initiative confirme le besoin de l\u2019inversion pour renforcer l\u2019esprit de l\u2019Alliance dans notre mouvement.<\/p>\n<\/div>\n<\/div><\/div><\/div><\/div><\/div><\/div><\/div><\/div><\/div><\/div><div id=\"pg-18173-7\"  class=\"panel-grid panel-has-style\" ><div class=\"panel-row-style panel-row-style-for-18173-7\" ><div id=\"pgc-18173-7-0\"  class=\"panel-grid-cell\" ><div id=\"panel-18173-7-0-0\" class=\"so-panel widget widget_sow-editor panel-first-child\" data-index=\"27\" ><div\n\t\t\t\n\t\t\tclass=\"so-widget-sow-editor so-widget-sow-editor-base\"\n\t\t\t\n\t\t>\n<div class=\"siteorigin-widget-tinymce textwidget\">\n\t<div style=\" width: 611.4px; height: 0; border: solid 0.5px #00192e; margin: auto;\"><\/div>\n<\/div>\n<\/div><\/div><div id=\"panel-18173-7-0-1\" class=\"so-panel widget widget_sow-editor panel-last-child\" data-index=\"28\" ><div\n\t\t\t\n\t\t\tclass=\"so-widget-sow-editor so-widget-sow-editor-base\"\n\t\t\t\n\t\t>\n<div class=\"siteorigin-widget-tinymce textwidget\">\n\t<h1 style=\"font-weight: 900; text-align: center; font-size: 20px;\">MEMBRES<\/h1>\n<\/div>\n<\/div><\/div><\/div><\/div><\/div><div id=\"pg-18173-8\"  class=\"panel-grid panel-has-style\" ><div class=\"panel-row-style panel-row-style-for-18173-8\" ><div id=\"pgc-18173-8-0\"  class=\"panel-grid-cell\" ><div id=\"panel-18173-8-0-0\" class=\"so-panel widget widget_sow-image panel-first-child panel-last-child\" data-index=\"29\" ><div\n\t\t\t\n\t\t\tclass=\"so-widget-sow-image so-widget-sow-image-default-e4c2d9f6c920-18173\"\n\t\t\t\n\t\t>\n<div class=\"sow-image-container\">\n\t\t<img \n\tsrc=\"https:\/\/awf.world\/wp-content\/uploads\/2021\/09\/Grupo-31@2x-150x150.png\" width=\"150\" height=\"150\" srcset=\"https:\/\/awf.world\/wp-content\/uploads\/2021\/09\/Grupo-31@2x-150x150.png 150w, https:\/\/awf.world\/wp-content\/uploads\/2021\/09\/Grupo-31@2x.png 162w\" sizes=\"(max-width: 150px) 100vw, 150px\" title=\"Theological Education\" alt=\"Theological Education\" \t\tclass=\"so-widget-image\"\/>\n\t<\/div>\n\n<\/div><\/div><\/div><div id=\"pgc-18173-8-1\"  class=\"panel-grid-cell\" ><div id=\"panel-18173-8-1-0\" class=\"so-panel widget widget_sow-editor panel-first-child panel-last-child\" data-index=\"30\" ><div\n\t\t\t\n\t\t\tclass=\"so-widget-sow-editor so-widget-sow-editor-base\"\n\t\t\t\n\t\t>\n<div class=\"siteorigin-widget-tinymce textwidget\">\n\t<h2 style=\"font-size: 20px; font-weight: 900;\">Peter Laughlin \/ Pr\u00e9sident<\/h2>\n<p>Le Comit\u00e9 Ex\u00e9cutif de l'UMA a nomm\u00e9 le Dr. Peter Laughlin (BEng, BTh (Hon), PhD), doyen de l'Alliance Institute for Mission, le centre d'excellence en \u00c9tudes Interculturelles de l'Australian College of Ministries, \u00e0 la pr\u00e9sidence de la Commission Internationale d\u2019\u00c9ducation Th\u00e9ologique (ICTE) de l\u2019UMA.<\/p>\n<\/div>\n<\/div><\/div><\/div><div id=\"pgc-18173-8-2\"  class=\"panel-grid-cell\" ><div id=\"panel-18173-8-2-0\" class=\"so-panel widget widget_sow-editor panel-first-child panel-last-child\" data-index=\"31\" ><div\n\t\t\t\n\t\t\tclass=\"so-widget-sow-editor so-widget-sow-editor-base\"\n\t\t\t\n\t\t>\n<div class=\"siteorigin-widget-tinymce textwidget\">\n\t<h2 style=\"font-size: 20px; font-weight: 900;\">Bernie Van de Walle<\/h2>\n<p>Le Dr Bernie Van de Walle est l\u2019ancien pr\u00e9sident de l\u2019ICTE. Il d\u00e9tient un doctorat en \u00e9tudes th\u00e9ologiques et religieuses de l\u2019Universit\u00e9 Drew et est ordonn\u00e9 avec la CMA au Canada. Bernie a travaill\u00e9 pendant 20 ans comme professeur de th\u00e9ologie historique et syst\u00e9matique au Coll\u00e8ge Biblique Canadien\/Universit\u00e9 Ambrose. Il est actuellement surintendant de district du district du Midwest canadien de l'Alliance du Canada.<\/p>\n<\/div>\n<\/div><\/div><\/div><div id=\"pgc-18173-8-3\"  class=\"panel-grid-cell\" ><div id=\"panel-18173-8-3-0\" class=\"so-panel widget widget_sow-image panel-first-child panel-last-child\" data-index=\"32\" ><div\n\t\t\t\n\t\t\tclass=\"so-widget-sow-image so-widget-sow-image-default-4e6925654b7a-18173\"\n\t\t\t\n\t\t>\n<div class=\"sow-image-container\">\n\t\t<img \n\tsrc=\"https:\/\/awf.world\/wp-content\/uploads\/2021\/09\/Grupo-29@2x-150x150.png\" width=\"150\" height=\"150\" srcset=\"https:\/\/awf.world\/wp-content\/uploads\/2021\/09\/Grupo-29@2x-150x150.png 150w, https:\/\/awf.world\/wp-content\/uploads\/2021\/09\/Grupo-29@2x.png 162w\" sizes=\"(max-width: 150px) 100vw, 150px\" title=\"Theological Education\" alt=\"Theological Education\" \t\tclass=\"so-widget-image\"\/>\n\t<\/div>\n\n<\/div><\/div><\/div><\/div><\/div><div id=\"pg-18173-9\"  class=\"panel-grid panel-has-style\" ><div class=\"panel-row-style panel-row-style-for-18173-9\" ><div id=\"pgc-18173-9-0\"  class=\"panel-grid-cell\" ><div id=\"panel-18173-9-0-0\" class=\"so-panel widget widget_sow-image panel-first-child panel-last-child\" data-index=\"33\" ><div\n\t\t\t\n\t\t\tclass=\"so-widget-sow-image so-widget-sow-image-default-c67d20f9f743-18173\"\n\t\t\t\n\t\t>\n<div class=\"sow-image-container\">\n\t\t<img \n\tsrc=\"https:\/\/awf.world\/wp-content\/uploads\/2021\/09\/Grupo-31@2x-150x150.png\" width=\"150\" height=\"150\" srcset=\"https:\/\/awf.world\/wp-content\/uploads\/2021\/09\/Grupo-31@2x-150x150.png 150w, https:\/\/awf.world\/wp-content\/uploads\/2021\/09\/Grupo-31@2x.png 162w\" sizes=\"(max-width: 150px) 100vw, 150px\" title=\"Theological Education\" alt=\"Theological Education\" \t\tclass=\"so-widget-image\"\/>\n\t<\/div>\n\n<\/div><\/div><\/div><div id=\"pgc-18173-9-1\"  class=\"panel-grid-cell\" ><div id=\"panel-18173-9-1-0\" class=\"so-panel widget widget_sow-editor panel-first-child panel-last-child\" data-index=\"34\" ><div\n\t\t\t\n\t\t\tclass=\"so-widget-sow-editor so-widget-sow-editor-base\"\n\t\t\t\n\t\t>\n<div class=\"siteorigin-widget-tinymce textwidget\">\n\t<h2 style=\"font-size: 20px; font-weight: 900;\">Peter Laughlin \/ Pr\u00e9sident<\/h2>\n<p>Le Comit\u00e9 Ex\u00e9cutif de l'UMA a nomm\u00e9 le Dr. Peter Laughlin (BEng, BTh (Hon), PhD), doyen de l'Alliance Institute for Mission, le centre d'excellence en \u00c9tudes Interculturelles de l'Australian College of Ministries, \u00e0 la pr\u00e9sidence de la Commission Internationale d\u2019\u00c9ducation Th\u00e9ologique (ICTE) de l\u2019UMA.<\/p>\n<\/div>\n<\/div><\/div><\/div><div id=\"pgc-18173-9-2\"  class=\"panel-grid-cell\" ><div id=\"panel-18173-9-2-0\" class=\"so-panel widget widget_sow-image panel-first-child panel-last-child\" data-index=\"35\" ><div\n\t\t\t\n\t\t\tclass=\"so-widget-sow-image so-widget-sow-image-default-c67d20f9f743-18173\"\n\t\t\t\n\t\t>\n<div class=\"sow-image-container\">\n\t\t<img \n\tsrc=\"https:\/\/awf.world\/wp-content\/uploads\/2021\/09\/Grupo-29@2x-150x150.png\" width=\"150\" height=\"150\" srcset=\"https:\/\/awf.world\/wp-content\/uploads\/2021\/09\/Grupo-29@2x-150x150.png 150w, https:\/\/awf.world\/wp-content\/uploads\/2021\/09\/Grupo-29@2x.png 162w\" sizes=\"(max-width: 150px) 100vw, 150px\" title=\"Theological Education\" alt=\"Theological Education\" \t\tclass=\"so-widget-image\"\/>\n\t<\/div>\n\n<\/div><\/div><\/div><div id=\"pgc-18173-9-3\"  class=\"panel-grid-cell\" ><div id=\"panel-18173-9-3-0\" class=\"so-panel widget widget_sow-editor panel-first-child panel-last-child\" data-index=\"36\" ><div\n\t\t\t\n\t\t\tclass=\"so-widget-sow-editor so-widget-sow-editor-base\"\n\t\t\t\n\t\t>\n<div class=\"siteorigin-widget-tinymce textwidget\">\n\t<h2 style=\"font-size: 20px; font-weight: 900;\">Bernie Van de Walle<\/h2>\n<p>Le Dr Bernie Van de Walle est l\u2019ancien pr\u00e9sident de l\u2019ICTE. Il d\u00e9tient un doctorat en \u00e9tudes th\u00e9ologiques et religieuses de l\u2019Universit\u00e9 Drew et est ordonn\u00e9 avec la CMA au Canada. Bernie a travaill\u00e9 pendant 20 ans comme professeur de th\u00e9ologie historique et syst\u00e9matique au Coll\u00e8ge Biblique Canadien\/Universit\u00e9 Ambrose. Il est actuellement surintendant de district du district du Midwest canadien de l'Alliance du Canada.<\/p>\n<\/div>\n<\/div><\/div><\/div><\/div><\/div><div id=\"pg-18173-10\"  class=\"panel-grid panel-has-style\" ><div class=\"panel-row-style panel-row-style-for-18173-10\" ><div id=\"pgc-18173-10-0\"  class=\"panel-grid-cell\" ><div id=\"panel-18173-10-0-0\" class=\"so-panel widget widget_sow-image panel-first-child panel-last-child\" data-index=\"37\" ><div\n\t\t\t\n\t\t\tclass=\"so-widget-sow-image so-widget-sow-image-default-e4c2d9f6c920-18173\"\n\t\t\t\n\t\t>\n<div class=\"sow-image-container\">\n\t\t<img \n\tsrc=\"https:\/\/awf.world\/wp-content\/uploads\/2021\/09\/Grupo-35@2x-150x150.png\" width=\"150\" height=\"150\" srcset=\"https:\/\/awf.world\/wp-content\/uploads\/2021\/09\/Grupo-35@2x-150x150.png 150w, https:\/\/awf.world\/wp-content\/uploads\/2021\/09\/Grupo-35@2x.png 162w\" sizes=\"(max-width: 150px) 100vw, 150px\" title=\"Theological Education\" alt=\"Theological Education\" \t\tclass=\"so-widget-image\"\/>\n\t<\/div>\n\n<\/div><\/div><\/div><div id=\"pgc-18173-10-1\"  class=\"panel-grid-cell\" ><div id=\"panel-18173-10-1-0\" class=\"so-panel widget widget_sow-editor panel-first-child panel-last-child\" data-index=\"38\" ><div\n\t\t\t\n\t\t\tclass=\"so-widget-sow-editor so-widget-sow-editor-base\"\n\t\t\t\n\t\t>\n<div class=\"siteorigin-widget-tinymce textwidget\">\n\t<h2 style=\"font-size: 20px; font-weight: 900;\">Jack Sara<\/h2>\n<p>Le Dr Jack Sara est le pr\u00e9sident du Bethlehem Bible College. N\u00e9 et \u00e9lev\u00e9 dans la vieille ville de J\u00e9rusalem, Jack a \u00e9tudi\u00e9 au Bethlehem Bible College apr\u00e8s avoir consacr\u00e9 sa vie \u00e0 Christ et \u00e0 ses enseignements. Il est rapidement devenu membre et dirigeant du minist\u00e8re de l'\u00e9glise de J\u00e9rusalem, qui a reconnu ses dons et son appel et l'a encourag\u00e9 \u00e0 poursuivre ses \u00e9tudes pour l'\u0153uvre de l'\u00e9vangile.<\/p>\n<\/div>\n<\/div><\/div><\/div><div id=\"pgc-18173-10-2\"  class=\"panel-grid-cell\" ><div id=\"panel-18173-10-2-0\" class=\"so-panel widget widget_sow-editor panel-first-child panel-last-child\" data-index=\"39\" ><div\n\t\t\t\n\t\t\tclass=\"so-widget-sow-editor so-widget-sow-editor-base\"\n\t\t\t\n\t\t>\n<div class=\"siteorigin-widget-tinymce textwidget\">\n\t<h2 style=\"font-size: 20px; font-weight: 900;\">Marco Wittenberg<\/h2>\n<p>Le Dr Marco Wittenberg est mari\u00e9 \u00e0 Patricia et ils ont trois enfants: deux filles (1998, 2002) et un fils (2006). N\u00e9 et \u00e9lev\u00e9 en tant que chr\u00e9tien, il a senti un appel au minist\u00e8re \u00e0 temps plein \u00e0 la fin de son adolescence. Apr\u00e8s avoir obtenu un B.A. en th\u00e9ologie, il a exerc\u00e9 les fonctions de pasteur et de responsable des op\u00e9rations de l'OCC chez Samaritan\u2019s Purse.<\/p>\n<\/div>\n<\/div><\/div><\/div><div id=\"pgc-18173-10-3\"  class=\"panel-grid-cell\" ><div id=\"panel-18173-10-3-0\" class=\"so-panel widget widget_sow-image panel-first-child panel-last-child\" data-index=\"40\" ><div\n\t\t\t\n\t\t\tclass=\"so-widget-sow-image so-widget-sow-image-default-4e6925654b7a-18173\"\n\t\t\t\n\t\t>\n<div class=\"sow-image-container\">\n\t\t<img \n\tsrc=\"https:\/\/awf.world\/wp-content\/uploads\/2021\/09\/Grupo-43@2x-150x150.png\" width=\"150\" height=\"150\" srcset=\"https:\/\/awf.world\/wp-content\/uploads\/2021\/09\/Grupo-43@2x-150x150.png 150w, https:\/\/awf.world\/wp-content\/uploads\/2021\/09\/Grupo-43@2x.png 162w\" sizes=\"(max-width: 150px) 100vw, 150px\" title=\"Bernie Van de Walle Bernie Van de Walle is the former chair of the ICTE. He has a PhD in Theological and Religious Studies from Drew University, and is ordained with the C&#038;MA in Canada. Bernie has worked for 20 years as Professor of Historical and Systematic Theology at the Canadian Bible College\/Ambrose University.  Read more&#8230;\" alt=\"Bernie Van de Walle Bernie Van de Walle is the former chair of the ICTE. He has a PhD in Theological and Religious Studies from Drew University, and is ordained with the C&amp;MA in Canada. Bernie has worked for 20 years as Professor of Historical and Systematic Theology at the Canadian Bible College\/Ambrose University. Read more...\" \t\tclass=\"so-widget-image\"\/>\n\t<\/div>\n\n<\/div><\/div><\/div><\/div><\/div><div id=\"pg-18173-11\"  class=\"panel-grid panel-has-style\" ><div class=\"panel-row-style panel-row-style-for-18173-11\" ><div id=\"pgc-18173-11-0\"  class=\"panel-grid-cell\" ><div id=\"panel-18173-11-0-0\" class=\"so-panel widget widget_sow-image panel-first-child panel-last-child\" data-index=\"41\" ><div\n\t\t\t\n\t\t\tclass=\"so-widget-sow-image so-widget-sow-image-default-c67d20f9f743-18173\"\n\t\t\t\n\t\t>\n<div class=\"sow-image-container\">\n\t\t<img \n\tsrc=\"https:\/\/awf.world\/wp-content\/uploads\/2021\/09\/Grupo-35@2x-150x150.png\" width=\"150\" height=\"150\" srcset=\"https:\/\/awf.world\/wp-content\/uploads\/2021\/09\/Grupo-35@2x-150x150.png 150w, https:\/\/awf.world\/wp-content\/uploads\/2021\/09\/Grupo-35@2x.png 162w\" sizes=\"(max-width: 150px) 100vw, 150px\" title=\"Theological Education\" alt=\"Theological Education\" \t\tclass=\"so-widget-image\"\/>\n\t<\/div>\n\n<\/div><\/div><\/div><div id=\"pgc-18173-11-1\"  class=\"panel-grid-cell\" ><div id=\"panel-18173-11-1-0\" class=\"so-panel widget widget_sow-editor panel-first-child panel-last-child\" data-index=\"42\" ><div\n\t\t\t\n\t\t\tclass=\"so-widget-sow-editor so-widget-sow-editor-base\"\n\t\t\t\n\t\t>\n<div class=\"siteorigin-widget-tinymce textwidget\">\n\t<h2 style=\"font-size: 20px; font-weight: 900;\">Jack Sara<\/h2>\n<p>Le Dr Jack Sara est le pr\u00e9sident du Bethlehem Bible College. N\u00e9 et \u00e9lev\u00e9 dans la vieille ville de J\u00e9rusalem, Jack a \u00e9tudi\u00e9 au Bethlehem Bible College apr\u00e8s avoir consacr\u00e9 sa vie \u00e0 Christ et \u00e0 ses enseignements. Il est rapidement devenu membre et dirigeant du minist\u00e8re de l'\u00e9glise de J\u00e9rusalem, qui a reconnu ses dons et son appel et l'a encourag\u00e9 \u00e0 poursuivre ses \u00e9tudes pour l'\u0153uvre de l'\u00e9vangile.<\/p>\n<\/div>\n<\/div><\/div><\/div><div id=\"pgc-18173-11-2\"  class=\"panel-grid-cell\" ><div id=\"panel-18173-11-2-0\" class=\"so-panel widget widget_sow-image panel-first-child panel-last-child\" data-index=\"43\" ><div\n\t\t\t\n\t\t\tclass=\"so-widget-sow-image so-widget-sow-image-default-c67d20f9f743-18173\"\n\t\t\t\n\t\t>\n<div class=\"sow-image-container\">\n\t\t<img \n\tsrc=\"https:\/\/awf.world\/wp-content\/uploads\/2021\/09\/Grupo-43@2x-150x150.png\" width=\"150\" height=\"150\" srcset=\"https:\/\/awf.world\/wp-content\/uploads\/2021\/09\/Grupo-43@2x-150x150.png 150w, https:\/\/awf.world\/wp-content\/uploads\/2021\/09\/Grupo-43@2x.png 162w\" sizes=\"(max-width: 150px) 100vw, 150px\" title=\"Bernie Van de Walle Bernie Van de Walle is the former chair of the ICTE. He has a PhD in Theological and Religious Studies from Drew University, and is ordained with the C&#038;MA in Canada. Bernie has worked for 20 years as Professor of Historical and Systematic Theology at the Canadian Bible College\/Ambrose University.  Read more&#8230;\" alt=\"Bernie Van de Walle Bernie Van de Walle is the former chair of the ICTE. He has a PhD in Theological and Religious Studies from Drew University, and is ordained with the C&amp;MA in Canada. Bernie has worked for 20 years as Professor of Historical and Systematic Theology at the Canadian Bible College\/Ambrose University. Read more...\" \t\tclass=\"so-widget-image\"\/>\n\t<\/div>\n\n<\/div><\/div><\/div><div id=\"pgc-18173-11-3\"  class=\"panel-grid-cell\" ><div id=\"panel-18173-11-3-0\" class=\"so-panel widget widget_sow-editor panel-first-child panel-last-child\" data-index=\"44\" ><div\n\t\t\t\n\t\t\tclass=\"so-widget-sow-editor so-widget-sow-editor-base\"\n\t\t\t\n\t\t>\n<div class=\"siteorigin-widget-tinymce textwidget\">\n\t<p style=\"font-size: 20px; font-weight: 900; text-align: center;\">Marco Wittenberg<\/p>\n<p style=\"font-size: 15px; margin: -30px 0px 0px 0px;\">Le Dr Marco Wittenberg est mari\u00e9 \u00e0 Patricia et ils ont trois enfants: deux filles (1998, 2002) et un fils (2006). N\u00e9 et \u00e9lev\u00e9 en tant que chr\u00e9tien, il a senti un appel au minist\u00e8re \u00e0 temps plein \u00e0 la fin de son adolescence. Apr\u00e8s avoir obtenu un B.A. en th\u00e9ologie, il a exerc\u00e9 les fonctions de pasteur et de responsable des op\u00e9rations de l'OCC chez Samaritan\u2019s Purse.<\/p>\n<\/div>\n<\/div><\/div><\/div><\/div><\/div><div id=\"pg-18173-12\"  class=\"panel-grid panel-has-style\" ><div class=\"panel-row-style panel-row-style-for-18173-12\" ><div id=\"pgc-18173-12-0\"  class=\"panel-grid-cell\" ><div id=\"panel-18173-12-0-0\" class=\"so-panel widget widget_sow-image panel-first-child panel-last-child\" data-index=\"45\" ><div\n\t\t\t\n\t\t\tclass=\"so-widget-sow-image so-widget-sow-image-default-e4c2d9f6c920-18173\"\n\t\t\t\n\t\t>\n<div class=\"sow-image-container\">\n\t\t<img \n\tsrc=\"https:\/\/awf.world\/wp-content\/uploads\/2021\/09\/Grupo-37@2x-150x150.png\" width=\"150\" height=\"150\" srcset=\"https:\/\/awf.world\/wp-content\/uploads\/2021\/09\/Grupo-37@2x-150x150.png 150w, https:\/\/awf.world\/wp-content\/uploads\/2021\/09\/Grupo-37@2x.png 162w\" sizes=\"(max-width: 150px) 100vw, 150px\" title=\"Theological Education\" alt=\"Theological Education\" \t\tclass=\"so-widget-image\"\/>\n\t<\/div>\n\n<\/div><\/div><\/div><div id=\"pgc-18173-12-1\"  class=\"panel-grid-cell\" ><div id=\"panel-18173-12-1-0\" class=\"so-panel widget widget_sow-editor panel-first-child panel-last-child\" data-index=\"46\" ><div\n\t\t\t\n\t\t\tclass=\"so-widget-sow-editor so-widget-sow-editor-base\"\n\t\t\t\n\t\t>\n<div class=\"siteorigin-widget-tinymce textwidget\">\n\t<h2 style=\"font-size: 20px; font-weight: 900;\">Miguel \u00c1ngel Palomino<\/h2>\n<p>Le Dr Miguel \u00c1ngel Palomino est un ministre ordonn\u00e9 de l'Alliance Chr\u00e9tienne et Missionnaire. Apr\u00e8s des \u00e9tudes bibliques \u00e0 Buenos Aires (Argentine) et \u00e0 Lima (P\u00e9rou), il est devenu membre de la premi\u00e8re \u00e9quipe pastorale de l'\u00e9glise de l'Alliance Lince \u00e0 Lima, son \u00e9glise d'origine, o\u00f9 le mouvement \u00ab Lima \u00e0 une Rencontre \u00e0 Dieu \u00bb a vu le jour.&nbsp;Depuis le d\u00e9but de son minist\u00e8re, Miguel a \u00e9t\u00e9 impliqu\u00e9 dans des missions de pastorale et dans l\u2019\u00e9ducation th\u00e9ologique dans plusieurs pays. Il est l\u2019auteur de quatre livres et d\u2019un certain nombre d\u2019articles pour des revues et autres publications.<\/p>\n<\/div>\n<\/div><\/div><\/div><div id=\"pgc-18173-12-2\"  class=\"panel-grid-cell\" ><div id=\"panel-18173-12-2-0\" class=\"so-panel widget widget_sow-editor panel-first-child panel-last-child\" data-index=\"47\" ><div\n\t\t\t\n\t\t\tclass=\"so-widget-sow-editor so-widget-sow-editor-base\"\n\t\t\t\n\t\t>\n<div class=\"siteorigin-widget-tinymce textwidget\">\n\t<h2 style=\"font-size: 20px; font-weight: 900;\">Ron Walborn<\/h2>\n<p>Le Dr Ron Walborn est le directeur ex\u00e9cutif des initiatives urbaines du S\u00e9minaire Th\u00e9ologique d\u2019Asbury \u00e0 New York, aux \u00c9tats-Unis. Auparavant, Ron a \u00e9t\u00e9 professeur de th\u00e9ologie pastorale, vice-pr\u00e9sident et doyen du S\u00e9minaire Th\u00e9ologique Alliance et du Nyack College (Universit\u00e9 de l\u2019Alliance) \u00e0 New York et \u00e0 San Juan (Porto Rico) pendant 24 ans. Il est titulaire d\u2019une licence d\u2019histoire du Nyack College, d\u2019un master en th\u00e9ologie du S\u00e9minaire Th\u00e9ologique Alliance et d\u2019un doctorat en th\u00e9ologie du S\u00e9minaire Th\u00e9ologique Fuller.<\/p>\n<\/div>\n<\/div><\/div><\/div><div id=\"pgc-18173-12-3\"  class=\"panel-grid-cell\" ><div id=\"panel-18173-12-3-0\" class=\"so-panel widget widget_sow-image panel-first-child panel-last-child\" data-index=\"48\" ><div\n\t\t\t\n\t\t\tclass=\"so-widget-sow-image so-widget-sow-image-default-4e6925654b7a-18173\"\n\t\t\t\n\t\t>\n<div class=\"sow-image-container\">\n\t\t<img \n\tsrc=\"https:\/\/awf.world\/wp-content\/uploads\/2024\/05\/Photo_Ron-Walborn2_Website-150x150.png\" width=\"150\" height=\"150\" srcset=\"https:\/\/awf.world\/wp-content\/uploads\/2024\/05\/Photo_Ron-Walborn2_Website-150x150.png 150w, https:\/\/awf.world\/wp-content\/uploads\/2024\/05\/Photo_Ron-Walborn2_Website-300x300.png 300w, https:\/\/awf.world\/wp-content\/uploads\/2024\/05\/Photo_Ron-Walborn2_Website-1024x1024.png 1024w, https:\/\/awf.world\/wp-content\/uploads\/2024\/05\/Photo_Ron-Walborn2_Website-768x768.png 768w, https:\/\/awf.world\/wp-content\/uploads\/2024\/05\/Photo_Ron-Walborn2_Website.png 1080w\" sizes=\"(max-width: 150px) 100vw, 150px\" title=\"Photo_Ron-Walborn(2)_Website\" alt=\"\" \t\tclass=\"so-widget-image\"\/>\n\t<\/div>\n\n<\/div><\/div><\/div><\/div><\/div><div id=\"pg-18173-13\"  class=\"panel-grid panel-has-style\" ><div class=\"panel-row-style panel-row-style-for-18173-13\" ><div id=\"pgc-18173-13-0\"  class=\"panel-grid-cell\" ><div id=\"panel-18173-13-0-0\" class=\"so-panel widget widget_sow-image panel-first-child panel-last-child\" data-index=\"49\" ><div\n\t\t\t\n\t\t\tclass=\"so-widget-sow-image so-widget-sow-image-default-c67d20f9f743-18173\"\n\t\t\t\n\t\t>\n<div class=\"sow-image-container\">\n\t\t<img \n\tsrc=\"https:\/\/awf.world\/wp-content\/uploads\/2021\/09\/Grupo-37@2x-150x150.png\" width=\"150\" height=\"150\" srcset=\"https:\/\/awf.world\/wp-content\/uploads\/2021\/09\/Grupo-37@2x-150x150.png 150w, https:\/\/awf.world\/wp-content\/uploads\/2021\/09\/Grupo-37@2x.png 162w\" sizes=\"(max-width: 150px) 100vw, 150px\" title=\"Theological Education\" alt=\"Theological Education\" \t\tclass=\"so-widget-image\"\/>\n\t<\/div>\n\n<\/div><\/div><\/div><div id=\"pgc-18173-13-1\"  class=\"panel-grid-cell\" ><div id=\"panel-18173-13-1-0\" class=\"so-panel widget widget_sow-editor panel-first-child panel-last-child\" data-index=\"50\" ><div\n\t\t\t\n\t\t\tclass=\"so-widget-sow-editor so-widget-sow-editor-base\"\n\t\t\t\n\t\t>\n<div class=\"siteorigin-widget-tinymce textwidget\">\n\t<h2 style=\"font-size: 20px; font-weight: 900;\">Miguel \u00c1ngel Palomino<\/h2>\n<p>Le Dr Miguel \u00c1ngel Palomino est un ministre ordonn\u00e9 de l'Alliance Chr\u00e9tienne et Missionnaire. Apr\u00e8s des \u00e9tudes bibliques \u00e0 Buenos Aires (Argentine) et \u00e0 Lima (P\u00e9rou), il est devenu membre de la premi\u00e8re \u00e9quipe pastorale de l'\u00e9glise de l'Alliance Lince \u00e0 Lima, son \u00e9glise d'origine, o\u00f9 le mouvement \u00ab Lima \u00e0 une Rencontre \u00e0 Dieu \u00bb a vu le jour.&nbsp;Depuis le d\u00e9but de son minist\u00e8re, Miguel a \u00e9t\u00e9 impliqu\u00e9 dans des missions de pastorale et dans l\u2019\u00e9ducation th\u00e9ologique dans plusieurs pays. Il est l\u2019auteur de quatre livres et d\u2019un certain nombre d\u2019articles pour des revues et autres publications.<\/p>\n<\/div>\n<\/div><\/div><\/div><div id=\"pgc-18173-13-2\"  class=\"panel-grid-cell\" ><div id=\"panel-18173-13-2-0\" class=\"so-panel widget widget_sow-image panel-first-child panel-last-child\" data-index=\"51\" ><div\n\t\t\t\n\t\t\tclass=\"so-widget-sow-image so-widget-sow-image-default-c67d20f9f743-18173\"\n\t\t\t\n\t\t>\n<div class=\"sow-image-container\">\n\t\t<img \n\tsrc=\"https:\/\/awf.world\/wp-content\/uploads\/2024\/05\/Photo_Ron-Walborn2_Website-150x150.png\" width=\"150\" height=\"150\" srcset=\"https:\/\/awf.world\/wp-content\/uploads\/2024\/05\/Photo_Ron-Walborn2_Website-150x150.png 150w, https:\/\/awf.world\/wp-content\/uploads\/2024\/05\/Photo_Ron-Walborn2_Website-300x300.png 300w, https:\/\/awf.world\/wp-content\/uploads\/2024\/05\/Photo_Ron-Walborn2_Website-1024x1024.png 1024w, https:\/\/awf.world\/wp-content\/uploads\/2024\/05\/Photo_Ron-Walborn2_Website-768x768.png 768w, https:\/\/awf.world\/wp-content\/uploads\/2024\/05\/Photo_Ron-Walborn2_Website.png 1080w\" sizes=\"(max-width: 150px) 100vw, 150px\" title=\"Photo_Ron-Walborn(2)_Website\" alt=\"\" \t\tclass=\"so-widget-image\"\/>\n\t<\/div>\n\n<\/div><\/div><\/div><div id=\"pgc-18173-13-3\"  class=\"panel-grid-cell\" ><div id=\"panel-18173-13-3-0\" class=\"so-panel widget widget_sow-editor panel-first-child panel-last-child\" data-index=\"52\" ><div\n\t\t\t\n\t\t\tclass=\"so-widget-sow-editor so-widget-sow-editor-base\"\n\t\t\t\n\t\t>\n<div class=\"siteorigin-widget-tinymce textwidget\">\n\t<h2 style=\"font-size: 20px; font-weight: 900;\">Ron Walborn<\/h2>\n<p>Le Dr Ron Walborn est le directeur ex\u00e9cutif des initiatives urbaines du S\u00e9minaire Th\u00e9ologique d\u2019Asbury \u00e0 New York, aux \u00c9tats-Unis. Auparavant, Ron a \u00e9t\u00e9 professeur de th\u00e9ologie pastorale, vice-pr\u00e9sident et doyen du S\u00e9minaire Th\u00e9ologique Alliance et du Nyack College (Universit\u00e9 de l\u2019Alliance) \u00e0 New York et \u00e0 San Juan (Porto Rico) pendant 24 ans. Il est titulaire d\u2019une licence d\u2019histoire du Nyack College, d\u2019un master en th\u00e9ologie du S\u00e9minaire Th\u00e9ologique Alliance et d\u2019un doctorat en th\u00e9ologie du S\u00e9minaire Th\u00e9ologique Fuller.<\/p>\n<\/div>\n<\/div><\/div><\/div><\/div><\/div><div id=\"pg-18173-14\"  class=\"panel-grid panel-has-style\" ><div class=\"panel-row-style panel-row-style-for-18173-14\" ><div id=\"pgc-18173-14-0\"  class=\"panel-grid-cell\" ><div id=\"panel-18173-14-0-0\" class=\"so-panel widget widget_sow-image panel-first-child panel-last-child\" data-index=\"53\" ><div\n\t\t\t\n\t\t\tclass=\"so-widget-sow-image so-widget-sow-image-default-e4c2d9f6c920-18173\"\n\t\t\t\n\t\t>\n<div class=\"sow-image-container\">\n\t\t<img \n\tsrc=\"https:\/\/awf.world\/wp-content\/uploads\/2021\/09\/Grupo-39@2x-150x150.png\" width=\"150\" height=\"150\" srcset=\"https:\/\/awf.world\/wp-content\/uploads\/2021\/09\/Grupo-39@2x-150x150.png 150w, https:\/\/awf.world\/wp-content\/uploads\/2021\/09\/Grupo-39@2x.png 162w\" sizes=\"(max-width: 150px) 100vw, 150px\" title=\"Ron Walborn Dr. Ron Walborn is the Vice President and Dean of Alliance Theological Seminary and the College of Bible and Christian Ministry at Nyack College in Nyack NY. He has taught at Nyack ATS since the fall of 1999. Ron serves on the Board of Directors for the Christian and Missionary Alliance and has served on the Theological Issues Committee for the denomination.  Read more&#8230;\" alt=\"Ron Walborn Dr. Ron Walborn is the Vice President and Dean of Alliance Theological Seminary and the College of Bible and Christian Ministry at Nyack College in Nyack NY. He has taught at Nyack ATS since the fall of 1999. Ron serves on the Board of Directors for the Christian and Missionary Alliance and has served on the Theological Issues Committee for the denomination. Read more...\" \t\tclass=\"so-widget-image\"\/>\n\t<\/div>\n\n<\/div><\/div><\/div><div id=\"pgc-18173-14-1\"  class=\"panel-grid-cell\" ><div id=\"panel-18173-14-1-0\" class=\"so-panel widget widget_sow-editor panel-first-child panel-last-child\" data-index=\"54\" ><div\n\t\t\t\n\t\t\tclass=\"so-widget-sow-editor so-widget-sow-editor-base\"\n\t\t\t\n\t\t>\n<div class=\"siteorigin-widget-tinymce textwidget\">\n\t<h2 style=\"font-size: 20px; font-weight: 900;\">Tona Khonde<\/h2>\n<p>Le Dr Tona Khonde est pr\u00e9sidente du complexe de formation th\u00e9ologique de Bethel, une institution th\u00e9ologique de l'\u00c9glise de l\u2019Alliance Chr\u00e9tienne et Missionnaire du Gabon, situ\u00e9e \u00e0 Libreville, au Gabon. Il est n\u00e9 le 13 d\u00e9cembre 1966 en la R\u00e9publique D\u00e9mocratique du Congo (RDC). Il a rencontr\u00e9 le Seigneur \u00e0 l'\u00e2ge de 12 ans.<\/p>\n<\/div>\n<\/div><\/div><\/div><div id=\"pgc-18173-14-2\"  class=\"panel-grid-cell\" ><div id=\"panel-18173-14-2-0\" class=\"so-panel widget widget_sow-editor panel-first-child panel-last-child\" data-index=\"55\" ><div\n\t\t\t\n\t\t\tclass=\"so-widget-sow-editor so-widget-sow-editor-base\"\n\t\t\t\n\t\t>\n<div class=\"siteorigin-widget-tinymce textwidget\">\n\t<h2 style=\"font-size: 20px; font-weight: 900;\">Walter P\u00e9rez<\/h2>\n<p>Le Dr Walter P\u00e9rez Doglio est dipl\u00f4m\u00e9 du Canadian Theological Seminary, o\u00f9 il a obtenu une ma\u00eetrise en th\u00e9ologie (M. Div.) et une ma\u00eetrise en missions (M. Miss.) en 1983. Il a \u00e9galement un doctorat ministerial (D. Min.) et un doctorat en philosophie de la Graduate Theological Foundation, Indiana, \u00c9tats-Unis (2000).<\/p>\n<\/div>\n<\/div><\/div><\/div><div id=\"pgc-18173-14-3\"  class=\"panel-grid-cell\" ><div id=\"panel-18173-14-3-0\" class=\"so-panel widget widget_sow-image panel-first-child panel-last-child\" data-index=\"56\" ><div\n\t\t\t\n\t\t\tclass=\"so-widget-sow-image so-widget-sow-image-default-4e6925654b7a-18173\"\n\t\t\t\n\t\t>\n<div class=\"sow-image-container\">\n\t\t<img \n\tsrc=\"https:\/\/awf.world\/wp-content\/uploads\/2021\/09\/Grupo-47@2x-150x150.png\" width=\"150\" height=\"150\" srcset=\"https:\/\/awf.world\/wp-content\/uploads\/2021\/09\/Grupo-47@2x-150x150.png 150w, https:\/\/awf.world\/wp-content\/uploads\/2021\/09\/Grupo-47@2x.png 162w\" sizes=\"(max-width: 150px) 100vw, 150px\" title=\"Theological Education\" alt=\"Theological Education\" \t\tclass=\"so-widget-image\"\/>\n\t<\/div>\n\n<\/div><\/div><\/div><\/div><\/div><div id=\"pg-18173-15\"  class=\"panel-grid panel-has-style\" ><div class=\"panel-row-style panel-row-style-for-18173-15\" ><div id=\"pgc-18173-15-0\"  class=\"panel-grid-cell\" ><div id=\"panel-18173-15-0-0\" class=\"so-panel widget widget_sow-image panel-first-child panel-last-child\" data-index=\"57\" ><div\n\t\t\t\n\t\t\tclass=\"so-widget-sow-image so-widget-sow-image-default-c67d20f9f743-18173\"\n\t\t\t\n\t\t>\n<div class=\"sow-image-container\">\n\t\t<img \n\tsrc=\"https:\/\/awf.world\/wp-content\/uploads\/2021\/09\/Grupo-39@2x-150x150.png\" width=\"150\" height=\"150\" srcset=\"https:\/\/awf.world\/wp-content\/uploads\/2021\/09\/Grupo-39@2x-150x150.png 150w, https:\/\/awf.world\/wp-content\/uploads\/2021\/09\/Grupo-39@2x.png 162w\" sizes=\"(max-width: 150px) 100vw, 150px\" title=\"Ron Walborn Dr. Ron Walborn is the Vice President and Dean of Alliance Theological Seminary and the College of Bible and Christian Ministry at Nyack College in Nyack NY. He has taught at Nyack ATS since the fall of 1999. Ron serves on the Board of Directors for the Christian and Missionary Alliance and has served on the Theological Issues Committee for the denomination.  Read more&#8230;\" alt=\"Ron Walborn Dr. Ron Walborn is the Vice President and Dean of Alliance Theological Seminary and the College of Bible and Christian Ministry at Nyack College in Nyack NY. He has taught at Nyack ATS since the fall of 1999. Ron serves on the Board of Directors for the Christian and Missionary Alliance and has served on the Theological Issues Committee for the denomination. Read more...\" \t\tclass=\"so-widget-image\"\/>\n\t<\/div>\n\n<\/div><\/div><\/div><div id=\"pgc-18173-15-1\"  class=\"panel-grid-cell\" ><div id=\"panel-18173-15-1-0\" class=\"so-panel widget widget_sow-editor panel-first-child panel-last-child\" data-index=\"58\" ><div\n\t\t\t\n\t\t\tclass=\"so-widget-sow-editor so-widget-sow-editor-base\"\n\t\t\t\n\t\t>\n<div class=\"siteorigin-widget-tinymce textwidget\">\n\t<h2 style=\"font-size: 20px; font-weight: 900;\">Tona Khonde<\/h2>\n<p>Le Dr Tona Khonde est pr\u00e9sidente du complexe de formation th\u00e9ologique de Bethel, une institution th\u00e9ologique de l'\u00c9glise de l\u2019Alliance Chr\u00e9tienne et Missionnaire du Gabon, situ\u00e9e \u00e0 Libreville, au Gabon. Il est n\u00e9 le 13 d\u00e9cembre 1966 en la R\u00e9publique D\u00e9mocratique du Congo (RDC). Il a rencontr\u00e9 le Seigneur \u00e0 l'\u00e2ge de 12 ans.<\/p>\n<\/div>\n<\/div><\/div><\/div><div id=\"pgc-18173-15-2\"  class=\"panel-grid-cell\" ><div id=\"panel-18173-15-2-0\" class=\"so-panel widget widget_sow-image panel-first-child panel-last-child\" data-index=\"59\" ><div\n\t\t\t\n\t\t\tclass=\"so-widget-sow-image so-widget-sow-image-default-c67d20f9f743-18173\"\n\t\t\t\n\t\t>\n<div class=\"sow-image-container\">\n\t\t<img \n\tsrc=\"https:\/\/awf.world\/wp-content\/uploads\/2021\/09\/Grupo-47@2x-150x150.png\" width=\"150\" height=\"150\" srcset=\"https:\/\/awf.world\/wp-content\/uploads\/2021\/09\/Grupo-47@2x-150x150.png 150w, https:\/\/awf.world\/wp-content\/uploads\/2021\/09\/Grupo-47@2x.png 162w\" sizes=\"(max-width: 150px) 100vw, 150px\" title=\"Theological Education\" alt=\"Theological Education\" \t\tclass=\"so-widget-image\"\/>\n\t<\/div>\n\n<\/div><\/div><\/div><div id=\"pgc-18173-15-3\"  class=\"panel-grid-cell\" ><div id=\"panel-18173-15-3-0\" class=\"so-panel widget widget_sow-editor panel-first-child panel-last-child\" data-index=\"60\" ><div\n\t\t\t\n\t\t\tclass=\"so-widget-sow-editor so-widget-sow-editor-base\"\n\t\t\t\n\t\t>\n<div class=\"siteorigin-widget-tinymce textwidget\">\n\t<h2 style=\"font-size: 20px; font-weight: 900;\">Walter P\u00e9rez<\/h2>\n<p>Le Dr Walter P\u00e9rez Doglio est dipl\u00f4m\u00e9 du Canadian Theological Seminary, o\u00f9 il a obtenu une ma\u00eetrise en th\u00e9ologie (M. Div.) et une ma\u00eetrise en missions (M. Miss.) en 1983. Il a \u00e9galement un doctorat ministerial (D. Min.) et un doctorat en philosophie de la Graduate Theological Foundation, Indiana, \u00c9tats-Unis (2000).<\/p>\n<\/div>\n<\/div><\/div><\/div><\/div><\/div><div id=\"pg-18173-16\"  class=\"panel-grid panel-has-style\" ><div class=\"panel-row-style panel-row-style-for-18173-16\" ><div id=\"pgc-18173-16-0\"  class=\"panel-grid-cell\" ><div id=\"panel-18173-16-0-0\" class=\"so-panel widget widget_sow-image panel-first-child panel-last-child\" data-index=\"61\" ><div\n\t\t\t\n\t\t\tclass=\"so-widget-sow-image so-widget-sow-image-default-e4c2d9f6c920-18173\"\n\t\t\t\n\t\t>\n<div class=\"sow-image-container\">\n\t\t<img \n\tsrc=\"https:\/\/awf.world\/wp-content\/uploads\/2024\/04\/Averall-Aragon_AWF-ICTE-150x150.png\" width=\"150\" height=\"150\" srcset=\"https:\/\/awf.world\/wp-content\/uploads\/2024\/04\/Averall-Aragon_AWF-ICTE-150x150.png 150w, https:\/\/awf.world\/wp-content\/uploads\/2024\/04\/Averall-Aragon_AWF-ICTE-300x300.png 300w, https:\/\/awf.world\/wp-content\/uploads\/2024\/04\/Averall-Aragon_AWF-ICTE-1024x1024.png 1024w, https:\/\/awf.world\/wp-content\/uploads\/2024\/04\/Averall-Aragon_AWF-ICTE-768x768.png 768w, https:\/\/awf.world\/wp-content\/uploads\/2024\/04\/Averall-Aragon_AWF-ICTE.png 1080w\" sizes=\"(max-width: 150px) 100vw, 150px\" title=\"Averall Aragon_AWF ICTE\" alt=\"\" \t\tclass=\"so-widget-image\"\/>\n\t<\/div>\n\n<\/div><\/div><\/div><div id=\"pgc-18173-16-1\"  class=\"panel-grid-cell\" ><div id=\"panel-18173-16-1-0\" class=\"so-panel widget widget_sow-editor panel-first-child panel-last-child\" data-index=\"62\" ><div\n\t\t\t\n\t\t\tclass=\"so-widget-sow-editor so-widget-sow-editor-base\"\n\t\t\t\n\t\t>\n<div class=\"siteorigin-widget-tinymce textwidget\">\n\t<h2 style=\"font-size: 20px; font-weight: 900;\"><strong>Averell Aragon<\/strong><\/h2>\n<p>Le Dr Averell Aragon est le Ministre Ex\u00e9cutif National de la Division de l\u2019\u00c9ducation des \u00c9glises de l\u2019Alliance Chr\u00e9tienne et Missionnaire des Philippines (CAMACOP). Averell est titulaire d\u2019une ma\u00eetrise en divinit\u00e9 (\u00e9tudes pastorales) de l\u2019Alliance Graduate School, Quezon City, Philippines, et d\u2019une ma\u00eetrise en th\u00e9ologie de l\u2019Asia Graduate School of Theology, Philippines.<\/p>\n<\/div>\n<\/div><\/div><\/div><div id=\"pgc-18173-16-2\"  class=\"panel-grid-cell\" ><div id=\"panel-18173-16-2-0\" class=\"so-panel widget widget_sow-editor panel-first-child panel-last-child\" data-index=\"63\" ><div\n\t\t\t\n\t\t\tclass=\"so-widget-sow-editor so-widget-sow-editor-base\"\n\t\t\t\n\t\t>\n<div class=\"siteorigin-widget-tinymce textwidget\">\n\t<h2 style=\"font-size: 20px; font-weight: 900;\">Yacouba Sanon<\/h2>\n<p>Le Dr Yacouba Sanon est titulaire d\u2019un PhD, Theological Studies, avec comme sp\u00e9cialit\u00e9 l\u2019Ancien Testament. Il a obtenu son doctorat \u00e0 Trinity Evangelical Divinity School, USA, en 2013.&nbsp;Depuis septembre 2014, Dr Yacouba Sanon a rejoint la FATEAC comme professeur d\u2019Ancien Testament et d\u2019h\u00e9breu biblique. Il est le Doyen de la FATEAC depuis le 31 janvier 2023.<\/p>\n<\/div>\n<\/div><\/div><\/div><div id=\"pgc-18173-16-3\"  class=\"panel-grid-cell\" ><div id=\"panel-18173-16-3-0\" class=\"so-panel widget widget_sow-image panel-first-child panel-last-child\" data-index=\"64\" ><div\n\t\t\t\n\t\t\tclass=\"so-widget-sow-image so-widget-sow-image-default-4e6925654b7a-18173\"\n\t\t\t\n\t\t>\n<div class=\"sow-image-container\">\n\t\t<img \n\tsrc=\"https:\/\/awf.world\/wp-content\/uploads\/2024\/04\/Yacouba-Sanon_AWF-ICTE-150x150.png\" width=\"150\" height=\"150\" srcset=\"https:\/\/awf.world\/wp-content\/uploads\/2024\/04\/Yacouba-Sanon_AWF-ICTE-150x150.png 150w, https:\/\/awf.world\/wp-content\/uploads\/2024\/04\/Yacouba-Sanon_AWF-ICTE-300x300.png 300w, https:\/\/awf.world\/wp-content\/uploads\/2024\/04\/Yacouba-Sanon_AWF-ICTE-1024x1024.png 1024w, https:\/\/awf.world\/wp-content\/uploads\/2024\/04\/Yacouba-Sanon_AWF-ICTE-768x768.png 768w, https:\/\/awf.world\/wp-content\/uploads\/2024\/04\/Yacouba-Sanon_AWF-ICTE.png 1080w\" sizes=\"(max-width: 150px) 100vw, 150px\" title=\"Yacouba Sanon_AWF ICTE\" alt=\"\" \t\tclass=\"so-widget-image\"\/>\n\t<\/div>\n\n<\/div><\/div><\/div><\/div><\/div><div id=\"pg-18173-17\"  class=\"panel-grid panel-has-style\" ><div class=\"panel-row-style panel-row-style-for-18173-17\" ><div id=\"pgc-18173-17-0\"  class=\"panel-grid-cell\" ><div id=\"panel-18173-17-0-0\" class=\"so-panel widget widget_sow-image panel-first-child panel-last-child\" data-index=\"65\" ><div\n\t\t\t\n\t\t\tclass=\"so-widget-sow-image so-widget-sow-image-default-c67d20f9f743-18173\"\n\t\t\t\n\t\t>\n<div class=\"sow-image-container\">\n\t\t<img \n\tsrc=\"https:\/\/awf.world\/wp-content\/uploads\/2024\/04\/Averall-Aragon_AWF-ICTE-150x150.png\" width=\"150\" height=\"150\" srcset=\"https:\/\/awf.world\/wp-content\/uploads\/2024\/04\/Averall-Aragon_AWF-ICTE-150x150.png 150w, https:\/\/awf.world\/wp-content\/uploads\/2024\/04\/Averall-Aragon_AWF-ICTE-300x300.png 300w, https:\/\/awf.world\/wp-content\/uploads\/2024\/04\/Averall-Aragon_AWF-ICTE-1024x1024.png 1024w, https:\/\/awf.world\/wp-content\/uploads\/2024\/04\/Averall-Aragon_AWF-ICTE-768x768.png 768w, https:\/\/awf.world\/wp-content\/uploads\/2024\/04\/Averall-Aragon_AWF-ICTE.png 1080w\" sizes=\"(max-width: 150px) 100vw, 150px\" title=\"Averall Aragon_AWF ICTE\" alt=\"\" \t\tclass=\"so-widget-image\"\/>\n\t<\/div>\n\n<\/div><\/div><\/div><div id=\"pgc-18173-17-1\"  class=\"panel-grid-cell\" ><div id=\"panel-18173-17-1-0\" class=\"so-panel widget widget_sow-editor panel-first-child panel-last-child\" data-index=\"66\" ><div\n\t\t\t\n\t\t\tclass=\"so-widget-sow-editor so-widget-sow-editor-base\"\n\t\t\t\n\t\t>\n<div class=\"siteorigin-widget-tinymce textwidget\">\n\t<h2 style=\"font-size: 20px; font-weight: 900;\"><strong>Averell Aragon<\/strong><\/h2>\n<p>Le Dr Averell Aragon est le Ministre Ex\u00e9cutif National de la Division de l\u2019\u00c9ducation des \u00c9glises de l\u2019Alliance Chr\u00e9tienne et Missionnaire des Philippines (CAMACOP). Averell est titulaire d\u2019une ma\u00eetrise en divinit\u00e9 (\u00e9tudes pastorales) de l\u2019Alliance Graduate School, Quezon City, Philippines, et d\u2019une ma\u00eetrise en th\u00e9ologie de l\u2019Asia Graduate School of Theology, Philippines.<\/p>\n<\/div>\n<\/div><\/div><\/div><div id=\"pgc-18173-17-2\"  class=\"panel-grid-cell\" ><div id=\"panel-18173-17-2-0\" class=\"so-panel widget widget_sow-image panel-first-child panel-last-child\" data-index=\"67\" ><div\n\t\t\t\n\t\t\tclass=\"so-widget-sow-image so-widget-sow-image-default-c67d20f9f743-18173\"\n\t\t\t\n\t\t>\n<div class=\"sow-image-container\">\n\t\t<img \n\tsrc=\"https:\/\/awf.world\/wp-content\/uploads\/2024\/04\/Yacouba-Sanon_AWF-ICTE-150x150.png\" width=\"150\" height=\"150\" srcset=\"https:\/\/awf.world\/wp-content\/uploads\/2024\/04\/Yacouba-Sanon_AWF-ICTE-150x150.png 150w, https:\/\/awf.world\/wp-content\/uploads\/2024\/04\/Yacouba-Sanon_AWF-ICTE-300x300.png 300w, https:\/\/awf.world\/wp-content\/uploads\/2024\/04\/Yacouba-Sanon_AWF-ICTE-1024x1024.png 1024w, https:\/\/awf.world\/wp-content\/uploads\/2024\/04\/Yacouba-Sanon_AWF-ICTE-768x768.png 768w, https:\/\/awf.world\/wp-content\/uploads\/2024\/04\/Yacouba-Sanon_AWF-ICTE.png 1080w\" sizes=\"(max-width: 150px) 100vw, 150px\" title=\"Yacouba Sanon_AWF ICTE\" alt=\"\" \t\tclass=\"so-widget-image\"\/>\n\t<\/div>\n\n<\/div><\/div><\/div><div id=\"pgc-18173-17-3\"  class=\"panel-grid-cell\" ><div id=\"panel-18173-17-3-0\" class=\"so-panel widget widget_sow-editor panel-first-child panel-last-child\" data-index=\"68\" ><div\n\t\t\t\n\t\t\tclass=\"so-widget-sow-editor so-widget-sow-editor-base\"\n\t\t\t\n\t\t>\n<div class=\"siteorigin-widget-tinymce textwidget\">\n\t<h2 style=\"font-size: 20px; font-weight: 900;\">Yacouba Sanon<\/h2>\n<p>Le Dr Yacouba Sanon est titulaire d\u2019un PhD, Theological Studies, avec comme sp\u00e9cialit\u00e9 l\u2019Ancien Testament. Il a obtenu son doctorat \u00e0 Trinity Evangelical Divinity School, USA, en 2013.&nbsp;Depuis septembre 2014, Dr Yacouba Sanon a rejoint la FATEAC comme professeur d\u2019Ancien Testament et d\u2019h\u00e9breu biblique. Il est le Doyen de la FATEAC depuis le 31 janvier 2023.<\/p>\n<\/div>\n<\/div><\/div><\/div><\/div><\/div><\/div>","protected":false},"excerpt":{"rendered":"<p>Commission d&rsquo;\u00c9ducation Th\u00e9ologique La Commission Internationale d&rsquo;\u00c9ducation Th\u00e9ologique de l&rsquo;UMA cherche \u00e0 identifier, d\u00e9velopper et proposer des sujets qui d\u00e9finissent l&rsquo;identit\u00e9 et la mission de&hellip;<\/p>\n","protected":false},"author":15,"featured_media":0,"parent":0,"menu_order":0,"comment_status":"closed","ping_status":"closed","template":"","meta":{"inline_featured_image":false,"ngg_post_thumbnail":0,"_EventAllDay":false,"_EventTimezone":"","_EventStartDate":"","_EventEndDate":"","_EventStartDateUTC":"","_EventEndDateUTC":"","_EventShowMap":false,"_EventShowMapLink":false,"_EventURL":"","_EventCost":"","_EventCostDescription":"","_EventCurrencySymbol":"","_EventCurrencyCode":"","_EventCurrencyPosition":"","_EventDateTimeSeparator":"","_EventTimeRangeSeparator":"","_EventOrganizerID":[],"_EventVenueID":[],"_OrganizerEmail":"","_OrganizerPhone":"","_OrganizerWebsite":"","_VenueAddress":"","_VenueCity":"","_VenueCountry":"","_VenueProvince":"","_VenueState":"","_VenueZip":"","_VenuePhone":"","_VenueURL":"","_VenueStateProvince":"","_VenueLat":"","_VenueLng":"","_VenueShowMap":false,"_VenueShowMapLink":false,"footnotes":""},"class_list":["post-18173","page","type-page","status-publish","hentry"],"_links":{"self":[{"href":"https:\/\/awf.world\/fr\/wp-json\/wp\/v2\/pages\/18173","targetHints":{"allow":["GET"]}}],"collection":[{"href":"https:\/\/awf.world\/fr\/wp-json\/wp\/v2\/pages"}],"about":[{"href":"https:\/\/awf.world\/fr\/wp-json\/wp\/v2\/types\/page"}],"author":[{"embeddable":true,"href":"https:\/\/awf.world\/fr\/wp-json\/wp\/v2\/users\/15"}],"replies":[{"embeddable":true,"href":"https:\/\/awf.world\/fr\/wp-json\/wp\/v2\/comments?post=18173"}],"version-history":[{"count":0,"href":"https:\/\/awf.world\/fr\/wp-json\/wp\/v2\/pages\/18173\/revisions"}],"wp:attachment":[{"href":"https:\/\/awf.world\/fr\/wp-json\/wp\/v2\/media?parent=18173"}],"curies":[{"name":"wp","href":"https:\/\/api.w.org\/{rel}","templated":true}]}}