{"id":18040,"date":"2017-05-11T21:07:36","date_gmt":"2017-05-12T02:07:36","guid":{"rendered":"http:\/\/awf.world\/statement-of-faith\/"},"modified":"2022-01-19T13:16:09","modified_gmt":"2022-01-19T18:16:09","slug":"statement-of-faith","status":"publish","type":"page","link":"https:\/\/awf.world\/fr\/statement-of-faith\/","title":{"rendered":"Confession de Foi de l\u2019UMA"},"content":{"rendered":"<div id=\"pl-18040\"  class=\"panel-layout\" ><div id=\"pg-18040-0\"  class=\"panel-grid panel-has-style\" ><div class=\"panel-row-style panel-row-style-for-18040-0\" ><div id=\"pgc-18040-0-0\"  class=\"panel-grid-cell panel-grid-cell-empty\" ><\/div><\/div><\/div><div id=\"pg-18040-1\"  class=\"panel-grid panel-no-style\" ><div id=\"pgc-18040-1-0\"  class=\"panel-grid-cell panel-grid-cell-empty\" ><\/div><div id=\"pgc-18040-1-1\"  class=\"panel-grid-cell\" ><div id=\"panel-18040-1-1-0\" class=\"so-panel widget widget_sow-editor panel-first-child panel-last-child\" data-index=\"0\" ><div\n\t\t\t\n\t\t\tclass=\"so-widget-sow-editor so-widget-sow-editor-base\"\n\t\t\t\n\t\t><h3 class=\"widget-title\">Confession de Foi de l\u2019UMA<\/h3>\n<div class=\"siteorigin-widget-tinymce textwidget\">\n\t<ol>\n<li>Il y a un Dieu, qui est infiniment parfait, existant \u00e9ternellement en trois personnes : P\u00e8re, Fils et Saint-Esprit.<\/li>\n<li>J\u00e9sus-Christ est le vrai Dieu et le vrai homme. Il a \u00e9t\u00e9 con\u00e7u par le Saint-Esprit et est n\u00e9 de la Vierge Marie. Il est mort sur la croix, lui le juste pour les injustes, comme sacrifice de substitution, et tous ceux qui croient en lui sont justifi\u00e9s sur la base de son sang vers\u00e9. Il est ressuscit\u00e9 des morts selon les \u00c9critures. Il est maintenant \u00e0 la droite de la Majest\u00e9 en haut en tant que notre grand Souverain Sacrificateur. Il reviendra pour \u00e9tablir son royaume de justice et de paix.<\/li>\n<li>Le Saint-Esprit est une personne divine, envoy\u00e9e au croyant pour habiter en lui, le guider, l\u2019enseigner, lui offrir et lui donner la puissance (le pouvoir), et convaincre le monde du p\u00e9ch\u00e9, de la justice et du jugement.<\/li>\n<li>&nbsp;L\u2019Ancien et le Nouveau Testament, tels qu\u2019ils ont \u00e9t\u00e9 donn\u00e9s \u00e0 l\u2019origine, ont \u00e9t\u00e9 verbalement inspir\u00e9s par Dieu et sont une r\u00e9v\u00e9lation compl\u00e8te de sa volont\u00e9 pour notre salut et la r\u00e9demption de la cr\u00e9ation. Ils constituent la r\u00e8gle divine et unique de la foi et de la pratique chr\u00e9tiennes.<\/li>\n<li>&nbsp; L\u2019homme et la femme ont \u00e9t\u00e9 cr\u00e9\u00e9s \u00e0 l\u2019origine \u00e0 l\u2019image et \u00e0 la ressemblance de Dieu ; ils sont tomb\u00e9s par d\u00e9sob\u00e9issance, entra\u00eenant la mort \u00e0 la fois physique et spirituelle. Chacun est n\u00e9 avec une nature p\u00e9cheresse, est s\u00e9par\u00e9 de la vie de Dieu et ne peut \u00eatre sauv\u00e9 que par l\u2019\u0153uvre expiatoire du Seigneur J\u00e9sus-Christ. La part de l\u2019imp\u00e9nitent et de l\u2019incroyant est la s\u00e9paration \u00e9ternelle et consciente d\u2019avec Dieu ; et celle de la joie \u00e9ternelle du croyant en pr\u00e9sence de Dieu.<\/li>\n<li>Le salut a \u00e9t\u00e9 pourvu par J\u00e9sus-Christ \u00e0 tous ; et ceux qui se repentent et croient en lui sont n\u00e9s de nouveau du Saint-Esprit, re\u00e7oivent le don de la vie \u00e9ternelle et deviennent enfants de Dieu.<\/li>\n<li>&nbsp;C\u2019est la volont\u00e9 de Dieu que chaque croyant, en union avec le Christ, soit rempli du Saint-Esprit. Par cons\u00e9quent, chaque croyant doit \u00eatre sanctifi\u00e9 compl\u00e8tement, \u00e9tant s\u00e9par\u00e9 du p\u00e9ch\u00e9 et du monde et enti\u00e8rement consacr\u00e9 \u00e0 Dieu. Par la pl\u00e9nitude du Saint-Esprit, le croyant re\u00e7oit la puissance d\u2019une vie sainte et d\u2019un service efficace. Ceci est de nature diff\u00e9rente de la conversion, v\u00e9cue apr\u00e8s la conversion mais pas n\u00e9cessairement \u00e9loign\u00e9e dans le temps.<\/li>\n<li>Une provision est faite dans l\u2019\u0153uvre r\u00e9demptrice du Seigneur J\u00e9sus-Christ pour la gu\u00e9rison de toute la personne. La pri\u00e8re pour les malades et l\u2019onction d\u2019huile sont enseign\u00e9es dans les \u00c9critures et sont des privil\u00e8ges pour l\u2019\u00c9glise \u00e0 notre \u00e9poque.<\/li>\n<li>&nbsp;L\u2019\u00c9glise se compose de tous ceux qui croient au Seigneur J\u00e9sus-Christ, qui sont rachet\u00e9s par son sang et sont n\u00e9s de nouveau du Saint-Esprit. Christ est la T\u00eate du Corps, l\u2019\u00c9glise, qui a \u00e9t\u00e9 mandat\u00e9e par Lui pour aller dans le monde entier en tant que t\u00e9moin, pr\u00eachant l\u2019\u00c9vangile \u00e0 toutes les nations. L\u2019\u00e9glise locale est un corps de croyants en Christ qui sont unis pour l\u2019adoration de Dieu, pour l\u2019\u00e9dification par la Parole de Dieu, pour la pri\u00e8re, la communion, la proclamation de l\u2019\u00c9vangile et l\u2019observation des ordonnances du bapt\u00eame et du repas du Seigneur.<\/li>\n<li>Il y aura une r\u00e9surrection corporelle du juste et de l\u2019injuste ; pour le premier, une r\u00e9surrection \u00e0 la vie ; pour ce dernier, une r\u00e9surrection au jugement.<\/li>\n<li>La seconde venue du Seigneur J\u00e9sus-Christ est imminente et sera personnelle et visible. C\u2019est l\u2019esp\u00e9rance b\u00e9nie du croyant et une v\u00e9rit\u00e9 vitale qui est une incitation \u00e0 une vie sainte et \u00e0 un service fid\u00e8le pour l\u2019accomplissement de la mission du Christ.<\/li>\n<\/ol>\n<p>&nbsp;<\/p>\n<p>Tel qu\u2019approuv\u00e9 lors de la Convocation Quadriennale 2021 de l\u2019UMA<\/p>\n<\/div>\n<\/div><\/div><\/div><\/div><\/div>","protected":false},"excerpt":{"rendered":"<p>Il y a un Dieu, qui est infiniment parfait, existant \u00e9ternellement en trois personnes : P\u00e8re, Fils et Saint-Esprit. J\u00e9sus-Christ est le vrai Dieu et&hellip;<\/p>\n","protected":false},"author":15,"featured_media":0,"parent":0,"menu_order":0,"comment_status":"closed","ping_status":"closed","template":"","meta":{"inline_featured_image":false,"ngg_post_thumbnail":0,"_EventAllDay":false,"_EventTimezone":"","_EventStartDate":"","_EventEndDate":"","_EventStartDateUTC":"","_EventEndDateUTC":"","_EventShowMap":false,"_EventShowMapLink":false,"_EventURL":"","_EventCost":"","_EventCostDescription":"","_EventCurrencySymbol":"","_EventCurrencyCode":"","_EventCurrencyPosition":"","_EventDateTimeSeparator":"","_EventTimeRangeSeparator":"","_EventOrganizerID":[],"_EventVenueID":[],"_OrganizerEmail":"","_OrganizerPhone":"","_OrganizerWebsite":"","_VenueAddress":"","_VenueCity":"","_VenueCountry":"","_VenueProvince":"","_VenueState":"","_VenueZip":"","_VenuePhone":"","_VenueURL":"","_VenueStateProvince":"","_VenueLat":"","_VenueLng":"","_VenueShowMap":false,"_VenueShowMapLink":false,"footnotes":""},"class_list":["post-18040","page","type-page","status-publish","hentry"],"_links":{"self":[{"href":"https:\/\/awf.world\/fr\/wp-json\/wp\/v2\/pages\/18040","targetHints":{"allow":["GET"]}}],"collection":[{"href":"https:\/\/awf.world\/fr\/wp-json\/wp\/v2\/pages"}],"about":[{"href":"https:\/\/awf.world\/fr\/wp-json\/wp\/v2\/types\/page"}],"author":[{"embeddable":true,"href":"https:\/\/awf.world\/fr\/wp-json\/wp\/v2\/users\/15"}],"replies":[{"embeddable":true,"href":"https:\/\/awf.world\/fr\/wp-json\/wp\/v2\/comments?post=18040"}],"version-history":[{"count":0,"href":"https:\/\/awf.world\/fr\/wp-json\/wp\/v2\/pages\/18040\/revisions"}],"wp:attachment":[{"href":"https:\/\/awf.world\/fr\/wp-json\/wp\/v2\/media?parent=18040"}],"curies":[{"name":"wp","href":"https:\/\/api.w.org\/{rel}","templated":true}]}}