{"version":"1.0","provider_name":"Alliance World Fellowship","provider_url":"https:\/\/awf.world\/fr\/","author_name":"Beatrice","author_url":"https:\/\/awf.world\/fr\/author\/beatrice-awf\/","title":"La Lumi\u00e8re du Christ Brille \u00e0 Cuba - Alliance World Fellowship","type":"rich","width":600,"height":338,"html":"<blockquote class=\"wp-embedded-content\" data-secret=\"cAR6ZfKUuY\"><a href=\"https:\/\/awf.world\/fr\/awf-news\/la-lumiere-du-christ-brille-a-cuba\/\">La Lumi\u00e8re du Christ Brille \u00e0 Cuba<\/a><\/blockquote><iframe sandbox=\"allow-scripts\" security=\"restricted\" src=\"https:\/\/awf.world\/fr\/awf-news\/la-lumiere-du-christ-brille-a-cuba\/embed\/#?secret=cAR6ZfKUuY\" width=\"600\" height=\"338\" title=\"\u00ab\u00a0La Lumi\u00e8re du Christ Brille \u00e0 Cuba\u00a0\u00bb &#8212; Alliance World Fellowship\" data-secret=\"cAR6ZfKUuY\" frameborder=\"0\" marginwidth=\"0\" marginheight=\"0\" scrolling=\"no\" class=\"wp-embedded-content\"><\/iframe><script type=\"text\/javascript\">\n\/* <![CDATA[ *\/\n\/*! This file is auto-generated *\/\n!function(d,l){\"use strict\";l.querySelector&&d.addEventListener&&\"undefined\"!=typeof URL&&(d.wp=d.wp||{},d.wp.receiveEmbedMessage||(d.wp.receiveEmbedMessage=function(e){var t=e.data;if((t||t.secret||t.message||t.value)&&!\/[^a-zA-Z0-9]\/.test(t.secret)){for(var s,r,n,a=l.querySelectorAll('iframe[data-secret=\"'+t.secret+'\"]'),o=l.querySelectorAll('blockquote[data-secret=\"'+t.secret+'\"]'),c=new RegExp(\"^https?:$\",\"i\"),i=0;i<o.length;i++)o[i].style.display=\"none\";for(i=0;i<a.length;i++)s=a[i],e.source===s.contentWindow&&(s.removeAttribute(\"style\"),\"height\"===t.message?(1e3<(r=parseInt(t.value,10))?r=1e3:~~r<200&&(r=200),s.height=r):\"link\"===t.message&&(r=new URL(s.getAttribute(\"src\")),n=new URL(t.value),c.test(n.protocol))&&n.host===r.host&&l.activeElement===s&&(d.top.location.href=t.value))}},d.addEventListener(\"message\",d.wp.receiveEmbedMessage,!1),l.addEventListener(\"DOMContentLoaded\",function(){for(var e,t,s=l.querySelectorAll(\"iframe.wp-embedded-content\"),r=0;r<s.length;r++)(t=(e=s[r]).getAttribute(\"data-secret\"))||(t=Math.random().toString(36).substring(2,12),e.src+=\"#?secret=\"+t,e.setAttribute(\"data-secret\",t)),e.contentWindow.postMessage({message:\"ready\",secret:t},\"*\")},!1)))}(window,document);\n\/\/# sourceURL=https:\/\/awf.world\/wp-includes\/js\/wp-embed.min.js\n\/* ]]> *\/\n<\/script>\n","thumbnail_url":"https:\/\/awf.world\/wp-content\/uploads\/2018\/03\/Cuba-2018_02_1.jpg","thumbnail_width":"4160","thumbnail_height":"3120","description":"&nbsp; L&rsquo;Alliance Chr\u00e9tienne et Missionnaire \u00e0 Cuba a \u00e9t\u00e9 sel et lumi\u00e8re, connaissant une croissance r\u00e9guli\u00e8re au milieu des difficult\u00e9s politiques et \u00e9conomiques. Les responsables&hellip;"}