{"id":33426,"date":"2024-05-29T11:10:24","date_gmt":"2024-05-29T14:10:24","guid":{"rendered":"https:\/\/awf.world\/?page_id=33426"},"modified":"2024-05-29T13:57:31","modified_gmt":"2024-05-29T16:57:31","slug":"2021-2","status":"publish","type":"page","link":"https:\/\/awf.world\/es\/2021-2\/","title":{"rendered":"2021"},"content":{"rendered":"<div id=\"pl-33426\"  class=\"panel-layout\" ><div id=\"pg-33426-0\"  class=\"panel-grid panel-no-style\" ><div id=\"pgc-33426-0-0\"  class=\"panel-grid-cell\" ><div id=\"panel-33426-0-0-0\" class=\"so-panel widget widget_sow-editor panel-first-child\" data-index=\"0\" ><div\n\t\t\t\n\t\t\tclass=\"so-widget-sow-editor so-widget-sow-editor-base\"\n\t\t\t\n\t\t>\n<div class=\"siteorigin-widget-tinymce textwidget\">\n\t<h1 style=\"text-align: center; font-size: 27px;\">Noticias 2021<\/h1>\n<p style=\"text-align: center;\"><strong><span style=\"font-size: 110%; font-weight: 600;\">A\u00f1os anteriores:<\/span>&nbsp; &nbsp; &nbsp;<\/strong> &nbsp;&nbsp;<a href=\"http:\/\/awf.world\/2023-2\/\">2023<\/a>&nbsp; &nbsp; <a href=\"http:\/\/awf.world\/2022-2\/\">2022<\/a>&nbsp; &nbsp; <a href=\"http:\/\/awf.world\/2021-2\/\">2021<\/a>&nbsp; &nbsp; <a href=\"http:\/\/awf.world\/2020-2\/\">2020<\/a>&nbsp; &nbsp; <a href=\"http:\/\/awf.world\/2019-2\/\">2019<\/a>&nbsp; &nbsp; <a href=\"http:\/\/awf.world\/2018-2\/\">2018<\/a>&nbsp; &nbsp;&nbsp;<a href=\"http:\/\/awf.world\/2017-2\/\">2017<\/a>&nbsp; &nbsp;<a href=\"http:\/\/awf.world\/2016-2\/\">2016<\/a> &nbsp;&nbsp;<a href=\"http:\/\/awf.world\/2015-2\/\">2015<\/a>&nbsp; &nbsp; &nbsp;&nbsp;<a href=\"http:\/\/awf.world\/2014-2\/\">2014<\/a>&nbsp; &nbsp; &nbsp;&nbsp;<a href=\"http:\/\/awf.world\/2013-2\/\">2013<\/a>&nbsp; &nbsp; &nbsp;&nbsp;<a href=\"http:\/\/awf.world\/2012-2\/\">2012<\/a>&nbsp; &nbsp; &nbsp;&nbsp;<a href=\"http:\/\/awf.world\/2011-2\/\">2011<\/a>&nbsp; &nbsp; &nbsp;&nbsp;<a href=\"http:\/\/awf.world\/2010-2\/\">2010<\/a><\/p>\n<\/div>\n<\/div><\/div><div id=\"panel-33426-0-0-1\" class=\"so-panel widget widget_sow-editor panel-last-child\" data-index=\"1\" ><div\n\t\t\t\n\t\t\tclass=\"so-widget-sow-editor so-widget-sow-editor-base\"\n\t\t\t\n\t\t>\n<div class=\"siteorigin-widget-tinymce textwidget\">\n\t<div id=\"wpv-view-layout-23216-CATTR04f13a0d821ab62fab8d974643523081\" class=\"js-wpv-view-layout js-wpv-layout-responsive js-wpv-view-layout-23216-CATTR04f13a0d821ab62fab8d974643523081\" data-viewnumber=\"23216-CATTR04f13a0d821ab62fab8d974643523081\" data-pagination=\"{&quot;id&quot;:23216,&quot;query&quot;:&quot;normal&quot;,&quot;type&quot;:&quot;disabled&quot;,&quot;effect&quot;:&quot;fade&quot;,&quot;duration&quot;:500,&quot;speed&quot;:5,&quot;pause_on_hover&quot;:&quot;disabled&quot;,&quot;stop_rollover&quot;:&quot;false&quot;,&quot;cache_pages&quot;:&quot;enabled&quot;,&quot;preload_images&quot;:&quot;enabled&quot;,&quot;preload_pages&quot;:&quot;enabled&quot;,&quot;preload_reach&quot;:1,&quot;spinner&quot;:&quot;builtin&quot;,&quot;spinner_image&quot;:&quot;https:\/\/awf.world\/wp-content\/plugins\/wp-views\/embedded\/res\/img\/ajax-loader.gif&quot;,&quot;callback_next&quot;:&quot;&quot;,&quot;manage_history&quot;:&quot;enabled&quot;,&quot;has_controls_in_form&quot;:&quot;disabled&quot;,&quot;infinite_tolerance&quot;:&quot;0&quot;,&quot;max_pages&quot;:0,&quot;page&quot;:1,&quot;base_permalink&quot;:&quot;\/es\/wp-json\/wp\/v2\/pages\/33426?wpv_view_count=23216-CATTR04f13a0d821ab62fab8d974643523081&amp;wpv_paged=WPV_PAGE_NUM&quot;,&quot;loop&quot;:{&quot;type&quot;:&quot;&quot;,&quot;name&quot;:&quot;&quot;,&quot;data&quot;:[],&quot;id&quot;:0}}\" data-permalink=\"\/es\/wp-json\/wp\/v2\/pages\/33426?wpv_view_count=23216-CATTR04f13a0d821ab62fab8d974643523081\">\n<div class=\"cat-home\">\n<div class=\"cat-home-category\"><\/div>\n<div class=\"cat-home-img\"><a href=\"https:\/\/awf.world\/es\/awf-video-view\/mensaje-de-fin-de-ano-2021-icte\/\"><img decoding=\"async\" class=\"attachment-255xauto size-255xauto\" src=\"https:\/\/awf.world\/wp-content\/uploads\/2021\/12\/ICTE2-wpv_255xauto.jpg\" width=\"255\" height=\"auto\" alt=\"\" \/><\/a><\/div>\n<div class=\"cat-home-title\"><a href=\"https:\/\/awf.world\/es\/awf-video-view\/mensaje-de-fin-de-ano-2021-icte\/\">Mensaje de fin de a\u00f1o 2021 ICTE<\/a><\/div>\n<div class=\"cat-home-date\">diciembre 16, 2021<\/div>\n<div class=\"cat-home-short-description\">  <\/div>\n<\/div>\n<div class=\"cat-home\">\n<div class=\"cat-home-category\"><\/div>\n<div class=\"cat-home-img\"><a href=\"https:\/\/awf.world\/es\/awf-video-view\/mensaje-de-fin-de-ano-2021-presidente-de-la-awf\/\"><img decoding=\"async\" class=\"attachment-255xauto size-255xauto\" src=\"https:\/\/awf.world\/wp-content\/uploads\/2021\/12\/AWF_Jura-Yanagihara4b-wpv_255xauto.jpeg\" width=\"255\" height=\"auto\" alt=\"\" \/><\/a><\/div>\n<div class=\"cat-home-title\"><a href=\"https:\/\/awf.world\/es\/awf-video-view\/mensaje-de-fin-de-ano-2021-presidente-de-la-awf\/\">Mensaje de fin de a\u00f1o 2021 Presidente de la AWF<\/a><\/div>\n<div class=\"cat-home-date\">diciembre 15, 2021<\/div>\n<div class=\"cat-home-short-description\">  <\/div>\n<\/div>\n<div class=\"cat-home\">\n<div class=\"cat-home-category\"><\/div>\n<div class=\"cat-home-img\"><a href=\"https:\/\/awf.world\/es\/awf-video-view\/mensaje-de-fin-de-ano-2021-region-awf-america-latina\/\"><img decoding=\"async\" class=\"attachment-255xauto size-255xauto\" src=\"https:\/\/awf.world\/wp-content\/uploads\/2021\/12\/CLA7-wpv_255xauto.jpg\" width=\"255\" height=\"auto\" alt=\"\" \/><\/a><\/div>\n<div class=\"cat-home-title\"><a href=\"https:\/\/awf.world\/es\/awf-video-view\/mensaje-de-fin-de-ano-2021-region-awf-america-latina\/\">Mensaje de fin de a\u00f1o 2021 Regi\u00f3n AWF Am\u00e9rica Latina<\/a><\/div>\n<div class=\"cat-home-date\">diciembre 14, 2021<\/div>\n<div class=\"cat-home-short-description\">  <\/div>\n<\/div>\n<div class=\"cat-home\">\n<div class=\"cat-home-category\"><\/div>\n<div class=\"cat-home-img\"><a href=\"https:\/\/awf.world\/es\/awf-video-view\/mensaje-de-fin-de-ano-2021-region-awf-africa\/\"><img decoding=\"async\" class=\"attachment-255xauto size-255xauto\" src=\"https:\/\/awf.world\/wp-content\/uploads\/2021\/12\/Cote-dIvoire2-wpv_255xauto.jpg\" width=\"255\" height=\"auto\" alt=\"\" \/><\/a><\/div>\n<div class=\"cat-home-title\"><a href=\"https:\/\/awf.world\/es\/awf-video-view\/mensaje-de-fin-de-ano-2021-region-awf-africa\/\">Mensaje de fin de a\u00f1o 2021 Regi\u00f3n AWF \u00c1frica<\/a><\/div>\n<div class=\"cat-home-date\">diciembre 10, 2021<\/div>\n<div class=\"cat-home-short-description\">  <\/div>\n<\/div>\n<div class=\"cat-home\">\n<div class=\"cat-home-category\"><\/div>\n<div class=\"cat-home-img\"><a href=\"https:\/\/awf.world\/es\/awf-video-view\/mensaje-de-fin-de-ano-2021-region-awf-apac\/\"><img decoding=\"async\" class=\"attachment-255xauto size-255xauto\" src=\"https:\/\/awf.world\/wp-content\/uploads\/2021\/12\/Baptism-of-Po-wpv_255xauto.jpg\" width=\"255\" height=\"auto\" alt=\"\" \/><\/a><\/div>\n<div class=\"cat-home-title\"><a href=\"https:\/\/awf.world\/es\/awf-video-view\/mensaje-de-fin-de-ano-2021-region-awf-apac\/\">Mensaje de fin de a\u00f1o 2021 Regi\u00f3n AWF APAC<\/a><\/div>\n<div class=\"cat-home-date\">diciembre 10, 2021<\/div>\n<div class=\"cat-home-short-description\">  <\/div>\n<\/div>\n<div class=\"cat-home\">\n<div class=\"cat-home-category\"><a href=\"https:\/\/awf.world\/es\/category\/emerald-es\/\">EUROPA &amp; MEDIO ORIENTE<\/a>\/<a href=\"https:\/\/awf.world\/es\/category\/news-es\/\">NOTICIAS<\/a><\/div>\n<div class=\"cat-home-img\"><a href=\"https:\/\/awf.world\/es\/awf-news\/la-alianza-rusa-renovacion-y-crecimiento\/\"><img decoding=\"async\" class=\"attachment-255xauto size-255xauto\" src=\"https:\/\/awf.world\/wp-content\/uploads\/2021\/11\/25th-Anniversary-Celebration-CMA-Russia_2019-055-wpv_255xauto.jpg\" width=\"255\" height=\"auto\" alt=\"\" \/><\/a><\/div>\n<div class=\"cat-home-title\"><a href=\"https:\/\/awf.world\/es\/awf-news\/la-alianza-rusa-renovacion-y-crecimiento\/\">La Alianza Rusa: Renovaci\u00f3n y Crecimiento<\/a><\/div>\n<div class=\"cat-home-date\">diciembre 3, 2021<\/div>\n<div class=\"cat-home-short-description\">\n<p>Fundada en 1994, la Alianza de Rusia (ECMU) se centr\u00f3 en la plantaci\u00f3n de iglesias y la labor misionera desde el principio. La ECMU de Rusia lleva a cabo muchos ministerios y desea seguir creciendo y expandiendo el reino de Dios. Nos piden que oremos por sus ministerios y por los obreros internacionales en estos tiempos dif\u00edciles.<\/p>\n<\/div>\n<\/div>\n<div class=\"cat-home\">\n<div class=\"cat-home-category\"><\/div>\n<div class=\"cat-home-img\"><a href=\"https:\/\/awf.world\/es\/awf-news\/conoce-a-sergey-rybikov-el-nuevo-presidente-de-la-alianza-rusa\/\"><img decoding=\"async\" class=\"attachment-255xauto size-255xauto\" src=\"https:\/\/awf.world\/wp-content\/uploads\/2021\/11\/Sergey-Rybikov_President-Russia_2021-wpv_255xauto.jpg\" width=\"255\" height=\"auto\" alt=\"\" \/><\/a><\/div>\n<div class=\"cat-home-title\"><a href=\"https:\/\/awf.world\/es\/awf-news\/conoce-a-sergey-rybikov-el-nuevo-presidente-de-la-alianza-rusa\/\">Conoce a Sergey Rybikov, el Nuevo Presidente de la Alianza Rusa<\/a><\/div>\n<div class=\"cat-home-date\">noviembre 25, 2021<\/div>\n<div class=\"cat-home-short-description\">\n<p>El Reverendo Sergey Rybikov lleva 26 a\u00f1os sirviendo al Se\u00f1or. Ahora, est\u00e1 guiando a la Alianza Rusa hacia adelante. Se propone fortalecer la cultura de la oraci\u00f3n en sus iglesias, formar a nuevos ministros y unificar la familia de la Alianza en Rusia. Con esto, planea reavivar las llamas de la obra misionera en la Alianza Rusa.<\/p>\n<\/div>\n<\/div>\n<div class=\"cat-home\">\n<div class=\"cat-home-category\"><a href=\"https:\/\/awf.world\/es\/category\/news-es\/\">NOTICIAS<\/a><\/div>\n<div class=\"cat-home-img\"><a href=\"https:\/\/awf.world\/es\/awf-news\/diaspora-y-misiones\/\"><img decoding=\"async\" class=\"attachment-255xauto size-255xauto\" src=\"https:\/\/awf.world\/wp-content\/uploads\/2021\/11\/Diaspora-Workshop2-wpv_255xauto.jpg\" width=\"255\" height=\"auto\" alt=\"\" \/><\/a><\/div>\n<div class=\"cat-home-title\"><a href=\"https:\/\/awf.world\/es\/awf-news\/diaspora-y-misiones\/\">Di\u00e1spora y Misiones: \u00a1La Familia Aliancista en Misi\u00f3n!<\/a><\/div>\n<div class=\"cat-home-date\">noviembre 17, 2021<\/div>\n<div class=\"cat-home-short-description\">\n<p>A lo largo de la historia del mundo, Dios ha dispersado a su pueblo para sus prop\u00f3sitos, para promover su Reino. La iglesia, por su propia naturaleza, es una comunidad de la di\u00e1spora. La migraci\u00f3n masiva nos ofrece una oportunidad para comprometernos y vivir para ser la iglesia que es el instrumento digno de la pasi\u00f3n de Dios para redimir al mundo. El taller sobre el Ministerio de la Di\u00e1spora fue uno de los principales talleres en la Cuadrienal de la AWF en Ecuador.<\/p>\n<\/div>\n<\/div>\n<div class=\"cat-home\">\n<div class=\"cat-home-category\"><a href=\"https:\/\/awf.world\/es\/category\/news-es\/\">NOTICIAS<\/a>\/<a href=\"https:\/\/awf.world\/es\/category\/socorro-desarrollo\/\">Socorro &amp; Desarrollo<\/a><\/div>\n<div class=\"cat-home-img\"><a href=\"https:\/\/awf.world\/es\/awf-news\/la-iglesia-como-modelo-de-socorro-y-desarrollo\/\"><img decoding=\"async\" class=\"attachment-255xauto size-255xauto\" src=\"https:\/\/awf.world\/wp-content\/uploads\/2021\/11\/AWF_RD-Workshop_02-wpv_255xauto.jpeg\" width=\"255\" height=\"auto\" alt=\"\" \/><\/a><\/div>\n<div class=\"cat-home-title\"><a href=\"https:\/\/awf.world\/es\/awf-news\/la-iglesia-como-modelo-de-socorro-y-desarrollo\/\">La Iglesia como Modelo de Socorro y Desarrollo<\/a><\/div>\n<div class=\"cat-home-date\">noviembre 16, 2021<\/div>\n<div class=\"cat-home-short-description\">\n<p>La Iglesia como Modelo de Socorro y Desarrollo<br \/>\nLa labor de la AWF en materia de Socorro y Desarrollo (R&D) durante la pandemia mundial fue loable. Durante la Convocatoria Cuadrienal 2021, Robert Sanou, Joanne Beach, Mike Sohm y otros, dialogaron acerca de c\u00f3mo ampliar el alcance de la Alianza. De este taller surgieron nuevas ideas, sugerencias y posibilidades para el futuro del ministerio de Socorro y Desarrollo de la AWF.<\/p>\n<\/div>\n<\/div>\n<div class=\"cat-home\">\n<div class=\"cat-home-category\"><\/div>\n<div class=\"cat-home-img\"><a href=\"https:\/\/awf.world\/es\/awf-news\/terminando-la-tarea-a-quien-enviare-quien-ira-por-nosotros\/\"><img decoding=\"async\" class=\"attachment-255xauto size-255xauto\" src=\"https:\/\/awf.world\/wp-content\/uploads\/2021\/11\/Professionals-Workshop3-wpv_255xauto.jpg\" width=\"255\" height=\"auto\" alt=\"\" \/><\/a><\/div>\n<div class=\"cat-home-title\"><a href=\"https:\/\/awf.world\/es\/awf-news\/terminando-la-tarea-a-quien-enviare-quien-ira-por-nosotros\/\">Terminando la Tarea: \u201c\u00bfA qui\u00e9n enviar\u00e9? \u00bfQui\u00e9n ir\u00e1 por nosotros?\u201d<\/a><\/div>\n<div class=\"cat-home-date\">noviembre 16, 2021<\/div>\n<div class=\"cat-home-short-description\">\n<p>Hace m\u00e1s de dos mil a\u00f1os que Jes\u00fas volvi\u00f3 a sentarse a la diestra del Padre. \u00bfSe ha preguntado alguna vez por qu\u00e9 no ha vuelto? Jes\u00fas dijo en Mateo 24:14: \u201cY ser\u00e1 predicado este evangelio del reino en todo el mundo, para testimonio a todas las naciones; y entonces vendr\u00e1 el fin\u201d. A pesar de todos los avances de la tecnolog\u00eda, los viajes y los recursos, la investigaci\u00f3n muestra que m\u00e1s de 6.500 grupos de personas, que comprenden m\u00e1s de dos mil millones de personas, todav\u00eda no tienen acceso a Jes\u00fas. Esto plantea la pregunta: \u00bfrealmente queremos que el Rey Jes\u00fas regrese? Si es as\u00ed, \u00bfqu\u00e9 estamos dispuestos a hacer?<\/p>\n<\/div>\n<\/div>\n<div class=\"cat-home\">\n<div class=\"cat-home-category\"><\/div>\n<div class=\"cat-home-img\"><a href=\"https:\/\/awf.world\/es\/awf-news\/las-mujeres-de-la-alianza-en-la-cuadrienal-una-conexion-bendecida-entre-hermanas-en-cristo\/\"><img decoding=\"async\" class=\"attachment-255xauto size-255xauto\" src=\"https:\/\/awf.world\/wp-content\/uploads\/2021\/11\/Women-Workshop-13-wpv_255xauto.jpg\" width=\"255\" height=\"auto\" alt=\"\" \/><\/a><\/div>\n<div class=\"cat-home-title\"><a href=\"https:\/\/awf.world\/es\/awf-news\/las-mujeres-de-la-alianza-en-la-cuadrienal-una-conexion-bendecida-entre-hermanas-en-cristo\/\">Las Mujeres de la Alianza en la Cuadrienal: Una Conexi\u00f3n Bendecida entre Hermanas en Cristo<\/a><\/div>\n<div class=\"cat-home-date\">noviembre 12, 2021<\/div>\n<div class=\"cat-home-short-description\">\n<p>Despu\u00e9s de m\u00e1s de un a\u00f1o de preparaci\u00f3n, la Red Global de Mujeres Aliancistas de AWF se reuni\u00f3 en persona durante la Convocatoria Cuadrienal en Guayaquil, Ecuador. Mujeres de todo el mundo se conectaron y compartieron bendecidos momentos de oraci\u00f3n, estudio b\u00edblico y adoraci\u00f3n. Demos gracias a Dios por este incre\u00edble tiempo que compartieron y por los frutos de sus reuniones. Que \u00e9l siga guiando y bendiciendo a nuestras hermanas.<\/p>\n<\/div>\n<\/div>\n<div class=\"cat-home\">\n<div class=\"cat-home-category\"><a href=\"https:\/\/awf.world\/es\/category\/news-es\/\">NOTICIAS<\/a><\/div>\n<div class=\"cat-home-img\"><a href=\"https:\/\/awf.world\/es\/awf-news\/escuchar-el-corazon-de-nuestra-herencia\/\"><img decoding=\"async\" class=\"attachment-255xauto size-255xauto\" src=\"https:\/\/awf.world\/wp-content\/uploads\/2021\/11\/IMG_0083-wpv_255xauto.jpg\" width=\"255\" height=\"auto\" alt=\"\" \/><\/a><\/div>\n<div class=\"cat-home-title\"><a href=\"https:\/\/awf.world\/es\/awf-news\/escuchar-el-corazon-de-nuestra-herencia\/\">Escuchar el Coraz\u00f3n de Nuestra Herencia<\/a><\/div>\n<div class=\"cat-home-date\">noviembre 11, 2021<\/div>\n<div class=\"cat-home-short-description\">\n<p>Los delegados de la conferencia Cuadrienal de la AWF en Guayaquil, Ecuador pudieron asistir a talleres sobre temas relacionados con el coraz\u00f3n de nuestra herencia. A lo largo de tres d\u00edas sucesivos, se debatieron con entusiasmo temas como la vida profunda, la historia de la misi\u00f3n y el compromiso con el futuro a la luz de nuestro pasado.<\/p>\n<\/div>\n<\/div>\n<div class=\"cat-home\">\n<div class=\"cat-home-category\"><a href=\"https:\/\/awf.world\/es\/category\/latin-america-es\/\">AM\u00c9RICA LATINA<\/a>\/<a href=\"https:\/\/awf.world\/es\/category\/news-es\/\">NOTICIAS<\/a><\/div>\n<div class=\"cat-home-img\"><a href=\"https:\/\/awf.world\/es\/awf-news\/decisiones-principales-de-la-convocatoria-cuadrienal-2021-de-la-awf\/\"><img decoding=\"async\" class=\"attachment-255xauto size-255xauto\" src=\"https:\/\/awf.world\/wp-content\/uploads\/2021\/11\/ExCom_Quadrennial_Ecuador_2021-10-3-wpv_255xauto.jpg\" width=\"255\" height=\"auto\" alt=\"\" \/><\/a><\/div>\n<div class=\"cat-home-title\"><a href=\"https:\/\/awf.world\/es\/awf-news\/decisiones-principales-de-la-convocatoria-cuadrienal-2021-de-la-awf\/\">Decisiones Principales de la Convocatoria Cuadrienal 2021 de la AWF<\/a><\/div>\n<div class=\"cat-home-date\">noviembre 9, 2021<\/div>\n<div class=\"cat-home-short-description\">\n<p>Nepal y Corea del Sur son ahora miembros de la Confraternidad Mundial de la Alianza, a los que se dio la bienvenida en la Convocatoria Cuadrienal de la AWF en Guayaquil, Ecuador. La Declaraci\u00f3n de Fe revisada y el Manifiesto de Guayaquil fueron aprobados en medio de una atm\u00f3sfera de unidad en las sesiones de trabajo. Los ejecutivos de la AWF fueron elegidos para el pr\u00f3ximo mandato y se aprobaron todas las propuestas presentadas.<\/p>\n<\/div>\n<\/div>\n<div class=\"cat-home\">\n<div class=\"cat-home-category\"><a href=\"https:\/\/awf.world\/es\/category\/latin-america-es\/\">AM\u00c9RICA LATINA<\/a>\/<a href=\"https:\/\/awf.world\/es\/category\/editorial-es\/\">EDITORIAL<\/a>\/<a href=\"https:\/\/awf.world\/es\/category\/news-es\/\">NOTICIAS<\/a><\/div>\n<div class=\"cat-home-img\"><a href=\"https:\/\/awf.world\/es\/awf-news\/ir-mas-profundo-en-cristo-ir-mas-alla-en-la-mision-e-ir-juntos-como-familia-de-dios\/\"><img decoding=\"async\" class=\"attachment-255xauto size-255xauto\" src=\"https:\/\/awf.world\/wp-content\/uploads\/2021\/10\/IMG_8219-wpv_255xauto.jpg\" width=\"255\" height=\"auto\" alt=\"\" \/><\/a><\/div>\n<div class=\"cat-home-title\"><a href=\"https:\/\/awf.world\/es\/awf-news\/ir-mas-profundo-en-cristo-ir-mas-alla-en-la-mision-e-ir-juntos-como-familia-de-dios\/\">Ir M\u00e1s Profundo en Cristo, Ir M\u00e1s All\u00e1 en la Misi\u00f3n e Ir Juntos como Familia de Dios<\/a><\/div>\n<div class=\"cat-home-date\">octubre 29, 2021<\/div>\n<div class=\"cat-home-short-description\">\n<p>La primera Convocatoria Cuadrienal de la AWF en medio de una pandemia global tuvo lugar en Milagro, Ecuador. Alrededor de 300 delegados inscritos fueron recibidos por m\u00e1s de 200 voluntarios de la Iglesia Alianza Central Milagro y la ACyM ecuatoriana para formar una hermosa expresi\u00f3n de la familia global de la Alianza. Podr\u00edamos experimentar la riqueza de ser uno, formado por muchas razas, idiomas y colores, unidos en Jesucristo, nuestro Salvador, Santificador, Sanador y Rey que Viene. La unidad en la diversidad. La unidad del Esp\u00edritu que proviene de la santificaci\u00f3n. La unidad que moviliza a la familia aliancista hacia la misi\u00f3n de Dios. Esta fue una maravillosa experiencia.<\/p>\n<\/div>\n<\/div>\n<div class=\"cat-home\">\n<div class=\"cat-home-category\"><a href=\"https:\/\/awf.world\/es\/category\/news-es\/\">NOTICIAS<\/a><\/div>\n<div class=\"cat-home-img\"><a href=\"https:\/\/awf.world\/es\/awf-news\/manifiesto-de-guayaquil\/\"><img decoding=\"async\" class=\"attachment-255xauto size-255xauto\" src=\"https:\/\/awf.world\/wp-content\/uploads\/2021\/10\/AWF-Guayaquil-Manifesto_2021_ESP-2-wpv_255xauto.png\" width=\"255\" height=\"auto\" alt=\"\" \/><\/a><\/div>\n<div class=\"cat-home-title\"><a href=\"https:\/\/awf.world\/es\/awf-news\/manifiesto-de-guayaquil\/\">Manifiesto de Guayaquil<\/a><\/div>\n<div class=\"cat-home-date\">octubre 28, 2021<\/div>\n<div class=\"cat-home-short-description\">\n<p>Como miembros de la Confraternidad Mundial de la Alianza, una vez m\u00e1s afirmamos nuestra creencia y compromiso con Cristo, la revelaci\u00f3n de Dios (Juan 1:18), quien es el todo suficiente Salvador, Santificador, Sanador y Rey que viene (1 Cor. 1:30).<br \/>\nHabiendo sido comisionados por el mismo Se\u00f1or Jesucristo, quien infundi\u00f3 la palabra \u201cvayan\u201d en lo m\u00e1s profundo de nuestro coraz\u00f3n, nos comprometemos al comienzo de esta nueva d\u00e9cada a ser, una vez m\u00e1s, un movimiento misionero global especialmente para los pueblos menos alcanzados de la tierra.<\/p>\n<\/div>\n<\/div>\n<div class=\"cat-home\">\n<div class=\"cat-home-category\"><a href=\"https:\/\/awf.world\/es\/category\/news-es\/\">NOTICIAS<\/a>\/<a href=\"https:\/\/awf.world\/es\/category\/socorro-desarrollo\/\">Socorro &amp; Desarrollo<\/a>\/<a href=\"https:\/\/awf.world\/es\/category\/africa-es\/\">\u00c1FRICA<\/a><\/div>\n<div class=\"cat-home-img\"><a href=\"https:\/\/awf.world\/es\/awf-news\/aliviando-la-sed-de-los-guineanos\/\"><img decoding=\"async\" class=\"attachment-255xauto size-255xauto\" src=\"https:\/\/awf.world\/wp-content\/uploads\/2021\/10\/AWF-RD-Development_Guinea_Siguiri-Drinking-Water_Project-Photo-Report-06_2021-06-30-wpv_255xauto.jpg\" width=\"255\" height=\"auto\" alt=\"\" \/><\/a><\/div>\n<div class=\"cat-home-title\"><a href=\"https:\/\/awf.world\/es\/awf-news\/aliviando-la-sed-de-los-guineanos\/\">Aliviando la Sed de los Guineanos<\/a><\/div>\n<div class=\"cat-home-date\">octubre 6, 2021<\/div>\n<div class=\"cat-home-short-description\">\n<p>La Alianza en Guinea est\u00e1 saciando la sed f\u00edsica de las comunidades de la alta sabana de Guinea, donde las temperaturas son altas y falta agua. Que Dios contin\u00fae us\u00e1ndolos para aliviar la sed espiritual de las personas.<\/p>\n<\/div>\n<\/div>\n<div class=\"cat-home\">\n<div class=\"cat-home-category\"><\/div>\n<div class=\"cat-home-img\"><a href=\"https:\/\/awf.world\/es\/awf-video-view\/munther-shahatit-te-invita-a-la-cuadrienal-de-awf-en-octubre-de-2021\/\"><img decoding=\"async\" class=\"attachment-255xauto size-255xauto\" src=\"https:\/\/awf.world\/wp-content\/uploads\/2021\/09\/Munther-Shahatit_EMERALD-wpv_255xauto.png\" width=\"255\" height=\"auto\" alt=\"\" \/><\/a><\/div>\n<div class=\"cat-home-title\"><a href=\"https:\/\/awf.world\/es\/awf-video-view\/munther-shahatit-te-invita-a-la-cuadrienal-de-awf-en-octubre-de-2021\/\">Munther Shahatit te invita a la Cuadrienal de AWF en octubre de 2021<\/a><\/div>\n<div class=\"cat-home-date\">septiembre 23, 2021<\/div>\n<div class=\"cat-home-short-description\">  <\/div>\n<\/div>\n<div class=\"cat-home\">\n<div class=\"cat-home-category\"><\/div>\n<div class=\"cat-home-img\"><a href=\"https:\/\/awf.world\/es\/awf-video-view\/celestin-koffi-te-invita-a-la-cuadrienal-de-awf-en-octubre-de-2021\/\"><img decoding=\"async\" class=\"attachment-255xauto size-255xauto\" src=\"https:\/\/awf.world\/wp-content\/uploads\/2021\/09\/Celestin-Koffi_Africa-wpv_255xauto.png\" width=\"255\" height=\"auto\" alt=\"\" \/><\/a><\/div>\n<div class=\"cat-home-title\"><a href=\"https:\/\/awf.world\/es\/awf-video-view\/celestin-koffi-te-invita-a-la-cuadrienal-de-awf-en-octubre-de-2021\/\">Celestin Koffi te invita a la Cuadrienal de AWF en octubre de 2021<\/a><\/div>\n<div class=\"cat-home-date\">septiembre 17, 2021<\/div>\n<div class=\"cat-home-short-description\">  <\/div>\n<\/div>\n<div class=\"cat-home\">\n<div class=\"cat-home-category\"><\/div>\n<div class=\"cat-home-img\"><a href=\"https:\/\/awf.world\/es\/awf-video-view\/terry-smith-te-invita-a-la-cuadrienal-de-awf-en-octubre-de-2021\/\"><img decoding=\"async\" class=\"attachment-255xauto size-255xauto\" src=\"https:\/\/awf.world\/wp-content\/uploads\/2021\/09\/Terry-Smith_USA-wpv_255xauto.png\" width=\"255\" height=\"auto\" alt=\"\" \/><\/a><\/div>\n<div class=\"cat-home-title\"><a href=\"https:\/\/awf.world\/es\/awf-video-view\/terry-smith-te-invita-a-la-cuadrienal-de-awf-en-octubre-de-2021\/\">Terry Smith te invita a la Cuadrienal de AWF en octubre de 2021<\/a><\/div>\n<div class=\"cat-home-date\">septiembre 17, 2021<\/div>\n<div class=\"cat-home-short-description\">  <\/div>\n<\/div>\n<div class=\"cat-home\">\n<div class=\"cat-home-category\"><\/div>\n<div class=\"cat-home-img\"><a href=\"https:\/\/awf.world\/es\/awf-video-view\/brem-frentz-te-invita-a-la-cuadrienal-de-awf-en-octubre-de-2021\/\"><img decoding=\"async\" class=\"attachment-255xauto size-255xauto\" src=\"https:\/\/awf.world\/wp-content\/uploads\/2021\/09\/Brem-Frentz_North-America-wpv_255xauto.png\" width=\"255\" height=\"auto\" alt=\"\" \/><\/a><\/div>\n<div class=\"cat-home-title\"><a href=\"https:\/\/awf.world\/es\/awf-video-view\/brem-frentz-te-invita-a-la-cuadrienal-de-awf-en-octubre-de-2021\/\">Brem Frentz te invita a la Cuadrienal de AWF en octubre de 2021<\/a><\/div>\n<div class=\"cat-home-date\">septiembre 17, 2021<\/div>\n<div class=\"cat-home-short-description\">  <\/div>\n<\/div>\n<div class=\"cat-home\">\n<div class=\"cat-home-category\"><\/div>\n<div class=\"cat-home-img\"><a href=\"https:\/\/awf.world\/es\/awf-video-view\/roland-lumawag-te-invita-a-la-cuadrienal-de-awf-en-octubre-de-2021\/\"><img decoding=\"async\" class=\"attachment-255xauto size-255xauto\" src=\"https:\/\/awf.world\/wp-content\/uploads\/2021\/09\/Roland-Lumawag-wpv_255xauto.png\" width=\"255\" height=\"auto\" alt=\"\" \/><\/a><\/div>\n<div class=\"cat-home-title\"><a href=\"https:\/\/awf.world\/es\/awf-video-view\/roland-lumawag-te-invita-a-la-cuadrienal-de-awf-en-octubre-de-2021\/\">Roland Lumawag te invita a la Cuadrienal de AWF en octubre de 2021<\/a><\/div>\n<div class=\"cat-home-date\">septiembre 16, 2021<\/div>\n<div class=\"cat-home-short-description\">  <\/div>\n<\/div>\n<div class=\"cat-home\">\n<div class=\"cat-home-category\"><\/div>\n<div class=\"cat-home-img\"><a href=\"https:\/\/awf.world\/es\/awf-video-view\/david-muthre-te-invita-a-la-cuadrienal-de-awf-en-octubre-de-2021\/\"><img decoding=\"async\" class=\"attachment-255xauto size-255xauto\" src=\"https:\/\/awf.world\/wp-content\/uploads\/2021\/09\/2021-09-09-9-wpv_255xauto.png\" width=\"255\" height=\"auto\" alt=\"\" \/><\/a><\/div>\n<div class=\"cat-home-title\"><a href=\"https:\/\/awf.world\/es\/awf-video-view\/david-muthre-te-invita-a-la-cuadrienal-de-awf-en-octubre-de-2021\/\">\u00a1David Muthre te invita a la Cuadrienal de AWF en octubre de 2021<\/a><\/div>\n<div class=\"cat-home-date\">septiembre 9, 2021<\/div>\n<div class=\"cat-home-short-description\">  <\/div>\n<\/div>\n<div class=\"cat-home\">\n<div class=\"cat-home-category\"><\/div>\n<div class=\"cat-home-img\"><a href=\"https:\/\/awf.world\/es\/awf-video-view\/campana-somos-alianza\/\"><img decoding=\"async\" class=\"attachment-255xauto size-255xauto\" src=\"https:\/\/awf.world\/wp-content\/uploads\/2021\/09\/We-Are-Alliance_Cover_ESP-wpv_255xauto.jpg\" width=\"255\" height=\"auto\" alt=\"\" \/><\/a><\/div>\n<div class=\"cat-home-title\"><a href=\"https:\/\/awf.world\/es\/awf-video-view\/campana-somos-alianza\/\">Campa\u00f1a Somos Alianza<\/a><\/div>\n<div class=\"cat-home-date\">septiembre 9, 2021<\/div>\n<div class=\"cat-home-short-description\">  <\/div>\n<\/div>\n<div class=\"cat-home\">\n<div class=\"cat-home-category\"><a href=\"https:\/\/awf.world\/es\/category\/apac-es\/\">ASIA &amp; PACIFICO<\/a>\/<a href=\"https:\/\/awf.world\/es\/category\/news-es\/\">NOTICIAS<\/a><\/div>\n<div class=\"cat-home-img\"><a href=\"https:\/\/awf.world\/es\/awf-news\/un-tributo-al-dr-rodrigo-tano\/\"><img decoding=\"async\" class=\"attachment-255xauto size-255xauto\" src=\"https:\/\/awf.world\/wp-content\/uploads\/2021\/09\/Philippines_Rodrigo-Tano1_Square-wpv_255xauto.jpg\" width=\"255\" height=\"auto\" alt=\"\" \/><\/a><\/div>\n<div class=\"cat-home-title\"><a href=\"https:\/\/awf.world\/es\/awf-news\/un-tributo-al-dr-rodrigo-tano\/\">Un Tributo al Dr. Rodrigo Tano<\/a><\/div>\n<div class=\"cat-home-date\">septiembre 8, 2021<\/div>\n<div class=\"cat-home-short-description\">\n<p>El Dr. Rodrigo Tano, ex presidente de la Alianza de Filipinas (CAMACOP), fue llamado a casa por nuestro Padre Celestial el 6 de septiembre de 2021, a la edad de 89 a\u00f1os. Oremos para que el Se\u00f1or consuele y traiga paz y fuerza a la familia del Dr. Tano.<\/p>\n<\/div>\n<\/div>\n<div class=\"cat-home\">\n<div class=\"cat-home-category\"><\/div>\n<div class=\"cat-home-img\"><a href=\"https:\/\/awf.world\/es\/awf-video-view\/somos-alianza-miguel-e-yngrid-grassals\/\"><img decoding=\"async\" class=\"attachment-255xauto size-255xauto\" src=\"https:\/\/awf.world\/wp-content\/uploads\/2021\/09\/Miguel-Yngrid-Grassals-wpv_255xauto.jpg\" width=\"255\" height=\"auto\" alt=\"\" \/><\/a><\/div>\n<div class=\"cat-home-title\"><a href=\"https:\/\/awf.world\/es\/awf-video-view\/somos-alianza-miguel-e-yngrid-grassals\/\">Somos Alianza: Miguel e Yngrid Grassals<\/a><\/div>\n<div class=\"cat-home-date\">septiembre 7, 2021<\/div>\n<div class=\"cat-home-short-description\">  <\/div>\n<\/div>\n<div class=\"cat-home\">\n<div class=\"cat-home-category\"><a href=\"https:\/\/awf.world\/es\/category\/apac-es\/\">ASIA &amp; PACIFICO<\/a>\/<a href=\"https:\/\/awf.world\/es\/category\/news-es\/\">NOTICIAS<\/a><\/div>\n<div class=\"cat-home-img\"><a href=\"https:\/\/awf.world\/es\/awf-news\/bendiciones-durante-el-festival-de-alabanza-en-india\/\"><img decoding=\"async\" class=\"attachment-255xauto size-255xauto\" src=\"https:\/\/awf.world\/wp-content\/uploads\/2021\/09\/NAFI-Conference-Online_2021-08-091-1-wpv_255xauto.jpg\" width=\"255\" height=\"auto\" alt=\"\" \/><\/a><\/div>\n<div class=\"cat-home-title\"><a href=\"https:\/\/awf.world\/es\/awf-news\/bendiciones-durante-el-festival-de-alabanza-en-india\/\">Bendiciones durante el Festival de Alabanza en India<\/a><\/div>\n<div class=\"cat-home-date\">septiembre 6, 2021<\/div>\n<div class=\"cat-home-short-description\">\n<p>A pesar de las dificultades que caus\u00f3 la pandemia del COVID-19, la Confraternidad Nacional de la Alianza de India (NAFI) pudo celebrar su conferencia de manera virtual. Participaron m\u00e1s de 100 personas, incluidos l\u00edderes de otros pa\u00edses. El tiempo que pasaron juntos fue una bendici\u00f3n y realmente entendieron el tema \u201cFestival de Alabanza\u201d.<\/p>\n<\/div>\n<\/div>\n<div class=\"cat-home\">\n<div class=\"cat-home-category\"><\/div>\n<div class=\"cat-home-img\"><a href=\"https:\/\/awf.world\/es\/awf-video-view\/bienvenidos-a-ecuador-convocatoria-cuadrienal-2021\/\"><img decoding=\"async\" class=\"attachment-255xauto size-255xauto\" src=\"https:\/\/awf.world\/wp-content\/uploads\/2021\/09\/Ecuador_Quadrennial-wpv_255xauto.png\" width=\"255\" height=\"auto\" alt=\"\" \/><\/a><\/div>\n<div class=\"cat-home-title\"><a href=\"https:\/\/awf.world\/es\/awf-video-view\/bienvenidos-a-ecuador-convocatoria-cuadrienal-2021\/\">\u00a1Bienvenidos a Ecuador! Convocatoria Cuadrienal de AWF 2021<\/a><\/div>\n<div class=\"cat-home-date\">septiembre 4, 2021<\/div>\n<div class=\"cat-home-short-description\">  <\/div>\n<\/div>\n<div class=\"cat-home\">\n<div class=\"cat-home-category\"><a href=\"https:\/\/awf.world\/es\/category\/news-es\/\">NOTICIAS<\/a>\/<a href=\"https:\/\/awf.world\/es\/category\/africa-es\/\">\u00c1FRICA<\/a><\/div>\n<div class=\"cat-home-img\"><a href=\"https:\/\/awf.world\/es\/awf-news\/empoderar-al-pueblo-y-compartir-del-amor-de-dios-en-burkina-faso\/\"><img decoding=\"async\" class=\"attachment-255xauto size-255xauto\" src=\"https:\/\/awf.world\/wp-content\/uploads\/2021\/08\/AWF-RD-Development_Burkina-Faso_COVID-19_2021-07-093-1-wpv_255xauto.jpg\" width=\"255\" height=\"auto\" alt=\"\" \/><\/a><\/div>\n<div class=\"cat-home-title\"><a href=\"https:\/\/awf.world\/es\/awf-news\/empoderar-al-pueblo-y-compartir-del-amor-de-dios-en-burkina-faso\/\">Empoderar al Pueblo y Compartir del Amor de Dios en Burkina Faso<\/a><\/div>\n<div class=\"cat-home-date\">agosto 16, 2021<\/div>\n<div class=\"cat-home-short-description\">\n<p>La Alianza de Burkina Faso ha implantado con \u00e9xito proyectos para proteger, capacitar y empoderar a las personas que viven en las comunidades vulnerables a las que sirve. Bajo la gu\u00eda de Dios, han ayudado a 122 hogares y a 1.104 personas. Oremos para que nuestro Se\u00f1or contin\u00fae usando las vidas de nuestra familia de la Alianza en Burkina Faso para bendecir a sus compatriotas.<\/p>\n<\/div>\n<\/div>\n<div class=\"cat-home\">\n<div class=\"cat-home-category\"><\/div>\n<div class=\"cat-home-img\"><a href=\"https:\/\/awf.world\/es\/awf-video-view\/somos-alianza-daniel-y-patricia-tivane\/\"><img decoding=\"async\" class=\"attachment-255xauto size-255xauto\" src=\"https:\/\/awf.world\/wp-content\/uploads\/2021\/09\/Daniel-Patricia-Tivane_Mocambique1-wpv_255xauto.jpeg\" width=\"255\" height=\"auto\" alt=\"\" \/><\/a><\/div>\n<div class=\"cat-home-title\"><a href=\"https:\/\/awf.world\/es\/awf-video-view\/somos-alianza-daniel-y-patricia-tivane\/\">Somos Alianza: Daniel y Patricia Tivane<\/a><\/div>\n<div class=\"cat-home-date\">agosto 9, 2021<\/div>\n<div class=\"cat-home-short-description\">  <\/div>\n<\/div>\n<div class=\"cat-home\">\n<div class=\"cat-home-category\"><\/div>\n<div class=\"cat-home-img\"><a href=\"https:\/\/awf.world\/es\/awf-video-view\/jura-yanagihara-te-invita-a-la-convocatoria-cuadrienal-de-awf-en-octubre-de-2021\/\"><img decoding=\"async\" class=\"attachment-255xauto size-255xauto\" src=\"https:\/\/awf.world\/wp-content\/uploads\/2021\/09\/Jura-Yanagihara_Mailchimp-wpv_255xauto.png\" width=\"255\" height=\"auto\" alt=\"\" \/><\/a><\/div>\n<div class=\"cat-home-title\"><a href=\"https:\/\/awf.world\/es\/awf-video-view\/jura-yanagihara-te-invita-a-la-convocatoria-cuadrienal-de-awf-en-octubre-de-2021\/\">Jura Yanagihara te invita a la Convocatoria Cuadrienal de AWF en octubre de 2021<\/a><\/div>\n<div class=\"cat-home-date\">agosto 6, 2021<\/div>\n<div class=\"cat-home-short-description\">  <\/div>\n<\/div>\n<div class=\"cat-home\">\n<div class=\"cat-home-category\"><a href=\"https:\/\/awf.world\/es\/category\/apac-es\/\">ASIA &amp; PACIFICO<\/a>\/<a href=\"https:\/\/awf.world\/es\/category\/news-es\/\">NOTICIAS<\/a><\/div>\n<div class=\"cat-home-img\"><a href=\"https:\/\/awf.world\/es\/awf-news\/proyectos-de-socorro-y-desarrollo-en-mongolia-pastoreo-de-pastores-de-rebanos\/\"><img decoding=\"async\" class=\"attachment-255xauto size-255xauto\" src=\"https:\/\/awf.world\/wp-content\/uploads\/2021\/08\/AWF-RD-Development_Mongolia_Gobi-Drought-Shepherd-Relief-Project-Picture-03_2021-06-15-wpv_255xauto.jpg\" width=\"255\" height=\"auto\" alt=\"\" \/><\/a><\/div>\n<div class=\"cat-home-title\"><a href=\"https:\/\/awf.world\/es\/awf-news\/proyectos-de-socorro-y-desarrollo-en-mongolia-pastoreo-de-pastores-de-rebanos\/\">La Alianza de Mongolia Pastoreando Pastores de Reba\u00f1os en el Desierto de Gobi<\/a><\/div>\n<div class=\"cat-home-date\">agosto 5, 2021<\/div>\n<div class=\"cat-home-short-description\">\n<p>Las familias de pastores de reba\u00f1os mongoles del desierto de Gobi se enfrentaron a muchos desaf\u00edos en los \u00faltimos dos a\u00f1os. Experimentaron una sequ\u00eda, un invierno duro, la pandemia y los desastres naturales. Pero Dios gui\u00f3 a la Alianza de Mongolia a trav\u00e9s de todo esto. Pudieron ayudar a 51 familias con salvado de trigo y forraje para su ganado. Que Dios contin\u00fae us\u00e1ndolos para tocar la vida de su gente.<\/p>\n<\/div>\n<\/div>\n<div class=\"cat-home\">\n<div class=\"cat-home-category\"><a href=\"https:\/\/awf.world\/es\/category\/news-es\/\">NOTICIAS<\/a>\/<a href=\"https:\/\/awf.world\/es\/category\/africa-es\/\">\u00c1FRICA<\/a><\/div>\n<div class=\"cat-home-img\"><a href=\"https:\/\/awf.world\/es\/awf-news\/conoce-a-job-dao-el-nuevo-presidente-de-la-alianza-de-burkina-faso\/\"><img decoding=\"async\" class=\"attachment-255xauto size-255xauto\" src=\"https:\/\/awf.world\/wp-content\/uploads\/2021\/08\/Job-Dao_President-Burkina-Faso_2021-08_Square-wpv_255xauto.jpg\" width=\"255\" height=\"auto\" alt=\"\" \/><\/a><\/div>\n<div class=\"cat-home-title\"><a href=\"https:\/\/awf.world\/es\/awf-news\/conoce-a-job-dao-el-nuevo-presidente-de-la-alianza-de-burkina-faso\/\">Conoce a Job Dao, el Nuevo Presidente de la Alianza de Burkina Faso<\/a><\/div>\n<div class=\"cat-home-date\">agosto 3, 2021<\/div>\n<div class=\"cat-home-short-description\">\n<p>Con m\u00e1s de 20 a\u00f1os de ministerio, Job Dao es el nuevo presidente de la ACyM de Burkina Faso. Adem\u00e1s de prepararse para la celebraci\u00f3n del centenario de la iglesia, planea difundir el evangelio en las ciudades no alcanzadas de Burkina Faso.<\/p>\n<\/div>\n<\/div>\n<div class=\"cat-home\">\n<div class=\"cat-home-category\"><\/div>\n<div class=\"cat-home-img\"><a href=\"https:\/\/awf.world\/es\/awf-video-view\/instagram-live-carlos-mesones\/\"><img decoding=\"async\" class=\"attachment-255xauto size-255xauto\" src=\"https:\/\/awf.world\/wp-content\/uploads\/2021\/09\/2021-07-23_Instragram-Live_Carlos-Mesones_Peru-wpv_255xauto.jpeg\" width=\"255\" height=\"auto\" alt=\"\" \/><\/a><\/div>\n<div class=\"cat-home-title\"><a href=\"https:\/\/awf.world\/es\/awf-video-view\/instagram-live-carlos-mesones\/\">Instagram Live: Carlos Mesones<\/a><\/div>\n<div class=\"cat-home-date\">julio 23, 2021<\/div>\n<div class=\"cat-home-short-description\">  <\/div>\n<\/div>\n<div class=\"cat-home\">\n<div class=\"cat-home-category\"><a href=\"https:\/\/awf.world\/es\/category\/latin-america-es\/\">AM\u00c9RICA LATINA<\/a>\/<a href=\"https:\/\/awf.world\/es\/category\/ministerio-de-mujeres\/\">Ministerio de Mujeres<\/a>\/<a href=\"https:\/\/awf.world\/es\/category\/news-es\/\">NOTICIAS<\/a><\/div>\n<div class=\"cat-home-img\"><a href=\"https:\/\/awf.world\/es\/awf-news\/conferencia-de-mujeres-latinoamericanas-amada-5-segura-en-tiempos-de-crisis\/\"><img decoding=\"async\" class=\"attachment-255xauto size-255xauto\" src=\"https:\/\/awf.world\/wp-content\/uploads\/2021\/07\/Women-Conference-AMADA_Argentina_Virtual_2021-06-264-wpv_255xauto.jpeg\" width=\"255\" height=\"auto\" alt=\"\" \/><\/a><\/div>\n<div class=\"cat-home-title\"><a href=\"https:\/\/awf.world\/es\/awf-news\/conferencia-de-mujeres-latinoamericanas-amada-5-segura-en-tiempos-de-crisis\/\">Conferencia de Mujeres Latinoamericanas AMADA 5: Segura en Tiempos de Crisis<\/a><\/div>\n<div class=\"cat-home-date\">julio 21, 2021<\/div>\n<div class=\"cat-home-short-description\">\n<p>Con m\u00e1s de 3.500 mujeres presentes, la conferencia virtual AMADA 5 celebrada el 26 de junio de 2021 trajo un mensaje de esperanza, consuelo y fortaleza. La expositora, D\u00e9bora Steffens Fanderwud, us\u00f3 2 Corintios 4:7-10 para hablar sobre la situaci\u00f3n de la iglesia y el papel de la mujer durante la pandemia. Gracias a nuestro Se\u00f1or y Salvador, el evento fue una bendici\u00f3n y un \u00e9xito. Que Dios contin\u00fae guiando y bendiciendo este hermoso ministerio de mujeres en la regi\u00f3n latinoamericana.<\/p>\n<\/div>\n<\/div>\n<div class=\"cat-home\">\n<div class=\"cat-home-category\"><a href=\"https:\/\/awf.world\/es\/category\/latin-america-es\/\">AM\u00c9RICA LATINA<\/a>\/<a href=\"https:\/\/awf.world\/es\/category\/ministerio-de-mujeres\/\">Ministerio de Mujeres<\/a>\/<a href=\"https:\/\/awf.world\/es\/category\/news-es\/\">NOTICIAS<\/a><\/div>\n<div class=\"cat-home-img\"><a href=\"https:\/\/awf.world\/es\/awf-news\/la-historia-de-amada-el-ministerio-de-mujeres-de-la-alianza-latinoamericana\/\"><img decoding=\"async\" class=\"attachment-255xauto size-255xauto\" src=\"https:\/\/awf.world\/wp-content\/uploads\/2021\/07\/Women-Conference-AMADA_Argentina_Virtual_2021-06-269a-wpv_255xauto.jpg\" width=\"255\" height=\"auto\" alt=\"\" \/><\/a><\/div>\n<div class=\"cat-home-title\"><a href=\"https:\/\/awf.world\/es\/awf-news\/la-historia-de-amada-el-ministerio-de-mujeres-de-la-alianza-latinoamericana\/\">La Historia de AMADA, el Ministerio de Mujeres de la Alianza Latinoamericana<\/a><\/div>\n<div class=\"cat-home-date\">julio 21, 2021<\/div>\n<div class=\"cat-home-short-description\">\n<p>Nacida para reavivar el llamado de Dios para las mujeres de la Alianza en Am\u00e9rica Latina, AMADA dio sus primeros pasos en 2009. El ministerio de AMADA conecta a las mujeres de la Alianza en Am\u00e9rica Latina. Ora para que Dios contin\u00fae usando este ministerio para el crecimiento de su reino.<\/p>\n<\/div>\n<\/div>\n<div class=\"cat-home\">\n<div class=\"cat-home-category\"><a href=\"https:\/\/awf.world\/es\/category\/news-es\/\">NOTICIAS<\/a>\/<a href=\"https:\/\/awf.world\/es\/category\/africa-es\/\">\u00c1FRICA<\/a><\/div>\n<div class=\"cat-home-img\"><a href=\"https:\/\/awf.world\/es\/awf-news\/la-alianza-en-mali-crecimiento-y-bendicion-continua\/\"><img decoding=\"async\" class=\"attachment-255xauto size-255xauto\" src=\"https:\/\/awf.world\/wp-content\/uploads\/2021\/07\/Mali_JECEM3-wpv_255xauto.jpg\" width=\"255\" height=\"auto\" alt=\"\" \/><\/a><\/div>\n<div class=\"cat-home-title\"><a href=\"https:\/\/awf.world\/es\/awf-news\/la-alianza-en-mali-crecimiento-y-bendicion-continua\/\">La Alianza en Mali: Crecimiento y Bendici\u00f3n Continua<\/a><\/div>\n<div class=\"cat-home-date\">julio 15, 2021<\/div>\n<div class=\"cat-home-short-description\">\n<p>La Iglesia Alianza en Mali contin\u00faa creciendo y bendiciendo. El ministerio ha llegado a muchas vidas y contin\u00faan llegando a sus comunidades bajo la gu\u00eda de Dios. Pronto estar\u00e1n celebrando su centenario. Ora para que el Se\u00f1or contin\u00fae usando a nuestros hermanos y hermanas de Mali para hacer brillar su luz en Mali.<\/p>\n<\/div>\n<\/div>\n<div class=\"cat-home\">\n<div class=\"cat-home-category\"><a href=\"https:\/\/awf.world\/es\/category\/news-es\/\">NOTICIAS<\/a><\/div>\n<div class=\"cat-home-img\"><a href=\"https:\/\/awf.world\/es\/awf-news\/ya-estan-abiertas-las-inscripciones-para-la-convocatoria-cuadrienal-de-awf-2021\/\"><img decoding=\"async\" class=\"attachment-255xauto size-255xauto\" src=\"https:\/\/awf.world\/wp-content\/uploads\/2021\/07\/AWF_Quadrennial_Logo-New-2021_ESP-wpv_255xauto.jpg\" width=\"255\" height=\"auto\" alt=\"\" \/><\/a><\/div>\n<div class=\"cat-home-title\"><a href=\"https:\/\/awf.world\/es\/awf-news\/ya-estan-abiertas-las-inscripciones-para-la-convocatoria-cuadrienal-de-awf-2021\/\">Ya est\u00e1n Abiertas las Inscripciones para la Convocatoria Cuadrienal de AWF 2021<\/a><\/div>\n<div class=\"cat-home-date\">julio 13, 2021<\/div>\n<div class=\"cat-home-short-description\">\n<p>Est\u00e1 invitado a registrarse para la 12 Convocatoria Cuadrienal de AWF que se llevar\u00e1 a cabo en la Iglesia Alianza Central de Milagro, una ciudad cercana a Guayaquil, Ecuador, del 19 al 24 de octubre de 2021.<\/p>\n<\/div>\n<\/div>\n<div class=\"cat-home\">\n<div class=\"cat-home-category\"><a href=\"https:\/\/awf.world\/es\/category\/ministerio-de-mujeres\/\">Ministerio de Mujeres<\/a>\/<a href=\"https:\/\/awf.world\/es\/category\/news-es\/\">NOTICIAS<\/a><\/div>\n<div class=\"cat-home-img\"><a href=\"https:\/\/awf.world\/es\/awf-news\/la-red-global-de-mujeres-aliancistas-de-awf-esta-conectando-a-mujeres-de-todo-el-mundo-para-expandir-el-reino-de-dios\/\"><img decoding=\"async\" class=\"attachment-255xauto size-255xauto\" src=\"https:\/\/awf.world\/wp-content\/uploads\/2021\/06\/Global-Alliance-Women-Network-Meeting_2021-06-0919-wpv_255xauto.jpg\" width=\"255\" height=\"auto\" alt=\"\" \/><\/a><\/div>\n<div class=\"cat-home-title\"><a href=\"https:\/\/awf.world\/es\/awf-news\/la-red-global-de-mujeres-aliancistas-de-awf-esta-conectando-a-mujeres-de-todo-el-mundo-para-expandir-el-reino-de-dios\/\">La Red Global de Mujeres Aliancistas de AWF Est\u00e1 Conectando a Mujeres de Todo el Mundo Para Expandir el Reino de Dios<\/a><\/div>\n<div class=\"cat-home-date\">junio 23, 2021<\/div>\n<div class=\"cat-home-short-description\">\n<p>Setenta y cinco mujeres de cinco regiones de AWF asistieron a la reuni\u00f3n virtual de la Red Global de Mujeres Aliancistas de AWF el 9 de junio de 2021. \u00a1Gracias a nuestro Padre Celestial, fue un \u00e9xito y una bendici\u00f3n! Ora para que este ministerio llegue a m\u00e1s mujeres de nuestra familia global.<\/p>\n<\/div>\n<\/div>\n<div class=\"cat-home\">\n<div class=\"cat-home-category\"><a href=\"https:\/\/awf.world\/es\/category\/latin-america-es\/\">AM\u00c9RICA LATINA<\/a>\/<a href=\"https:\/\/awf.world\/es\/category\/news-es\/\">NOTICIAS<\/a><\/div>\n<div class=\"cat-home-img\"><a href=\"https:\/\/awf.world\/es\/awf-news\/las-misiones-latinas-avanzan-en-tiempos-de-pandemia\/\"><img decoding=\"async\" class=\"attachment-255xauto size-255xauto\" src=\"https:\/\/awf.world\/wp-content\/uploads\/2021\/06\/Iglesia-Local-Orando-wpv_255xauto.jpg\" width=\"255\" height=\"auto\" alt=\"\" \/><\/a><\/div>\n<div class=\"cat-home-title\"><a href=\"https:\/\/awf.world\/es\/awf-news\/las-misiones-latinas-avanzan-en-tiempos-de-pandemia\/\">Las Misiones Latinas Avanzan en Tiempos de Pandemia<\/a><\/div>\n<div class=\"cat-home-date\">junio 22, 2021<\/div>\n<div class=\"cat-home-short-description\">\n<p>La pandemia present\u00f3 inicialmente un desaf\u00edo amenazante para el movimiento misionero latinoamericano. Sin embargo, el Dios de la misi\u00f3n gui\u00f3 a CLA a tomar acciones. A pesar del cierre de las iglesias, los misioneros latinos permanecieron en el campo con sus ministerios virtuales y en persona brindando ayuda y esperanza a los m\u00e1s necesitados.<\/p>\n<\/div>\n<\/div>\n<div class=\"cat-home\">\n<div class=\"cat-home-category\"><a href=\"https:\/\/awf.world\/es\/category\/news-es\/\">NOTICIAS<\/a>\/<a href=\"https:\/\/awf.world\/es\/category\/africa-es\/\">\u00c1FRICA<\/a><\/div>\n<div class=\"cat-home-img\"><a href=\"https:\/\/awf.world\/es\/awf-news\/un-nuevo-capitulo-de-la-iglesia-de-la-alianza-en-guinea\/\"><img decoding=\"async\" class=\"attachment-255xauto size-255xauto\" src=\"https:\/\/awf.world\/wp-content\/uploads\/2021\/06\/Guinea_Dorata-Alliance-Church-Rebuilding_2021-051-wpv_255xauto.jpg\" width=\"255\" height=\"auto\" alt=\"\" \/><\/a><\/div>\n<div class=\"cat-home-title\"><a href=\"https:\/\/awf.world\/es\/awf-news\/un-nuevo-capitulo-de-la-iglesia-de-la-alianza-en-guinea\/\">Un Nuevo Cap\u00edtulo de la Iglesia de la Alianza en Guinea<\/a><\/div>\n<div class=\"cat-home-date\">junio 8, 2021<\/div>\n<div class=\"cat-home-short-description\">\n<p>El 8 de mayo de 2021, la ACyM de Guinea comenz\u00f3 oficialmente a reconstruir la Iglesia Protestante Evang\u00e9lica Alianza Cristiana y Misionera de Dorata. Fue incendiada el 22 de marzo de 2020, durante los conflictos \u00e9tnicos en la regi\u00f3n. Oremos para que lluevan muchas m\u00e1s bendiciones sobre este nuevo cap\u00edtulo del ministerio de la Alianza de Guinea.<\/p>\n<\/div>\n<\/div>\n<div class=\"cat-home\">\n<div class=\"cat-home-category\"><a href=\"https:\/\/awf.world\/es\/category\/news-es\/\">NOTICIAS<\/a>\/<a href=\"https:\/\/awf.world\/es\/category\/africa-es\/\">\u00c1FRICA<\/a><\/div>\n<div class=\"cat-home-img\"><a href=\"https:\/\/awf.world\/es\/awf-news\/conoce-a-sadrac-diarra-el-nuevo-presidente-de-la-iglesia-acym-de-mali\/\"><img decoding=\"async\" class=\"attachment-255xauto size-255xauto\" src=\"https:\/\/awf.world\/wp-content\/uploads\/2021\/06\/Sadrac-Diarra_President-Mali_20215x4-wpv_255xauto.jpeg\" width=\"255\" height=\"auto\" alt=\"\" \/><\/a><\/div>\n<div class=\"cat-home-title\"><a href=\"https:\/\/awf.world\/es\/awf-news\/conoce-a-sadrac-diarra-el-nuevo-presidente-de-la-iglesia-acym-de-mali\/\">Conoce a Sadrac Diarra, el Nuevo Presidente de la Iglesia ACyM de Mali<\/a><\/div>\n<div class=\"cat-home-date\">junio 4, 2021<\/div>\n<div class=\"cat-home-short-description\">\n<p>Con m\u00e1s de 30 a\u00f1os de experiencia en el ministerio, Sadrac Diarra es el nuevo presidente de la Iglesia Alianza de Mali. Bajo la gu\u00eda de Dios, planea impulsar los ministerios misioneros y de evangelizaci\u00f3n para llegar a m\u00e1s grupos \u00e9tnicos. Ora por las necesidades espirituales, f\u00edsicas y materiales de la familia y la iglesia del Pastor Diarra.<\/p>\n<\/div>\n<\/div>\n<div class=\"cat-home\">\n<div class=\"cat-home-category\"><\/div>\n<div class=\"cat-home-img\"><a href=\"https:\/\/awf.world\/es\/awf-video-view\/somos-alianza-david-shin\/\"><img decoding=\"async\" class=\"attachment-255xauto size-255xauto\" src=\"https:\/\/awf.world\/wp-content\/uploads\/2021\/05\/David-Shin-wpv_255xauto.png\" width=\"255\" height=\"auto\" alt=\"\" \/><\/a><\/div>\n<div class=\"cat-home-title\"><a href=\"https:\/\/awf.world\/es\/awf-video-view\/somos-alianza-david-shin\/\">Somos Alianza: David Shin<\/a><\/div>\n<div class=\"cat-home-date\">mayo 19, 2021<\/div>\n<div class=\"cat-home-short-description\">  <\/div>\n<\/div>\n<div class=\"cat-home\">\n<div class=\"cat-home-category\"><\/div>\n<div class=\"cat-home-img\"><a href=\"https:\/\/awf.world\/es\/awf-video-view\/no-estas-solo\/\"><img decoding=\"async\" class=\"attachment-255xauto size-255xauto\" src=\"https:\/\/awf.world\/wp-content\/uploads\/2021\/05\/Beirut-Update2-wpv_255xauto.png\" width=\"255\" height=\"auto\" alt=\"\" \/><\/a><\/div>\n<div class=\"cat-home-title\"><a href=\"https:\/\/awf.world\/es\/awf-video-view\/no-estas-solo\/\">\u00a1No Est\u00e1s Solo!<\/a><\/div>\n<div class=\"cat-home-date\">mayo 19, 2021<\/div>\n<div class=\"cat-home-short-description\">  <\/div>\n<\/div>\n<div class=\"cat-home\">\n<div class=\"cat-home-category\"><\/div>\n<div class=\"cat-home-img\"><a href=\"https:\/\/awf.world\/es\/awf-video-view\/somos-alianza-takako-lee\/\"><img decoding=\"async\" class=\"attachment-255xauto size-255xauto\" src=\"https:\/\/awf.world\/wp-content\/uploads\/2021\/05\/Takako-Lee-2-wpv_255xauto.jpeg\" width=\"255\" height=\"auto\" alt=\"\" \/><\/a><\/div>\n<div class=\"cat-home-title\"><a href=\"https:\/\/awf.world\/es\/awf-video-view\/somos-alianza-takako-lee\/\">Somos Alianza: Takako Lee<\/a><\/div>\n<div class=\"cat-home-date\">mayo 19, 2021<\/div>\n<div class=\"cat-home-short-description\">  <\/div>\n<\/div>\n<div class=\"cat-home\">\n<div class=\"cat-home-category\"><a href=\"https:\/\/awf.world\/es\/category\/editorial-es\/\">EDITORIAL<\/a>\/<a href=\"https:\/\/awf.world\/es\/category\/news-es\/\">NOTICIAS<\/a><\/div>\n<div class=\"cat-home-img\"><a href=\"https:\/\/awf.world\/es\/awf-news\/convocatoria-cuadrienal-de-la-awf-confirmada-del-19-al-23-de-octubre-de-2021-en-ecuador\/\"><img decoding=\"async\" class=\"attachment-255xauto size-255xauto\" src=\"https:\/\/awf.world\/wp-content\/uploads\/2019\/11\/AWF_Quadrennial_Logo-New_ESP-wpv_255xauto.jpg\" width=\"255\" height=\"auto\" alt=\"\" \/><\/a><\/div>\n<div class=\"cat-home-title\"><a href=\"https:\/\/awf.world\/es\/awf-news\/convocatoria-cuadrienal-de-la-awf-confirmada-del-19-al-23-de-octubre-de-2021-en-ecuador\/\">Convocatoria Cuadrienal de la AWF Confirmada del 19 al 24 de Octubre de 2021 en Ecuador<\/a><\/div>\n<div class=\"cat-home-date\">abril 29, 2021<\/div>\n<div class=\"cat-home-short-description\">\n<p>El Comit\u00e9 Ejecutivo de la AWF ha confirmado la Convocatoria Cuadrienal de la AWF del 19 al 23 de octubre de 2021 en Ecuador. El encuentro se llevar\u00e1 a cabo en la Iglesia Alianza Central de Milagro, en una ciudad aleda\u00f1a a Guayaquil. Ora por todos los preparativos necesarios para una reuni\u00f3n din\u00e1mica, segura y llena del Esp\u00edritu con participantes de todo el mundo.<\/p>\n<\/div>\n<\/div>\n<div class=\"cat-home\">\n<div class=\"cat-home-category\"><a href=\"https:\/\/awf.world\/es\/category\/news-es\/\">NOTICIAS<\/a><\/div>\n<div class=\"cat-home-img\"><a href=\"https:\/\/awf.world\/es\/awf-news\/convocatoria-de-presentacion-para-el-simposio-de-la-cuadrienal-de-awf-sobre-socorro-y-desarrollo-rd\/\"><img decoding=\"async\" class=\"attachment-255xauto size-255xauto\" src=\"https:\/\/awf.world\/wp-content\/uploads\/2020\/05\/Relief-and-Development1-wpv_255xauto.jpg\" width=\"255\" height=\"auto\" alt=\"\" \/><\/a><\/div>\n<div class=\"cat-home-title\"><a href=\"https:\/\/awf.world\/es\/awf-news\/convocatoria-de-presentacion-para-el-simposio-de-la-cuadrienal-de-awf-sobre-socorro-y-desarrollo-rd\/\">Convocatoria de Presentaci\u00f3n para el Simposio de la Cuadrienal de AWF sobre Socorro y Desarrollo (R&#038;D)<\/a><\/div>\n<div class=\"cat-home-date\">abril 28, 2021<\/div>\n<div class=\"cat-home-short-description\">\n<p>\u00bfEres un Practicante de Socorro y \/ o Desarrollo? El Equipo de Socorro y Desarrollo de AWF est\u00e1 buscando presentadores para el pr\u00f3ximo Simposio de la Cuadrienal de Socorro y Desarrollo de AWF. Realizaremos dos talleres enfocados en Socorro y Desarrollo, respectivamente. Si tienes experiencia en estas \u00e1reas, nos gustar\u00eda saber de ti.<\/p>\n<\/div>\n<\/div>\n<div class=\"cat-home\">\n<div class=\"cat-home-category\"><a href=\"https:\/\/awf.world\/es\/category\/apac-es\/\">ASIA &amp; PACIFICO<\/a>\/<a href=\"https:\/\/awf.world\/es\/category\/news-es\/\">NOTICIAS<\/a><\/div>\n<div class=\"cat-home-img\"><a href=\"https:\/\/awf.world\/es\/awf-news\/ora-por-nuestra-familia-aliancista-en-india-el-pais-se-enfrenta-a-una-segunda-ola-mortal-del-covid-19\/\"><img decoding=\"async\" class=\"attachment-255xauto size-255xauto\" src=\"https:\/\/awf.world\/wp-content\/uploads\/2021\/04\/India-Covid_2021-044_Getty-Images-wpv_255xauto.jpg\" width=\"255\" height=\"auto\" alt=\"\" \/><\/a><\/div>\n<div class=\"cat-home-title\"><a href=\"https:\/\/awf.world\/es\/awf-news\/ora-por-nuestra-familia-aliancista-en-india-el-pais-se-enfrenta-a-una-segunda-ola-mortal-del-covid-19\/\">Ora por Nuestra Familia Aliancista en India. El Pa\u00eds se Enfrenta a una Segunda Ola Mortal del COVID-19<\/a><\/div>\n<div class=\"cat-home-date\">abril 27, 2021<\/div>\n<div class=\"cat-home-short-description\">\n<p>La segunda ola del COVID-19 en India est\u00e1 afectando no solo su sistema de salud y la econom\u00eda, sino tambi\u00e9n la vida de las personas. Ora por nuestra familia de la Alianza en la India. Que la iglesia traiga esperanza y brille la luz de Cristo en medio de las tinieblas.<\/p>\n<\/div>\n<\/div>\n<div class=\"cat-home\">\n<div class=\"cat-home-category\"><a href=\"https:\/\/awf.world\/es\/category\/news-es\/\">NOTICIAS<\/a><\/div>\n<div class=\"cat-home-img\"><a href=\"https:\/\/awf.world\/es\/awf-news\/movilizando-a-la-familia-global-de-la-alianza-para-ayudar-a-los-mas-necesitados-durante-la-pandemia\/\"><img decoding=\"async\" class=\"attachment-255xauto size-255xauto\" src=\"https:\/\/awf.world\/wp-content\/uploads\/2020\/10\/Global-Response-to-COVID-19_Cote-d\u2019Ivoire_Gabon_Mali3-wpv_255xauto.jpg\" width=\"255\" height=\"auto\" alt=\"\" \/><\/a><\/div>\n<div class=\"cat-home-title\"><a href=\"https:\/\/awf.world\/es\/awf-news\/movilizando-a-la-familia-global-de-la-alianza-para-ayudar-a-los-mas-necesitados-durante-la-pandemia\/\">Movilizando a la Familia Global de la Alianza para Ayudar a los M\u00e1s Necesitados Durante la Pandemia<\/a><\/div>\n<div class=\"cat-home-date\">abril 5, 2021<\/div>\n<div class=\"cat-home-short-description\">\n<p>Como familia Alianza, estamos agradecidos con el Se\u00f1or por su participaci\u00f3n en la Respuesta Global de AWF al COVID-19. Pudimos ayudar a m\u00e1s de 170.000 hermanos y hermanas de las iglesias de la Alianza en todo el mundo.<\/p>\n<\/div>\n<\/div>\n<div class=\"cat-home\">\n<div class=\"cat-home-category\"><a href=\"https:\/\/awf.world\/es\/category\/apac-es\/\">ASIA &amp; PACIFICO<\/a>\/<a href=\"https:\/\/awf.world\/es\/category\/news-es\/\">NOTICIAS<\/a><\/div>\n<div class=\"cat-home-img\"><a href=\"https:\/\/awf.world\/es\/awf-news\/ciento-veinte-pastores-y-lideres-de-la-region-de-asia-pacifico-de-awf-participan-en-el-seminario-de-distintivos-de-la-acym-esta-semana\/\"><img decoding=\"async\" class=\"attachment-255xauto size-255xauto\" src=\"https:\/\/awf.world\/wp-content\/uploads\/2021\/03\/APAC-Alliance-DNA-Webinar_2021-03-16to191-wpv_255xauto.png\" width=\"255\" height=\"auto\" alt=\"\" \/><\/a><\/div>\n<div class=\"cat-home-title\"><a href=\"https:\/\/awf.world\/es\/awf-news\/ciento-veinte-pastores-y-lideres-de-la-region-de-asia-pacifico-de-awf-participan-en-el-seminario-de-distintivos-de-la-acym-esta-semana\/\">Ciento Veinte Pastores y L\u00edderes de la Regi\u00f3n de Asia Pac\u00edfico de AWF Participan en el Seminario de Distintivos de la ACyM esta Semana<\/a><\/div>\n<div class=\"cat-home-date\">marzo 17, 2021<\/div>\n<div class=\"cat-home-short-description\">\n<p>Con el objetivo de fortalecer el ADN de la Alianza en todas las iglesias de la Alianza de la Regi\u00f3n de Asia Pac\u00edfico de AWF, la Comisi\u00f3n Internacional de Educaci\u00f3n Teol\u00f3gica (ICTE) est\u00e1 llevando a cabo el seminario web Distintivos de la ACyM del 16 al 19 de marzo de 2021.<\/p>\n<\/div>\n<\/div>\n<div class=\"cat-home\">\n<div class=\"cat-home-category\"><a href=\"https:\/\/awf.world\/es\/category\/apac-es\/\">ASIA &amp; PACIFICO<\/a>\/<a href=\"https:\/\/awf.world\/es\/category\/news-es\/\">NOTICIAS<\/a><\/div>\n<div class=\"cat-home-img\"><a href=\"https:\/\/awf.world\/es\/awf-news\/se-estan-logrando-avances-en-los-esfuerzos-de-una-pareja-vietnamita-para-plantar-iglesias-en-tailandia\/\"><img decoding=\"async\" class=\"attachment-255xauto size-255xauto\" src=\"https:\/\/awf.world\/wp-content\/uploads\/2021\/03\/Vietnamese-Thai-Church-Ministry-5-wpv_255xauto.jpg\" width=\"255\" height=\"auto\" alt=\"\" \/><\/a><\/div>\n<div class=\"cat-home-title\"><a href=\"https:\/\/awf.world\/es\/awf-news\/se-estan-logrando-avances-en-los-esfuerzos-de-una-pareja-vietnamita-para-plantar-iglesias-en-tailandia\/\">Se Est\u00e1n Logrando Avances en los Esfuerzos de una Pareja Vietnamita para Plantar Iglesias en Tailandia<\/a><\/div>\n<div class=\"cat-home-date\">marzo 15, 2021<\/div>\n<div class=\"cat-home-short-description\">\n<p>Una crisis de salud mundial no es rival para el poder de Dios. La misi\u00f3n de dar a conocer su nombre y construir su iglesia contin\u00faa en Vietnam y Tailandia.<\/p>\n<\/div>\n<\/div>\n<div class=\"cat-home\">\n<div class=\"cat-home-category\"><\/div>\n<div class=\"cat-home-img\"><a href=\"https:\/\/awf.world\/es\/awf-video-view\/somos-alianza-christine-amani\/\"><img decoding=\"async\" class=\"attachment-255xauto size-255xauto\" src=\"https:\/\/awf.world\/wp-content\/uploads\/2021\/03\/Christine-Yao_C\u00f4te-dIvoire5-wpv_255xauto.jpg\" width=\"255\" height=\"auto\" alt=\"\" \/><\/a><\/div>\n<div class=\"cat-home-title\"><a href=\"https:\/\/awf.world\/es\/awf-video-view\/somos-alianza-christine-amani\/\">Somos Alianza: Christine Amani<\/a><\/div>\n<div class=\"cat-home-date\">marzo 9, 2021<\/div>\n<div class=\"cat-home-short-description\">  <\/div>\n<\/div>\n<div class=\"cat-home\">\n<div class=\"cat-home-category\"><\/div>\n<div class=\"cat-home-img\"><a href=\"https:\/\/awf.world\/es\/awf-video-view\/somos-alianza-isabel-palma\/\"><img decoding=\"async\" class=\"attachment-255xauto size-255xauto\" src=\"https:\/\/awf.world\/wp-content\/uploads\/2021\/03\/Somos-Alianza_Isabel-Palma_09-wpv_255xauto.png\" width=\"255\" height=\"auto\" alt=\"\" \/><\/a><\/div>\n<div class=\"cat-home-title\"><a href=\"https:\/\/awf.world\/es\/awf-video-view\/somos-alianza-isabel-palma\/\">Somos Alianza: Isabel Palma<\/a><\/div>\n<div class=\"cat-home-date\">marzo 8, 2021<\/div>\n<div class=\"cat-home-short-description\">  <\/div>\n<\/div>\n<div class=\"cat-home\">\n<div class=\"cat-home-category\"><\/div>\n<div class=\"cat-home-img\"><a href=\"https:\/\/awf.world\/es\/awf-video-view\/somos-alianza-ministerio-de-la-diaspora-de-la-acym-de-africa\/\"><img decoding=\"async\" class=\"attachment-255xauto size-255xauto\" src=\"https:\/\/awf.world\/wp-content\/uploads\/2021\/03\/Photo-1-Famille-KRA-wpv_255xauto.jpg\" width=\"255\" height=\"auto\" alt=\"\" \/><\/a><\/div>\n<div class=\"cat-home-title\"><a href=\"https:\/\/awf.world\/es\/awf-video-view\/somos-alianza-ministerio-de-la-diaspora-de-la-acym-de-africa\/\">Somos Alianza: Ministerio de la Di\u00e1spora de la ACyM de \u00c1frica<\/a><\/div>\n<div class=\"cat-home-date\">marzo 8, 2021<\/div>\n<div class=\"cat-home-short-description\">  <\/div>\n<\/div>\n<div class=\"cat-home\">\n<div class=\"cat-home-category\"><\/div>\n<div class=\"cat-home-img\"><a href=\"https:\/\/awf.world\/es\/awf-video-view\/somos-alianza-angel-barrientos\/\"><img decoding=\"async\" class=\"attachment-255xauto size-255xauto\" src=\"https:\/\/awf.world\/wp-content\/uploads\/2021\/03\/\u00c1ngel-Barrientos4-wpv_255xauto.png\" width=\"255\" height=\"auto\" alt=\"\" \/><\/a><\/div>\n<div class=\"cat-home-title\"><a href=\"https:\/\/awf.world\/es\/awf-video-view\/somos-alianza-angel-barrientos\/\">Somos Alianza: \u00c1ngel Barrientos<\/a><\/div>\n<div class=\"cat-home-date\">marzo 8, 2021<\/div>\n<div class=\"cat-home-short-description\">  <\/div>\n<\/div>\n<div class=\"cat-home\">\n<div class=\"cat-home-category\"><\/div>\n<div class=\"cat-home-img\"><a href=\"https:\/\/awf.world\/es\/awf-video-view\/somos-alianza-joel-moriba\/\"><img decoding=\"async\" class=\"attachment-255xauto size-255xauto\" src=\"https:\/\/awf.world\/wp-content\/uploads\/2021\/03\/Joel-Moriba1-wpv_255xauto.jpg\" width=\"255\" height=\"auto\" alt=\"\" \/><\/a><\/div>\n<div class=\"cat-home-title\"><a href=\"https:\/\/awf.world\/es\/awf-video-view\/somos-alianza-joel-moriba\/\">Somos Alianza: Joel Moriba<\/a><\/div>\n<div class=\"cat-home-date\">marzo 8, 2021<\/div>\n<div class=\"cat-home-short-description\">  <\/div>\n<\/div>\n<div class=\"cat-home\">\n<div class=\"cat-home-category\"><a href=\"https:\/\/awf.world\/es\/category\/news-es\/\">NOTICIAS<\/a>\/<a href=\"https:\/\/awf.world\/es\/category\/africa-es\/\">\u00c1FRICA<\/a><\/div>\n<div class=\"cat-home-img\"><a href=\"https:\/\/awf.world\/es\/awf-news\/la-iglesia-alianza-sudanesa-prospera-y-persevera\/\"><img decoding=\"async\" class=\"attachment-255xauto size-255xauto\" src=\"https:\/\/awf.world\/wp-content\/uploads\/2021\/03\/Momen_2021-wpv_255xauto.png\" width=\"255\" height=\"auto\" alt=\"\" \/><\/a><\/div>\n<div class=\"cat-home-title\"><a href=\"https:\/\/awf.world\/es\/awf-news\/la-iglesia-alianza-sudanesa-prospera-y-persevera\/\">La Iglesia Alianza Sudanesa Prospera y Persevera<\/a><\/div>\n<div class=\"cat-home-date\">marzo 1, 2021<\/div>\n<div class=\"cat-home-short-description\">\n<p>\u00a1Alabado sea el Se\u00f1or por la abrumadora buena noticia de la Iglesia Alianza Sudanesa! A pesar de los desaf\u00edos que enfrentan, nuestros hermanos y hermanas est\u00e1n prosperando bajo las bendiciones de Dios. Oremos para que sigan teniendo la fuerza, la sabidur\u00eda y la fe para seguir creciendo.<\/p>\n<\/div>\n<\/div>\n<div class=\"cat-home\">\n<div class=\"cat-home-category\"><\/div>\n<div class=\"cat-home-img\"><a href=\"https:\/\/awf.world\/es\/awf-video-view\/somos-alianza-luis-ueda\/\"><img decoding=\"async\" class=\"attachment-255xauto size-255xauto\" src=\"https:\/\/awf.world\/wp-content\/uploads\/2021\/02\/Ora\u00e7\u00e3o_Jap\u00e3o-7-wpv_255xauto.png\" width=\"255\" height=\"auto\" alt=\"\" \/><\/a><\/div>\n<div class=\"cat-home-title\"><a href=\"https:\/\/awf.world\/es\/awf-video-view\/somos-alianza-luis-ueda\/\">Somos Alianza: Luis Ueda<\/a><\/div>\n<div class=\"cat-home-date\">febrero 24, 2021<\/div>\n<div class=\"cat-home-short-description\">  <\/div>\n<\/div>\n<div class=\"cat-home\">\n<div class=\"cat-home-category\"><\/div>\n<div class=\"cat-home-img\"><a href=\"https:\/\/awf.world\/es\/awf-video-view\/somos-alianza-merari-rodriguez\/\"><img decoding=\"async\" class=\"attachment-255xauto size-255xauto\" src=\"https:\/\/awf.world\/wp-content\/uploads\/2020\/05\/New-President-Guatemala_Merari-Rodriguez_2020-05-wpv_255xauto.jpg\" width=\"255\" height=\"auto\" alt=\"\" \/><\/a><\/div>\n<div class=\"cat-home-title\"><a href=\"https:\/\/awf.world\/es\/awf-video-view\/somos-alianza-merari-rodriguez\/\">Somos Alianza: Merari Rodriguez<\/a><\/div>\n<div class=\"cat-home-date\">febrero 24, 2021<\/div>\n<div class=\"cat-home-short-description\">  <\/div>\n<\/div>\n<div class=\"cat-home\">\n<div class=\"cat-home-category\"><\/div>\n<div class=\"cat-home-img\"><a href=\"https:\/\/awf.world\/es\/awf-video-view\/somos-alianza-stanley-john\/\"><img decoding=\"async\" class=\"attachment-255xauto size-255xauto\" src=\"https:\/\/awf.world\/wp-content\/uploads\/2021\/02\/Stanley-John_USA-wpv_255xauto.png\" width=\"255\" height=\"auto\" alt=\"\" \/><\/a><\/div>\n<div class=\"cat-home-title\"><a href=\"https:\/\/awf.world\/es\/awf-video-view\/somos-alianza-stanley-john\/\">Somos Alianza: Stanley John<\/a><\/div>\n<div class=\"cat-home-date\">febrero 24, 2021<\/div>\n<div class=\"cat-home-short-description\">  <\/div>\n<\/div>\n<div class=\"cat-home\">\n<div class=\"cat-home-category\"><a href=\"https:\/\/awf.world\/es\/category\/news-es\/\">NOTICIAS<\/a><\/div>\n<div class=\"cat-home-img\"><a href=\"https:\/\/awf.world\/es\/awf-news\/los-academicos-discuten-la-teologia-de-la-alianza-en-sus-diferentes-expresiones\/\"><img decoding=\"async\" class=\"attachment-255xauto size-255xauto\" src=\"https:\/\/awf.world\/wp-content\/uploads\/2021\/02\/ICTE-Meeting_Zoom-Videoconference_2020-07-27-wpv_255xauto.jpg\" width=\"255\" height=\"auto\" alt=\"\" \/><\/a><\/div>\n<div class=\"cat-home-title\"><a href=\"https:\/\/awf.world\/es\/awf-news\/los-academicos-discuten-la-teologia-de-la-alianza-en-sus-diferentes-expresiones\/\">Los Acad\u00e9micos Discuten la Teolog\u00eda de la Alianza en sus Diferentes Expresiones<\/a><\/div>\n<div class=\"cat-home-date\">febrero 15, 2021<\/div>\n<div class=\"cat-home-short-description\">\n<p>El Comit\u00e9 Internacional de Educaci\u00f3n Teol\u00f3gica de AWF (ICTE) se reuni\u00f3 a principios de febrero para discutir la pr\u00f3xima Cuadrienal de AWF, finalizar la declaraci\u00f3n del Manifiesto de la Cuadrienal y responder a las solicitudes para enmendar la Declaraci\u00f3n de Fe de AWF.<\/p>\n<\/div>\n<\/div>\n<div class=\"cat-home\">\n<div class=\"cat-home-category\"><a href=\"https:\/\/awf.world\/es\/category\/emerald-es\/\">EUROPA &amp; MEDIO ORIENTE<\/a>\/<a href=\"https:\/\/awf.world\/es\/category\/news-es\/\">NOTICIAS<\/a>\/<a href=\"https:\/\/awf.world\/es\/category\/projects-es\/\">PROYECTOS<\/a><\/div>\n<div class=\"cat-home-img\"><a href=\"https:\/\/awf.world\/es\/awf-news\/siria-busca-una-luz-al-final-del-tunel\/\"><img decoding=\"async\" class=\"attachment-255xauto size-255xauto\" src=\"https:\/\/awf.world\/wp-content\/uploads\/2021\/02\/Syria_Kids-Meeting-wpv_255xauto.jpg\" width=\"255\" height=\"auto\" alt=\"\" \/><\/a><\/div>\n<div class=\"cat-home-title\"><a href=\"https:\/\/awf.world\/es\/awf-news\/siria-busca-una-luz-al-final-del-tunel\/\">Siria Busca una Luz al Final del T\u00fanel<\/a><\/div>\n<div class=\"cat-home-date\">febrero 12, 2021<\/div>\n<div class=\"cat-home-short-description\">\n<p>La iglesia de la Alianza en Siria decidi\u00f3 iniciar un proyecto como parte de su ministerio para satisfacer la creciente necesidad de asesorar a las personas. Oremos por sabidur\u00eda para el liderazgo de la iglesia que les permita empoderar y animar a las personas y ver oportunidades en medio de esta atm\u00f3sfera oscura.<\/p>\n<\/div>\n<\/div>\n<div class=\"cat-home\">\n<div class=\"cat-home-category\"><a href=\"https:\/\/awf.world\/es\/category\/emerald-es\/\">EUROPA &amp; MEDIO ORIENTE<\/a>\/<a href=\"https:\/\/awf.world\/es\/category\/news-es\/\">NOTICIAS<\/a><\/div>\n<div class=\"cat-home-img\"><a href=\"https:\/\/awf.world\/es\/awf-news\/los-desafios-de-la-iglesia-alianza-grace-montagnard-en-finlandia\/\"><img decoding=\"async\" class=\"attachment-255xauto size-255xauto\" src=\"https:\/\/awf.world\/wp-content\/uploads\/2021\/02\/Grace-Montagnard-Alliance-Church-in-Finland_Graduation_2019-08-185-wpv_255xauto.jpg\" width=\"255\" height=\"auto\" alt=\"\" \/><\/a><\/div>\n<div class=\"cat-home-title\"><a href=\"https:\/\/awf.world\/es\/awf-news\/los-desafios-de-la-iglesia-alianza-grace-montagnard-en-finlandia\/\">Los Desaf\u00edos de la Iglesia Alianza Grace Montagnard en Finlandia<\/a><\/div>\n<div class=\"cat-home-date\">febrero 9, 2021<\/div>\n<div class=\"cat-home-short-description\">\n<p>Hace cuarenta a\u00f1os lleg\u00f3 a Finlandia el primer refugiado vietnamita y ahora hay m\u00e1s de diez mil. La Iglesia de la Alianza Grace Montagnard, dirigida por el Reverendo Y Lem Rahlan, comenz\u00f3 en 2007 y su visi\u00f3n es llegar a los Montagnards que pertenecen a la tribu Jorai.<\/p>\n<\/div>\n<\/div>\n<div class=\"cat-home\">\n<div class=\"cat-home-category\"><a href=\"https:\/\/awf.world\/es\/category\/apac-es\/\">ASIA &amp; PACIFICO<\/a>\/<a href=\"https:\/\/awf.world\/es\/category\/news-es\/\">NOTICIAS<\/a><\/div>\n<div class=\"cat-home-img\"><a href=\"https:\/\/awf.world\/es\/awf-news\/gotas-de-esperanza-para-los-ninos-en-dholka-india\/\"><img decoding=\"async\" class=\"attachment-255xauto size-255xauto\" src=\"https:\/\/awf.world\/wp-content\/uploads\/2021\/02\/Alliance-Hostel-Dhoka_India7-wpv_255xauto.jpg\" width=\"255\" height=\"auto\" alt=\"\" \/><\/a><\/div>\n<div class=\"cat-home-title\"><a href=\"https:\/\/awf.world\/es\/awf-news\/gotas-de-esperanza-para-los-ninos-en-dholka-india\/\">Gotas de Esperanza para los Ni\u00f1os en Dholka, India<\/a><\/div>\n<div class=\"cat-home-date\">febrero 5, 2021<\/div>\n<div class=\"cat-home-short-description\">\n<p>Dholka, una ciudad en el estado indio de Gurajat, se ha visto afectada no solo por la mala calidad de la tierra cultivable, sino tambi\u00e9n por el elevado n\u00famero de ni\u00f1os que crecen sin hogar y en pobreza extrema. La Escuela y Albergue de la Alianza Dholka ha servido a esta comunidad durante 117 a\u00f1os.<\/p>\n<\/div>\n<\/div>\n<div class=\"cat-home\">\n<div class=\"cat-home-category\"><\/div>\n<div class=\"cat-home-img\"><a href=\"https:\/\/awf.world\/es\/awf-video-view\/somos-alianza-esnilder-popo\/\"><img decoding=\"async\" class=\"attachment-255xauto size-255xauto\" src=\"https:\/\/awf.world\/wp-content\/uploads\/2021\/01\/New-President-Colombia_Esnilder-Popo_2020-03_Square-wpv_255xauto.jpg\" width=\"255\" height=\"auto\" alt=\"\" \/><\/a><\/div>\n<div class=\"cat-home-title\"><a href=\"https:\/\/awf.world\/es\/awf-video-view\/somos-alianza-esnilder-popo\/\">Somos Alianza: Esnilder Popo<\/a><\/div>\n<div class=\"cat-home-date\">enero 7, 2021<\/div>\n<div class=\"cat-home-short-description\">  <\/div>\n<\/div>\n<div class=\"cat-home\">\n<div class=\"cat-home-category\"><a href=\"https:\/\/awf.world\/es\/category\/news-es\/\">NOTICIAS<\/a><\/div>\n<div class=\"cat-home-img\"><a href=\"https:\/\/awf.world\/es\/awf-news\/el-evangelio-avanza-en-medio-de-la-pandemia\/\"><img decoding=\"async\" class=\"attachment-255xauto size-255xauto\" src=\"https:\/\/awf.world\/wp-content\/uploads\/2021\/01\/Cross-wpv_255xauto.jpg\" width=\"255\" height=\"auto\" alt=\"\" \/><\/a><\/div>\n<div class=\"cat-home-title\"><a href=\"https:\/\/awf.world\/es\/awf-news\/el-evangelio-avanza-en-medio-de-la-pandemia\/\">El Evangelio Avanza en Medio de la Pandemia<\/a><\/div>\n<div class=\"cat-home-date\">enero 6, 2021<\/div>\n<div class=\"cat-home-short-description\">\n<p>Dios est\u00e1 usando la pandemia para fortalecer los lazos de la familia global de la Alianza. Veintitr\u00e9s iglesias de la Alianza nacional est\u00e1n trabajando juntas para ayudar a las comunidades vulnerables afectadas por COVID-19 a trav\u00e9s de proyectos de desarrollo a largo plazo. Veinti\u00fan iglesias nacionales de la Alianza se est\u00e1n asociando en diferentes proyectos misioneros.<\/p>\n<\/div>\n<\/div>\n<div class=\"cat-home\">\n<div class=\"cat-home-category\"><\/div>\n<div class=\"cat-home-img\"><a href=\"https:\/\/awf.world\/es\/awf-video-view\/somos-alianza-roger-marquez\/\"><img decoding=\"async\" class=\"attachment-255xauto size-255xauto\" src=\"https:\/\/awf.world\/wp-content\/uploads\/2021\/01\/Roger-M\u00e1rquez_Peru-wpv_255xauto.png\" width=\"255\" height=\"auto\" alt=\"\" \/><\/a><\/div>\n<div class=\"cat-home-title\"><a href=\"https:\/\/awf.world\/es\/awf-video-view\/somos-alianza-roger-marquez\/\">Somos Alianza: Roger M\u00e1rquez<\/a><\/div>\n<div class=\"cat-home-date\">enero 4, 2021<\/div>\n<div class=\"cat-home-short-description\">  <\/div>\n<\/div>\n<div class=\"cat-home\">\n<div class=\"cat-home-category\"><a href=\"https:\/\/awf.world\/es\/category\/latin-america-es\/\">AM\u00c9RICA LATINA<\/a>\/<a href=\"https:\/\/awf.world\/es\/category\/news-es\/\">NOTICIAS<\/a><\/div>\n<div class=\"cat-home-img\"><a href=\"https:\/\/awf.world\/es\/awf-news\/el-trabajo-de-la-alianza-chilena-para-evangelizar-al-pueblo-mapuche\/\"><img decoding=\"async\" class=\"attachment-255xauto size-255xauto\" src=\"https:\/\/awf.world\/wp-content\/uploads\/2020\/12\/Chilean-Rural-Work1-wpv_255xauto.jpg\" width=\"255\" height=\"auto\" alt=\"\" \/><\/a><\/div>\n<div class=\"cat-home-title\"><a href=\"https:\/\/awf.world\/es\/awf-news\/el-trabajo-de-la-alianza-chilena-para-evangelizar-al-pueblo-mapuche\/\">El Trabajo de la Alianza Chilena para Evangelizar al Pueblo Mapuche<\/a><\/div>\n<div class=\"cat-home-date\">enero 4, 2021<\/div>\n<div class=\"cat-home-short-description\">\n<p>La Alianza Cristiana y Misionera de Chile avanza en el trabajo rural y en el fortalecimiento de la fe de los hermanos de la comunidad Mapuche, para que ellos mismos contin\u00faen llegando a su propio pueblo con el evangelio.<\/p>\n<\/div>\n<\/div>\n<\/div>\n<\/div>\n<\/div><\/div><\/div><\/div><\/div>","protected":false},"excerpt":{"rendered":"<p>Noticias 2021 A\u00f1os anteriores:&nbsp; &nbsp; &nbsp; &nbsp;&nbsp;2023&nbsp; &nbsp; 2022&nbsp; &nbsp; 2021&nbsp; &nbsp; 2020&nbsp; &nbsp; 2019&nbsp; &nbsp; 2018&nbsp; &nbsp;&nbsp;2017&nbsp; &nbsp;2016 &nbsp;&nbsp;2015&nbsp; &nbsp; &nbsp;&nbsp;2014&nbsp; &nbsp; &nbsp;&nbsp;2013&nbsp; &nbsp;&hellip;<\/p>\n","protected":false},"author":15,"featured_media":0,"parent":0,"menu_order":0,"comment_status":"closed","ping_status":"closed","template":"","meta":{"inline_featured_image":false,"ngg_post_thumbnail":0,"_EventAllDay":false,"_EventTimezone":"","_EventStartDate":"","_EventEndDate":"","_EventStartDateUTC":"","_EventEndDateUTC":"","_EventShowMap":false,"_EventShowMapLink":false,"_EventURL":"","_EventCost":"","_EventCostDescription":"","_EventCurrencySymbol":"","_EventCurrencyCode":"","_EventCurrencyPosition":"","_EventDateTimeSeparator":"","_EventTimeRangeSeparator":"","_EventOrganizerID":[],"_EventVenueID":[],"_OrganizerEmail":"","_OrganizerPhone":"","_OrganizerWebsite":"","_VenueAddress":"","_VenueCity":"","_VenueCountry":"","_VenueProvince":"","_VenueState":"","_VenueZip":"","_VenuePhone":"","_VenueURL":"","_VenueStateProvince":"","_VenueLat":"","_VenueLng":"","_VenueShowMap":false,"_VenueShowMapLink":false,"footnotes":""},"class_list":["post-33426","page","type-page","status-publish","hentry"],"_links":{"self":[{"href":"https:\/\/awf.world\/es\/wp-json\/wp\/v2\/pages\/33426","targetHints":{"allow":["GET"]}}],"collection":[{"href":"https:\/\/awf.world\/es\/wp-json\/wp\/v2\/pages"}],"about":[{"href":"https:\/\/awf.world\/es\/wp-json\/wp\/v2\/types\/page"}],"author":[{"embeddable":true,"href":"https:\/\/awf.world\/es\/wp-json\/wp\/v2\/users\/15"}],"replies":[{"embeddable":true,"href":"https:\/\/awf.world\/es\/wp-json\/wp\/v2\/comments?post=33426"}],"version-history":[{"count":0,"href":"https:\/\/awf.world\/es\/wp-json\/wp\/v2\/pages\/33426\/revisions"}],"wp:attachment":[{"href":"https:\/\/awf.world\/es\/wp-json\/wp\/v2\/media?parent=33426"}],"curies":[{"name":"wp","href":"https:\/\/api.w.org\/{rel}","templated":true}]}}