{"id":26207,"date":"2019-06-04T01:31:03","date_gmt":"2019-06-04T04:31:03","guid":{"rendered":"http:\/\/awf.world\/2012-2\/"},"modified":"2021-01-27T18:25:06","modified_gmt":"2021-01-27T23:25:06","slug":"2012-2","status":"publish","type":"page","link":"https:\/\/awf.world\/es\/2012-2\/","title":{"rendered":"2012"},"content":{"rendered":"<div id=\"pl-23227\" class=\"panel-layout\">\n<div id=\"pg-23227-0\" class=\"panel-grid panel-no-style\">\n<div id=\"pgc-23227-0-0\" class=\"panel-grid-cell\" data-weight=\"1\">\n<div id=\"panel-23227-0-0-0\" class=\"so-panel widget widget_sow-editor panel-first-child\" data-index=\"0\" data-style=\"{&quot;background_image_attachment&quot;:false,&quot;background_display&quot;:&quot;tile&quot;}\">\n<div class=\"so-widget-sow-editor so-widget-sow-editor-base\">\n<div class=\"siteorigin-widget-tinymce textwidget\">\n<h1 style=\"text-align: center; font-size: 27px;\">Noticias 2012<\/h1>\n<p style=\"text-align: center;\"><strong><span style=\"font-size: 110%; font-weight: 600;\">A\u00f1os previos:<\/span>\u00a0 \u00a0 \u00a0<\/strong> \u00a0\u00a0<a href=\"https:\/\/awf.world\/es\/2020-2\/\">2020<\/a>\u00a0 \u00a0 <a href=\"https:\/\/awf.world\/es\/2019-2\/\">2019<\/a>\u00a0 \u00a0 <a href=\"\/?page_id=26195\">2018<\/a>\u00a0 \u00a0\u00a0<a href=\"https:\/\/awf.world\/es\/2017-2\/\">2017<\/a>\u00a0 \u00a0<a href=\"https:\/\/awf.world\/es\/2016-2\/\">2016<\/a> \u00a0\u00a0<a href=\"https:\/\/awf.world\/es\/2015-2\/\">2015<\/a>\u00a0 \u00a0 \u00a0\u00a0<a href=\"https:\/\/awf.world\/es\/2014-2\/\">2014<\/a>\u00a0 \u00a0 \u00a0\u00a0<a href=\"https:\/\/awf.world\/es\/2013-2\/\">2013<\/a>\u00a0 \u00a0 \u00a0\u00a0<a href=\"https:\/\/awf.world\/es\/2012-2\/\">2012<\/a>\u00a0 \u00a0 \u00a0\u00a0<a href=\"https:\/\/awf.world\/2011-2\/\">2011<\/a>\u00a0 \u00a0 \u00a0\u00a0<a href=\"https:\/\/awf.world\/2010-2\/\">2010<\/a><\/p>\n<\/div>\n<\/div>\n<\/div>\n<div id=\"panel-23227-0-0-1\" class=\"so-panel widget widget_sow-editor panel-last-child\" data-index=\"1\">\n<div class=\"so-widget-sow-editor so-widget-sow-editor-base\">\n<div class=\"siteorigin-widget-tinymce textwidget\">\n\n\n\n<div id=\"wpv-view-layout-23216-CATTR4290e472b5bff3f2dafe5d540a309b75\" class=\"js-wpv-view-layout js-wpv-layout-responsive js-wpv-view-layout-23216-CATTR4290e472b5bff3f2dafe5d540a309b75\" data-viewnumber=\"23216-CATTR4290e472b5bff3f2dafe5d540a309b75\" data-pagination=\"{&quot;id&quot;:23216,&quot;query&quot;:&quot;normal&quot;,&quot;type&quot;:&quot;disabled&quot;,&quot;effect&quot;:&quot;fade&quot;,&quot;duration&quot;:500,&quot;speed&quot;:5,&quot;pause_on_hover&quot;:&quot;disabled&quot;,&quot;stop_rollover&quot;:&quot;false&quot;,&quot;cache_pages&quot;:&quot;enabled&quot;,&quot;preload_images&quot;:&quot;enabled&quot;,&quot;preload_pages&quot;:&quot;enabled&quot;,&quot;preload_reach&quot;:1,&quot;spinner&quot;:&quot;builtin&quot;,&quot;spinner_image&quot;:&quot;https:\/\/awf.world\/wp-content\/plugins\/wp-views\/embedded\/res\/img\/ajax-loader.gif&quot;,&quot;callback_next&quot;:&quot;&quot;,&quot;manage_history&quot;:&quot;enabled&quot;,&quot;has_controls_in_form&quot;:&quot;disabled&quot;,&quot;infinite_tolerance&quot;:&quot;0&quot;,&quot;max_pages&quot;:0,&quot;page&quot;:1,&quot;base_permalink&quot;:&quot;\/es\/wp-json\/wp\/v2\/pages\/26207?wpv_view_count=23216-CATTR4290e472b5bff3f2dafe5d540a309b75&amp;wpv_paged=WPV_PAGE_NUM&quot;,&quot;loop&quot;:{&quot;type&quot;:&quot;&quot;,&quot;name&quot;:&quot;&quot;,&quot;data&quot;:[],&quot;id&quot;:0}}\" data-permalink=\"\/es\/wp-json\/wp\/v2\/pages\/26207?wpv_view_count=23216-CATTR4290e472b5bff3f2dafe5d540a309b75\">\n\n\t\n\t\n\t\n\t\t<div class=\"cat-home\">\n<div class=\"cat-home-category\"><a href=\"https:\/\/awf.world\/es\/category\/video-es\/\">video<\/a><\/div>\n<div class=\"cat-home-img\"><a href=\"https:\/\/awf.world\/es\/aviv-ministry-sharing-gods-love-prostitutes-drug-addicts\/\"><img decoding=\"async\" class=\"attachment-255xauto size-255xauto\" src=\"https:\/\/awf.world\/wp-content\/uploads\/2012\/12\/49-01-wpv_255xauto.jpg\" width=\"255\" height=\"auto\" alt=\"\" \/><\/a><\/div>\n<div class=\"cat-home-title\"><a href=\"https:\/\/awf.world\/es\/aviv-ministry-sharing-gods-love-prostitutes-drug-addicts\/\">Aviv Ministry: Sharing the God&#8217;s Love with Prostitutes and Drug Addicts<\/a><\/div>\n <div class=\"cat-home-date\">diciembre 24, 2012<\/div>\n<div class=\"cat-home-short-description\">  <\/div>\n\n<\/div>\n\t\n\t\t<div class=\"cat-home\">\n<div class=\"cat-home-category\"><a href=\"https:\/\/awf.world\/es\/category\/video-es\/\">video<\/a><\/div>\n<div class=\"cat-home-img\"><a href=\"https:\/\/awf.world\/es\/syria-pastor-wartime\/\"><img decoding=\"async\" class=\"attachment-255xauto size-255xauto\" src=\"https:\/\/awf.world\/wp-content\/uploads\/2012\/12\/50-01-wpv_255xauto.jpg\" width=\"255\" height=\"auto\" alt=\"\" \/><\/a><\/div>\n<div class=\"cat-home-title\"><a href=\"https:\/\/awf.world\/es\/syria-pastor-wartime\/\">Syria &#8211; Pastor in Wartime<\/a><\/div>\n <div class=\"cat-home-date\">diciembre 24, 2012<\/div>\n<div class=\"cat-home-short-description\">  <\/div>\n\n<\/div>\n\t\n\t\t<div class=\"cat-home\">\n<div class=\"cat-home-category\"><a href=\"https:\/\/awf.world\/es\/category\/video-es\/\">video<\/a><\/div>\n<div class=\"cat-home-img\"><a href=\"https:\/\/awf.world\/es\/greetings-bethlehem\/\"><img decoding=\"async\" class=\"attachment-255xauto size-255xauto\" src=\"https:\/\/awf.world\/wp-content\/uploads\/2012\/12\/51-01-wpv_255xauto.jpg\" width=\"255\" height=\"auto\" alt=\"\" \/><\/a><\/div>\n<div class=\"cat-home-title\"><a href=\"https:\/\/awf.world\/es\/greetings-bethlehem\/\">Greetings from Bethlehem<\/a><\/div>\n <div class=\"cat-home-date\">diciembre 22, 2012<\/div>\n<div class=\"cat-home-short-description\">  <\/div>\n\n<\/div>\n\t\n\t\t<div class=\"cat-home\">\n<div class=\"cat-home-category\"><a href=\"https:\/\/awf.world\/es\/category\/news-es\/\">NOTICIAS<\/a><\/div>\n<div class=\"cat-home-img\"><a href=\"https:\/\/awf.world\/es\/saludos-cma-desde-belen\/\"><img decoding=\"async\" class=\"attachment-255xauto size-255xauto\" src=\"https:\/\/awf.world\/wp-content\/uploads\/2012\/12\/52-01-wpv_255xauto.jpg\" width=\"255\" height=\"auto\" alt=\"\" \/><\/a><\/div>\n<div class=\"cat-home-title\"><a href=\"https:\/\/awf.world\/es\/saludos-cma-desde-belen\/\">Saludos CMA desde Bel\u00e9n<\/a><\/div>\n <div class=\"cat-home-date\">diciembre 22, 2012<\/div>\n<div class=\"cat-home-short-description\">  <p>El Medio Oriente est\u00e1 marcado por la violencia tal como era en los d\u00edas en que naci\u00f3 Jes\u00fas. La tensi\u00f3n es obvia, incluso en Bel\u00e9n. Pero en medio de una confusi\u00f3n pol\u00edtica y geogr\u00e1fica, el Evangelio se ense\u00f1a en el Bethlehem Bible College.<\/p>\n<\/div>\n\n<\/div>\n\t\n\t\t<div class=\"cat-home\">\n<div class=\"cat-home-category\"><a href=\"https:\/\/awf.world\/es\/category\/news-es\/\">NOTICIAS<\/a><\/div>\n<div class=\"cat-home-img\"><a href=\"https:\/\/awf.world\/es\/ayuda-al-refugiado-un-enfoque-alianza\/\"><img decoding=\"async\" class=\"attachment-255xauto size-255xauto\" src=\"https:\/\/awf.world\/wp-content\/uploads\/2012\/12\/53-01-wpv_255xauto.jpg\" width=\"255\" height=\"auto\" alt=\"\" \/><\/a><\/div>\n<div class=\"cat-home-title\"><a href=\"https:\/\/awf.world\/es\/ayuda-al-refugiado-un-enfoque-alianza\/\">Ayuda al Refugiado: un Enfoque Alianza<\/a><\/div>\n <div class=\"cat-home-date\">diciembre 22, 2012<\/div>\n<div class=\"cat-home-short-description\">  <p>En Damasco, 1500 familias desplazadas reciben ayuda a trav\u00e9s de la Iglesia y otras 1500 fuera de la capital siria. El pastor Edward Awabdeh de Damasco lo resumi\u00f3 con estas palabras: \"Hacemos saber a la gente lo valiosos que son\".<\/p>\n<\/div>\n\n<\/div>\n\t\n\t\t<div class=\"cat-home\">\n<div class=\"cat-home-category\"><a href=\"https:\/\/awf.world\/es\/category\/news-es\/\">NOTICIAS<\/a><\/div>\n<div class=\"cat-home-img\"><a href=\"https:\/\/awf.world\/es\/las-mujeres-lanzan-nueva-iniciativa-para-las-misiones\/\"><\/a><\/div>\n<div class=\"cat-home-title\"><a href=\"https:\/\/awf.world\/es\/las-mujeres-lanzan-nueva-iniciativa-para-las-misiones\/\">Las mujeres lanzan nueva iniciativa para las misiones<\/a><\/div>\n <div class=\"cat-home-date\">diciembre 22, 2012<\/div>\n<div class=\"cat-home-short-description\">  <p>Women With Hearts for Missions es una iniciativa lanzada recientemente por mujeres asi\u00e1ticas que viven en Am\u00e9rica del Norte. Se realiz\u00f3 una ofrenda al fondo AWF para refugiados Sirios y se prest\u00f3 especial atenci\u00f3n a los cristianos perseguidos.<\/p>\n<\/div>\n\n<\/div>\n\t\n\t\t<div class=\"cat-home\">\n<div class=\"cat-home-category\"><a href=\"https:\/\/awf.world\/es\/category\/news-es\/\">NOTICIAS<\/a><\/div>\n<div class=\"cat-home-img\"><a href=\"https:\/\/awf.world\/es\/gale-parodi-promovida-a-la-gloria\/\"><img decoding=\"async\" class=\"attachment-255xauto size-255xauto\" src=\"https:\/\/awf.world\/wp-content\/uploads\/2012\/12\/54-01-wpv_255xauto.jpg\" width=\"255\" height=\"auto\" alt=\"\" \/><\/a><\/div>\n<div class=\"cat-home-title\"><a href=\"https:\/\/awf.world\/es\/gale-parodi-promovida-a-la-gloria\/\">Gale Parodi promovida a la Gloria<\/a><\/div>\n <div class=\"cat-home-date\">diciembre 22, 2012<\/div>\n<div class=\"cat-home-short-description\">  <p>Manchester, 27 de noviembre de 2013. Gale Parodi, esposa de Juan Carlos Parodi, falleci\u00f3 esta ma\u00f1ana en un hospital.<\/p>\n<\/div>\n\n<\/div>\n\t\n\t\t<div class=\"cat-home\">\n<div class=\"cat-home-category\"><a href=\"https:\/\/awf.world\/es\/category\/news-es\/\">NOTICIAS<\/a><\/div>\n<div class=\"cat-home-img\"><a href=\"https:\/\/awf.world\/es\/diversidad-de-ministerios-y-una-peticion-urgente-de-oracion\/\"><img decoding=\"async\" class=\"attachment-255xauto size-255xauto\" src=\"https:\/\/awf.world\/wp-content\/uploads\/2012\/12\/55-01-wpv_255xauto.jpg\" width=\"255\" height=\"auto\" alt=\"\" \/><\/a><\/div>\n<div class=\"cat-home-title\"><a href=\"https:\/\/awf.world\/es\/diversidad-de-ministerios-y-una-peticion-urgente-de-oracion\/\">Diversidad de Ministerios y una petici\u00f3n urgente de oraci\u00f3n<\/a><\/div>\n <div class=\"cat-home-date\">diciembre 22, 2012<\/div>\n<div class=\"cat-home-short-description\">  <p>Gale est\u00e1 gravemente enferma y necesita tu oraci\u00f3n. Ella est\u00e1 en una condici\u00f3n semi inconsciente y el pron\u00f3stico es pobre, en palabras de Juan-Carlos. Ore tambi\u00e9n por sus hijas Sarah y Elizabeth.<\/p>\n<\/div>\n\n<\/div>\n\t\n\t\t<div class=\"cat-home\">\n<div class=\"cat-home-category\"><a href=\"https:\/\/awf.world\/es\/category\/news-es\/\">NOTICIAS<\/a><\/div>\n<div class=\"cat-home-img\"><a href=\"https:\/\/awf.world\/es\/miembros-cma-donan-generosamente\/\"><img decoding=\"async\" class=\"attachment-255xauto size-255xauto\" src=\"https:\/\/awf.world\/wp-content\/uploads\/2012\/12\/56-01-wpv_255xauto.jpg\" width=\"255\" height=\"auto\" alt=\"\" \/><\/a><\/div>\n<div class=\"cat-home-title\"><a href=\"https:\/\/awf.world\/es\/miembros-cma-donan-generosamente\/\">Miembros CMA donan generosamente<\/a><\/div>\n <div class=\"cat-home-date\">diciembre 22, 2012<\/div>\n<div class=\"cat-home-short-description\">  <p>Los miembros de AWF ,generosamente, apoyan los esfuerzos de las Iglesias de la Alianza en Filipinas. Hasta el momento, se han recibido m\u00e1s de 120,000 d\u00f3lares estadounidenses.<\/p>\n<\/div>\n\n<\/div>\n\t\n\t\t<div class=\"cat-home\">\n<div class=\"cat-home-category\"><a href=\"https:\/\/awf.world\/es\/category\/news-es\/\">NOTICIAS<\/a><\/div>\n<div class=\"cat-home-img\"><a href=\"https:\/\/awf.world\/es\/filipinas-actualizacion-15-de-noviembre-del-2013\/\"><img decoding=\"async\" class=\"attachment-255xauto size-255xauto\" src=\"https:\/\/awf.world\/wp-content\/uploads\/2012\/12\/57-01-wpv_255xauto.jpg\" width=\"255\" height=\"auto\" alt=\"\" \/><\/a><\/div>\n<div class=\"cat-home-title\"><a href=\"https:\/\/awf.world\/es\/filipinas-actualizacion-15-de-noviembre-del-2013\/\">Filipinas Actualizaci\u00f3n, 15 de noviembre del  2013<\/a><\/div>\n <div class=\"cat-home-date\">diciembre 22, 2012<\/div>\n<div class=\"cat-home-short-description\">  <p>El pastor del distrito Roel Tabasa informa que todos sus pastores son contados, excepto el pastor Ernie Cabrillas de Mc Arthur, Leyte.<\/p>\n<\/div>\n\n<\/div>\n\t\n\t\t<div class=\"cat-home\">\n<div class=\"cat-home-category\"><a href=\"https:\/\/awf.world\/es\/category\/news-es\/\">NOTICIAS<\/a><\/div>\n<div class=\"cat-home-img\"><a href=\"https:\/\/awf.world\/es\/iglesia-crecimiento-en-cambridge-gb\/\"><img decoding=\"async\" class=\"attachment-255xauto size-255xauto\" src=\"https:\/\/awf.world\/wp-content\/uploads\/2012\/12\/58-01-wpv_255xauto.jpg\" width=\"255\" height=\"auto\" alt=\"\" \/><\/a><\/div>\n<div class=\"cat-home-title\"><a href=\"https:\/\/awf.world\/es\/iglesia-crecimiento-en-cambridge-gb\/\">Iglesia-Crecimiento en Cambridge (GB)<\/a><\/div>\n <div class=\"cat-home-date\">diciembre 22, 2012<\/div>\n<div class=\"cat-home-short-description\">  <p>El 15 de diciembre, la Chinese Alliance Church en Cambridge instalar\u00e1 su primer \u00e9lder y seis di\u00e1conos.<\/p>\n<\/div>\n\n<\/div>\n\t\n\t\t<div class=\"cat-home\">\n<div class=\"cat-home-category\"><a href=\"https:\/\/awf.world\/es\/category\/news-es\/\">NOTICIAS<\/a><\/div>\n<div class=\"cat-home-img\"><a href=\"https:\/\/awf.world\/es\/church-in-jordan-helps-refugees\/\"><img decoding=\"async\" class=\"attachment-255xauto size-255xauto\" src=\"https:\/\/awf.world\/wp-content\/uploads\/2012\/12\/59-01-wpv_255xauto.jpg\" width=\"255\" height=\"auto\" alt=\"\" \/><\/a><\/div>\n<div class=\"cat-home-title\"><a href=\"https:\/\/awf.world\/es\/church-in-jordan-helps-refugees\/\">Church in Jordan helps Refugees<\/a><\/div>\n <div class=\"cat-home-date\">diciembre 22, 2012<\/div>\n<div class=\"cat-home-short-description\">  <p>The Church of the Alliance in the border city of Mafraq helps refugees with mattresses, blankets, food and other necessities.  Donations for this project are welcome!<\/p>\n<\/div>\n\n<\/div>\n\t\n\t\t<div class=\"cat-home\">\n<div class=\"cat-home-category\"><a href=\"https:\/\/awf.world\/es\/category\/news-es\/\">NOTICIAS<\/a><\/div>\n<div class=\"cat-home-img\"><a href=\"https:\/\/awf.world\/es\/personas-desaparecidas-casas-e-iglesias-destruidas\/\"><img decoding=\"async\" class=\"attachment-255xauto size-255xauto\" src=\"https:\/\/awf.world\/wp-content\/uploads\/2012\/12\/60-01-wpv_255xauto.jpg\" width=\"255\" height=\"auto\" alt=\"\" \/><\/a><\/div>\n<div class=\"cat-home-title\"><a href=\"https:\/\/awf.world\/es\/personas-desaparecidas-casas-e-iglesias-destruidas\/\">Personas desaparecidas, casas e iglesias destruidas<\/a><\/div>\n <div class=\"cat-home-date\">diciembre 22, 2012<\/div>\n<div class=\"cat-home-short-description\">  <p>Nos lamentamos con nuestros kababayans (compatriotas) y especialmente con nuestros hermanos de la Alianza que fueron directamente afectados por las recientes calamidades en la regi\u00f3n de Visayas (Filipinas Central), incluyendo Bicol y Palawan.   En este punto, lo m\u00e1ximo que podemos hacer es buscar fervientemente la misericordia y la liberaci\u00f3n de Dios<\/p>\n<\/div>\n\n<\/div>\n\t\n\t\t<div class=\"cat-home\">\n<div class=\"cat-home-category\"><a href=\"https:\/\/awf.world\/es\/category\/news-es\/\">NOTICIAS<\/a><\/div>\n<div class=\"cat-home-img\"><a href=\"https:\/\/awf.world\/es\/actualizacion-tifon-haiyan\/\"><img decoding=\"async\" class=\"attachment-255xauto size-255xauto\" src=\"https:\/\/awf.world\/wp-content\/uploads\/2012\/12\/60-01-01-wpv_255xauto.jpg\" width=\"255\" height=\"auto\" alt=\"\" \/><\/a><\/div>\n<div class=\"cat-home-title\"><a href=\"https:\/\/awf.world\/es\/actualizacion-tifon-haiyan\/\">Actualizaci\u00f3n Tif\u00f3n Haiyan<\/a><\/div>\n <div class=\"cat-home-date\">diciembre 22, 2012<\/div>\n<div class=\"cat-home-short-description\">  <p>Sin electricidad y agua, el viaje es dif\u00edcil debido a los \u00e1rboles ca\u00eddos y al poste el\u00e9ctrico. El n\u00famero de v\u00edctimas del tif\u00f3n Haiyan en Filipinas sigue aumentando.<\/p>\n<\/div>\n\n<\/div>\n\t\n\t\t<div class=\"cat-home\">\n<div class=\"cat-home-category\"><a href=\"https:\/\/awf.world\/es\/category\/video-es\/\">video<\/a><\/div>\n<div class=\"cat-home-img\"><a href=\"https:\/\/awf.world\/es\/arie-verduijn-bhusawal-prayer-story\/\"><img decoding=\"async\" class=\"attachment-255xauto size-255xauto\" src=\"https:\/\/awf.world\/wp-content\/uploads\/2012\/12\/60-01-01-01-wpv_255xauto.jpg\" width=\"255\" height=\"auto\" alt=\"\" \/><\/a><\/div>\n<div class=\"cat-home-title\"><a href=\"https:\/\/awf.world\/es\/arie-verduijn-bhusawal-prayer-story\/\">Arie Verduijn &#8211; Bhusawal Prayer Story<\/a><\/div>\n <div class=\"cat-home-date\">diciembre 22, 2012<\/div>\n<div class=\"cat-home-short-description\">  <\/div>\n\n<\/div>\n\t\n\t\t<div class=\"cat-home\">\n<div class=\"cat-home-category\"><a href=\"https:\/\/awf.world\/es\/category\/video-es\/\">video<\/a><\/div>\n<div class=\"cat-home-img\"><a href=\"https:\/\/awf.world\/es\/arie-verduijn-awf-partnerships\/\"><img decoding=\"async\" class=\"attachment-255xauto size-255xauto\" src=\"https:\/\/awf.world\/wp-content\/uploads\/2013\/08\/arie-verduijn-awf-partnerships-wpv_255xauto.jpg\" width=\"255\" height=\"auto\" alt=\"\" \/><\/a><\/div>\n<div class=\"cat-home-title\"><a href=\"https:\/\/awf.world\/es\/arie-verduijn-awf-partnerships\/\">Arie Verduijn &#8211; AWF Partnerships<\/a><\/div>\n <div class=\"cat-home-date\">diciembre 22, 2012<\/div>\n<div class=\"cat-home-short-description\">  <\/div>\n\n<\/div>\n\t\n\t\t<div class=\"cat-home\">\n<div class=\"cat-home-category\"><a href=\"https:\/\/awf.world\/es\/category\/video-es\/\">video<\/a><\/div>\n<div class=\"cat-home-img\"><a href=\"https:\/\/awf.world\/es\/arie-verduijn-the-6th-region\/\"><\/a><\/div>\n<div class=\"cat-home-title\"><a href=\"https:\/\/awf.world\/es\/arie-verduijn-the-6th-region\/\">Arie Verduijn &#8211; \u00abThe 6th Region\u00bb<\/a><\/div>\n <div class=\"cat-home-date\">diciembre 22, 2012<\/div>\n<div class=\"cat-home-short-description\">  <\/div>\n\n<\/div>\n\t\n\t\t<div class=\"cat-home\">\n<div class=\"cat-home-category\"><a href=\"https:\/\/awf.world\/es\/category\/video-es\/\">video<\/a><\/div>\n<div class=\"cat-home-img\"><a href=\"https:\/\/awf.world\/es\/arie-verduijn-trends-in-missions\/\"><\/a><\/div>\n<div class=\"cat-home-title\"><a href=\"https:\/\/awf.world\/es\/arie-verduijn-trends-in-missions\/\">Arie Verduijn &#8211; Trends in Missions<\/a><\/div>\n <div class=\"cat-home-date\">diciembre 22, 2012<\/div>\n<div class=\"cat-home-short-description\">  <\/div>\n\n<\/div>\n\t\n\t\t<div class=\"cat-home\">\n<div class=\"cat-home-category\"><a href=\"https:\/\/awf.world\/es\/category\/video-es\/\">video<\/a><\/div>\n<div class=\"cat-home-img\"><a href=\"https:\/\/awf.world\/es\/remembering-rev-dr-isaac-keita-english-2\/\"><img decoding=\"async\" class=\"attachment-255xauto size-255xauto\" src=\"https:\/\/awf.world\/wp-content\/uploads\/2012\/12\/61-01-wpv_255xauto.jpg\" width=\"255\" height=\"auto\" alt=\"\" \/><\/a><\/div>\n<div class=\"cat-home-title\"><a href=\"https:\/\/awf.world\/es\/remembering-rev-dr-isaac-keita-english-2\/\">Remembering Rev. Dr. Isaac Keita (English)<\/a><\/div>\n <div class=\"cat-home-date\">diciembre 22, 2012<\/div>\n<div class=\"cat-home-short-description\">  <\/div>\n\n<\/div>\n\t\n\t\t<div class=\"cat-home\">\n<div class=\"cat-home-category\"><a href=\"https:\/\/awf.world\/es\/category\/news-es\/\">NOTICIAS<\/a><\/div>\n<div class=\"cat-home-img\"><a href=\"https:\/\/awf.world\/es\/destructivo-tifon-haiyan\/\"><img decoding=\"async\" class=\"attachment-255xauto size-255xauto\" src=\"https:\/\/awf.world\/wp-content\/uploads\/2012\/12\/61-01-01-wpv_255xauto.jpg\" width=\"255\" height=\"auto\" alt=\"\" \/><\/a><\/div>\n<div class=\"cat-home-title\"><a href=\"https:\/\/awf.world\/es\/destructivo-tifon-haiyan\/\">Destructivo Tif\u00f3n Haiyan<\/a><\/div>\n <div class=\"cat-home-date\">diciembre 22, 2012<\/div>\n<div class=\"cat-home-short-description\">  <p>Haiyan, ha destruido casas, iglesias y una escuela de la Alianza en el centro de Filipinas. En muchas \u00e1reas, no es posible la comunicaci\u00f3n debido a la destrucci\u00f3n de un poste el\u00e9ctrico y l\u00edneas telef\u00f3nicas. La gente muri\u00f3 y se espera que aumente el n\u00famero de v\u00edctimas.<\/p>\n<\/div>\n\n<\/div>\n\t\n\t\t<div class=\"cat-home\">\n<div class=\"cat-home-category\"><a href=\"https:\/\/awf.world\/es\/category\/video-es\/\">video<\/a><\/div>\n<div class=\"cat-home-img\"><a href=\"https:\/\/awf.world\/es\/rev-celestin-koffi-developing-a-missionary-vision-in-the-cote-divoire-national-church\/\"><img decoding=\"async\" class=\"attachment-255xauto size-255xauto\" src=\"https:\/\/awf.world\/wp-content\/uploads\/2012\/12\/35-01-wpv_255xauto.jpg\" width=\"255\" height=\"auto\" alt=\"\" \/><\/a><\/div>\n<div class=\"cat-home-title\"><a href=\"https:\/\/awf.world\/es\/rev-celestin-koffi-developing-a-missionary-vision-in-the-cote-divoire-national-church\/\">Rev. Celestin Koffi &#8211; Developing a Missionary Vision in the C\u00f4te d&#8217;Ivoire National Church<\/a><\/div>\n <div class=\"cat-home-date\">diciembre 22, 2012<\/div>\n<div class=\"cat-home-short-description\">  <\/div>\n\n<\/div>\n\t\n\t\t<div class=\"cat-home\">\n<div class=\"cat-home-category\"><a href=\"https:\/\/awf.world\/es\/category\/video-es\/\">video<\/a><\/div>\n<div class=\"cat-home-img\"><a href=\"https:\/\/awf.world\/es\/rev-celestin-koffi-turning-to-god-in-times-of-crisis-in-cote-divoire\/\"><img decoding=\"async\" class=\"attachment-255xauto size-255xauto\" src=\"https:\/\/awf.world\/wp-content\/uploads\/2012\/12\/35-01-wpv_255xauto.jpg\" width=\"255\" height=\"auto\" alt=\"\" \/><\/a><\/div>\n<div class=\"cat-home-title\"><a href=\"https:\/\/awf.world\/es\/rev-celestin-koffi-turning-to-god-in-times-of-crisis-in-cote-divoire\/\">Rev. Celestin Koffi &#8211; Turning to God in Times of Crisis in C\u00f4te d&#8217;Ivoire<\/a><\/div>\n <div class=\"cat-home-date\">diciembre 22, 2012<\/div>\n<div class=\"cat-home-short-description\">  <\/div>\n\n<\/div>\n\t\n\t\t<div class=\"cat-home\">\n<div class=\"cat-home-category\"><a href=\"https:\/\/awf.world\/es\/category\/video-es\/\">video<\/a><\/div>\n<div class=\"cat-home-img\"><a href=\"https:\/\/awf.world\/es\/arie-verduijn-pita-prayer-story\/\"><\/a><\/div>\n<div class=\"cat-home-title\"><a href=\"https:\/\/awf.world\/es\/arie-verduijn-pita-prayer-story\/\">Arie Verduijn &#8211; Pita Prayer Story<\/a><\/div>\n <div class=\"cat-home-date\">diciembre 22, 2012<\/div>\n<div class=\"cat-home-short-description\">  <\/div>\n\n<\/div>\n\t\n\t\t<div class=\"cat-home\">\n<div class=\"cat-home-category\"><a href=\"https:\/\/awf.world\/es\/category\/video-es\/\">video<\/a><\/div>\n<div class=\"cat-home-img\"><a href=\"https:\/\/awf.world\/es\/bishop-reniel-joel-a-nebab-an-encouragement-to-the-filipino-diaspora\/\"><img decoding=\"async\" class=\"attachment-255xauto size-255xauto\" src=\"https:\/\/awf.world\/wp-content\/uploads\/2012\/12\/61-01-01-01-wpv_255xauto.jpg\" width=\"255\" height=\"auto\" alt=\"\" \/><\/a><\/div>\n<div class=\"cat-home-title\"><a href=\"https:\/\/awf.world\/es\/bishop-reniel-joel-a-nebab-an-encouragement-to-the-filipino-diaspora\/\">Bishop Reniel Joel A. Nebab &#8211; An Encouragement to the Filipino Diaspora<\/a><\/div>\n <div class=\"cat-home-date\">diciembre 22, 2012<\/div>\n<div class=\"cat-home-short-description\">  <\/div>\n\n<\/div>\n\t\n\t\t<div class=\"cat-home\">\n<div class=\"cat-home-category\"><a href=\"https:\/\/awf.world\/es\/category\/video-es\/\">video<\/a><\/div>\n<div class=\"cat-home-img\"><a href=\"https:\/\/awf.world\/es\/bishop-reniel-joel-a-nebab-the-missionary-force-of-camacop\/\"><img decoding=\"async\" class=\"attachment-255xauto size-255xauto\" src=\"https:\/\/awf.world\/wp-content\/uploads\/2012\/12\/61-01-01-01-wpv_255xauto.jpg\" width=\"255\" height=\"auto\" alt=\"\" \/><\/a><\/div>\n<div class=\"cat-home-title\"><a href=\"https:\/\/awf.world\/es\/bishop-reniel-joel-a-nebab-the-missionary-force-of-camacop\/\">Bishop Reniel Joel A. Nebab &#8211; The Missionary Force of CAMACOP<\/a><\/div>\n <div class=\"cat-home-date\">diciembre 22, 2012<\/div>\n<div class=\"cat-home-short-description\">  <\/div>\n\n<\/div>\n\t\n\t\t<div class=\"cat-home\">\n<div class=\"cat-home-category\"><a href=\"https:\/\/awf.world\/es\/category\/video-es\/\">video<\/a><\/div>\n<div class=\"cat-home-img\"><a href=\"https:\/\/awf.world\/es\/bishop-reniel-joel-a-nebab-leadership-development-in-camacop\/\"><img decoding=\"async\" class=\"attachment-255xauto size-255xauto\" src=\"https:\/\/awf.world\/wp-content\/uploads\/2012\/12\/61-01-01-01-wpv_255xauto.jpg\" width=\"255\" height=\"auto\" alt=\"\" \/><\/a><\/div>\n<div class=\"cat-home-title\"><a href=\"https:\/\/awf.world\/es\/bishop-reniel-joel-a-nebab-leadership-development-in-camacop\/\">Bishop Reniel Joel A. Nebab &#8211; Leadership Development in CAMACOP<\/a><\/div>\n <div class=\"cat-home-date\">diciembre 22, 2012<\/div>\n<div class=\"cat-home-short-description\">  <\/div>\n\n<\/div>\n\t\n\t\t<div class=\"cat-home\">\n<div class=\"cat-home-category\"><a href=\"https:\/\/awf.world\/es\/category\/video-es\/\">video<\/a><\/div>\n<div class=\"cat-home-img\"><a href=\"https:\/\/awf.world\/es\/bishop-reniel-joel-a-nebab-my-story-of-conversion\/\"><img decoding=\"async\" class=\"attachment-255xauto size-255xauto\" src=\"https:\/\/awf.world\/wp-content\/uploads\/2012\/12\/61-01-01-01-wpv_255xauto.jpg\" width=\"255\" height=\"auto\" alt=\"\" \/><\/a><\/div>\n<div class=\"cat-home-title\"><a href=\"https:\/\/awf.world\/es\/bishop-reniel-joel-a-nebab-my-story-of-conversion\/\">Bishop Reniel Joel A. Nebab &#8211; My Story of Conversion<\/a><\/div>\n <div class=\"cat-home-date\">diciembre 22, 2012<\/div>\n<div class=\"cat-home-short-description\">  <\/div>\n\n<\/div>\n\t\n\t\t<div class=\"cat-home\">\n<div class=\"cat-home-category\"><a href=\"https:\/\/awf.world\/es\/category\/video-es\/\">video<\/a><\/div>\n<div class=\"cat-home-img\"><a href=\"https:\/\/awf.world\/es\/bishop-reniel-joel-a-nebab-keys-to-church-growth-in-the-philippines\/\"><img decoding=\"async\" class=\"attachment-255xauto size-255xauto\" src=\"https:\/\/awf.world\/wp-content\/uploads\/2012\/12\/61-01-01-01-wpv_255xauto.jpg\" width=\"255\" height=\"auto\" alt=\"\" \/><\/a><\/div>\n<div class=\"cat-home-title\"><a href=\"https:\/\/awf.world\/es\/bishop-reniel-joel-a-nebab-keys-to-church-growth-in-the-philippines\/\">Bishop Reniel Joel A. Nebab &#8211; Keys to Church Growth in the Philippines<\/a><\/div>\n <div class=\"cat-home-date\">diciembre 22, 2012<\/div>\n<div class=\"cat-home-short-description\">  <\/div>\n\n<\/div>\n\t\n\t\t<div class=\"cat-home\">\n<div class=\"cat-home-category\"><a href=\"https:\/\/awf.world\/es\/category\/video-es\/\">video<\/a><\/div>\n<div class=\"cat-home-img\"><a href=\"https:\/\/awf.world\/es\/dr-miguel-palomino-una-palabras-de-animo-a-los-latinos-dispersados\/\"><img decoding=\"async\" class=\"attachment-255xauto size-255xauto\" src=\"https:\/\/awf.world\/wp-content\/uploads\/2012\/12\/61-01-01-01-01-wpv_255xauto.jpg\" width=\"255\" height=\"auto\" alt=\"\" \/><\/a><\/div>\n<div class=\"cat-home-title\"><a href=\"https:\/\/awf.world\/es\/dr-miguel-palomino-una-palabras-de-animo-a-los-latinos-dispersados\/\">Dr. Miguel Palomino &#8211; Una Palabras de Animo a los Latinos Dispersados<\/a><\/div>\n <div class=\"cat-home-date\">diciembre 22, 2012<\/div>\n<div class=\"cat-home-short-description\">  <\/div>\n\n<\/div>\n\t\n\t\t<div class=\"cat-home\">\n<div class=\"cat-home-category\"><a href=\"https:\/\/awf.world\/es\/category\/video-es\/\">video<\/a><\/div>\n<div class=\"cat-home-img\"><a href=\"https:\/\/awf.world\/es\/dr-miguel-palomino-the-role-of-the-latin-american-church-in-the-world-today\/\"><img decoding=\"async\" class=\"attachment-255xauto size-255xauto\" src=\"https:\/\/awf.world\/wp-content\/uploads\/2012\/12\/61-01-01-01-01-wpv_255xauto.jpg\" width=\"255\" height=\"auto\" alt=\"\" \/><\/a><\/div>\n<div class=\"cat-home-title\"><a href=\"https:\/\/awf.world\/es\/dr-miguel-palomino-the-role-of-the-latin-american-church-in-the-world-today\/\">Dr. Miguel Palomino &#8211; The Role of the Latin American Church in the World Today<\/a><\/div>\n <div class=\"cat-home-date\">diciembre 22, 2012<\/div>\n<div class=\"cat-home-short-description\">  <\/div>\n\n<\/div>\n\t\n\t\t<div class=\"cat-home\">\n<div class=\"cat-home-category\"><a href=\"https:\/\/awf.world\/es\/category\/video-es\/\">video<\/a><\/div>\n<div class=\"cat-home-img\"><a href=\"https:\/\/awf.world\/es\/dr-miguel-palomino-que-significan-las-siglas-fatela\/\"><img decoding=\"async\" class=\"attachment-255xauto size-255xauto\" src=\"https:\/\/awf.world\/wp-content\/uploads\/2012\/12\/61-01-01-01-01-wpv_255xauto.jpg\" width=\"255\" height=\"auto\" alt=\"\" \/><\/a><\/div>\n<div class=\"cat-home-title\"><a href=\"https:\/\/awf.world\/es\/dr-miguel-palomino-que-significan-las-siglas-fatela\/\">Dr. Miguel Palomino &#8211; \u00bfQue Significan Las Siglas FATELA?<\/a><\/div>\n <div class=\"cat-home-date\">diciembre 22, 2012<\/div>\n<div class=\"cat-home-short-description\">  <\/div>\n\n<\/div>\n\t\n\t\t<div class=\"cat-home\">\n<div class=\"cat-home-category\"><a href=\"https:\/\/awf.world\/es\/category\/video-es\/\">video<\/a><\/div>\n<div class=\"cat-home-img\"><a href=\"https:\/\/awf.world\/es\/dr-miguel-palomino-the-leadership-challenge-in-latin-america-churches\/\"><img decoding=\"async\" class=\"attachment-255xauto size-255xauto\" src=\"https:\/\/awf.world\/wp-content\/uploads\/2012\/12\/61-01-01-01-01-wpv_255xauto.jpg\" width=\"255\" height=\"auto\" alt=\"\" \/><\/a><\/div>\n<div class=\"cat-home-title\"><a href=\"https:\/\/awf.world\/es\/dr-miguel-palomino-the-leadership-challenge-in-latin-america-churches\/\">Dr. Miguel Palomino &#8211; The Leadership Challenge in Latin America Churches<\/a><\/div>\n <div class=\"cat-home-date\">diciembre 22, 2012<\/div>\n<div class=\"cat-home-short-description\">  <\/div>\n\n<\/div>\n\t\n\t\t<div class=\"cat-home\">\n<div class=\"cat-home-category\"><a href=\"https:\/\/awf.world\/es\/category\/video-es\/\">video<\/a><\/div>\n<div class=\"cat-home-img\"><a href=\"https:\/\/awf.world\/es\/dr-miguel-palomino-my-journey-to-christ-and-his-ministry\/\"><img decoding=\"async\" class=\"attachment-255xauto size-255xauto\" src=\"https:\/\/awf.world\/wp-content\/uploads\/2012\/12\/61-01-01-01-01-wpv_255xauto.jpg\" width=\"255\" height=\"auto\" alt=\"\" \/><\/a><\/div>\n<div class=\"cat-home-title\"><a href=\"https:\/\/awf.world\/es\/dr-miguel-palomino-my-journey-to-christ-and-his-ministry\/\">Dr. Miguel Palomino &#8211; My Journey to Christ and His Ministry<\/a><\/div>\n <div class=\"cat-home-date\">diciembre 22, 2012<\/div>\n<div class=\"cat-home-short-description\">  <\/div>\n\n<\/div>\n\t\n\t\t<div class=\"cat-home\">\n<div class=\"cat-home-category\"><a href=\"https:\/\/awf.world\/es\/category\/video-es\/\">video<\/a><\/div>\n<div class=\"cat-home-img\"><a href=\"https:\/\/awf.world\/es\/dr-chris-braun-benefits-of-growing-up-as-a-third-culture-kid\/\"><img decoding=\"async\" class=\"attachment-255xauto size-255xauto\" src=\"https:\/\/awf.world\/wp-content\/uploads\/2012\/12\/61-01-01-01-01-01-wpv_255xauto.jpg\" width=\"255\" height=\"auto\" alt=\"\" \/><\/a><\/div>\n<div class=\"cat-home-title\"><a href=\"https:\/\/awf.world\/es\/dr-chris-braun-benefits-of-growing-up-as-a-third-culture-kid\/\">Dr. Chris Braun &#8211; Benefits of Growing Up As a Third Culture Kid<\/a><\/div>\n <div class=\"cat-home-date\">diciembre 22, 2012<\/div>\n<div class=\"cat-home-short-description\">  <\/div>\n\n<\/div>\n\t\n\t\t<div class=\"cat-home\">\n<div class=\"cat-home-category\"><a href=\"https:\/\/awf.world\/es\/category\/video-es\/\">video<\/a><\/div>\n<div class=\"cat-home-img\"><a href=\"https:\/\/awf.world\/es\/dr-chris-braun-learnings-from-my-parents\/\"><img decoding=\"async\" class=\"attachment-255xauto size-255xauto\" src=\"https:\/\/awf.world\/wp-content\/uploads\/2012\/12\/61-01-01-01-01-01-wpv_255xauto.jpg\" width=\"255\" height=\"auto\" alt=\"\" \/><\/a><\/div>\n<div class=\"cat-home-title\"><a href=\"https:\/\/awf.world\/es\/dr-chris-braun-learnings-from-my-parents\/\">Dr. Chris Braun &#8211; Learnings From My Parents<\/a><\/div>\n <div class=\"cat-home-date\">diciembre 22, 2012<\/div>\n<div class=\"cat-home-short-description\">  <\/div>\n\n<\/div>\n\t\n\t\t<div class=\"cat-home\">\n<div class=\"cat-home-category\"><a href=\"https:\/\/awf.world\/es\/category\/video-es\/\">video<\/a><\/div>\n<div class=\"cat-home-img\"><a href=\"https:\/\/awf.world\/es\/dr-chris-braun-ways-the-church-grew-in-africa\/\"><img decoding=\"async\" class=\"attachment-255xauto size-255xauto\" src=\"https:\/\/awf.world\/wp-content\/uploads\/2012\/12\/61-01-01-01-01-01-wpv_255xauto.jpg\" width=\"255\" height=\"auto\" alt=\"\" \/><\/a><\/div>\n<div class=\"cat-home-title\"><a href=\"https:\/\/awf.world\/es\/dr-chris-braun-ways-the-church-grew-in-africa\/\">Dr. Chris Braun &#8211; Ways the Church Grew in Africa<\/a><\/div>\n <div class=\"cat-home-date\">diciembre 22, 2012<\/div>\n<div class=\"cat-home-short-description\">  <\/div>\n\n<\/div>\n\t\n\t\t<div class=\"cat-home\">\n<div class=\"cat-home-category\"><a href=\"https:\/\/awf.world\/es\/category\/video-es\/\">video<\/a><\/div>\n<div class=\"cat-home-img\"><a href=\"https:\/\/awf.world\/es\/dr-chris-braun-developing-a-mission-vision-in-africa\/\"><img decoding=\"async\" class=\"attachment-255xauto size-255xauto\" src=\"https:\/\/awf.world\/wp-content\/uploads\/2012\/12\/61-01-01-01-01-01-wpv_255xauto.jpg\" width=\"255\" height=\"auto\" alt=\"\" \/><\/a><\/div>\n<div class=\"cat-home-title\"><a href=\"https:\/\/awf.world\/es\/dr-chris-braun-developing-a-mission-vision-in-africa\/\">Dr. Chris Braun &#8211; Developing a Mission Vision in Africa<\/a><\/div>\n <div class=\"cat-home-date\">diciembre 22, 2012<\/div>\n<div class=\"cat-home-short-description\">  <\/div>\n\n<\/div>\n\t\n\t\t<div class=\"cat-home\">\n<div class=\"cat-home-category\"><a href=\"https:\/\/awf.world\/es\/category\/video-es\/\">video<\/a><\/div>\n<div class=\"cat-home-img\"><a href=\"https:\/\/awf.world\/es\/dr-chris-braun-my-dream-for-the-african-church\/\"><img decoding=\"async\" class=\"attachment-255xauto size-255xauto\" src=\"https:\/\/awf.world\/wp-content\/uploads\/2012\/12\/61-01-01-01-01-01-wpv_255xauto.jpg\" width=\"255\" height=\"auto\" alt=\"\" \/><\/a><\/div>\n<div class=\"cat-home-title\"><a href=\"https:\/\/awf.world\/es\/dr-chris-braun-my-dream-for-the-african-church\/\">Dr. Chris Braun &#8211; My Dream for the African Church<\/a><\/div>\n <div class=\"cat-home-date\">diciembre 22, 2012<\/div>\n<div class=\"cat-home-short-description\">  <\/div>\n\n<\/div>\n\t\n\t\t<div class=\"cat-home\">\n<div class=\"cat-home-category\"><a href=\"https:\/\/awf.world\/es\/category\/video-es\/\">video<\/a><\/div>\n<div class=\"cat-home-img\"><a href=\"https:\/\/awf.world\/es\/dr-chris-braun-gods-interventions\/\"><img decoding=\"async\" class=\"attachment-255xauto size-255xauto\" src=\"https:\/\/awf.world\/wp-content\/uploads\/2012\/12\/61-01-01-01-01-01-wpv_255xauto.jpg\" width=\"255\" height=\"auto\" alt=\"\" \/><\/a><\/div>\n<div class=\"cat-home-title\"><a href=\"https:\/\/awf.world\/es\/dr-chris-braun-gods-interventions\/\">Dr. Chris Braun &#8211; God&#8217;s Interventions<\/a><\/div>\n <div class=\"cat-home-date\">diciembre 22, 2012<\/div>\n<div class=\"cat-home-short-description\">  <\/div>\n\n<\/div>\n\t\n\t\t<div class=\"cat-home\">\n<div class=\"cat-home-category\"><a href=\"https:\/\/awf.world\/es\/category\/video-es\/\">video<\/a><\/div>\n<div class=\"cat-home-img\"><a href=\"https:\/\/awf.world\/es\/dr-rene-holvast-facteb-boma-seminary\/\"><img decoding=\"async\" class=\"attachment-255xauto size-255xauto\" src=\"https:\/\/awf.world\/wp-content\/uploads\/2012\/12\/61-01-01-01-01-01-01-wpv_255xauto.jpg\" width=\"255\" height=\"auto\" alt=\"\" \/><\/a><\/div>\n<div class=\"cat-home-title\"><a href=\"https:\/\/awf.world\/es\/dr-rene-holvast-facteb-boma-seminary\/\">Dr. Rene Holvast &#8211; FACTEB (Boma Seminary)<\/a><\/div>\n <div class=\"cat-home-date\">diciembre 22, 2012<\/div>\n<div class=\"cat-home-short-description\">  <\/div>\n\n<\/div>\n\t\n\t\t<div class=\"cat-home\">\n<div class=\"cat-home-category\"><a href=\"https:\/\/awf.world\/es\/category\/video-es\/\">video<\/a><\/div>\n<div class=\"cat-home-img\"><a href=\"https:\/\/awf.world\/es\/dr-mabiala-kenzo-how-does-a-young-church-develop-theologically\/\"><img decoding=\"async\" class=\"attachment-255xauto size-255xauto\" src=\"https:\/\/awf.world\/wp-content\/uploads\/2012\/12\/61-01-01-01-01-01-01-01-wpv_255xauto.jpg\" width=\"255\" height=\"auto\" alt=\"\" \/><\/a><\/div>\n<div class=\"cat-home-title\"><a href=\"https:\/\/awf.world\/es\/dr-mabiala-kenzo-how-does-a-young-church-develop-theologically\/\">Dr. Mabiala Kenzo &#8211; How Does a Young Church Develop Theologically?<\/a><\/div>\n <div class=\"cat-home-date\">diciembre 22, 2012<\/div>\n<div class=\"cat-home-short-description\">  <\/div>\n\n<\/div>\n\t\n\t\t<div class=\"cat-home\">\n<div class=\"cat-home-category\"><a href=\"https:\/\/awf.world\/es\/category\/video-es\/\">video<\/a><\/div>\n<div class=\"cat-home-img\"><a href=\"https:\/\/awf.world\/es\/david-hearn-the-heart-of-the-christian-missionary-alliance\/\"><img decoding=\"async\" class=\"attachment-255xauto size-255xauto\" src=\"https:\/\/awf.world\/wp-content\/uploads\/2012\/12\/61-01-01-01-01-01-01-01-01-wpv_255xauto.jpg\" width=\"255\" height=\"auto\" alt=\"\" \/><\/a><\/div>\n<div class=\"cat-home-title\"><a href=\"https:\/\/awf.world\/es\/david-hearn-the-heart-of-the-christian-missionary-alliance\/\">David Hearn &#8211; The Heart of the Christian &#038; Missionary Alliance<\/a><\/div>\n <div class=\"cat-home-date\">diciembre 22, 2012<\/div>\n<div class=\"cat-home-short-description\">  <\/div>\n\n<\/div>\n\t\n\t\t<div class=\"cat-home\">\n<div class=\"cat-home-category\"><a href=\"https:\/\/awf.world\/es\/category\/video-es\/\">video<\/a><\/div>\n<div class=\"cat-home-img\"><a href=\"https:\/\/awf.world\/es\/dr-mabiala-kenzo-a-theology-textbook-for-africa\/\"><img decoding=\"async\" class=\"attachment-255xauto size-255xauto\" src=\"https:\/\/awf.world\/wp-content\/uploads\/2012\/12\/61-01-01-01-01-01-01-01-wpv_255xauto.jpg\" width=\"255\" height=\"auto\" alt=\"\" \/><\/a><\/div>\n<div class=\"cat-home-title\"><a href=\"https:\/\/awf.world\/es\/dr-mabiala-kenzo-a-theology-textbook-for-africa\/\">Dr. Mabiala Kenzo &#8211; A Theology Textbook for Africa<\/a><\/div>\n <div class=\"cat-home-date\">diciembre 22, 2012<\/div>\n<div class=\"cat-home-short-description\">  <\/div>\n\n<\/div>\n\t\n\t\t<div class=\"cat-home\">\n<div class=\"cat-home-category\"><a href=\"https:\/\/awf.world\/es\/category\/video-es\/\">video<\/a><\/div>\n<div class=\"cat-home-img\"><a href=\"https:\/\/awf.world\/es\/dr-mabiala-kenzo-my-personal-journey\/\"><img decoding=\"async\" class=\"attachment-255xauto size-255xauto\" src=\"https:\/\/awf.world\/wp-content\/uploads\/2012\/12\/61-01-01-01-01-01-01-01-wpv_255xauto.jpg\" width=\"255\" height=\"auto\" alt=\"\" \/><\/a><\/div>\n<div class=\"cat-home-title\"><a href=\"https:\/\/awf.world\/es\/dr-mabiala-kenzo-my-personal-journey\/\">Dr. Mabiala Kenzo &#8211; My Personal Journey<\/a><\/div>\n <div class=\"cat-home-date\">diciembre 22, 2012<\/div>\n<div class=\"cat-home-short-description\">  <\/div>\n\n<\/div>\n\t\n\t\t<div class=\"cat-home\">\n<div class=\"cat-home-category\"><a href=\"https:\/\/awf.world\/es\/category\/video-es\/\">video<\/a><\/div>\n<div class=\"cat-home-img\"><a href=\"https:\/\/awf.world\/es\/dr-mabiala-kenzo-the-importance-of-leadership-development-a-congo-case-study\/\"><img decoding=\"async\" class=\"attachment-255xauto size-255xauto\" src=\"https:\/\/awf.world\/wp-content\/uploads\/2012\/12\/61-01-01-01-01-01-01-01-wpv_255xauto.jpg\" width=\"255\" height=\"auto\" alt=\"\" \/><\/a><\/div>\n<div class=\"cat-home-title\"><a href=\"https:\/\/awf.world\/es\/dr-mabiala-kenzo-the-importance-of-leadership-development-a-congo-case-study\/\">Dr. Mabiala Kenzo &#8211; The Importance of Leadership Development: A Congo Case Study<\/a><\/div>\n <div class=\"cat-home-date\">diciembre 22, 2012<\/div>\n<div class=\"cat-home-short-description\">  <\/div>\n\n<\/div>\n\t\n\t\t<div class=\"cat-home\">\n<div class=\"cat-home-category\"><a href=\"https:\/\/awf.world\/es\/category\/video-es\/\">video<\/a><\/div>\n<div class=\"cat-home-img\"><a href=\"https:\/\/awf.world\/es\/dr-mabiala-kenzo-the-role-of-the-african-church\/\"><img decoding=\"async\" class=\"attachment-255xauto size-255xauto\" src=\"https:\/\/awf.world\/wp-content\/uploads\/2012\/12\/61-01-01-01-01-01-01-01-wpv_255xauto.jpg\" width=\"255\" height=\"auto\" alt=\"\" \/><\/a><\/div>\n<div class=\"cat-home-title\"><a href=\"https:\/\/awf.world\/es\/dr-mabiala-kenzo-the-role-of-the-african-church\/\">Dr. Mabiala Kenzo &#8211; The Role of the African Church<\/a><\/div>\n <div class=\"cat-home-date\">diciembre 22, 2012<\/div>\n<div class=\"cat-home-short-description\">  <\/div>\n\n<\/div>\n\t\n\t\t<div class=\"cat-home\">\n<div class=\"cat-home-category\"><a href=\"https:\/\/awf.world\/es\/category\/news-es\/\">NOTICIAS<\/a><\/div>\n<div class=\"cat-home-img\"><a href=\"https:\/\/awf.world\/es\/la-soberania-de-dios-y-la-guerra-devastadora-en-siria\/\"><img decoding=\"async\" class=\"attachment-255xauto size-255xauto\" src=\"https:\/\/awf.world\/wp-content\/uploads\/2012\/12\/61-01-01-01-01-01-01-01-01-01-wpv_255xauto.jpg\" width=\"255\" height=\"auto\" alt=\"\" \/><\/a><\/div>\n<div class=\"cat-home-title\"><a href=\"https:\/\/awf.world\/es\/la-soberania-de-dios-y-la-guerra-devastadora-en-siria\/\">La soberan\u00eda de Dios y la guerra-devastadora en Siria<\/a><\/div>\n <div class=\"cat-home-date\">diciembre 15, 2012<\/div>\n<div class=\"cat-home-short-description\">  <p>\"La semana pasada los bombardeos llegaron tan cerca de nuestra \u00e1rea que tuvimos que abandonar nuestro apartamento.<\/p>\n<\/div>\n\n<\/div>\n\t\n\t\t<div class=\"cat-home\">\n<div class=\"cat-home-category\"><a href=\"https:\/\/awf.world\/es\/category\/news-es\/\">NOTICIAS<\/a><\/div>\n<div class=\"cat-home-img\"><a href=\"https:\/\/awf.world\/es\/los-jovenes-esperan-grandes-cosas-de-dios-en-la-india\/\"><img decoding=\"async\" class=\"attachment-255xauto size-255xauto\" src=\"https:\/\/awf.world\/wp-content\/uploads\/2012\/12\/62-01-wpv_255xauto.jpg\" width=\"255\" height=\"auto\" alt=\"\" \/><\/a><\/div>\n<div class=\"cat-home-title\"><a href=\"https:\/\/awf.world\/es\/los-jovenes-esperan-grandes-cosas-de-dios-en-la-india\/\">Los J\u00f3venes esperan grandes cosas de Dios en la India<\/a><\/div>\n <div class=\"cat-home-date\">diciembre 15, 2012<\/div>\n<div class=\"cat-home-short-description\">  <p>Por primera vez en a\u00f1os, est\u00e1 programada una Conferencia de J\u00f3venes de la Alianza este mes en Khandala, en India.<\/p>\n<\/div>\n\n<\/div>\n\t\n\t\t<div class=\"cat-home\">\n<div class=\"cat-home-category\"><a href=\"https:\/\/awf.world\/es\/category\/video-es\/\">video<\/a><\/div>\n<div class=\"cat-home-img\"><a href=\"https:\/\/awf.world\/es\/remembering-rev-dr-isaac-keita-english\/\"><img decoding=\"async\" class=\"attachment-255xauto size-255xauto\" src=\"https:\/\/awf.world\/wp-content\/uploads\/2012\/12\/62-01-01-wpv_255xauto.jpg\" width=\"255\" height=\"auto\" alt=\"\" \/><\/a><\/div>\n<div class=\"cat-home-title\"><a href=\"https:\/\/awf.world\/es\/remembering-rev-dr-isaac-keita-english\/\">A Tribute to a Servant of God (English)<\/a><\/div>\n <div class=\"cat-home-date\">diciembre 13, 2012<\/div>\n<div class=\"cat-home-short-description\">  <\/div>\n\n<\/div>\n\t\n\t\t<div class=\"cat-home\">\n<div class=\"cat-home-category\"><a href=\"https:\/\/awf.world\/es\/category\/video-es\/\">video<\/a><\/div>\n<div class=\"cat-home-img\"><a href=\"https:\/\/awf.world\/es\/a-tribute-to-a-servant-of-god-english-and-french\/\"><img decoding=\"async\" class=\"attachment-255xauto size-255xauto\" src=\"https:\/\/awf.world\/wp-content\/uploads\/2012\/12\/60-01-01-01-wpv_255xauto.jpg\" width=\"255\" height=\"auto\" alt=\"\" \/><\/a><\/div>\n<div class=\"cat-home-title\"><a href=\"https:\/\/awf.world\/es\/a-tribute-to-a-servant-of-god-english-and-french\/\">A Tribute to a Servant of God (English and French)<\/a><\/div>\n <div class=\"cat-home-date\">diciembre 13, 2012<\/div>\n<div class=\"cat-home-short-description\">  <\/div>\n\n<\/div>\n\t\n\t\t<div class=\"cat-home\">\n<div class=\"cat-home-category\"><a href=\"https:\/\/awf.world\/es\/category\/video-es\/\">video<\/a><\/div>\n<div class=\"cat-home-img\"><a href=\"https:\/\/awf.world\/es\/kidnapped-in-iraq\/\"><img decoding=\"async\" class=\"attachment-255xauto size-255xauto\" src=\"https:\/\/awf.world\/wp-content\/uploads\/2012\/12\/63-01-wpv_255xauto.jpg\" width=\"255\" height=\"auto\" alt=\"\" \/><\/a><\/div>\n<div class=\"cat-home-title\"><a href=\"https:\/\/awf.world\/es\/kidnapped-in-iraq\/\">Kidnapped in Iraq<\/a><\/div>\n <div class=\"cat-home-date\">diciembre 10, 2012<\/div>\n<div class=\"cat-home-short-description\">  <\/div>\n\n<\/div>\n\t\n\t\n\t\n\t\n<\/div>\n\n<\/div>\n<\/div>\n<\/div>\n<\/div>\n<\/div>\n<\/div>\n","protected":false},"excerpt":{"rendered":"<p>Noticias 2012 A\u00f1os previos:\u00a0 \u00a0 \u00a0 \u00a0\u00a02020\u00a0 \u00a0 2019\u00a0 \u00a0 2018\u00a0 \u00a0\u00a02017\u00a0 \u00a02016 \u00a0\u00a02015\u00a0 \u00a0 \u00a0\u00a02014\u00a0 \u00a0 \u00a0\u00a02013\u00a0 \u00a0 \u00a0\u00a02012\u00a0 \u00a0 \u00a0\u00a02011\u00a0 \u00a0 \u00a0\u00a02010<\/p>\n","protected":false},"author":15,"featured_media":0,"parent":0,"menu_order":0,"comment_status":"closed","ping_status":"closed","template":"","meta":{"inline_featured_image":false,"ngg_post_thumbnail":0,"_EventAllDay":false,"_EventTimezone":"","_EventStartDate":"","_EventEndDate":"","_EventStartDateUTC":"","_EventEndDateUTC":"","_EventShowMap":false,"_EventShowMapLink":false,"_EventURL":"","_EventCost":"","_EventCostDescription":"","_EventCurrencySymbol":"","_EventCurrencyCode":"","_EventCurrencyPosition":"","_EventDateTimeSeparator":"","_EventTimeRangeSeparator":"","_EventOrganizerID":[],"_EventVenueID":[],"_OrganizerEmail":"","_OrganizerPhone":"","_OrganizerWebsite":"","_VenueAddress":"","_VenueCity":"","_VenueCountry":"","_VenueProvince":"","_VenueState":"","_VenueZip":"","_VenuePhone":"","_VenueURL":"","_VenueStateProvince":"","_VenueLat":"","_VenueLng":"","_VenueShowMap":false,"_VenueShowMapLink":false,"footnotes":""},"class_list":["post-26207","page","type-page","status-publish","hentry"],"_links":{"self":[{"href":"https:\/\/awf.world\/es\/wp-json\/wp\/v2\/pages\/26207","targetHints":{"allow":["GET"]}}],"collection":[{"href":"https:\/\/awf.world\/es\/wp-json\/wp\/v2\/pages"}],"about":[{"href":"https:\/\/awf.world\/es\/wp-json\/wp\/v2\/types\/page"}],"author":[{"embeddable":true,"href":"https:\/\/awf.world\/es\/wp-json\/wp\/v2\/users\/15"}],"replies":[{"embeddable":true,"href":"https:\/\/awf.world\/es\/wp-json\/wp\/v2\/comments?post=26207"}],"version-history":[{"count":0,"href":"https:\/\/awf.world\/es\/wp-json\/wp\/v2\/pages\/26207\/revisions"}],"wp:attachment":[{"href":"https:\/\/awf.world\/es\/wp-json\/wp\/v2\/media?parent=26207"}],"curies":[{"name":"wp","href":"https:\/\/api.w.org\/{rel}","templated":true}]}}