{"id":24091,"date":"2019-08-30T19:50:10","date_gmt":"2019-08-31T00:50:10","guid":{"rendered":"http:\/\/awf.world\/?page_id=24091"},"modified":"2021-03-06T11:17:46","modified_gmt":"2021-03-06T16:17:46","slug":"comision-de-educacion-teologica","status":"publish","type":"page","link":"https:\/\/awf.world\/es\/comision-de-educacion-teologica\/","title":{"rendered":"Comisi\u00f3n de Educaci\u00f3n Teol\u00f3gica"},"content":{"rendered":"<div id=\"pl-24091\"  class=\"panel-layout\" ><div id=\"pg-24091-0\"  class=\"panel-grid panel-no-style\" ><div id=\"pgc-24091-0-0\"  class=\"panel-grid-cell\" ><div id=\"panel-24091-0-0-0\" class=\"so-panel widget widget_sow-editor panel-first-child\" data-index=\"0\" ><div\n\t\t\t\n\t\t\tclass=\"so-widget-sow-editor so-widget-sow-editor-base\"\n\t\t\t\n\t\t>\n<div class=\"siteorigin-widget-tinymce textwidget\">\n\t<h3 style=\"text-align: center; font-size: 30px;margin-bottom:0;\">Comisi\u00f3n de Educaci\u00f3n Teol\u00f3gica<\/h3>\n<\/div>\n<\/div><\/div><div id=\"panel-24091-0-0-1\" class=\"so-panel widget widget_siteorigin-panels-builder panel-last-child\" data-index=\"1\" ><div class=\"panel-widget-style panel-widget-style-for-24091-0-0-1\" ><div id=\"pl-w5d796cfc2d456\"  class=\"panel-layout\" ><div id=\"pg-w5d796cfc2d456-0\"  class=\"panel-grid panel-no-style\" ><div id=\"pgc-w5d796cfc2d456-0-0\"  class=\"panel-grid-cell\" ><div id=\"panel-w5d796cfc2d456-0-0-0\" class=\"so-panel widget widget_sow-editor panel-first-child panel-last-child\" data-index=\"0\" ><div class=\"panel-widget-style panel-widget-style-for-w5d796cfc2d456-0-0-0\" ><div\n\t\t\t\n\t\t\tclass=\"so-widget-sow-editor so-widget-sow-editor-base\"\n\t\t\t\n\t\t>\n<div class=\"siteorigin-widget-tinymce textwidget\">\n\t<p>&nbsp;<\/p>\n<p style=\"text-align: left; font-size: 21px; font-weight: 300;\">La Comisi\u00f3n Internacional de Educaci\u00f3n Teol\u00f3gica de AWF busca identificar, desarrollar y proponer temas que definan la identidad y la misi\u00f3n de la Alianza, basados en nuestra\u00a0<strong>historia, pensamiento y teolog\u00eda<\/strong>. Propone estrategias para un enfoque sist\u00e9mico de la educaci\u00f3n teol\u00f3gica y la red entre instituciones educativas de la alianza.<\/p>\n<\/div>\n<\/div><\/div><\/div><\/div><div id=\"pgc-w5d796cfc2d456-0-1\"  class=\"panel-grid-cell\" ><div id=\"panel-w5d796cfc2d456-0-1-0\" class=\"so-panel widget widget_sow-image panel-first-child panel-last-child\" data-index=\"1\" ><div class=\"panel-widget-style panel-widget-style-for-w5d796cfc2d456-0-1-0\" ><div\n\t\t\t\n\t\t\tclass=\"so-widget-sow-image so-widget-sow-image-default-8b5b6f678277\"\n\t\t\t\n\t\t>\n<div class=\"sow-image-container\">\n\t\t<img \n\tsrc=\"https:\/\/awf.world\/wp-content\/uploads\/2019\/09\/comite\u0301-teolo\u0301gico.png\" width=\"601\" height=\"398\" srcset=\"https:\/\/awf.world\/wp-content\/uploads\/2019\/09\/comite\u0301-teolo\u0301gico.png 601w, https:\/\/awf.world\/wp-content\/uploads\/2019\/09\/comite\u0301-teolo\u0301gico-300x199.png 300w\" sizes=\"(max-width: 601px) 100vw, 601px\" alt=\"\" \t\tclass=\"so-widget-image\"\/>\n\t<\/div>\n\n<\/div><\/div><\/div><\/div><\/div><\/div><\/div><\/div><\/div><\/div><div id=\"pg-24091-1\"  class=\"panel-grid panel-has-style\" ><div class=\"row-collapse panel-row-style panel-row-style-for-24091-1\" ><div id=\"pgc-24091-1-0\"  class=\"panel-grid-cell\" ><div id=\"panel-24091-1-0-0\" class=\"so-panel widget widget_siteorigin-panels-builder panel-first-child panel-last-child\" data-index=\"2\" ><div id=\"pl-w60429115a0b63\"  class=\"panel-layout\" ><div id=\"pg-w60429115a0b63-0\"  class=\"panel-grid panel-no-style\" ><div id=\"pgc-w60429115a0b63-0-0\"  class=\"panel-grid-cell\" ><div id=\"panel-w60429115a0b63-0-0-0\" class=\"so-panel widget widget_sow-image panel-first-child panel-last-child\" data-index=\"0\" ><div\n\t\t\t\n\t\t\tclass=\"so-widget-sow-image so-widget-sow-image-default-c67d20f9f743\"\n\t\t\t\n\t\t>\n<div class=\"sow-image-container\">\n\t\t<img \n\tsrc=\"https:\/\/awf.world\/wp-content\/uploads\/2019\/08\/Peter-Laughlin.png\" width=\"198\" height=\"198\" srcset=\"https:\/\/awf.world\/wp-content\/uploads\/2019\/08\/Peter-Laughlin.png 198w, https:\/\/awf.world\/wp-content\/uploads\/2019\/08\/Peter-Laughlin-150x150.png 150w\" sizes=\"(max-width: 198px) 100vw, 198px\" alt=\"\" \t\tclass=\"so-widget-image\"\/>\n\t<\/div>\n\n<\/div><\/div><\/div><div id=\"pgc-w60429115a0b63-0-1\"  class=\"panel-grid-cell\" ><div id=\"panel-w60429115a0b63-0-1-0\" class=\"so-panel widget widget_sow-headline panel-first-child\" data-index=\"1\" ><div class=\"panel-widget-style panel-widget-style-for-w60429115a0b63-0-1-0\" ><div\n\t\t\t\n\t\t\tclass=\"so-widget-sow-headline so-widget-sow-headline-default-75bd2367331b\"\n\t\t\t\n\t\t><div class=\"sow-headline-container \">\n\t\t\t\t\t\t<div class=\"decoration\">\n\t\t\t\t\t\t<div class=\"decoration-inside\"><\/div>\n\t\t\t\t\t<\/div>\n\t\t\t\t\t<\/div>\n<\/div><\/div><\/div><div id=\"panel-w60429115a0b63-0-1-1\" class=\"so-panel widget widget_sow-editor panel-last-child\" data-index=\"2\" ><div\n\t\t\t\n\t\t\tclass=\"so-widget-sow-editor so-widget-sow-editor-base\"\n\t\t\t\n\t\t>\n<div class=\"siteorigin-widget-tinymce textwidget\">\n\t<h3>Peter Laughlin \/ Presidente<\/h3>\n<p>El Comit\u00e9 Ejecutivo de la AWF (ExCom) nombr\u00f3 al Dr. Peter Laughlin (BEng, BTh (Hon), PhD), decano del Alliance Institute for Mission, un centro de excelencia en Estudios Interculturales en el Colegio Australiano de Ministerios, como el nuevo presidente del AWF Comisi\u00f3n Internacional de Educaci\u00f3n Teol\u00f3gica (ICTE).<\/p>\n<p><span class=\"collapseomatic noarrow\" id=\"id69f32e56d6d1c\"  tabindex=\"0\" title=\"<em>Leer m\u00e1s...<\/em>\"    ><em>Leer m\u00e1s...<\/em><\/span><\/p>\n<div id=\"target-id69f32e56d6d1c\" class=\"collapseomatic_content \"> El Dr. Laughlin es un pastor ordenado y presidente de la Junta Nacional de la Alianza Cristiana y Misionera de Australia. Recibi\u00f3 su doctorado en teolog\u00eda en 2009 y ha publicado una serie de trabajos, entre ellos Jes\u00fas y la Cruz: Necesidad, significado y expiaci\u00f3n, que se public\u00f3 en la serie de monograf\u00edas teol\u00f3gicas de Princeton. Ha sido el curador del Repositorio de AWF y miembro del ICTE durante los \u00faltimos dos a\u00f1os. El Dr. Laughlin comenzar\u00e1 en este nuevo cargo el 1 de julio de 2019 y completar\u00e1 el t\u00e9rmino iniciado por el Dr. Bernie Van de Walle, quien present\u00f3 su renuncia despu\u00e9s de su nominaci\u00f3n como el pr\u00f3ximo Superintendente del Distrito del Medio Oeste de Canad\u00e1. Aprovechamos esta oportunidad para expresar nuestro profundo agradecimiento al Dr. Bernie Van de Walle por su impactante ministerio como presidente del ICTE. Continuar\u00e1 contribuyendo al ICTE como representante de Am\u00e9rica del Norte. Ore por el Dr. Peter Laughlin mientras dirige este importante ministerio de AWF. <\/div><\/p>\n<\/div>\n<\/div><\/div><\/div><\/div><\/div><\/div><\/div><div id=\"pgc-24091-1-1\"  class=\"panel-grid-cell\" ><div id=\"panel-24091-1-1-0\" class=\"so-panel widget widget_siteorigin-panels-builder panel-first-child panel-last-child\" data-index=\"3\" ><div id=\"pl-w6043aa1f32795\"  class=\"panel-layout\" ><div id=\"pg-w6043aa1f32795-0\"  class=\"panel-grid panel-no-style\" ><div id=\"pgc-w6043aa1f32795-0-0\"  class=\"panel-grid-cell\" ><div id=\"panel-w6043aa1f32795-0-0-0\" class=\"so-panel widget widget_sow-headline panel-first-child\" data-index=\"0\" ><div\n\t\t\t\n\t\t\tclass=\"so-widget-sow-headline so-widget-sow-headline-default-ea0af4cf39ae\"\n\t\t\t\n\t\t><div class=\"sow-headline-container \">\n\t\t\t\t\t\t<div class=\"decoration\">\n\t\t\t\t\t\t<div class=\"decoration-inside\"><\/div>\n\t\t\t\t\t<\/div>\n\t\t\t\t\t<\/div>\n<\/div><\/div><div id=\"panel-w6043aa1f32795-0-0-1\" class=\"so-panel widget widget_sow-editor panel-last-child\" data-index=\"1\" ><div\n\t\t\t\n\t\t\tclass=\"so-widget-sow-editor so-widget-sow-editor-base\"\n\t\t\t\n\t\t>\n<div class=\"siteorigin-widget-tinymce textwidget\">\n\t<h3>Bernie Van De Walle<\/h3>\n<p>Bernie Van de Walle es el ex presidente del ICTE. Tiene un doctorado en Estudios Teol\u00f3gicos y Religiosos de la Universidad Drew y se orden\u00f3 con la ACyM en Canad\u00e1. Bernie ha trabajado durante 20 a\u00f1os como profesor de teolog\u00eda hist\u00f3rica y sistem\u00e1tica en la Canadian Bible College\/Ambrose University.<\/p>\n<p><span class=\"collapseomatic noarrow\" id=\"id69f32e56d78d3\"  tabindex=\"0\" title=\"<em>Leer m\u00e1s...<\/em>\"    ><em>Leer m\u00e1s...<\/em><\/span><\/p>\n<div id=\"target-id69f32e56d78d3\" class=\"collapseomatic_content \"> Es autor de <em>Rethinking Holiness<\/em>, <em>The Heart of the Gospel<\/em> y muchos otros art\u00edculos publicados sobre temas de la Alianza. Actualmente, es el Superintendente de Distrito del Distrito Medio Oeste de Canad\u00e1 de la ACyM en Canad\u00e1. Bernie est\u00e1 casado con Colleen y tiene dos hijos, David (casado con Hannah) y Ken. <\/div><\/p>\n<\/div>\n<\/div><\/div><\/div><div id=\"pgc-w6043aa1f32795-0-1\"  class=\"panel-grid-cell\" ><div id=\"panel-w6043aa1f32795-0-1-0\" class=\"so-panel widget widget_sow-image panel-first-child panel-last-child\" data-index=\"2\" ><div\n\t\t\t\n\t\t\tclass=\"so-widget-sow-image so-widget-sow-image-default-c67d20f9f743\"\n\t\t\t\n\t\t>\n<div class=\"sow-image-container\">\n\t\t<img \n\tsrc=\"https:\/\/awf.world\/wp-content\/uploads\/2021\/03\/4-Photo-Bernie-Van-De-Walle.png\" width=\"681\" height=\"651\" srcset=\"https:\/\/awf.world\/wp-content\/uploads\/2021\/03\/4-Photo-Bernie-Van-De-Walle.png 681w, https:\/\/awf.world\/wp-content\/uploads\/2021\/03\/4-Photo-Bernie-Van-De-Walle-300x287.png 300w\" sizes=\"(max-width: 681px) 100vw, 681px\" title=\"4-Photo Bernie Van De Walle\" alt=\"\" \t\tclass=\"so-widget-image\"\/>\n\t<\/div>\n\n<\/div><\/div><\/div><\/div><\/div><\/div><\/div><\/div><\/div><div id=\"pg-24091-2\"  class=\"panel-grid panel-has-style\" ><div class=\"row-collapse panel-row-style panel-row-style-for-24091-2\" ><div id=\"pgc-24091-2-0\"  class=\"panel-grid-cell\" ><div id=\"panel-24091-2-0-0\" class=\"so-panel widget widget_siteorigin-panels-builder panel-first-child panel-last-child\" data-index=\"4\" ><div id=\"pl-w60429115a126c\"  class=\"panel-layout\" ><div id=\"pg-w60429115a126c-0\"  class=\"panel-grid panel-no-style\" ><div id=\"pgc-w60429115a126c-0-0\"  class=\"panel-grid-cell\" ><div id=\"panel-w60429115a126c-0-0-0\" class=\"so-panel widget widget_sow-image panel-first-child panel-last-child\" data-index=\"0\" ><div\n\t\t\t\n\t\t\tclass=\"so-widget-sow-image so-widget-sow-image-default-c67d20f9f743\"\n\t\t\t\n\t\t>\n<div class=\"sow-image-container\">\n\t\t<img \n\tsrc=\"https:\/\/awf.world\/wp-content\/uploads\/2019\/08\/Daniel-Ronda.png\" width=\"198\" height=\"198\" srcset=\"https:\/\/awf.world\/wp-content\/uploads\/2019\/08\/Daniel-Ronda.png 198w, https:\/\/awf.world\/wp-content\/uploads\/2019\/08\/Daniel-Ronda-150x150.png 150w\" sizes=\"(max-width: 198px) 100vw, 198px\" alt=\"\" \t\tclass=\"so-widget-image\"\/>\n\t<\/div>\n\n<\/div><\/div><\/div><div id=\"pgc-w60429115a126c-0-1\"  class=\"panel-grid-cell\" ><div id=\"panel-w60429115a126c-0-1-0\" class=\"so-panel widget widget_sow-headline panel-first-child\" data-index=\"1\" ><div class=\"panel-widget-style panel-widget-style-for-w60429115a126c-0-1-0\" ><div\n\t\t\t\n\t\t\tclass=\"so-widget-sow-headline so-widget-sow-headline-default-75bd2367331b\"\n\t\t\t\n\t\t><div class=\"sow-headline-container \">\n\t\t\t\t\t\t<div class=\"decoration\">\n\t\t\t\t\t\t<div class=\"decoration-inside\"><\/div>\n\t\t\t\t\t<\/div>\n\t\t\t\t\t<\/div>\n<\/div><\/div><\/div><div id=\"panel-w60429115a126c-0-1-1\" class=\"so-panel widget widget_sow-editor panel-last-child\" data-index=\"2\" ><div\n\t\t\t\n\t\t\tclass=\"so-widget-sow-editor so-widget-sow-editor-base\"\n\t\t\t\n\t\t>\n<div class=\"siteorigin-widget-tinymce textwidget\">\n\t<h3>Daniel Ronda<\/h3>\n<p>El Dr. Daniel Ronda naci\u00f3 en Denpasar, Indonesia, el 12 de abril de 1966. Est\u00e1 casado con Elisabeth Selfina Ronda y tienen dos hijos adultos: Kharissa Bunga Ronda y Bagus William Ronda. Actualmente, Daniel ocupa el puesto de profesor en el Seminario Teol\u00f3gico Jaffray, tanto en Makassar como en Yakarta; \u00e9l es tambi\u00e9n el presidente de Gereja Kemah Injil Indonesia (Alianza Iglesia de Indonesia).<\/p>\n<p><span class=\"collapseomatic noarrow\" id=\"id69f32e56da6c0\"  tabindex=\"0\" title=\"<em>Leer m\u00e1s...<\/em>\"    ><em>Leer m\u00e1s...<\/em><\/span><\/p>\n<div id=\"target-id69f32e56da6c0\" class=\"collapseomatic_content \"> Daniel tiene una licenciatura (S.Th.) del Seminario Teol\u00f3gico Jaffray Makassar; un M.Div. en Pastoral Studies del Alliance Biblical Seminary (ahora Alliance Graduate School) en Manila, Filipinas; un Th.M. en Teolog\u00eda Sistem\u00e1tica de Asia Graduate School of Theology, Manila, Filipinas; Doctor en Ministerio (D.Min.) en Liderazgo de la Iglesia del Asbury Theological Seminary, Estados Unidos; y un D.Th. en Teolog\u00eda Pr\u00e1ctica del Seminario Teol\u00f3gico Jaffray, Yakarta, Indonesia.<\/p>\n<p>Ha estado involucrado en diferentes ministerios, como pastorear una iglesia en la Alianza Iglesia en Ubud Bali (1990-1994); Secretario de la Iglesia Distrital de Alianza Bali-NTB (1991-1994); profesor en el Seminario Teol\u00f3gico Jaffray (1994-presente); Presidente del Seminario Teol\u00f3gico Jaffray Makassar (2006-2016); Asesor de la Junta Nacional de Acreditaci\u00f3n del Ministerio de Educaci\u00f3n Superior e Investigaci\u00f3n de Tecnolog\u00eda de la Rep\u00fablica de Indonesia (2012 hasta el presente). <\/p><\/div><\/p>\n<\/div>\n<\/div><\/div><\/div><\/div><\/div><\/div><\/div><div id=\"pgc-24091-2-1\"  class=\"panel-grid-cell\" ><div id=\"panel-24091-2-1-0\" class=\"so-panel widget widget_siteorigin-panels-builder panel-first-child panel-last-child\" data-index=\"5\" ><div id=\"pl-w6043aa1f329a9\"  class=\"panel-layout\" ><div id=\"pg-w6043aa1f329a9-0\"  class=\"panel-grid panel-no-style\" ><div id=\"pgc-w6043aa1f329a9-0-0\"  class=\"panel-grid-cell\" ><div id=\"panel-w6043aa1f329a9-0-0-0\" class=\"so-panel widget widget_sow-headline panel-first-child\" data-index=\"0\" ><div\n\t\t\t\n\t\t\tclass=\"so-widget-sow-headline so-widget-sow-headline-default-ea0af4cf39ae\"\n\t\t\t\n\t\t><div class=\"sow-headline-container \">\n\t\t\t\t\t\t<div class=\"decoration\">\n\t\t\t\t\t\t<div class=\"decoration-inside\"><\/div>\n\t\t\t\t\t<\/div>\n\t\t\t\t\t<\/div>\n<\/div><\/div><div id=\"panel-w6043aa1f329a9-0-0-1\" class=\"so-panel widget widget_sow-editor panel-last-child\" data-index=\"1\" ><div\n\t\t\t\n\t\t\tclass=\"so-widget-sow-editor so-widget-sow-editor-base\"\n\t\t\t\n\t\t>\n<div class=\"siteorigin-widget-tinymce textwidget\">\n\t<h3>Issiaka Coulibaly<\/h3>\n<p>Originario de Costa de Marfil, Issiaka Coulibaly es pastor consagrado de la Iglesia Evang\u00e9lica Protestante de la ACyM de Costa de Marfil. Despu\u00e9s de estudiar teolog\u00eda superior en la Facultad Libre de Teolog\u00eda Evang\u00e9lica de Vaux-sur-Seine, en Francia, se uni\u00f3 a la Facultad de Teolog\u00eda Evang\u00e9lica de la Alianza Cristiana (FATEAC), en Abiy\u00e1n, como profesor, en 1996.<\/p>\n<p><span class=\"collapseomatic noarrow\" id=\"id69f32e56db11e\"  tabindex=\"0\" title=\"<em>Leer m\u00e1s...<\/em>\"    ><em>Leer m\u00e1s...<\/em><\/span><\/p>\n<div id=\"target-id69f32e56db11e\" class=\"collapseomatic_content \">\u00a0 Unos a\u00f1os m\u00e1s tarde, y en paralelo con la educaci\u00f3n teol\u00f3gica, se desempe\u00f1\u00f3 durante cuatro a\u00f1os como pastor principal de la Iglesia Alianza Cristiana en la Riviera, Abiy\u00e1n. Cuando se cre\u00f3 esta comunidad, su visi\u00f3n era llegar a trav\u00e9s del evangelio a administradores superiores y funcionarios p\u00fablicos internacionales con base en Abiy\u00e1n.<\/p>\n<p>De 2003 a 2018, Issiaka ocup\u00f3 el cargo de presidente de la junta directiva de las tres instituciones de formaci\u00f3n b\u00edblica y teol\u00f3gica de la Alianza Cristiana en Costa de Marfil. Que son:<\/p>\n<ul>\n<li>La Escuela B\u00edblica de la Alianza Cristiana de Toumodi (EBAC)<\/li>\n<li>El Instituto B\u00edblico de la Alianza Cristiana de Yamoussoukro (IBACY)<\/li>\n<li>El Instituto Superior de Teolog\u00eda de la Alianza Cristiana (ISTHAC)<\/li>\n<\/ul>\n<p>En 2012 fue nombrado decano de FATEAC. Combina esta responsabilidad administrativa con la investigaci\u00f3n y la docencia teol\u00f3gica.<\/p>\n<p>Sus publicaciones cubren varios temas, incluida la teolog\u00eda contextual; teolog\u00eda b\u00edblica; el evangelio y el desarrollo; identidad, etnia y reconciliaci\u00f3n; teolog\u00eda pol\u00edtica, etc.<\/p>\n<p>En 2018, cuando la junta directiva de FATEAC decidi\u00f3 crear la Universidad de la Alianza Cristiana de Abiy\u00e1n (UACA), le pidieron a Issiaka que fuera su presidente. Desde esa fecha, es presidente de UACA y decano de FATEAC.<\/p>\n<p>Issiaka vive en Abiy\u00e1n, en el sur de Costa de Marfil, con su esposa Elizabeth y sus dos hijos, Nitsana Am\u00e9lie (2005) y Thierry William (2011).<\/p><\/div><\/p>\n<\/div>\n<\/div><\/div><\/div><div id=\"pgc-w6043aa1f329a9-0-1\"  class=\"panel-grid-cell\" ><div id=\"panel-w6043aa1f329a9-0-1-0\" class=\"so-panel widget widget_sow-image panel-first-child panel-last-child\" data-index=\"2\" ><div\n\t\t\t\n\t\t\tclass=\"so-widget-sow-image so-widget-sow-image-default-c67d20f9f743\"\n\t\t\t\n\t\t>\n<div class=\"sow-image-container\">\n\t\t<img \n\tsrc=\"https:\/\/awf.world\/wp-content\/uploads\/2021\/03\/10-Photo-Issisaka-Coulibaly.png\" width=\"2233\" height=\"2400\" srcset=\"https:\/\/awf.world\/wp-content\/uploads\/2021\/03\/10-Photo-Issisaka-Coulibaly.png 2233w, https:\/\/awf.world\/wp-content\/uploads\/2021\/03\/10-Photo-Issisaka-Coulibaly-279x300.png 279w, https:\/\/awf.world\/wp-content\/uploads\/2021\/03\/10-Photo-Issisaka-Coulibaly-768x825.png 768w, https:\/\/awf.world\/wp-content\/uploads\/2021\/03\/10-Photo-Issisaka-Coulibaly-953x1024.png 953w\" sizes=\"(max-width: 2233px) 100vw, 2233px\" title=\"10-Photo Issisaka Coulibaly\" alt=\"\" \t\tclass=\"so-widget-image\"\/>\n\t<\/div>\n\n<\/div><\/div><\/div><\/div><\/div><\/div><\/div><\/div><\/div><div id=\"pg-24091-3\"  class=\"panel-grid panel-has-style\" ><div class=\"row-collapse panel-row-style panel-row-style-for-24091-3\" ><div id=\"pgc-24091-3-0\"  class=\"panel-grid-cell\" ><div id=\"panel-24091-3-0-0\" class=\"so-panel widget widget_siteorigin-panels-builder panel-first-child panel-last-child\" data-index=\"6\" ><div id=\"pl-w5d796cfc2df42\"  class=\"panel-layout\" ><div id=\"pg-w5d796cfc2df42-0\"  class=\"panel-grid panel-no-style\" ><div id=\"pgc-w5d796cfc2df42-0-0\"  class=\"panel-grid-cell\" ><div id=\"panel-w5d796cfc2df42-0-0-0\" class=\"so-panel widget widget_sow-image panel-first-child panel-last-child\" data-index=\"0\" ><div\n\t\t\t\n\t\t\tclass=\"so-widget-sow-image so-widget-sow-image-default-c67d20f9f743\"\n\t\t\t\n\t\t>\n<div class=\"sow-image-container\">\n\t\t<img \n\tsrc=\"https:\/\/awf.world\/wp-content\/uploads\/2019\/08\/Jack-Sara.png\" width=\"199\" height=\"199\" srcset=\"https:\/\/awf.world\/wp-content\/uploads\/2019\/08\/Jack-Sara.png 199w, https:\/\/awf.world\/wp-content\/uploads\/2019\/08\/Jack-Sara-150x150.png 150w\" sizes=\"(max-width: 199px) 100vw, 199px\" alt=\"\" \t\tclass=\"so-widget-image\"\/>\n\t<\/div>\n\n<\/div><\/div><\/div><div id=\"pgc-w5d796cfc2df42-0-1\"  class=\"panel-grid-cell\" ><div id=\"panel-w5d796cfc2df42-0-1-0\" class=\"so-panel widget widget_sow-headline panel-first-child\" data-index=\"1\" ><div class=\"panel-widget-style panel-widget-style-for-w5d796cfc2df42-0-1-0\" ><div\n\t\t\t\n\t\t\tclass=\"so-widget-sow-headline so-widget-sow-headline-default-75bd2367331b\"\n\t\t\t\n\t\t><div class=\"sow-headline-container \">\n\t\t\t\t\t\t<div class=\"decoration\">\n\t\t\t\t\t\t<div class=\"decoration-inside\"><\/div>\n\t\t\t\t\t<\/div>\n\t\t\t\t\t<\/div>\n<\/div><\/div><\/div><div id=\"panel-w5d796cfc2df42-0-1-1\" class=\"so-panel widget widget_sow-editor panel-last-child\" data-index=\"2\" ><div\n\t\t\t\n\t\t\tclass=\"so-widget-sow-editor so-widget-sow-editor-base\"\n\t\t\t\n\t\t>\n<div class=\"siteorigin-widget-tinymce textwidget\">\n\t<h3>Jack Sara<\/h3>\n<div class=\"name-leadership\">\n<p>El Dr. Jack Sara es el presidente de Bethlehem Bible College. Nacido y criado en la Ciudad Vieja de Jerusal\u00e9n, Jack estudi\u00f3 en el Bel\u00e9n Bible College despu\u00e9s de dedicar su vida a Cristo y sus ense\u00f1anzas. Pronto se convirti\u00f3 en miembro y l\u00edder en el ministerio de la Iglesia de la Alianza de Jerusal\u00e9n, quien a su vez reconoci\u00f3 sus dones y llamamientos y lo alent\u00f3 a ir y estudiar m\u00e1s a fondo para la obra del Evangelio.<\/p>\n<p><span class=\"collapseomatic noarrow\" id=\"id69f32e56de031\"  tabindex=\"0\" title=\"<em>Leer m\u00e1s...<\/em>\"    ><em>Leer m\u00e1s...<\/em><\/span><\/p>\n<div id=\"target-id69f32e56de031\" class=\"collapseomatic_content \"> Siguiendo esta directiva, Jack fue a Filipinas para estudiar en el Seminario B\u00edblico de la Alianza, donde obtuvo su t\u00edtulo de MDiv.<br \/>\nLuego regres\u00f3 a Jerusal\u00e9n y comenz\u00f3 a ministrar a tiempo completo con su iglesia y a ense\u00f1ar a tiempo parcial en la BBC. Despu\u00e9s de servir y dirigir la iglesia durante 13 a\u00f1os como pastor principal, \u00e9l y otros l\u00edderes de ideas afines, vieron a la iglesia de la Alianza convertirse en un movimiento de plantaci\u00f3n de iglesias y una iglesia catalizadora para llegar al pueblo palestino y a los \u00e1rabes con el amor de Cristo a trav\u00e9s de una variedad de medios. Jack posee un doctorado del Seminario Teol\u00f3gico Gordon Conwell en Misiones y Estudios Interculturales. Viaja por todo el mundo, ense\u00f1ando sobre misiones y trabajo intercultural en el Medio Oriente.<\/p>\n<p>Jack es un ministro ordenado de la Iglesia Evang\u00e9lica de la Alianza en Tierra Santa, donde a\u00fan mantiene un papel de supervisi\u00f3n con el liderazgo de las iglesias. Tambi\u00e9n ha trabajado extensamente en las \u00e1reas de paz y reconciliaci\u00f3n. <\/p><\/div>\n<\/p>\n<\/div>\n<\/div>\n<\/div><\/div><\/div><\/div><\/div><\/div><\/div><div id=\"pgc-24091-3-1\"  class=\"panel-grid-cell\" ><div id=\"panel-24091-3-1-0\" class=\"so-panel widget widget_siteorigin-panels-builder panel-first-child panel-last-child\" data-index=\"7\" ><div id=\"pl-w5d796cfc2e331\"  class=\"panel-layout\" ><div id=\"pg-w5d796cfc2e331-0\"  class=\"panel-grid panel-no-style\" ><div id=\"pgc-w5d796cfc2e331-0-0\"  class=\"panel-grid-cell\" ><div id=\"panel-w5d796cfc2e331-0-0-0\" class=\"so-panel widget widget_sow-headline panel-first-child\" data-index=\"0\" ><div class=\"panel-widget-style panel-widget-style-for-w5d796cfc2e331-0-0-0\" ><div\n\t\t\t\n\t\t\tclass=\"so-widget-sow-headline so-widget-sow-headline-default-75bd2367331b\"\n\t\t\t\n\t\t><div class=\"sow-headline-container \">\n\t\t\t\t\t\t<div class=\"decoration\">\n\t\t\t\t\t\t<div class=\"decoration-inside\"><\/div>\n\t\t\t\t\t<\/div>\n\t\t\t\t\t<\/div>\n<\/div><\/div><\/div><div id=\"panel-w5d796cfc2e331-0-0-1\" class=\"so-panel widget widget_sow-editor panel-last-child\" data-index=\"1\" ><div\n\t\t\t\n\t\t\tclass=\"so-widget-sow-editor so-widget-sow-editor-base\"\n\t\t\t\n\t\t>\n<div class=\"siteorigin-widget-tinymce textwidget\">\n\t<h3>Marco Wittenberg<\/h3>\n<p>El Dr. Marco Wittenberg (1973) est\u00e1 casado con Patricia y juntos tienen tres hijos: dos hijas (1998, 2002) y un hijo (2006). Nacido y criado como cristiano, sinti\u00f3 un llamado al ministerio a tiempo completo cuando era adolescente. Despu\u00e9s de obtener un B.A. en teolog\u00eda, se desempe\u00f1\u00f3 como pastor y como gerente de operaciones de OCC con Samaritan\u2019s Purse.<\/p>\n<p><span class=\"collapseomatic noarrow\" id=\"id69f32e56deaa2\"  tabindex=\"0\" title=\"<em>Leer m\u00e1s...<\/em>\"    ><em>Leer m\u00e1s...<\/em><\/span><\/p>\n<div id=\"target-id69f32e56deaa2\" class=\"collapseomatic_content \"> Desde 2004 se desempe\u00f1a como pastor principal de la Iglesia Alianza en Amstelveen, Pa\u00edses Bajos, y realiz\u00f3 un doctorado en Neumolog\u00eda de Lukan en la Universidad VU de Amsterdam. Su pasi\u00f3n es la teolog\u00eda del sonido, arraigada en la Palabra de Dios y fortalecida por el Esp\u00edritu Santo. Adem\u00e1s de ser pastor, Marco ense\u00f1a Teolog\u00eda del Nuevo Testamento e Historia y Teolog\u00eda de la Alianza en el Seminario Bautista Holand\u00e9s en Amsterdam. <\/div><\/p>\n<\/div>\n<\/div><\/div><\/div><div id=\"pgc-w5d796cfc2e331-0-1\"  class=\"panel-grid-cell\" ><div id=\"panel-w5d796cfc2e331-0-1-0\" class=\"so-panel widget widget_sow-image panel-first-child panel-last-child\" data-index=\"2\" ><div\n\t\t\t\n\t\t\tclass=\"so-widget-sow-image so-widget-sow-image-default-c67d20f9f743\"\n\t\t\t\n\t\t>\n<div class=\"sow-image-container\">\n\t\t<img \n\tsrc=\"https:\/\/awf.world\/wp-content\/uploads\/2019\/08\/Marco-Guttemberg.png\" width=\"196\" height=\"196\" srcset=\"https:\/\/awf.world\/wp-content\/uploads\/2019\/08\/Marco-Guttemberg.png 196w, https:\/\/awf.world\/wp-content\/uploads\/2019\/08\/Marco-Guttemberg-150x150.png 150w\" sizes=\"(max-width: 196px) 100vw, 196px\" alt=\"\" \t\tclass=\"so-widget-image\"\/>\n\t<\/div>\n\n<\/div><\/div><\/div><\/div><\/div><\/div><\/div><\/div><\/div><div id=\"pg-24091-4\"  class=\"panel-grid panel-has-style\" ><div class=\"row-collapse panel-row-style panel-row-style-for-24091-4\" ><div id=\"pgc-24091-4-0\"  class=\"panel-grid-cell\" ><div id=\"panel-24091-4-0-0\" class=\"so-panel widget widget_siteorigin-panels-builder panel-first-child panel-last-child\" data-index=\"8\" ><div id=\"pl-w5d796cfc2e6bc\"  class=\"panel-layout\" ><div id=\"pg-w5d796cfc2e6bc-0\"  class=\"panel-grid panel-no-style\" ><div id=\"pgc-w5d796cfc2e6bc-0-0\"  class=\"panel-grid-cell\" ><div id=\"panel-w5d796cfc2e6bc-0-0-0\" class=\"so-panel widget widget_sow-image panel-first-child panel-last-child\" data-index=\"0\" ><div\n\t\t\t\n\t\t\tclass=\"so-widget-sow-image so-widget-sow-image-default-c67d20f9f743\"\n\t\t\t\n\t\t>\n<div class=\"sow-image-container\">\n\t\t<img \n\tsrc=\"https:\/\/awf.world\/wp-content\/uploads\/2019\/08\/Miguel-Palomino.png\" width=\"196\" height=\"196\" srcset=\"https:\/\/awf.world\/wp-content\/uploads\/2019\/08\/Miguel-Palomino.png 196w, https:\/\/awf.world\/wp-content\/uploads\/2019\/08\/Miguel-Palomino-150x150.png 150w\" sizes=\"(max-width: 196px) 100vw, 196px\" alt=\"\" \t\tclass=\"so-widget-image\"\/>\n\t<\/div>\n\n<\/div><\/div><\/div><div id=\"pgc-w5d796cfc2e6bc-0-1\"  class=\"panel-grid-cell\" ><div id=\"panel-w5d796cfc2e6bc-0-1-0\" class=\"so-panel widget widget_sow-headline panel-first-child\" data-index=\"1\" ><div class=\"panel-widget-style panel-widget-style-for-w5d796cfc2e6bc-0-1-0\" ><div\n\t\t\t\n\t\t\tclass=\"so-widget-sow-headline so-widget-sow-headline-default-75bd2367331b\"\n\t\t\t\n\t\t><div class=\"sow-headline-container \">\n\t\t\t\t\t\t<div class=\"decoration\">\n\t\t\t\t\t\t<div class=\"decoration-inside\"><\/div>\n\t\t\t\t\t<\/div>\n\t\t\t\t\t<\/div>\n<\/div><\/div><\/div><div id=\"panel-w5d796cfc2e6bc-0-1-1\" class=\"so-panel widget widget_sow-editor panel-last-child\" data-index=\"2\" ><div\n\t\t\t\n\t\t\tclass=\"so-widget-sow-editor so-widget-sow-editor-base\"\n\t\t\t\n\t\t>\n<div class=\"siteorigin-widget-tinymce textwidget\">\n\t<h3>Miguel Palomino<\/h3>\n<div class=\"name-leadership\">\n<p>El Dr. Miguel A. Palomino es un ministro ordenado de la Iglesia Christian &amp; Missionary Alliance. Despu\u00e9s de asistir a la universidad b\u00edblica en Buenos Aires (Argentina) y Lima (Per\u00fa), se convirti\u00f3 en parte del primer equipo pastoral de la Iglesia Alliance Lince en Lima, su iglesia natal, donde comenz\u00f3 el movimiento \"Lima para un encuentro con Dios\".<\/p>\n<p><span class=\"collapseomatic noarrow\" id=\"id69f32e56e1f49\"  tabindex=\"0\" title=\"<em>Leer m\u00e1s...<\/em>\"    ><em>Leer m\u00e1s...<\/em><\/span><\/p>\n<div id=\"target-id69f32e56e1f49\" class=\"collapseomatic_content \"> En 1985, \u00e9l y su esposa Rose Mary se mudaron a Filadelfia (Pensilvania, EE. UU.), Donde obtuvo su MDiv del Seminario Teol\u00f3gico Bautista Oriental mientras plantaba una iglesia espa\u00f1ola en \"North Philly\", la zona m\u00e1s descuidada de la ciudad. Pastorearon la Iglesia Ebenezer hasta 1994 cuando regresaron a su tierra natal para unirse al equipo pastoral de la Iglesia Alianza de Miraflores en Lima. En 1997 fue elegido rector de la Facultad Teol\u00f3gica Latinoamericana (FATELA), una reci\u00e9n formada escuela teol\u00f3gica de posgrado de la Alianza para Am\u00e9rica Latina que lo llev\u00f3 a trabajar en su doctorado, que obtuvo en 2002 en la Universidad de Edimburgo, Escocia.<br \/>\nDesde el comienzo de su carrera \/ ministerio, Miguel ha estado involucrado con el ministerio pastoral, las misiones y la educaci\u00f3n teol\u00f3gica en varios pa\u00edses. Es autor de cuatro libros y una serie de art\u00edculos para revistas y otras publicaciones.<\/p>\n<p>Miguel vive en Miami (Florida, EE. UU.) Con su esposa y Ana -\u2010 Claudia, su \u00fanica hija. Sirven en una congregaci\u00f3n local de la Alianza que trabaja con inmigrantes y con la segunda generaci\u00f3n de latinos. Le gusta tocar instrumentos, caminar, viajar y fotografiar. <\/p><\/div>\n<\/p>\n<\/div>\n<\/div>\n<\/div><\/div><\/div><\/div><\/div><\/div><\/div><div id=\"pgc-24091-4-1\"  class=\"panel-grid-cell\" ><div id=\"panel-24091-4-1-0\" class=\"so-panel widget widget_siteorigin-panels-builder panel-first-child panel-last-child\" data-index=\"9\" ><div id=\"pl-w5d796cfc2eb30\"  class=\"panel-layout\" ><div id=\"pg-w5d796cfc2eb30-0\"  class=\"panel-grid panel-no-style\" ><div id=\"pgc-w5d796cfc2eb30-0-0\"  class=\"panel-grid-cell\" ><div id=\"panel-w5d796cfc2eb30-0-0-0\" class=\"so-panel widget widget_sow-headline panel-first-child\" data-index=\"0\" ><div class=\"panel-widget-style panel-widget-style-for-w5d796cfc2eb30-0-0-0\" ><div\n\t\t\t\n\t\t\tclass=\"so-widget-sow-headline so-widget-sow-headline-default-75bd2367331b\"\n\t\t\t\n\t\t><div class=\"sow-headline-container \">\n\t\t\t\t\t\t<div class=\"decoration\">\n\t\t\t\t\t\t<div class=\"decoration-inside\"><\/div>\n\t\t\t\t\t<\/div>\n\t\t\t\t\t<\/div>\n<\/div><\/div><\/div><div id=\"panel-w5d796cfc2eb30-0-0-1\" class=\"so-panel widget widget_sow-editor panel-last-child\" data-index=\"1\" ><div\n\t\t\t\n\t\t\tclass=\"so-widget-sow-editor so-widget-sow-editor-base\"\n\t\t\t\n\t\t>\n<div class=\"siteorigin-widget-tinymce textwidget\">\n\t<h3>Ron Walborn<\/h3>\n<div class=\"name-leadership\">\n<p>El Dr. Ron Walborn es el Vicepresidente y Decano del Seminario Teol\u00f3gico de la Alianza y el Colegio de Biblia y Ministerio Cristiano en el Nyack College en Nyack NY. Ha ense\u00f1ado en Nyack ATS desde el oto\u00f1o de 1999. Ron sirve en la Junta de Directores de la Alianza Cristiana y Misionera y ha servido en el Comit\u00e9 de Asuntos Teol\u00f3gicos para la denominaci\u00f3n.<\/p>\n<p><span class=\"collapseomatic noarrow\" id=\"id69f32e56e2be0\"  tabindex=\"0\" title=\"<em>Leer m\u00e1s...<\/em>\"    ><em>Leer m\u00e1s...<\/em><\/span><\/p>\n<div id=\"target-id69f32e56e2be0\" class=\"collapseomatic_content \"> Ha pastoreado iglesias de C&amp;MA en Connecticut y California. \u00c9l plant\u00f3 Risen King Community Church con el Dr. Terry Wardle en Redding, CA en 1989. Mientras viv\u00eda en Redding durante 10 a\u00f1os, ense\u00f1\u00f3 a tiempo parcial en la Universidad de Simpson.<\/p>\n<p>Ron ha hablado en numerosas universidades cristianas y seculares en todo Estados Unidos, y en iglesias y conferencias en los Estados Unidos e internacionalmente. Ha escrito un libro sobre mayordom\u00eda, Mayordom\u00eda y Reino de Dios, publicado por la Alianza Cristiana y Misionera y presidi\u00f3 el comit\u00e9 que escribi\u00f3 la posici\u00f3n de C&amp;MA sobre los dones espirituales, las expectativas sin agenda.<br \/>\nRon tiene un B.A. en Historia de Nyack College, MDiv del Alliance Theological Seminary y Doctor of Ministry de Fuller Theological Seminary. <\/div>\n<\/p>\n<\/div>\n<\/div>\n<\/div><\/div><\/div><div id=\"pgc-w5d796cfc2eb30-0-1\"  class=\"panel-grid-cell\" ><div id=\"panel-w5d796cfc2eb30-0-1-0\" class=\"so-panel widget widget_sow-image panel-first-child panel-last-child\" data-index=\"2\" ><div\n\t\t\t\n\t\t\tclass=\"so-widget-sow-image so-widget-sow-image-default-c67d20f9f743\"\n\t\t\t\n\t\t>\n<div class=\"sow-image-container\">\n\t\t<img \n\tsrc=\"https:\/\/awf.world\/wp-content\/uploads\/2019\/08\/Ron-Walborn.png\" width=\"198\" height=\"198\" srcset=\"https:\/\/awf.world\/wp-content\/uploads\/2019\/08\/Ron-Walborn.png 198w, https:\/\/awf.world\/wp-content\/uploads\/2019\/08\/Ron-Walborn-150x150.png 150w\" sizes=\"(max-width: 198px) 100vw, 198px\" alt=\"\" \t\tclass=\"so-widget-image\"\/>\n\t<\/div>\n\n<\/div><\/div><\/div><\/div><\/div><\/div><\/div><\/div><\/div><div id=\"pg-24091-5\"  class=\"panel-grid panel-no-style\" ><div id=\"pgc-24091-5-0\"  class=\"panel-grid-cell\" ><div id=\"panel-24091-5-0-0\" class=\"so-panel widget widget_siteorigin-panels-builder panel-first-child panel-last-child\" data-index=\"10\" ><div id=\"pl-w5d796cfc2ef04\"  class=\"panel-layout\" ><div id=\"pg-w5d796cfc2ef04-0\"  class=\"panel-grid panel-no-style\" ><div id=\"pgc-w5d796cfc2ef04-0-0\"  class=\"panel-grid-cell\" ><div id=\"panel-w5d796cfc2ef04-0-0-0\" class=\"so-panel widget widget_sow-image panel-first-child panel-last-child\" data-index=\"0\" ><div\n\t\t\t\n\t\t\tclass=\"so-widget-sow-image so-widget-sow-image-default-c67d20f9f743\"\n\t\t\t\n\t\t>\n<div class=\"sow-image-container\">\n\t\t<img \n\tsrc=\"https:\/\/awf.world\/wp-content\/uploads\/2019\/08\/Tona-Khonde.png\" width=\"198\" height=\"198\" srcset=\"https:\/\/awf.world\/wp-content\/uploads\/2019\/08\/Tona-Khonde.png 198w, https:\/\/awf.world\/wp-content\/uploads\/2019\/08\/Tona-Khonde-150x150.png 150w\" sizes=\"(max-width: 198px) 100vw, 198px\" alt=\"\" \t\tclass=\"so-widget-image\"\/>\n\t<\/div>\n\n<\/div><\/div><\/div><div id=\"pgc-w5d796cfc2ef04-0-1\"  class=\"panel-grid-cell\" ><div id=\"panel-w5d796cfc2ef04-0-1-0\" class=\"so-panel widget widget_sow-headline panel-first-child\" data-index=\"1\" ><div class=\"panel-widget-style panel-widget-style-for-w5d796cfc2ef04-0-1-0\" ><div\n\t\t\t\n\t\t\tclass=\"so-widget-sow-headline so-widget-sow-headline-default-75bd2367331b\"\n\t\t\t\n\t\t><div class=\"sow-headline-container \">\n\t\t\t\t\t\t<div class=\"decoration\">\n\t\t\t\t\t\t<div class=\"decoration-inside\"><\/div>\n\t\t\t\t\t<\/div>\n\t\t\t\t\t<\/div>\n<\/div><\/div><\/div><div id=\"panel-w5d796cfc2ef04-0-1-1\" class=\"so-panel widget widget_sow-editor panel-last-child\" data-index=\"2\" ><div\n\t\t\t\n\t\t\tclass=\"so-widget-sow-editor so-widget-sow-editor-base\"\n\t\t\t\n\t\t>\n<div class=\"siteorigin-widget-tinymce textwidget\">\n\t<h3>Tona Khonde<\/h3>\n<div class=\"name-leadership\">\n<p>El Dr. Tona Khonde es el Presidente del Complexe de Formation Th\u00e9ologique de Bethel, una instituci\u00f3n teol\u00f3gica de la Iglesia de la Alianza Cristiana y Misionera de Gab\u00f3n, ubicada en Libreville, Gab\u00f3n. Naci\u00f3 el 13 de diciembre de 1966 en la Rep\u00fablica Democr\u00e1tica del Congo (RDC). Se encontr\u00f3 con el Se\u00f1or a la tierna edad de 12 a\u00f1os.<\/p>\n<p><span class=\"collapseomatic noarrow\" id=\"id69f32e56eefcb\"  tabindex=\"0\" title=\"<em>Leer m\u00e1s...<\/em>\"    ><em>Leer m\u00e1s...<\/em><\/span><\/p>\n<div id=\"target-id69f32e56eefcb\" class=\"collapseomatic_content \"> Pero fue ocho a\u00f1os despu\u00e9s, cuando ten\u00eda 20 a\u00f1os, que sinti\u00f3 y respondi\u00f3 al llamado del Se\u00f1or. Entonces, decidi\u00f3 servir a tiempo completo como ministro de Dios. Luego, Tona comenz\u00f3 sus estudios teol\u00f3gicos en el Seminario Teol\u00f3gico de la Alianza Cristiana y Misionera (CMA) de la Rep\u00fablica Democr\u00e1tica del Congo, de 1986 a 1989, y para un segundo grado, de 1992 a 1994. Con el deseo de seguir avanzando en su formaci\u00f3n teol\u00f3gica, realiz\u00f3 estudios de doctorado en Aix-en-Provence, Francia, de 2003 a 2011. Obtuvo su doctorado en teolog\u00eda sistem\u00e1tica en 2011.<\/p>\n<p>Realiz\u00f3 tareas pastorales en varias iglesias locales de la CMA como pastor asistente y asesor. Est\u00e1 involucrado en varias \u00e1reas del ministerio pastoral en varias iglesias locales de la CMA. Pero su verdadera vocaci\u00f3n es la ense\u00f1anza. Esta es una tarea que disfruta mucho, haci\u00e9ndola con mucha pasi\u00f3n y dedicaci\u00f3n. Entonces, durante los \u00faltimos 28 a\u00f1os, ha estado involucrado en la capacitaci\u00f3n de pastores en varias instituciones teol\u00f3gicas diferentes de la CMA, tanto en la RDC (1989 a 1994; 2006 a 2010 como profesor visitante) y en Gab\u00f3n (1994 al presente) . Se le ha encomendado la tarea de capacitar a pastores aspirantes espiritualmente y escrituralmente j\u00f3venes, as\u00ed como a pastores que ya est\u00e1n en servicio. Ahora trabaja como presidente y como profesor en esta instituci\u00f3n. Tona est\u00e1 casado con su esposa Abigail, y fueron bendecidos con cuatro hijos. Juntos, han estado sirviendo al Se\u00f1or como misioneros en Gab\u00f3n durante los \u00faltimos veintitr\u00e9s a\u00f1os (desde 1994 hasta el presente) y continuar\u00e1n trabajando como siervos apasionados del Se\u00f1or hasta que Dios abra la siguiente puerta. <\/p><\/div>\n<\/p>\n<\/div>\n<\/div>\n<\/div><\/div><\/div><\/div><\/div><\/div><\/div><div id=\"pgc-24091-5-1\"  class=\"panel-grid-cell\" ><div id=\"panel-24091-5-1-0\" class=\"so-panel widget widget_siteorigin-panels-builder panel-first-child panel-last-child\" data-index=\"11\" ><div id=\"pl-w6043ab2a9a6a8\"  class=\"panel-layout\" ><div id=\"pg-w6043ab2a9a6a8-0\"  class=\"panel-grid panel-no-style\" ><div id=\"pgc-w6043ab2a9a6a8-0-0\"  class=\"panel-grid-cell\" ><div id=\"panel-w6043ab2a9a6a8-0-0-0\" class=\"so-panel widget widget_sow-headline panel-first-child\" data-index=\"0\" ><div class=\"panel-widget-style panel-widget-style-for-w6043ab2a9a6a8-0-0-0\" ><div\n\t\t\t\n\t\t\tclass=\"so-widget-sow-headline so-widget-sow-headline-default-75bd2367331b\"\n\t\t\t\n\t\t><div class=\"sow-headline-container \">\n\t\t\t\t\t\t<div class=\"decoration\">\n\t\t\t\t\t\t<div class=\"decoration-inside\"><\/div>\n\t\t\t\t\t<\/div>\n\t\t\t\t\t<\/div>\n<\/div><\/div><\/div><div id=\"panel-w6043ab2a9a6a8-0-0-1\" class=\"so-panel widget widget_sow-editor panel-last-child\" data-index=\"1\" ><div\n\t\t\t\n\t\t\tclass=\"so-widget-sow-editor so-widget-sow-editor-base\"\n\t\t\t\n\t\t>\n<div class=\"siteorigin-widget-tinymce textwidget\">\n\t<h3>Walter P\u00e9rez<\/h3>\n<p>El Dr. Walter P\u00e9rez Doglio se gradu\u00f3 en el Seminario Teol\u00f3gico de Canad\u00e1, donde obtuvo una Maestr\u00eda en Divinidad (M. Div.) Y una Maestr\u00eda en Misiones (M. Miss.) En 1983. Tambi\u00e9n tiene un Doctorado en Ministerio (D Min.) y es Doctor en Filosof\u00eda (PhD) en estudios teol\u00f3gicos de la Graduate Theological Foundation, Indiana, EE. UU. (2000).<\/p>\n<p><span class=\"collapseomatic noarrow\" id=\"id69f32e56efe15\"  tabindex=\"0\" title=\"<em>Leer m\u00e1s...<\/em>\"    ><em>Leer m\u00e1s...<\/em><\/span><\/p>\n<div id=\"target-id69f32e56efe15\" class=\"collapseomatic_content \"> Trabaj\u00f3 como pastor dentro del movimiento \"Lima para un encuentro con Dios\" en Per\u00fa y como evangelista en toda Am\u00e9rica Latina. Form\u00f3 parte del equipo de plantaci\u00f3n de iglesias de la Iglesia Alianza Vicente L\u00f3pez en Buenos Aires, Argentina en 1985, y ha servido como su pastor principal desde entonces. Ha ense\u00f1ado en varios seminarios teol\u00f3gicos latinoamericanos, incluyendo FATELA (Facultad Teol\u00f3gica Latinoamericana). Desde 2009, se desempe\u00f1\u00f3 como Rector del Seminario B\u00edblico de Buenos Aires (Instituto B\u00edblico Buenos Aires).<\/p>\n<p>Walter est\u00e1 casado con Estela y tienen tres hijos adultos. Adem\u00e1s de sus deberes docentes y pastorales, es abogado y notario (licenciado por la Universidad Nacional del Litoral, Santa Fe, Argentina, 1978; y estudios de posgrado en derecho por la Universidad de Buenos Aires). <\/p><\/div><\/p>\n<\/div>\n<\/div><\/div><\/div><div id=\"pgc-w6043ab2a9a6a8-0-1\"  class=\"panel-grid-cell\" ><div id=\"panel-w6043ab2a9a6a8-0-1-0\" class=\"so-panel widget widget_sow-image panel-first-child panel-last-child\" data-index=\"2\" ><div\n\t\t\t\n\t\t\tclass=\"so-widget-sow-image so-widget-sow-image-default-c67d20f9f743\"\n\t\t\t\n\t\t>\n<div class=\"sow-image-container\">\n\t\t<img \n\tsrc=\"https:\/\/awf.world\/wp-content\/uploads\/2019\/08\/Walter-Perez.png\" width=\"198\" height=\"198\" srcset=\"https:\/\/awf.world\/wp-content\/uploads\/2019\/08\/Walter-Perez.png 198w, https:\/\/awf.world\/wp-content\/uploads\/2019\/08\/Walter-Perez-150x150.png 150w\" sizes=\"(max-width: 198px) 100vw, 198px\" alt=\"\" \t\tclass=\"so-widget-image\"\/>\n\t<\/div>\n\n<\/div><\/div><\/div><\/div><\/div><\/div><\/div><\/div><div id=\"pg-24091-6\"  class=\"panel-grid panel-has-style\" ><div class=\"siteorigin-panels-stretch panel-row-style panel-row-style-for-24091-6\" data-stretch-type=\"full\" ><div id=\"pgc-24091-6-0\"  class=\"panel-grid-cell\" ><div id=\"panel-24091-6-0-0\" class=\"so-panel widget widget_sow-editor panel-first-child panel-last-child\" data-index=\"12\" ><div\n\t\t\t\n\t\t\tclass=\"so-widget-sow-editor so-widget-sow-editor-base\"\n\t\t\t\n\t\t>\n<div class=\"siteorigin-widget-tinymce textwidget\">\n\t<h2 class=\"p1\" style=\"text-align: center; color: #fff; font-family: Roboto, arial;\">Recibe nuestras actualizaciones<\/h2>\n<p class=\"p2\" style=\"font-size: 120%; text-align: center;\"><span style=\"color: #ffffff;\">Llena este formulario y comienza a recibir nuestros recursos y las noticias m\u00e1s recientes de la Familia Alianza en todo el mundo.<\/span><\/p>\n<p><!-- Begin Mailchimp Signup Form --><\/p>\n<div id=\"mc_embed_signup\">\n<form id=\"mc-embedded-subscribe-form\" class=\"validate\" action=\"https:\/\/awf.us8.list-manage.com\/subscribe\/post?u=6fbf924b5c97c8f372b929db0&amp;id=cf4bae1fac\" method=\"post\" name=\"mc-embedded-subscribe-form\" novalidate=\"\" target=\"_blank\">\n<div id=\"mc_embed_signup_scroll\">\n<div id=\"mc_embed_signup_scroll\">\n<div class=\"mc-field-group cuatro-columnas\"><input id=\"mce-FNAME\" class=\"\" name=\"FNAME\" type=\"text\" value=\"Nombre\" \/><\/div>\n<div class=\"mc-field-group cuatro-columnas\"><input id=\"mce-LNAME\" class=\"\" name=\"LNAME\" type=\"text\" value=\"Pa\u00eds\" \/><\/div>\n<div class=\"mc-field-group cuatro-columnas\"><input id=\"mce-EMAIL\" class=\"required email\" name=\"EMAIL\" type=\"email\" value=\"Email\" \/><\/div>\n<\/div>\n<div class=\"clear cuatro-columnas\" style=\"border-radius: 50px;\"><input id=\"mc-embedded-subscribe\" class=\"button\" name=\"subscribe\" type=\"submit\" value=\"Suscribirte\" \/><\/div>\n<\/div>\n<\/form>\n<\/div>\n<div id=\"mce-responses\" class=\"clear\">\n<div id=\"mce-error-response\" class=\"response\" style=\"display: none;\"><\/div>\n<div id=\"mce-success-response\" class=\"response\" style=\"display: none;\"><\/div>\n<\/div>\n<p><!-- real people should not fill this in and expect good things - do not remove this or risk form bot signups--><\/p>\n<div style=\"position: absolute; left: -5000px;\" aria-hidden=\"true\"><input tabindex=\"-1\" name=\"b_4bc5fe44238af1d6728f1e2ad_56bc8a7de9\" type=\"text\" value=\"\" \/><\/div>\n<p><script type='text\/javascript' src='\/\/s3.amazonaws.com\/downloads.mailchimp.com\/js\/mc-validate.js'><\/script><script type='text\/javascript'>(function($) {window.fnames = new Array(); window.ftypes = new Array();fnames[0]='EMAIL';ftypes[0]='email';fnames[1]='FNAME';ftypes[1]='text';fnames[2]='LNAME';ftypes[2]='text';}(jQuery));var $mcj = jQuery.noConflict(true);<\/script><br \/>\n<!--End mc_embed_signup--><\/p>\n<\/div>\n<\/div><\/div><\/div><\/div><\/div><\/div>","protected":false},"excerpt":{"rendered":"<p>Comisi\u00f3n de Educaci\u00f3n Teol\u00f3gica<\/p>\n","protected":false},"author":3,"featured_media":0,"parent":0,"menu_order":2,"comment_status":"closed","ping_status":"closed","template":"","meta":{"inline_featured_image":false,"ngg_post_thumbnail":0,"_EventAllDay":false,"_EventTimezone":"","_EventStartDate":"","_EventEndDate":"","_EventStartDateUTC":"","_EventEndDateUTC":"","_EventShowMap":false,"_EventShowMapLink":false,"_EventURL":"","_EventCost":"","_EventCostDescription":"","_EventCurrencySymbol":"","_EventCurrencyCode":"","_EventCurrencyPosition":"","_EventDateTimeSeparator":"","_EventTimeRangeSeparator":"","_EventOrganizerID":[],"_EventVenueID":[],"_OrganizerEmail":"","_OrganizerPhone":"","_OrganizerWebsite":"","_VenueAddress":"","_VenueCity":"","_VenueCountry":"","_VenueProvince":"","_VenueState":"","_VenueZip":"","_VenuePhone":"","_VenueURL":"","_VenueStateProvince":"","_VenueLat":"","_VenueLng":"","_VenueShowMap":false,"_VenueShowMapLink":false,"footnotes":""},"class_list":["post-24091","page","type-page","status-publish","hentry"],"_links":{"self":[{"href":"https:\/\/awf.world\/es\/wp-json\/wp\/v2\/pages\/24091","targetHints":{"allow":["GET"]}}],"collection":[{"href":"https:\/\/awf.world\/es\/wp-json\/wp\/v2\/pages"}],"about":[{"href":"https:\/\/awf.world\/es\/wp-json\/wp\/v2\/types\/page"}],"author":[{"embeddable":true,"href":"https:\/\/awf.world\/es\/wp-json\/wp\/v2\/users\/3"}],"replies":[{"embeddable":true,"href":"https:\/\/awf.world\/es\/wp-json\/wp\/v2\/comments?post=24091"}],"version-history":[{"count":0,"href":"https:\/\/awf.world\/es\/wp-json\/wp\/v2\/pages\/24091\/revisions"}],"wp:attachment":[{"href":"https:\/\/awf.world\/es\/wp-json\/wp\/v2\/media?parent=24091"}],"curies":[{"name":"wp","href":"https:\/\/api.w.org\/{rel}","templated":true}]}}